{"id":8705,"date":"2020-07-20T11:53:42","date_gmt":"2020-07-20T10:53:42","guid":{"rendered":"https:\/\/clinicamedicadoporto.pt\/staging\/?page_id=8705"},"modified":"2025-08-01T16:47:46","modified_gmt":"2025-08-01T15:47:46","slug":"estetica-clinica-medica","status":"publish","type":"page","link":"https:\/\/clinicamedicadoporto.pt\/staging\/estetica-clinica-medica\/","title":{"rendered":"Est\u00e9tica Cl\u00ednica M\u00e9dica"},"content":{"rendered":"<div class=\"wpb-content-wrapper\"><p>[vc_row bgtype=&#8221;skin&#8221; css=&#8221;.vc_custom_1673292688374{margin-top: -60px !important;padding-top: 70px !important;padding-bottom: 15px !important;}&#8221;][vc_column]<header class=\"kwayy-heading-wrapper kwayy-heading-wrapper-align-center\"><div class=\"kwayy-heading-wrapper-inner\"><h1 class=\"kwayy-heading-align-center\"><span>Especialidades M\u00e9dicas \u2022 Terapias N\u00e3o Convencionais \u2022 Consultas Direccionadas \u2022 Est\u00e9tica Cl\u00ednica \u2022 Especialidades T\u00e9cnicas e Param\u00e9dicas \u2022 Terapias Alternativas<\/span><\/h1><\/div><p class=\"kwayy-subheading\">Consultas M\u00e9dicas Convencionais \u2022 Consultas Direccionadas \u2022 Acupuntura \u2022 Osteopatia \u2022 Medicina Chinesa \u2022 Homeopatia \u2022 Reiki \u2022 e muito mais...<\/p><\/header>[\/vc_column][\/vc_row][vc_row css=&#8221;.vc_custom_1500994236026{margin-top: 0px !important;padding-top: 0px !important;padding-bottom: 0px !important;}&#8221; anchor=&#8221;servicos-estetica-clinica&#8221;][vc_column offset=&#8221;vc_hidden-sm vc_hidden-xs&#8221;][vc_empty_space height=&#8221;100px&#8221;]<header class=\"kwayy-heading-wrapper kwayy-heading-wrapper-align-left\"><div class=\"kwayy-heading-wrapper-inner\"><h2 class=\"kwayy-heading-align-left\"><span>Medicina Est\u00e9tica<\/span><\/h2><\/div><\/header>[vc_basic_grid post_type=&#8221;portfolio&#8221; max_items=&#8221;-1&#8243; element_width=&#8221;3&#8243; gap=&#8221;5&#8243; orderby=&#8221;title&#8221; order=&#8221;ASC&#8221; item=&#8221;8666&#8243; grid_id=&#8221;vc_gid:1687365170823-bd47402a-4b21-6&#8243; taxonomies=&#8221;89&#8243;][vc_empty_space height=&#8221;40px&#8221;][\/vc_column][\/vc_row][vc_row css=&#8221;.vc_custom_1647091455691{padding-top: 0px !important;}&#8221;][vc_column offset=&#8221;vc_hidden-lg vc_hidden-md&#8221;][vc_empty_space height=&#8221;50px&#8221;]<header class=\"kwayy-heading-wrapper kwayy-heading-wrapper-align-left\"><div class=\"kwayy-heading-wrapper-inner\"><h2 class=\"kwayy-heading-align-left\"><span>Medicina Est\u00e9tica<\/span><\/h2><\/div><\/header>[vc_column_text]<!--W4PL_List_11732-->\n<div id=\"w4pl-list-11732\" class=\"w4pl\">\n\t<div id=\"w4pl-inner-11732\" class=\"w4pl-inner\">\n\t\t<ul>\n\t\t\t\t\t<li class=\"post-item-6538\"><a href=\"https:\/\/clinicamedicadoporto.pt\/staging\/especialidades\/aplicacao-de-botox-clinica-medica-do-porto\/\">Aplica\u00e7\u00e3o de Botox\u00ae &#8211; Cl\u00ednica M\u00e9dica do Porto<\/a><\/li>\n\t\t\t\t\n\t\t\t\t\t<li class=\"post-item-18553\"><a href=\"https:\/\/clinicamedicadoporto.pt\/staging\/especialidades\/consulta-de-cirurgia-plastica-clinica-medica-do-porto\/\">Consulta de Cirurgia Pl\u00e1stica &#8211; Cl\u00ednica M\u00e9dica do Porto<\/a><\/li>\n\t\t\t\t\n\t\t\t\t\t<li class=\"post-item-3368\"><a href=\"https:\/\/clinicamedicadoporto.pt\/staging\/especialidades\/dermaroller-terapia-micro-agulhas\/\">Dermaroller ou Terapia com Micro Agulhas &#8211; Cl\u00ednica M\u00e9dica do Porto<\/a><\/li>\n\t\t\t\t\n\t\t\t\t\t<li class=\"post-item-7219\"><a href=\"https:\/\/clinicamedicadoporto.pt\/staging\/especialidades\/fios-de-sustentacao-clinica-medica-do-porto\/\">Fios de Sustenta\u00e7\u00e3o &#8211; Cl\u00ednica M\u00e9dica do Porto<\/a><\/li>\n\t\t\t\t\n\t\t\t\t\t<li class=\"post-item-7027\"><a href=\"https:\/\/clinicamedicadoporto.pt\/staging\/especialidades\/hidratacao-profunda-da-pele\/\">Hidrata\u00e7\u00e3o Profunda da Pele &#8211; Cl\u00ednica M\u00e9dica do Porto<\/a><\/li>\n\t\t\t\t\n\t\t\t\t\t<li class=\"post-item-3567\"><a href=\"https:\/\/clinicamedicadoporto.pt\/staging\/especialidades\/consulta-medicina-estetica\/\">Medicina Est\u00e9tica &#8211; Cl\u00ednica M\u00e9dica do Porto<\/a><\/li>\n\t\t\t\t\n\t\t\t\t\t<li class=\"post-item-8557\"><a href=\"https:\/\/clinicamedicadoporto.pt\/staging\/especialidades\/medicina-estetica-ginecologica\/\">Medicina Est\u00e9tica Ginecol\u00f3gica &#8211; Cl\u00ednica M\u00e9dica do Porto<\/a><\/li>\n\t\t\t\t\n\t\t\t\t\t<li class=\"post-item-2003\"><a href=\"https:\/\/clinicamedicadoporto.pt\/staging\/especialidades\/mesoterapia-e-mesoterapia-homeopatica\/\">Mesoterapia e Mesoterapia Homeop\u00e1tica &#8211; Cl\u00ednica M\u00e9dica do Porto<\/a><\/li>\n\t\t\t\t\n\t\t\t\t\t<li class=\"post-item-6396\"><a href=\"https:\/\/clinicamedicadoporto.pt\/staging\/especialidades\/microneedling-nanopore-clinica-medica-do-porto\/\">Microneedling Nanopore &#8211; Cl\u00ednica M\u00e9dica do Porto<\/a><\/li>\n\t\t\t\t\n\t\t\t\t\t<li class=\"post-item-3372\"><a href=\"https:\/\/clinicamedicadoporto.pt\/staging\/especialidades\/peeling-quimico\/\">Peeling Qu\u00edmico &#8211; Cl\u00ednica M\u00e9dica do Porto<\/a><\/li>\n\t\t\t\t\n\t\t\t\t\t<li class=\"post-item-6521\"><a href=\"https:\/\/clinicamedicadoporto.pt\/staging\/especialidades\/preenchimento-facial-e-labial-clinica-medica-do-porto\/\">Preenchimento Facial e Labial &#8211; Cl\u00ednica M\u00e9dica do Porto<\/a><\/li>\n\t\t\t\t\n\t\t\t\t\t<li class=\"post-item-14801\"><a href=\"https:\/\/clinicamedicadoporto.pt\/staging\/especialidades\/rejuvenescimento-plasma-rico-plaquetas\/\">Rejuvenescimento por Bioestimula\u00e7\u00e3o com Plasma Rico em Plaquetas &#8211; Cl\u00ednica M\u00e9dica do Porto<\/a><\/li>\n\t\t\t\t<\/ul>\n\t<\/div><!--#w4pl-inner-11732-->\n<\/div><!--#w4pl-11732-->\n<!--END_W4PL_List_11732-->\n[\/vc_column_text][vc_empty_space height=&#8221;50px&#8221;][\/vc_column][\/vc_row][vc_row disable_element=&#8221;yes&#8221; css=&#8221;.vc_custom_1651167249391{margin-top: 0px !important;padding-top: 0px !important;padding-bottom: 0px !important;}&#8221; anchor=&#8221;actividades-grupo&#8221;][vc_column offset=&#8221;vc_hidden-sm vc_hidden-xs&#8221;][vc_empty_space height=&#8221;50px&#8221;]<header class=\"kwayy-heading-wrapper kwayy-heading-wrapper-align-left\"><div class=\"kwayy-heading-wrapper-inner\"><h2 class=\"kwayy-heading-align-left\"><span>Est\u00e9tica e Cuidados Corporais<\/span><\/h2><\/div><\/header>[vc_basic_grid post_type=&#8221;portfolio&#8221; max_items=&#8221;10&#8243; element_width=&#8221;3&#8243; gap=&#8221;5&#8243; orderby=&#8221;title&#8221; order=&#8221;ASC&#8221; item=&#8221;8666&#8243; grid_id=&#8221;vc_gid:1687365170824-89699c28-2e0b-5&#8243; taxonomies=&#8221;475&#8243;][vc_empty_space height=&#8221;50px&#8221;][\/vc_column][\/vc_row][vc_row disable_element=&#8221;yes&#8221;][vc_column offset=&#8221;vc_hidden-lg vc_hidden-md&#8221;][vc_empty_space height=&#8221;50px&#8221;]<header class=\"kwayy-heading-wrapper kwayy-heading-wrapper-align-left\"><div class=\"kwayy-heading-wrapper-inner\"><h2 class=\"kwayy-heading-align-left\"><span>Est\u00e9tica e Cuidados Corporais<\/span><\/h2><\/div><\/header>[vc_column_text]<!--W4PL_List_11731-->\n<div id=\"w4pl-list-11731\" class=\"w4pl\">\n\t<div id=\"w4pl-inner-11731\" class=\"w4pl-inner\"><\/div><!--#w4pl-inner-11731-->\n<\/div><!--#w4pl-11731-->\n<!--END_W4PL_List_11731-->\n[\/vc_column_text][vc_empty_space height=&#8221;50px&#8221;][\/vc_column][\/vc_row][vc_row content_placement=&#8221;middle&#8221; textcolor=&#8221;white&#8221; bgtype=&#8221;skin&#8221;][vc_column css=&#8221;.vc_custom_1595012276416{padding-right: 5% !important;padding-left: 5% !important;}&#8221;][vc_empty_space height=&#8221;50px&#8221;][vc_icon icon_fontawesome=&#8221;fa fa-solid fa-notes-medical&#8221; color=&#8221;white&#8221; size=&#8221;xl&#8221; align=&#8221;center&#8221; css=&#8221;.vc_custom_1595012537078{padding: 5px !important;}&#8221;][vc_custom_heading text=&#8221;Esta \u00e9 apenas uma pequena parte dos servi\u00e7os que a Cl\u00ednica M\u00e9dica do Porto coloca ao seu dispor. Quer conhecer os restantes?&#8221; font_container=&#8221;tag:h2|font_size:150%25|text_align:center|line_height:1EM&#8221; google_fonts=&#8221;font_family:Roboto%3A100%2C100italic%2C300%2C300italic%2Cregular%2Citalic%2C500%2C500italic%2C700%2C700italic%2C900%2C900italic|font_style:500%20bold%20italic%3A500%3Aitalic&#8221;][vc_btn title=&#8221;CLIQUE PARA CONHECER TODOS OS SERVI\u00c7OS CL\u00cdNICOS&#8221; color=&#8221;white&#8221; align=&#8221;center&#8221; link=&#8221;url:https%3A%2F%2Fclinicamedicadoporto.pt%2Fstaging%2Fespecialidades%2F|title:Especialidades%20M%C3%A9dicas%20e%20Terapias%20N%C3%A3o%20Convencionais||&#8221; css=&#8221;.vc_custom_1595012333737{margin-top: 35px !important;}&#8221;][vc_empty_space height=&#8221;50px&#8221;][\/vc_column][\/vc_row][vc_row textcolor=&#8221;dark&#8221; bgtype=&#8221;skin&#8221; bgprecolor=&#8221;grey&#8221; css=&#8221;.vc_custom_1515700321742{padding-bottom: 40px !important;background-color: rgba(12,12,12,0.03) !important;background-position: center !important;background-repeat: no-repeat !important;background-size: cover !important;*background-color: rgb(12,12,12) !important;}&#8221;][vc_column][vc_empty_space height=&#8221;75px&#8221;][vc_row_inner][vc_column_inner offset=&#8221;vc_hidden-sm vc_hidden-xs&#8221;][vc_column_text]<\/p>\n<h2 class=\"kwayy-heading-align-center\" style=\"text-align: center\"><span style=\"text-align: center;font-size: 200%;font-weight: bold;line-height: 1EM;color: #70c2b4\">Estas s\u00e3o algumas das pessoas que nos fazem querer ser melhores a cada dia que passa.<br \/>\nConhe\u00e7a os seus testemunhos!<\/span><\/h2>\n<p>[\/vc_column_text]\n\t<div class=\"kwayy-testimonial-wrapper kwayy-effect-carousel kwayy-items-col-three kwayy-carousel-col-three\" data-autoplay=\"1\" data-autoplayspeed=\"800\" data-autoplaytimeout=\"4500\" data-loop=\"1\"><div class=\" kwayy-items-wrapper kwayy-carousel-items-wrapper\">\n\t<div class=\"kwayy-testimonial-box \"><div class=\"kwayy-testimonial-data\"><blockquote class=\"kwayy-testimonial-text\">\r\n\t\t\t\t<div class=\"contarea\">\t\t\t\t\t\r\n\t\t\t\t\t<div class=\"kwayy-tst-contarea-text\">Estive em consulta com o Dr.Jo\u00e3o Sardinha e foi super atencioso e revela conhecimento e d\u00e1 uma seguran\u00e7a forte ao paciente que tem a sua frente. Eu e o meu marido estamos bastante satisfeitos em encontrar a vossa cl\u00ednica que j\u00e1 me est\u00e1 a ajudar a mim e por conseguinte toda a minha familia. Agrade\u00e7o o acolhimento e simpatia na recep\u00e7\u00e3o e o ambiente harmonioso que se sente ao entrar. (...)<\/div>\r\n\t\t\t\t\t\r\n\t\t\t\t<\/div><footer> <div class=\"kwayy-testimonial-img\"><img loading=\"lazy\" decoding=\"async\" width=\"96\" height=\"96\" src=\"https:\/\/clinicamedicadoporto.pt\/staging\/wp-content\/uploads\/2018\/07\/perfil-clinica-medica-do-porto-150x150.png\" class=\"attachment-thumbnail size-thumbnail wp-post-image\" alt=\"perfil-feminino-clinica-medica-do-porto\" srcset=\"https:\/\/clinicamedicadoporto.pt\/staging\/wp-content\/uploads\/2018\/07\/perfil-clinica-medica-do-porto-150x150.png 150w, https:\/\/clinicamedicadoporto.pt\/staging\/wp-content\/uploads\/2018\/07\/perfil-clinica-medica-do-porto-300x300.png 300w, https:\/\/clinicamedicadoporto.pt\/staging\/wp-content\/uploads\/2018\/07\/perfil-clinica-medica-do-porto-e1604515282169.png 60w\" sizes=\"auto, (max-width: 96px) 100vw, 96px\" \/><\/div> <cite class=\"kwayy-testimonial-title\">Marta Ferreira<span class=\"kwayy-testimonial-designation\">Paciente da Cl\u00ednica M\u00e9dica do Porto<\/span><\/cite><\/footer><\/blockquote><\/div>\n\t<\/div>\n\t<div class=\"kwayy-testimonial-box \"><div class=\"kwayy-testimonial-data\"><blockquote class=\"kwayy-testimonial-text\">\r\n\t\t\t\t<div class=\"contarea\">\t\t\t\t\t\r\n\t\t\t\t\t<div class=\"kwayy-tst-contarea-text\">Agrad\u00e1vel.<\/div>\r\n\t\t\t\t\t\r\n\t\t\t\t<\/div><footer> <div class=\"kwayy-testimonial-img\"><img loading=\"lazy\" decoding=\"async\" width=\"1\" height=\"1\" src=\"https:\/\/clinicamedicadoporto.pt\/staging\/wp-content\/uploads\/2021\/06\/perfil-clinica-medica-do-porto-webhp.png\" class=\"attachment-thumbnail size-thumbnail wp-post-image\" alt=\"imagem-perfil-feminio-clinica-medica-do-porto\" \/><\/div> <cite class=\"kwayy-testimonial-title\">Teresa Leites<span class=\"kwayy-testimonial-designation\">Paciente da Cl\u00ednica M\u00e9dica do Porto<\/span><\/cite><\/footer><\/blockquote><\/div>\n\t<\/div>\n\t<div class=\"kwayy-testimonial-box \"><div class=\"kwayy-testimonial-data\"><blockquote class=\"kwayy-testimonial-text\">\r\n\t\t\t\t<div class=\"contarea\">\t\t\t\t\t\r\n\t\t\t\t\t<div class=\"kwayy-tst-contarea-text\">\u00d3timos profissionais, procedimentos e atendimento excelente!! \r\nNota 10!<\/div>\r\n\t\t\t\t\t\r\n\t\t\t\t<\/div><footer> <div class=\"kwayy-testimonial-img\"><img loading=\"lazy\" decoding=\"async\" width=\"72\" height=\"72\" src=\"https:\/\/clinicamedicadoporto.pt\/staging\/wp-content\/uploads\/2025\/05\/Foto-Testemunho-Gabriella-Salvador.png\" class=\"attachment-thumbnail size-thumbnail wp-post-image\" alt=\"Foto de Gabriella Salvador - Testemunho da Cl\u00ednica M\u00e9dica do Porto\" \/><\/div> <cite class=\"kwayy-testimonial-title\">Gabriella Salvador<span class=\"kwayy-testimonial-designation\">Paciente da Cl\u00ednica M\u00e9dica do Porto<\/span><\/cite><\/footer><\/blockquote><\/div>\n\t<\/div>\n\t<div class=\"kwayy-testimonial-box \"><div class=\"kwayy-testimonial-data\"><blockquote class=\"kwayy-testimonial-text\">\r\n\t\t\t\t<div class=\"contarea\">\t\t\t\t\t\r\n\t\t\t\t\t<div class=\"kwayy-tst-contarea-text\">Recomendo de olhos fechados!\r\n\r\nSe voc\u00ea busca tratamentos est\u00e9ticos com seguran\u00e7a, profissionais experientes e um atendimento caloroso, a Cl\u00ednica M\u00e9dica do Porto \u00e9 o lugar certo. O Dr. Diogo e sua equipe transformaram totalmente minha experi\u00eancia, trazendo de volta minha apar\u00eancia natural sem traumas. Vou continuar explorando os outros tratamentos que eles oferecem j\u00e1 sou cliente fiel! \ud83d\ude0d<\/div>\r\n\t\t\t\t\t\r\n\t\t\t\t<\/div><footer> <div class=\"kwayy-testimonial-img\"><img loading=\"lazy\" decoding=\"async\" width=\"96\" height=\"96\" src=\"https:\/\/clinicamedicadoporto.pt\/staging\/wp-content\/uploads\/2025\/05\/Foto-Larissa-CS-Testemunho-Clinica.png\" class=\"attachment-thumbnail size-thumbnail wp-post-image\" alt=\"Foto de Larissa - paciente da Cl\u00ednica M\u00e9dica do Porto\" \/><\/div> <cite class=\"kwayy-testimonial-title\">Larissa CS<span class=\"kwayy-testimonial-designation\">Paciente da Cl\u00ednica M\u00e9dica do Porto<\/span><\/cite><\/footer><\/blockquote><\/div>\n\t<\/div>\n\t<div class=\"kwayy-testimonial-box \"><div class=\"kwayy-testimonial-data\"><blockquote class=\"kwayy-testimonial-text\">\r\n\t\t\t\t<div class=\"contarea\">\t\t\t\t\t\r\n\t\t\t\t\t<div class=\"kwayy-tst-contarea-text\">Super indico. Atendimento incr\u00edvel e profissionais de excel\u00eancia.<\/div>\r\n\t\t\t\t\t\r\n\t\t\t\t<\/div><footer> <div class=\"kwayy-testimonial-img\"><img loading=\"lazy\" decoding=\"async\" width=\"72\" height=\"72\" src=\"https:\/\/clinicamedicadoporto.pt\/staging\/wp-content\/uploads\/2025\/05\/Imagem-Eliana-Pinto.png\" class=\"attachment-thumbnail size-thumbnail wp-post-image\" alt=\"Avatar Eliana - Paciente da Cl\u00ednica M\u00e9dica do Porto\" \/><\/div> <cite class=\"kwayy-testimonial-title\">Eliana Pinto<span class=\"kwayy-testimonial-designation\">Paciente da Cl\u00ednica M\u00e9dica do Porto<\/span><\/cite><\/footer><\/blockquote><\/div>\n\t<\/div>\n\t<div class=\"kwayy-testimonial-box \"><div class=\"kwayy-testimonial-data\"><blockquote class=\"kwayy-testimonial-text\">\r\n\t\t\t\t<div class=\"contarea\">\t\t\t\t\t\r\n\t\t\t\t\t<div class=\"kwayy-tst-contarea-text\">Super indico!!!\r\n\u00d3timos profissionais!<\/div>\r\n\t\t\t\t\t\r\n\t\t\t\t<\/div><footer> <div class=\"kwayy-testimonial-img\"><img loading=\"lazy\" decoding=\"async\" width=\"72\" height=\"72\" src=\"https:\/\/clinicamedicadoporto.pt\/staging\/wp-content\/uploads\/2025\/05\/Foto-Testemunho-Victoria-Vendrame.png\" class=\"attachment-thumbnail size-thumbnail wp-post-image\" alt=\"Foto Testemunho Victoria\" \/><\/div> <cite class=\"kwayy-testimonial-title\">Vict\u00f3ria Vendrame<span class=\"kwayy-testimonial-designation\">Paciente da Cl\u00ednica M\u00e9dica do Porto<\/span><\/cite><\/footer><\/blockquote><\/div>\n\t<\/div>\n\t<div class=\"kwayy-testimonial-box \"><div class=\"kwayy-testimonial-data\"><blockquote class=\"kwayy-testimonial-text\">\r\n\t\t\t\t<div class=\"contarea\">\t\t\t\t\t\r\n\t\t\t\t\t<div class=\"kwayy-tst-contarea-text\">Fui bem atendido \u00f3timo profissionais.<\/div>\r\n\t\t\t\t\t\r\n\t\t\t\t<\/div><footer> <div class=\"kwayy-testimonial-img\"><img loading=\"lazy\" decoding=\"async\" width=\"1\" height=\"1\" src=\"https:\/\/clinicamedicadoporto.pt\/staging\/wp-content\/uploads\/2021\/06\/perfil-masculino-clinica-medica-do-porto-webhp.png\" class=\"attachment-thumbnail size-thumbnail wp-post-image\" alt=\"imagem-perfil-masculino-clinica-medica-do-porto\" \/><\/div> <cite class=\"kwayy-testimonial-title\">Walison Santos<span class=\"kwayy-testimonial-designation\">Paciente da Cl\u00ednica M\u00e9dica do Porto<\/span><\/cite><\/footer><\/blockquote><\/div>\n\t<\/div>\n\t<div class=\"kwayy-testimonial-box \"><div class=\"kwayy-testimonial-data\"><blockquote class=\"kwayy-testimonial-text\">\r\n\t\t\t\t<div class=\"contarea\">\t\t\t\t\t\r\n\t\t\t\t\t<div class=\"kwayy-tst-contarea-text\">Celeridade e simpatia. Profissionalismo, aparentemente (o ju\u00edzo mais definitivo, depender\u00e1 dos resultados do tratamento), tamb\u00e9m de elevado n\u00edvel.<\/div>\r\n\t\t\t\t\t\r\n\t\t\t\t<\/div><footer> <div class=\"kwayy-testimonial-img\"><img loading=\"lazy\" decoding=\"async\" width=\"1\" height=\"1\" src=\"https:\/\/clinicamedicadoporto.pt\/staging\/wp-content\/uploads\/2021\/06\/perfil-masculino-clinica-medica-do-porto-webhp.png\" class=\"attachment-thumbnail size-thumbnail wp-post-image\" alt=\"imagem-perfil-masculino-clinica-medica-do-porto\" \/><\/div> <cite class=\"kwayy-testimonial-title\">Miguel Costa<span class=\"kwayy-testimonial-designation\">Paciente da Cl\u00ednica M\u00e9dica do Porto<\/span><\/cite><\/footer><\/blockquote><\/div>\n\t<\/div>\n\t<div class=\"kwayy-testimonial-box \"><div class=\"kwayy-testimonial-data\"><blockquote class=\"kwayy-testimonial-text\">\r\n\t\t\t\t<div class=\"contarea\">\t\t\t\t\t\r\n\t\t\t\t\t<div class=\"kwayy-tst-contarea-text\">Procurei a cl\u00ednica pela proposta de Modula\u00e7\u00e3o Hormonal que j\u00e1 venho estudando. Fui a uma primeira consulta e estou otimista quanto ao tratamento.<\/div>\r\n\t\t\t\t\t\r\n\t\t\t\t<\/div><footer> <div class=\"kwayy-testimonial-img\"><img loading=\"lazy\" decoding=\"async\" width=\"96\" height=\"96\" src=\"https:\/\/clinicamedicadoporto.pt\/staging\/wp-content\/uploads\/2024\/07\/Foto-Testemunho-Lucineia-Souza.jpg\" class=\"attachment-thumbnail size-thumbnail wp-post-image\" alt=\"Imagem mulher testemunho\" \/><\/div> <cite class=\"kwayy-testimonial-title\">Lucin\u00e9ia De Souza<span class=\"kwayy-testimonial-designation\">Paciente da Cl\u00ednica M\u00e9dica do Porto<\/span><\/cite><\/footer><\/blockquote><\/div>\n\t<\/div>\n\t<div class=\"kwayy-testimonial-box \"><div class=\"kwayy-testimonial-data\"><blockquote class=\"kwayy-testimonial-text\">\r\n\t\t\t\t<div class=\"contarea\">\t\t\t\t\t\r\n\t\t\t\t\t<div class=\"kwayy-tst-contarea-text\">(Traduzido pelo Google) Depois de algumas consultas falhadas com m\u00e9dicos tradicionais fui a esta cl\u00ednica ao Dr. Jo\u00e3o Sardinha para tratar da minha fase de pr\u00e9-menopausa. A sua abordagem \u00e9 diferente e n\u00e3o convencional, em oposi\u00e7\u00e3o aos m\u00e9dicos tradicionais. Altamente recomendado. Al\u00e9m disso, destaque para B\u00e1rbara que foi muito genu\u00edna e acolhedora<\/div>\r\n\t\t\t\t\t\r\n\t\t\t\t<\/div><footer> <div class=\"kwayy-testimonial-img\"><img loading=\"lazy\" decoding=\"async\" width=\"96\" height=\"96\" src=\"https:\/\/clinicamedicadoporto.pt\/staging\/wp-content\/uploads\/2024\/07\/Foto-Testemunho-KH-Hanna.png\" class=\"attachment-thumbnail size-thumbnail wp-post-image\" alt=\"Imagem mulher\" \/><\/div> <cite class=\"kwayy-testimonial-title\">K.N Hanna<span class=\"kwayy-testimonial-designation\">Paciente da Cl\u00ednica M\u00e9dica do Porto<\/span><\/cite><\/footer><\/blockquote><\/div>\n\t<\/div>\n\t<div class=\"kwayy-testimonial-box \"><div class=\"kwayy-testimonial-data\"><blockquote class=\"kwayy-testimonial-text\">\r\n\t\t\t\t<div class=\"contarea\">\t\t\t\t\t\r\n\t\t\t\t\t<div class=\"kwayy-tst-contarea-text\">Muito obrigada.\r\nS\u00e3o muito simp\u00e1ticos.<\/div>\r\n\t\t\t\t\t\r\n\t\t\t\t<\/div><footer> <div class=\"kwayy-testimonial-img\"><img loading=\"lazy\" decoding=\"async\" width=\"60\" height=\"60\" src=\"https:\/\/clinicamedicadoporto.pt\/staging\/wp-content\/uploads\/2024\/05\/Foto-Testemunho-Teresa-Tudela.png\" class=\"attachment-thumbnail size-thumbnail wp-post-image\" alt=\"Imagem avatar de testemunho da Cl\u00ednica M\u00e9dica do Porto\" \/><\/div> <cite class=\"kwayy-testimonial-title\">Teresa Tudela<span class=\"kwayy-testimonial-designation\">Paciente da Cl\u00ednica M\u00e9dica do Porto<\/span><\/cite><\/footer><\/blockquote><\/div>\n\t<\/div>\n\t<div class=\"kwayy-testimonial-box \"><div class=\"kwayy-testimonial-data\"><blockquote class=\"kwayy-testimonial-text\">\r\n\t\t\t\t<div class=\"contarea\">\t\t\t\t\t\r\n\t\t\t\t\t<div class=\"kwayy-tst-contarea-text\">Excelente servi\u00e7o!<\/div>\r\n\t\t\t\t\t\r\n\t\t\t\t<\/div><footer> <div class=\"kwayy-testimonial-img\"><img loading=\"lazy\" decoding=\"async\" width=\"1\" height=\"1\" src=\"https:\/\/clinicamedicadoporto.pt\/staging\/wp-content\/uploads\/2021\/06\/perfil-clinica-medica-do-porto-webhp.png\" class=\"attachment-thumbnail size-thumbnail wp-post-image\" alt=\"imagem-perfil-feminio-clinica-medica-do-porto\" \/><\/div> <cite class=\"kwayy-testimonial-title\">Mariana Vale<span class=\"kwayy-testimonial-designation\">Paciente da Cl\u00ednica M\u00e9dica do Porto<\/span><\/cite><\/footer><\/blockquote><\/div>\n\t<\/div>\n\t<div class=\"kwayy-testimonial-box \"><div class=\"kwayy-testimonial-data\"><blockquote class=\"kwayy-testimonial-text\">\r\n\t\t\t\t<div class=\"contarea\">\t\t\t\t\t\r\n\t\t\t\t\t<div class=\"kwayy-tst-contarea-text\">Atendimento acolhedor, objetivo e carinhoso por parte da Sra. B\u00e1rbara.\r\nQuanto ao atendimento da Dra. M\u00e1rcia Leite, acredito n\u00e3o poder estar em melhor m\u00e3os. \r\nTrata-se de profissional conhecedora da especificidade a que se prop\u00f4s, com recebimento educado, acolhedor e atencioso. (...)<\/div>\r\n\t\t\t\t\t\r\n\t\t\t\t<\/div><footer> <div class=\"kwayy-testimonial-img\"><img loading=\"lazy\" decoding=\"async\" width=\"96\" height=\"96\" src=\"https:\/\/clinicamedicadoporto.pt\/staging\/wp-content\/uploads\/2024\/02\/imagem-Isis-motta.png\" class=\"attachment-thumbnail size-thumbnail wp-post-image\" alt=\"Imagem de perfil de testemunho de cliente da clinica medica do porto\" \/><\/div> <cite class=\"kwayy-testimonial-title\">Isis Motta<span class=\"kwayy-testimonial-designation\">Paciente da Cl\u00ednica M\u00e9dica do Porto<\/span><\/cite><\/footer><\/blockquote><\/div>\n\t<\/div>\n\t<div class=\"kwayy-testimonial-box \"><div class=\"kwayy-testimonial-data\"><blockquote class=\"kwayy-testimonial-text\">\r\n\t\t\t\t<div class=\"contarea\">\t\t\t\t\t\r\n\t\t\t\t\t<div class=\"kwayy-tst-contarea-text\">Boas condi\u00e7\u00f5es. \r\nProfissionais simp\u00e1ticos e competentes. \r\nUma boa experi\u00eancia. <\/div>\r\n\t\t\t\t\t\r\n\t\t\t\t<\/div><footer> <div class=\"kwayy-testimonial-img\"><img loading=\"lazy\" decoding=\"async\" width=\"1\" height=\"1\" src=\"https:\/\/clinicamedicadoporto.pt\/staging\/wp-content\/uploads\/2021\/06\/perfil-clinica-medica-do-porto-webhp.png\" class=\"attachment-thumbnail size-thumbnail wp-post-image\" alt=\"imagem-perfil-feminio-clinica-medica-do-porto\" \/><\/div> <cite class=\"kwayy-testimonial-title\">Sara Fernandes<span class=\"kwayy-testimonial-designation\">Paciente da Cl\u00ednica M\u00e9dica do Porto<\/span><\/cite><\/footer><\/blockquote><\/div>\n\t<\/div>\n\t<div class=\"kwayy-testimonial-box \"><div class=\"kwayy-testimonial-data\"><blockquote class=\"kwayy-testimonial-text\">\r\n\t\t\t\t<div class=\"contarea\">\t\t\t\t\t\r\n\t\t\t\t\t<div class=\"kwayy-tst-contarea-text\">Foi uma experi\u00eancia muito agrad\u00e1vel nesta cl\u00ednica, com um bom acolhimento e um m\u00e9dico competente que presta aten\u00e7\u00e3o ao paciente e adoro o facto de serem recomendados rem\u00e9dios naturais, recomendo vivamente.<\/div>\r\n\t\t\t\t\t\r\n\t\t\t\t<\/div><footer> <div class=\"kwayy-testimonial-img\"><img loading=\"lazy\" decoding=\"async\" width=\"1\" height=\"1\" src=\"https:\/\/clinicamedicadoporto.pt\/staging\/wp-content\/uploads\/2021\/06\/perfil-clinica-medica-do-porto-webhp.png\" class=\"attachment-thumbnail size-thumbnail wp-post-image\" alt=\"imagem-perfil-feminio-clinica-medica-do-porto\" \/><\/div> <cite class=\"kwayy-testimonial-title\">Carlita<span class=\"kwayy-testimonial-designation\">Paciente da Cl\u00ednica M\u00e9dica do Porto<\/span><\/cite><\/footer><\/blockquote><\/div>\n\t<\/div>\n\t<div class=\"kwayy-testimonial-box \"><div class=\"kwayy-testimonial-data\"><blockquote class=\"kwayy-testimonial-text\">\r\n\t\t\t\t<div class=\"contarea\">\t\t\t\t\t\r\n\t\t\t\t\t<div class=\"kwayy-tst-contarea-text\">A Dra Beatriz \u00e9 optima, ja vejo efeitos. \r\nToda a gente na cl\u00ednica \u00e9 muito simp\u00e1tica. \r\nRecomendo 100%<\/div>\r\n\t\t\t\t\t\r\n\t\t\t\t<\/div><footer> <div class=\"kwayy-testimonial-img\"><img loading=\"lazy\" decoding=\"async\" width=\"60\" height=\"60\" src=\"https:\/\/clinicamedicadoporto.pt\/staging\/wp-content\/uploads\/2024\/01\/Foto-carolina-oliveira.png\" class=\"attachment-thumbnail size-thumbnail wp-post-image\" alt=\"Foto de cliente da Clinica\" \/><\/div> <cite class=\"kwayy-testimonial-title\">Carolina Oliveira<span class=\"kwayy-testimonial-designation\">Paciente da Cl\u00ednica M\u00e9dica do Porto<\/span><\/cite><\/footer><\/blockquote><\/div>\n\t<\/div>\n\t<div class=\"kwayy-testimonial-box \"><div class=\"kwayy-testimonial-data\"><blockquote class=\"kwayy-testimonial-text\">\r\n\t\t\t\t<div class=\"contarea\">\t\t\t\t\t\r\n\t\t\t\t\t<div class=\"kwayy-tst-contarea-text\">Bom atendimento, muito profissionalismo!<\/div>\r\n\t\t\t\t\t\r\n\t\t\t\t<\/div><footer> <div class=\"kwayy-testimonial-img\"><img loading=\"lazy\" decoding=\"async\" width=\"1\" height=\"1\" src=\"https:\/\/clinicamedicadoporto.pt\/staging\/wp-content\/uploads\/2021\/06\/perfil-clinica-medica-do-porto-webhp.png\" class=\"attachment-thumbnail size-thumbnail wp-post-image\" alt=\"imagem-perfil-feminio-clinica-medica-do-porto\" \/><\/div> <cite class=\"kwayy-testimonial-title\">Maria Teresa Chaves<span class=\"kwayy-testimonial-designation\">Paciente da Cl\u00ednica M\u00e9dica do Porto<\/span><\/cite><\/footer><\/blockquote><\/div>\n\t<\/div>\n\t<div class=\"kwayy-testimonial-box \"><div class=\"kwayy-testimonial-data\"><blockquote class=\"kwayy-testimonial-text\">\r\n\t\t\t\t<div class=\"contarea\">\t\t\t\t\t\r\n\t\t\t\t\t<div class=\"kwayy-tst-contarea-text\">Gostei de tudo. \r\nDesde a simpatia e profissionalismo tanto da recepcionista como da m\u00e9dica Dra M\u00e1rcia Leite\r\nCertamente recomendarei, obrigada.<\/div>\r\n\t\t\t\t\t\r\n\t\t\t\t<\/div><footer> <div class=\"kwayy-testimonial-img\"><img loading=\"lazy\" decoding=\"async\" width=\"1\" height=\"1\" src=\"https:\/\/clinicamedicadoporto.pt\/staging\/wp-content\/uploads\/2021\/06\/perfil-clinica-medica-do-porto-webhp.png\" class=\"attachment-thumbnail size-thumbnail wp-post-image\" alt=\"imagem-perfil-feminio-clinica-medica-do-porto\" \/><\/div> <cite class=\"kwayy-testimonial-title\">Palmira Soares<span class=\"kwayy-testimonial-designation\">Paciente da Cl\u00ednica M\u00e9dica do Porto<\/span><\/cite><\/footer><\/blockquote><\/div>\n\t<\/div>\n\t<div class=\"kwayy-testimonial-box \"><div class=\"kwayy-testimonial-data\"><blockquote class=\"kwayy-testimonial-text\">\r\n\t\t\t\t<div class=\"contarea\">\t\t\t\t\t\r\n\t\t\t\t\t<div class=\"kwayy-tst-contarea-text\">Fui atendido por a Sra. Dra. Beatriz Rito, estou super satisfeito com o trabalho que me fez. Uma medica super humana, consciente e profissional.<\/div>\r\n\t\t\t\t\t\r\n\t\t\t\t<\/div><footer> <div class=\"kwayy-testimonial-img\"><img loading=\"lazy\" decoding=\"async\" width=\"96\" height=\"96\" src=\"https:\/\/clinicamedicadoporto.pt\/staging\/wp-content\/uploads\/2023\/10\/Foto-Vitor-Moreira.png\" class=\"attachment-thumbnail size-thumbnail wp-post-image\" alt=\"Foto Vitor Moreira\" \/><\/div> <cite class=\"kwayy-testimonial-title\">Vitor Moreira<span class=\"kwayy-testimonial-designation\">Paciente da Cl\u00ednica M\u00e9dica do Porto<\/span><\/cite><\/footer><\/blockquote><\/div>\n\t<\/div>\n\t<div class=\"kwayy-testimonial-box \"><div class=\"kwayy-testimonial-data\"><blockquote class=\"kwayy-testimonial-text\">\r\n\t\t\t\t<div class=\"contarea\">\t\t\t\t\t\r\n\t\t\t\t\t<div class=\"kwayy-tst-contarea-text\">Muito am\u00e1veis, desde a rece\u00e7\u00e3o ao corpo cl\u00ednico. \r\nRecomendo!\r\n\r\n<\/div>\r\n\t\t\t\t\t\r\n\t\t\t\t<\/div><footer> <div class=\"kwayy-testimonial-img\"><img loading=\"lazy\" decoding=\"async\" width=\"96\" height=\"96\" src=\"https:\/\/clinicamedicadoporto.pt\/staging\/wp-content\/uploads\/2023\/06\/Foto-Marta-Lima.png\" class=\"attachment-thumbnail size-thumbnail wp-post-image\" alt=\"Foto-Marta-Lima\" \/><\/div> <cite class=\"kwayy-testimonial-title\">Marta Lima<span class=\"kwayy-testimonial-designation\">Paciente da Cl\u00ednica M\u00e9dica do Porto<\/span><\/cite><\/footer><\/blockquote><\/div>\n\t<\/div>\n\t<div class=\"kwayy-testimonial-box \"><div class=\"kwayy-testimonial-data\"><blockquote class=\"kwayy-testimonial-text\">\r\n\t\t\t\t<div class=\"contarea\">\t\t\t\t\t\r\n\t\t\t\t\t<div class=\"kwayy-tst-contarea-text\">Foi a minha primeira consulta Anti-aging com a Dra. Mariana Pinto Leite. \r\nFiquei muito bem impressionada com o atendimento e profissionalismo pelo que vou continuar a utilizar os seus servi\u00e7os.<\/div>\r\n\t\t\t\t\t\r\n\t\t\t\t<\/div><footer> <div class=\"kwayy-testimonial-img\"><img loading=\"lazy\" decoding=\"async\" width=\"96\" height=\"96\" src=\"https:\/\/clinicamedicadoporto.pt\/staging\/wp-content\/uploads\/2018\/07\/perfil-clinica-medica-do-porto-150x150.png\" class=\"attachment-thumbnail size-thumbnail wp-post-image\" alt=\"perfil-feminino-clinica-medica-do-porto\" srcset=\"https:\/\/clinicamedicadoporto.pt\/staging\/wp-content\/uploads\/2018\/07\/perfil-clinica-medica-do-porto-150x150.png 150w, https:\/\/clinicamedicadoporto.pt\/staging\/wp-content\/uploads\/2018\/07\/perfil-clinica-medica-do-porto-300x300.png 300w, https:\/\/clinicamedicadoporto.pt\/staging\/wp-content\/uploads\/2018\/07\/perfil-clinica-medica-do-porto-e1604515282169.png 60w\" sizes=\"auto, (max-width: 96px) 100vw, 96px\" \/><\/div> <cite class=\"kwayy-testimonial-title\">Maria Manuel Junqueira<span class=\"kwayy-testimonial-designation\">Paciente da Cl\u00ednica M\u00e9dica do Porto<\/span><\/cite><\/footer><\/blockquote><\/div>\n\t<\/div>\n\t<div class=\"kwayy-testimonial-box \"><div class=\"kwayy-testimonial-data\"><blockquote class=\"kwayy-testimonial-text\">\r\n\t\t\t\t<div class=\"contarea\">\t\t\t\t\t\r\n\t\t\t\t\t<div class=\"kwayy-tst-contarea-text\">Atendimento fant\u00e1stico \u2b50\ufe0f\u2b50\ufe0f\u2b50\ufe0f\u2b50\ufe0f\u2b50\ufe0f\r\nFa\u00e7o nesta cl\u00ednica os meus procedimentos est\u00e9ticos com Dra Beatriz Couto, a quem agrade\u00e7o o seu profissionalismo e bom senso.<\/div>\r\n\t\t\t\t\t\r\n\t\t\t\t<\/div><footer> <div class=\"kwayy-testimonial-img\"><img loading=\"lazy\" decoding=\"async\" width=\"1\" height=\"1\" src=\"https:\/\/clinicamedicadoporto.pt\/staging\/wp-content\/uploads\/2021\/06\/perfil-clinica-medica-do-porto-webhp.png\" class=\"attachment-thumbnail size-thumbnail wp-post-image\" alt=\"imagem-perfil-feminio-clinica-medica-do-porto\" \/><\/div> <cite class=\"kwayy-testimonial-title\">Vera Oliveira<span class=\"kwayy-testimonial-designation\">Paciente da Cl\u00ednica M\u00e9dica do Porto<\/span><\/cite><\/footer><\/blockquote><\/div>\n\t<\/div>\n\t<div class=\"kwayy-testimonial-box \"><div class=\"kwayy-testimonial-data\"><blockquote class=\"kwayy-testimonial-text\">\r\n\t\t\t\t<div class=\"contarea\">\t\t\t\t\t\r\n\t\t\t\t\t<div class=\"kwayy-tst-contarea-text\">Fui apenas ter a consulta de avalia\u00e7\u00e3o e a m\u00e9dica foi muito querida e atenciosa com o meu problema que me deixa a auto estima em baixo. Estou seriamente a pensar em fazer o procedimento est\u00e9tico.<\/div>\r\n\t\t\t\t\t\r\n\t\t\t\t<\/div><footer> <div class=\"kwayy-testimonial-img\"><img loading=\"lazy\" decoding=\"async\" width=\"1\" height=\"1\" src=\"https:\/\/clinicamedicadoporto.pt\/staging\/wp-content\/uploads\/2021\/06\/perfil-clinica-medica-do-porto-webhp.png\" class=\"attachment-thumbnail size-thumbnail wp-post-image\" alt=\"imagem-perfil-feminio-clinica-medica-do-porto\" \/><\/div> <cite class=\"kwayy-testimonial-title\">Rita R<span class=\"kwayy-testimonial-designation\">Paciente da Cl\u00ednica M\u00e9dica do Porto<\/span><\/cite><\/footer><\/blockquote><\/div>\n\t<\/div>\n\t<div class=\"kwayy-testimonial-box \"><div class=\"kwayy-testimonial-data\"><blockquote class=\"kwayy-testimonial-text\">\r\n\t\t\t\t<div class=\"contarea\">\t\t\t\t\t\r\n\t\t\t\t\t<div class=\"kwayy-tst-contarea-text\">Consulta com a Dra Mariana Leite... simplesmente genial.\r\nSenti-me vista e compreendida \ud83d\ude4f<\/div>\r\n\t\t\t\t\t\r\n\t\t\t\t<\/div><footer> <div class=\"kwayy-testimonial-img\"><img loading=\"lazy\" decoding=\"async\" width=\"96\" height=\"96\" src=\"https:\/\/clinicamedicadoporto.pt\/staging\/wp-content\/uploads\/2023\/05\/foto-sara-guedes-testemunho.png\" class=\"attachment-thumbnail size-thumbnail wp-post-image\" alt=\"Imagem de destaque do testemunho\" \/><\/div> <cite class=\"kwayy-testimonial-title\">Sara Guedes<span class=\"kwayy-testimonial-designation\">Paciente da Cl\u00ednica M\u00e9dica do Porto<\/span><\/cite><\/footer><\/blockquote><\/div>\n\t<\/div>\n\t<div class=\"kwayy-testimonial-box \"><div class=\"kwayy-testimonial-data\"><blockquote class=\"kwayy-testimonial-text\">\r\n\t\t\t\t<div class=\"contarea\">\t\t\t\t\t\r\n\t\t\t\t\t<div class=\"kwayy-tst-contarea-text\">Excelente atendimento, desde a recep\u00e7\u00e3o \u00e0 consulta, anti-aging, muito esclarecedora e sem pressas. (Acerca da Dra. Mariana Pinto Leite)<\/div>\r\n\t\t\t\t\t\r\n\t\t\t\t<\/div><footer> <div class=\"kwayy-testimonial-img\"><img loading=\"lazy\" decoding=\"async\" width=\"96\" height=\"96\" src=\"https:\/\/clinicamedicadoporto.pt\/staging\/wp-content\/uploads\/2018\/07\/perfil-clinica-medica-do-porto-150x150.png\" class=\"attachment-thumbnail size-thumbnail wp-post-image\" alt=\"perfil-feminino-clinica-medica-do-porto\" srcset=\"https:\/\/clinicamedicadoporto.pt\/staging\/wp-content\/uploads\/2018\/07\/perfil-clinica-medica-do-porto-150x150.png 150w, https:\/\/clinicamedicadoporto.pt\/staging\/wp-content\/uploads\/2018\/07\/perfil-clinica-medica-do-porto-300x300.png 300w, https:\/\/clinicamedicadoporto.pt\/staging\/wp-content\/uploads\/2018\/07\/perfil-clinica-medica-do-porto-e1604515282169.png 60w\" sizes=\"auto, (max-width: 96px) 100vw, 96px\" \/><\/div> <cite class=\"kwayy-testimonial-title\">Susana Almeida<span class=\"kwayy-testimonial-designation\">Paciente da Cl\u00ednica M\u00e9dica do Porto<\/span><\/cite><\/footer><\/blockquote><\/div>\n\t<\/div>\n\t<div class=\"kwayy-testimonial-box \"><div class=\"kwayy-testimonial-data\"><blockquote class=\"kwayy-testimonial-text\">\r\n\t\t\t\t<div class=\"contarea\">\t\t\t\t\t\r\n\t\t\t\t\t<div class=\"kwayy-tst-contarea-text\">Toda a equipa muito simpatica.<\/div>\r\n\t\t\t\t\t\r\n\t\t\t\t<\/div><footer> <div class=\"kwayy-testimonial-img\"><img loading=\"lazy\" decoding=\"async\" width=\"96\" height=\"96\" src=\"https:\/\/clinicamedicadoporto.pt\/staging\/wp-content\/uploads\/2023\/02\/foto-adelaide-reis.png\" class=\"attachment-thumbnail size-thumbnail wp-post-image\" alt=\"imagem testemunho de paciente\" \/><\/div> <cite class=\"kwayy-testimonial-title\">Adelaide Reis<span class=\"kwayy-testimonial-designation\">Paciente da Cl\u00ednica M\u00e9dica do Porto<\/span><\/cite><\/footer><\/blockquote><\/div>\n\t<\/div>\n\t<div class=\"kwayy-testimonial-box \"><div class=\"kwayy-testimonial-data\"><blockquote class=\"kwayy-testimonial-text\">\r\n\t\t\t\t<div class=\"contarea\">\t\t\t\t\t\r\n\t\t\t\t\t<div class=\"kwayy-tst-contarea-text\">Atendimento fant\u00e1stico, muita simpatia e profissionalismo. \r\nFui consultada pela Dra M\u00e1rcia e adorei a consulta, s\u00f3 posso dizer que \u00e9 uma excelente m\u00e9dica e de simpatia enorme. \r\nObrigada a todos.<\/div>\r\n\t\t\t\t\t\r\n\t\t\t\t<\/div><footer> <div class=\"kwayy-testimonial-img\"><img loading=\"lazy\" decoding=\"async\" width=\"1\" height=\"1\" src=\"https:\/\/clinicamedicadoporto.pt\/staging\/wp-content\/uploads\/2021\/06\/perfil-clinica-medica-do-porto-webhp.png\" class=\"attachment-thumbnail size-thumbnail wp-post-image\" alt=\"imagem-perfil-feminio-clinica-medica-do-porto\" \/><\/div> <cite class=\"kwayy-testimonial-title\">Dina Neiva<span class=\"kwayy-testimonial-designation\">Paciente da Cl\u00ednica M\u00e9dica do Porto<\/span><\/cite><\/footer><\/blockquote><\/div>\n\t<\/div>\n\t<div class=\"kwayy-testimonial-box \"><div class=\"kwayy-testimonial-data\"><blockquote class=\"kwayy-testimonial-text\">\r\n\t\t\t\t<div class=\"contarea\">\t\t\t\t\t\r\n\t\t\t\t\t<div class=\"kwayy-tst-contarea-text\">Adorei o atendimento, a m\u00e9dica, super bem disposta, super profissional. \r\nRecomendo a 100%.<\/div>\r\n\t\t\t\t\t\r\n\t\t\t\t<\/div><footer> <div class=\"kwayy-testimonial-img\"><img loading=\"lazy\" decoding=\"async\" width=\"96\" height=\"96\" src=\"https:\/\/clinicamedicadoporto.pt\/staging\/wp-content\/uploads\/2022\/09\/Foto-Fernanda-Bandeira-Testemunho-Consulta-Anti-Aging.png\" class=\"attachment-thumbnail size-thumbnail wp-post-image\" alt=\"Foto de Fernanda Bandeira Testemunho Anti-aging\" \/><\/div> <cite class=\"kwayy-testimonial-title\">Fernanda Bandeira<span class=\"kwayy-testimonial-designation\">Paciente da Cl\u00ednica M\u00e9dica do Porto<\/span><\/cite><\/footer><\/blockquote><\/div>\n\t<\/div>\n\t<div class=\"kwayy-testimonial-box \"><div class=\"kwayy-testimonial-data\"><blockquote class=\"kwayy-testimonial-text\">\r\n\t\t\t\t<div class=\"contarea\">\t\t\t\t\t\r\n\t\t\t\t\t<div class=\"kwayy-tst-contarea-text\">Senti-me acolhida e respeitada na Cl\u00ednica M\u00e9dica do Porto tanto pela rececionista quanto pela Dra Maria Jos\u00e9. Muito obrigada! \u2764\ufe0f<\/div>\r\n\t\t\t\t\t\r\n\t\t\t\t<\/div><footer> <div class=\"kwayy-testimonial-img\"><img loading=\"lazy\" decoding=\"async\" width=\"96\" height=\"96\" src=\"https:\/\/clinicamedicadoporto.pt\/staging\/wp-content\/uploads\/2022\/09\/Foto-Luciane-Guerra.png\" class=\"attachment-thumbnail size-thumbnail wp-post-image\" alt=\"Foto Paciente Testemunho da Consulta Anti-Aging\" \/><\/div> <cite class=\"kwayy-testimonial-title\">Luciane Guerra<span class=\"kwayy-testimonial-designation\">Paciente da Cl\u00ednica M\u00e9dica do Porto<\/span><\/cite><\/footer><\/blockquote><\/div>\n\t<\/div>\n\t<div class=\"kwayy-testimonial-box \"><div class=\"kwayy-testimonial-data\"><blockquote class=\"kwayy-testimonial-text\">\r\n\t\t\t\t<div class=\"contarea\">\t\t\t\t\t\r\n\t\t\t\t\t<div class=\"kwayy-tst-contarea-text\">Uma Cl\u00ednica de excel\u00eancia que recomendo vivamente por experi\u00eancia pr\u00f3pria.<\/div>\r\n\t\t\t\t\t\r\n\t\t\t\t<\/div><footer> <div class=\"kwayy-testimonial-img\"><img loading=\"lazy\" decoding=\"async\" width=\"96\" height=\"96\" src=\"https:\/\/clinicamedicadoporto.pt\/staging\/wp-content\/uploads\/2022\/07\/Foto-Maria-Jose\u0301-Moura.jpg\" class=\"attachment-thumbnail size-thumbnail wp-post-image\" alt=\"Foto-Maria-Jose\u0301-Moura\" \/><\/div> <cite class=\"kwayy-testimonial-title\">Maria Jos\u00e9 Moura<span class=\"kwayy-testimonial-designation\">Paciente da Cl\u00ednica M\u00e9dica do Porto<\/span><\/cite><\/footer><\/blockquote><\/div>\n\t<\/div>\n\t<div class=\"kwayy-testimonial-box \"><div class=\"kwayy-testimonial-data\"><blockquote class=\"kwayy-testimonial-text\">\r\n\t\t\t\t<div class=\"contarea\">\t\t\t\t\t\r\n\t\t\t\t\t<div class=\"kwayy-tst-contarea-text\">Atendimento simp\u00e1tico e tratamento profissional. Senti-me desde cedo como se fosse uma paciente antiga da casa. Relativamente \u00e0 consulta de medicina est\u00e9tica, com o Dr. Manuel Rodrigues de Sousa, superou todas as expectativas, sendo com certeza um m\u00e9dico a referenciar.<\/div>\r\n\t\t\t\t\t\r\n\t\t\t\t<\/div><footer> <div class=\"kwayy-testimonial-img\"><img loading=\"lazy\" decoding=\"async\" width=\"96\" height=\"96\" src=\"https:\/\/clinicamedicadoporto.pt\/staging\/wp-content\/uploads\/2022\/07\/Foto-Julia-Medeiros-Testemunho-Medicina-Estetica.jpg\" class=\"attachment-thumbnail size-thumbnail wp-post-image\" alt=\"Foto-Julia-Medeiros-Testemunho-Medicina-Estetica\" \/><\/div> <cite class=\"kwayy-testimonial-title\">Julia Medeiros<span class=\"kwayy-testimonial-designation\">Paciente da Cl\u00ednica M\u00e9dica do Porto<\/span><\/cite><\/footer><\/blockquote><\/div>\n\t<\/div>\n\t<div class=\"kwayy-testimonial-box \"><div class=\"kwayy-testimonial-data\"><blockquote class=\"kwayy-testimonial-text\">\r\n\t\t\t\t<div class=\"contarea\">\t\t\t\t\t\r\n\t\t\t\t\t<div class=\"kwayy-tst-contarea-text\">Fui tratada pelo Dr. Manuel Rodrigues de Sousa e estou bastante satisfeita. Senti-me confort\u00e1vel e agradada com a transpar\u00eancia e honestidade relativamente \u00e0 informa\u00e7\u00e3o fornecida pela cl\u00ednica. (...) O ambiente da cl\u00ednica \u00e9 muito tranquilo e agrad\u00e1vel. Fiquei feliz com os tratamentos \u263a\ufe0f<\/div>\r\n\t\t\t\t\t\r\n\t\t\t\t<\/div><footer> <div class=\"kwayy-testimonial-img\"><img loading=\"lazy\" decoding=\"async\" width=\"96\" height=\"96\" src=\"https:\/\/clinicamedicadoporto.pt\/staging\/wp-content\/uploads\/2022\/07\/Foto-Andreia-Vaz.png\" class=\"attachment-thumbnail size-thumbnail wp-post-image\" alt=\"Forto de Andreia Vaz\" \/><\/div> <cite class=\"kwayy-testimonial-title\">Andreia Vaz<span class=\"kwayy-testimonial-designation\">Paciente da Cl\u00ednica M\u00e9dica do Porto<\/span><\/cite><\/footer><\/blockquote><\/div>\n\t<\/div>\n\t<div class=\"kwayy-testimonial-box \"><div class=\"kwayy-testimonial-data\"><blockquote class=\"kwayy-testimonial-text\">\r\n\t\t\t\t<div class=\"contarea\">\t\t\t\t\t\r\n\t\t\t\t\t<div class=\"kwayy-tst-contarea-text\">Uma Cl\u00ednica de Excel\u00eancia, obrigado pelo excelente atendimento da parte do Dr Sousa um excelente profissional, e da parte do atendimento da recep\u00e7\u00e3o. Um muito obrigado e at\u00e9 breve.<\/div>\r\n\t\t\t\t\t\r\n\t\t\t\t<\/div><footer> <div class=\"kwayy-testimonial-img\"><img loading=\"lazy\" decoding=\"async\" width=\"1\" height=\"1\" src=\"https:\/\/clinicamedicadoporto.pt\/staging\/wp-content\/uploads\/2021\/12\/Foto-Maria-Jose\u0301-Ribeiro-Moura.png\" class=\"attachment-thumbnail size-thumbnail wp-post-image\" alt=\"Foto Testemunho Maria Jos\u00e9 Ribeiro\" \/><\/div> <cite class=\"kwayy-testimonial-title\">Maria Jos\u00e9 Moura<span class=\"kwayy-testimonial-designation\">Paciente da Cl\u00ednica M\u00e9dica do Porto<\/span><\/cite><\/footer><\/blockquote><\/div>\n\t<\/div>\n\t<div class=\"kwayy-testimonial-box \"><div class=\"kwayy-testimonial-data\"><blockquote class=\"kwayy-testimonial-text\">\r\n\t\t\t\t<div class=\"contarea\">\t\t\t\t\t\r\n\t\t\t\t\t<div class=\"kwayy-tst-contarea-text\">S\u00f3 tenho a agradecer. Podia come\u00e7ar pela humanidade, simpatia e disponibilidade com que sou sempre recebida quer ao telefone quer em pessoa. \r\nMas o essencial \u00e9 tudo aquilo que mudou no meu bem estar mental e f\u00edsico desde que passei a ter consulta na cl\u00ednica, no meu caso pela m\u00e3o carinhosa da dra. Ana Rita Telles. Nem tenho palavras. Bem hajam!<\/div>\r\n\t\t\t\t\t\r\n\t\t\t\t<\/div><footer> <div class=\"kwayy-testimonial-img\"><img loading=\"lazy\" decoding=\"async\" width=\"60\" height=\"60\" src=\"https:\/\/clinicamedicadoporto.pt\/staging\/wp-content\/uploads\/2019\/08\/perfil-clinica-medica-do-porto-1-e1604515187835.png\" class=\"attachment-thumbnail size-thumbnail wp-post-image\" alt=\"Imagem-generica-clinica-medica-do-porto\" \/><\/div> <cite class=\"kwayy-testimonial-title\">Eduarda S\u00e1-Andersen<span class=\"kwayy-testimonial-designation\">Paciente da Cl\u00ednica M\u00e9dica do Porto<\/span><\/cite><\/footer><\/blockquote><\/div>\n\t<\/div>\n\t<div class=\"kwayy-testimonial-box \"><div class=\"kwayy-testimonial-data\"><blockquote class=\"kwayy-testimonial-text\">\r\n\t\t\t\t<div class=\"contarea\">\t\t\t\t\t\r\n\t\t\t\t\t<div class=\"kwayy-tst-contarea-text\">Muito satisfeita com o tratamento de medicina est\u00e9tica, sinto-me novamente eu. Obrigado por toda a simpatia e por me aturar Dr. Manuel Rodrigues Sousa, admiro o seu profissionalismo e aten\u00e7\u00e3o. <\/div>\r\n\t\t\t\t\t\r\n\t\t\t\t<\/div><footer> <div class=\"kwayy-testimonial-img\"><img loading=\"lazy\" decoding=\"async\" width=\"60\" height=\"60\" src=\"https:\/\/clinicamedicadoporto.pt\/staging\/wp-content\/uploads\/2019\/08\/perfil-clinica-medica-do-porto-1-e1604515187835.png\" class=\"attachment-thumbnail size-thumbnail wp-post-image\" alt=\"Imagem-generica-clinica-medica-do-porto\" \/><\/div> <cite class=\"kwayy-testimonial-title\">Joana Vaz<span class=\"kwayy-testimonial-designation\">Paciente da Cl\u00ednica M\u00e9dica do Porto<\/span><\/cite><\/footer><\/blockquote><\/div>\n\t<\/div>\n\t<div class=\"kwayy-testimonial-box \"><div class=\"kwayy-testimonial-data\"><blockquote class=\"kwayy-testimonial-text\">\r\n\t\t\t\t<div class=\"contarea\">\t\t\t\t\t\r\n\t\t\t\t\t<div class=\"kwayy-tst-contarea-text\">Gostei da Simpatia e Profissionalismo!\r\nObg. Voltarei<\/div>\r\n\t\t\t\t\t\r\n\t\t\t\t<\/div><footer> <div class=\"kwayy-testimonial-img\"><img loading=\"lazy\" decoding=\"async\" width=\"96\" height=\"96\" src=\"https:\/\/clinicamedicadoporto.pt\/staging\/wp-content\/uploads\/2021\/11\/Foto-Antonia-Jose-1.jpg\" class=\"attachment-thumbnail size-thumbnail wp-post-image\" alt=\"Foto-Testemunho-Antonia-Jose\" \/><\/div> <cite class=\"kwayy-testimonial-title\">Ant\u00f3nia Jos\u00e9<span class=\"kwayy-testimonial-designation\">Paciente da Cl\u00ednica M\u00e9dica do Porto<\/span><\/cite><\/footer><\/blockquote><\/div>\n\t<\/div>\n\t<div class=\"kwayy-testimonial-box \"><div class=\"kwayy-testimonial-data\"><blockquote class=\"kwayy-testimonial-text\">\r\n\t\t\t\t<div class=\"contarea\">\t\t\t\t\t\r\n\t\t\t\t\t<div class=\"kwayy-tst-contarea-text\">Simpatia, \u00e9tica profissional, atendimento e profissionalismo de excel\u00eancia. \r\nRecomendo!!!<\/div>\r\n\t\t\t\t\t\r\n\t\t\t\t<\/div><footer> <div class=\"kwayy-testimonial-img\"><img loading=\"lazy\" decoding=\"async\" width=\"96\" height=\"96\" src=\"https:\/\/clinicamedicadoporto.pt\/staging\/wp-content\/uploads\/2018\/07\/perfil-clinica-medica-do-porto-150x150.png\" class=\"attachment-thumbnail size-thumbnail wp-post-image\" alt=\"perfil-feminino-clinica-medica-do-porto\" srcset=\"https:\/\/clinicamedicadoporto.pt\/staging\/wp-content\/uploads\/2018\/07\/perfil-clinica-medica-do-porto-150x150.png 150w, https:\/\/clinicamedicadoporto.pt\/staging\/wp-content\/uploads\/2018\/07\/perfil-clinica-medica-do-porto-300x300.png 300w, https:\/\/clinicamedicadoporto.pt\/staging\/wp-content\/uploads\/2018\/07\/perfil-clinica-medica-do-porto-e1604515282169.png 60w\" sizes=\"auto, (max-width: 96px) 100vw, 96px\" \/><\/div> <cite class=\"kwayy-testimonial-title\">M Ferreira<span class=\"kwayy-testimonial-designation\">Paciente da Cl\u00ednica M\u00e9dica do Porto<\/span><\/cite><\/footer><\/blockquote><\/div>\n\t<\/div>\n\t<div class=\"kwayy-testimonial-box \"><div class=\"kwayy-testimonial-data\"><blockquote class=\"kwayy-testimonial-text\">\r\n\t\t\t\t<div class=\"contarea\">\t\t\t\t\t\r\n\t\t\t\t\t<div class=\"kwayy-tst-contarea-text\">Gostei do atendimento e do servi\u00e7o!<\/div>\r\n\t\t\t\t\t\r\n\t\t\t\t<\/div><footer> <div class=\"kwayy-testimonial-img\"><img loading=\"lazy\" decoding=\"async\" width=\"60\" height=\"60\" src=\"https:\/\/clinicamedicadoporto.pt\/staging\/wp-content\/uploads\/2021\/11\/Foto-Ca\u0302ndida-Paiva.png\" class=\"attachment-thumbnail size-thumbnail wp-post-image\" alt=\"Foto- Ca\u0302ndida-Paiva\" \/><\/div> <cite class=\"kwayy-testimonial-title\">C\u00e2ndida Paiva<span class=\"kwayy-testimonial-designation\">Paciente da Cl\u00ednica M\u00e9dica do Porto<\/span><\/cite><\/footer><\/blockquote><\/div>\n\t<\/div>\n\t<div class=\"kwayy-testimonial-box \"><div class=\"kwayy-testimonial-data\"><blockquote class=\"kwayy-testimonial-text\">\r\n\t\t\t\t<div class=\"contarea\">\t\t\t\t\t\r\n\t\t\t\t\t<div class=\"kwayy-tst-contarea-text\">Fiz harmoniza\u00e7\u00e3o facial completa com \u00e1cido hialur\u00f3nico e Radiesse, uma amiga recomendou-me o Dr Rodrigues Sousa e estou super satisfeita. Resultado natural, sem exageros e sinto-me muito mais feliz comigo mesma. Obrigado pela sua incr\u00edvel simpatia, disponibilidade (\u2026).\r\nRecomendo! J\u00e1 tinha experimentado outro s\u00edtios mas sem compara\u00e7\u00e3o. (\u2026) Obrigado a Cl\u00ednica M\u00e9dica do Porto<\/div>\r\n\t\t\t\t\t\r\n\t\t\t\t<\/div><footer> <div class=\"kwayy-testimonial-img\"><img loading=\"lazy\" decoding=\"async\" width=\"60\" height=\"60\" src=\"https:\/\/clinicamedicadoporto.pt\/staging\/wp-content\/uploads\/2019\/08\/perfil-clinica-medica-do-porto-1-e1604515187835.png\" class=\"attachment-thumbnail size-thumbnail wp-post-image\" alt=\"Imagem-generica-clinica-medica-do-porto\" \/><\/div> <cite class=\"kwayy-testimonial-title\">Beatriz Sousa<span class=\"kwayy-testimonial-designation\">Paciente da Cl\u00ednica M\u00e9dica do Porto<\/span><\/cite><\/footer><\/blockquote><\/div>\n\t<\/div>\n\t<div class=\"kwayy-testimonial-box \"><div class=\"kwayy-testimonial-data\"><blockquote class=\"kwayy-testimonial-text\">\r\n\t\t\t\t<div class=\"contarea\">\t\t\t\t\t\r\n\t\t\t\t\t<div class=\"kwayy-tst-contarea-text\">Atendimento pontual, gentil e personalizado. O Dr. Manuel Rodrigues de Sousa foi muito profissional, atencioso e claro quanto aos procedimentos a efetuar.Total transpar\u00eancia da cl\u00ednica na publicita\u00e7\u00e3o dos pre\u00e7os. Parab\u00e9ns!<\/div>\r\n\t\t\t\t\t\r\n\t\t\t\t<\/div><footer> <div class=\"kwayy-testimonial-img\"><img loading=\"lazy\" decoding=\"async\" width=\"60\" height=\"60\" src=\"https:\/\/clinicamedicadoporto.pt\/staging\/wp-content\/uploads\/2019\/08\/perfil-clinica-medica-do-porto-1-e1604515187835.png\" class=\"attachment-thumbnail size-thumbnail wp-post-image\" alt=\"Imagem-generica-clinica-medica-do-porto\" \/><\/div> <cite class=\"kwayy-testimonial-title\">Joana Ribeiro<span class=\"kwayy-testimonial-designation\">Paciente da Cl\u00ednica M\u00e9dica do Porto<\/span><\/cite><\/footer><\/blockquote><\/div>\n\t<\/div>\n\t<div class=\"kwayy-testimonial-box \"><div class=\"kwayy-testimonial-data\"><blockquote class=\"kwayy-testimonial-text\">\r\n\t\t\t\t<div class=\"contarea\">\t\t\t\t\t\r\n\t\t\t\t\t<div class=\"kwayy-tst-contarea-text\">A visita \u00e0 Cl\u00ednica M\u00e9dica do Porto revelou-se uma experi\u00eancia Fant\u00e1stica!!! \r\nPelo profissionalismo, compet\u00eancia, confian\u00e7a, carisma e delicadeza do m\u00e9dico de medicina est\u00e9tica Dr. Manuel Rodrigues de Sousa. \r\nO resultado da interven\u00e7\u00e3o foi bel\u00edssimo, senti-me rejuvenescida, mantendo todas as minhas express\u00f5es e aspeto natural. \r\nExperi\u00eancia a repetir!!! \r\nRecomento a Tod@s. Muito obrigada.<\/div>\r\n\t\t\t\t\t\r\n\t\t\t\t<\/div><footer> <div class=\"kwayy-testimonial-img\"><img loading=\"lazy\" decoding=\"async\" width=\"96\" height=\"96\" src=\"https:\/\/clinicamedicadoporto.pt\/staging\/wp-content\/uploads\/2021\/08\/maria-caldeira.jpg\" class=\"attachment-thumbnail size-thumbnail wp-post-image\" alt=\"Foto-Maria-Caldeira-Paciente-Clinica-Porto\" \/><\/div> <cite class=\"kwayy-testimonial-title\">Maria Caldeira<span class=\"kwayy-testimonial-designation\">Paciente da Cl\u00ednica M\u00e9dica do Porto<\/span><\/cite><\/footer><\/blockquote><\/div>\n\t<\/div>\n\t<div class=\"kwayy-testimonial-box \"><div class=\"kwayy-testimonial-data\"><blockquote class=\"kwayy-testimonial-text\">\r\n\t\t\t\t<div class=\"contarea\">\t\t\t\t\t\r\n\t\t\t\t\t<div class=\"kwayy-tst-contarea-text\">Primeira consulta. \r\nTrabalho excelente dos profissionais que me atenderam. \r\nRecomendo.<\/div>\r\n\t\t\t\t\t\r\n\t\t\t\t<\/div><footer> <div class=\"kwayy-testimonial-img\"><img loading=\"lazy\" decoding=\"async\" width=\"1\" height=\"1\" src=\"https:\/\/clinicamedicadoporto.pt\/staging\/wp-content\/uploads\/2021\/06\/perfil-masculino-clinica-medica-do-porto-webhp.png\" class=\"attachment-thumbnail size-thumbnail wp-post-image\" alt=\"imagem-perfil-masculino-clinica-medica-do-porto\" \/><\/div> <cite class=\"kwayy-testimonial-title\">Manuel Pereira<span class=\"kwayy-testimonial-designation\">Paciente da Cl\u00ednica M\u00e9dica do Porto<\/span><\/cite><\/footer><\/blockquote><\/div>\n\t<\/div>\n\t<div class=\"kwayy-testimonial-box \"><div class=\"kwayy-testimonial-data\"><blockquote class=\"kwayy-testimonial-text\">\r\n\t\t\t\t<div class=\"contarea\">\t\t\t\t\t\r\n\t\t\t\t\t<div class=\"kwayy-tst-contarea-text\">Atendimento bom, e boa localiza\u00e7\u00e3o, fui, voltarei e recomendo!<\/div>\r\n\t\t\t\t\t\r\n\t\t\t\t<\/div><footer> <div class=\"kwayy-testimonial-img\"><img loading=\"lazy\" decoding=\"async\" width=\"1\" height=\"1\" src=\"https:\/\/clinicamedicadoporto.pt\/staging\/wp-content\/uploads\/2021\/06\/perfil-clinica-medica-do-porto-webhp.png\" class=\"attachment-thumbnail size-thumbnail wp-post-image\" alt=\"imagem-perfil-feminio-clinica-medica-do-porto\" \/><\/div> <cite class=\"kwayy-testimonial-title\">Shirley Takemura<span class=\"kwayy-testimonial-designation\">Paciente da Cl\u00ednica M\u00e9dica do Porto<\/span><\/cite><\/footer><\/blockquote><\/div>\n\t<\/div>\n\t<div class=\"kwayy-testimonial-box \"><div class=\"kwayy-testimonial-data\"><blockquote class=\"kwayy-testimonial-text\">\r\n\t\t\t\t<div class=\"contarea\">\t\t\t\t\t\r\n\t\t\t\t\t<div class=\"kwayy-tst-contarea-text\">J'ai consult\u00e9 Dr Manuel , un professionnel des plus sympathiques, un r\u00e9sultat bluffant!! Merci a vous et \u00e0 tr\u00e8s bient\u00f4t.<\/div>\r\n\t\t\t\t\t\r\n\t\t\t\t<\/div><footer> <div class=\"kwayy-testimonial-img\"><img loading=\"lazy\" decoding=\"async\" width=\"60\" height=\"60\" src=\"https:\/\/clinicamedicadoporto.pt\/staging\/wp-content\/uploads\/2021\/08\/Foto-Celia-Fortin.png\" class=\"attachment-thumbnail size-thumbnail wp-post-image\" alt=\"Foto-Celia-Fortin\" \/><\/div> <cite class=\"kwayy-testimonial-title\">Celia Fortin<span class=\"kwayy-testimonial-designation\">Paciente da Cl\u00ednica M\u00e9dica do Porto<\/span><\/cite><\/footer><\/blockquote><\/div>\n\t<\/div>\n\t<div class=\"kwayy-testimonial-box \"><div class=\"kwayy-testimonial-data\"><blockquote class=\"kwayy-testimonial-text\">\r\n\t\t\t\t<div class=\"contarea\">\t\t\t\t\t\r\n\t\t\t\t\t<div class=\"kwayy-tst-contarea-text\">Fui pela primeira vez a esta cl\u00ednica e o que posso dizer no momento, adorei o atendimento. Pontual no hor\u00e1rio, rece\u00e7\u00e3o muito atenciosa e a Dra Maria Jos\u00e9 foi maravilhosa (...) Foi sem d\u00favida, a minha melhor consulta m\u00e9dica aqui em Portugal. (...)<\/div>\r\n\t\t\t\t\t\r\n\t\t\t\t<\/div><footer> <div class=\"kwayy-testimonial-img\"><img loading=\"lazy\" decoding=\"async\" width=\"60\" height=\"60\" src=\"https:\/\/clinicamedicadoporto.pt\/staging\/wp-content\/uploads\/2021\/07\/Foto-Maria-Aparecida-Souza-dos-Santos.png\" class=\"attachment-thumbnail size-thumbnail wp-post-image\" alt=\"Foto-Maria-Aparecida-Souza dos Santos\" \/><\/div> <cite class=\"kwayy-testimonial-title\">Maria Aparecida Souza dos Santos<span class=\"kwayy-testimonial-designation\">Paciente da Cl\u00ednica M\u00e9dica do Porto<\/span><\/cite><\/footer><\/blockquote><\/div>\n\t<\/div>\n\t<div class=\"kwayy-testimonial-box \"><div class=\"kwayy-testimonial-data\"><blockquote class=\"kwayy-testimonial-text\">\r\n\t\t\t\t<div class=\"contarea\">\t\t\t\t\t\r\n\t\t\t\t\t<div class=\"kwayy-tst-contarea-text\">Fiz aplica\u00e7\u00e3o de botox com o Dr. Manuel Rodrigues e foi perfeito!\r\nSuperou minhas expectativas. \r\nRecomendo<\/div>\r\n\t\t\t\t\t\r\n\t\t\t\t<\/div><footer> <div class=\"kwayy-testimonial-img\"><img loading=\"lazy\" decoding=\"async\" width=\"1\" height=\"1\" src=\"https:\/\/clinicamedicadoporto.pt\/staging\/wp-content\/uploads\/2021\/06\/perfil-clinica-medica-do-porto-webhp.png\" class=\"attachment-thumbnail size-thumbnail wp-post-image\" alt=\"imagem-perfil-feminio-clinica-medica-do-porto\" \/><\/div> <cite class=\"kwayy-testimonial-title\">Juliana Athayde<span class=\"kwayy-testimonial-designation\">Paciente da Cl\u00ednica M\u00e9dica do Porto<\/span><\/cite><\/footer><\/blockquote><\/div>\n\t<\/div>\n\t<div class=\"kwayy-testimonial-box \"><div class=\"kwayy-testimonial-data\"><blockquote class=\"kwayy-testimonial-text\">\r\n\t\t\t\t<div class=\"contarea\">\t\t\t\t\t\r\n\t\t\t\t\t<div class=\"kwayy-tst-contarea-text\">Recomendo! (\u2026) fui aconselhada por uma amiga que tinha feito harmoniza\u00e7\u00e3o facial com resultados muito bons. O Dr. Manuel Rodrigues Sousa \u00e9 um verdadeiro profissional, dedicado e super simp\u00e1tico. Tratamento personalizado, com resposta a todas as d\u00favidas por telefone durante o tratamento o que me deu muita tranquilidade, (\u2026) Cl\u00ednica super acolhedora e atendimento top.<\/div>\r\n\t\t\t\t\t\r\n\t\t\t\t<\/div><footer> <div class=\"kwayy-testimonial-img\"><img loading=\"lazy\" decoding=\"async\" width=\"60\" height=\"60\" src=\"https:\/\/clinicamedicadoporto.pt\/staging\/wp-content\/uploads\/2021\/03\/Cristina-Gonc\u0327alves.png\" class=\"attachment-thumbnail size-thumbnail wp-post-image\" alt=\"Cristina Gonc\u0327alves - Testemunho Medicina Estetica Clinica Porto\" \/><\/div> <cite class=\"kwayy-testimonial-title\">Cristina Gon\u00e7alves<span class=\"kwayy-testimonial-designation\">Paciente da Cl\u00ednica M\u00e9dica do Porto<\/span><\/cite><\/footer><\/blockquote><\/div>\n\t<\/div>\n\t<div class=\"kwayy-testimonial-box \"><div class=\"kwayy-testimonial-data\"><blockquote class=\"kwayy-testimonial-text\">\r\n\t\t\t\t<div class=\"contarea\">\t\t\t\t\t\r\n\t\t\t\t\t<div class=\"kwayy-tst-contarea-text\">Recomendo a consulta de Anti Aging com benef\u00edcios comprovados e que se traduzem num bem estar geral. Uma abordagem hol\u00edstica do nosso corpo, que visam reequilibrar o mesmo, com conselhos que visam melhorar significativamente o nosso dia-a-dia.<\/div>\r\n\t\t\t\t\t\r\n\t\t\t\t<\/div><footer> <div class=\"kwayy-testimonial-img\"><img loading=\"lazy\" decoding=\"async\" width=\"60\" height=\"60\" src=\"https:\/\/clinicamedicadoporto.pt\/staging\/wp-content\/uploads\/2019\/08\/perfil-clinica-medica-do-porto-1-e1604515187835.png\" class=\"attachment-thumbnail size-thumbnail wp-post-image\" alt=\"Imagem-generica-clinica-medica-do-porto\" \/><\/div> <cite class=\"kwayy-testimonial-title\">Ana Castro<span class=\"kwayy-testimonial-designation\">Paciente da Cl\u00ednica M\u00e9dica do Porto<\/span><\/cite><\/footer><\/blockquote><\/div>\n\t<\/div>\n\t<div class=\"kwayy-testimonial-box \"><div class=\"kwayy-testimonial-data\"><blockquote class=\"kwayy-testimonial-text\">\r\n\t\t\t\t<div class=\"contarea\">\t\t\t\t\t\r\n\t\t\t\t\t<div class=\"kwayy-tst-contarea-text\">Excelente atendimento, muito atenciosos, bem humorados e n\u00e3o medem esfor\u00e7os para que tenhamos sempre uma \u00f3tima experi\u00eancia (...) Vamos \u00e0 especialidade de medicina anti aging e estamos muito satisfeitos com os resultados e de como a nossa qualidade de vida melhorou. Recomendo vivamente! \r\n\r\nErica B.<\/div>\r\n\t\t\t\t\t\r\n\t\t\t\t<\/div><footer> <div class=\"kwayy-testimonial-img\"><img loading=\"lazy\" decoding=\"async\" width=\"60\" height=\"60\" src=\"https:\/\/clinicamedicadoporto.pt\/staging\/wp-content\/uploads\/2020\/11\/Erica-Bread-Testemunho-Cli\u0301nica-Medica-do-Porto.png\" class=\"attachment-thumbnail size-thumbnail wp-post-image\" alt=\"Erica-Bread-Testemunho-Cli\u0301nica-Medica-do-Porto\" \/><\/div> <cite class=\"kwayy-testimonial-title\">Erica B.<span class=\"kwayy-testimonial-designation\">Utente da Cl\u00ednica M\u00e9dica do Porto<\/span><\/cite><\/footer><\/blockquote><\/div>\n\t<\/div>\n\t<div class=\"kwayy-testimonial-box \"><div class=\"kwayy-testimonial-data\"><blockquote class=\"kwayy-testimonial-text\">\r\n\t\t\t\t<div class=\"contarea\">\t\t\t\t\t\r\n\t\t\t\t\t<div class=\"kwayy-tst-contarea-text\">Muitos parab\u00e9ns \u00e0 clinica e em especial ao Dr. Rodrigues de Sousa, que \u00e9 sem d\u00favida um excelente profissional e super atencioso!<\/div>\r\n\t\t\t\t\t\r\n\t\t\t\t<\/div><footer> <div class=\"kwayy-testimonial-img\"><img loading=\"lazy\" decoding=\"async\" width=\"60\" height=\"60\" src=\"https:\/\/clinicamedicadoporto.pt\/staging\/wp-content\/uploads\/2020\/09\/Pilar-Sousa-Guedes-e1604517882828.jpg\" class=\"attachment-thumbnail size-thumbnail wp-post-image\" alt=\"Testemunho Pilar\" \/><\/div> <cite class=\"kwayy-testimonial-title\">Pilar Sousa Guedes<span class=\"kwayy-testimonial-designation\">Utente da Cl\u00ednica M\u00e9dica do Porto<\/span><\/cite><\/footer><\/blockquote><\/div>\n\t<\/div>\n\t<div class=\"kwayy-testimonial-box \"><div class=\"kwayy-testimonial-data\"><blockquote class=\"kwayy-testimonial-text\">\r\n\t\t\t\t<div class=\"contarea\">\t\t\t\t\t\r\n\t\t\t\t\t<div class=\"kwayy-tst-contarea-text\">Saliento o trabalho do dr. Manuel Rodrigues de Sousa, em medicina est\u00e9tica de quem sou paciente e que considero o melhor m\u00e9dico em procedimentos est\u00e9ticos que conhe\u00e7o. Os resultados s\u00e3o incr\u00edveis, tudo \u00e9 feito no melhor interesse do paciente e com extremo profissionalismo. \u00c9 uma cl\u00ednica de excel\u00eancia onde somos tratados com imenso carinho. N\u00e3o podia estar mais satisfeita.<\/div>\r\n\t\t\t\t\t\r\n\t\t\t\t<\/div><footer> <div class=\"kwayy-testimonial-img\"><img loading=\"lazy\" decoding=\"async\" width=\"60\" height=\"60\" src=\"https:\/\/clinicamedicadoporto.pt\/staging\/wp-content\/uploads\/2020\/08\/claudia-Pinto-testemunho-clinica-medica-do-porto-e1604517949605.jpg\" class=\"attachment-thumbnail size-thumbnail wp-post-image\" alt=\"claudia-Pinto-testemunho-clinica-medica-do-porto\" \/><\/div> <cite class=\"kwayy-testimonial-title\">Cl\u00e1udia Pinto<span class=\"kwayy-testimonial-designation\">Utente da Cl\u00ednica M\u00e9dica do Porto<\/span><\/cite><\/footer><\/blockquote><\/div>\n\t<\/div>\n\t<div class=\"kwayy-testimonial-box \"><div class=\"kwayy-testimonial-data\"><blockquote class=\"kwayy-testimonial-text\">\r\n\t\t\t\t<div class=\"contarea\">\t\t\t\t\t\r\n\t\t\t\t\t<div class=\"kwayy-tst-contarea-text\">\u00d3tima experi\u00eancia, fui h\u00e1 uns meses fazer botox com o Dr. Rodrigues Sousa, super simp\u00e1tico e atencioso. Os efeitos do tratamento duraram imenso tempo e foram super naturais. <\/div>\r\n\t\t\t\t\t\r\n\t\t\t\t<\/div><footer> <div class=\"kwayy-testimonial-img\"><img loading=\"lazy\" decoding=\"async\" width=\"96\" height=\"96\" src=\"https:\/\/clinicamedicadoporto.pt\/staging\/wp-content\/uploads\/2018\/07\/perfil-clinica-medica-do-porto-150x150.png\" class=\"attachment-thumbnail size-thumbnail wp-post-image\" alt=\"perfil-feminino-clinica-medica-do-porto\" srcset=\"https:\/\/clinicamedicadoporto.pt\/staging\/wp-content\/uploads\/2018\/07\/perfil-clinica-medica-do-porto-150x150.png 150w, https:\/\/clinicamedicadoporto.pt\/staging\/wp-content\/uploads\/2018\/07\/perfil-clinica-medica-do-porto-300x300.png 300w, https:\/\/clinicamedicadoporto.pt\/staging\/wp-content\/uploads\/2018\/07\/perfil-clinica-medica-do-porto-e1604515282169.png 60w\" sizes=\"auto, (max-width: 96px) 100vw, 96px\" \/><\/div> <cite class=\"kwayy-testimonial-title\">Ana Barbosa<span class=\"kwayy-testimonial-designation\">Utente da Cl\u00ednica M\u00e9dica do Porto<\/span><\/cite><\/footer><\/blockquote><\/div>\n\t<\/div>\n\t<div class=\"kwayy-testimonial-box \"><div class=\"kwayy-testimonial-data\"><blockquote class=\"kwayy-testimonial-text\">\r\n\t\t\t\t<div class=\"contarea\">\t\t\t\t\t\r\n\t\t\t\t\t<div class=\"kwayy-tst-contarea-text\">Fui sempre recebida com simpatia, \u00e0 hora marcada e por um m\u00e9dico excelente<\/div>\r\n\t\t\t\t\t\r\n\t\t\t\t<\/div><footer> <div class=\"kwayy-testimonial-img\"><img loading=\"lazy\" decoding=\"async\" width=\"60\" height=\"60\" src=\"https:\/\/clinicamedicadoporto.pt\/staging\/wp-content\/uploads\/2020\/03\/leonor-Bastos-clinica-medica-do-porto-e1604518035515.jpg\" class=\"attachment-thumbnail size-thumbnail wp-post-image\" alt=\"leonor-Bastos-clinica-medica-do-porto\" \/><\/div> <cite class=\"kwayy-testimonial-title\">Leonor de Sousa Bastos<span class=\"kwayy-testimonial-designation\">Utente da Cl\u00ednica M\u00e9dica do Porto<\/span><\/cite><\/footer><\/blockquote><\/div>\n\t<\/div>\n\t<div class=\"kwayy-testimonial-box \"><div class=\"kwayy-testimonial-data\"><blockquote class=\"kwayy-testimonial-text\">\r\n\t\t\t\t<div class=\"contarea\">\t\t\t\t\t\r\n\t\t\t\t\t<div class=\"kwayy-tst-contarea-text\">Thank you Dr. Rodrigues, amazing results of my aesthetic treatment. LOVE IT!!!!!!! My skin is so perfect and natural right now. I tried other clinics abroad with bad results but know I'm happy. I'm away from Portugal but when I come back I want to put filler in my lips with you.<\/div>\r\n\t\t\t\t\t\r\n\t\t\t\t<\/div><footer> <div class=\"kwayy-testimonial-img\"><img loading=\"lazy\" decoding=\"async\" width=\"60\" height=\"60\" src=\"https:\/\/clinicamedicadoporto.pt\/staging\/wp-content\/uploads\/2019\/08\/perfil-clinica-medica-do-porto-e1604516538844.png\" class=\"attachment-thumbnail size-thumbnail wp-post-image\" alt=\"Testemunho-clinica-medica-do-porto\" \/><\/div> <cite class=\"kwayy-testimonial-title\">Giana Kors<span class=\"kwayy-testimonial-designation\">Paciente da Cl\u00ednica M\u00e9dica do Porto<\/span><\/cite><\/footer><\/blockquote><\/div>\n\t<\/div>\n\t<div class=\"kwayy-testimonial-box \"><div class=\"kwayy-testimonial-data\"><blockquote class=\"kwayy-testimonial-text\">\r\n\t\t\t\t<div class=\"contarea\">\t\t\t\t\t\r\n\t\t\t\t\t<div class=\"kwayy-tst-contarea-text\">Espa\u00e7o excelente, profissionalismo e simpatia da secretaria ao gabinete m\u00e9dico.<\/div>\r\n\t\t\t\t\t\r\n\t\t\t\t<\/div><footer> <div class=\"kwayy-testimonial-img\"><img loading=\"lazy\" decoding=\"async\" width=\"60\" height=\"60\" src=\"https:\/\/clinicamedicadoporto.pt\/staging\/wp-content\/uploads\/2019\/08\/perfil-clinica-medica-do-porto-1-e1604515187835.png\" class=\"attachment-thumbnail size-thumbnail wp-post-image\" alt=\"Imagem-generica-clinica-medica-do-porto\" \/><\/div> <cite class=\"kwayy-testimonial-title\">Teresa Pinto<span class=\"kwayy-testimonial-designation\">Utente da Cl\u00ednica M\u00e9dica do Porto<\/span><\/cite><\/footer><\/blockquote><\/div>\n\t<\/div>\n\t<div class=\"kwayy-testimonial-box \"><div class=\"kwayy-testimonial-data\"><blockquote class=\"kwayy-testimonial-text\">\r\n\t\t\t\t<div class=\"contarea\">\t\t\t\t\t\r\n\t\t\t\t\t<div class=\"kwayy-tst-contarea-text\">Harmozina\u00e7\u00e3o facial TOP!!! H\u00e1 mais de 10 anos que fa\u00e7o tratamentos de est\u00e9tica.. Fui cliente de varias cl\u00ednicas bem conhecidas, mas nunca estive t\u00e3o satisfeita como com a harmoniza\u00e7\u00e3o facial que o dr Rodrigues me fez m\u00eas. Obrigado dr e obrigado a cl\u00ednica (...)<\/div>\r\n\t\t\t\t\t\r\n\t\t\t\t<\/div><footer> <div class=\"kwayy-testimonial-img\"><img loading=\"lazy\" decoding=\"async\" width=\"60\" height=\"60\" src=\"https:\/\/clinicamedicadoporto.pt\/staging\/wp-content\/uploads\/2019\/08\/perfil-clinica-medica-do-porto-1-e1604515187835.png\" class=\"attachment-thumbnail size-thumbnail wp-post-image\" alt=\"Imagem-generica-clinica-medica-do-porto\" \/><\/div> <cite class=\"kwayy-testimonial-title\">Maria Ribeiro<span class=\"kwayy-testimonial-designation\">Paciente da Cl\u00ednica M\u00e9dica do Porto<\/span><\/cite><\/footer><\/blockquote><\/div>\n\t<\/div>\n\t<div class=\"kwayy-testimonial-box \"><div class=\"kwayy-testimonial-data\"><blockquote class=\"kwayy-testimonial-text\">\r\n\t\t\t\t<div class=\"contarea\">\t\t\t\t\t\r\n\t\t\t\t\t<div class=\"kwayy-tst-contarea-text\">Aconselhou me uma amiga e fui a consulta de est\u00e9tica.. amei! Preenchimento labial e sulcos fant\u00e1sticos, resultado perfeito. M\u00e3os delicadas de cirurgi\u00e3o, obrigado por tudo Dr Rodrigues!<\/div>\r\n\t\t\t\t\t\r\n\t\t\t\t<\/div><footer> <div class=\"kwayy-testimonial-img\"><img loading=\"lazy\" decoding=\"async\" width=\"60\" height=\"60\" src=\"https:\/\/clinicamedicadoporto.pt\/staging\/wp-content\/uploads\/2019\/08\/perfil-clinica-medica-do-porto-1-e1604515187835.png\" class=\"attachment-thumbnail size-thumbnail wp-post-image\" alt=\"Imagem-generica-clinica-medica-do-porto\" \/><\/div> <cite class=\"kwayy-testimonial-title\">Sara Lopes<span class=\"kwayy-testimonial-designation\">Paciente da Cl\u00ednica M\u00e9dica do Porto<\/span><\/cite><\/footer><\/blockquote><\/div>\n\t<\/div>\n\t<div class=\"kwayy-testimonial-box \"><div class=\"kwayy-testimonial-data\"><blockquote class=\"kwayy-testimonial-text\">\r\n\t\t\t\t<div class=\"contarea\">\t\t\t\t\t\r\n\t\t\t\t\t<div class=\"kwayy-tst-contarea-text\">Muito satisfeita com o servi\u00e7o da Cl\u00ednica M\u00e9dica do Porto. Resultado fant\u00e1stico de botox\u00ae, j\u00e1 tinha feito v\u00e1rios tratamentos antes noutros s\u00edtios mas nenhum com resultados t\u00e3o bons como o que o doutor Manuel me fez. Obrigado. <\/div>\r\n\t\t\t\t\t\r\n\t\t\t\t<\/div><footer> <div class=\"kwayy-testimonial-img\"><img loading=\"lazy\" decoding=\"async\" width=\"60\" height=\"60\" src=\"https:\/\/clinicamedicadoporto.pt\/staging\/wp-content\/uploads\/2019\/08\/perfil-clinica-medica-do-porto-1-e1604515187835.png\" class=\"attachment-thumbnail size-thumbnail wp-post-image\" alt=\"Imagem-generica-clinica-medica-do-porto\" \/><\/div> <cite class=\"kwayy-testimonial-title\">Adriana Madureira<span class=\"kwayy-testimonial-designation\">Paciente da Cl\u00ednica M\u00e9dica do Porto<\/span><\/cite><\/footer><\/blockquote><\/div>\n\t<\/div>\n\t<div class=\"kwayy-testimonial-box \"><div class=\"kwayy-testimonial-data\"><blockquote class=\"kwayy-testimonial-text\">\r\n\t\t\t\t<div class=\"contarea\">\t\t\t\t\t\r\n\t\t\t\t\t<div class=\"kwayy-tst-contarea-text\">Uma \u00f3ptima recep\u00e7\u00e3o , pessoas muito simp\u00e1ticas e profissionais. S\u00f3 tenho a agradecer \ud83d\ude42<\/div>\r\n\t\t\t\t\t\r\n\t\t\t\t<\/div><footer> <div class=\"kwayy-testimonial-img\"><img loading=\"lazy\" decoding=\"async\" width=\"60\" height=\"60\" src=\"https:\/\/clinicamedicadoporto.pt\/staging\/wp-content\/uploads\/2019\/08\/Karine-Clarion-testemunho-clinica-medica-do-porto-e1604518371147.jpg\" class=\"attachment-thumbnail size-thumbnail wp-post-image\" alt=\"Karine-Clarion-testemunho-clinica-medica-do-porto\" \/><\/div> <cite class=\"kwayy-testimonial-title\">Karine M. Clarion<span class=\"kwayy-testimonial-designation\">Paciente da Cl\u00ednica M\u00e9dica do Porto<\/span><\/cite><\/footer><\/blockquote><\/div>\n\t<\/div>\n\t<div class=\"kwayy-testimonial-box \"><div class=\"kwayy-testimonial-data\"><blockquote class=\"kwayy-testimonial-text\">\r\n\t\t\t\t<div class=\"contarea\">\t\t\t\t\t\r\n\t\t\t\t\t<div class=\"kwayy-tst-contarea-text\">Aconselho a cl\u00ednica!\r\nA minha irm\u00e3 fez tratamento de medicina est\u00e9tica com o Dr. Rodrigues Sousa e est\u00e1 linda e super feliz. Obrigado Dr. 5 estrelas.<\/div>\r\n\t\t\t\t\t\r\n\t\t\t\t<\/div><footer> <div class=\"kwayy-testimonial-img\"><img loading=\"lazy\" decoding=\"async\" width=\"96\" height=\"96\" src=\"https:\/\/clinicamedicadoporto.pt\/staging\/wp-content\/uploads\/2018\/07\/perfil-clinica-medica-do-porto-150x150.png\" class=\"attachment-thumbnail size-thumbnail wp-post-image\" alt=\"perfil-feminino-clinica-medica-do-porto\" srcset=\"https:\/\/clinicamedicadoporto.pt\/staging\/wp-content\/uploads\/2018\/07\/perfil-clinica-medica-do-porto-150x150.png 150w, https:\/\/clinicamedicadoporto.pt\/staging\/wp-content\/uploads\/2018\/07\/perfil-clinica-medica-do-porto-300x300.png 300w, https:\/\/clinicamedicadoporto.pt\/staging\/wp-content\/uploads\/2018\/07\/perfil-clinica-medica-do-porto-e1604515282169.png 60w\" sizes=\"auto, (max-width: 96px) 100vw, 96px\" \/><\/div> <cite class=\"kwayy-testimonial-title\">Sara Silva<span class=\"kwayy-testimonial-designation\">Irm\u00e3 de paciente da Cl\u00ednica M\u00e9dica do Porto<\/span><\/cite><\/footer><\/blockquote><\/div>\n\t<\/div>\n\t<div class=\"kwayy-testimonial-box \"><div class=\"kwayy-testimonial-data\"><blockquote class=\"kwayy-testimonial-text\">\r\n\t\t\t\t<div class=\"contarea\">\t\t\t\t\t\r\n\t\t\t\t\t<div class=\"kwayy-tst-contarea-text\">Todas as val\u00eancias da cl\u00ednica, que s\u00e3o muitas, se juntam para nos verem como um ser humano, onde tudo depende de tudo. <\/div>\r\n\t\t\t\t\t\r\n\t\t\t\t<\/div><footer> <div class=\"kwayy-testimonial-img\"><img loading=\"lazy\" decoding=\"async\" width=\"60\" height=\"60\" src=\"https:\/\/clinicamedicadoporto.pt\/staging\/wp-content\/uploads\/2014\/07\/margarida-paco-testemunho-clinica-medica-do-porto.jpg\" class=\"attachment-thumbnail size-thumbnail wp-post-image\" alt=\"\" \/><\/div> <cite class=\"kwayy-testimonial-title\">Margarida Pa\u00e7\u00f3<span class=\"kwayy-testimonial-designation\">Paciente da Cl\u00ednica M\u00e9dica do Porto<\/span><\/cite><\/footer><\/blockquote><\/div>\n\t<\/div>\n\t<\/div><\/div>[\/vc_column_inner][\/vc_row_inner][vc_row_inner][vc_column_inner offset=&#8221;vc_hidden-lg vc_hidden-md&#8221;][vc_column_text]<\/p>\n<h2 class=\"kwayy-heading-align-center\" style=\"text-align: center\"><span style=\"text-align: center;font-size: 200%;font-weight: bold;line-height: 1EM;color: #70c2b4\">Estas s\u00e3o algumas das pessoas que nos fazem querer ser melhores a cada dia que passa.<br \/>\nConhe\u00e7a os seus testemunhos!<\/span><\/h2>\n<p>[\/vc_column_text]\n\t<div class=\"kwayy-testimonial-wrapper kwayy-effect-carousel kwayy-items-col-one kwayy-carousel-col-one\" data-autoplay=\"1\" data-autoplayspeed=\"800\" data-autoplaytimeout=\"4500\" data-loop=\"1\"><div class=\" kwayy-items-wrapper kwayy-carousel-items-wrapper\">\n\t<div class=\"kwayy-testimonial-box \"><div class=\"kwayy-testimonial-data\"><blockquote class=\"kwayy-testimonial-text\">\r\n\t\t\t\t<div class=\"contarea\">\t\t\t\t\t\r\n\t\t\t\t\t<div class=\"kwayy-tst-contarea-text\">Estive em consulta com o Dr.Jo\u00e3o Sardinha e foi super atencioso e revela conhecimento e d\u00e1 uma seguran\u00e7a forte ao paciente que tem a sua frente. Eu e o meu marido estamos bastante satisfeitos em encontrar a vossa cl\u00ednica que j\u00e1 me est\u00e1 a ajudar a mim e por conseguinte toda a minha familia. Agrade\u00e7o o acolhimento e simpatia na recep\u00e7\u00e3o e o ambiente harmonioso que se sente ao entrar. (...)<\/div>\r\n\t\t\t\t\t\r\n\t\t\t\t<\/div><footer> <div class=\"kwayy-testimonial-img\"><img loading=\"lazy\" decoding=\"async\" width=\"96\" height=\"96\" src=\"https:\/\/clinicamedicadoporto.pt\/staging\/wp-content\/uploads\/2018\/07\/perfil-clinica-medica-do-porto-150x150.png\" class=\"attachment-thumbnail size-thumbnail wp-post-image\" alt=\"perfil-feminino-clinica-medica-do-porto\" srcset=\"https:\/\/clinicamedicadoporto.pt\/staging\/wp-content\/uploads\/2018\/07\/perfil-clinica-medica-do-porto-150x150.png 150w, https:\/\/clinicamedicadoporto.pt\/staging\/wp-content\/uploads\/2018\/07\/perfil-clinica-medica-do-porto-300x300.png 300w, https:\/\/clinicamedicadoporto.pt\/staging\/wp-content\/uploads\/2018\/07\/perfil-clinica-medica-do-porto-e1604515282169.png 60w\" sizes=\"auto, (max-width: 96px) 100vw, 96px\" \/><\/div> <cite class=\"kwayy-testimonial-title\">Marta Ferreira<span class=\"kwayy-testimonial-designation\">Paciente da Cl\u00ednica M\u00e9dica do Porto<\/span><\/cite><\/footer><\/blockquote><\/div>\n\t<\/div>\n\t<div class=\"kwayy-testimonial-box \"><div class=\"kwayy-testimonial-data\"><blockquote class=\"kwayy-testimonial-text\">\r\n\t\t\t\t<div class=\"contarea\">\t\t\t\t\t\r\n\t\t\t\t\t<div class=\"kwayy-tst-contarea-text\">Agrad\u00e1vel.<\/div>\r\n\t\t\t\t\t\r\n\t\t\t\t<\/div><footer> <div class=\"kwayy-testimonial-img\"><img loading=\"lazy\" decoding=\"async\" width=\"1\" height=\"1\" src=\"https:\/\/clinicamedicadoporto.pt\/staging\/wp-content\/uploads\/2021\/06\/perfil-clinica-medica-do-porto-webhp.png\" class=\"attachment-thumbnail size-thumbnail wp-post-image\" alt=\"imagem-perfil-feminio-clinica-medica-do-porto\" \/><\/div> <cite class=\"kwayy-testimonial-title\">Teresa Leites<span class=\"kwayy-testimonial-designation\">Paciente da Cl\u00ednica M\u00e9dica do Porto<\/span><\/cite><\/footer><\/blockquote><\/div>\n\t<\/div>\n\t<div class=\"kwayy-testimonial-box \"><div class=\"kwayy-testimonial-data\"><blockquote class=\"kwayy-testimonial-text\">\r\n\t\t\t\t<div class=\"contarea\">\t\t\t\t\t\r\n\t\t\t\t\t<div class=\"kwayy-tst-contarea-text\">\u00d3timos profissionais, procedimentos e atendimento excelente!! \r\nNota 10!<\/div>\r\n\t\t\t\t\t\r\n\t\t\t\t<\/div><footer> <div class=\"kwayy-testimonial-img\"><img loading=\"lazy\" decoding=\"async\" width=\"72\" height=\"72\" src=\"https:\/\/clinicamedicadoporto.pt\/staging\/wp-content\/uploads\/2025\/05\/Foto-Testemunho-Gabriella-Salvador.png\" class=\"attachment-thumbnail size-thumbnail wp-post-image\" alt=\"Foto de Gabriella Salvador - Testemunho da Cl\u00ednica M\u00e9dica do Porto\" \/><\/div> <cite class=\"kwayy-testimonial-title\">Gabriella Salvador<span class=\"kwayy-testimonial-designation\">Paciente da Cl\u00ednica M\u00e9dica do Porto<\/span><\/cite><\/footer><\/blockquote><\/div>\n\t<\/div>\n\t<div class=\"kwayy-testimonial-box \"><div class=\"kwayy-testimonial-data\"><blockquote class=\"kwayy-testimonial-text\">\r\n\t\t\t\t<div class=\"contarea\">\t\t\t\t\t\r\n\t\t\t\t\t<div class=\"kwayy-tst-contarea-text\">Recomendo de olhos fechados!\r\n\r\nSe voc\u00ea busca tratamentos est\u00e9ticos com seguran\u00e7a, profissionais experientes e um atendimento caloroso, a Cl\u00ednica M\u00e9dica do Porto \u00e9 o lugar certo. O Dr. Diogo e sua equipe transformaram totalmente minha experi\u00eancia, trazendo de volta minha apar\u00eancia natural sem traumas. Vou continuar explorando os outros tratamentos que eles oferecem j\u00e1 sou cliente fiel! \ud83d\ude0d<\/div>\r\n\t\t\t\t\t\r\n\t\t\t\t<\/div><footer> <div class=\"kwayy-testimonial-img\"><img loading=\"lazy\" decoding=\"async\" width=\"96\" height=\"96\" src=\"https:\/\/clinicamedicadoporto.pt\/staging\/wp-content\/uploads\/2025\/05\/Foto-Larissa-CS-Testemunho-Clinica.png\" class=\"attachment-thumbnail size-thumbnail wp-post-image\" alt=\"Foto de Larissa - paciente da Cl\u00ednica M\u00e9dica do Porto\" \/><\/div> <cite class=\"kwayy-testimonial-title\">Larissa CS<span class=\"kwayy-testimonial-designation\">Paciente da Cl\u00ednica M\u00e9dica do Porto<\/span><\/cite><\/footer><\/blockquote><\/div>\n\t<\/div>\n\t<div class=\"kwayy-testimonial-box \"><div class=\"kwayy-testimonial-data\"><blockquote class=\"kwayy-testimonial-text\">\r\n\t\t\t\t<div class=\"contarea\">\t\t\t\t\t\r\n\t\t\t\t\t<div class=\"kwayy-tst-contarea-text\">Super indico. Atendimento incr\u00edvel e profissionais de excel\u00eancia.<\/div>\r\n\t\t\t\t\t\r\n\t\t\t\t<\/div><footer> <div class=\"kwayy-testimonial-img\"><img loading=\"lazy\" decoding=\"async\" width=\"72\" height=\"72\" src=\"https:\/\/clinicamedicadoporto.pt\/staging\/wp-content\/uploads\/2025\/05\/Imagem-Eliana-Pinto.png\" class=\"attachment-thumbnail size-thumbnail wp-post-image\" alt=\"Avatar Eliana - Paciente da Cl\u00ednica M\u00e9dica do Porto\" \/><\/div> <cite class=\"kwayy-testimonial-title\">Eliana Pinto<span class=\"kwayy-testimonial-designation\">Paciente da Cl\u00ednica M\u00e9dica do Porto<\/span><\/cite><\/footer><\/blockquote><\/div>\n\t<\/div>\n\t<div class=\"kwayy-testimonial-box \"><div class=\"kwayy-testimonial-data\"><blockquote class=\"kwayy-testimonial-text\">\r\n\t\t\t\t<div class=\"contarea\">\t\t\t\t\t\r\n\t\t\t\t\t<div class=\"kwayy-tst-contarea-text\">Super indico!!!\r\n\u00d3timos profissionais!<\/div>\r\n\t\t\t\t\t\r\n\t\t\t\t<\/div><footer> <div class=\"kwayy-testimonial-img\"><img loading=\"lazy\" decoding=\"async\" width=\"72\" height=\"72\" src=\"https:\/\/clinicamedicadoporto.pt\/staging\/wp-content\/uploads\/2025\/05\/Foto-Testemunho-Victoria-Vendrame.png\" class=\"attachment-thumbnail size-thumbnail wp-post-image\" alt=\"Foto Testemunho Victoria\" \/><\/div> <cite class=\"kwayy-testimonial-title\">Vict\u00f3ria Vendrame<span class=\"kwayy-testimonial-designation\">Paciente da Cl\u00ednica M\u00e9dica do Porto<\/span><\/cite><\/footer><\/blockquote><\/div>\n\t<\/div>\n\t<div class=\"kwayy-testimonial-box \"><div class=\"kwayy-testimonial-data\"><blockquote class=\"kwayy-testimonial-text\">\r\n\t\t\t\t<div class=\"contarea\">\t\t\t\t\t\r\n\t\t\t\t\t<div class=\"kwayy-tst-contarea-text\">Fui bem atendido \u00f3timo profissionais.<\/div>\r\n\t\t\t\t\t\r\n\t\t\t\t<\/div><footer> <div class=\"kwayy-testimonial-img\"><img loading=\"lazy\" decoding=\"async\" width=\"1\" height=\"1\" src=\"https:\/\/clinicamedicadoporto.pt\/staging\/wp-content\/uploads\/2021\/06\/perfil-masculino-clinica-medica-do-porto-webhp.png\" class=\"attachment-thumbnail size-thumbnail wp-post-image\" alt=\"imagem-perfil-masculino-clinica-medica-do-porto\" \/><\/div> <cite class=\"kwayy-testimonial-title\">Walison Santos<span class=\"kwayy-testimonial-designation\">Paciente da Cl\u00ednica M\u00e9dica do Porto<\/span><\/cite><\/footer><\/blockquote><\/div>\n\t<\/div>\n\t<div class=\"kwayy-testimonial-box \"><div class=\"kwayy-testimonial-data\"><blockquote class=\"kwayy-testimonial-text\">\r\n\t\t\t\t<div class=\"contarea\">\t\t\t\t\t\r\n\t\t\t\t\t<div class=\"kwayy-tst-contarea-text\">Celeridade e simpatia. Profissionalismo, aparentemente (o ju\u00edzo mais definitivo, depender\u00e1 dos resultados do tratamento), tamb\u00e9m de elevado n\u00edvel.<\/div>\r\n\t\t\t\t\t\r\n\t\t\t\t<\/div><footer> <div class=\"kwayy-testimonial-img\"><img loading=\"lazy\" decoding=\"async\" width=\"1\" height=\"1\" src=\"https:\/\/clinicamedicadoporto.pt\/staging\/wp-content\/uploads\/2021\/06\/perfil-masculino-clinica-medica-do-porto-webhp.png\" class=\"attachment-thumbnail size-thumbnail wp-post-image\" alt=\"imagem-perfil-masculino-clinica-medica-do-porto\" \/><\/div> <cite class=\"kwayy-testimonial-title\">Miguel Costa<span class=\"kwayy-testimonial-designation\">Paciente da Cl\u00ednica M\u00e9dica do Porto<\/span><\/cite><\/footer><\/blockquote><\/div>\n\t<\/div>\n\t<div class=\"kwayy-testimonial-box \"><div class=\"kwayy-testimonial-data\"><blockquote class=\"kwayy-testimonial-text\">\r\n\t\t\t\t<div class=\"contarea\">\t\t\t\t\t\r\n\t\t\t\t\t<div class=\"kwayy-tst-contarea-text\">Procurei a cl\u00ednica pela proposta de Modula\u00e7\u00e3o Hormonal que j\u00e1 venho estudando. Fui a uma primeira consulta e estou otimista quanto ao tratamento.<\/div>\r\n\t\t\t\t\t\r\n\t\t\t\t<\/div><footer> <div class=\"kwayy-testimonial-img\"><img loading=\"lazy\" decoding=\"async\" width=\"96\" height=\"96\" src=\"https:\/\/clinicamedicadoporto.pt\/staging\/wp-content\/uploads\/2024\/07\/Foto-Testemunho-Lucineia-Souza.jpg\" class=\"attachment-thumbnail size-thumbnail wp-post-image\" alt=\"Imagem mulher testemunho\" \/><\/div> <cite class=\"kwayy-testimonial-title\">Lucin\u00e9ia De Souza<span class=\"kwayy-testimonial-designation\">Paciente da Cl\u00ednica M\u00e9dica do Porto<\/span><\/cite><\/footer><\/blockquote><\/div>\n\t<\/div>\n\t<div class=\"kwayy-testimonial-box \"><div class=\"kwayy-testimonial-data\"><blockquote class=\"kwayy-testimonial-text\">\r\n\t\t\t\t<div class=\"contarea\">\t\t\t\t\t\r\n\t\t\t\t\t<div class=\"kwayy-tst-contarea-text\">(Traduzido pelo Google) Depois de algumas consultas falhadas com m\u00e9dicos tradicionais fui a esta cl\u00ednica ao Dr. Jo\u00e3o Sardinha para tratar da minha fase de pr\u00e9-menopausa. A sua abordagem \u00e9 diferente e n\u00e3o convencional, em oposi\u00e7\u00e3o aos m\u00e9dicos tradicionais. Altamente recomendado. Al\u00e9m disso, destaque para B\u00e1rbara que foi muito genu\u00edna e acolhedora<\/div>\r\n\t\t\t\t\t\r\n\t\t\t\t<\/div><footer> <div class=\"kwayy-testimonial-img\"><img loading=\"lazy\" decoding=\"async\" width=\"96\" height=\"96\" src=\"https:\/\/clinicamedicadoporto.pt\/staging\/wp-content\/uploads\/2024\/07\/Foto-Testemunho-KH-Hanna.png\" class=\"attachment-thumbnail size-thumbnail wp-post-image\" alt=\"Imagem mulher\" \/><\/div> <cite class=\"kwayy-testimonial-title\">K.N Hanna<span class=\"kwayy-testimonial-designation\">Paciente da Cl\u00ednica M\u00e9dica do Porto<\/span><\/cite><\/footer><\/blockquote><\/div>\n\t<\/div>\n\t<div class=\"kwayy-testimonial-box \"><div class=\"kwayy-testimonial-data\"><blockquote class=\"kwayy-testimonial-text\">\r\n\t\t\t\t<div class=\"contarea\">\t\t\t\t\t\r\n\t\t\t\t\t<div class=\"kwayy-tst-contarea-text\">Muito obrigada.\r\nS\u00e3o muito simp\u00e1ticos.<\/div>\r\n\t\t\t\t\t\r\n\t\t\t\t<\/div><footer> <div class=\"kwayy-testimonial-img\"><img loading=\"lazy\" decoding=\"async\" width=\"60\" height=\"60\" src=\"https:\/\/clinicamedicadoporto.pt\/staging\/wp-content\/uploads\/2024\/05\/Foto-Testemunho-Teresa-Tudela.png\" class=\"attachment-thumbnail size-thumbnail wp-post-image\" alt=\"Imagem avatar de testemunho da Cl\u00ednica M\u00e9dica do Porto\" \/><\/div> <cite class=\"kwayy-testimonial-title\">Teresa Tudela<span class=\"kwayy-testimonial-designation\">Paciente da Cl\u00ednica M\u00e9dica do Porto<\/span><\/cite><\/footer><\/blockquote><\/div>\n\t<\/div>\n\t<div class=\"kwayy-testimonial-box \"><div class=\"kwayy-testimonial-data\"><blockquote class=\"kwayy-testimonial-text\">\r\n\t\t\t\t<div class=\"contarea\">\t\t\t\t\t\r\n\t\t\t\t\t<div class=\"kwayy-tst-contarea-text\">Excelente servi\u00e7o!<\/div>\r\n\t\t\t\t\t\r\n\t\t\t\t<\/div><footer> <div class=\"kwayy-testimonial-img\"><img loading=\"lazy\" decoding=\"async\" width=\"1\" height=\"1\" src=\"https:\/\/clinicamedicadoporto.pt\/staging\/wp-content\/uploads\/2021\/06\/perfil-clinica-medica-do-porto-webhp.png\" class=\"attachment-thumbnail size-thumbnail wp-post-image\" alt=\"imagem-perfil-feminio-clinica-medica-do-porto\" \/><\/div> <cite class=\"kwayy-testimonial-title\">Mariana Vale<span class=\"kwayy-testimonial-designation\">Paciente da Cl\u00ednica M\u00e9dica do Porto<\/span><\/cite><\/footer><\/blockquote><\/div>\n\t<\/div>\n\t<div class=\"kwayy-testimonial-box \"><div class=\"kwayy-testimonial-data\"><blockquote class=\"kwayy-testimonial-text\">\r\n\t\t\t\t<div class=\"contarea\">\t\t\t\t\t\r\n\t\t\t\t\t<div class=\"kwayy-tst-contarea-text\">Atendimento acolhedor, objetivo e carinhoso por parte da Sra. B\u00e1rbara.\r\nQuanto ao atendimento da Dra. M\u00e1rcia Leite, acredito n\u00e3o poder estar em melhor m\u00e3os. \r\nTrata-se de profissional conhecedora da especificidade a que se prop\u00f4s, com recebimento educado, acolhedor e atencioso. (...)<\/div>\r\n\t\t\t\t\t\r\n\t\t\t\t<\/div><footer> <div class=\"kwayy-testimonial-img\"><img loading=\"lazy\" decoding=\"async\" width=\"96\" height=\"96\" src=\"https:\/\/clinicamedicadoporto.pt\/staging\/wp-content\/uploads\/2024\/02\/imagem-Isis-motta.png\" class=\"attachment-thumbnail size-thumbnail wp-post-image\" alt=\"Imagem de perfil de testemunho de cliente da clinica medica do porto\" \/><\/div> <cite class=\"kwayy-testimonial-title\">Isis Motta<span class=\"kwayy-testimonial-designation\">Paciente da Cl\u00ednica M\u00e9dica do Porto<\/span><\/cite><\/footer><\/blockquote><\/div>\n\t<\/div>\n\t<div class=\"kwayy-testimonial-box \"><div class=\"kwayy-testimonial-data\"><blockquote class=\"kwayy-testimonial-text\">\r\n\t\t\t\t<div class=\"contarea\">\t\t\t\t\t\r\n\t\t\t\t\t<div class=\"kwayy-tst-contarea-text\">Boas condi\u00e7\u00f5es. \r\nProfissionais simp\u00e1ticos e competentes. \r\nUma boa experi\u00eancia. <\/div>\r\n\t\t\t\t\t\r\n\t\t\t\t<\/div><footer> <div class=\"kwayy-testimonial-img\"><img loading=\"lazy\" decoding=\"async\" width=\"1\" height=\"1\" src=\"https:\/\/clinicamedicadoporto.pt\/staging\/wp-content\/uploads\/2021\/06\/perfil-clinica-medica-do-porto-webhp.png\" class=\"attachment-thumbnail size-thumbnail wp-post-image\" alt=\"imagem-perfil-feminio-clinica-medica-do-porto\" \/><\/div> <cite class=\"kwayy-testimonial-title\">Sara Fernandes<span class=\"kwayy-testimonial-designation\">Paciente da Cl\u00ednica M\u00e9dica do Porto<\/span><\/cite><\/footer><\/blockquote><\/div>\n\t<\/div>\n\t<div class=\"kwayy-testimonial-box \"><div class=\"kwayy-testimonial-data\"><blockquote class=\"kwayy-testimonial-text\">\r\n\t\t\t\t<div class=\"contarea\">\t\t\t\t\t\r\n\t\t\t\t\t<div class=\"kwayy-tst-contarea-text\">Foi uma experi\u00eancia muito agrad\u00e1vel nesta cl\u00ednica, com um bom acolhimento e um m\u00e9dico competente que presta aten\u00e7\u00e3o ao paciente e adoro o facto de serem recomendados rem\u00e9dios naturais, recomendo vivamente.<\/div>\r\n\t\t\t\t\t\r\n\t\t\t\t<\/div><footer> <div class=\"kwayy-testimonial-img\"><img loading=\"lazy\" decoding=\"async\" width=\"1\" height=\"1\" src=\"https:\/\/clinicamedicadoporto.pt\/staging\/wp-content\/uploads\/2021\/06\/perfil-clinica-medica-do-porto-webhp.png\" class=\"attachment-thumbnail size-thumbnail wp-post-image\" alt=\"imagem-perfil-feminio-clinica-medica-do-porto\" \/><\/div> <cite class=\"kwayy-testimonial-title\">Carlita<span class=\"kwayy-testimonial-designation\">Paciente da Cl\u00ednica M\u00e9dica do Porto<\/span><\/cite><\/footer><\/blockquote><\/div>\n\t<\/div>\n\t<div class=\"kwayy-testimonial-box \"><div class=\"kwayy-testimonial-data\"><blockquote class=\"kwayy-testimonial-text\">\r\n\t\t\t\t<div class=\"contarea\">\t\t\t\t\t\r\n\t\t\t\t\t<div class=\"kwayy-tst-contarea-text\">A Dra Beatriz \u00e9 optima, ja vejo efeitos. \r\nToda a gente na cl\u00ednica \u00e9 muito simp\u00e1tica. \r\nRecomendo 100%<\/div>\r\n\t\t\t\t\t\r\n\t\t\t\t<\/div><footer> <div class=\"kwayy-testimonial-img\"><img loading=\"lazy\" decoding=\"async\" width=\"60\" height=\"60\" src=\"https:\/\/clinicamedicadoporto.pt\/staging\/wp-content\/uploads\/2024\/01\/Foto-carolina-oliveira.png\" class=\"attachment-thumbnail size-thumbnail wp-post-image\" alt=\"Foto de cliente da Clinica\" \/><\/div> <cite class=\"kwayy-testimonial-title\">Carolina Oliveira<span class=\"kwayy-testimonial-designation\">Paciente da Cl\u00ednica M\u00e9dica do Porto<\/span><\/cite><\/footer><\/blockquote><\/div>\n\t<\/div>\n\t<div class=\"kwayy-testimonial-box \"><div class=\"kwayy-testimonial-data\"><blockquote class=\"kwayy-testimonial-text\">\r\n\t\t\t\t<div class=\"contarea\">\t\t\t\t\t\r\n\t\t\t\t\t<div class=\"kwayy-tst-contarea-text\">Bom atendimento, muito profissionalismo!<\/div>\r\n\t\t\t\t\t\r\n\t\t\t\t<\/div><footer> <div class=\"kwayy-testimonial-img\"><img loading=\"lazy\" decoding=\"async\" width=\"1\" height=\"1\" src=\"https:\/\/clinicamedicadoporto.pt\/staging\/wp-content\/uploads\/2021\/06\/perfil-clinica-medica-do-porto-webhp.png\" class=\"attachment-thumbnail size-thumbnail wp-post-image\" alt=\"imagem-perfil-feminio-clinica-medica-do-porto\" \/><\/div> <cite class=\"kwayy-testimonial-title\">Maria Teresa Chaves<span class=\"kwayy-testimonial-designation\">Paciente da Cl\u00ednica M\u00e9dica do Porto<\/span><\/cite><\/footer><\/blockquote><\/div>\n\t<\/div>\n\t<div class=\"kwayy-testimonial-box \"><div class=\"kwayy-testimonial-data\"><blockquote class=\"kwayy-testimonial-text\">\r\n\t\t\t\t<div class=\"contarea\">\t\t\t\t\t\r\n\t\t\t\t\t<div class=\"kwayy-tst-contarea-text\">Gostei de tudo. \r\nDesde a simpatia e profissionalismo tanto da recepcionista como da m\u00e9dica Dra M\u00e1rcia Leite\r\nCertamente recomendarei, obrigada.<\/div>\r\n\t\t\t\t\t\r\n\t\t\t\t<\/div><footer> <div class=\"kwayy-testimonial-img\"><img loading=\"lazy\" decoding=\"async\" width=\"1\" height=\"1\" src=\"https:\/\/clinicamedicadoporto.pt\/staging\/wp-content\/uploads\/2021\/06\/perfil-clinica-medica-do-porto-webhp.png\" class=\"attachment-thumbnail size-thumbnail wp-post-image\" alt=\"imagem-perfil-feminio-clinica-medica-do-porto\" \/><\/div> <cite class=\"kwayy-testimonial-title\">Palmira Soares<span class=\"kwayy-testimonial-designation\">Paciente da Cl\u00ednica M\u00e9dica do Porto<\/span><\/cite><\/footer><\/blockquote><\/div>\n\t<\/div>\n\t<div class=\"kwayy-testimonial-box \"><div class=\"kwayy-testimonial-data\"><blockquote class=\"kwayy-testimonial-text\">\r\n\t\t\t\t<div class=\"contarea\">\t\t\t\t\t\r\n\t\t\t\t\t<div class=\"kwayy-tst-contarea-text\">Fui atendido por a Sra. Dra. Beatriz Rito, estou super satisfeito com o trabalho que me fez. Uma medica super humana, consciente e profissional.<\/div>\r\n\t\t\t\t\t\r\n\t\t\t\t<\/div><footer> <div class=\"kwayy-testimonial-img\"><img loading=\"lazy\" decoding=\"async\" width=\"96\" height=\"96\" src=\"https:\/\/clinicamedicadoporto.pt\/staging\/wp-content\/uploads\/2023\/10\/Foto-Vitor-Moreira.png\" class=\"attachment-thumbnail size-thumbnail wp-post-image\" alt=\"Foto Vitor Moreira\" \/><\/div> <cite class=\"kwayy-testimonial-title\">Vitor Moreira<span class=\"kwayy-testimonial-designation\">Paciente da Cl\u00ednica M\u00e9dica do Porto<\/span><\/cite><\/footer><\/blockquote><\/div>\n\t<\/div>\n\t<div class=\"kwayy-testimonial-box \"><div class=\"kwayy-testimonial-data\"><blockquote class=\"kwayy-testimonial-text\">\r\n\t\t\t\t<div class=\"contarea\">\t\t\t\t\t\r\n\t\t\t\t\t<div class=\"kwayy-tst-contarea-text\">Muito am\u00e1veis, desde a rece\u00e7\u00e3o ao corpo cl\u00ednico. \r\nRecomendo!\r\n\r\n<\/div>\r\n\t\t\t\t\t\r\n\t\t\t\t<\/div><footer> <div class=\"kwayy-testimonial-img\"><img loading=\"lazy\" decoding=\"async\" width=\"96\" height=\"96\" src=\"https:\/\/clinicamedicadoporto.pt\/staging\/wp-content\/uploads\/2023\/06\/Foto-Marta-Lima.png\" class=\"attachment-thumbnail size-thumbnail wp-post-image\" alt=\"Foto-Marta-Lima\" \/><\/div> <cite class=\"kwayy-testimonial-title\">Marta Lima<span class=\"kwayy-testimonial-designation\">Paciente da Cl\u00ednica M\u00e9dica do Porto<\/span><\/cite><\/footer><\/blockquote><\/div>\n\t<\/div>\n\t<div class=\"kwayy-testimonial-box \"><div class=\"kwayy-testimonial-data\"><blockquote class=\"kwayy-testimonial-text\">\r\n\t\t\t\t<div class=\"contarea\">\t\t\t\t\t\r\n\t\t\t\t\t<div class=\"kwayy-tst-contarea-text\">Foi a minha primeira consulta Anti-aging com a Dra. Mariana Pinto Leite. \r\nFiquei muito bem impressionada com o atendimento e profissionalismo pelo que vou continuar a utilizar os seus servi\u00e7os.<\/div>\r\n\t\t\t\t\t\r\n\t\t\t\t<\/div><footer> <div class=\"kwayy-testimonial-img\"><img loading=\"lazy\" decoding=\"async\" width=\"96\" height=\"96\" src=\"https:\/\/clinicamedicadoporto.pt\/staging\/wp-content\/uploads\/2018\/07\/perfil-clinica-medica-do-porto-150x150.png\" class=\"attachment-thumbnail size-thumbnail wp-post-image\" alt=\"perfil-feminino-clinica-medica-do-porto\" srcset=\"https:\/\/clinicamedicadoporto.pt\/staging\/wp-content\/uploads\/2018\/07\/perfil-clinica-medica-do-porto-150x150.png 150w, https:\/\/clinicamedicadoporto.pt\/staging\/wp-content\/uploads\/2018\/07\/perfil-clinica-medica-do-porto-300x300.png 300w, https:\/\/clinicamedicadoporto.pt\/staging\/wp-content\/uploads\/2018\/07\/perfil-clinica-medica-do-porto-e1604515282169.png 60w\" sizes=\"auto, (max-width: 96px) 100vw, 96px\" \/><\/div> <cite class=\"kwayy-testimonial-title\">Maria Manuel Junqueira<span class=\"kwayy-testimonial-designation\">Paciente da Cl\u00ednica M\u00e9dica do Porto<\/span><\/cite><\/footer><\/blockquote><\/div>\n\t<\/div>\n\t<div class=\"kwayy-testimonial-box \"><div class=\"kwayy-testimonial-data\"><blockquote class=\"kwayy-testimonial-text\">\r\n\t\t\t\t<div class=\"contarea\">\t\t\t\t\t\r\n\t\t\t\t\t<div class=\"kwayy-tst-contarea-text\">Atendimento fant\u00e1stico \u2b50\ufe0f\u2b50\ufe0f\u2b50\ufe0f\u2b50\ufe0f\u2b50\ufe0f\r\nFa\u00e7o nesta cl\u00ednica os meus procedimentos est\u00e9ticos com Dra Beatriz Couto, a quem agrade\u00e7o o seu profissionalismo e bom senso.<\/div>\r\n\t\t\t\t\t\r\n\t\t\t\t<\/div><footer> <div class=\"kwayy-testimonial-img\"><img loading=\"lazy\" decoding=\"async\" width=\"1\" height=\"1\" src=\"https:\/\/clinicamedicadoporto.pt\/staging\/wp-content\/uploads\/2021\/06\/perfil-clinica-medica-do-porto-webhp.png\" class=\"attachment-thumbnail size-thumbnail wp-post-image\" alt=\"imagem-perfil-feminio-clinica-medica-do-porto\" \/><\/div> <cite class=\"kwayy-testimonial-title\">Vera Oliveira<span class=\"kwayy-testimonial-designation\">Paciente da Cl\u00ednica M\u00e9dica do Porto<\/span><\/cite><\/footer><\/blockquote><\/div>\n\t<\/div>\n\t<div class=\"kwayy-testimonial-box \"><div class=\"kwayy-testimonial-data\"><blockquote class=\"kwayy-testimonial-text\">\r\n\t\t\t\t<div class=\"contarea\">\t\t\t\t\t\r\n\t\t\t\t\t<div class=\"kwayy-tst-contarea-text\">Fui apenas ter a consulta de avalia\u00e7\u00e3o e a m\u00e9dica foi muito querida e atenciosa com o meu problema que me deixa a auto estima em baixo. Estou seriamente a pensar em fazer o procedimento est\u00e9tico.<\/div>\r\n\t\t\t\t\t\r\n\t\t\t\t<\/div><footer> <div class=\"kwayy-testimonial-img\"><img loading=\"lazy\" decoding=\"async\" width=\"1\" height=\"1\" src=\"https:\/\/clinicamedicadoporto.pt\/staging\/wp-content\/uploads\/2021\/06\/perfil-clinica-medica-do-porto-webhp.png\" class=\"attachment-thumbnail size-thumbnail wp-post-image\" alt=\"imagem-perfil-feminio-clinica-medica-do-porto\" \/><\/div> <cite class=\"kwayy-testimonial-title\">Rita R<span class=\"kwayy-testimonial-designation\">Paciente da Cl\u00ednica M\u00e9dica do Porto<\/span><\/cite><\/footer><\/blockquote><\/div>\n\t<\/div>\n\t<div class=\"kwayy-testimonial-box \"><div class=\"kwayy-testimonial-data\"><blockquote class=\"kwayy-testimonial-text\">\r\n\t\t\t\t<div class=\"contarea\">\t\t\t\t\t\r\n\t\t\t\t\t<div class=\"kwayy-tst-contarea-text\">Consulta com a Dra Mariana Leite... simplesmente genial.\r\nSenti-me vista e compreendida \ud83d\ude4f<\/div>\r\n\t\t\t\t\t\r\n\t\t\t\t<\/div><footer> <div class=\"kwayy-testimonial-img\"><img loading=\"lazy\" decoding=\"async\" width=\"96\" height=\"96\" src=\"https:\/\/clinicamedicadoporto.pt\/staging\/wp-content\/uploads\/2023\/05\/foto-sara-guedes-testemunho.png\" class=\"attachment-thumbnail size-thumbnail wp-post-image\" alt=\"Imagem de destaque do testemunho\" \/><\/div> <cite class=\"kwayy-testimonial-title\">Sara Guedes<span class=\"kwayy-testimonial-designation\">Paciente da Cl\u00ednica M\u00e9dica do Porto<\/span><\/cite><\/footer><\/blockquote><\/div>\n\t<\/div>\n\t<div class=\"kwayy-testimonial-box \"><div class=\"kwayy-testimonial-data\"><blockquote class=\"kwayy-testimonial-text\">\r\n\t\t\t\t<div class=\"contarea\">\t\t\t\t\t\r\n\t\t\t\t\t<div class=\"kwayy-tst-contarea-text\">Excelente atendimento, desde a recep\u00e7\u00e3o \u00e0 consulta, anti-aging, muito esclarecedora e sem pressas. (Acerca da Dra. Mariana Pinto Leite)<\/div>\r\n\t\t\t\t\t\r\n\t\t\t\t<\/div><footer> <div class=\"kwayy-testimonial-img\"><img loading=\"lazy\" decoding=\"async\" width=\"96\" height=\"96\" src=\"https:\/\/clinicamedicadoporto.pt\/staging\/wp-content\/uploads\/2018\/07\/perfil-clinica-medica-do-porto-150x150.png\" class=\"attachment-thumbnail size-thumbnail wp-post-image\" alt=\"perfil-feminino-clinica-medica-do-porto\" srcset=\"https:\/\/clinicamedicadoporto.pt\/staging\/wp-content\/uploads\/2018\/07\/perfil-clinica-medica-do-porto-150x150.png 150w, https:\/\/clinicamedicadoporto.pt\/staging\/wp-content\/uploads\/2018\/07\/perfil-clinica-medica-do-porto-300x300.png 300w, https:\/\/clinicamedicadoporto.pt\/staging\/wp-content\/uploads\/2018\/07\/perfil-clinica-medica-do-porto-e1604515282169.png 60w\" sizes=\"auto, (max-width: 96px) 100vw, 96px\" \/><\/div> <cite class=\"kwayy-testimonial-title\">Susana Almeida<span class=\"kwayy-testimonial-designation\">Paciente da Cl\u00ednica M\u00e9dica do Porto<\/span><\/cite><\/footer><\/blockquote><\/div>\n\t<\/div>\n\t<div class=\"kwayy-testimonial-box \"><div class=\"kwayy-testimonial-data\"><blockquote class=\"kwayy-testimonial-text\">\r\n\t\t\t\t<div class=\"contarea\">\t\t\t\t\t\r\n\t\t\t\t\t<div class=\"kwayy-tst-contarea-text\">Toda a equipa muito simpatica.<\/div>\r\n\t\t\t\t\t\r\n\t\t\t\t<\/div><footer> <div class=\"kwayy-testimonial-img\"><img loading=\"lazy\" decoding=\"async\" width=\"96\" height=\"96\" src=\"https:\/\/clinicamedicadoporto.pt\/staging\/wp-content\/uploads\/2023\/02\/foto-adelaide-reis.png\" class=\"attachment-thumbnail size-thumbnail wp-post-image\" alt=\"imagem testemunho de paciente\" \/><\/div> <cite class=\"kwayy-testimonial-title\">Adelaide Reis<span class=\"kwayy-testimonial-designation\">Paciente da Cl\u00ednica M\u00e9dica do Porto<\/span><\/cite><\/footer><\/blockquote><\/div>\n\t<\/div>\n\t<div class=\"kwayy-testimonial-box \"><div class=\"kwayy-testimonial-data\"><blockquote class=\"kwayy-testimonial-text\">\r\n\t\t\t\t<div class=\"contarea\">\t\t\t\t\t\r\n\t\t\t\t\t<div class=\"kwayy-tst-contarea-text\">Atendimento fant\u00e1stico, muita simpatia e profissionalismo. \r\nFui consultada pela Dra M\u00e1rcia e adorei a consulta, s\u00f3 posso dizer que \u00e9 uma excelente m\u00e9dica e de simpatia enorme. \r\nObrigada a todos.<\/div>\r\n\t\t\t\t\t\r\n\t\t\t\t<\/div><footer> <div class=\"kwayy-testimonial-img\"><img loading=\"lazy\" decoding=\"async\" width=\"1\" height=\"1\" src=\"https:\/\/clinicamedicadoporto.pt\/staging\/wp-content\/uploads\/2021\/06\/perfil-clinica-medica-do-porto-webhp.png\" class=\"attachment-thumbnail size-thumbnail wp-post-image\" alt=\"imagem-perfil-feminio-clinica-medica-do-porto\" \/><\/div> <cite class=\"kwayy-testimonial-title\">Dina Neiva<span class=\"kwayy-testimonial-designation\">Paciente da Cl\u00ednica M\u00e9dica do Porto<\/span><\/cite><\/footer><\/blockquote><\/div>\n\t<\/div>\n\t<div class=\"kwayy-testimonial-box \"><div class=\"kwayy-testimonial-data\"><blockquote class=\"kwayy-testimonial-text\">\r\n\t\t\t\t<div class=\"contarea\">\t\t\t\t\t\r\n\t\t\t\t\t<div class=\"kwayy-tst-contarea-text\">Adorei o atendimento, a m\u00e9dica, super bem disposta, super profissional. \r\nRecomendo a 100%.<\/div>\r\n\t\t\t\t\t\r\n\t\t\t\t<\/div><footer> <div class=\"kwayy-testimonial-img\"><img loading=\"lazy\" decoding=\"async\" width=\"96\" height=\"96\" src=\"https:\/\/clinicamedicadoporto.pt\/staging\/wp-content\/uploads\/2022\/09\/Foto-Fernanda-Bandeira-Testemunho-Consulta-Anti-Aging.png\" class=\"attachment-thumbnail size-thumbnail wp-post-image\" alt=\"Foto de Fernanda Bandeira Testemunho Anti-aging\" \/><\/div> <cite class=\"kwayy-testimonial-title\">Fernanda Bandeira<span class=\"kwayy-testimonial-designation\">Paciente da Cl\u00ednica M\u00e9dica do Porto<\/span><\/cite><\/footer><\/blockquote><\/div>\n\t<\/div>\n\t<div class=\"kwayy-testimonial-box \"><div class=\"kwayy-testimonial-data\"><blockquote class=\"kwayy-testimonial-text\">\r\n\t\t\t\t<div class=\"contarea\">\t\t\t\t\t\r\n\t\t\t\t\t<div class=\"kwayy-tst-contarea-text\">Senti-me acolhida e respeitada na Cl\u00ednica M\u00e9dica do Porto tanto pela rececionista quanto pela Dra Maria Jos\u00e9. Muito obrigada! \u2764\ufe0f<\/div>\r\n\t\t\t\t\t\r\n\t\t\t\t<\/div><footer> <div class=\"kwayy-testimonial-img\"><img loading=\"lazy\" decoding=\"async\" width=\"96\" height=\"96\" src=\"https:\/\/clinicamedicadoporto.pt\/staging\/wp-content\/uploads\/2022\/09\/Foto-Luciane-Guerra.png\" class=\"attachment-thumbnail size-thumbnail wp-post-image\" alt=\"Foto Paciente Testemunho da Consulta Anti-Aging\" \/><\/div> <cite class=\"kwayy-testimonial-title\">Luciane Guerra<span class=\"kwayy-testimonial-designation\">Paciente da Cl\u00ednica M\u00e9dica do Porto<\/span><\/cite><\/footer><\/blockquote><\/div>\n\t<\/div>\n\t<div class=\"kwayy-testimonial-box \"><div class=\"kwayy-testimonial-data\"><blockquote class=\"kwayy-testimonial-text\">\r\n\t\t\t\t<div class=\"contarea\">\t\t\t\t\t\r\n\t\t\t\t\t<div class=\"kwayy-tst-contarea-text\">Uma Cl\u00ednica de excel\u00eancia que recomendo vivamente por experi\u00eancia pr\u00f3pria.<\/div>\r\n\t\t\t\t\t\r\n\t\t\t\t<\/div><footer> <div class=\"kwayy-testimonial-img\"><img loading=\"lazy\" decoding=\"async\" width=\"96\" height=\"96\" src=\"https:\/\/clinicamedicadoporto.pt\/staging\/wp-content\/uploads\/2022\/07\/Foto-Maria-Jose\u0301-Moura.jpg\" class=\"attachment-thumbnail size-thumbnail wp-post-image\" alt=\"Foto-Maria-Jose\u0301-Moura\" \/><\/div> <cite class=\"kwayy-testimonial-title\">Maria Jos\u00e9 Moura<span class=\"kwayy-testimonial-designation\">Paciente da Cl\u00ednica M\u00e9dica do Porto<\/span><\/cite><\/footer><\/blockquote><\/div>\n\t<\/div>\n\t<div class=\"kwayy-testimonial-box \"><div class=\"kwayy-testimonial-data\"><blockquote class=\"kwayy-testimonial-text\">\r\n\t\t\t\t<div class=\"contarea\">\t\t\t\t\t\r\n\t\t\t\t\t<div class=\"kwayy-tst-contarea-text\">Atendimento simp\u00e1tico e tratamento profissional. Senti-me desde cedo como se fosse uma paciente antiga da casa. Relativamente \u00e0 consulta de medicina est\u00e9tica, com o Dr. Manuel Rodrigues de Sousa, superou todas as expectativas, sendo com certeza um m\u00e9dico a referenciar.<\/div>\r\n\t\t\t\t\t\r\n\t\t\t\t<\/div><footer> <div class=\"kwayy-testimonial-img\"><img loading=\"lazy\" decoding=\"async\" width=\"96\" height=\"96\" src=\"https:\/\/clinicamedicadoporto.pt\/staging\/wp-content\/uploads\/2022\/07\/Foto-Julia-Medeiros-Testemunho-Medicina-Estetica.jpg\" class=\"attachment-thumbnail size-thumbnail wp-post-image\" alt=\"Foto-Julia-Medeiros-Testemunho-Medicina-Estetica\" \/><\/div> <cite class=\"kwayy-testimonial-title\">Julia Medeiros<span class=\"kwayy-testimonial-designation\">Paciente da Cl\u00ednica M\u00e9dica do Porto<\/span><\/cite><\/footer><\/blockquote><\/div>\n\t<\/div>\n\t<div class=\"kwayy-testimonial-box \"><div class=\"kwayy-testimonial-data\"><blockquote class=\"kwayy-testimonial-text\">\r\n\t\t\t\t<div class=\"contarea\">\t\t\t\t\t\r\n\t\t\t\t\t<div class=\"kwayy-tst-contarea-text\">Fui tratada pelo Dr. Manuel Rodrigues de Sousa e estou bastante satisfeita. Senti-me confort\u00e1vel e agradada com a transpar\u00eancia e honestidade relativamente \u00e0 informa\u00e7\u00e3o fornecida pela cl\u00ednica. (...) O ambiente da cl\u00ednica \u00e9 muito tranquilo e agrad\u00e1vel. Fiquei feliz com os tratamentos \u263a\ufe0f<\/div>\r\n\t\t\t\t\t\r\n\t\t\t\t<\/div><footer> <div class=\"kwayy-testimonial-img\"><img loading=\"lazy\" decoding=\"async\" width=\"96\" height=\"96\" src=\"https:\/\/clinicamedicadoporto.pt\/staging\/wp-content\/uploads\/2022\/07\/Foto-Andreia-Vaz.png\" class=\"attachment-thumbnail size-thumbnail wp-post-image\" alt=\"Forto de Andreia Vaz\" \/><\/div> <cite class=\"kwayy-testimonial-title\">Andreia Vaz<span class=\"kwayy-testimonial-designation\">Paciente da Cl\u00ednica M\u00e9dica do Porto<\/span><\/cite><\/footer><\/blockquote><\/div>\n\t<\/div>\n\t<div class=\"kwayy-testimonial-box \"><div class=\"kwayy-testimonial-data\"><blockquote class=\"kwayy-testimonial-text\">\r\n\t\t\t\t<div class=\"contarea\">\t\t\t\t\t\r\n\t\t\t\t\t<div class=\"kwayy-tst-contarea-text\">Uma Cl\u00ednica de Excel\u00eancia, obrigado pelo excelente atendimento da parte do Dr Sousa um excelente profissional, e da parte do atendimento da recep\u00e7\u00e3o. Um muito obrigado e at\u00e9 breve.<\/div>\r\n\t\t\t\t\t\r\n\t\t\t\t<\/div><footer> <div class=\"kwayy-testimonial-img\"><img loading=\"lazy\" decoding=\"async\" width=\"1\" height=\"1\" src=\"https:\/\/clinicamedicadoporto.pt\/staging\/wp-content\/uploads\/2021\/12\/Foto-Maria-Jose\u0301-Ribeiro-Moura.png\" class=\"attachment-thumbnail size-thumbnail wp-post-image\" alt=\"Foto Testemunho Maria Jos\u00e9 Ribeiro\" \/><\/div> <cite class=\"kwayy-testimonial-title\">Maria Jos\u00e9 Moura<span class=\"kwayy-testimonial-designation\">Paciente da Cl\u00ednica M\u00e9dica do Porto<\/span><\/cite><\/footer><\/blockquote><\/div>\n\t<\/div>\n\t<div class=\"kwayy-testimonial-box \"><div class=\"kwayy-testimonial-data\"><blockquote class=\"kwayy-testimonial-text\">\r\n\t\t\t\t<div class=\"contarea\">\t\t\t\t\t\r\n\t\t\t\t\t<div class=\"kwayy-tst-contarea-text\">S\u00f3 tenho a agradecer. Podia come\u00e7ar pela humanidade, simpatia e disponibilidade com que sou sempre recebida quer ao telefone quer em pessoa. \r\nMas o essencial \u00e9 tudo aquilo que mudou no meu bem estar mental e f\u00edsico desde que passei a ter consulta na cl\u00ednica, no meu caso pela m\u00e3o carinhosa da dra. Ana Rita Telles. Nem tenho palavras. Bem hajam!<\/div>\r\n\t\t\t\t\t\r\n\t\t\t\t<\/div><footer> <div class=\"kwayy-testimonial-img\"><img loading=\"lazy\" decoding=\"async\" width=\"60\" height=\"60\" src=\"https:\/\/clinicamedicadoporto.pt\/staging\/wp-content\/uploads\/2019\/08\/perfil-clinica-medica-do-porto-1-e1604515187835.png\" class=\"attachment-thumbnail size-thumbnail wp-post-image\" alt=\"Imagem-generica-clinica-medica-do-porto\" \/><\/div> <cite class=\"kwayy-testimonial-title\">Eduarda S\u00e1-Andersen<span class=\"kwayy-testimonial-designation\">Paciente da Cl\u00ednica M\u00e9dica do Porto<\/span><\/cite><\/footer><\/blockquote><\/div>\n\t<\/div>\n\t<div class=\"kwayy-testimonial-box \"><div class=\"kwayy-testimonial-data\"><blockquote class=\"kwayy-testimonial-text\">\r\n\t\t\t\t<div class=\"contarea\">\t\t\t\t\t\r\n\t\t\t\t\t<div class=\"kwayy-tst-contarea-text\">Muito satisfeita com o tratamento de medicina est\u00e9tica, sinto-me novamente eu. Obrigado por toda a simpatia e por me aturar Dr. Manuel Rodrigues Sousa, admiro o seu profissionalismo e aten\u00e7\u00e3o. <\/div>\r\n\t\t\t\t\t\r\n\t\t\t\t<\/div><footer> <div class=\"kwayy-testimonial-img\"><img loading=\"lazy\" decoding=\"async\" width=\"60\" height=\"60\" src=\"https:\/\/clinicamedicadoporto.pt\/staging\/wp-content\/uploads\/2019\/08\/perfil-clinica-medica-do-porto-1-e1604515187835.png\" class=\"attachment-thumbnail size-thumbnail wp-post-image\" alt=\"Imagem-generica-clinica-medica-do-porto\" \/><\/div> <cite class=\"kwayy-testimonial-title\">Joana Vaz<span class=\"kwayy-testimonial-designation\">Paciente da Cl\u00ednica M\u00e9dica do Porto<\/span><\/cite><\/footer><\/blockquote><\/div>\n\t<\/div>\n\t<div class=\"kwayy-testimonial-box \"><div class=\"kwayy-testimonial-data\"><blockquote class=\"kwayy-testimonial-text\">\r\n\t\t\t\t<div class=\"contarea\">\t\t\t\t\t\r\n\t\t\t\t\t<div class=\"kwayy-tst-contarea-text\">Gostei da Simpatia e Profissionalismo!\r\nObg. Voltarei<\/div>\r\n\t\t\t\t\t\r\n\t\t\t\t<\/div><footer> <div class=\"kwayy-testimonial-img\"><img loading=\"lazy\" decoding=\"async\" width=\"96\" height=\"96\" src=\"https:\/\/clinicamedicadoporto.pt\/staging\/wp-content\/uploads\/2021\/11\/Foto-Antonia-Jose-1.jpg\" class=\"attachment-thumbnail size-thumbnail wp-post-image\" alt=\"Foto-Testemunho-Antonia-Jose\" \/><\/div> <cite class=\"kwayy-testimonial-title\">Ant\u00f3nia Jos\u00e9<span class=\"kwayy-testimonial-designation\">Paciente da Cl\u00ednica M\u00e9dica do Porto<\/span><\/cite><\/footer><\/blockquote><\/div>\n\t<\/div>\n\t<div class=\"kwayy-testimonial-box \"><div class=\"kwayy-testimonial-data\"><blockquote class=\"kwayy-testimonial-text\">\r\n\t\t\t\t<div class=\"contarea\">\t\t\t\t\t\r\n\t\t\t\t\t<div class=\"kwayy-tst-contarea-text\">Simpatia, \u00e9tica profissional, atendimento e profissionalismo de excel\u00eancia. \r\nRecomendo!!!<\/div>\r\n\t\t\t\t\t\r\n\t\t\t\t<\/div><footer> <div class=\"kwayy-testimonial-img\"><img loading=\"lazy\" decoding=\"async\" width=\"96\" height=\"96\" src=\"https:\/\/clinicamedicadoporto.pt\/staging\/wp-content\/uploads\/2018\/07\/perfil-clinica-medica-do-porto-150x150.png\" class=\"attachment-thumbnail size-thumbnail wp-post-image\" alt=\"perfil-feminino-clinica-medica-do-porto\" srcset=\"https:\/\/clinicamedicadoporto.pt\/staging\/wp-content\/uploads\/2018\/07\/perfil-clinica-medica-do-porto-150x150.png 150w, https:\/\/clinicamedicadoporto.pt\/staging\/wp-content\/uploads\/2018\/07\/perfil-clinica-medica-do-porto-300x300.png 300w, https:\/\/clinicamedicadoporto.pt\/staging\/wp-content\/uploads\/2018\/07\/perfil-clinica-medica-do-porto-e1604515282169.png 60w\" sizes=\"auto, (max-width: 96px) 100vw, 96px\" \/><\/div> <cite class=\"kwayy-testimonial-title\">M Ferreira<span class=\"kwayy-testimonial-designation\">Paciente da Cl\u00ednica M\u00e9dica do Porto<\/span><\/cite><\/footer><\/blockquote><\/div>\n\t<\/div>\n\t<div class=\"kwayy-testimonial-box \"><div class=\"kwayy-testimonial-data\"><blockquote class=\"kwayy-testimonial-text\">\r\n\t\t\t\t<div class=\"contarea\">\t\t\t\t\t\r\n\t\t\t\t\t<div class=\"kwayy-tst-contarea-text\">Gostei do atendimento e do servi\u00e7o!<\/div>\r\n\t\t\t\t\t\r\n\t\t\t\t<\/div><footer> <div class=\"kwayy-testimonial-img\"><img loading=\"lazy\" decoding=\"async\" width=\"60\" height=\"60\" src=\"https:\/\/clinicamedicadoporto.pt\/staging\/wp-content\/uploads\/2021\/11\/Foto-Ca\u0302ndida-Paiva.png\" class=\"attachment-thumbnail size-thumbnail wp-post-image\" alt=\"Foto- Ca\u0302ndida-Paiva\" \/><\/div> <cite class=\"kwayy-testimonial-title\">C\u00e2ndida Paiva<span class=\"kwayy-testimonial-designation\">Paciente da Cl\u00ednica M\u00e9dica do Porto<\/span><\/cite><\/footer><\/blockquote><\/div>\n\t<\/div>\n\t<div class=\"kwayy-testimonial-box \"><div class=\"kwayy-testimonial-data\"><blockquote class=\"kwayy-testimonial-text\">\r\n\t\t\t\t<div class=\"contarea\">\t\t\t\t\t\r\n\t\t\t\t\t<div class=\"kwayy-tst-contarea-text\">Fiz harmoniza\u00e7\u00e3o facial completa com \u00e1cido hialur\u00f3nico e Radiesse, uma amiga recomendou-me o Dr Rodrigues Sousa e estou super satisfeita. Resultado natural, sem exageros e sinto-me muito mais feliz comigo mesma. Obrigado pela sua incr\u00edvel simpatia, disponibilidade (\u2026).\r\nRecomendo! J\u00e1 tinha experimentado outro s\u00edtios mas sem compara\u00e7\u00e3o. (\u2026) Obrigado a Cl\u00ednica M\u00e9dica do Porto<\/div>\r\n\t\t\t\t\t\r\n\t\t\t\t<\/div><footer> <div class=\"kwayy-testimonial-img\"><img loading=\"lazy\" decoding=\"async\" width=\"60\" height=\"60\" src=\"https:\/\/clinicamedicadoporto.pt\/staging\/wp-content\/uploads\/2019\/08\/perfil-clinica-medica-do-porto-1-e1604515187835.png\" class=\"attachment-thumbnail size-thumbnail wp-post-image\" alt=\"Imagem-generica-clinica-medica-do-porto\" \/><\/div> <cite class=\"kwayy-testimonial-title\">Beatriz Sousa<span class=\"kwayy-testimonial-designation\">Paciente da Cl\u00ednica M\u00e9dica do Porto<\/span><\/cite><\/footer><\/blockquote><\/div>\n\t<\/div>\n\t<div class=\"kwayy-testimonial-box \"><div class=\"kwayy-testimonial-data\"><blockquote class=\"kwayy-testimonial-text\">\r\n\t\t\t\t<div class=\"contarea\">\t\t\t\t\t\r\n\t\t\t\t\t<div class=\"kwayy-tst-contarea-text\">Atendimento pontual, gentil e personalizado. O Dr. Manuel Rodrigues de Sousa foi muito profissional, atencioso e claro quanto aos procedimentos a efetuar.Total transpar\u00eancia da cl\u00ednica na publicita\u00e7\u00e3o dos pre\u00e7os. Parab\u00e9ns!<\/div>\r\n\t\t\t\t\t\r\n\t\t\t\t<\/div><footer> <div class=\"kwayy-testimonial-img\"><img loading=\"lazy\" decoding=\"async\" width=\"60\" height=\"60\" src=\"https:\/\/clinicamedicadoporto.pt\/staging\/wp-content\/uploads\/2019\/08\/perfil-clinica-medica-do-porto-1-e1604515187835.png\" class=\"attachment-thumbnail size-thumbnail wp-post-image\" alt=\"Imagem-generica-clinica-medica-do-porto\" \/><\/div> <cite class=\"kwayy-testimonial-title\">Joana Ribeiro<span class=\"kwayy-testimonial-designation\">Paciente da Cl\u00ednica M\u00e9dica do Porto<\/span><\/cite><\/footer><\/blockquote><\/div>\n\t<\/div>\n\t<div class=\"kwayy-testimonial-box \"><div class=\"kwayy-testimonial-data\"><blockquote class=\"kwayy-testimonial-text\">\r\n\t\t\t\t<div class=\"contarea\">\t\t\t\t\t\r\n\t\t\t\t\t<div class=\"kwayy-tst-contarea-text\">A visita \u00e0 Cl\u00ednica M\u00e9dica do Porto revelou-se uma experi\u00eancia Fant\u00e1stica!!! \r\nPelo profissionalismo, compet\u00eancia, confian\u00e7a, carisma e delicadeza do m\u00e9dico de medicina est\u00e9tica Dr. Manuel Rodrigues de Sousa. \r\nO resultado da interven\u00e7\u00e3o foi bel\u00edssimo, senti-me rejuvenescida, mantendo todas as minhas express\u00f5es e aspeto natural. \r\nExperi\u00eancia a repetir!!! \r\nRecomento a Tod@s. Muito obrigada.<\/div>\r\n\t\t\t\t\t\r\n\t\t\t\t<\/div><footer> <div class=\"kwayy-testimonial-img\"><img loading=\"lazy\" decoding=\"async\" width=\"96\" height=\"96\" src=\"https:\/\/clinicamedicadoporto.pt\/staging\/wp-content\/uploads\/2021\/08\/maria-caldeira.jpg\" class=\"attachment-thumbnail size-thumbnail wp-post-image\" alt=\"Foto-Maria-Caldeira-Paciente-Clinica-Porto\" \/><\/div> <cite class=\"kwayy-testimonial-title\">Maria Caldeira<span class=\"kwayy-testimonial-designation\">Paciente da Cl\u00ednica M\u00e9dica do Porto<\/span><\/cite><\/footer><\/blockquote><\/div>\n\t<\/div>\n\t<div class=\"kwayy-testimonial-box \"><div class=\"kwayy-testimonial-data\"><blockquote class=\"kwayy-testimonial-text\">\r\n\t\t\t\t<div class=\"contarea\">\t\t\t\t\t\r\n\t\t\t\t\t<div class=\"kwayy-tst-contarea-text\">Primeira consulta. \r\nTrabalho excelente dos profissionais que me atenderam. \r\nRecomendo.<\/div>\r\n\t\t\t\t\t\r\n\t\t\t\t<\/div><footer> <div class=\"kwayy-testimonial-img\"><img loading=\"lazy\" decoding=\"async\" width=\"1\" height=\"1\" src=\"https:\/\/clinicamedicadoporto.pt\/staging\/wp-content\/uploads\/2021\/06\/perfil-masculino-clinica-medica-do-porto-webhp.png\" class=\"attachment-thumbnail size-thumbnail wp-post-image\" alt=\"imagem-perfil-masculino-clinica-medica-do-porto\" \/><\/div> <cite class=\"kwayy-testimonial-title\">Manuel Pereira<span class=\"kwayy-testimonial-designation\">Paciente da Cl\u00ednica M\u00e9dica do Porto<\/span><\/cite><\/footer><\/blockquote><\/div>\n\t<\/div>\n\t<div class=\"kwayy-testimonial-box \"><div class=\"kwayy-testimonial-data\"><blockquote class=\"kwayy-testimonial-text\">\r\n\t\t\t\t<div class=\"contarea\">\t\t\t\t\t\r\n\t\t\t\t\t<div class=\"kwayy-tst-contarea-text\">Atendimento bom, e boa localiza\u00e7\u00e3o, fui, voltarei e recomendo!<\/div>\r\n\t\t\t\t\t\r\n\t\t\t\t<\/div><footer> <div class=\"kwayy-testimonial-img\"><img loading=\"lazy\" decoding=\"async\" width=\"1\" height=\"1\" src=\"https:\/\/clinicamedicadoporto.pt\/staging\/wp-content\/uploads\/2021\/06\/perfil-clinica-medica-do-porto-webhp.png\" class=\"attachment-thumbnail size-thumbnail wp-post-image\" alt=\"imagem-perfil-feminio-clinica-medica-do-porto\" \/><\/div> <cite class=\"kwayy-testimonial-title\">Shirley Takemura<span class=\"kwayy-testimonial-designation\">Paciente da Cl\u00ednica M\u00e9dica do Porto<\/span><\/cite><\/footer><\/blockquote><\/div>\n\t<\/div>\n\t<div class=\"kwayy-testimonial-box \"><div class=\"kwayy-testimonial-data\"><blockquote class=\"kwayy-testimonial-text\">\r\n\t\t\t\t<div class=\"contarea\">\t\t\t\t\t\r\n\t\t\t\t\t<div class=\"kwayy-tst-contarea-text\">J'ai consult\u00e9 Dr Manuel , un professionnel des plus sympathiques, un r\u00e9sultat bluffant!! Merci a vous et \u00e0 tr\u00e8s bient\u00f4t.<\/div>\r\n\t\t\t\t\t\r\n\t\t\t\t<\/div><footer> <div class=\"kwayy-testimonial-img\"><img loading=\"lazy\" decoding=\"async\" width=\"60\" height=\"60\" src=\"https:\/\/clinicamedicadoporto.pt\/staging\/wp-content\/uploads\/2021\/08\/Foto-Celia-Fortin.png\" class=\"attachment-thumbnail size-thumbnail wp-post-image\" alt=\"Foto-Celia-Fortin\" \/><\/div> <cite class=\"kwayy-testimonial-title\">Celia Fortin<span class=\"kwayy-testimonial-designation\">Paciente da Cl\u00ednica M\u00e9dica do Porto<\/span><\/cite><\/footer><\/blockquote><\/div>\n\t<\/div>\n\t<div class=\"kwayy-testimonial-box \"><div class=\"kwayy-testimonial-data\"><blockquote class=\"kwayy-testimonial-text\">\r\n\t\t\t\t<div class=\"contarea\">\t\t\t\t\t\r\n\t\t\t\t\t<div class=\"kwayy-tst-contarea-text\">Fui pela primeira vez a esta cl\u00ednica e o que posso dizer no momento, adorei o atendimento. Pontual no hor\u00e1rio, rece\u00e7\u00e3o muito atenciosa e a Dra Maria Jos\u00e9 foi maravilhosa (...) Foi sem d\u00favida, a minha melhor consulta m\u00e9dica aqui em Portugal. (...)<\/div>\r\n\t\t\t\t\t\r\n\t\t\t\t<\/div><footer> <div class=\"kwayy-testimonial-img\"><img loading=\"lazy\" decoding=\"async\" width=\"60\" height=\"60\" src=\"https:\/\/clinicamedicadoporto.pt\/staging\/wp-content\/uploads\/2021\/07\/Foto-Maria-Aparecida-Souza-dos-Santos.png\" class=\"attachment-thumbnail size-thumbnail wp-post-image\" alt=\"Foto-Maria-Aparecida-Souza dos Santos\" \/><\/div> <cite class=\"kwayy-testimonial-title\">Maria Aparecida Souza dos Santos<span class=\"kwayy-testimonial-designation\">Paciente da Cl\u00ednica M\u00e9dica do Porto<\/span><\/cite><\/footer><\/blockquote><\/div>\n\t<\/div>\n\t<div class=\"kwayy-testimonial-box \"><div class=\"kwayy-testimonial-data\"><blockquote class=\"kwayy-testimonial-text\">\r\n\t\t\t\t<div class=\"contarea\">\t\t\t\t\t\r\n\t\t\t\t\t<div class=\"kwayy-tst-contarea-text\">Fiz aplica\u00e7\u00e3o de botox com o Dr. Manuel Rodrigues e foi perfeito!\r\nSuperou minhas expectativas. \r\nRecomendo<\/div>\r\n\t\t\t\t\t\r\n\t\t\t\t<\/div><footer> <div class=\"kwayy-testimonial-img\"><img loading=\"lazy\" decoding=\"async\" width=\"1\" height=\"1\" src=\"https:\/\/clinicamedicadoporto.pt\/staging\/wp-content\/uploads\/2021\/06\/perfil-clinica-medica-do-porto-webhp.png\" class=\"attachment-thumbnail size-thumbnail wp-post-image\" alt=\"imagem-perfil-feminio-clinica-medica-do-porto\" \/><\/div> <cite class=\"kwayy-testimonial-title\">Juliana Athayde<span class=\"kwayy-testimonial-designation\">Paciente da Cl\u00ednica M\u00e9dica do Porto<\/span><\/cite><\/footer><\/blockquote><\/div>\n\t<\/div>\n\t<div class=\"kwayy-testimonial-box \"><div class=\"kwayy-testimonial-data\"><blockquote class=\"kwayy-testimonial-text\">\r\n\t\t\t\t<div class=\"contarea\">\t\t\t\t\t\r\n\t\t\t\t\t<div class=\"kwayy-tst-contarea-text\">Recomendo! (\u2026) fui aconselhada por uma amiga que tinha feito harmoniza\u00e7\u00e3o facial com resultados muito bons. O Dr. Manuel Rodrigues Sousa \u00e9 um verdadeiro profissional, dedicado e super simp\u00e1tico. Tratamento personalizado, com resposta a todas as d\u00favidas por telefone durante o tratamento o que me deu muita tranquilidade, (\u2026) Cl\u00ednica super acolhedora e atendimento top.<\/div>\r\n\t\t\t\t\t\r\n\t\t\t\t<\/div><footer> <div class=\"kwayy-testimonial-img\"><img loading=\"lazy\" decoding=\"async\" width=\"60\" height=\"60\" src=\"https:\/\/clinicamedicadoporto.pt\/staging\/wp-content\/uploads\/2021\/03\/Cristina-Gonc\u0327alves.png\" class=\"attachment-thumbnail size-thumbnail wp-post-image\" alt=\"Cristina Gonc\u0327alves - Testemunho Medicina Estetica Clinica Porto\" \/><\/div> <cite class=\"kwayy-testimonial-title\">Cristina Gon\u00e7alves<span class=\"kwayy-testimonial-designation\">Paciente da Cl\u00ednica M\u00e9dica do Porto<\/span><\/cite><\/footer><\/blockquote><\/div>\n\t<\/div>\n\t<div class=\"kwayy-testimonial-box \"><div class=\"kwayy-testimonial-data\"><blockquote class=\"kwayy-testimonial-text\">\r\n\t\t\t\t<div class=\"contarea\">\t\t\t\t\t\r\n\t\t\t\t\t<div class=\"kwayy-tst-contarea-text\">Recomendo a consulta de Anti Aging com benef\u00edcios comprovados e que se traduzem num bem estar geral. Uma abordagem hol\u00edstica do nosso corpo, que visam reequilibrar o mesmo, com conselhos que visam melhorar significativamente o nosso dia-a-dia.<\/div>\r\n\t\t\t\t\t\r\n\t\t\t\t<\/div><footer> <div class=\"kwayy-testimonial-img\"><img loading=\"lazy\" decoding=\"async\" width=\"60\" height=\"60\" src=\"https:\/\/clinicamedicadoporto.pt\/staging\/wp-content\/uploads\/2019\/08\/perfil-clinica-medica-do-porto-1-e1604515187835.png\" class=\"attachment-thumbnail size-thumbnail wp-post-image\" alt=\"Imagem-generica-clinica-medica-do-porto\" \/><\/div> <cite class=\"kwayy-testimonial-title\">Ana Castro<span class=\"kwayy-testimonial-designation\">Paciente da Cl\u00ednica M\u00e9dica do Porto<\/span><\/cite><\/footer><\/blockquote><\/div>\n\t<\/div>\n\t<div class=\"kwayy-testimonial-box \"><div class=\"kwayy-testimonial-data\"><blockquote class=\"kwayy-testimonial-text\">\r\n\t\t\t\t<div class=\"contarea\">\t\t\t\t\t\r\n\t\t\t\t\t<div class=\"kwayy-tst-contarea-text\">Excelente atendimento, muito atenciosos, bem humorados e n\u00e3o medem esfor\u00e7os para que tenhamos sempre uma \u00f3tima experi\u00eancia (...) Vamos \u00e0 especialidade de medicina anti aging e estamos muito satisfeitos com os resultados e de como a nossa qualidade de vida melhorou. Recomendo vivamente! \r\n\r\nErica B.<\/div>\r\n\t\t\t\t\t\r\n\t\t\t\t<\/div><footer> <div class=\"kwayy-testimonial-img\"><img loading=\"lazy\" decoding=\"async\" width=\"60\" height=\"60\" src=\"https:\/\/clinicamedicadoporto.pt\/staging\/wp-content\/uploads\/2020\/11\/Erica-Bread-Testemunho-Cli\u0301nica-Medica-do-Porto.png\" class=\"attachment-thumbnail size-thumbnail wp-post-image\" alt=\"Erica-Bread-Testemunho-Cli\u0301nica-Medica-do-Porto\" \/><\/div> <cite class=\"kwayy-testimonial-title\">Erica B.<span class=\"kwayy-testimonial-designation\">Utente da Cl\u00ednica M\u00e9dica do Porto<\/span><\/cite><\/footer><\/blockquote><\/div>\n\t<\/div>\n\t<div class=\"kwayy-testimonial-box \"><div class=\"kwayy-testimonial-data\"><blockquote class=\"kwayy-testimonial-text\">\r\n\t\t\t\t<div class=\"contarea\">\t\t\t\t\t\r\n\t\t\t\t\t<div class=\"kwayy-tst-contarea-text\">Muitos parab\u00e9ns \u00e0 clinica e em especial ao Dr. Rodrigues de Sousa, que \u00e9 sem d\u00favida um excelente profissional e super atencioso!<\/div>\r\n\t\t\t\t\t\r\n\t\t\t\t<\/div><footer> <div class=\"kwayy-testimonial-img\"><img loading=\"lazy\" decoding=\"async\" width=\"60\" height=\"60\" src=\"https:\/\/clinicamedicadoporto.pt\/staging\/wp-content\/uploads\/2020\/09\/Pilar-Sousa-Guedes-e1604517882828.jpg\" class=\"attachment-thumbnail size-thumbnail wp-post-image\" alt=\"Testemunho Pilar\" \/><\/div> <cite class=\"kwayy-testimonial-title\">Pilar Sousa Guedes<span class=\"kwayy-testimonial-designation\">Utente da Cl\u00ednica M\u00e9dica do Porto<\/span><\/cite><\/footer><\/blockquote><\/div>\n\t<\/div>\n\t<div class=\"kwayy-testimonial-box \"><div class=\"kwayy-testimonial-data\"><blockquote class=\"kwayy-testimonial-text\">\r\n\t\t\t\t<div class=\"contarea\">\t\t\t\t\t\r\n\t\t\t\t\t<div class=\"kwayy-tst-contarea-text\">Saliento o trabalho do dr. Manuel Rodrigues de Sousa, em medicina est\u00e9tica de quem sou paciente e que considero o melhor m\u00e9dico em procedimentos est\u00e9ticos que conhe\u00e7o. Os resultados s\u00e3o incr\u00edveis, tudo \u00e9 feito no melhor interesse do paciente e com extremo profissionalismo. \u00c9 uma cl\u00ednica de excel\u00eancia onde somos tratados com imenso carinho. N\u00e3o podia estar mais satisfeita.<\/div>\r\n\t\t\t\t\t\r\n\t\t\t\t<\/div><footer> <div class=\"kwayy-testimonial-img\"><img loading=\"lazy\" decoding=\"async\" width=\"60\" height=\"60\" src=\"https:\/\/clinicamedicadoporto.pt\/staging\/wp-content\/uploads\/2020\/08\/claudia-Pinto-testemunho-clinica-medica-do-porto-e1604517949605.jpg\" class=\"attachment-thumbnail size-thumbnail wp-post-image\" alt=\"claudia-Pinto-testemunho-clinica-medica-do-porto\" \/><\/div> <cite class=\"kwayy-testimonial-title\">Cl\u00e1udia Pinto<span class=\"kwayy-testimonial-designation\">Utente da Cl\u00ednica M\u00e9dica do Porto<\/span><\/cite><\/footer><\/blockquote><\/div>\n\t<\/div>\n\t<div class=\"kwayy-testimonial-box \"><div class=\"kwayy-testimonial-data\"><blockquote class=\"kwayy-testimonial-text\">\r\n\t\t\t\t<div class=\"contarea\">\t\t\t\t\t\r\n\t\t\t\t\t<div class=\"kwayy-tst-contarea-text\">\u00d3tima experi\u00eancia, fui h\u00e1 uns meses fazer botox com o Dr. Rodrigues Sousa, super simp\u00e1tico e atencioso. Os efeitos do tratamento duraram imenso tempo e foram super naturais. <\/div>\r\n\t\t\t\t\t\r\n\t\t\t\t<\/div><footer> <div class=\"kwayy-testimonial-img\"><img loading=\"lazy\" decoding=\"async\" width=\"96\" height=\"96\" src=\"https:\/\/clinicamedicadoporto.pt\/staging\/wp-content\/uploads\/2018\/07\/perfil-clinica-medica-do-porto-150x150.png\" class=\"attachment-thumbnail size-thumbnail wp-post-image\" alt=\"perfil-feminino-clinica-medica-do-porto\" srcset=\"https:\/\/clinicamedicadoporto.pt\/staging\/wp-content\/uploads\/2018\/07\/perfil-clinica-medica-do-porto-150x150.png 150w, https:\/\/clinicamedicadoporto.pt\/staging\/wp-content\/uploads\/2018\/07\/perfil-clinica-medica-do-porto-300x300.png 300w, https:\/\/clinicamedicadoporto.pt\/staging\/wp-content\/uploads\/2018\/07\/perfil-clinica-medica-do-porto-e1604515282169.png 60w\" sizes=\"auto, (max-width: 96px) 100vw, 96px\" \/><\/div> <cite class=\"kwayy-testimonial-title\">Ana Barbosa<span class=\"kwayy-testimonial-designation\">Utente da Cl\u00ednica M\u00e9dica do Porto<\/span><\/cite><\/footer><\/blockquote><\/div>\n\t<\/div>\n\t<div class=\"kwayy-testimonial-box \"><div class=\"kwayy-testimonial-data\"><blockquote class=\"kwayy-testimonial-text\">\r\n\t\t\t\t<div class=\"contarea\">\t\t\t\t\t\r\n\t\t\t\t\t<div class=\"kwayy-tst-contarea-text\">Fui sempre recebida com simpatia, \u00e0 hora marcada e por um m\u00e9dico excelente<\/div>\r\n\t\t\t\t\t\r\n\t\t\t\t<\/div><footer> <div class=\"kwayy-testimonial-img\"><img loading=\"lazy\" decoding=\"async\" width=\"60\" height=\"60\" src=\"https:\/\/clinicamedicadoporto.pt\/staging\/wp-content\/uploads\/2020\/03\/leonor-Bastos-clinica-medica-do-porto-e1604518035515.jpg\" class=\"attachment-thumbnail size-thumbnail wp-post-image\" alt=\"leonor-Bastos-clinica-medica-do-porto\" \/><\/div> <cite class=\"kwayy-testimonial-title\">Leonor de Sousa Bastos<span class=\"kwayy-testimonial-designation\">Utente da Cl\u00ednica M\u00e9dica do Porto<\/span><\/cite><\/footer><\/blockquote><\/div>\n\t<\/div>\n\t<div class=\"kwayy-testimonial-box \"><div class=\"kwayy-testimonial-data\"><blockquote class=\"kwayy-testimonial-text\">\r\n\t\t\t\t<div class=\"contarea\">\t\t\t\t\t\r\n\t\t\t\t\t<div class=\"kwayy-tst-contarea-text\">Thank you Dr. Rodrigues, amazing results of my aesthetic treatment. LOVE IT!!!!!!! My skin is so perfect and natural right now. I tried other clinics abroad with bad results but know I'm happy. I'm away from Portugal but when I come back I want to put filler in my lips with you.<\/div>\r\n\t\t\t\t\t\r\n\t\t\t\t<\/div><footer> <div class=\"kwayy-testimonial-img\"><img loading=\"lazy\" decoding=\"async\" width=\"60\" height=\"60\" src=\"https:\/\/clinicamedicadoporto.pt\/staging\/wp-content\/uploads\/2019\/08\/perfil-clinica-medica-do-porto-e1604516538844.png\" class=\"attachment-thumbnail size-thumbnail wp-post-image\" alt=\"Testemunho-clinica-medica-do-porto\" \/><\/div> <cite class=\"kwayy-testimonial-title\">Giana Kors<span class=\"kwayy-testimonial-designation\">Paciente da Cl\u00ednica M\u00e9dica do Porto<\/span><\/cite><\/footer><\/blockquote><\/div>\n\t<\/div>\n\t<div class=\"kwayy-testimonial-box \"><div class=\"kwayy-testimonial-data\"><blockquote class=\"kwayy-testimonial-text\">\r\n\t\t\t\t<div class=\"contarea\">\t\t\t\t\t\r\n\t\t\t\t\t<div class=\"kwayy-tst-contarea-text\">Espa\u00e7o excelente, profissionalismo e simpatia da secretaria ao gabinete m\u00e9dico.<\/div>\r\n\t\t\t\t\t\r\n\t\t\t\t<\/div><footer> <div class=\"kwayy-testimonial-img\"><img loading=\"lazy\" decoding=\"async\" width=\"60\" height=\"60\" src=\"https:\/\/clinicamedicadoporto.pt\/staging\/wp-content\/uploads\/2019\/08\/perfil-clinica-medica-do-porto-1-e1604515187835.png\" class=\"attachment-thumbnail size-thumbnail wp-post-image\" alt=\"Imagem-generica-clinica-medica-do-porto\" \/><\/div> <cite class=\"kwayy-testimonial-title\">Teresa Pinto<span class=\"kwayy-testimonial-designation\">Utente da Cl\u00ednica M\u00e9dica do Porto<\/span><\/cite><\/footer><\/blockquote><\/div>\n\t<\/div>\n\t<div class=\"kwayy-testimonial-box \"><div class=\"kwayy-testimonial-data\"><blockquote class=\"kwayy-testimonial-text\">\r\n\t\t\t\t<div class=\"contarea\">\t\t\t\t\t\r\n\t\t\t\t\t<div class=\"kwayy-tst-contarea-text\">Harmozina\u00e7\u00e3o facial TOP!!! H\u00e1 mais de 10 anos que fa\u00e7o tratamentos de est\u00e9tica.. Fui cliente de varias cl\u00ednicas bem conhecidas, mas nunca estive t\u00e3o satisfeita como com a harmoniza\u00e7\u00e3o facial que o dr Rodrigues me fez m\u00eas. Obrigado dr e obrigado a cl\u00ednica (...)<\/div>\r\n\t\t\t\t\t\r\n\t\t\t\t<\/div><footer> <div class=\"kwayy-testimonial-img\"><img loading=\"lazy\" decoding=\"async\" width=\"60\" height=\"60\" src=\"https:\/\/clinicamedicadoporto.pt\/staging\/wp-content\/uploads\/2019\/08\/perfil-clinica-medica-do-porto-1-e1604515187835.png\" class=\"attachment-thumbnail size-thumbnail wp-post-image\" alt=\"Imagem-generica-clinica-medica-do-porto\" \/><\/div> <cite class=\"kwayy-testimonial-title\">Maria Ribeiro<span class=\"kwayy-testimonial-designation\">Paciente da Cl\u00ednica M\u00e9dica do Porto<\/span><\/cite><\/footer><\/blockquote><\/div>\n\t<\/div>\n\t<div class=\"kwayy-testimonial-box \"><div class=\"kwayy-testimonial-data\"><blockquote class=\"kwayy-testimonial-text\">\r\n\t\t\t\t<div class=\"contarea\">\t\t\t\t\t\r\n\t\t\t\t\t<div class=\"kwayy-tst-contarea-text\">Aconselhou me uma amiga e fui a consulta de est\u00e9tica.. amei! Preenchimento labial e sulcos fant\u00e1sticos, resultado perfeito. M\u00e3os delicadas de cirurgi\u00e3o, obrigado por tudo Dr Rodrigues!<\/div>\r\n\t\t\t\t\t\r\n\t\t\t\t<\/div><footer> <div class=\"kwayy-testimonial-img\"><img loading=\"lazy\" decoding=\"async\" width=\"60\" height=\"60\" src=\"https:\/\/clinicamedicadoporto.pt\/staging\/wp-content\/uploads\/2019\/08\/perfil-clinica-medica-do-porto-1-e1604515187835.png\" class=\"attachment-thumbnail size-thumbnail wp-post-image\" alt=\"Imagem-generica-clinica-medica-do-porto\" \/><\/div> <cite class=\"kwayy-testimonial-title\">Sara Lopes<span class=\"kwayy-testimonial-designation\">Paciente da Cl\u00ednica M\u00e9dica do Porto<\/span><\/cite><\/footer><\/blockquote><\/div>\n\t<\/div>\n\t<div class=\"kwayy-testimonial-box \"><div class=\"kwayy-testimonial-data\"><blockquote class=\"kwayy-testimonial-text\">\r\n\t\t\t\t<div class=\"contarea\">\t\t\t\t\t\r\n\t\t\t\t\t<div class=\"kwayy-tst-contarea-text\">Muito satisfeita com o servi\u00e7o da Cl\u00ednica M\u00e9dica do Porto. Resultado fant\u00e1stico de botox\u00ae, j\u00e1 tinha feito v\u00e1rios tratamentos antes noutros s\u00edtios mas nenhum com resultados t\u00e3o bons como o que o doutor Manuel me fez. Obrigado. <\/div>\r\n\t\t\t\t\t\r\n\t\t\t\t<\/div><footer> <div class=\"kwayy-testimonial-img\"><img loading=\"lazy\" decoding=\"async\" width=\"60\" height=\"60\" src=\"https:\/\/clinicamedicadoporto.pt\/staging\/wp-content\/uploads\/2019\/08\/perfil-clinica-medica-do-porto-1-e1604515187835.png\" class=\"attachment-thumbnail size-thumbnail wp-post-image\" alt=\"Imagem-generica-clinica-medica-do-porto\" \/><\/div> <cite class=\"kwayy-testimonial-title\">Adriana Madureira<span class=\"kwayy-testimonial-designation\">Paciente da Cl\u00ednica M\u00e9dica do Porto<\/span><\/cite><\/footer><\/blockquote><\/div>\n\t<\/div>\n\t<div class=\"kwayy-testimonial-box \"><div class=\"kwayy-testimonial-data\"><blockquote class=\"kwayy-testimonial-text\">\r\n\t\t\t\t<div class=\"contarea\">\t\t\t\t\t\r\n\t\t\t\t\t<div class=\"kwayy-tst-contarea-text\">Uma \u00f3ptima recep\u00e7\u00e3o , pessoas muito simp\u00e1ticas e profissionais. S\u00f3 tenho a agradecer \ud83d\ude42<\/div>\r\n\t\t\t\t\t\r\n\t\t\t\t<\/div><footer> <div class=\"kwayy-testimonial-img\"><img loading=\"lazy\" decoding=\"async\" width=\"60\" height=\"60\" src=\"https:\/\/clinicamedicadoporto.pt\/staging\/wp-content\/uploads\/2019\/08\/Karine-Clarion-testemunho-clinica-medica-do-porto-e1604518371147.jpg\" class=\"attachment-thumbnail size-thumbnail wp-post-image\" alt=\"Karine-Clarion-testemunho-clinica-medica-do-porto\" \/><\/div> <cite class=\"kwayy-testimonial-title\">Karine M. Clarion<span class=\"kwayy-testimonial-designation\">Paciente da Cl\u00ednica M\u00e9dica do Porto<\/span><\/cite><\/footer><\/blockquote><\/div>\n\t<\/div>\n\t<div class=\"kwayy-testimonial-box \"><div class=\"kwayy-testimonial-data\"><blockquote class=\"kwayy-testimonial-text\">\r\n\t\t\t\t<div class=\"contarea\">\t\t\t\t\t\r\n\t\t\t\t\t<div class=\"kwayy-tst-contarea-text\">Aconselho a cl\u00ednica!\r\nA minha irm\u00e3 fez tratamento de medicina est\u00e9tica com o Dr. Rodrigues Sousa e est\u00e1 linda e super feliz. Obrigado Dr. 5 estrelas.<\/div>\r\n\t\t\t\t\t\r\n\t\t\t\t<\/div><footer> <div class=\"kwayy-testimonial-img\"><img loading=\"lazy\" decoding=\"async\" width=\"96\" height=\"96\" src=\"https:\/\/clinicamedicadoporto.pt\/staging\/wp-content\/uploads\/2018\/07\/perfil-clinica-medica-do-porto-150x150.png\" class=\"attachment-thumbnail size-thumbnail wp-post-image\" alt=\"perfil-feminino-clinica-medica-do-porto\" srcset=\"https:\/\/clinicamedicadoporto.pt\/staging\/wp-content\/uploads\/2018\/07\/perfil-clinica-medica-do-porto-150x150.png 150w, https:\/\/clinicamedicadoporto.pt\/staging\/wp-content\/uploads\/2018\/07\/perfil-clinica-medica-do-porto-300x300.png 300w, https:\/\/clinicamedicadoporto.pt\/staging\/wp-content\/uploads\/2018\/07\/perfil-clinica-medica-do-porto-e1604515282169.png 60w\" sizes=\"auto, (max-width: 96px) 100vw, 96px\" \/><\/div> <cite class=\"kwayy-testimonial-title\">Sara Silva<span class=\"kwayy-testimonial-designation\">Irm\u00e3 de paciente da Cl\u00ednica M\u00e9dica do Porto<\/span><\/cite><\/footer><\/blockquote><\/div>\n\t<\/div>\n\t<div class=\"kwayy-testimonial-box \"><div class=\"kwayy-testimonial-data\"><blockquote class=\"kwayy-testimonial-text\">\r\n\t\t\t\t<div class=\"contarea\">\t\t\t\t\t\r\n\t\t\t\t\t<div class=\"kwayy-tst-contarea-text\">Todas as val\u00eancias da cl\u00ednica, que s\u00e3o muitas, se juntam para nos verem como um ser humano, onde tudo depende de tudo. <\/div>\r\n\t\t\t\t\t\r\n\t\t\t\t<\/div><footer> <div class=\"kwayy-testimonial-img\"><img loading=\"lazy\" decoding=\"async\" width=\"60\" height=\"60\" src=\"https:\/\/clinicamedicadoporto.pt\/staging\/wp-content\/uploads\/2014\/07\/margarida-paco-testemunho-clinica-medica-do-porto.jpg\" class=\"attachment-thumbnail size-thumbnail wp-post-image\" alt=\"\" \/><\/div> <cite class=\"kwayy-testimonial-title\">Margarida Pa\u00e7\u00f3<span class=\"kwayy-testimonial-designation\">Paciente da Cl\u00ednica M\u00e9dica do Porto<\/span><\/cite><\/footer><\/blockquote><\/div>\n\t<\/div>\n\t<\/div><\/div>[\/vc_column_inner][\/vc_row_inner][\/vc_column][\/vc_row][vc_row css=&#8221;.vc_custom_1673636647883{background-color: #efefef !important;background-position: center !important;background-repeat: no-repeat !important;background-size: cover !important;}&#8221;][vc_column][vc_empty_space height=&#8221;50px&#8221;][vc_single_image image=&#8221;8711&#8243; img_size=&#8221;full&#8221; alignment=&#8221;center&#8221; onclick=&#8221;custom_link&#8221; img_link_target=&#8221;_blank&#8221; link=&#8221;https:\/\/g.page\/clinicamedicaporto\/review?mt&#8221; css=&#8221;.vc_custom_1595262323474{margin: 0px !important;padding: 0px !important;border: 0px initial !important;}&#8221;][vc_empty_space height=&#8221;50px&#8221;][\/vc_column][\/vc_row][vc_row textcolor=&#8221;white&#8221; bgtype=&#8221;dark&#8221; css=&#8221;.vc_custom_1595014486166{padding-top: 0px !important;padding-right: 0px !important;padding-bottom: 0px !important;padding-left: 0px !important;}&#8221;][vc_column css=&#8221;.vc_custom_1595013661340{padding-right: 0px !important;padding-left: 0px !important;}&#8221;]\n<div class=\"wpcf7 no-js\" id=\"wpcf7-f8675-o1\" lang=\"pt-PT\" dir=\"ltr\" data-wpcf7-id=\"8675\">\n<div class=\"screen-reader-response\"><p role=\"status\" aria-live=\"polite\" aria-atomic=\"true\"><\/p> <ul><\/ul><\/div>\n<form action=\"\/staging\/wp-json\/wp\/v2\/pages\/8705#wpcf7-f8675-o1\" method=\"post\" class=\"wpcf7-form init\" aria-label=\"Formul\u00e1rio de contacto\" novalidate=\"novalidate\" data-status=\"init\">\n<fieldset class=\"hidden-fields-container\"><input type=\"hidden\" name=\"_wpcf7\" value=\"8675\" \/><input type=\"hidden\" name=\"_wpcf7_version\" value=\"6.1.5\" \/><input type=\"hidden\" name=\"_wpcf7_locale\" value=\"pt_PT\" \/><input type=\"hidden\" name=\"_wpcf7_unit_tag\" value=\"wpcf7-f8675-o1\" \/><input type=\"hidden\" name=\"_wpcf7_container_post\" value=\"0\" \/><input type=\"hidden\" name=\"_wpcf7_posted_data_hash\" value=\"\" \/><input type=\"hidden\" name=\"_wpcf7_recaptcha_response\" value=\"\" \/>\n<\/fieldset>\n<style>\ninput[type=\"text\"],input[type=\"email\"],input[type=\"tel\"] {text-align:center;}\n<\/style>\n<div style=\"padding:100px 20px 100px 20px; text-align:center; color:white;\">\n\t<p><span style=\"margin-bottom:15px; font-size:125%; font-weight:bold;\">Preencha os dados abaixo e envie o formul\u00e1rio se pretende ser contactado\/a para esclarecer d\u00favidas ou agendar consulta.<\/span>\n\t<\/p>\n\t<p><label> O seu nome (obrigat\u00f3rio)<br \/>\n<span class=\"wpcf7-form-control-wrap\" data-name=\"your-name\"><input size=\"40\" maxlength=\"400\" class=\"wpcf7-form-control wpcf7-text wpcf7-validates-as-required\" aria-required=\"true\" aria-invalid=\"false\" value=\"\" type=\"text\" name=\"your-name\" \/><\/span> <\/label><br \/>\n<label> O seu email (obrigat\u00f3rio)<br \/>\n<span class=\"wpcf7-form-control-wrap\" data-name=\"your-email\"><input size=\"40\" maxlength=\"400\" class=\"wpcf7-form-control wpcf7-email wpcf7-validates-as-required wpcf7-text wpcf7-validates-as-email\" aria-required=\"true\" aria-invalid=\"false\" value=\"\" type=\"email\" name=\"your-email\" \/><\/span> <\/label><br \/>\n<label>O seu contacto telef\u00f3nico (obrigat\u00f3rio)<br \/>\n<span class=\"wpcf7-form-control-wrap\" data-name=\"tel-92\"><input size=\"40\" maxlength=\"400\" class=\"wpcf7-form-control wpcf7-tel wpcf7-validates-as-required wpcf7-text wpcf7-validates-as-tel\" aria-required=\"true\" aria-invalid=\"false\" value=\"\" type=\"tel\" name=\"tel-92\" \/><\/span><\/label><br \/>\n<span id=\"wpcf7-69f2c57c1f618-wrapper\" class=\"wpcf7-form-control-wrap hp_email_grupo_servicos-wrap\" style=\"display:none !important; visibility:hidden !important;\"><input type=\"hidden\" name=\"hp_email_grupo_servicos-time-start\" value=\"1777517948\"><input type=\"hidden\" name=\"hp_email_grupo_servicos-time-check\" value=\"4\"><label for=\"wpcf7-69f2c57c1f618-field\" class=\"hp-message\">Please leave this field empty.<\/label><input id=\"wpcf7-69f2c57c1f618-field\"  placeholder=\"Placeholder\"  class=\"wpcf7-form-control wpcf7-text\" type=\"text\" name=\"hp_email_grupo_servicos\" value=\"\" size=\"40\" tabindex=\"-1\" autocomplete=\"new-password\" \/><\/span>\n\t<\/p>\n\t<p><input class=\"wpcf7-form-control wpcf7-submit has-spinner\" type=\"submit\" value=\"Enviar\" \/>\n\t<\/p>\n<\/div><input type='hidden' class='wpcf7-pum' value='{\"closepopup\":false,\"closedelay\":0,\"openpopup\":false,\"openpopup_id\":0}' \/><div class=\"wpcf7-response-output\" aria-hidden=\"true\"><\/div>\n<\/form>\n<\/div>\n[\/vc_column][\/vc_row]<\/p>\n<\/div>","protected":false},"excerpt":{"rendered":"<p>[vc_row bgtype=&#8221;skin&#8221; css=&#8221;.vc_custom_1673292688374{margin-top: -60px !important;padding-top: 70px !important;padding-bottom: 15px !important;}&#8221;][vc_column][\/vc_column][\/vc_row][vc_row css=&#8221;.vc_custom_1500994236026{margin-top: 0px !important;padding-top: 0px !important;padding-bottom: 0px !important;}&#8221; anchor=&#8221;servicos-estetica-clinica&#8221;][vc_column offset=&#8221;vc_hidden-sm vc_hidden-xs&#8221;][vc_empty_space height=&#8221;100px&#8221;][vc_basic_grid post_type=&#8221;portfolio&#8221; max_items=&#8221;-1&#8243; element_width=&#8221;3&#8243; gap=&#8221;5&#8243; orderby=&#8221;title&#8221; order=&#8221;ASC&#8221; item=&#8221;8666&#8243; grid_id=&#8221;vc_gid:1687365170823-bd47402a-4b21-6&#8243; taxonomies=&#8221;89&#8243;][vc_empty_space height=&#8221;40px&#8221;][\/vc_column][\/vc_row][vc_row css=&#8221;.vc_custom_1647091455691{padding-top: 0px !important;}&#8221;][vc_column offset=&#8221;vc_hidden-lg vc_hidden-md&#8221;][vc_empty_space height=&#8221;50px&#8221;][vc_column_text][\/vc_column_text][vc_empty_space height=&#8221;50px&#8221;][\/vc_column][\/vc_row][vc_row disable_element=&#8221;yes&#8221; css=&#8221;.vc_custom_1651167249391{margin-top: 0px !important;padding-top: 0px !important;padding-bottom: 0px !important;}&#8221; anchor=&#8221;actividades-grupo&#8221;][vc_column offset=&#8221;vc_hidden-sm vc_hidden-xs&#8221;][vc_empty_space height=&#8221;50px&#8221;][vc_basic_grid post_type=&#8221;portfolio&#8221; max_items=&#8221;10&#8243; element_width=&#8221;3&#8243; gap=&#8221;5&#8243; orderby=&#8221;title&#8221; order=&#8221;ASC&#8221; [&hellip;]<\/p>\n","protected":false},"author":1,"featured_media":0,"parent":0,"menu_order":0,"comment_status":"closed","ping_status":"closed","template":"","meta":{"footnotes":""},"folder":[655],"class_list":["post-8705","page","type-page","status-publish","hentry"],"_links":{"self":[{"href":"https:\/\/clinicamedicadoporto.pt\/staging\/wp-json\/wp\/v2\/pages\/8705","targetHints":{"allow":["GET"]}}],"collection":[{"href":"https:\/\/clinicamedicadoporto.pt\/staging\/wp-json\/wp\/v2\/pages"}],"about":[{"href":"https:\/\/clinicamedicadoporto.pt\/staging\/wp-json\/wp\/v2\/types\/page"}],"author":[{"embeddable":true,"href":"https:\/\/clinicamedicadoporto.pt\/staging\/wp-json\/wp\/v2\/users\/1"}],"replies":[{"embeddable":true,"href":"https:\/\/clinicamedicadoporto.pt\/staging\/wp-json\/wp\/v2\/comments?post=8705"}],"version-history":[{"count":0,"href":"https:\/\/clinicamedicadoporto.pt\/staging\/wp-json\/wp\/v2\/pages\/8705\/revisions"}],"wp:attachment":[{"href":"https:\/\/clinicamedicadoporto.pt\/staging\/wp-json\/wp\/v2\/media?parent=8705"}],"wp:term":[{"taxonomy":"folder","embeddable":true,"href":"https:\/\/clinicamedicadoporto.pt\/staging\/wp-json\/wp\/v2\/folder?post=8705"}],"curies":[{"name":"wp","href":"https:\/\/api.w.org\/{rel}","templated":true}]}}