{"id":8699,"date":"2020-07-20T11:46:13","date_gmt":"2020-07-20T10:46:13","guid":{"rendered":"https:\/\/clinicamedicadoporto.pt\/staging\/?page_id=8699"},"modified":"2025-08-01T16:47:47","modified_gmt":"2025-08-01T15:47:47","slug":"gravidez-e-maternidade","status":"publish","type":"page","link":"https:\/\/clinicamedicadoporto.pt\/staging\/gravidez-e-maternidade\/","title":{"rendered":"Gravidez e Maternidade"},"content":{"rendered":"<div class=\"wpb-content-wrapper\"><p>[vc_row bgtype=&#8221;skin&#8221; css=&#8221;.vc_custom_1673292821386{margin-top: -60px !important;padding-top: 70px !important;padding-bottom: 15px !important;}&#8221;][vc_column]<header class=\"kwayy-heading-wrapper kwayy-heading-wrapper-align-center\"><div class=\"kwayy-heading-wrapper-inner\"><h1 class=\"kwayy-heading-align-center\"><span>Especialidades M\u00e9dicas \u2022 Terapias N\u00e3o Convencionais \u2022 Consultas Direccionadas \u2022 Est\u00e9tica Cl\u00ednica \u2022 Especialidades T\u00e9cnicas e Param\u00e9dicas \u2022 Terapias Alternativas<\/span><\/h1><\/div><p class=\"kwayy-subheading\">Consultas M\u00e9dicas Convencionais \u2022 Consultas Direccionadas \u2022 Acupuntura \u2022 Osteopatia \u2022 Medicina Chinesa \u2022 Homeopatia \u2022 Reiki \u2022 e muito mais...<\/p><\/header>[\/vc_column][\/vc_row][vc_row css=&#8221;.vc_custom_1550320655980{margin-top: 0px !important;margin-bottom: 0px !important;padding-top: 0px !important;padding-bottom: 0px !important;}&#8221; anchor=&#8221;gravidez-maternidade&#8221;][vc_column offset=&#8221;vc_hidden-sm vc_hidden-xs&#8221;][vc_empty_space height=&#8221;100px&#8221;]<header class=\"kwayy-heading-wrapper kwayy-heading-wrapper-align-left\"><div class=\"kwayy-heading-wrapper-inner\"><h2 class=\"kwayy-heading-align-left\"><span>Gravidez e Maternidade<\/span><\/h2><\/div><\/header>[vc_basic_grid post_type=&#8221;portfolio&#8221; max_items=&#8221;-1&#8243; element_width=&#8221;3&#8243; gap=&#8221;5&#8243; orderby=&#8221;title&#8221; order=&#8221;ASC&#8221; item=&#8221;8666&#8243; grid_id=&#8221;vc_gid:1687365322500-299c9cd5-43eb-4&#8243; taxonomies=&#8221;401&#8243;][vc_empty_space height=&#8221;40px&#8221;][\/vc_column][\/vc_row][vc_row][vc_column offset=&#8221;vc_hidden-lg vc_hidden-md&#8221;][vc_empty_space height=&#8221;50px&#8221;]<header class=\"kwayy-heading-wrapper kwayy-heading-wrapper-align-left\"><div class=\"kwayy-heading-wrapper-inner\"><h2 class=\"kwayy-heading-align-left\"><span>Gravidez e Maternidade<\/span><\/h2><\/div><\/header>[vc_column_text]<!--W4PL_List_11733-->\n<div id=\"w4pl-list-11733\" class=\"w4pl\">\n\t<div id=\"w4pl-inner-11733\" class=\"w4pl-inner\">\n\t\t<ul>\n\t\t\t\t\t<li class=\"post-item-1081\"><a href=\"https:\/\/clinicamedicadoporto.pt\/staging\/especialidades\/consulta-fertilidade-para-casais\/\">Consulta de Fertilidade \ud83e\udd30 &#8211; Cl\u00ednica M\u00e9dica do Porto<\/a><\/li>\n\t\t\t\t\n\t\t\t\t\t<li class=\"post-item-10541\"><a href=\"https:\/\/clinicamedicadoporto.pt\/staging\/especialidades\/psicologia-na-fertilidade-clinica-medica-do-porto\/\">Psicologia na Fertilidade &#8211; Cl\u00ednica M\u00e9dica do Porto<\/a><\/li>\n\t\t\t\t\n\t\t\t\t\t<li class=\"post-item-8554\"><a href=\"https:\/\/clinicamedicadoporto.pt\/staging\/especialidades\/saude-mental-no-pos-parto-clinica-medica-do-porto\/\">Sa\u00fade Mental no P\u00f3s Parto &#8211; Cl\u00ednica M\u00e9dica do Porto<\/a><\/li>\n\t\t\t\t<\/ul>\n\t<\/div><!--#w4pl-inner-11733-->\n<\/div><!--#w4pl-11733-->\n<!--END_W4PL_List_11733-->\n[\/vc_column_text][vc_empty_space height=&#8221;50px&#8221;][\/vc_column][\/vc_row][vc_row content_placement=&#8221;middle&#8221; textcolor=&#8221;white&#8221; bgtype=&#8221;skin&#8221;][vc_column css=&#8221;.vc_custom_1595012276416{padding-right: 5% !important;padding-left: 5% !important;}&#8221;][vc_empty_space height=&#8221;50px&#8221;][vc_icon icon_fontawesome=&#8221;fa fa-solid fa-notes-medical&#8221; color=&#8221;white&#8221; size=&#8221;xl&#8221; align=&#8221;center&#8221; css=&#8221;.vc_custom_1595012537078{padding: 5px !important;}&#8221;][vc_custom_heading text=&#8221;Esta \u00e9 apenas uma pequena parte dos servi\u00e7os que a Cl\u00ednica M\u00e9dica do Porto coloca ao seu dispor. Quer conhecer os restantes?&#8221; font_container=&#8221;tag:h2|font_size:150%25|text_align:center|line_height:1EM&#8221; google_fonts=&#8221;font_family:Roboto%3A100%2C100italic%2C300%2C300italic%2Cregular%2Citalic%2C500%2C500italic%2C700%2C700italic%2C900%2C900italic|font_style:500%20bold%20italic%3A500%3Aitalic&#8221;][vc_btn title=&#8221;CLIQUE PARA CONHECER TODOS OS SERVI\u00c7OS CL\u00cdNICOS&#8221; color=&#8221;white&#8221; align=&#8221;center&#8221; link=&#8221;url:https%3A%2F%2Fclinicamedicadoporto.pt%2Fstaging%2Fespecialidades%2F|title:Especialidades%20M%C3%A9dicas%20e%20Terapias%20N%C3%A3o%20Convencionais||&#8221; css=&#8221;.vc_custom_1595012333737{margin-top: 35px !important;}&#8221;][vc_empty_space height=&#8221;50px&#8221;][\/vc_column][\/vc_row][vc_row textcolor=&#8221;dark&#8221; bgtype=&#8221;skin&#8221; bgprecolor=&#8221;grey&#8221; css=&#8221;.vc_custom_1515700321742{padding-bottom: 40px !important;background-color: rgba(12,12,12,0.03) !important;background-position: center !important;background-repeat: no-repeat !important;background-size: cover !important;*background-color: rgb(12,12,12) !important;}&#8221;][vc_column][vc_empty_space height=&#8221;75px&#8221;][vc_row_inner][vc_column_inner offset=&#8221;vc_hidden-sm vc_hidden-xs&#8221;][vc_column_text]<\/p>\n<h2 class=\"kwayy-heading-align-center\" style=\"text-align: center\"><span style=\"text-align: center;font-size: 200%;font-weight: bold;line-height: 1EM;color: #70c2b4\">Estas s\u00e3o algumas das pessoas que nos fazem querer ser melhores a cada dia que passa.<br \/>\nConhe\u00e7a os seus testemunhos!<\/span><\/h2>\n<p>[\/vc_column_text]\n\t<div class=\"kwayy-testimonial-wrapper kwayy-effect-carousel kwayy-items-col-three kwayy-carousel-col-three\" data-autoplay=\"1\" data-autoplayspeed=\"800\" data-autoplaytimeout=\"4500\" data-loop=\"1\"><div class=\" kwayy-items-wrapper kwayy-carousel-items-wrapper\">\n\t<div class=\"kwayy-testimonial-box \"><div class=\"kwayy-testimonial-data\"><blockquote class=\"kwayy-testimonial-text\">\r\n\t\t\t\t<div class=\"contarea\">\t\t\t\t\t\r\n\t\t\t\t\t<div class=\"kwayy-tst-contarea-text\">Experi\u00eancia 5 estrelas. Muito satisfeita com o acompanhamento na Cl\u00ednica M\u00e9dica do Porto. Atendimento educado, atencioso e descomplicado. Ambiente tranquilo. (...) A Terapeuta Tatiana Sousa \u00e9 uma excelente profissional, muito cuidadosa e emp\u00e1tica. \r\nParab\u00e9ns!<\/div>\r\n\t\t\t\t\t\r\n\t\t\t\t<\/div><footer> <div class=\"kwayy-testimonial-img\"><img loading=\"lazy\" decoding=\"async\" width=\"96\" height=\"96\" src=\"https:\/\/clinicamedicadoporto.pt\/staging\/wp-content\/uploads\/2025\/09\/foto-testemunho-maria-brandao.png\" class=\"attachment-thumbnail size-thumbnail wp-post-image\" alt=\"\" \/><\/div> <cite class=\"kwayy-testimonial-title\">Maria Brand\u00e3o<span class=\"kwayy-testimonial-designation\">Paciente da Cl\u00ednica M\u00e9dica do Porto<\/span><\/cite><\/footer><\/blockquote><\/div>\n\t<\/div>\n\t<div class=\"kwayy-testimonial-box \"><div class=\"kwayy-testimonial-data\"><blockquote class=\"kwayy-testimonial-text\">\r\n\t\t\t\t<div class=\"contarea\">\t\t\t\t\t\r\n\t\t\t\t\t<div class=\"kwayy-tst-contarea-text\">Depois de tanto tentar, a acupuntura de fertilidade com a incr\u00edvel Dra. Tatiana Sousa fez-me alcan\u00e7ar o sonho da maternidade - ESTOU GR\u00c1VIDA! (...)\r\n\r\nA Dra. Tatiana foi minha anjinha da guarda nesta jornada. Seu conhecimento profundo em medicina tradicional chinesa para concep\u00e7\u00e3o (regula\u00e7\u00e3o hormonal, fluxo energ\u00e9tico e prepara\u00e7\u00e3o do \u00fatero) fez toda a diferen\u00e7a!\r\n\r\n<\/div>\r\n\t\t\t\t\t\r\n\t\t\t\t<\/div><footer> <div class=\"kwayy-testimonial-img\"><img loading=\"lazy\" decoding=\"async\" width=\"72\" height=\"72\" src=\"https:\/\/clinicamedicadoporto.pt\/staging\/wp-content\/uploads\/2025\/06\/Foto-Testemunho-Ana-Marques.png\" class=\"attachment-thumbnail size-thumbnail wp-post-image\" alt=\"Foto de utente relativa ao testemunho da consulta de Fertilidade e Medicina Chinesa da Clinica Medica do Porto\" \/><\/div> <cite class=\"kwayy-testimonial-title\">Ana Marques<span class=\"kwayy-testimonial-designation\">Paciente da Cl\u00ednica M\u00e9dica do Porto<\/span><\/cite><\/footer><\/blockquote><\/div>\n\t<\/div>\n\t<div class=\"kwayy-testimonial-box \"><div class=\"kwayy-testimonial-data\"><blockquote class=\"kwayy-testimonial-text\">\r\n\t\t\t\t<div class=\"contarea\">\t\t\t\t\t\r\n\t\t\t\t\t<div class=\"kwayy-tst-contarea-text\">Sou acompanhada pela Dra Tatiana Calv\u00e3o Sousa h\u00e1 mais de um ano. Conheci a Medicina Tradicional Chinesa e os benef\u00edcios da Acupuntura nessa altura recomendada por algu\u00e9m que j\u00e1 fazia com ela e estou rendida ao impacto que tiveram na melhoria da minha sa\u00fade e bem-estar (...) para al\u00e9m de ser uma excelente profissional dotada de muito conhecimento na \u00e1rea da fertilidade \u00e9 uma pessoa muito emp\u00e1tica e dispon\u00edvel para ajudar.\r\n\r\nRecomendo vivamente!<\/div>\r\n\t\t\t\t\t\r\n\t\t\t\t<\/div><footer> <div class=\"kwayy-testimonial-img\"><img loading=\"lazy\" decoding=\"async\" width=\"72\" height=\"72\" src=\"https:\/\/clinicamedicadoporto.pt\/staging\/wp-content\/uploads\/2025\/06\/Foto-Testemunho-Marta-Garrido.png\" class=\"attachment-thumbnail size-thumbnail wp-post-image\" alt=\"Foto de utente relativa ao testemunho da consulta de Medicina Tradicional Chinesa da Clinica Medica do Porto\" \/><\/div> <cite class=\"kwayy-testimonial-title\">Marta Garrido<span class=\"kwayy-testimonial-designation\">Paciente da Cl\u00ednica M\u00e9dica do Porto<\/span><\/cite><\/footer><\/blockquote><\/div>\n\t<\/div>\n\t<div class=\"kwayy-testimonial-box \"><div class=\"kwayy-testimonial-data\"><blockquote class=\"kwayy-testimonial-text\">\r\n\t\t\t\t<div class=\"contarea\">\t\t\t\t\t\r\n\t\t\t\t\t<div class=\"kwayy-tst-contarea-text\">Fomos a uma consulta de Homeopatia Pedi\u00e1trica e adoramos todo o atendimento desde a recep\u00e7\u00e3o, \u00e1 consulta e mesmo ap\u00f3s a consulta. \r\nRecomendo<\/div>\r\n\t\t\t\t\t\r\n\t\t\t\t<\/div><footer> <div class=\"kwayy-testimonial-img\"><img loading=\"lazy\" decoding=\"async\" width=\"96\" height=\"96\" src=\"https:\/\/clinicamedicadoporto.pt\/staging\/wp-content\/uploads\/2025\/03\/Foto-Testemunho-Sandra-Araujo.png\" class=\"attachment-thumbnail size-thumbnail wp-post-image\" alt=\"Foto Testemunho Sandra Arau\u0301jo\" \/><\/div> <cite class=\"kwayy-testimonial-title\">Sandra Ara\u00fajo<span class=\"kwayy-testimonial-designation\">Paciente da Cl\u00ednica M\u00e9dica do Porto<\/span><\/cite><\/footer><\/blockquote><\/div>\n\t<\/div>\n\t<div class=\"kwayy-testimonial-box \"><div class=\"kwayy-testimonial-data\"><blockquote class=\"kwayy-testimonial-text\">\r\n\t\t\t\t<div class=\"contarea\">\t\t\t\t\t\r\n\t\t\t\t\t<div class=\"kwayy-tst-contarea-text\">\u00d3timo atendimento de toda a equipe, do agendamento \u00e0 consulta, impec\u00e1veis! Servi\u00e7o de qualidade prestado em toda a experi\u00eancia do cliente. Me senti muito bem!<\/div>\r\n\t\t\t\t\t\r\n\t\t\t\t<\/div><footer> <div class=\"kwayy-testimonial-img\"><img loading=\"lazy\" decoding=\"async\" width=\"96\" height=\"96\" src=\"https:\/\/clinicamedicadoporto.pt\/staging\/wp-content\/uploads\/2018\/07\/perfil-clinica-medica-do-porto-150x150.png\" class=\"attachment-thumbnail size-thumbnail wp-post-image\" alt=\"perfil-feminino-clinica-medica-do-porto\" srcset=\"https:\/\/clinicamedicadoporto.pt\/staging\/wp-content\/uploads\/2018\/07\/perfil-clinica-medica-do-porto-150x150.png 150w, https:\/\/clinicamedicadoporto.pt\/staging\/wp-content\/uploads\/2018\/07\/perfil-clinica-medica-do-porto-300x300.png 300w, https:\/\/clinicamedicadoporto.pt\/staging\/wp-content\/uploads\/2018\/07\/perfil-clinica-medica-do-porto-e1604515282169.png 60w\" sizes=\"auto, (max-width: 96px) 100vw, 96px\" \/><\/div> <cite class=\"kwayy-testimonial-title\">Suellen Cunha<span class=\"kwayy-testimonial-designation\">M\u00e3e de Paciente da Cl\u00ednica M\u00e9dica do Porto<\/span><\/cite><\/footer><\/blockquote><\/div>\n\t<\/div>\n\t<div class=\"kwayy-testimonial-box \"><div class=\"kwayy-testimonial-data\"><blockquote class=\"kwayy-testimonial-text\">\r\n\t\t\t\t<div class=\"contarea\">\t\t\t\t\t\r\n\t\t\t\t\t<div class=\"kwayy-tst-contarea-text\">Muito obrigada.\r\nS\u00e3o muito simp\u00e1ticos.<\/div>\r\n\t\t\t\t\t\r\n\t\t\t\t<\/div><footer> <div class=\"kwayy-testimonial-img\"><img loading=\"lazy\" decoding=\"async\" width=\"60\" height=\"60\" src=\"https:\/\/clinicamedicadoporto.pt\/staging\/wp-content\/uploads\/2024\/05\/Foto-Testemunho-Teresa-Tudela.png\" class=\"attachment-thumbnail size-thumbnail wp-post-image\" alt=\"Imagem avatar de testemunho da Cl\u00ednica M\u00e9dica do Porto\" \/><\/div> <cite class=\"kwayy-testimonial-title\">Teresa Tudela<span class=\"kwayy-testimonial-designation\">Paciente da Cl\u00ednica M\u00e9dica do Porto<\/span><\/cite><\/footer><\/blockquote><\/div>\n\t<\/div>\n\t<div class=\"kwayy-testimonial-box \"><div class=\"kwayy-testimonial-data\"><blockquote class=\"kwayy-testimonial-text\">\r\n\t\t\t\t<div class=\"contarea\">\t\t\t\t\t\r\n\t\t\t\t\t<div class=\"kwayy-tst-contarea-text\">Boas condi\u00e7\u00f5es. \r\nProfissionais simp\u00e1ticos e competentes. \r\nUma boa experi\u00eancia. <\/div>\r\n\t\t\t\t\t\r\n\t\t\t\t<\/div><footer> <div class=\"kwayy-testimonial-img\"><img loading=\"lazy\" decoding=\"async\" width=\"1\" height=\"1\" src=\"https:\/\/clinicamedicadoporto.pt\/staging\/wp-content\/uploads\/2021\/06\/perfil-clinica-medica-do-porto-webhp.png\" class=\"attachment-thumbnail size-thumbnail wp-post-image\" alt=\"imagem-perfil-feminio-clinica-medica-do-porto\" \/><\/div> <cite class=\"kwayy-testimonial-title\">Sara Fernandes<span class=\"kwayy-testimonial-designation\">Paciente da Cl\u00ednica M\u00e9dica do Porto<\/span><\/cite><\/footer><\/blockquote><\/div>\n\t<\/div>\n\t<div class=\"kwayy-testimonial-box \"><div class=\"kwayy-testimonial-data\"><blockquote class=\"kwayy-testimonial-text\">\r\n\t\t\t\t<div class=\"contarea\">\t\t\t\t\t\r\n\t\t\t\t\t<div class=\"kwayy-tst-contarea-text\">Gostei muito do atendimento.\r\nMuito simp\u00e1ticas e amorosas para a minha filha, sem d\u00favida, caso necessite, voltarei a escolher a Cl\u00ednica M\u00e9dica do Porto.\r\nAgradecida.<\/div>\r\n\t\t\t\t\t\r\n\t\t\t\t<\/div><footer> <div class=\"kwayy-testimonial-img\"><img loading=\"lazy\" decoding=\"async\" width=\"1\" height=\"1\" src=\"https:\/\/clinicamedicadoporto.pt\/staging\/wp-content\/uploads\/2021\/06\/perfil-clinica-medica-do-porto-webhp.png\" class=\"attachment-thumbnail size-thumbnail wp-post-image\" alt=\"imagem-perfil-feminio-clinica-medica-do-porto\" \/><\/div> <cite class=\"kwayy-testimonial-title\">Tatiana Silva<span class=\"kwayy-testimonial-designation\">M\u00e3e de Paciente da Cl\u00ednica M\u00e9dica do Porto<\/span><\/cite><\/footer><\/blockquote><\/div>\n\t<\/div>\n\t<div class=\"kwayy-testimonial-box \"><div class=\"kwayy-testimonial-data\"><blockquote class=\"kwayy-testimonial-text\">\r\n\t\t\t\t<div class=\"contarea\">\t\t\t\t\t\r\n\t\t\t\t\t<div class=\"kwayy-tst-contarea-text\">Foi uma experi\u00eancia muito agrad\u00e1vel nesta cl\u00ednica, com um bom acolhimento e um m\u00e9dico competente que presta aten\u00e7\u00e3o ao paciente e adoro o facto de serem recomendados rem\u00e9dios naturais, recomendo vivamente.<\/div>\r\n\t\t\t\t\t\r\n\t\t\t\t<\/div><footer> <div class=\"kwayy-testimonial-img\"><img loading=\"lazy\" decoding=\"async\" width=\"1\" height=\"1\" src=\"https:\/\/clinicamedicadoporto.pt\/staging\/wp-content\/uploads\/2021\/06\/perfil-clinica-medica-do-porto-webhp.png\" class=\"attachment-thumbnail size-thumbnail wp-post-image\" alt=\"imagem-perfil-feminio-clinica-medica-do-porto\" \/><\/div> <cite class=\"kwayy-testimonial-title\">Carlita<span class=\"kwayy-testimonial-designation\">Paciente da Cl\u00ednica M\u00e9dica do Porto<\/span><\/cite><\/footer><\/blockquote><\/div>\n\t<\/div>\n\t<div class=\"kwayy-testimonial-box \"><div class=\"kwayy-testimonial-data\"><blockquote class=\"kwayy-testimonial-text\">\r\n\t\t\t\t<div class=\"contarea\">\t\t\t\t\t\r\n\t\t\t\t\t<div class=\"kwayy-tst-contarea-text\">Desde o nascimento que a minha filha \u00e9 acompanhada pela Dra Nelea Afanas na consulta de Pediatria. \r\nA Dra Nelea \u00e9 muito am\u00e1vel, dispon\u00edvel e profissional. Tem uma abordagem muito integrada que a distingue.\r\nRecomendo!<\/div>\r\n\t\t\t\t\t\r\n\t\t\t\t<\/div><footer> <div class=\"kwayy-testimonial-img\"><img loading=\"lazy\" decoding=\"async\" width=\"96\" height=\"96\" src=\"https:\/\/clinicamedicadoporto.pt\/staging\/wp-content\/uploads\/2023\/10\/Foto-Testemunho-Tatiana-Sousa.png\" class=\"attachment-thumbnail size-thumbnail wp-post-image\" alt=\"Foto Testemunho-Tatiana Calv\u00e3o Sousa\" \/><\/div> <cite class=\"kwayy-testimonial-title\">Tatiana Sousa<span class=\"kwayy-testimonial-designation\">M\u00e3e de Paciente da Cl\u00ednica M\u00e9dica do Porto<\/span><\/cite><\/footer><\/blockquote><\/div>\n\t<\/div>\n\t<div class=\"kwayy-testimonial-box \"><div class=\"kwayy-testimonial-data\"><blockquote class=\"kwayy-testimonial-text\">\r\n\t\t\t\t<div class=\"contarea\">\t\t\t\t\t\r\n\t\t\t\t\t<div class=\"kwayy-tst-contarea-text\">Muito am\u00e1veis, desde a rece\u00e7\u00e3o ao corpo cl\u00ednico. \r\nRecomendo!\r\n\r\n<\/div>\r\n\t\t\t\t\t\r\n\t\t\t\t<\/div><footer> <div class=\"kwayy-testimonial-img\"><img loading=\"lazy\" decoding=\"async\" width=\"96\" height=\"96\" src=\"https:\/\/clinicamedicadoporto.pt\/staging\/wp-content\/uploads\/2023\/06\/Foto-Marta-Lima.png\" class=\"attachment-thumbnail size-thumbnail wp-post-image\" alt=\"Foto-Marta-Lima\" \/><\/div> <cite class=\"kwayy-testimonial-title\">Marta Lima<span class=\"kwayy-testimonial-designation\">Paciente da Cl\u00ednica M\u00e9dica do Porto<\/span><\/cite><\/footer><\/blockquote><\/div>\n\t<\/div>\n\t<div class=\"kwayy-testimonial-box \"><div class=\"kwayy-testimonial-data\"><blockquote class=\"kwayy-testimonial-text\">\r\n\t\t\t\t<div class=\"contarea\">\t\t\t\t\t\r\n\t\t\t\t\t<div class=\"kwayy-tst-contarea-text\">Cl\u00ednica com as mais diversas val\u00eancias na \u00e1rea da sa\u00fade, perfeita para que todas as necessidades possam ser respondidas num \u00fanico local, sempre com profissionais de excel\u00eancia.\r\n\r\nEspecial destaque e carinho pela Terapeuta Tatiana, uma profissional altamente capacitada e competente, com um lado humano indiscrit\u00edvel, algu\u00e9m a quem nunca terei palavras suficientes para exprimir a minha gratid\u00e3o.<\/div>\r\n\t\t\t\t\t\r\n\t\t\t\t<\/div><footer> <div class=\"kwayy-testimonial-img\"><img loading=\"lazy\" decoding=\"async\" width=\"96\" height=\"96\" src=\"https:\/\/clinicamedicadoporto.pt\/staging\/wp-content\/uploads\/2022\/12\/Foto-Testemunho-Joana-Cardoso.png\" class=\"attachment-thumbnail size-thumbnail wp-post-image\" alt=\"Foto-Testemunho-Joana-Cardoso\" \/><\/div> <cite class=\"kwayy-testimonial-title\">Joana Cardoso<span class=\"kwayy-testimonial-designation\">Paciente da Cl\u00ednica M\u00e9dica do Porto<\/span><\/cite><\/footer><\/blockquote><\/div>\n\t<\/div>\n\t<div class=\"kwayy-testimonial-box \"><div class=\"kwayy-testimonial-data\"><blockquote class=\"kwayy-testimonial-text\">\r\n\t\t\t\t<div class=\"contarea\">\t\t\t\t\t\r\n\t\t\t\t\t<div class=\"kwayy-tst-contarea-text\">O ambiente acolhedor, o profissionalismo de toda a equipa e a confian\u00e7a que a Dr.\u00aa Tatiana transmite em consulta, s\u00e3o motivos para depositar toda minha confian\u00e7a no trabalho que procurarei desenvolver em conjunto com cada uma das pessoas da clinica, envolvidas no processo de tratamento.<\/div>\r\n\t\t\t\t\t\r\n\t\t\t\t<\/div><footer> <div class=\"kwayy-testimonial-img\"><img loading=\"lazy\" decoding=\"async\" width=\"96\" height=\"96\" src=\"https:\/\/clinicamedicadoporto.pt\/staging\/wp-content\/uploads\/2022\/05\/Foto-Testemunho-Hoana-Mimoso-Guimara\u0303es.png\" class=\"attachment-thumbnail size-thumbnail wp-post-image\" alt=\"Foto de Joana Guimar\u00e3es paciente da Cl\u00ednica M\u00e9dica do Porto\" \/><\/div> <cite class=\"kwayy-testimonial-title\">Joana Mimoso Guimar\u00e3es<span class=\"kwayy-testimonial-designation\">Paciente da Cl\u00ednica M\u00e9dica do Porto<\/span><\/cite><\/footer><\/blockquote><\/div>\n\t<\/div>\n\t<div class=\"kwayy-testimonial-box \"><div class=\"kwayy-testimonial-data\"><blockquote class=\"kwayy-testimonial-text\">\r\n\t\t\t\t<div class=\"contarea\">\t\t\t\t\t\r\n\t\t\t\t\t<div class=\"kwayy-tst-contarea-text\">Levei meu filho de 5 anos para uma consulta pedi\u00e1trica e fomos muito bem atendidos. Cordialidade e pontualidade impec\u00e1veis, al\u00e9m da compet\u00eancia e carinho da Dra. Nelea.<\/div>\r\n\t\t\t\t\t\r\n\t\t\t\t<\/div><footer> <div class=\"kwayy-testimonial-img\"><img loading=\"lazy\" decoding=\"async\" width=\"96\" height=\"96\" src=\"https:\/\/clinicamedicadoporto.pt\/staging\/wp-content\/uploads\/2022\/05\/Foto-Testemunho-Marina-Azevedo.png\" class=\"attachment-thumbnail size-thumbnail wp-post-image\" alt=\"Testemunho Marina Azevedo Pediatria\" \/><\/div> <cite class=\"kwayy-testimonial-title\">Marina Azevedo<span class=\"kwayy-testimonial-designation\">M\u00e3e de Paciente da Cl\u00ednica M\u00e9dica do Porto<\/span><\/cite><\/footer><\/blockquote><\/div>\n\t<\/div>\n\t<div class=\"kwayy-testimonial-box \"><div class=\"kwayy-testimonial-data\"><blockquote class=\"kwayy-testimonial-text\">\r\n\t\t\t\t<div class=\"contarea\">\t\t\t\t\t\r\n\t\t\t\t\t<div class=\"kwayy-tst-contarea-text\">Sou seguida pela terapeuta Tatiana Sousa, especialista em medicina tradicional chinesa (ginecologia \/obstetr\u00edcia). \r\n\r\nAo longo destes meses de acupuntura e fitoterapia (novidades para mim), estou extremamente satisfeita com os resultados e com o atendimento, atento e personalizado, da Tatiana e restante equipa da cl\u00ednica. \r\n\r\nRecomendo vivamente!<\/div>\r\n\t\t\t\t\t\r\n\t\t\t\t<\/div><footer> <div class=\"kwayy-testimonial-img\"><img loading=\"lazy\" decoding=\"async\" width=\"60\" height=\"60\" src=\"https:\/\/clinicamedicadoporto.pt\/staging\/wp-content\/uploads\/2019\/08\/perfil-clinica-medica-do-porto-1-e1604515187835.png\" class=\"attachment-thumbnail size-thumbnail wp-post-image\" alt=\"Imagem-generica-clinica-medica-do-porto\" \/><\/div> <cite class=\"kwayy-testimonial-title\">Ana Isabel Ribeiro<span class=\"kwayy-testimonial-designation\">Paciente da Cl\u00ednica M\u00e9dica do Porto<\/span><\/cite><\/footer><\/blockquote><\/div>\n\t<\/div>\n\t<div class=\"kwayy-testimonial-box \"><div class=\"kwayy-testimonial-data\"><blockquote class=\"kwayy-testimonial-text\">\r\n\t\t\t\t<div class=\"contarea\">\t\t\t\t\t\r\n\t\t\t\t\t<div class=\"kwayy-tst-contarea-text\">Super bem atendida com todo o cuidado necess\u00e1rio. J\u00e1 conhecia o Dr Tiago pois foi m\u00e9dico do meu filho. Recomendo 5*<\/div>\r\n\t\t\t\t\t\r\n\t\t\t\t<\/div><footer> <div class=\"kwayy-testimonial-img\"><img loading=\"lazy\" decoding=\"async\" width=\"60\" height=\"60\" src=\"https:\/\/clinicamedicadoporto.pt\/staging\/wp-content\/uploads\/2021\/09\/Foto-Janina-Ribeiro.png\" class=\"attachment-thumbnail size-thumbnail wp-post-image\" alt=\"Foto-Janina Ribeiro\" \/><\/div> <cite class=\"kwayy-testimonial-title\">Janina Ribeiro<span class=\"kwayy-testimonial-designation\">Paciente da Cl\u00ednica M\u00e9dica do Porto<\/span><\/cite><\/footer><\/blockquote><\/div>\n\t<\/div>\n\t<div class=\"kwayy-testimonial-box \"><div class=\"kwayy-testimonial-data\"><blockquote class=\"kwayy-testimonial-text\">\r\n\t\t\t\t<div class=\"contarea\">\t\t\t\t\t\r\n\t\t\t\t\t<div class=\"kwayy-tst-contarea-text\">... resolvi marcar uma consulta com a ginecologista Dra. Erminia, adorei a consulta, ela tirou todas as d\u00favidas que eu tinha e solicitou as an\u00e1lises de sangue que eu queria fazer (...) a Dra. Erminia me mandou uma receita, via SMS para que eu come\u00e7asse o tratamento com ferro. Na cl\u00ednica as profissionais s\u00e3o muito atenciosas (recep\u00e7\u00e3o e m\u00e9dica) e est\u00e3o prontas para te atender bem, al\u00e9m do mais, na consulta, pude fazer o ultrassom e ver mais uma vez a minha beb\u00ea.<\/div>\r\n\t\t\t\t\t\r\n\t\t\t\t<\/div><footer> <div class=\"kwayy-testimonial-img\"><img loading=\"lazy\" decoding=\"async\" width=\"1\" height=\"1\" src=\"https:\/\/clinicamedicadoporto.pt\/staging\/wp-content\/uploads\/2021\/06\/Hillary-E.png\" class=\"attachment-thumbnail size-thumbnail wp-post-image\" alt=\"Testemunho de Hillary E\" \/><\/div> <cite class=\"kwayy-testimonial-title\">Hillary E<span class=\"kwayy-testimonial-designation\">Paciente da Cl\u00ednica M\u00e9dica do Porto<\/span><\/cite><\/footer><\/blockquote><\/div>\n\t<\/div>\n\t<div class=\"kwayy-testimonial-box \"><div class=\"kwayy-testimonial-data\"><blockquote class=\"kwayy-testimonial-text\">\r\n\t\t\t\t<div class=\"contarea\">\t\t\t\t\t\r\n\t\t\t\t\t<div class=\"kwayy-tst-contarea-text\">Excelentes profissionais e atendimento.<\/div>\r\n\t\t\t\t\t\r\n\t\t\t\t<\/div><footer> <div class=\"kwayy-testimonial-img\"><img loading=\"lazy\" decoding=\"async\" width=\"60\" height=\"60\" src=\"https:\/\/clinicamedicadoporto.pt\/staging\/wp-content\/uploads\/2021\/05\/Sara-Moreira.png\" class=\"attachment-thumbnail size-thumbnail wp-post-image\" alt=\"Testemunho de Sara Moreira\" \/><\/div> <cite class=\"kwayy-testimonial-title\">Sara Moreira<\/cite><\/footer><\/blockquote><\/div>\n\t<\/div>\n\t<div class=\"kwayy-testimonial-box \"><div class=\"kwayy-testimonial-data\"><blockquote class=\"kwayy-testimonial-text\">\r\n\t\t\t\t<div class=\"contarea\">\t\t\t\t\t\r\n\t\t\t\t\t<div class=\"kwayy-tst-contarea-text\">Levei o meu beb\u00e9 a uma consulta de osteopatia com o Dr. Tiago e adoramos tudo, da rece\u00e7\u00e3o \u00e0 consulta! \r\nMuito atenciosos, cuidadosos e gentis.<\/div>\r\n\t\t\t\t\t\r\n\t\t\t\t<\/div><footer> <div class=\"kwayy-testimonial-img\"><img loading=\"lazy\" decoding=\"async\" width=\"60\" height=\"60\" src=\"https:\/\/clinicamedicadoporto.pt\/staging\/wp-content\/uploads\/2021\/04\/Foto-Luana-Vasconcelos.png\" class=\"attachment-thumbnail size-thumbnail wp-post-image\" alt=\"Foto-Luana-Vasconcelos\" \/><\/div> <cite class=\"kwayy-testimonial-title\">Luana Vasconcelos<span class=\"kwayy-testimonial-designation\">Paciente da Cl\u00ednica M\u00e9dica do Porto<\/span><\/cite><\/footer><\/blockquote><\/div>\n\t<\/div>\n\t<div class=\"kwayy-testimonial-box \"><div class=\"kwayy-testimonial-data\"><blockquote class=\"kwayy-testimonial-text\">\r\n\t\t\t\t<div class=\"contarea\">\t\t\t\t\t\r\n\t\t\t\t\t<div class=\"kwayy-tst-contarea-text\">Super simp\u00e1ticos.. Atendimento ex\u00edmio.. Obrigada por tudo \ud83d\ude18\ud83d\udc68\u200d\ud83d\udc69\u200d\ud83d\udc67\u200d\ud83d\udc67<\/div>\r\n\t\t\t\t\t\r\n\t\t\t\t<\/div><footer> <div class=\"kwayy-testimonial-img\"><img loading=\"lazy\" decoding=\"async\" width=\"60\" height=\"60\" src=\"https:\/\/clinicamedicadoporto.pt\/staging\/wp-content\/uploads\/2021\/04\/Foto-Andreia-Rodrigues.jpg\" class=\"attachment-thumbnail size-thumbnail wp-post-image\" alt=\"Foto-Andreia-Rodrigues\" \/><\/div> <cite class=\"kwayy-testimonial-title\">Andreia Rodrigues<span class=\"kwayy-testimonial-designation\">Paciente da Cl\u00ednica M\u00e9dica do Porto<\/span><\/cite><\/footer><\/blockquote><\/div>\n\t<\/div>\n\t<div class=\"kwayy-testimonial-box \"><div class=\"kwayy-testimonial-data\"><blockquote class=\"kwayy-testimonial-text\">\r\n\t\t\t\t<div class=\"contarea\">\t\t\t\t\t\r\n\t\t\t\t\t<div class=\"kwayy-tst-contarea-text\">O Terapeuta Tiago foi uma preciosa ajuda para a minha Leonor. S\u00f3 lamento n\u00e3o o ter conhecido mais cedo. Muito agrade\u00e7o o profissionalismo e simpatia.<\/div>\r\n\t\t\t\t\t\r\n\t\t\t\t<\/div><footer> <div class=\"kwayy-testimonial-img\"><img loading=\"lazy\" decoding=\"async\" width=\"50\" height=\"50\" src=\"https:\/\/clinicamedicadoporto.pt\/staging\/wp-content\/uploads\/2021\/02\/Foto-Marlene-Taveira.jpg\" class=\"attachment-thumbnail size-thumbnail wp-post-image\" alt=\"\" \/><\/div> <cite class=\"kwayy-testimonial-title\">Marlene Taveira<span class=\"kwayy-testimonial-designation\">M\u00e3e da Leonor<\/span><\/cite><\/footer><\/blockquote><\/div>\n\t<\/div>\n\t<div class=\"kwayy-testimonial-box \"><div class=\"kwayy-testimonial-data\"><blockquote class=\"kwayy-testimonial-text\">\r\n\t\t\t\t<div class=\"contarea\">\t\t\t\t\t\r\n\t\t\t\t\t<div class=\"kwayy-tst-contarea-text\">Agrade\u00e7o todo o apoio e acompanhamento, dado pela Enf. Marta, durante a amamenta\u00e7\u00e3o.\r\nRecomendo \ud83d\udc4c<\/div>\r\n\t\t\t\t\t\r\n\t\t\t\t<\/div><footer> <div class=\"kwayy-testimonial-img\"><img loading=\"lazy\" decoding=\"async\" width=\"60\" height=\"60\" src=\"https:\/\/clinicamedicadoporto.pt\/staging\/wp-content\/uploads\/2021\/01\/Cle\u0301lia-Ferreira.png\" class=\"attachment-thumbnail size-thumbnail wp-post-image\" alt=\"Foto-Clelia-Ferreira-Testemunho-Clinica-Medica do Porto\" \/><\/div> <cite class=\"kwayy-testimonial-title\">Cl\u00e9lia Ferreira<span class=\"kwayy-testimonial-designation\">Paciente da Cl\u00ednica M\u00e9dica do Porto<\/span><\/cite><\/footer><\/blockquote><\/div>\n\t<\/div>\n\t<div class=\"kwayy-testimonial-box \"><div class=\"kwayy-testimonial-data\"><blockquote class=\"kwayy-testimonial-text\">\r\n\t\t\t\t<div class=\"contarea\">\t\t\t\t\t\r\n\t\t\t\t\t<div class=\"kwayy-tst-contarea-text\">Foi aqui que resolvi um problema de que sofria \u00e0 imensos anos, sem anteriores respostas, diagn\u00f3sticos ou tratamentos noutras cl\u00ednicas, hospitais, m\u00e9dicos e afins. Excelentes profissionais que retribuem a confian\u00e7a.<\/div>\r\n\t\t\t\t\t\r\n\t\t\t\t<\/div><footer> <div class=\"kwayy-testimonial-img\"><img loading=\"lazy\" decoding=\"async\" width=\"60\" height=\"60\" src=\"https:\/\/clinicamedicadoporto.pt\/staging\/wp-content\/uploads\/2019\/08\/perfil-clinica-medica-do-porto-e1604516538844.png\" class=\"attachment-thumbnail size-thumbnail wp-post-image\" alt=\"Testemunho-clinica-medica-do-porto\" \/><\/div> <cite class=\"kwayy-testimonial-title\">Merry N.<span class=\"kwayy-testimonial-designation\">Paciente da Cl\u00ednica M\u00e9dica do Porto<\/span><\/cite><\/footer><\/blockquote><\/div>\n\t<\/div>\n\t<div class=\"kwayy-testimonial-box \"><div class=\"kwayy-testimonial-data\"><blockquote class=\"kwayy-testimonial-text\">\r\n\t\t\t\t<div class=\"contarea\">\t\t\t\t\t\r\n\t\t\t\t\t<div class=\"kwayy-tst-contarea-text\">Todas as gr\u00e1vidas merecem ter uma Tatiana \ud83d\ude0d Al\u00e9m de ser uma profissional de excel\u00eancia, \u00e9 uma ouvinte \u00edmpar, com imensa experi\u00eancia, que nos d\u00e1 dicas \u00f3ptimas (alimentares, de bons h\u00e1bitos). As suas t\u00e9cnicas de massagem e acupuntura (medicina chinesa) foram absolutamente essenciais para mim porque se converteram numa forma de bem estar na gravidez (melhoria de incha\u00e7o nos p\u00e9s e pernas, dores p\u00e9lvicas, dores de cabe\u00e7a, formigueiro nas m\u00e3os e bra\u00e7os...). Recomendo 100%. A simpatia do staff, profissionalismo e limpeza do local s\u00e3o pontos extra. \r\n\r\nGr\u00e1vidas\ud83e\udd30\ud83c\udffb, this is the place!<\/div>\r\n\t\t\t\t\t\r\n\t\t\t\t<\/div><footer> <div class=\"kwayy-testimonial-img\"><img loading=\"lazy\" decoding=\"async\" width=\"60\" height=\"60\" src=\"https:\/\/clinicamedicadoporto.pt\/staging\/wp-content\/uploads\/2020\/11\/Isabel-Gomes-Testemunho-Clinica-Medica-do-Porto.jpg\" class=\"attachment-thumbnail size-thumbnail wp-post-image\" alt=\"Isabel-G-Testemunho-Clinica-Medica-do-Porto\" \/><\/div> <cite class=\"kwayy-testimonial-title\">Isabel G.<span class=\"kwayy-testimonial-designation\">Paciente da Cl\u00ednica M\u00e9dica do Porto<\/span><\/cite><\/footer><\/blockquote><\/div>\n\t<\/div>\n\t<div class=\"kwayy-testimonial-box \"><div class=\"kwayy-testimonial-data\"><blockquote class=\"kwayy-testimonial-text\">\r\n\t\t\t\t<div class=\"contarea\">\t\t\t\t\t\r\n\t\t\t\t\t<div class=\"kwayy-tst-contarea-text\">Equipa fant\u00e1stica e super simp\u00e1tica. \r\nSou seguida pela terapeuta Tatiana Calv\u00e3o, de quem s\u00f3 tenho maravilhas a dizer!<\/div>\r\n\t\t\t\t\t\r\n\t\t\t\t<\/div><footer> <div class=\"kwayy-testimonial-img\"><img loading=\"lazy\" decoding=\"async\" width=\"60\" height=\"60\" src=\"https:\/\/clinicamedicadoporto.pt\/staging\/wp-content\/uploads\/2019\/08\/perfil-clinica-medica-do-porto-1-e1604515187835.png\" class=\"attachment-thumbnail size-thumbnail wp-post-image\" alt=\"Imagem-generica-clinica-medica-do-porto\" \/><\/div> <cite class=\"kwayy-testimonial-title\">In\u00eas Oliveira<span class=\"kwayy-testimonial-designation\">Utente da Cl\u00ednica M\u00e9dica do Porto<\/span><\/cite><\/footer><\/blockquote><\/div>\n\t<\/div>\n\t<div class=\"kwayy-testimonial-box \"><div class=\"kwayy-testimonial-data\"><blockquote class=\"kwayy-testimonial-text\">\r\n\t\t\t\t<div class=\"contarea\">\t\t\t\t\t\r\n\t\t\t\t\t<div class=\"kwayy-tst-contarea-text\">Recomendo vivamente!! \r\nN\u00e3o poderia estar mais satisfeita! \r\n\r\nUma nota excecional para o desempenho, dedica\u00e7\u00e3o e conhecimento da Dra. Tatiana em Medicina Tradicional Chinesa e Acupuntura.<\/div>\r\n\t\t\t\t\t\r\n\t\t\t\t<\/div><footer> <div class=\"kwayy-testimonial-img\"><img loading=\"lazy\" decoding=\"async\" width=\"60\" height=\"60\" src=\"https:\/\/clinicamedicadoporto.pt\/staging\/wp-content\/uploads\/2020\/11\/Alexandra-Machado-Testemunho-Clinica-Medica-do-Porto.jpg\" class=\"attachment-thumbnail size-thumbnail wp-post-image\" alt=\"Alexandra-Machado-Testemunho-Clinica-Medica-do-Porto\" \/><\/div> <cite class=\"kwayy-testimonial-title\">Alexandra Machado<span class=\"kwayy-testimonial-designation\">Utente da Cl\u00ednica M\u00e9dica do Porto<\/span><\/cite><\/footer><\/blockquote><\/div>\n\t<\/div>\n\t<div class=\"kwayy-testimonial-box \"><div class=\"kwayy-testimonial-data\"><blockquote class=\"kwayy-testimonial-text\">\r\n\t\t\t\t<div class=\"contarea\">\t\t\t\t\t\r\n\t\t\t\t\t<div class=\"kwayy-tst-contarea-text\">Excelentes profissionais. Ajudaram-me com o meu beb\u00e9 rec\u00e9m-nascido numa consulta de osteopatia infantil. Obrigada \ud83d\ude0a<\/div>\r\n\t\t\t\t\t\r\n\t\t\t\t<\/div><footer> <div class=\"kwayy-testimonial-img\"><img loading=\"lazy\" decoding=\"async\" width=\"60\" height=\"60\" src=\"https:\/\/clinicamedicadoporto.pt\/staging\/wp-content\/uploads\/2020\/11\/Catia-Malheiro-Costa-120-120-e1604516320589.jpg\" class=\"attachment-thumbnail size-thumbnail wp-post-image\" alt=\"Testemunho C\u00e1tia Costa\" \/><\/div> <cite class=\"kwayy-testimonial-title\">C\u00e1tia Costa<span class=\"kwayy-testimonial-designation\">M\u00e3e de Beb\u00e9 Utente da Cl\u00ednica<\/span><\/cite><\/footer><\/blockquote><\/div>\n\t<\/div>\n\t<div class=\"kwayy-testimonial-box \"><div class=\"kwayy-testimonial-data\"><blockquote class=\"kwayy-testimonial-text\">\r\n\t\t\t\t<div class=\"contarea\">\t\t\t\t\t\r\n\t\t\t\t\t<div class=\"kwayy-tst-contarea-text\">Boa tarde, Procuramos ajuda, pois estavamos com d\u00favidas relativas a amamenta\u00e7\u00e3o, ap\u00f3s os primeiros dias de vida do meu filhote serem bastante atribulados. (\u2026)\r\nNa consulta com a enfermeira Marta, esta conseguiu tranquilizar os nossos cora\u00e7\u00f5es de pais de primeira viagem. Deu-nos dicas bastante \u00fateis (\u2026) certamente que vamos continuar com o seu acompanhamento.<\/div>\r\n\t\t\t\t\t\r\n\t\t\t\t<\/div><footer> <div class=\"kwayy-testimonial-img\"><img loading=\"lazy\" decoding=\"async\" width=\"60\" height=\"60\" src=\"https:\/\/clinicamedicadoporto.pt\/staging\/wp-content\/uploads\/2019\/08\/perfil-clinica-medica-do-porto-1-e1604515187835.png\" class=\"attachment-thumbnail size-thumbnail wp-post-image\" alt=\"Imagem-generica-clinica-medica-do-porto\" \/><\/div> <cite class=\"kwayy-testimonial-title\">Marta Louren\u00e7o e H\u00e9lder Teixeira<span class=\"kwayy-testimonial-designation\">Pais de Beb\u00e9 utente na CMP<\/span><\/cite><\/footer><\/blockquote><\/div>\n\t<\/div>\n\t<div class=\"kwayy-testimonial-box \"><div class=\"kwayy-testimonial-data\"><blockquote class=\"kwayy-testimonial-text\">\r\n\t\t\t\t<div class=\"contarea\">\t\t\t\t\t\r\n\t\t\t\t\t<div class=\"kwayy-tst-contarea-text\">Excelentes profissionais, nomeadamente a Enf. Marta e o Dr. Tiago. A Enf. Marta salvou-me a amamenta\u00e7\u00e3o. Cheguei at\u00e9 ela com muita dor ao amamentar, com fissuras mamilares enormes. Conseguiu resolver todos os meus problemas com muito carinho e profissionalismo aplicando a laserterapia. (...) Ao Dr. Tiago um muito obrigado pelo que fez pela minha pequenina Francisca, um encantador de beb\u00e9s, sem d\u00favida. Muito bom no que faz como osteopata e como pessoa.<\/div>\r\n\t\t\t\t\t\r\n\t\t\t\t<\/div><footer> <div class=\"kwayy-testimonial-img\"><img loading=\"lazy\" decoding=\"async\" width=\"60\" height=\"60\" src=\"https:\/\/clinicamedicadoporto.pt\/staging\/wp-content\/uploads\/2020\/10\/Diana-Portela-Testemunho-Clinica-Medica-do-Porto-2-e1604517742362.jpg\" class=\"attachment-thumbnail size-thumbnail wp-post-image\" alt=\"Diana-Portela-Testemunho-Clinica-Medica-do-Porto-2\" \/><\/div> <cite class=\"kwayy-testimonial-title\">Diana Portela<span class=\"kwayy-testimonial-designation\">Utente da Cl\u00ednica M\u00e9dica do Porto<\/span><\/cite><\/footer><\/blockquote><\/div>\n\t<\/div>\n\t<div class=\"kwayy-testimonial-box \"><div class=\"kwayy-testimonial-data\"><blockquote class=\"kwayy-testimonial-text\">\r\n\t\t\t\t<div class=\"contarea\">\t\t\t\t\t\r\n\t\t\t\t\t<div class=\"kwayy-tst-contarea-text\">\u00d3timo atendimento e excelentes profissionais \ud83d\udc4f\ud83d\udc4c<\/div>\r\n\t\t\t\t\t\r\n\t\t\t\t<\/div><footer> <div class=\"kwayy-testimonial-img\"><img loading=\"lazy\" decoding=\"async\" width=\"60\" height=\"60\" src=\"https:\/\/clinicamedicadoporto.pt\/staging\/wp-content\/uploads\/2020\/10\/Marina-Santos-Testemunho-Clinica-Me\u0301dica-do-Porto-e1604517757639.jpg\" class=\"attachment-thumbnail size-thumbnail wp-post-image\" alt=\"Marina-Santos-Testemunho-Clinica-Me\u0301dica-do-Porto\" \/><\/div> <cite class=\"kwayy-testimonial-title\">Mariana Santos<span class=\"kwayy-testimonial-designation\">Utente da Cl\u00ednica M\u00e9dica do Porto<\/span><\/cite><\/footer><\/blockquote><\/div>\n\t<\/div>\n\t<div class=\"kwayy-testimonial-box \"><div class=\"kwayy-testimonial-data\"><blockquote class=\"kwayy-testimonial-text\">\r\n\t\t\t\t<div class=\"contarea\">\t\t\t\t\t\r\n\t\t\t\t\t<div class=\"kwayy-tst-contarea-text\">Cl\u00ednica com profissionais de excel\u00eancia e um espa\u00e7o fant\u00e1stico (...) Sou seguida neste momento pela terapeuta de medicina tradicional chinesa Tatiana Calv\u00e3o Sousa na minha segunda gravidez e tal como na primeira, s\u00f3 estas sess\u00f5es acalmam a minha dor lombar e o stress acumulado. Muito obrigada pelo vosso profissionalismo!<\/div>\r\n\t\t\t\t\t\r\n\t\t\t\t<\/div><footer> <div class=\"kwayy-testimonial-img\"><img loading=\"lazy\" decoding=\"async\" width=\"60\" height=\"60\" src=\"https:\/\/clinicamedicadoporto.pt\/staging\/wp-content\/uploads\/2020\/08\/Ine\u0302s-Silva-2-e1604517896760.jpg\" class=\"attachment-thumbnail size-thumbnail wp-post-image\" alt=\"Ine\u0302s-Silva-testemunho-clinica-medica-do-porto\" \/><\/div> <cite class=\"kwayy-testimonial-title\">In\u00eas Silva<span class=\"kwayy-testimonial-designation\">Utente da Cl\u00ednica M\u00e9dica do Porto<\/span><\/cite><\/footer><\/blockquote><\/div>\n\t<\/div>\n\t<div class=\"kwayy-testimonial-box \"><div class=\"kwayy-testimonial-data\"><blockquote class=\"kwayy-testimonial-text\">\r\n\t\t\t\t<div class=\"contarea\">\t\t\t\t\t\r\n\t\t\t\t\t<div class=\"kwayy-tst-contarea-text\">Ao engravidar, com pouco mais de 8 semanas, comecei a ter dores angustiantes no fundo das costas (...)\u00a0 fui-me arrastando assim at\u00e9 quase \u00e0s 30 semanas \ud83e\udd26\ud83c\udffb\u200d\u2640\ufe0f \ud83d\ude31\u00a0 Felizmente descobri a Melanie (...). Senti-me melhor logo ap\u00f3s a primeira sess\u00e3o. A Melanie \u00e9 super competente e profissional. A pr\u00f3xima vez que engravidar n\u00e3o duvido a quem me dirigir. (<a href=\"https:\/\/g.page\/clinicamedicaporto\/review?mt\" rel=\"noopener noreferrer\" target=\"_blank\">ver tudo<\/a>)<\/div>\r\n\t\t\t\t\t\r\n\t\t\t\t<\/div><footer> <div class=\"kwayy-testimonial-img\"><img loading=\"lazy\" decoding=\"async\" width=\"60\" height=\"60\" src=\"https:\/\/clinicamedicadoporto.pt\/staging\/wp-content\/uploads\/2019\/08\/perfil-clinica-medica-do-porto-1-e1604515187835.png\" class=\"attachment-thumbnail size-thumbnail wp-post-image\" alt=\"Imagem-generica-clinica-medica-do-porto\" \/><\/div> <cite class=\"kwayy-testimonial-title\">Lara Mota Pinto<span class=\"kwayy-testimonial-designation\">Utente da Cl\u00ednica M\u00e9dica do Porto<\/span><\/cite><\/footer><\/blockquote><\/div>\n\t<\/div>\n\t<div class=\"kwayy-testimonial-box \"><div class=\"kwayy-testimonial-data\"><blockquote class=\"kwayy-testimonial-text\">\r\n\t\t\t\t<div class=\"contarea\">\t\t\t\t\t\r\n\t\t\t\t\t<div class=\"kwayy-tst-contarea-text\">Um espa\u00e7o para o corpo e para a mente, recomendo!<\/div>\r\n\t\t\t\t\t\r\n\t\t\t\t<\/div><footer> <div class=\"kwayy-testimonial-img\"><img loading=\"lazy\" decoding=\"async\" width=\"60\" height=\"60\" src=\"https:\/\/clinicamedicadoporto.pt\/staging\/wp-content\/uploads\/2020\/03\/isabel-silva-testemunho-clinica-medica-do-porto-e1604518073621.jpg\" class=\"attachment-thumbnail size-thumbnail wp-post-image\" alt=\"isabel-silva-testemunho-clinica-medica-do-porto\" \/><\/div> <cite class=\"kwayy-testimonial-title\">Isabel Silva<span class=\"kwayy-testimonial-designation\">Utente da Cl\u00ednica M\u00e9dica do Porto<\/span><\/cite><\/footer><\/blockquote><\/div>\n\t<\/div>\n\t<div class=\"kwayy-testimonial-box \"><div class=\"kwayy-testimonial-data\"><blockquote class=\"kwayy-testimonial-text\">\r\n\t\t\t\t<div class=\"contarea\">\t\t\t\t\t\r\n\t\t\t\t\t<div class=\"kwayy-tst-contarea-text\">Muita simpatia, profissionalismo e atendimento super personalizado. Recomendo...\r\nA Dra Nelea mto dispon\u00edvel e atenta aos pacientes pequenos e \u00e0s d\u00favidas\/medos dos seus pais:)<\/div>\r\n\t\t\t\t\t\r\n\t\t\t\t<\/div><footer> <div class=\"kwayy-testimonial-img\"><img loading=\"lazy\" decoding=\"async\" width=\"60\" height=\"60\" src=\"https:\/\/clinicamedicadoporto.pt\/staging\/wp-content\/uploads\/2020\/03\/ana-sofia-males-testemunho-clinica-medica-do-porto-e1604518139408.jpg\" class=\"attachment-thumbnail size-thumbnail wp-post-image\" alt=\"ana-sofia-males-testemunho-clinica-medica-do-porto\" \/><\/div> <cite class=\"kwayy-testimonial-title\">Ana S Males<span class=\"kwayy-testimonial-designation\">M\u00e3e de utente da Cl\u00ednica M\u00e9dica do Porto<\/span><\/cite><\/footer><\/blockquote><\/div>\n\t<\/div>\n\t<div class=\"kwayy-testimonial-box \"><div class=\"kwayy-testimonial-data\"><blockquote class=\"kwayy-testimonial-text\">\r\n\t\t\t\t<div class=\"contarea\">\t\t\t\t\t\r\n\t\t\t\t\t<div class=\"kwayy-tst-contarea-text\">Desde o meu 4\u00ba m\u00eas de gravidez fiz sess\u00f5es com a terapeuta Tatiana e que bem que me fizeram. Se n\u00e3o fosse isso a ajudar a resolver a minha ci\u00e1tica, n\u00e3o teria aguentado a gravidez de p\u00e9 at\u00e9 ao fim!<\/div>\r\n\t\t\t\t\t\r\n\t\t\t\t<\/div><footer> <div class=\"kwayy-testimonial-img\"><img loading=\"lazy\" decoding=\"async\" width=\"60\" height=\"60\" src=\"https:\/\/clinicamedicadoporto.pt\/staging\/wp-content\/uploads\/2019\/08\/catia-felix-testemunho-clinica-medica-do-porto-e1604518402653.jpg\" class=\"attachment-thumbnail size-thumbnail wp-post-image\" alt=\"catia-felix-testemunho-clinica-medica-do-porto\" \/><\/div> <cite class=\"kwayy-testimonial-title\">C\u00e1tia Felix<span class=\"kwayy-testimonial-designation\">Paciente da Cl\u00ednica M\u00e9dica do Porto<\/span><\/cite><\/footer><\/blockquote><\/div>\n\t<\/div>\n\t<div class=\"kwayy-testimonial-box \"><div class=\"kwayy-testimonial-data\"><blockquote class=\"kwayy-testimonial-text\">\r\n\t\t\t\t<div class=\"contarea\">\t\t\t\t\t\r\n\t\t\t\t\t<div class=\"kwayy-tst-contarea-text\">Um \u00f3ptimo acolhimento por toda a equipa. Muito profissionais, simp\u00e1ticos e com servi\u00e7os prestados de forma muito humanizada.<\/div>\r\n\t\t\t\t\t\r\n\t\t\t\t<\/div><footer> <div class=\"kwayy-testimonial-img\"><img loading=\"lazy\" decoding=\"async\" width=\"60\" height=\"60\" src=\"https:\/\/clinicamedicadoporto.pt\/staging\/wp-content\/uploads\/2019\/08\/vera-teixeira-testemunho-clinica-medica-do-porto-e1604518276413.jpg\" class=\"attachment-thumbnail size-thumbnail wp-post-image\" alt=\"vera-teixeira-testemunho-clinica-medica-do-porto\" \/><\/div> <cite class=\"kwayy-testimonial-title\">Vera Teixeira<span class=\"kwayy-testimonial-designation\">M\u00e3e do beb\u00e9 J.<\/span><\/cite><\/footer><\/blockquote><\/div>\n\t<\/div>\n\t<div class=\"kwayy-testimonial-box \"><div class=\"kwayy-testimonial-data\"><blockquote class=\"kwayy-testimonial-text\">\r\n\t\t\t\t<div class=\"contarea\">\t\t\t\t\t\r\n\t\t\t\t\t<div class=\"kwayy-tst-contarea-text\">Um espa\u00e7o que reune excelentes profissionais onde a simpatia \u00e9 o cart\u00e3o de boas-vindas. Obrigada em especial \u00e0 terapeuta Tatiana Sousa. Bem-hajam e continuem o \u00f3timo trabalho.<\/div>\r\n\t\t\t\t\t\r\n\t\t\t\t<\/div><footer> <div class=\"kwayy-testimonial-img\"><img loading=\"lazy\" decoding=\"async\" width=\"60\" height=\"60\" src=\"https:\/\/clinicamedicadoporto.pt\/staging\/wp-content\/uploads\/2019\/08\/raquel-vilares-testemunho-clinica-medica-do-porto-e1604518379616.jpg\" class=\"attachment-thumbnail size-thumbnail wp-post-image\" alt=\"raquel-vilares-testemunho-clinica-medica-do-porto\" \/><\/div> <cite class=\"kwayy-testimonial-title\">Raquel Vilares<span class=\"kwayy-testimonial-designation\">Paciente da Cl\u00ednica M\u00e9dica do Porto<\/span><\/cite><\/footer><\/blockquote><\/div>\n\t<\/div>\n\t<div class=\"kwayy-testimonial-box \"><div class=\"kwayy-testimonial-data\"><blockquote class=\"kwayy-testimonial-text\">\r\n\t\t\t\t<div class=\"contarea\">\t\t\t\t\t\r\n\t\t\t\t\t<div class=\"kwayy-tst-contarea-text\">Grupo de profissionais muito competentes. Dou especial elogio ao trabalho da terapeuta Tatiana Calv\u00e3o Sousa que tanto me ajudou.<\/div>\r\n\t\t\t\t\t\r\n\t\t\t\t<\/div><footer> <div class=\"kwayy-testimonial-img\"><img loading=\"lazy\" decoding=\"async\" width=\"60\" height=\"60\" src=\"https:\/\/clinicamedicadoporto.pt\/staging\/wp-content\/uploads\/2019\/08\/catia-felix-testemunho-clinica-medica-do-porto-e1604518402653.jpg\" class=\"attachment-thumbnail size-thumbnail wp-post-image\" alt=\"catia-felix-testemunho-clinica-medica-do-porto\" \/><\/div> <cite class=\"kwayy-testimonial-title\">C\u00e1tia Felix<span class=\"kwayy-testimonial-designation\">Paciente da Cl\u00ednica M\u00e9dica do Porto<\/span><\/cite><\/footer><\/blockquote><\/div>\n\t<\/div>\n\t<div class=\"kwayy-testimonial-box \"><div class=\"kwayy-testimonial-data\"><blockquote class=\"kwayy-testimonial-text\">\r\n\t\t\t\t<div class=\"contarea\">\t\t\t\t\t\r\n\t\t\t\t\t<div class=\"kwayy-tst-contarea-text\">Espa\u00e7o muito bonito e acolhedor, excelente organiza\u00e7\u00e3o e agenda \ud83d\udc4d Simpatia e profissionalismo top \ud83d\udc4c<\/div>\r\n\t\t\t\t\t\r\n\t\t\t\t<\/div><footer> <div class=\"kwayy-testimonial-img\"><img loading=\"lazy\" decoding=\"async\" width=\"60\" height=\"60\" src=\"https:\/\/clinicamedicadoporto.pt\/staging\/wp-content\/uploads\/2019\/07\/vera-morgado-testemunho-clinica-medica-porto-e1604518447666.jpg\" class=\"attachment-thumbnail size-thumbnail wp-post-image\" alt=\"vera-morgado-testemunho-clinica-medica-porto\" \/><\/div> <cite class=\"kwayy-testimonial-title\">Vera Morgado<span class=\"kwayy-testimonial-designation\">Paciente da Cl\u00ednica M\u00e9dica do Porto<\/span><\/cite><\/footer><\/blockquote><\/div>\n\t<\/div>\n\t<div class=\"kwayy-testimonial-box \"><div class=\"kwayy-testimonial-data\"><blockquote class=\"kwayy-testimonial-text\">\r\n\t\t\t\t<div class=\"contarea\">\t\t\t\t\t\r\n\t\t\t\t\t<div class=\"kwayy-tst-contarea-text\">Profissionais atenciosos, proactivos e com um excelente know how.\r\nObrigada \u00e0 equipa e parab\u00e9ns pelo standard elevado que mant\u00e9m!<\/div>\r\n\t\t\t\t\t\r\n\t\t\t\t<\/div><footer> <div class=\"kwayy-testimonial-img\"><img loading=\"lazy\" decoding=\"async\" width=\"96\" height=\"96\" src=\"https:\/\/clinicamedicadoporto.pt\/staging\/wp-content\/uploads\/2018\/03\/sneha-Divias-clinica-medica-do-porto-150x150.jpg\" class=\"attachment-thumbnail size-thumbnail wp-post-image\" alt=\"sneha-Divias-clinica-medica-do-porto\" srcset=\"https:\/\/clinicamedicadoporto.pt\/staging\/wp-content\/uploads\/2018\/03\/sneha-Divias-clinica-medica-do-porto-150x150.jpg 150w, https:\/\/clinicamedicadoporto.pt\/staging\/wp-content\/uploads\/2018\/03\/sneha-Divias-clinica-medica-do-porto-300x300.jpg 300w, https:\/\/clinicamedicadoporto.pt\/staging\/wp-content\/uploads\/2018\/03\/sneha-Divias-clinica-medica-do-porto-e1604518901587.jpg 60w\" sizes=\"auto, (max-width: 96px) 100vw, 96px\" \/><\/div> <cite class=\"kwayy-testimonial-title\">Sneha Divias<span class=\"kwayy-testimonial-designation\">Paciente da Cl\u00ednica M\u00e9dica do Porto<\/span><\/cite><\/footer><\/blockquote><\/div>\n\t<\/div>\n\t<div class=\"kwayy-testimonial-box \"><div class=\"kwayy-testimonial-data\"><blockquote class=\"kwayy-testimonial-text\">\r\n\t\t\t\t<div class=\"contarea\">\t\t\t\t\t\r\n\t\t\t\t\t<div class=\"kwayy-tst-contarea-text\">O meu sonho de ser m\u00e3e, convosco tornou-se numa t\u00e3o boa realidade. Obrigada Dra Tatiana.\r\nExcelentes profissionais, muito competentes e atenciosos.<\/div>\r\n\t\t\t\t\t\r\n\t\t\t\t<\/div><footer> <div class=\"kwayy-testimonial-img\"><img loading=\"lazy\" decoding=\"async\" width=\"96\" height=\"96\" src=\"https:\/\/clinicamedicadoporto.pt\/staging\/wp-content\/uploads\/2017\/08\/Patri\u0301cia-Raquel-Leite-testemunho-Acupuntura-fertilidade-Tatiana-Sousa-Clinica-Medica-do-Porto-150x150.jpg\" class=\"attachment-thumbnail size-thumbnail wp-post-image\" alt=\"Patri\u0301cia-Raquel-Leite-testemunho-Acupuntura-fertilidade-Tatiana-Sousa-Clinica-Medica-do-Porto\" srcset=\"https:\/\/clinicamedicadoporto.pt\/staging\/wp-content\/uploads\/2017\/08\/Patri\u0301cia-Raquel-Leite-testemunho-Acupuntura-fertilidade-Tatiana-Sousa-Clinica-Medica-do-Porto-150x150.jpg 150w, https:\/\/clinicamedicadoporto.pt\/staging\/wp-content\/uploads\/2017\/08\/Patri\u0301cia-Raquel-Leite-testemunho-Acupuntura-fertilidade-Tatiana-Sousa-Clinica-Medica-do-Porto-300x300.jpg 300w, https:\/\/clinicamedicadoporto.pt\/staging\/wp-content\/uploads\/2017\/08\/Patri\u0301cia-Raquel-Leite-testemunho-Acupuntura-fertilidade-Tatiana-Sousa-Clinica-Medica-do-Porto-e1604519149917.jpg 60w\" sizes=\"auto, (max-width: 96px) 100vw, 96px\" \/><\/div> <cite class=\"kwayy-testimonial-title\">Patr\u00edcia Leite<span class=\"kwayy-testimonial-designation\">M\u00e3e do Jo\u00e3o<\/span><\/cite><\/footer><\/blockquote><\/div>\n\t<\/div>\n\t<div class=\"kwayy-testimonial-box \"><div class=\"kwayy-testimonial-data\"><blockquote class=\"kwayy-testimonial-text\">\r\n\t\t\t\t<div class=\"contarea\">\t\t\t\t\t\r\n\t\t\t\t\t<div class=\"kwayy-tst-contarea-text\">Com a gravidez vieram as dores de costas e ci\u00e1tica, por\u00e9m uma vez mais as sess\u00f5es de acupuntura com a Tatiana foram fundamentais para conseguir ultrapassar aquela fase menos simp\u00e1tica da gesta\u00e7\u00e3o<\/div>\r\n\t\t\t\t\t\r\n\t\t\t\t<\/div><footer> <div class=\"kwayy-testimonial-img\"><img loading=\"lazy\" decoding=\"async\" width=\"60\" height=\"60\" src=\"https:\/\/clinicamedicadoporto.pt\/staging\/wp-content\/uploads\/2016\/10\/alzira-almeida-testemunho-clinica-medica-do-porto.jpg\" class=\"attachment-thumbnail size-thumbnail wp-post-image\" alt=\"\" \/><\/div> <cite class=\"kwayy-testimonial-title\">Alzira Almeida<span class=\"kwayy-testimonial-designation\">Paciente da Cl\u00ednica M\u00e9dica do Porto<\/span><\/cite><\/footer><\/blockquote><\/div>\n\t<\/div>\n\t<\/div><\/div>[\/vc_column_inner][\/vc_row_inner][vc_row_inner][vc_column_inner offset=&#8221;vc_hidden-lg vc_hidden-md&#8221;][vc_column_text]<\/p>\n<h2 class=\"kwayy-heading-align-center\" style=\"text-align: center\"><span style=\"text-align: center;font-size: 200%;font-weight: bold;line-height: 1EM;color: #70c2b4\">Estas s\u00e3o algumas das pessoas que nos fazem querer ser melhores a cada dia que passa.<br \/>\nConhe\u00e7a os seus testemunhos!<\/span><\/h2>\n<p>[\/vc_column_text]\n\t<div class=\"kwayy-testimonial-wrapper kwayy-effect-carousel kwayy-items-col-one kwayy-carousel-col-one\" data-autoplay=\"1\" data-autoplayspeed=\"800\" data-autoplaytimeout=\"4500\" data-loop=\"1\"><div class=\" kwayy-items-wrapper kwayy-carousel-items-wrapper\">\n\t<div class=\"kwayy-testimonial-box \"><div class=\"kwayy-testimonial-data\"><blockquote class=\"kwayy-testimonial-text\">\r\n\t\t\t\t<div class=\"contarea\">\t\t\t\t\t\r\n\t\t\t\t\t<div class=\"kwayy-tst-contarea-text\">Experi\u00eancia 5 estrelas. Muito satisfeita com o acompanhamento na Cl\u00ednica M\u00e9dica do Porto. Atendimento educado, atencioso e descomplicado. Ambiente tranquilo. (...) A Terapeuta Tatiana Sousa \u00e9 uma excelente profissional, muito cuidadosa e emp\u00e1tica. \r\nParab\u00e9ns!<\/div>\r\n\t\t\t\t\t\r\n\t\t\t\t<\/div><footer> <div class=\"kwayy-testimonial-img\"><img loading=\"lazy\" decoding=\"async\" width=\"96\" height=\"96\" src=\"https:\/\/clinicamedicadoporto.pt\/staging\/wp-content\/uploads\/2025\/09\/foto-testemunho-maria-brandao.png\" class=\"attachment-thumbnail size-thumbnail wp-post-image\" alt=\"\" \/><\/div> <cite class=\"kwayy-testimonial-title\">Maria Brand\u00e3o<span class=\"kwayy-testimonial-designation\">Paciente da Cl\u00ednica M\u00e9dica do Porto<\/span><\/cite><\/footer><\/blockquote><\/div>\n\t<\/div>\n\t<div class=\"kwayy-testimonial-box \"><div class=\"kwayy-testimonial-data\"><blockquote class=\"kwayy-testimonial-text\">\r\n\t\t\t\t<div class=\"contarea\">\t\t\t\t\t\r\n\t\t\t\t\t<div class=\"kwayy-tst-contarea-text\">Depois de tanto tentar, a acupuntura de fertilidade com a incr\u00edvel Dra. Tatiana Sousa fez-me alcan\u00e7ar o sonho da maternidade - ESTOU GR\u00c1VIDA! (...)\r\n\r\nA Dra. Tatiana foi minha anjinha da guarda nesta jornada. Seu conhecimento profundo em medicina tradicional chinesa para concep\u00e7\u00e3o (regula\u00e7\u00e3o hormonal, fluxo energ\u00e9tico e prepara\u00e7\u00e3o do \u00fatero) fez toda a diferen\u00e7a!\r\n\r\n<\/div>\r\n\t\t\t\t\t\r\n\t\t\t\t<\/div><footer> <div class=\"kwayy-testimonial-img\"><img loading=\"lazy\" decoding=\"async\" width=\"72\" height=\"72\" src=\"https:\/\/clinicamedicadoporto.pt\/staging\/wp-content\/uploads\/2025\/06\/Foto-Testemunho-Ana-Marques.png\" class=\"attachment-thumbnail size-thumbnail wp-post-image\" alt=\"Foto de utente relativa ao testemunho da consulta de Fertilidade e Medicina Chinesa da Clinica Medica do Porto\" \/><\/div> <cite class=\"kwayy-testimonial-title\">Ana Marques<span class=\"kwayy-testimonial-designation\">Paciente da Cl\u00ednica M\u00e9dica do Porto<\/span><\/cite><\/footer><\/blockquote><\/div>\n\t<\/div>\n\t<div class=\"kwayy-testimonial-box \"><div class=\"kwayy-testimonial-data\"><blockquote class=\"kwayy-testimonial-text\">\r\n\t\t\t\t<div class=\"contarea\">\t\t\t\t\t\r\n\t\t\t\t\t<div class=\"kwayy-tst-contarea-text\">Sou acompanhada pela Dra Tatiana Calv\u00e3o Sousa h\u00e1 mais de um ano. Conheci a Medicina Tradicional Chinesa e os benef\u00edcios da Acupuntura nessa altura recomendada por algu\u00e9m que j\u00e1 fazia com ela e estou rendida ao impacto que tiveram na melhoria da minha sa\u00fade e bem-estar (...) para al\u00e9m de ser uma excelente profissional dotada de muito conhecimento na \u00e1rea da fertilidade \u00e9 uma pessoa muito emp\u00e1tica e dispon\u00edvel para ajudar.\r\n\r\nRecomendo vivamente!<\/div>\r\n\t\t\t\t\t\r\n\t\t\t\t<\/div><footer> <div class=\"kwayy-testimonial-img\"><img loading=\"lazy\" decoding=\"async\" width=\"72\" height=\"72\" src=\"https:\/\/clinicamedicadoporto.pt\/staging\/wp-content\/uploads\/2025\/06\/Foto-Testemunho-Marta-Garrido.png\" class=\"attachment-thumbnail size-thumbnail wp-post-image\" alt=\"Foto de utente relativa ao testemunho da consulta de Medicina Tradicional Chinesa da Clinica Medica do Porto\" \/><\/div> <cite class=\"kwayy-testimonial-title\">Marta Garrido<span class=\"kwayy-testimonial-designation\">Paciente da Cl\u00ednica M\u00e9dica do Porto<\/span><\/cite><\/footer><\/blockquote><\/div>\n\t<\/div>\n\t<div class=\"kwayy-testimonial-box \"><div class=\"kwayy-testimonial-data\"><blockquote class=\"kwayy-testimonial-text\">\r\n\t\t\t\t<div class=\"contarea\">\t\t\t\t\t\r\n\t\t\t\t\t<div class=\"kwayy-tst-contarea-text\">Fomos a uma consulta de Homeopatia Pedi\u00e1trica e adoramos todo o atendimento desde a recep\u00e7\u00e3o, \u00e1 consulta e mesmo ap\u00f3s a consulta. \r\nRecomendo<\/div>\r\n\t\t\t\t\t\r\n\t\t\t\t<\/div><footer> <div class=\"kwayy-testimonial-img\"><img loading=\"lazy\" decoding=\"async\" width=\"96\" height=\"96\" src=\"https:\/\/clinicamedicadoporto.pt\/staging\/wp-content\/uploads\/2025\/03\/Foto-Testemunho-Sandra-Araujo.png\" class=\"attachment-thumbnail size-thumbnail wp-post-image\" alt=\"Foto Testemunho Sandra Arau\u0301jo\" \/><\/div> <cite class=\"kwayy-testimonial-title\">Sandra Ara\u00fajo<span class=\"kwayy-testimonial-designation\">Paciente da Cl\u00ednica M\u00e9dica do Porto<\/span><\/cite><\/footer><\/blockquote><\/div>\n\t<\/div>\n\t<div class=\"kwayy-testimonial-box \"><div class=\"kwayy-testimonial-data\"><blockquote class=\"kwayy-testimonial-text\">\r\n\t\t\t\t<div class=\"contarea\">\t\t\t\t\t\r\n\t\t\t\t\t<div class=\"kwayy-tst-contarea-text\">\u00d3timo atendimento de toda a equipe, do agendamento \u00e0 consulta, impec\u00e1veis! Servi\u00e7o de qualidade prestado em toda a experi\u00eancia do cliente. Me senti muito bem!<\/div>\r\n\t\t\t\t\t\r\n\t\t\t\t<\/div><footer> <div class=\"kwayy-testimonial-img\"><img loading=\"lazy\" decoding=\"async\" width=\"96\" height=\"96\" src=\"https:\/\/clinicamedicadoporto.pt\/staging\/wp-content\/uploads\/2018\/07\/perfil-clinica-medica-do-porto-150x150.png\" class=\"attachment-thumbnail size-thumbnail wp-post-image\" alt=\"perfil-feminino-clinica-medica-do-porto\" srcset=\"https:\/\/clinicamedicadoporto.pt\/staging\/wp-content\/uploads\/2018\/07\/perfil-clinica-medica-do-porto-150x150.png 150w, https:\/\/clinicamedicadoporto.pt\/staging\/wp-content\/uploads\/2018\/07\/perfil-clinica-medica-do-porto-300x300.png 300w, https:\/\/clinicamedicadoporto.pt\/staging\/wp-content\/uploads\/2018\/07\/perfil-clinica-medica-do-porto-e1604515282169.png 60w\" sizes=\"auto, (max-width: 96px) 100vw, 96px\" \/><\/div> <cite class=\"kwayy-testimonial-title\">Suellen Cunha<span class=\"kwayy-testimonial-designation\">M\u00e3e de Paciente da Cl\u00ednica M\u00e9dica do Porto<\/span><\/cite><\/footer><\/blockquote><\/div>\n\t<\/div>\n\t<div class=\"kwayy-testimonial-box \"><div class=\"kwayy-testimonial-data\"><blockquote class=\"kwayy-testimonial-text\">\r\n\t\t\t\t<div class=\"contarea\">\t\t\t\t\t\r\n\t\t\t\t\t<div class=\"kwayy-tst-contarea-text\">Muito obrigada.\r\nS\u00e3o muito simp\u00e1ticos.<\/div>\r\n\t\t\t\t\t\r\n\t\t\t\t<\/div><footer> <div class=\"kwayy-testimonial-img\"><img loading=\"lazy\" decoding=\"async\" width=\"60\" height=\"60\" src=\"https:\/\/clinicamedicadoporto.pt\/staging\/wp-content\/uploads\/2024\/05\/Foto-Testemunho-Teresa-Tudela.png\" class=\"attachment-thumbnail size-thumbnail wp-post-image\" alt=\"Imagem avatar de testemunho da Cl\u00ednica M\u00e9dica do Porto\" \/><\/div> <cite class=\"kwayy-testimonial-title\">Teresa Tudela<span class=\"kwayy-testimonial-designation\">Paciente da Cl\u00ednica M\u00e9dica do Porto<\/span><\/cite><\/footer><\/blockquote><\/div>\n\t<\/div>\n\t<div class=\"kwayy-testimonial-box \"><div class=\"kwayy-testimonial-data\"><blockquote class=\"kwayy-testimonial-text\">\r\n\t\t\t\t<div class=\"contarea\">\t\t\t\t\t\r\n\t\t\t\t\t<div class=\"kwayy-tst-contarea-text\">Boas condi\u00e7\u00f5es. \r\nProfissionais simp\u00e1ticos e competentes. \r\nUma boa experi\u00eancia. <\/div>\r\n\t\t\t\t\t\r\n\t\t\t\t<\/div><footer> <div class=\"kwayy-testimonial-img\"><img loading=\"lazy\" decoding=\"async\" width=\"1\" height=\"1\" src=\"https:\/\/clinicamedicadoporto.pt\/staging\/wp-content\/uploads\/2021\/06\/perfil-clinica-medica-do-porto-webhp.png\" class=\"attachment-thumbnail size-thumbnail wp-post-image\" alt=\"imagem-perfil-feminio-clinica-medica-do-porto\" \/><\/div> <cite class=\"kwayy-testimonial-title\">Sara Fernandes<span class=\"kwayy-testimonial-designation\">Paciente da Cl\u00ednica M\u00e9dica do Porto<\/span><\/cite><\/footer><\/blockquote><\/div>\n\t<\/div>\n\t<div class=\"kwayy-testimonial-box \"><div class=\"kwayy-testimonial-data\"><blockquote class=\"kwayy-testimonial-text\">\r\n\t\t\t\t<div class=\"contarea\">\t\t\t\t\t\r\n\t\t\t\t\t<div class=\"kwayy-tst-contarea-text\">Gostei muito do atendimento.\r\nMuito simp\u00e1ticas e amorosas para a minha filha, sem d\u00favida, caso necessite, voltarei a escolher a Cl\u00ednica M\u00e9dica do Porto.\r\nAgradecida.<\/div>\r\n\t\t\t\t\t\r\n\t\t\t\t<\/div><footer> <div class=\"kwayy-testimonial-img\"><img loading=\"lazy\" decoding=\"async\" width=\"1\" height=\"1\" src=\"https:\/\/clinicamedicadoporto.pt\/staging\/wp-content\/uploads\/2021\/06\/perfil-clinica-medica-do-porto-webhp.png\" class=\"attachment-thumbnail size-thumbnail wp-post-image\" alt=\"imagem-perfil-feminio-clinica-medica-do-porto\" \/><\/div> <cite class=\"kwayy-testimonial-title\">Tatiana Silva<span class=\"kwayy-testimonial-designation\">M\u00e3e de Paciente da Cl\u00ednica M\u00e9dica do Porto<\/span><\/cite><\/footer><\/blockquote><\/div>\n\t<\/div>\n\t<div class=\"kwayy-testimonial-box \"><div class=\"kwayy-testimonial-data\"><blockquote class=\"kwayy-testimonial-text\">\r\n\t\t\t\t<div class=\"contarea\">\t\t\t\t\t\r\n\t\t\t\t\t<div class=\"kwayy-tst-contarea-text\">Foi uma experi\u00eancia muito agrad\u00e1vel nesta cl\u00ednica, com um bom acolhimento e um m\u00e9dico competente que presta aten\u00e7\u00e3o ao paciente e adoro o facto de serem recomendados rem\u00e9dios naturais, recomendo vivamente.<\/div>\r\n\t\t\t\t\t\r\n\t\t\t\t<\/div><footer> <div class=\"kwayy-testimonial-img\"><img loading=\"lazy\" decoding=\"async\" width=\"1\" height=\"1\" src=\"https:\/\/clinicamedicadoporto.pt\/staging\/wp-content\/uploads\/2021\/06\/perfil-clinica-medica-do-porto-webhp.png\" class=\"attachment-thumbnail size-thumbnail wp-post-image\" alt=\"imagem-perfil-feminio-clinica-medica-do-porto\" \/><\/div> <cite class=\"kwayy-testimonial-title\">Carlita<span class=\"kwayy-testimonial-designation\">Paciente da Cl\u00ednica M\u00e9dica do Porto<\/span><\/cite><\/footer><\/blockquote><\/div>\n\t<\/div>\n\t<div class=\"kwayy-testimonial-box \"><div class=\"kwayy-testimonial-data\"><blockquote class=\"kwayy-testimonial-text\">\r\n\t\t\t\t<div class=\"contarea\">\t\t\t\t\t\r\n\t\t\t\t\t<div class=\"kwayy-tst-contarea-text\">Desde o nascimento que a minha filha \u00e9 acompanhada pela Dra Nelea Afanas na consulta de Pediatria. \r\nA Dra Nelea \u00e9 muito am\u00e1vel, dispon\u00edvel e profissional. Tem uma abordagem muito integrada que a distingue.\r\nRecomendo!<\/div>\r\n\t\t\t\t\t\r\n\t\t\t\t<\/div><footer> <div class=\"kwayy-testimonial-img\"><img loading=\"lazy\" decoding=\"async\" width=\"96\" height=\"96\" src=\"https:\/\/clinicamedicadoporto.pt\/staging\/wp-content\/uploads\/2023\/10\/Foto-Testemunho-Tatiana-Sousa.png\" class=\"attachment-thumbnail size-thumbnail wp-post-image\" alt=\"Foto Testemunho-Tatiana Calv\u00e3o Sousa\" \/><\/div> <cite class=\"kwayy-testimonial-title\">Tatiana Sousa<span class=\"kwayy-testimonial-designation\">M\u00e3e de Paciente da Cl\u00ednica M\u00e9dica do Porto<\/span><\/cite><\/footer><\/blockquote><\/div>\n\t<\/div>\n\t<div class=\"kwayy-testimonial-box \"><div class=\"kwayy-testimonial-data\"><blockquote class=\"kwayy-testimonial-text\">\r\n\t\t\t\t<div class=\"contarea\">\t\t\t\t\t\r\n\t\t\t\t\t<div class=\"kwayy-tst-contarea-text\">Muito am\u00e1veis, desde a rece\u00e7\u00e3o ao corpo cl\u00ednico. \r\nRecomendo!\r\n\r\n<\/div>\r\n\t\t\t\t\t\r\n\t\t\t\t<\/div><footer> <div class=\"kwayy-testimonial-img\"><img loading=\"lazy\" decoding=\"async\" width=\"96\" height=\"96\" src=\"https:\/\/clinicamedicadoporto.pt\/staging\/wp-content\/uploads\/2023\/06\/Foto-Marta-Lima.png\" class=\"attachment-thumbnail size-thumbnail wp-post-image\" alt=\"Foto-Marta-Lima\" \/><\/div> <cite class=\"kwayy-testimonial-title\">Marta Lima<span class=\"kwayy-testimonial-designation\">Paciente da Cl\u00ednica M\u00e9dica do Porto<\/span><\/cite><\/footer><\/blockquote><\/div>\n\t<\/div>\n\t<div class=\"kwayy-testimonial-box \"><div class=\"kwayy-testimonial-data\"><blockquote class=\"kwayy-testimonial-text\">\r\n\t\t\t\t<div class=\"contarea\">\t\t\t\t\t\r\n\t\t\t\t\t<div class=\"kwayy-tst-contarea-text\">Cl\u00ednica com as mais diversas val\u00eancias na \u00e1rea da sa\u00fade, perfeita para que todas as necessidades possam ser respondidas num \u00fanico local, sempre com profissionais de excel\u00eancia.\r\n\r\nEspecial destaque e carinho pela Terapeuta Tatiana, uma profissional altamente capacitada e competente, com um lado humano indiscrit\u00edvel, algu\u00e9m a quem nunca terei palavras suficientes para exprimir a minha gratid\u00e3o.<\/div>\r\n\t\t\t\t\t\r\n\t\t\t\t<\/div><footer> <div class=\"kwayy-testimonial-img\"><img loading=\"lazy\" decoding=\"async\" width=\"96\" height=\"96\" src=\"https:\/\/clinicamedicadoporto.pt\/staging\/wp-content\/uploads\/2022\/12\/Foto-Testemunho-Joana-Cardoso.png\" class=\"attachment-thumbnail size-thumbnail wp-post-image\" alt=\"Foto-Testemunho-Joana-Cardoso\" \/><\/div> <cite class=\"kwayy-testimonial-title\">Joana Cardoso<span class=\"kwayy-testimonial-designation\">Paciente da Cl\u00ednica M\u00e9dica do Porto<\/span><\/cite><\/footer><\/blockquote><\/div>\n\t<\/div>\n\t<div class=\"kwayy-testimonial-box \"><div class=\"kwayy-testimonial-data\"><blockquote class=\"kwayy-testimonial-text\">\r\n\t\t\t\t<div class=\"contarea\">\t\t\t\t\t\r\n\t\t\t\t\t<div class=\"kwayy-tst-contarea-text\">O ambiente acolhedor, o profissionalismo de toda a equipa e a confian\u00e7a que a Dr.\u00aa Tatiana transmite em consulta, s\u00e3o motivos para depositar toda minha confian\u00e7a no trabalho que procurarei desenvolver em conjunto com cada uma das pessoas da clinica, envolvidas no processo de tratamento.<\/div>\r\n\t\t\t\t\t\r\n\t\t\t\t<\/div><footer> <div class=\"kwayy-testimonial-img\"><img loading=\"lazy\" decoding=\"async\" width=\"96\" height=\"96\" src=\"https:\/\/clinicamedicadoporto.pt\/staging\/wp-content\/uploads\/2022\/05\/Foto-Testemunho-Hoana-Mimoso-Guimara\u0303es.png\" class=\"attachment-thumbnail size-thumbnail wp-post-image\" alt=\"Foto de Joana Guimar\u00e3es paciente da Cl\u00ednica M\u00e9dica do Porto\" \/><\/div> <cite class=\"kwayy-testimonial-title\">Joana Mimoso Guimar\u00e3es<span class=\"kwayy-testimonial-designation\">Paciente da Cl\u00ednica M\u00e9dica do Porto<\/span><\/cite><\/footer><\/blockquote><\/div>\n\t<\/div>\n\t<div class=\"kwayy-testimonial-box \"><div class=\"kwayy-testimonial-data\"><blockquote class=\"kwayy-testimonial-text\">\r\n\t\t\t\t<div class=\"contarea\">\t\t\t\t\t\r\n\t\t\t\t\t<div class=\"kwayy-tst-contarea-text\">Levei meu filho de 5 anos para uma consulta pedi\u00e1trica e fomos muito bem atendidos. Cordialidade e pontualidade impec\u00e1veis, al\u00e9m da compet\u00eancia e carinho da Dra. Nelea.<\/div>\r\n\t\t\t\t\t\r\n\t\t\t\t<\/div><footer> <div class=\"kwayy-testimonial-img\"><img loading=\"lazy\" decoding=\"async\" width=\"96\" height=\"96\" src=\"https:\/\/clinicamedicadoporto.pt\/staging\/wp-content\/uploads\/2022\/05\/Foto-Testemunho-Marina-Azevedo.png\" class=\"attachment-thumbnail size-thumbnail wp-post-image\" alt=\"Testemunho Marina Azevedo Pediatria\" \/><\/div> <cite class=\"kwayy-testimonial-title\">Marina Azevedo<span class=\"kwayy-testimonial-designation\">M\u00e3e de Paciente da Cl\u00ednica M\u00e9dica do Porto<\/span><\/cite><\/footer><\/blockquote><\/div>\n\t<\/div>\n\t<div class=\"kwayy-testimonial-box \"><div class=\"kwayy-testimonial-data\"><blockquote class=\"kwayy-testimonial-text\">\r\n\t\t\t\t<div class=\"contarea\">\t\t\t\t\t\r\n\t\t\t\t\t<div class=\"kwayy-tst-contarea-text\">Sou seguida pela terapeuta Tatiana Sousa, especialista em medicina tradicional chinesa (ginecologia \/obstetr\u00edcia). \r\n\r\nAo longo destes meses de acupuntura e fitoterapia (novidades para mim), estou extremamente satisfeita com os resultados e com o atendimento, atento e personalizado, da Tatiana e restante equipa da cl\u00ednica. \r\n\r\nRecomendo vivamente!<\/div>\r\n\t\t\t\t\t\r\n\t\t\t\t<\/div><footer> <div class=\"kwayy-testimonial-img\"><img loading=\"lazy\" decoding=\"async\" width=\"60\" height=\"60\" src=\"https:\/\/clinicamedicadoporto.pt\/staging\/wp-content\/uploads\/2019\/08\/perfil-clinica-medica-do-porto-1-e1604515187835.png\" class=\"attachment-thumbnail size-thumbnail wp-post-image\" alt=\"Imagem-generica-clinica-medica-do-porto\" \/><\/div> <cite class=\"kwayy-testimonial-title\">Ana Isabel Ribeiro<span class=\"kwayy-testimonial-designation\">Paciente da Cl\u00ednica M\u00e9dica do Porto<\/span><\/cite><\/footer><\/blockquote><\/div>\n\t<\/div>\n\t<div class=\"kwayy-testimonial-box \"><div class=\"kwayy-testimonial-data\"><blockquote class=\"kwayy-testimonial-text\">\r\n\t\t\t\t<div class=\"contarea\">\t\t\t\t\t\r\n\t\t\t\t\t<div class=\"kwayy-tst-contarea-text\">Super bem atendida com todo o cuidado necess\u00e1rio. J\u00e1 conhecia o Dr Tiago pois foi m\u00e9dico do meu filho. Recomendo 5*<\/div>\r\n\t\t\t\t\t\r\n\t\t\t\t<\/div><footer> <div class=\"kwayy-testimonial-img\"><img loading=\"lazy\" decoding=\"async\" width=\"60\" height=\"60\" src=\"https:\/\/clinicamedicadoporto.pt\/staging\/wp-content\/uploads\/2021\/09\/Foto-Janina-Ribeiro.png\" class=\"attachment-thumbnail size-thumbnail wp-post-image\" alt=\"Foto-Janina Ribeiro\" \/><\/div> <cite class=\"kwayy-testimonial-title\">Janina Ribeiro<span class=\"kwayy-testimonial-designation\">Paciente da Cl\u00ednica M\u00e9dica do Porto<\/span><\/cite><\/footer><\/blockquote><\/div>\n\t<\/div>\n\t<div class=\"kwayy-testimonial-box \"><div class=\"kwayy-testimonial-data\"><blockquote class=\"kwayy-testimonial-text\">\r\n\t\t\t\t<div class=\"contarea\">\t\t\t\t\t\r\n\t\t\t\t\t<div class=\"kwayy-tst-contarea-text\">... resolvi marcar uma consulta com a ginecologista Dra. Erminia, adorei a consulta, ela tirou todas as d\u00favidas que eu tinha e solicitou as an\u00e1lises de sangue que eu queria fazer (...) a Dra. Erminia me mandou uma receita, via SMS para que eu come\u00e7asse o tratamento com ferro. Na cl\u00ednica as profissionais s\u00e3o muito atenciosas (recep\u00e7\u00e3o e m\u00e9dica) e est\u00e3o prontas para te atender bem, al\u00e9m do mais, na consulta, pude fazer o ultrassom e ver mais uma vez a minha beb\u00ea.<\/div>\r\n\t\t\t\t\t\r\n\t\t\t\t<\/div><footer> <div class=\"kwayy-testimonial-img\"><img loading=\"lazy\" decoding=\"async\" width=\"1\" height=\"1\" src=\"https:\/\/clinicamedicadoporto.pt\/staging\/wp-content\/uploads\/2021\/06\/Hillary-E.png\" class=\"attachment-thumbnail size-thumbnail wp-post-image\" alt=\"Testemunho de Hillary E\" \/><\/div> <cite class=\"kwayy-testimonial-title\">Hillary E<span class=\"kwayy-testimonial-designation\">Paciente da Cl\u00ednica M\u00e9dica do Porto<\/span><\/cite><\/footer><\/blockquote><\/div>\n\t<\/div>\n\t<div class=\"kwayy-testimonial-box \"><div class=\"kwayy-testimonial-data\"><blockquote class=\"kwayy-testimonial-text\">\r\n\t\t\t\t<div class=\"contarea\">\t\t\t\t\t\r\n\t\t\t\t\t<div class=\"kwayy-tst-contarea-text\">Excelentes profissionais e atendimento.<\/div>\r\n\t\t\t\t\t\r\n\t\t\t\t<\/div><footer> <div class=\"kwayy-testimonial-img\"><img loading=\"lazy\" decoding=\"async\" width=\"60\" height=\"60\" src=\"https:\/\/clinicamedicadoporto.pt\/staging\/wp-content\/uploads\/2021\/05\/Sara-Moreira.png\" class=\"attachment-thumbnail size-thumbnail wp-post-image\" alt=\"Testemunho de Sara Moreira\" \/><\/div> <cite class=\"kwayy-testimonial-title\">Sara Moreira<\/cite><\/footer><\/blockquote><\/div>\n\t<\/div>\n\t<div class=\"kwayy-testimonial-box \"><div class=\"kwayy-testimonial-data\"><blockquote class=\"kwayy-testimonial-text\">\r\n\t\t\t\t<div class=\"contarea\">\t\t\t\t\t\r\n\t\t\t\t\t<div class=\"kwayy-tst-contarea-text\">Levei o meu beb\u00e9 a uma consulta de osteopatia com o Dr. Tiago e adoramos tudo, da rece\u00e7\u00e3o \u00e0 consulta! \r\nMuito atenciosos, cuidadosos e gentis.<\/div>\r\n\t\t\t\t\t\r\n\t\t\t\t<\/div><footer> <div class=\"kwayy-testimonial-img\"><img loading=\"lazy\" decoding=\"async\" width=\"60\" height=\"60\" src=\"https:\/\/clinicamedicadoporto.pt\/staging\/wp-content\/uploads\/2021\/04\/Foto-Luana-Vasconcelos.png\" class=\"attachment-thumbnail size-thumbnail wp-post-image\" alt=\"Foto-Luana-Vasconcelos\" \/><\/div> <cite class=\"kwayy-testimonial-title\">Luana Vasconcelos<span class=\"kwayy-testimonial-designation\">Paciente da Cl\u00ednica M\u00e9dica do Porto<\/span><\/cite><\/footer><\/blockquote><\/div>\n\t<\/div>\n\t<div class=\"kwayy-testimonial-box \"><div class=\"kwayy-testimonial-data\"><blockquote class=\"kwayy-testimonial-text\">\r\n\t\t\t\t<div class=\"contarea\">\t\t\t\t\t\r\n\t\t\t\t\t<div class=\"kwayy-tst-contarea-text\">Super simp\u00e1ticos.. Atendimento ex\u00edmio.. Obrigada por tudo \ud83d\ude18\ud83d\udc68\u200d\ud83d\udc69\u200d\ud83d\udc67\u200d\ud83d\udc67<\/div>\r\n\t\t\t\t\t\r\n\t\t\t\t<\/div><footer> <div class=\"kwayy-testimonial-img\"><img loading=\"lazy\" decoding=\"async\" width=\"60\" height=\"60\" src=\"https:\/\/clinicamedicadoporto.pt\/staging\/wp-content\/uploads\/2021\/04\/Foto-Andreia-Rodrigues.jpg\" class=\"attachment-thumbnail size-thumbnail wp-post-image\" alt=\"Foto-Andreia-Rodrigues\" \/><\/div> <cite class=\"kwayy-testimonial-title\">Andreia Rodrigues<span class=\"kwayy-testimonial-designation\">Paciente da Cl\u00ednica M\u00e9dica do Porto<\/span><\/cite><\/footer><\/blockquote><\/div>\n\t<\/div>\n\t<div class=\"kwayy-testimonial-box \"><div class=\"kwayy-testimonial-data\"><blockquote class=\"kwayy-testimonial-text\">\r\n\t\t\t\t<div class=\"contarea\">\t\t\t\t\t\r\n\t\t\t\t\t<div class=\"kwayy-tst-contarea-text\">O Terapeuta Tiago foi uma preciosa ajuda para a minha Leonor. S\u00f3 lamento n\u00e3o o ter conhecido mais cedo. Muito agrade\u00e7o o profissionalismo e simpatia.<\/div>\r\n\t\t\t\t\t\r\n\t\t\t\t<\/div><footer> <div class=\"kwayy-testimonial-img\"><img loading=\"lazy\" decoding=\"async\" width=\"50\" height=\"50\" src=\"https:\/\/clinicamedicadoporto.pt\/staging\/wp-content\/uploads\/2021\/02\/Foto-Marlene-Taveira.jpg\" class=\"attachment-thumbnail size-thumbnail wp-post-image\" alt=\"\" \/><\/div> <cite class=\"kwayy-testimonial-title\">Marlene Taveira<span class=\"kwayy-testimonial-designation\">M\u00e3e da Leonor<\/span><\/cite><\/footer><\/blockquote><\/div>\n\t<\/div>\n\t<div class=\"kwayy-testimonial-box \"><div class=\"kwayy-testimonial-data\"><blockquote class=\"kwayy-testimonial-text\">\r\n\t\t\t\t<div class=\"contarea\">\t\t\t\t\t\r\n\t\t\t\t\t<div class=\"kwayy-tst-contarea-text\">Agrade\u00e7o todo o apoio e acompanhamento, dado pela Enf. Marta, durante a amamenta\u00e7\u00e3o.\r\nRecomendo \ud83d\udc4c<\/div>\r\n\t\t\t\t\t\r\n\t\t\t\t<\/div><footer> <div class=\"kwayy-testimonial-img\"><img loading=\"lazy\" decoding=\"async\" width=\"60\" height=\"60\" src=\"https:\/\/clinicamedicadoporto.pt\/staging\/wp-content\/uploads\/2021\/01\/Cle\u0301lia-Ferreira.png\" class=\"attachment-thumbnail size-thumbnail wp-post-image\" alt=\"Foto-Clelia-Ferreira-Testemunho-Clinica-Medica do Porto\" \/><\/div> <cite class=\"kwayy-testimonial-title\">Cl\u00e9lia Ferreira<span class=\"kwayy-testimonial-designation\">Paciente da Cl\u00ednica M\u00e9dica do Porto<\/span><\/cite><\/footer><\/blockquote><\/div>\n\t<\/div>\n\t<div class=\"kwayy-testimonial-box \"><div class=\"kwayy-testimonial-data\"><blockquote class=\"kwayy-testimonial-text\">\r\n\t\t\t\t<div class=\"contarea\">\t\t\t\t\t\r\n\t\t\t\t\t<div class=\"kwayy-tst-contarea-text\">Foi aqui que resolvi um problema de que sofria \u00e0 imensos anos, sem anteriores respostas, diagn\u00f3sticos ou tratamentos noutras cl\u00ednicas, hospitais, m\u00e9dicos e afins. Excelentes profissionais que retribuem a confian\u00e7a.<\/div>\r\n\t\t\t\t\t\r\n\t\t\t\t<\/div><footer> <div class=\"kwayy-testimonial-img\"><img loading=\"lazy\" decoding=\"async\" width=\"60\" height=\"60\" src=\"https:\/\/clinicamedicadoporto.pt\/staging\/wp-content\/uploads\/2019\/08\/perfil-clinica-medica-do-porto-e1604516538844.png\" class=\"attachment-thumbnail size-thumbnail wp-post-image\" alt=\"Testemunho-clinica-medica-do-porto\" \/><\/div> <cite class=\"kwayy-testimonial-title\">Merry N.<span class=\"kwayy-testimonial-designation\">Paciente da Cl\u00ednica M\u00e9dica do Porto<\/span><\/cite><\/footer><\/blockquote><\/div>\n\t<\/div>\n\t<div class=\"kwayy-testimonial-box \"><div class=\"kwayy-testimonial-data\"><blockquote class=\"kwayy-testimonial-text\">\r\n\t\t\t\t<div class=\"contarea\">\t\t\t\t\t\r\n\t\t\t\t\t<div class=\"kwayy-tst-contarea-text\">Todas as gr\u00e1vidas merecem ter uma Tatiana \ud83d\ude0d Al\u00e9m de ser uma profissional de excel\u00eancia, \u00e9 uma ouvinte \u00edmpar, com imensa experi\u00eancia, que nos d\u00e1 dicas \u00f3ptimas (alimentares, de bons h\u00e1bitos). As suas t\u00e9cnicas de massagem e acupuntura (medicina chinesa) foram absolutamente essenciais para mim porque se converteram numa forma de bem estar na gravidez (melhoria de incha\u00e7o nos p\u00e9s e pernas, dores p\u00e9lvicas, dores de cabe\u00e7a, formigueiro nas m\u00e3os e bra\u00e7os...). Recomendo 100%. A simpatia do staff, profissionalismo e limpeza do local s\u00e3o pontos extra. \r\n\r\nGr\u00e1vidas\ud83e\udd30\ud83c\udffb, this is the place!<\/div>\r\n\t\t\t\t\t\r\n\t\t\t\t<\/div><footer> <div class=\"kwayy-testimonial-img\"><img loading=\"lazy\" decoding=\"async\" width=\"60\" height=\"60\" src=\"https:\/\/clinicamedicadoporto.pt\/staging\/wp-content\/uploads\/2020\/11\/Isabel-Gomes-Testemunho-Clinica-Medica-do-Porto.jpg\" class=\"attachment-thumbnail size-thumbnail wp-post-image\" alt=\"Isabel-G-Testemunho-Clinica-Medica-do-Porto\" \/><\/div> <cite class=\"kwayy-testimonial-title\">Isabel G.<span class=\"kwayy-testimonial-designation\">Paciente da Cl\u00ednica M\u00e9dica do Porto<\/span><\/cite><\/footer><\/blockquote><\/div>\n\t<\/div>\n\t<div class=\"kwayy-testimonial-box \"><div class=\"kwayy-testimonial-data\"><blockquote class=\"kwayy-testimonial-text\">\r\n\t\t\t\t<div class=\"contarea\">\t\t\t\t\t\r\n\t\t\t\t\t<div class=\"kwayy-tst-contarea-text\">Equipa fant\u00e1stica e super simp\u00e1tica. \r\nSou seguida pela terapeuta Tatiana Calv\u00e3o, de quem s\u00f3 tenho maravilhas a dizer!<\/div>\r\n\t\t\t\t\t\r\n\t\t\t\t<\/div><footer> <div class=\"kwayy-testimonial-img\"><img loading=\"lazy\" decoding=\"async\" width=\"60\" height=\"60\" src=\"https:\/\/clinicamedicadoporto.pt\/staging\/wp-content\/uploads\/2019\/08\/perfil-clinica-medica-do-porto-1-e1604515187835.png\" class=\"attachment-thumbnail size-thumbnail wp-post-image\" alt=\"Imagem-generica-clinica-medica-do-porto\" \/><\/div> <cite class=\"kwayy-testimonial-title\">In\u00eas Oliveira<span class=\"kwayy-testimonial-designation\">Utente da Cl\u00ednica M\u00e9dica do Porto<\/span><\/cite><\/footer><\/blockquote><\/div>\n\t<\/div>\n\t<div class=\"kwayy-testimonial-box \"><div class=\"kwayy-testimonial-data\"><blockquote class=\"kwayy-testimonial-text\">\r\n\t\t\t\t<div class=\"contarea\">\t\t\t\t\t\r\n\t\t\t\t\t<div class=\"kwayy-tst-contarea-text\">Recomendo vivamente!! \r\nN\u00e3o poderia estar mais satisfeita! \r\n\r\nUma nota excecional para o desempenho, dedica\u00e7\u00e3o e conhecimento da Dra. Tatiana em Medicina Tradicional Chinesa e Acupuntura.<\/div>\r\n\t\t\t\t\t\r\n\t\t\t\t<\/div><footer> <div class=\"kwayy-testimonial-img\"><img loading=\"lazy\" decoding=\"async\" width=\"60\" height=\"60\" src=\"https:\/\/clinicamedicadoporto.pt\/staging\/wp-content\/uploads\/2020\/11\/Alexandra-Machado-Testemunho-Clinica-Medica-do-Porto.jpg\" class=\"attachment-thumbnail size-thumbnail wp-post-image\" alt=\"Alexandra-Machado-Testemunho-Clinica-Medica-do-Porto\" \/><\/div> <cite class=\"kwayy-testimonial-title\">Alexandra Machado<span class=\"kwayy-testimonial-designation\">Utente da Cl\u00ednica M\u00e9dica do Porto<\/span><\/cite><\/footer><\/blockquote><\/div>\n\t<\/div>\n\t<div class=\"kwayy-testimonial-box \"><div class=\"kwayy-testimonial-data\"><blockquote class=\"kwayy-testimonial-text\">\r\n\t\t\t\t<div class=\"contarea\">\t\t\t\t\t\r\n\t\t\t\t\t<div class=\"kwayy-tst-contarea-text\">Excelentes profissionais. Ajudaram-me com o meu beb\u00e9 rec\u00e9m-nascido numa consulta de osteopatia infantil. Obrigada \ud83d\ude0a<\/div>\r\n\t\t\t\t\t\r\n\t\t\t\t<\/div><footer> <div class=\"kwayy-testimonial-img\"><img loading=\"lazy\" decoding=\"async\" width=\"60\" height=\"60\" src=\"https:\/\/clinicamedicadoporto.pt\/staging\/wp-content\/uploads\/2020\/11\/Catia-Malheiro-Costa-120-120-e1604516320589.jpg\" class=\"attachment-thumbnail size-thumbnail wp-post-image\" alt=\"Testemunho C\u00e1tia Costa\" \/><\/div> <cite class=\"kwayy-testimonial-title\">C\u00e1tia Costa<span class=\"kwayy-testimonial-designation\">M\u00e3e de Beb\u00e9 Utente da Cl\u00ednica<\/span><\/cite><\/footer><\/blockquote><\/div>\n\t<\/div>\n\t<div class=\"kwayy-testimonial-box \"><div class=\"kwayy-testimonial-data\"><blockquote class=\"kwayy-testimonial-text\">\r\n\t\t\t\t<div class=\"contarea\">\t\t\t\t\t\r\n\t\t\t\t\t<div class=\"kwayy-tst-contarea-text\">Boa tarde, Procuramos ajuda, pois estavamos com d\u00favidas relativas a amamenta\u00e7\u00e3o, ap\u00f3s os primeiros dias de vida do meu filhote serem bastante atribulados. (\u2026)\r\nNa consulta com a enfermeira Marta, esta conseguiu tranquilizar os nossos cora\u00e7\u00f5es de pais de primeira viagem. Deu-nos dicas bastante \u00fateis (\u2026) certamente que vamos continuar com o seu acompanhamento.<\/div>\r\n\t\t\t\t\t\r\n\t\t\t\t<\/div><footer> <div class=\"kwayy-testimonial-img\"><img loading=\"lazy\" decoding=\"async\" width=\"60\" height=\"60\" src=\"https:\/\/clinicamedicadoporto.pt\/staging\/wp-content\/uploads\/2019\/08\/perfil-clinica-medica-do-porto-1-e1604515187835.png\" class=\"attachment-thumbnail size-thumbnail wp-post-image\" alt=\"Imagem-generica-clinica-medica-do-porto\" \/><\/div> <cite class=\"kwayy-testimonial-title\">Marta Louren\u00e7o e H\u00e9lder Teixeira<span class=\"kwayy-testimonial-designation\">Pais de Beb\u00e9 utente na CMP<\/span><\/cite><\/footer><\/blockquote><\/div>\n\t<\/div>\n\t<div class=\"kwayy-testimonial-box \"><div class=\"kwayy-testimonial-data\"><blockquote class=\"kwayy-testimonial-text\">\r\n\t\t\t\t<div class=\"contarea\">\t\t\t\t\t\r\n\t\t\t\t\t<div class=\"kwayy-tst-contarea-text\">Excelentes profissionais, nomeadamente a Enf. Marta e o Dr. Tiago. A Enf. Marta salvou-me a amamenta\u00e7\u00e3o. Cheguei at\u00e9 ela com muita dor ao amamentar, com fissuras mamilares enormes. Conseguiu resolver todos os meus problemas com muito carinho e profissionalismo aplicando a laserterapia. (...) Ao Dr. Tiago um muito obrigado pelo que fez pela minha pequenina Francisca, um encantador de beb\u00e9s, sem d\u00favida. Muito bom no que faz como osteopata e como pessoa.<\/div>\r\n\t\t\t\t\t\r\n\t\t\t\t<\/div><footer> <div class=\"kwayy-testimonial-img\"><img loading=\"lazy\" decoding=\"async\" width=\"60\" height=\"60\" src=\"https:\/\/clinicamedicadoporto.pt\/staging\/wp-content\/uploads\/2020\/10\/Diana-Portela-Testemunho-Clinica-Medica-do-Porto-2-e1604517742362.jpg\" class=\"attachment-thumbnail size-thumbnail wp-post-image\" alt=\"Diana-Portela-Testemunho-Clinica-Medica-do-Porto-2\" \/><\/div> <cite class=\"kwayy-testimonial-title\">Diana Portela<span class=\"kwayy-testimonial-designation\">Utente da Cl\u00ednica M\u00e9dica do Porto<\/span><\/cite><\/footer><\/blockquote><\/div>\n\t<\/div>\n\t<div class=\"kwayy-testimonial-box \"><div class=\"kwayy-testimonial-data\"><blockquote class=\"kwayy-testimonial-text\">\r\n\t\t\t\t<div class=\"contarea\">\t\t\t\t\t\r\n\t\t\t\t\t<div class=\"kwayy-tst-contarea-text\">\u00d3timo atendimento e excelentes profissionais \ud83d\udc4f\ud83d\udc4c<\/div>\r\n\t\t\t\t\t\r\n\t\t\t\t<\/div><footer> <div class=\"kwayy-testimonial-img\"><img loading=\"lazy\" decoding=\"async\" width=\"60\" height=\"60\" src=\"https:\/\/clinicamedicadoporto.pt\/staging\/wp-content\/uploads\/2020\/10\/Marina-Santos-Testemunho-Clinica-Me\u0301dica-do-Porto-e1604517757639.jpg\" class=\"attachment-thumbnail size-thumbnail wp-post-image\" alt=\"Marina-Santos-Testemunho-Clinica-Me\u0301dica-do-Porto\" \/><\/div> <cite class=\"kwayy-testimonial-title\">Mariana Santos<span class=\"kwayy-testimonial-designation\">Utente da Cl\u00ednica M\u00e9dica do Porto<\/span><\/cite><\/footer><\/blockquote><\/div>\n\t<\/div>\n\t<div class=\"kwayy-testimonial-box \"><div class=\"kwayy-testimonial-data\"><blockquote class=\"kwayy-testimonial-text\">\r\n\t\t\t\t<div class=\"contarea\">\t\t\t\t\t\r\n\t\t\t\t\t<div class=\"kwayy-tst-contarea-text\">Cl\u00ednica com profissionais de excel\u00eancia e um espa\u00e7o fant\u00e1stico (...) Sou seguida neste momento pela terapeuta de medicina tradicional chinesa Tatiana Calv\u00e3o Sousa na minha segunda gravidez e tal como na primeira, s\u00f3 estas sess\u00f5es acalmam a minha dor lombar e o stress acumulado. Muito obrigada pelo vosso profissionalismo!<\/div>\r\n\t\t\t\t\t\r\n\t\t\t\t<\/div><footer> <div class=\"kwayy-testimonial-img\"><img loading=\"lazy\" decoding=\"async\" width=\"60\" height=\"60\" src=\"https:\/\/clinicamedicadoporto.pt\/staging\/wp-content\/uploads\/2020\/08\/Ine\u0302s-Silva-2-e1604517896760.jpg\" class=\"attachment-thumbnail size-thumbnail wp-post-image\" alt=\"Ine\u0302s-Silva-testemunho-clinica-medica-do-porto\" \/><\/div> <cite class=\"kwayy-testimonial-title\">In\u00eas Silva<span class=\"kwayy-testimonial-designation\">Utente da Cl\u00ednica M\u00e9dica do Porto<\/span><\/cite><\/footer><\/blockquote><\/div>\n\t<\/div>\n\t<div class=\"kwayy-testimonial-box \"><div class=\"kwayy-testimonial-data\"><blockquote class=\"kwayy-testimonial-text\">\r\n\t\t\t\t<div class=\"contarea\">\t\t\t\t\t\r\n\t\t\t\t\t<div class=\"kwayy-tst-contarea-text\">Ao engravidar, com pouco mais de 8 semanas, comecei a ter dores angustiantes no fundo das costas (...)\u00a0 fui-me arrastando assim at\u00e9 quase \u00e0s 30 semanas \ud83e\udd26\ud83c\udffb\u200d\u2640\ufe0f \ud83d\ude31\u00a0 Felizmente descobri a Melanie (...). Senti-me melhor logo ap\u00f3s a primeira sess\u00e3o. A Melanie \u00e9 super competente e profissional. A pr\u00f3xima vez que engravidar n\u00e3o duvido a quem me dirigir. (<a href=\"https:\/\/g.page\/clinicamedicaporto\/review?mt\" rel=\"noopener noreferrer\" target=\"_blank\">ver tudo<\/a>)<\/div>\r\n\t\t\t\t\t\r\n\t\t\t\t<\/div><footer> <div class=\"kwayy-testimonial-img\"><img loading=\"lazy\" decoding=\"async\" width=\"60\" height=\"60\" src=\"https:\/\/clinicamedicadoporto.pt\/staging\/wp-content\/uploads\/2019\/08\/perfil-clinica-medica-do-porto-1-e1604515187835.png\" class=\"attachment-thumbnail size-thumbnail wp-post-image\" alt=\"Imagem-generica-clinica-medica-do-porto\" \/><\/div> <cite class=\"kwayy-testimonial-title\">Lara Mota Pinto<span class=\"kwayy-testimonial-designation\">Utente da Cl\u00ednica M\u00e9dica do Porto<\/span><\/cite><\/footer><\/blockquote><\/div>\n\t<\/div>\n\t<div class=\"kwayy-testimonial-box \"><div class=\"kwayy-testimonial-data\"><blockquote class=\"kwayy-testimonial-text\">\r\n\t\t\t\t<div class=\"contarea\">\t\t\t\t\t\r\n\t\t\t\t\t<div class=\"kwayy-tst-contarea-text\">Um espa\u00e7o para o corpo e para a mente, recomendo!<\/div>\r\n\t\t\t\t\t\r\n\t\t\t\t<\/div><footer> <div class=\"kwayy-testimonial-img\"><img loading=\"lazy\" decoding=\"async\" width=\"60\" height=\"60\" src=\"https:\/\/clinicamedicadoporto.pt\/staging\/wp-content\/uploads\/2020\/03\/isabel-silva-testemunho-clinica-medica-do-porto-e1604518073621.jpg\" class=\"attachment-thumbnail size-thumbnail wp-post-image\" alt=\"isabel-silva-testemunho-clinica-medica-do-porto\" \/><\/div> <cite class=\"kwayy-testimonial-title\">Isabel Silva<span class=\"kwayy-testimonial-designation\">Utente da Cl\u00ednica M\u00e9dica do Porto<\/span><\/cite><\/footer><\/blockquote><\/div>\n\t<\/div>\n\t<div class=\"kwayy-testimonial-box \"><div class=\"kwayy-testimonial-data\"><blockquote class=\"kwayy-testimonial-text\">\r\n\t\t\t\t<div class=\"contarea\">\t\t\t\t\t\r\n\t\t\t\t\t<div class=\"kwayy-tst-contarea-text\">Muita simpatia, profissionalismo e atendimento super personalizado. Recomendo...\r\nA Dra Nelea mto dispon\u00edvel e atenta aos pacientes pequenos e \u00e0s d\u00favidas\/medos dos seus pais:)<\/div>\r\n\t\t\t\t\t\r\n\t\t\t\t<\/div><footer> <div class=\"kwayy-testimonial-img\"><img loading=\"lazy\" decoding=\"async\" width=\"60\" height=\"60\" src=\"https:\/\/clinicamedicadoporto.pt\/staging\/wp-content\/uploads\/2020\/03\/ana-sofia-males-testemunho-clinica-medica-do-porto-e1604518139408.jpg\" class=\"attachment-thumbnail size-thumbnail wp-post-image\" alt=\"ana-sofia-males-testemunho-clinica-medica-do-porto\" \/><\/div> <cite class=\"kwayy-testimonial-title\">Ana S Males<span class=\"kwayy-testimonial-designation\">M\u00e3e de utente da Cl\u00ednica M\u00e9dica do Porto<\/span><\/cite><\/footer><\/blockquote><\/div>\n\t<\/div>\n\t<div class=\"kwayy-testimonial-box \"><div class=\"kwayy-testimonial-data\"><blockquote class=\"kwayy-testimonial-text\">\r\n\t\t\t\t<div class=\"contarea\">\t\t\t\t\t\r\n\t\t\t\t\t<div class=\"kwayy-tst-contarea-text\">Desde o meu 4\u00ba m\u00eas de gravidez fiz sess\u00f5es com a terapeuta Tatiana e que bem que me fizeram. Se n\u00e3o fosse isso a ajudar a resolver a minha ci\u00e1tica, n\u00e3o teria aguentado a gravidez de p\u00e9 at\u00e9 ao fim!<\/div>\r\n\t\t\t\t\t\r\n\t\t\t\t<\/div><footer> <div class=\"kwayy-testimonial-img\"><img loading=\"lazy\" decoding=\"async\" width=\"60\" height=\"60\" src=\"https:\/\/clinicamedicadoporto.pt\/staging\/wp-content\/uploads\/2019\/08\/catia-felix-testemunho-clinica-medica-do-porto-e1604518402653.jpg\" class=\"attachment-thumbnail size-thumbnail wp-post-image\" alt=\"catia-felix-testemunho-clinica-medica-do-porto\" \/><\/div> <cite class=\"kwayy-testimonial-title\">C\u00e1tia Felix<span class=\"kwayy-testimonial-designation\">Paciente da Cl\u00ednica M\u00e9dica do Porto<\/span><\/cite><\/footer><\/blockquote><\/div>\n\t<\/div>\n\t<div class=\"kwayy-testimonial-box \"><div class=\"kwayy-testimonial-data\"><blockquote class=\"kwayy-testimonial-text\">\r\n\t\t\t\t<div class=\"contarea\">\t\t\t\t\t\r\n\t\t\t\t\t<div class=\"kwayy-tst-contarea-text\">Um \u00f3ptimo acolhimento por toda a equipa. Muito profissionais, simp\u00e1ticos e com servi\u00e7os prestados de forma muito humanizada.<\/div>\r\n\t\t\t\t\t\r\n\t\t\t\t<\/div><footer> <div class=\"kwayy-testimonial-img\"><img loading=\"lazy\" decoding=\"async\" width=\"60\" height=\"60\" src=\"https:\/\/clinicamedicadoporto.pt\/staging\/wp-content\/uploads\/2019\/08\/vera-teixeira-testemunho-clinica-medica-do-porto-e1604518276413.jpg\" class=\"attachment-thumbnail size-thumbnail wp-post-image\" alt=\"vera-teixeira-testemunho-clinica-medica-do-porto\" \/><\/div> <cite class=\"kwayy-testimonial-title\">Vera Teixeira<span class=\"kwayy-testimonial-designation\">M\u00e3e do beb\u00e9 J.<\/span><\/cite><\/footer><\/blockquote><\/div>\n\t<\/div>\n\t<div class=\"kwayy-testimonial-box \"><div class=\"kwayy-testimonial-data\"><blockquote class=\"kwayy-testimonial-text\">\r\n\t\t\t\t<div class=\"contarea\">\t\t\t\t\t\r\n\t\t\t\t\t<div class=\"kwayy-tst-contarea-text\">Um espa\u00e7o que reune excelentes profissionais onde a simpatia \u00e9 o cart\u00e3o de boas-vindas. Obrigada em especial \u00e0 terapeuta Tatiana Sousa. Bem-hajam e continuem o \u00f3timo trabalho.<\/div>\r\n\t\t\t\t\t\r\n\t\t\t\t<\/div><footer> <div class=\"kwayy-testimonial-img\"><img loading=\"lazy\" decoding=\"async\" width=\"60\" height=\"60\" src=\"https:\/\/clinicamedicadoporto.pt\/staging\/wp-content\/uploads\/2019\/08\/raquel-vilares-testemunho-clinica-medica-do-porto-e1604518379616.jpg\" class=\"attachment-thumbnail size-thumbnail wp-post-image\" alt=\"raquel-vilares-testemunho-clinica-medica-do-porto\" \/><\/div> <cite class=\"kwayy-testimonial-title\">Raquel Vilares<span class=\"kwayy-testimonial-designation\">Paciente da Cl\u00ednica M\u00e9dica do Porto<\/span><\/cite><\/footer><\/blockquote><\/div>\n\t<\/div>\n\t<div class=\"kwayy-testimonial-box \"><div class=\"kwayy-testimonial-data\"><blockquote class=\"kwayy-testimonial-text\">\r\n\t\t\t\t<div class=\"contarea\">\t\t\t\t\t\r\n\t\t\t\t\t<div class=\"kwayy-tst-contarea-text\">Grupo de profissionais muito competentes. Dou especial elogio ao trabalho da terapeuta Tatiana Calv\u00e3o Sousa que tanto me ajudou.<\/div>\r\n\t\t\t\t\t\r\n\t\t\t\t<\/div><footer> <div class=\"kwayy-testimonial-img\"><img loading=\"lazy\" decoding=\"async\" width=\"60\" height=\"60\" src=\"https:\/\/clinicamedicadoporto.pt\/staging\/wp-content\/uploads\/2019\/08\/catia-felix-testemunho-clinica-medica-do-porto-e1604518402653.jpg\" class=\"attachment-thumbnail size-thumbnail wp-post-image\" alt=\"catia-felix-testemunho-clinica-medica-do-porto\" \/><\/div> <cite class=\"kwayy-testimonial-title\">C\u00e1tia Felix<span class=\"kwayy-testimonial-designation\">Paciente da Cl\u00ednica M\u00e9dica do Porto<\/span><\/cite><\/footer><\/blockquote><\/div>\n\t<\/div>\n\t<div class=\"kwayy-testimonial-box \"><div class=\"kwayy-testimonial-data\"><blockquote class=\"kwayy-testimonial-text\">\r\n\t\t\t\t<div class=\"contarea\">\t\t\t\t\t\r\n\t\t\t\t\t<div class=\"kwayy-tst-contarea-text\">Espa\u00e7o muito bonito e acolhedor, excelente organiza\u00e7\u00e3o e agenda \ud83d\udc4d Simpatia e profissionalismo top \ud83d\udc4c<\/div>\r\n\t\t\t\t\t\r\n\t\t\t\t<\/div><footer> <div class=\"kwayy-testimonial-img\"><img loading=\"lazy\" decoding=\"async\" width=\"60\" height=\"60\" src=\"https:\/\/clinicamedicadoporto.pt\/staging\/wp-content\/uploads\/2019\/07\/vera-morgado-testemunho-clinica-medica-porto-e1604518447666.jpg\" class=\"attachment-thumbnail size-thumbnail wp-post-image\" alt=\"vera-morgado-testemunho-clinica-medica-porto\" \/><\/div> <cite class=\"kwayy-testimonial-title\">Vera Morgado<span class=\"kwayy-testimonial-designation\">Paciente da Cl\u00ednica M\u00e9dica do Porto<\/span><\/cite><\/footer><\/blockquote><\/div>\n\t<\/div>\n\t<div class=\"kwayy-testimonial-box \"><div class=\"kwayy-testimonial-data\"><blockquote class=\"kwayy-testimonial-text\">\r\n\t\t\t\t<div class=\"contarea\">\t\t\t\t\t\r\n\t\t\t\t\t<div class=\"kwayy-tst-contarea-text\">Profissionais atenciosos, proactivos e com um excelente know how.\r\nObrigada \u00e0 equipa e parab\u00e9ns pelo standard elevado que mant\u00e9m!<\/div>\r\n\t\t\t\t\t\r\n\t\t\t\t<\/div><footer> <div class=\"kwayy-testimonial-img\"><img loading=\"lazy\" decoding=\"async\" width=\"96\" height=\"96\" src=\"https:\/\/clinicamedicadoporto.pt\/staging\/wp-content\/uploads\/2018\/03\/sneha-Divias-clinica-medica-do-porto-150x150.jpg\" class=\"attachment-thumbnail size-thumbnail wp-post-image\" alt=\"sneha-Divias-clinica-medica-do-porto\" srcset=\"https:\/\/clinicamedicadoporto.pt\/staging\/wp-content\/uploads\/2018\/03\/sneha-Divias-clinica-medica-do-porto-150x150.jpg 150w, https:\/\/clinicamedicadoporto.pt\/staging\/wp-content\/uploads\/2018\/03\/sneha-Divias-clinica-medica-do-porto-300x300.jpg 300w, https:\/\/clinicamedicadoporto.pt\/staging\/wp-content\/uploads\/2018\/03\/sneha-Divias-clinica-medica-do-porto-e1604518901587.jpg 60w\" sizes=\"auto, (max-width: 96px) 100vw, 96px\" \/><\/div> <cite class=\"kwayy-testimonial-title\">Sneha Divias<span class=\"kwayy-testimonial-designation\">Paciente da Cl\u00ednica M\u00e9dica do Porto<\/span><\/cite><\/footer><\/blockquote><\/div>\n\t<\/div>\n\t<div class=\"kwayy-testimonial-box \"><div class=\"kwayy-testimonial-data\"><blockquote class=\"kwayy-testimonial-text\">\r\n\t\t\t\t<div class=\"contarea\">\t\t\t\t\t\r\n\t\t\t\t\t<div class=\"kwayy-tst-contarea-text\">O meu sonho de ser m\u00e3e, convosco tornou-se numa t\u00e3o boa realidade. Obrigada Dra Tatiana.\r\nExcelentes profissionais, muito competentes e atenciosos.<\/div>\r\n\t\t\t\t\t\r\n\t\t\t\t<\/div><footer> <div class=\"kwayy-testimonial-img\"><img loading=\"lazy\" decoding=\"async\" width=\"96\" height=\"96\" src=\"https:\/\/clinicamedicadoporto.pt\/staging\/wp-content\/uploads\/2017\/08\/Patri\u0301cia-Raquel-Leite-testemunho-Acupuntura-fertilidade-Tatiana-Sousa-Clinica-Medica-do-Porto-150x150.jpg\" class=\"attachment-thumbnail size-thumbnail wp-post-image\" alt=\"Patri\u0301cia-Raquel-Leite-testemunho-Acupuntura-fertilidade-Tatiana-Sousa-Clinica-Medica-do-Porto\" srcset=\"https:\/\/clinicamedicadoporto.pt\/staging\/wp-content\/uploads\/2017\/08\/Patri\u0301cia-Raquel-Leite-testemunho-Acupuntura-fertilidade-Tatiana-Sousa-Clinica-Medica-do-Porto-150x150.jpg 150w, https:\/\/clinicamedicadoporto.pt\/staging\/wp-content\/uploads\/2017\/08\/Patri\u0301cia-Raquel-Leite-testemunho-Acupuntura-fertilidade-Tatiana-Sousa-Clinica-Medica-do-Porto-300x300.jpg 300w, https:\/\/clinicamedicadoporto.pt\/staging\/wp-content\/uploads\/2017\/08\/Patri\u0301cia-Raquel-Leite-testemunho-Acupuntura-fertilidade-Tatiana-Sousa-Clinica-Medica-do-Porto-e1604519149917.jpg 60w\" sizes=\"auto, (max-width: 96px) 100vw, 96px\" \/><\/div> <cite class=\"kwayy-testimonial-title\">Patr\u00edcia Leite<span class=\"kwayy-testimonial-designation\">M\u00e3e do Jo\u00e3o<\/span><\/cite><\/footer><\/blockquote><\/div>\n\t<\/div>\n\t<div class=\"kwayy-testimonial-box \"><div class=\"kwayy-testimonial-data\"><blockquote class=\"kwayy-testimonial-text\">\r\n\t\t\t\t<div class=\"contarea\">\t\t\t\t\t\r\n\t\t\t\t\t<div class=\"kwayy-tst-contarea-text\">Com a gravidez vieram as dores de costas e ci\u00e1tica, por\u00e9m uma vez mais as sess\u00f5es de acupuntura com a Tatiana foram fundamentais para conseguir ultrapassar aquela fase menos simp\u00e1tica da gesta\u00e7\u00e3o<\/div>\r\n\t\t\t\t\t\r\n\t\t\t\t<\/div><footer> <div class=\"kwayy-testimonial-img\"><img loading=\"lazy\" decoding=\"async\" width=\"60\" height=\"60\" src=\"https:\/\/clinicamedicadoporto.pt\/staging\/wp-content\/uploads\/2016\/10\/alzira-almeida-testemunho-clinica-medica-do-porto.jpg\" class=\"attachment-thumbnail size-thumbnail wp-post-image\" alt=\"\" \/><\/div> <cite class=\"kwayy-testimonial-title\">Alzira Almeida<span class=\"kwayy-testimonial-designation\">Paciente da Cl\u00ednica M\u00e9dica do Porto<\/span><\/cite><\/footer><\/blockquote><\/div>\n\t<\/div>\n\t<\/div><\/div>[\/vc_column_inner][\/vc_row_inner][\/vc_column][\/vc_row][vc_row textcolor=&#8221;white&#8221; bgtype=&#8221;dark&#8221; css=&#8221;.vc_custom_1595014486166{padding-top: 0px !important;padding-right: 0px !important;padding-bottom: 0px !important;padding-left: 0px !important;}&#8221;][vc_column css=&#8221;.vc_custom_1595013661340{padding-right: 0px !important;padding-left: 0px !important;}&#8221;]\n<div class=\"wpcf7 no-js\" id=\"wpcf7-f8675-o1\" lang=\"pt-PT\" dir=\"ltr\" data-wpcf7-id=\"8675\">\n<div class=\"screen-reader-response\"><p role=\"status\" aria-live=\"polite\" aria-atomic=\"true\"><\/p> <ul><\/ul><\/div>\n<form action=\"\/staging\/wp-json\/wp\/v2\/pages\/8699#wpcf7-f8675-o1\" method=\"post\" class=\"wpcf7-form init\" aria-label=\"Formul\u00e1rio de contacto\" novalidate=\"novalidate\" data-status=\"init\">\n<fieldset class=\"hidden-fields-container\"><input type=\"hidden\" name=\"_wpcf7\" value=\"8675\" \/><input type=\"hidden\" name=\"_wpcf7_version\" value=\"6.1.5\" \/><input type=\"hidden\" name=\"_wpcf7_locale\" value=\"pt_PT\" \/><input type=\"hidden\" name=\"_wpcf7_unit_tag\" value=\"wpcf7-f8675-o1\" \/><input type=\"hidden\" name=\"_wpcf7_container_post\" value=\"0\" \/><input type=\"hidden\" name=\"_wpcf7_posted_data_hash\" value=\"\" \/><input type=\"hidden\" name=\"_wpcf7_recaptcha_response\" value=\"\" \/>\n<\/fieldset>\n<style>\ninput[type=\"text\"],input[type=\"email\"],input[type=\"tel\"] {text-align:center;}\n<\/style>\n<div style=\"padding:100px 20px 100px 20px; text-align:center; color:white;\">\n\t<p><span style=\"margin-bottom:15px; font-size:125%; font-weight:bold;\">Preencha os dados abaixo e envie o formul\u00e1rio se pretende ser contactado\/a para esclarecer d\u00favidas ou agendar consulta.<\/span>\n\t<\/p>\n\t<p><label> O seu nome (obrigat\u00f3rio)<br \/>\n<span class=\"wpcf7-form-control-wrap\" data-name=\"your-name\"><input size=\"40\" maxlength=\"400\" class=\"wpcf7-form-control wpcf7-text wpcf7-validates-as-required\" aria-required=\"true\" aria-invalid=\"false\" value=\"\" type=\"text\" name=\"your-name\" \/><\/span> <\/label><br \/>\n<label> O seu email (obrigat\u00f3rio)<br \/>\n<span class=\"wpcf7-form-control-wrap\" data-name=\"your-email\"><input size=\"40\" maxlength=\"400\" class=\"wpcf7-form-control wpcf7-email wpcf7-validates-as-required wpcf7-text wpcf7-validates-as-email\" aria-required=\"true\" aria-invalid=\"false\" value=\"\" type=\"email\" name=\"your-email\" \/><\/span> <\/label><br \/>\n<label>O seu contacto telef\u00f3nico (obrigat\u00f3rio)<br \/>\n<span class=\"wpcf7-form-control-wrap\" data-name=\"tel-92\"><input size=\"40\" maxlength=\"400\" class=\"wpcf7-form-control wpcf7-tel wpcf7-validates-as-required wpcf7-text wpcf7-validates-as-tel\" aria-required=\"true\" aria-invalid=\"false\" value=\"\" type=\"tel\" name=\"tel-92\" \/><\/span><\/label><br \/>\n<span id=\"wpcf7-69f2c48f86d28-wrapper\" class=\"wpcf7-form-control-wrap hp_email_grupo_servicos-wrap\" style=\"display:none !important; visibility:hidden !important;\"><input type=\"hidden\" name=\"hp_email_grupo_servicos-time-start\" value=\"1777517711\"><input type=\"hidden\" name=\"hp_email_grupo_servicos-time-check\" value=\"4\"><label for=\"wpcf7-69f2c48f86d28-field\" class=\"hp-message\">Please leave this field empty.<\/label><input id=\"wpcf7-69f2c48f86d28-field\"  placeholder=\"Placeholder\"  class=\"wpcf7-form-control wpcf7-text\" type=\"text\" name=\"hp_email_grupo_servicos\" value=\"\" size=\"40\" tabindex=\"-1\" autocomplete=\"new-password\" \/><\/span>\n\t<\/p>\n\t<p><input class=\"wpcf7-form-control wpcf7-submit has-spinner\" type=\"submit\" value=\"Enviar\" \/>\n\t<\/p>\n<\/div><input type='hidden' class='wpcf7-pum' value='{\"closepopup\":false,\"closedelay\":0,\"openpopup\":false,\"openpopup_id\":0}' \/><div class=\"wpcf7-response-output\" aria-hidden=\"true\"><\/div>\n<\/form>\n<\/div>\n[\/vc_column][\/vc_row]<\/p>\n<\/div>","protected":false},"excerpt":{"rendered":"<p>[vc_row bgtype=&#8221;skin&#8221; css=&#8221;.vc_custom_1673292821386{margin-top: -60px !important;padding-top: 70px !important;padding-bottom: 15px !important;}&#8221;][vc_column][\/vc_column][\/vc_row][vc_row css=&#8221;.vc_custom_1550320655980{margin-top: 0px !important;margin-bottom: 0px !important;padding-top: 0px !important;padding-bottom: 0px !important;}&#8221; anchor=&#8221;gravidez-maternidade&#8221;][vc_column offset=&#8221;vc_hidden-sm vc_hidden-xs&#8221;][vc_empty_space height=&#8221;100px&#8221;][vc_basic_grid post_type=&#8221;portfolio&#8221; max_items=&#8221;-1&#8243; element_width=&#8221;3&#8243; gap=&#8221;5&#8243; orderby=&#8221;title&#8221; order=&#8221;ASC&#8221; item=&#8221;8666&#8243; grid_id=&#8221;vc_gid:1687365322500-299c9cd5-43eb-4&#8243; taxonomies=&#8221;401&#8243;][vc_empty_space height=&#8221;40px&#8221;][\/vc_column][\/vc_row][vc_row][vc_column offset=&#8221;vc_hidden-lg vc_hidden-md&#8221;][vc_empty_space height=&#8221;50px&#8221;][vc_column_text][\/vc_column_text][vc_empty_space height=&#8221;50px&#8221;][\/vc_column][\/vc_row][vc_row content_placement=&#8221;middle&#8221; textcolor=&#8221;white&#8221; bgtype=&#8221;skin&#8221;][vc_column css=&#8221;.vc_custom_1595012276416{padding-right: 5% !important;padding-left: 5% !important;}&#8221;][vc_empty_space height=&#8221;50px&#8221;][vc_icon icon_fontawesome=&#8221;fa fa-solid fa-notes-medical&#8221; color=&#8221;white&#8221; size=&#8221;xl&#8221; align=&#8221;center&#8221; css=&#8221;.vc_custom_1595012537078{padding: 5px !important;}&#8221;][vc_custom_heading text=&#8221;Esta [&hellip;]<\/p>\n","protected":false},"author":1,"featured_media":0,"parent":0,"menu_order":0,"comment_status":"closed","ping_status":"closed","template":"","meta":{"footnotes":""},"folder":[655],"class_list":["post-8699","page","type-page","status-publish","hentry"],"_links":{"self":[{"href":"https:\/\/clinicamedicadoporto.pt\/staging\/wp-json\/wp\/v2\/pages\/8699","targetHints":{"allow":["GET"]}}],"collection":[{"href":"https:\/\/clinicamedicadoporto.pt\/staging\/wp-json\/wp\/v2\/pages"}],"about":[{"href":"https:\/\/clinicamedicadoporto.pt\/staging\/wp-json\/wp\/v2\/types\/page"}],"author":[{"embeddable":true,"href":"https:\/\/clinicamedicadoporto.pt\/staging\/wp-json\/wp\/v2\/users\/1"}],"replies":[{"embeddable":true,"href":"https:\/\/clinicamedicadoporto.pt\/staging\/wp-json\/wp\/v2\/comments?post=8699"}],"version-history":[{"count":0,"href":"https:\/\/clinicamedicadoporto.pt\/staging\/wp-json\/wp\/v2\/pages\/8699\/revisions"}],"wp:attachment":[{"href":"https:\/\/clinicamedicadoporto.pt\/staging\/wp-json\/wp\/v2\/media?parent=8699"}],"wp:term":[{"taxonomy":"folder","embeddable":true,"href":"https:\/\/clinicamedicadoporto.pt\/staging\/wp-json\/wp\/v2\/folder?post=8699"}],"curies":[{"name":"wp","href":"https:\/\/api.w.org\/{rel}","templated":true}]}}