{"id":8684,"date":"2020-07-20T11:15:52","date_gmt":"2020-07-20T10:15:52","guid":{"rendered":"https:\/\/clinicamedicadoporto.pt\/staging\/?page_id=8684"},"modified":"2025-08-01T16:48:17","modified_gmt":"2025-08-01T15:48:17","slug":"terapias-nao-convencionais","status":"publish","type":"page","link":"https:\/\/clinicamedicadoporto.pt\/staging\/terapias-nao-convencionais\/","title":{"rendered":"Terapias N\u00e3o Convencionais"},"content":{"rendered":"<div class=\"wpb-content-wrapper\"><p>[vc_row bgtype=&#8221;skin&#8221; css=&#8221;.vc_custom_1673292696640{margin-top: -60px !important;padding-top: 70px !important;padding-bottom: 15px !important;}&#8221;][vc_column]<header class=\"kwayy-heading-wrapper kwayy-heading-wrapper-align-center\"><div class=\"kwayy-heading-wrapper-inner\"><h1 class=\"kwayy-heading-align-center\"><span>Especialidades M\u00e9dicas \u2022 Terapias N\u00e3o Convencionais \u2022 Consultas Direccionadas \u2022 Est\u00e9tica Cl\u00ednica \u2022 Especialidades T\u00e9cnicas e Param\u00e9dicas \u2022 Terapias Alternativas<\/span><\/h1><\/div><p class=\"kwayy-subheading\">Consultas M\u00e9dicas Convencionais \u2022 Consultas Direccionadas \u2022 Acupuntura \u2022 Osteopatia \u2022 Medicina Chinesa \u2022 Homeopatia \u2022 Reiki \u2022 e muito mais...<\/p><\/header>[\/vc_column][\/vc_row][vc_row css=&#8221;.vc_custom_1473374258019{margin-top: 0px !important;margin-bottom: 0px !important;padding-top: 10px !important;padding-bottom: 10px !important;}&#8221; anchor=&#8221;servicos-terapias-nao-convencionais&#8221;][vc_column offset=&#8221;vc_hidden-sm vc_hidden-xs&#8221;][vc_empty_space height=&#8221;100px&#8221;]<header class=\"kwayy-heading-wrapper kwayy-heading-wrapper-align-left\"><div class=\"kwayy-heading-wrapper-inner\"><h2 class=\"kwayy-heading-align-left\"><span>Terapias N\u00e3o Convencionais<\/span><\/h2><\/div><\/header>[vc_basic_grid post_type=&#8221;portfolio&#8221; max_items=&#8221;-1&#8243; element_width=&#8221;3&#8243; gap=&#8221;5&#8243; orderby=&#8221;title&#8221; order=&#8221;ASC&#8221; item=&#8221;8666&#8243; grid_id=&#8221;vc_gid:1687365328523-1d732b8b-d08a-4&#8243; taxonomies=&#8221;54&#8243;][vc_empty_space height=&#8221;40px&#8221;][\/vc_column][\/vc_row][vc_row][vc_column offset=&#8221;vc_hidden-lg vc_hidden-md&#8221;][vc_empty_space height=&#8221;50px&#8221;]<header class=\"kwayy-heading-wrapper kwayy-heading-wrapper-align-left\"><div class=\"kwayy-heading-wrapper-inner\"><h2 class=\"kwayy-heading-align-left\"><span>Terapias N\u00e3o Convencionais<\/span><\/h2><\/div><\/header>[vc_column_text]<!--W4PL_List_11738-->\n<div id=\"w4pl-list-11738\" class=\"w4pl\">\n\t<div id=\"w4pl-inner-11738\" class=\"w4pl-inner\">\n\t\t<ul>\n\t\t\t\t\t<li class=\"post-item-23320\"><a href=\"https:\/\/clinicamedicadoporto.pt\/staging\/especialidades\/auriculoterapia\/\">Auriculoterapia &#8211; Cl\u00ednica M\u00e9dica do Porto<\/a><\/li>\n\t\t\t\t\n\t\t\t\t\t<li class=\"post-item-1631\"><a href=\"https:\/\/clinicamedicadoporto.pt\/staging\/especialidades\/acupuntura\/\">Consulta de Acupuntura no Porto\ud83d\udc46 &#8211; Cl\u00ednica M\u00e9dica do Porto<\/a><\/li>\n\t\t\t\t\n\t\t\t\t\t<li class=\"post-item-216\"><a href=\"https:\/\/clinicamedicadoporto.pt\/staging\/especialidades\/fitoterapia\/\">Fitoterapia &#8211; Cl\u00ednica M\u00e9dica do Porto<\/a><\/li>\n\t\t\t\t\n\t\t\t\t\t<li class=\"post-item-18055\"><a href=\"https:\/\/clinicamedicadoporto.pt\/staging\/especialidades\/consulta-medica-homeopatica\/\">Homeopatia &#8211; Cl\u00ednica M\u00e9dica do Porto<\/a><\/li>\n\t\t\t\t\n\t\t\t\t\t<li class=\"post-item-262\"><a href=\"https:\/\/clinicamedicadoporto.pt\/staging\/especialidades\/medicina-tradicional-chinesa\/\">Medicina Chinesa &#8211; Acupuntura &#8211; Ventosaterapia &#8211; Cl\u00ednica M\u00e9dica do Porto<\/a><\/li>\n\t\t\t\t\n\t\t\t\t\t<li class=\"post-item-19\"><a href=\"https:\/\/clinicamedicadoporto.pt\/staging\/especialidades\/osteopatia\/\">Osteopatia &#8211; Cl\u00ednica M\u00e9dica do Porto<\/a><\/li>\n\t\t\t\t\n\t\t\t\t\t<li class=\"post-item-10518\"><a href=\"https:\/\/clinicamedicadoporto.pt\/staging\/especialidades\/osteopatia-pediatrica-e-infantil-clinica-medica-do-porto\/\">Osteopatia Pedi\u00e1trica e Infantil &#8211; Cl\u00ednica M\u00e9dica do Porto<\/a><\/li>\n\t\t\t\t\n\t\t\t\t\t<li class=\"post-item-3466\"><a href=\"https:\/\/clinicamedicadoporto.pt\/staging\/especialidades\/consulta-pediatria-homeopatica\/\">Pediatria Homeop\u00e1tica \ud83d\udc76 &#8211; Cl\u00ednica M\u00e9dica do Porto<\/a><\/li>\n\t\t\t\t<\/ul>\n\t<\/div><!--#w4pl-inner-11738-->\n<\/div><!--#w4pl-11738-->\n<!--END_W4PL_List_11738-->\n[\/vc_column_text][vc_empty_space height=&#8221;50px&#8221;][\/vc_column][\/vc_row][vc_row content_placement=&#8221;middle&#8221; textcolor=&#8221;white&#8221; bgtype=&#8221;skin&#8221;][vc_column css=&#8221;.vc_custom_1595012276416{padding-right: 5% !important;padding-left: 5% !important;}&#8221;][vc_empty_space height=&#8221;50px&#8221;][vc_icon icon_fontawesome=&#8221;fa fa-solid fa-notes-medical&#8221; color=&#8221;white&#8221; size=&#8221;xl&#8221; align=&#8221;center&#8221; css=&#8221;.vc_custom_1595012537078{padding: 5px !important;}&#8221;][vc_custom_heading text=&#8221;Esta \u00e9 apenas uma pequena parte dos servi\u00e7os que a Cl\u00ednica M\u00e9dica do Porto coloca ao seu dispor. Quer conhecer os restantes?&#8221; font_container=&#8221;tag:h2|font_size:150%25|text_align:center|line_height:1EM&#8221; google_fonts=&#8221;font_family:Roboto%3A100%2C100italic%2C300%2C300italic%2Cregular%2Citalic%2C500%2C500italic%2C700%2C700italic%2C900%2C900italic|font_style:500%20bold%20italic%3A500%3Aitalic&#8221;][vc_btn title=&#8221;CLIQUE PARA CONHECER TODOS OS SERVI\u00c7OS CL\u00cdNICOS&#8221; color=&#8221;white&#8221; align=&#8221;center&#8221; link=&#8221;url:https%3A%2F%2Fclinicamedicadoporto.pt%2Fstaging%2Fespecialidades%2F|title:Especialidades%20M%C3%A9dicas%20e%20Terapias%20N%C3%A3o%20Convencionais||&#8221; css=&#8221;.vc_custom_1595012333737{margin-top: 35px !important;}&#8221;][vc_empty_space height=&#8221;50px&#8221;][\/vc_column][\/vc_row][vc_row textcolor=&#8221;dark&#8221; bgtype=&#8221;skin&#8221; bgprecolor=&#8221;grey&#8221; css=&#8221;.vc_custom_1515700321742{padding-bottom: 40px !important;background-color: rgba(12,12,12,0.03) !important;background-position: center !important;background-repeat: no-repeat !important;background-size: cover !important;*background-color: rgb(12,12,12) !important;}&#8221;][vc_column][vc_empty_space height=&#8221;75px&#8221;][vc_row_inner][vc_column_inner offset=&#8221;vc_hidden-sm vc_hidden-xs&#8221;][vc_column_text]<\/p>\n<h2 class=\"kwayy-heading-align-center\" style=\"text-align: center\"><span style=\"text-align: center;font-size: 200%;font-weight: bold;line-height: 1EM;color: #70c2b4\">Estas s\u00e3o algumas das pessoas que nos fazem querer ser melhores a cada dia que passa.<br \/>\nConhe\u00e7a os seus testemunhos!<\/span><\/h2>\n<p>[\/vc_column_text]\n\t<div class=\"kwayy-testimonial-wrapper kwayy-effect-carousel kwayy-items-col-three kwayy-carousel-col-three\" data-autoplay=\"1\" data-autoplayspeed=\"800\" data-autoplaytimeout=\"4500\" data-loop=\"1\"><div class=\" kwayy-items-wrapper kwayy-carousel-items-wrapper\">\n\t<div class=\"kwayy-testimonial-box \"><div class=\"kwayy-testimonial-data\"><blockquote class=\"kwayy-testimonial-text\">\r\n\t\t\t\t<div class=\"contarea\">\t\t\t\t\t\r\n\t\t\t\t\t<div class=\"kwayy-tst-contarea-text\">Amazing osteopatia experience with Senhor T.Monteiro! I had lower back and ankles pain du to the gym and football. Easy and smooth to exchange with them because it was through whatsapp; Easy to find the place; Clean place; Warm welcome from senhora Santos (...)\r\n<\/div>\r\n\t\t\t\t\t\r\n\t\t\t\t<\/div><footer> <div class=\"kwayy-testimonial-img\"><img loading=\"lazy\" decoding=\"async\" width=\"96\" height=\"96\" src=\"https:\/\/clinicamedicadoporto.pt\/staging\/wp-content\/uploads\/2018\/07\/perfil-clinica-medica-do-porto-150x150.png\" class=\"attachment-thumbnail size-thumbnail wp-post-image\" alt=\"perfil-feminino-clinica-medica-do-porto\" srcset=\"https:\/\/clinicamedicadoporto.pt\/staging\/wp-content\/uploads\/2018\/07\/perfil-clinica-medica-do-porto-150x150.png 150w, https:\/\/clinicamedicadoporto.pt\/staging\/wp-content\/uploads\/2018\/07\/perfil-clinica-medica-do-porto-300x300.png 300w, https:\/\/clinicamedicadoporto.pt\/staging\/wp-content\/uploads\/2018\/07\/perfil-clinica-medica-do-porto-e1604515282169.png 60w\" sizes=\"auto, (max-width: 96px) 100vw, 96px\" \/><\/div> <cite class=\"kwayy-testimonial-title\">Luna Leila<span class=\"kwayy-testimonial-designation\">Paciente da Cl\u00ednica M\u00e9dica do Porto<\/span><\/cite><\/footer><\/blockquote><\/div>\n\t<\/div>\n\t<div class=\"kwayy-testimonial-box \"><div class=\"kwayy-testimonial-data\"><blockquote class=\"kwayy-testimonial-text\">\r\n\t\t\t\t<div class=\"contarea\">\t\t\t\t\t\r\n\t\t\t\t\t<div class=\"kwayy-tst-contarea-text\">(...) as minhas expetativas eram algo baixas pois n\u00e3o tinha referencias acerca da vossa clinica (...) Fui bem atendido tanto pela auxiliar atrav\u00e9s da sua simpatia e depois pela compet\u00eancia e profissionalismo do Dr.Tiago. Nao tenho duvidas que se precisar de usar os vossos servi\u00e7os, ou ate indicar a algu\u00e9m o farei.<\/div>\r\n\t\t\t\t\t\r\n\t\t\t\t<\/div><footer> <div class=\"kwayy-testimonial-img\"><img loading=\"lazy\" decoding=\"async\" width=\"72\" height=\"72\" src=\"https:\/\/clinicamedicadoporto.pt\/staging\/wp-content\/uploads\/2025\/10\/Foto-Testemunho-Miguel-Cruz.png?ver=1760695545\" class=\"attachment-thumbnail size-thumbnail wp-post-image\" alt=\"Foto Testemunho Miguel Cruz\" \/><\/div> <cite class=\"kwayy-testimonial-title\">Miguel Cruz<span class=\"kwayy-testimonial-designation\">Paciente da Cl\u00ednica M\u00e9dica do Porto<\/span><\/cite><\/footer><\/blockquote><\/div>\n\t<\/div>\n\t<div class=\"kwayy-testimonial-box \"><div class=\"kwayy-testimonial-data\"><blockquote class=\"kwayy-testimonial-text\">\r\n\t\t\t\t<div class=\"contarea\">\t\t\t\t\t\r\n\t\t\t\t\t<div class=\"kwayy-tst-contarea-text\">Experi\u00eancia 5 estrelas. Muito satisfeita com o acompanhamento na Cl\u00ednica M\u00e9dica do Porto. Atendimento educado, atencioso e descomplicado. Ambiente tranquilo. (...) A Terapeuta Tatiana Sousa \u00e9 uma excelente profissional, muito cuidadosa e emp\u00e1tica. \r\nParab\u00e9ns!<\/div>\r\n\t\t\t\t\t\r\n\t\t\t\t<\/div><footer> <div class=\"kwayy-testimonial-img\"><img loading=\"lazy\" decoding=\"async\" width=\"96\" height=\"96\" src=\"https:\/\/clinicamedicadoporto.pt\/staging\/wp-content\/uploads\/2025\/09\/foto-testemunho-maria-brandao.png\" class=\"attachment-thumbnail size-thumbnail wp-post-image\" alt=\"\" \/><\/div> <cite class=\"kwayy-testimonial-title\">Maria Brand\u00e3o<span class=\"kwayy-testimonial-designation\">Paciente da Cl\u00ednica M\u00e9dica do Porto<\/span><\/cite><\/footer><\/blockquote><\/div>\n\t<\/div>\n\t<div class=\"kwayy-testimonial-box \"><div class=\"kwayy-testimonial-data\"><blockquote class=\"kwayy-testimonial-text\">\r\n\t\t\t\t<div class=\"contarea\">\t\t\t\t\t\r\n\t\t\t\t\t<div class=\"kwayy-tst-contarea-text\">Consulta Osteopata com Dr Tiago. \r\nExcelente explica tudo tem paci\u00eancia. \r\nImenso jeito com bebes<\/div>\r\n\t\t\t\t\t\r\n\t\t\t\t<\/div><footer> <div class=\"kwayy-testimonial-img\"><img loading=\"lazy\" decoding=\"async\" width=\"70\" height=\"70\" src=\"https:\/\/clinicamedicadoporto.pt\/staging\/wp-content\/uploads\/2025\/09\/Foto-Joana-Pinto.png\" class=\"attachment-thumbnail size-thumbnail wp-post-image\" alt=\"\" \/><\/div> <cite class=\"kwayy-testimonial-title\">Joana Pinto<span class=\"kwayy-testimonial-designation\">Paciente da Cl\u00ednica M\u00e9dica do Porto<\/span><\/cite><\/footer><\/blockquote><\/div>\n\t<\/div>\n\t<div class=\"kwayy-testimonial-box \"><div class=\"kwayy-testimonial-data\"><blockquote class=\"kwayy-testimonial-text\">\r\n\t\t\t\t<div class=\"contarea\">\t\t\t\t\t\r\n\t\t\t\t\t<div class=\"kwayy-tst-contarea-text\">Sai esclarecida e com alternativas para o meu problema. \r\nObrigada<\/div>\r\n\t\t\t\t\t\r\n\t\t\t\t<\/div><footer> <div class=\"kwayy-testimonial-img\"><img loading=\"lazy\" decoding=\"async\" width=\"72\" height=\"72\" src=\"https:\/\/clinicamedicadoporto.pt\/staging\/wp-content\/uploads\/2025\/09\/Foto-Testemunho-Isabel-Ferreira.png\" class=\"attachment-thumbnail size-thumbnail wp-post-image\" alt=\"\" \/><\/div> <cite class=\"kwayy-testimonial-title\">Isabel Ferreira<span class=\"kwayy-testimonial-designation\">Paciente da Cl\u00ednica M\u00e9dica do Porto<\/span><\/cite><\/footer><\/blockquote><\/div>\n\t<\/div>\n\t<div class=\"kwayy-testimonial-box \"><div class=\"kwayy-testimonial-data\"><blockquote class=\"kwayy-testimonial-text\">\r\n\t\t\t\t<div class=\"contarea\">\t\t\t\t\t\r\n\t\t\t\t\t<div class=\"kwayy-tst-contarea-text\">A minha experi\u00eancia na Cl\u00ednica M\u00e9dica do Porto, na \u00e1rea de Acupuntura, foi extremamente positiva. A terapeuta Tatiana tem uma not\u00e1vel capacidade de escuta e empatia, aliada a um profundo conhecimento, tanto da t\u00e9cnica da acupuntura como da abordagem hol\u00edstica da medicina tradicional chinesa. Com o acompanhamento regular, senti melhorias evidentes a n\u00edvel f\u00edsico e emocional.\r\n(...)<\/div>\r\n\t\t\t\t\t\r\n\t\t\t\t<\/div><footer> <div class=\"kwayy-testimonial-img\"><img loading=\"lazy\" decoding=\"async\" width=\"72\" height=\"72\" src=\"https:\/\/clinicamedicadoporto.pt\/staging\/wp-content\/uploads\/2025\/06\/Foto-Testemunho-Miguel-Ribeiro.png\" class=\"attachment-thumbnail size-thumbnail wp-post-image\" alt=\"Foto de utente relativa ao testemunho da consulta de Acupuntura da Clinica Medica do Porto\" \/><\/div> <cite class=\"kwayy-testimonial-title\">Miguel Ribeiro<span class=\"kwayy-testimonial-designation\">Paciente da Cl\u00ednica M\u00e9dica do Porto<\/span><\/cite><\/footer><\/blockquote><\/div>\n\t<\/div>\n\t<div class=\"kwayy-testimonial-box \"><div class=\"kwayy-testimonial-data\"><blockquote class=\"kwayy-testimonial-text\">\r\n\t\t\t\t<div class=\"contarea\">\t\t\t\t\t\r\n\t\t\t\t\t<div class=\"kwayy-tst-contarea-text\">(\u2026) fui atendida pelo Osteopata Tiago,  afim de recuperar o movimento da \u00e1rea cervical e perna do lado direito. \r\nAp\u00f3s a terapia, senti imediatamente melhorias e continuo a sentir-me a recuperar!\r\nAgrade\u00e7o a forma de abordagem  e simpatia dos colaboradores!<\/div>\r\n\t\t\t\t\t\r\n\t\t\t\t<\/div><footer> <div class=\"kwayy-testimonial-img\"><img loading=\"lazy\" decoding=\"async\" width=\"96\" height=\"96\" src=\"https:\/\/clinicamedicadoporto.pt\/staging\/wp-content\/uploads\/2018\/07\/perfil-clinica-medica-do-porto-150x150.png\" class=\"attachment-thumbnail size-thumbnail wp-post-image\" alt=\"perfil-feminino-clinica-medica-do-porto\" srcset=\"https:\/\/clinicamedicadoporto.pt\/staging\/wp-content\/uploads\/2018\/07\/perfil-clinica-medica-do-porto-150x150.png 150w, https:\/\/clinicamedicadoporto.pt\/staging\/wp-content\/uploads\/2018\/07\/perfil-clinica-medica-do-porto-300x300.png 300w, https:\/\/clinicamedicadoporto.pt\/staging\/wp-content\/uploads\/2018\/07\/perfil-clinica-medica-do-porto-e1604515282169.png 60w\" sizes=\"auto, (max-width: 96px) 100vw, 96px\" \/><\/div> <cite class=\"kwayy-testimonial-title\">Maria do Carmo<span class=\"kwayy-testimonial-designation\">Paciente da Cl\u00ednica M\u00e9dica do Porto<\/span><\/cite><\/footer><\/blockquote><\/div>\n\t<\/div>\n\t<div class=\"kwayy-testimonial-box \"><div class=\"kwayy-testimonial-data\"><blockquote class=\"kwayy-testimonial-text\">\r\n\t\t\t\t<div class=\"contarea\">\t\t\t\t\t\r\n\t\t\t\t\t<div class=\"kwayy-tst-contarea-text\">Osteopatia. Simpatia, Aten\u00e7\u00e3o ao Detalhe, e Profissionalismo.<\/div>\r\n\t\t\t\t\t\r\n\t\t\t\t<\/div><footer> <div class=\"kwayy-testimonial-img\"><img loading=\"lazy\" decoding=\"async\" width=\"96\" height=\"96\" src=\"https:\/\/clinicamedicadoporto.pt\/staging\/wp-content\/uploads\/2025\/06\/Foto-Testemunho-Anabela-Rey-Esteves.png\" class=\"attachment-thumbnail size-thumbnail wp-post-image\" alt=\"Avatar de testemunho relativa \u00e0 consulta de Osteopatia da Cl\u00ednica M\u00e9dica do Porto\" \/><\/div> <cite class=\"kwayy-testimonial-title\">Anabela Rey Esteves<span class=\"kwayy-testimonial-designation\">Paciente da Cl\u00ednica M\u00e9dica do Porto<\/span><\/cite><\/footer><\/blockquote><\/div>\n\t<\/div>\n\t<div class=\"kwayy-testimonial-box \"><div class=\"kwayy-testimonial-data\"><blockquote class=\"kwayy-testimonial-text\">\r\n\t\t\t\t<div class=\"contarea\">\t\t\t\t\t\r\n\t\t\t\t\t<div class=\"kwayy-tst-contarea-text\">Depois de tanto tentar, a acupuntura de fertilidade com a incr\u00edvel Dra. Tatiana Sousa fez-me alcan\u00e7ar o sonho da maternidade - ESTOU GR\u00c1VIDA! (...)\r\n\r\nA Dra. Tatiana foi minha anjinha da guarda nesta jornada. Seu conhecimento profundo em medicina tradicional chinesa para concep\u00e7\u00e3o (regula\u00e7\u00e3o hormonal, fluxo energ\u00e9tico e prepara\u00e7\u00e3o do \u00fatero) fez toda a diferen\u00e7a!\r\n\r\n<\/div>\r\n\t\t\t\t\t\r\n\t\t\t\t<\/div><footer> <div class=\"kwayy-testimonial-img\"><img loading=\"lazy\" decoding=\"async\" width=\"72\" height=\"72\" src=\"https:\/\/clinicamedicadoporto.pt\/staging\/wp-content\/uploads\/2025\/06\/Foto-Testemunho-Ana-Marques.png\" class=\"attachment-thumbnail size-thumbnail wp-post-image\" alt=\"Foto de utente relativa ao testemunho da consulta de Fertilidade e Medicina Chinesa da Clinica Medica do Porto\" \/><\/div> <cite class=\"kwayy-testimonial-title\">Ana Marques<span class=\"kwayy-testimonial-designation\">Paciente da Cl\u00ednica M\u00e9dica do Porto<\/span><\/cite><\/footer><\/blockquote><\/div>\n\t<\/div>\n\t<div class=\"kwayy-testimonial-box \"><div class=\"kwayy-testimonial-data\"><blockquote class=\"kwayy-testimonial-text\">\r\n\t\t\t\t<div class=\"contarea\">\t\t\t\t\t\r\n\t\t\t\t\t<div class=\"kwayy-tst-contarea-text\">Atendimento descomplicado, marca\u00e7\u00e3o r\u00e1pida, pratica e eficaz.\r\nProfissionais educados e muito bem dispostos!<\/div>\r\n\t\t\t\t\t\r\n\t\t\t\t<\/div><footer> <div class=\"kwayy-testimonial-img\"><img loading=\"lazy\" decoding=\"async\" width=\"72\" height=\"72\" src=\"https:\/\/clinicamedicadoporto.pt\/staging\/wp-content\/uploads\/2025\/06\/Foto-Perfil-Marcos-Paulo-Caetano.png\" class=\"attachment-thumbnail size-thumbnail wp-post-image\" alt=\"Avatar de perfil relativo a testemunho de consulta na Cl\u00ednica M\u00e9dica do Porto\" \/><\/div> <cite class=\"kwayy-testimonial-title\">Marcos Paulo Caetano<span class=\"kwayy-testimonial-designation\">Paciente da Cl\u00ednica M\u00e9dica do Porto<\/span><\/cite><\/footer><\/blockquote><\/div>\n\t<\/div>\n\t<div class=\"kwayy-testimonial-box \"><div class=\"kwayy-testimonial-data\"><blockquote class=\"kwayy-testimonial-text\">\r\n\t\t\t\t<div class=\"contarea\">\t\t\t\t\t\r\n\t\t\t\t\t<div class=\"kwayy-tst-contarea-text\">Sou cliente h\u00e1 mais de 5 anos, mais recorrentemente dos Servi\u00e7os da Dr\u00aa Tatiana Galv\u00e3o, especialidade de acupuntura, a qual recomendo muito! Excelente profissional e ser Humano! Psicologia para adolescentes e medicina funcional\/nutrologia foram outras das especialidades as quais tb j\u00e1 recorri (...) Ao longo destes anos a minha experi\u00eancia tem sido a melhor, bons profissionais quer nas diversas especialidades m\u00e9dicas quer na recep\u00e7\u00e3o ao cliente.<\/div>\r\n\t\t\t\t\t\r\n\t\t\t\t<\/div><footer> <div class=\"kwayy-testimonial-img\"><img loading=\"lazy\" decoding=\"async\" width=\"60\" height=\"60\" src=\"https:\/\/clinicamedicadoporto.pt\/staging\/wp-content\/uploads\/2025\/06\/Foto-Testemunho-Xana-Bulcao.png\" class=\"attachment-thumbnail size-thumbnail wp-post-image\" alt=\"Foto de utente relativa ao testemunho da consulta de Acupuntura da Clinica Medica do Porto\" \/><\/div> <cite class=\"kwayy-testimonial-title\">Xana Bulc\u00e3o<span class=\"kwayy-testimonial-designation\">Paciente da Cl\u00ednica M\u00e9dica do Porto<\/span><\/cite><\/footer><\/blockquote><\/div>\n\t<\/div>\n\t<div class=\"kwayy-testimonial-box \"><div class=\"kwayy-testimonial-data\"><blockquote class=\"kwayy-testimonial-text\">\r\n\t\t\t\t<div class=\"contarea\">\t\t\t\t\t\r\n\t\t\t\t\t<div class=\"kwayy-tst-contarea-text\">Sou acompanhada pela Dra Tatiana Calv\u00e3o Sousa h\u00e1 mais de um ano. Conheci a Medicina Tradicional Chinesa e os benef\u00edcios da Acupuntura nessa altura recomendada por algu\u00e9m que j\u00e1 fazia com ela e estou rendida ao impacto que tiveram na melhoria da minha sa\u00fade e bem-estar (...) para al\u00e9m de ser uma excelente profissional dotada de muito conhecimento na \u00e1rea da fertilidade \u00e9 uma pessoa muito emp\u00e1tica e dispon\u00edvel para ajudar.\r\n\r\nRecomendo vivamente!<\/div>\r\n\t\t\t\t\t\r\n\t\t\t\t<\/div><footer> <div class=\"kwayy-testimonial-img\"><img loading=\"lazy\" decoding=\"async\" width=\"72\" height=\"72\" src=\"https:\/\/clinicamedicadoporto.pt\/staging\/wp-content\/uploads\/2025\/06\/Foto-Testemunho-Marta-Garrido.png\" class=\"attachment-thumbnail size-thumbnail wp-post-image\" alt=\"Foto de utente relativa ao testemunho da consulta de Medicina Tradicional Chinesa da Clinica Medica do Porto\" \/><\/div> <cite class=\"kwayy-testimonial-title\">Marta Garrido<span class=\"kwayy-testimonial-designation\">Paciente da Cl\u00ednica M\u00e9dica do Porto<\/span><\/cite><\/footer><\/blockquote><\/div>\n\t<\/div>\n\t<div class=\"kwayy-testimonial-box \"><div class=\"kwayy-testimonial-data\"><blockquote class=\"kwayy-testimonial-text\">\r\n\t\t\t\t<div class=\"contarea\">\t\t\t\t\t\r\n\t\t\t\t\t<div class=\"kwayy-tst-contarea-text\">Excelente profissional e \u00f3timo com as crian\u00e7as! \r\nRecomendo!<\/div>\r\n\t\t\t\t\t\r\n\t\t\t\t<\/div><footer> <div class=\"kwayy-testimonial-img\"><img loading=\"lazy\" decoding=\"async\" width=\"72\" height=\"72\" src=\"https:\/\/clinicamedicadoporto.pt\/staging\/wp-content\/uploads\/2025\/06\/Foto-Ines-Bento.png\" class=\"attachment-thumbnail size-thumbnail wp-post-image\" alt=\"Foto de mae de utente relativo ao testemunho da consulta de Ostepatia da Clinica Medica do Porto\" \/><\/div> <cite class=\"kwayy-testimonial-title\">In\u00eas Bento<span class=\"kwayy-testimonial-designation\">M\u00e3e de paciente da Cl\u00ednica M\u00e9dica do Porto<\/span><\/cite><\/footer><\/blockquote><\/div>\n\t<\/div>\n\t<div class=\"kwayy-testimonial-box \"><div class=\"kwayy-testimonial-data\"><blockquote class=\"kwayy-testimonial-text\">\r\n\t\t\t\t<div class=\"contarea\">\t\t\t\t\t\r\n\t\t\t\t\t<div class=\"kwayy-tst-contarea-text\">Fomos a uma consulta de Homeopatia Pedi\u00e1trica e adoramos todo o atendimento desde a recep\u00e7\u00e3o, \u00e1 consulta e mesmo ap\u00f3s a consulta. \r\nRecomendo<\/div>\r\n\t\t\t\t\t\r\n\t\t\t\t<\/div><footer> <div class=\"kwayy-testimonial-img\"><img loading=\"lazy\" decoding=\"async\" width=\"96\" height=\"96\" src=\"https:\/\/clinicamedicadoporto.pt\/staging\/wp-content\/uploads\/2025\/03\/Foto-Testemunho-Sandra-Araujo.png\" class=\"attachment-thumbnail size-thumbnail wp-post-image\" alt=\"Foto Testemunho Sandra Arau\u0301jo\" \/><\/div> <cite class=\"kwayy-testimonial-title\">Sandra Ara\u00fajo<span class=\"kwayy-testimonial-designation\">Paciente da Cl\u00ednica M\u00e9dica do Porto<\/span><\/cite><\/footer><\/blockquote><\/div>\n\t<\/div>\n\t<div class=\"kwayy-testimonial-box \"><div class=\"kwayy-testimonial-data\"><blockquote class=\"kwayy-testimonial-text\">\r\n\t\t\t\t<div class=\"contarea\">\t\t\t\t\t\r\n\t\t\t\t\t<div class=\"kwayy-tst-contarea-text\">(Traduzido pelo Google) Sendo estrangeira, tive dificuldade em encontrar um pediatra no Porto, (...). A pediatra Nelea foi minha melhor descoberta como m\u00e3e, al\u00e9m de amorosa, \u00e9 uma profissional que simplifica e te d\u00e1 confian\u00e7a (...). Eu recomendo fortemente. Al\u00e9m disso, visitando frequentemente a cl\u00ednica descobri especialistas maravilhosos em diversas \u00e1reas da sa\u00fade, (...).<\/div>\r\n\t\t\t\t\t\r\n\t\t\t\t<\/div><footer> <div class=\"kwayy-testimonial-img\"><img loading=\"lazy\" decoding=\"async\" width=\"96\" height=\"96\" src=\"https:\/\/clinicamedicadoporto.pt\/staging\/wp-content\/uploads\/2024\/12\/natalia-Martinez.jpg\" class=\"attachment-thumbnail size-thumbnail wp-post-image\" alt=\"Foto generica\" \/><\/div> <cite class=\"kwayy-testimonial-title\">Natalia Martinez<span class=\"kwayy-testimonial-designation\">Paciente e M\u00e3e de Paciente da Cl\u00ednica M\u00e9dica do Porto<\/span><\/cite><\/footer><\/blockquote><\/div>\n\t<\/div>\n\t<div class=\"kwayy-testimonial-box \"><div class=\"kwayy-testimonial-data\"><blockquote class=\"kwayy-testimonial-text\">\r\n\t\t\t\t<div class=\"contarea\">\t\t\t\t\t\r\n\t\t\t\t\t<div class=\"kwayy-tst-contarea-text\">Ainda comecei agora \u00e1 pouco mas fiquei muito satisfeita com o empenho de todos obrigada e at\u00e9 breve.<\/div>\r\n\t\t\t\t\t\r\n\t\t\t\t<\/div><footer> <div class=\"kwayy-testimonial-img\"><img loading=\"lazy\" decoding=\"async\" width=\"96\" height=\"96\" src=\"https:\/\/clinicamedicadoporto.pt\/staging\/wp-content\/uploads\/2018\/07\/perfil-clinica-medica-do-porto-150x150.png\" class=\"attachment-thumbnail size-thumbnail wp-post-image\" alt=\"perfil-feminino-clinica-medica-do-porto\" srcset=\"https:\/\/clinicamedicadoporto.pt\/staging\/wp-content\/uploads\/2018\/07\/perfil-clinica-medica-do-porto-150x150.png 150w, https:\/\/clinicamedicadoporto.pt\/staging\/wp-content\/uploads\/2018\/07\/perfil-clinica-medica-do-porto-300x300.png 300w, https:\/\/clinicamedicadoporto.pt\/staging\/wp-content\/uploads\/2018\/07\/perfil-clinica-medica-do-porto-e1604515282169.png 60w\" sizes=\"auto, (max-width: 96px) 100vw, 96px\" \/><\/div> <cite class=\"kwayy-testimonial-title\">Elisa Silva<span class=\"kwayy-testimonial-designation\">Paciente da Cl\u00ednica M\u00e9dica do Porto<\/span><\/cite><\/footer><\/blockquote><\/div>\n\t<\/div>\n\t<div class=\"kwayy-testimonial-box \"><div class=\"kwayy-testimonial-data\"><blockquote class=\"kwayy-testimonial-text\">\r\n\t\t\t\t<div class=\"contarea\">\t\t\t\t\t\r\n\t\t\t\t\t<div class=\"kwayy-tst-contarea-text\">\u00d3timo atendimento de toda a equipe, do agendamento \u00e0 consulta, impec\u00e1veis! Servi\u00e7o de qualidade prestado em toda a experi\u00eancia do cliente. Me senti muito bem!<\/div>\r\n\t\t\t\t\t\r\n\t\t\t\t<\/div><footer> <div class=\"kwayy-testimonial-img\"><img loading=\"lazy\" decoding=\"async\" width=\"96\" height=\"96\" src=\"https:\/\/clinicamedicadoporto.pt\/staging\/wp-content\/uploads\/2018\/07\/perfil-clinica-medica-do-porto-150x150.png\" class=\"attachment-thumbnail size-thumbnail wp-post-image\" alt=\"perfil-feminino-clinica-medica-do-porto\" srcset=\"https:\/\/clinicamedicadoporto.pt\/staging\/wp-content\/uploads\/2018\/07\/perfil-clinica-medica-do-porto-150x150.png 150w, https:\/\/clinicamedicadoporto.pt\/staging\/wp-content\/uploads\/2018\/07\/perfil-clinica-medica-do-porto-300x300.png 300w, https:\/\/clinicamedicadoporto.pt\/staging\/wp-content\/uploads\/2018\/07\/perfil-clinica-medica-do-porto-e1604515282169.png 60w\" sizes=\"auto, (max-width: 96px) 100vw, 96px\" \/><\/div> <cite class=\"kwayy-testimonial-title\">Suellen Cunha<span class=\"kwayy-testimonial-designation\">M\u00e3e de Paciente da Cl\u00ednica M\u00e9dica do Porto<\/span><\/cite><\/footer><\/blockquote><\/div>\n\t<\/div>\n\t<div class=\"kwayy-testimonial-box \"><div class=\"kwayy-testimonial-data\"><blockquote class=\"kwayy-testimonial-text\">\r\n\t\t\t\t<div class=\"contarea\">\t\t\t\t\t\r\n\t\t\t\t\t<div class=\"kwayy-tst-contarea-text\">S\u00f3 tenho a dizer bem, desde o empenho das rececionistas (...) at\u00e9 \u00e0 disponibilidade e simpatia da Dra. F\u00e1tima Azevedo, o cuidado e uma avalia\u00e7\u00e3o como deve ser feita, rigorosa, completa, sem pressa, interessada e com foco na cura e respeitando as minhas escolhas.\r\nA Dra. F\u00e1tima \u00e9 m\u00e9dica de medicina integrativa e homeopata e eu n\u00e3o podia estar mais satisfeita por t\u00ea-la encontrado.<\/div>\r\n\t\t\t\t\t\r\n\t\t\t\t<\/div><footer> <div class=\"kwayy-testimonial-img\"><img loading=\"lazy\" decoding=\"async\" width=\"1\" height=\"1\" src=\"https:\/\/clinicamedicadoporto.pt\/staging\/wp-content\/uploads\/2021\/06\/perfil-clinica-medica-do-porto-webhp.png\" class=\"attachment-thumbnail size-thumbnail wp-post-image\" alt=\"imagem-perfil-feminio-clinica-medica-do-porto\" \/><\/div> <cite class=\"kwayy-testimonial-title\">Joana Carreira<span class=\"kwayy-testimonial-designation\">Paciente da Cl\u00ednica M\u00e9dica do Porto<\/span><\/cite><\/footer><\/blockquote><\/div>\n\t<\/div>\n\t<div class=\"kwayy-testimonial-box \"><div class=\"kwayy-testimonial-data\"><blockquote class=\"kwayy-testimonial-text\">\r\n\t\t\t\t<div class=\"contarea\">\t\t\t\t\t\r\n\t\t\t\t\t<div class=\"kwayy-tst-contarea-text\">(Traduzido pelo Google) O Porto est\u00e1 cada vez mais m\u00e1gico. Obrigado \u00e0 equipe e ao Dr. Jos\u00e9 pela experi\u00eancia maravilhosa. (...). Meu desconforto diminuiu e estou ansioso para minha pr\u00f3xima visita. (...).<\/div>\r\n\t\t\t\t\t\r\n\t\t\t\t<\/div><footer> <div class=\"kwayy-testimonial-img\"><img loading=\"lazy\" decoding=\"async\" width=\"96\" height=\"96\" src=\"https:\/\/clinicamedicadoporto.pt\/staging\/wp-content\/uploads\/2024\/09\/Foto-Alan-Pierson.png\" class=\"attachment-thumbnail size-thumbnail wp-post-image\" alt=\"Foto generica\" \/><\/div> <cite class=\"kwayy-testimonial-title\">Alan Pierson<span class=\"kwayy-testimonial-designation\">Paciente da Cl\u00ednica M\u00e9dica do Porto<\/span><\/cite><\/footer><\/blockquote><\/div>\n\t<\/div>\n\t<div class=\"kwayy-testimonial-box \"><div class=\"kwayy-testimonial-data\"><blockquote class=\"kwayy-testimonial-text\">\r\n\t\t\t\t<div class=\"contarea\">\t\t\t\t\t\r\n\t\t\t\t\t<div class=\"kwayy-tst-contarea-text\">Profissionalismo, boas condi\u00e7\u00f5es, simpatia e um excelente atendimento do Dr. Tiago Monteiro.<\/div>\r\n\t\t\t\t\t\r\n\t\t\t\t<\/div><footer> <div class=\"kwayy-testimonial-img\"><img loading=\"lazy\" decoding=\"async\" width=\"1\" height=\"1\" src=\"https:\/\/clinicamedicadoporto.pt\/staging\/wp-content\/uploads\/2021\/06\/perfil-clinica-medica-do-porto-webhp.png\" class=\"attachment-thumbnail size-thumbnail wp-post-image\" alt=\"imagem-perfil-feminio-clinica-medica-do-porto\" \/><\/div> <cite class=\"kwayy-testimonial-title\">J\u00e9ssica Vieira<span class=\"kwayy-testimonial-designation\">Paciente da Cl\u00ednica M\u00e9dica do Porto<\/span><\/cite><\/footer><\/blockquote><\/div>\n\t<\/div>\n\t<div class=\"kwayy-testimonial-box \"><div class=\"kwayy-testimonial-data\"><blockquote class=\"kwayy-testimonial-text\">\r\n\t\t\t\t<div class=\"contarea\">\t\t\t\t\t\r\n\t\t\t\t\t<div class=\"kwayy-tst-contarea-text\">Celeridade e simpatia. Profissionalismo, aparentemente (o ju\u00edzo mais definitivo, depender\u00e1 dos resultados do tratamento), tamb\u00e9m de elevado n\u00edvel.<\/div>\r\n\t\t\t\t\t\r\n\t\t\t\t<\/div><footer> <div class=\"kwayy-testimonial-img\"><img loading=\"lazy\" decoding=\"async\" width=\"1\" height=\"1\" src=\"https:\/\/clinicamedicadoporto.pt\/staging\/wp-content\/uploads\/2021\/06\/perfil-masculino-clinica-medica-do-porto-webhp.png\" class=\"attachment-thumbnail size-thumbnail wp-post-image\" alt=\"imagem-perfil-masculino-clinica-medica-do-porto\" \/><\/div> <cite class=\"kwayy-testimonial-title\">Miguel Costa<span class=\"kwayy-testimonial-designation\">Paciente da Cl\u00ednica M\u00e9dica do Porto<\/span><\/cite><\/footer><\/blockquote><\/div>\n\t<\/div>\n\t<div class=\"kwayy-testimonial-box \"><div class=\"kwayy-testimonial-data\"><blockquote class=\"kwayy-testimonial-text\">\r\n\t\t\t\t<div class=\"contarea\">\t\t\t\t\t\r\n\t\t\t\t\t<div class=\"kwayy-tst-contarea-text\">Passei em consulta com o profissional Tiago Monteiro, osteopata da cl\u00ednica. Cheguei \u00e0 cl\u00ednica sentindo muitas dores e com imensa dificuldade em movimentar-me (...), ap\u00f3s uma \u00fanica sess\u00e3o de osteopatia obtive um ganho significativo, as dores quase sumiram, j\u00e1 fa\u00e7o movimentos que n\u00e3o fazia e estou readquirindo minha qualidade de vida. (...).<\/div>\r\n\t\t\t\t\t\r\n\t\t\t\t<\/div><footer> <div class=\"kwayy-testimonial-img\"><img loading=\"lazy\" decoding=\"async\" width=\"1\" height=\"1\" src=\"https:\/\/clinicamedicadoporto.pt\/staging\/wp-content\/uploads\/2021\/06\/perfil-masculino-clinica-medica-do-porto-webhp.png\" class=\"attachment-thumbnail size-thumbnail wp-post-image\" alt=\"imagem-perfil-masculino-clinica-medica-do-porto\" \/><\/div> <cite class=\"kwayy-testimonial-title\">Clamildes<span class=\"kwayy-testimonial-designation\">Paciente da Cl\u00ednica M\u00e9dica do Porto<\/span><\/cite><\/footer><\/blockquote><\/div>\n\t<\/div>\n\t<div class=\"kwayy-testimonial-box \"><div class=\"kwayy-testimonial-data\"><blockquote class=\"kwayy-testimonial-text\">\r\n\t\t\t\t<div class=\"contarea\">\t\t\t\t\t\r\n\t\t\t\t\t<div class=\"kwayy-tst-contarea-text\">Servi\u00e7o super competente e num ambiente \u00f3ptimo.<\/div>\r\n\t\t\t\t\t\r\n\t\t\t\t<\/div><footer> <div class=\"kwayy-testimonial-img\"><img loading=\"lazy\" decoding=\"async\" width=\"1\" height=\"1\" src=\"https:\/\/clinicamedicadoporto.pt\/staging\/wp-content\/uploads\/2021\/06\/perfil-masculino-clinica-medica-do-porto-webhp.png\" class=\"attachment-thumbnail size-thumbnail wp-post-image\" alt=\"imagem-perfil-masculino-clinica-medica-do-porto\" \/><\/div> <cite class=\"kwayy-testimonial-title\">M\u00e1rio Couto<span class=\"kwayy-testimonial-designation\">Paciente da Cl\u00ednica M\u00e9dica do Porto<\/span><\/cite><\/footer><\/blockquote><\/div>\n\t<\/div>\n\t<div class=\"kwayy-testimonial-box \"><div class=\"kwayy-testimonial-data\"><blockquote class=\"kwayy-testimonial-text\">\r\n\t\t\t\t<div class=\"contarea\">\t\t\t\t\t\r\n\t\t\t\t\t<div class=\"kwayy-tst-contarea-text\">Muito obrigada.\r\nS\u00e3o muito simp\u00e1ticos.<\/div>\r\n\t\t\t\t\t\r\n\t\t\t\t<\/div><footer> <div class=\"kwayy-testimonial-img\"><img loading=\"lazy\" decoding=\"async\" width=\"60\" height=\"60\" src=\"https:\/\/clinicamedicadoporto.pt\/staging\/wp-content\/uploads\/2024\/05\/Foto-Testemunho-Teresa-Tudela.png\" class=\"attachment-thumbnail size-thumbnail wp-post-image\" alt=\"Imagem avatar de testemunho da Cl\u00ednica M\u00e9dica do Porto\" \/><\/div> <cite class=\"kwayy-testimonial-title\">Teresa Tudela<span class=\"kwayy-testimonial-designation\">Paciente da Cl\u00ednica M\u00e9dica do Porto<\/span><\/cite><\/footer><\/blockquote><\/div>\n\t<\/div>\n\t<div class=\"kwayy-testimonial-box \"><div class=\"kwayy-testimonial-data\"><blockquote class=\"kwayy-testimonial-text\">\r\n\t\t\t\t<div class=\"contarea\">\t\t\t\t\t\r\n\t\t\t\t\t<div class=\"kwayy-tst-contarea-text\">Atendimento simp\u00e1tico e cumprimento do hor\u00e1rio da consulta, cl\u00ednica de f\u00e1cil localiza\u00e7\u00e3o.<\/div>\r\n\t\t\t\t\t\r\n\t\t\t\t<\/div><footer> <div class=\"kwayy-testimonial-img\"><img loading=\"lazy\" decoding=\"async\" width=\"1\" height=\"1\" src=\"https:\/\/clinicamedicadoporto.pt\/staging\/wp-content\/uploads\/2021\/06\/perfil-masculino-clinica-medica-do-porto-webhp.png\" class=\"attachment-thumbnail size-thumbnail wp-post-image\" alt=\"imagem-perfil-masculino-clinica-medica-do-porto\" \/><\/div> <cite class=\"kwayy-testimonial-title\">M\u00e1rcio Alves<span class=\"kwayy-testimonial-designation\">Paciente da Cl\u00ednica M\u00e9dica do Porto<\/span><\/cite><\/footer><\/blockquote><\/div>\n\t<\/div>\n\t<div class=\"kwayy-testimonial-box \"><div class=\"kwayy-testimonial-data\"><blockquote class=\"kwayy-testimonial-text\">\r\n\t\t\t\t<div class=\"contarea\">\t\t\t\t\t\r\n\t\t\t\t\t<div class=\"kwayy-tst-contarea-text\">Agrade\u00e7o \u00e0 Tatiana Sousa que me acompanha na acupuntura. Ela \u00e9 uma mulher muito carinhosa, atenciosa e simp\u00e1tica.\r\nEla fala ingl\u00eas e conseguiu me deixar \u00e0 vontade desde a primeira sess\u00e3o. (...) Eu recomendo.<\/div>\r\n\t\t\t\t\t\r\n\t\t\t\t<\/div><footer> <div class=\"kwayy-testimonial-img\"><img loading=\"lazy\" decoding=\"async\" width=\"96\" height=\"96\" src=\"https:\/\/clinicamedicadoporto.pt\/staging\/wp-content\/uploads\/2024\/03\/Foto-Imagam-Fanny-H-Testemunho.png\" class=\"attachment-thumbnail size-thumbnail wp-post-image\" alt=\"foto testemunho de paciente de acupuntura\" \/><\/div> <cite class=\"kwayy-testimonial-title\">Fanny H<span class=\"kwayy-testimonial-designation\">Paciente da Cl\u00ednica M\u00e9dica do Porto<\/span><\/cite><\/footer><\/blockquote><\/div>\n\t<\/div>\n\t<div class=\"kwayy-testimonial-box \"><div class=\"kwayy-testimonial-data\"><blockquote class=\"kwayy-testimonial-text\">\r\n\t\t\t\t<div class=\"contarea\">\t\t\t\t\t\r\n\t\t\t\t\t<div class=\"kwayy-tst-contarea-text\">Atendimento excelente da recep\u00e7\u00e3o ao especialista. Minha pequena adorou as m\u00e3os do Dr. Tiago!<\/div>\r\n\t\t\t\t\t\r\n\t\t\t\t<\/div><footer> <div class=\"kwayy-testimonial-img\"><img loading=\"lazy\" decoding=\"async\" width=\"1\" height=\"1\" src=\"https:\/\/clinicamedicadoporto.pt\/staging\/wp-content\/uploads\/2021\/06\/perfil-clinica-medica-do-porto-webhp.png\" class=\"attachment-thumbnail size-thumbnail wp-post-image\" alt=\"imagem-perfil-feminio-clinica-medica-do-porto\" \/><\/div> <cite class=\"kwayy-testimonial-title\">Vanessa Gon\u00e7alves<span class=\"kwayy-testimonial-designation\">M\u00e3e de Paciente da Cl\u00ednica M\u00e9dica do Porto<\/span><\/cite><\/footer><\/blockquote><\/div>\n\t<\/div>\n\t<div class=\"kwayy-testimonial-box \"><div class=\"kwayy-testimonial-data\"><blockquote class=\"kwayy-testimonial-text\">\r\n\t\t\t\t<div class=\"contarea\">\t\t\t\t\t\r\n\t\t\t\t\t<div class=\"kwayy-tst-contarea-text\">Espa\u00e7o agrad\u00e1vel e calmo.\r\nOs m\u00e9dicos e o Staff s\u00e3o incr\u00edveis.<\/div>\r\n\t\t\t\t\t\r\n\t\t\t\t<\/div><footer> <div class=\"kwayy-testimonial-img\"><img loading=\"lazy\" decoding=\"async\" width=\"60\" height=\"60\" src=\"https:\/\/clinicamedicadoporto.pt\/staging\/wp-content\/uploads\/2024\/02\/foto-testemunho-filipa-cunha.png\" class=\"attachment-thumbnail size-thumbnail wp-post-image\" alt=\"Testemunho Filipa Cunha\" \/><\/div> <cite class=\"kwayy-testimonial-title\">Filipa Cunha<span class=\"kwayy-testimonial-designation\">Paciente da Cl\u00ednica M\u00e9dica do Porto<\/span><\/cite><\/footer><\/blockquote><\/div>\n\t<\/div>\n\t<div class=\"kwayy-testimonial-box \"><div class=\"kwayy-testimonial-data\"><blockquote class=\"kwayy-testimonial-text\">\r\n\t\t\t\t<div class=\"contarea\">\t\t\t\t\t\r\n\t\t\t\t\t<div class=\"kwayy-tst-contarea-text\">Boas condi\u00e7\u00f5es. \r\nProfissionais simp\u00e1ticos e competentes. \r\nUma boa experi\u00eancia. <\/div>\r\n\t\t\t\t\t\r\n\t\t\t\t<\/div><footer> <div class=\"kwayy-testimonial-img\"><img loading=\"lazy\" decoding=\"async\" width=\"1\" height=\"1\" src=\"https:\/\/clinicamedicadoporto.pt\/staging\/wp-content\/uploads\/2021\/06\/perfil-clinica-medica-do-porto-webhp.png\" class=\"attachment-thumbnail size-thumbnail wp-post-image\" alt=\"imagem-perfil-feminio-clinica-medica-do-porto\" \/><\/div> <cite class=\"kwayy-testimonial-title\">Sara Fernandes<span class=\"kwayy-testimonial-designation\">Paciente da Cl\u00ednica M\u00e9dica do Porto<\/span><\/cite><\/footer><\/blockquote><\/div>\n\t<\/div>\n\t<div class=\"kwayy-testimonial-box \"><div class=\"kwayy-testimonial-data\"><blockquote class=\"kwayy-testimonial-text\">\r\n\t\t\t\t<div class=\"contarea\">\t\t\t\t\t\r\n\t\t\t\t\t<div class=\"kwayy-tst-contarea-text\">Gostei muito do atendimento.\r\nMuito simp\u00e1ticas e amorosas para a minha filha, sem d\u00favida, caso necessite, voltarei a escolher a Cl\u00ednica M\u00e9dica do Porto.\r\nAgradecida.<\/div>\r\n\t\t\t\t\t\r\n\t\t\t\t<\/div><footer> <div class=\"kwayy-testimonial-img\"><img loading=\"lazy\" decoding=\"async\" width=\"1\" height=\"1\" src=\"https:\/\/clinicamedicadoporto.pt\/staging\/wp-content\/uploads\/2021\/06\/perfil-clinica-medica-do-porto-webhp.png\" class=\"attachment-thumbnail size-thumbnail wp-post-image\" alt=\"imagem-perfil-feminio-clinica-medica-do-porto\" \/><\/div> <cite class=\"kwayy-testimonial-title\">Tatiana Silva<span class=\"kwayy-testimonial-designation\">M\u00e3e de Paciente da Cl\u00ednica M\u00e9dica do Porto<\/span><\/cite><\/footer><\/blockquote><\/div>\n\t<\/div>\n\t<div class=\"kwayy-testimonial-box \"><div class=\"kwayy-testimonial-data\"><blockquote class=\"kwayy-testimonial-text\">\r\n\t\t\t\t<div class=\"contarea\">\t\t\t\t\t\r\n\t\t\t\t\t<div class=\"kwayy-tst-contarea-text\">Foi uma experi\u00eancia muito agrad\u00e1vel nesta cl\u00ednica, com um bom acolhimento e um m\u00e9dico competente que presta aten\u00e7\u00e3o ao paciente e adoro o facto de serem recomendados rem\u00e9dios naturais, recomendo vivamente.<\/div>\r\n\t\t\t\t\t\r\n\t\t\t\t<\/div><footer> <div class=\"kwayy-testimonial-img\"><img loading=\"lazy\" decoding=\"async\" width=\"1\" height=\"1\" src=\"https:\/\/clinicamedicadoporto.pt\/staging\/wp-content\/uploads\/2021\/06\/perfil-clinica-medica-do-porto-webhp.png\" class=\"attachment-thumbnail size-thumbnail wp-post-image\" alt=\"imagem-perfil-feminio-clinica-medica-do-porto\" \/><\/div> <cite class=\"kwayy-testimonial-title\">Carlita<span class=\"kwayy-testimonial-designation\">Paciente da Cl\u00ednica M\u00e9dica do Porto<\/span><\/cite><\/footer><\/blockquote><\/div>\n\t<\/div>\n\t<div class=\"kwayy-testimonial-box \"><div class=\"kwayy-testimonial-data\"><blockquote class=\"kwayy-testimonial-text\">\r\n\t\t\t\t<div class=\"contarea\">\t\t\t\t\t\r\n\t\t\t\t\t<div class=\"kwayy-tst-contarea-text\">Excelente atendimento, tanto na rece\u00e7\u00e3o como do terapeuta Tiago.\r\nRecomendo!<\/div>\r\n\t\t\t\t\t\r\n\t\t\t\t<\/div><footer> <div class=\"kwayy-testimonial-img\"><img loading=\"lazy\" decoding=\"async\" width=\"60\" height=\"60\" src=\"https:\/\/clinicamedicadoporto.pt\/staging\/wp-content\/uploads\/2024\/01\/Foto-Daniela-Mendes.png\" class=\"attachment-thumbnail size-thumbnail wp-post-image\" alt=\"Imagem Testemunho consulta de Osteopatia\" \/><\/div> <cite class=\"kwayy-testimonial-title\">Daniela Mendes<span class=\"kwayy-testimonial-designation\">Paciente da Cl\u00ednica M\u00e9dica do Porto<\/span><\/cite><\/footer><\/blockquote><\/div>\n\t<\/div>\n\t<div class=\"kwayy-testimonial-box \"><div class=\"kwayy-testimonial-data\"><blockquote class=\"kwayy-testimonial-text\">\r\n\t\t\t\t<div class=\"contarea\">\t\t\t\t\t\r\n\t\t\t\t\t<div class=\"kwayy-tst-contarea-text\">Bom atendimento, muito profissionalismo!<\/div>\r\n\t\t\t\t\t\r\n\t\t\t\t<\/div><footer> <div class=\"kwayy-testimonial-img\"><img loading=\"lazy\" decoding=\"async\" width=\"1\" height=\"1\" src=\"https:\/\/clinicamedicadoporto.pt\/staging\/wp-content\/uploads\/2021\/06\/perfil-clinica-medica-do-porto-webhp.png\" class=\"attachment-thumbnail size-thumbnail wp-post-image\" alt=\"imagem-perfil-feminio-clinica-medica-do-porto\" \/><\/div> <cite class=\"kwayy-testimonial-title\">Maria Teresa Chaves<span class=\"kwayy-testimonial-designation\">Paciente da Cl\u00ednica M\u00e9dica do Porto<\/span><\/cite><\/footer><\/blockquote><\/div>\n\t<\/div>\n\t<div class=\"kwayy-testimonial-box \"><div class=\"kwayy-testimonial-data\"><blockquote class=\"kwayy-testimonial-text\">\r\n\t\t\t\t<div class=\"contarea\">\t\t\t\t\t\r\n\t\t\t\t\t<div class=\"kwayy-tst-contarea-text\">Gostei muito, fui tratada sem pressas e com muita aten\u00e7\u00e3o e dedica\u00e7\u00e3o\/empenho pelo Dr Jos\u00e9 Pereira. Sinto-me \"mais leve\", mais relaxada! Voltarei concerteza e farei \"publicidade\"!!!<\/div>\r\n\t\t\t\t\t\r\n\t\t\t\t<\/div><footer> <div class=\"kwayy-testimonial-img\"><img loading=\"lazy\" decoding=\"async\" width=\"1\" height=\"1\" src=\"https:\/\/clinicamedicadoporto.pt\/staging\/wp-content\/uploads\/2021\/06\/perfil-clinica-medica-do-porto-webhp.png\" class=\"attachment-thumbnail size-thumbnail wp-post-image\" alt=\"imagem-perfil-feminio-clinica-medica-do-porto\" \/><\/div> <cite class=\"kwayy-testimonial-title\">MJ Gandarela<span class=\"kwayy-testimonial-designation\">Paciente da Cl\u00ednica M\u00e9dica do Porto<\/span><\/cite><\/footer><\/blockquote><\/div>\n\t<\/div>\n\t<div class=\"kwayy-testimonial-box \"><div class=\"kwayy-testimonial-data\"><blockquote class=\"kwayy-testimonial-text\">\r\n\t\t\t\t<div class=\"contarea\">\t\t\t\t\t\r\n\t\t\t\t\t<div class=\"kwayy-tst-contarea-text\">1. servi\u00e7o de atendimento: EFICIENTE (...);\r\n2. Consulta: sublinhem-se a aten\u00e7\u00e3o na recep\u00e7\u00e3o, desde logo, ao utente; o cuidado na abordagem (...) sensibilidade e clareza necess\u00e1rias, na atitude e no discurso, (...), num grau de PROFISSIONALISMO de real\u00e7ar.\r\n3. Espa\u00e7o: (...) o facto de o estacionamento ser gerido camarariamente (parqu\u00edmetros) atenuar\u00e1 eventuais dificuldades de parqueamento moment\u00e2neo<\/div>\r\n\t\t\t\t\t\r\n\t\t\t\t<\/div><footer> <div class=\"kwayy-testimonial-img\"><img loading=\"lazy\" decoding=\"async\" width=\"96\" height=\"96\" src=\"https:\/\/clinicamedicadoporto.pt\/staging\/wp-content\/uploads\/2023\/10\/Foto-Manuel-Lopes-Pereira.png\" class=\"attachment-thumbnail size-thumbnail wp-post-image\" alt=\"Foto Manuel Lopes Pereira\" \/><\/div> <cite class=\"kwayy-testimonial-title\">Manuel Lopes Pereira<span class=\"kwayy-testimonial-designation\">Paciente da Cl\u00ednica M\u00e9dica do Porto<\/span><\/cite><\/footer><\/blockquote><\/div>\n\t<\/div>\n\t<div class=\"kwayy-testimonial-box \"><div class=\"kwayy-testimonial-data\"><blockquote class=\"kwayy-testimonial-text\">\r\n\t\t\t\t<div class=\"contarea\">\t\t\t\t\t\r\n\t\t\t\t\t<div class=\"kwayy-tst-contarea-text\">Servi\u00e7o profissional, recomendo!<\/div>\r\n\t\t\t\t\t\r\n\t\t\t\t<\/div><footer> <div class=\"kwayy-testimonial-img\"><img loading=\"lazy\" decoding=\"async\" width=\"96\" height=\"96\" src=\"https:\/\/clinicamedicadoporto.pt\/staging\/wp-content\/uploads\/2023\/10\/Foto-Comentario-Luis-Alves.png\" class=\"attachment-thumbnail size-thumbnail wp-post-image\" alt=\"Foto Lu\u00eds Alves\" \/><\/div> <cite class=\"kwayy-testimonial-title\">Luis Alves<span class=\"kwayy-testimonial-designation\">Paciente da Cl\u00ednica M\u00e9dica do Porto<\/span><\/cite><\/footer><\/blockquote><\/div>\n\t<\/div>\n\t<div class=\"kwayy-testimonial-box \"><div class=\"kwayy-testimonial-data\"><blockquote class=\"kwayy-testimonial-text\">\r\n\t\t\t\t<div class=\"contarea\">\t\t\t\t\t\r\n\t\t\t\t\t<div class=\"kwayy-tst-contarea-text\">Fui a uma consulta de osteopatia pedi\u00e1trica com o Dr Tiago e n\u00e3o podia estar mais satisfeita. Avaliou o meu beb\u00e9 de 1 m\u00eas como se fosse dele com imensa aten\u00e7\u00e3o, detalhe e cuidado. Foi a melhor consulta que tive na vida e n\u00e3o foi para mim! Recomendo totalmente. Vamos conseguir reverter v\u00e1rias quest\u00f5es que n\u00e3o foram identificadas pela pediatra gra\u00e7as \u00e0 vis\u00e3o atenta do Dr Tiago.<\/div>\r\n\t\t\t\t\t\r\n\t\t\t\t<\/div><footer> <span class=\"kwayy-testimonial-icon\"><i class=\"kwicon-fa-quote-left\"><\/i><\/span> <cite class=\"kwayy-testimonial-title\">Tatiana Pinto<span class=\"kwayy-testimonial-designation\">M\u00e3e de Paciente da Cl\u00ednica M\u00e9dica do Porto<\/span><\/cite><\/footer><\/blockquote><\/div>\n\t<\/div>\n\t<div class=\"kwayy-testimonial-box \"><div class=\"kwayy-testimonial-data\"><blockquote class=\"kwayy-testimonial-text\">\r\n\t\t\t\t<div class=\"contarea\">\t\t\t\t\t\r\n\t\t\t\t\t<div class=\"kwayy-tst-contarea-text\">Gostaria de dizer que foi uma experiencia muito agrad\u00e1vel o contacto com a terapeuta que me foi atribu\u00edda. Senti que fui ouvida e principalmente compreendida (\u2026) Obrigada!<\/div>\r\n\t\t\t\t\t\r\n\t\t\t\t<\/div><footer> <div class=\"kwayy-testimonial-img\"><img loading=\"lazy\" decoding=\"async\" width=\"96\" height=\"96\" src=\"https:\/\/clinicamedicadoporto.pt\/staging\/wp-content\/uploads\/2023\/07\/Foto-Sonia-Maria-Almeida.png\" class=\"attachment-thumbnail size-thumbnail wp-post-image\" alt=\"Testemunho Sonia Almeida face ao servi\u00e7o clinico da Cl\u00ednica M\u00e9dica do Porto\" \/><\/div> <cite class=\"kwayy-testimonial-title\">Sonia Maria Almeida<span class=\"kwayy-testimonial-designation\">Paciente da Cl\u00ednica M\u00e9dica do Porto<\/span><\/cite><\/footer><\/blockquote><\/div>\n\t<\/div>\n\t<div class=\"kwayy-testimonial-box \"><div class=\"kwayy-testimonial-data\"><blockquote class=\"kwayy-testimonial-text\">\r\n\t\t\t\t<div class=\"contarea\">\t\t\t\t\t\r\n\t\t\t\t\t<div class=\"kwayy-tst-contarea-text\">\u00d3timo atendimento, fui a uma consulta de osteopatia e deixo aqui o meu agradecimento ao terapeuta Tiago, pela simpatia e profissionalismo. \r\nObrigado....<\/div>\r\n\t\t\t\t\t\r\n\t\t\t\t<\/div><footer> <div class=\"kwayy-testimonial-img\"><img loading=\"lazy\" decoding=\"async\" width=\"1\" height=\"1\" src=\"https:\/\/clinicamedicadoporto.pt\/staging\/wp-content\/uploads\/2021\/06\/perfil-masculino-clinica-medica-do-porto-webhp.png\" class=\"attachment-thumbnail size-thumbnail wp-post-image\" alt=\"imagem-perfil-masculino-clinica-medica-do-porto\" \/><\/div> <cite class=\"kwayy-testimonial-title\">Miguel Queiros<span class=\"kwayy-testimonial-designation\">Paciente da Cl\u00ednica M\u00e9dica do Porto<\/span><\/cite><\/footer><\/blockquote><\/div>\n\t<\/div>\n\t<div class=\"kwayy-testimonial-box \"><div class=\"kwayy-testimonial-data\"><blockquote class=\"kwayy-testimonial-text\">\r\n\t\t\t\t<div class=\"contarea\">\t\t\t\t\t\r\n\t\t\t\t\t<div class=\"kwayy-tst-contarea-text\">Muito am\u00e1veis, desde a rece\u00e7\u00e3o ao corpo cl\u00ednico. \r\nRecomendo!\r\n\r\n<\/div>\r\n\t\t\t\t\t\r\n\t\t\t\t<\/div><footer> <div class=\"kwayy-testimonial-img\"><img loading=\"lazy\" decoding=\"async\" width=\"96\" height=\"96\" src=\"https:\/\/clinicamedicadoporto.pt\/staging\/wp-content\/uploads\/2023\/06\/Foto-Marta-Lima.png\" class=\"attachment-thumbnail size-thumbnail wp-post-image\" alt=\"Foto-Marta-Lima\" \/><\/div> <cite class=\"kwayy-testimonial-title\">Marta Lima<span class=\"kwayy-testimonial-designation\">Paciente da Cl\u00ednica M\u00e9dica do Porto<\/span><\/cite><\/footer><\/blockquote><\/div>\n\t<\/div>\n\t<div class=\"kwayy-testimonial-box \"><div class=\"kwayy-testimonial-data\"><blockquote class=\"kwayy-testimonial-text\">\r\n\t\t\t\t<div class=\"contarea\">\t\t\t\t\t\r\n\t\t\t\t\t<div class=\"kwayy-tst-contarea-text\">Desde do atendimento por telefone, recep\u00e7\u00e3o excelentes! \r\nA minha filha teve consulta com o Dr. (Tiago) Monteiro que foi incr\u00edvel, super acess\u00edvel, atento a todos os pormenores com a beb\u00e9 e ajudou-me a tirar imensas quest\u00f5es! \r\nRecomendo vivamente o profissional como a cl\u00ednica!<\/div>\r\n\t\t\t\t\t\r\n\t\t\t\t<\/div><footer> <div class=\"kwayy-testimonial-img\"><img loading=\"lazy\" decoding=\"async\" width=\"96\" height=\"96\" src=\"https:\/\/clinicamedicadoporto.pt\/staging\/wp-content\/uploads\/2023\/06\/Foto-Adriana-Sousa.png\" class=\"attachment-thumbnail size-thumbnail wp-post-image\" alt=\"Foto Testemunho Adriana\" \/><\/div> <cite class=\"kwayy-testimonial-title\">Adriana de Sousa<span class=\"kwayy-testimonial-designation\">M\u00e3e de Paciente da Cl\u00ednica M\u00e9dica do Porto<\/span><\/cite><\/footer><\/blockquote><\/div>\n\t<\/div>\n\t<div class=\"kwayy-testimonial-box \"><div class=\"kwayy-testimonial-data\"><blockquote class=\"kwayy-testimonial-text\">\r\n\t\t\t\t<div class=\"contarea\">\t\t\t\t\t\r\n\t\t\t\t\t<div class=\"kwayy-tst-contarea-text\">Fui atendida pelo Tiago Monteiro, o qual foi muito atencioso comigo e meu filho (bebe 7 meses).\r\nTranquilizou-nos a respeito do tratamento do meu filho.<\/div>\r\n\t\t\t\t\t\r\n\t\t\t\t<\/div><footer> <div class=\"kwayy-testimonial-img\"><img loading=\"lazy\" decoding=\"async\" width=\"1\" height=\"1\" src=\"https:\/\/clinicamedicadoporto.pt\/staging\/wp-content\/uploads\/2021\/06\/perfil-clinica-medica-do-porto-webhp.png\" class=\"attachment-thumbnail size-thumbnail wp-post-image\" alt=\"imagem-perfil-feminio-clinica-medica-do-porto\" \/><\/div> <cite class=\"kwayy-testimonial-title\">Mariana Porto<span class=\"kwayy-testimonial-designation\">M\u00e3e de Paciente da Cl\u00ednica M\u00e9dica do Porto<\/span><\/cite><\/footer><\/blockquote><\/div>\n\t<\/div>\n\t<div class=\"kwayy-testimonial-box \"><div class=\"kwayy-testimonial-data\"><blockquote class=\"kwayy-testimonial-text\">\r\n\t\t\t\t<div class=\"contarea\">\t\t\t\t\t\r\n\t\t\t\t\t<div class=\"kwayy-tst-contarea-text\">Fui a uma sess\u00e3o de osteopatia pediatrica com o terapeuta Tiago Monteiro! Gostamos muito da forma como tratou a nossa beb\u00e9 e da forma como nos explicou tudo e esclareceu as nossas duvidas! Muito dispon\u00edvel! Vamos voltar!<\/div>\r\n\t\t\t\t\t\r\n\t\t\t\t<\/div><footer> <div class=\"kwayy-testimonial-img\"><img loading=\"lazy\" decoding=\"async\" width=\"1\" height=\"1\" src=\"https:\/\/clinicamedicadoporto.pt\/staging\/wp-content\/uploads\/2021\/06\/perfil-clinica-medica-do-porto-webhp.png\" class=\"attachment-thumbnail size-thumbnail wp-post-image\" alt=\"imagem-perfil-feminio-clinica-medica-do-porto\" \/><\/div> <cite class=\"kwayy-testimonial-title\">Mariana Costa<span class=\"kwayy-testimonial-designation\">M\u00e3e de Paciente da Cl\u00ednica M\u00e9dica do Porto<\/span><\/cite><\/footer><\/blockquote><\/div>\n\t<\/div>\n\t<div class=\"kwayy-testimonial-box \"><div class=\"kwayy-testimonial-data\"><blockquote class=\"kwayy-testimonial-text\">\r\n\t\t\t\t<div class=\"contarea\">\t\t\t\t\t\r\n\t\t\t\t\t<div class=\"kwayy-tst-contarea-text\">Equipe maravilhosa de m\u00e9dicos e terapeutas para a equipe de apoio. Fui \u00e0 cl\u00ednica ver o quiropr\u00e1tico Tiago Monteiro para nos ajudar com o nosso rec\u00e9m-nascido e n\u00e3o pod\u00edamos estar mais felizes. (...) Recomendo a cl\u00ednica e o Dr Tiago se tiver problemas com os seus beb\u00e9s ou crian\u00e7as.<\/div>\r\n\t\t\t\t\t\r\n\t\t\t\t<\/div><footer> <div class=\"kwayy-testimonial-img\"><img loading=\"lazy\" decoding=\"async\" width=\"96\" height=\"96\" src=\"https:\/\/clinicamedicadoporto.pt\/staging\/wp-content\/uploads\/2023\/05\/foto-beatriz-santos.png\" class=\"attachment-thumbnail size-thumbnail wp-post-image\" alt=\"Foto de Paciente Beatriz Santos\" \/><\/div> <cite class=\"kwayy-testimonial-title\">Beatriz Santos<span class=\"kwayy-testimonial-designation\">M\u00e3e de Paciente da Cl\u00ednica M\u00e9dica do Porto<\/span><\/cite><\/footer><\/blockquote><\/div>\n\t<\/div>\n\t<div class=\"kwayy-testimonial-box \"><div class=\"kwayy-testimonial-data\"><blockquote class=\"kwayy-testimonial-text\">\r\n\t\t\t\t<div class=\"contarea\">\t\t\t\t\t\r\n\t\t\t\t\t<div class=\"kwayy-tst-contarea-text\">A avalia\u00e7\u00e3o s\u00f3 pode ser excelente desde a marca\u00e7\u00e3o (...); a consulta com o dr. Tiago Monteiro, tanto com a minha filha beb\u00e9 como com a minha m\u00e3e, (...) com resultados reais, al\u00e9m disso o dr. Tiago foi incr\u00edvel (...) . Fiquei super satisfeita, agradecida e feliz por ver resultados. (..) at\u00e9 agora s\u00f3 tenho muito boas coisas a dizer e muito a agradecer!<\/div>\r\n\t\t\t\t\t\r\n\t\t\t\t<\/div><footer> <div class=\"kwayy-testimonial-img\"><img loading=\"lazy\" decoding=\"async\" width=\"96\" height=\"96\" src=\"https:\/\/clinicamedicadoporto.pt\/staging\/wp-content\/uploads\/2023\/02\/Foto-Diana-Regodeiro.png\" class=\"attachment-thumbnail size-thumbnail wp-post-image\" alt=\"Testemunho de paciente da Cl\u00ednica M\u00e9dica do Porto\" \/><\/div> <cite class=\"kwayy-testimonial-title\">Diana Regodeiro<span class=\"kwayy-testimonial-designation\">Paciente da Cl\u00ednica M\u00e9dica do Porto<\/span><\/cite><\/footer><\/blockquote><\/div>\n\t<\/div>\n\t<div class=\"kwayy-testimonial-box \"><div class=\"kwayy-testimonial-data\"><blockquote class=\"kwayy-testimonial-text\">\r\n\t\t\t\t<div class=\"contarea\">\t\t\t\t\t\r\n\t\t\t\t\t<div class=\"kwayy-tst-contarea-text\">(...) o muito obrigado ao sr Tiago que das duas vezes que estive na clinica me ajudou a ultrapassar o meu problema (...)<\/div>\r\n\t\t\t\t\t\r\n\t\t\t\t<\/div><footer> <div class=\"kwayy-testimonial-img\"><img loading=\"lazy\" decoding=\"async\" width=\"96\" height=\"96\" src=\"https:\/\/clinicamedicadoporto.pt\/staging\/wp-content\/uploads\/2023\/02\/Foto-Anto\u0301nio-Baltazar.png\" class=\"attachment-thumbnail size-thumbnail wp-post-image\" alt=\"imagem testemunho paciente\" \/><\/div> <cite class=\"kwayy-testimonial-title\">Ant\u00f3nio Baltazar<span class=\"kwayy-testimonial-designation\">Paciente da Cl\u00ednica M\u00e9dica do Porto<\/span><\/cite><\/footer><\/blockquote><\/div>\n\t<\/div>\n\t<div class=\"kwayy-testimonial-box \"><div class=\"kwayy-testimonial-data\"><blockquote class=\"kwayy-testimonial-text\">\r\n\t\t\t\t<div class=\"contarea\">\t\t\t\t\t\r\n\t\t\t\t\t<div class=\"kwayy-tst-contarea-text\">Cl\u00ednica com as mais diversas val\u00eancias na \u00e1rea da sa\u00fade, perfeita para que todas as necessidades possam ser respondidas num \u00fanico local, sempre com profissionais de excel\u00eancia.\r\n\r\nEspecial destaque e carinho pela Terapeuta Tatiana, uma profissional altamente capacitada e competente, com um lado humano indiscrit\u00edvel, algu\u00e9m a quem nunca terei palavras suficientes para exprimir a minha gratid\u00e3o.<\/div>\r\n\t\t\t\t\t\r\n\t\t\t\t<\/div><footer> <div class=\"kwayy-testimonial-img\"><img loading=\"lazy\" decoding=\"async\" width=\"96\" height=\"96\" src=\"https:\/\/clinicamedicadoporto.pt\/staging\/wp-content\/uploads\/2022\/12\/Foto-Testemunho-Joana-Cardoso.png\" class=\"attachment-thumbnail size-thumbnail wp-post-image\" alt=\"Foto-Testemunho-Joana-Cardoso\" \/><\/div> <cite class=\"kwayy-testimonial-title\">Joana Cardoso<span class=\"kwayy-testimonial-designation\">Paciente da Cl\u00ednica M\u00e9dica do Porto<\/span><\/cite><\/footer><\/blockquote><\/div>\n\t<\/div>\n\t<div class=\"kwayy-testimonial-box \"><div class=\"kwayy-testimonial-data\"><blockquote class=\"kwayy-testimonial-text\">\r\n\t\t\t\t<div class=\"contarea\">\t\t\t\t\t\r\n\t\t\t\t\t<div class=\"kwayy-tst-contarea-text\">Gostei muito. \r\nFiz massagem e acupuntura com a Tatiana Sousa e adorei. \r\nRecomendo.<\/div>\r\n\t\t\t\t\t\r\n\t\t\t\t<\/div><footer> <div class=\"kwayy-testimonial-img\"><img loading=\"lazy\" decoding=\"async\" width=\"96\" height=\"96\" src=\"https:\/\/clinicamedicadoporto.pt\/staging\/wp-content\/uploads\/2022\/12\/Foto-Testemunho-Maria-Manuela-Vieira.png\" class=\"attachment-thumbnail size-thumbnail wp-post-image\" alt=\"Foto-Testemunho-Maria-Manuela-Vieira\" \/><\/div> <cite class=\"kwayy-testimonial-title\">Maria Manuela Silva Vieira<span class=\"kwayy-testimonial-designation\">Paciente da Cl\u00ednica M\u00e9dica do Porto<\/span><\/cite><\/footer><\/blockquote><\/div>\n\t<\/div>\n\t<div class=\"kwayy-testimonial-box \"><div class=\"kwayy-testimonial-data\"><blockquote class=\"kwayy-testimonial-text\">\r\n\t\t\t\t<div class=\"contarea\">\t\t\t\t\t\r\n\t\t\t\t\t<div class=\"kwayy-tst-contarea-text\">Parab\u00e9ns, adorei!\r\n<\/div>\r\n\t\t\t\t\t\r\n\t\t\t\t<\/div><footer> <div class=\"kwayy-testimonial-img\"><img loading=\"lazy\" decoding=\"async\" width=\"1\" height=\"1\" src=\"https:\/\/clinicamedicadoporto.pt\/staging\/wp-content\/uploads\/2021\/06\/perfil-clinica-medica-do-porto-webhp.png\" class=\"attachment-thumbnail size-thumbnail wp-post-image\" alt=\"imagem-perfil-feminio-clinica-medica-do-porto\" \/><\/div> <cite class=\"kwayy-testimonial-title\">Marta Maria Duarte<span class=\"kwayy-testimonial-designation\">Paciente da Cl\u00ednica M\u00e9dica do Porto<\/span><\/cite><\/footer><\/blockquote><\/div>\n\t<\/div>\n\t<div class=\"kwayy-testimonial-box \"><div class=\"kwayy-testimonial-data\"><blockquote class=\"kwayy-testimonial-text\">\r\n\t\t\t\t<div class=\"contarea\">\t\t\t\t\t\r\n\t\t\t\t\t<div class=\"kwayy-tst-contarea-text\">Extremamente profissionais e simp\u00e1ticos!<\/div>\r\n\t\t\t\t\t\r\n\t\t\t\t<\/div><footer> <div class=\"kwayy-testimonial-img\"><img loading=\"lazy\" decoding=\"async\" width=\"60\" height=\"60\" src=\"https:\/\/clinicamedicadoporto.pt\/staging\/wp-content\/uploads\/2018\/07\/perfil-masculino-clinica-medica-do-porto-e1604516490646.png\" class=\"attachment-thumbnail size-thumbnail wp-post-image\" alt=\"perfil-masculino-clinica-medica-do-porto\" \/><\/div> <cite class=\"kwayy-testimonial-title\">Pedro Costa<span class=\"kwayy-testimonial-designation\">Paciente da Cl\u00ednica M\u00e9dica do Porto<\/span><\/cite><\/footer><\/blockquote><\/div>\n\t<\/div>\n\t<div class=\"kwayy-testimonial-box \"><div class=\"kwayy-testimonial-data\"><blockquote class=\"kwayy-testimonial-text\">\r\n\t\t\t\t<div class=\"contarea\">\t\t\t\t\t\r\n\t\t\t\t\t<div class=\"kwayy-tst-contarea-text\">Fui muito bem recebida, desde a Sra da recep\u00e7\u00e3o at\u00e9 ao Doutor. Muitos parab\u00e9ns.<\/div>\r\n\t\t\t\t\t\r\n\t\t\t\t<\/div><footer> <div class=\"kwayy-testimonial-img\"><img loading=\"lazy\" decoding=\"async\" width=\"1\" height=\"1\" src=\"https:\/\/clinicamedicadoporto.pt\/staging\/wp-content\/uploads\/2021\/06\/perfil-clinica-medica-do-porto-webhp.png\" class=\"attachment-thumbnail size-thumbnail wp-post-image\" alt=\"imagem-perfil-feminio-clinica-medica-do-porto\" \/><\/div> <cite class=\"kwayy-testimonial-title\">Isabel Ferreira<span class=\"kwayy-testimonial-designation\">Paciente da Cl\u00ednica M\u00e9dica do Porto<\/span><\/cite><\/footer><\/blockquote><\/div>\n\t<\/div>\n\t<div class=\"kwayy-testimonial-box \"><div class=\"kwayy-testimonial-data\"><blockquote class=\"kwayy-testimonial-text\">\r\n\t\t\t\t<div class=\"contarea\">\t\t\t\t\t\r\n\t\t\t\t\t<div class=\"kwayy-tst-contarea-text\">Atendimento perfeito e sobretudo um acompanhamento pelo Tiago. Ap\u00f3s a minha consulta de Osteopatia, foi um alivio imediato ao n\u00edvel das minhas dores e contraturas.<\/div>\r\n\t\t\t\t\t\r\n\t\t\t\t<\/div><footer> <div class=\"kwayy-testimonial-img\"><img loading=\"lazy\" decoding=\"async\" width=\"96\" height=\"96\" src=\"https:\/\/clinicamedicadoporto.pt\/staging\/wp-content\/uploads\/2022\/10\/Imagem-Bruno-Mendes-Testemunho-Osteopatia.png\" class=\"attachment-thumbnail size-thumbnail wp-post-image\" alt=\"Imagem-Bruno Mendes Testemunho Osteopatia\" \/><\/div> <cite class=\"kwayy-testimonial-title\">Bruno Mendes<span class=\"kwayy-testimonial-designation\">Paciente da Cl\u00ednica M\u00e9dica do Porto<\/span><\/cite><\/footer><\/blockquote><\/div>\n\t<\/div>\n\t<div class=\"kwayy-testimonial-box \"><div class=\"kwayy-testimonial-data\"><blockquote class=\"kwayy-testimonial-text\">\r\n\t\t\t\t<div class=\"contarea\">\t\t\t\t\t\r\n\t\t\t\t\t<div class=\"kwayy-tst-contarea-text\">Quem tamb\u00e9m trata nesta fase da minha vida do meu equil\u00edbrio \u2764\ufe0f Quem me devolve o Karma de espetar umas agulhinhas \ud83d\ude05\ud83d\ude4c  (a prop\u00f3sito da terapeuta Tatiana Sousa e da Consulta de Medicina Tradicional Chinesa)<\/div>\r\n\t\t\t\t\t\r\n\t\t\t\t<\/div><footer> <div class=\"kwayy-testimonial-img\"><img loading=\"lazy\" decoding=\"async\" width=\"103\" height=\"96\" src=\"https:\/\/clinicamedicadoporto.pt\/staging\/wp-content\/uploads\/2022\/09\/Foto-Testemunho-Rita-Hera.png\" class=\"attachment-thumbnail size-thumbnail wp-post-image\" alt=\"Foto Testemunho Rita Hera Consulta Acupuntura\" \/><\/div> <cite class=\"kwayy-testimonial-title\">Rita Hera<\/cite><\/footer><\/blockquote><\/div>\n\t<\/div>\n\t<div class=\"kwayy-testimonial-box \"><div class=\"kwayy-testimonial-data\"><blockquote class=\"kwayy-testimonial-text\">\r\n\t\t\t\t<div class=\"contarea\">\t\t\t\t\t\r\n\t\t\t\t\t<div class=\"kwayy-tst-contarea-text\">Desde o agendamento, atendimento, consulta, pagamento e fatura\u00e7\u00e3o foi tudo excelente! A consulta com o Dr. Tiago Monteiro foi muito boa, esclarecedor, atencioso com a beb\u00e9 e muito simp\u00e1tico e prest\u00e1vel!<\/div>\r\n\t\t\t\t\t\r\n\t\t\t\t<\/div><footer> <div class=\"kwayy-testimonial-img\"><img loading=\"lazy\" decoding=\"async\" width=\"96\" height=\"96\" src=\"https:\/\/clinicamedicadoporto.pt\/staging\/wp-content\/uploads\/2022\/10\/Foto-Ana-de-Oliveira-Testemunho-Osteopatia-P.png\" class=\"attachment-thumbnail size-thumbnail wp-post-image\" alt=\"Foto - Ana de Oliveira - Testemunho Osteopatia P\" \/><\/div> <cite class=\"kwayy-testimonial-title\">Ana de Oliveira<span class=\"kwayy-testimonial-designation\">M\u00e3e de Paciente da Cl\u00ednica M\u00e9dica do Porto<\/span><\/cite><\/footer><\/blockquote><\/div>\n\t<\/div>\n\t<div class=\"kwayy-testimonial-box \"><div class=\"kwayy-testimonial-data\"><blockquote class=\"kwayy-testimonial-text\">\r\n\t\t\t\t<div class=\"contarea\">\t\t\t\t\t\r\n\t\t\t\t\t<div class=\"kwayy-tst-contarea-text\">Procuramos a cl\u00ednica para uma consulta de osteopatia pedi\u00e1trica. E fomos muito bem atendidos pelo Dr. Tiago Monteiro, o nosso filho saiu de l\u00e1 em ( modo zen).<\/div>\r\n\t\t\t\t\t\r\n\t\t\t\t<\/div><footer> <div class=\"kwayy-testimonial-img\"><img loading=\"lazy\" decoding=\"async\" width=\"60\" height=\"60\" src=\"https:\/\/clinicamedicadoporto.pt\/staging\/wp-content\/uploads\/2019\/08\/perfil-clinica-medica-do-porto-1-e1604515187835.png\" class=\"attachment-thumbnail size-thumbnail wp-post-image\" alt=\"Imagem-generica-clinica-medica-do-porto\" \/><\/div> <cite class=\"kwayy-testimonial-title\">Mariana Castro<span class=\"kwayy-testimonial-designation\">M\u00e3e de Paciente da Cl\u00ednica M\u00e9dica do Porto<\/span><\/cite><\/footer><\/blockquote><\/div>\n\t<\/div>\n\t<div class=\"kwayy-testimonial-box \"><div class=\"kwayy-testimonial-data\"><blockquote class=\"kwayy-testimonial-text\">\r\n\t\t\t\t<div class=\"contarea\">\t\t\t\t\t\r\n\t\t\t\t\t<div class=\"kwayy-tst-contarea-text\">Tratou-se da 1a consulta e reconhe\u00e7o com agrado todos os momentos: recep\u00e7\u00e3o, consulta e tratamento. \r\nQue mais dizer? Vou continuar.<\/div>\r\n\t\t\t\t\t\r\n\t\t\t\t<\/div><footer> <div class=\"kwayy-testimonial-img\"><img loading=\"lazy\" decoding=\"async\" width=\"1\" height=\"1\" src=\"https:\/\/clinicamedicadoporto.pt\/staging\/wp-content\/uploads\/2021\/06\/perfil-masculino-clinica-medica-do-porto-webhp.png\" class=\"attachment-thumbnail size-thumbnail wp-post-image\" alt=\"imagem-perfil-masculino-clinica-medica-do-porto\" \/><\/div> <cite class=\"kwayy-testimonial-title\">Ant\u00f3nio Matos<span class=\"kwayy-testimonial-designation\">Paciente da Cl\u00ednica M\u00e9dica do Porto<\/span><\/cite><\/footer><\/blockquote><\/div>\n\t<\/div>\n\t<div class=\"kwayy-testimonial-box \"><div class=\"kwayy-testimonial-data\"><blockquote class=\"kwayy-testimonial-text\">\r\n\t\t\t\t<div class=\"contarea\">\t\t\t\t\t\r\n\t\t\t\t\t<div class=\"kwayy-tst-contarea-text\">O Dr. Tiago Monteiro fez um acompanhamento excepcional no tratamento da plagiocefalia do meu beb\u00e9.  \r\nRecomendo<\/div>\r\n\t\t\t\t\t\r\n\t\t\t\t<\/div><footer> <div class=\"kwayy-testimonial-img\"><img loading=\"lazy\" decoding=\"async\" width=\"96\" height=\"96\" src=\"https:\/\/clinicamedicadoporto.pt\/staging\/wp-content\/uploads\/2022\/09\/Foto-Si\u0301lvia-Baltarejo-Testemunho-Osteopatia-Pediatrica.jpg\" class=\"attachment-thumbnail size-thumbnail wp-post-image\" alt=\"Foto Testemunho de Paciente de Osteopatia Infantil - Silvia Baltarejo\" \/><\/div> <cite class=\"kwayy-testimonial-title\">S\u00edlvia Baltarejo<span class=\"kwayy-testimonial-designation\">Paciente da Cl\u00ednica M\u00e9dica do Porto<\/span><\/cite><\/footer><\/blockquote><\/div>\n\t<\/div>\n\t<div class=\"kwayy-testimonial-box \"><div class=\"kwayy-testimonial-data\"><blockquote class=\"kwayy-testimonial-text\">\r\n\t\t\t\t<div class=\"contarea\">\t\t\t\t\t\r\n\t\t\t\t\t<div class=\"kwayy-tst-contarea-text\">Consulta pedi\u00e1trica com o Osteopata Tiago Monteiro. Super recomendo.\r\nExcelente profissional, avalia tudo ao pormenor e transmite confian\u00e7a e seguran\u00e7a aos pais (super importante quando \u00e9 a nossa primeira viagem).\r\nSimpatia e disponibilidade demonstradas pela colaboradora que nos recebeu.<\/div>\r\n\t\t\t\t\t\r\n\t\t\t\t<\/div><footer> <div class=\"kwayy-testimonial-img\"><img loading=\"lazy\" decoding=\"async\" width=\"96\" height=\"96\" src=\"https:\/\/clinicamedicadoporto.pt\/staging\/wp-content\/uploads\/2022\/07\/Foto-Sara-Felx.png\" class=\"attachment-thumbnail size-thumbnail wp-post-image\" alt=\"Foto Sara Felix - Testemunho consulta de Osteopatia\" \/><\/div> <cite class=\"kwayy-testimonial-title\">Sara Felix<span class=\"kwayy-testimonial-designation\">M\u00e3e de Paciente da Cl\u00ednica M\u00e9dica do Porto<\/span><\/cite><\/footer><\/blockquote><\/div>\n\t<\/div>\n\t<div class=\"kwayy-testimonial-box \"><div class=\"kwayy-testimonial-data\"><blockquote class=\"kwayy-testimonial-text\">\r\n\t\t\t\t<div class=\"contarea\">\t\t\t\t\t\r\n\t\t\t\t\t<div class=\"kwayy-tst-contarea-text\">Recomendo sem d\u00favida alguma!\r\nEquipa cinco estrelas, super profissionais e atenciosos.\r\nO meu filho foi tratado pelo Terapeuta Tiago Monteiro, que aliado ao excelente profissional que \u00e9, demostra um enorme carinho e afeto na forma como trata dos nossos beb\u00e9s. N\u00e3o podia estar mais segura e satisfeita com a escolha. Muit\u00edssimo obrigada!<\/div>\r\n\t\t\t\t\t\r\n\t\t\t\t<\/div><footer> <div class=\"kwayy-testimonial-img\"><img loading=\"lazy\" decoding=\"async\" width=\"1\" height=\"1\" src=\"https:\/\/clinicamedicadoporto.pt\/staging\/wp-content\/uploads\/2021\/06\/perfil-clinica-medica-do-porto-webhp.png\" class=\"attachment-thumbnail size-thumbnail wp-post-image\" alt=\"imagem-perfil-feminio-clinica-medica-do-porto\" \/><\/div> <cite class=\"kwayy-testimonial-title\">Raquel Vieira<span class=\"kwayy-testimonial-designation\">M\u00e3e de Paciente da Cl\u00ednica M\u00e9dica do Porto<\/span><\/cite><\/footer><\/blockquote><\/div>\n\t<\/div>\n\t<div class=\"kwayy-testimonial-box \"><div class=\"kwayy-testimonial-data\"><blockquote class=\"kwayy-testimonial-text\">\r\n\t\t\t\t<div class=\"contarea\">\t\t\t\t\t\r\n\t\t\t\t\t<div class=\"kwayy-tst-contarea-text\">O ambiente acolhedor, o profissionalismo de toda a equipa e a confian\u00e7a que a Dr.\u00aa Tatiana transmite em consulta, s\u00e3o motivos para depositar toda minha confian\u00e7a no trabalho que procurarei desenvolver em conjunto com cada uma das pessoas da clinica, envolvidas no processo de tratamento.<\/div>\r\n\t\t\t\t\t\r\n\t\t\t\t<\/div><footer> <div class=\"kwayy-testimonial-img\"><img loading=\"lazy\" decoding=\"async\" width=\"96\" height=\"96\" src=\"https:\/\/clinicamedicadoporto.pt\/staging\/wp-content\/uploads\/2022\/05\/Foto-Testemunho-Hoana-Mimoso-Guimara\u0303es.png\" class=\"attachment-thumbnail size-thumbnail wp-post-image\" alt=\"Foto de Joana Guimar\u00e3es paciente da Cl\u00ednica M\u00e9dica do Porto\" \/><\/div> <cite class=\"kwayy-testimonial-title\">Joana Mimoso Guimar\u00e3es<span class=\"kwayy-testimonial-designation\">Paciente da Cl\u00ednica M\u00e9dica do Porto<\/span><\/cite><\/footer><\/blockquote><\/div>\n\t<\/div>\n\t<div class=\"kwayy-testimonial-box \"><div class=\"kwayy-testimonial-data\"><blockquote class=\"kwayy-testimonial-text\">\r\n\t\t\t\t<div class=\"contarea\">\t\t\t\t\t\r\n\t\t\t\t\t<div class=\"kwayy-tst-contarea-text\">Sou seguida pela terapeuta Tatiana Sousa, especialista em medicina tradicional chinesa (ginecologia \/obstetr\u00edcia). \r\n\r\nAo longo destes meses de acupuntura e fitoterapia (novidades para mim), estou extremamente satisfeita com os resultados e com o atendimento, atento e personalizado, da Tatiana e restante equipa da cl\u00ednica. \r\n\r\nRecomendo vivamente!<\/div>\r\n\t\t\t\t\t\r\n\t\t\t\t<\/div><footer> <div class=\"kwayy-testimonial-img\"><img loading=\"lazy\" decoding=\"async\" width=\"60\" height=\"60\" src=\"https:\/\/clinicamedicadoporto.pt\/staging\/wp-content\/uploads\/2019\/08\/perfil-clinica-medica-do-porto-1-e1604515187835.png\" class=\"attachment-thumbnail size-thumbnail wp-post-image\" alt=\"Imagem-generica-clinica-medica-do-porto\" \/><\/div> <cite class=\"kwayy-testimonial-title\">Ana Isabel Ribeiro<span class=\"kwayy-testimonial-designation\">Paciente da Cl\u00ednica M\u00e9dica do Porto<\/span><\/cite><\/footer><\/blockquote><\/div>\n\t<\/div>\n\t<div class=\"kwayy-testimonial-box \"><div class=\"kwayy-testimonial-data\"><blockquote class=\"kwayy-testimonial-text\">\r\n\t\t\t\t<div class=\"contarea\">\t\t\t\t\t\r\n\t\t\t\t\t<div class=\"kwayy-tst-contarea-text\">Atendido a hora e com todo o profissionalismo!<\/div>\r\n\t\t\t\t\t\r\n\t\t\t\t<\/div><footer> <div class=\"kwayy-testimonial-img\"><img loading=\"lazy\" decoding=\"async\" width=\"1\" height=\"1\" src=\"https:\/\/clinicamedicadoporto.pt\/staging\/wp-content\/uploads\/2022\/01\/Foto-Humberto-Neto.png\" class=\"attachment-thumbnail size-thumbnail wp-post-image\" alt=\"Foto Humberto Neto Testemunho Consulta na Cl\u00ednica M\u00e9dica do Porto\" \/><\/div> <cite class=\"kwayy-testimonial-title\">Humberto Neto<span class=\"kwayy-testimonial-designation\">Paciente da Cl\u00ednica M\u00e9dica do Porto<\/span><\/cite><\/footer><\/blockquote><\/div>\n\t<\/div>\n\t<div class=\"kwayy-testimonial-box \"><div class=\"kwayy-testimonial-data\"><blockquote class=\"kwayy-testimonial-text\">\r\n\t\t\t\t<div class=\"contarea\">\t\t\t\t\t\r\n\t\t\t\t\t<div class=\"kwayy-tst-contarea-text\">Sou seguida pela terapeuta Tatiana, que me tem ajudado a controlar as minhas dores de costas! \r\nUma profissional de excel\u00eancia! \r\n\r\nRecomendo a 100% o seu trabalho e as suas t\u00e9cnicas de massagem e acupuntura! \r\nNota 5 tamb\u00e9m para o todo o staff, sempre simp\u00e1tico e profissional!<\/div>\r\n\t\t\t\t\t\r\n\t\t\t\t<\/div><footer> <div class=\"kwayy-testimonial-img\"><img loading=\"lazy\" decoding=\"async\" width=\"1\" height=\"1\" src=\"https:\/\/clinicamedicadoporto.pt\/staging\/wp-content\/uploads\/2022\/01\/Imagem-Rita-Viana-Testemunho-Clinica-Medica-Porto.png\" class=\"attachment-thumbnail size-thumbnail wp-post-image\" alt=\"Rita Viana - Testemunho - Consulta de Acupuntura Porto\" \/><\/div> <cite class=\"kwayy-testimonial-title\">Rita Viana<span class=\"kwayy-testimonial-designation\">Paciente da Cl\u00ednica M\u00e9dica do Porto<\/span><\/cite><\/footer><\/blockquote><\/div>\n\t<\/div>\n\t<div class=\"kwayy-testimonial-box \"><div class=\"kwayy-testimonial-data\"><blockquote class=\"kwayy-testimonial-text\">\r\n\t\t\t\t<div class=\"contarea\">\t\t\t\t\t\r\n\t\t\t\t\t<div class=\"kwayy-tst-contarea-text\">Fiquei muito bem impressionada com o atendimento quer do pessoal administrativo quer do pessoal m\u00e9dico, no meu caso o Dr Tiago Monteiro. \r\nPretendo continuar a ser seguida nesta cl\u00ednica e portanto recomendo os seus servi\u00e7os.<\/div>\r\n\t\t\t\t\t\r\n\t\t\t\t<\/div><footer> <div class=\"kwayy-testimonial-img\"><img loading=\"lazy\" decoding=\"async\" width=\"60\" height=\"60\" src=\"https:\/\/clinicamedicadoporto.pt\/staging\/wp-content\/uploads\/2019\/08\/perfil-clinica-medica-do-porto-1-e1604515187835.png\" class=\"attachment-thumbnail size-thumbnail wp-post-image\" alt=\"Imagem-generica-clinica-medica-do-porto\" \/><\/div> <cite class=\"kwayy-testimonial-title\">Elisabete Silva<span class=\"kwayy-testimonial-designation\">Paciente da Cl\u00ednica M\u00e9dica do Porto<\/span><\/cite><\/footer><\/blockquote><\/div>\n\t<\/div>\n\t<div class=\"kwayy-testimonial-box \"><div class=\"kwayy-testimonial-data\"><blockquote class=\"kwayy-testimonial-text\">\r\n\t\t\t\t<div class=\"contarea\">\t\t\t\t\t\r\n\t\t\t\t\t<div class=\"kwayy-tst-contarea-text\">Simpatia, \u00e9tica profissional, atendimento e profissionalismo de excel\u00eancia. \r\nRecomendo!!!<\/div>\r\n\t\t\t\t\t\r\n\t\t\t\t<\/div><footer> <div class=\"kwayy-testimonial-img\"><img loading=\"lazy\" decoding=\"async\" width=\"96\" height=\"96\" src=\"https:\/\/clinicamedicadoporto.pt\/staging\/wp-content\/uploads\/2018\/07\/perfil-clinica-medica-do-porto-150x150.png\" class=\"attachment-thumbnail size-thumbnail wp-post-image\" alt=\"perfil-feminino-clinica-medica-do-porto\" srcset=\"https:\/\/clinicamedicadoporto.pt\/staging\/wp-content\/uploads\/2018\/07\/perfil-clinica-medica-do-porto-150x150.png 150w, https:\/\/clinicamedicadoporto.pt\/staging\/wp-content\/uploads\/2018\/07\/perfil-clinica-medica-do-porto-300x300.png 300w, https:\/\/clinicamedicadoporto.pt\/staging\/wp-content\/uploads\/2018\/07\/perfil-clinica-medica-do-porto-e1604515282169.png 60w\" sizes=\"auto, (max-width: 96px) 100vw, 96px\" \/><\/div> <cite class=\"kwayy-testimonial-title\">M Ferreira<span class=\"kwayy-testimonial-designation\">Paciente da Cl\u00ednica M\u00e9dica do Porto<\/span><\/cite><\/footer><\/blockquote><\/div>\n\t<\/div>\n\t<div class=\"kwayy-testimonial-box \"><div class=\"kwayy-testimonial-data\"><blockquote class=\"kwayy-testimonial-text\">\r\n\t\t\t\t<div class=\"contarea\">\t\t\t\t\t\r\n\t\t\t\t\t<div class=\"kwayy-tst-contarea-text\">Gostei do atendimento e do servi\u00e7o!<\/div>\r\n\t\t\t\t\t\r\n\t\t\t\t<\/div><footer> <div class=\"kwayy-testimonial-img\"><img loading=\"lazy\" decoding=\"async\" width=\"60\" height=\"60\" src=\"https:\/\/clinicamedicadoporto.pt\/staging\/wp-content\/uploads\/2021\/11\/Foto-Ca\u0302ndida-Paiva.png\" class=\"attachment-thumbnail size-thumbnail wp-post-image\" alt=\"Foto- Ca\u0302ndida-Paiva\" \/><\/div> <cite class=\"kwayy-testimonial-title\">C\u00e2ndida Paiva<span class=\"kwayy-testimonial-designation\">Paciente da Cl\u00ednica M\u00e9dica do Porto<\/span><\/cite><\/footer><\/blockquote><\/div>\n\t<\/div>\n\t<div class=\"kwayy-testimonial-box \"><div class=\"kwayy-testimonial-data\"><blockquote class=\"kwayy-testimonial-text\">\r\n\t\t\t\t<div class=\"contarea\">\t\t\t\t\t\r\n\t\t\t\t\t<div class=\"kwayy-tst-contarea-text\">Recomendo sem d\u00favida alguma \ud83d\udc4c\r\nO meu filho \u00e9 seguido pelo osteopata pedi\u00e1trico (Dr. Tiago Monteiro) desde que nasceu e n\u00e3o podia estar mais satisfeita!\r\nO Dr. Tiago Monteiro \u00e9 um doce com os beb\u00e9s e mostra gosto no que faz ! Faz \"milagres\" \u263a\ufe0f\r\nDeixo tamb\u00e9m um agradecimento \u00e0s rececionistas, que para al\u00e9m de simp\u00e1ticas s\u00e3o super profissionais.<\/div>\r\n\t\t\t\t\t\r\n\t\t\t\t<\/div><footer> <div class=\"kwayy-testimonial-img\"><img loading=\"lazy\" decoding=\"async\" width=\"96\" height=\"96\" src=\"https:\/\/clinicamedicadoporto.pt\/staging\/wp-content\/uploads\/2021\/10\/Foto-Kelly-Carvalho.jpg\" class=\"attachment-thumbnail size-thumbnail wp-post-image\" alt=\"Foto-Kelly-Carvalho\" \/><\/div> <cite class=\"kwayy-testimonial-title\">Kelly Carvalho<span class=\"kwayy-testimonial-designation\">M\u00e3e de Beb\u00e9 Paciente da Cl\u00ednica M\u00e9dica do Porto<\/span><\/cite><\/footer><\/blockquote><\/div>\n\t<\/div>\n\t<div class=\"kwayy-testimonial-box \"><div class=\"kwayy-testimonial-data\"><blockquote class=\"kwayy-testimonial-text\">\r\n\t\t\t\t<div class=\"contarea\">\t\t\t\t\t\r\n\t\t\t\t\t<div class=\"kwayy-tst-contarea-text\">Atendimento espetacular. Levamos o nosso filhote de 1 m\u00eas a uma consulta com o osteopata Dr Tiago e foi uma experi\u00eancia excelente. Muito querido no trato do beb\u00e9 e compreensivo connosco! No atendimento em geral foi r\u00e1pido desde marcar a consulta ao acolhimento, sem d\u00favida que recomendamos!<\/div>\r\n\t\t\t\t\t\r\n\t\t\t\t<\/div><footer> <div class=\"kwayy-testimonial-img\"><img loading=\"lazy\" decoding=\"async\" width=\"60\" height=\"60\" src=\"https:\/\/clinicamedicadoporto.pt\/staging\/wp-content\/uploads\/2021\/10\/Foto-Ana-Baptista.png\" class=\"attachment-thumbnail size-thumbnail wp-post-image\" alt=\"Foto-Ana-Baptista\" \/><\/div> <cite class=\"kwayy-testimonial-title\">Ana Baptista<span class=\"kwayy-testimonial-designation\">M\u00e3e de Paciente da Cl\u00ednica M\u00e9dica od Porto<\/span><\/cite><\/footer><\/blockquote><\/div>\n\t<\/div>\n\t<div class=\"kwayy-testimonial-box \"><div class=\"kwayy-testimonial-data\"><blockquote class=\"kwayy-testimonial-text\">\r\n\t\t\t\t<div class=\"contarea\">\t\t\t\t\t\r\n\t\t\t\t\t<div class=\"kwayy-tst-contarea-text\">J\u00e1 fui a v\u00e1rias consultas na Cl\u00ednica M\u00e9dica do Porto, da terapeuta Tatiana Sousa e da Dr.\u00aa Erm\u00ednia Afonso, e fui sempre muito bem atendida e com bons resultados nos tratamentos realizados. Recomendo vivamente!<\/div>\r\n\t\t\t\t\t\r\n\t\t\t\t<\/div><footer> <div class=\"kwayy-testimonial-img\"><img loading=\"lazy\" decoding=\"async\" width=\"60\" height=\"60\" src=\"https:\/\/clinicamedicadoporto.pt\/staging\/wp-content\/uploads\/2019\/08\/perfil-clinica-medica-do-porto-1-e1604515187835.png\" class=\"attachment-thumbnail size-thumbnail wp-post-image\" alt=\"Imagem-generica-clinica-medica-do-porto\" \/><\/div> <cite class=\"kwayy-testimonial-title\">Ana Rita<span class=\"kwayy-testimonial-designation\">Paciente da Cl\u00ednica M\u00e9dica do Porto<\/span><\/cite><\/footer><\/blockquote><\/div>\n\t<\/div>\n\t<div class=\"kwayy-testimonial-box \"><div class=\"kwayy-testimonial-data\"><blockquote class=\"kwayy-testimonial-text\">\r\n\t\t\t\t<div class=\"contarea\">\t\t\t\t\t\r\n\t\t\t\t\t<div class=\"kwayy-tst-contarea-text\">O que me levou \u00e0 Cl\u00ednica foram as ins\u00f3nias. De muita procura encontrei o s\u00edtio certo para as tratar. Comecei a fazer acupuntura com a Terapeuta Tatiana que \u00e9 uma excelente profissional. Ainda vou a meio do tratamento mas come\u00e7o a percebe que efectivamente estou muito melhor. O meu muito obrigado \u00e0 Terapeuta Tatiana.<\/div>\r\n\t\t\t\t\t\r\n\t\t\t\t<\/div><footer> <div class=\"kwayy-testimonial-img\"><img loading=\"lazy\" decoding=\"async\" width=\"60\" height=\"60\" src=\"https:\/\/clinicamedicadoporto.pt\/staging\/wp-content\/uploads\/2019\/08\/perfil-clinica-medica-do-porto-1-e1604515187835.png\" class=\"attachment-thumbnail size-thumbnail wp-post-image\" alt=\"Imagem-generica-clinica-medica-do-porto\" \/><\/div> <cite class=\"kwayy-testimonial-title\">Alice Moreira<span class=\"kwayy-testimonial-designation\">Paciente da Cl\u00ednica M\u00e9dica do Porto<\/span><\/cite><\/footer><\/blockquote><\/div>\n\t<\/div>\n\t<div class=\"kwayy-testimonial-box \"><div class=\"kwayy-testimonial-data\"><blockquote class=\"kwayy-testimonial-text\">\r\n\t\t\t\t<div class=\"contarea\">\t\t\t\t\t\r\n\t\t\t\t\t<div class=\"kwayy-tst-contarea-text\">Super bem atendida com todo o cuidado necess\u00e1rio. J\u00e1 conhecia o Dr Tiago pois foi m\u00e9dico do meu filho. Recomendo 5*<\/div>\r\n\t\t\t\t\t\r\n\t\t\t\t<\/div><footer> <div class=\"kwayy-testimonial-img\"><img loading=\"lazy\" decoding=\"async\" width=\"60\" height=\"60\" src=\"https:\/\/clinicamedicadoporto.pt\/staging\/wp-content\/uploads\/2021\/09\/Foto-Janina-Ribeiro.png\" class=\"attachment-thumbnail size-thumbnail wp-post-image\" alt=\"Foto-Janina Ribeiro\" \/><\/div> <cite class=\"kwayy-testimonial-title\">Janina Ribeiro<span class=\"kwayy-testimonial-designation\">Paciente da Cl\u00ednica M\u00e9dica do Porto<\/span><\/cite><\/footer><\/blockquote><\/div>\n\t<\/div>\n\t<div class=\"kwayy-testimonial-box \"><div class=\"kwayy-testimonial-data\"><blockquote class=\"kwayy-testimonial-text\">\r\n\t\t\t\t<div class=\"contarea\">\t\t\t\t\t\r\n\t\t\t\t\t<div class=\"kwayy-tst-contarea-text\">Este ano desafiante levou-me \u00e0 procura de novos meios para recuperar energia e tranquilidade. Tem sido atrav\u00e9s da Medicina Tradicional Chinesa que tenho reencontrado o meu equil\u00edbrio. Obrigada Cl\u00ednica M\u00e9dica do Porto e, mais concretamente, Dra. Tatiana Calv\u00e3o Sousa.<\/div>\r\n\t\t\t\t\t\r\n\t\t\t\t<\/div><footer> <div class=\"kwayy-testimonial-img\"><img loading=\"lazy\" decoding=\"async\" width=\"60\" height=\"60\" src=\"https:\/\/clinicamedicadoporto.pt\/staging\/wp-content\/uploads\/2021\/09\/Foto-Ana-Dias.png\" class=\"attachment-thumbnail size-thumbnail wp-post-image\" alt=\"Foto Ana Dias Testemunho Consulta Acupuntura\" \/><\/div> <cite class=\"kwayy-testimonial-title\">Ana Dias<span class=\"kwayy-testimonial-designation\">Paciente da Cl\u00ednica M\u00e9dica do Porto<\/span><\/cite><\/footer><\/blockquote><\/div>\n\t<\/div>\n\t<div class=\"kwayy-testimonial-box \"><div class=\"kwayy-testimonial-data\"><blockquote class=\"kwayy-testimonial-text\">\r\n\t\t\t\t<div class=\"contarea\">\t\t\t\t\t\r\n\t\t\t\t\t<div class=\"kwayy-tst-contarea-text\">Na Cl\u00ednica M\u00e9dica do Porto encontrei uma equipa de pessoas muito sol\u00edcitas e profissionais. \r\nUma nota especial para a Terapeuta de Medicina Chinesa, Tatiana Calv\u00e3o Sousa, que atrav\u00e9s das sess\u00f5es de Acupuntura me ajudou a regularizar o meu sono e a recuperar a minha vitalidade - sinto-me bem como n\u00e3o me sentia h\u00e1 anos. Um grande bem-haja a todos.<\/div>\r\n\t\t\t\t\t\r\n\t\t\t\t<\/div><footer> <div class=\"kwayy-testimonial-img\"><img loading=\"lazy\" decoding=\"async\" width=\"96\" height=\"96\" src=\"https:\/\/clinicamedicadoporto.pt\/staging\/wp-content\/uploads\/2021\/08\/Testemunho-Acupuntura-Clinica-Porto-Cremilde-Soares.jpg\" class=\"attachment-thumbnail size-thumbnail wp-post-image\" alt=\"Testemunho-Acupuntura-Clinica-Porto-Cremilde-Soares\" \/><\/div> <cite class=\"kwayy-testimonial-title\">Cremilde Soares<span class=\"kwayy-testimonial-designation\">Paciente da Cl\u00ednica M\u00e9dica do Porto<\/span><\/cite><\/footer><\/blockquote><\/div>\n\t<\/div>\n\t<div class=\"kwayy-testimonial-box \"><div class=\"kwayy-testimonial-data\"><blockquote class=\"kwayy-testimonial-text\">\r\n\t\t\t\t<div class=\"contarea\">\t\t\t\t\t\r\n\t\t\t\t\t<div class=\"kwayy-tst-contarea-text\">Equipe simp\u00e1tica, profissional e pr\u00e1tica. Adorei e super recomendo! \ud83d\ude42<\/div>\r\n\t\t\t\t\t\r\n\t\t\t\t<\/div><footer> <div class=\"kwayy-testimonial-img\"><img loading=\"lazy\" decoding=\"async\" width=\"1\" height=\"1\" src=\"https:\/\/clinicamedicadoporto.pt\/staging\/wp-content\/uploads\/2021\/06\/perfil-clinica-medica-do-porto-webhp.png\" class=\"attachment-thumbnail size-thumbnail wp-post-image\" alt=\"imagem-perfil-feminio-clinica-medica-do-porto\" \/><\/div> <cite class=\"kwayy-testimonial-title\">Margarida Melo Freitas<span class=\"kwayy-testimonial-designation\">Paciente da Cl\u00ednica M\u00e9dica do Porto<\/span><\/cite><\/footer><\/blockquote><\/div>\n\t<\/div>\n\t<div class=\"kwayy-testimonial-box \"><div class=\"kwayy-testimonial-data\"><blockquote class=\"kwayy-testimonial-text\">\r\n\t\t\t\t<div class=\"contarea\">\t\t\t\t\t\r\n\t\t\t\t\t<div class=\"kwayy-tst-contarea-text\">Primeira consulta. \r\nTrabalho excelente dos profissionais que me atenderam. \r\nRecomendo.<\/div>\r\n\t\t\t\t\t\r\n\t\t\t\t<\/div><footer> <div class=\"kwayy-testimonial-img\"><img loading=\"lazy\" decoding=\"async\" width=\"1\" height=\"1\" src=\"https:\/\/clinicamedicadoporto.pt\/staging\/wp-content\/uploads\/2021\/06\/perfil-masculino-clinica-medica-do-porto-webhp.png\" class=\"attachment-thumbnail size-thumbnail wp-post-image\" alt=\"imagem-perfil-masculino-clinica-medica-do-porto\" \/><\/div> <cite class=\"kwayy-testimonial-title\">Manuel Pereira<span class=\"kwayy-testimonial-designation\">Paciente da Cl\u00ednica M\u00e9dica do Porto<\/span><\/cite><\/footer><\/blockquote><\/div>\n\t<\/div>\n\t<div class=\"kwayy-testimonial-box \"><div class=\"kwayy-testimonial-data\"><blockquote class=\"kwayy-testimonial-text\">\r\n\t\t\t\t<div class=\"contarea\">\t\t\t\t\t\r\n\t\t\t\t\t<div class=\"kwayy-tst-contarea-text\">Atendimento bom, e boa localiza\u00e7\u00e3o, fui, voltarei e recomendo!<\/div>\r\n\t\t\t\t\t\r\n\t\t\t\t<\/div><footer> <div class=\"kwayy-testimonial-img\"><img loading=\"lazy\" decoding=\"async\" width=\"1\" height=\"1\" src=\"https:\/\/clinicamedicadoporto.pt\/staging\/wp-content\/uploads\/2021\/06\/perfil-clinica-medica-do-porto-webhp.png\" class=\"attachment-thumbnail size-thumbnail wp-post-image\" alt=\"imagem-perfil-feminio-clinica-medica-do-porto\" \/><\/div> <cite class=\"kwayy-testimonial-title\">Shirley Takemura<span class=\"kwayy-testimonial-designation\">Paciente da Cl\u00ednica M\u00e9dica do Porto<\/span><\/cite><\/footer><\/blockquote><\/div>\n\t<\/div>\n\t<div class=\"kwayy-testimonial-box \"><div class=\"kwayy-testimonial-data\"><blockquote class=\"kwayy-testimonial-text\">\r\n\t\t\t\t<div class=\"contarea\">\t\t\t\t\t\r\n\t\t\t\t\t<div class=\"kwayy-tst-contarea-text\">As sess\u00f5es de acupuntura e ventosas na Cl\u00ednica M\u00e9dica do Porto foram uma ajuda super valiosa para recuperar de uma les\u00e3o muscular que me incomodava h\u00e1 meses! Depois de visitar v\u00e1rios especialistas sem obter grande evolu\u00e7\u00e3o da situa\u00e7\u00e3o, foi com a terapeuta Tatiana Sousa que em poucas sess\u00f5es n\u00e3o s\u00f3 recuperei a mobilidade total do meu ombro como a dor entretanto tamb\u00e9m desapareceu.\r\n<\/div>\r\n\t\t\t\t\t\r\n\t\t\t\t<\/div><footer> <div class=\"kwayy-testimonial-img\"><img loading=\"lazy\" decoding=\"async\" width=\"96\" height=\"96\" src=\"https:\/\/clinicamedicadoporto.pt\/staging\/wp-content\/uploads\/2021\/07\/Foto-Toma\u0301s-Fernandes.jpg\" class=\"attachment-thumbnail size-thumbnail wp-post-image\" alt=\"Foto-Toma\u0301s-Fernandes-Testemunho-Acupuntura-Clinica-Porto\" \/><\/div> <cite class=\"kwayy-testimonial-title\">Tom\u00e1s Fernandes<span class=\"kwayy-testimonial-designation\">Paciente da Cl\u00ednica M\u00e9dica do Porto<\/span><\/cite><\/footer><\/blockquote><\/div>\n\t<\/div>\n\t<div class=\"kwayy-testimonial-box \"><div class=\"kwayy-testimonial-data\"><blockquote class=\"kwayy-testimonial-text\">\r\n\t\t\t\t<div class=\"contarea\">\t\t\t\t\t\r\n\t\t\t\t\t<div class=\"kwayy-tst-contarea-text\">Muito profissionais e focados na pessoa, para conhecer verdadeiramente o seu problema. \r\nSimpatia extrema dos terapeutas e pessoal administrativo. \r\nCl\u00ednica a frequentar, sempre que surjam sinais de alerta na cervical e lombar.<\/div>\r\n\t\t\t\t\t\r\n\t\t\t\t<\/div><footer> <div class=\"kwayy-testimonial-img\"><img loading=\"lazy\" decoding=\"async\" width=\"1\" height=\"1\" src=\"https:\/\/clinicamedicadoporto.pt\/staging\/wp-content\/uploads\/2021\/06\/perfil-clinica-medica-do-porto-webhp.png\" class=\"attachment-thumbnail size-thumbnail wp-post-image\" alt=\"imagem-perfil-feminio-clinica-medica-do-porto\" \/><\/div> <cite class=\"kwayy-testimonial-title\">Felicidade Ferreira<span class=\"kwayy-testimonial-designation\">Paciente da Cl\u00ednica M\u00e9dica do Porto<\/span><\/cite><\/footer><\/blockquote><\/div>\n\t<\/div>\n\t<div class=\"kwayy-testimonial-box \"><div class=\"kwayy-testimonial-data\"><blockquote class=\"kwayy-testimonial-text\">\r\n\t\t\t\t<div class=\"contarea\">\t\t\t\t\t\r\n\t\t\t\t\t<div class=\"kwayy-tst-contarea-text\">Depois de ter visitado in\u00fameros profissionais para tratar de uma contratura, a Tatiana da Cl\u00ednica M\u00e9dica do Porto foi a \u00fanica que, em meia d\u00fazia de sess\u00f5es, me conseguiu resolver o meu problema.<\/div>\r\n\t\t\t\t\t\r\n\t\t\t\t<\/div><footer> <div class=\"kwayy-testimonial-img\"><img loading=\"lazy\" decoding=\"async\" width=\"1\" height=\"1\" src=\"https:\/\/clinicamedicadoporto.pt\/staging\/wp-content\/uploads\/2021\/06\/perfil-masculino-clinica-medica-do-porto-webhp.png\" class=\"attachment-thumbnail size-thumbnail wp-post-image\" alt=\"imagem-perfil-masculino-clinica-medica-do-porto\" \/><\/div> <cite class=\"kwayy-testimonial-title\">Tiago Ferreira<span class=\"kwayy-testimonial-designation\">Paciente da Cl\u00ednica M\u00e9dica do Porto<\/span><\/cite><\/footer><\/blockquote><\/div>\n\t<\/div>\n\t<div class=\"kwayy-testimonial-box \"><div class=\"kwayy-testimonial-data\"><blockquote class=\"kwayy-testimonial-text\">\r\n\t\t\t\t<div class=\"contarea\">\t\t\t\t\t\r\n\t\t\t\t\t<div class=\"kwayy-tst-contarea-text\">Atendimento de excel\u00eancia desde os 1 contatos telef\u00f3nicos, recep\u00e7\u00e3o e atendimento por parte de profissionais de sa\u00fade de alta qualidade, Resumindo recomendo vivamente este espa\u00e7o.<\/div>\r\n\t\t\t\t\t\r\n\t\t\t\t<\/div><footer> <div class=\"kwayy-testimonial-img\"><img loading=\"lazy\" decoding=\"async\" width=\"60\" height=\"60\" src=\"https:\/\/clinicamedicadoporto.pt\/staging\/wp-content\/uploads\/2021\/05\/Carlos-Domingues.png\" class=\"attachment-thumbnail size-thumbnail wp-post-image\" alt=\"\" \/><\/div> <cite class=\"kwayy-testimonial-title\">Carlos Domingues<span class=\"kwayy-testimonial-designation\">Paciente de Cl\u00ednica M\u00e9dica do Porto<\/span><\/cite><\/footer><\/blockquote><\/div>\n\t<\/div>\n\t<div class=\"kwayy-testimonial-box \"><div class=\"kwayy-testimonial-data\"><blockquote class=\"kwayy-testimonial-text\">\r\n\t\t\t\t<div class=\"contarea\">\t\t\t\t\t\r\n\t\t\t\t\t<div class=\"kwayy-tst-contarea-text\">Equipa fant\u00e1stica! Parab\u00e9ns pelo maravilhoso trabalho!<\/div>\r\n\t\t\t\t\t\r\n\t\t\t\t<\/div><footer> <div class=\"kwayy-testimonial-img\"><img loading=\"lazy\" decoding=\"async\" width=\"60\" height=\"60\" src=\"https:\/\/clinicamedicadoporto.pt\/staging\/wp-content\/uploads\/2021\/05\/Ana-Vieira-da-Silva-60-60.jpg\" class=\"attachment-thumbnail size-thumbnail wp-post-image\" alt=\"Testemunho de Ana Vieira da Silva\" \/><\/div> <cite class=\"kwayy-testimonial-title\">Ana Vieira da Silva<\/cite><\/footer><\/blockquote><\/div>\n\t<\/div>\n\t<div class=\"kwayy-testimonial-box \"><div class=\"kwayy-testimonial-data\"><blockquote class=\"kwayy-testimonial-text\">\r\n\t\t\t\t<div class=\"contarea\">\t\t\t\t\t\r\n\t\t\t\t\t<div class=\"kwayy-tst-contarea-text\">Excelentes profissionais e atendimento.<\/div>\r\n\t\t\t\t\t\r\n\t\t\t\t<\/div><footer> <div class=\"kwayy-testimonial-img\"><img loading=\"lazy\" decoding=\"async\" width=\"60\" height=\"60\" src=\"https:\/\/clinicamedicadoporto.pt\/staging\/wp-content\/uploads\/2021\/05\/Sara-Moreira.png\" class=\"attachment-thumbnail size-thumbnail wp-post-image\" alt=\"Testemunho de Sara Moreira\" \/><\/div> <cite class=\"kwayy-testimonial-title\">Sara Moreira<\/cite><\/footer><\/blockquote><\/div>\n\t<\/div>\n\t<div class=\"kwayy-testimonial-box \"><div class=\"kwayy-testimonial-data\"><blockquote class=\"kwayy-testimonial-text\">\r\n\t\t\t\t<div class=\"contarea\">\t\t\t\t\t\r\n\t\t\t\t\t<div class=\"kwayy-tst-contarea-text\">Levei o meu beb\u00e9 a uma consulta de osteopatia com o Dr. Tiago e adoramos tudo, da rece\u00e7\u00e3o \u00e0 consulta! \r\nMuito atenciosos, cuidadosos e gentis.<\/div>\r\n\t\t\t\t\t\r\n\t\t\t\t<\/div><footer> <div class=\"kwayy-testimonial-img\"><img loading=\"lazy\" decoding=\"async\" width=\"60\" height=\"60\" src=\"https:\/\/clinicamedicadoporto.pt\/staging\/wp-content\/uploads\/2021\/04\/Foto-Luana-Vasconcelos.png\" class=\"attachment-thumbnail size-thumbnail wp-post-image\" alt=\"Foto-Luana-Vasconcelos\" \/><\/div> <cite class=\"kwayy-testimonial-title\">Luana Vasconcelos<span class=\"kwayy-testimonial-designation\">Paciente da Cl\u00ednica M\u00e9dica do Porto<\/span><\/cite><\/footer><\/blockquote><\/div>\n\t<\/div>\n\t<div class=\"kwayy-testimonial-box \"><div class=\"kwayy-testimonial-data\"><blockquote class=\"kwayy-testimonial-text\">\r\n\t\t\t\t<div class=\"contarea\">\t\t\t\t\t\r\n\t\t\t\t\t<div class=\"kwayy-tst-contarea-text\">Super simp\u00e1ticos.. Atendimento ex\u00edmio.. Obrigada por tudo \ud83d\ude18\ud83d\udc68\u200d\ud83d\udc69\u200d\ud83d\udc67\u200d\ud83d\udc67<\/div>\r\n\t\t\t\t\t\r\n\t\t\t\t<\/div><footer> <div class=\"kwayy-testimonial-img\"><img loading=\"lazy\" decoding=\"async\" width=\"60\" height=\"60\" src=\"https:\/\/clinicamedicadoporto.pt\/staging\/wp-content\/uploads\/2021\/04\/Foto-Andreia-Rodrigues.jpg\" class=\"attachment-thumbnail size-thumbnail wp-post-image\" alt=\"Foto-Andreia-Rodrigues\" \/><\/div> <cite class=\"kwayy-testimonial-title\">Andreia Rodrigues<span class=\"kwayy-testimonial-designation\">Paciente da Cl\u00ednica M\u00e9dica do Porto<\/span><\/cite><\/footer><\/blockquote><\/div>\n\t<\/div>\n\t<div class=\"kwayy-testimonial-box \"><div class=\"kwayy-testimonial-data\"><blockquote class=\"kwayy-testimonial-text\">\r\n\t\t\t\t<div class=\"contarea\">\t\t\t\t\t\r\n\t\t\t\t\t<div class=\"kwayy-tst-contarea-text\">S\u00f3 tenho a agradecer. Excelentes profissionais. <\/div>\r\n\t\t\t\t\t\r\n\t\t\t\t<\/div><footer> <div class=\"kwayy-testimonial-img\"><img loading=\"lazy\" decoding=\"async\" width=\"96\" height=\"96\" src=\"https:\/\/clinicamedicadoporto.pt\/staging\/wp-content\/uploads\/2021\/04\/Testemunho-Ana-Isabel-Pedro.jpg\" class=\"attachment-thumbnail size-thumbnail wp-post-image\" alt=\"Foto-Ana-Isabel-Pedro\" \/><\/div> <cite class=\"kwayy-testimonial-title\">Ana Isabel Pedro<span class=\"kwayy-testimonial-designation\">Paciente da Cl\u00ednica M\u00e9dica do Porto<\/span><\/cite><\/footer><\/blockquote><\/div>\n\t<\/div>\n\t<div class=\"kwayy-testimonial-box \"><div class=\"kwayy-testimonial-data\"><blockquote class=\"kwayy-testimonial-text\">\r\n\t\t\t\t<div class=\"contarea\">\t\t\t\t\t\r\n\t\t\t\t\t<div class=\"kwayy-tst-contarea-text\">Ambiente super acolhedor. \r\nEquipa super simp\u00e1tica \ud83d\ude42 \r\nRecomendo<\/div>\r\n\t\t\t\t\t\r\n\t\t\t\t<\/div><footer> <div class=\"kwayy-testimonial-img\"><img loading=\"lazy\" decoding=\"async\" width=\"60\" height=\"60\" src=\"https:\/\/clinicamedicadoporto.pt\/staging\/wp-content\/uploads\/2021\/02\/Foto-Va\u0302nia-Ferreira.png\" class=\"attachment-thumbnail size-thumbnail wp-post-image\" alt=\"Va\u0302nia-Ferreira-Testemunho-Clinica-Medica-do-Porto\" \/><\/div> <cite class=\"kwayy-testimonial-title\">V\u00e2nia Ferreira<span class=\"kwayy-testimonial-designation\">Paciente da Cl\u00ednica M\u00e9dica do Porto<\/span><\/cite><\/footer><\/blockquote><\/div>\n\t<\/div>\n\t<div class=\"kwayy-testimonial-box \"><div class=\"kwayy-testimonial-data\"><blockquote class=\"kwayy-testimonial-text\">\r\n\t\t\t\t<div class=\"contarea\">\t\t\t\t\t\r\n\t\t\t\t\t<div class=\"kwayy-tst-contarea-text\">I had an amazing experience in Cl\u00ednica M\u00e9dica do Porto. The staff is very friendly, knowledgable and everyone communicates in english if necessary. I got lucky to become a patient of Tatiana, who is an amazing holistic professional. She always has an answer or a treatment for any problem I have. My back pain with other discomforts disappeared after several acupuncture sessions. I 100% recommend Tatiana and the clinic.<\/div>\r\n\t\t\t\t\t\r\n\t\t\t\t<\/div><footer> <div class=\"kwayy-testimonial-img\"><img loading=\"lazy\" decoding=\"async\" width=\"60\" height=\"60\" src=\"https:\/\/clinicamedicadoporto.pt\/staging\/wp-content\/uploads\/2021\/02\/Foto-Lia-Gorobets-testemunho-clincia-medica-do-porto.png\" class=\"attachment-thumbnail size-thumbnail wp-post-image\" alt=\"Foto-Lia-Gorobets-testemunho-clincia-medica-do-porto\" \/><\/div> <cite class=\"kwayy-testimonial-title\">Lia Gorobets<span class=\"kwayy-testimonial-designation\">Paciente da Cl\u00ednica M\u00e9dica do Porto<\/span><\/cite><\/footer><\/blockquote><\/div>\n\t<\/div>\n\t<div class=\"kwayy-testimonial-box \"><div class=\"kwayy-testimonial-data\"><blockquote class=\"kwayy-testimonial-text\">\r\n\t\t\t\t<div class=\"contarea\">\t\t\t\t\t\r\n\t\t\t\t\t<div class=\"kwayy-tst-contarea-text\">Cl\u00ednica M\u00e9dica do Porto, recomendo \u00f3ptimos profissionais come\u00e7ando pelo atendimento. Bem haja!<\/div>\r\n\t\t\t\t\t\r\n\t\t\t\t<\/div><footer> <div class=\"kwayy-testimonial-img\"><img loading=\"lazy\" decoding=\"async\" width=\"96\" height=\"96\" src=\"https:\/\/clinicamedicadoporto.pt\/staging\/wp-content\/uploads\/2021\/02\/Foto-Anto\u0301nio-Pinho-testemunho-clinica-medica-do-porto.jpg\" class=\"attachment-thumbnail size-thumbnail wp-post-image\" alt=\"Foto-Anto\u0301nio-Pinho-testemunho-clinica-medica-do-porto\" \/><\/div> <cite class=\"kwayy-testimonial-title\">Ant\u00f3nio Pinho<span class=\"kwayy-testimonial-designation\">Paciente da Cl\u00ednica M\u00e9dica do Porto<\/span><\/cite><\/footer><\/blockquote><\/div>\n\t<\/div>\n\t<div class=\"kwayy-testimonial-box \"><div class=\"kwayy-testimonial-data\"><blockquote class=\"kwayy-testimonial-text\">\r\n\t\t\t\t<div class=\"contarea\">\t\t\t\t\t\r\n\t\t\t\t\t<div class=\"kwayy-tst-contarea-text\">O Terapeuta Tiago foi uma preciosa ajuda para a minha Leonor. S\u00f3 lamento n\u00e3o o ter conhecido mais cedo. Muito agrade\u00e7o o profissionalismo e simpatia.<\/div>\r\n\t\t\t\t\t\r\n\t\t\t\t<\/div><footer> <div class=\"kwayy-testimonial-img\"><img loading=\"lazy\" decoding=\"async\" width=\"50\" height=\"50\" src=\"https:\/\/clinicamedicadoporto.pt\/staging\/wp-content\/uploads\/2021\/02\/Foto-Marlene-Taveira.jpg\" class=\"attachment-thumbnail size-thumbnail wp-post-image\" alt=\"\" \/><\/div> <cite class=\"kwayy-testimonial-title\">Marlene Taveira<span class=\"kwayy-testimonial-designation\">M\u00e3e da Leonor<\/span><\/cite><\/footer><\/blockquote><\/div>\n\t<\/div>\n\t<div class=\"kwayy-testimonial-box \"><div class=\"kwayy-testimonial-data\"><blockquote class=\"kwayy-testimonial-text\">\r\n\t\t\t\t<div class=\"contarea\">\t\t\t\t\t\r\n\t\t\t\t\t<div class=\"kwayy-tst-contarea-text\">Excelente equipa e ambiente. De real\u00e7ar o excelente trabalho e enorme simpatia do terapeuta Tiago, caracter\u00edsticas sempre presentes ao longo de todos os tratamentos.<\/div>\r\n\t\t\t\t\t\r\n\t\t\t\t<\/div><footer> <div class=\"kwayy-testimonial-img\"><img loading=\"lazy\" decoding=\"async\" width=\"60\" height=\"60\" src=\"https:\/\/clinicamedicadoporto.pt\/staging\/wp-content\/uploads\/2018\/07\/perfil-masculino-clinica-medica-do-porto-e1604516490646.png\" class=\"attachment-thumbnail size-thumbnail wp-post-image\" alt=\"perfil-masculino-clinica-medica-do-porto\" \/><\/div> <cite class=\"kwayy-testimonial-title\">Jos\u00e9 Pedro<span class=\"kwayy-testimonial-designation\">Paciente da Cl\u00ednica M\u00e9dica do Porto<\/span><\/cite><\/footer><\/blockquote><\/div>\n\t<\/div>\n\t<div class=\"kwayy-testimonial-box \"><div class=\"kwayy-testimonial-data\"><blockquote class=\"kwayy-testimonial-text\">\r\n\t\t\t\t<div class=\"contarea\">\t\t\t\t\t\r\n\t\t\t\t\t<div class=\"kwayy-tst-contarea-text\">Foi aqui que resolvi um problema de que sofria \u00e0 imensos anos, sem anteriores respostas, diagn\u00f3sticos ou tratamentos noutras cl\u00ednicas, hospitais, m\u00e9dicos e afins. Excelentes profissionais que retribuem a confian\u00e7a.<\/div>\r\n\t\t\t\t\t\r\n\t\t\t\t<\/div><footer> <div class=\"kwayy-testimonial-img\"><img loading=\"lazy\" decoding=\"async\" width=\"60\" height=\"60\" src=\"https:\/\/clinicamedicadoporto.pt\/staging\/wp-content\/uploads\/2019\/08\/perfil-clinica-medica-do-porto-e1604516538844.png\" class=\"attachment-thumbnail size-thumbnail wp-post-image\" alt=\"Testemunho-clinica-medica-do-porto\" \/><\/div> <cite class=\"kwayy-testimonial-title\">Merry N.<span class=\"kwayy-testimonial-designation\">Paciente da Cl\u00ednica M\u00e9dica do Porto<\/span><\/cite><\/footer><\/blockquote><\/div>\n\t<\/div>\n\t<div class=\"kwayy-testimonial-box \"><div class=\"kwayy-testimonial-data\"><blockquote class=\"kwayy-testimonial-text\">\r\n\t\t\t\t<div class=\"contarea\">\t\t\t\t\t\r\n\t\t\t\t\t<div class=\"kwayy-tst-contarea-text\">Todas as gr\u00e1vidas merecem ter uma Tatiana \ud83d\ude0d Al\u00e9m de ser uma profissional de excel\u00eancia, \u00e9 uma ouvinte \u00edmpar, com imensa experi\u00eancia, que nos d\u00e1 dicas \u00f3ptimas (alimentares, de bons h\u00e1bitos). As suas t\u00e9cnicas de massagem e acupuntura (medicina chinesa) foram absolutamente essenciais para mim porque se converteram numa forma de bem estar na gravidez (melhoria de incha\u00e7o nos p\u00e9s e pernas, dores p\u00e9lvicas, dores de cabe\u00e7a, formigueiro nas m\u00e3os e bra\u00e7os...). Recomendo 100%. A simpatia do staff, profissionalismo e limpeza do local s\u00e3o pontos extra. \r\n\r\nGr\u00e1vidas\ud83e\udd30\ud83c\udffb, this is the place!<\/div>\r\n\t\t\t\t\t\r\n\t\t\t\t<\/div><footer> <div class=\"kwayy-testimonial-img\"><img loading=\"lazy\" decoding=\"async\" width=\"60\" height=\"60\" src=\"https:\/\/clinicamedicadoporto.pt\/staging\/wp-content\/uploads\/2020\/11\/Isabel-Gomes-Testemunho-Clinica-Medica-do-Porto.jpg\" class=\"attachment-thumbnail size-thumbnail wp-post-image\" alt=\"Isabel-G-Testemunho-Clinica-Medica-do-Porto\" \/><\/div> <cite class=\"kwayy-testimonial-title\">Isabel G.<span class=\"kwayy-testimonial-designation\">Paciente da Cl\u00ednica M\u00e9dica do Porto<\/span><\/cite><\/footer><\/blockquote><\/div>\n\t<\/div>\n\t<div class=\"kwayy-testimonial-box \"><div class=\"kwayy-testimonial-data\"><blockquote class=\"kwayy-testimonial-text\">\r\n\t\t\t\t<div class=\"contarea\">\t\t\t\t\t\r\n\t\t\t\t\t<div class=\"kwayy-tst-contarea-text\">Fui na Cl\u00ednica por causa de uma dor no joelho e fui muito bem atendida por uma terapeuta de Medicina Chinesa - Tatiana. Recomendo!<\/div>\r\n\t\t\t\t\t\r\n\t\t\t\t<\/div><footer> <div class=\"kwayy-testimonial-img\"><img loading=\"lazy\" decoding=\"async\" width=\"60\" height=\"60\" src=\"https:\/\/clinicamedicadoporto.pt\/staging\/wp-content\/uploads\/2020\/11\/Monica-Jorge-Testemunho-Clinica-Medica-do-Porto.jpg\" class=\"attachment-thumbnail size-thumbnail wp-post-image\" alt=\"Monica-Jorge-Testemunho-Clinica-Medica-do-Porto\" \/><\/div> <cite class=\"kwayy-testimonial-title\">M\u00f3nica Jorge<span class=\"kwayy-testimonial-designation\">Paciente da Cl\u00ednica M\u00e9dica do Porto<\/span><\/cite><\/footer><\/blockquote><\/div>\n\t<\/div>\n\t<div class=\"kwayy-testimonial-box \"><div class=\"kwayy-testimonial-data\"><blockquote class=\"kwayy-testimonial-text\">\r\n\t\t\t\t<div class=\"contarea\">\t\t\t\t\t\r\n\t\t\t\t\t<div class=\"kwayy-tst-contarea-text\">Equipa fant\u00e1stica e super simp\u00e1tica. \r\nSou seguida pela terapeuta Tatiana Calv\u00e3o, de quem s\u00f3 tenho maravilhas a dizer!<\/div>\r\n\t\t\t\t\t\r\n\t\t\t\t<\/div><footer> <div class=\"kwayy-testimonial-img\"><img loading=\"lazy\" decoding=\"async\" width=\"60\" height=\"60\" src=\"https:\/\/clinicamedicadoporto.pt\/staging\/wp-content\/uploads\/2019\/08\/perfil-clinica-medica-do-porto-1-e1604515187835.png\" class=\"attachment-thumbnail size-thumbnail wp-post-image\" alt=\"Imagem-generica-clinica-medica-do-porto\" \/><\/div> <cite class=\"kwayy-testimonial-title\">In\u00eas Oliveira<span class=\"kwayy-testimonial-designation\">Utente da Cl\u00ednica M\u00e9dica do Porto<\/span><\/cite><\/footer><\/blockquote><\/div>\n\t<\/div>\n\t<div class=\"kwayy-testimonial-box \"><div class=\"kwayy-testimonial-data\"><blockquote class=\"kwayy-testimonial-text\">\r\n\t\t\t\t<div class=\"contarea\">\t\t\t\t\t\r\n\t\t\t\t\t<div class=\"kwayy-tst-contarea-text\">Recomendo vivamente!! \r\nN\u00e3o poderia estar mais satisfeita! \r\n\r\nUma nota excecional para o desempenho, dedica\u00e7\u00e3o e conhecimento da Dra. Tatiana em Medicina Tradicional Chinesa e Acupuntura.<\/div>\r\n\t\t\t\t\t\r\n\t\t\t\t<\/div><footer> <div class=\"kwayy-testimonial-img\"><img loading=\"lazy\" decoding=\"async\" width=\"60\" height=\"60\" src=\"https:\/\/clinicamedicadoporto.pt\/staging\/wp-content\/uploads\/2020\/11\/Alexandra-Machado-Testemunho-Clinica-Medica-do-Porto.jpg\" class=\"attachment-thumbnail size-thumbnail wp-post-image\" alt=\"Alexandra-Machado-Testemunho-Clinica-Medica-do-Porto\" \/><\/div> <cite class=\"kwayy-testimonial-title\">Alexandra Machado<span class=\"kwayy-testimonial-designation\">Utente da Cl\u00ednica M\u00e9dica do Porto<\/span><\/cite><\/footer><\/blockquote><\/div>\n\t<\/div>\n\t<div class=\"kwayy-testimonial-box \"><div class=\"kwayy-testimonial-data\"><blockquote class=\"kwayy-testimonial-text\">\r\n\t\t\t\t<div class=\"contarea\">\t\t\t\t\t\r\n\t\t\t\t\t<div class=\"kwayy-tst-contarea-text\">Recomendo vivamente! Din\u00e2mica \u00fanica para apoiar e ajudar a resolver qualquer problema de sa\u00fade!<\/div>\r\n\t\t\t\t\t\r\n\t\t\t\t<\/div><footer> <div class=\"kwayy-testimonial-img\"><img loading=\"lazy\" decoding=\"async\" width=\"60\" height=\"60\" src=\"https:\/\/clinicamedicadoporto.pt\/staging\/wp-content\/uploads\/2020\/11\/Antonio-Sousa-Testemunho-Clinica-Medicad-do-Porto.jpg\" class=\"attachment-thumbnail size-thumbnail wp-post-image\" alt=\"Antonio-Sousa-Testemunho-Clinica-Medicad-do-Porto\" \/><\/div> <cite class=\"kwayy-testimonial-title\">Ant\u00f3nio Sousa<span class=\"kwayy-testimonial-designation\">Utente da Cl\u00ednica M\u00e9dica do Porto<\/span><\/cite><\/footer><\/blockquote><\/div>\n\t<\/div>\n\t<div class=\"kwayy-testimonial-box \"><div class=\"kwayy-testimonial-data\"><blockquote class=\"kwayy-testimonial-text\">\r\n\t\t\t\t<div class=\"contarea\">\t\t\t\t\t\r\n\t\t\t\t\t<div class=\"kwayy-tst-contarea-text\">Fui atendida de urg\u00eancia, num dia no qual o homeopata estava de folga e dirigiu-se \u00e1 clinica exclusivamente para me atender, gra\u00e7as \u00e1 excelente rececionista que entendeu que eu necessitava de ajuda... Excelente servi\u00e7o de onde sa\u00ed muito grata. Obrigado! <\/div>\r\n\t\t\t\t\t\r\n\t\t\t\t<\/div><footer> <div class=\"kwayy-testimonial-img\"><img loading=\"lazy\" decoding=\"async\" width=\"60\" height=\"60\" src=\"https:\/\/clinicamedicadoporto.pt\/staging\/wp-content\/uploads\/2020\/11\/Diana-Guedes-Testemunhos-Clinica-Medica-do-Porto.png\" class=\"attachment-thumbnail size-thumbnail wp-post-image\" alt=\"Diana Guedes Testemunhos Clinica Medica do Porto\" \/><\/div> <cite class=\"kwayy-testimonial-title\">Diana Guedes<span class=\"kwayy-testimonial-designation\">Utente da Cl\u00ednica M\u00e9dica do Porto<\/span><\/cite><\/footer><\/blockquote><\/div>\n\t<\/div>\n\t<div class=\"kwayy-testimonial-box \"><div class=\"kwayy-testimonial-data\"><blockquote class=\"kwayy-testimonial-text\">\r\n\t\t\t\t<div class=\"contarea\">\t\t\t\t\t\r\n\t\t\t\t\t<div class=\"kwayy-tst-contarea-text\">Une excellente clinique. Des professionnels de la sant\u00e9 et du bien \u00eatre. N'h\u00e9sitez pas car vous en sortirez gagnant \u00e0 100%. Merci encore \u00e0 toute l'\u00e9quipe!! Un grand BRAVO et continuez comme tel. Le r\u00e9sultat est stup\u00e9fiant!!!!<\/div>\r\n\t\t\t\t\t\r\n\t\t\t\t<\/div><footer> <div class=\"kwayy-testimonial-img\"><img loading=\"lazy\" decoding=\"async\" width=\"60\" height=\"60\" src=\"https:\/\/clinicamedicadoporto.pt\/staging\/wp-content\/uploads\/2020\/11\/Josy-Gil-Comentario-Clinica-Medica-do-Porto.jpg\" class=\"attachment-thumbnail size-thumbnail wp-post-image\" alt=\"Josy-Gil-Comentario-Clinica-Medica-do-Porto\" \/><\/div> <cite class=\"kwayy-testimonial-title\">Josy Gil<span class=\"kwayy-testimonial-designation\">Utente da Cl\u00ednica M\u00e9dica do Porto<\/span><\/cite><\/footer><\/blockquote><\/div>\n\t<\/div>\n\t<div class=\"kwayy-testimonial-box \"><div class=\"kwayy-testimonial-data\"><blockquote class=\"kwayy-testimonial-text\">\r\n\t\t\t\t<div class=\"contarea\">\t\t\t\t\t\r\n\t\t\t\t\t<div class=\"kwayy-tst-contarea-text\">O acupuntor Dr. Marco Costa \u00e9 excelente, e, s\u00e3o muito simp\u00e1ticos, adoro e recomendo!<\/div>\r\n\t\t\t\t\t\r\n\t\t\t\t<\/div><footer> <div class=\"kwayy-testimonial-img\"><img loading=\"lazy\" decoding=\"async\" width=\"60\" height=\"60\" src=\"https:\/\/clinicamedicadoporto.pt\/staging\/wp-content\/uploads\/2020\/11\/Elsa-Duarte-Testemunho-Clinica-Medica-do-Porto.jpg\" class=\"attachment-thumbnail size-thumbnail wp-post-image\" alt=\"Elsa-Duarte-Testemunho-Clinica-Medica-do-Porto\" \/><\/div> <cite class=\"kwayy-testimonial-title\">Elsa Duarte<span class=\"kwayy-testimonial-designation\">Utente da Cl\u00ednica M\u00e9dica do Porto<\/span><\/cite><\/footer><\/blockquote><\/div>\n\t<\/div>\n\t<div class=\"kwayy-testimonial-box \"><div class=\"kwayy-testimonial-data\"><blockquote class=\"kwayy-testimonial-text\">\r\n\t\t\t\t<div class=\"contarea\">\t\t\t\t\t\r\n\t\t\t\t\t<div class=\"kwayy-tst-contarea-text\">A minha filha est\u00e1 a ser acompanhada desde os seus 4 meses, na osteopatia infantil da Cl\u00ednica M\u00e9dica do Porto, devido a uma escoliose idiop\u00e1tica. A curvatura era muito acentuada mas agora tem quase 4 anos e as melhorias s\u00e3o muito significativas! Os meus agradecimentos ao profissionalismo, aten\u00e7\u00e3o e dedica\u00e7\u00e3o do Dr. Tiago Monteiro que demonstrou desde sempre uma preocupa\u00e7\u00e3o extremosa em ajudar a resolver o problema e com resultados vis\u00edveis.(...)<\/div>\r\n\t\t\t\t\t\r\n\t\t\t\t<\/div><footer> <div class=\"kwayy-testimonial-img\"><img loading=\"lazy\" decoding=\"async\" width=\"60\" height=\"60\" src=\"https:\/\/clinicamedicadoporto.pt\/staging\/wp-content\/uploads\/2019\/08\/perfil-clinica-medica-do-porto-1-e1604515187835.png\" class=\"attachment-thumbnail size-thumbnail wp-post-image\" alt=\"Imagem-generica-clinica-medica-do-porto\" \/><\/div> <cite class=\"kwayy-testimonial-title\">Andreia Cruz<span class=\"kwayy-testimonial-designation\">M\u00e3e de paciente da Cl\u00ednica M\u00e9dica do Porto<\/span><\/cite><\/footer><\/blockquote><\/div>\n\t<\/div>\n\t<div class=\"kwayy-testimonial-box \"><div class=\"kwayy-testimonial-data\"><blockquote class=\"kwayy-testimonial-text\">\r\n\t\t\t\t<div class=\"contarea\">\t\t\t\t\t\r\n\t\t\t\t\t<div class=\"kwayy-tst-contarea-text\">Gostei muito da disponibilidade e dedica\u00e7\u00e3o dos profissionais. \r\nTive um excelente acompanhamento. \r\nRecomendo!\r\n<\/div>\r\n\t\t\t\t\t\r\n\t\t\t\t<\/div><footer> <div class=\"kwayy-testimonial-img\"><img loading=\"lazy\" decoding=\"async\" width=\"60\" height=\"60\" src=\"https:\/\/clinicamedicadoporto.pt\/staging\/wp-content\/uploads\/2018\/07\/perfil-masculino-clinica-medica-do-porto-e1604516490646.png\" class=\"attachment-thumbnail size-thumbnail wp-post-image\" alt=\"perfil-masculino-clinica-medica-do-porto\" \/><\/div> <cite class=\"kwayy-testimonial-title\">Rodrigo Borges<span class=\"kwayy-testimonial-designation\">Utente da Cl\u00ednica M\u00e9dica do Porto<\/span><\/cite><\/footer><\/blockquote><\/div>\n\t<\/div>\n\t<div class=\"kwayy-testimonial-box \"><div class=\"kwayy-testimonial-data\"><blockquote class=\"kwayy-testimonial-text\">\r\n\t\t\t\t<div class=\"contarea\">\t\t\t\t\t\r\n\t\t\t\t\t<div class=\"kwayy-tst-contarea-text\">Excelentes profissionais. Ajudaram-me com o meu beb\u00e9 rec\u00e9m-nascido numa consulta de osteopatia infantil. Obrigada \ud83d\ude0a<\/div>\r\n\t\t\t\t\t\r\n\t\t\t\t<\/div><footer> <div class=\"kwayy-testimonial-img\"><img loading=\"lazy\" decoding=\"async\" width=\"60\" height=\"60\" src=\"https:\/\/clinicamedicadoporto.pt\/staging\/wp-content\/uploads\/2020\/11\/Catia-Malheiro-Costa-120-120-e1604516320589.jpg\" class=\"attachment-thumbnail size-thumbnail wp-post-image\" alt=\"Testemunho C\u00e1tia Costa\" \/><\/div> <cite class=\"kwayy-testimonial-title\">C\u00e1tia Costa<span class=\"kwayy-testimonial-designation\">M\u00e3e de Beb\u00e9 Utente da Cl\u00ednica<\/span><\/cite><\/footer><\/blockquote><\/div>\n\t<\/div>\n\t<div class=\"kwayy-testimonial-box \"><div class=\"kwayy-testimonial-data\"><blockquote class=\"kwayy-testimonial-text\">\r\n\t\t\t\t<div class=\"contarea\">\t\t\t\t\t\r\n\t\t\t\t\t<div class=\"kwayy-tst-contarea-text\">Cl\u00ednica com profissionais de excel\u00eancia e um espa\u00e7o fant\u00e1stico (...) Sou seguida neste momento pela terapeuta de medicina tradicional chinesa Tatiana Calv\u00e3o Sousa na minha segunda gravidez e tal como na primeira, s\u00f3 estas sess\u00f5es acalmam a minha dor lombar e o stress acumulado. Muito obrigada pelo vosso profissionalismo!<\/div>\r\n\t\t\t\t\t\r\n\t\t\t\t<\/div><footer> <div class=\"kwayy-testimonial-img\"><img loading=\"lazy\" decoding=\"async\" width=\"60\" height=\"60\" src=\"https:\/\/clinicamedicadoporto.pt\/staging\/wp-content\/uploads\/2020\/08\/Ine\u0302s-Silva-2-e1604517896760.jpg\" class=\"attachment-thumbnail size-thumbnail wp-post-image\" alt=\"Ine\u0302s-Silva-testemunho-clinica-medica-do-porto\" \/><\/div> <cite class=\"kwayy-testimonial-title\">In\u00eas Silva<span class=\"kwayy-testimonial-designation\">Utente da Cl\u00ednica M\u00e9dica do Porto<\/span><\/cite><\/footer><\/blockquote><\/div>\n\t<\/div>\n\t<div class=\"kwayy-testimonial-box \"><div class=\"kwayy-testimonial-data\"><blockquote class=\"kwayy-testimonial-text\">\r\n\t\t\t\t<div class=\"contarea\">\t\t\t\t\t\r\n\t\t\t\t\t<div class=\"kwayy-tst-contarea-text\">Uma cl\u00ednica que tem um \u00f3ptimo servi\u00e7o que abrange toda a fam\u00edlia, num ambiente profissional e ao mesmo tempo familiar.<\/div>\r\n\t\t\t\t\t\r\n\t\t\t\t<\/div><footer> <div class=\"kwayy-testimonial-img\"><img loading=\"lazy\" decoding=\"async\" width=\"60\" height=\"60\" src=\"https:\/\/clinicamedicadoporto.pt\/staging\/wp-content\/uploads\/2020\/08\/jose\u0301-ame\u0301rico-nogueira-e1604517988346.jpg\" class=\"attachment-thumbnail size-thumbnail wp-post-image\" alt=\"Testemunho de Utente da Cl\u00ednica Jos\u00e9 Nogueira\" \/><\/div> <cite class=\"kwayy-testimonial-title\">Jos\u00e9 Nogueira<span class=\"kwayy-testimonial-designation\">Utente da Cl\u00ednica M\u00e9dica do Porto<\/span><\/cite><\/footer><\/blockquote><\/div>\n\t<\/div>\n\t<div class=\"kwayy-testimonial-box \"><div class=\"kwayy-testimonial-data\"><blockquote class=\"kwayy-testimonial-text\">\r\n\t\t\t\t<div class=\"contarea\">\t\t\t\t\t\r\n\t\t\t\t\t<div class=\"kwayy-tst-contarea-text\">Atendimento excelente. Profissionalismo.<\/div>\r\n\t\t\t\t\t\r\n\t\t\t\t<\/div><footer> <div class=\"kwayy-testimonial-img\"><img loading=\"lazy\" decoding=\"async\" width=\"60\" height=\"60\" src=\"https:\/\/clinicamedicadoporto.pt\/staging\/wp-content\/uploads\/2019\/08\/perfil-clinica-medica-do-porto-1-e1604515187835.png\" class=\"attachment-thumbnail size-thumbnail wp-post-image\" alt=\"Imagem-generica-clinica-medica-do-porto\" \/><\/div> <cite class=\"kwayy-testimonial-title\">Judite Marques<span class=\"kwayy-testimonial-designation\">Utente da Cl\u00ednica M\u00e9dica do Porto<\/span><\/cite><\/footer><\/blockquote><\/div>\n\t<\/div>\n\t<div class=\"kwayy-testimonial-box \"><div class=\"kwayy-testimonial-data\"><blockquote class=\"kwayy-testimonial-text\">\r\n\t\t\t\t<div class=\"contarea\">\t\t\t\t\t\r\n\t\t\t\t\t<div class=\"kwayy-tst-contarea-text\">Profissionalismo irrepreens\u00edvel. recorri ao Osteopata Pedi\u00e1trico Tiago Monteiro...adorei a forma como tratou e manipulou o Baby T respeitando sempre o seu tempo e com a sua \" permiss\u00e3o\" (...)<\/div>\r\n\t\t\t\t\t\r\n\t\t\t\t<\/div><footer> <div class=\"kwayy-testimonial-img\"><img loading=\"lazy\" decoding=\"async\" width=\"60\" height=\"60\" src=\"https:\/\/clinicamedicadoporto.pt\/staging\/wp-content\/uploads\/2020\/06\/Sofia-Pereira-comentario-clinica-medica-do-porto-copy-e1604518005912.jpg\" class=\"attachment-thumbnail size-thumbnail wp-post-image\" alt=\"Sofia Pereita Testemunho - Clinica M\u00e9dica do Porto\" \/><\/div> <cite class=\"kwayy-testimonial-title\">Sofia Pereira<span class=\"kwayy-testimonial-designation\">Utente da Cl\u00ednica M\u00e9dica do Porto<\/span><\/cite><\/footer><\/blockquote><\/div>\n\t<\/div>\n\t<div class=\"kwayy-testimonial-box \"><div class=\"kwayy-testimonial-data\"><blockquote class=\"kwayy-testimonial-text\">\r\n\t\t\t\t<div class=\"contarea\">\t\t\t\t\t\r\n\t\t\t\t\t<div class=\"kwayy-tst-contarea-text\">Simpatia, profissionalismo. Atendimento 5 estrelas.<\/div>\r\n\t\t\t\t\t\r\n\t\t\t\t<\/div><footer> <div class=\"kwayy-testimonial-img\"><img loading=\"lazy\" decoding=\"async\" width=\"60\" height=\"60\" src=\"https:\/\/clinicamedicadoporto.pt\/staging\/wp-content\/uploads\/2020\/03\/catarina-costa-testemunho-clinica-medica-do-porto-e1604518054221.jpg\" class=\"attachment-thumbnail size-thumbnail wp-post-image\" alt=\"catarina-costa-testemunho-clinica-medica-do-porto\" \/><\/div> <cite class=\"kwayy-testimonial-title\">Catarina Costa<span class=\"kwayy-testimonial-designation\">Utente da Cl\u00ednica M\u00e9dica do Porto<\/span><\/cite><\/footer><\/blockquote><\/div>\n\t<\/div>\n\t<div class=\"kwayy-testimonial-box \"><div class=\"kwayy-testimonial-data\"><blockquote class=\"kwayy-testimonial-text\">\r\n\t\t\t\t<div class=\"contarea\">\t\t\t\t\t\r\n\t\t\t\t\t<div class=\"kwayy-tst-contarea-text\">Um espa\u00e7o para o corpo e para a mente, recomendo!<\/div>\r\n\t\t\t\t\t\r\n\t\t\t\t<\/div><footer> <div class=\"kwayy-testimonial-img\"><img loading=\"lazy\" decoding=\"async\" width=\"60\" height=\"60\" src=\"https:\/\/clinicamedicadoporto.pt\/staging\/wp-content\/uploads\/2020\/03\/isabel-silva-testemunho-clinica-medica-do-porto-e1604518073621.jpg\" class=\"attachment-thumbnail size-thumbnail wp-post-image\" alt=\"isabel-silva-testemunho-clinica-medica-do-porto\" \/><\/div> <cite class=\"kwayy-testimonial-title\">Isabel Silva<span class=\"kwayy-testimonial-designation\">Utente da Cl\u00ednica M\u00e9dica do Porto<\/span><\/cite><\/footer><\/blockquote><\/div>\n\t<\/div>\n\t<div class=\"kwayy-testimonial-box \"><div class=\"kwayy-testimonial-data\"><blockquote class=\"kwayy-testimonial-text\">\r\n\t\t\t\t<div class=\"contarea\">\t\t\t\t\t\r\n\t\t\t\t\t<div class=\"kwayy-tst-contarea-text\">Profissionalismo e simpatia.<\/div>\r\n\t\t\t\t\t\r\n\t\t\t\t<\/div><footer> <div class=\"kwayy-testimonial-img\"><img loading=\"lazy\" decoding=\"async\" width=\"60\" height=\"60\" src=\"https:\/\/clinicamedicadoporto.pt\/staging\/wp-content\/uploads\/2020\/03\/catia-brandao-testemunho-clinica-medica-do-porto-e1604518097912.jpg\" class=\"attachment-thumbnail size-thumbnail wp-post-image\" alt=\"catia-brandao-testemunho-clinica-medica-do-porto\" \/><\/div> <cite class=\"kwayy-testimonial-title\">C\u00e1tia Brand\u00e3o<span class=\"kwayy-testimonial-designation\">Utente da Cl\u00ednica M\u00e9dica do Porto<\/span><\/cite><\/footer><\/blockquote><\/div>\n\t<\/div>\n\t<div class=\"kwayy-testimonial-box \"><div class=\"kwayy-testimonial-data\"><blockquote class=\"kwayy-testimonial-text\">\r\n\t\t\t\t<div class=\"contarea\">\t\t\t\t\t\r\n\t\t\t\t\t<div class=\"kwayy-tst-contarea-text\">Excelentes profissionais! Dedica\u00e7\u00e3o extrema aos pacientes!<\/div>\r\n\t\t\t\t\t\r\n\t\t\t\t<\/div><footer> <div class=\"kwayy-testimonial-img\"><img loading=\"lazy\" decoding=\"async\" width=\"60\" height=\"60\" src=\"https:\/\/clinicamedicadoporto.pt\/staging\/wp-content\/uploads\/2020\/03\/rita-monteiro-testemunho-clinica-medica-do-porto-e1604518114821.jpg\" class=\"attachment-thumbnail size-thumbnail wp-post-image\" alt=\"rita-monteiro-testemunho-clinica-medica-do-porto\" \/><\/div> <cite class=\"kwayy-testimonial-title\">Rita Monteiro<span class=\"kwayy-testimonial-designation\">Utente da Cl\u00ednica M\u00e9dica do Porto<\/span><\/cite><\/footer><\/blockquote><\/div>\n\t<\/div>\n\t<div class=\"kwayy-testimonial-box \"><div class=\"kwayy-testimonial-data\"><blockquote class=\"kwayy-testimonial-text\">\r\n\t\t\t\t<div class=\"contarea\">\t\t\t\t\t\r\n\t\t\t\t\t<div class=\"kwayy-tst-contarea-text\">Simpatia e profissionalismo!<\/div>\r\n\t\t\t\t\t\r\n\t\t\t\t<\/div><footer> <div class=\"kwayy-testimonial-img\"><img loading=\"lazy\" decoding=\"async\" width=\"60\" height=\"60\" src=\"https:\/\/clinicamedicadoporto.pt\/staging\/wp-content\/uploads\/2020\/03\/ana-paiva-testemunhos-clinica-medica-do-porto-e1604518196434.jpg\" class=\"attachment-thumbnail size-thumbnail wp-post-image\" alt=\"ana-paiva-testemunhos-clinica-medica-do-porto\" \/><\/div> <cite class=\"kwayy-testimonial-title\">Ana Paiva<span class=\"kwayy-testimonial-designation\">Utente da Cl\u00ednica M\u00e9dica do Porto<\/span><\/cite><\/footer><\/blockquote><\/div>\n\t<\/div>\n\t<div class=\"kwayy-testimonial-box \"><div class=\"kwayy-testimonial-data\"><blockquote class=\"kwayy-testimonial-text\">\r\n\t\t\t\t<div class=\"contarea\">\t\t\t\t\t\r\n\t\t\t\t\t<div class=\"kwayy-tst-contarea-text\">Excelentes profissionais com grande variedade de servi\u00e7os de sa\u00fade<\/div>\r\n\t\t\t\t\t\r\n\t\t\t\t<\/div><footer> <div class=\"kwayy-testimonial-img\"><img loading=\"lazy\" decoding=\"async\" width=\"96\" height=\"96\" src=\"https:\/\/clinicamedicadoporto.pt\/staging\/wp-content\/uploads\/2020\/02\/Bruno-Alves-comentario-clinica-medica-porto.jpg\" class=\"attachment-thumbnail size-thumbnail wp-post-image\" alt=\"Bruno-Alves-comentario-clinica-medica-porto\" \/><\/div> <cite class=\"kwayy-testimonial-title\">Bruno Alves<span class=\"kwayy-testimonial-designation\">Utente da Cl\u00ednica M\u00e9dica do Porto<\/span><\/cite><\/footer><\/blockquote><\/div>\n\t<\/div>\n\t<div class=\"kwayy-testimonial-box \"><div class=\"kwayy-testimonial-data\"><blockquote class=\"kwayy-testimonial-text\">\r\n\t\t\t\t<div class=\"contarea\">\t\t\t\t\t\r\n\t\t\t\t\t<div class=\"kwayy-tst-contarea-text\">Desde o meu 4\u00ba m\u00eas de gravidez fiz sess\u00f5es com a terapeuta Tatiana e que bem que me fizeram. Se n\u00e3o fosse isso a ajudar a resolver a minha ci\u00e1tica, n\u00e3o teria aguentado a gravidez de p\u00e9 at\u00e9 ao fim!<\/div>\r\n\t\t\t\t\t\r\n\t\t\t\t<\/div><footer> <div class=\"kwayy-testimonial-img\"><img loading=\"lazy\" decoding=\"async\" width=\"60\" height=\"60\" src=\"https:\/\/clinicamedicadoporto.pt\/staging\/wp-content\/uploads\/2019\/08\/catia-felix-testemunho-clinica-medica-do-porto-e1604518402653.jpg\" class=\"attachment-thumbnail size-thumbnail wp-post-image\" alt=\"catia-felix-testemunho-clinica-medica-do-porto\" \/><\/div> <cite class=\"kwayy-testimonial-title\">C\u00e1tia Felix<span class=\"kwayy-testimonial-designation\">Paciente da Cl\u00ednica M\u00e9dica do Porto<\/span><\/cite><\/footer><\/blockquote><\/div>\n\t<\/div>\n\t<div class=\"kwayy-testimonial-box \"><div class=\"kwayy-testimonial-data\"><blockquote class=\"kwayy-testimonial-text\">\r\n\t\t\t\t<div class=\"contarea\">\t\t\t\t\t\r\n\t\t\t\t\t<div class=\"kwayy-tst-contarea-text\">Profissionalismo, pontualidade, especialidades, simpatia 100%<\/div>\r\n\t\t\t\t\t\r\n\t\t\t\t<\/div><footer> <div class=\"kwayy-testimonial-img\"><img loading=\"lazy\" decoding=\"async\" width=\"60\" height=\"60\" src=\"https:\/\/clinicamedicadoporto.pt\/staging\/wp-content\/uploads\/2019\/08\/perfil-clinica-medica-do-porto-e1604516538844.png\" class=\"attachment-thumbnail size-thumbnail wp-post-image\" alt=\"Testemunho-clinica-medica-do-porto\" \/><\/div> <cite class=\"kwayy-testimonial-title\">Susana Melo<span class=\"kwayy-testimonial-designation\">Paciente da Cl\u00ednica M\u00e9dica do Porto<\/span><\/cite><\/footer><\/blockquote><\/div>\n\t<\/div>\n\t<div class=\"kwayy-testimonial-box \"><div class=\"kwayy-testimonial-data\"><blockquote class=\"kwayy-testimonial-text\">\r\n\t\t\t\t<div class=\"contarea\">\t\t\t\t\t\r\n\t\t\t\t\t<div class=\"kwayy-tst-contarea-text\">Um \u00f3ptimo acolhimento por toda a equipa. Muito profissionais, simp\u00e1ticos e com servi\u00e7os prestados de forma muito humanizada.<\/div>\r\n\t\t\t\t\t\r\n\t\t\t\t<\/div><footer> <div class=\"kwayy-testimonial-img\"><img loading=\"lazy\" decoding=\"async\" width=\"60\" height=\"60\" src=\"https:\/\/clinicamedicadoporto.pt\/staging\/wp-content\/uploads\/2019\/08\/vera-teixeira-testemunho-clinica-medica-do-porto-e1604518276413.jpg\" class=\"attachment-thumbnail size-thumbnail wp-post-image\" alt=\"vera-teixeira-testemunho-clinica-medica-do-porto\" \/><\/div> <cite class=\"kwayy-testimonial-title\">Vera Teixeira<span class=\"kwayy-testimonial-designation\">M\u00e3e do beb\u00e9 J.<\/span><\/cite><\/footer><\/blockquote><\/div>\n\t<\/div>\n\t<div class=\"kwayy-testimonial-box \"><div class=\"kwayy-testimonial-data\"><blockquote class=\"kwayy-testimonial-text\">\r\n\t\t\t\t<div class=\"contarea\">\t\t\t\t\t\r\n\t\t\t\t\t<div class=\"kwayy-tst-contarea-text\">H\u00e1 muito tempo procurava uma cl\u00ednica assim! Gratid\u00e3o pelo trabalho com minha irm\u00e3 e agora comigo! <a href=\"https:\/\/www.google.com\/maps\/contrib\/109204381814089835556\/reviews\/@41.1572663,-8.6437935,17z\/data=!3m1!4b1!4m3!8m2!3m1!1e1\" rel=\"noopener noreferrer\" target=\"_blank\">ler mais<\/a>\r\n<\/div>\r\n\t\t\t\t\t\r\n\t\t\t\t<\/div><footer> <div class=\"kwayy-testimonial-img\"><img loading=\"lazy\" decoding=\"async\" width=\"60\" height=\"60\" src=\"https:\/\/clinicamedicadoporto.pt\/staging\/wp-content\/uploads\/2019\/08\/perfil-clinica-medica-do-porto-e1604516538844.png\" class=\"attachment-thumbnail size-thumbnail wp-post-image\" alt=\"Testemunho-clinica-medica-do-porto\" \/><\/div> <cite class=\"kwayy-testimonial-title\">T\u00e2nia Elis<span class=\"kwayy-testimonial-designation\">Paciente da Cl\u00ednica M\u00e9dica do Porto<\/span><\/cite><\/footer><\/blockquote><\/div>\n\t<\/div>\n\t<div class=\"kwayy-testimonial-box \"><div class=\"kwayy-testimonial-data\"><blockquote class=\"kwayy-testimonial-text\">\r\n\t\t\t\t<div class=\"contarea\">\t\t\t\t\t\r\n\t\t\t\t\t<div class=\"kwayy-tst-contarea-text\">Bons profissionais. Recomendo.<\/div>\r\n\t\t\t\t\t\r\n\t\t\t\t<\/div><footer> <div class=\"kwayy-testimonial-img\"><img loading=\"lazy\" decoding=\"async\" width=\"60\" height=\"60\" src=\"https:\/\/clinicamedicadoporto.pt\/staging\/wp-content\/uploads\/2019\/08\/sonia-morais-testemunho-clinica-medica-do-porto-e1604518284422.jpg\" class=\"attachment-thumbnail size-thumbnail wp-post-image\" alt=\"sonia-morais-testemunho-clinica-medica-do-porto\" \/><\/div> <cite class=\"kwayy-testimonial-title\">S\u00f3nia Morais<span class=\"kwayy-testimonial-designation\">Paciente da Cl\u00ednica M\u00e9dica do Porto<\/span><\/cite><\/footer><\/blockquote><\/div>\n\t<\/div>\n\t<div class=\"kwayy-testimonial-box \"><div class=\"kwayy-testimonial-data\"><blockquote class=\"kwayy-testimonial-text\">\r\n\t\t\t\t<div class=\"contarea\">\t\t\t\t\t\r\n\t\t\t\t\t<div class=\"kwayy-tst-contarea-text\">Gostei do profissionalismo e compet\u00eancia demonstrada.\r\nAcredito que s\u00e3o uma solu\u00e7\u00e3o para os problemas com que me deparei tendo sido transparentes nas solu\u00e7\u00f5es apresentadas! Pontualidade e ambiente acolhedor!<\/div>\r\n\t\t\t\t\t\r\n\t\t\t\t<\/div><footer> <div class=\"kwayy-testimonial-img\"><img loading=\"lazy\" decoding=\"async\" width=\"60\" height=\"60\" src=\"https:\/\/clinicamedicadoporto.pt\/staging\/wp-content\/uploads\/2019\/08\/Rui-pereira-testemunho-clinica-medica-do-porto-e1604518294303.jpg\" class=\"attachment-thumbnail size-thumbnail wp-post-image\" alt=\"Rui-pereira-testemunho-clinica-medica-do-porto\" \/><\/div> <cite class=\"kwayy-testimonial-title\">Rui Pereira<span class=\"kwayy-testimonial-designation\">Paciente da Cl\u00ednica M\u00e9dica do Porto<\/span><\/cite><\/footer><\/blockquote><\/div>\n\t<\/div>\n\t<div class=\"kwayy-testimonial-box \"><div class=\"kwayy-testimonial-data\"><blockquote class=\"kwayy-testimonial-text\">\r\n\t\t\t\t<div class=\"contarea\">\t\t\t\t\t\r\n\t\t\t\t\t<div class=\"kwayy-tst-contarea-text\">Um espa\u00e7o que reune excelentes profissionais onde a simpatia \u00e9 o cart\u00e3o de boas-vindas. Obrigada em especial \u00e0 terapeuta Tatiana Sousa. Bem-hajam e continuem o \u00f3timo trabalho.<\/div>\r\n\t\t\t\t\t\r\n\t\t\t\t<\/div><footer> <div class=\"kwayy-testimonial-img\"><img loading=\"lazy\" decoding=\"async\" width=\"60\" height=\"60\" src=\"https:\/\/clinicamedicadoporto.pt\/staging\/wp-content\/uploads\/2019\/08\/raquel-vilares-testemunho-clinica-medica-do-porto-e1604518379616.jpg\" class=\"attachment-thumbnail size-thumbnail wp-post-image\" alt=\"raquel-vilares-testemunho-clinica-medica-do-porto\" \/><\/div> <cite class=\"kwayy-testimonial-title\">Raquel Vilares<span class=\"kwayy-testimonial-designation\">Paciente da Cl\u00ednica M\u00e9dica do Porto<\/span><\/cite><\/footer><\/blockquote><\/div>\n\t<\/div>\n\t<div class=\"kwayy-testimonial-box \"><div class=\"kwayy-testimonial-data\"><blockquote class=\"kwayy-testimonial-text\">\r\n\t\t\t\t<div class=\"contarea\">\t\t\t\t\t\r\n\t\t\t\t\t<div class=\"kwayy-tst-contarea-text\">Amazing staff- very knowleadgable. Highly recommend this clinica. \ud83d\udc4c\ud83c\udffc<\/div>\r\n\t\t\t\t\t\r\n\t\t\t\t<\/div><footer> <div class=\"kwayy-testimonial-img\"><img loading=\"lazy\" decoding=\"async\" width=\"60\" height=\"60\" src=\"https:\/\/clinicamedicadoporto.pt\/staging\/wp-content\/uploads\/2019\/08\/Maria-Duenas-testemunho-clinica-medica-do-porto-e1604518335901.jpg\" class=\"attachment-thumbnail size-thumbnail wp-post-image\" alt=\"Maria-Duenas-testemunho-clinica-medica-do-porto\" \/><\/div> <cite class=\"kwayy-testimonial-title\">Maria Duenas<span class=\"kwayy-testimonial-designation\">Paciente da Cl\u00ednica M\u00e9dica do Porto<\/span><\/cite><\/footer><\/blockquote><\/div>\n\t<\/div>\n\t<div class=\"kwayy-testimonial-box \"><div class=\"kwayy-testimonial-data\"><blockquote class=\"kwayy-testimonial-text\">\r\n\t\t\t\t<div class=\"contarea\">\t\t\t\t\t\r\n\t\t\t\t\t<div class=\"kwayy-tst-contarea-text\">Andava h\u00e1 procura de uma solu\u00e7\u00e3o que passasse pela acupuntura (...) estou super contente pela forma como tenho sido tratado (...) recomendo vivamente esta Cl\u00ednica<\/div>\r\n\t\t\t\t\t\r\n\t\t\t\t<\/div><footer> <div class=\"kwayy-testimonial-img\"><img loading=\"lazy\" decoding=\"async\" width=\"60\" height=\"60\" src=\"https:\/\/clinicamedicadoporto.pt\/staging\/wp-content\/uploads\/2019\/08\/Diamantino-silva-testemunho-clinica-medica-do-porto-e1604518391673.jpg\" class=\"attachment-thumbnail size-thumbnail wp-post-image\" alt=\"Diamantino-Silva-testemunho-clinica-medica-do-porto\" \/><\/div> <cite class=\"kwayy-testimonial-title\">Diamantino Silva<span class=\"kwayy-testimonial-designation\">Paciente da Cl\u00ednica M\u00e9dica do Porto<\/span><\/cite><\/footer><\/blockquote><\/div>\n\t<\/div>\n\t<div class=\"kwayy-testimonial-box \"><div class=\"kwayy-testimonial-data\"><blockquote class=\"kwayy-testimonial-text\">\r\n\t\t\t\t<div class=\"contarea\">\t\t\t\t\t\r\n\t\t\t\t\t<div class=\"kwayy-tst-contarea-text\">Grupo de profissionais muito competentes. Dou especial elogio ao trabalho da terapeuta Tatiana Calv\u00e3o Sousa que tanto me ajudou.<\/div>\r\n\t\t\t\t\t\r\n\t\t\t\t<\/div><footer> <div class=\"kwayy-testimonial-img\"><img loading=\"lazy\" decoding=\"async\" width=\"60\" height=\"60\" src=\"https:\/\/clinicamedicadoporto.pt\/staging\/wp-content\/uploads\/2019\/08\/catia-felix-testemunho-clinica-medica-do-porto-e1604518402653.jpg\" class=\"attachment-thumbnail size-thumbnail wp-post-image\" alt=\"catia-felix-testemunho-clinica-medica-do-porto\" \/><\/div> <cite class=\"kwayy-testimonial-title\">C\u00e1tia Felix<span class=\"kwayy-testimonial-designation\">Paciente da Cl\u00ednica M\u00e9dica do Porto<\/span><\/cite><\/footer><\/blockquote><\/div>\n\t<\/div>\n\t<div class=\"kwayy-testimonial-box \"><div class=\"kwayy-testimonial-data\"><blockquote class=\"kwayy-testimonial-text\">\r\n\t\t\t\t<div class=\"contarea\">\t\t\t\t\t\r\n\t\t\t\t\t<div class=\"kwayy-tst-contarea-text\">Os melhores.<\/div>\r\n\t\t\t\t\t\r\n\t\t\t\t<\/div><footer> <div class=\"kwayy-testimonial-img\"><img loading=\"lazy\" decoding=\"async\" width=\"60\" height=\"60\" src=\"https:\/\/clinicamedicadoporto.pt\/staging\/wp-content\/uploads\/2019\/08\/admilo-ribeiro-testemunho-clinica-medica-do-porto-e1604518405184.jpg\" class=\"attachment-thumbnail size-thumbnail wp-post-image\" alt=\"Admilo Ribeiro - Testemunho - Cl\u00ednica M\u00e9dica do Porto\" \/><\/div> <cite class=\"kwayy-testimonial-title\">Admilo Ribeiro<span class=\"kwayy-testimonial-designation\">Paciente da Cl\u00ednica M\u00e9dica do Porto<\/span><\/cite><\/footer><\/blockquote><\/div>\n\t<\/div>\n\t<div class=\"kwayy-testimonial-box \"><div class=\"kwayy-testimonial-data\"><blockquote class=\"kwayy-testimonial-text\">\r\n\t\t\t\t<div class=\"contarea\">\t\t\t\t\t\r\n\t\t\t\t\t<div class=\"kwayy-tst-contarea-text\">Espa\u00e7o muito bonito e acolhedor, excelente organiza\u00e7\u00e3o e agenda \ud83d\udc4d Simpatia e profissionalismo top \ud83d\udc4c<\/div>\r\n\t\t\t\t\t\r\n\t\t\t\t<\/div><footer> <div class=\"kwayy-testimonial-img\"><img loading=\"lazy\" decoding=\"async\" width=\"60\" height=\"60\" src=\"https:\/\/clinicamedicadoporto.pt\/staging\/wp-content\/uploads\/2019\/07\/vera-morgado-testemunho-clinica-medica-porto-e1604518447666.jpg\" class=\"attachment-thumbnail size-thumbnail wp-post-image\" alt=\"vera-morgado-testemunho-clinica-medica-porto\" \/><\/div> <cite class=\"kwayy-testimonial-title\">Vera Morgado<span class=\"kwayy-testimonial-designation\">Paciente da Cl\u00ednica M\u00e9dica do Porto<\/span><\/cite><\/footer><\/blockquote><\/div>\n\t<\/div>\n\t<div class=\"kwayy-testimonial-box \"><div class=\"kwayy-testimonial-data\"><blockquote class=\"kwayy-testimonial-text\">\r\n\t\t\t\t<div class=\"contarea\">\t\t\t\t\t\r\n\t\t\t\t\t<div class=\"kwayy-tst-contarea-text\">Contactamos a Cl\u00ednica, procurando osteopatia pedi\u00e1trica que precisavamos, com urg\u00eancia, para a nossa beb\u00e9, que sofria de refluxo. Encontramos boas refer\u00eancias relativas ao terapeuta Tiago Monteiro e n\u00e3o nos arrependemos. Para al\u00e9m do profissionalismo, foi de um cuidado e aten\u00e7\u00e3o extremas e o resultado foi imediato na qualidade de vida e bem estar da nossa beb\u00e9.\r\nO acompanhamento \u00e9 irrepreens\u00edvel! Recomendamos e agradecemos!<\/div>\r\n\t\t\t\t\t\r\n\t\t\t\t<\/div><footer> <div class=\"kwayy-testimonial-img\"><img loading=\"lazy\" decoding=\"async\" width=\"60\" height=\"60\" src=\"https:\/\/clinicamedicadoporto.pt\/staging\/wp-content\/uploads\/2019\/06\/Cecilia-Barbosa-Testemunho-Clinica-Medica-do-Porto-e1604518452400.jpg\" class=\"attachment-thumbnail size-thumbnail wp-post-image\" alt=\"Cecilia-Barbosa-Testemunho-Clinica-Medica-do-Porto\" \/><\/div> <cite class=\"kwayy-testimonial-title\"><a href=\"http:\/\/www.135milimetros.pt\/\" target=\"_blank\" rel=\"noopener\">Cec\u00edlia Barbosa<\/a><span class=\"kwayy-testimonial-designation\">M\u00e3e da beb\u00e9 M<\/span><\/cite><\/footer><\/blockquote><\/div>\n\t<\/div>\n\t<div class=\"kwayy-testimonial-box \"><div class=\"kwayy-testimonial-data\"><blockquote class=\"kwayy-testimonial-text\">\r\n\t\t\t\t<div class=\"contarea\">\t\t\t\t\t\r\n\t\t\t\t\t<div class=\"kwayy-tst-contarea-text\">Uma abordagem profissional e virada para a r\u00e1pida recupera\u00e7\u00e3o.\r\nRecomendo a todos que tenham algum problema que necessite de fisioterapia.<\/div>\r\n\t\t\t\t\t\r\n\t\t\t\t<\/div><footer> <div class=\"kwayy-testimonial-img\"><img loading=\"lazy\" decoding=\"async\" width=\"60\" height=\"60\" src=\"https:\/\/clinicamedicadoporto.pt\/staging\/wp-content\/uploads\/2019\/05\/goncalo-magalhaes-testemunho-clincia-medica-do-porto-e1604518456547.jpg\" class=\"attachment-thumbnail size-thumbnail wp-post-image\" alt=\"goncalo-magalhaes-testemunho-clincia-medica-do-porto\" \/><\/div> <cite class=\"kwayy-testimonial-title\">Gon\u00e7alo Magalh\u00e3es<span class=\"kwayy-testimonial-designation\">Paciente da Cl\u00ednica M\u00e9dica do Porto<\/span><\/cite><\/footer><\/blockquote><\/div>\n\t<\/div>\n\t<div class=\"kwayy-testimonial-box \"><div class=\"kwayy-testimonial-data\"><blockquote class=\"kwayy-testimonial-text\">\r\n\t\t\t\t<div class=\"contarea\">\t\t\t\t\t\r\n\t\t\t\t\t<div class=\"kwayy-tst-contarea-text\">Uma equipa profissional e competente, mas, sobretudo, marcando a diferen\u00e7a pela disponibilidade, carinho, aten\u00e7\u00e3o e cordialidade.<\/div>\r\n\t\t\t\t\t\r\n\t\t\t\t<\/div><footer> <div class=\"kwayy-testimonial-img\"><img loading=\"lazy\" decoding=\"async\" width=\"96\" height=\"96\" src=\"https:\/\/clinicamedicadoporto.pt\/staging\/wp-content\/uploads\/2018\/11\/ana-homet-comentario-clinica-medic-do-porto-150x150.jpg\" class=\"attachment-thumbnail size-thumbnail wp-post-image\" alt=\"ana-homet-comentario-clinica-medica-do-porto\" srcset=\"https:\/\/clinicamedicadoporto.pt\/staging\/wp-content\/uploads\/2018\/11\/ana-homet-comentario-clinica-medic-do-porto-150x150.jpg 150w, https:\/\/clinicamedicadoporto.pt\/staging\/wp-content\/uploads\/2018\/11\/ana-homet-comentario-clinica-medic-do-porto-300x300.jpg 300w, https:\/\/clinicamedicadoporto.pt\/staging\/wp-content\/uploads\/2018\/11\/ana-homet-comentario-clinica-medic-do-porto-e1604518589665.jpg 60w\" sizes=\"auto, (max-width: 96px) 100vw, 96px\" \/><\/div> <cite class=\"kwayy-testimonial-title\">Ana Homet<span class=\"kwayy-testimonial-designation\">Paciente da Cl\u00ednica M\u00e9dica do Porto<\/span><\/cite><\/footer><\/blockquote><\/div>\n\t<\/div>\n\t<div class=\"kwayy-testimonial-box \"><div class=\"kwayy-testimonial-data\"><blockquote class=\"kwayy-testimonial-text\">\r\n\t\t\t\t<div class=\"contarea\">\t\t\t\t\t\r\n\t\t\t\t\t<div class=\"kwayy-tst-contarea-text\">\u2026 precisava de direccionar as minhas necessidades para uma cl\u00ednica apoiada n\u00e3o s\u00f3 por m\u00e9dicos competentes, mas tamb\u00e9m com alternativas de tratamento adequadas ao meu caso\u2026\r\n<a href=\"https:\/\/www.facebook.com\/permalink.php?story_fbid=10157685865350410&amp;id=626105409&amp;__tn__=C-R\" target=\"_blank\" rel=\"noopener noreferrer\">ler mais<\/a><\/div>\r\n\t\t\t\t\t\r\n\t\t\t\t<\/div><footer> <div class=\"kwayy-testimonial-img\"><img loading=\"lazy\" decoding=\"async\" width=\"96\" height=\"96\" src=\"https:\/\/clinicamedicadoporto.pt\/staging\/wp-content\/uploads\/2018\/09\/Maria-Letra-Testemunho-clinica-medica-do-porto-150x150.jpg\" class=\"attachment-thumbnail size-thumbnail wp-post-image\" alt=\"Maria-Letra-Testemunho-clinica-medica-do-porto\" srcset=\"https:\/\/clinicamedicadoporto.pt\/staging\/wp-content\/uploads\/2018\/09\/Maria-Letra-Testemunho-clinica-medica-do-porto-150x150.jpg 150w, https:\/\/clinicamedicadoporto.pt\/staging\/wp-content\/uploads\/2018\/09\/Maria-Letra-Testemunho-clinica-medica-do-porto-300x300.jpg 300w, https:\/\/clinicamedicadoporto.pt\/staging\/wp-content\/uploads\/2018\/09\/Maria-Letra-Testemunho-clinica-medica-do-porto-e1604518597923.jpg 60w\" sizes=\"auto, (max-width: 96px) 100vw, 96px\" \/><\/div> <cite class=\"kwayy-testimonial-title\">Maria Letra<span class=\"kwayy-testimonial-designation\">Paciente da Cl\u00ednica M\u00e9dica do Porto<\/span><\/cite><\/footer><\/blockquote><\/div>\n\t<\/div>\n\t<div class=\"kwayy-testimonial-box \"><div class=\"kwayy-testimonial-data\"><blockquote class=\"kwayy-testimonial-text\">\r\n\t\t\t\t<div class=\"contarea\">\t\t\t\t\t\r\n\t\t\t\t\t<div class=\"kwayy-tst-contarea-text\">Fran\u00e7ais en week-end \u00e0 Porto. (\u2026) Pour avoir eu recours de nombreuses fois des ost\u00e9opathes, nous recommandons absolument la clinique pour son accueil, ses comp\u00e9tences et ses tarifs.<\/div>\r\n\t\t\t\t\t\r\n\t\t\t\t<\/div><footer> <div class=\"kwayy-testimonial-img\"><img loading=\"lazy\" decoding=\"async\" width=\"96\" height=\"96\" src=\"https:\/\/clinicamedicadoporto.pt\/staging\/wp-content\/uploads\/2018\/07\/perfil-clinica-medica-do-porto-150x150.png\" class=\"attachment-thumbnail size-thumbnail wp-post-image\" alt=\"perfil-feminino-clinica-medica-do-porto\" srcset=\"https:\/\/clinicamedicadoporto.pt\/staging\/wp-content\/uploads\/2018\/07\/perfil-clinica-medica-do-porto-150x150.png 150w, https:\/\/clinicamedicadoporto.pt\/staging\/wp-content\/uploads\/2018\/07\/perfil-clinica-medica-do-porto-300x300.png 300w, https:\/\/clinicamedicadoporto.pt\/staging\/wp-content\/uploads\/2018\/07\/perfil-clinica-medica-do-porto-e1604515282169.png 60w\" sizes=\"auto, (max-width: 96px) 100vw, 96px\" \/><\/div> <cite class=\"kwayy-testimonial-title\">Treize Mimine<span class=\"kwayy-testimonial-designation\">Paciente da Cl\u00ednica M\u00e9dica do Porto<\/span><\/cite><\/footer><\/blockquote><\/div>\n\t<\/div>\n\t<div class=\"kwayy-testimonial-box \"><div class=\"kwayy-testimonial-data\"><blockquote class=\"kwayy-testimonial-text\">\r\n\t\t\t\t<div class=\"contarea\">\t\t\t\t\t\r\n\t\t\t\t\t<div class=\"kwayy-tst-contarea-text\">Muito profissionalismo, \u00f3tima equipa, organiza\u00e7\u00e3o e simpatia! Excelente Osteopata - gra\u00e7as \u00e1s in\u00fameras t\u00e9cnicas do Tiago Monteiro fiquei sem uma dor no m\u00fasculo piriforme que me incomodava \u00e0 meses!<\/div>\r\n\t\t\t\t\t\r\n\t\t\t\t<\/div><footer> <div class=\"kwayy-testimonial-img\"><img loading=\"lazy\" decoding=\"async\" width=\"96\" height=\"96\" src=\"https:\/\/clinicamedicadoporto.pt\/staging\/wp-content\/uploads\/2018\/03\/Elisabete-Amaral-Testemunho-Clinica-Medica-do-Porto-150x150.jpg\" class=\"attachment-thumbnail size-thumbnail wp-post-image\" alt=\"Elisabete-Amaral-Testemunho-Clinica-Medica-do-Porto\" \/><\/div> <cite class=\"kwayy-testimonial-title\">Elisabete Amaral<span class=\"kwayy-testimonial-designation\">Paciente da Cl\u00ednica M\u00e9dica do Porto<\/span><\/cite><\/footer><\/blockquote><\/div>\n\t<\/div>\n\t<div class=\"kwayy-testimonial-box \"><div class=\"kwayy-testimonial-data\"><blockquote class=\"kwayy-testimonial-text\">\r\n\t\t\t\t<div class=\"contarea\">\t\t\t\t\t\r\n\t\t\t\t\t<div class=\"kwayy-tst-contarea-text\">Profissionalismo irrepreens\u00edvel, disponibilidade total e simpatia inigual\u00e1vel. N\u00e3o \u00e9 isto mesmo que todos procuramos quando est\u00e1 em causa a nossa sa\u00fade?\r\nParab\u00e9ns pelo projeto, Cl\u00ednica M\u00e9dica do Porto!<\/div>\r\n\t\t\t\t\t\r\n\t\t\t\t<\/div><footer> <div class=\"kwayy-testimonial-img\"><img loading=\"lazy\" decoding=\"async\" width=\"96\" height=\"96\" src=\"https:\/\/clinicamedicadoporto.pt\/staging\/wp-content\/uploads\/2018\/03\/Antonio-Larguesa-testemunho-clinica-medica-do-porto-150x150.jpg\" class=\"attachment-thumbnail size-thumbnail wp-post-image\" alt=\"Antonio-Larguesa-testemunho-clinica-medica-do-porto\" srcset=\"https:\/\/clinicamedicadoporto.pt\/staging\/wp-content\/uploads\/2018\/03\/Antonio-Larguesa-testemunho-clinica-medica-do-porto-150x150.jpg 150w, https:\/\/clinicamedicadoporto.pt\/staging\/wp-content\/uploads\/2018\/03\/Antonio-Larguesa-testemunho-clinica-medica-do-porto-300x300.jpg 300w, https:\/\/clinicamedicadoporto.pt\/staging\/wp-content\/uploads\/2018\/03\/Antonio-Larguesa-testemunho-clinica-medica-do-porto-e1604518884171.jpg 60w\" sizes=\"auto, (max-width: 96px) 100vw, 96px\" \/><\/div> <cite class=\"kwayy-testimonial-title\">Ant\u00f3nio Larguesa<span class=\"kwayy-testimonial-designation\">Paciente da Cl\u00ednica M\u00e9dica do Porto<\/span><\/cite><\/footer><\/blockquote><\/div>\n\t<\/div>\n\t<div class=\"kwayy-testimonial-box \"><div class=\"kwayy-testimonial-data\"><blockquote class=\"kwayy-testimonial-text\">\r\n\t\t\t\t<div class=\"contarea\">\t\t\t\t\t\r\n\t\t\t\t\t<div class=\"kwayy-tst-contarea-text\">Bastante satisfeita com os servi\u00e7os prestados pela Cl\u00ednica M\u00e9dica do Porto, especialmente com o profissionalismo, empenho e dedica\u00e7\u00e3o da Dra Tatiana. Recomendo vivamente a Cl\u00ednica M\u00e9dica do Porto.<\/div>\r\n\t\t\t\t\t\r\n\t\t\t\t<\/div><footer> <div class=\"kwayy-testimonial-img\"><img loading=\"lazy\" decoding=\"async\" width=\"96\" height=\"96\" src=\"https:\/\/clinicamedicadoporto.pt\/staging\/wp-content\/uploads\/2018\/03\/Joana-Couto-Testemunho-Clinica-Medica-do-Porto-150x150.jpg\" class=\"attachment-thumbnail size-thumbnail wp-post-image\" alt=\"Joana-Couto-Testemunho-Clinica-Medica-do-Porto\" srcset=\"https:\/\/clinicamedicadoporto.pt\/staging\/wp-content\/uploads\/2018\/03\/Joana-Couto-Testemunho-Clinica-Medica-do-Porto-150x150.jpg 150w, https:\/\/clinicamedicadoporto.pt\/staging\/wp-content\/uploads\/2018\/03\/Joana-Couto-Testemunho-Clinica-Medica-do-Porto-300x300.jpg 300w, https:\/\/clinicamedicadoporto.pt\/staging\/wp-content\/uploads\/2018\/03\/Joana-Couto-Testemunho-Clinica-Medica-do-Porto-e1605026871378.jpg 60w\" sizes=\"auto, (max-width: 96px) 100vw, 96px\" \/><\/div> <cite class=\"kwayy-testimonial-title\">Joana Couto<span class=\"kwayy-testimonial-designation\">Paciente da Cl\u00ednica M\u00e9dica do Porto<\/span><\/cite><\/footer><\/blockquote><\/div>\n\t<\/div>\n\t<div class=\"kwayy-testimonial-box \"><div class=\"kwayy-testimonial-data\"><blockquote class=\"kwayy-testimonial-text\">\r\n\t\t\t\t<div class=\"contarea\">\t\t\t\t\t\r\n\t\t\t\t\t<div class=\"kwayy-tst-contarea-text\">Muita simpatia, profissionalismo e atendimento super personalizado. Recomendo... A Dra Nelea \u00e9 muito dispon\u00edvel e atenta aos pacientes pequenos e \u00e0s d\u00favidas \/medos dos seus pais \ud83d\ude42<\/div>\r\n\t\t\t\t\t\r\n\t\t\t\t<\/div><footer> <div class=\"kwayy-testimonial-img\"><img loading=\"lazy\" decoding=\"async\" width=\"96\" height=\"96\" src=\"https:\/\/clinicamedicadoporto.pt\/staging\/wp-content\/uploads\/2018\/03\/Ana-Sofia-Santos-150x150.jpg\" class=\"attachment-thumbnail size-thumbnail wp-post-image\" alt=\"Ana Sofia Santos - testemunho - Cl\u00ednica M\u00e9dica do Porto\" \/><\/div> <cite class=\"kwayy-testimonial-title\">Ana Sofia Santos<span class=\"kwayy-testimonial-designation\">Paciente da Cl\u00ednica M\u00e9dica do Porto<\/span><\/cite><\/footer><\/blockquote><\/div>\n\t<\/div>\n\t<div class=\"kwayy-testimonial-box \"><div class=\"kwayy-testimonial-data\"><blockquote class=\"kwayy-testimonial-text\">\r\n\t\t\t\t<div class=\"contarea\">\t\t\t\t\t\r\n\t\t\t\t\t<div class=\"kwayy-tst-contarea-text\">Excelente acompanhamento a Dr Tatiana \u00e9 de um profissionalismo sem igual muito grata por tudo!<\/div>\r\n\t\t\t\t\t\r\n\t\t\t\t<\/div><footer> <div class=\"kwayy-testimonial-img\"><img loading=\"lazy\" decoding=\"async\" width=\"96\" height=\"96\" src=\"https:\/\/clinicamedicadoporto.pt\/staging\/wp-content\/uploads\/2018\/03\/Joana-Pinto-Testemunho-Clinica-medica-do-porto-150x150.jpg\" class=\"attachment-thumbnail size-thumbnail wp-post-image\" alt=\"Joana-Pinto-Testemunho-Clinica-medica-do-porto\" srcset=\"https:\/\/clinicamedicadoporto.pt\/staging\/wp-content\/uploads\/2018\/03\/Joana-Pinto-Testemunho-Clinica-medica-do-porto-150x150.jpg 150w, https:\/\/clinicamedicadoporto.pt\/staging\/wp-content\/uploads\/2018\/03\/Joana-Pinto-Testemunho-Clinica-medica-do-porto-300x300.jpg 300w, https:\/\/clinicamedicadoporto.pt\/staging\/wp-content\/uploads\/2018\/03\/Joana-Pinto-Testemunho-Clinica-medica-do-porto-e1604518893159.jpg 60w\" sizes=\"auto, (max-width: 96px) 100vw, 96px\" \/><\/div> <cite class=\"kwayy-testimonial-title\">Joana Pinto<span class=\"kwayy-testimonial-designation\">Paciente da Cl\u00ednica M\u00e9dica do Porto<\/span><\/cite><\/footer><\/blockquote><\/div>\n\t<\/div>\n\t<div class=\"kwayy-testimonial-box \"><div class=\"kwayy-testimonial-data\"><blockquote class=\"kwayy-testimonial-text\">\r\n\t\t\t\t<div class=\"contarea\">\t\t\t\t\t\r\n\t\t\t\t\t<div class=\"kwayy-tst-contarea-text\">Profissionais atenciosos, proactivos e com um excelente know how.\r\nObrigada \u00e0 equipa e parab\u00e9ns pelo standard elevado que mant\u00e9m!<\/div>\r\n\t\t\t\t\t\r\n\t\t\t\t<\/div><footer> <div class=\"kwayy-testimonial-img\"><img loading=\"lazy\" decoding=\"async\" width=\"96\" height=\"96\" src=\"https:\/\/clinicamedicadoporto.pt\/staging\/wp-content\/uploads\/2018\/03\/sneha-Divias-clinica-medica-do-porto-150x150.jpg\" class=\"attachment-thumbnail size-thumbnail wp-post-image\" alt=\"sneha-Divias-clinica-medica-do-porto\" srcset=\"https:\/\/clinicamedicadoporto.pt\/staging\/wp-content\/uploads\/2018\/03\/sneha-Divias-clinica-medica-do-porto-150x150.jpg 150w, https:\/\/clinicamedicadoporto.pt\/staging\/wp-content\/uploads\/2018\/03\/sneha-Divias-clinica-medica-do-porto-300x300.jpg 300w, https:\/\/clinicamedicadoporto.pt\/staging\/wp-content\/uploads\/2018\/03\/sneha-Divias-clinica-medica-do-porto-e1604518901587.jpg 60w\" sizes=\"auto, (max-width: 96px) 100vw, 96px\" \/><\/div> <cite class=\"kwayy-testimonial-title\">Sneha Divias<span class=\"kwayy-testimonial-designation\">Paciente da Cl\u00ednica M\u00e9dica do Porto<\/span><\/cite><\/footer><\/blockquote><\/div>\n\t<\/div>\n\t<div class=\"kwayy-testimonial-box \"><div class=\"kwayy-testimonial-data\"><blockquote class=\"kwayy-testimonial-text\">\r\n\t\t\t\t<div class=\"contarea\">\t\t\t\t\t\r\n\t\t\t\t\t<div class=\"kwayy-tst-contarea-text\">Procurava um Osteopata que ajudasse a minha Pequenina com o quadro sintomatol\u00f3gico de refluxo gastro-esof\u00e1gico exacerbado. Nas m\u00e3os do Dr. Tiago, conhecemos uma nova Carminho logo a partir da primeira sess\u00e3o... Super recomendamos!<\/div>\r\n\t\t\t\t\t\r\n\t\t\t\t<\/div><footer> <div class=\"kwayy-testimonial-img\"><img loading=\"lazy\" decoding=\"async\" width=\"96\" height=\"96\" src=\"https:\/\/clinicamedicadoporto.pt\/staging\/wp-content\/uploads\/2017\/09\/Sara-Gandra-Testemunho-Osteopatia-150x150.jpg\" class=\"attachment-thumbnail size-thumbnail wp-post-image\" alt=\"Sara Gandra - Testemunho Osteopatia Pedi\u00e1trica na Cl\u00ednica M\u00e9dica do Porto\" srcset=\"https:\/\/clinicamedicadoporto.pt\/staging\/wp-content\/uploads\/2017\/09\/Sara-Gandra-Testemunho-Osteopatia-150x150.jpg 150w, https:\/\/clinicamedicadoporto.pt\/staging\/wp-content\/uploads\/2017\/09\/Sara-Gandra-Testemunho-Osteopatia-300x300.jpg 300w, https:\/\/clinicamedicadoporto.pt\/staging\/wp-content\/uploads\/2017\/09\/Sara-Gandra-Testemunho-Osteopatia-e1604519140792.jpg 60w\" sizes=\"auto, (max-width: 96px) 100vw, 96px\" \/><\/div> <cite class=\"kwayy-testimonial-title\">Sara Gandra<span class=\"kwayy-testimonial-designation\">M\u00e3e da Carminho<\/span><\/cite><\/footer><\/blockquote><\/div>\n\t<\/div>\n\t<div class=\"kwayy-testimonial-box \"><div class=\"kwayy-testimonial-data\"><blockquote class=\"kwayy-testimonial-text\">\r\n\t\t\t\t<div class=\"contarea\">\t\t\t\t\t\r\n\t\t\t\t\t<div class=\"kwayy-tst-contarea-text\">O meu sonho de ser m\u00e3e, convosco tornou-se numa t\u00e3o boa realidade. Obrigada Dra Tatiana.\r\nExcelentes profissionais, muito competentes e atenciosos.<\/div>\r\n\t\t\t\t\t\r\n\t\t\t\t<\/div><footer> <div class=\"kwayy-testimonial-img\"><img loading=\"lazy\" decoding=\"async\" width=\"96\" height=\"96\" src=\"https:\/\/clinicamedicadoporto.pt\/staging\/wp-content\/uploads\/2017\/08\/Patri\u0301cia-Raquel-Leite-testemunho-Acupuntura-fertilidade-Tatiana-Sousa-Clinica-Medica-do-Porto-150x150.jpg\" class=\"attachment-thumbnail size-thumbnail wp-post-image\" alt=\"Patri\u0301cia-Raquel-Leite-testemunho-Acupuntura-fertilidade-Tatiana-Sousa-Clinica-Medica-do-Porto\" srcset=\"https:\/\/clinicamedicadoporto.pt\/staging\/wp-content\/uploads\/2017\/08\/Patri\u0301cia-Raquel-Leite-testemunho-Acupuntura-fertilidade-Tatiana-Sousa-Clinica-Medica-do-Porto-150x150.jpg 150w, https:\/\/clinicamedicadoporto.pt\/staging\/wp-content\/uploads\/2017\/08\/Patri\u0301cia-Raquel-Leite-testemunho-Acupuntura-fertilidade-Tatiana-Sousa-Clinica-Medica-do-Porto-300x300.jpg 300w, https:\/\/clinicamedicadoporto.pt\/staging\/wp-content\/uploads\/2017\/08\/Patri\u0301cia-Raquel-Leite-testemunho-Acupuntura-fertilidade-Tatiana-Sousa-Clinica-Medica-do-Porto-e1604519149917.jpg 60w\" sizes=\"auto, (max-width: 96px) 100vw, 96px\" \/><\/div> <cite class=\"kwayy-testimonial-title\">Patr\u00edcia Leite<span class=\"kwayy-testimonial-designation\">M\u00e3e do Jo\u00e3o<\/span><\/cite><\/footer><\/blockquote><\/div>\n\t<\/div>\n\t<div class=\"kwayy-testimonial-box \"><div class=\"kwayy-testimonial-data\"><blockquote class=\"kwayy-testimonial-text\">\r\n\t\t\t\t<div class=\"contarea\">\t\t\t\t\t\r\n\t\t\t\t\t<div class=\"kwayy-tst-contarea-text\">Muito profissionalismo, organiza\u00e7\u00e3o e simpatia!\r\nExcelente Osteopata, gra\u00e7as ao Tiago Monteiro resolvemos o torcicolo cong\u00eanito da nossa bebe!\r\nUm obrigada de cora\u00e7\u00e3o<\/div>\r\n\t\t\t\t\t\r\n\t\t\t\t<\/div><footer> <div class=\"kwayy-testimonial-img\"><img loading=\"lazy\" decoding=\"async\" width=\"96\" height=\"96\" src=\"https:\/\/clinicamedicadoporto.pt\/staging\/wp-content\/uploads\/2017\/07\/Rosinha-Sousa-Clinica-Medica-do-porto-Osteopatia-Pediatrica-150x150.jpg\" class=\"attachment-thumbnail size-thumbnail wp-post-image\" alt=\"Testemunho de Rosa Sousa - Cl\u00ednica M\u00e9dica do Porto - Osteopatia Pediatrica\" srcset=\"https:\/\/clinicamedicadoporto.pt\/staging\/wp-content\/uploads\/2017\/07\/Rosinha-Sousa-Clinica-Medica-do-porto-Osteopatia-Pediatrica-150x150.jpg 150w, https:\/\/clinicamedicadoporto.pt\/staging\/wp-content\/uploads\/2017\/07\/Rosinha-Sousa-Clinica-Medica-do-porto-Osteopatia-Pediatrica-300x300.jpg 300w, https:\/\/clinicamedicadoporto.pt\/staging\/wp-content\/uploads\/2017\/07\/Rosinha-Sousa-Clinica-Medica-do-porto-Osteopatia-Pediatrica-768x766.jpg 768w, https:\/\/clinicamedicadoporto.pt\/staging\/wp-content\/uploads\/2017\/07\/Rosinha-Sousa-Clinica-Medica-do-porto-Osteopatia-Pediatrica.jpg 959w\" sizes=\"auto, (max-width: 96px) 100vw, 96px\" \/><\/div> <cite class=\"kwayy-testimonial-title\">Rosa Sousa<span class=\"kwayy-testimonial-designation\">M\u00e3e da beb\u00e9 C<\/span><\/cite><\/footer><\/blockquote><\/div>\n\t<\/div>\n\t<div class=\"kwayy-testimonial-box \"><div class=\"kwayy-testimonial-data\"><blockquote class=\"kwayy-testimonial-text\">\r\n\t\t\t\t<div class=\"contarea\">\t\t\t\t\t\r\n\t\t\t\t\t<div class=\"kwayy-tst-contarea-text\">A Francisca tem refluxo gastro esof\u00e1gico desde que nasceu, e ap\u00f3s muita medica\u00e7\u00e3o e muito choro, eis que descobrimos a osteopatia, terapia\u00a0que a Francisca faz desde os 6 meses com o Tiago Monteiro. Logo na primeira sess\u00e3o notamos melhoras - o intestino da Francisca trabalhou sozinho al\u00e9m de que o v\u00f3mito em jato reduziu bastante.<\/div>\r\n\t\t\t\t\t\r\n\t\t\t\t<\/div><footer> <div class=\"kwayy-testimonial-img\"><img loading=\"lazy\" decoding=\"async\" width=\"96\" height=\"96\" src=\"https:\/\/clinicamedicadoporto.pt\/staging\/wp-content\/uploads\/2016\/11\/Catarina-Reis-testemunho-clinica-medica-do-porto-150x150.jpg\" class=\"attachment-thumbnail size-thumbnail wp-post-image\" alt=\"Catarina Reis - testemunho acerca da osteopatia pedi\u00e1trica\" srcset=\"https:\/\/clinicamedicadoporto.pt\/staging\/wp-content\/uploads\/2016\/11\/Catarina-Reis-testemunho-clinica-medica-do-porto-150x150.jpg 150w, https:\/\/clinicamedicadoporto.pt\/staging\/wp-content\/uploads\/2016\/11\/Catarina-Reis-testemunho-clinica-medica-do-porto-300x300.jpg 300w, https:\/\/clinicamedicadoporto.pt\/staging\/wp-content\/uploads\/2016\/11\/Catarina-Reis-testemunho-clinica-medica-do-porto-768x768.jpg 768w, https:\/\/clinicamedicadoporto.pt\/staging\/wp-content\/uploads\/2016\/11\/Catarina-Reis-testemunho-clinica-medica-do-porto.jpg 917w\" sizes=\"auto, (max-width: 96px) 100vw, 96px\" \/><\/div> <cite class=\"kwayy-testimonial-title\">Catarina e M\u00e1rio Reis<span class=\"kwayy-testimonial-designation\">Pap\u00e1s da Francisca<\/span><\/cite><\/footer><\/blockquote><\/div>\n\t<\/div>\n\t<div class=\"kwayy-testimonial-box \"><div class=\"kwayy-testimonial-data\"><blockquote class=\"kwayy-testimonial-text\">\r\n\t\t\t\t<div class=\"contarea\">\t\t\t\t\t\r\n\t\t\t\t\t<div class=\"kwayy-tst-contarea-text\">A nossa experi\u00eancia com a consulta de osteopatia \u00e9 muito positiva, a sensa\u00e7\u00e3o revigorante com que ficamos \u00e9 t\u00e3o impressionante como os resultados obtidos<\/div>\r\n\t\t\t\t\t\r\n\t\t\t\t<\/div><footer> <div class=\"kwayy-testimonial-img\"><img loading=\"lazy\" decoding=\"async\" width=\"60\" height=\"60\" src=\"https:\/\/clinicamedicadoporto.pt\/staging\/wp-content\/uploads\/2016\/10\/marcos-magalhaes-testemunho-clinica-medica-do-porto.jpg\" class=\"attachment-thumbnail size-thumbnail wp-post-image\" alt=\"marcos-magalhaes-testemunho-clinica-medica-do-porto\" \/><\/div> <cite class=\"kwayy-testimonial-title\">Marcos Magalh\u00e3es<span class=\"kwayy-testimonial-designation\">Paciente da Cl\u00ednica M\u00e9dica do Porto<\/span><\/cite><\/footer><\/blockquote><\/div>\n\t<\/div>\n\t<div class=\"kwayy-testimonial-box \"><div class=\"kwayy-testimonial-data\"><blockquote class=\"kwayy-testimonial-text\">\r\n\t\t\t\t<div class=\"contarea\">\t\t\t\t\t\r\n\t\t\t\t\t<div class=\"kwayy-tst-contarea-text\">Com a gravidez vieram as dores de costas e ci\u00e1tica, por\u00e9m uma vez mais as sess\u00f5es de acupuntura com a Tatiana foram fundamentais para conseguir ultrapassar aquela fase menos simp\u00e1tica da gesta\u00e7\u00e3o<\/div>\r\n\t\t\t\t\t\r\n\t\t\t\t<\/div><footer> <div class=\"kwayy-testimonial-img\"><img loading=\"lazy\" decoding=\"async\" width=\"60\" height=\"60\" src=\"https:\/\/clinicamedicadoporto.pt\/staging\/wp-content\/uploads\/2016\/10\/alzira-almeida-testemunho-clinica-medica-do-porto.jpg\" class=\"attachment-thumbnail size-thumbnail wp-post-image\" alt=\"\" \/><\/div> <cite class=\"kwayy-testimonial-title\">Alzira Almeida<span class=\"kwayy-testimonial-designation\">Paciente da Cl\u00ednica M\u00e9dica do Porto<\/span><\/cite><\/footer><\/blockquote><\/div>\n\t<\/div>\n\t<div class=\"kwayy-testimonial-box \"><div class=\"kwayy-testimonial-data\"><blockquote class=\"kwayy-testimonial-text\">\r\n\t\t\t\t<div class=\"contarea\">\t\t\t\t\t\r\n\t\t\t\t\t<div class=\"kwayy-tst-contarea-text\">Recomendarei sempre os vossos servi\u00e7os pois n\u00e3o me esque\u00e7o nunca que foi convosco que recuperei de uma les\u00e3o que afectava de forma determinante a minha vida profissional\u2026<\/div>\r\n\t\t\t\t\t\r\n\t\t\t\t<\/div><footer> <div class=\"kwayy-testimonial-img\"><img loading=\"lazy\" decoding=\"async\" width=\"60\" height=\"60\" src=\"https:\/\/clinicamedicadoporto.pt\/staging\/wp-content\/uploads\/2016\/10\/pedro-malheiro-testemunho-clinica-medica-do-porto.jpg\" class=\"attachment-thumbnail size-thumbnail wp-post-image\" alt=\"pedro-malheiro-testemunho-clinica-medica-do-porto\" \/><\/div> <cite class=\"kwayy-testimonial-title\">Pedro Malheiro<span class=\"kwayy-testimonial-designation\">Treinador profissional T\u00e9nis e Padel<\/span><\/cite><\/footer><\/blockquote><\/div>\n\t<\/div>\n\t<div class=\"kwayy-testimonial-box \"><div class=\"kwayy-testimonial-data\"><blockquote class=\"kwayy-testimonial-text\">\r\n\t\t\t\t<div class=\"contarea\">\t\t\t\t\t\r\n\t\t\t\t\t<div class=\"kwayy-tst-contarea-text\">Espa\u00e7o super agrad\u00e1vel, com um corpo cl\u00ednico muito competente e dispon\u00edvel. Atendimento 5 estrelas!<\/div>\r\n\t\t\t\t\t\r\n\t\t\t\t<\/div><footer> <div class=\"kwayy-testimonial-img\"><img loading=\"lazy\" decoding=\"async\" width=\"60\" height=\"60\" src=\"https:\/\/clinicamedicadoporto.pt\/staging\/wp-content\/uploads\/2016\/09\/Gloria-Sousa-Clinica-Medica-do-Porto-small.jpg\" class=\"attachment-thumbnail size-thumbnail wp-post-image\" alt=\"Gloria-Sousa-Clinica-Medica-do-Porto-small\" \/><\/div> <cite class=\"kwayy-testimonial-title\">Gl\u00f3ria Morais Sousa<span class=\"kwayy-testimonial-designation\">Paciente da Cl\u00ednica M\u00e9dica do Porto<\/span><\/cite><\/footer><\/blockquote><\/div>\n\t<\/div>\n\t<div class=\"kwayy-testimonial-box \"><div class=\"kwayy-testimonial-data\"><blockquote class=\"kwayy-testimonial-text\">\r\n\t\t\t\t<div class=\"contarea\">\t\t\t\t\t\r\n\t\t\t\t\t<div class=\"kwayy-tst-contarea-text\">A equipa respons\u00e1vel privilegia-nos com a excel\u00eancia t\u00e9cnica e a proximidade com o paciente, onde o contexto e a resposta imediata procuram refor\u00e7ar a import\u00e2ncia do \"mindfulness\" no processo de acompanhamento. O corpo e a mente assumem-se assim um todo.\r\nParab\u00e9ns pela din\u00e2mica e pela postura assertiva de interven\u00e7\u00e3o. At\u00e9 j\u00e1! <span class=\"_47e3\" title=\"smile emoticon\"><i class=\"img sp_fM-mz8spZ1b sx_5371b4\"><\/i><span class=\"_7oe\">\ud83d\ude42<\/span><\/span><\/div>\r\n\t\t\t\t\t\r\n\t\t\t\t<\/div><footer> <div class=\"kwayy-testimonial-img\"><img loading=\"lazy\" decoding=\"async\" width=\"60\" height=\"60\" src=\"https:\/\/clinicamedicadoporto.pt\/staging\/wp-content\/uploads\/2016\/09\/Mariana-Roldao-Cruz-Clinica-Medica-do-Porto-Testemunhos-small.jpg\" class=\"attachment-thumbnail size-thumbnail wp-post-image\" alt=\"Mariana-Roldao-Cruz-Clinica-Medica-do-Porto-Testemunhos-small\" \/><\/div> <cite class=\"kwayy-testimonial-title\">Mariana Rold\u00e3o Cruz<span class=\"kwayy-testimonial-designation\">Paciente da Cl\u00ednica M\u00e9dica do Porto<\/span><\/cite><\/footer><\/blockquote><\/div>\n\t<\/div>\n\t<div class=\"kwayy-testimonial-box \"><div class=\"kwayy-testimonial-data\"><blockquote class=\"kwayy-testimonial-text\">\r\n\t\t\t\t<div class=\"contarea\">\t\t\t\t\t\r\n\t\t\t\t\t<div class=\"kwayy-tst-contarea-text\">Wonderful people who will take such great care of you!<\/div>\r\n\t\t\t\t\t\r\n\t\t\t\t<\/div><footer> <div class=\"kwayy-testimonial-img\"><img loading=\"lazy\" decoding=\"async\" width=\"60\" height=\"60\" src=\"https:\/\/clinicamedicadoporto.pt\/staging\/wp-content\/uploads\/2016\/09\/Diane-Garcia-Clinca-Medica-do-Porto-Testemunhos-small.jpg\" class=\"attachment-thumbnail size-thumbnail wp-post-image\" alt=\"Diane-Garcia-Clinca-Medica-do-Porto-Testemunhos-small\" \/><\/div> <cite class=\"kwayy-testimonial-title\">Diane Garcia<span class=\"kwayy-testimonial-designation\">Paciente da Cl\u00ednica M\u00e9dica do Porto<\/span><\/cite><\/footer><\/blockquote><\/div>\n\t<\/div>\n\t<div class=\"kwayy-testimonial-box \"><div class=\"kwayy-testimonial-data\"><blockquote class=\"kwayy-testimonial-text\">\r\n\t\t\t\t<div class=\"contarea\">\t\t\t\t\t\r\n\t\t\t\t\t<div class=\"kwayy-tst-contarea-text\">Tem pessoas muito competentes e profissionais. Sabem tratar os pacientes do ponto de vista m\u00e9dico e humano.<\/div>\r\n\t\t\t\t\t\r\n\t\t\t\t<\/div><footer> <div class=\"kwayy-testimonial-img\"><img loading=\"lazy\" decoding=\"async\" width=\"60\" height=\"60\" src=\"https:\/\/clinicamedicadoporto.pt\/staging\/wp-content\/uploads\/2014\/07\/Maria-Manuel-Leal-Testemunho-Clinica-Medica-do-Porto.jpg\" class=\"attachment-thumbnail size-thumbnail wp-post-image\" alt=\"Maria Manuel Leal - Testemunho Clinica Medica do Porto\" \/><\/div> <cite class=\"kwayy-testimonial-title\">Maria Manuel Leal<span class=\"kwayy-testimonial-designation\">Paciente da Cl\u00ednica M\u00e9dica do Porto<\/span><\/cite><\/footer><\/blockquote><\/div>\n\t<\/div>\n\t<div class=\"kwayy-testimonial-box \"><div class=\"kwayy-testimonial-data\"><blockquote class=\"kwayy-testimonial-text\">\r\n\t\t\t\t<div class=\"contarea\">\t\t\t\t\t\r\n\t\t\t\t\t<div class=\"kwayy-tst-contarea-text\">Todas as val\u00eancias da cl\u00ednica, que s\u00e3o muitas, se juntam para nos verem como um ser humano, onde tudo depende de tudo. <\/div>\r\n\t\t\t\t\t\r\n\t\t\t\t<\/div><footer> <div class=\"kwayy-testimonial-img\"><img loading=\"lazy\" decoding=\"async\" width=\"60\" height=\"60\" src=\"https:\/\/clinicamedicadoporto.pt\/staging\/wp-content\/uploads\/2014\/07\/margarida-paco-testemunho-clinica-medica-do-porto.jpg\" class=\"attachment-thumbnail size-thumbnail wp-post-image\" alt=\"\" \/><\/div> <cite class=\"kwayy-testimonial-title\">Margarida Pa\u00e7\u00f3<span class=\"kwayy-testimonial-designation\">Paciente da Cl\u00ednica M\u00e9dica do Porto<\/span><\/cite><\/footer><\/blockquote><\/div>\n\t<\/div>\n\t<\/div><\/div>[\/vc_column_inner][\/vc_row_inner][vc_row_inner][vc_column_inner offset=&#8221;vc_hidden-lg vc_hidden-md&#8221;][vc_column_text]<\/p>\n<h2 class=\"kwayy-heading-align-center\" style=\"text-align: center\"><span style=\"text-align: center;font-size: 200%;font-weight: bold;line-height: 1EM;color: #70c2b4\">Estas s\u00e3o algumas das pessoas que nos fazem querer ser melhores a cada dia que passa.<br \/>\nConhe\u00e7a os seus testemunhos!<\/span><\/h2>\n<p>[\/vc_column_text]\n\t<div class=\"kwayy-testimonial-wrapper kwayy-effect-carousel kwayy-items-col-one kwayy-carousel-col-one\" data-autoplay=\"1\" data-autoplayspeed=\"800\" data-autoplaytimeout=\"4500\" data-loop=\"1\"><div class=\" kwayy-items-wrapper kwayy-carousel-items-wrapper\">\n\t<div class=\"kwayy-testimonial-box \"><div class=\"kwayy-testimonial-data\"><blockquote class=\"kwayy-testimonial-text\">\r\n\t\t\t\t<div class=\"contarea\">\t\t\t\t\t\r\n\t\t\t\t\t<div class=\"kwayy-tst-contarea-text\">Amazing osteopatia experience with Senhor T.Monteiro! I had lower back and ankles pain du to the gym and football. Easy and smooth to exchange with them because it was through whatsapp; Easy to find the place; Clean place; Warm welcome from senhora Santos (...)\r\n<\/div>\r\n\t\t\t\t\t\r\n\t\t\t\t<\/div><footer> <div class=\"kwayy-testimonial-img\"><img loading=\"lazy\" decoding=\"async\" width=\"96\" height=\"96\" src=\"https:\/\/clinicamedicadoporto.pt\/staging\/wp-content\/uploads\/2018\/07\/perfil-clinica-medica-do-porto-150x150.png\" class=\"attachment-thumbnail size-thumbnail wp-post-image\" alt=\"perfil-feminino-clinica-medica-do-porto\" srcset=\"https:\/\/clinicamedicadoporto.pt\/staging\/wp-content\/uploads\/2018\/07\/perfil-clinica-medica-do-porto-150x150.png 150w, https:\/\/clinicamedicadoporto.pt\/staging\/wp-content\/uploads\/2018\/07\/perfil-clinica-medica-do-porto-300x300.png 300w, https:\/\/clinicamedicadoporto.pt\/staging\/wp-content\/uploads\/2018\/07\/perfil-clinica-medica-do-porto-e1604515282169.png 60w\" sizes=\"auto, (max-width: 96px) 100vw, 96px\" \/><\/div> <cite class=\"kwayy-testimonial-title\">Luna Leila<span class=\"kwayy-testimonial-designation\">Paciente da Cl\u00ednica M\u00e9dica do Porto<\/span><\/cite><\/footer><\/blockquote><\/div>\n\t<\/div>\n\t<div class=\"kwayy-testimonial-box \"><div class=\"kwayy-testimonial-data\"><blockquote class=\"kwayy-testimonial-text\">\r\n\t\t\t\t<div class=\"contarea\">\t\t\t\t\t\r\n\t\t\t\t\t<div class=\"kwayy-tst-contarea-text\">(...) as minhas expetativas eram algo baixas pois n\u00e3o tinha referencias acerca da vossa clinica (...) Fui bem atendido tanto pela auxiliar atrav\u00e9s da sua simpatia e depois pela compet\u00eancia e profissionalismo do Dr.Tiago. Nao tenho duvidas que se precisar de usar os vossos servi\u00e7os, ou ate indicar a algu\u00e9m o farei.<\/div>\r\n\t\t\t\t\t\r\n\t\t\t\t<\/div><footer> <div class=\"kwayy-testimonial-img\"><img loading=\"lazy\" decoding=\"async\" width=\"72\" height=\"72\" src=\"https:\/\/clinicamedicadoporto.pt\/staging\/wp-content\/uploads\/2025\/10\/Foto-Testemunho-Miguel-Cruz.png?ver=1760695545\" class=\"attachment-thumbnail size-thumbnail wp-post-image\" alt=\"Foto Testemunho Miguel Cruz\" \/><\/div> <cite class=\"kwayy-testimonial-title\">Miguel Cruz<span class=\"kwayy-testimonial-designation\">Paciente da Cl\u00ednica M\u00e9dica do Porto<\/span><\/cite><\/footer><\/blockquote><\/div>\n\t<\/div>\n\t<div class=\"kwayy-testimonial-box \"><div class=\"kwayy-testimonial-data\"><blockquote class=\"kwayy-testimonial-text\">\r\n\t\t\t\t<div class=\"contarea\">\t\t\t\t\t\r\n\t\t\t\t\t<div class=\"kwayy-tst-contarea-text\">Experi\u00eancia 5 estrelas. Muito satisfeita com o acompanhamento na Cl\u00ednica M\u00e9dica do Porto. Atendimento educado, atencioso e descomplicado. Ambiente tranquilo. (...) A Terapeuta Tatiana Sousa \u00e9 uma excelente profissional, muito cuidadosa e emp\u00e1tica. \r\nParab\u00e9ns!<\/div>\r\n\t\t\t\t\t\r\n\t\t\t\t<\/div><footer> <div class=\"kwayy-testimonial-img\"><img loading=\"lazy\" decoding=\"async\" width=\"96\" height=\"96\" src=\"https:\/\/clinicamedicadoporto.pt\/staging\/wp-content\/uploads\/2025\/09\/foto-testemunho-maria-brandao.png\" class=\"attachment-thumbnail size-thumbnail wp-post-image\" alt=\"\" \/><\/div> <cite class=\"kwayy-testimonial-title\">Maria Brand\u00e3o<span class=\"kwayy-testimonial-designation\">Paciente da Cl\u00ednica M\u00e9dica do Porto<\/span><\/cite><\/footer><\/blockquote><\/div>\n\t<\/div>\n\t<div class=\"kwayy-testimonial-box \"><div class=\"kwayy-testimonial-data\"><blockquote class=\"kwayy-testimonial-text\">\r\n\t\t\t\t<div class=\"contarea\">\t\t\t\t\t\r\n\t\t\t\t\t<div class=\"kwayy-tst-contarea-text\">Consulta Osteopata com Dr Tiago. \r\nExcelente explica tudo tem paci\u00eancia. \r\nImenso jeito com bebes<\/div>\r\n\t\t\t\t\t\r\n\t\t\t\t<\/div><footer> <div class=\"kwayy-testimonial-img\"><img loading=\"lazy\" decoding=\"async\" width=\"70\" height=\"70\" src=\"https:\/\/clinicamedicadoporto.pt\/staging\/wp-content\/uploads\/2025\/09\/Foto-Joana-Pinto.png\" class=\"attachment-thumbnail size-thumbnail wp-post-image\" alt=\"\" \/><\/div> <cite class=\"kwayy-testimonial-title\">Joana Pinto<span class=\"kwayy-testimonial-designation\">Paciente da Cl\u00ednica M\u00e9dica do Porto<\/span><\/cite><\/footer><\/blockquote><\/div>\n\t<\/div>\n\t<div class=\"kwayy-testimonial-box \"><div class=\"kwayy-testimonial-data\"><blockquote class=\"kwayy-testimonial-text\">\r\n\t\t\t\t<div class=\"contarea\">\t\t\t\t\t\r\n\t\t\t\t\t<div class=\"kwayy-tst-contarea-text\">Sai esclarecida e com alternativas para o meu problema. \r\nObrigada<\/div>\r\n\t\t\t\t\t\r\n\t\t\t\t<\/div><footer> <div class=\"kwayy-testimonial-img\"><img loading=\"lazy\" decoding=\"async\" width=\"72\" height=\"72\" src=\"https:\/\/clinicamedicadoporto.pt\/staging\/wp-content\/uploads\/2025\/09\/Foto-Testemunho-Isabel-Ferreira.png\" class=\"attachment-thumbnail size-thumbnail wp-post-image\" alt=\"\" \/><\/div> <cite class=\"kwayy-testimonial-title\">Isabel Ferreira<span class=\"kwayy-testimonial-designation\">Paciente da Cl\u00ednica M\u00e9dica do Porto<\/span><\/cite><\/footer><\/blockquote><\/div>\n\t<\/div>\n\t<div class=\"kwayy-testimonial-box \"><div class=\"kwayy-testimonial-data\"><blockquote class=\"kwayy-testimonial-text\">\r\n\t\t\t\t<div class=\"contarea\">\t\t\t\t\t\r\n\t\t\t\t\t<div class=\"kwayy-tst-contarea-text\">A minha experi\u00eancia na Cl\u00ednica M\u00e9dica do Porto, na \u00e1rea de Acupuntura, foi extremamente positiva. A terapeuta Tatiana tem uma not\u00e1vel capacidade de escuta e empatia, aliada a um profundo conhecimento, tanto da t\u00e9cnica da acupuntura como da abordagem hol\u00edstica da medicina tradicional chinesa. Com o acompanhamento regular, senti melhorias evidentes a n\u00edvel f\u00edsico e emocional.\r\n(...)<\/div>\r\n\t\t\t\t\t\r\n\t\t\t\t<\/div><footer> <div class=\"kwayy-testimonial-img\"><img loading=\"lazy\" decoding=\"async\" width=\"72\" height=\"72\" src=\"https:\/\/clinicamedicadoporto.pt\/staging\/wp-content\/uploads\/2025\/06\/Foto-Testemunho-Miguel-Ribeiro.png\" class=\"attachment-thumbnail size-thumbnail wp-post-image\" alt=\"Foto de utente relativa ao testemunho da consulta de Acupuntura da Clinica Medica do Porto\" \/><\/div> <cite class=\"kwayy-testimonial-title\">Miguel Ribeiro<span class=\"kwayy-testimonial-designation\">Paciente da Cl\u00ednica M\u00e9dica do Porto<\/span><\/cite><\/footer><\/blockquote><\/div>\n\t<\/div>\n\t<div class=\"kwayy-testimonial-box \"><div class=\"kwayy-testimonial-data\"><blockquote class=\"kwayy-testimonial-text\">\r\n\t\t\t\t<div class=\"contarea\">\t\t\t\t\t\r\n\t\t\t\t\t<div class=\"kwayy-tst-contarea-text\">(\u2026) fui atendida pelo Osteopata Tiago,  afim de recuperar o movimento da \u00e1rea cervical e perna do lado direito. \r\nAp\u00f3s a terapia, senti imediatamente melhorias e continuo a sentir-me a recuperar!\r\nAgrade\u00e7o a forma de abordagem  e simpatia dos colaboradores!<\/div>\r\n\t\t\t\t\t\r\n\t\t\t\t<\/div><footer> <div class=\"kwayy-testimonial-img\"><img loading=\"lazy\" decoding=\"async\" width=\"96\" height=\"96\" src=\"https:\/\/clinicamedicadoporto.pt\/staging\/wp-content\/uploads\/2018\/07\/perfil-clinica-medica-do-porto-150x150.png\" class=\"attachment-thumbnail size-thumbnail wp-post-image\" alt=\"perfil-feminino-clinica-medica-do-porto\" srcset=\"https:\/\/clinicamedicadoporto.pt\/staging\/wp-content\/uploads\/2018\/07\/perfil-clinica-medica-do-porto-150x150.png 150w, https:\/\/clinicamedicadoporto.pt\/staging\/wp-content\/uploads\/2018\/07\/perfil-clinica-medica-do-porto-300x300.png 300w, https:\/\/clinicamedicadoporto.pt\/staging\/wp-content\/uploads\/2018\/07\/perfil-clinica-medica-do-porto-e1604515282169.png 60w\" sizes=\"auto, (max-width: 96px) 100vw, 96px\" \/><\/div> <cite class=\"kwayy-testimonial-title\">Maria do Carmo<span class=\"kwayy-testimonial-designation\">Paciente da Cl\u00ednica M\u00e9dica do Porto<\/span><\/cite><\/footer><\/blockquote><\/div>\n\t<\/div>\n\t<div class=\"kwayy-testimonial-box \"><div class=\"kwayy-testimonial-data\"><blockquote class=\"kwayy-testimonial-text\">\r\n\t\t\t\t<div class=\"contarea\">\t\t\t\t\t\r\n\t\t\t\t\t<div class=\"kwayy-tst-contarea-text\">Osteopatia. Simpatia, Aten\u00e7\u00e3o ao Detalhe, e Profissionalismo.<\/div>\r\n\t\t\t\t\t\r\n\t\t\t\t<\/div><footer> <div class=\"kwayy-testimonial-img\"><img loading=\"lazy\" decoding=\"async\" width=\"96\" height=\"96\" src=\"https:\/\/clinicamedicadoporto.pt\/staging\/wp-content\/uploads\/2025\/06\/Foto-Testemunho-Anabela-Rey-Esteves.png\" class=\"attachment-thumbnail size-thumbnail wp-post-image\" alt=\"Avatar de testemunho relativa \u00e0 consulta de Osteopatia da Cl\u00ednica M\u00e9dica do Porto\" \/><\/div> <cite class=\"kwayy-testimonial-title\">Anabela Rey Esteves<span class=\"kwayy-testimonial-designation\">Paciente da Cl\u00ednica M\u00e9dica do Porto<\/span><\/cite><\/footer><\/blockquote><\/div>\n\t<\/div>\n\t<div class=\"kwayy-testimonial-box \"><div class=\"kwayy-testimonial-data\"><blockquote class=\"kwayy-testimonial-text\">\r\n\t\t\t\t<div class=\"contarea\">\t\t\t\t\t\r\n\t\t\t\t\t<div class=\"kwayy-tst-contarea-text\">Depois de tanto tentar, a acupuntura de fertilidade com a incr\u00edvel Dra. Tatiana Sousa fez-me alcan\u00e7ar o sonho da maternidade - ESTOU GR\u00c1VIDA! (...)\r\n\r\nA Dra. Tatiana foi minha anjinha da guarda nesta jornada. Seu conhecimento profundo em medicina tradicional chinesa para concep\u00e7\u00e3o (regula\u00e7\u00e3o hormonal, fluxo energ\u00e9tico e prepara\u00e7\u00e3o do \u00fatero) fez toda a diferen\u00e7a!\r\n\r\n<\/div>\r\n\t\t\t\t\t\r\n\t\t\t\t<\/div><footer> <div class=\"kwayy-testimonial-img\"><img loading=\"lazy\" decoding=\"async\" width=\"72\" height=\"72\" src=\"https:\/\/clinicamedicadoporto.pt\/staging\/wp-content\/uploads\/2025\/06\/Foto-Testemunho-Ana-Marques.png\" class=\"attachment-thumbnail size-thumbnail wp-post-image\" alt=\"Foto de utente relativa ao testemunho da consulta de Fertilidade e Medicina Chinesa da Clinica Medica do Porto\" \/><\/div> <cite class=\"kwayy-testimonial-title\">Ana Marques<span class=\"kwayy-testimonial-designation\">Paciente da Cl\u00ednica M\u00e9dica do Porto<\/span><\/cite><\/footer><\/blockquote><\/div>\n\t<\/div>\n\t<div class=\"kwayy-testimonial-box \"><div class=\"kwayy-testimonial-data\"><blockquote class=\"kwayy-testimonial-text\">\r\n\t\t\t\t<div class=\"contarea\">\t\t\t\t\t\r\n\t\t\t\t\t<div class=\"kwayy-tst-contarea-text\">Atendimento descomplicado, marca\u00e7\u00e3o r\u00e1pida, pratica e eficaz.\r\nProfissionais educados e muito bem dispostos!<\/div>\r\n\t\t\t\t\t\r\n\t\t\t\t<\/div><footer> <div class=\"kwayy-testimonial-img\"><img loading=\"lazy\" decoding=\"async\" width=\"72\" height=\"72\" src=\"https:\/\/clinicamedicadoporto.pt\/staging\/wp-content\/uploads\/2025\/06\/Foto-Perfil-Marcos-Paulo-Caetano.png\" class=\"attachment-thumbnail size-thumbnail wp-post-image\" alt=\"Avatar de perfil relativo a testemunho de consulta na Cl\u00ednica M\u00e9dica do Porto\" \/><\/div> <cite class=\"kwayy-testimonial-title\">Marcos Paulo Caetano<span class=\"kwayy-testimonial-designation\">Paciente da Cl\u00ednica M\u00e9dica do Porto<\/span><\/cite><\/footer><\/blockquote><\/div>\n\t<\/div>\n\t<div class=\"kwayy-testimonial-box \"><div class=\"kwayy-testimonial-data\"><blockquote class=\"kwayy-testimonial-text\">\r\n\t\t\t\t<div class=\"contarea\">\t\t\t\t\t\r\n\t\t\t\t\t<div class=\"kwayy-tst-contarea-text\">Sou cliente h\u00e1 mais de 5 anos, mais recorrentemente dos Servi\u00e7os da Dr\u00aa Tatiana Galv\u00e3o, especialidade de acupuntura, a qual recomendo muito! Excelente profissional e ser Humano! Psicologia para adolescentes e medicina funcional\/nutrologia foram outras das especialidades as quais tb j\u00e1 recorri (...) Ao longo destes anos a minha experi\u00eancia tem sido a melhor, bons profissionais quer nas diversas especialidades m\u00e9dicas quer na recep\u00e7\u00e3o ao cliente.<\/div>\r\n\t\t\t\t\t\r\n\t\t\t\t<\/div><footer> <div class=\"kwayy-testimonial-img\"><img loading=\"lazy\" decoding=\"async\" width=\"60\" height=\"60\" src=\"https:\/\/clinicamedicadoporto.pt\/staging\/wp-content\/uploads\/2025\/06\/Foto-Testemunho-Xana-Bulcao.png\" class=\"attachment-thumbnail size-thumbnail wp-post-image\" alt=\"Foto de utente relativa ao testemunho da consulta de Acupuntura da Clinica Medica do Porto\" \/><\/div> <cite class=\"kwayy-testimonial-title\">Xana Bulc\u00e3o<span class=\"kwayy-testimonial-designation\">Paciente da Cl\u00ednica M\u00e9dica do Porto<\/span><\/cite><\/footer><\/blockquote><\/div>\n\t<\/div>\n\t<div class=\"kwayy-testimonial-box \"><div class=\"kwayy-testimonial-data\"><blockquote class=\"kwayy-testimonial-text\">\r\n\t\t\t\t<div class=\"contarea\">\t\t\t\t\t\r\n\t\t\t\t\t<div class=\"kwayy-tst-contarea-text\">Sou acompanhada pela Dra Tatiana Calv\u00e3o Sousa h\u00e1 mais de um ano. Conheci a Medicina Tradicional Chinesa e os benef\u00edcios da Acupuntura nessa altura recomendada por algu\u00e9m que j\u00e1 fazia com ela e estou rendida ao impacto que tiveram na melhoria da minha sa\u00fade e bem-estar (...) para al\u00e9m de ser uma excelente profissional dotada de muito conhecimento na \u00e1rea da fertilidade \u00e9 uma pessoa muito emp\u00e1tica e dispon\u00edvel para ajudar.\r\n\r\nRecomendo vivamente!<\/div>\r\n\t\t\t\t\t\r\n\t\t\t\t<\/div><footer> <div class=\"kwayy-testimonial-img\"><img loading=\"lazy\" decoding=\"async\" width=\"72\" height=\"72\" src=\"https:\/\/clinicamedicadoporto.pt\/staging\/wp-content\/uploads\/2025\/06\/Foto-Testemunho-Marta-Garrido.png\" class=\"attachment-thumbnail size-thumbnail wp-post-image\" alt=\"Foto de utente relativa ao testemunho da consulta de Medicina Tradicional Chinesa da Clinica Medica do Porto\" \/><\/div> <cite class=\"kwayy-testimonial-title\">Marta Garrido<span class=\"kwayy-testimonial-designation\">Paciente da Cl\u00ednica M\u00e9dica do Porto<\/span><\/cite><\/footer><\/blockquote><\/div>\n\t<\/div>\n\t<div class=\"kwayy-testimonial-box \"><div class=\"kwayy-testimonial-data\"><blockquote class=\"kwayy-testimonial-text\">\r\n\t\t\t\t<div class=\"contarea\">\t\t\t\t\t\r\n\t\t\t\t\t<div class=\"kwayy-tst-contarea-text\">Excelente profissional e \u00f3timo com as crian\u00e7as! \r\nRecomendo!<\/div>\r\n\t\t\t\t\t\r\n\t\t\t\t<\/div><footer> <div class=\"kwayy-testimonial-img\"><img loading=\"lazy\" decoding=\"async\" width=\"72\" height=\"72\" src=\"https:\/\/clinicamedicadoporto.pt\/staging\/wp-content\/uploads\/2025\/06\/Foto-Ines-Bento.png\" class=\"attachment-thumbnail size-thumbnail wp-post-image\" alt=\"Foto de mae de utente relativo ao testemunho da consulta de Ostepatia da Clinica Medica do Porto\" \/><\/div> <cite class=\"kwayy-testimonial-title\">In\u00eas Bento<span class=\"kwayy-testimonial-designation\">M\u00e3e de paciente da Cl\u00ednica M\u00e9dica do Porto<\/span><\/cite><\/footer><\/blockquote><\/div>\n\t<\/div>\n\t<div class=\"kwayy-testimonial-box \"><div class=\"kwayy-testimonial-data\"><blockquote class=\"kwayy-testimonial-text\">\r\n\t\t\t\t<div class=\"contarea\">\t\t\t\t\t\r\n\t\t\t\t\t<div class=\"kwayy-tst-contarea-text\">Fomos a uma consulta de Homeopatia Pedi\u00e1trica e adoramos todo o atendimento desde a recep\u00e7\u00e3o, \u00e1 consulta e mesmo ap\u00f3s a consulta. \r\nRecomendo<\/div>\r\n\t\t\t\t\t\r\n\t\t\t\t<\/div><footer> <div class=\"kwayy-testimonial-img\"><img loading=\"lazy\" decoding=\"async\" width=\"96\" height=\"96\" src=\"https:\/\/clinicamedicadoporto.pt\/staging\/wp-content\/uploads\/2025\/03\/Foto-Testemunho-Sandra-Araujo.png\" class=\"attachment-thumbnail size-thumbnail wp-post-image\" alt=\"Foto Testemunho Sandra Arau\u0301jo\" \/><\/div> <cite class=\"kwayy-testimonial-title\">Sandra Ara\u00fajo<span class=\"kwayy-testimonial-designation\">Paciente da Cl\u00ednica M\u00e9dica do Porto<\/span><\/cite><\/footer><\/blockquote><\/div>\n\t<\/div>\n\t<div class=\"kwayy-testimonial-box \"><div class=\"kwayy-testimonial-data\"><blockquote class=\"kwayy-testimonial-text\">\r\n\t\t\t\t<div class=\"contarea\">\t\t\t\t\t\r\n\t\t\t\t\t<div class=\"kwayy-tst-contarea-text\">(Traduzido pelo Google) Sendo estrangeira, tive dificuldade em encontrar um pediatra no Porto, (...). A pediatra Nelea foi minha melhor descoberta como m\u00e3e, al\u00e9m de amorosa, \u00e9 uma profissional que simplifica e te d\u00e1 confian\u00e7a (...). Eu recomendo fortemente. Al\u00e9m disso, visitando frequentemente a cl\u00ednica descobri especialistas maravilhosos em diversas \u00e1reas da sa\u00fade, (...).<\/div>\r\n\t\t\t\t\t\r\n\t\t\t\t<\/div><footer> <div class=\"kwayy-testimonial-img\"><img loading=\"lazy\" decoding=\"async\" width=\"96\" height=\"96\" src=\"https:\/\/clinicamedicadoporto.pt\/staging\/wp-content\/uploads\/2024\/12\/natalia-Martinez.jpg\" class=\"attachment-thumbnail size-thumbnail wp-post-image\" alt=\"Foto generica\" \/><\/div> <cite class=\"kwayy-testimonial-title\">Natalia Martinez<span class=\"kwayy-testimonial-designation\">Paciente e M\u00e3e de Paciente da Cl\u00ednica M\u00e9dica do Porto<\/span><\/cite><\/footer><\/blockquote><\/div>\n\t<\/div>\n\t<div class=\"kwayy-testimonial-box \"><div class=\"kwayy-testimonial-data\"><blockquote class=\"kwayy-testimonial-text\">\r\n\t\t\t\t<div class=\"contarea\">\t\t\t\t\t\r\n\t\t\t\t\t<div class=\"kwayy-tst-contarea-text\">Ainda comecei agora \u00e1 pouco mas fiquei muito satisfeita com o empenho de todos obrigada e at\u00e9 breve.<\/div>\r\n\t\t\t\t\t\r\n\t\t\t\t<\/div><footer> <div class=\"kwayy-testimonial-img\"><img loading=\"lazy\" decoding=\"async\" width=\"96\" height=\"96\" src=\"https:\/\/clinicamedicadoporto.pt\/staging\/wp-content\/uploads\/2018\/07\/perfil-clinica-medica-do-porto-150x150.png\" class=\"attachment-thumbnail size-thumbnail wp-post-image\" alt=\"perfil-feminino-clinica-medica-do-porto\" srcset=\"https:\/\/clinicamedicadoporto.pt\/staging\/wp-content\/uploads\/2018\/07\/perfil-clinica-medica-do-porto-150x150.png 150w, https:\/\/clinicamedicadoporto.pt\/staging\/wp-content\/uploads\/2018\/07\/perfil-clinica-medica-do-porto-300x300.png 300w, https:\/\/clinicamedicadoporto.pt\/staging\/wp-content\/uploads\/2018\/07\/perfil-clinica-medica-do-porto-e1604515282169.png 60w\" sizes=\"auto, (max-width: 96px) 100vw, 96px\" \/><\/div> <cite class=\"kwayy-testimonial-title\">Elisa Silva<span class=\"kwayy-testimonial-designation\">Paciente da Cl\u00ednica M\u00e9dica do Porto<\/span><\/cite><\/footer><\/blockquote><\/div>\n\t<\/div>\n\t<div class=\"kwayy-testimonial-box \"><div class=\"kwayy-testimonial-data\"><blockquote class=\"kwayy-testimonial-text\">\r\n\t\t\t\t<div class=\"contarea\">\t\t\t\t\t\r\n\t\t\t\t\t<div class=\"kwayy-tst-contarea-text\">\u00d3timo atendimento de toda a equipe, do agendamento \u00e0 consulta, impec\u00e1veis! Servi\u00e7o de qualidade prestado em toda a experi\u00eancia do cliente. Me senti muito bem!<\/div>\r\n\t\t\t\t\t\r\n\t\t\t\t<\/div><footer> <div class=\"kwayy-testimonial-img\"><img loading=\"lazy\" decoding=\"async\" width=\"96\" height=\"96\" src=\"https:\/\/clinicamedicadoporto.pt\/staging\/wp-content\/uploads\/2018\/07\/perfil-clinica-medica-do-porto-150x150.png\" class=\"attachment-thumbnail size-thumbnail wp-post-image\" alt=\"perfil-feminino-clinica-medica-do-porto\" srcset=\"https:\/\/clinicamedicadoporto.pt\/staging\/wp-content\/uploads\/2018\/07\/perfil-clinica-medica-do-porto-150x150.png 150w, https:\/\/clinicamedicadoporto.pt\/staging\/wp-content\/uploads\/2018\/07\/perfil-clinica-medica-do-porto-300x300.png 300w, https:\/\/clinicamedicadoporto.pt\/staging\/wp-content\/uploads\/2018\/07\/perfil-clinica-medica-do-porto-e1604515282169.png 60w\" sizes=\"auto, (max-width: 96px) 100vw, 96px\" \/><\/div> <cite class=\"kwayy-testimonial-title\">Suellen Cunha<span class=\"kwayy-testimonial-designation\">M\u00e3e de Paciente da Cl\u00ednica M\u00e9dica do Porto<\/span><\/cite><\/footer><\/blockquote><\/div>\n\t<\/div>\n\t<div class=\"kwayy-testimonial-box \"><div class=\"kwayy-testimonial-data\"><blockquote class=\"kwayy-testimonial-text\">\r\n\t\t\t\t<div class=\"contarea\">\t\t\t\t\t\r\n\t\t\t\t\t<div class=\"kwayy-tst-contarea-text\">S\u00f3 tenho a dizer bem, desde o empenho das rececionistas (...) at\u00e9 \u00e0 disponibilidade e simpatia da Dra. F\u00e1tima Azevedo, o cuidado e uma avalia\u00e7\u00e3o como deve ser feita, rigorosa, completa, sem pressa, interessada e com foco na cura e respeitando as minhas escolhas.\r\nA Dra. F\u00e1tima \u00e9 m\u00e9dica de medicina integrativa e homeopata e eu n\u00e3o podia estar mais satisfeita por t\u00ea-la encontrado.<\/div>\r\n\t\t\t\t\t\r\n\t\t\t\t<\/div><footer> <div class=\"kwayy-testimonial-img\"><img loading=\"lazy\" decoding=\"async\" width=\"1\" height=\"1\" src=\"https:\/\/clinicamedicadoporto.pt\/staging\/wp-content\/uploads\/2021\/06\/perfil-clinica-medica-do-porto-webhp.png\" class=\"attachment-thumbnail size-thumbnail wp-post-image\" alt=\"imagem-perfil-feminio-clinica-medica-do-porto\" \/><\/div> <cite class=\"kwayy-testimonial-title\">Joana Carreira<span class=\"kwayy-testimonial-designation\">Paciente da Cl\u00ednica M\u00e9dica do Porto<\/span><\/cite><\/footer><\/blockquote><\/div>\n\t<\/div>\n\t<div class=\"kwayy-testimonial-box \"><div class=\"kwayy-testimonial-data\"><blockquote class=\"kwayy-testimonial-text\">\r\n\t\t\t\t<div class=\"contarea\">\t\t\t\t\t\r\n\t\t\t\t\t<div class=\"kwayy-tst-contarea-text\">(Traduzido pelo Google) O Porto est\u00e1 cada vez mais m\u00e1gico. Obrigado \u00e0 equipe e ao Dr. Jos\u00e9 pela experi\u00eancia maravilhosa. (...). Meu desconforto diminuiu e estou ansioso para minha pr\u00f3xima visita. (...).<\/div>\r\n\t\t\t\t\t\r\n\t\t\t\t<\/div><footer> <div class=\"kwayy-testimonial-img\"><img loading=\"lazy\" decoding=\"async\" width=\"96\" height=\"96\" src=\"https:\/\/clinicamedicadoporto.pt\/staging\/wp-content\/uploads\/2024\/09\/Foto-Alan-Pierson.png\" class=\"attachment-thumbnail size-thumbnail wp-post-image\" alt=\"Foto generica\" \/><\/div> <cite class=\"kwayy-testimonial-title\">Alan Pierson<span class=\"kwayy-testimonial-designation\">Paciente da Cl\u00ednica M\u00e9dica do Porto<\/span><\/cite><\/footer><\/blockquote><\/div>\n\t<\/div>\n\t<div class=\"kwayy-testimonial-box \"><div class=\"kwayy-testimonial-data\"><blockquote class=\"kwayy-testimonial-text\">\r\n\t\t\t\t<div class=\"contarea\">\t\t\t\t\t\r\n\t\t\t\t\t<div class=\"kwayy-tst-contarea-text\">Profissionalismo, boas condi\u00e7\u00f5es, simpatia e um excelente atendimento do Dr. Tiago Monteiro.<\/div>\r\n\t\t\t\t\t\r\n\t\t\t\t<\/div><footer> <div class=\"kwayy-testimonial-img\"><img loading=\"lazy\" decoding=\"async\" width=\"1\" height=\"1\" src=\"https:\/\/clinicamedicadoporto.pt\/staging\/wp-content\/uploads\/2021\/06\/perfil-clinica-medica-do-porto-webhp.png\" class=\"attachment-thumbnail size-thumbnail wp-post-image\" alt=\"imagem-perfil-feminio-clinica-medica-do-porto\" \/><\/div> <cite class=\"kwayy-testimonial-title\">J\u00e9ssica Vieira<span class=\"kwayy-testimonial-designation\">Paciente da Cl\u00ednica M\u00e9dica do Porto<\/span><\/cite><\/footer><\/blockquote><\/div>\n\t<\/div>\n\t<div class=\"kwayy-testimonial-box \"><div class=\"kwayy-testimonial-data\"><blockquote class=\"kwayy-testimonial-text\">\r\n\t\t\t\t<div class=\"contarea\">\t\t\t\t\t\r\n\t\t\t\t\t<div class=\"kwayy-tst-contarea-text\">Celeridade e simpatia. Profissionalismo, aparentemente (o ju\u00edzo mais definitivo, depender\u00e1 dos resultados do tratamento), tamb\u00e9m de elevado n\u00edvel.<\/div>\r\n\t\t\t\t\t\r\n\t\t\t\t<\/div><footer> <div class=\"kwayy-testimonial-img\"><img loading=\"lazy\" decoding=\"async\" width=\"1\" height=\"1\" src=\"https:\/\/clinicamedicadoporto.pt\/staging\/wp-content\/uploads\/2021\/06\/perfil-masculino-clinica-medica-do-porto-webhp.png\" class=\"attachment-thumbnail size-thumbnail wp-post-image\" alt=\"imagem-perfil-masculino-clinica-medica-do-porto\" \/><\/div> <cite class=\"kwayy-testimonial-title\">Miguel Costa<span class=\"kwayy-testimonial-designation\">Paciente da Cl\u00ednica M\u00e9dica do Porto<\/span><\/cite><\/footer><\/blockquote><\/div>\n\t<\/div>\n\t<div class=\"kwayy-testimonial-box \"><div class=\"kwayy-testimonial-data\"><blockquote class=\"kwayy-testimonial-text\">\r\n\t\t\t\t<div class=\"contarea\">\t\t\t\t\t\r\n\t\t\t\t\t<div class=\"kwayy-tst-contarea-text\">Passei em consulta com o profissional Tiago Monteiro, osteopata da cl\u00ednica. Cheguei \u00e0 cl\u00ednica sentindo muitas dores e com imensa dificuldade em movimentar-me (...), ap\u00f3s uma \u00fanica sess\u00e3o de osteopatia obtive um ganho significativo, as dores quase sumiram, j\u00e1 fa\u00e7o movimentos que n\u00e3o fazia e estou readquirindo minha qualidade de vida. (...).<\/div>\r\n\t\t\t\t\t\r\n\t\t\t\t<\/div><footer> <div class=\"kwayy-testimonial-img\"><img loading=\"lazy\" decoding=\"async\" width=\"1\" height=\"1\" src=\"https:\/\/clinicamedicadoporto.pt\/staging\/wp-content\/uploads\/2021\/06\/perfil-masculino-clinica-medica-do-porto-webhp.png\" class=\"attachment-thumbnail size-thumbnail wp-post-image\" alt=\"imagem-perfil-masculino-clinica-medica-do-porto\" \/><\/div> <cite class=\"kwayy-testimonial-title\">Clamildes<span class=\"kwayy-testimonial-designation\">Paciente da Cl\u00ednica M\u00e9dica do Porto<\/span><\/cite><\/footer><\/blockquote><\/div>\n\t<\/div>\n\t<div class=\"kwayy-testimonial-box \"><div class=\"kwayy-testimonial-data\"><blockquote class=\"kwayy-testimonial-text\">\r\n\t\t\t\t<div class=\"contarea\">\t\t\t\t\t\r\n\t\t\t\t\t<div class=\"kwayy-tst-contarea-text\">Servi\u00e7o super competente e num ambiente \u00f3ptimo.<\/div>\r\n\t\t\t\t\t\r\n\t\t\t\t<\/div><footer> <div class=\"kwayy-testimonial-img\"><img loading=\"lazy\" decoding=\"async\" width=\"1\" height=\"1\" src=\"https:\/\/clinicamedicadoporto.pt\/staging\/wp-content\/uploads\/2021\/06\/perfil-masculino-clinica-medica-do-porto-webhp.png\" class=\"attachment-thumbnail size-thumbnail wp-post-image\" alt=\"imagem-perfil-masculino-clinica-medica-do-porto\" \/><\/div> <cite class=\"kwayy-testimonial-title\">M\u00e1rio Couto<span class=\"kwayy-testimonial-designation\">Paciente da Cl\u00ednica M\u00e9dica do Porto<\/span><\/cite><\/footer><\/blockquote><\/div>\n\t<\/div>\n\t<div class=\"kwayy-testimonial-box \"><div class=\"kwayy-testimonial-data\"><blockquote class=\"kwayy-testimonial-text\">\r\n\t\t\t\t<div class=\"contarea\">\t\t\t\t\t\r\n\t\t\t\t\t<div class=\"kwayy-tst-contarea-text\">Muito obrigada.\r\nS\u00e3o muito simp\u00e1ticos.<\/div>\r\n\t\t\t\t\t\r\n\t\t\t\t<\/div><footer> <div class=\"kwayy-testimonial-img\"><img loading=\"lazy\" decoding=\"async\" width=\"60\" height=\"60\" src=\"https:\/\/clinicamedicadoporto.pt\/staging\/wp-content\/uploads\/2024\/05\/Foto-Testemunho-Teresa-Tudela.png\" class=\"attachment-thumbnail size-thumbnail wp-post-image\" alt=\"Imagem avatar de testemunho da Cl\u00ednica M\u00e9dica do Porto\" \/><\/div> <cite class=\"kwayy-testimonial-title\">Teresa Tudela<span class=\"kwayy-testimonial-designation\">Paciente da Cl\u00ednica M\u00e9dica do Porto<\/span><\/cite><\/footer><\/blockquote><\/div>\n\t<\/div>\n\t<div class=\"kwayy-testimonial-box \"><div class=\"kwayy-testimonial-data\"><blockquote class=\"kwayy-testimonial-text\">\r\n\t\t\t\t<div class=\"contarea\">\t\t\t\t\t\r\n\t\t\t\t\t<div class=\"kwayy-tst-contarea-text\">Atendimento simp\u00e1tico e cumprimento do hor\u00e1rio da consulta, cl\u00ednica de f\u00e1cil localiza\u00e7\u00e3o.<\/div>\r\n\t\t\t\t\t\r\n\t\t\t\t<\/div><footer> <div class=\"kwayy-testimonial-img\"><img loading=\"lazy\" decoding=\"async\" width=\"1\" height=\"1\" src=\"https:\/\/clinicamedicadoporto.pt\/staging\/wp-content\/uploads\/2021\/06\/perfil-masculino-clinica-medica-do-porto-webhp.png\" class=\"attachment-thumbnail size-thumbnail wp-post-image\" alt=\"imagem-perfil-masculino-clinica-medica-do-porto\" \/><\/div> <cite class=\"kwayy-testimonial-title\">M\u00e1rcio Alves<span class=\"kwayy-testimonial-designation\">Paciente da Cl\u00ednica M\u00e9dica do Porto<\/span><\/cite><\/footer><\/blockquote><\/div>\n\t<\/div>\n\t<div class=\"kwayy-testimonial-box \"><div class=\"kwayy-testimonial-data\"><blockquote class=\"kwayy-testimonial-text\">\r\n\t\t\t\t<div class=\"contarea\">\t\t\t\t\t\r\n\t\t\t\t\t<div class=\"kwayy-tst-contarea-text\">Agrade\u00e7o \u00e0 Tatiana Sousa que me acompanha na acupuntura. Ela \u00e9 uma mulher muito carinhosa, atenciosa e simp\u00e1tica.\r\nEla fala ingl\u00eas e conseguiu me deixar \u00e0 vontade desde a primeira sess\u00e3o. (...) Eu recomendo.<\/div>\r\n\t\t\t\t\t\r\n\t\t\t\t<\/div><footer> <div class=\"kwayy-testimonial-img\"><img loading=\"lazy\" decoding=\"async\" width=\"96\" height=\"96\" src=\"https:\/\/clinicamedicadoporto.pt\/staging\/wp-content\/uploads\/2024\/03\/Foto-Imagam-Fanny-H-Testemunho.png\" class=\"attachment-thumbnail size-thumbnail wp-post-image\" alt=\"foto testemunho de paciente de acupuntura\" \/><\/div> <cite class=\"kwayy-testimonial-title\">Fanny H<span class=\"kwayy-testimonial-designation\">Paciente da Cl\u00ednica M\u00e9dica do Porto<\/span><\/cite><\/footer><\/blockquote><\/div>\n\t<\/div>\n\t<div class=\"kwayy-testimonial-box \"><div class=\"kwayy-testimonial-data\"><blockquote class=\"kwayy-testimonial-text\">\r\n\t\t\t\t<div class=\"contarea\">\t\t\t\t\t\r\n\t\t\t\t\t<div class=\"kwayy-tst-contarea-text\">Atendimento excelente da recep\u00e7\u00e3o ao especialista. Minha pequena adorou as m\u00e3os do Dr. Tiago!<\/div>\r\n\t\t\t\t\t\r\n\t\t\t\t<\/div><footer> <div class=\"kwayy-testimonial-img\"><img loading=\"lazy\" decoding=\"async\" width=\"1\" height=\"1\" src=\"https:\/\/clinicamedicadoporto.pt\/staging\/wp-content\/uploads\/2021\/06\/perfil-clinica-medica-do-porto-webhp.png\" class=\"attachment-thumbnail size-thumbnail wp-post-image\" alt=\"imagem-perfil-feminio-clinica-medica-do-porto\" \/><\/div> <cite class=\"kwayy-testimonial-title\">Vanessa Gon\u00e7alves<span class=\"kwayy-testimonial-designation\">M\u00e3e de Paciente da Cl\u00ednica M\u00e9dica do Porto<\/span><\/cite><\/footer><\/blockquote><\/div>\n\t<\/div>\n\t<div class=\"kwayy-testimonial-box \"><div class=\"kwayy-testimonial-data\"><blockquote class=\"kwayy-testimonial-text\">\r\n\t\t\t\t<div class=\"contarea\">\t\t\t\t\t\r\n\t\t\t\t\t<div class=\"kwayy-tst-contarea-text\">Espa\u00e7o agrad\u00e1vel e calmo.\r\nOs m\u00e9dicos e o Staff s\u00e3o incr\u00edveis.<\/div>\r\n\t\t\t\t\t\r\n\t\t\t\t<\/div><footer> <div class=\"kwayy-testimonial-img\"><img loading=\"lazy\" decoding=\"async\" width=\"60\" height=\"60\" src=\"https:\/\/clinicamedicadoporto.pt\/staging\/wp-content\/uploads\/2024\/02\/foto-testemunho-filipa-cunha.png\" class=\"attachment-thumbnail size-thumbnail wp-post-image\" alt=\"Testemunho Filipa Cunha\" \/><\/div> <cite class=\"kwayy-testimonial-title\">Filipa Cunha<span class=\"kwayy-testimonial-designation\">Paciente da Cl\u00ednica M\u00e9dica do Porto<\/span><\/cite><\/footer><\/blockquote><\/div>\n\t<\/div>\n\t<div class=\"kwayy-testimonial-box \"><div class=\"kwayy-testimonial-data\"><blockquote class=\"kwayy-testimonial-text\">\r\n\t\t\t\t<div class=\"contarea\">\t\t\t\t\t\r\n\t\t\t\t\t<div class=\"kwayy-tst-contarea-text\">Boas condi\u00e7\u00f5es. \r\nProfissionais simp\u00e1ticos e competentes. \r\nUma boa experi\u00eancia. <\/div>\r\n\t\t\t\t\t\r\n\t\t\t\t<\/div><footer> <div class=\"kwayy-testimonial-img\"><img loading=\"lazy\" decoding=\"async\" width=\"1\" height=\"1\" src=\"https:\/\/clinicamedicadoporto.pt\/staging\/wp-content\/uploads\/2021\/06\/perfil-clinica-medica-do-porto-webhp.png\" class=\"attachment-thumbnail size-thumbnail wp-post-image\" alt=\"imagem-perfil-feminio-clinica-medica-do-porto\" \/><\/div> <cite class=\"kwayy-testimonial-title\">Sara Fernandes<span class=\"kwayy-testimonial-designation\">Paciente da Cl\u00ednica M\u00e9dica do Porto<\/span><\/cite><\/footer><\/blockquote><\/div>\n\t<\/div>\n\t<div class=\"kwayy-testimonial-box \"><div class=\"kwayy-testimonial-data\"><blockquote class=\"kwayy-testimonial-text\">\r\n\t\t\t\t<div class=\"contarea\">\t\t\t\t\t\r\n\t\t\t\t\t<div class=\"kwayy-tst-contarea-text\">Gostei muito do atendimento.\r\nMuito simp\u00e1ticas e amorosas para a minha filha, sem d\u00favida, caso necessite, voltarei a escolher a Cl\u00ednica M\u00e9dica do Porto.\r\nAgradecida.<\/div>\r\n\t\t\t\t\t\r\n\t\t\t\t<\/div><footer> <div class=\"kwayy-testimonial-img\"><img loading=\"lazy\" decoding=\"async\" width=\"1\" height=\"1\" src=\"https:\/\/clinicamedicadoporto.pt\/staging\/wp-content\/uploads\/2021\/06\/perfil-clinica-medica-do-porto-webhp.png\" class=\"attachment-thumbnail size-thumbnail wp-post-image\" alt=\"imagem-perfil-feminio-clinica-medica-do-porto\" \/><\/div> <cite class=\"kwayy-testimonial-title\">Tatiana Silva<span class=\"kwayy-testimonial-designation\">M\u00e3e de Paciente da Cl\u00ednica M\u00e9dica do Porto<\/span><\/cite><\/footer><\/blockquote><\/div>\n\t<\/div>\n\t<div class=\"kwayy-testimonial-box \"><div class=\"kwayy-testimonial-data\"><blockquote class=\"kwayy-testimonial-text\">\r\n\t\t\t\t<div class=\"contarea\">\t\t\t\t\t\r\n\t\t\t\t\t<div class=\"kwayy-tst-contarea-text\">Foi uma experi\u00eancia muito agrad\u00e1vel nesta cl\u00ednica, com um bom acolhimento e um m\u00e9dico competente que presta aten\u00e7\u00e3o ao paciente e adoro o facto de serem recomendados rem\u00e9dios naturais, recomendo vivamente.<\/div>\r\n\t\t\t\t\t\r\n\t\t\t\t<\/div><footer> <div class=\"kwayy-testimonial-img\"><img loading=\"lazy\" decoding=\"async\" width=\"1\" height=\"1\" src=\"https:\/\/clinicamedicadoporto.pt\/staging\/wp-content\/uploads\/2021\/06\/perfil-clinica-medica-do-porto-webhp.png\" class=\"attachment-thumbnail size-thumbnail wp-post-image\" alt=\"imagem-perfil-feminio-clinica-medica-do-porto\" \/><\/div> <cite class=\"kwayy-testimonial-title\">Carlita<span class=\"kwayy-testimonial-designation\">Paciente da Cl\u00ednica M\u00e9dica do Porto<\/span><\/cite><\/footer><\/blockquote><\/div>\n\t<\/div>\n\t<div class=\"kwayy-testimonial-box \"><div class=\"kwayy-testimonial-data\"><blockquote class=\"kwayy-testimonial-text\">\r\n\t\t\t\t<div class=\"contarea\">\t\t\t\t\t\r\n\t\t\t\t\t<div class=\"kwayy-tst-contarea-text\">Excelente atendimento, tanto na rece\u00e7\u00e3o como do terapeuta Tiago.\r\nRecomendo!<\/div>\r\n\t\t\t\t\t\r\n\t\t\t\t<\/div><footer> <div class=\"kwayy-testimonial-img\"><img loading=\"lazy\" decoding=\"async\" width=\"60\" height=\"60\" src=\"https:\/\/clinicamedicadoporto.pt\/staging\/wp-content\/uploads\/2024\/01\/Foto-Daniela-Mendes.png\" class=\"attachment-thumbnail size-thumbnail wp-post-image\" alt=\"Imagem Testemunho consulta de Osteopatia\" \/><\/div> <cite class=\"kwayy-testimonial-title\">Daniela Mendes<span class=\"kwayy-testimonial-designation\">Paciente da Cl\u00ednica M\u00e9dica do Porto<\/span><\/cite><\/footer><\/blockquote><\/div>\n\t<\/div>\n\t<div class=\"kwayy-testimonial-box \"><div class=\"kwayy-testimonial-data\"><blockquote class=\"kwayy-testimonial-text\">\r\n\t\t\t\t<div class=\"contarea\">\t\t\t\t\t\r\n\t\t\t\t\t<div class=\"kwayy-tst-contarea-text\">Bom atendimento, muito profissionalismo!<\/div>\r\n\t\t\t\t\t\r\n\t\t\t\t<\/div><footer> <div class=\"kwayy-testimonial-img\"><img loading=\"lazy\" decoding=\"async\" width=\"1\" height=\"1\" src=\"https:\/\/clinicamedicadoporto.pt\/staging\/wp-content\/uploads\/2021\/06\/perfil-clinica-medica-do-porto-webhp.png\" class=\"attachment-thumbnail size-thumbnail wp-post-image\" alt=\"imagem-perfil-feminio-clinica-medica-do-porto\" \/><\/div> <cite class=\"kwayy-testimonial-title\">Maria Teresa Chaves<span class=\"kwayy-testimonial-designation\">Paciente da Cl\u00ednica M\u00e9dica do Porto<\/span><\/cite><\/footer><\/blockquote><\/div>\n\t<\/div>\n\t<div class=\"kwayy-testimonial-box \"><div class=\"kwayy-testimonial-data\"><blockquote class=\"kwayy-testimonial-text\">\r\n\t\t\t\t<div class=\"contarea\">\t\t\t\t\t\r\n\t\t\t\t\t<div class=\"kwayy-tst-contarea-text\">Gostei muito, fui tratada sem pressas e com muita aten\u00e7\u00e3o e dedica\u00e7\u00e3o\/empenho pelo Dr Jos\u00e9 Pereira. Sinto-me \"mais leve\", mais relaxada! Voltarei concerteza e farei \"publicidade\"!!!<\/div>\r\n\t\t\t\t\t\r\n\t\t\t\t<\/div><footer> <div class=\"kwayy-testimonial-img\"><img loading=\"lazy\" decoding=\"async\" width=\"1\" height=\"1\" src=\"https:\/\/clinicamedicadoporto.pt\/staging\/wp-content\/uploads\/2021\/06\/perfil-clinica-medica-do-porto-webhp.png\" class=\"attachment-thumbnail size-thumbnail wp-post-image\" alt=\"imagem-perfil-feminio-clinica-medica-do-porto\" \/><\/div> <cite class=\"kwayy-testimonial-title\">MJ Gandarela<span class=\"kwayy-testimonial-designation\">Paciente da Cl\u00ednica M\u00e9dica do Porto<\/span><\/cite><\/footer><\/blockquote><\/div>\n\t<\/div>\n\t<div class=\"kwayy-testimonial-box \"><div class=\"kwayy-testimonial-data\"><blockquote class=\"kwayy-testimonial-text\">\r\n\t\t\t\t<div class=\"contarea\">\t\t\t\t\t\r\n\t\t\t\t\t<div class=\"kwayy-tst-contarea-text\">1. servi\u00e7o de atendimento: EFICIENTE (...);\r\n2. Consulta: sublinhem-se a aten\u00e7\u00e3o na recep\u00e7\u00e3o, desde logo, ao utente; o cuidado na abordagem (...) sensibilidade e clareza necess\u00e1rias, na atitude e no discurso, (...), num grau de PROFISSIONALISMO de real\u00e7ar.\r\n3. Espa\u00e7o: (...) o facto de o estacionamento ser gerido camarariamente (parqu\u00edmetros) atenuar\u00e1 eventuais dificuldades de parqueamento moment\u00e2neo<\/div>\r\n\t\t\t\t\t\r\n\t\t\t\t<\/div><footer> <div class=\"kwayy-testimonial-img\"><img loading=\"lazy\" decoding=\"async\" width=\"96\" height=\"96\" src=\"https:\/\/clinicamedicadoporto.pt\/staging\/wp-content\/uploads\/2023\/10\/Foto-Manuel-Lopes-Pereira.png\" class=\"attachment-thumbnail size-thumbnail wp-post-image\" alt=\"Foto Manuel Lopes Pereira\" \/><\/div> <cite class=\"kwayy-testimonial-title\">Manuel Lopes Pereira<span class=\"kwayy-testimonial-designation\">Paciente da Cl\u00ednica M\u00e9dica do Porto<\/span><\/cite><\/footer><\/blockquote><\/div>\n\t<\/div>\n\t<div class=\"kwayy-testimonial-box \"><div class=\"kwayy-testimonial-data\"><blockquote class=\"kwayy-testimonial-text\">\r\n\t\t\t\t<div class=\"contarea\">\t\t\t\t\t\r\n\t\t\t\t\t<div class=\"kwayy-tst-contarea-text\">Servi\u00e7o profissional, recomendo!<\/div>\r\n\t\t\t\t\t\r\n\t\t\t\t<\/div><footer> <div class=\"kwayy-testimonial-img\"><img loading=\"lazy\" decoding=\"async\" width=\"96\" height=\"96\" src=\"https:\/\/clinicamedicadoporto.pt\/staging\/wp-content\/uploads\/2023\/10\/Foto-Comentario-Luis-Alves.png\" class=\"attachment-thumbnail size-thumbnail wp-post-image\" alt=\"Foto Lu\u00eds Alves\" \/><\/div> <cite class=\"kwayy-testimonial-title\">Luis Alves<span class=\"kwayy-testimonial-designation\">Paciente da Cl\u00ednica M\u00e9dica do Porto<\/span><\/cite><\/footer><\/blockquote><\/div>\n\t<\/div>\n\t<div class=\"kwayy-testimonial-box \"><div class=\"kwayy-testimonial-data\"><blockquote class=\"kwayy-testimonial-text\">\r\n\t\t\t\t<div class=\"contarea\">\t\t\t\t\t\r\n\t\t\t\t\t<div class=\"kwayy-tst-contarea-text\">Fui a uma consulta de osteopatia pedi\u00e1trica com o Dr Tiago e n\u00e3o podia estar mais satisfeita. Avaliou o meu beb\u00e9 de 1 m\u00eas como se fosse dele com imensa aten\u00e7\u00e3o, detalhe e cuidado. Foi a melhor consulta que tive na vida e n\u00e3o foi para mim! Recomendo totalmente. Vamos conseguir reverter v\u00e1rias quest\u00f5es que n\u00e3o foram identificadas pela pediatra gra\u00e7as \u00e0 vis\u00e3o atenta do Dr Tiago.<\/div>\r\n\t\t\t\t\t\r\n\t\t\t\t<\/div><footer> <span class=\"kwayy-testimonial-icon\"><i class=\"kwicon-fa-quote-left\"><\/i><\/span> <cite class=\"kwayy-testimonial-title\">Tatiana Pinto<span class=\"kwayy-testimonial-designation\">M\u00e3e de Paciente da Cl\u00ednica M\u00e9dica do Porto<\/span><\/cite><\/footer><\/blockquote><\/div>\n\t<\/div>\n\t<div class=\"kwayy-testimonial-box \"><div class=\"kwayy-testimonial-data\"><blockquote class=\"kwayy-testimonial-text\">\r\n\t\t\t\t<div class=\"contarea\">\t\t\t\t\t\r\n\t\t\t\t\t<div class=\"kwayy-tst-contarea-text\">Gostaria de dizer que foi uma experiencia muito agrad\u00e1vel o contacto com a terapeuta que me foi atribu\u00edda. Senti que fui ouvida e principalmente compreendida (\u2026) Obrigada!<\/div>\r\n\t\t\t\t\t\r\n\t\t\t\t<\/div><footer> <div class=\"kwayy-testimonial-img\"><img loading=\"lazy\" decoding=\"async\" width=\"96\" height=\"96\" src=\"https:\/\/clinicamedicadoporto.pt\/staging\/wp-content\/uploads\/2023\/07\/Foto-Sonia-Maria-Almeida.png\" class=\"attachment-thumbnail size-thumbnail wp-post-image\" alt=\"Testemunho Sonia Almeida face ao servi\u00e7o clinico da Cl\u00ednica M\u00e9dica do Porto\" \/><\/div> <cite class=\"kwayy-testimonial-title\">Sonia Maria Almeida<span class=\"kwayy-testimonial-designation\">Paciente da Cl\u00ednica M\u00e9dica do Porto<\/span><\/cite><\/footer><\/blockquote><\/div>\n\t<\/div>\n\t<div class=\"kwayy-testimonial-box \"><div class=\"kwayy-testimonial-data\"><blockquote class=\"kwayy-testimonial-text\">\r\n\t\t\t\t<div class=\"contarea\">\t\t\t\t\t\r\n\t\t\t\t\t<div class=\"kwayy-tst-contarea-text\">\u00d3timo atendimento, fui a uma consulta de osteopatia e deixo aqui o meu agradecimento ao terapeuta Tiago, pela simpatia e profissionalismo. \r\nObrigado....<\/div>\r\n\t\t\t\t\t\r\n\t\t\t\t<\/div><footer> <div class=\"kwayy-testimonial-img\"><img loading=\"lazy\" decoding=\"async\" width=\"1\" height=\"1\" src=\"https:\/\/clinicamedicadoporto.pt\/staging\/wp-content\/uploads\/2021\/06\/perfil-masculino-clinica-medica-do-porto-webhp.png\" class=\"attachment-thumbnail size-thumbnail wp-post-image\" alt=\"imagem-perfil-masculino-clinica-medica-do-porto\" \/><\/div> <cite class=\"kwayy-testimonial-title\">Miguel Queiros<span class=\"kwayy-testimonial-designation\">Paciente da Cl\u00ednica M\u00e9dica do Porto<\/span><\/cite><\/footer><\/blockquote><\/div>\n\t<\/div>\n\t<div class=\"kwayy-testimonial-box \"><div class=\"kwayy-testimonial-data\"><blockquote class=\"kwayy-testimonial-text\">\r\n\t\t\t\t<div class=\"contarea\">\t\t\t\t\t\r\n\t\t\t\t\t<div class=\"kwayy-tst-contarea-text\">Muito am\u00e1veis, desde a rece\u00e7\u00e3o ao corpo cl\u00ednico. \r\nRecomendo!\r\n\r\n<\/div>\r\n\t\t\t\t\t\r\n\t\t\t\t<\/div><footer> <div class=\"kwayy-testimonial-img\"><img loading=\"lazy\" decoding=\"async\" width=\"96\" height=\"96\" src=\"https:\/\/clinicamedicadoporto.pt\/staging\/wp-content\/uploads\/2023\/06\/Foto-Marta-Lima.png\" class=\"attachment-thumbnail size-thumbnail wp-post-image\" alt=\"Foto-Marta-Lima\" \/><\/div> <cite class=\"kwayy-testimonial-title\">Marta Lima<span class=\"kwayy-testimonial-designation\">Paciente da Cl\u00ednica M\u00e9dica do Porto<\/span><\/cite><\/footer><\/blockquote><\/div>\n\t<\/div>\n\t<div class=\"kwayy-testimonial-box \"><div class=\"kwayy-testimonial-data\"><blockquote class=\"kwayy-testimonial-text\">\r\n\t\t\t\t<div class=\"contarea\">\t\t\t\t\t\r\n\t\t\t\t\t<div class=\"kwayy-tst-contarea-text\">Desde do atendimento por telefone, recep\u00e7\u00e3o excelentes! \r\nA minha filha teve consulta com o Dr. (Tiago) Monteiro que foi incr\u00edvel, super acess\u00edvel, atento a todos os pormenores com a beb\u00e9 e ajudou-me a tirar imensas quest\u00f5es! \r\nRecomendo vivamente o profissional como a cl\u00ednica!<\/div>\r\n\t\t\t\t\t\r\n\t\t\t\t<\/div><footer> <div class=\"kwayy-testimonial-img\"><img loading=\"lazy\" decoding=\"async\" width=\"96\" height=\"96\" src=\"https:\/\/clinicamedicadoporto.pt\/staging\/wp-content\/uploads\/2023\/06\/Foto-Adriana-Sousa.png\" class=\"attachment-thumbnail size-thumbnail wp-post-image\" alt=\"Foto Testemunho Adriana\" \/><\/div> <cite class=\"kwayy-testimonial-title\">Adriana de Sousa<span class=\"kwayy-testimonial-designation\">M\u00e3e de Paciente da Cl\u00ednica M\u00e9dica do Porto<\/span><\/cite><\/footer><\/blockquote><\/div>\n\t<\/div>\n\t<div class=\"kwayy-testimonial-box \"><div class=\"kwayy-testimonial-data\"><blockquote class=\"kwayy-testimonial-text\">\r\n\t\t\t\t<div class=\"contarea\">\t\t\t\t\t\r\n\t\t\t\t\t<div class=\"kwayy-tst-contarea-text\">Fui atendida pelo Tiago Monteiro, o qual foi muito atencioso comigo e meu filho (bebe 7 meses).\r\nTranquilizou-nos a respeito do tratamento do meu filho.<\/div>\r\n\t\t\t\t\t\r\n\t\t\t\t<\/div><footer> <div class=\"kwayy-testimonial-img\"><img loading=\"lazy\" decoding=\"async\" width=\"1\" height=\"1\" src=\"https:\/\/clinicamedicadoporto.pt\/staging\/wp-content\/uploads\/2021\/06\/perfil-clinica-medica-do-porto-webhp.png\" class=\"attachment-thumbnail size-thumbnail wp-post-image\" alt=\"imagem-perfil-feminio-clinica-medica-do-porto\" \/><\/div> <cite class=\"kwayy-testimonial-title\">Mariana Porto<span class=\"kwayy-testimonial-designation\">M\u00e3e de Paciente da Cl\u00ednica M\u00e9dica do Porto<\/span><\/cite><\/footer><\/blockquote><\/div>\n\t<\/div>\n\t<div class=\"kwayy-testimonial-box \"><div class=\"kwayy-testimonial-data\"><blockquote class=\"kwayy-testimonial-text\">\r\n\t\t\t\t<div class=\"contarea\">\t\t\t\t\t\r\n\t\t\t\t\t<div class=\"kwayy-tst-contarea-text\">Fui a uma sess\u00e3o de osteopatia pediatrica com o terapeuta Tiago Monteiro! Gostamos muito da forma como tratou a nossa beb\u00e9 e da forma como nos explicou tudo e esclareceu as nossas duvidas! Muito dispon\u00edvel! Vamos voltar!<\/div>\r\n\t\t\t\t\t\r\n\t\t\t\t<\/div><footer> <div class=\"kwayy-testimonial-img\"><img loading=\"lazy\" decoding=\"async\" width=\"1\" height=\"1\" src=\"https:\/\/clinicamedicadoporto.pt\/staging\/wp-content\/uploads\/2021\/06\/perfil-clinica-medica-do-porto-webhp.png\" class=\"attachment-thumbnail size-thumbnail wp-post-image\" alt=\"imagem-perfil-feminio-clinica-medica-do-porto\" \/><\/div> <cite class=\"kwayy-testimonial-title\">Mariana Costa<span class=\"kwayy-testimonial-designation\">M\u00e3e de Paciente da Cl\u00ednica M\u00e9dica do Porto<\/span><\/cite><\/footer><\/blockquote><\/div>\n\t<\/div>\n\t<div class=\"kwayy-testimonial-box \"><div class=\"kwayy-testimonial-data\"><blockquote class=\"kwayy-testimonial-text\">\r\n\t\t\t\t<div class=\"contarea\">\t\t\t\t\t\r\n\t\t\t\t\t<div class=\"kwayy-tst-contarea-text\">Equipe maravilhosa de m\u00e9dicos e terapeutas para a equipe de apoio. Fui \u00e0 cl\u00ednica ver o quiropr\u00e1tico Tiago Monteiro para nos ajudar com o nosso rec\u00e9m-nascido e n\u00e3o pod\u00edamos estar mais felizes. (...) Recomendo a cl\u00ednica e o Dr Tiago se tiver problemas com os seus beb\u00e9s ou crian\u00e7as.<\/div>\r\n\t\t\t\t\t\r\n\t\t\t\t<\/div><footer> <div class=\"kwayy-testimonial-img\"><img loading=\"lazy\" decoding=\"async\" width=\"96\" height=\"96\" src=\"https:\/\/clinicamedicadoporto.pt\/staging\/wp-content\/uploads\/2023\/05\/foto-beatriz-santos.png\" class=\"attachment-thumbnail size-thumbnail wp-post-image\" alt=\"Foto de Paciente Beatriz Santos\" \/><\/div> <cite class=\"kwayy-testimonial-title\">Beatriz Santos<span class=\"kwayy-testimonial-designation\">M\u00e3e de Paciente da Cl\u00ednica M\u00e9dica do Porto<\/span><\/cite><\/footer><\/blockquote><\/div>\n\t<\/div>\n\t<div class=\"kwayy-testimonial-box \"><div class=\"kwayy-testimonial-data\"><blockquote class=\"kwayy-testimonial-text\">\r\n\t\t\t\t<div class=\"contarea\">\t\t\t\t\t\r\n\t\t\t\t\t<div class=\"kwayy-tst-contarea-text\">A avalia\u00e7\u00e3o s\u00f3 pode ser excelente desde a marca\u00e7\u00e3o (...); a consulta com o dr. Tiago Monteiro, tanto com a minha filha beb\u00e9 como com a minha m\u00e3e, (...) com resultados reais, al\u00e9m disso o dr. Tiago foi incr\u00edvel (...) . Fiquei super satisfeita, agradecida e feliz por ver resultados. (..) at\u00e9 agora s\u00f3 tenho muito boas coisas a dizer e muito a agradecer!<\/div>\r\n\t\t\t\t\t\r\n\t\t\t\t<\/div><footer> <div class=\"kwayy-testimonial-img\"><img loading=\"lazy\" decoding=\"async\" width=\"96\" height=\"96\" src=\"https:\/\/clinicamedicadoporto.pt\/staging\/wp-content\/uploads\/2023\/02\/Foto-Diana-Regodeiro.png\" class=\"attachment-thumbnail size-thumbnail wp-post-image\" alt=\"Testemunho de paciente da Cl\u00ednica M\u00e9dica do Porto\" \/><\/div> <cite class=\"kwayy-testimonial-title\">Diana Regodeiro<span class=\"kwayy-testimonial-designation\">Paciente da Cl\u00ednica M\u00e9dica do Porto<\/span><\/cite><\/footer><\/blockquote><\/div>\n\t<\/div>\n\t<div class=\"kwayy-testimonial-box \"><div class=\"kwayy-testimonial-data\"><blockquote class=\"kwayy-testimonial-text\">\r\n\t\t\t\t<div class=\"contarea\">\t\t\t\t\t\r\n\t\t\t\t\t<div class=\"kwayy-tst-contarea-text\">(...) o muito obrigado ao sr Tiago que das duas vezes que estive na clinica me ajudou a ultrapassar o meu problema (...)<\/div>\r\n\t\t\t\t\t\r\n\t\t\t\t<\/div><footer> <div class=\"kwayy-testimonial-img\"><img loading=\"lazy\" decoding=\"async\" width=\"96\" height=\"96\" src=\"https:\/\/clinicamedicadoporto.pt\/staging\/wp-content\/uploads\/2023\/02\/Foto-Anto\u0301nio-Baltazar.png\" class=\"attachment-thumbnail size-thumbnail wp-post-image\" alt=\"imagem testemunho paciente\" \/><\/div> <cite class=\"kwayy-testimonial-title\">Ant\u00f3nio Baltazar<span class=\"kwayy-testimonial-designation\">Paciente da Cl\u00ednica M\u00e9dica do Porto<\/span><\/cite><\/footer><\/blockquote><\/div>\n\t<\/div>\n\t<div class=\"kwayy-testimonial-box \"><div class=\"kwayy-testimonial-data\"><blockquote class=\"kwayy-testimonial-text\">\r\n\t\t\t\t<div class=\"contarea\">\t\t\t\t\t\r\n\t\t\t\t\t<div class=\"kwayy-tst-contarea-text\">Cl\u00ednica com as mais diversas val\u00eancias na \u00e1rea da sa\u00fade, perfeita para que todas as necessidades possam ser respondidas num \u00fanico local, sempre com profissionais de excel\u00eancia.\r\n\r\nEspecial destaque e carinho pela Terapeuta Tatiana, uma profissional altamente capacitada e competente, com um lado humano indiscrit\u00edvel, algu\u00e9m a quem nunca terei palavras suficientes para exprimir a minha gratid\u00e3o.<\/div>\r\n\t\t\t\t\t\r\n\t\t\t\t<\/div><footer> <div class=\"kwayy-testimonial-img\"><img loading=\"lazy\" decoding=\"async\" width=\"96\" height=\"96\" src=\"https:\/\/clinicamedicadoporto.pt\/staging\/wp-content\/uploads\/2022\/12\/Foto-Testemunho-Joana-Cardoso.png\" class=\"attachment-thumbnail size-thumbnail wp-post-image\" alt=\"Foto-Testemunho-Joana-Cardoso\" \/><\/div> <cite class=\"kwayy-testimonial-title\">Joana Cardoso<span class=\"kwayy-testimonial-designation\">Paciente da Cl\u00ednica M\u00e9dica do Porto<\/span><\/cite><\/footer><\/blockquote><\/div>\n\t<\/div>\n\t<div class=\"kwayy-testimonial-box \"><div class=\"kwayy-testimonial-data\"><blockquote class=\"kwayy-testimonial-text\">\r\n\t\t\t\t<div class=\"contarea\">\t\t\t\t\t\r\n\t\t\t\t\t<div class=\"kwayy-tst-contarea-text\">Gostei muito. \r\nFiz massagem e acupuntura com a Tatiana Sousa e adorei. \r\nRecomendo.<\/div>\r\n\t\t\t\t\t\r\n\t\t\t\t<\/div><footer> <div class=\"kwayy-testimonial-img\"><img loading=\"lazy\" decoding=\"async\" width=\"96\" height=\"96\" src=\"https:\/\/clinicamedicadoporto.pt\/staging\/wp-content\/uploads\/2022\/12\/Foto-Testemunho-Maria-Manuela-Vieira.png\" class=\"attachment-thumbnail size-thumbnail wp-post-image\" alt=\"Foto-Testemunho-Maria-Manuela-Vieira\" \/><\/div> <cite class=\"kwayy-testimonial-title\">Maria Manuela Silva Vieira<span class=\"kwayy-testimonial-designation\">Paciente da Cl\u00ednica M\u00e9dica do Porto<\/span><\/cite><\/footer><\/blockquote><\/div>\n\t<\/div>\n\t<div class=\"kwayy-testimonial-box \"><div class=\"kwayy-testimonial-data\"><blockquote class=\"kwayy-testimonial-text\">\r\n\t\t\t\t<div class=\"contarea\">\t\t\t\t\t\r\n\t\t\t\t\t<div class=\"kwayy-tst-contarea-text\">Parab\u00e9ns, adorei!\r\n<\/div>\r\n\t\t\t\t\t\r\n\t\t\t\t<\/div><footer> <div class=\"kwayy-testimonial-img\"><img loading=\"lazy\" decoding=\"async\" width=\"1\" height=\"1\" src=\"https:\/\/clinicamedicadoporto.pt\/staging\/wp-content\/uploads\/2021\/06\/perfil-clinica-medica-do-porto-webhp.png\" class=\"attachment-thumbnail size-thumbnail wp-post-image\" alt=\"imagem-perfil-feminio-clinica-medica-do-porto\" \/><\/div> <cite class=\"kwayy-testimonial-title\">Marta Maria Duarte<span class=\"kwayy-testimonial-designation\">Paciente da Cl\u00ednica M\u00e9dica do Porto<\/span><\/cite><\/footer><\/blockquote><\/div>\n\t<\/div>\n\t<div class=\"kwayy-testimonial-box \"><div class=\"kwayy-testimonial-data\"><blockquote class=\"kwayy-testimonial-text\">\r\n\t\t\t\t<div class=\"contarea\">\t\t\t\t\t\r\n\t\t\t\t\t<div class=\"kwayy-tst-contarea-text\">Extremamente profissionais e simp\u00e1ticos!<\/div>\r\n\t\t\t\t\t\r\n\t\t\t\t<\/div><footer> <div class=\"kwayy-testimonial-img\"><img loading=\"lazy\" decoding=\"async\" width=\"60\" height=\"60\" src=\"https:\/\/clinicamedicadoporto.pt\/staging\/wp-content\/uploads\/2018\/07\/perfil-masculino-clinica-medica-do-porto-e1604516490646.png\" class=\"attachment-thumbnail size-thumbnail wp-post-image\" alt=\"perfil-masculino-clinica-medica-do-porto\" \/><\/div> <cite class=\"kwayy-testimonial-title\">Pedro Costa<span class=\"kwayy-testimonial-designation\">Paciente da Cl\u00ednica M\u00e9dica do Porto<\/span><\/cite><\/footer><\/blockquote><\/div>\n\t<\/div>\n\t<div class=\"kwayy-testimonial-box \"><div class=\"kwayy-testimonial-data\"><blockquote class=\"kwayy-testimonial-text\">\r\n\t\t\t\t<div class=\"contarea\">\t\t\t\t\t\r\n\t\t\t\t\t<div class=\"kwayy-tst-contarea-text\">Fui muito bem recebida, desde a Sra da recep\u00e7\u00e3o at\u00e9 ao Doutor. Muitos parab\u00e9ns.<\/div>\r\n\t\t\t\t\t\r\n\t\t\t\t<\/div><footer> <div class=\"kwayy-testimonial-img\"><img loading=\"lazy\" decoding=\"async\" width=\"1\" height=\"1\" src=\"https:\/\/clinicamedicadoporto.pt\/staging\/wp-content\/uploads\/2021\/06\/perfil-clinica-medica-do-porto-webhp.png\" class=\"attachment-thumbnail size-thumbnail wp-post-image\" alt=\"imagem-perfil-feminio-clinica-medica-do-porto\" \/><\/div> <cite class=\"kwayy-testimonial-title\">Isabel Ferreira<span class=\"kwayy-testimonial-designation\">Paciente da Cl\u00ednica M\u00e9dica do Porto<\/span><\/cite><\/footer><\/blockquote><\/div>\n\t<\/div>\n\t<div class=\"kwayy-testimonial-box \"><div class=\"kwayy-testimonial-data\"><blockquote class=\"kwayy-testimonial-text\">\r\n\t\t\t\t<div class=\"contarea\">\t\t\t\t\t\r\n\t\t\t\t\t<div class=\"kwayy-tst-contarea-text\">Atendimento perfeito e sobretudo um acompanhamento pelo Tiago. Ap\u00f3s a minha consulta de Osteopatia, foi um alivio imediato ao n\u00edvel das minhas dores e contraturas.<\/div>\r\n\t\t\t\t\t\r\n\t\t\t\t<\/div><footer> <div class=\"kwayy-testimonial-img\"><img loading=\"lazy\" decoding=\"async\" width=\"96\" height=\"96\" src=\"https:\/\/clinicamedicadoporto.pt\/staging\/wp-content\/uploads\/2022\/10\/Imagem-Bruno-Mendes-Testemunho-Osteopatia.png\" class=\"attachment-thumbnail size-thumbnail wp-post-image\" alt=\"Imagem-Bruno Mendes Testemunho Osteopatia\" \/><\/div> <cite class=\"kwayy-testimonial-title\">Bruno Mendes<span class=\"kwayy-testimonial-designation\">Paciente da Cl\u00ednica M\u00e9dica do Porto<\/span><\/cite><\/footer><\/blockquote><\/div>\n\t<\/div>\n\t<div class=\"kwayy-testimonial-box \"><div class=\"kwayy-testimonial-data\"><blockquote class=\"kwayy-testimonial-text\">\r\n\t\t\t\t<div class=\"contarea\">\t\t\t\t\t\r\n\t\t\t\t\t<div class=\"kwayy-tst-contarea-text\">Quem tamb\u00e9m trata nesta fase da minha vida do meu equil\u00edbrio \u2764\ufe0f Quem me devolve o Karma de espetar umas agulhinhas \ud83d\ude05\ud83d\ude4c  (a prop\u00f3sito da terapeuta Tatiana Sousa e da Consulta de Medicina Tradicional Chinesa)<\/div>\r\n\t\t\t\t\t\r\n\t\t\t\t<\/div><footer> <div class=\"kwayy-testimonial-img\"><img loading=\"lazy\" decoding=\"async\" width=\"103\" height=\"96\" src=\"https:\/\/clinicamedicadoporto.pt\/staging\/wp-content\/uploads\/2022\/09\/Foto-Testemunho-Rita-Hera.png\" class=\"attachment-thumbnail size-thumbnail wp-post-image\" alt=\"Foto Testemunho Rita Hera Consulta Acupuntura\" \/><\/div> <cite class=\"kwayy-testimonial-title\">Rita Hera<\/cite><\/footer><\/blockquote><\/div>\n\t<\/div>\n\t<div class=\"kwayy-testimonial-box \"><div class=\"kwayy-testimonial-data\"><blockquote class=\"kwayy-testimonial-text\">\r\n\t\t\t\t<div class=\"contarea\">\t\t\t\t\t\r\n\t\t\t\t\t<div class=\"kwayy-tst-contarea-text\">Desde o agendamento, atendimento, consulta, pagamento e fatura\u00e7\u00e3o foi tudo excelente! A consulta com o Dr. Tiago Monteiro foi muito boa, esclarecedor, atencioso com a beb\u00e9 e muito simp\u00e1tico e prest\u00e1vel!<\/div>\r\n\t\t\t\t\t\r\n\t\t\t\t<\/div><footer> <div class=\"kwayy-testimonial-img\"><img loading=\"lazy\" decoding=\"async\" width=\"96\" height=\"96\" src=\"https:\/\/clinicamedicadoporto.pt\/staging\/wp-content\/uploads\/2022\/10\/Foto-Ana-de-Oliveira-Testemunho-Osteopatia-P.png\" class=\"attachment-thumbnail size-thumbnail wp-post-image\" alt=\"Foto - Ana de Oliveira - Testemunho Osteopatia P\" \/><\/div> <cite class=\"kwayy-testimonial-title\">Ana de Oliveira<span class=\"kwayy-testimonial-designation\">M\u00e3e de Paciente da Cl\u00ednica M\u00e9dica do Porto<\/span><\/cite><\/footer><\/blockquote><\/div>\n\t<\/div>\n\t<div class=\"kwayy-testimonial-box \"><div class=\"kwayy-testimonial-data\"><blockquote class=\"kwayy-testimonial-text\">\r\n\t\t\t\t<div class=\"contarea\">\t\t\t\t\t\r\n\t\t\t\t\t<div class=\"kwayy-tst-contarea-text\">Procuramos a cl\u00ednica para uma consulta de osteopatia pedi\u00e1trica. E fomos muito bem atendidos pelo Dr. Tiago Monteiro, o nosso filho saiu de l\u00e1 em ( modo zen).<\/div>\r\n\t\t\t\t\t\r\n\t\t\t\t<\/div><footer> <div class=\"kwayy-testimonial-img\"><img loading=\"lazy\" decoding=\"async\" width=\"60\" height=\"60\" src=\"https:\/\/clinicamedicadoporto.pt\/staging\/wp-content\/uploads\/2019\/08\/perfil-clinica-medica-do-porto-1-e1604515187835.png\" class=\"attachment-thumbnail size-thumbnail wp-post-image\" alt=\"Imagem-generica-clinica-medica-do-porto\" \/><\/div> <cite class=\"kwayy-testimonial-title\">Mariana Castro<span class=\"kwayy-testimonial-designation\">M\u00e3e de Paciente da Cl\u00ednica M\u00e9dica do Porto<\/span><\/cite><\/footer><\/blockquote><\/div>\n\t<\/div>\n\t<div class=\"kwayy-testimonial-box \"><div class=\"kwayy-testimonial-data\"><blockquote class=\"kwayy-testimonial-text\">\r\n\t\t\t\t<div class=\"contarea\">\t\t\t\t\t\r\n\t\t\t\t\t<div class=\"kwayy-tst-contarea-text\">Tratou-se da 1a consulta e reconhe\u00e7o com agrado todos os momentos: recep\u00e7\u00e3o, consulta e tratamento. \r\nQue mais dizer? Vou continuar.<\/div>\r\n\t\t\t\t\t\r\n\t\t\t\t<\/div><footer> <div class=\"kwayy-testimonial-img\"><img loading=\"lazy\" decoding=\"async\" width=\"1\" height=\"1\" src=\"https:\/\/clinicamedicadoporto.pt\/staging\/wp-content\/uploads\/2021\/06\/perfil-masculino-clinica-medica-do-porto-webhp.png\" class=\"attachment-thumbnail size-thumbnail wp-post-image\" alt=\"imagem-perfil-masculino-clinica-medica-do-porto\" \/><\/div> <cite class=\"kwayy-testimonial-title\">Ant\u00f3nio Matos<span class=\"kwayy-testimonial-designation\">Paciente da Cl\u00ednica M\u00e9dica do Porto<\/span><\/cite><\/footer><\/blockquote><\/div>\n\t<\/div>\n\t<div class=\"kwayy-testimonial-box \"><div class=\"kwayy-testimonial-data\"><blockquote class=\"kwayy-testimonial-text\">\r\n\t\t\t\t<div class=\"contarea\">\t\t\t\t\t\r\n\t\t\t\t\t<div class=\"kwayy-tst-contarea-text\">O Dr. Tiago Monteiro fez um acompanhamento excepcional no tratamento da plagiocefalia do meu beb\u00e9.  \r\nRecomendo<\/div>\r\n\t\t\t\t\t\r\n\t\t\t\t<\/div><footer> <div class=\"kwayy-testimonial-img\"><img loading=\"lazy\" decoding=\"async\" width=\"96\" height=\"96\" src=\"https:\/\/clinicamedicadoporto.pt\/staging\/wp-content\/uploads\/2022\/09\/Foto-Si\u0301lvia-Baltarejo-Testemunho-Osteopatia-Pediatrica.jpg\" class=\"attachment-thumbnail size-thumbnail wp-post-image\" alt=\"Foto Testemunho de Paciente de Osteopatia Infantil - Silvia Baltarejo\" \/><\/div> <cite class=\"kwayy-testimonial-title\">S\u00edlvia Baltarejo<span class=\"kwayy-testimonial-designation\">Paciente da Cl\u00ednica M\u00e9dica do Porto<\/span><\/cite><\/footer><\/blockquote><\/div>\n\t<\/div>\n\t<div class=\"kwayy-testimonial-box \"><div class=\"kwayy-testimonial-data\"><blockquote class=\"kwayy-testimonial-text\">\r\n\t\t\t\t<div class=\"contarea\">\t\t\t\t\t\r\n\t\t\t\t\t<div class=\"kwayy-tst-contarea-text\">Consulta pedi\u00e1trica com o Osteopata Tiago Monteiro. Super recomendo.\r\nExcelente profissional, avalia tudo ao pormenor e transmite confian\u00e7a e seguran\u00e7a aos pais (super importante quando \u00e9 a nossa primeira viagem).\r\nSimpatia e disponibilidade demonstradas pela colaboradora que nos recebeu.<\/div>\r\n\t\t\t\t\t\r\n\t\t\t\t<\/div><footer> <div class=\"kwayy-testimonial-img\"><img loading=\"lazy\" decoding=\"async\" width=\"96\" height=\"96\" src=\"https:\/\/clinicamedicadoporto.pt\/staging\/wp-content\/uploads\/2022\/07\/Foto-Sara-Felx.png\" class=\"attachment-thumbnail size-thumbnail wp-post-image\" alt=\"Foto Sara Felix - Testemunho consulta de Osteopatia\" \/><\/div> <cite class=\"kwayy-testimonial-title\">Sara Felix<span class=\"kwayy-testimonial-designation\">M\u00e3e de Paciente da Cl\u00ednica M\u00e9dica do Porto<\/span><\/cite><\/footer><\/blockquote><\/div>\n\t<\/div>\n\t<div class=\"kwayy-testimonial-box \"><div class=\"kwayy-testimonial-data\"><blockquote class=\"kwayy-testimonial-text\">\r\n\t\t\t\t<div class=\"contarea\">\t\t\t\t\t\r\n\t\t\t\t\t<div class=\"kwayy-tst-contarea-text\">Recomendo sem d\u00favida alguma!\r\nEquipa cinco estrelas, super profissionais e atenciosos.\r\nO meu filho foi tratado pelo Terapeuta Tiago Monteiro, que aliado ao excelente profissional que \u00e9, demostra um enorme carinho e afeto na forma como trata dos nossos beb\u00e9s. N\u00e3o podia estar mais segura e satisfeita com a escolha. Muit\u00edssimo obrigada!<\/div>\r\n\t\t\t\t\t\r\n\t\t\t\t<\/div><footer> <div class=\"kwayy-testimonial-img\"><img loading=\"lazy\" decoding=\"async\" width=\"1\" height=\"1\" src=\"https:\/\/clinicamedicadoporto.pt\/staging\/wp-content\/uploads\/2021\/06\/perfil-clinica-medica-do-porto-webhp.png\" class=\"attachment-thumbnail size-thumbnail wp-post-image\" alt=\"imagem-perfil-feminio-clinica-medica-do-porto\" \/><\/div> <cite class=\"kwayy-testimonial-title\">Raquel Vieira<span class=\"kwayy-testimonial-designation\">M\u00e3e de Paciente da Cl\u00ednica M\u00e9dica do Porto<\/span><\/cite><\/footer><\/blockquote><\/div>\n\t<\/div>\n\t<div class=\"kwayy-testimonial-box \"><div class=\"kwayy-testimonial-data\"><blockquote class=\"kwayy-testimonial-text\">\r\n\t\t\t\t<div class=\"contarea\">\t\t\t\t\t\r\n\t\t\t\t\t<div class=\"kwayy-tst-contarea-text\">O ambiente acolhedor, o profissionalismo de toda a equipa e a confian\u00e7a que a Dr.\u00aa Tatiana transmite em consulta, s\u00e3o motivos para depositar toda minha confian\u00e7a no trabalho que procurarei desenvolver em conjunto com cada uma das pessoas da clinica, envolvidas no processo de tratamento.<\/div>\r\n\t\t\t\t\t\r\n\t\t\t\t<\/div><footer> <div class=\"kwayy-testimonial-img\"><img loading=\"lazy\" decoding=\"async\" width=\"96\" height=\"96\" src=\"https:\/\/clinicamedicadoporto.pt\/staging\/wp-content\/uploads\/2022\/05\/Foto-Testemunho-Hoana-Mimoso-Guimara\u0303es.png\" class=\"attachment-thumbnail size-thumbnail wp-post-image\" alt=\"Foto de Joana Guimar\u00e3es paciente da Cl\u00ednica M\u00e9dica do Porto\" \/><\/div> <cite class=\"kwayy-testimonial-title\">Joana Mimoso Guimar\u00e3es<span class=\"kwayy-testimonial-designation\">Paciente da Cl\u00ednica M\u00e9dica do Porto<\/span><\/cite><\/footer><\/blockquote><\/div>\n\t<\/div>\n\t<div class=\"kwayy-testimonial-box \"><div class=\"kwayy-testimonial-data\"><blockquote class=\"kwayy-testimonial-text\">\r\n\t\t\t\t<div class=\"contarea\">\t\t\t\t\t\r\n\t\t\t\t\t<div class=\"kwayy-tst-contarea-text\">Sou seguida pela terapeuta Tatiana Sousa, especialista em medicina tradicional chinesa (ginecologia \/obstetr\u00edcia). \r\n\r\nAo longo destes meses de acupuntura e fitoterapia (novidades para mim), estou extremamente satisfeita com os resultados e com o atendimento, atento e personalizado, da Tatiana e restante equipa da cl\u00ednica. \r\n\r\nRecomendo vivamente!<\/div>\r\n\t\t\t\t\t\r\n\t\t\t\t<\/div><footer> <div class=\"kwayy-testimonial-img\"><img loading=\"lazy\" decoding=\"async\" width=\"60\" height=\"60\" src=\"https:\/\/clinicamedicadoporto.pt\/staging\/wp-content\/uploads\/2019\/08\/perfil-clinica-medica-do-porto-1-e1604515187835.png\" class=\"attachment-thumbnail size-thumbnail wp-post-image\" alt=\"Imagem-generica-clinica-medica-do-porto\" \/><\/div> <cite class=\"kwayy-testimonial-title\">Ana Isabel Ribeiro<span class=\"kwayy-testimonial-designation\">Paciente da Cl\u00ednica M\u00e9dica do Porto<\/span><\/cite><\/footer><\/blockquote><\/div>\n\t<\/div>\n\t<div class=\"kwayy-testimonial-box \"><div class=\"kwayy-testimonial-data\"><blockquote class=\"kwayy-testimonial-text\">\r\n\t\t\t\t<div class=\"contarea\">\t\t\t\t\t\r\n\t\t\t\t\t<div class=\"kwayy-tst-contarea-text\">Atendido a hora e com todo o profissionalismo!<\/div>\r\n\t\t\t\t\t\r\n\t\t\t\t<\/div><footer> <div class=\"kwayy-testimonial-img\"><img loading=\"lazy\" decoding=\"async\" width=\"1\" height=\"1\" src=\"https:\/\/clinicamedicadoporto.pt\/staging\/wp-content\/uploads\/2022\/01\/Foto-Humberto-Neto.png\" class=\"attachment-thumbnail size-thumbnail wp-post-image\" alt=\"Foto Humberto Neto Testemunho Consulta na Cl\u00ednica M\u00e9dica do Porto\" \/><\/div> <cite class=\"kwayy-testimonial-title\">Humberto Neto<span class=\"kwayy-testimonial-designation\">Paciente da Cl\u00ednica M\u00e9dica do Porto<\/span><\/cite><\/footer><\/blockquote><\/div>\n\t<\/div>\n\t<div class=\"kwayy-testimonial-box \"><div class=\"kwayy-testimonial-data\"><blockquote class=\"kwayy-testimonial-text\">\r\n\t\t\t\t<div class=\"contarea\">\t\t\t\t\t\r\n\t\t\t\t\t<div class=\"kwayy-tst-contarea-text\">Sou seguida pela terapeuta Tatiana, que me tem ajudado a controlar as minhas dores de costas! \r\nUma profissional de excel\u00eancia! \r\n\r\nRecomendo a 100% o seu trabalho e as suas t\u00e9cnicas de massagem e acupuntura! \r\nNota 5 tamb\u00e9m para o todo o staff, sempre simp\u00e1tico e profissional!<\/div>\r\n\t\t\t\t\t\r\n\t\t\t\t<\/div><footer> <div class=\"kwayy-testimonial-img\"><img loading=\"lazy\" decoding=\"async\" width=\"1\" height=\"1\" src=\"https:\/\/clinicamedicadoporto.pt\/staging\/wp-content\/uploads\/2022\/01\/Imagem-Rita-Viana-Testemunho-Clinica-Medica-Porto.png\" class=\"attachment-thumbnail size-thumbnail wp-post-image\" alt=\"Rita Viana - Testemunho - Consulta de Acupuntura Porto\" \/><\/div> <cite class=\"kwayy-testimonial-title\">Rita Viana<span class=\"kwayy-testimonial-designation\">Paciente da Cl\u00ednica M\u00e9dica do Porto<\/span><\/cite><\/footer><\/blockquote><\/div>\n\t<\/div>\n\t<div class=\"kwayy-testimonial-box \"><div class=\"kwayy-testimonial-data\"><blockquote class=\"kwayy-testimonial-text\">\r\n\t\t\t\t<div class=\"contarea\">\t\t\t\t\t\r\n\t\t\t\t\t<div class=\"kwayy-tst-contarea-text\">Fiquei muito bem impressionada com o atendimento quer do pessoal administrativo quer do pessoal m\u00e9dico, no meu caso o Dr Tiago Monteiro. \r\nPretendo continuar a ser seguida nesta cl\u00ednica e portanto recomendo os seus servi\u00e7os.<\/div>\r\n\t\t\t\t\t\r\n\t\t\t\t<\/div><footer> <div class=\"kwayy-testimonial-img\"><img loading=\"lazy\" decoding=\"async\" width=\"60\" height=\"60\" src=\"https:\/\/clinicamedicadoporto.pt\/staging\/wp-content\/uploads\/2019\/08\/perfil-clinica-medica-do-porto-1-e1604515187835.png\" class=\"attachment-thumbnail size-thumbnail wp-post-image\" alt=\"Imagem-generica-clinica-medica-do-porto\" \/><\/div> <cite class=\"kwayy-testimonial-title\">Elisabete Silva<span class=\"kwayy-testimonial-designation\">Paciente da Cl\u00ednica M\u00e9dica do Porto<\/span><\/cite><\/footer><\/blockquote><\/div>\n\t<\/div>\n\t<div class=\"kwayy-testimonial-box \"><div class=\"kwayy-testimonial-data\"><blockquote class=\"kwayy-testimonial-text\">\r\n\t\t\t\t<div class=\"contarea\">\t\t\t\t\t\r\n\t\t\t\t\t<div class=\"kwayy-tst-contarea-text\">Simpatia, \u00e9tica profissional, atendimento e profissionalismo de excel\u00eancia. \r\nRecomendo!!!<\/div>\r\n\t\t\t\t\t\r\n\t\t\t\t<\/div><footer> <div class=\"kwayy-testimonial-img\"><img loading=\"lazy\" decoding=\"async\" width=\"96\" height=\"96\" src=\"https:\/\/clinicamedicadoporto.pt\/staging\/wp-content\/uploads\/2018\/07\/perfil-clinica-medica-do-porto-150x150.png\" class=\"attachment-thumbnail size-thumbnail wp-post-image\" alt=\"perfil-feminino-clinica-medica-do-porto\" srcset=\"https:\/\/clinicamedicadoporto.pt\/staging\/wp-content\/uploads\/2018\/07\/perfil-clinica-medica-do-porto-150x150.png 150w, https:\/\/clinicamedicadoporto.pt\/staging\/wp-content\/uploads\/2018\/07\/perfil-clinica-medica-do-porto-300x300.png 300w, https:\/\/clinicamedicadoporto.pt\/staging\/wp-content\/uploads\/2018\/07\/perfil-clinica-medica-do-porto-e1604515282169.png 60w\" sizes=\"auto, (max-width: 96px) 100vw, 96px\" \/><\/div> <cite class=\"kwayy-testimonial-title\">M Ferreira<span class=\"kwayy-testimonial-designation\">Paciente da Cl\u00ednica M\u00e9dica do Porto<\/span><\/cite><\/footer><\/blockquote><\/div>\n\t<\/div>\n\t<div class=\"kwayy-testimonial-box \"><div class=\"kwayy-testimonial-data\"><blockquote class=\"kwayy-testimonial-text\">\r\n\t\t\t\t<div class=\"contarea\">\t\t\t\t\t\r\n\t\t\t\t\t<div class=\"kwayy-tst-contarea-text\">Gostei do atendimento e do servi\u00e7o!<\/div>\r\n\t\t\t\t\t\r\n\t\t\t\t<\/div><footer> <div class=\"kwayy-testimonial-img\"><img loading=\"lazy\" decoding=\"async\" width=\"60\" height=\"60\" src=\"https:\/\/clinicamedicadoporto.pt\/staging\/wp-content\/uploads\/2021\/11\/Foto-Ca\u0302ndida-Paiva.png\" class=\"attachment-thumbnail size-thumbnail wp-post-image\" alt=\"Foto- Ca\u0302ndida-Paiva\" \/><\/div> <cite class=\"kwayy-testimonial-title\">C\u00e2ndida Paiva<span class=\"kwayy-testimonial-designation\">Paciente da Cl\u00ednica M\u00e9dica do Porto<\/span><\/cite><\/footer><\/blockquote><\/div>\n\t<\/div>\n\t<div class=\"kwayy-testimonial-box \"><div class=\"kwayy-testimonial-data\"><blockquote class=\"kwayy-testimonial-text\">\r\n\t\t\t\t<div class=\"contarea\">\t\t\t\t\t\r\n\t\t\t\t\t<div class=\"kwayy-tst-contarea-text\">Recomendo sem d\u00favida alguma \ud83d\udc4c\r\nO meu filho \u00e9 seguido pelo osteopata pedi\u00e1trico (Dr. Tiago Monteiro) desde que nasceu e n\u00e3o podia estar mais satisfeita!\r\nO Dr. Tiago Monteiro \u00e9 um doce com os beb\u00e9s e mostra gosto no que faz ! Faz \"milagres\" \u263a\ufe0f\r\nDeixo tamb\u00e9m um agradecimento \u00e0s rececionistas, que para al\u00e9m de simp\u00e1ticas s\u00e3o super profissionais.<\/div>\r\n\t\t\t\t\t\r\n\t\t\t\t<\/div><footer> <div class=\"kwayy-testimonial-img\"><img loading=\"lazy\" decoding=\"async\" width=\"96\" height=\"96\" src=\"https:\/\/clinicamedicadoporto.pt\/staging\/wp-content\/uploads\/2021\/10\/Foto-Kelly-Carvalho.jpg\" class=\"attachment-thumbnail size-thumbnail wp-post-image\" alt=\"Foto-Kelly-Carvalho\" \/><\/div> <cite class=\"kwayy-testimonial-title\">Kelly Carvalho<span class=\"kwayy-testimonial-designation\">M\u00e3e de Beb\u00e9 Paciente da Cl\u00ednica M\u00e9dica do Porto<\/span><\/cite><\/footer><\/blockquote><\/div>\n\t<\/div>\n\t<div class=\"kwayy-testimonial-box \"><div class=\"kwayy-testimonial-data\"><blockquote class=\"kwayy-testimonial-text\">\r\n\t\t\t\t<div class=\"contarea\">\t\t\t\t\t\r\n\t\t\t\t\t<div class=\"kwayy-tst-contarea-text\">Atendimento espetacular. Levamos o nosso filhote de 1 m\u00eas a uma consulta com o osteopata Dr Tiago e foi uma experi\u00eancia excelente. Muito querido no trato do beb\u00e9 e compreensivo connosco! No atendimento em geral foi r\u00e1pido desde marcar a consulta ao acolhimento, sem d\u00favida que recomendamos!<\/div>\r\n\t\t\t\t\t\r\n\t\t\t\t<\/div><footer> <div class=\"kwayy-testimonial-img\"><img loading=\"lazy\" decoding=\"async\" width=\"60\" height=\"60\" src=\"https:\/\/clinicamedicadoporto.pt\/staging\/wp-content\/uploads\/2021\/10\/Foto-Ana-Baptista.png\" class=\"attachment-thumbnail size-thumbnail wp-post-image\" alt=\"Foto-Ana-Baptista\" \/><\/div> <cite class=\"kwayy-testimonial-title\">Ana Baptista<span class=\"kwayy-testimonial-designation\">M\u00e3e de Paciente da Cl\u00ednica M\u00e9dica od Porto<\/span><\/cite><\/footer><\/blockquote><\/div>\n\t<\/div>\n\t<div class=\"kwayy-testimonial-box \"><div class=\"kwayy-testimonial-data\"><blockquote class=\"kwayy-testimonial-text\">\r\n\t\t\t\t<div class=\"contarea\">\t\t\t\t\t\r\n\t\t\t\t\t<div class=\"kwayy-tst-contarea-text\">J\u00e1 fui a v\u00e1rias consultas na Cl\u00ednica M\u00e9dica do Porto, da terapeuta Tatiana Sousa e da Dr.\u00aa Erm\u00ednia Afonso, e fui sempre muito bem atendida e com bons resultados nos tratamentos realizados. Recomendo vivamente!<\/div>\r\n\t\t\t\t\t\r\n\t\t\t\t<\/div><footer> <div class=\"kwayy-testimonial-img\"><img loading=\"lazy\" decoding=\"async\" width=\"60\" height=\"60\" src=\"https:\/\/clinicamedicadoporto.pt\/staging\/wp-content\/uploads\/2019\/08\/perfil-clinica-medica-do-porto-1-e1604515187835.png\" class=\"attachment-thumbnail size-thumbnail wp-post-image\" alt=\"Imagem-generica-clinica-medica-do-porto\" \/><\/div> <cite class=\"kwayy-testimonial-title\">Ana Rita<span class=\"kwayy-testimonial-designation\">Paciente da Cl\u00ednica M\u00e9dica do Porto<\/span><\/cite><\/footer><\/blockquote><\/div>\n\t<\/div>\n\t<div class=\"kwayy-testimonial-box \"><div class=\"kwayy-testimonial-data\"><blockquote class=\"kwayy-testimonial-text\">\r\n\t\t\t\t<div class=\"contarea\">\t\t\t\t\t\r\n\t\t\t\t\t<div class=\"kwayy-tst-contarea-text\">O que me levou \u00e0 Cl\u00ednica foram as ins\u00f3nias. De muita procura encontrei o s\u00edtio certo para as tratar. Comecei a fazer acupuntura com a Terapeuta Tatiana que \u00e9 uma excelente profissional. Ainda vou a meio do tratamento mas come\u00e7o a percebe que efectivamente estou muito melhor. O meu muito obrigado \u00e0 Terapeuta Tatiana.<\/div>\r\n\t\t\t\t\t\r\n\t\t\t\t<\/div><footer> <div class=\"kwayy-testimonial-img\"><img loading=\"lazy\" decoding=\"async\" width=\"60\" height=\"60\" src=\"https:\/\/clinicamedicadoporto.pt\/staging\/wp-content\/uploads\/2019\/08\/perfil-clinica-medica-do-porto-1-e1604515187835.png\" class=\"attachment-thumbnail size-thumbnail wp-post-image\" alt=\"Imagem-generica-clinica-medica-do-porto\" \/><\/div> <cite class=\"kwayy-testimonial-title\">Alice Moreira<span class=\"kwayy-testimonial-designation\">Paciente da Cl\u00ednica M\u00e9dica do Porto<\/span><\/cite><\/footer><\/blockquote><\/div>\n\t<\/div>\n\t<div class=\"kwayy-testimonial-box \"><div class=\"kwayy-testimonial-data\"><blockquote class=\"kwayy-testimonial-text\">\r\n\t\t\t\t<div class=\"contarea\">\t\t\t\t\t\r\n\t\t\t\t\t<div class=\"kwayy-tst-contarea-text\">Super bem atendida com todo o cuidado necess\u00e1rio. J\u00e1 conhecia o Dr Tiago pois foi m\u00e9dico do meu filho. Recomendo 5*<\/div>\r\n\t\t\t\t\t\r\n\t\t\t\t<\/div><footer> <div class=\"kwayy-testimonial-img\"><img loading=\"lazy\" decoding=\"async\" width=\"60\" height=\"60\" src=\"https:\/\/clinicamedicadoporto.pt\/staging\/wp-content\/uploads\/2021\/09\/Foto-Janina-Ribeiro.png\" class=\"attachment-thumbnail size-thumbnail wp-post-image\" alt=\"Foto-Janina Ribeiro\" \/><\/div> <cite class=\"kwayy-testimonial-title\">Janina Ribeiro<span class=\"kwayy-testimonial-designation\">Paciente da Cl\u00ednica M\u00e9dica do Porto<\/span><\/cite><\/footer><\/blockquote><\/div>\n\t<\/div>\n\t<div class=\"kwayy-testimonial-box \"><div class=\"kwayy-testimonial-data\"><blockquote class=\"kwayy-testimonial-text\">\r\n\t\t\t\t<div class=\"contarea\">\t\t\t\t\t\r\n\t\t\t\t\t<div class=\"kwayy-tst-contarea-text\">Este ano desafiante levou-me \u00e0 procura de novos meios para recuperar energia e tranquilidade. Tem sido atrav\u00e9s da Medicina Tradicional Chinesa que tenho reencontrado o meu equil\u00edbrio. Obrigada Cl\u00ednica M\u00e9dica do Porto e, mais concretamente, Dra. Tatiana Calv\u00e3o Sousa.<\/div>\r\n\t\t\t\t\t\r\n\t\t\t\t<\/div><footer> <div class=\"kwayy-testimonial-img\"><img loading=\"lazy\" decoding=\"async\" width=\"60\" height=\"60\" src=\"https:\/\/clinicamedicadoporto.pt\/staging\/wp-content\/uploads\/2021\/09\/Foto-Ana-Dias.png\" class=\"attachment-thumbnail size-thumbnail wp-post-image\" alt=\"Foto Ana Dias Testemunho Consulta Acupuntura\" \/><\/div> <cite class=\"kwayy-testimonial-title\">Ana Dias<span class=\"kwayy-testimonial-designation\">Paciente da Cl\u00ednica M\u00e9dica do Porto<\/span><\/cite><\/footer><\/blockquote><\/div>\n\t<\/div>\n\t<div class=\"kwayy-testimonial-box \"><div class=\"kwayy-testimonial-data\"><blockquote class=\"kwayy-testimonial-text\">\r\n\t\t\t\t<div class=\"contarea\">\t\t\t\t\t\r\n\t\t\t\t\t<div class=\"kwayy-tst-contarea-text\">Na Cl\u00ednica M\u00e9dica do Porto encontrei uma equipa de pessoas muito sol\u00edcitas e profissionais. \r\nUma nota especial para a Terapeuta de Medicina Chinesa, Tatiana Calv\u00e3o Sousa, que atrav\u00e9s das sess\u00f5es de Acupuntura me ajudou a regularizar o meu sono e a recuperar a minha vitalidade - sinto-me bem como n\u00e3o me sentia h\u00e1 anos. Um grande bem-haja a todos.<\/div>\r\n\t\t\t\t\t\r\n\t\t\t\t<\/div><footer> <div class=\"kwayy-testimonial-img\"><img loading=\"lazy\" decoding=\"async\" width=\"96\" height=\"96\" src=\"https:\/\/clinicamedicadoporto.pt\/staging\/wp-content\/uploads\/2021\/08\/Testemunho-Acupuntura-Clinica-Porto-Cremilde-Soares.jpg\" class=\"attachment-thumbnail size-thumbnail wp-post-image\" alt=\"Testemunho-Acupuntura-Clinica-Porto-Cremilde-Soares\" \/><\/div> <cite class=\"kwayy-testimonial-title\">Cremilde Soares<span class=\"kwayy-testimonial-designation\">Paciente da Cl\u00ednica M\u00e9dica do Porto<\/span><\/cite><\/footer><\/blockquote><\/div>\n\t<\/div>\n\t<div class=\"kwayy-testimonial-box \"><div class=\"kwayy-testimonial-data\"><blockquote class=\"kwayy-testimonial-text\">\r\n\t\t\t\t<div class=\"contarea\">\t\t\t\t\t\r\n\t\t\t\t\t<div class=\"kwayy-tst-contarea-text\">Equipe simp\u00e1tica, profissional e pr\u00e1tica. Adorei e super recomendo! \ud83d\ude42<\/div>\r\n\t\t\t\t\t\r\n\t\t\t\t<\/div><footer> <div class=\"kwayy-testimonial-img\"><img loading=\"lazy\" decoding=\"async\" width=\"1\" height=\"1\" src=\"https:\/\/clinicamedicadoporto.pt\/staging\/wp-content\/uploads\/2021\/06\/perfil-clinica-medica-do-porto-webhp.png\" class=\"attachment-thumbnail size-thumbnail wp-post-image\" alt=\"imagem-perfil-feminio-clinica-medica-do-porto\" \/><\/div> <cite class=\"kwayy-testimonial-title\">Margarida Melo Freitas<span class=\"kwayy-testimonial-designation\">Paciente da Cl\u00ednica M\u00e9dica do Porto<\/span><\/cite><\/footer><\/blockquote><\/div>\n\t<\/div>\n\t<div class=\"kwayy-testimonial-box \"><div class=\"kwayy-testimonial-data\"><blockquote class=\"kwayy-testimonial-text\">\r\n\t\t\t\t<div class=\"contarea\">\t\t\t\t\t\r\n\t\t\t\t\t<div class=\"kwayy-tst-contarea-text\">Primeira consulta. \r\nTrabalho excelente dos profissionais que me atenderam. \r\nRecomendo.<\/div>\r\n\t\t\t\t\t\r\n\t\t\t\t<\/div><footer> <div class=\"kwayy-testimonial-img\"><img loading=\"lazy\" decoding=\"async\" width=\"1\" height=\"1\" src=\"https:\/\/clinicamedicadoporto.pt\/staging\/wp-content\/uploads\/2021\/06\/perfil-masculino-clinica-medica-do-porto-webhp.png\" class=\"attachment-thumbnail size-thumbnail wp-post-image\" alt=\"imagem-perfil-masculino-clinica-medica-do-porto\" \/><\/div> <cite class=\"kwayy-testimonial-title\">Manuel Pereira<span class=\"kwayy-testimonial-designation\">Paciente da Cl\u00ednica M\u00e9dica do Porto<\/span><\/cite><\/footer><\/blockquote><\/div>\n\t<\/div>\n\t<div class=\"kwayy-testimonial-box \"><div class=\"kwayy-testimonial-data\"><blockquote class=\"kwayy-testimonial-text\">\r\n\t\t\t\t<div class=\"contarea\">\t\t\t\t\t\r\n\t\t\t\t\t<div class=\"kwayy-tst-contarea-text\">Atendimento bom, e boa localiza\u00e7\u00e3o, fui, voltarei e recomendo!<\/div>\r\n\t\t\t\t\t\r\n\t\t\t\t<\/div><footer> <div class=\"kwayy-testimonial-img\"><img loading=\"lazy\" decoding=\"async\" width=\"1\" height=\"1\" src=\"https:\/\/clinicamedicadoporto.pt\/staging\/wp-content\/uploads\/2021\/06\/perfil-clinica-medica-do-porto-webhp.png\" class=\"attachment-thumbnail size-thumbnail wp-post-image\" alt=\"imagem-perfil-feminio-clinica-medica-do-porto\" \/><\/div> <cite class=\"kwayy-testimonial-title\">Shirley Takemura<span class=\"kwayy-testimonial-designation\">Paciente da Cl\u00ednica M\u00e9dica do Porto<\/span><\/cite><\/footer><\/blockquote><\/div>\n\t<\/div>\n\t<div class=\"kwayy-testimonial-box \"><div class=\"kwayy-testimonial-data\"><blockquote class=\"kwayy-testimonial-text\">\r\n\t\t\t\t<div class=\"contarea\">\t\t\t\t\t\r\n\t\t\t\t\t<div class=\"kwayy-tst-contarea-text\">As sess\u00f5es de acupuntura e ventosas na Cl\u00ednica M\u00e9dica do Porto foram uma ajuda super valiosa para recuperar de uma les\u00e3o muscular que me incomodava h\u00e1 meses! Depois de visitar v\u00e1rios especialistas sem obter grande evolu\u00e7\u00e3o da situa\u00e7\u00e3o, foi com a terapeuta Tatiana Sousa que em poucas sess\u00f5es n\u00e3o s\u00f3 recuperei a mobilidade total do meu ombro como a dor entretanto tamb\u00e9m desapareceu.\r\n<\/div>\r\n\t\t\t\t\t\r\n\t\t\t\t<\/div><footer> <div class=\"kwayy-testimonial-img\"><img loading=\"lazy\" decoding=\"async\" width=\"96\" height=\"96\" src=\"https:\/\/clinicamedicadoporto.pt\/staging\/wp-content\/uploads\/2021\/07\/Foto-Toma\u0301s-Fernandes.jpg\" class=\"attachment-thumbnail size-thumbnail wp-post-image\" alt=\"Foto-Toma\u0301s-Fernandes-Testemunho-Acupuntura-Clinica-Porto\" \/><\/div> <cite class=\"kwayy-testimonial-title\">Tom\u00e1s Fernandes<span class=\"kwayy-testimonial-designation\">Paciente da Cl\u00ednica M\u00e9dica do Porto<\/span><\/cite><\/footer><\/blockquote><\/div>\n\t<\/div>\n\t<div class=\"kwayy-testimonial-box \"><div class=\"kwayy-testimonial-data\"><blockquote class=\"kwayy-testimonial-text\">\r\n\t\t\t\t<div class=\"contarea\">\t\t\t\t\t\r\n\t\t\t\t\t<div class=\"kwayy-tst-contarea-text\">Muito profissionais e focados na pessoa, para conhecer verdadeiramente o seu problema. \r\nSimpatia extrema dos terapeutas e pessoal administrativo. \r\nCl\u00ednica a frequentar, sempre que surjam sinais de alerta na cervical e lombar.<\/div>\r\n\t\t\t\t\t\r\n\t\t\t\t<\/div><footer> <div class=\"kwayy-testimonial-img\"><img loading=\"lazy\" decoding=\"async\" width=\"1\" height=\"1\" src=\"https:\/\/clinicamedicadoporto.pt\/staging\/wp-content\/uploads\/2021\/06\/perfil-clinica-medica-do-porto-webhp.png\" class=\"attachment-thumbnail size-thumbnail wp-post-image\" alt=\"imagem-perfil-feminio-clinica-medica-do-porto\" \/><\/div> <cite class=\"kwayy-testimonial-title\">Felicidade Ferreira<span class=\"kwayy-testimonial-designation\">Paciente da Cl\u00ednica M\u00e9dica do Porto<\/span><\/cite><\/footer><\/blockquote><\/div>\n\t<\/div>\n\t<div class=\"kwayy-testimonial-box \"><div class=\"kwayy-testimonial-data\"><blockquote class=\"kwayy-testimonial-text\">\r\n\t\t\t\t<div class=\"contarea\">\t\t\t\t\t\r\n\t\t\t\t\t<div class=\"kwayy-tst-contarea-text\">Depois de ter visitado in\u00fameros profissionais para tratar de uma contratura, a Tatiana da Cl\u00ednica M\u00e9dica do Porto foi a \u00fanica que, em meia d\u00fazia de sess\u00f5es, me conseguiu resolver o meu problema.<\/div>\r\n\t\t\t\t\t\r\n\t\t\t\t<\/div><footer> <div class=\"kwayy-testimonial-img\"><img loading=\"lazy\" decoding=\"async\" width=\"1\" height=\"1\" src=\"https:\/\/clinicamedicadoporto.pt\/staging\/wp-content\/uploads\/2021\/06\/perfil-masculino-clinica-medica-do-porto-webhp.png\" class=\"attachment-thumbnail size-thumbnail wp-post-image\" alt=\"imagem-perfil-masculino-clinica-medica-do-porto\" \/><\/div> <cite class=\"kwayy-testimonial-title\">Tiago Ferreira<span class=\"kwayy-testimonial-designation\">Paciente da Cl\u00ednica M\u00e9dica do Porto<\/span><\/cite><\/footer><\/blockquote><\/div>\n\t<\/div>\n\t<div class=\"kwayy-testimonial-box \"><div class=\"kwayy-testimonial-data\"><blockquote class=\"kwayy-testimonial-text\">\r\n\t\t\t\t<div class=\"contarea\">\t\t\t\t\t\r\n\t\t\t\t\t<div class=\"kwayy-tst-contarea-text\">Atendimento de excel\u00eancia desde os 1 contatos telef\u00f3nicos, recep\u00e7\u00e3o e atendimento por parte de profissionais de sa\u00fade de alta qualidade, Resumindo recomendo vivamente este espa\u00e7o.<\/div>\r\n\t\t\t\t\t\r\n\t\t\t\t<\/div><footer> <div class=\"kwayy-testimonial-img\"><img loading=\"lazy\" decoding=\"async\" width=\"60\" height=\"60\" src=\"https:\/\/clinicamedicadoporto.pt\/staging\/wp-content\/uploads\/2021\/05\/Carlos-Domingues.png\" class=\"attachment-thumbnail size-thumbnail wp-post-image\" alt=\"\" \/><\/div> <cite class=\"kwayy-testimonial-title\">Carlos Domingues<span class=\"kwayy-testimonial-designation\">Paciente de Cl\u00ednica M\u00e9dica do Porto<\/span><\/cite><\/footer><\/blockquote><\/div>\n\t<\/div>\n\t<div class=\"kwayy-testimonial-box \"><div class=\"kwayy-testimonial-data\"><blockquote class=\"kwayy-testimonial-text\">\r\n\t\t\t\t<div class=\"contarea\">\t\t\t\t\t\r\n\t\t\t\t\t<div class=\"kwayy-tst-contarea-text\">Equipa fant\u00e1stica! Parab\u00e9ns pelo maravilhoso trabalho!<\/div>\r\n\t\t\t\t\t\r\n\t\t\t\t<\/div><footer> <div class=\"kwayy-testimonial-img\"><img loading=\"lazy\" decoding=\"async\" width=\"60\" height=\"60\" src=\"https:\/\/clinicamedicadoporto.pt\/staging\/wp-content\/uploads\/2021\/05\/Ana-Vieira-da-Silva-60-60.jpg\" class=\"attachment-thumbnail size-thumbnail wp-post-image\" alt=\"Testemunho de Ana Vieira da Silva\" \/><\/div> <cite class=\"kwayy-testimonial-title\">Ana Vieira da Silva<\/cite><\/footer><\/blockquote><\/div>\n\t<\/div>\n\t<div class=\"kwayy-testimonial-box \"><div class=\"kwayy-testimonial-data\"><blockquote class=\"kwayy-testimonial-text\">\r\n\t\t\t\t<div class=\"contarea\">\t\t\t\t\t\r\n\t\t\t\t\t<div class=\"kwayy-tst-contarea-text\">Excelentes profissionais e atendimento.<\/div>\r\n\t\t\t\t\t\r\n\t\t\t\t<\/div><footer> <div class=\"kwayy-testimonial-img\"><img loading=\"lazy\" decoding=\"async\" width=\"60\" height=\"60\" src=\"https:\/\/clinicamedicadoporto.pt\/staging\/wp-content\/uploads\/2021\/05\/Sara-Moreira.png\" class=\"attachment-thumbnail size-thumbnail wp-post-image\" alt=\"Testemunho de Sara Moreira\" \/><\/div> <cite class=\"kwayy-testimonial-title\">Sara Moreira<\/cite><\/footer><\/blockquote><\/div>\n\t<\/div>\n\t<div class=\"kwayy-testimonial-box \"><div class=\"kwayy-testimonial-data\"><blockquote class=\"kwayy-testimonial-text\">\r\n\t\t\t\t<div class=\"contarea\">\t\t\t\t\t\r\n\t\t\t\t\t<div class=\"kwayy-tst-contarea-text\">Levei o meu beb\u00e9 a uma consulta de osteopatia com o Dr. Tiago e adoramos tudo, da rece\u00e7\u00e3o \u00e0 consulta! \r\nMuito atenciosos, cuidadosos e gentis.<\/div>\r\n\t\t\t\t\t\r\n\t\t\t\t<\/div><footer> <div class=\"kwayy-testimonial-img\"><img loading=\"lazy\" decoding=\"async\" width=\"60\" height=\"60\" src=\"https:\/\/clinicamedicadoporto.pt\/staging\/wp-content\/uploads\/2021\/04\/Foto-Luana-Vasconcelos.png\" class=\"attachment-thumbnail size-thumbnail wp-post-image\" alt=\"Foto-Luana-Vasconcelos\" \/><\/div> <cite class=\"kwayy-testimonial-title\">Luana Vasconcelos<span class=\"kwayy-testimonial-designation\">Paciente da Cl\u00ednica M\u00e9dica do Porto<\/span><\/cite><\/footer><\/blockquote><\/div>\n\t<\/div>\n\t<div class=\"kwayy-testimonial-box \"><div class=\"kwayy-testimonial-data\"><blockquote class=\"kwayy-testimonial-text\">\r\n\t\t\t\t<div class=\"contarea\">\t\t\t\t\t\r\n\t\t\t\t\t<div class=\"kwayy-tst-contarea-text\">Super simp\u00e1ticos.. Atendimento ex\u00edmio.. Obrigada por tudo \ud83d\ude18\ud83d\udc68\u200d\ud83d\udc69\u200d\ud83d\udc67\u200d\ud83d\udc67<\/div>\r\n\t\t\t\t\t\r\n\t\t\t\t<\/div><footer> <div class=\"kwayy-testimonial-img\"><img loading=\"lazy\" decoding=\"async\" width=\"60\" height=\"60\" src=\"https:\/\/clinicamedicadoporto.pt\/staging\/wp-content\/uploads\/2021\/04\/Foto-Andreia-Rodrigues.jpg\" class=\"attachment-thumbnail size-thumbnail wp-post-image\" alt=\"Foto-Andreia-Rodrigues\" \/><\/div> <cite class=\"kwayy-testimonial-title\">Andreia Rodrigues<span class=\"kwayy-testimonial-designation\">Paciente da Cl\u00ednica M\u00e9dica do Porto<\/span><\/cite><\/footer><\/blockquote><\/div>\n\t<\/div>\n\t<div class=\"kwayy-testimonial-box \"><div class=\"kwayy-testimonial-data\"><blockquote class=\"kwayy-testimonial-text\">\r\n\t\t\t\t<div class=\"contarea\">\t\t\t\t\t\r\n\t\t\t\t\t<div class=\"kwayy-tst-contarea-text\">S\u00f3 tenho a agradecer. Excelentes profissionais. <\/div>\r\n\t\t\t\t\t\r\n\t\t\t\t<\/div><footer> <div class=\"kwayy-testimonial-img\"><img loading=\"lazy\" decoding=\"async\" width=\"96\" height=\"96\" src=\"https:\/\/clinicamedicadoporto.pt\/staging\/wp-content\/uploads\/2021\/04\/Testemunho-Ana-Isabel-Pedro.jpg\" class=\"attachment-thumbnail size-thumbnail wp-post-image\" alt=\"Foto-Ana-Isabel-Pedro\" \/><\/div> <cite class=\"kwayy-testimonial-title\">Ana Isabel Pedro<span class=\"kwayy-testimonial-designation\">Paciente da Cl\u00ednica M\u00e9dica do Porto<\/span><\/cite><\/footer><\/blockquote><\/div>\n\t<\/div>\n\t<div class=\"kwayy-testimonial-box \"><div class=\"kwayy-testimonial-data\"><blockquote class=\"kwayy-testimonial-text\">\r\n\t\t\t\t<div class=\"contarea\">\t\t\t\t\t\r\n\t\t\t\t\t<div class=\"kwayy-tst-contarea-text\">Ambiente super acolhedor. \r\nEquipa super simp\u00e1tica \ud83d\ude42 \r\nRecomendo<\/div>\r\n\t\t\t\t\t\r\n\t\t\t\t<\/div><footer> <div class=\"kwayy-testimonial-img\"><img loading=\"lazy\" decoding=\"async\" width=\"60\" height=\"60\" src=\"https:\/\/clinicamedicadoporto.pt\/staging\/wp-content\/uploads\/2021\/02\/Foto-Va\u0302nia-Ferreira.png\" class=\"attachment-thumbnail size-thumbnail wp-post-image\" alt=\"Va\u0302nia-Ferreira-Testemunho-Clinica-Medica-do-Porto\" \/><\/div> <cite class=\"kwayy-testimonial-title\">V\u00e2nia Ferreira<span class=\"kwayy-testimonial-designation\">Paciente da Cl\u00ednica M\u00e9dica do Porto<\/span><\/cite><\/footer><\/blockquote><\/div>\n\t<\/div>\n\t<div class=\"kwayy-testimonial-box \"><div class=\"kwayy-testimonial-data\"><blockquote class=\"kwayy-testimonial-text\">\r\n\t\t\t\t<div class=\"contarea\">\t\t\t\t\t\r\n\t\t\t\t\t<div class=\"kwayy-tst-contarea-text\">I had an amazing experience in Cl\u00ednica M\u00e9dica do Porto. The staff is very friendly, knowledgable and everyone communicates in english if necessary. I got lucky to become a patient of Tatiana, who is an amazing holistic professional. She always has an answer or a treatment for any problem I have. My back pain with other discomforts disappeared after several acupuncture sessions. I 100% recommend Tatiana and the clinic.<\/div>\r\n\t\t\t\t\t\r\n\t\t\t\t<\/div><footer> <div class=\"kwayy-testimonial-img\"><img loading=\"lazy\" decoding=\"async\" width=\"60\" height=\"60\" src=\"https:\/\/clinicamedicadoporto.pt\/staging\/wp-content\/uploads\/2021\/02\/Foto-Lia-Gorobets-testemunho-clincia-medica-do-porto.png\" class=\"attachment-thumbnail size-thumbnail wp-post-image\" alt=\"Foto-Lia-Gorobets-testemunho-clincia-medica-do-porto\" \/><\/div> <cite class=\"kwayy-testimonial-title\">Lia Gorobets<span class=\"kwayy-testimonial-designation\">Paciente da Cl\u00ednica M\u00e9dica do Porto<\/span><\/cite><\/footer><\/blockquote><\/div>\n\t<\/div>\n\t<div class=\"kwayy-testimonial-box \"><div class=\"kwayy-testimonial-data\"><blockquote class=\"kwayy-testimonial-text\">\r\n\t\t\t\t<div class=\"contarea\">\t\t\t\t\t\r\n\t\t\t\t\t<div class=\"kwayy-tst-contarea-text\">Cl\u00ednica M\u00e9dica do Porto, recomendo \u00f3ptimos profissionais come\u00e7ando pelo atendimento. Bem haja!<\/div>\r\n\t\t\t\t\t\r\n\t\t\t\t<\/div><footer> <div class=\"kwayy-testimonial-img\"><img loading=\"lazy\" decoding=\"async\" width=\"96\" height=\"96\" src=\"https:\/\/clinicamedicadoporto.pt\/staging\/wp-content\/uploads\/2021\/02\/Foto-Anto\u0301nio-Pinho-testemunho-clinica-medica-do-porto.jpg\" class=\"attachment-thumbnail size-thumbnail wp-post-image\" alt=\"Foto-Anto\u0301nio-Pinho-testemunho-clinica-medica-do-porto\" \/><\/div> <cite class=\"kwayy-testimonial-title\">Ant\u00f3nio Pinho<span class=\"kwayy-testimonial-designation\">Paciente da Cl\u00ednica M\u00e9dica do Porto<\/span><\/cite><\/footer><\/blockquote><\/div>\n\t<\/div>\n\t<div class=\"kwayy-testimonial-box \"><div class=\"kwayy-testimonial-data\"><blockquote class=\"kwayy-testimonial-text\">\r\n\t\t\t\t<div class=\"contarea\">\t\t\t\t\t\r\n\t\t\t\t\t<div class=\"kwayy-tst-contarea-text\">O Terapeuta Tiago foi uma preciosa ajuda para a minha Leonor. S\u00f3 lamento n\u00e3o o ter conhecido mais cedo. Muito agrade\u00e7o o profissionalismo e simpatia.<\/div>\r\n\t\t\t\t\t\r\n\t\t\t\t<\/div><footer> <div class=\"kwayy-testimonial-img\"><img loading=\"lazy\" decoding=\"async\" width=\"50\" height=\"50\" src=\"https:\/\/clinicamedicadoporto.pt\/staging\/wp-content\/uploads\/2021\/02\/Foto-Marlene-Taveira.jpg\" class=\"attachment-thumbnail size-thumbnail wp-post-image\" alt=\"\" \/><\/div> <cite class=\"kwayy-testimonial-title\">Marlene Taveira<span class=\"kwayy-testimonial-designation\">M\u00e3e da Leonor<\/span><\/cite><\/footer><\/blockquote><\/div>\n\t<\/div>\n\t<div class=\"kwayy-testimonial-box \"><div class=\"kwayy-testimonial-data\"><blockquote class=\"kwayy-testimonial-text\">\r\n\t\t\t\t<div class=\"contarea\">\t\t\t\t\t\r\n\t\t\t\t\t<div class=\"kwayy-tst-contarea-text\">Excelente equipa e ambiente. De real\u00e7ar o excelente trabalho e enorme simpatia do terapeuta Tiago, caracter\u00edsticas sempre presentes ao longo de todos os tratamentos.<\/div>\r\n\t\t\t\t\t\r\n\t\t\t\t<\/div><footer> <div class=\"kwayy-testimonial-img\"><img loading=\"lazy\" decoding=\"async\" width=\"60\" height=\"60\" src=\"https:\/\/clinicamedicadoporto.pt\/staging\/wp-content\/uploads\/2018\/07\/perfil-masculino-clinica-medica-do-porto-e1604516490646.png\" class=\"attachment-thumbnail size-thumbnail wp-post-image\" alt=\"perfil-masculino-clinica-medica-do-porto\" \/><\/div> <cite class=\"kwayy-testimonial-title\">Jos\u00e9 Pedro<span class=\"kwayy-testimonial-designation\">Paciente da Cl\u00ednica M\u00e9dica do Porto<\/span><\/cite><\/footer><\/blockquote><\/div>\n\t<\/div>\n\t<div class=\"kwayy-testimonial-box \"><div class=\"kwayy-testimonial-data\"><blockquote class=\"kwayy-testimonial-text\">\r\n\t\t\t\t<div class=\"contarea\">\t\t\t\t\t\r\n\t\t\t\t\t<div class=\"kwayy-tst-contarea-text\">Foi aqui que resolvi um problema de que sofria \u00e0 imensos anos, sem anteriores respostas, diagn\u00f3sticos ou tratamentos noutras cl\u00ednicas, hospitais, m\u00e9dicos e afins. Excelentes profissionais que retribuem a confian\u00e7a.<\/div>\r\n\t\t\t\t\t\r\n\t\t\t\t<\/div><footer> <div class=\"kwayy-testimonial-img\"><img loading=\"lazy\" decoding=\"async\" width=\"60\" height=\"60\" src=\"https:\/\/clinicamedicadoporto.pt\/staging\/wp-content\/uploads\/2019\/08\/perfil-clinica-medica-do-porto-e1604516538844.png\" class=\"attachment-thumbnail size-thumbnail wp-post-image\" alt=\"Testemunho-clinica-medica-do-porto\" \/><\/div> <cite class=\"kwayy-testimonial-title\">Merry N.<span class=\"kwayy-testimonial-designation\">Paciente da Cl\u00ednica M\u00e9dica do Porto<\/span><\/cite><\/footer><\/blockquote><\/div>\n\t<\/div>\n\t<div class=\"kwayy-testimonial-box \"><div class=\"kwayy-testimonial-data\"><blockquote class=\"kwayy-testimonial-text\">\r\n\t\t\t\t<div class=\"contarea\">\t\t\t\t\t\r\n\t\t\t\t\t<div class=\"kwayy-tst-contarea-text\">Todas as gr\u00e1vidas merecem ter uma Tatiana \ud83d\ude0d Al\u00e9m de ser uma profissional de excel\u00eancia, \u00e9 uma ouvinte \u00edmpar, com imensa experi\u00eancia, que nos d\u00e1 dicas \u00f3ptimas (alimentares, de bons h\u00e1bitos). As suas t\u00e9cnicas de massagem e acupuntura (medicina chinesa) foram absolutamente essenciais para mim porque se converteram numa forma de bem estar na gravidez (melhoria de incha\u00e7o nos p\u00e9s e pernas, dores p\u00e9lvicas, dores de cabe\u00e7a, formigueiro nas m\u00e3os e bra\u00e7os...). Recomendo 100%. A simpatia do staff, profissionalismo e limpeza do local s\u00e3o pontos extra. \r\n\r\nGr\u00e1vidas\ud83e\udd30\ud83c\udffb, this is the place!<\/div>\r\n\t\t\t\t\t\r\n\t\t\t\t<\/div><footer> <div class=\"kwayy-testimonial-img\"><img loading=\"lazy\" decoding=\"async\" width=\"60\" height=\"60\" src=\"https:\/\/clinicamedicadoporto.pt\/staging\/wp-content\/uploads\/2020\/11\/Isabel-Gomes-Testemunho-Clinica-Medica-do-Porto.jpg\" class=\"attachment-thumbnail size-thumbnail wp-post-image\" alt=\"Isabel-G-Testemunho-Clinica-Medica-do-Porto\" \/><\/div> <cite class=\"kwayy-testimonial-title\">Isabel G.<span class=\"kwayy-testimonial-designation\">Paciente da Cl\u00ednica M\u00e9dica do Porto<\/span><\/cite><\/footer><\/blockquote><\/div>\n\t<\/div>\n\t<div class=\"kwayy-testimonial-box \"><div class=\"kwayy-testimonial-data\"><blockquote class=\"kwayy-testimonial-text\">\r\n\t\t\t\t<div class=\"contarea\">\t\t\t\t\t\r\n\t\t\t\t\t<div class=\"kwayy-tst-contarea-text\">Fui na Cl\u00ednica por causa de uma dor no joelho e fui muito bem atendida por uma terapeuta de Medicina Chinesa - Tatiana. Recomendo!<\/div>\r\n\t\t\t\t\t\r\n\t\t\t\t<\/div><footer> <div class=\"kwayy-testimonial-img\"><img loading=\"lazy\" decoding=\"async\" width=\"60\" height=\"60\" src=\"https:\/\/clinicamedicadoporto.pt\/staging\/wp-content\/uploads\/2020\/11\/Monica-Jorge-Testemunho-Clinica-Medica-do-Porto.jpg\" class=\"attachment-thumbnail size-thumbnail wp-post-image\" alt=\"Monica-Jorge-Testemunho-Clinica-Medica-do-Porto\" \/><\/div> <cite class=\"kwayy-testimonial-title\">M\u00f3nica Jorge<span class=\"kwayy-testimonial-designation\">Paciente da Cl\u00ednica M\u00e9dica do Porto<\/span><\/cite><\/footer><\/blockquote><\/div>\n\t<\/div>\n\t<div class=\"kwayy-testimonial-box \"><div class=\"kwayy-testimonial-data\"><blockquote class=\"kwayy-testimonial-text\">\r\n\t\t\t\t<div class=\"contarea\">\t\t\t\t\t\r\n\t\t\t\t\t<div class=\"kwayy-tst-contarea-text\">Equipa fant\u00e1stica e super simp\u00e1tica. \r\nSou seguida pela terapeuta Tatiana Calv\u00e3o, de quem s\u00f3 tenho maravilhas a dizer!<\/div>\r\n\t\t\t\t\t\r\n\t\t\t\t<\/div><footer> <div class=\"kwayy-testimonial-img\"><img loading=\"lazy\" decoding=\"async\" width=\"60\" height=\"60\" src=\"https:\/\/clinicamedicadoporto.pt\/staging\/wp-content\/uploads\/2019\/08\/perfil-clinica-medica-do-porto-1-e1604515187835.png\" class=\"attachment-thumbnail size-thumbnail wp-post-image\" alt=\"Imagem-generica-clinica-medica-do-porto\" \/><\/div> <cite class=\"kwayy-testimonial-title\">In\u00eas Oliveira<span class=\"kwayy-testimonial-designation\">Utente da Cl\u00ednica M\u00e9dica do Porto<\/span><\/cite><\/footer><\/blockquote><\/div>\n\t<\/div>\n\t<div class=\"kwayy-testimonial-box \"><div class=\"kwayy-testimonial-data\"><blockquote class=\"kwayy-testimonial-text\">\r\n\t\t\t\t<div class=\"contarea\">\t\t\t\t\t\r\n\t\t\t\t\t<div class=\"kwayy-tst-contarea-text\">Recomendo vivamente!! \r\nN\u00e3o poderia estar mais satisfeita! \r\n\r\nUma nota excecional para o desempenho, dedica\u00e7\u00e3o e conhecimento da Dra. Tatiana em Medicina Tradicional Chinesa e Acupuntura.<\/div>\r\n\t\t\t\t\t\r\n\t\t\t\t<\/div><footer> <div class=\"kwayy-testimonial-img\"><img loading=\"lazy\" decoding=\"async\" width=\"60\" height=\"60\" src=\"https:\/\/clinicamedicadoporto.pt\/staging\/wp-content\/uploads\/2020\/11\/Alexandra-Machado-Testemunho-Clinica-Medica-do-Porto.jpg\" class=\"attachment-thumbnail size-thumbnail wp-post-image\" alt=\"Alexandra-Machado-Testemunho-Clinica-Medica-do-Porto\" \/><\/div> <cite class=\"kwayy-testimonial-title\">Alexandra Machado<span class=\"kwayy-testimonial-designation\">Utente da Cl\u00ednica M\u00e9dica do Porto<\/span><\/cite><\/footer><\/blockquote><\/div>\n\t<\/div>\n\t<div class=\"kwayy-testimonial-box \"><div class=\"kwayy-testimonial-data\"><blockquote class=\"kwayy-testimonial-text\">\r\n\t\t\t\t<div class=\"contarea\">\t\t\t\t\t\r\n\t\t\t\t\t<div class=\"kwayy-tst-contarea-text\">Recomendo vivamente! Din\u00e2mica \u00fanica para apoiar e ajudar a resolver qualquer problema de sa\u00fade!<\/div>\r\n\t\t\t\t\t\r\n\t\t\t\t<\/div><footer> <div class=\"kwayy-testimonial-img\"><img loading=\"lazy\" decoding=\"async\" width=\"60\" height=\"60\" src=\"https:\/\/clinicamedicadoporto.pt\/staging\/wp-content\/uploads\/2020\/11\/Antonio-Sousa-Testemunho-Clinica-Medicad-do-Porto.jpg\" class=\"attachment-thumbnail size-thumbnail wp-post-image\" alt=\"Antonio-Sousa-Testemunho-Clinica-Medicad-do-Porto\" \/><\/div> <cite class=\"kwayy-testimonial-title\">Ant\u00f3nio Sousa<span class=\"kwayy-testimonial-designation\">Utente da Cl\u00ednica M\u00e9dica do Porto<\/span><\/cite><\/footer><\/blockquote><\/div>\n\t<\/div>\n\t<div class=\"kwayy-testimonial-box \"><div class=\"kwayy-testimonial-data\"><blockquote class=\"kwayy-testimonial-text\">\r\n\t\t\t\t<div class=\"contarea\">\t\t\t\t\t\r\n\t\t\t\t\t<div class=\"kwayy-tst-contarea-text\">Fui atendida de urg\u00eancia, num dia no qual o homeopata estava de folga e dirigiu-se \u00e1 clinica exclusivamente para me atender, gra\u00e7as \u00e1 excelente rececionista que entendeu que eu necessitava de ajuda... Excelente servi\u00e7o de onde sa\u00ed muito grata. Obrigado! <\/div>\r\n\t\t\t\t\t\r\n\t\t\t\t<\/div><footer> <div class=\"kwayy-testimonial-img\"><img loading=\"lazy\" decoding=\"async\" width=\"60\" height=\"60\" src=\"https:\/\/clinicamedicadoporto.pt\/staging\/wp-content\/uploads\/2020\/11\/Diana-Guedes-Testemunhos-Clinica-Medica-do-Porto.png\" class=\"attachment-thumbnail size-thumbnail wp-post-image\" alt=\"Diana Guedes Testemunhos Clinica Medica do Porto\" \/><\/div> <cite class=\"kwayy-testimonial-title\">Diana Guedes<span class=\"kwayy-testimonial-designation\">Utente da Cl\u00ednica M\u00e9dica do Porto<\/span><\/cite><\/footer><\/blockquote><\/div>\n\t<\/div>\n\t<div class=\"kwayy-testimonial-box \"><div class=\"kwayy-testimonial-data\"><blockquote class=\"kwayy-testimonial-text\">\r\n\t\t\t\t<div class=\"contarea\">\t\t\t\t\t\r\n\t\t\t\t\t<div class=\"kwayy-tst-contarea-text\">Une excellente clinique. Des professionnels de la sant\u00e9 et du bien \u00eatre. N'h\u00e9sitez pas car vous en sortirez gagnant \u00e0 100%. Merci encore \u00e0 toute l'\u00e9quipe!! Un grand BRAVO et continuez comme tel. Le r\u00e9sultat est stup\u00e9fiant!!!!<\/div>\r\n\t\t\t\t\t\r\n\t\t\t\t<\/div><footer> <div class=\"kwayy-testimonial-img\"><img loading=\"lazy\" decoding=\"async\" width=\"60\" height=\"60\" src=\"https:\/\/clinicamedicadoporto.pt\/staging\/wp-content\/uploads\/2020\/11\/Josy-Gil-Comentario-Clinica-Medica-do-Porto.jpg\" class=\"attachment-thumbnail size-thumbnail wp-post-image\" alt=\"Josy-Gil-Comentario-Clinica-Medica-do-Porto\" \/><\/div> <cite class=\"kwayy-testimonial-title\">Josy Gil<span class=\"kwayy-testimonial-designation\">Utente da Cl\u00ednica M\u00e9dica do Porto<\/span><\/cite><\/footer><\/blockquote><\/div>\n\t<\/div>\n\t<div class=\"kwayy-testimonial-box \"><div class=\"kwayy-testimonial-data\"><blockquote class=\"kwayy-testimonial-text\">\r\n\t\t\t\t<div class=\"contarea\">\t\t\t\t\t\r\n\t\t\t\t\t<div class=\"kwayy-tst-contarea-text\">O acupuntor Dr. Marco Costa \u00e9 excelente, e, s\u00e3o muito simp\u00e1ticos, adoro e recomendo!<\/div>\r\n\t\t\t\t\t\r\n\t\t\t\t<\/div><footer> <div class=\"kwayy-testimonial-img\"><img loading=\"lazy\" decoding=\"async\" width=\"60\" height=\"60\" src=\"https:\/\/clinicamedicadoporto.pt\/staging\/wp-content\/uploads\/2020\/11\/Elsa-Duarte-Testemunho-Clinica-Medica-do-Porto.jpg\" class=\"attachment-thumbnail size-thumbnail wp-post-image\" alt=\"Elsa-Duarte-Testemunho-Clinica-Medica-do-Porto\" \/><\/div> <cite class=\"kwayy-testimonial-title\">Elsa Duarte<span class=\"kwayy-testimonial-designation\">Utente da Cl\u00ednica M\u00e9dica do Porto<\/span><\/cite><\/footer><\/blockquote><\/div>\n\t<\/div>\n\t<div class=\"kwayy-testimonial-box \"><div class=\"kwayy-testimonial-data\"><blockquote class=\"kwayy-testimonial-text\">\r\n\t\t\t\t<div class=\"contarea\">\t\t\t\t\t\r\n\t\t\t\t\t<div class=\"kwayy-tst-contarea-text\">A minha filha est\u00e1 a ser acompanhada desde os seus 4 meses, na osteopatia infantil da Cl\u00ednica M\u00e9dica do Porto, devido a uma escoliose idiop\u00e1tica. A curvatura era muito acentuada mas agora tem quase 4 anos e as melhorias s\u00e3o muito significativas! Os meus agradecimentos ao profissionalismo, aten\u00e7\u00e3o e dedica\u00e7\u00e3o do Dr. Tiago Monteiro que demonstrou desde sempre uma preocupa\u00e7\u00e3o extremosa em ajudar a resolver o problema e com resultados vis\u00edveis.(...)<\/div>\r\n\t\t\t\t\t\r\n\t\t\t\t<\/div><footer> <div class=\"kwayy-testimonial-img\"><img loading=\"lazy\" decoding=\"async\" width=\"60\" height=\"60\" src=\"https:\/\/clinicamedicadoporto.pt\/staging\/wp-content\/uploads\/2019\/08\/perfil-clinica-medica-do-porto-1-e1604515187835.png\" class=\"attachment-thumbnail size-thumbnail wp-post-image\" alt=\"Imagem-generica-clinica-medica-do-porto\" \/><\/div> <cite class=\"kwayy-testimonial-title\">Andreia Cruz<span class=\"kwayy-testimonial-designation\">M\u00e3e de paciente da Cl\u00ednica M\u00e9dica do Porto<\/span><\/cite><\/footer><\/blockquote><\/div>\n\t<\/div>\n\t<div class=\"kwayy-testimonial-box \"><div class=\"kwayy-testimonial-data\"><blockquote class=\"kwayy-testimonial-text\">\r\n\t\t\t\t<div class=\"contarea\">\t\t\t\t\t\r\n\t\t\t\t\t<div class=\"kwayy-tst-contarea-text\">Gostei muito da disponibilidade e dedica\u00e7\u00e3o dos profissionais. \r\nTive um excelente acompanhamento. \r\nRecomendo!\r\n<\/div>\r\n\t\t\t\t\t\r\n\t\t\t\t<\/div><footer> <div class=\"kwayy-testimonial-img\"><img loading=\"lazy\" decoding=\"async\" width=\"60\" height=\"60\" src=\"https:\/\/clinicamedicadoporto.pt\/staging\/wp-content\/uploads\/2018\/07\/perfil-masculino-clinica-medica-do-porto-e1604516490646.png\" class=\"attachment-thumbnail size-thumbnail wp-post-image\" alt=\"perfil-masculino-clinica-medica-do-porto\" \/><\/div> <cite class=\"kwayy-testimonial-title\">Rodrigo Borges<span class=\"kwayy-testimonial-designation\">Utente da Cl\u00ednica M\u00e9dica do Porto<\/span><\/cite><\/footer><\/blockquote><\/div>\n\t<\/div>\n\t<div class=\"kwayy-testimonial-box \"><div class=\"kwayy-testimonial-data\"><blockquote class=\"kwayy-testimonial-text\">\r\n\t\t\t\t<div class=\"contarea\">\t\t\t\t\t\r\n\t\t\t\t\t<div class=\"kwayy-tst-contarea-text\">Excelentes profissionais. Ajudaram-me com o meu beb\u00e9 rec\u00e9m-nascido numa consulta de osteopatia infantil. Obrigada \ud83d\ude0a<\/div>\r\n\t\t\t\t\t\r\n\t\t\t\t<\/div><footer> <div class=\"kwayy-testimonial-img\"><img loading=\"lazy\" decoding=\"async\" width=\"60\" height=\"60\" src=\"https:\/\/clinicamedicadoporto.pt\/staging\/wp-content\/uploads\/2020\/11\/Catia-Malheiro-Costa-120-120-e1604516320589.jpg\" class=\"attachment-thumbnail size-thumbnail wp-post-image\" alt=\"Testemunho C\u00e1tia Costa\" \/><\/div> <cite class=\"kwayy-testimonial-title\">C\u00e1tia Costa<span class=\"kwayy-testimonial-designation\">M\u00e3e de Beb\u00e9 Utente da Cl\u00ednica<\/span><\/cite><\/footer><\/blockquote><\/div>\n\t<\/div>\n\t<div class=\"kwayy-testimonial-box \"><div class=\"kwayy-testimonial-data\"><blockquote class=\"kwayy-testimonial-text\">\r\n\t\t\t\t<div class=\"contarea\">\t\t\t\t\t\r\n\t\t\t\t\t<div class=\"kwayy-tst-contarea-text\">Cl\u00ednica com profissionais de excel\u00eancia e um espa\u00e7o fant\u00e1stico (...) Sou seguida neste momento pela terapeuta de medicina tradicional chinesa Tatiana Calv\u00e3o Sousa na minha segunda gravidez e tal como na primeira, s\u00f3 estas sess\u00f5es acalmam a minha dor lombar e o stress acumulado. Muito obrigada pelo vosso profissionalismo!<\/div>\r\n\t\t\t\t\t\r\n\t\t\t\t<\/div><footer> <div class=\"kwayy-testimonial-img\"><img loading=\"lazy\" decoding=\"async\" width=\"60\" height=\"60\" src=\"https:\/\/clinicamedicadoporto.pt\/staging\/wp-content\/uploads\/2020\/08\/Ine\u0302s-Silva-2-e1604517896760.jpg\" class=\"attachment-thumbnail size-thumbnail wp-post-image\" alt=\"Ine\u0302s-Silva-testemunho-clinica-medica-do-porto\" \/><\/div> <cite class=\"kwayy-testimonial-title\">In\u00eas Silva<span class=\"kwayy-testimonial-designation\">Utente da Cl\u00ednica M\u00e9dica do Porto<\/span><\/cite><\/footer><\/blockquote><\/div>\n\t<\/div>\n\t<div class=\"kwayy-testimonial-box \"><div class=\"kwayy-testimonial-data\"><blockquote class=\"kwayy-testimonial-text\">\r\n\t\t\t\t<div class=\"contarea\">\t\t\t\t\t\r\n\t\t\t\t\t<div class=\"kwayy-tst-contarea-text\">Uma cl\u00ednica que tem um \u00f3ptimo servi\u00e7o que abrange toda a fam\u00edlia, num ambiente profissional e ao mesmo tempo familiar.<\/div>\r\n\t\t\t\t\t\r\n\t\t\t\t<\/div><footer> <div class=\"kwayy-testimonial-img\"><img loading=\"lazy\" decoding=\"async\" width=\"60\" height=\"60\" src=\"https:\/\/clinicamedicadoporto.pt\/staging\/wp-content\/uploads\/2020\/08\/jose\u0301-ame\u0301rico-nogueira-e1604517988346.jpg\" class=\"attachment-thumbnail size-thumbnail wp-post-image\" alt=\"Testemunho de Utente da Cl\u00ednica Jos\u00e9 Nogueira\" \/><\/div> <cite class=\"kwayy-testimonial-title\">Jos\u00e9 Nogueira<span class=\"kwayy-testimonial-designation\">Utente da Cl\u00ednica M\u00e9dica do Porto<\/span><\/cite><\/footer><\/blockquote><\/div>\n\t<\/div>\n\t<div class=\"kwayy-testimonial-box \"><div class=\"kwayy-testimonial-data\"><blockquote class=\"kwayy-testimonial-text\">\r\n\t\t\t\t<div class=\"contarea\">\t\t\t\t\t\r\n\t\t\t\t\t<div class=\"kwayy-tst-contarea-text\">Atendimento excelente. Profissionalismo.<\/div>\r\n\t\t\t\t\t\r\n\t\t\t\t<\/div><footer> <div class=\"kwayy-testimonial-img\"><img loading=\"lazy\" decoding=\"async\" width=\"60\" height=\"60\" src=\"https:\/\/clinicamedicadoporto.pt\/staging\/wp-content\/uploads\/2019\/08\/perfil-clinica-medica-do-porto-1-e1604515187835.png\" class=\"attachment-thumbnail size-thumbnail wp-post-image\" alt=\"Imagem-generica-clinica-medica-do-porto\" \/><\/div> <cite class=\"kwayy-testimonial-title\">Judite Marques<span class=\"kwayy-testimonial-designation\">Utente da Cl\u00ednica M\u00e9dica do Porto<\/span><\/cite><\/footer><\/blockquote><\/div>\n\t<\/div>\n\t<div class=\"kwayy-testimonial-box \"><div class=\"kwayy-testimonial-data\"><blockquote class=\"kwayy-testimonial-text\">\r\n\t\t\t\t<div class=\"contarea\">\t\t\t\t\t\r\n\t\t\t\t\t<div class=\"kwayy-tst-contarea-text\">Profissionalismo irrepreens\u00edvel. recorri ao Osteopata Pedi\u00e1trico Tiago Monteiro...adorei a forma como tratou e manipulou o Baby T respeitando sempre o seu tempo e com a sua \" permiss\u00e3o\" (...)<\/div>\r\n\t\t\t\t\t\r\n\t\t\t\t<\/div><footer> <div class=\"kwayy-testimonial-img\"><img loading=\"lazy\" decoding=\"async\" width=\"60\" height=\"60\" src=\"https:\/\/clinicamedicadoporto.pt\/staging\/wp-content\/uploads\/2020\/06\/Sofia-Pereira-comentario-clinica-medica-do-porto-copy-e1604518005912.jpg\" class=\"attachment-thumbnail size-thumbnail wp-post-image\" alt=\"Sofia Pereita Testemunho - Clinica M\u00e9dica do Porto\" \/><\/div> <cite class=\"kwayy-testimonial-title\">Sofia Pereira<span class=\"kwayy-testimonial-designation\">Utente da Cl\u00ednica M\u00e9dica do Porto<\/span><\/cite><\/footer><\/blockquote><\/div>\n\t<\/div>\n\t<div class=\"kwayy-testimonial-box \"><div class=\"kwayy-testimonial-data\"><blockquote class=\"kwayy-testimonial-text\">\r\n\t\t\t\t<div class=\"contarea\">\t\t\t\t\t\r\n\t\t\t\t\t<div class=\"kwayy-tst-contarea-text\">Simpatia, profissionalismo. Atendimento 5 estrelas.<\/div>\r\n\t\t\t\t\t\r\n\t\t\t\t<\/div><footer> <div class=\"kwayy-testimonial-img\"><img loading=\"lazy\" decoding=\"async\" width=\"60\" height=\"60\" src=\"https:\/\/clinicamedicadoporto.pt\/staging\/wp-content\/uploads\/2020\/03\/catarina-costa-testemunho-clinica-medica-do-porto-e1604518054221.jpg\" class=\"attachment-thumbnail size-thumbnail wp-post-image\" alt=\"catarina-costa-testemunho-clinica-medica-do-porto\" \/><\/div> <cite class=\"kwayy-testimonial-title\">Catarina Costa<span class=\"kwayy-testimonial-designation\">Utente da Cl\u00ednica M\u00e9dica do Porto<\/span><\/cite><\/footer><\/blockquote><\/div>\n\t<\/div>\n\t<div class=\"kwayy-testimonial-box \"><div class=\"kwayy-testimonial-data\"><blockquote class=\"kwayy-testimonial-text\">\r\n\t\t\t\t<div class=\"contarea\">\t\t\t\t\t\r\n\t\t\t\t\t<div class=\"kwayy-tst-contarea-text\">Um espa\u00e7o para o corpo e para a mente, recomendo!<\/div>\r\n\t\t\t\t\t\r\n\t\t\t\t<\/div><footer> <div class=\"kwayy-testimonial-img\"><img loading=\"lazy\" decoding=\"async\" width=\"60\" height=\"60\" src=\"https:\/\/clinicamedicadoporto.pt\/staging\/wp-content\/uploads\/2020\/03\/isabel-silva-testemunho-clinica-medica-do-porto-e1604518073621.jpg\" class=\"attachment-thumbnail size-thumbnail wp-post-image\" alt=\"isabel-silva-testemunho-clinica-medica-do-porto\" \/><\/div> <cite class=\"kwayy-testimonial-title\">Isabel Silva<span class=\"kwayy-testimonial-designation\">Utente da Cl\u00ednica M\u00e9dica do Porto<\/span><\/cite><\/footer><\/blockquote><\/div>\n\t<\/div>\n\t<div class=\"kwayy-testimonial-box \"><div class=\"kwayy-testimonial-data\"><blockquote class=\"kwayy-testimonial-text\">\r\n\t\t\t\t<div class=\"contarea\">\t\t\t\t\t\r\n\t\t\t\t\t<div class=\"kwayy-tst-contarea-text\">Profissionalismo e simpatia.<\/div>\r\n\t\t\t\t\t\r\n\t\t\t\t<\/div><footer> <div class=\"kwayy-testimonial-img\"><img loading=\"lazy\" decoding=\"async\" width=\"60\" height=\"60\" src=\"https:\/\/clinicamedicadoporto.pt\/staging\/wp-content\/uploads\/2020\/03\/catia-brandao-testemunho-clinica-medica-do-porto-e1604518097912.jpg\" class=\"attachment-thumbnail size-thumbnail wp-post-image\" alt=\"catia-brandao-testemunho-clinica-medica-do-porto\" \/><\/div> <cite class=\"kwayy-testimonial-title\">C\u00e1tia Brand\u00e3o<span class=\"kwayy-testimonial-designation\">Utente da Cl\u00ednica M\u00e9dica do Porto<\/span><\/cite><\/footer><\/blockquote><\/div>\n\t<\/div>\n\t<div class=\"kwayy-testimonial-box \"><div class=\"kwayy-testimonial-data\"><blockquote class=\"kwayy-testimonial-text\">\r\n\t\t\t\t<div class=\"contarea\">\t\t\t\t\t\r\n\t\t\t\t\t<div class=\"kwayy-tst-contarea-text\">Excelentes profissionais! Dedica\u00e7\u00e3o extrema aos pacientes!<\/div>\r\n\t\t\t\t\t\r\n\t\t\t\t<\/div><footer> <div class=\"kwayy-testimonial-img\"><img loading=\"lazy\" decoding=\"async\" width=\"60\" height=\"60\" src=\"https:\/\/clinicamedicadoporto.pt\/staging\/wp-content\/uploads\/2020\/03\/rita-monteiro-testemunho-clinica-medica-do-porto-e1604518114821.jpg\" class=\"attachment-thumbnail size-thumbnail wp-post-image\" alt=\"rita-monteiro-testemunho-clinica-medica-do-porto\" \/><\/div> <cite class=\"kwayy-testimonial-title\">Rita Monteiro<span class=\"kwayy-testimonial-designation\">Utente da Cl\u00ednica M\u00e9dica do Porto<\/span><\/cite><\/footer><\/blockquote><\/div>\n\t<\/div>\n\t<div class=\"kwayy-testimonial-box \"><div class=\"kwayy-testimonial-data\"><blockquote class=\"kwayy-testimonial-text\">\r\n\t\t\t\t<div class=\"contarea\">\t\t\t\t\t\r\n\t\t\t\t\t<div class=\"kwayy-tst-contarea-text\">Simpatia e profissionalismo!<\/div>\r\n\t\t\t\t\t\r\n\t\t\t\t<\/div><footer> <div class=\"kwayy-testimonial-img\"><img loading=\"lazy\" decoding=\"async\" width=\"60\" height=\"60\" src=\"https:\/\/clinicamedicadoporto.pt\/staging\/wp-content\/uploads\/2020\/03\/ana-paiva-testemunhos-clinica-medica-do-porto-e1604518196434.jpg\" class=\"attachment-thumbnail size-thumbnail wp-post-image\" alt=\"ana-paiva-testemunhos-clinica-medica-do-porto\" \/><\/div> <cite class=\"kwayy-testimonial-title\">Ana Paiva<span class=\"kwayy-testimonial-designation\">Utente da Cl\u00ednica M\u00e9dica do Porto<\/span><\/cite><\/footer><\/blockquote><\/div>\n\t<\/div>\n\t<div class=\"kwayy-testimonial-box \"><div class=\"kwayy-testimonial-data\"><blockquote class=\"kwayy-testimonial-text\">\r\n\t\t\t\t<div class=\"contarea\">\t\t\t\t\t\r\n\t\t\t\t\t<div class=\"kwayy-tst-contarea-text\">Excelentes profissionais com grande variedade de servi\u00e7os de sa\u00fade<\/div>\r\n\t\t\t\t\t\r\n\t\t\t\t<\/div><footer> <div class=\"kwayy-testimonial-img\"><img loading=\"lazy\" decoding=\"async\" width=\"96\" height=\"96\" src=\"https:\/\/clinicamedicadoporto.pt\/staging\/wp-content\/uploads\/2020\/02\/Bruno-Alves-comentario-clinica-medica-porto.jpg\" class=\"attachment-thumbnail size-thumbnail wp-post-image\" alt=\"Bruno-Alves-comentario-clinica-medica-porto\" \/><\/div> <cite class=\"kwayy-testimonial-title\">Bruno Alves<span class=\"kwayy-testimonial-designation\">Utente da Cl\u00ednica M\u00e9dica do Porto<\/span><\/cite><\/footer><\/blockquote><\/div>\n\t<\/div>\n\t<div class=\"kwayy-testimonial-box \"><div class=\"kwayy-testimonial-data\"><blockquote class=\"kwayy-testimonial-text\">\r\n\t\t\t\t<div class=\"contarea\">\t\t\t\t\t\r\n\t\t\t\t\t<div class=\"kwayy-tst-contarea-text\">Desde o meu 4\u00ba m\u00eas de gravidez fiz sess\u00f5es com a terapeuta Tatiana e que bem que me fizeram. Se n\u00e3o fosse isso a ajudar a resolver a minha ci\u00e1tica, n\u00e3o teria aguentado a gravidez de p\u00e9 at\u00e9 ao fim!<\/div>\r\n\t\t\t\t\t\r\n\t\t\t\t<\/div><footer> <div class=\"kwayy-testimonial-img\"><img loading=\"lazy\" decoding=\"async\" width=\"60\" height=\"60\" src=\"https:\/\/clinicamedicadoporto.pt\/staging\/wp-content\/uploads\/2019\/08\/catia-felix-testemunho-clinica-medica-do-porto-e1604518402653.jpg\" class=\"attachment-thumbnail size-thumbnail wp-post-image\" alt=\"catia-felix-testemunho-clinica-medica-do-porto\" \/><\/div> <cite class=\"kwayy-testimonial-title\">C\u00e1tia Felix<span class=\"kwayy-testimonial-designation\">Paciente da Cl\u00ednica M\u00e9dica do Porto<\/span><\/cite><\/footer><\/blockquote><\/div>\n\t<\/div>\n\t<div class=\"kwayy-testimonial-box \"><div class=\"kwayy-testimonial-data\"><blockquote class=\"kwayy-testimonial-text\">\r\n\t\t\t\t<div class=\"contarea\">\t\t\t\t\t\r\n\t\t\t\t\t<div class=\"kwayy-tst-contarea-text\">Profissionalismo, pontualidade, especialidades, simpatia 100%<\/div>\r\n\t\t\t\t\t\r\n\t\t\t\t<\/div><footer> <div class=\"kwayy-testimonial-img\"><img loading=\"lazy\" decoding=\"async\" width=\"60\" height=\"60\" src=\"https:\/\/clinicamedicadoporto.pt\/staging\/wp-content\/uploads\/2019\/08\/perfil-clinica-medica-do-porto-e1604516538844.png\" class=\"attachment-thumbnail size-thumbnail wp-post-image\" alt=\"Testemunho-clinica-medica-do-porto\" \/><\/div> <cite class=\"kwayy-testimonial-title\">Susana Melo<span class=\"kwayy-testimonial-designation\">Paciente da Cl\u00ednica M\u00e9dica do Porto<\/span><\/cite><\/footer><\/blockquote><\/div>\n\t<\/div>\n\t<div class=\"kwayy-testimonial-box \"><div class=\"kwayy-testimonial-data\"><blockquote class=\"kwayy-testimonial-text\">\r\n\t\t\t\t<div class=\"contarea\">\t\t\t\t\t\r\n\t\t\t\t\t<div class=\"kwayy-tst-contarea-text\">Um \u00f3ptimo acolhimento por toda a equipa. Muito profissionais, simp\u00e1ticos e com servi\u00e7os prestados de forma muito humanizada.<\/div>\r\n\t\t\t\t\t\r\n\t\t\t\t<\/div><footer> <div class=\"kwayy-testimonial-img\"><img loading=\"lazy\" decoding=\"async\" width=\"60\" height=\"60\" src=\"https:\/\/clinicamedicadoporto.pt\/staging\/wp-content\/uploads\/2019\/08\/vera-teixeira-testemunho-clinica-medica-do-porto-e1604518276413.jpg\" class=\"attachment-thumbnail size-thumbnail wp-post-image\" alt=\"vera-teixeira-testemunho-clinica-medica-do-porto\" \/><\/div> <cite class=\"kwayy-testimonial-title\">Vera Teixeira<span class=\"kwayy-testimonial-designation\">M\u00e3e do beb\u00e9 J.<\/span><\/cite><\/footer><\/blockquote><\/div>\n\t<\/div>\n\t<div class=\"kwayy-testimonial-box \"><div class=\"kwayy-testimonial-data\"><blockquote class=\"kwayy-testimonial-text\">\r\n\t\t\t\t<div class=\"contarea\">\t\t\t\t\t\r\n\t\t\t\t\t<div class=\"kwayy-tst-contarea-text\">H\u00e1 muito tempo procurava uma cl\u00ednica assim! Gratid\u00e3o pelo trabalho com minha irm\u00e3 e agora comigo! <a href=\"https:\/\/www.google.com\/maps\/contrib\/109204381814089835556\/reviews\/@41.1572663,-8.6437935,17z\/data=!3m1!4b1!4m3!8m2!3m1!1e1\" rel=\"noopener noreferrer\" target=\"_blank\">ler mais<\/a>\r\n<\/div>\r\n\t\t\t\t\t\r\n\t\t\t\t<\/div><footer> <div class=\"kwayy-testimonial-img\"><img loading=\"lazy\" decoding=\"async\" width=\"60\" height=\"60\" src=\"https:\/\/clinicamedicadoporto.pt\/staging\/wp-content\/uploads\/2019\/08\/perfil-clinica-medica-do-porto-e1604516538844.png\" class=\"attachment-thumbnail size-thumbnail wp-post-image\" alt=\"Testemunho-clinica-medica-do-porto\" \/><\/div> <cite class=\"kwayy-testimonial-title\">T\u00e2nia Elis<span class=\"kwayy-testimonial-designation\">Paciente da Cl\u00ednica M\u00e9dica do Porto<\/span><\/cite><\/footer><\/blockquote><\/div>\n\t<\/div>\n\t<div class=\"kwayy-testimonial-box \"><div class=\"kwayy-testimonial-data\"><blockquote class=\"kwayy-testimonial-text\">\r\n\t\t\t\t<div class=\"contarea\">\t\t\t\t\t\r\n\t\t\t\t\t<div class=\"kwayy-tst-contarea-text\">Bons profissionais. Recomendo.<\/div>\r\n\t\t\t\t\t\r\n\t\t\t\t<\/div><footer> <div class=\"kwayy-testimonial-img\"><img loading=\"lazy\" decoding=\"async\" width=\"60\" height=\"60\" src=\"https:\/\/clinicamedicadoporto.pt\/staging\/wp-content\/uploads\/2019\/08\/sonia-morais-testemunho-clinica-medica-do-porto-e1604518284422.jpg\" class=\"attachment-thumbnail size-thumbnail wp-post-image\" alt=\"sonia-morais-testemunho-clinica-medica-do-porto\" \/><\/div> <cite class=\"kwayy-testimonial-title\">S\u00f3nia Morais<span class=\"kwayy-testimonial-designation\">Paciente da Cl\u00ednica M\u00e9dica do Porto<\/span><\/cite><\/footer><\/blockquote><\/div>\n\t<\/div>\n\t<div class=\"kwayy-testimonial-box \"><div class=\"kwayy-testimonial-data\"><blockquote class=\"kwayy-testimonial-text\">\r\n\t\t\t\t<div class=\"contarea\">\t\t\t\t\t\r\n\t\t\t\t\t<div class=\"kwayy-tst-contarea-text\">Gostei do profissionalismo e compet\u00eancia demonstrada.\r\nAcredito que s\u00e3o uma solu\u00e7\u00e3o para os problemas com que me deparei tendo sido transparentes nas solu\u00e7\u00f5es apresentadas! Pontualidade e ambiente acolhedor!<\/div>\r\n\t\t\t\t\t\r\n\t\t\t\t<\/div><footer> <div class=\"kwayy-testimonial-img\"><img loading=\"lazy\" decoding=\"async\" width=\"60\" height=\"60\" src=\"https:\/\/clinicamedicadoporto.pt\/staging\/wp-content\/uploads\/2019\/08\/Rui-pereira-testemunho-clinica-medica-do-porto-e1604518294303.jpg\" class=\"attachment-thumbnail size-thumbnail wp-post-image\" alt=\"Rui-pereira-testemunho-clinica-medica-do-porto\" \/><\/div> <cite class=\"kwayy-testimonial-title\">Rui Pereira<span class=\"kwayy-testimonial-designation\">Paciente da Cl\u00ednica M\u00e9dica do Porto<\/span><\/cite><\/footer><\/blockquote><\/div>\n\t<\/div>\n\t<div class=\"kwayy-testimonial-box \"><div class=\"kwayy-testimonial-data\"><blockquote class=\"kwayy-testimonial-text\">\r\n\t\t\t\t<div class=\"contarea\">\t\t\t\t\t\r\n\t\t\t\t\t<div class=\"kwayy-tst-contarea-text\">Um espa\u00e7o que reune excelentes profissionais onde a simpatia \u00e9 o cart\u00e3o de boas-vindas. Obrigada em especial \u00e0 terapeuta Tatiana Sousa. Bem-hajam e continuem o \u00f3timo trabalho.<\/div>\r\n\t\t\t\t\t\r\n\t\t\t\t<\/div><footer> <div class=\"kwayy-testimonial-img\"><img loading=\"lazy\" decoding=\"async\" width=\"60\" height=\"60\" src=\"https:\/\/clinicamedicadoporto.pt\/staging\/wp-content\/uploads\/2019\/08\/raquel-vilares-testemunho-clinica-medica-do-porto-e1604518379616.jpg\" class=\"attachment-thumbnail size-thumbnail wp-post-image\" alt=\"raquel-vilares-testemunho-clinica-medica-do-porto\" \/><\/div> <cite class=\"kwayy-testimonial-title\">Raquel Vilares<span class=\"kwayy-testimonial-designation\">Paciente da Cl\u00ednica M\u00e9dica do Porto<\/span><\/cite><\/footer><\/blockquote><\/div>\n\t<\/div>\n\t<div class=\"kwayy-testimonial-box \"><div class=\"kwayy-testimonial-data\"><blockquote class=\"kwayy-testimonial-text\">\r\n\t\t\t\t<div class=\"contarea\">\t\t\t\t\t\r\n\t\t\t\t\t<div class=\"kwayy-tst-contarea-text\">Amazing staff- very knowleadgable. Highly recommend this clinica. \ud83d\udc4c\ud83c\udffc<\/div>\r\n\t\t\t\t\t\r\n\t\t\t\t<\/div><footer> <div class=\"kwayy-testimonial-img\"><img loading=\"lazy\" decoding=\"async\" width=\"60\" height=\"60\" src=\"https:\/\/clinicamedicadoporto.pt\/staging\/wp-content\/uploads\/2019\/08\/Maria-Duenas-testemunho-clinica-medica-do-porto-e1604518335901.jpg\" class=\"attachment-thumbnail size-thumbnail wp-post-image\" alt=\"Maria-Duenas-testemunho-clinica-medica-do-porto\" \/><\/div> <cite class=\"kwayy-testimonial-title\">Maria Duenas<span class=\"kwayy-testimonial-designation\">Paciente da Cl\u00ednica M\u00e9dica do Porto<\/span><\/cite><\/footer><\/blockquote><\/div>\n\t<\/div>\n\t<div class=\"kwayy-testimonial-box \"><div class=\"kwayy-testimonial-data\"><blockquote class=\"kwayy-testimonial-text\">\r\n\t\t\t\t<div class=\"contarea\">\t\t\t\t\t\r\n\t\t\t\t\t<div class=\"kwayy-tst-contarea-text\">Andava h\u00e1 procura de uma solu\u00e7\u00e3o que passasse pela acupuntura (...) estou super contente pela forma como tenho sido tratado (...) recomendo vivamente esta Cl\u00ednica<\/div>\r\n\t\t\t\t\t\r\n\t\t\t\t<\/div><footer> <div class=\"kwayy-testimonial-img\"><img loading=\"lazy\" decoding=\"async\" width=\"60\" height=\"60\" src=\"https:\/\/clinicamedicadoporto.pt\/staging\/wp-content\/uploads\/2019\/08\/Diamantino-silva-testemunho-clinica-medica-do-porto-e1604518391673.jpg\" class=\"attachment-thumbnail size-thumbnail wp-post-image\" alt=\"Diamantino-Silva-testemunho-clinica-medica-do-porto\" \/><\/div> <cite class=\"kwayy-testimonial-title\">Diamantino Silva<span class=\"kwayy-testimonial-designation\">Paciente da Cl\u00ednica M\u00e9dica do Porto<\/span><\/cite><\/footer><\/blockquote><\/div>\n\t<\/div>\n\t<div class=\"kwayy-testimonial-box \"><div class=\"kwayy-testimonial-data\"><blockquote class=\"kwayy-testimonial-text\">\r\n\t\t\t\t<div class=\"contarea\">\t\t\t\t\t\r\n\t\t\t\t\t<div class=\"kwayy-tst-contarea-text\">Grupo de profissionais muito competentes. Dou especial elogio ao trabalho da terapeuta Tatiana Calv\u00e3o Sousa que tanto me ajudou.<\/div>\r\n\t\t\t\t\t\r\n\t\t\t\t<\/div><footer> <div class=\"kwayy-testimonial-img\"><img loading=\"lazy\" decoding=\"async\" width=\"60\" height=\"60\" src=\"https:\/\/clinicamedicadoporto.pt\/staging\/wp-content\/uploads\/2019\/08\/catia-felix-testemunho-clinica-medica-do-porto-e1604518402653.jpg\" class=\"attachment-thumbnail size-thumbnail wp-post-image\" alt=\"catia-felix-testemunho-clinica-medica-do-porto\" \/><\/div> <cite class=\"kwayy-testimonial-title\">C\u00e1tia Felix<span class=\"kwayy-testimonial-designation\">Paciente da Cl\u00ednica M\u00e9dica do Porto<\/span><\/cite><\/footer><\/blockquote><\/div>\n\t<\/div>\n\t<div class=\"kwayy-testimonial-box \"><div class=\"kwayy-testimonial-data\"><blockquote class=\"kwayy-testimonial-text\">\r\n\t\t\t\t<div class=\"contarea\">\t\t\t\t\t\r\n\t\t\t\t\t<div class=\"kwayy-tst-contarea-text\">Os melhores.<\/div>\r\n\t\t\t\t\t\r\n\t\t\t\t<\/div><footer> <div class=\"kwayy-testimonial-img\"><img loading=\"lazy\" decoding=\"async\" width=\"60\" height=\"60\" src=\"https:\/\/clinicamedicadoporto.pt\/staging\/wp-content\/uploads\/2019\/08\/admilo-ribeiro-testemunho-clinica-medica-do-porto-e1604518405184.jpg\" class=\"attachment-thumbnail size-thumbnail wp-post-image\" alt=\"Admilo Ribeiro - Testemunho - Cl\u00ednica M\u00e9dica do Porto\" \/><\/div> <cite class=\"kwayy-testimonial-title\">Admilo Ribeiro<span class=\"kwayy-testimonial-designation\">Paciente da Cl\u00ednica M\u00e9dica do Porto<\/span><\/cite><\/footer><\/blockquote><\/div>\n\t<\/div>\n\t<div class=\"kwayy-testimonial-box \"><div class=\"kwayy-testimonial-data\"><blockquote class=\"kwayy-testimonial-text\">\r\n\t\t\t\t<div class=\"contarea\">\t\t\t\t\t\r\n\t\t\t\t\t<div class=\"kwayy-tst-contarea-text\">Espa\u00e7o muito bonito e acolhedor, excelente organiza\u00e7\u00e3o e agenda \ud83d\udc4d Simpatia e profissionalismo top \ud83d\udc4c<\/div>\r\n\t\t\t\t\t\r\n\t\t\t\t<\/div><footer> <div class=\"kwayy-testimonial-img\"><img loading=\"lazy\" decoding=\"async\" width=\"60\" height=\"60\" src=\"https:\/\/clinicamedicadoporto.pt\/staging\/wp-content\/uploads\/2019\/07\/vera-morgado-testemunho-clinica-medica-porto-e1604518447666.jpg\" class=\"attachment-thumbnail size-thumbnail wp-post-image\" alt=\"vera-morgado-testemunho-clinica-medica-porto\" \/><\/div> <cite class=\"kwayy-testimonial-title\">Vera Morgado<span class=\"kwayy-testimonial-designation\">Paciente da Cl\u00ednica M\u00e9dica do Porto<\/span><\/cite><\/footer><\/blockquote><\/div>\n\t<\/div>\n\t<div class=\"kwayy-testimonial-box \"><div class=\"kwayy-testimonial-data\"><blockquote class=\"kwayy-testimonial-text\">\r\n\t\t\t\t<div class=\"contarea\">\t\t\t\t\t\r\n\t\t\t\t\t<div class=\"kwayy-tst-contarea-text\">Contactamos a Cl\u00ednica, procurando osteopatia pedi\u00e1trica que precisavamos, com urg\u00eancia, para a nossa beb\u00e9, que sofria de refluxo. Encontramos boas refer\u00eancias relativas ao terapeuta Tiago Monteiro e n\u00e3o nos arrependemos. Para al\u00e9m do profissionalismo, foi de um cuidado e aten\u00e7\u00e3o extremas e o resultado foi imediato na qualidade de vida e bem estar da nossa beb\u00e9.\r\nO acompanhamento \u00e9 irrepreens\u00edvel! Recomendamos e agradecemos!<\/div>\r\n\t\t\t\t\t\r\n\t\t\t\t<\/div><footer> <div class=\"kwayy-testimonial-img\"><img loading=\"lazy\" decoding=\"async\" width=\"60\" height=\"60\" src=\"https:\/\/clinicamedicadoporto.pt\/staging\/wp-content\/uploads\/2019\/06\/Cecilia-Barbosa-Testemunho-Clinica-Medica-do-Porto-e1604518452400.jpg\" class=\"attachment-thumbnail size-thumbnail wp-post-image\" alt=\"Cecilia-Barbosa-Testemunho-Clinica-Medica-do-Porto\" \/><\/div> <cite class=\"kwayy-testimonial-title\"><a href=\"http:\/\/www.135milimetros.pt\/\" target=\"_blank\" rel=\"noopener\">Cec\u00edlia Barbosa<\/a><span class=\"kwayy-testimonial-designation\">M\u00e3e da beb\u00e9 M<\/span><\/cite><\/footer><\/blockquote><\/div>\n\t<\/div>\n\t<div class=\"kwayy-testimonial-box \"><div class=\"kwayy-testimonial-data\"><blockquote class=\"kwayy-testimonial-text\">\r\n\t\t\t\t<div class=\"contarea\">\t\t\t\t\t\r\n\t\t\t\t\t<div class=\"kwayy-tst-contarea-text\">Uma abordagem profissional e virada para a r\u00e1pida recupera\u00e7\u00e3o.\r\nRecomendo a todos que tenham algum problema que necessite de fisioterapia.<\/div>\r\n\t\t\t\t\t\r\n\t\t\t\t<\/div><footer> <div class=\"kwayy-testimonial-img\"><img loading=\"lazy\" decoding=\"async\" width=\"60\" height=\"60\" src=\"https:\/\/clinicamedicadoporto.pt\/staging\/wp-content\/uploads\/2019\/05\/goncalo-magalhaes-testemunho-clincia-medica-do-porto-e1604518456547.jpg\" class=\"attachment-thumbnail size-thumbnail wp-post-image\" alt=\"goncalo-magalhaes-testemunho-clincia-medica-do-porto\" \/><\/div> <cite class=\"kwayy-testimonial-title\">Gon\u00e7alo Magalh\u00e3es<span class=\"kwayy-testimonial-designation\">Paciente da Cl\u00ednica M\u00e9dica do Porto<\/span><\/cite><\/footer><\/blockquote><\/div>\n\t<\/div>\n\t<div class=\"kwayy-testimonial-box \"><div class=\"kwayy-testimonial-data\"><blockquote class=\"kwayy-testimonial-text\">\r\n\t\t\t\t<div class=\"contarea\">\t\t\t\t\t\r\n\t\t\t\t\t<div class=\"kwayy-tst-contarea-text\">Uma equipa profissional e competente, mas, sobretudo, marcando a diferen\u00e7a pela disponibilidade, carinho, aten\u00e7\u00e3o e cordialidade.<\/div>\r\n\t\t\t\t\t\r\n\t\t\t\t<\/div><footer> <div class=\"kwayy-testimonial-img\"><img loading=\"lazy\" decoding=\"async\" width=\"96\" height=\"96\" src=\"https:\/\/clinicamedicadoporto.pt\/staging\/wp-content\/uploads\/2018\/11\/ana-homet-comentario-clinica-medic-do-porto-150x150.jpg\" class=\"attachment-thumbnail size-thumbnail wp-post-image\" alt=\"ana-homet-comentario-clinica-medica-do-porto\" srcset=\"https:\/\/clinicamedicadoporto.pt\/staging\/wp-content\/uploads\/2018\/11\/ana-homet-comentario-clinica-medic-do-porto-150x150.jpg 150w, https:\/\/clinicamedicadoporto.pt\/staging\/wp-content\/uploads\/2018\/11\/ana-homet-comentario-clinica-medic-do-porto-300x300.jpg 300w, https:\/\/clinicamedicadoporto.pt\/staging\/wp-content\/uploads\/2018\/11\/ana-homet-comentario-clinica-medic-do-porto-e1604518589665.jpg 60w\" sizes=\"auto, (max-width: 96px) 100vw, 96px\" \/><\/div> <cite class=\"kwayy-testimonial-title\">Ana Homet<span class=\"kwayy-testimonial-designation\">Paciente da Cl\u00ednica M\u00e9dica do Porto<\/span><\/cite><\/footer><\/blockquote><\/div>\n\t<\/div>\n\t<div class=\"kwayy-testimonial-box \"><div class=\"kwayy-testimonial-data\"><blockquote class=\"kwayy-testimonial-text\">\r\n\t\t\t\t<div class=\"contarea\">\t\t\t\t\t\r\n\t\t\t\t\t<div class=\"kwayy-tst-contarea-text\">\u2026 precisava de direccionar as minhas necessidades para uma cl\u00ednica apoiada n\u00e3o s\u00f3 por m\u00e9dicos competentes, mas tamb\u00e9m com alternativas de tratamento adequadas ao meu caso\u2026\r\n<a href=\"https:\/\/www.facebook.com\/permalink.php?story_fbid=10157685865350410&amp;id=626105409&amp;__tn__=C-R\" target=\"_blank\" rel=\"noopener noreferrer\">ler mais<\/a><\/div>\r\n\t\t\t\t\t\r\n\t\t\t\t<\/div><footer> <div class=\"kwayy-testimonial-img\"><img loading=\"lazy\" decoding=\"async\" width=\"96\" height=\"96\" src=\"https:\/\/clinicamedicadoporto.pt\/staging\/wp-content\/uploads\/2018\/09\/Maria-Letra-Testemunho-clinica-medica-do-porto-150x150.jpg\" class=\"attachment-thumbnail size-thumbnail wp-post-image\" alt=\"Maria-Letra-Testemunho-clinica-medica-do-porto\" srcset=\"https:\/\/clinicamedicadoporto.pt\/staging\/wp-content\/uploads\/2018\/09\/Maria-Letra-Testemunho-clinica-medica-do-porto-150x150.jpg 150w, https:\/\/clinicamedicadoporto.pt\/staging\/wp-content\/uploads\/2018\/09\/Maria-Letra-Testemunho-clinica-medica-do-porto-300x300.jpg 300w, https:\/\/clinicamedicadoporto.pt\/staging\/wp-content\/uploads\/2018\/09\/Maria-Letra-Testemunho-clinica-medica-do-porto-e1604518597923.jpg 60w\" sizes=\"auto, (max-width: 96px) 100vw, 96px\" \/><\/div> <cite class=\"kwayy-testimonial-title\">Maria Letra<span class=\"kwayy-testimonial-designation\">Paciente da Cl\u00ednica M\u00e9dica do Porto<\/span><\/cite><\/footer><\/blockquote><\/div>\n\t<\/div>\n\t<div class=\"kwayy-testimonial-box \"><div class=\"kwayy-testimonial-data\"><blockquote class=\"kwayy-testimonial-text\">\r\n\t\t\t\t<div class=\"contarea\">\t\t\t\t\t\r\n\t\t\t\t\t<div class=\"kwayy-tst-contarea-text\">Fran\u00e7ais en week-end \u00e0 Porto. (\u2026) Pour avoir eu recours de nombreuses fois des ost\u00e9opathes, nous recommandons absolument la clinique pour son accueil, ses comp\u00e9tences et ses tarifs.<\/div>\r\n\t\t\t\t\t\r\n\t\t\t\t<\/div><footer> <div class=\"kwayy-testimonial-img\"><img loading=\"lazy\" decoding=\"async\" width=\"96\" height=\"96\" src=\"https:\/\/clinicamedicadoporto.pt\/staging\/wp-content\/uploads\/2018\/07\/perfil-clinica-medica-do-porto-150x150.png\" class=\"attachment-thumbnail size-thumbnail wp-post-image\" alt=\"perfil-feminino-clinica-medica-do-porto\" srcset=\"https:\/\/clinicamedicadoporto.pt\/staging\/wp-content\/uploads\/2018\/07\/perfil-clinica-medica-do-porto-150x150.png 150w, https:\/\/clinicamedicadoporto.pt\/staging\/wp-content\/uploads\/2018\/07\/perfil-clinica-medica-do-porto-300x300.png 300w, https:\/\/clinicamedicadoporto.pt\/staging\/wp-content\/uploads\/2018\/07\/perfil-clinica-medica-do-porto-e1604515282169.png 60w\" sizes=\"auto, (max-width: 96px) 100vw, 96px\" \/><\/div> <cite class=\"kwayy-testimonial-title\">Treize Mimine<span class=\"kwayy-testimonial-designation\">Paciente da Cl\u00ednica M\u00e9dica do Porto<\/span><\/cite><\/footer><\/blockquote><\/div>\n\t<\/div>\n\t<div class=\"kwayy-testimonial-box \"><div class=\"kwayy-testimonial-data\"><blockquote class=\"kwayy-testimonial-text\">\r\n\t\t\t\t<div class=\"contarea\">\t\t\t\t\t\r\n\t\t\t\t\t<div class=\"kwayy-tst-contarea-text\">Muito profissionalismo, \u00f3tima equipa, organiza\u00e7\u00e3o e simpatia! Excelente Osteopata - gra\u00e7as \u00e1s in\u00fameras t\u00e9cnicas do Tiago Monteiro fiquei sem uma dor no m\u00fasculo piriforme que me incomodava \u00e0 meses!<\/div>\r\n\t\t\t\t\t\r\n\t\t\t\t<\/div><footer> <div class=\"kwayy-testimonial-img\"><img loading=\"lazy\" decoding=\"async\" width=\"96\" height=\"96\" src=\"https:\/\/clinicamedicadoporto.pt\/staging\/wp-content\/uploads\/2018\/03\/Elisabete-Amaral-Testemunho-Clinica-Medica-do-Porto-150x150.jpg\" class=\"attachment-thumbnail size-thumbnail wp-post-image\" alt=\"Elisabete-Amaral-Testemunho-Clinica-Medica-do-Porto\" \/><\/div> <cite class=\"kwayy-testimonial-title\">Elisabete Amaral<span class=\"kwayy-testimonial-designation\">Paciente da Cl\u00ednica M\u00e9dica do Porto<\/span><\/cite><\/footer><\/blockquote><\/div>\n\t<\/div>\n\t<div class=\"kwayy-testimonial-box \"><div class=\"kwayy-testimonial-data\"><blockquote class=\"kwayy-testimonial-text\">\r\n\t\t\t\t<div class=\"contarea\">\t\t\t\t\t\r\n\t\t\t\t\t<div class=\"kwayy-tst-contarea-text\">Profissionalismo irrepreens\u00edvel, disponibilidade total e simpatia inigual\u00e1vel. N\u00e3o \u00e9 isto mesmo que todos procuramos quando est\u00e1 em causa a nossa sa\u00fade?\r\nParab\u00e9ns pelo projeto, Cl\u00ednica M\u00e9dica do Porto!<\/div>\r\n\t\t\t\t\t\r\n\t\t\t\t<\/div><footer> <div class=\"kwayy-testimonial-img\"><img loading=\"lazy\" decoding=\"async\" width=\"96\" height=\"96\" src=\"https:\/\/clinicamedicadoporto.pt\/staging\/wp-content\/uploads\/2018\/03\/Antonio-Larguesa-testemunho-clinica-medica-do-porto-150x150.jpg\" class=\"attachment-thumbnail size-thumbnail wp-post-image\" alt=\"Antonio-Larguesa-testemunho-clinica-medica-do-porto\" srcset=\"https:\/\/clinicamedicadoporto.pt\/staging\/wp-content\/uploads\/2018\/03\/Antonio-Larguesa-testemunho-clinica-medica-do-porto-150x150.jpg 150w, https:\/\/clinicamedicadoporto.pt\/staging\/wp-content\/uploads\/2018\/03\/Antonio-Larguesa-testemunho-clinica-medica-do-porto-300x300.jpg 300w, https:\/\/clinicamedicadoporto.pt\/staging\/wp-content\/uploads\/2018\/03\/Antonio-Larguesa-testemunho-clinica-medica-do-porto-e1604518884171.jpg 60w\" sizes=\"auto, (max-width: 96px) 100vw, 96px\" \/><\/div> <cite class=\"kwayy-testimonial-title\">Ant\u00f3nio Larguesa<span class=\"kwayy-testimonial-designation\">Paciente da Cl\u00ednica M\u00e9dica do Porto<\/span><\/cite><\/footer><\/blockquote><\/div>\n\t<\/div>\n\t<div class=\"kwayy-testimonial-box \"><div class=\"kwayy-testimonial-data\"><blockquote class=\"kwayy-testimonial-text\">\r\n\t\t\t\t<div class=\"contarea\">\t\t\t\t\t\r\n\t\t\t\t\t<div class=\"kwayy-tst-contarea-text\">Bastante satisfeita com os servi\u00e7os prestados pela Cl\u00ednica M\u00e9dica do Porto, especialmente com o profissionalismo, empenho e dedica\u00e7\u00e3o da Dra Tatiana. Recomendo vivamente a Cl\u00ednica M\u00e9dica do Porto.<\/div>\r\n\t\t\t\t\t\r\n\t\t\t\t<\/div><footer> <div class=\"kwayy-testimonial-img\"><img loading=\"lazy\" decoding=\"async\" width=\"96\" height=\"96\" src=\"https:\/\/clinicamedicadoporto.pt\/staging\/wp-content\/uploads\/2018\/03\/Joana-Couto-Testemunho-Clinica-Medica-do-Porto-150x150.jpg\" class=\"attachment-thumbnail size-thumbnail wp-post-image\" alt=\"Joana-Couto-Testemunho-Clinica-Medica-do-Porto\" srcset=\"https:\/\/clinicamedicadoporto.pt\/staging\/wp-content\/uploads\/2018\/03\/Joana-Couto-Testemunho-Clinica-Medica-do-Porto-150x150.jpg 150w, https:\/\/clinicamedicadoporto.pt\/staging\/wp-content\/uploads\/2018\/03\/Joana-Couto-Testemunho-Clinica-Medica-do-Porto-300x300.jpg 300w, https:\/\/clinicamedicadoporto.pt\/staging\/wp-content\/uploads\/2018\/03\/Joana-Couto-Testemunho-Clinica-Medica-do-Porto-e1605026871378.jpg 60w\" sizes=\"auto, (max-width: 96px) 100vw, 96px\" \/><\/div> <cite class=\"kwayy-testimonial-title\">Joana Couto<span class=\"kwayy-testimonial-designation\">Paciente da Cl\u00ednica M\u00e9dica do Porto<\/span><\/cite><\/footer><\/blockquote><\/div>\n\t<\/div>\n\t<div class=\"kwayy-testimonial-box \"><div class=\"kwayy-testimonial-data\"><blockquote class=\"kwayy-testimonial-text\">\r\n\t\t\t\t<div class=\"contarea\">\t\t\t\t\t\r\n\t\t\t\t\t<div class=\"kwayy-tst-contarea-text\">Muita simpatia, profissionalismo e atendimento super personalizado. Recomendo... A Dra Nelea \u00e9 muito dispon\u00edvel e atenta aos pacientes pequenos e \u00e0s d\u00favidas \/medos dos seus pais \ud83d\ude42<\/div>\r\n\t\t\t\t\t\r\n\t\t\t\t<\/div><footer> <div class=\"kwayy-testimonial-img\"><img loading=\"lazy\" decoding=\"async\" width=\"96\" height=\"96\" src=\"https:\/\/clinicamedicadoporto.pt\/staging\/wp-content\/uploads\/2018\/03\/Ana-Sofia-Santos-150x150.jpg\" class=\"attachment-thumbnail size-thumbnail wp-post-image\" alt=\"Ana Sofia Santos - testemunho - Cl\u00ednica M\u00e9dica do Porto\" \/><\/div> <cite class=\"kwayy-testimonial-title\">Ana Sofia Santos<span class=\"kwayy-testimonial-designation\">Paciente da Cl\u00ednica M\u00e9dica do Porto<\/span><\/cite><\/footer><\/blockquote><\/div>\n\t<\/div>\n\t<div class=\"kwayy-testimonial-box \"><div class=\"kwayy-testimonial-data\"><blockquote class=\"kwayy-testimonial-text\">\r\n\t\t\t\t<div class=\"contarea\">\t\t\t\t\t\r\n\t\t\t\t\t<div class=\"kwayy-tst-contarea-text\">Excelente acompanhamento a Dr Tatiana \u00e9 de um profissionalismo sem igual muito grata por tudo!<\/div>\r\n\t\t\t\t\t\r\n\t\t\t\t<\/div><footer> <div class=\"kwayy-testimonial-img\"><img loading=\"lazy\" decoding=\"async\" width=\"96\" height=\"96\" src=\"https:\/\/clinicamedicadoporto.pt\/staging\/wp-content\/uploads\/2018\/03\/Joana-Pinto-Testemunho-Clinica-medica-do-porto-150x150.jpg\" class=\"attachment-thumbnail size-thumbnail wp-post-image\" alt=\"Joana-Pinto-Testemunho-Clinica-medica-do-porto\" srcset=\"https:\/\/clinicamedicadoporto.pt\/staging\/wp-content\/uploads\/2018\/03\/Joana-Pinto-Testemunho-Clinica-medica-do-porto-150x150.jpg 150w, https:\/\/clinicamedicadoporto.pt\/staging\/wp-content\/uploads\/2018\/03\/Joana-Pinto-Testemunho-Clinica-medica-do-porto-300x300.jpg 300w, https:\/\/clinicamedicadoporto.pt\/staging\/wp-content\/uploads\/2018\/03\/Joana-Pinto-Testemunho-Clinica-medica-do-porto-e1604518893159.jpg 60w\" sizes=\"auto, (max-width: 96px) 100vw, 96px\" \/><\/div> <cite class=\"kwayy-testimonial-title\">Joana Pinto<span class=\"kwayy-testimonial-designation\">Paciente da Cl\u00ednica M\u00e9dica do Porto<\/span><\/cite><\/footer><\/blockquote><\/div>\n\t<\/div>\n\t<div class=\"kwayy-testimonial-box \"><div class=\"kwayy-testimonial-data\"><blockquote class=\"kwayy-testimonial-text\">\r\n\t\t\t\t<div class=\"contarea\">\t\t\t\t\t\r\n\t\t\t\t\t<div class=\"kwayy-tst-contarea-text\">Profissionais atenciosos, proactivos e com um excelente know how.\r\nObrigada \u00e0 equipa e parab\u00e9ns pelo standard elevado que mant\u00e9m!<\/div>\r\n\t\t\t\t\t\r\n\t\t\t\t<\/div><footer> <div class=\"kwayy-testimonial-img\"><img loading=\"lazy\" decoding=\"async\" width=\"96\" height=\"96\" src=\"https:\/\/clinicamedicadoporto.pt\/staging\/wp-content\/uploads\/2018\/03\/sneha-Divias-clinica-medica-do-porto-150x150.jpg\" class=\"attachment-thumbnail size-thumbnail wp-post-image\" alt=\"sneha-Divias-clinica-medica-do-porto\" srcset=\"https:\/\/clinicamedicadoporto.pt\/staging\/wp-content\/uploads\/2018\/03\/sneha-Divias-clinica-medica-do-porto-150x150.jpg 150w, https:\/\/clinicamedicadoporto.pt\/staging\/wp-content\/uploads\/2018\/03\/sneha-Divias-clinica-medica-do-porto-300x300.jpg 300w, https:\/\/clinicamedicadoporto.pt\/staging\/wp-content\/uploads\/2018\/03\/sneha-Divias-clinica-medica-do-porto-e1604518901587.jpg 60w\" sizes=\"auto, (max-width: 96px) 100vw, 96px\" \/><\/div> <cite class=\"kwayy-testimonial-title\">Sneha Divias<span class=\"kwayy-testimonial-designation\">Paciente da Cl\u00ednica M\u00e9dica do Porto<\/span><\/cite><\/footer><\/blockquote><\/div>\n\t<\/div>\n\t<div class=\"kwayy-testimonial-box \"><div class=\"kwayy-testimonial-data\"><blockquote class=\"kwayy-testimonial-text\">\r\n\t\t\t\t<div class=\"contarea\">\t\t\t\t\t\r\n\t\t\t\t\t<div class=\"kwayy-tst-contarea-text\">Procurava um Osteopata que ajudasse a minha Pequenina com o quadro sintomatol\u00f3gico de refluxo gastro-esof\u00e1gico exacerbado. Nas m\u00e3os do Dr. Tiago, conhecemos uma nova Carminho logo a partir da primeira sess\u00e3o... Super recomendamos!<\/div>\r\n\t\t\t\t\t\r\n\t\t\t\t<\/div><footer> <div class=\"kwayy-testimonial-img\"><img loading=\"lazy\" decoding=\"async\" width=\"96\" height=\"96\" src=\"https:\/\/clinicamedicadoporto.pt\/staging\/wp-content\/uploads\/2017\/09\/Sara-Gandra-Testemunho-Osteopatia-150x150.jpg\" class=\"attachment-thumbnail size-thumbnail wp-post-image\" alt=\"Sara Gandra - Testemunho Osteopatia Pedi\u00e1trica na Cl\u00ednica M\u00e9dica do Porto\" srcset=\"https:\/\/clinicamedicadoporto.pt\/staging\/wp-content\/uploads\/2017\/09\/Sara-Gandra-Testemunho-Osteopatia-150x150.jpg 150w, https:\/\/clinicamedicadoporto.pt\/staging\/wp-content\/uploads\/2017\/09\/Sara-Gandra-Testemunho-Osteopatia-300x300.jpg 300w, https:\/\/clinicamedicadoporto.pt\/staging\/wp-content\/uploads\/2017\/09\/Sara-Gandra-Testemunho-Osteopatia-e1604519140792.jpg 60w\" sizes=\"auto, (max-width: 96px) 100vw, 96px\" \/><\/div> <cite class=\"kwayy-testimonial-title\">Sara Gandra<span class=\"kwayy-testimonial-designation\">M\u00e3e da Carminho<\/span><\/cite><\/footer><\/blockquote><\/div>\n\t<\/div>\n\t<div class=\"kwayy-testimonial-box \"><div class=\"kwayy-testimonial-data\"><blockquote class=\"kwayy-testimonial-text\">\r\n\t\t\t\t<div class=\"contarea\">\t\t\t\t\t\r\n\t\t\t\t\t<div class=\"kwayy-tst-contarea-text\">O meu sonho de ser m\u00e3e, convosco tornou-se numa t\u00e3o boa realidade. Obrigada Dra Tatiana.\r\nExcelentes profissionais, muito competentes e atenciosos.<\/div>\r\n\t\t\t\t\t\r\n\t\t\t\t<\/div><footer> <div class=\"kwayy-testimonial-img\"><img loading=\"lazy\" decoding=\"async\" width=\"96\" height=\"96\" src=\"https:\/\/clinicamedicadoporto.pt\/staging\/wp-content\/uploads\/2017\/08\/Patri\u0301cia-Raquel-Leite-testemunho-Acupuntura-fertilidade-Tatiana-Sousa-Clinica-Medica-do-Porto-150x150.jpg\" class=\"attachment-thumbnail size-thumbnail wp-post-image\" alt=\"Patri\u0301cia-Raquel-Leite-testemunho-Acupuntura-fertilidade-Tatiana-Sousa-Clinica-Medica-do-Porto\" srcset=\"https:\/\/clinicamedicadoporto.pt\/staging\/wp-content\/uploads\/2017\/08\/Patri\u0301cia-Raquel-Leite-testemunho-Acupuntura-fertilidade-Tatiana-Sousa-Clinica-Medica-do-Porto-150x150.jpg 150w, https:\/\/clinicamedicadoporto.pt\/staging\/wp-content\/uploads\/2017\/08\/Patri\u0301cia-Raquel-Leite-testemunho-Acupuntura-fertilidade-Tatiana-Sousa-Clinica-Medica-do-Porto-300x300.jpg 300w, https:\/\/clinicamedicadoporto.pt\/staging\/wp-content\/uploads\/2017\/08\/Patri\u0301cia-Raquel-Leite-testemunho-Acupuntura-fertilidade-Tatiana-Sousa-Clinica-Medica-do-Porto-e1604519149917.jpg 60w\" sizes=\"auto, (max-width: 96px) 100vw, 96px\" \/><\/div> <cite class=\"kwayy-testimonial-title\">Patr\u00edcia Leite<span class=\"kwayy-testimonial-designation\">M\u00e3e do Jo\u00e3o<\/span><\/cite><\/footer><\/blockquote><\/div>\n\t<\/div>\n\t<div class=\"kwayy-testimonial-box \"><div class=\"kwayy-testimonial-data\"><blockquote class=\"kwayy-testimonial-text\">\r\n\t\t\t\t<div class=\"contarea\">\t\t\t\t\t\r\n\t\t\t\t\t<div class=\"kwayy-tst-contarea-text\">Muito profissionalismo, organiza\u00e7\u00e3o e simpatia!\r\nExcelente Osteopata, gra\u00e7as ao Tiago Monteiro resolvemos o torcicolo cong\u00eanito da nossa bebe!\r\nUm obrigada de cora\u00e7\u00e3o<\/div>\r\n\t\t\t\t\t\r\n\t\t\t\t<\/div><footer> <div class=\"kwayy-testimonial-img\"><img loading=\"lazy\" decoding=\"async\" width=\"96\" height=\"96\" src=\"https:\/\/clinicamedicadoporto.pt\/staging\/wp-content\/uploads\/2017\/07\/Rosinha-Sousa-Clinica-Medica-do-porto-Osteopatia-Pediatrica-150x150.jpg\" class=\"attachment-thumbnail size-thumbnail wp-post-image\" alt=\"Testemunho de Rosa Sousa - Cl\u00ednica M\u00e9dica do Porto - Osteopatia Pediatrica\" srcset=\"https:\/\/clinicamedicadoporto.pt\/staging\/wp-content\/uploads\/2017\/07\/Rosinha-Sousa-Clinica-Medica-do-porto-Osteopatia-Pediatrica-150x150.jpg 150w, https:\/\/clinicamedicadoporto.pt\/staging\/wp-content\/uploads\/2017\/07\/Rosinha-Sousa-Clinica-Medica-do-porto-Osteopatia-Pediatrica-300x300.jpg 300w, https:\/\/clinicamedicadoporto.pt\/staging\/wp-content\/uploads\/2017\/07\/Rosinha-Sousa-Clinica-Medica-do-porto-Osteopatia-Pediatrica-768x766.jpg 768w, https:\/\/clinicamedicadoporto.pt\/staging\/wp-content\/uploads\/2017\/07\/Rosinha-Sousa-Clinica-Medica-do-porto-Osteopatia-Pediatrica.jpg 959w\" sizes=\"auto, (max-width: 96px) 100vw, 96px\" \/><\/div> <cite class=\"kwayy-testimonial-title\">Rosa Sousa<span class=\"kwayy-testimonial-designation\">M\u00e3e da beb\u00e9 C<\/span><\/cite><\/footer><\/blockquote><\/div>\n\t<\/div>\n\t<div class=\"kwayy-testimonial-box \"><div class=\"kwayy-testimonial-data\"><blockquote class=\"kwayy-testimonial-text\">\r\n\t\t\t\t<div class=\"contarea\">\t\t\t\t\t\r\n\t\t\t\t\t<div class=\"kwayy-tst-contarea-text\">A Francisca tem refluxo gastro esof\u00e1gico desde que nasceu, e ap\u00f3s muita medica\u00e7\u00e3o e muito choro, eis que descobrimos a osteopatia, terapia\u00a0que a Francisca faz desde os 6 meses com o Tiago Monteiro. Logo na primeira sess\u00e3o notamos melhoras - o intestino da Francisca trabalhou sozinho al\u00e9m de que o v\u00f3mito em jato reduziu bastante.<\/div>\r\n\t\t\t\t\t\r\n\t\t\t\t<\/div><footer> <div class=\"kwayy-testimonial-img\"><img loading=\"lazy\" decoding=\"async\" width=\"96\" height=\"96\" src=\"https:\/\/clinicamedicadoporto.pt\/staging\/wp-content\/uploads\/2016\/11\/Catarina-Reis-testemunho-clinica-medica-do-porto-150x150.jpg\" class=\"attachment-thumbnail size-thumbnail wp-post-image\" alt=\"Catarina Reis - testemunho acerca da osteopatia pedi\u00e1trica\" srcset=\"https:\/\/clinicamedicadoporto.pt\/staging\/wp-content\/uploads\/2016\/11\/Catarina-Reis-testemunho-clinica-medica-do-porto-150x150.jpg 150w, https:\/\/clinicamedicadoporto.pt\/staging\/wp-content\/uploads\/2016\/11\/Catarina-Reis-testemunho-clinica-medica-do-porto-300x300.jpg 300w, https:\/\/clinicamedicadoporto.pt\/staging\/wp-content\/uploads\/2016\/11\/Catarina-Reis-testemunho-clinica-medica-do-porto-768x768.jpg 768w, https:\/\/clinicamedicadoporto.pt\/staging\/wp-content\/uploads\/2016\/11\/Catarina-Reis-testemunho-clinica-medica-do-porto.jpg 917w\" sizes=\"auto, (max-width: 96px) 100vw, 96px\" \/><\/div> <cite class=\"kwayy-testimonial-title\">Catarina e M\u00e1rio Reis<span class=\"kwayy-testimonial-designation\">Pap\u00e1s da Francisca<\/span><\/cite><\/footer><\/blockquote><\/div>\n\t<\/div>\n\t<div class=\"kwayy-testimonial-box \"><div class=\"kwayy-testimonial-data\"><blockquote class=\"kwayy-testimonial-text\">\r\n\t\t\t\t<div class=\"contarea\">\t\t\t\t\t\r\n\t\t\t\t\t<div class=\"kwayy-tst-contarea-text\">A nossa experi\u00eancia com a consulta de osteopatia \u00e9 muito positiva, a sensa\u00e7\u00e3o revigorante com que ficamos \u00e9 t\u00e3o impressionante como os resultados obtidos<\/div>\r\n\t\t\t\t\t\r\n\t\t\t\t<\/div><footer> <div class=\"kwayy-testimonial-img\"><img loading=\"lazy\" decoding=\"async\" width=\"60\" height=\"60\" src=\"https:\/\/clinicamedicadoporto.pt\/staging\/wp-content\/uploads\/2016\/10\/marcos-magalhaes-testemunho-clinica-medica-do-porto.jpg\" class=\"attachment-thumbnail size-thumbnail wp-post-image\" alt=\"marcos-magalhaes-testemunho-clinica-medica-do-porto\" \/><\/div> <cite class=\"kwayy-testimonial-title\">Marcos Magalh\u00e3es<span class=\"kwayy-testimonial-designation\">Paciente da Cl\u00ednica M\u00e9dica do Porto<\/span><\/cite><\/footer><\/blockquote><\/div>\n\t<\/div>\n\t<div class=\"kwayy-testimonial-box \"><div class=\"kwayy-testimonial-data\"><blockquote class=\"kwayy-testimonial-text\">\r\n\t\t\t\t<div class=\"contarea\">\t\t\t\t\t\r\n\t\t\t\t\t<div class=\"kwayy-tst-contarea-text\">Com a gravidez vieram as dores de costas e ci\u00e1tica, por\u00e9m uma vez mais as sess\u00f5es de acupuntura com a Tatiana foram fundamentais para conseguir ultrapassar aquela fase menos simp\u00e1tica da gesta\u00e7\u00e3o<\/div>\r\n\t\t\t\t\t\r\n\t\t\t\t<\/div><footer> <div class=\"kwayy-testimonial-img\"><img loading=\"lazy\" decoding=\"async\" width=\"60\" height=\"60\" src=\"https:\/\/clinicamedicadoporto.pt\/staging\/wp-content\/uploads\/2016\/10\/alzira-almeida-testemunho-clinica-medica-do-porto.jpg\" class=\"attachment-thumbnail size-thumbnail wp-post-image\" alt=\"\" \/><\/div> <cite class=\"kwayy-testimonial-title\">Alzira Almeida<span class=\"kwayy-testimonial-designation\">Paciente da Cl\u00ednica M\u00e9dica do Porto<\/span><\/cite><\/footer><\/blockquote><\/div>\n\t<\/div>\n\t<div class=\"kwayy-testimonial-box \"><div class=\"kwayy-testimonial-data\"><blockquote class=\"kwayy-testimonial-text\">\r\n\t\t\t\t<div class=\"contarea\">\t\t\t\t\t\r\n\t\t\t\t\t<div class=\"kwayy-tst-contarea-text\">Recomendarei sempre os vossos servi\u00e7os pois n\u00e3o me esque\u00e7o nunca que foi convosco que recuperei de uma les\u00e3o que afectava de forma determinante a minha vida profissional\u2026<\/div>\r\n\t\t\t\t\t\r\n\t\t\t\t<\/div><footer> <div class=\"kwayy-testimonial-img\"><img loading=\"lazy\" decoding=\"async\" width=\"60\" height=\"60\" src=\"https:\/\/clinicamedicadoporto.pt\/staging\/wp-content\/uploads\/2016\/10\/pedro-malheiro-testemunho-clinica-medica-do-porto.jpg\" class=\"attachment-thumbnail size-thumbnail wp-post-image\" alt=\"pedro-malheiro-testemunho-clinica-medica-do-porto\" \/><\/div> <cite class=\"kwayy-testimonial-title\">Pedro Malheiro<span class=\"kwayy-testimonial-designation\">Treinador profissional T\u00e9nis e Padel<\/span><\/cite><\/footer><\/blockquote><\/div>\n\t<\/div>\n\t<div class=\"kwayy-testimonial-box \"><div class=\"kwayy-testimonial-data\"><blockquote class=\"kwayy-testimonial-text\">\r\n\t\t\t\t<div class=\"contarea\">\t\t\t\t\t\r\n\t\t\t\t\t<div class=\"kwayy-tst-contarea-text\">Espa\u00e7o super agrad\u00e1vel, com um corpo cl\u00ednico muito competente e dispon\u00edvel. Atendimento 5 estrelas!<\/div>\r\n\t\t\t\t\t\r\n\t\t\t\t<\/div><footer> <div class=\"kwayy-testimonial-img\"><img loading=\"lazy\" decoding=\"async\" width=\"60\" height=\"60\" src=\"https:\/\/clinicamedicadoporto.pt\/staging\/wp-content\/uploads\/2016\/09\/Gloria-Sousa-Clinica-Medica-do-Porto-small.jpg\" class=\"attachment-thumbnail size-thumbnail wp-post-image\" alt=\"Gloria-Sousa-Clinica-Medica-do-Porto-small\" \/><\/div> <cite class=\"kwayy-testimonial-title\">Gl\u00f3ria Morais Sousa<span class=\"kwayy-testimonial-designation\">Paciente da Cl\u00ednica M\u00e9dica do Porto<\/span><\/cite><\/footer><\/blockquote><\/div>\n\t<\/div>\n\t<div class=\"kwayy-testimonial-box \"><div class=\"kwayy-testimonial-data\"><blockquote class=\"kwayy-testimonial-text\">\r\n\t\t\t\t<div class=\"contarea\">\t\t\t\t\t\r\n\t\t\t\t\t<div class=\"kwayy-tst-contarea-text\">A equipa respons\u00e1vel privilegia-nos com a excel\u00eancia t\u00e9cnica e a proximidade com o paciente, onde o contexto e a resposta imediata procuram refor\u00e7ar a import\u00e2ncia do \"mindfulness\" no processo de acompanhamento. O corpo e a mente assumem-se assim um todo.\r\nParab\u00e9ns pela din\u00e2mica e pela postura assertiva de interven\u00e7\u00e3o. At\u00e9 j\u00e1! <span class=\"_47e3\" title=\"smile emoticon\"><i class=\"img sp_fM-mz8spZ1b sx_5371b4\"><\/i><span class=\"_7oe\">\ud83d\ude42<\/span><\/span><\/div>\r\n\t\t\t\t\t\r\n\t\t\t\t<\/div><footer> <div class=\"kwayy-testimonial-img\"><img loading=\"lazy\" decoding=\"async\" width=\"60\" height=\"60\" src=\"https:\/\/clinicamedicadoporto.pt\/staging\/wp-content\/uploads\/2016\/09\/Mariana-Roldao-Cruz-Clinica-Medica-do-Porto-Testemunhos-small.jpg\" class=\"attachment-thumbnail size-thumbnail wp-post-image\" alt=\"Mariana-Roldao-Cruz-Clinica-Medica-do-Porto-Testemunhos-small\" \/><\/div> <cite class=\"kwayy-testimonial-title\">Mariana Rold\u00e3o Cruz<span class=\"kwayy-testimonial-designation\">Paciente da Cl\u00ednica M\u00e9dica do Porto<\/span><\/cite><\/footer><\/blockquote><\/div>\n\t<\/div>\n\t<div class=\"kwayy-testimonial-box \"><div class=\"kwayy-testimonial-data\"><blockquote class=\"kwayy-testimonial-text\">\r\n\t\t\t\t<div class=\"contarea\">\t\t\t\t\t\r\n\t\t\t\t\t<div class=\"kwayy-tst-contarea-text\">Wonderful people who will take such great care of you!<\/div>\r\n\t\t\t\t\t\r\n\t\t\t\t<\/div><footer> <div class=\"kwayy-testimonial-img\"><img loading=\"lazy\" decoding=\"async\" width=\"60\" height=\"60\" src=\"https:\/\/clinicamedicadoporto.pt\/staging\/wp-content\/uploads\/2016\/09\/Diane-Garcia-Clinca-Medica-do-Porto-Testemunhos-small.jpg\" class=\"attachment-thumbnail size-thumbnail wp-post-image\" alt=\"Diane-Garcia-Clinca-Medica-do-Porto-Testemunhos-small\" \/><\/div> <cite class=\"kwayy-testimonial-title\">Diane Garcia<span class=\"kwayy-testimonial-designation\">Paciente da Cl\u00ednica M\u00e9dica do Porto<\/span><\/cite><\/footer><\/blockquote><\/div>\n\t<\/div>\n\t<div class=\"kwayy-testimonial-box \"><div class=\"kwayy-testimonial-data\"><blockquote class=\"kwayy-testimonial-text\">\r\n\t\t\t\t<div class=\"contarea\">\t\t\t\t\t\r\n\t\t\t\t\t<div class=\"kwayy-tst-contarea-text\">Tem pessoas muito competentes e profissionais. Sabem tratar os pacientes do ponto de vista m\u00e9dico e humano.<\/div>\r\n\t\t\t\t\t\r\n\t\t\t\t<\/div><footer> <div class=\"kwayy-testimonial-img\"><img loading=\"lazy\" decoding=\"async\" width=\"60\" height=\"60\" src=\"https:\/\/clinicamedicadoporto.pt\/staging\/wp-content\/uploads\/2014\/07\/Maria-Manuel-Leal-Testemunho-Clinica-Medica-do-Porto.jpg\" class=\"attachment-thumbnail size-thumbnail wp-post-image\" alt=\"Maria Manuel Leal - Testemunho Clinica Medica do Porto\" \/><\/div> <cite class=\"kwayy-testimonial-title\">Maria Manuel Leal<span class=\"kwayy-testimonial-designation\">Paciente da Cl\u00ednica M\u00e9dica do Porto<\/span><\/cite><\/footer><\/blockquote><\/div>\n\t<\/div>\n\t<div class=\"kwayy-testimonial-box \"><div class=\"kwayy-testimonial-data\"><blockquote class=\"kwayy-testimonial-text\">\r\n\t\t\t\t<div class=\"contarea\">\t\t\t\t\t\r\n\t\t\t\t\t<div class=\"kwayy-tst-contarea-text\">Todas as val\u00eancias da cl\u00ednica, que s\u00e3o muitas, se juntam para nos verem como um ser humano, onde tudo depende de tudo. <\/div>\r\n\t\t\t\t\t\r\n\t\t\t\t<\/div><footer> <div class=\"kwayy-testimonial-img\"><img loading=\"lazy\" decoding=\"async\" width=\"60\" height=\"60\" src=\"https:\/\/clinicamedicadoporto.pt\/staging\/wp-content\/uploads\/2014\/07\/margarida-paco-testemunho-clinica-medica-do-porto.jpg\" class=\"attachment-thumbnail size-thumbnail wp-post-image\" alt=\"\" \/><\/div> <cite class=\"kwayy-testimonial-title\">Margarida Pa\u00e7\u00f3<span class=\"kwayy-testimonial-designation\">Paciente da Cl\u00ednica M\u00e9dica do Porto<\/span><\/cite><\/footer><\/blockquote><\/div>\n\t<\/div>\n\t<\/div><\/div>[\/vc_column_inner][\/vc_row_inner][\/vc_column][\/vc_row][vc_row textcolor=&#8221;white&#8221; bgtype=&#8221;dark&#8221; css=&#8221;.vc_custom_1595014486166{padding-top: 0px !important;padding-right: 0px !important;padding-bottom: 0px !important;padding-left: 0px !important;}&#8221;][vc_column css=&#8221;.vc_custom_1595013661340{padding-right: 0px !important;padding-left: 0px !important;}&#8221;]\n<div class=\"wpcf7 no-js\" id=\"wpcf7-f8675-o1\" lang=\"pt-PT\" dir=\"ltr\" data-wpcf7-id=\"8675\">\n<div class=\"screen-reader-response\"><p role=\"status\" aria-live=\"polite\" aria-atomic=\"true\"><\/p> <ul><\/ul><\/div>\n<form action=\"\/staging\/wp-json\/wp\/v2\/pages\/8684#wpcf7-f8675-o1\" method=\"post\" class=\"wpcf7-form init\" aria-label=\"Formul\u00e1rio de contacto\" novalidate=\"novalidate\" data-status=\"init\">\n<fieldset class=\"hidden-fields-container\"><input type=\"hidden\" name=\"_wpcf7\" value=\"8675\" \/><input type=\"hidden\" name=\"_wpcf7_version\" value=\"6.1.5\" \/><input type=\"hidden\" name=\"_wpcf7_locale\" value=\"pt_PT\" \/><input type=\"hidden\" name=\"_wpcf7_unit_tag\" value=\"wpcf7-f8675-o1\" \/><input type=\"hidden\" name=\"_wpcf7_container_post\" value=\"0\" \/><input type=\"hidden\" name=\"_wpcf7_posted_data_hash\" value=\"\" \/><input type=\"hidden\" name=\"_wpcf7_recaptcha_response\" value=\"\" \/>\n<\/fieldset>\n<style>\ninput[type=\"text\"],input[type=\"email\"],input[type=\"tel\"] {text-align:center;}\n<\/style>\n<div style=\"padding:100px 20px 100px 20px; text-align:center; color:white;\">\n\t<p><span style=\"margin-bottom:15px; font-size:125%; font-weight:bold;\">Preencha os dados abaixo e envie o formul\u00e1rio se pretende ser contactado\/a para esclarecer d\u00favidas ou agendar consulta.<\/span>\n\t<\/p>\n\t<p><label> O seu nome (obrigat\u00f3rio)<br \/>\n<span class=\"wpcf7-form-control-wrap\" data-name=\"your-name\"><input size=\"40\" maxlength=\"400\" class=\"wpcf7-form-control wpcf7-text wpcf7-validates-as-required\" aria-required=\"true\" aria-invalid=\"false\" value=\"\" type=\"text\" name=\"your-name\" \/><\/span> <\/label><br \/>\n<label> O seu email (obrigat\u00f3rio)<br \/>\n<span class=\"wpcf7-form-control-wrap\" data-name=\"your-email\"><input size=\"40\" maxlength=\"400\" class=\"wpcf7-form-control wpcf7-email wpcf7-validates-as-required wpcf7-text wpcf7-validates-as-email\" aria-required=\"true\" aria-invalid=\"false\" value=\"\" type=\"email\" name=\"your-email\" \/><\/span> <\/label><br \/>\n<label>O seu contacto telef\u00f3nico (obrigat\u00f3rio)<br \/>\n<span class=\"wpcf7-form-control-wrap\" data-name=\"tel-92\"><input size=\"40\" maxlength=\"400\" class=\"wpcf7-form-control wpcf7-tel wpcf7-validates-as-required wpcf7-text wpcf7-validates-as-tel\" aria-required=\"true\" aria-invalid=\"false\" value=\"\" type=\"tel\" name=\"tel-92\" \/><\/span><\/label><br \/>\n<span id=\"wpcf7-69f2c7a0c4f89-wrapper\" class=\"wpcf7-form-control-wrap hp_email_grupo_servicos-wrap\" style=\"display:none !important; visibility:hidden !important;\"><input type=\"hidden\" name=\"hp_email_grupo_servicos-time-start\" value=\"1777518496\"><input type=\"hidden\" name=\"hp_email_grupo_servicos-time-check\" value=\"4\"><label for=\"wpcf7-69f2c7a0c4f89-field\" class=\"hp-message\">Please leave this field empty.<\/label><input id=\"wpcf7-69f2c7a0c4f89-field\"  placeholder=\"Placeholder\"  class=\"wpcf7-form-control wpcf7-text\" type=\"text\" name=\"hp_email_grupo_servicos\" value=\"\" size=\"40\" tabindex=\"-1\" autocomplete=\"new-password\" \/><\/span>\n\t<\/p>\n\t<p><input class=\"wpcf7-form-control wpcf7-submit has-spinner\" type=\"submit\" value=\"Enviar\" \/>\n\t<\/p>\n<\/div><input type='hidden' class='wpcf7-pum' value='{\"closepopup\":false,\"closedelay\":0,\"openpopup\":false,\"openpopup_id\":0}' \/><div class=\"wpcf7-response-output\" aria-hidden=\"true\"><\/div>\n<\/form>\n<\/div>\n[\/vc_column][\/vc_row]<\/p>\n<\/div>","protected":false},"excerpt":{"rendered":"<p>[vc_row bgtype=&#8221;skin&#8221; css=&#8221;.vc_custom_1673292696640{margin-top: -60px !important;padding-top: 70px !important;padding-bottom: 15px !important;}&#8221;][vc_column][\/vc_column][\/vc_row][vc_row css=&#8221;.vc_custom_1473374258019{margin-top: 0px !important;margin-bottom: 0px !important;padding-top: 10px !important;padding-bottom: 10px !important;}&#8221; anchor=&#8221;servicos-terapias-nao-convencionais&#8221;][vc_column offset=&#8221;vc_hidden-sm vc_hidden-xs&#8221;][vc_empty_space height=&#8221;100px&#8221;][vc_basic_grid post_type=&#8221;portfolio&#8221; max_items=&#8221;-1&#8243; element_width=&#8221;3&#8243; gap=&#8221;5&#8243; orderby=&#8221;title&#8221; order=&#8221;ASC&#8221; item=&#8221;8666&#8243; grid_id=&#8221;vc_gid:1687365328523-1d732b8b-d08a-4&#8243; taxonomies=&#8221;54&#8243;][vc_empty_space height=&#8221;40px&#8221;][\/vc_column][\/vc_row][vc_row][vc_column offset=&#8221;vc_hidden-lg vc_hidden-md&#8221;][vc_empty_space height=&#8221;50px&#8221;][vc_column_text][\/vc_column_text][vc_empty_space height=&#8221;50px&#8221;][\/vc_column][\/vc_row][vc_row content_placement=&#8221;middle&#8221; textcolor=&#8221;white&#8221; bgtype=&#8221;skin&#8221;][vc_column css=&#8221;.vc_custom_1595012276416{padding-right: 5% !important;padding-left: 5% !important;}&#8221;][vc_empty_space height=&#8221;50px&#8221;][vc_icon icon_fontawesome=&#8221;fa fa-solid fa-notes-medical&#8221; color=&#8221;white&#8221; size=&#8221;xl&#8221; align=&#8221;center&#8221; css=&#8221;.vc_custom_1595012537078{padding: 5px !important;}&#8221;][vc_custom_heading text=&#8221;Esta [&hellip;]<\/p>\n","protected":false},"author":1,"featured_media":0,"parent":0,"menu_order":0,"comment_status":"closed","ping_status":"closed","template":"","meta":{"footnotes":""},"folder":[655],"class_list":["post-8684","page","type-page","status-publish","hentry"],"_links":{"self":[{"href":"https:\/\/clinicamedicadoporto.pt\/staging\/wp-json\/wp\/v2\/pages\/8684","targetHints":{"allow":["GET"]}}],"collection":[{"href":"https:\/\/clinicamedicadoporto.pt\/staging\/wp-json\/wp\/v2\/pages"}],"about":[{"href":"https:\/\/clinicamedicadoporto.pt\/staging\/wp-json\/wp\/v2\/types\/page"}],"author":[{"embeddable":true,"href":"https:\/\/clinicamedicadoporto.pt\/staging\/wp-json\/wp\/v2\/users\/1"}],"replies":[{"embeddable":true,"href":"https:\/\/clinicamedicadoporto.pt\/staging\/wp-json\/wp\/v2\/comments?post=8684"}],"version-history":[{"count":0,"href":"https:\/\/clinicamedicadoporto.pt\/staging\/wp-json\/wp\/v2\/pages\/8684\/revisions"}],"wp:attachment":[{"href":"https:\/\/clinicamedicadoporto.pt\/staging\/wp-json\/wp\/v2\/media?parent=8684"}],"wp:term":[{"taxonomy":"folder","embeddable":true,"href":"https:\/\/clinicamedicadoporto.pt\/staging\/wp-json\/wp\/v2\/folder?post=8684"}],"curies":[{"name":"wp","href":"https:\/\/api.w.org\/{rel}","templated":true}]}}