{"id":8662,"date":"2020-07-17T17:36:31","date_gmt":"2020-07-17T16:36:31","guid":{"rendered":"https:\/\/clinicamedicadoporto.pt\/staging\/?page_id=8662"},"modified":"2025-08-01T16:47:42","modified_gmt":"2025-08-01T15:47:42","slug":"especialidades-medicas","status":"publish","type":"page","link":"https:\/\/clinicamedicadoporto.pt\/staging\/especialidades-medicas\/","title":{"rendered":"Especialidades M\u00e9dicas"},"content":{"rendered":"<div class=\"wpb-content-wrapper\"><p>[vc_row bgtype=&#8221;skin&#8221; css=&#8221;.vc_custom_1673292680921{margin-top: -60px !important;padding-top: 70px !important;padding-bottom: 15px !important;}&#8221;][vc_column]<header class=\"kwayy-heading-wrapper kwayy-heading-wrapper-align-center\"><div class=\"kwayy-heading-wrapper-inner\"><h1 class=\"kwayy-heading-align-center\"><span>Especialidades M\u00e9dicas \u2022 Terapias N\u00e3o Convencionais \u2022 Consultas Direccionadas \u2022 Est\u00e9tica M\u00e9dica \u2022 Especialidades T\u00e9cnicas e Param\u00e9dicas \u2022 Terapias Alternativas<\/span><\/h1><\/div><p class=\"kwayy-subheading\">Consultas M\u00e9dicas Convencionais \u2022 Consultas Direccionadas \u2022 Acupuntura \u2022 Osteopatia \u2022 Medicina Chinesa \u2022 Homeopatia \u2022 Reiki \u2022 e muito mais...<\/p><\/header>[\/vc_column][\/vc_row][vc_row css=&#8221;.vc_custom_1500994401788{margin-bottom: 0px !important;padding-top: 0px !important;padding-bottom: 0px !important;}&#8221; anchor=&#8221;servicos-especialidades-medicas&#8221;][vc_column offset=&#8221;vc_hidden-sm vc_hidden-xs&#8221;][vc_empty_space height=&#8221;100px&#8221;]<header class=\"kwayy-heading-wrapper kwayy-heading-wrapper-align-left\"><div class=\"kwayy-heading-wrapper-inner\"><h2 class=\"kwayy-heading-align-left\"><span>Especialidades M\u00e9dicas<\/span><\/h2><\/div><\/header>[vc_basic_grid post_type=&#8221;portfolio&#8221; max_items=&#8221;-1&#8243; element_width=&#8221;3&#8243; gap=&#8221;5&#8243; orderby=&#8221;title&#8221; order=&#8221;ASC&#8221; item=&#8221;8666&#8243; grid_id=&#8221;vc_gid:1673634692449-857ded2f-cb1d-7&#8243; taxonomies=&#8221;25&#8243;][vc_empty_space height=&#8221;40px&#8221;][\/vc_column][\/vc_row][vc_row][vc_column offset=&#8221;vc_hidden-lg vc_hidden-md&#8221;][vc_empty_space height=&#8221;50px&#8221;]<header class=\"kwayy-heading-wrapper kwayy-heading-wrapper-align-left\"><div class=\"kwayy-heading-wrapper-inner\"><h2 class=\"kwayy-heading-align-left\"><span>Especialidades M\u00e9dicas<\/span><\/h2><\/div><\/header>[vc_column_text]<!--W4PL_List_11729-->\n<div id=\"w4pl-list-11729\" class=\"w4pl\">\n\t<div id=\"w4pl-inner-11729\" class=\"w4pl-inner\">\n\t\t<ul>\n\t\t\t\t\t<li class=\"post-item-18366\"><a href=\"https:\/\/clinicamedicadoporto.pt\/staging\/especialidades\/consulta-de-cardiologia\/\">Cardiologia &#8211; Cl\u00ednica M\u00e9dica do Porto<\/a><\/li>\n\t\t\t\t\n\t\t\t\t\t<li class=\"post-item-18553\"><a href=\"https:\/\/clinicamedicadoporto.pt\/staging\/especialidades\/consulta-de-cirurgia-plastica-clinica-medica-do-porto\/\">Consulta de Cirurgia Pl\u00e1stica &#8211; Cl\u00ednica M\u00e9dica do Porto<\/a><\/li>\n\t\t\t\t\n\t\t\t\t\t<li class=\"post-item-11270\"><a href=\"https:\/\/clinicamedicadoporto.pt\/staging\/especialidades\/consulta-do-viajante-clinica-medica-do-porto\/\">Consulta do Viajante &#8211; Cl\u00ednica M\u00e9dica do Porto<\/a><\/li>\n\t\t\t\t\n\t\t\t\t\t<li class=\"post-item-13732\"><a href=\"https:\/\/clinicamedicadoporto.pt\/staging\/especialidades\/consulta-de-endocrinologia-clinica-medica-do-porto\/\">Endocrinologia &#8211; Cl\u00ednica M\u00e9dica do Porto<\/a><\/li>\n\t\t\t\t\n\t\t\t\t\t<li class=\"post-item-10536\"><a href=\"https:\/\/clinicamedicadoporto.pt\/staging\/especialidades\/consulta-de-imunoalergologia-clinica-medica-do-porto\/\">Imunoalergologia &#8211; Cl\u00ednica M\u00e9dica do Porto<\/a><\/li>\n\t\t\t\t\n\t\t\t\t\t<li class=\"post-item-3567\"><a href=\"https:\/\/clinicamedicadoporto.pt\/staging\/especialidades\/consulta-medicina-estetica\/\">Medicina Est\u00e9tica &#8211; Cl\u00ednica M\u00e9dica do Porto<\/a><\/li>\n\t\t\t\t\n\t\t\t\t\t<li class=\"post-item-8557\"><a href=\"https:\/\/clinicamedicadoporto.pt\/staging\/especialidades\/medicina-estetica-ginecologica\/\">Medicina Est\u00e9tica Ginecol\u00f3gica &#8211; Cl\u00ednica M\u00e9dica do Porto<\/a><\/li>\n\t\t\t\t\n\t\t\t\t\t<li class=\"post-item-1082\"><a href=\"https:\/\/clinicamedicadoporto.pt\/staging\/especialidades\/medicina-geral-e-familiar\/\">Medicina Geral e Familiar &#8211; Cl\u00ednica M\u00e9dica do Porto<\/a><\/li>\n\t\t\t\t\n\t\t\t\t\t<li class=\"post-item-13791\"><a href=\"https:\/\/clinicamedicadoporto.pt\/staging\/especialidades\/medicina-sexual\/\">Medicina Sexual &#8211; Cl\u00ednica M\u00e9dica do Porto<\/a><\/li>\n\t\t\t\t\n\t\t\t\t\t<li class=\"post-item-1080\"><a href=\"https:\/\/clinicamedicadoporto.pt\/staging\/especialidades\/neurologia\/\">Neurologia &#8211; Cl\u00ednica M\u00e9dica do Porto<\/a><\/li>\n\t\t\t\t\n\t\t\t\t\t<li class=\"post-item-14\"><a href=\"https:\/\/clinicamedicadoporto.pt\/staging\/especialidades\/pediatria\/\">Pediatria &#8211; Cl\u00ednica M\u00e9dica do Porto<\/a><\/li>\n\t\t\t\t\n\t\t\t\t\t<li class=\"post-item-12771\"><a href=\"https:\/\/clinicamedicadoporto.pt\/staging\/especialidades\/pedopsiquiatria-psiquiatria-da-infancia-e-adolescencia\/\">Pedopsiquiatria &#8211; Cl\u00ednica M\u00e9dica do Porto<\/a><\/li>\n\t\t\t\t\n\t\t\t\t\t<li class=\"post-item-12553\"><a href=\"https:\/\/clinicamedicadoporto.pt\/staging\/especialidades\/consulta-de-pneumologia-clinica-medica-do-porto\/\">Pneumologia &#8211; Cl\u00ednica M\u00e9dica do Porto<\/a><\/li>\n\t\t\t\t\n\t\t\t\t\t<li class=\"post-item-1822\"><a href=\"https:\/\/clinicamedicadoporto.pt\/staging\/especialidades\/psiquiatria\/\">Psiquiatria &#8211; Cl\u00ednica M\u00e9dica do Porto<\/a><\/li>\n\t\t\t\t<\/ul>\n\t<\/div><!--#w4pl-inner-11729-->\n<\/div><!--#w4pl-11729-->\n<!--END_W4PL_List_11729-->\n[\/vc_column_text][vc_empty_space height=&#8221;50px&#8221;][\/vc_column][\/vc_row][vc_row content_placement=&#8221;middle&#8221; textcolor=&#8221;white&#8221; bgtype=&#8221;skin&#8221;][vc_column css=&#8221;.vc_custom_1595012276416{padding-right: 5% !important;padding-left: 5% !important;}&#8221;][vc_empty_space height=&#8221;50px&#8221;][vc_icon icon_fontawesome=&#8221;fa fa-solid fa-notes-medical&#8221; color=&#8221;white&#8221; size=&#8221;xl&#8221; align=&#8221;center&#8221; css=&#8221;.vc_custom_1595012537078{padding: 5px !important;}&#8221;][vc_custom_heading text=&#8221;Esta \u00e9 apenas uma pequena parte dos servi\u00e7os que a Cl\u00ednica M\u00e9dica do Porto coloca ao seu dispor. Quer conhecer os restantes?&#8221; font_container=&#8221;tag:h2|font_size:150%25|text_align:center|line_height:1EM&#8221; google_fonts=&#8221;font_family:Roboto%3A100%2C100italic%2C300%2C300italic%2Cregular%2Citalic%2C500%2C500italic%2C700%2C700italic%2C900%2C900italic|font_style:500%20bold%20italic%3A500%3Aitalic&#8221;][vc_btn title=&#8221;CLIQUE PARA CONHECER TODOS OS SERVI\u00c7OS CL\u00cdNICOS&#8221; color=&#8221;white&#8221; align=&#8221;center&#8221; link=&#8221;url:https%3A%2F%2Fclinicamedicadoporto.pt%2Fstaging%2Fespecialidades%2F|title:Especialidades%20M%C3%A9dicas%20e%20Terapias%20N%C3%A3o%20Convencionais||&#8221; css=&#8221;.vc_custom_1595012333737{margin-top: 35px !important;}&#8221;][vc_empty_space height=&#8221;50px&#8221;][\/vc_column][\/vc_row][vc_row textcolor=&#8221;dark&#8221; bgtype=&#8221;skin&#8221; bgprecolor=&#8221;grey&#8221; css=&#8221;.vc_custom_1515700321742{padding-bottom: 40px !important;background-color: rgba(12,12,12,0.03) !important;background-position: center !important;background-repeat: no-repeat !important;background-size: cover !important;*background-color: rgb(12,12,12) !important;}&#8221;][vc_column][vc_empty_space height=&#8221;75px&#8221;][vc_row_inner][vc_column_inner offset=&#8221;vc_hidden-sm vc_hidden-xs&#8221;][vc_column_text]<\/p>\n<h2 class=\"kwayy-heading-align-center\" style=\"text-align: center\"><span style=\"text-align: center;font-size: 200%;font-weight: bold;line-height: 1EM;color: #70c2b4\">Estas s\u00e3o algumas das pessoas que nos fazem querer ser melhores a cada dia que passa.<br \/>\nConhe\u00e7a os seus testemunhos!<\/span><\/h2>\n<p>[\/vc_column_text]\n\t<div class=\"kwayy-testimonial-wrapper kwayy-effect-carousel kwayy-items-col-three kwayy-carousel-col-three\" data-autoplay=\"1\" data-autoplayspeed=\"800\" data-autoplaytimeout=\"4500\" data-loop=\"1\"><div class=\" kwayy-items-wrapper kwayy-carousel-items-wrapper\">\n\t<div class=\"kwayy-testimonial-box \"><div class=\"kwayy-testimonial-data\"><blockquote class=\"kwayy-testimonial-text\">\r\n\t\t\t\t<div class=\"contarea\">\t\t\t\t\t\r\n\t\t\t\t\t<div class=\"kwayy-tst-contarea-text\">Estive em consulta com o Dr.Jo\u00e3o Sardinha e foi super atencioso e revela conhecimento e d\u00e1 uma seguran\u00e7a forte ao paciente que tem a sua frente. Eu e o meu marido estamos bastante satisfeitos em encontrar a vossa cl\u00ednica que j\u00e1 me est\u00e1 a ajudar a mim e por conseguinte toda a minha familia. Agrade\u00e7o o acolhimento e simpatia na recep\u00e7\u00e3o e o ambiente harmonioso que se sente ao entrar. (...)<\/div>\r\n\t\t\t\t\t\r\n\t\t\t\t<\/div><footer> <div class=\"kwayy-testimonial-img\"><img loading=\"lazy\" decoding=\"async\" width=\"96\" height=\"96\" src=\"https:\/\/clinicamedicadoporto.pt\/staging\/wp-content\/uploads\/2018\/07\/perfil-clinica-medica-do-porto-150x150.png\" class=\"attachment-thumbnail size-thumbnail wp-post-image\" alt=\"perfil-feminino-clinica-medica-do-porto\" srcset=\"https:\/\/clinicamedicadoporto.pt\/staging\/wp-content\/uploads\/2018\/07\/perfil-clinica-medica-do-porto-150x150.png 150w, https:\/\/clinicamedicadoporto.pt\/staging\/wp-content\/uploads\/2018\/07\/perfil-clinica-medica-do-porto-300x300.png 300w, https:\/\/clinicamedicadoporto.pt\/staging\/wp-content\/uploads\/2018\/07\/perfil-clinica-medica-do-porto-e1604515282169.png 60w\" sizes=\"auto, (max-width: 96px) 100vw, 96px\" \/><\/div> <cite class=\"kwayy-testimonial-title\">Marta Ferreira<span class=\"kwayy-testimonial-designation\">Paciente da Cl\u00ednica M\u00e9dica do Porto<\/span><\/cite><\/footer><\/blockquote><\/div>\n\t<\/div>\n\t<div class=\"kwayy-testimonial-box \"><div class=\"kwayy-testimonial-data\"><blockquote class=\"kwayy-testimonial-text\">\r\n\t\t\t\t<div class=\"contarea\">\t\t\t\t\t\r\n\t\t\t\t\t<div class=\"kwayy-tst-contarea-text\">Agrad\u00e1vel.<\/div>\r\n\t\t\t\t\t\r\n\t\t\t\t<\/div><footer> <div class=\"kwayy-testimonial-img\"><img loading=\"lazy\" decoding=\"async\" width=\"1\" height=\"1\" src=\"https:\/\/clinicamedicadoporto.pt\/staging\/wp-content\/uploads\/2021\/06\/perfil-clinica-medica-do-porto-webhp.png\" class=\"attachment-thumbnail size-thumbnail wp-post-image\" alt=\"imagem-perfil-feminio-clinica-medica-do-porto\" \/><\/div> <cite class=\"kwayy-testimonial-title\">Teresa Leites<span class=\"kwayy-testimonial-designation\">Paciente da Cl\u00ednica M\u00e9dica do Porto<\/span><\/cite><\/footer><\/blockquote><\/div>\n\t<\/div>\n\t<div class=\"kwayy-testimonial-box \"><div class=\"kwayy-testimonial-data\"><blockquote class=\"kwayy-testimonial-text\">\r\n\t\t\t\t<div class=\"contarea\">\t\t\t\t\t\r\n\t\t\t\t\t<div class=\"kwayy-tst-contarea-text\">Uma cl\u00ednica com excelentes profissionais.\r\nLocaliza\u00e7\u00e3o de f\u00e1cil acesso. Recep\u00e7\u00e3o profissional e acolhedora. M\u00e9dicos muito esclarecedores e pontuais nos hor\u00e1rios. Parab\u00e9ns.<\/div>\r\n\t\t\t\t\t\r\n\t\t\t\t<\/div><footer> <div class=\"kwayy-testimonial-img\"><img loading=\"lazy\" decoding=\"async\" width=\"70\" height=\"70\" src=\"https:\/\/clinicamedicadoporto.pt\/staging\/wp-content\/uploads\/2025\/09\/Foto-Testemunho-Carlos-Pinto.png\" class=\"attachment-thumbnail size-thumbnail wp-post-image\" alt=\"\" \/><\/div> <cite class=\"kwayy-testimonial-title\">Carlos Pinto<span class=\"kwayy-testimonial-designation\">Paciente da Cl\u00ednica M\u00e9dica do Porto<\/span><\/cite><\/footer><\/blockquote><\/div>\n\t<\/div>\n\t<div class=\"kwayy-testimonial-box \"><div class=\"kwayy-testimonial-data\"><blockquote class=\"kwayy-testimonial-text\">\r\n\t\t\t\t<div class=\"contarea\">\t\t\t\t\t\r\n\t\t\t\t\t<div class=\"kwayy-tst-contarea-text\">Consulta dentro do hor\u00e1rio previsto, o m\u00e9dico abordou todas s quest\u00f5es de uma forma interessada e abrangente.<\/div>\r\n\t\t\t\t\t\r\n\t\t\t\t<\/div><footer> <div class=\"kwayy-testimonial-img\"><img loading=\"lazy\" decoding=\"async\" width=\"70\" height=\"70\" src=\"https:\/\/clinicamedicadoporto.pt\/staging\/wp-content\/uploads\/2025\/09\/Foto-Jorge-Silva.png\" class=\"attachment-thumbnail size-thumbnail wp-post-image\" alt=\"\" \/><\/div> <cite class=\"kwayy-testimonial-title\">Jorge Silva<span class=\"kwayy-testimonial-designation\">Paciente da Cl\u00ednica M\u00e9dica do Porto<\/span><\/cite><\/footer><\/blockquote><\/div>\n\t<\/div>\n\t<div class=\"kwayy-testimonial-box \"><div class=\"kwayy-testimonial-data\"><blockquote class=\"kwayy-testimonial-text\">\r\n\t\t\t\t<div class=\"contarea\">\t\t\t\t\t\r\n\t\t\t\t\t<div class=\"kwayy-tst-contarea-text\">Atendimento descomplicado, marca\u00e7\u00e3o r\u00e1pida, pratica e eficaz.\r\nProfissionais educados e muito bem dispostos!<\/div>\r\n\t\t\t\t\t\r\n\t\t\t\t<\/div><footer> <div class=\"kwayy-testimonial-img\"><img loading=\"lazy\" decoding=\"async\" width=\"72\" height=\"72\" src=\"https:\/\/clinicamedicadoporto.pt\/staging\/wp-content\/uploads\/2025\/06\/Foto-Perfil-Marcos-Paulo-Caetano.png\" class=\"attachment-thumbnail size-thumbnail wp-post-image\" alt=\"Avatar de perfil relativo a testemunho de consulta na Cl\u00ednica M\u00e9dica do Porto\" \/><\/div> <cite class=\"kwayy-testimonial-title\">Marcos Paulo Caetano<span class=\"kwayy-testimonial-designation\">Paciente da Cl\u00ednica M\u00e9dica do Porto<\/span><\/cite><\/footer><\/blockquote><\/div>\n\t<\/div>\n\t<div class=\"kwayy-testimonial-box \"><div class=\"kwayy-testimonial-data\"><blockquote class=\"kwayy-testimonial-text\">\r\n\t\t\t\t<div class=\"contarea\">\t\t\t\t\t\r\n\t\t\t\t\t<div class=\"kwayy-tst-contarea-text\">Atendimento muito gentil. A m\u00e9dica extremamente acess\u00edvel, simp\u00e1tica e com informa\u00e7\u00e3o clara, objetiva e pertinente.<\/div>\r\n\t\t\t\t\t\r\n\t\t\t\t<\/div><footer> <div class=\"kwayy-testimonial-img\"><img loading=\"lazy\" decoding=\"async\" width=\"70\" height=\"70\" src=\"https:\/\/clinicamedicadoporto.pt\/staging\/wp-content\/uploads\/2025\/06\/imagem-testemunho-monica-sanches.png\" class=\"attachment-thumbnail size-thumbnail wp-post-image\" alt=\"Icone de Perfil testemunho consulta na Clinica Medica do Porto\" \/><\/div> <cite class=\"kwayy-testimonial-title\">M\u00f3nica Sanches<span class=\"kwayy-testimonial-designation\">Paciente da Cl\u00ednica M\u00e9dica do Porto<\/span><\/cite><\/footer><\/blockquote><\/div>\n\t<\/div>\n\t<div class=\"kwayy-testimonial-box \"><div class=\"kwayy-testimonial-data\"><blockquote class=\"kwayy-testimonial-text\">\r\n\t\t\t\t<div class=\"contarea\">\t\t\t\t\t\r\n\t\t\t\t\t<div class=\"kwayy-tst-contarea-text\">\u00d3timos profissionais, procedimentos e atendimento excelente!! \r\nNota 10!<\/div>\r\n\t\t\t\t\t\r\n\t\t\t\t<\/div><footer> <div class=\"kwayy-testimonial-img\"><img loading=\"lazy\" decoding=\"async\" width=\"72\" height=\"72\" src=\"https:\/\/clinicamedicadoporto.pt\/staging\/wp-content\/uploads\/2025\/05\/Foto-Testemunho-Gabriella-Salvador.png\" class=\"attachment-thumbnail size-thumbnail wp-post-image\" alt=\"Foto de Gabriella Salvador - Testemunho da Cl\u00ednica M\u00e9dica do Porto\" \/><\/div> <cite class=\"kwayy-testimonial-title\">Gabriella Salvador<span class=\"kwayy-testimonial-designation\">Paciente da Cl\u00ednica M\u00e9dica do Porto<\/span><\/cite><\/footer><\/blockquote><\/div>\n\t<\/div>\n\t<div class=\"kwayy-testimonial-box \"><div class=\"kwayy-testimonial-data\"><blockquote class=\"kwayy-testimonial-text\">\r\n\t\t\t\t<div class=\"contarea\">\t\t\t\t\t\r\n\t\t\t\t\t<div class=\"kwayy-tst-contarea-text\">Recomendo de olhos fechados!\r\n\r\nSe voc\u00ea busca tratamentos est\u00e9ticos com seguran\u00e7a, profissionais experientes e um atendimento caloroso, a Cl\u00ednica M\u00e9dica do Porto \u00e9 o lugar certo. O Dr. Diogo e sua equipe transformaram totalmente minha experi\u00eancia, trazendo de volta minha apar\u00eancia natural sem traumas. Vou continuar explorando os outros tratamentos que eles oferecem j\u00e1 sou cliente fiel! \ud83d\ude0d<\/div>\r\n\t\t\t\t\t\r\n\t\t\t\t<\/div><footer> <div class=\"kwayy-testimonial-img\"><img loading=\"lazy\" decoding=\"async\" width=\"96\" height=\"96\" src=\"https:\/\/clinicamedicadoporto.pt\/staging\/wp-content\/uploads\/2025\/05\/Foto-Larissa-CS-Testemunho-Clinica.png\" class=\"attachment-thumbnail size-thumbnail wp-post-image\" alt=\"Foto de Larissa - paciente da Cl\u00ednica M\u00e9dica do Porto\" \/><\/div> <cite class=\"kwayy-testimonial-title\">Larissa CS<span class=\"kwayy-testimonial-designation\">Paciente da Cl\u00ednica M\u00e9dica do Porto<\/span><\/cite><\/footer><\/blockquote><\/div>\n\t<\/div>\n\t<div class=\"kwayy-testimonial-box \"><div class=\"kwayy-testimonial-data\"><blockquote class=\"kwayy-testimonial-text\">\r\n\t\t\t\t<div class=\"contarea\">\t\t\t\t\t\r\n\t\t\t\t\t<div class=\"kwayy-tst-contarea-text\">Super indico. Atendimento incr\u00edvel e profissionais de excel\u00eancia.<\/div>\r\n\t\t\t\t\t\r\n\t\t\t\t<\/div><footer> <div class=\"kwayy-testimonial-img\"><img loading=\"lazy\" decoding=\"async\" width=\"72\" height=\"72\" src=\"https:\/\/clinicamedicadoporto.pt\/staging\/wp-content\/uploads\/2025\/05\/Imagem-Eliana-Pinto.png\" class=\"attachment-thumbnail size-thumbnail wp-post-image\" alt=\"Avatar Eliana - Paciente da Cl\u00ednica M\u00e9dica do Porto\" \/><\/div> <cite class=\"kwayy-testimonial-title\">Eliana Pinto<span class=\"kwayy-testimonial-designation\">Paciente da Cl\u00ednica M\u00e9dica do Porto<\/span><\/cite><\/footer><\/blockquote><\/div>\n\t<\/div>\n\t<div class=\"kwayy-testimonial-box \"><div class=\"kwayy-testimonial-data\"><blockquote class=\"kwayy-testimonial-text\">\r\n\t\t\t\t<div class=\"contarea\">\t\t\t\t\t\r\n\t\t\t\t\t<div class=\"kwayy-tst-contarea-text\">Gostei muito da Cl\u00ednica M\u00e9dica do Porto. \r\nDesde a simpatia da recepcionista, ao espa\u00e7o muito acolhedor e principalmente do profissionalismo, aliado \u00e0 aten\u00e7\u00e3o ao pormenor, humanismo e simplicidade da Dra Maria Jo\u00e3o (endocrinologista)... \r\nAdorei e certamente irei voltar!\r\n<\/div>\r\n\t\t\t\t\t\r\n\t\t\t\t<\/div><footer> <div class=\"kwayy-testimonial-img\"><img loading=\"lazy\" decoding=\"async\" width=\"96\" height=\"96\" src=\"https:\/\/clinicamedicadoporto.pt\/staging\/wp-content\/uploads\/2025\/05\/Foto-Perfil-Joana-Silva.png\" class=\"attachment-thumbnail size-thumbnail wp-post-image\" alt=\"Icone de Testemunho de utente da Cl\u00ednica M\u00e9dica do Porto\" \/><\/div> <cite class=\"kwayy-testimonial-title\">Joana Silva<span class=\"kwayy-testimonial-designation\">Paciente da Cl\u00ednica M\u00e9dica do Porto<\/span><\/cite><\/footer><\/blockquote><\/div>\n\t<\/div>\n\t<div class=\"kwayy-testimonial-box \"><div class=\"kwayy-testimonial-data\"><blockquote class=\"kwayy-testimonial-text\">\r\n\t\t\t\t<div class=\"contarea\">\t\t\t\t\t\r\n\t\t\t\t\t<div class=\"kwayy-tst-contarea-text\">Super indico!!!\r\n\u00d3timos profissionais!<\/div>\r\n\t\t\t\t\t\r\n\t\t\t\t<\/div><footer> <div class=\"kwayy-testimonial-img\"><img loading=\"lazy\" decoding=\"async\" width=\"72\" height=\"72\" src=\"https:\/\/clinicamedicadoporto.pt\/staging\/wp-content\/uploads\/2025\/05\/Foto-Testemunho-Victoria-Vendrame.png\" class=\"attachment-thumbnail size-thumbnail wp-post-image\" alt=\"Foto Testemunho Victoria\" \/><\/div> <cite class=\"kwayy-testimonial-title\">Vict\u00f3ria Vendrame<span class=\"kwayy-testimonial-designation\">Paciente da Cl\u00ednica M\u00e9dica do Porto<\/span><\/cite><\/footer><\/blockquote><\/div>\n\t<\/div>\n\t<div class=\"kwayy-testimonial-box \"><div class=\"kwayy-testimonial-data\"><blockquote class=\"kwayy-testimonial-text\">\r\n\t\t\t\t<div class=\"contarea\">\t\t\t\t\t\r\n\t\t\t\t\t<div class=\"kwayy-tst-contarea-text\">\u00d3timo atendimento pela m\u00e9dica de Endocrinologista \u00f3tima profissional super indico o atendimento<\/div>\r\n\t\t\t\t\t\r\n\t\t\t\t<\/div><footer> <div class=\"kwayy-testimonial-img\"><img loading=\"lazy\" decoding=\"async\" width=\"96\" height=\"96\" src=\"https:\/\/clinicamedicadoporto.pt\/staging\/wp-content\/uploads\/2025\/03\/Foto-testemunho-Renato-Oliveira.png\" class=\"attachment-thumbnail size-thumbnail wp-post-image\" alt=\"Foto-testemunho-Renato-Oliveira\" \/><\/div> <cite class=\"kwayy-testimonial-title\">Renato Oliveira<span class=\"kwayy-testimonial-designation\">Paciente da Cl\u00ednica M\u00e9dica do Porto<\/span><\/cite><\/footer><\/blockquote><\/div>\n\t<\/div>\n\t<div class=\"kwayy-testimonial-box \"><div class=\"kwayy-testimonial-data\"><blockquote class=\"kwayy-testimonial-text\">\r\n\t\t\t\t<div class=\"contarea\">\t\t\t\t\t\r\n\t\t\t\t\t<div class=\"kwayy-tst-contarea-text\">Adorei a minha primeira experi\u00eancia na Cl\u00ednica M\u00e9dica do Porto, excelentes profissionais com v\u00e1rias especialidades m\u00e9dicas.<\/div>\r\n\t\t\t\t\t\r\n\t\t\t\t<\/div><footer> <div class=\"kwayy-testimonial-img\"><img loading=\"lazy\" decoding=\"async\" width=\"96\" height=\"96\" src=\"https:\/\/clinicamedicadoporto.pt\/staging\/wp-content\/uploads\/2025\/03\/Foto-Testemunho-Bruno-Pinto.png\" class=\"attachment-thumbnail size-thumbnail wp-post-image\" alt=\"Foto Testemunho Bruno Pinto\" \/><\/div> <cite class=\"kwayy-testimonial-title\">Bruno Pinto<span class=\"kwayy-testimonial-designation\">Paciente da Cl\u00ednica M\u00e9dica do Porto<\/span><\/cite><\/footer><\/blockquote><\/div>\n\t<\/div>\n\t<div class=\"kwayy-testimonial-box \"><div class=\"kwayy-testimonial-data\"><blockquote class=\"kwayy-testimonial-text\">\r\n\t\t\t\t<div class=\"contarea\">\t\t\t\t\t\r\n\t\t\t\t\t<div class=\"kwayy-tst-contarea-text\">Profissionalismo e excel\u00eancia definem a Cl\u00ednica M\u00e9dica do Porto e, em particular, o Dr. Jo\u00e3o Sardinha. (...) O Dr. Jo\u00e3o Sardinha destaca-se n\u00e3o apenas pelo vasto conhecimento e compet\u00eancia t\u00e9cnica, mas tamb\u00e9m pela empatia e dedica\u00e7\u00e3o aos seus pacientes. (...) Recomendo vivamente tanto a cl\u00ednica como o Dr. Jo\u00e3o Sardinha a quem procura cuidados m\u00e9dicos de qualidade e um acompanhamento verdadeiramente humano.<\/div>\r\n\t\t\t\t\t\r\n\t\t\t\t<\/div><footer> <div class=\"kwayy-testimonial-img\"><img loading=\"lazy\" decoding=\"async\" width=\"1\" height=\"1\" src=\"https:\/\/clinicamedicadoporto.pt\/staging\/wp-content\/uploads\/2021\/06\/perfil-masculino-clinica-medica-do-porto-webhp.png\" class=\"attachment-thumbnail size-thumbnail wp-post-image\" alt=\"imagem-perfil-masculino-clinica-medica-do-porto\" \/><\/div> <cite class=\"kwayy-testimonial-title\">Fernando Guedes<span class=\"kwayy-testimonial-designation\">Paciente da Cl\u00ednica M\u00e9dica do Porto<\/span><\/cite><\/footer><\/blockquote><\/div>\n\t<\/div>\n\t<div class=\"kwayy-testimonial-box \"><div class=\"kwayy-testimonial-data\"><blockquote class=\"kwayy-testimonial-text\">\r\n\t\t\t\t<div class=\"contarea\">\t\t\t\t\t\r\n\t\t\t\t\t<div class=\"kwayy-tst-contarea-text\">Fomos a uma consulta de Homeopatia Pedi\u00e1trica e adoramos todo o atendimento desde a recep\u00e7\u00e3o, \u00e1 consulta e mesmo ap\u00f3s a consulta. \r\nRecomendo<\/div>\r\n\t\t\t\t\t\r\n\t\t\t\t<\/div><footer> <div class=\"kwayy-testimonial-img\"><img loading=\"lazy\" decoding=\"async\" width=\"96\" height=\"96\" src=\"https:\/\/clinicamedicadoporto.pt\/staging\/wp-content\/uploads\/2025\/03\/Foto-Testemunho-Sandra-Araujo.png\" class=\"attachment-thumbnail size-thumbnail wp-post-image\" alt=\"Foto Testemunho Sandra Arau\u0301jo\" \/><\/div> <cite class=\"kwayy-testimonial-title\">Sandra Ara\u00fajo<span class=\"kwayy-testimonial-designation\">Paciente da Cl\u00ednica M\u00e9dica do Porto<\/span><\/cite><\/footer><\/blockquote><\/div>\n\t<\/div>\n\t<div class=\"kwayy-testimonial-box \"><div class=\"kwayy-testimonial-data\"><blockquote class=\"kwayy-testimonial-text\">\r\n\t\t\t\t<div class=\"contarea\">\t\t\t\t\t\r\n\t\t\t\t\t<div class=\"kwayy-tst-contarea-text\">(Traduzido pelo Google) Sendo estrangeira, tive dificuldade em encontrar um pediatra no Porto, (...). A pediatra Nelea foi minha melhor descoberta como m\u00e3e, al\u00e9m de amorosa, \u00e9 uma profissional que simplifica e te d\u00e1 confian\u00e7a (...). Eu recomendo fortemente. Al\u00e9m disso, visitando frequentemente a cl\u00ednica descobri especialistas maravilhosos em diversas \u00e1reas da sa\u00fade, (...).<\/div>\r\n\t\t\t\t\t\r\n\t\t\t\t<\/div><footer> <div class=\"kwayy-testimonial-img\"><img loading=\"lazy\" decoding=\"async\" width=\"96\" height=\"96\" src=\"https:\/\/clinicamedicadoporto.pt\/staging\/wp-content\/uploads\/2024\/12\/natalia-Martinez.jpg\" class=\"attachment-thumbnail size-thumbnail wp-post-image\" alt=\"Foto generica\" \/><\/div> <cite class=\"kwayy-testimonial-title\">Natalia Martinez<span class=\"kwayy-testimonial-designation\">Paciente e M\u00e3e de Paciente da Cl\u00ednica M\u00e9dica do Porto<\/span><\/cite><\/footer><\/blockquote><\/div>\n\t<\/div>\n\t<div class=\"kwayy-testimonial-box \"><div class=\"kwayy-testimonial-data\"><blockquote class=\"kwayy-testimonial-text\">\r\n\t\t\t\t<div class=\"contarea\">\t\t\t\t\t\r\n\t\t\t\t\t<div class=\"kwayy-tst-contarea-text\">Fui bem atendido \u00f3timo profissionais.<\/div>\r\n\t\t\t\t\t\r\n\t\t\t\t<\/div><footer> <div class=\"kwayy-testimonial-img\"><img loading=\"lazy\" decoding=\"async\" width=\"1\" height=\"1\" src=\"https:\/\/clinicamedicadoporto.pt\/staging\/wp-content\/uploads\/2021\/06\/perfil-masculino-clinica-medica-do-porto-webhp.png\" class=\"attachment-thumbnail size-thumbnail wp-post-image\" alt=\"imagem-perfil-masculino-clinica-medica-do-porto\" \/><\/div> <cite class=\"kwayy-testimonial-title\">Walison Santos<span class=\"kwayy-testimonial-designation\">Paciente da Cl\u00ednica M\u00e9dica do Porto<\/span><\/cite><\/footer><\/blockquote><\/div>\n\t<\/div>\n\t<div class=\"kwayy-testimonial-box \"><div class=\"kwayy-testimonial-data\"><blockquote class=\"kwayy-testimonial-text\">\r\n\t\t\t\t<div class=\"contarea\">\t\t\t\t\t\r\n\t\t\t\t\t<div class=\"kwayy-tst-contarea-text\">Simpatia e efici\u00eancia.<\/div>\r\n\t\t\t\t\t\r\n\t\t\t\t<\/div><footer> <div class=\"kwayy-testimonial-img\"><img loading=\"lazy\" decoding=\"async\" width=\"96\" height=\"96\" src=\"https:\/\/clinicamedicadoporto.pt\/staging\/wp-content\/uploads\/2018\/07\/perfil-clinica-medica-do-porto-150x150.png\" class=\"attachment-thumbnail size-thumbnail wp-post-image\" alt=\"perfil-feminino-clinica-medica-do-porto\" srcset=\"https:\/\/clinicamedicadoporto.pt\/staging\/wp-content\/uploads\/2018\/07\/perfil-clinica-medica-do-porto-150x150.png 150w, https:\/\/clinicamedicadoporto.pt\/staging\/wp-content\/uploads\/2018\/07\/perfil-clinica-medica-do-porto-300x300.png 300w, https:\/\/clinicamedicadoporto.pt\/staging\/wp-content\/uploads\/2018\/07\/perfil-clinica-medica-do-porto-e1604515282169.png 60w\" sizes=\"auto, (max-width: 96px) 100vw, 96px\" \/><\/div> <cite class=\"kwayy-testimonial-title\">Margarida Rodrigues<span class=\"kwayy-testimonial-designation\">Paciente da Cl\u00ednica M\u00e9dica do Porto<\/span><\/cite><\/footer><\/blockquote><\/div>\n\t<\/div>\n\t<div class=\"kwayy-testimonial-box \"><div class=\"kwayy-testimonial-data\"><blockquote class=\"kwayy-testimonial-text\">\r\n\t\t\t\t<div class=\"contarea\">\t\t\t\t\t\r\n\t\t\t\t\t<div class=\"kwayy-tst-contarea-text\">Ambiente agrad\u00e1vel e acolhedor!<\/div>\r\n\t\t\t\t\t\r\n\t\t\t\t<\/div><footer> <div class=\"kwayy-testimonial-img\"><img loading=\"lazy\" decoding=\"async\" width=\"96\" height=\"96\" src=\"https:\/\/clinicamedicadoporto.pt\/staging\/wp-content\/uploads\/2024\/11\/Foto-Testemunho-Nay-Caravalho.png\" class=\"attachment-thumbnail size-thumbnail wp-post-image\" alt=\"Foto generica\" \/><\/div> <cite class=\"kwayy-testimonial-title\">Nay Carvalho<span class=\"kwayy-testimonial-designation\">Paciente da Clinica M\u00e9dica do Porto<\/span><\/cite><\/footer><\/blockquote><\/div>\n\t<\/div>\n\t<div class=\"kwayy-testimonial-box \"><div class=\"kwayy-testimonial-data\"><blockquote class=\"kwayy-testimonial-text\">\r\n\t\t\t\t<div class=\"contarea\">\t\t\t\t\t\r\n\t\t\t\t\t<div class=\"kwayy-tst-contarea-text\">\u00d3timo atendimento de toda a equipe, do agendamento \u00e0 consulta, impec\u00e1veis! Servi\u00e7o de qualidade prestado em toda a experi\u00eancia do cliente. Me senti muito bem!<\/div>\r\n\t\t\t\t\t\r\n\t\t\t\t<\/div><footer> <div class=\"kwayy-testimonial-img\"><img loading=\"lazy\" decoding=\"async\" width=\"96\" height=\"96\" src=\"https:\/\/clinicamedicadoporto.pt\/staging\/wp-content\/uploads\/2018\/07\/perfil-clinica-medica-do-porto-150x150.png\" class=\"attachment-thumbnail size-thumbnail wp-post-image\" alt=\"perfil-feminino-clinica-medica-do-porto\" srcset=\"https:\/\/clinicamedicadoporto.pt\/staging\/wp-content\/uploads\/2018\/07\/perfil-clinica-medica-do-porto-150x150.png 150w, https:\/\/clinicamedicadoporto.pt\/staging\/wp-content\/uploads\/2018\/07\/perfil-clinica-medica-do-porto-300x300.png 300w, https:\/\/clinicamedicadoporto.pt\/staging\/wp-content\/uploads\/2018\/07\/perfil-clinica-medica-do-porto-e1604515282169.png 60w\" sizes=\"auto, (max-width: 96px) 100vw, 96px\" \/><\/div> <cite class=\"kwayy-testimonial-title\">Suellen Cunha<span class=\"kwayy-testimonial-designation\">M\u00e3e de Paciente da Cl\u00ednica M\u00e9dica do Porto<\/span><\/cite><\/footer><\/blockquote><\/div>\n\t<\/div>\n\t<div class=\"kwayy-testimonial-box \"><div class=\"kwayy-testimonial-data\"><blockquote class=\"kwayy-testimonial-text\">\r\n\t\t\t\t<div class=\"contarea\">\t\t\t\t\t\r\n\t\t\t\t\t<div class=\"kwayy-tst-contarea-text\">Atendimento excelente, desde a recep\u00e7\u00e3o at\u00e9 a intera\u00e7\u00e3o com o m\u00e9dico foi incr\u00edvel, as pessoas l\u00e1 s\u00e3o super atenciosas e profissionais. Dr. Nadia Falco, excelente profissional, realmente entende de sa\u00fade, super competente... Fui fazer uma consulta recebi uma aula Recomendo!<\/div>\r\n\t\t\t\t\t\r\n\t\t\t\t<\/div><footer> <div class=\"kwayy-testimonial-img\"><img loading=\"lazy\" decoding=\"async\" width=\"96\" height=\"96\" src=\"https:\/\/clinicamedicadoporto.pt\/staging\/wp-content\/uploads\/2024\/09\/Foto-Aires-Bravo-Testemunho-Clinica-Medica-Porto.png\" class=\"attachment-thumbnail size-thumbnail wp-post-image\" alt=\"foto homem bem parecido envergando fato e gravata em pose profissional\" \/><\/div> <cite class=\"kwayy-testimonial-title\">Aires Bravo<span class=\"kwayy-testimonial-designation\">Paciente da Cl\u00ednica M\u00e9dica do Porto<\/span><\/cite><\/footer><\/blockquote><\/div>\n\t<\/div>\n\t<div class=\"kwayy-testimonial-box \"><div class=\"kwayy-testimonial-data\"><blockquote class=\"kwayy-testimonial-text\">\r\n\t\t\t\t<div class=\"contarea\">\t\t\t\t\t\r\n\t\t\t\t\t<div class=\"kwayy-tst-contarea-text\">Celeridade e simpatia. Profissionalismo, aparentemente (o ju\u00edzo mais definitivo, depender\u00e1 dos resultados do tratamento), tamb\u00e9m de elevado n\u00edvel.<\/div>\r\n\t\t\t\t\t\r\n\t\t\t\t<\/div><footer> <div class=\"kwayy-testimonial-img\"><img loading=\"lazy\" decoding=\"async\" width=\"1\" height=\"1\" src=\"https:\/\/clinicamedicadoporto.pt\/staging\/wp-content\/uploads\/2021\/06\/perfil-masculino-clinica-medica-do-porto-webhp.png\" class=\"attachment-thumbnail size-thumbnail wp-post-image\" alt=\"imagem-perfil-masculino-clinica-medica-do-porto\" \/><\/div> <cite class=\"kwayy-testimonial-title\">Miguel Costa<span class=\"kwayy-testimonial-designation\">Paciente da Cl\u00ednica M\u00e9dica do Porto<\/span><\/cite><\/footer><\/blockquote><\/div>\n\t<\/div>\n\t<div class=\"kwayy-testimonial-box \"><div class=\"kwayy-testimonial-data\"><blockquote class=\"kwayy-testimonial-text\">\r\n\t\t\t\t<div class=\"contarea\">\t\t\t\t\t\r\n\t\t\t\t\t<div class=\"kwayy-tst-contarea-text\">Excel\u00eancia no atendimento \u00e9 a palavra chave que define o que \u00e9 ser cliente da Cl\u00ednica do Porto. Desde o primeiro contato, \u00e0s instala\u00e7\u00f5es e a aten\u00e7\u00e3o das atendentes (...). A Dra Ines n\u00e3o me foi indicada por acaso, foi de uma aten\u00e7\u00e3o e uma precis\u00e3o que somente uma m\u00e9dica que ama o que faz pode nos proporcionar.(...) A Cl\u00ednica est\u00e1 de Parab\u00e9ns pelo atendimento humanizado e de excel\u00eancia.<\/div>\r\n\t\t\t\t\t\r\n\t\t\t\t<\/div><footer> <div class=\"kwayy-testimonial-img\"><img loading=\"lazy\" decoding=\"async\" width=\"96\" height=\"96\" src=\"https:\/\/clinicamedicadoporto.pt\/staging\/wp-content\/uploads\/2024\/08\/Testemunho-Clivia-Santos.png\" class=\"attachment-thumbnail size-thumbnail wp-post-image\" alt=\"imagem de utente da clinica medica do porto\" \/><\/div> <cite class=\"kwayy-testimonial-title\">Cl\u00edvia Santos<span class=\"kwayy-testimonial-designation\">Paciente da Cl\u00ednica M\u00e9dica do Porto<\/span><\/cite><\/footer><\/blockquote><\/div>\n\t<\/div>\n\t<div class=\"kwayy-testimonial-box \"><div class=\"kwayy-testimonial-data\"><blockquote class=\"kwayy-testimonial-text\">\r\n\t\t\t\t<div class=\"contarea\">\t\t\t\t\t\r\n\t\t\t\t\t<div class=\"kwayy-tst-contarea-text\">Coloboradora muito simpatica e profissionalismo acima da m\u00e9dia.<\/div>\r\n\t\t\t\t\t\r\n\t\t\t\t<\/div><footer> <div class=\"kwayy-testimonial-img\"><img loading=\"lazy\" decoding=\"async\" width=\"96\" height=\"96\" src=\"https:\/\/clinicamedicadoporto.pt\/staging\/wp-content\/uploads\/2024\/07\/Foto-Maria-Brilhante.png\" class=\"attachment-thumbnail size-thumbnail wp-post-image\" alt=\"Imagem de avatar\" \/><\/div> <cite class=\"kwayy-testimonial-title\">Maria Brilhante<span class=\"kwayy-testimonial-designation\">Paciente da Cl\u00ednica M\u00e9dica do Porto<\/span><\/cite><\/footer><\/blockquote><\/div>\n\t<\/div>\n\t<div class=\"kwayy-testimonial-box \"><div class=\"kwayy-testimonial-data\"><blockquote class=\"kwayy-testimonial-text\">\r\n\t\t\t\t<div class=\"contarea\">\t\t\t\t\t\r\n\t\t\t\t\t<div class=\"kwayy-tst-contarea-text\">(Traduzido pelo Google) Depois de algumas consultas falhadas com m\u00e9dicos tradicionais fui a esta cl\u00ednica ao Dr. Jo\u00e3o Sardinha para tratar da minha fase de pr\u00e9-menopausa. A sua abordagem \u00e9 diferente e n\u00e3o convencional, em oposi\u00e7\u00e3o aos m\u00e9dicos tradicionais. Altamente recomendado. Al\u00e9m disso, destaque para B\u00e1rbara que foi muito genu\u00edna e acolhedora<\/div>\r\n\t\t\t\t\t\r\n\t\t\t\t<\/div><footer> <div class=\"kwayy-testimonial-img\"><img loading=\"lazy\" decoding=\"async\" width=\"96\" height=\"96\" src=\"https:\/\/clinicamedicadoporto.pt\/staging\/wp-content\/uploads\/2024\/07\/Foto-Testemunho-KH-Hanna.png\" class=\"attachment-thumbnail size-thumbnail wp-post-image\" alt=\"Imagem mulher\" \/><\/div> <cite class=\"kwayy-testimonial-title\">K.N Hanna<span class=\"kwayy-testimonial-designation\">Paciente da Cl\u00ednica M\u00e9dica do Porto<\/span><\/cite><\/footer><\/blockquote><\/div>\n\t<\/div>\n\t<div class=\"kwayy-testimonial-box \"><div class=\"kwayy-testimonial-data\"><blockquote class=\"kwayy-testimonial-text\">\r\n\t\t\t\t<div class=\"contarea\">\t\t\t\t\t\r\n\t\t\t\t\t<div class=\"kwayy-tst-contarea-text\">Um ambiente muito calmo.<\/div>\r\n\t\t\t\t\t\r\n\t\t\t\t<\/div><footer> <div class=\"kwayy-testimonial-img\"><img loading=\"lazy\" decoding=\"async\" width=\"1\" height=\"1\" src=\"https:\/\/clinicamedicadoporto.pt\/staging\/wp-content\/uploads\/2021\/06\/perfil-clinica-medica-do-porto-webhp.png\" class=\"attachment-thumbnail size-thumbnail wp-post-image\" alt=\"imagem-perfil-feminio-clinica-medica-do-porto\" \/><\/div> <cite class=\"kwayy-testimonial-title\">Maria Cl\u00e1udia Borges<span class=\"kwayy-testimonial-designation\">Paciente da Cl\u00ednica M\u00e9dica do Porto<\/span><\/cite><\/footer><\/blockquote><\/div>\n\t<\/div>\n\t<div class=\"kwayy-testimonial-box \"><div class=\"kwayy-testimonial-data\"><blockquote class=\"kwayy-testimonial-text\">\r\n\t\t\t\t<div class=\"contarea\">\t\t\t\t\t\r\n\t\t\t\t\t<div class=\"kwayy-tst-contarea-text\">Muito obrigada.\r\nS\u00e3o muito simp\u00e1ticos.<\/div>\r\n\t\t\t\t\t\r\n\t\t\t\t<\/div><footer> <div class=\"kwayy-testimonial-img\"><img loading=\"lazy\" decoding=\"async\" width=\"60\" height=\"60\" src=\"https:\/\/clinicamedicadoporto.pt\/staging\/wp-content\/uploads\/2024\/05\/Foto-Testemunho-Teresa-Tudela.png\" class=\"attachment-thumbnail size-thumbnail wp-post-image\" alt=\"Imagem avatar de testemunho da Cl\u00ednica M\u00e9dica do Porto\" \/><\/div> <cite class=\"kwayy-testimonial-title\">Teresa Tudela<span class=\"kwayy-testimonial-designation\">Paciente da Cl\u00ednica M\u00e9dica do Porto<\/span><\/cite><\/footer><\/blockquote><\/div>\n\t<\/div>\n\t<div class=\"kwayy-testimonial-box \"><div class=\"kwayy-testimonial-data\"><blockquote class=\"kwayy-testimonial-text\">\r\n\t\t\t\t<div class=\"contarea\">\t\t\t\t\t\r\n\t\t\t\t\t<div class=\"kwayy-tst-contarea-text\">Excelente servi\u00e7o!<\/div>\r\n\t\t\t\t\t\r\n\t\t\t\t<\/div><footer> <div class=\"kwayy-testimonial-img\"><img loading=\"lazy\" decoding=\"async\" width=\"1\" height=\"1\" src=\"https:\/\/clinicamedicadoporto.pt\/staging\/wp-content\/uploads\/2021\/06\/perfil-clinica-medica-do-porto-webhp.png\" class=\"attachment-thumbnail size-thumbnail wp-post-image\" alt=\"imagem-perfil-feminio-clinica-medica-do-porto\" \/><\/div> <cite class=\"kwayy-testimonial-title\">Mariana Vale<span class=\"kwayy-testimonial-designation\">Paciente da Cl\u00ednica M\u00e9dica do Porto<\/span><\/cite><\/footer><\/blockquote><\/div>\n\t<\/div>\n\t<div class=\"kwayy-testimonial-box \"><div class=\"kwayy-testimonial-data\"><blockquote class=\"kwayy-testimonial-text\">\r\n\t\t\t\t<div class=\"contarea\">\t\t\t\t\t\r\n\t\t\t\t\t<div class=\"kwayy-tst-contarea-text\">Atendimento simp\u00e1tico e cumprimento do hor\u00e1rio da consulta, cl\u00ednica de f\u00e1cil localiza\u00e7\u00e3o.<\/div>\r\n\t\t\t\t\t\r\n\t\t\t\t<\/div><footer> <div class=\"kwayy-testimonial-img\"><img loading=\"lazy\" decoding=\"async\" width=\"1\" height=\"1\" src=\"https:\/\/clinicamedicadoporto.pt\/staging\/wp-content\/uploads\/2021\/06\/perfil-masculino-clinica-medica-do-porto-webhp.png\" class=\"attachment-thumbnail size-thumbnail wp-post-image\" alt=\"imagem-perfil-masculino-clinica-medica-do-porto\" \/><\/div> <cite class=\"kwayy-testimonial-title\">M\u00e1rcio Alves<span class=\"kwayy-testimonial-designation\">Paciente da Cl\u00ednica M\u00e9dica do Porto<\/span><\/cite><\/footer><\/blockquote><\/div>\n\t<\/div>\n\t<div class=\"kwayy-testimonial-box \"><div class=\"kwayy-testimonial-data\"><blockquote class=\"kwayy-testimonial-text\">\r\n\t\t\t\t<div class=\"contarea\">\t\t\t\t\t\r\n\t\t\t\t\t<div class=\"kwayy-tst-contarea-text\">Um atendimento diferenciado, desde o agendamento da consulta, a prepara\u00e7\u00e3o para a mesma e a consulta em si. Acontece todo um protocolo para que nada fique ao acaso.\r\nGostei muito do trabalho, no meu caso, da Dra M\u00e1rcia Pereira Leite.\r\nRecomendo vivamente!<\/div>\r\n\t\t\t\t\t\r\n\t\t\t\t<\/div><footer> <div class=\"kwayy-testimonial-img\"><img loading=\"lazy\" decoding=\"async\" width=\"1\" height=\"1\" src=\"https:\/\/clinicamedicadoporto.pt\/staging\/wp-content\/uploads\/2021\/06\/perfil-clinica-medica-do-porto-webhp.png\" class=\"attachment-thumbnail size-thumbnail wp-post-image\" alt=\"imagem-perfil-feminio-clinica-medica-do-porto\" \/><\/div> <cite class=\"kwayy-testimonial-title\">Fernanda Pinto<span class=\"kwayy-testimonial-designation\">Paciente da Cl\u00ednica M\u00e9dica do Porto<\/span><\/cite><\/footer><\/blockquote><\/div>\n\t<\/div>\n\t<div class=\"kwayy-testimonial-box \"><div class=\"kwayy-testimonial-data\"><blockquote class=\"kwayy-testimonial-text\">\r\n\t\t\t\t<div class=\"contarea\">\t\t\t\t\t\r\n\t\t\t\t\t<div class=\"kwayy-tst-contarea-text\">Fiquei muito feliz com o meu atendimento da clinica. \r\nForam pontuais e organizados. \r\nDra Ines foi muito querida e prestativa. \r\nRecomendo!<\/div>\r\n\t\t\t\t\t\r\n\t\t\t\t<\/div><footer> <div class=\"kwayy-testimonial-img\"><img loading=\"lazy\" decoding=\"async\" width=\"96\" height=\"96\" src=\"https:\/\/clinicamedicadoporto.pt\/staging\/wp-content\/uploads\/2024\/03\/Foto-Testemunho-Camila-Zamboni.png\" class=\"attachment-thumbnail size-thumbnail wp-post-image\" alt=\"Foto imagem Testemunho Camila\" \/><\/div> <cite class=\"kwayy-testimonial-title\">Camila Zamboni<span class=\"kwayy-testimonial-designation\">Paciente da Cl\u00ednica M\u00e9dica do Porto<\/span><\/cite><\/footer><\/blockquote><\/div>\n\t<\/div>\n\t<div class=\"kwayy-testimonial-box \"><div class=\"kwayy-testimonial-data\"><blockquote class=\"kwayy-testimonial-text\">\r\n\t\t\t\t<div class=\"contarea\">\t\t\t\t\t\r\n\t\t\t\t\t<div class=\"kwayy-tst-contarea-text\">Excelente atendimento e profissionalismo na recep\u00e7\u00e3o.\r\nFoi a minha 1@ consulta com a Dra. M\u00e1rcia Leite, muito simp\u00e1tica e atenciosa, consulta devidamente estruturada e organizada, fui tratada sem pressas e com muita dedica\u00e7\u00e3o. \r\nAdorei \u2764\ufe0f<\/div>\r\n\t\t\t\t\t\r\n\t\t\t\t<\/div><footer> <div class=\"kwayy-testimonial-img\"><img loading=\"lazy\" decoding=\"async\" width=\"60\" height=\"60\" src=\"https:\/\/clinicamedicadoporto.pt\/staging\/wp-content\/uploads\/2024\/02\/foto-testemunho-eduarda-queiros.png\" class=\"attachment-thumbnail size-thumbnail wp-post-image\" alt=\"Foto de paciente da Clinica Medica do Porto\" \/><\/div> <cite class=\"kwayy-testimonial-title\">Eduarda Queiros<span class=\"kwayy-testimonial-designation\">Paciente da Cl\u00ednica M\u00e9dica do Porto<\/span><\/cite><\/footer><\/blockquote><\/div>\n\t<\/div>\n\t<div class=\"kwayy-testimonial-box \"><div class=\"kwayy-testimonial-data\"><blockquote class=\"kwayy-testimonial-text\">\r\n\t\t\t\t<div class=\"contarea\">\t\t\t\t\t\r\n\t\t\t\t\t<div class=\"kwayy-tst-contarea-text\">Boas condi\u00e7\u00f5es. \r\nProfissionais simp\u00e1ticos e competentes. \r\nUma boa experi\u00eancia. <\/div>\r\n\t\t\t\t\t\r\n\t\t\t\t<\/div><footer> <div class=\"kwayy-testimonial-img\"><img loading=\"lazy\" decoding=\"async\" width=\"1\" height=\"1\" src=\"https:\/\/clinicamedicadoporto.pt\/staging\/wp-content\/uploads\/2021\/06\/perfil-clinica-medica-do-porto-webhp.png\" class=\"attachment-thumbnail size-thumbnail wp-post-image\" alt=\"imagem-perfil-feminio-clinica-medica-do-porto\" \/><\/div> <cite class=\"kwayy-testimonial-title\">Sara Fernandes<span class=\"kwayy-testimonial-designation\">Paciente da Cl\u00ednica M\u00e9dica do Porto<\/span><\/cite><\/footer><\/blockquote><\/div>\n\t<\/div>\n\t<div class=\"kwayy-testimonial-box \"><div class=\"kwayy-testimonial-data\"><blockquote class=\"kwayy-testimonial-text\">\r\n\t\t\t\t<div class=\"contarea\">\t\t\t\t\t\r\n\t\t\t\t\t<div class=\"kwayy-tst-contarea-text\">Estacionamento facilitado.\r\nInstala\u00e7\u00f5es e ambiente sereno e muito acolhedor.\r\nAtendimento simp\u00e1tico e profissional.\r\nEstive numa 1.a consulta de Reposi\u00e7\u00e3o hormonal bioid\u00eantica, com a dra. Mariana Pinto Leite, onde fui tratada sem pressas com clareza, dedica\u00e7\u00e3o e muita compet\u00eancia.<\/div>\r\n\t\t\t\t\t\r\n\t\t\t\t<\/div><footer> <div class=\"kwayy-testimonial-img\"><img loading=\"lazy\" decoding=\"async\" width=\"1\" height=\"1\" src=\"https:\/\/clinicamedicadoporto.pt\/staging\/wp-content\/uploads\/2021\/06\/perfil-clinica-medica-do-porto-webhp.png\" class=\"attachment-thumbnail size-thumbnail wp-post-image\" alt=\"imagem-perfil-feminio-clinica-medica-do-porto\" \/><\/div> <cite class=\"kwayy-testimonial-title\">Ana Neves<span class=\"kwayy-testimonial-designation\">Paciente da Cl\u00ednica M\u00e9dica do Porto<\/span><\/cite><\/footer><\/blockquote><\/div>\n\t<\/div>\n\t<div class=\"kwayy-testimonial-box \"><div class=\"kwayy-testimonial-data\"><blockquote class=\"kwayy-testimonial-text\">\r\n\t\t\t\t<div class=\"contarea\">\t\t\t\t\t\r\n\t\t\t\t\t<div class=\"kwayy-tst-contarea-text\">Gostei muito do atendimento.\r\nMuito simp\u00e1ticas e amorosas para a minha filha, sem d\u00favida, caso necessite, voltarei a escolher a Cl\u00ednica M\u00e9dica do Porto.\r\nAgradecida.<\/div>\r\n\t\t\t\t\t\r\n\t\t\t\t<\/div><footer> <div class=\"kwayy-testimonial-img\"><img loading=\"lazy\" decoding=\"async\" width=\"1\" height=\"1\" src=\"https:\/\/clinicamedicadoporto.pt\/staging\/wp-content\/uploads\/2021\/06\/perfil-clinica-medica-do-porto-webhp.png\" class=\"attachment-thumbnail size-thumbnail wp-post-image\" alt=\"imagem-perfil-feminio-clinica-medica-do-porto\" \/><\/div> <cite class=\"kwayy-testimonial-title\">Tatiana Silva<span class=\"kwayy-testimonial-designation\">M\u00e3e de Paciente da Cl\u00ednica M\u00e9dica do Porto<\/span><\/cite><\/footer><\/blockquote><\/div>\n\t<\/div>\n\t<div class=\"kwayy-testimonial-box \"><div class=\"kwayy-testimonial-data\"><blockquote class=\"kwayy-testimonial-text\">\r\n\t\t\t\t<div class=\"contarea\">\t\t\t\t\t\r\n\t\t\t\t\t<div class=\"kwayy-tst-contarea-text\">Foi uma experi\u00eancia muito agrad\u00e1vel nesta cl\u00ednica, com um bom acolhimento e um m\u00e9dico competente que presta aten\u00e7\u00e3o ao paciente e adoro o facto de serem recomendados rem\u00e9dios naturais, recomendo vivamente.<\/div>\r\n\t\t\t\t\t\r\n\t\t\t\t<\/div><footer> <div class=\"kwayy-testimonial-img\"><img loading=\"lazy\" decoding=\"async\" width=\"1\" height=\"1\" src=\"https:\/\/clinicamedicadoporto.pt\/staging\/wp-content\/uploads\/2021\/06\/perfil-clinica-medica-do-porto-webhp.png\" class=\"attachment-thumbnail size-thumbnail wp-post-image\" alt=\"imagem-perfil-feminio-clinica-medica-do-porto\" \/><\/div> <cite class=\"kwayy-testimonial-title\">Carlita<span class=\"kwayy-testimonial-designation\">Paciente da Cl\u00ednica M\u00e9dica do Porto<\/span><\/cite><\/footer><\/blockquote><\/div>\n\t<\/div>\n\t<div class=\"kwayy-testimonial-box \"><div class=\"kwayy-testimonial-data\"><blockquote class=\"kwayy-testimonial-text\">\r\n\t\t\t\t<div class=\"contarea\">\t\t\t\t\t\r\n\t\t\t\t\t<div class=\"kwayy-tst-contarea-text\">A Dra Beatriz \u00e9 optima, ja vejo efeitos. \r\nToda a gente na cl\u00ednica \u00e9 muito simp\u00e1tica. \r\nRecomendo 100%<\/div>\r\n\t\t\t\t\t\r\n\t\t\t\t<\/div><footer> <div class=\"kwayy-testimonial-img\"><img loading=\"lazy\" decoding=\"async\" width=\"60\" height=\"60\" src=\"https:\/\/clinicamedicadoporto.pt\/staging\/wp-content\/uploads\/2024\/01\/Foto-carolina-oliveira.png\" class=\"attachment-thumbnail size-thumbnail wp-post-image\" alt=\"Foto de cliente da Clinica\" \/><\/div> <cite class=\"kwayy-testimonial-title\">Carolina Oliveira<span class=\"kwayy-testimonial-designation\">Paciente da Cl\u00ednica M\u00e9dica do Porto<\/span><\/cite><\/footer><\/blockquote><\/div>\n\t<\/div>\n\t<div class=\"kwayy-testimonial-box \"><div class=\"kwayy-testimonial-data\"><blockquote class=\"kwayy-testimonial-text\">\r\n\t\t\t\t<div class=\"contarea\">\t\t\t\t\t\r\n\t\t\t\t\t<div class=\"kwayy-tst-contarea-text\">Excelente atendimento, o espa\u00e7o muito agrad\u00e1vel!\r\nA Dr\u00aaMariana \u00e9 uma excelente profissional com uma vertente muito humana!<\/div>\r\n\t\t\t\t\t\r\n\t\t\t\t<\/div><footer> <div class=\"kwayy-testimonial-img\"><img loading=\"lazy\" decoding=\"async\" width=\"1\" height=\"1\" src=\"https:\/\/clinicamedicadoporto.pt\/staging\/wp-content\/uploads\/2021\/06\/perfil-clinica-medica-do-porto-webhp.png\" class=\"attachment-thumbnail size-thumbnail wp-post-image\" alt=\"imagem-perfil-feminio-clinica-medica-do-porto\" \/><\/div> <cite class=\"kwayy-testimonial-title\">M\u00e1rcia Reis<span class=\"kwayy-testimonial-designation\">Paciente da C<\/span><\/cite><\/footer><\/blockquote><\/div>\n\t<\/div>\n\t<div class=\"kwayy-testimonial-box \"><div class=\"kwayy-testimonial-data\"><blockquote class=\"kwayy-testimonial-text\">\r\n\t\t\t\t<div class=\"contarea\">\t\t\t\t\t\r\n\t\t\t\t\t<div class=\"kwayy-tst-contarea-text\">Bom atendimento, muito profissionalismo!<\/div>\r\n\t\t\t\t\t\r\n\t\t\t\t<\/div><footer> <div class=\"kwayy-testimonial-img\"><img loading=\"lazy\" decoding=\"async\" width=\"1\" height=\"1\" src=\"https:\/\/clinicamedicadoporto.pt\/staging\/wp-content\/uploads\/2021\/06\/perfil-clinica-medica-do-porto-webhp.png\" class=\"attachment-thumbnail size-thumbnail wp-post-image\" alt=\"imagem-perfil-feminio-clinica-medica-do-porto\" \/><\/div> <cite class=\"kwayy-testimonial-title\">Maria Teresa Chaves<span class=\"kwayy-testimonial-designation\">Paciente da Cl\u00ednica M\u00e9dica do Porto<\/span><\/cite><\/footer><\/blockquote><\/div>\n\t<\/div>\n\t<div class=\"kwayy-testimonial-box \"><div class=\"kwayy-testimonial-data\"><blockquote class=\"kwayy-testimonial-text\">\r\n\t\t\t\t<div class=\"contarea\">\t\t\t\t\t\r\n\t\t\t\t\t<div class=\"kwayy-tst-contarea-text\">\u00d3tima consulta com a Dra. In\u00eas Bento. Super amig\u00e1vel, dedicou tempo para abordar diferentes quest\u00f5es e foi muito flex\u00edvel. Fico feliz em voltar.<\/div>\r\n\t\t\t\t\t\r\n\t\t\t\t<\/div><footer> <div class=\"kwayy-testimonial-img\"><img loading=\"lazy\" decoding=\"async\" width=\"96\" height=\"96\" src=\"https:\/\/clinicamedicadoporto.pt\/staging\/wp-content\/uploads\/2023\/11\/Foto-Bernardo-Garcia.jpeg\" class=\"attachment-thumbnail size-thumbnail wp-post-image\" alt=\"Imagem de utente da Clinica Medica do Porto\" \/><\/div> <cite class=\"kwayy-testimonial-title\">Bernardo Garcia<span class=\"kwayy-testimonial-designation\">Paciente da Cl\u00ednica M\u00e9dica do Porto<\/span><\/cite><\/footer><\/blockquote><\/div>\n\t<\/div>\n\t<div class=\"kwayy-testimonial-box \"><div class=\"kwayy-testimonial-data\"><blockquote class=\"kwayy-testimonial-text\">\r\n\t\t\t\t<div class=\"contarea\">\t\t\t\t\t\r\n\t\t\t\t\t<div class=\"kwayy-tst-contarea-text\">Gostei de tudo. \r\nDesde a simpatia e profissionalismo tanto da recepcionista como da m\u00e9dica Dra M\u00e1rcia Leite\r\nCertamente recomendarei, obrigada.<\/div>\r\n\t\t\t\t\t\r\n\t\t\t\t<\/div><footer> <div class=\"kwayy-testimonial-img\"><img loading=\"lazy\" decoding=\"async\" width=\"1\" height=\"1\" src=\"https:\/\/clinicamedicadoporto.pt\/staging\/wp-content\/uploads\/2021\/06\/perfil-clinica-medica-do-porto-webhp.png\" class=\"attachment-thumbnail size-thumbnail wp-post-image\" alt=\"imagem-perfil-feminio-clinica-medica-do-porto\" \/><\/div> <cite class=\"kwayy-testimonial-title\">Palmira Soares<span class=\"kwayy-testimonial-designation\">Paciente da Cl\u00ednica M\u00e9dica do Porto<\/span><\/cite><\/footer><\/blockquote><\/div>\n\t<\/div>\n\t<div class=\"kwayy-testimonial-box \"><div class=\"kwayy-testimonial-data\"><blockquote class=\"kwayy-testimonial-text\">\r\n\t\t\t\t<div class=\"contarea\">\t\t\t\t\t\r\n\t\t\t\t\t<div class=\"kwayy-tst-contarea-text\">Coloboradora muito simpatica e profissionalismo acima da m\u00e9dia<\/div>\r\n\t\t\t\t\t\r\n\t\t\t\t<\/div><footer> <div class=\"kwayy-testimonial-img\"><img loading=\"lazy\" decoding=\"async\" width=\"96\" height=\"96\" src=\"https:\/\/clinicamedicadoporto.pt\/staging\/wp-content\/uploads\/2023\/10\/Foto-Maria-Brilhante.png\" class=\"attachment-thumbnail size-thumbnail wp-post-image\" alt=\"Foto Maria Brilhante\" \/><\/div> <cite class=\"kwayy-testimonial-title\">Maria Brilhante<span class=\"kwayy-testimonial-designation\">Paciente da Cl\u00ednica M\u00e9dica do Porto<\/span><\/cite><\/footer><\/blockquote><\/div>\n\t<\/div>\n\t<div class=\"kwayy-testimonial-box \"><div class=\"kwayy-testimonial-data\"><blockquote class=\"kwayy-testimonial-text\">\r\n\t\t\t\t<div class=\"contarea\">\t\t\t\t\t\r\n\t\t\t\t\t<div class=\"kwayy-tst-contarea-text\">1. servi\u00e7o de atendimento: EFICIENTE (...);\r\n2. Consulta: sublinhem-se a aten\u00e7\u00e3o na recep\u00e7\u00e3o, desde logo, ao utente; o cuidado na abordagem (...) sensibilidade e clareza necess\u00e1rias, na atitude e no discurso, (...), num grau de PROFISSIONALISMO de real\u00e7ar.\r\n3. Espa\u00e7o: (...) o facto de o estacionamento ser gerido camarariamente (parqu\u00edmetros) atenuar\u00e1 eventuais dificuldades de parqueamento moment\u00e2neo<\/div>\r\n\t\t\t\t\t\r\n\t\t\t\t<\/div><footer> <div class=\"kwayy-testimonial-img\"><img loading=\"lazy\" decoding=\"async\" width=\"96\" height=\"96\" src=\"https:\/\/clinicamedicadoporto.pt\/staging\/wp-content\/uploads\/2023\/10\/Foto-Manuel-Lopes-Pereira.png\" class=\"attachment-thumbnail size-thumbnail wp-post-image\" alt=\"Foto Manuel Lopes Pereira\" \/><\/div> <cite class=\"kwayy-testimonial-title\">Manuel Lopes Pereira<span class=\"kwayy-testimonial-designation\">Paciente da Cl\u00ednica M\u00e9dica do Porto<\/span><\/cite><\/footer><\/blockquote><\/div>\n\t<\/div>\n\t<div class=\"kwayy-testimonial-box \"><div class=\"kwayy-testimonial-data\"><blockquote class=\"kwayy-testimonial-text\">\r\n\t\t\t\t<div class=\"contarea\">\t\t\t\t\t\r\n\t\t\t\t\t<div class=\"kwayy-tst-contarea-text\">Desde o nascimento que a minha filha \u00e9 acompanhada pela Dra Nelea Afanas na consulta de Pediatria. \r\nA Dra Nelea \u00e9 muito am\u00e1vel, dispon\u00edvel e profissional. Tem uma abordagem muito integrada que a distingue.\r\nRecomendo!<\/div>\r\n\t\t\t\t\t\r\n\t\t\t\t<\/div><footer> <div class=\"kwayy-testimonial-img\"><img loading=\"lazy\" decoding=\"async\" width=\"96\" height=\"96\" src=\"https:\/\/clinicamedicadoporto.pt\/staging\/wp-content\/uploads\/2023\/10\/Foto-Testemunho-Tatiana-Sousa.png\" class=\"attachment-thumbnail size-thumbnail wp-post-image\" alt=\"Foto Testemunho-Tatiana Calv\u00e3o Sousa\" \/><\/div> <cite class=\"kwayy-testimonial-title\">Tatiana Sousa<span class=\"kwayy-testimonial-designation\">M\u00e3e de Paciente da Cl\u00ednica M\u00e9dica do Porto<\/span><\/cite><\/footer><\/blockquote><\/div>\n\t<\/div>\n\t<div class=\"kwayy-testimonial-box \"><div class=\"kwayy-testimonial-data\"><blockquote class=\"kwayy-testimonial-text\">\r\n\t\t\t\t<div class=\"contarea\">\t\t\t\t\t\r\n\t\t\t\t\t<div class=\"kwayy-tst-contarea-text\">Servi\u00e7o profissional, recomendo!<\/div>\r\n\t\t\t\t\t\r\n\t\t\t\t<\/div><footer> <div class=\"kwayy-testimonial-img\"><img loading=\"lazy\" decoding=\"async\" width=\"96\" height=\"96\" src=\"https:\/\/clinicamedicadoporto.pt\/staging\/wp-content\/uploads\/2023\/10\/Foto-Comentario-Luis-Alves.png\" class=\"attachment-thumbnail size-thumbnail wp-post-image\" alt=\"Foto Lu\u00eds Alves\" \/><\/div> <cite class=\"kwayy-testimonial-title\">Luis Alves<span class=\"kwayy-testimonial-designation\">Paciente da Cl\u00ednica M\u00e9dica do Porto<\/span><\/cite><\/footer><\/blockquote><\/div>\n\t<\/div>\n\t<div class=\"kwayy-testimonial-box \"><div class=\"kwayy-testimonial-data\"><blockquote class=\"kwayy-testimonial-text\">\r\n\t\t\t\t<div class=\"contarea\">\t\t\t\t\t\r\n\t\t\t\t\t<div class=\"kwayy-tst-contarea-text\">Agrade\u00e7o \u00e0 Dr.\u00aaAna Rita Teles a sua disponibilidade, simpatia, carinho e profissionalismo. Sobretudo, o seu saber\/conhecimento ao apresentar  solu\u00e7\u00f5es inovadoras e adequadas aos meus problemas de sa\u00fade.<\/div>\r\n\t\t\t\t\t\r\n\t\t\t\t<\/div><footer> <div class=\"kwayy-testimonial-img\"><img loading=\"lazy\" decoding=\"async\" width=\"1\" height=\"1\" src=\"https:\/\/clinicamedicadoporto.pt\/staging\/wp-content\/uploads\/2021\/06\/perfil-clinica-medica-do-porto-webhp.png\" class=\"attachment-thumbnail size-thumbnail wp-post-image\" alt=\"imagem-perfil-feminio-clinica-medica-do-porto\" \/><\/div> <cite class=\"kwayy-testimonial-title\">Anabela<span class=\"kwayy-testimonial-designation\">Paciente da Cl\u00ednica M\u00e9dica do Porto<\/span><\/cite><\/footer><\/blockquote><\/div>\n\t<\/div>\n\t<div class=\"kwayy-testimonial-box \"><div class=\"kwayy-testimonial-data\"><blockquote class=\"kwayy-testimonial-text\">\r\n\t\t\t\t<div class=\"contarea\">\t\t\t\t\t\r\n\t\t\t\t\t<div class=\"kwayy-tst-contarea-text\">Muito am\u00e1veis, desde a rece\u00e7\u00e3o ao corpo cl\u00ednico. \r\nRecomendo!\r\n\r\n<\/div>\r\n\t\t\t\t\t\r\n\t\t\t\t<\/div><footer> <div class=\"kwayy-testimonial-img\"><img loading=\"lazy\" decoding=\"async\" width=\"96\" height=\"96\" src=\"https:\/\/clinicamedicadoporto.pt\/staging\/wp-content\/uploads\/2023\/06\/Foto-Marta-Lima.png\" class=\"attachment-thumbnail size-thumbnail wp-post-image\" alt=\"Foto-Marta-Lima\" \/><\/div> <cite class=\"kwayy-testimonial-title\">Marta Lima<span class=\"kwayy-testimonial-designation\">Paciente da Cl\u00ednica M\u00e9dica do Porto<\/span><\/cite><\/footer><\/blockquote><\/div>\n\t<\/div>\n\t<div class=\"kwayy-testimonial-box \"><div class=\"kwayy-testimonial-data\"><blockquote class=\"kwayy-testimonial-text\">\r\n\t\t\t\t<div class=\"contarea\">\t\t\t\t\t\r\n\t\t\t\t\t<div class=\"kwayy-tst-contarea-text\">Foi a minha primeira consulta Anti-aging com a Dra. Mariana Pinto Leite. \r\nFiquei muito bem impressionada com o atendimento e profissionalismo pelo que vou continuar a utilizar os seus servi\u00e7os.<\/div>\r\n\t\t\t\t\t\r\n\t\t\t\t<\/div><footer> <div class=\"kwayy-testimonial-img\"><img loading=\"lazy\" decoding=\"async\" width=\"96\" height=\"96\" src=\"https:\/\/clinicamedicadoporto.pt\/staging\/wp-content\/uploads\/2018\/07\/perfil-clinica-medica-do-porto-150x150.png\" class=\"attachment-thumbnail size-thumbnail wp-post-image\" alt=\"perfil-feminino-clinica-medica-do-porto\" srcset=\"https:\/\/clinicamedicadoporto.pt\/staging\/wp-content\/uploads\/2018\/07\/perfil-clinica-medica-do-porto-150x150.png 150w, https:\/\/clinicamedicadoporto.pt\/staging\/wp-content\/uploads\/2018\/07\/perfil-clinica-medica-do-porto-300x300.png 300w, https:\/\/clinicamedicadoporto.pt\/staging\/wp-content\/uploads\/2018\/07\/perfil-clinica-medica-do-porto-e1604515282169.png 60w\" sizes=\"auto, (max-width: 96px) 100vw, 96px\" \/><\/div> <cite class=\"kwayy-testimonial-title\">Maria Manuel Junqueira<span class=\"kwayy-testimonial-designation\">Paciente da Cl\u00ednica M\u00e9dica do Porto<\/span><\/cite><\/footer><\/blockquote><\/div>\n\t<\/div>\n\t<div class=\"kwayy-testimonial-box \"><div class=\"kwayy-testimonial-data\"><blockquote class=\"kwayy-testimonial-text\">\r\n\t\t\t\t<div class=\"contarea\">\t\t\t\t\t\r\n\t\t\t\t\t<div class=\"kwayy-tst-contarea-text\">Fui prontamente atendido pela rececionista que foi agrad\u00e1vel e gentil. Como fui \u00e0 Cl\u00ednica para uma consulta de urologia, logo fui encaminhado para o Doutor Rui. Ele me consultou, conversamos e acredito que sa\u00ed com um diagn\u00f3stico preciso. (...)<\/div>\r\n\t\t\t\t\t\r\n\t\t\t\t<\/div><footer> <div class=\"kwayy-testimonial-img\"><img loading=\"lazy\" decoding=\"async\" width=\"1\" height=\"1\" src=\"https:\/\/clinicamedicadoporto.pt\/staging\/wp-content\/uploads\/2021\/06\/perfil-masculino-clinica-medica-do-porto-webhp.png\" class=\"attachment-thumbnail size-thumbnail wp-post-image\" alt=\"imagem-perfil-masculino-clinica-medica-do-porto\" \/><\/div> <cite class=\"kwayy-testimonial-title\">Rubem Lima<span class=\"kwayy-testimonial-designation\">Paciente da Cl\u00ednica M\u00e9dica do Porto<\/span><\/cite><\/footer><\/blockquote><\/div>\n\t<\/div>\n\t<div class=\"kwayy-testimonial-box \"><div class=\"kwayy-testimonial-data\"><blockquote class=\"kwayy-testimonial-text\">\r\n\t\t\t\t<div class=\"contarea\">\t\t\t\t\t\r\n\t\t\t\t\t<div class=\"kwayy-tst-contarea-text\">Tive uma consulta com a Dra Joana da ginecol\u00f3gica adorei o atendimento a simpatia  da Doutora como das funcion\u00e1rias  obrigada pelo excelente trabalho.<\/div>\r\n\t\t\t\t\t\r\n\t\t\t\t<\/div><footer> <div class=\"kwayy-testimonial-img\"><img loading=\"lazy\" decoding=\"async\" width=\"1\" height=\"1\" src=\"https:\/\/clinicamedicadoporto.pt\/staging\/wp-content\/uploads\/2021\/06\/perfil-clinica-medica-do-porto-webhp.png\" class=\"attachment-thumbnail size-thumbnail wp-post-image\" alt=\"imagem-perfil-feminio-clinica-medica-do-porto\" \/><\/div> <cite class=\"kwayy-testimonial-title\">Sandra Borges<span class=\"kwayy-testimonial-designation\">Paciente da Cl\u00ednica M\u00e9dica do Porto<\/span><\/cite><\/footer><\/blockquote><\/div>\n\t<\/div>\n\t<div class=\"kwayy-testimonial-box \"><div class=\"kwayy-testimonial-data\"><blockquote class=\"kwayy-testimonial-text\">\r\n\t\t\t\t<div class=\"contarea\">\t\t\t\t\t\r\n\t\t\t\t\t<div class=\"kwayy-tst-contarea-text\">\u00d3timo atendimento. <br>\r\nMeu filho e eu fomos tratados com excel\u00eancia.<\/div>\r\n\t\t\t\t\t\r\n\t\t\t\t<\/div><footer> <div class=\"kwayy-testimonial-img\"><img loading=\"lazy\" decoding=\"async\" width=\"96\" height=\"96\" src=\"https:\/\/clinicamedicadoporto.pt\/staging\/wp-content\/uploads\/2023\/02\/Foto-Priscila-Hila\u0301rio.png\" class=\"attachment-thumbnail size-thumbnail wp-post-image\" alt=\"Imagem Testemunho Clinica Medica do Porto\" \/><\/div> <cite class=\"kwayy-testimonial-title\">Priscila Hil\u00e1rio<span class=\"kwayy-testimonial-designation\">M\u00e3e de Paciente da Cl\u00ednica M\u00e9dica do Porto<\/span><\/cite><\/footer><\/blockquote><\/div>\n\t<\/div>\n\t<div class=\"kwayy-testimonial-box \"><div class=\"kwayy-testimonial-data\"><blockquote class=\"kwayy-testimonial-text\">\r\n\t\t\t\t<div class=\"contarea\">\t\t\t\t\t\r\n\t\t\t\t\t<div class=\"kwayy-tst-contarea-text\">(Traduzido pelo Google) Eu realmente gostei do atendimento ao cliente. <br>Visitamos o pediatra e ficamos muito satisfeitos com a comunica\u00e7\u00e3o e como o beb\u00ea foi examinado. <br>Muito obrigado a todos os funcion\u00e1rios<\/div>\r\n\t\t\t\t\t\r\n\t\t\t\t<\/div><footer> <div class=\"kwayy-testimonial-img\"><img loading=\"lazy\" decoding=\"async\" width=\"1\" height=\"1\" src=\"https:\/\/clinicamedicadoporto.pt\/staging\/wp-content\/uploads\/2021\/06\/perfil-clinica-medica-do-porto-webhp.png\" class=\"attachment-thumbnail size-thumbnail wp-post-image\" alt=\"imagem-perfil-feminio-clinica-medica-do-porto\" \/><\/div> <cite class=\"kwayy-testimonial-title\">Veronika M.<span class=\"kwayy-testimonial-designation\">M\u00e3e de Paciente da Cl\u00ednica M\u00e9dica do Porto<\/span><\/cite><\/footer><\/blockquote><\/div>\n\t<\/div>\n\t<div class=\"kwayy-testimonial-box \"><div class=\"kwayy-testimonial-data\"><blockquote class=\"kwayy-testimonial-text\">\r\n\t\t\t\t<div class=\"contarea\">\t\t\t\t\t\r\n\t\t\t\t\t<div class=\"kwayy-tst-contarea-text\">A melhor cl\u00ednica. Vivo na Alemanha, fiz uma maratona a correr de m\u00e9dico para m\u00e9dico c\u00e1 na Alemanha, por tudo que me queixava me queriam prescrever anti depressivos , mesmo eu o dizer v\u00e1rias vezes que n\u00e3o os queria tomar por me sentir ainda pior com estes . Estive uns meses no Porto e decidi visitar a cl\u00ednica . A doutora Maria Jos\u00e9 me ouviu muito atenciosa . N\u00e3o tenho palavras para expressar como lhe estou grata .A doutora Maria Jos\u00e9 \u00e9 um anjo na terra \u2764\ufe0f Infelizmente muitos poucos os m\u00e9dicos competentes como a doutora. Um grande abra\u00e7o para toda a equipa e um ainda maior para a doutora Maria Jos\u00e9. At\u00e9 breve<\/div>\r\n\t\t\t\t\t\r\n\t\t\t\t<\/div><footer> <span class=\"kwayy-testimonial-icon\"><i class=\"kwicon-fa-quote-left\"><\/i><\/span> <cite class=\"kwayy-testimonial-title\">Habibi Habibi<span class=\"kwayy-testimonial-designation\">Paciente da Cl\u00ednica M\u00e9dica do Porto<\/span><\/cite><\/footer><\/blockquote><\/div>\n\t<\/div>\n\t<div class=\"kwayy-testimonial-box \"><div class=\"kwayy-testimonial-data\"><blockquote class=\"kwayy-testimonial-text\">\r\n\t\t\t\t<div class=\"contarea\">\t\t\t\t\t\r\n\t\t\t\t\t<div class=\"kwayy-tst-contarea-text\">Extremamente profissionais e simp\u00e1ticos!<\/div>\r\n\t\t\t\t\t\r\n\t\t\t\t<\/div><footer> <div class=\"kwayy-testimonial-img\"><img loading=\"lazy\" decoding=\"async\" width=\"60\" height=\"60\" src=\"https:\/\/clinicamedicadoporto.pt\/staging\/wp-content\/uploads\/2018\/07\/perfil-masculino-clinica-medica-do-porto-e1604516490646.png\" class=\"attachment-thumbnail size-thumbnail wp-post-image\" alt=\"perfil-masculino-clinica-medica-do-porto\" \/><\/div> <cite class=\"kwayy-testimonial-title\">Pedro Costa<span class=\"kwayy-testimonial-designation\">Paciente da Cl\u00ednica M\u00e9dica do Porto<\/span><\/cite><\/footer><\/blockquote><\/div>\n\t<\/div>\n\t<div class=\"kwayy-testimonial-box \"><div class=\"kwayy-testimonial-data\"><blockquote class=\"kwayy-testimonial-text\">\r\n\t\t\t\t<div class=\"contarea\">\t\t\t\t\t\r\n\t\t\t\t\t<div class=\"kwayy-tst-contarea-text\">A clinica situa-se num local bem acess\u00edvel, o tempo de espera foi 5 minutos o atendimento tamb\u00e9m \u00e9 r\u00e1pido e fui bem atendido pelo m\u00e9dico e fiquei satisfeito no geral.<\/div>\r\n\t\t\t\t\t\r\n\t\t\t\t<\/div><footer> <div class=\"kwayy-testimonial-img\"><img loading=\"lazy\" decoding=\"async\" width=\"60\" height=\"60\" src=\"https:\/\/clinicamedicadoporto.pt\/staging\/wp-content\/uploads\/2018\/07\/perfil-masculino-clinica-medica-do-porto-e1604516490646.png\" class=\"attachment-thumbnail size-thumbnail wp-post-image\" alt=\"perfil-masculino-clinica-medica-do-porto\" \/><\/div> <cite class=\"kwayy-testimonial-title\">Duarte Alves<span class=\"kwayy-testimonial-designation\">Paciente da Cl\u00ednica M\u00e9dica do Porto<\/span><\/cite><\/footer><\/blockquote><\/div>\n\t<\/div>\n\t<div class=\"kwayy-testimonial-box \"><div class=\"kwayy-testimonial-data\"><blockquote class=\"kwayy-testimonial-text\">\r\n\t\t\t\t<div class=\"contarea\">\t\t\t\t\t\r\n\t\t\t\t\t<div class=\"kwayy-tst-contarea-text\">Funcion\u00e1rios muito simp\u00e1ticos. A consulta decorreu com a maior simpatia.<\/div>\r\n\t\t\t\t\t\r\n\t\t\t\t<\/div><footer> <div class=\"kwayy-testimonial-img\"><img loading=\"lazy\" decoding=\"async\" width=\"96\" height=\"96\" src=\"https:\/\/clinicamedicadoporto.pt\/staging\/wp-content\/uploads\/2022\/10\/Foto-Testemunho-Rui-Romero-Clinica-Medica-Porto.png\" class=\"attachment-thumbnail size-thumbnail wp-post-image\" alt=\"Foto-Testemunho-Rui-Romero-Clinica-Medica-Porto\" \/><\/div> <cite class=\"kwayy-testimonial-title\">Rui Romero<span class=\"kwayy-testimonial-designation\">Paciente da Cl\u00ednica M\u00e9dica do Porto<\/span><\/cite><\/footer><\/blockquote><\/div>\n\t<\/div>\n\t<div class=\"kwayy-testimonial-box \"><div class=\"kwayy-testimonial-data\"><blockquote class=\"kwayy-testimonial-text\">\r\n\t\t\t\t<div class=\"contarea\">\t\t\t\t\t\r\n\t\t\t\t\t<div class=\"kwayy-tst-contarea-text\">Excelente atendimento muito bem recebida por todos, adorei minha m\u00e9dica.\r\nObrigada<\/div>\r\n\t\t\t\t\t\r\n\t\t\t\t<\/div><footer> <div class=\"kwayy-testimonial-img\"><img loading=\"lazy\" decoding=\"async\" width=\"96\" height=\"96\" src=\"https:\/\/clinicamedicadoporto.pt\/staging\/wp-content\/uploads\/2022\/10\/Imagem-Testemunho-Maria-Piedade-Clinica-Medica-Porto.png\" class=\"attachment-thumbnail size-thumbnail wp-post-image\" alt=\"Imagem-Testemunho-Maria-Piedade-Clinica-Medica-Porto\" \/><\/div> <cite class=\"kwayy-testimonial-title\">Maria Piedade<span class=\"kwayy-testimonial-designation\">Paciente da Cl\u00ednica M\u00e9dica do Porto<\/span><\/cite><\/footer><\/blockquote><\/div>\n\t<\/div>\n\t<div class=\"kwayy-testimonial-box \"><div class=\"kwayy-testimonial-data\"><blockquote class=\"kwayy-testimonial-text\">\r\n\t\t\t\t<div class=\"contarea\">\t\t\t\t\t\r\n\t\t\t\t\t<div class=\"kwayy-tst-contarea-text\">Dr i don't know how to write her name but she was so kind and helpful. (A prop\u00f3sito da Consulta de Medicina Geral de Familiar e da Dra. In\u00eas Bento)<\/div>\r\n\t\t\t\t\t\r\n\t\t\t\t<\/div><footer> <div class=\"kwayy-testimonial-img\"><img loading=\"lazy\" decoding=\"async\" width=\"96\" height=\"96\" src=\"https:\/\/clinicamedicadoporto.pt\/staging\/wp-content\/uploads\/2022\/09\/Foto-Testemunho-Hisham-Papi.png\" class=\"attachment-thumbnail size-thumbnail wp-post-image\" alt=\"Foto de Paciente Testemunho Consulta Medicina Geral e Familiar\" \/><\/div> <cite class=\"kwayy-testimonial-title\">Hisham Papi<span class=\"kwayy-testimonial-designation\">Paciente da Cl\u00ednica M\u00e9dica do Porto<\/span><\/cite><\/footer><\/blockquote><\/div>\n\t<\/div>\n\t<div class=\"kwayy-testimonial-box \"><div class=\"kwayy-testimonial-data\"><blockquote class=\"kwayy-testimonial-text\">\r\n\t\t\t\t<div class=\"contarea\">\t\t\t\t\t\r\n\t\t\t\t\t<div class=\"kwayy-tst-contarea-text\">Wonderful doctor! \r\nThank you for taking such great care of me!\r\n(A prop\u00f3sito da consulta de Medicina Geral e Familiar da Dra. In\u00eas Bento)<\/div>\r\n\t\t\t\t\t\r\n\t\t\t\t<\/div><footer> <div class=\"kwayy-testimonial-img\"><img loading=\"lazy\" decoding=\"async\" width=\"96\" height=\"96\" src=\"https:\/\/clinicamedicadoporto.pt\/staging\/wp-content\/uploads\/2022\/09\/Foto-Testemunho-Diane-Bower.jpg\" class=\"attachment-thumbnail size-thumbnail wp-post-image\" alt=\"Foto de Paciente Diane Bower\" \/><\/div> <cite class=\"kwayy-testimonial-title\">Diane McCleave Bower<span class=\"kwayy-testimonial-designation\">Paciente da Cl\u00ednica M\u00e9dica do Porto<\/span><\/cite><\/footer><\/blockquote><\/div>\n\t<\/div>\n\t<div class=\"kwayy-testimonial-box \"><div class=\"kwayy-testimonial-data\"><blockquote class=\"kwayy-testimonial-text\">\r\n\t\t\t\t<div class=\"contarea\">\t\t\t\t\t\r\n\t\t\t\t\t<div class=\"kwayy-tst-contarea-text\">Atendimento muito competente da Dra. Madalena Cabral. Recomendo vivamente!<\/div>\r\n\t\t\t\t\t\r\n\t\t\t\t<\/div><footer> <div class=\"kwayy-testimonial-img\"><img loading=\"lazy\" decoding=\"async\" width=\"96\" height=\"96\" src=\"https:\/\/clinicamedicadoporto.pt\/staging\/wp-content\/uploads\/2022\/07\/Foto-Carla-Trindade-Testemunho.png\" class=\"attachment-thumbnail size-thumbnail wp-post-image\" alt=\"Foto-Carla-Trindade-Testemunho\" \/><\/div> <cite class=\"kwayy-testimonial-title\">Carla Trindade<span class=\"kwayy-testimonial-designation\">Paciente da Cl\u00ednica M\u00e9dica do Porto<\/span><\/cite><\/footer><\/blockquote><\/div>\n\t<\/div>\n\t<div class=\"kwayy-testimonial-box \"><div class=\"kwayy-testimonial-data\"><blockquote class=\"kwayy-testimonial-text\">\r\n\t\t\t\t<div class=\"contarea\">\t\t\t\t\t\r\n\t\t\t\t\t<div class=\"kwayy-tst-contarea-text\">Atendimento simp\u00e1tico e tratamento profissional. Senti-me desde cedo como se fosse uma paciente antiga da casa. Relativamente \u00e0 consulta de medicina est\u00e9tica, com o Dr. Manuel Rodrigues de Sousa, superou todas as expectativas, sendo com certeza um m\u00e9dico a referenciar.<\/div>\r\n\t\t\t\t\t\r\n\t\t\t\t<\/div><footer> <div class=\"kwayy-testimonial-img\"><img loading=\"lazy\" decoding=\"async\" width=\"96\" height=\"96\" src=\"https:\/\/clinicamedicadoporto.pt\/staging\/wp-content\/uploads\/2022\/07\/Foto-Julia-Medeiros-Testemunho-Medicina-Estetica.jpg\" class=\"attachment-thumbnail size-thumbnail wp-post-image\" alt=\"Foto-Julia-Medeiros-Testemunho-Medicina-Estetica\" \/><\/div> <cite class=\"kwayy-testimonial-title\">Julia Medeiros<span class=\"kwayy-testimonial-designation\">Paciente da Cl\u00ednica M\u00e9dica do Porto<\/span><\/cite><\/footer><\/blockquote><\/div>\n\t<\/div>\n\t<div class=\"kwayy-testimonial-box \"><div class=\"kwayy-testimonial-data\"><blockquote class=\"kwayy-testimonial-text\">\r\n\t\t\t\t<div class=\"contarea\">\t\t\t\t\t\r\n\t\t\t\t\t<div class=\"kwayy-tst-contarea-text\">Um bem haja pelo servi\u00e7o prestado pela Dr. Joana, simpatia, atenciosa, profissionalismo. E o pre\u00e7o qualidade do servi\u00e7o, n\u00e3o podia ser melhor. \r\nE bom atendimento na recep\u00e7\u00e3o. \r\nObrigada.<\/div>\r\n\t\t\t\t\t\r\n\t\t\t\t<\/div><footer> <div class=\"kwayy-testimonial-img\"><img loading=\"lazy\" decoding=\"async\" width=\"60\" height=\"60\" src=\"https:\/\/clinicamedicadoporto.pt\/staging\/wp-content\/uploads\/2019\/08\/perfil-clinica-medica-do-porto-e1604516538844.png\" class=\"attachment-thumbnail size-thumbnail wp-post-image\" alt=\"Testemunho-clinica-medica-do-porto\" \/><\/div> <cite class=\"kwayy-testimonial-title\">Alice Martins<span class=\"kwayy-testimonial-designation\">Paciente da Cl\u00ednica M\u00e9dica do Porto<\/span><\/cite><\/footer><\/blockquote><\/div>\n\t<\/div>\n\t<div class=\"kwayy-testimonial-box \"><div class=\"kwayy-testimonial-data\"><blockquote class=\"kwayy-testimonial-text\">\r\n\t\t\t\t<div class=\"contarea\">\t\t\t\t\t\r\n\t\t\t\t\t<div class=\"kwayy-tst-contarea-text\">Simpatia na rece\u00e7\u00e3o e a consulta m\u00e9dica correu de acordo com as minhas expetativas \ud83d\ude42 \r\nObrigada!<\/div>\r\n\t\t\t\t\t\r\n\t\t\t\t<\/div><footer> <div class=\"kwayy-testimonial-img\"><img loading=\"lazy\" decoding=\"async\" width=\"96\" height=\"96\" src=\"https:\/\/clinicamedicadoporto.pt\/staging\/wp-content\/uploads\/2022\/05\/Foto-Testemunho-Renata-Cunha.png\" class=\"attachment-thumbnail size-thumbnail wp-post-image\" alt=\"Testemunho de Renata Cunha relativamente \u00e0 Consulta de Pediatria\" \/><\/div> <cite class=\"kwayy-testimonial-title\">Renata Cunha<span class=\"kwayy-testimonial-designation\">M\u00e3e de Paciente da Cl\u00ednica M\u00e9dica do Porto<\/span><\/cite><\/footer><\/blockquote><\/div>\n\t<\/div>\n\t<div class=\"kwayy-testimonial-box \"><div class=\"kwayy-testimonial-data\"><blockquote class=\"kwayy-testimonial-text\">\r\n\t\t\t\t<div class=\"contarea\">\t\t\t\t\t\r\n\t\t\t\t\t<div class=\"kwayy-tst-contarea-text\">Levei meu filho de 5 anos para uma consulta pedi\u00e1trica e fomos muito bem atendidos. Cordialidade e pontualidade impec\u00e1veis, al\u00e9m da compet\u00eancia e carinho da Dra. Nelea.<\/div>\r\n\t\t\t\t\t\r\n\t\t\t\t<\/div><footer> <div class=\"kwayy-testimonial-img\"><img loading=\"lazy\" decoding=\"async\" width=\"96\" height=\"96\" src=\"https:\/\/clinicamedicadoporto.pt\/staging\/wp-content\/uploads\/2022\/05\/Foto-Testemunho-Marina-Azevedo.png\" class=\"attachment-thumbnail size-thumbnail wp-post-image\" alt=\"Testemunho Marina Azevedo Pediatria\" \/><\/div> <cite class=\"kwayy-testimonial-title\">Marina Azevedo<span class=\"kwayy-testimonial-designation\">M\u00e3e de Paciente da Cl\u00ednica M\u00e9dica do Porto<\/span><\/cite><\/footer><\/blockquote><\/div>\n\t<\/div>\n\t<div class=\"kwayy-testimonial-box \"><div class=\"kwayy-testimonial-data\"><blockquote class=\"kwayy-testimonial-text\">\r\n\t\t\t\t<div class=\"contarea\">\t\t\t\t\t\r\n\t\t\t\t\t<div class=\"kwayy-tst-contarea-text\">Atendido a hora e com todo o profissionalismo!<\/div>\r\n\t\t\t\t\t\r\n\t\t\t\t<\/div><footer> <div class=\"kwayy-testimonial-img\"><img loading=\"lazy\" decoding=\"async\" width=\"1\" height=\"1\" src=\"https:\/\/clinicamedicadoporto.pt\/staging\/wp-content\/uploads\/2022\/01\/Foto-Humberto-Neto.png\" class=\"attachment-thumbnail size-thumbnail wp-post-image\" alt=\"Foto Humberto Neto Testemunho Consulta na Cl\u00ednica M\u00e9dica do Porto\" \/><\/div> <cite class=\"kwayy-testimonial-title\">Humberto Neto<span class=\"kwayy-testimonial-designation\">Paciente da Cl\u00ednica M\u00e9dica do Porto<\/span><\/cite><\/footer><\/blockquote><\/div>\n\t<\/div>\n\t<div class=\"kwayy-testimonial-box \"><div class=\"kwayy-testimonial-data\"><blockquote class=\"kwayy-testimonial-text\">\r\n\t\t\t\t<div class=\"contarea\">\t\t\t\t\t\r\n\t\t\t\t\t<div class=\"kwayy-tst-contarea-text\">J\u00e1 fui a v\u00e1rias consultas na Cl\u00ednica M\u00e9dica do Porto, da terapeuta Tatiana Sousa e da Dr.\u00aa Erm\u00ednia Afonso, e fui sempre muito bem atendida e com bons resultados nos tratamentos realizados. Recomendo vivamente!<\/div>\r\n\t\t\t\t\t\r\n\t\t\t\t<\/div><footer> <div class=\"kwayy-testimonial-img\"><img loading=\"lazy\" decoding=\"async\" width=\"60\" height=\"60\" src=\"https:\/\/clinicamedicadoporto.pt\/staging\/wp-content\/uploads\/2019\/08\/perfil-clinica-medica-do-porto-1-e1604515187835.png\" class=\"attachment-thumbnail size-thumbnail wp-post-image\" alt=\"Imagem-generica-clinica-medica-do-porto\" \/><\/div> <cite class=\"kwayy-testimonial-title\">Ana Rita<span class=\"kwayy-testimonial-designation\">Paciente da Cl\u00ednica M\u00e9dica do Porto<\/span><\/cite><\/footer><\/blockquote><\/div>\n\t<\/div>\n\t<div class=\"kwayy-testimonial-box \"><div class=\"kwayy-testimonial-data\"><blockquote class=\"kwayy-testimonial-text\">\r\n\t\t\t\t<div class=\"contarea\">\t\t\t\t\t\r\n\t\t\t\t\t<div class=\"kwayy-tst-contarea-text\">Excelente atendimento, \r\nbom pre\u00e7o, \r\nrecomendo!<\/div>\r\n\t\t\t\t\t\r\n\t\t\t\t<\/div><footer> <div class=\"kwayy-testimonial-img\"><img loading=\"lazy\" decoding=\"async\" width=\"60\" height=\"60\" src=\"https:\/\/clinicamedicadoporto.pt\/staging\/wp-content\/uploads\/2021\/08\/Foto-Duarte-Cabral.png\" class=\"attachment-thumbnail size-thumbnail wp-post-image\" alt=\"Foto-Duarte-Cabral\" \/><\/div> <cite class=\"kwayy-testimonial-title\">Duarte Cabral<span class=\"kwayy-testimonial-designation\">Paciente da Cl\u00ednica M\u00e9dica do Porto<\/span><\/cite><\/footer><\/blockquote><\/div>\n\t<\/div>\n\t<div class=\"kwayy-testimonial-box \"><div class=\"kwayy-testimonial-data\"><blockquote class=\"kwayy-testimonial-text\">\r\n\t\t\t\t<div class=\"contarea\">\t\t\t\t\t\r\n\t\t\t\t\t<div class=\"kwayy-tst-contarea-text\">Primeira consulta. \r\nTrabalho excelente dos profissionais que me atenderam. \r\nRecomendo.<\/div>\r\n\t\t\t\t\t\r\n\t\t\t\t<\/div><footer> <div class=\"kwayy-testimonial-img\"><img loading=\"lazy\" decoding=\"async\" width=\"1\" height=\"1\" src=\"https:\/\/clinicamedicadoporto.pt\/staging\/wp-content\/uploads\/2021\/06\/perfil-masculino-clinica-medica-do-porto-webhp.png\" class=\"attachment-thumbnail size-thumbnail wp-post-image\" alt=\"imagem-perfil-masculino-clinica-medica-do-porto\" \/><\/div> <cite class=\"kwayy-testimonial-title\">Manuel Pereira<span class=\"kwayy-testimonial-designation\">Paciente da Cl\u00ednica M\u00e9dica do Porto<\/span><\/cite><\/footer><\/blockquote><\/div>\n\t<\/div>\n\t<div class=\"kwayy-testimonial-box \"><div class=\"kwayy-testimonial-data\"><blockquote class=\"kwayy-testimonial-text\">\r\n\t\t\t\t<div class=\"contarea\">\t\t\t\t\t\r\n\t\t\t\t\t<div class=\"kwayy-tst-contarea-text\">Atendimento bom, e boa localiza\u00e7\u00e3o, fui, voltarei e recomendo!<\/div>\r\n\t\t\t\t\t\r\n\t\t\t\t<\/div><footer> <div class=\"kwayy-testimonial-img\"><img loading=\"lazy\" decoding=\"async\" width=\"1\" height=\"1\" src=\"https:\/\/clinicamedicadoporto.pt\/staging\/wp-content\/uploads\/2021\/06\/perfil-clinica-medica-do-porto-webhp.png\" class=\"attachment-thumbnail size-thumbnail wp-post-image\" alt=\"imagem-perfil-feminio-clinica-medica-do-porto\" \/><\/div> <cite class=\"kwayy-testimonial-title\">Shirley Takemura<span class=\"kwayy-testimonial-designation\">Paciente da Cl\u00ednica M\u00e9dica do Porto<\/span><\/cite><\/footer><\/blockquote><\/div>\n\t<\/div>\n\t<div class=\"kwayy-testimonial-box \"><div class=\"kwayy-testimonial-data\"><blockquote class=\"kwayy-testimonial-text\">\r\n\t\t\t\t<div class=\"contarea\">\t\t\t\t\t\r\n\t\t\t\t\t<div class=\"kwayy-tst-contarea-text\">N\u00e3o estava \u00e0 espera de que a m\u00e9dica nutricionista que me atendeu fosse o que eu realmente procurava, embora duvidasse que pudesse encontrar em Portugal uma abordagem dentro dos par\u00e2metros dos mais avan\u00e7ados estudos a n\u00edvel mundial.<\/div>\r\n\t\t\t\t\t\r\n\t\t\t\t<\/div><footer> <div class=\"kwayy-testimonial-img\"><img loading=\"lazy\" decoding=\"async\" width=\"1\" height=\"1\" src=\"https:\/\/clinicamedicadoporto.pt\/staging\/wp-content\/uploads\/2021\/06\/Foto-Laura-Garcez.png\" class=\"attachment-thumbnail size-thumbnail wp-post-image\" alt=\"Testemunho Laura Garcez\" \/><\/div> <cite class=\"kwayy-testimonial-title\">Laura Garcez<span class=\"kwayy-testimonial-designation\">Paciente da Cl\u00ednica M\u00e9dica do Porto<\/span><\/cite><\/footer><\/blockquote><\/div>\n\t<\/div>\n\t<div class=\"kwayy-testimonial-box \"><div class=\"kwayy-testimonial-data\"><blockquote class=\"kwayy-testimonial-text\">\r\n\t\t\t\t<div class=\"contarea\">\t\t\t\t\t\r\n\t\t\t\t\t<div class=\"kwayy-tst-contarea-text\">... resolvi marcar uma consulta com a ginecologista Dra. Erminia, adorei a consulta, ela tirou todas as d\u00favidas que eu tinha e solicitou as an\u00e1lises de sangue que eu queria fazer (...) a Dra. Erminia me mandou uma receita, via SMS para que eu come\u00e7asse o tratamento com ferro. Na cl\u00ednica as profissionais s\u00e3o muito atenciosas (recep\u00e7\u00e3o e m\u00e9dica) e est\u00e3o prontas para te atender bem, al\u00e9m do mais, na consulta, pude fazer o ultrassom e ver mais uma vez a minha beb\u00ea.<\/div>\r\n\t\t\t\t\t\r\n\t\t\t\t<\/div><footer> <div class=\"kwayy-testimonial-img\"><img loading=\"lazy\" decoding=\"async\" width=\"1\" height=\"1\" src=\"https:\/\/clinicamedicadoporto.pt\/staging\/wp-content\/uploads\/2021\/06\/Hillary-E.png\" class=\"attachment-thumbnail size-thumbnail wp-post-image\" alt=\"Testemunho de Hillary E\" \/><\/div> <cite class=\"kwayy-testimonial-title\">Hillary E<span class=\"kwayy-testimonial-designation\">Paciente da Cl\u00ednica M\u00e9dica do Porto<\/span><\/cite><\/footer><\/blockquote><\/div>\n\t<\/div>\n\t<div class=\"kwayy-testimonial-box \"><div class=\"kwayy-testimonial-data\"><blockquote class=\"kwayy-testimonial-text\">\r\n\t\t\t\t<div class=\"contarea\">\t\t\t\t\t\r\n\t\t\t\t\t<div class=\"kwayy-tst-contarea-text\">Ambiente super acolhedor. \r\nEquipa super simp\u00e1tica \ud83d\ude42 \r\nRecomendo<\/div>\r\n\t\t\t\t\t\r\n\t\t\t\t<\/div><footer> <div class=\"kwayy-testimonial-img\"><img loading=\"lazy\" decoding=\"async\" width=\"60\" height=\"60\" src=\"https:\/\/clinicamedicadoporto.pt\/staging\/wp-content\/uploads\/2021\/02\/Foto-Va\u0302nia-Ferreira.png\" class=\"attachment-thumbnail size-thumbnail wp-post-image\" alt=\"Va\u0302nia-Ferreira-Testemunho-Clinica-Medica-do-Porto\" \/><\/div> <cite class=\"kwayy-testimonial-title\">V\u00e2nia Ferreira<span class=\"kwayy-testimonial-designation\">Paciente da Cl\u00ednica M\u00e9dica do Porto<\/span><\/cite><\/footer><\/blockquote><\/div>\n\t<\/div>\n\t<div class=\"kwayy-testimonial-box \"><div class=\"kwayy-testimonial-data\"><blockquote class=\"kwayy-testimonial-text\">\r\n\t\t\t\t<div class=\"contarea\">\t\t\t\t\t\r\n\t\t\t\t\t<div class=\"kwayy-tst-contarea-text\">Cl\u00ednica M\u00e9dica do Porto, recomendo \u00f3ptimos profissionais come\u00e7ando pelo atendimento. Bem haja!<\/div>\r\n\t\t\t\t\t\r\n\t\t\t\t<\/div><footer> <div class=\"kwayy-testimonial-img\"><img loading=\"lazy\" decoding=\"async\" width=\"96\" height=\"96\" src=\"https:\/\/clinicamedicadoporto.pt\/staging\/wp-content\/uploads\/2021\/02\/Foto-Anto\u0301nio-Pinho-testemunho-clinica-medica-do-porto.jpg\" class=\"attachment-thumbnail size-thumbnail wp-post-image\" alt=\"Foto-Anto\u0301nio-Pinho-testemunho-clinica-medica-do-porto\" \/><\/div> <cite class=\"kwayy-testimonial-title\">Ant\u00f3nio Pinho<span class=\"kwayy-testimonial-designation\">Paciente da Cl\u00ednica M\u00e9dica do Porto<\/span><\/cite><\/footer><\/blockquote><\/div>\n\t<\/div>\n\t<div class=\"kwayy-testimonial-box \"><div class=\"kwayy-testimonial-data\"><blockquote class=\"kwayy-testimonial-text\">\r\n\t\t\t\t<div class=\"contarea\">\t\t\t\t\t\r\n\t\t\t\t\t<div class=\"kwayy-tst-contarea-text\">Foi aqui que resolvi um problema de que sofria \u00e0 imensos anos, sem anteriores respostas, diagn\u00f3sticos ou tratamentos noutras cl\u00ednicas, hospitais, m\u00e9dicos e afins. Excelentes profissionais que retribuem a confian\u00e7a.<\/div>\r\n\t\t\t\t\t\r\n\t\t\t\t<\/div><footer> <div class=\"kwayy-testimonial-img\"><img loading=\"lazy\" decoding=\"async\" width=\"60\" height=\"60\" src=\"https:\/\/clinicamedicadoporto.pt\/staging\/wp-content\/uploads\/2019\/08\/perfil-clinica-medica-do-porto-e1604516538844.png\" class=\"attachment-thumbnail size-thumbnail wp-post-image\" alt=\"Testemunho-clinica-medica-do-porto\" \/><\/div> <cite class=\"kwayy-testimonial-title\">Merry N.<span class=\"kwayy-testimonial-designation\">Paciente da Cl\u00ednica M\u00e9dica do Porto<\/span><\/cite><\/footer><\/blockquote><\/div>\n\t<\/div>\n\t<div class=\"kwayy-testimonial-box \"><div class=\"kwayy-testimonial-data\"><blockquote class=\"kwayy-testimonial-text\">\r\n\t\t\t\t<div class=\"contarea\">\t\t\t\t\t\r\n\t\t\t\t\t<div class=\"kwayy-tst-contarea-text\">Muita simpatia, profissionalismo e atendimento super personalizado. Recomendo...\r\nA Dra Nelea mto dispon\u00edvel e atenta aos pacientes pequenos e \u00e0s d\u00favidas\/medos dos seus pais:)<\/div>\r\n\t\t\t\t\t\r\n\t\t\t\t<\/div><footer> <div class=\"kwayy-testimonial-img\"><img loading=\"lazy\" decoding=\"async\" width=\"60\" height=\"60\" src=\"https:\/\/clinicamedicadoporto.pt\/staging\/wp-content\/uploads\/2020\/03\/ana-sofia-males-testemunho-clinica-medica-do-porto-e1604518139408.jpg\" class=\"attachment-thumbnail size-thumbnail wp-post-image\" alt=\"ana-sofia-males-testemunho-clinica-medica-do-porto\" \/><\/div> <cite class=\"kwayy-testimonial-title\">Ana S Males<span class=\"kwayy-testimonial-designation\">M\u00e3e de utente da Cl\u00ednica M\u00e9dica do Porto<\/span><\/cite><\/footer><\/blockquote><\/div>\n\t<\/div>\n\t<div class=\"kwayy-testimonial-box \"><div class=\"kwayy-testimonial-data\"><blockquote class=\"kwayy-testimonial-text\">\r\n\t\t\t\t<div class=\"contarea\">\t\t\t\t\t\r\n\t\t\t\t\t<div class=\"kwayy-tst-contarea-text\">Um \u00f3ptimo acolhimento por toda a equipa. Muito profissionais, simp\u00e1ticos e com servi\u00e7os prestados de forma muito humanizada.<\/div>\r\n\t\t\t\t\t\r\n\t\t\t\t<\/div><footer> <div class=\"kwayy-testimonial-img\"><img loading=\"lazy\" decoding=\"async\" width=\"60\" height=\"60\" src=\"https:\/\/clinicamedicadoporto.pt\/staging\/wp-content\/uploads\/2019\/08\/vera-teixeira-testemunho-clinica-medica-do-porto-e1604518276413.jpg\" class=\"attachment-thumbnail size-thumbnail wp-post-image\" alt=\"vera-teixeira-testemunho-clinica-medica-do-porto\" \/><\/div> <cite class=\"kwayy-testimonial-title\">Vera Teixeira<span class=\"kwayy-testimonial-designation\">M\u00e3e do beb\u00e9 J.<\/span><\/cite><\/footer><\/blockquote><\/div>\n\t<\/div>\n\t<div class=\"kwayy-testimonial-box \"><div class=\"kwayy-testimonial-data\"><blockquote class=\"kwayy-testimonial-text\">\r\n\t\t\t\t<div class=\"contarea\">\t\t\t\t\t\r\n\t\t\t\t\t<div class=\"kwayy-tst-contarea-text\">Uma equipa profissional e competente, mas, sobretudo, marcando a diferen\u00e7a pela disponibilidade, carinho, aten\u00e7\u00e3o e cordialidade.<\/div>\r\n\t\t\t\t\t\r\n\t\t\t\t<\/div><footer> <div class=\"kwayy-testimonial-img\"><img loading=\"lazy\" decoding=\"async\" width=\"96\" height=\"96\" src=\"https:\/\/clinicamedicadoporto.pt\/staging\/wp-content\/uploads\/2018\/11\/ana-homet-comentario-clinica-medic-do-porto-150x150.jpg\" class=\"attachment-thumbnail size-thumbnail wp-post-image\" alt=\"ana-homet-comentario-clinica-medica-do-porto\" srcset=\"https:\/\/clinicamedicadoporto.pt\/staging\/wp-content\/uploads\/2018\/11\/ana-homet-comentario-clinica-medic-do-porto-150x150.jpg 150w, https:\/\/clinicamedicadoporto.pt\/staging\/wp-content\/uploads\/2018\/11\/ana-homet-comentario-clinica-medic-do-porto-300x300.jpg 300w, https:\/\/clinicamedicadoporto.pt\/staging\/wp-content\/uploads\/2018\/11\/ana-homet-comentario-clinica-medic-do-porto-e1604518589665.jpg 60w\" sizes=\"auto, (max-width: 96px) 100vw, 96px\" \/><\/div> <cite class=\"kwayy-testimonial-title\">Ana Homet<span class=\"kwayy-testimonial-designation\">Paciente da Cl\u00ednica M\u00e9dica do Porto<\/span><\/cite><\/footer><\/blockquote><\/div>\n\t<\/div>\n\t<div class=\"kwayy-testimonial-box \"><div class=\"kwayy-testimonial-data\"><blockquote class=\"kwayy-testimonial-text\">\r\n\t\t\t\t<div class=\"contarea\">\t\t\t\t\t\r\n\t\t\t\t\t<div class=\"kwayy-tst-contarea-text\">Todas as val\u00eancias da cl\u00ednica, que s\u00e3o muitas, se juntam para nos verem como um ser humano, onde tudo depende de tudo. <\/div>\r\n\t\t\t\t\t\r\n\t\t\t\t<\/div><footer> <div class=\"kwayy-testimonial-img\"><img loading=\"lazy\" decoding=\"async\" width=\"60\" height=\"60\" src=\"https:\/\/clinicamedicadoporto.pt\/staging\/wp-content\/uploads\/2014\/07\/margarida-paco-testemunho-clinica-medica-do-porto.jpg\" class=\"attachment-thumbnail size-thumbnail wp-post-image\" alt=\"\" \/><\/div> <cite class=\"kwayy-testimonial-title\">Margarida Pa\u00e7\u00f3<span class=\"kwayy-testimonial-designation\">Paciente da Cl\u00ednica M\u00e9dica do Porto<\/span><\/cite><\/footer><\/blockquote><\/div>\n\t<\/div>\n\t<\/div><\/div>[\/vc_column_inner][\/vc_row_inner][vc_row_inner][vc_column_inner offset=&#8221;vc_hidden-lg vc_hidden-md&#8221;][vc_column_text]<\/p>\n<h2 class=\"kwayy-heading-align-center\" style=\"text-align: center\"><span style=\"text-align: center;font-size: 200%;font-weight: bold;line-height: 1EM;color: #70c2b4\">Estas s\u00e3o algumas das pessoas que nos fazem querer ser melhores a cada dia que passa.<br \/>\nConhe\u00e7a os seus testemunhos!<\/span><\/h2>\n<p>[\/vc_column_text]\n\t<div class=\"kwayy-testimonial-wrapper kwayy-effect-carousel kwayy-items-col-one kwayy-carousel-col-one\" data-autoplay=\"1\" data-autoplayspeed=\"800\" data-autoplaytimeout=\"4500\" data-loop=\"1\"><div class=\" kwayy-items-wrapper kwayy-carousel-items-wrapper\">\n\t<div class=\"kwayy-testimonial-box \"><div class=\"kwayy-testimonial-data\"><blockquote class=\"kwayy-testimonial-text\">\r\n\t\t\t\t<div class=\"contarea\">\t\t\t\t\t\r\n\t\t\t\t\t<div class=\"kwayy-tst-contarea-text\">Estive em consulta com o Dr.Jo\u00e3o Sardinha e foi super atencioso e revela conhecimento e d\u00e1 uma seguran\u00e7a forte ao paciente que tem a sua frente. Eu e o meu marido estamos bastante satisfeitos em encontrar a vossa cl\u00ednica que j\u00e1 me est\u00e1 a ajudar a mim e por conseguinte toda a minha familia. Agrade\u00e7o o acolhimento e simpatia na recep\u00e7\u00e3o e o ambiente harmonioso que se sente ao entrar. (...)<\/div>\r\n\t\t\t\t\t\r\n\t\t\t\t<\/div><footer> <div class=\"kwayy-testimonial-img\"><img loading=\"lazy\" decoding=\"async\" width=\"96\" height=\"96\" src=\"https:\/\/clinicamedicadoporto.pt\/staging\/wp-content\/uploads\/2018\/07\/perfil-clinica-medica-do-porto-150x150.png\" class=\"attachment-thumbnail size-thumbnail wp-post-image\" alt=\"perfil-feminino-clinica-medica-do-porto\" srcset=\"https:\/\/clinicamedicadoporto.pt\/staging\/wp-content\/uploads\/2018\/07\/perfil-clinica-medica-do-porto-150x150.png 150w, https:\/\/clinicamedicadoporto.pt\/staging\/wp-content\/uploads\/2018\/07\/perfil-clinica-medica-do-porto-300x300.png 300w, https:\/\/clinicamedicadoporto.pt\/staging\/wp-content\/uploads\/2018\/07\/perfil-clinica-medica-do-porto-e1604515282169.png 60w\" sizes=\"auto, (max-width: 96px) 100vw, 96px\" \/><\/div> <cite class=\"kwayy-testimonial-title\">Marta Ferreira<span class=\"kwayy-testimonial-designation\">Paciente da Cl\u00ednica M\u00e9dica do Porto<\/span><\/cite><\/footer><\/blockquote><\/div>\n\t<\/div>\n\t<div class=\"kwayy-testimonial-box \"><div class=\"kwayy-testimonial-data\"><blockquote class=\"kwayy-testimonial-text\">\r\n\t\t\t\t<div class=\"contarea\">\t\t\t\t\t\r\n\t\t\t\t\t<div class=\"kwayy-tst-contarea-text\">Agrad\u00e1vel.<\/div>\r\n\t\t\t\t\t\r\n\t\t\t\t<\/div><footer> <div class=\"kwayy-testimonial-img\"><img loading=\"lazy\" decoding=\"async\" width=\"1\" height=\"1\" src=\"https:\/\/clinicamedicadoporto.pt\/staging\/wp-content\/uploads\/2021\/06\/perfil-clinica-medica-do-porto-webhp.png\" class=\"attachment-thumbnail size-thumbnail wp-post-image\" alt=\"imagem-perfil-feminio-clinica-medica-do-porto\" \/><\/div> <cite class=\"kwayy-testimonial-title\">Teresa Leites<span class=\"kwayy-testimonial-designation\">Paciente da Cl\u00ednica M\u00e9dica do Porto<\/span><\/cite><\/footer><\/blockquote><\/div>\n\t<\/div>\n\t<div class=\"kwayy-testimonial-box \"><div class=\"kwayy-testimonial-data\"><blockquote class=\"kwayy-testimonial-text\">\r\n\t\t\t\t<div class=\"contarea\">\t\t\t\t\t\r\n\t\t\t\t\t<div class=\"kwayy-tst-contarea-text\">Uma cl\u00ednica com excelentes profissionais.\r\nLocaliza\u00e7\u00e3o de f\u00e1cil acesso. Recep\u00e7\u00e3o profissional e acolhedora. M\u00e9dicos muito esclarecedores e pontuais nos hor\u00e1rios. Parab\u00e9ns.<\/div>\r\n\t\t\t\t\t\r\n\t\t\t\t<\/div><footer> <div class=\"kwayy-testimonial-img\"><img loading=\"lazy\" decoding=\"async\" width=\"70\" height=\"70\" src=\"https:\/\/clinicamedicadoporto.pt\/staging\/wp-content\/uploads\/2025\/09\/Foto-Testemunho-Carlos-Pinto.png\" class=\"attachment-thumbnail size-thumbnail wp-post-image\" alt=\"\" \/><\/div> <cite class=\"kwayy-testimonial-title\">Carlos Pinto<span class=\"kwayy-testimonial-designation\">Paciente da Cl\u00ednica M\u00e9dica do Porto<\/span><\/cite><\/footer><\/blockquote><\/div>\n\t<\/div>\n\t<div class=\"kwayy-testimonial-box \"><div class=\"kwayy-testimonial-data\"><blockquote class=\"kwayy-testimonial-text\">\r\n\t\t\t\t<div class=\"contarea\">\t\t\t\t\t\r\n\t\t\t\t\t<div class=\"kwayy-tst-contarea-text\">Consulta dentro do hor\u00e1rio previsto, o m\u00e9dico abordou todas s quest\u00f5es de uma forma interessada e abrangente.<\/div>\r\n\t\t\t\t\t\r\n\t\t\t\t<\/div><footer> <div class=\"kwayy-testimonial-img\"><img loading=\"lazy\" decoding=\"async\" width=\"70\" height=\"70\" src=\"https:\/\/clinicamedicadoporto.pt\/staging\/wp-content\/uploads\/2025\/09\/Foto-Jorge-Silva.png\" class=\"attachment-thumbnail size-thumbnail wp-post-image\" alt=\"\" \/><\/div> <cite class=\"kwayy-testimonial-title\">Jorge Silva<span class=\"kwayy-testimonial-designation\">Paciente da Cl\u00ednica M\u00e9dica do Porto<\/span><\/cite><\/footer><\/blockquote><\/div>\n\t<\/div>\n\t<div class=\"kwayy-testimonial-box \"><div class=\"kwayy-testimonial-data\"><blockquote class=\"kwayy-testimonial-text\">\r\n\t\t\t\t<div class=\"contarea\">\t\t\t\t\t\r\n\t\t\t\t\t<div class=\"kwayy-tst-contarea-text\">Atendimento descomplicado, marca\u00e7\u00e3o r\u00e1pida, pratica e eficaz.\r\nProfissionais educados e muito bem dispostos!<\/div>\r\n\t\t\t\t\t\r\n\t\t\t\t<\/div><footer> <div class=\"kwayy-testimonial-img\"><img loading=\"lazy\" decoding=\"async\" width=\"72\" height=\"72\" src=\"https:\/\/clinicamedicadoporto.pt\/staging\/wp-content\/uploads\/2025\/06\/Foto-Perfil-Marcos-Paulo-Caetano.png\" class=\"attachment-thumbnail size-thumbnail wp-post-image\" alt=\"Avatar de perfil relativo a testemunho de consulta na Cl\u00ednica M\u00e9dica do Porto\" \/><\/div> <cite class=\"kwayy-testimonial-title\">Marcos Paulo Caetano<span class=\"kwayy-testimonial-designation\">Paciente da Cl\u00ednica M\u00e9dica do Porto<\/span><\/cite><\/footer><\/blockquote><\/div>\n\t<\/div>\n\t<div class=\"kwayy-testimonial-box \"><div class=\"kwayy-testimonial-data\"><blockquote class=\"kwayy-testimonial-text\">\r\n\t\t\t\t<div class=\"contarea\">\t\t\t\t\t\r\n\t\t\t\t\t<div class=\"kwayy-tst-contarea-text\">Atendimento muito gentil. A m\u00e9dica extremamente acess\u00edvel, simp\u00e1tica e com informa\u00e7\u00e3o clara, objetiva e pertinente.<\/div>\r\n\t\t\t\t\t\r\n\t\t\t\t<\/div><footer> <div class=\"kwayy-testimonial-img\"><img loading=\"lazy\" decoding=\"async\" width=\"70\" height=\"70\" src=\"https:\/\/clinicamedicadoporto.pt\/staging\/wp-content\/uploads\/2025\/06\/imagem-testemunho-monica-sanches.png\" class=\"attachment-thumbnail size-thumbnail wp-post-image\" alt=\"Icone de Perfil testemunho consulta na Clinica Medica do Porto\" \/><\/div> <cite class=\"kwayy-testimonial-title\">M\u00f3nica Sanches<span class=\"kwayy-testimonial-designation\">Paciente da Cl\u00ednica M\u00e9dica do Porto<\/span><\/cite><\/footer><\/blockquote><\/div>\n\t<\/div>\n\t<div class=\"kwayy-testimonial-box \"><div class=\"kwayy-testimonial-data\"><blockquote class=\"kwayy-testimonial-text\">\r\n\t\t\t\t<div class=\"contarea\">\t\t\t\t\t\r\n\t\t\t\t\t<div class=\"kwayy-tst-contarea-text\">\u00d3timos profissionais, procedimentos e atendimento excelente!! \r\nNota 10!<\/div>\r\n\t\t\t\t\t\r\n\t\t\t\t<\/div><footer> <div class=\"kwayy-testimonial-img\"><img loading=\"lazy\" decoding=\"async\" width=\"72\" height=\"72\" src=\"https:\/\/clinicamedicadoporto.pt\/staging\/wp-content\/uploads\/2025\/05\/Foto-Testemunho-Gabriella-Salvador.png\" class=\"attachment-thumbnail size-thumbnail wp-post-image\" alt=\"Foto de Gabriella Salvador - Testemunho da Cl\u00ednica M\u00e9dica do Porto\" \/><\/div> <cite class=\"kwayy-testimonial-title\">Gabriella Salvador<span class=\"kwayy-testimonial-designation\">Paciente da Cl\u00ednica M\u00e9dica do Porto<\/span><\/cite><\/footer><\/blockquote><\/div>\n\t<\/div>\n\t<div class=\"kwayy-testimonial-box \"><div class=\"kwayy-testimonial-data\"><blockquote class=\"kwayy-testimonial-text\">\r\n\t\t\t\t<div class=\"contarea\">\t\t\t\t\t\r\n\t\t\t\t\t<div class=\"kwayy-tst-contarea-text\">Recomendo de olhos fechados!\r\n\r\nSe voc\u00ea busca tratamentos est\u00e9ticos com seguran\u00e7a, profissionais experientes e um atendimento caloroso, a Cl\u00ednica M\u00e9dica do Porto \u00e9 o lugar certo. O Dr. Diogo e sua equipe transformaram totalmente minha experi\u00eancia, trazendo de volta minha apar\u00eancia natural sem traumas. Vou continuar explorando os outros tratamentos que eles oferecem j\u00e1 sou cliente fiel! \ud83d\ude0d<\/div>\r\n\t\t\t\t\t\r\n\t\t\t\t<\/div><footer> <div class=\"kwayy-testimonial-img\"><img loading=\"lazy\" decoding=\"async\" width=\"96\" height=\"96\" src=\"https:\/\/clinicamedicadoporto.pt\/staging\/wp-content\/uploads\/2025\/05\/Foto-Larissa-CS-Testemunho-Clinica.png\" class=\"attachment-thumbnail size-thumbnail wp-post-image\" alt=\"Foto de Larissa - paciente da Cl\u00ednica M\u00e9dica do Porto\" \/><\/div> <cite class=\"kwayy-testimonial-title\">Larissa CS<span class=\"kwayy-testimonial-designation\">Paciente da Cl\u00ednica M\u00e9dica do Porto<\/span><\/cite><\/footer><\/blockquote><\/div>\n\t<\/div>\n\t<div class=\"kwayy-testimonial-box \"><div class=\"kwayy-testimonial-data\"><blockquote class=\"kwayy-testimonial-text\">\r\n\t\t\t\t<div class=\"contarea\">\t\t\t\t\t\r\n\t\t\t\t\t<div class=\"kwayy-tst-contarea-text\">Super indico. Atendimento incr\u00edvel e profissionais de excel\u00eancia.<\/div>\r\n\t\t\t\t\t\r\n\t\t\t\t<\/div><footer> <div class=\"kwayy-testimonial-img\"><img loading=\"lazy\" decoding=\"async\" width=\"72\" height=\"72\" src=\"https:\/\/clinicamedicadoporto.pt\/staging\/wp-content\/uploads\/2025\/05\/Imagem-Eliana-Pinto.png\" class=\"attachment-thumbnail size-thumbnail wp-post-image\" alt=\"Avatar Eliana - Paciente da Cl\u00ednica M\u00e9dica do Porto\" \/><\/div> <cite class=\"kwayy-testimonial-title\">Eliana Pinto<span class=\"kwayy-testimonial-designation\">Paciente da Cl\u00ednica M\u00e9dica do Porto<\/span><\/cite><\/footer><\/blockquote><\/div>\n\t<\/div>\n\t<div class=\"kwayy-testimonial-box \"><div class=\"kwayy-testimonial-data\"><blockquote class=\"kwayy-testimonial-text\">\r\n\t\t\t\t<div class=\"contarea\">\t\t\t\t\t\r\n\t\t\t\t\t<div class=\"kwayy-tst-contarea-text\">Gostei muito da Cl\u00ednica M\u00e9dica do Porto. \r\nDesde a simpatia da recepcionista, ao espa\u00e7o muito acolhedor e principalmente do profissionalismo, aliado \u00e0 aten\u00e7\u00e3o ao pormenor, humanismo e simplicidade da Dra Maria Jo\u00e3o (endocrinologista)... \r\nAdorei e certamente irei voltar!\r\n<\/div>\r\n\t\t\t\t\t\r\n\t\t\t\t<\/div><footer> <div class=\"kwayy-testimonial-img\"><img loading=\"lazy\" decoding=\"async\" width=\"96\" height=\"96\" src=\"https:\/\/clinicamedicadoporto.pt\/staging\/wp-content\/uploads\/2025\/05\/Foto-Perfil-Joana-Silva.png\" class=\"attachment-thumbnail size-thumbnail wp-post-image\" alt=\"Icone de Testemunho de utente da Cl\u00ednica M\u00e9dica do Porto\" \/><\/div> <cite class=\"kwayy-testimonial-title\">Joana Silva<span class=\"kwayy-testimonial-designation\">Paciente da Cl\u00ednica M\u00e9dica do Porto<\/span><\/cite><\/footer><\/blockquote><\/div>\n\t<\/div>\n\t<div class=\"kwayy-testimonial-box \"><div class=\"kwayy-testimonial-data\"><blockquote class=\"kwayy-testimonial-text\">\r\n\t\t\t\t<div class=\"contarea\">\t\t\t\t\t\r\n\t\t\t\t\t<div class=\"kwayy-tst-contarea-text\">Super indico!!!\r\n\u00d3timos profissionais!<\/div>\r\n\t\t\t\t\t\r\n\t\t\t\t<\/div><footer> <div class=\"kwayy-testimonial-img\"><img loading=\"lazy\" decoding=\"async\" width=\"72\" height=\"72\" src=\"https:\/\/clinicamedicadoporto.pt\/staging\/wp-content\/uploads\/2025\/05\/Foto-Testemunho-Victoria-Vendrame.png\" class=\"attachment-thumbnail size-thumbnail wp-post-image\" alt=\"Foto Testemunho Victoria\" \/><\/div> <cite class=\"kwayy-testimonial-title\">Vict\u00f3ria Vendrame<span class=\"kwayy-testimonial-designation\">Paciente da Cl\u00ednica M\u00e9dica do Porto<\/span><\/cite><\/footer><\/blockquote><\/div>\n\t<\/div>\n\t<div class=\"kwayy-testimonial-box \"><div class=\"kwayy-testimonial-data\"><blockquote class=\"kwayy-testimonial-text\">\r\n\t\t\t\t<div class=\"contarea\">\t\t\t\t\t\r\n\t\t\t\t\t<div class=\"kwayy-tst-contarea-text\">\u00d3timo atendimento pela m\u00e9dica de Endocrinologista \u00f3tima profissional super indico o atendimento<\/div>\r\n\t\t\t\t\t\r\n\t\t\t\t<\/div><footer> <div class=\"kwayy-testimonial-img\"><img loading=\"lazy\" decoding=\"async\" width=\"96\" height=\"96\" src=\"https:\/\/clinicamedicadoporto.pt\/staging\/wp-content\/uploads\/2025\/03\/Foto-testemunho-Renato-Oliveira.png\" class=\"attachment-thumbnail size-thumbnail wp-post-image\" alt=\"Foto-testemunho-Renato-Oliveira\" \/><\/div> <cite class=\"kwayy-testimonial-title\">Renato Oliveira<span class=\"kwayy-testimonial-designation\">Paciente da Cl\u00ednica M\u00e9dica do Porto<\/span><\/cite><\/footer><\/blockquote><\/div>\n\t<\/div>\n\t<div class=\"kwayy-testimonial-box \"><div class=\"kwayy-testimonial-data\"><blockquote class=\"kwayy-testimonial-text\">\r\n\t\t\t\t<div class=\"contarea\">\t\t\t\t\t\r\n\t\t\t\t\t<div class=\"kwayy-tst-contarea-text\">Adorei a minha primeira experi\u00eancia na Cl\u00ednica M\u00e9dica do Porto, excelentes profissionais com v\u00e1rias especialidades m\u00e9dicas.<\/div>\r\n\t\t\t\t\t\r\n\t\t\t\t<\/div><footer> <div class=\"kwayy-testimonial-img\"><img loading=\"lazy\" decoding=\"async\" width=\"96\" height=\"96\" src=\"https:\/\/clinicamedicadoporto.pt\/staging\/wp-content\/uploads\/2025\/03\/Foto-Testemunho-Bruno-Pinto.png\" class=\"attachment-thumbnail size-thumbnail wp-post-image\" alt=\"Foto Testemunho Bruno Pinto\" \/><\/div> <cite class=\"kwayy-testimonial-title\">Bruno Pinto<span class=\"kwayy-testimonial-designation\">Paciente da Cl\u00ednica M\u00e9dica do Porto<\/span><\/cite><\/footer><\/blockquote><\/div>\n\t<\/div>\n\t<div class=\"kwayy-testimonial-box \"><div class=\"kwayy-testimonial-data\"><blockquote class=\"kwayy-testimonial-text\">\r\n\t\t\t\t<div class=\"contarea\">\t\t\t\t\t\r\n\t\t\t\t\t<div class=\"kwayy-tst-contarea-text\">Profissionalismo e excel\u00eancia definem a Cl\u00ednica M\u00e9dica do Porto e, em particular, o Dr. Jo\u00e3o Sardinha. (...) O Dr. Jo\u00e3o Sardinha destaca-se n\u00e3o apenas pelo vasto conhecimento e compet\u00eancia t\u00e9cnica, mas tamb\u00e9m pela empatia e dedica\u00e7\u00e3o aos seus pacientes. (...) Recomendo vivamente tanto a cl\u00ednica como o Dr. Jo\u00e3o Sardinha a quem procura cuidados m\u00e9dicos de qualidade e um acompanhamento verdadeiramente humano.<\/div>\r\n\t\t\t\t\t\r\n\t\t\t\t<\/div><footer> <div class=\"kwayy-testimonial-img\"><img loading=\"lazy\" decoding=\"async\" width=\"1\" height=\"1\" src=\"https:\/\/clinicamedicadoporto.pt\/staging\/wp-content\/uploads\/2021\/06\/perfil-masculino-clinica-medica-do-porto-webhp.png\" class=\"attachment-thumbnail size-thumbnail wp-post-image\" alt=\"imagem-perfil-masculino-clinica-medica-do-porto\" \/><\/div> <cite class=\"kwayy-testimonial-title\">Fernando Guedes<span class=\"kwayy-testimonial-designation\">Paciente da Cl\u00ednica M\u00e9dica do Porto<\/span><\/cite><\/footer><\/blockquote><\/div>\n\t<\/div>\n\t<div class=\"kwayy-testimonial-box \"><div class=\"kwayy-testimonial-data\"><blockquote class=\"kwayy-testimonial-text\">\r\n\t\t\t\t<div class=\"contarea\">\t\t\t\t\t\r\n\t\t\t\t\t<div class=\"kwayy-tst-contarea-text\">Fomos a uma consulta de Homeopatia Pedi\u00e1trica e adoramos todo o atendimento desde a recep\u00e7\u00e3o, \u00e1 consulta e mesmo ap\u00f3s a consulta. \r\nRecomendo<\/div>\r\n\t\t\t\t\t\r\n\t\t\t\t<\/div><footer> <div class=\"kwayy-testimonial-img\"><img loading=\"lazy\" decoding=\"async\" width=\"96\" height=\"96\" src=\"https:\/\/clinicamedicadoporto.pt\/staging\/wp-content\/uploads\/2025\/03\/Foto-Testemunho-Sandra-Araujo.png\" class=\"attachment-thumbnail size-thumbnail wp-post-image\" alt=\"Foto Testemunho Sandra Arau\u0301jo\" \/><\/div> <cite class=\"kwayy-testimonial-title\">Sandra Ara\u00fajo<span class=\"kwayy-testimonial-designation\">Paciente da Cl\u00ednica M\u00e9dica do Porto<\/span><\/cite><\/footer><\/blockquote><\/div>\n\t<\/div>\n\t<div class=\"kwayy-testimonial-box \"><div class=\"kwayy-testimonial-data\"><blockquote class=\"kwayy-testimonial-text\">\r\n\t\t\t\t<div class=\"contarea\">\t\t\t\t\t\r\n\t\t\t\t\t<div class=\"kwayy-tst-contarea-text\">(Traduzido pelo Google) Sendo estrangeira, tive dificuldade em encontrar um pediatra no Porto, (...). A pediatra Nelea foi minha melhor descoberta como m\u00e3e, al\u00e9m de amorosa, \u00e9 uma profissional que simplifica e te d\u00e1 confian\u00e7a (...). Eu recomendo fortemente. Al\u00e9m disso, visitando frequentemente a cl\u00ednica descobri especialistas maravilhosos em diversas \u00e1reas da sa\u00fade, (...).<\/div>\r\n\t\t\t\t\t\r\n\t\t\t\t<\/div><footer> <div class=\"kwayy-testimonial-img\"><img loading=\"lazy\" decoding=\"async\" width=\"96\" height=\"96\" src=\"https:\/\/clinicamedicadoporto.pt\/staging\/wp-content\/uploads\/2024\/12\/natalia-Martinez.jpg\" class=\"attachment-thumbnail size-thumbnail wp-post-image\" alt=\"Foto generica\" \/><\/div> <cite class=\"kwayy-testimonial-title\">Natalia Martinez<span class=\"kwayy-testimonial-designation\">Paciente e M\u00e3e de Paciente da Cl\u00ednica M\u00e9dica do Porto<\/span><\/cite><\/footer><\/blockquote><\/div>\n\t<\/div>\n\t<div class=\"kwayy-testimonial-box \"><div class=\"kwayy-testimonial-data\"><blockquote class=\"kwayy-testimonial-text\">\r\n\t\t\t\t<div class=\"contarea\">\t\t\t\t\t\r\n\t\t\t\t\t<div class=\"kwayy-tst-contarea-text\">Fui bem atendido \u00f3timo profissionais.<\/div>\r\n\t\t\t\t\t\r\n\t\t\t\t<\/div><footer> <div class=\"kwayy-testimonial-img\"><img loading=\"lazy\" decoding=\"async\" width=\"1\" height=\"1\" src=\"https:\/\/clinicamedicadoporto.pt\/staging\/wp-content\/uploads\/2021\/06\/perfil-masculino-clinica-medica-do-porto-webhp.png\" class=\"attachment-thumbnail size-thumbnail wp-post-image\" alt=\"imagem-perfil-masculino-clinica-medica-do-porto\" \/><\/div> <cite class=\"kwayy-testimonial-title\">Walison Santos<span class=\"kwayy-testimonial-designation\">Paciente da Cl\u00ednica M\u00e9dica do Porto<\/span><\/cite><\/footer><\/blockquote><\/div>\n\t<\/div>\n\t<div class=\"kwayy-testimonial-box \"><div class=\"kwayy-testimonial-data\"><blockquote class=\"kwayy-testimonial-text\">\r\n\t\t\t\t<div class=\"contarea\">\t\t\t\t\t\r\n\t\t\t\t\t<div class=\"kwayy-tst-contarea-text\">Simpatia e efici\u00eancia.<\/div>\r\n\t\t\t\t\t\r\n\t\t\t\t<\/div><footer> <div class=\"kwayy-testimonial-img\"><img loading=\"lazy\" decoding=\"async\" width=\"96\" height=\"96\" src=\"https:\/\/clinicamedicadoporto.pt\/staging\/wp-content\/uploads\/2018\/07\/perfil-clinica-medica-do-porto-150x150.png\" class=\"attachment-thumbnail size-thumbnail wp-post-image\" alt=\"perfil-feminino-clinica-medica-do-porto\" srcset=\"https:\/\/clinicamedicadoporto.pt\/staging\/wp-content\/uploads\/2018\/07\/perfil-clinica-medica-do-porto-150x150.png 150w, https:\/\/clinicamedicadoporto.pt\/staging\/wp-content\/uploads\/2018\/07\/perfil-clinica-medica-do-porto-300x300.png 300w, https:\/\/clinicamedicadoporto.pt\/staging\/wp-content\/uploads\/2018\/07\/perfil-clinica-medica-do-porto-e1604515282169.png 60w\" sizes=\"auto, (max-width: 96px) 100vw, 96px\" \/><\/div> <cite class=\"kwayy-testimonial-title\">Margarida Rodrigues<span class=\"kwayy-testimonial-designation\">Paciente da Cl\u00ednica M\u00e9dica do Porto<\/span><\/cite><\/footer><\/blockquote><\/div>\n\t<\/div>\n\t<div class=\"kwayy-testimonial-box \"><div class=\"kwayy-testimonial-data\"><blockquote class=\"kwayy-testimonial-text\">\r\n\t\t\t\t<div class=\"contarea\">\t\t\t\t\t\r\n\t\t\t\t\t<div class=\"kwayy-tst-contarea-text\">Ambiente agrad\u00e1vel e acolhedor!<\/div>\r\n\t\t\t\t\t\r\n\t\t\t\t<\/div><footer> <div class=\"kwayy-testimonial-img\"><img loading=\"lazy\" decoding=\"async\" width=\"96\" height=\"96\" src=\"https:\/\/clinicamedicadoporto.pt\/staging\/wp-content\/uploads\/2024\/11\/Foto-Testemunho-Nay-Caravalho.png\" class=\"attachment-thumbnail size-thumbnail wp-post-image\" alt=\"Foto generica\" \/><\/div> <cite class=\"kwayy-testimonial-title\">Nay Carvalho<span class=\"kwayy-testimonial-designation\">Paciente da Clinica M\u00e9dica do Porto<\/span><\/cite><\/footer><\/blockquote><\/div>\n\t<\/div>\n\t<div class=\"kwayy-testimonial-box \"><div class=\"kwayy-testimonial-data\"><blockquote class=\"kwayy-testimonial-text\">\r\n\t\t\t\t<div class=\"contarea\">\t\t\t\t\t\r\n\t\t\t\t\t<div class=\"kwayy-tst-contarea-text\">\u00d3timo atendimento de toda a equipe, do agendamento \u00e0 consulta, impec\u00e1veis! Servi\u00e7o de qualidade prestado em toda a experi\u00eancia do cliente. Me senti muito bem!<\/div>\r\n\t\t\t\t\t\r\n\t\t\t\t<\/div><footer> <div class=\"kwayy-testimonial-img\"><img loading=\"lazy\" decoding=\"async\" width=\"96\" height=\"96\" src=\"https:\/\/clinicamedicadoporto.pt\/staging\/wp-content\/uploads\/2018\/07\/perfil-clinica-medica-do-porto-150x150.png\" class=\"attachment-thumbnail size-thumbnail wp-post-image\" alt=\"perfil-feminino-clinica-medica-do-porto\" srcset=\"https:\/\/clinicamedicadoporto.pt\/staging\/wp-content\/uploads\/2018\/07\/perfil-clinica-medica-do-porto-150x150.png 150w, https:\/\/clinicamedicadoporto.pt\/staging\/wp-content\/uploads\/2018\/07\/perfil-clinica-medica-do-porto-300x300.png 300w, https:\/\/clinicamedicadoporto.pt\/staging\/wp-content\/uploads\/2018\/07\/perfil-clinica-medica-do-porto-e1604515282169.png 60w\" sizes=\"auto, (max-width: 96px) 100vw, 96px\" \/><\/div> <cite class=\"kwayy-testimonial-title\">Suellen Cunha<span class=\"kwayy-testimonial-designation\">M\u00e3e de Paciente da Cl\u00ednica M\u00e9dica do Porto<\/span><\/cite><\/footer><\/blockquote><\/div>\n\t<\/div>\n\t<div class=\"kwayy-testimonial-box \"><div class=\"kwayy-testimonial-data\"><blockquote class=\"kwayy-testimonial-text\">\r\n\t\t\t\t<div class=\"contarea\">\t\t\t\t\t\r\n\t\t\t\t\t<div class=\"kwayy-tst-contarea-text\">Atendimento excelente, desde a recep\u00e7\u00e3o at\u00e9 a intera\u00e7\u00e3o com o m\u00e9dico foi incr\u00edvel, as pessoas l\u00e1 s\u00e3o super atenciosas e profissionais. Dr. Nadia Falco, excelente profissional, realmente entende de sa\u00fade, super competente... Fui fazer uma consulta recebi uma aula Recomendo!<\/div>\r\n\t\t\t\t\t\r\n\t\t\t\t<\/div><footer> <div class=\"kwayy-testimonial-img\"><img loading=\"lazy\" decoding=\"async\" width=\"96\" height=\"96\" src=\"https:\/\/clinicamedicadoporto.pt\/staging\/wp-content\/uploads\/2024\/09\/Foto-Aires-Bravo-Testemunho-Clinica-Medica-Porto.png\" class=\"attachment-thumbnail size-thumbnail wp-post-image\" alt=\"foto homem bem parecido envergando fato e gravata em pose profissional\" \/><\/div> <cite class=\"kwayy-testimonial-title\">Aires Bravo<span class=\"kwayy-testimonial-designation\">Paciente da Cl\u00ednica M\u00e9dica do Porto<\/span><\/cite><\/footer><\/blockquote><\/div>\n\t<\/div>\n\t<div class=\"kwayy-testimonial-box \"><div class=\"kwayy-testimonial-data\"><blockquote class=\"kwayy-testimonial-text\">\r\n\t\t\t\t<div class=\"contarea\">\t\t\t\t\t\r\n\t\t\t\t\t<div class=\"kwayy-tst-contarea-text\">Celeridade e simpatia. Profissionalismo, aparentemente (o ju\u00edzo mais definitivo, depender\u00e1 dos resultados do tratamento), tamb\u00e9m de elevado n\u00edvel.<\/div>\r\n\t\t\t\t\t\r\n\t\t\t\t<\/div><footer> <div class=\"kwayy-testimonial-img\"><img loading=\"lazy\" decoding=\"async\" width=\"1\" height=\"1\" src=\"https:\/\/clinicamedicadoporto.pt\/staging\/wp-content\/uploads\/2021\/06\/perfil-masculino-clinica-medica-do-porto-webhp.png\" class=\"attachment-thumbnail size-thumbnail wp-post-image\" alt=\"imagem-perfil-masculino-clinica-medica-do-porto\" \/><\/div> <cite class=\"kwayy-testimonial-title\">Miguel Costa<span class=\"kwayy-testimonial-designation\">Paciente da Cl\u00ednica M\u00e9dica do Porto<\/span><\/cite><\/footer><\/blockquote><\/div>\n\t<\/div>\n\t<div class=\"kwayy-testimonial-box \"><div class=\"kwayy-testimonial-data\"><blockquote class=\"kwayy-testimonial-text\">\r\n\t\t\t\t<div class=\"contarea\">\t\t\t\t\t\r\n\t\t\t\t\t<div class=\"kwayy-tst-contarea-text\">Excel\u00eancia no atendimento \u00e9 a palavra chave que define o que \u00e9 ser cliente da Cl\u00ednica do Porto. Desde o primeiro contato, \u00e0s instala\u00e7\u00f5es e a aten\u00e7\u00e3o das atendentes (...). A Dra Ines n\u00e3o me foi indicada por acaso, foi de uma aten\u00e7\u00e3o e uma precis\u00e3o que somente uma m\u00e9dica que ama o que faz pode nos proporcionar.(...) A Cl\u00ednica est\u00e1 de Parab\u00e9ns pelo atendimento humanizado e de excel\u00eancia.<\/div>\r\n\t\t\t\t\t\r\n\t\t\t\t<\/div><footer> <div class=\"kwayy-testimonial-img\"><img loading=\"lazy\" decoding=\"async\" width=\"96\" height=\"96\" src=\"https:\/\/clinicamedicadoporto.pt\/staging\/wp-content\/uploads\/2024\/08\/Testemunho-Clivia-Santos.png\" class=\"attachment-thumbnail size-thumbnail wp-post-image\" alt=\"imagem de utente da clinica medica do porto\" \/><\/div> <cite class=\"kwayy-testimonial-title\">Cl\u00edvia Santos<span class=\"kwayy-testimonial-designation\">Paciente da Cl\u00ednica M\u00e9dica do Porto<\/span><\/cite><\/footer><\/blockquote><\/div>\n\t<\/div>\n\t<div class=\"kwayy-testimonial-box \"><div class=\"kwayy-testimonial-data\"><blockquote class=\"kwayy-testimonial-text\">\r\n\t\t\t\t<div class=\"contarea\">\t\t\t\t\t\r\n\t\t\t\t\t<div class=\"kwayy-tst-contarea-text\">Coloboradora muito simpatica e profissionalismo acima da m\u00e9dia.<\/div>\r\n\t\t\t\t\t\r\n\t\t\t\t<\/div><footer> <div class=\"kwayy-testimonial-img\"><img loading=\"lazy\" decoding=\"async\" width=\"96\" height=\"96\" src=\"https:\/\/clinicamedicadoporto.pt\/staging\/wp-content\/uploads\/2024\/07\/Foto-Maria-Brilhante.png\" class=\"attachment-thumbnail size-thumbnail wp-post-image\" alt=\"Imagem de avatar\" \/><\/div> <cite class=\"kwayy-testimonial-title\">Maria Brilhante<span class=\"kwayy-testimonial-designation\">Paciente da Cl\u00ednica M\u00e9dica do Porto<\/span><\/cite><\/footer><\/blockquote><\/div>\n\t<\/div>\n\t<div class=\"kwayy-testimonial-box \"><div class=\"kwayy-testimonial-data\"><blockquote class=\"kwayy-testimonial-text\">\r\n\t\t\t\t<div class=\"contarea\">\t\t\t\t\t\r\n\t\t\t\t\t<div class=\"kwayy-tst-contarea-text\">(Traduzido pelo Google) Depois de algumas consultas falhadas com m\u00e9dicos tradicionais fui a esta cl\u00ednica ao Dr. Jo\u00e3o Sardinha para tratar da minha fase de pr\u00e9-menopausa. A sua abordagem \u00e9 diferente e n\u00e3o convencional, em oposi\u00e7\u00e3o aos m\u00e9dicos tradicionais. Altamente recomendado. Al\u00e9m disso, destaque para B\u00e1rbara que foi muito genu\u00edna e acolhedora<\/div>\r\n\t\t\t\t\t\r\n\t\t\t\t<\/div><footer> <div class=\"kwayy-testimonial-img\"><img loading=\"lazy\" decoding=\"async\" width=\"96\" height=\"96\" src=\"https:\/\/clinicamedicadoporto.pt\/staging\/wp-content\/uploads\/2024\/07\/Foto-Testemunho-KH-Hanna.png\" class=\"attachment-thumbnail size-thumbnail wp-post-image\" alt=\"Imagem mulher\" \/><\/div> <cite class=\"kwayy-testimonial-title\">K.N Hanna<span class=\"kwayy-testimonial-designation\">Paciente da Cl\u00ednica M\u00e9dica do Porto<\/span><\/cite><\/footer><\/blockquote><\/div>\n\t<\/div>\n\t<div class=\"kwayy-testimonial-box \"><div class=\"kwayy-testimonial-data\"><blockquote class=\"kwayy-testimonial-text\">\r\n\t\t\t\t<div class=\"contarea\">\t\t\t\t\t\r\n\t\t\t\t\t<div class=\"kwayy-tst-contarea-text\">Um ambiente muito calmo.<\/div>\r\n\t\t\t\t\t\r\n\t\t\t\t<\/div><footer> <div class=\"kwayy-testimonial-img\"><img loading=\"lazy\" decoding=\"async\" width=\"1\" height=\"1\" src=\"https:\/\/clinicamedicadoporto.pt\/staging\/wp-content\/uploads\/2021\/06\/perfil-clinica-medica-do-porto-webhp.png\" class=\"attachment-thumbnail size-thumbnail wp-post-image\" alt=\"imagem-perfil-feminio-clinica-medica-do-porto\" \/><\/div> <cite class=\"kwayy-testimonial-title\">Maria Cl\u00e1udia Borges<span class=\"kwayy-testimonial-designation\">Paciente da Cl\u00ednica M\u00e9dica do Porto<\/span><\/cite><\/footer><\/blockquote><\/div>\n\t<\/div>\n\t<div class=\"kwayy-testimonial-box \"><div class=\"kwayy-testimonial-data\"><blockquote class=\"kwayy-testimonial-text\">\r\n\t\t\t\t<div class=\"contarea\">\t\t\t\t\t\r\n\t\t\t\t\t<div class=\"kwayy-tst-contarea-text\">Muito obrigada.\r\nS\u00e3o muito simp\u00e1ticos.<\/div>\r\n\t\t\t\t\t\r\n\t\t\t\t<\/div><footer> <div class=\"kwayy-testimonial-img\"><img loading=\"lazy\" decoding=\"async\" width=\"60\" height=\"60\" src=\"https:\/\/clinicamedicadoporto.pt\/staging\/wp-content\/uploads\/2024\/05\/Foto-Testemunho-Teresa-Tudela.png\" class=\"attachment-thumbnail size-thumbnail wp-post-image\" alt=\"Imagem avatar de testemunho da Cl\u00ednica M\u00e9dica do Porto\" \/><\/div> <cite class=\"kwayy-testimonial-title\">Teresa Tudela<span class=\"kwayy-testimonial-designation\">Paciente da Cl\u00ednica M\u00e9dica do Porto<\/span><\/cite><\/footer><\/blockquote><\/div>\n\t<\/div>\n\t<div class=\"kwayy-testimonial-box \"><div class=\"kwayy-testimonial-data\"><blockquote class=\"kwayy-testimonial-text\">\r\n\t\t\t\t<div class=\"contarea\">\t\t\t\t\t\r\n\t\t\t\t\t<div class=\"kwayy-tst-contarea-text\">Excelente servi\u00e7o!<\/div>\r\n\t\t\t\t\t\r\n\t\t\t\t<\/div><footer> <div class=\"kwayy-testimonial-img\"><img loading=\"lazy\" decoding=\"async\" width=\"1\" height=\"1\" src=\"https:\/\/clinicamedicadoporto.pt\/staging\/wp-content\/uploads\/2021\/06\/perfil-clinica-medica-do-porto-webhp.png\" class=\"attachment-thumbnail size-thumbnail wp-post-image\" alt=\"imagem-perfil-feminio-clinica-medica-do-porto\" \/><\/div> <cite class=\"kwayy-testimonial-title\">Mariana Vale<span class=\"kwayy-testimonial-designation\">Paciente da Cl\u00ednica M\u00e9dica do Porto<\/span><\/cite><\/footer><\/blockquote><\/div>\n\t<\/div>\n\t<div class=\"kwayy-testimonial-box \"><div class=\"kwayy-testimonial-data\"><blockquote class=\"kwayy-testimonial-text\">\r\n\t\t\t\t<div class=\"contarea\">\t\t\t\t\t\r\n\t\t\t\t\t<div class=\"kwayy-tst-contarea-text\">Atendimento simp\u00e1tico e cumprimento do hor\u00e1rio da consulta, cl\u00ednica de f\u00e1cil localiza\u00e7\u00e3o.<\/div>\r\n\t\t\t\t\t\r\n\t\t\t\t<\/div><footer> <div class=\"kwayy-testimonial-img\"><img loading=\"lazy\" decoding=\"async\" width=\"1\" height=\"1\" src=\"https:\/\/clinicamedicadoporto.pt\/staging\/wp-content\/uploads\/2021\/06\/perfil-masculino-clinica-medica-do-porto-webhp.png\" class=\"attachment-thumbnail size-thumbnail wp-post-image\" alt=\"imagem-perfil-masculino-clinica-medica-do-porto\" \/><\/div> <cite class=\"kwayy-testimonial-title\">M\u00e1rcio Alves<span class=\"kwayy-testimonial-designation\">Paciente da Cl\u00ednica M\u00e9dica do Porto<\/span><\/cite><\/footer><\/blockquote><\/div>\n\t<\/div>\n\t<div class=\"kwayy-testimonial-box \"><div class=\"kwayy-testimonial-data\"><blockquote class=\"kwayy-testimonial-text\">\r\n\t\t\t\t<div class=\"contarea\">\t\t\t\t\t\r\n\t\t\t\t\t<div class=\"kwayy-tst-contarea-text\">Um atendimento diferenciado, desde o agendamento da consulta, a prepara\u00e7\u00e3o para a mesma e a consulta em si. Acontece todo um protocolo para que nada fique ao acaso.\r\nGostei muito do trabalho, no meu caso, da Dra M\u00e1rcia Pereira Leite.\r\nRecomendo vivamente!<\/div>\r\n\t\t\t\t\t\r\n\t\t\t\t<\/div><footer> <div class=\"kwayy-testimonial-img\"><img loading=\"lazy\" decoding=\"async\" width=\"1\" height=\"1\" src=\"https:\/\/clinicamedicadoporto.pt\/staging\/wp-content\/uploads\/2021\/06\/perfil-clinica-medica-do-porto-webhp.png\" class=\"attachment-thumbnail size-thumbnail wp-post-image\" alt=\"imagem-perfil-feminio-clinica-medica-do-porto\" \/><\/div> <cite class=\"kwayy-testimonial-title\">Fernanda Pinto<span class=\"kwayy-testimonial-designation\">Paciente da Cl\u00ednica M\u00e9dica do Porto<\/span><\/cite><\/footer><\/blockquote><\/div>\n\t<\/div>\n\t<div class=\"kwayy-testimonial-box \"><div class=\"kwayy-testimonial-data\"><blockquote class=\"kwayy-testimonial-text\">\r\n\t\t\t\t<div class=\"contarea\">\t\t\t\t\t\r\n\t\t\t\t\t<div class=\"kwayy-tst-contarea-text\">Fiquei muito feliz com o meu atendimento da clinica. \r\nForam pontuais e organizados. \r\nDra Ines foi muito querida e prestativa. \r\nRecomendo!<\/div>\r\n\t\t\t\t\t\r\n\t\t\t\t<\/div><footer> <div class=\"kwayy-testimonial-img\"><img loading=\"lazy\" decoding=\"async\" width=\"96\" height=\"96\" src=\"https:\/\/clinicamedicadoporto.pt\/staging\/wp-content\/uploads\/2024\/03\/Foto-Testemunho-Camila-Zamboni.png\" class=\"attachment-thumbnail size-thumbnail wp-post-image\" alt=\"Foto imagem Testemunho Camila\" \/><\/div> <cite class=\"kwayy-testimonial-title\">Camila Zamboni<span class=\"kwayy-testimonial-designation\">Paciente da Cl\u00ednica M\u00e9dica do Porto<\/span><\/cite><\/footer><\/blockquote><\/div>\n\t<\/div>\n\t<div class=\"kwayy-testimonial-box \"><div class=\"kwayy-testimonial-data\"><blockquote class=\"kwayy-testimonial-text\">\r\n\t\t\t\t<div class=\"contarea\">\t\t\t\t\t\r\n\t\t\t\t\t<div class=\"kwayy-tst-contarea-text\">Excelente atendimento e profissionalismo na recep\u00e7\u00e3o.\r\nFoi a minha 1@ consulta com a Dra. M\u00e1rcia Leite, muito simp\u00e1tica e atenciosa, consulta devidamente estruturada e organizada, fui tratada sem pressas e com muita dedica\u00e7\u00e3o. \r\nAdorei \u2764\ufe0f<\/div>\r\n\t\t\t\t\t\r\n\t\t\t\t<\/div><footer> <div class=\"kwayy-testimonial-img\"><img loading=\"lazy\" decoding=\"async\" width=\"60\" height=\"60\" src=\"https:\/\/clinicamedicadoporto.pt\/staging\/wp-content\/uploads\/2024\/02\/foto-testemunho-eduarda-queiros.png\" class=\"attachment-thumbnail size-thumbnail wp-post-image\" alt=\"Foto de paciente da Clinica Medica do Porto\" \/><\/div> <cite class=\"kwayy-testimonial-title\">Eduarda Queiros<span class=\"kwayy-testimonial-designation\">Paciente da Cl\u00ednica M\u00e9dica do Porto<\/span><\/cite><\/footer><\/blockquote><\/div>\n\t<\/div>\n\t<div class=\"kwayy-testimonial-box \"><div class=\"kwayy-testimonial-data\"><blockquote class=\"kwayy-testimonial-text\">\r\n\t\t\t\t<div class=\"contarea\">\t\t\t\t\t\r\n\t\t\t\t\t<div class=\"kwayy-tst-contarea-text\">Boas condi\u00e7\u00f5es. \r\nProfissionais simp\u00e1ticos e competentes. \r\nUma boa experi\u00eancia. <\/div>\r\n\t\t\t\t\t\r\n\t\t\t\t<\/div><footer> <div class=\"kwayy-testimonial-img\"><img loading=\"lazy\" decoding=\"async\" width=\"1\" height=\"1\" src=\"https:\/\/clinicamedicadoporto.pt\/staging\/wp-content\/uploads\/2021\/06\/perfil-clinica-medica-do-porto-webhp.png\" class=\"attachment-thumbnail size-thumbnail wp-post-image\" alt=\"imagem-perfil-feminio-clinica-medica-do-porto\" \/><\/div> <cite class=\"kwayy-testimonial-title\">Sara Fernandes<span class=\"kwayy-testimonial-designation\">Paciente da Cl\u00ednica M\u00e9dica do Porto<\/span><\/cite><\/footer><\/blockquote><\/div>\n\t<\/div>\n\t<div class=\"kwayy-testimonial-box \"><div class=\"kwayy-testimonial-data\"><blockquote class=\"kwayy-testimonial-text\">\r\n\t\t\t\t<div class=\"contarea\">\t\t\t\t\t\r\n\t\t\t\t\t<div class=\"kwayy-tst-contarea-text\">Estacionamento facilitado.\r\nInstala\u00e7\u00f5es e ambiente sereno e muito acolhedor.\r\nAtendimento simp\u00e1tico e profissional.\r\nEstive numa 1.a consulta de Reposi\u00e7\u00e3o hormonal bioid\u00eantica, com a dra. Mariana Pinto Leite, onde fui tratada sem pressas com clareza, dedica\u00e7\u00e3o e muita compet\u00eancia.<\/div>\r\n\t\t\t\t\t\r\n\t\t\t\t<\/div><footer> <div class=\"kwayy-testimonial-img\"><img loading=\"lazy\" decoding=\"async\" width=\"1\" height=\"1\" src=\"https:\/\/clinicamedicadoporto.pt\/staging\/wp-content\/uploads\/2021\/06\/perfil-clinica-medica-do-porto-webhp.png\" class=\"attachment-thumbnail size-thumbnail wp-post-image\" alt=\"imagem-perfil-feminio-clinica-medica-do-porto\" \/><\/div> <cite class=\"kwayy-testimonial-title\">Ana Neves<span class=\"kwayy-testimonial-designation\">Paciente da Cl\u00ednica M\u00e9dica do Porto<\/span><\/cite><\/footer><\/blockquote><\/div>\n\t<\/div>\n\t<div class=\"kwayy-testimonial-box \"><div class=\"kwayy-testimonial-data\"><blockquote class=\"kwayy-testimonial-text\">\r\n\t\t\t\t<div class=\"contarea\">\t\t\t\t\t\r\n\t\t\t\t\t<div class=\"kwayy-tst-contarea-text\">Gostei muito do atendimento.\r\nMuito simp\u00e1ticas e amorosas para a minha filha, sem d\u00favida, caso necessite, voltarei a escolher a Cl\u00ednica M\u00e9dica do Porto.\r\nAgradecida.<\/div>\r\n\t\t\t\t\t\r\n\t\t\t\t<\/div><footer> <div class=\"kwayy-testimonial-img\"><img loading=\"lazy\" decoding=\"async\" width=\"1\" height=\"1\" src=\"https:\/\/clinicamedicadoporto.pt\/staging\/wp-content\/uploads\/2021\/06\/perfil-clinica-medica-do-porto-webhp.png\" class=\"attachment-thumbnail size-thumbnail wp-post-image\" alt=\"imagem-perfil-feminio-clinica-medica-do-porto\" \/><\/div> <cite class=\"kwayy-testimonial-title\">Tatiana Silva<span class=\"kwayy-testimonial-designation\">M\u00e3e de Paciente da Cl\u00ednica M\u00e9dica do Porto<\/span><\/cite><\/footer><\/blockquote><\/div>\n\t<\/div>\n\t<div class=\"kwayy-testimonial-box \"><div class=\"kwayy-testimonial-data\"><blockquote class=\"kwayy-testimonial-text\">\r\n\t\t\t\t<div class=\"contarea\">\t\t\t\t\t\r\n\t\t\t\t\t<div class=\"kwayy-tst-contarea-text\">Foi uma experi\u00eancia muito agrad\u00e1vel nesta cl\u00ednica, com um bom acolhimento e um m\u00e9dico competente que presta aten\u00e7\u00e3o ao paciente e adoro o facto de serem recomendados rem\u00e9dios naturais, recomendo vivamente.<\/div>\r\n\t\t\t\t\t\r\n\t\t\t\t<\/div><footer> <div class=\"kwayy-testimonial-img\"><img loading=\"lazy\" decoding=\"async\" width=\"1\" height=\"1\" src=\"https:\/\/clinicamedicadoporto.pt\/staging\/wp-content\/uploads\/2021\/06\/perfil-clinica-medica-do-porto-webhp.png\" class=\"attachment-thumbnail size-thumbnail wp-post-image\" alt=\"imagem-perfil-feminio-clinica-medica-do-porto\" \/><\/div> <cite class=\"kwayy-testimonial-title\">Carlita<span class=\"kwayy-testimonial-designation\">Paciente da Cl\u00ednica M\u00e9dica do Porto<\/span><\/cite><\/footer><\/blockquote><\/div>\n\t<\/div>\n\t<div class=\"kwayy-testimonial-box \"><div class=\"kwayy-testimonial-data\"><blockquote class=\"kwayy-testimonial-text\">\r\n\t\t\t\t<div class=\"contarea\">\t\t\t\t\t\r\n\t\t\t\t\t<div class=\"kwayy-tst-contarea-text\">A Dra Beatriz \u00e9 optima, ja vejo efeitos. \r\nToda a gente na cl\u00ednica \u00e9 muito simp\u00e1tica. \r\nRecomendo 100%<\/div>\r\n\t\t\t\t\t\r\n\t\t\t\t<\/div><footer> <div class=\"kwayy-testimonial-img\"><img loading=\"lazy\" decoding=\"async\" width=\"60\" height=\"60\" src=\"https:\/\/clinicamedicadoporto.pt\/staging\/wp-content\/uploads\/2024\/01\/Foto-carolina-oliveira.png\" class=\"attachment-thumbnail size-thumbnail wp-post-image\" alt=\"Foto de cliente da Clinica\" \/><\/div> <cite class=\"kwayy-testimonial-title\">Carolina Oliveira<span class=\"kwayy-testimonial-designation\">Paciente da Cl\u00ednica M\u00e9dica do Porto<\/span><\/cite><\/footer><\/blockquote><\/div>\n\t<\/div>\n\t<div class=\"kwayy-testimonial-box \"><div class=\"kwayy-testimonial-data\"><blockquote class=\"kwayy-testimonial-text\">\r\n\t\t\t\t<div class=\"contarea\">\t\t\t\t\t\r\n\t\t\t\t\t<div class=\"kwayy-tst-contarea-text\">Excelente atendimento, o espa\u00e7o muito agrad\u00e1vel!\r\nA Dr\u00aaMariana \u00e9 uma excelente profissional com uma vertente muito humana!<\/div>\r\n\t\t\t\t\t\r\n\t\t\t\t<\/div><footer> <div class=\"kwayy-testimonial-img\"><img loading=\"lazy\" decoding=\"async\" width=\"1\" height=\"1\" src=\"https:\/\/clinicamedicadoporto.pt\/staging\/wp-content\/uploads\/2021\/06\/perfil-clinica-medica-do-porto-webhp.png\" class=\"attachment-thumbnail size-thumbnail wp-post-image\" alt=\"imagem-perfil-feminio-clinica-medica-do-porto\" \/><\/div> <cite class=\"kwayy-testimonial-title\">M\u00e1rcia Reis<span class=\"kwayy-testimonial-designation\">Paciente da C<\/span><\/cite><\/footer><\/blockquote><\/div>\n\t<\/div>\n\t<div class=\"kwayy-testimonial-box \"><div class=\"kwayy-testimonial-data\"><blockquote class=\"kwayy-testimonial-text\">\r\n\t\t\t\t<div class=\"contarea\">\t\t\t\t\t\r\n\t\t\t\t\t<div class=\"kwayy-tst-contarea-text\">Bom atendimento, muito profissionalismo!<\/div>\r\n\t\t\t\t\t\r\n\t\t\t\t<\/div><footer> <div class=\"kwayy-testimonial-img\"><img loading=\"lazy\" decoding=\"async\" width=\"1\" height=\"1\" src=\"https:\/\/clinicamedicadoporto.pt\/staging\/wp-content\/uploads\/2021\/06\/perfil-clinica-medica-do-porto-webhp.png\" class=\"attachment-thumbnail size-thumbnail wp-post-image\" alt=\"imagem-perfil-feminio-clinica-medica-do-porto\" \/><\/div> <cite class=\"kwayy-testimonial-title\">Maria Teresa Chaves<span class=\"kwayy-testimonial-designation\">Paciente da Cl\u00ednica M\u00e9dica do Porto<\/span><\/cite><\/footer><\/blockquote><\/div>\n\t<\/div>\n\t<div class=\"kwayy-testimonial-box \"><div class=\"kwayy-testimonial-data\"><blockquote class=\"kwayy-testimonial-text\">\r\n\t\t\t\t<div class=\"contarea\">\t\t\t\t\t\r\n\t\t\t\t\t<div class=\"kwayy-tst-contarea-text\">\u00d3tima consulta com a Dra. In\u00eas Bento. Super amig\u00e1vel, dedicou tempo para abordar diferentes quest\u00f5es e foi muito flex\u00edvel. Fico feliz em voltar.<\/div>\r\n\t\t\t\t\t\r\n\t\t\t\t<\/div><footer> <div class=\"kwayy-testimonial-img\"><img loading=\"lazy\" decoding=\"async\" width=\"96\" height=\"96\" src=\"https:\/\/clinicamedicadoporto.pt\/staging\/wp-content\/uploads\/2023\/11\/Foto-Bernardo-Garcia.jpeg\" class=\"attachment-thumbnail size-thumbnail wp-post-image\" alt=\"Imagem de utente da Clinica Medica do Porto\" \/><\/div> <cite class=\"kwayy-testimonial-title\">Bernardo Garcia<span class=\"kwayy-testimonial-designation\">Paciente da Cl\u00ednica M\u00e9dica do Porto<\/span><\/cite><\/footer><\/blockquote><\/div>\n\t<\/div>\n\t<div class=\"kwayy-testimonial-box \"><div class=\"kwayy-testimonial-data\"><blockquote class=\"kwayy-testimonial-text\">\r\n\t\t\t\t<div class=\"contarea\">\t\t\t\t\t\r\n\t\t\t\t\t<div class=\"kwayy-tst-contarea-text\">Gostei de tudo. \r\nDesde a simpatia e profissionalismo tanto da recepcionista como da m\u00e9dica Dra M\u00e1rcia Leite\r\nCertamente recomendarei, obrigada.<\/div>\r\n\t\t\t\t\t\r\n\t\t\t\t<\/div><footer> <div class=\"kwayy-testimonial-img\"><img loading=\"lazy\" decoding=\"async\" width=\"1\" height=\"1\" src=\"https:\/\/clinicamedicadoporto.pt\/staging\/wp-content\/uploads\/2021\/06\/perfil-clinica-medica-do-porto-webhp.png\" class=\"attachment-thumbnail size-thumbnail wp-post-image\" alt=\"imagem-perfil-feminio-clinica-medica-do-porto\" \/><\/div> <cite class=\"kwayy-testimonial-title\">Palmira Soares<span class=\"kwayy-testimonial-designation\">Paciente da Cl\u00ednica M\u00e9dica do Porto<\/span><\/cite><\/footer><\/blockquote><\/div>\n\t<\/div>\n\t<div class=\"kwayy-testimonial-box \"><div class=\"kwayy-testimonial-data\"><blockquote class=\"kwayy-testimonial-text\">\r\n\t\t\t\t<div class=\"contarea\">\t\t\t\t\t\r\n\t\t\t\t\t<div class=\"kwayy-tst-contarea-text\">Coloboradora muito simpatica e profissionalismo acima da m\u00e9dia<\/div>\r\n\t\t\t\t\t\r\n\t\t\t\t<\/div><footer> <div class=\"kwayy-testimonial-img\"><img loading=\"lazy\" decoding=\"async\" width=\"96\" height=\"96\" src=\"https:\/\/clinicamedicadoporto.pt\/staging\/wp-content\/uploads\/2023\/10\/Foto-Maria-Brilhante.png\" class=\"attachment-thumbnail size-thumbnail wp-post-image\" alt=\"Foto Maria Brilhante\" \/><\/div> <cite class=\"kwayy-testimonial-title\">Maria Brilhante<span class=\"kwayy-testimonial-designation\">Paciente da Cl\u00ednica M\u00e9dica do Porto<\/span><\/cite><\/footer><\/blockquote><\/div>\n\t<\/div>\n\t<div class=\"kwayy-testimonial-box \"><div class=\"kwayy-testimonial-data\"><blockquote class=\"kwayy-testimonial-text\">\r\n\t\t\t\t<div class=\"contarea\">\t\t\t\t\t\r\n\t\t\t\t\t<div class=\"kwayy-tst-contarea-text\">1. servi\u00e7o de atendimento: EFICIENTE (...);\r\n2. Consulta: sublinhem-se a aten\u00e7\u00e3o na recep\u00e7\u00e3o, desde logo, ao utente; o cuidado na abordagem (...) sensibilidade e clareza necess\u00e1rias, na atitude e no discurso, (...), num grau de PROFISSIONALISMO de real\u00e7ar.\r\n3. Espa\u00e7o: (...) o facto de o estacionamento ser gerido camarariamente (parqu\u00edmetros) atenuar\u00e1 eventuais dificuldades de parqueamento moment\u00e2neo<\/div>\r\n\t\t\t\t\t\r\n\t\t\t\t<\/div><footer> <div class=\"kwayy-testimonial-img\"><img loading=\"lazy\" decoding=\"async\" width=\"96\" height=\"96\" src=\"https:\/\/clinicamedicadoporto.pt\/staging\/wp-content\/uploads\/2023\/10\/Foto-Manuel-Lopes-Pereira.png\" class=\"attachment-thumbnail size-thumbnail wp-post-image\" alt=\"Foto Manuel Lopes Pereira\" \/><\/div> <cite class=\"kwayy-testimonial-title\">Manuel Lopes Pereira<span class=\"kwayy-testimonial-designation\">Paciente da Cl\u00ednica M\u00e9dica do Porto<\/span><\/cite><\/footer><\/blockquote><\/div>\n\t<\/div>\n\t<div class=\"kwayy-testimonial-box \"><div class=\"kwayy-testimonial-data\"><blockquote class=\"kwayy-testimonial-text\">\r\n\t\t\t\t<div class=\"contarea\">\t\t\t\t\t\r\n\t\t\t\t\t<div class=\"kwayy-tst-contarea-text\">Desde o nascimento que a minha filha \u00e9 acompanhada pela Dra Nelea Afanas na consulta de Pediatria. \r\nA Dra Nelea \u00e9 muito am\u00e1vel, dispon\u00edvel e profissional. Tem uma abordagem muito integrada que a distingue.\r\nRecomendo!<\/div>\r\n\t\t\t\t\t\r\n\t\t\t\t<\/div><footer> <div class=\"kwayy-testimonial-img\"><img loading=\"lazy\" decoding=\"async\" width=\"96\" height=\"96\" src=\"https:\/\/clinicamedicadoporto.pt\/staging\/wp-content\/uploads\/2023\/10\/Foto-Testemunho-Tatiana-Sousa.png\" class=\"attachment-thumbnail size-thumbnail wp-post-image\" alt=\"Foto Testemunho-Tatiana Calv\u00e3o Sousa\" \/><\/div> <cite class=\"kwayy-testimonial-title\">Tatiana Sousa<span class=\"kwayy-testimonial-designation\">M\u00e3e de Paciente da Cl\u00ednica M\u00e9dica do Porto<\/span><\/cite><\/footer><\/blockquote><\/div>\n\t<\/div>\n\t<div class=\"kwayy-testimonial-box \"><div class=\"kwayy-testimonial-data\"><blockquote class=\"kwayy-testimonial-text\">\r\n\t\t\t\t<div class=\"contarea\">\t\t\t\t\t\r\n\t\t\t\t\t<div class=\"kwayy-tst-contarea-text\">Servi\u00e7o profissional, recomendo!<\/div>\r\n\t\t\t\t\t\r\n\t\t\t\t<\/div><footer> <div class=\"kwayy-testimonial-img\"><img loading=\"lazy\" decoding=\"async\" width=\"96\" height=\"96\" src=\"https:\/\/clinicamedicadoporto.pt\/staging\/wp-content\/uploads\/2023\/10\/Foto-Comentario-Luis-Alves.png\" class=\"attachment-thumbnail size-thumbnail wp-post-image\" alt=\"Foto Lu\u00eds Alves\" \/><\/div> <cite class=\"kwayy-testimonial-title\">Luis Alves<span class=\"kwayy-testimonial-designation\">Paciente da Cl\u00ednica M\u00e9dica do Porto<\/span><\/cite><\/footer><\/blockquote><\/div>\n\t<\/div>\n\t<div class=\"kwayy-testimonial-box \"><div class=\"kwayy-testimonial-data\"><blockquote class=\"kwayy-testimonial-text\">\r\n\t\t\t\t<div class=\"contarea\">\t\t\t\t\t\r\n\t\t\t\t\t<div class=\"kwayy-tst-contarea-text\">Agrade\u00e7o \u00e0 Dr.\u00aaAna Rita Teles a sua disponibilidade, simpatia, carinho e profissionalismo. Sobretudo, o seu saber\/conhecimento ao apresentar  solu\u00e7\u00f5es inovadoras e adequadas aos meus problemas de sa\u00fade.<\/div>\r\n\t\t\t\t\t\r\n\t\t\t\t<\/div><footer> <div class=\"kwayy-testimonial-img\"><img loading=\"lazy\" decoding=\"async\" width=\"1\" height=\"1\" src=\"https:\/\/clinicamedicadoporto.pt\/staging\/wp-content\/uploads\/2021\/06\/perfil-clinica-medica-do-porto-webhp.png\" class=\"attachment-thumbnail size-thumbnail wp-post-image\" alt=\"imagem-perfil-feminio-clinica-medica-do-porto\" \/><\/div> <cite class=\"kwayy-testimonial-title\">Anabela<span class=\"kwayy-testimonial-designation\">Paciente da Cl\u00ednica M\u00e9dica do Porto<\/span><\/cite><\/footer><\/blockquote><\/div>\n\t<\/div>\n\t<div class=\"kwayy-testimonial-box \"><div class=\"kwayy-testimonial-data\"><blockquote class=\"kwayy-testimonial-text\">\r\n\t\t\t\t<div class=\"contarea\">\t\t\t\t\t\r\n\t\t\t\t\t<div class=\"kwayy-tst-contarea-text\">Muito am\u00e1veis, desde a rece\u00e7\u00e3o ao corpo cl\u00ednico. \r\nRecomendo!\r\n\r\n<\/div>\r\n\t\t\t\t\t\r\n\t\t\t\t<\/div><footer> <div class=\"kwayy-testimonial-img\"><img loading=\"lazy\" decoding=\"async\" width=\"96\" height=\"96\" src=\"https:\/\/clinicamedicadoporto.pt\/staging\/wp-content\/uploads\/2023\/06\/Foto-Marta-Lima.png\" class=\"attachment-thumbnail size-thumbnail wp-post-image\" alt=\"Foto-Marta-Lima\" \/><\/div> <cite class=\"kwayy-testimonial-title\">Marta Lima<span class=\"kwayy-testimonial-designation\">Paciente da Cl\u00ednica M\u00e9dica do Porto<\/span><\/cite><\/footer><\/blockquote><\/div>\n\t<\/div>\n\t<div class=\"kwayy-testimonial-box \"><div class=\"kwayy-testimonial-data\"><blockquote class=\"kwayy-testimonial-text\">\r\n\t\t\t\t<div class=\"contarea\">\t\t\t\t\t\r\n\t\t\t\t\t<div class=\"kwayy-tst-contarea-text\">Foi a minha primeira consulta Anti-aging com a Dra. Mariana Pinto Leite. \r\nFiquei muito bem impressionada com o atendimento e profissionalismo pelo que vou continuar a utilizar os seus servi\u00e7os.<\/div>\r\n\t\t\t\t\t\r\n\t\t\t\t<\/div><footer> <div class=\"kwayy-testimonial-img\"><img loading=\"lazy\" decoding=\"async\" width=\"96\" height=\"96\" src=\"https:\/\/clinicamedicadoporto.pt\/staging\/wp-content\/uploads\/2018\/07\/perfil-clinica-medica-do-porto-150x150.png\" class=\"attachment-thumbnail size-thumbnail wp-post-image\" alt=\"perfil-feminino-clinica-medica-do-porto\" srcset=\"https:\/\/clinicamedicadoporto.pt\/staging\/wp-content\/uploads\/2018\/07\/perfil-clinica-medica-do-porto-150x150.png 150w, https:\/\/clinicamedicadoporto.pt\/staging\/wp-content\/uploads\/2018\/07\/perfil-clinica-medica-do-porto-300x300.png 300w, https:\/\/clinicamedicadoporto.pt\/staging\/wp-content\/uploads\/2018\/07\/perfil-clinica-medica-do-porto-e1604515282169.png 60w\" sizes=\"auto, (max-width: 96px) 100vw, 96px\" \/><\/div> <cite class=\"kwayy-testimonial-title\">Maria Manuel Junqueira<span class=\"kwayy-testimonial-designation\">Paciente da Cl\u00ednica M\u00e9dica do Porto<\/span><\/cite><\/footer><\/blockquote><\/div>\n\t<\/div>\n\t<div class=\"kwayy-testimonial-box \"><div class=\"kwayy-testimonial-data\"><blockquote class=\"kwayy-testimonial-text\">\r\n\t\t\t\t<div class=\"contarea\">\t\t\t\t\t\r\n\t\t\t\t\t<div class=\"kwayy-tst-contarea-text\">Fui prontamente atendido pela rececionista que foi agrad\u00e1vel e gentil. Como fui \u00e0 Cl\u00ednica para uma consulta de urologia, logo fui encaminhado para o Doutor Rui. Ele me consultou, conversamos e acredito que sa\u00ed com um diagn\u00f3stico preciso. (...)<\/div>\r\n\t\t\t\t\t\r\n\t\t\t\t<\/div><footer> <div class=\"kwayy-testimonial-img\"><img loading=\"lazy\" decoding=\"async\" width=\"1\" height=\"1\" src=\"https:\/\/clinicamedicadoporto.pt\/staging\/wp-content\/uploads\/2021\/06\/perfil-masculino-clinica-medica-do-porto-webhp.png\" class=\"attachment-thumbnail size-thumbnail wp-post-image\" alt=\"imagem-perfil-masculino-clinica-medica-do-porto\" \/><\/div> <cite class=\"kwayy-testimonial-title\">Rubem Lima<span class=\"kwayy-testimonial-designation\">Paciente da Cl\u00ednica M\u00e9dica do Porto<\/span><\/cite><\/footer><\/blockquote><\/div>\n\t<\/div>\n\t<div class=\"kwayy-testimonial-box \"><div class=\"kwayy-testimonial-data\"><blockquote class=\"kwayy-testimonial-text\">\r\n\t\t\t\t<div class=\"contarea\">\t\t\t\t\t\r\n\t\t\t\t\t<div class=\"kwayy-tst-contarea-text\">Tive uma consulta com a Dra Joana da ginecol\u00f3gica adorei o atendimento a simpatia  da Doutora como das funcion\u00e1rias  obrigada pelo excelente trabalho.<\/div>\r\n\t\t\t\t\t\r\n\t\t\t\t<\/div><footer> <div class=\"kwayy-testimonial-img\"><img loading=\"lazy\" decoding=\"async\" width=\"1\" height=\"1\" src=\"https:\/\/clinicamedicadoporto.pt\/staging\/wp-content\/uploads\/2021\/06\/perfil-clinica-medica-do-porto-webhp.png\" class=\"attachment-thumbnail size-thumbnail wp-post-image\" alt=\"imagem-perfil-feminio-clinica-medica-do-porto\" \/><\/div> <cite class=\"kwayy-testimonial-title\">Sandra Borges<span class=\"kwayy-testimonial-designation\">Paciente da Cl\u00ednica M\u00e9dica do Porto<\/span><\/cite><\/footer><\/blockquote><\/div>\n\t<\/div>\n\t<div class=\"kwayy-testimonial-box \"><div class=\"kwayy-testimonial-data\"><blockquote class=\"kwayy-testimonial-text\">\r\n\t\t\t\t<div class=\"contarea\">\t\t\t\t\t\r\n\t\t\t\t\t<div class=\"kwayy-tst-contarea-text\">\u00d3timo atendimento. <br>\r\nMeu filho e eu fomos tratados com excel\u00eancia.<\/div>\r\n\t\t\t\t\t\r\n\t\t\t\t<\/div><footer> <div class=\"kwayy-testimonial-img\"><img loading=\"lazy\" decoding=\"async\" width=\"96\" height=\"96\" src=\"https:\/\/clinicamedicadoporto.pt\/staging\/wp-content\/uploads\/2023\/02\/Foto-Priscila-Hila\u0301rio.png\" class=\"attachment-thumbnail size-thumbnail wp-post-image\" alt=\"Imagem Testemunho Clinica Medica do Porto\" \/><\/div> <cite class=\"kwayy-testimonial-title\">Priscila Hil\u00e1rio<span class=\"kwayy-testimonial-designation\">M\u00e3e de Paciente da Cl\u00ednica M\u00e9dica do Porto<\/span><\/cite><\/footer><\/blockquote><\/div>\n\t<\/div>\n\t<div class=\"kwayy-testimonial-box \"><div class=\"kwayy-testimonial-data\"><blockquote class=\"kwayy-testimonial-text\">\r\n\t\t\t\t<div class=\"contarea\">\t\t\t\t\t\r\n\t\t\t\t\t<div class=\"kwayy-tst-contarea-text\">(Traduzido pelo Google) Eu realmente gostei do atendimento ao cliente. <br>Visitamos o pediatra e ficamos muito satisfeitos com a comunica\u00e7\u00e3o e como o beb\u00ea foi examinado. <br>Muito obrigado a todos os funcion\u00e1rios<\/div>\r\n\t\t\t\t\t\r\n\t\t\t\t<\/div><footer> <div class=\"kwayy-testimonial-img\"><img loading=\"lazy\" decoding=\"async\" width=\"1\" height=\"1\" src=\"https:\/\/clinicamedicadoporto.pt\/staging\/wp-content\/uploads\/2021\/06\/perfil-clinica-medica-do-porto-webhp.png\" class=\"attachment-thumbnail size-thumbnail wp-post-image\" alt=\"imagem-perfil-feminio-clinica-medica-do-porto\" \/><\/div> <cite class=\"kwayy-testimonial-title\">Veronika M.<span class=\"kwayy-testimonial-designation\">M\u00e3e de Paciente da Cl\u00ednica M\u00e9dica do Porto<\/span><\/cite><\/footer><\/blockquote><\/div>\n\t<\/div>\n\t<div class=\"kwayy-testimonial-box \"><div class=\"kwayy-testimonial-data\"><blockquote class=\"kwayy-testimonial-text\">\r\n\t\t\t\t<div class=\"contarea\">\t\t\t\t\t\r\n\t\t\t\t\t<div class=\"kwayy-tst-contarea-text\">A melhor cl\u00ednica. Vivo na Alemanha, fiz uma maratona a correr de m\u00e9dico para m\u00e9dico c\u00e1 na Alemanha, por tudo que me queixava me queriam prescrever anti depressivos , mesmo eu o dizer v\u00e1rias vezes que n\u00e3o os queria tomar por me sentir ainda pior com estes . Estive uns meses no Porto e decidi visitar a cl\u00ednica . A doutora Maria Jos\u00e9 me ouviu muito atenciosa . N\u00e3o tenho palavras para expressar como lhe estou grata .A doutora Maria Jos\u00e9 \u00e9 um anjo na terra \u2764\ufe0f Infelizmente muitos poucos os m\u00e9dicos competentes como a doutora. Um grande abra\u00e7o para toda a equipa e um ainda maior para a doutora Maria Jos\u00e9. At\u00e9 breve<\/div>\r\n\t\t\t\t\t\r\n\t\t\t\t<\/div><footer> <span class=\"kwayy-testimonial-icon\"><i class=\"kwicon-fa-quote-left\"><\/i><\/span> <cite class=\"kwayy-testimonial-title\">Habibi Habibi<span class=\"kwayy-testimonial-designation\">Paciente da Cl\u00ednica M\u00e9dica do Porto<\/span><\/cite><\/footer><\/blockquote><\/div>\n\t<\/div>\n\t<div class=\"kwayy-testimonial-box \"><div class=\"kwayy-testimonial-data\"><blockquote class=\"kwayy-testimonial-text\">\r\n\t\t\t\t<div class=\"contarea\">\t\t\t\t\t\r\n\t\t\t\t\t<div class=\"kwayy-tst-contarea-text\">Extremamente profissionais e simp\u00e1ticos!<\/div>\r\n\t\t\t\t\t\r\n\t\t\t\t<\/div><footer> <div class=\"kwayy-testimonial-img\"><img loading=\"lazy\" decoding=\"async\" width=\"60\" height=\"60\" src=\"https:\/\/clinicamedicadoporto.pt\/staging\/wp-content\/uploads\/2018\/07\/perfil-masculino-clinica-medica-do-porto-e1604516490646.png\" class=\"attachment-thumbnail size-thumbnail wp-post-image\" alt=\"perfil-masculino-clinica-medica-do-porto\" \/><\/div> <cite class=\"kwayy-testimonial-title\">Pedro Costa<span class=\"kwayy-testimonial-designation\">Paciente da Cl\u00ednica M\u00e9dica do Porto<\/span><\/cite><\/footer><\/blockquote><\/div>\n\t<\/div>\n\t<div class=\"kwayy-testimonial-box \"><div class=\"kwayy-testimonial-data\"><blockquote class=\"kwayy-testimonial-text\">\r\n\t\t\t\t<div class=\"contarea\">\t\t\t\t\t\r\n\t\t\t\t\t<div class=\"kwayy-tst-contarea-text\">A clinica situa-se num local bem acess\u00edvel, o tempo de espera foi 5 minutos o atendimento tamb\u00e9m \u00e9 r\u00e1pido e fui bem atendido pelo m\u00e9dico e fiquei satisfeito no geral.<\/div>\r\n\t\t\t\t\t\r\n\t\t\t\t<\/div><footer> <div class=\"kwayy-testimonial-img\"><img loading=\"lazy\" decoding=\"async\" width=\"60\" height=\"60\" src=\"https:\/\/clinicamedicadoporto.pt\/staging\/wp-content\/uploads\/2018\/07\/perfil-masculino-clinica-medica-do-porto-e1604516490646.png\" class=\"attachment-thumbnail size-thumbnail wp-post-image\" alt=\"perfil-masculino-clinica-medica-do-porto\" \/><\/div> <cite class=\"kwayy-testimonial-title\">Duarte Alves<span class=\"kwayy-testimonial-designation\">Paciente da Cl\u00ednica M\u00e9dica do Porto<\/span><\/cite><\/footer><\/blockquote><\/div>\n\t<\/div>\n\t<div class=\"kwayy-testimonial-box \"><div class=\"kwayy-testimonial-data\"><blockquote class=\"kwayy-testimonial-text\">\r\n\t\t\t\t<div class=\"contarea\">\t\t\t\t\t\r\n\t\t\t\t\t<div class=\"kwayy-tst-contarea-text\">Funcion\u00e1rios muito simp\u00e1ticos. A consulta decorreu com a maior simpatia.<\/div>\r\n\t\t\t\t\t\r\n\t\t\t\t<\/div><footer> <div class=\"kwayy-testimonial-img\"><img loading=\"lazy\" decoding=\"async\" width=\"96\" height=\"96\" src=\"https:\/\/clinicamedicadoporto.pt\/staging\/wp-content\/uploads\/2022\/10\/Foto-Testemunho-Rui-Romero-Clinica-Medica-Porto.png\" class=\"attachment-thumbnail size-thumbnail wp-post-image\" alt=\"Foto-Testemunho-Rui-Romero-Clinica-Medica-Porto\" \/><\/div> <cite class=\"kwayy-testimonial-title\">Rui Romero<span class=\"kwayy-testimonial-designation\">Paciente da Cl\u00ednica M\u00e9dica do Porto<\/span><\/cite><\/footer><\/blockquote><\/div>\n\t<\/div>\n\t<div class=\"kwayy-testimonial-box \"><div class=\"kwayy-testimonial-data\"><blockquote class=\"kwayy-testimonial-text\">\r\n\t\t\t\t<div class=\"contarea\">\t\t\t\t\t\r\n\t\t\t\t\t<div class=\"kwayy-tst-contarea-text\">Excelente atendimento muito bem recebida por todos, adorei minha m\u00e9dica.\r\nObrigada<\/div>\r\n\t\t\t\t\t\r\n\t\t\t\t<\/div><footer> <div class=\"kwayy-testimonial-img\"><img loading=\"lazy\" decoding=\"async\" width=\"96\" height=\"96\" src=\"https:\/\/clinicamedicadoporto.pt\/staging\/wp-content\/uploads\/2022\/10\/Imagem-Testemunho-Maria-Piedade-Clinica-Medica-Porto.png\" class=\"attachment-thumbnail size-thumbnail wp-post-image\" alt=\"Imagem-Testemunho-Maria-Piedade-Clinica-Medica-Porto\" \/><\/div> <cite class=\"kwayy-testimonial-title\">Maria Piedade<span class=\"kwayy-testimonial-designation\">Paciente da Cl\u00ednica M\u00e9dica do Porto<\/span><\/cite><\/footer><\/blockquote><\/div>\n\t<\/div>\n\t<div class=\"kwayy-testimonial-box \"><div class=\"kwayy-testimonial-data\"><blockquote class=\"kwayy-testimonial-text\">\r\n\t\t\t\t<div class=\"contarea\">\t\t\t\t\t\r\n\t\t\t\t\t<div class=\"kwayy-tst-contarea-text\">Dr i don't know how to write her name but she was so kind and helpful. (A prop\u00f3sito da Consulta de Medicina Geral de Familiar e da Dra. In\u00eas Bento)<\/div>\r\n\t\t\t\t\t\r\n\t\t\t\t<\/div><footer> <div class=\"kwayy-testimonial-img\"><img loading=\"lazy\" decoding=\"async\" width=\"96\" height=\"96\" src=\"https:\/\/clinicamedicadoporto.pt\/staging\/wp-content\/uploads\/2022\/09\/Foto-Testemunho-Hisham-Papi.png\" class=\"attachment-thumbnail size-thumbnail wp-post-image\" alt=\"Foto de Paciente Testemunho Consulta Medicina Geral e Familiar\" \/><\/div> <cite class=\"kwayy-testimonial-title\">Hisham Papi<span class=\"kwayy-testimonial-designation\">Paciente da Cl\u00ednica M\u00e9dica do Porto<\/span><\/cite><\/footer><\/blockquote><\/div>\n\t<\/div>\n\t<div class=\"kwayy-testimonial-box \"><div class=\"kwayy-testimonial-data\"><blockquote class=\"kwayy-testimonial-text\">\r\n\t\t\t\t<div class=\"contarea\">\t\t\t\t\t\r\n\t\t\t\t\t<div class=\"kwayy-tst-contarea-text\">Wonderful doctor! \r\nThank you for taking such great care of me!\r\n(A prop\u00f3sito da consulta de Medicina Geral e Familiar da Dra. In\u00eas Bento)<\/div>\r\n\t\t\t\t\t\r\n\t\t\t\t<\/div><footer> <div class=\"kwayy-testimonial-img\"><img loading=\"lazy\" decoding=\"async\" width=\"96\" height=\"96\" src=\"https:\/\/clinicamedicadoporto.pt\/staging\/wp-content\/uploads\/2022\/09\/Foto-Testemunho-Diane-Bower.jpg\" class=\"attachment-thumbnail size-thumbnail wp-post-image\" alt=\"Foto de Paciente Diane Bower\" \/><\/div> <cite class=\"kwayy-testimonial-title\">Diane McCleave Bower<span class=\"kwayy-testimonial-designation\">Paciente da Cl\u00ednica M\u00e9dica do Porto<\/span><\/cite><\/footer><\/blockquote><\/div>\n\t<\/div>\n\t<div class=\"kwayy-testimonial-box \"><div class=\"kwayy-testimonial-data\"><blockquote class=\"kwayy-testimonial-text\">\r\n\t\t\t\t<div class=\"contarea\">\t\t\t\t\t\r\n\t\t\t\t\t<div class=\"kwayy-tst-contarea-text\">Atendimento muito competente da Dra. Madalena Cabral. Recomendo vivamente!<\/div>\r\n\t\t\t\t\t\r\n\t\t\t\t<\/div><footer> <div class=\"kwayy-testimonial-img\"><img loading=\"lazy\" decoding=\"async\" width=\"96\" height=\"96\" src=\"https:\/\/clinicamedicadoporto.pt\/staging\/wp-content\/uploads\/2022\/07\/Foto-Carla-Trindade-Testemunho.png\" class=\"attachment-thumbnail size-thumbnail wp-post-image\" alt=\"Foto-Carla-Trindade-Testemunho\" \/><\/div> <cite class=\"kwayy-testimonial-title\">Carla Trindade<span class=\"kwayy-testimonial-designation\">Paciente da Cl\u00ednica M\u00e9dica do Porto<\/span><\/cite><\/footer><\/blockquote><\/div>\n\t<\/div>\n\t<div class=\"kwayy-testimonial-box \"><div class=\"kwayy-testimonial-data\"><blockquote class=\"kwayy-testimonial-text\">\r\n\t\t\t\t<div class=\"contarea\">\t\t\t\t\t\r\n\t\t\t\t\t<div class=\"kwayy-tst-contarea-text\">Atendimento simp\u00e1tico e tratamento profissional. Senti-me desde cedo como se fosse uma paciente antiga da casa. Relativamente \u00e0 consulta de medicina est\u00e9tica, com o Dr. Manuel Rodrigues de Sousa, superou todas as expectativas, sendo com certeza um m\u00e9dico a referenciar.<\/div>\r\n\t\t\t\t\t\r\n\t\t\t\t<\/div><footer> <div class=\"kwayy-testimonial-img\"><img loading=\"lazy\" decoding=\"async\" width=\"96\" height=\"96\" src=\"https:\/\/clinicamedicadoporto.pt\/staging\/wp-content\/uploads\/2022\/07\/Foto-Julia-Medeiros-Testemunho-Medicina-Estetica.jpg\" class=\"attachment-thumbnail size-thumbnail wp-post-image\" alt=\"Foto-Julia-Medeiros-Testemunho-Medicina-Estetica\" \/><\/div> <cite class=\"kwayy-testimonial-title\">Julia Medeiros<span class=\"kwayy-testimonial-designation\">Paciente da Cl\u00ednica M\u00e9dica do Porto<\/span><\/cite><\/footer><\/blockquote><\/div>\n\t<\/div>\n\t<div class=\"kwayy-testimonial-box \"><div class=\"kwayy-testimonial-data\"><blockquote class=\"kwayy-testimonial-text\">\r\n\t\t\t\t<div class=\"contarea\">\t\t\t\t\t\r\n\t\t\t\t\t<div class=\"kwayy-tst-contarea-text\">Um bem haja pelo servi\u00e7o prestado pela Dr. Joana, simpatia, atenciosa, profissionalismo. E o pre\u00e7o qualidade do servi\u00e7o, n\u00e3o podia ser melhor. \r\nE bom atendimento na recep\u00e7\u00e3o. \r\nObrigada.<\/div>\r\n\t\t\t\t\t\r\n\t\t\t\t<\/div><footer> <div class=\"kwayy-testimonial-img\"><img loading=\"lazy\" decoding=\"async\" width=\"60\" height=\"60\" src=\"https:\/\/clinicamedicadoporto.pt\/staging\/wp-content\/uploads\/2019\/08\/perfil-clinica-medica-do-porto-e1604516538844.png\" class=\"attachment-thumbnail size-thumbnail wp-post-image\" alt=\"Testemunho-clinica-medica-do-porto\" \/><\/div> <cite class=\"kwayy-testimonial-title\">Alice Martins<span class=\"kwayy-testimonial-designation\">Paciente da Cl\u00ednica M\u00e9dica do Porto<\/span><\/cite><\/footer><\/blockquote><\/div>\n\t<\/div>\n\t<div class=\"kwayy-testimonial-box \"><div class=\"kwayy-testimonial-data\"><blockquote class=\"kwayy-testimonial-text\">\r\n\t\t\t\t<div class=\"contarea\">\t\t\t\t\t\r\n\t\t\t\t\t<div class=\"kwayy-tst-contarea-text\">Simpatia na rece\u00e7\u00e3o e a consulta m\u00e9dica correu de acordo com as minhas expetativas \ud83d\ude42 \r\nObrigada!<\/div>\r\n\t\t\t\t\t\r\n\t\t\t\t<\/div><footer> <div class=\"kwayy-testimonial-img\"><img loading=\"lazy\" decoding=\"async\" width=\"96\" height=\"96\" src=\"https:\/\/clinicamedicadoporto.pt\/staging\/wp-content\/uploads\/2022\/05\/Foto-Testemunho-Renata-Cunha.png\" class=\"attachment-thumbnail size-thumbnail wp-post-image\" alt=\"Testemunho de Renata Cunha relativamente \u00e0 Consulta de Pediatria\" \/><\/div> <cite class=\"kwayy-testimonial-title\">Renata Cunha<span class=\"kwayy-testimonial-designation\">M\u00e3e de Paciente da Cl\u00ednica M\u00e9dica do Porto<\/span><\/cite><\/footer><\/blockquote><\/div>\n\t<\/div>\n\t<div class=\"kwayy-testimonial-box \"><div class=\"kwayy-testimonial-data\"><blockquote class=\"kwayy-testimonial-text\">\r\n\t\t\t\t<div class=\"contarea\">\t\t\t\t\t\r\n\t\t\t\t\t<div class=\"kwayy-tst-contarea-text\">Levei meu filho de 5 anos para uma consulta pedi\u00e1trica e fomos muito bem atendidos. Cordialidade e pontualidade impec\u00e1veis, al\u00e9m da compet\u00eancia e carinho da Dra. Nelea.<\/div>\r\n\t\t\t\t\t\r\n\t\t\t\t<\/div><footer> <div class=\"kwayy-testimonial-img\"><img loading=\"lazy\" decoding=\"async\" width=\"96\" height=\"96\" src=\"https:\/\/clinicamedicadoporto.pt\/staging\/wp-content\/uploads\/2022\/05\/Foto-Testemunho-Marina-Azevedo.png\" class=\"attachment-thumbnail size-thumbnail wp-post-image\" alt=\"Testemunho Marina Azevedo Pediatria\" \/><\/div> <cite class=\"kwayy-testimonial-title\">Marina Azevedo<span class=\"kwayy-testimonial-designation\">M\u00e3e de Paciente da Cl\u00ednica M\u00e9dica do Porto<\/span><\/cite><\/footer><\/blockquote><\/div>\n\t<\/div>\n\t<div class=\"kwayy-testimonial-box \"><div class=\"kwayy-testimonial-data\"><blockquote class=\"kwayy-testimonial-text\">\r\n\t\t\t\t<div class=\"contarea\">\t\t\t\t\t\r\n\t\t\t\t\t<div class=\"kwayy-tst-contarea-text\">Atendido a hora e com todo o profissionalismo!<\/div>\r\n\t\t\t\t\t\r\n\t\t\t\t<\/div><footer> <div class=\"kwayy-testimonial-img\"><img loading=\"lazy\" decoding=\"async\" width=\"1\" height=\"1\" src=\"https:\/\/clinicamedicadoporto.pt\/staging\/wp-content\/uploads\/2022\/01\/Foto-Humberto-Neto.png\" class=\"attachment-thumbnail size-thumbnail wp-post-image\" alt=\"Foto Humberto Neto Testemunho Consulta na Cl\u00ednica M\u00e9dica do Porto\" \/><\/div> <cite class=\"kwayy-testimonial-title\">Humberto Neto<span class=\"kwayy-testimonial-designation\">Paciente da Cl\u00ednica M\u00e9dica do Porto<\/span><\/cite><\/footer><\/blockquote><\/div>\n\t<\/div>\n\t<div class=\"kwayy-testimonial-box \"><div class=\"kwayy-testimonial-data\"><blockquote class=\"kwayy-testimonial-text\">\r\n\t\t\t\t<div class=\"contarea\">\t\t\t\t\t\r\n\t\t\t\t\t<div class=\"kwayy-tst-contarea-text\">J\u00e1 fui a v\u00e1rias consultas na Cl\u00ednica M\u00e9dica do Porto, da terapeuta Tatiana Sousa e da Dr.\u00aa Erm\u00ednia Afonso, e fui sempre muito bem atendida e com bons resultados nos tratamentos realizados. Recomendo vivamente!<\/div>\r\n\t\t\t\t\t\r\n\t\t\t\t<\/div><footer> <div class=\"kwayy-testimonial-img\"><img loading=\"lazy\" decoding=\"async\" width=\"60\" height=\"60\" src=\"https:\/\/clinicamedicadoporto.pt\/staging\/wp-content\/uploads\/2019\/08\/perfil-clinica-medica-do-porto-1-e1604515187835.png\" class=\"attachment-thumbnail size-thumbnail wp-post-image\" alt=\"Imagem-generica-clinica-medica-do-porto\" \/><\/div> <cite class=\"kwayy-testimonial-title\">Ana Rita<span class=\"kwayy-testimonial-designation\">Paciente da Cl\u00ednica M\u00e9dica do Porto<\/span><\/cite><\/footer><\/blockquote><\/div>\n\t<\/div>\n\t<div class=\"kwayy-testimonial-box \"><div class=\"kwayy-testimonial-data\"><blockquote class=\"kwayy-testimonial-text\">\r\n\t\t\t\t<div class=\"contarea\">\t\t\t\t\t\r\n\t\t\t\t\t<div class=\"kwayy-tst-contarea-text\">Excelente atendimento, \r\nbom pre\u00e7o, \r\nrecomendo!<\/div>\r\n\t\t\t\t\t\r\n\t\t\t\t<\/div><footer> <div class=\"kwayy-testimonial-img\"><img loading=\"lazy\" decoding=\"async\" width=\"60\" height=\"60\" src=\"https:\/\/clinicamedicadoporto.pt\/staging\/wp-content\/uploads\/2021\/08\/Foto-Duarte-Cabral.png\" class=\"attachment-thumbnail size-thumbnail wp-post-image\" alt=\"Foto-Duarte-Cabral\" \/><\/div> <cite class=\"kwayy-testimonial-title\">Duarte Cabral<span class=\"kwayy-testimonial-designation\">Paciente da Cl\u00ednica M\u00e9dica do Porto<\/span><\/cite><\/footer><\/blockquote><\/div>\n\t<\/div>\n\t<div class=\"kwayy-testimonial-box \"><div class=\"kwayy-testimonial-data\"><blockquote class=\"kwayy-testimonial-text\">\r\n\t\t\t\t<div class=\"contarea\">\t\t\t\t\t\r\n\t\t\t\t\t<div class=\"kwayy-tst-contarea-text\">Primeira consulta. \r\nTrabalho excelente dos profissionais que me atenderam. \r\nRecomendo.<\/div>\r\n\t\t\t\t\t\r\n\t\t\t\t<\/div><footer> <div class=\"kwayy-testimonial-img\"><img loading=\"lazy\" decoding=\"async\" width=\"1\" height=\"1\" src=\"https:\/\/clinicamedicadoporto.pt\/staging\/wp-content\/uploads\/2021\/06\/perfil-masculino-clinica-medica-do-porto-webhp.png\" class=\"attachment-thumbnail size-thumbnail wp-post-image\" alt=\"imagem-perfil-masculino-clinica-medica-do-porto\" \/><\/div> <cite class=\"kwayy-testimonial-title\">Manuel Pereira<span class=\"kwayy-testimonial-designation\">Paciente da Cl\u00ednica M\u00e9dica do Porto<\/span><\/cite><\/footer><\/blockquote><\/div>\n\t<\/div>\n\t<div class=\"kwayy-testimonial-box \"><div class=\"kwayy-testimonial-data\"><blockquote class=\"kwayy-testimonial-text\">\r\n\t\t\t\t<div class=\"contarea\">\t\t\t\t\t\r\n\t\t\t\t\t<div class=\"kwayy-tst-contarea-text\">Atendimento bom, e boa localiza\u00e7\u00e3o, fui, voltarei e recomendo!<\/div>\r\n\t\t\t\t\t\r\n\t\t\t\t<\/div><footer> <div class=\"kwayy-testimonial-img\"><img loading=\"lazy\" decoding=\"async\" width=\"1\" height=\"1\" src=\"https:\/\/clinicamedicadoporto.pt\/staging\/wp-content\/uploads\/2021\/06\/perfil-clinica-medica-do-porto-webhp.png\" class=\"attachment-thumbnail size-thumbnail wp-post-image\" alt=\"imagem-perfil-feminio-clinica-medica-do-porto\" \/><\/div> <cite class=\"kwayy-testimonial-title\">Shirley Takemura<span class=\"kwayy-testimonial-designation\">Paciente da Cl\u00ednica M\u00e9dica do Porto<\/span><\/cite><\/footer><\/blockquote><\/div>\n\t<\/div>\n\t<div class=\"kwayy-testimonial-box \"><div class=\"kwayy-testimonial-data\"><blockquote class=\"kwayy-testimonial-text\">\r\n\t\t\t\t<div class=\"contarea\">\t\t\t\t\t\r\n\t\t\t\t\t<div class=\"kwayy-tst-contarea-text\">N\u00e3o estava \u00e0 espera de que a m\u00e9dica nutricionista que me atendeu fosse o que eu realmente procurava, embora duvidasse que pudesse encontrar em Portugal uma abordagem dentro dos par\u00e2metros dos mais avan\u00e7ados estudos a n\u00edvel mundial.<\/div>\r\n\t\t\t\t\t\r\n\t\t\t\t<\/div><footer> <div class=\"kwayy-testimonial-img\"><img loading=\"lazy\" decoding=\"async\" width=\"1\" height=\"1\" src=\"https:\/\/clinicamedicadoporto.pt\/staging\/wp-content\/uploads\/2021\/06\/Foto-Laura-Garcez.png\" class=\"attachment-thumbnail size-thumbnail wp-post-image\" alt=\"Testemunho Laura Garcez\" \/><\/div> <cite class=\"kwayy-testimonial-title\">Laura Garcez<span class=\"kwayy-testimonial-designation\">Paciente da Cl\u00ednica M\u00e9dica do Porto<\/span><\/cite><\/footer><\/blockquote><\/div>\n\t<\/div>\n\t<div class=\"kwayy-testimonial-box \"><div class=\"kwayy-testimonial-data\"><blockquote class=\"kwayy-testimonial-text\">\r\n\t\t\t\t<div class=\"contarea\">\t\t\t\t\t\r\n\t\t\t\t\t<div class=\"kwayy-tst-contarea-text\">... resolvi marcar uma consulta com a ginecologista Dra. Erminia, adorei a consulta, ela tirou todas as d\u00favidas que eu tinha e solicitou as an\u00e1lises de sangue que eu queria fazer (...) a Dra. Erminia me mandou uma receita, via SMS para que eu come\u00e7asse o tratamento com ferro. Na cl\u00ednica as profissionais s\u00e3o muito atenciosas (recep\u00e7\u00e3o e m\u00e9dica) e est\u00e3o prontas para te atender bem, al\u00e9m do mais, na consulta, pude fazer o ultrassom e ver mais uma vez a minha beb\u00ea.<\/div>\r\n\t\t\t\t\t\r\n\t\t\t\t<\/div><footer> <div class=\"kwayy-testimonial-img\"><img loading=\"lazy\" decoding=\"async\" width=\"1\" height=\"1\" src=\"https:\/\/clinicamedicadoporto.pt\/staging\/wp-content\/uploads\/2021\/06\/Hillary-E.png\" class=\"attachment-thumbnail size-thumbnail wp-post-image\" alt=\"Testemunho de Hillary E\" \/><\/div> <cite class=\"kwayy-testimonial-title\">Hillary E<span class=\"kwayy-testimonial-designation\">Paciente da Cl\u00ednica M\u00e9dica do Porto<\/span><\/cite><\/footer><\/blockquote><\/div>\n\t<\/div>\n\t<div class=\"kwayy-testimonial-box \"><div class=\"kwayy-testimonial-data\"><blockquote class=\"kwayy-testimonial-text\">\r\n\t\t\t\t<div class=\"contarea\">\t\t\t\t\t\r\n\t\t\t\t\t<div class=\"kwayy-tst-contarea-text\">Ambiente super acolhedor. \r\nEquipa super simp\u00e1tica \ud83d\ude42 \r\nRecomendo<\/div>\r\n\t\t\t\t\t\r\n\t\t\t\t<\/div><footer> <div class=\"kwayy-testimonial-img\"><img loading=\"lazy\" decoding=\"async\" width=\"60\" height=\"60\" src=\"https:\/\/clinicamedicadoporto.pt\/staging\/wp-content\/uploads\/2021\/02\/Foto-Va\u0302nia-Ferreira.png\" class=\"attachment-thumbnail size-thumbnail wp-post-image\" alt=\"Va\u0302nia-Ferreira-Testemunho-Clinica-Medica-do-Porto\" \/><\/div> <cite class=\"kwayy-testimonial-title\">V\u00e2nia Ferreira<span class=\"kwayy-testimonial-designation\">Paciente da Cl\u00ednica M\u00e9dica do Porto<\/span><\/cite><\/footer><\/blockquote><\/div>\n\t<\/div>\n\t<div class=\"kwayy-testimonial-box \"><div class=\"kwayy-testimonial-data\"><blockquote class=\"kwayy-testimonial-text\">\r\n\t\t\t\t<div class=\"contarea\">\t\t\t\t\t\r\n\t\t\t\t\t<div class=\"kwayy-tst-contarea-text\">Cl\u00ednica M\u00e9dica do Porto, recomendo \u00f3ptimos profissionais come\u00e7ando pelo atendimento. Bem haja!<\/div>\r\n\t\t\t\t\t\r\n\t\t\t\t<\/div><footer> <div class=\"kwayy-testimonial-img\"><img loading=\"lazy\" decoding=\"async\" width=\"96\" height=\"96\" src=\"https:\/\/clinicamedicadoporto.pt\/staging\/wp-content\/uploads\/2021\/02\/Foto-Anto\u0301nio-Pinho-testemunho-clinica-medica-do-porto.jpg\" class=\"attachment-thumbnail size-thumbnail wp-post-image\" alt=\"Foto-Anto\u0301nio-Pinho-testemunho-clinica-medica-do-porto\" \/><\/div> <cite class=\"kwayy-testimonial-title\">Ant\u00f3nio Pinho<span class=\"kwayy-testimonial-designation\">Paciente da Cl\u00ednica M\u00e9dica do Porto<\/span><\/cite><\/footer><\/blockquote><\/div>\n\t<\/div>\n\t<div class=\"kwayy-testimonial-box \"><div class=\"kwayy-testimonial-data\"><blockquote class=\"kwayy-testimonial-text\">\r\n\t\t\t\t<div class=\"contarea\">\t\t\t\t\t\r\n\t\t\t\t\t<div class=\"kwayy-tst-contarea-text\">Foi aqui que resolvi um problema de que sofria \u00e0 imensos anos, sem anteriores respostas, diagn\u00f3sticos ou tratamentos noutras cl\u00ednicas, hospitais, m\u00e9dicos e afins. Excelentes profissionais que retribuem a confian\u00e7a.<\/div>\r\n\t\t\t\t\t\r\n\t\t\t\t<\/div><footer> <div class=\"kwayy-testimonial-img\"><img loading=\"lazy\" decoding=\"async\" width=\"60\" height=\"60\" src=\"https:\/\/clinicamedicadoporto.pt\/staging\/wp-content\/uploads\/2019\/08\/perfil-clinica-medica-do-porto-e1604516538844.png\" class=\"attachment-thumbnail size-thumbnail wp-post-image\" alt=\"Testemunho-clinica-medica-do-porto\" \/><\/div> <cite class=\"kwayy-testimonial-title\">Merry N.<span class=\"kwayy-testimonial-designation\">Paciente da Cl\u00ednica M\u00e9dica do Porto<\/span><\/cite><\/footer><\/blockquote><\/div>\n\t<\/div>\n\t<div class=\"kwayy-testimonial-box \"><div class=\"kwayy-testimonial-data\"><blockquote class=\"kwayy-testimonial-text\">\r\n\t\t\t\t<div class=\"contarea\">\t\t\t\t\t\r\n\t\t\t\t\t<div class=\"kwayy-tst-contarea-text\">Muita simpatia, profissionalismo e atendimento super personalizado. Recomendo...\r\nA Dra Nelea mto dispon\u00edvel e atenta aos pacientes pequenos e \u00e0s d\u00favidas\/medos dos seus pais:)<\/div>\r\n\t\t\t\t\t\r\n\t\t\t\t<\/div><footer> <div class=\"kwayy-testimonial-img\"><img loading=\"lazy\" decoding=\"async\" width=\"60\" height=\"60\" src=\"https:\/\/clinicamedicadoporto.pt\/staging\/wp-content\/uploads\/2020\/03\/ana-sofia-males-testemunho-clinica-medica-do-porto-e1604518139408.jpg\" class=\"attachment-thumbnail size-thumbnail wp-post-image\" alt=\"ana-sofia-males-testemunho-clinica-medica-do-porto\" \/><\/div> <cite class=\"kwayy-testimonial-title\">Ana S Males<span class=\"kwayy-testimonial-designation\">M\u00e3e de utente da Cl\u00ednica M\u00e9dica do Porto<\/span><\/cite><\/footer><\/blockquote><\/div>\n\t<\/div>\n\t<div class=\"kwayy-testimonial-box \"><div class=\"kwayy-testimonial-data\"><blockquote class=\"kwayy-testimonial-text\">\r\n\t\t\t\t<div class=\"contarea\">\t\t\t\t\t\r\n\t\t\t\t\t<div class=\"kwayy-tst-contarea-text\">Um \u00f3ptimo acolhimento por toda a equipa. Muito profissionais, simp\u00e1ticos e com servi\u00e7os prestados de forma muito humanizada.<\/div>\r\n\t\t\t\t\t\r\n\t\t\t\t<\/div><footer> <div class=\"kwayy-testimonial-img\"><img loading=\"lazy\" decoding=\"async\" width=\"60\" height=\"60\" src=\"https:\/\/clinicamedicadoporto.pt\/staging\/wp-content\/uploads\/2019\/08\/vera-teixeira-testemunho-clinica-medica-do-porto-e1604518276413.jpg\" class=\"attachment-thumbnail size-thumbnail wp-post-image\" alt=\"vera-teixeira-testemunho-clinica-medica-do-porto\" \/><\/div> <cite class=\"kwayy-testimonial-title\">Vera Teixeira<span class=\"kwayy-testimonial-designation\">M\u00e3e do beb\u00e9 J.<\/span><\/cite><\/footer><\/blockquote><\/div>\n\t<\/div>\n\t<div class=\"kwayy-testimonial-box \"><div class=\"kwayy-testimonial-data\"><blockquote class=\"kwayy-testimonial-text\">\r\n\t\t\t\t<div class=\"contarea\">\t\t\t\t\t\r\n\t\t\t\t\t<div class=\"kwayy-tst-contarea-text\">Uma equipa profissional e competente, mas, sobretudo, marcando a diferen\u00e7a pela disponibilidade, carinho, aten\u00e7\u00e3o e cordialidade.<\/div>\r\n\t\t\t\t\t\r\n\t\t\t\t<\/div><footer> <div class=\"kwayy-testimonial-img\"><img loading=\"lazy\" decoding=\"async\" width=\"96\" height=\"96\" src=\"https:\/\/clinicamedicadoporto.pt\/staging\/wp-content\/uploads\/2018\/11\/ana-homet-comentario-clinica-medic-do-porto-150x150.jpg\" class=\"attachment-thumbnail size-thumbnail wp-post-image\" alt=\"ana-homet-comentario-clinica-medica-do-porto\" srcset=\"https:\/\/clinicamedicadoporto.pt\/staging\/wp-content\/uploads\/2018\/11\/ana-homet-comentario-clinica-medic-do-porto-150x150.jpg 150w, https:\/\/clinicamedicadoporto.pt\/staging\/wp-content\/uploads\/2018\/11\/ana-homet-comentario-clinica-medic-do-porto-300x300.jpg 300w, https:\/\/clinicamedicadoporto.pt\/staging\/wp-content\/uploads\/2018\/11\/ana-homet-comentario-clinica-medic-do-porto-e1604518589665.jpg 60w\" sizes=\"auto, (max-width: 96px) 100vw, 96px\" \/><\/div> <cite class=\"kwayy-testimonial-title\">Ana Homet<span class=\"kwayy-testimonial-designation\">Paciente da Cl\u00ednica M\u00e9dica do Porto<\/span><\/cite><\/footer><\/blockquote><\/div>\n\t<\/div>\n\t<div class=\"kwayy-testimonial-box \"><div class=\"kwayy-testimonial-data\"><blockquote class=\"kwayy-testimonial-text\">\r\n\t\t\t\t<div class=\"contarea\">\t\t\t\t\t\r\n\t\t\t\t\t<div class=\"kwayy-tst-contarea-text\">Todas as val\u00eancias da cl\u00ednica, que s\u00e3o muitas, se juntam para nos verem como um ser humano, onde tudo depende de tudo. <\/div>\r\n\t\t\t\t\t\r\n\t\t\t\t<\/div><footer> <div class=\"kwayy-testimonial-img\"><img loading=\"lazy\" decoding=\"async\" width=\"60\" height=\"60\" src=\"https:\/\/clinicamedicadoporto.pt\/staging\/wp-content\/uploads\/2014\/07\/margarida-paco-testemunho-clinica-medica-do-porto.jpg\" class=\"attachment-thumbnail size-thumbnail wp-post-image\" alt=\"\" \/><\/div> <cite class=\"kwayy-testimonial-title\">Margarida Pa\u00e7\u00f3<span class=\"kwayy-testimonial-designation\">Paciente da Cl\u00ednica M\u00e9dica do Porto<\/span><\/cite><\/footer><\/blockquote><\/div>\n\t<\/div>\n\t<\/div><\/div>[\/vc_column_inner][\/vc_row_inner][\/vc_column][\/vc_row][vc_row textcolor=&#8221;white&#8221; bgtype=&#8221;dark&#8221; css=&#8221;.vc_custom_1595013972929{padding-top: 0px !important;padding-right: 0px !important;padding-bottom: 0px !important;padding-left: 0px !important;}&#8221;][vc_column css=&#8221;.vc_custom_1595013661340{padding-right: 0px !important;padding-left: 0px !important;}&#8221;]\n<div class=\"wpcf7 no-js\" id=\"wpcf7-f8675-o1\" lang=\"pt-PT\" dir=\"ltr\" data-wpcf7-id=\"8675\">\n<div class=\"screen-reader-response\"><p role=\"status\" aria-live=\"polite\" aria-atomic=\"true\"><\/p> <ul><\/ul><\/div>\n<form action=\"\/staging\/wp-json\/wp\/v2\/pages\/8662#wpcf7-f8675-o1\" method=\"post\" class=\"wpcf7-form init\" aria-label=\"Formul\u00e1rio de contacto\" novalidate=\"novalidate\" data-status=\"init\">\n<fieldset class=\"hidden-fields-container\"><input type=\"hidden\" name=\"_wpcf7\" value=\"8675\" \/><input type=\"hidden\" name=\"_wpcf7_version\" value=\"6.1.5\" \/><input type=\"hidden\" name=\"_wpcf7_locale\" value=\"pt_PT\" \/><input type=\"hidden\" name=\"_wpcf7_unit_tag\" value=\"wpcf7-f8675-o1\" \/><input type=\"hidden\" name=\"_wpcf7_container_post\" value=\"0\" \/><input type=\"hidden\" name=\"_wpcf7_posted_data_hash\" value=\"\" \/><input type=\"hidden\" name=\"_wpcf7_recaptcha_response\" value=\"\" \/>\n<\/fieldset>\n<style>\ninput[type=\"text\"],input[type=\"email\"],input[type=\"tel\"] {text-align:center;}\n<\/style>\n<div style=\"padding:100px 20px 100px 20px; text-align:center; color:white;\">\n\t<p><span style=\"margin-bottom:15px; font-size:125%; font-weight:bold;\">Preencha os dados abaixo e envie o formul\u00e1rio se pretende ser contactado\/a para esclarecer d\u00favidas ou agendar consulta.<\/span>\n\t<\/p>\n\t<p><label> O seu nome (obrigat\u00f3rio)<br \/>\n<span class=\"wpcf7-form-control-wrap\" data-name=\"your-name\"><input size=\"40\" maxlength=\"400\" class=\"wpcf7-form-control wpcf7-text wpcf7-validates-as-required\" aria-required=\"true\" aria-invalid=\"false\" value=\"\" type=\"text\" name=\"your-name\" \/><\/span> <\/label><br \/>\n<label> O seu email (obrigat\u00f3rio)<br \/>\n<span class=\"wpcf7-form-control-wrap\" data-name=\"your-email\"><input size=\"40\" maxlength=\"400\" class=\"wpcf7-form-control wpcf7-email wpcf7-validates-as-required wpcf7-text wpcf7-validates-as-email\" aria-required=\"true\" aria-invalid=\"false\" value=\"\" type=\"email\" name=\"your-email\" \/><\/span> <\/label><br \/>\n<label>O seu contacto telef\u00f3nico (obrigat\u00f3rio)<br \/>\n<span class=\"wpcf7-form-control-wrap\" data-name=\"tel-92\"><input size=\"40\" maxlength=\"400\" class=\"wpcf7-form-control wpcf7-tel wpcf7-validates-as-required wpcf7-text wpcf7-validates-as-tel\" aria-required=\"true\" aria-invalid=\"false\" value=\"\" type=\"tel\" name=\"tel-92\" \/><\/span><\/label><br \/>\n<span id=\"wpcf7-69f2c59e60f9b-wrapper\" class=\"wpcf7-form-control-wrap hp_email_grupo_servicos-wrap\" style=\"display:none !important; visibility:hidden !important;\"><input type=\"hidden\" name=\"hp_email_grupo_servicos-time-start\" value=\"1777517982\"><input type=\"hidden\" name=\"hp_email_grupo_servicos-time-check\" value=\"4\"><label for=\"wpcf7-69f2c59e60f9b-field\" class=\"hp-message\">Please leave this field empty.<\/label><input id=\"wpcf7-69f2c59e60f9b-field\"  placeholder=\"Placeholder\"  class=\"wpcf7-form-control wpcf7-text\" type=\"text\" name=\"hp_email_grupo_servicos\" value=\"\" size=\"40\" tabindex=\"-1\" autocomplete=\"new-password\" \/><\/span>\n\t<\/p>\n\t<p><input class=\"wpcf7-form-control wpcf7-submit has-spinner\" type=\"submit\" value=\"Enviar\" \/>\n\t<\/p>\n<\/div><input type='hidden' class='wpcf7-pum' value='{\"closepopup\":false,\"closedelay\":0,\"openpopup\":false,\"openpopup_id\":0}' \/><div class=\"wpcf7-response-output\" aria-hidden=\"true\"><\/div>\n<\/form>\n<\/div>\n[\/vc_column][\/vc_row]<\/p>\n<\/div>","protected":false},"excerpt":{"rendered":"<p>[vc_row bgtype=&#8221;skin&#8221; css=&#8221;.vc_custom_1673292680921{margin-top: -60px !important;padding-top: 70px !important;padding-bottom: 15px !important;}&#8221;][vc_column][\/vc_column][\/vc_row][vc_row css=&#8221;.vc_custom_1500994401788{margin-bottom: 0px !important;padding-top: 0px !important;padding-bottom: 0px !important;}&#8221; anchor=&#8221;servicos-especialidades-medicas&#8221;][vc_column offset=&#8221;vc_hidden-sm vc_hidden-xs&#8221;][vc_empty_space height=&#8221;100px&#8221;][vc_basic_grid post_type=&#8221;portfolio&#8221; max_items=&#8221;-1&#8243; element_width=&#8221;3&#8243; gap=&#8221;5&#8243; orderby=&#8221;title&#8221; order=&#8221;ASC&#8221; item=&#8221;8666&#8243; grid_id=&#8221;vc_gid:1673634692449-857ded2f-cb1d-7&#8243; taxonomies=&#8221;25&#8243;][vc_empty_space height=&#8221;40px&#8221;][\/vc_column][\/vc_row][vc_row][vc_column offset=&#8221;vc_hidden-lg vc_hidden-md&#8221;][vc_empty_space height=&#8221;50px&#8221;][vc_column_text][\/vc_column_text][vc_empty_space height=&#8221;50px&#8221;][\/vc_column][\/vc_row][vc_row content_placement=&#8221;middle&#8221; textcolor=&#8221;white&#8221; bgtype=&#8221;skin&#8221;][vc_column css=&#8221;.vc_custom_1595012276416{padding-right: 5% !important;padding-left: 5% !important;}&#8221;][vc_empty_space height=&#8221;50px&#8221;][vc_icon icon_fontawesome=&#8221;fa fa-solid fa-notes-medical&#8221; color=&#8221;white&#8221; size=&#8221;xl&#8221; align=&#8221;center&#8221; css=&#8221;.vc_custom_1595012537078{padding: 5px !important;}&#8221;][vc_custom_heading text=&#8221;Esta \u00e9 apenas [&hellip;]<\/p>\n","protected":false},"author":1,"featured_media":0,"parent":0,"menu_order":0,"comment_status":"closed","ping_status":"closed","template":"","meta":{"footnotes":""},"folder":[655],"class_list":["post-8662","page","type-page","status-publish","hentry"],"_links":{"self":[{"href":"https:\/\/clinicamedicadoporto.pt\/staging\/wp-json\/wp\/v2\/pages\/8662","targetHints":{"allow":["GET"]}}],"collection":[{"href":"https:\/\/clinicamedicadoporto.pt\/staging\/wp-json\/wp\/v2\/pages"}],"about":[{"href":"https:\/\/clinicamedicadoporto.pt\/staging\/wp-json\/wp\/v2\/types\/page"}],"author":[{"embeddable":true,"href":"https:\/\/clinicamedicadoporto.pt\/staging\/wp-json\/wp\/v2\/users\/1"}],"replies":[{"embeddable":true,"href":"https:\/\/clinicamedicadoporto.pt\/staging\/wp-json\/wp\/v2\/comments?post=8662"}],"version-history":[{"count":0,"href":"https:\/\/clinicamedicadoporto.pt\/staging\/wp-json\/wp\/v2\/pages\/8662\/revisions"}],"wp:attachment":[{"href":"https:\/\/clinicamedicadoporto.pt\/staging\/wp-json\/wp\/v2\/media?parent=8662"}],"wp:term":[{"taxonomy":"folder","embeddable":true,"href":"https:\/\/clinicamedicadoporto.pt\/staging\/wp-json\/wp\/v2\/folder?post=8662"}],"curies":[{"name":"wp","href":"https:\/\/api.w.org\/{rel}","templated":true}]}}