{"id":7393,"date":"2019-08-12T10:07:49","date_gmt":"2019-08-12T10:07:49","guid":{"rendered":"https:\/\/clinicamedicadoporto.pt\/staging\/?page_id=7393"},"modified":"2025-08-01T16:47:30","modified_gmt":"2025-08-01T15:47:30","slug":"a-clinica-medica-do-porto-na-imprensa","status":"publish","type":"page","link":"https:\/\/clinicamedicadoporto.pt\/staging\/a-clinica-medica-do-porto-na-imprensa\/","title":{"rendered":"A Cl\u00ednica M\u00e9dica do Porto na Imprensa"},"content":{"rendered":"<div class=\"wpb-content-wrapper\"><p>[vc_row textcolor=&#8221;white&#8221; css=&#8221;.vc_custom_1673295546727{margin-top: -60px !important;padding-top: 70px !important;padding-bottom: 15px !important;background-color: #70c2b4 !important;}&#8221;][vc_column]<header class=\"kwayy-heading-wrapper kwayy-heading-wrapper-align-center\"><div class=\"kwayy-heading-wrapper-inner\"><h1 class=\"kwayy-heading-align-center\"><span>A Cl\u00ednica M\u00e9dica do Porto e os seus Cl\u00ednicos na Imprensa<\/span><\/h1><\/div><p class=\"kwayy-subheading\">Encontre os excertos dos seus cl\u00ednicos favoritos e da Cl\u00ednica M\u00e9dica do Porto na imprensa. N\u00e3o conseguimos reunir todos os excertos e entrevistas e por isso pedimos desculpa aos que ficaram de fora ;( As publica\u00e7\u00f5es mais recentes surgem no topo<\/p><\/header>[\/vc_column][\/vc_row][vc_row][vc_column][vc_empty_space height=&#8221;40px&#8221;][vc_custom_heading text=&#8221;A ordem de apresenta\u00e7\u00e3o respeita uma l\u00f3gica cronol\u00f3gica em que as presen\u00e7as na imprensa mais recentes aparecem tendencialmente no topo da lista para facilitar a leitura.&#8221; font_container=&#8221;tag:h4|font_size:150%25|text_align:center|color:%23cccccc|line_height:1.2&#8243; google_fonts=&#8221;font_family:Roboto%3A100%2C100italic%2C300%2C300italic%2Cregular%2Citalic%2C500%2C500italic%2C700%2C700italic%2C900%2C900italic|font_style:500%20bold%20regular%3A500%3Anormal&#8221;][vc_empty_space height=&#8221;40px&#8221;][\/vc_column][\/vc_row][vc_row content_placement=&#8221;middle&#8221; parallax=&#8221;true&#8221; css=&#8221;.vc_custom_1673695933670{padding-top: 0px !important;padding-bottom: 40px !important;}&#8221;][vc_column][vc_row_inner content_placement=&#8221;middle&#8221;][vc_column_inner css=&#8221;.vc_custom_1565692362519{margin-bottom: 50px !important;}&#8221;][vc_single_image image=&#8221;12263&#8243; alignment=&#8221;center&#8221; style=&#8221;vc_box_circle_2&#8243;][vc_custom_heading text=&#8221;Mafalda Cruz<br \/>\nPrograma Consult\u00f3rio &#8211; Porto Canal&#8221; font_container=&#8221;tag:h2|text_align:center&#8221;][\/vc_column_inner][vc_column_inner width=&#8221;1\/2&#8243;][vc_video link=&#8221;https:\/\/youtu.be\/D1voPCCRWvA?si=ed5dJWes6ufetzR8&#8243;][\/vc_column_inner][vc_column_inner width=&#8221;1\/2&#8243;][vc_column_text]Fisioterapeuta e Osteopata, a terapeuta\u00a0<a title=\"Ir para a P\u00e1gina Pessoal da Dra. Fl\u00e1via Sal\u00e9, Fisioterapeuta Especialista em Reabilita\u00e7\u00e3o P\u00e9lvica na Cl\u00ednica M\u00e9dica do Porto\" href=\"https:\/\/clinicamedicadoporto.pt\/staging\/equipa\/flavia-sale\/\" target=\"_blank\" rel=\"noopener\"><strong>Fl\u00e1via Sal\u00e9<\/strong><\/a> \u00e9 especialista em Reabilita\u00e7\u00e3o P\u00e9lvica e respons\u00e1vel pelas <a title=\"SAber mais acerca da Consulta de Reabilita\u00e7\u00e3o P\u00e9lvica Feminia\" href=\"https:\/\/clinicamedicadoporto.pt\/staging\/especialidades\/consulta-reabilitacao-do-pavimento-pelvico\/\">consultas de Reabilita\u00e7\u00e3o P\u00e9lvica Feminina<\/a>\u00a0e\u00a0<a title=\"Saber mais acerca da Consulta de Reabilita\u00e7\u00e3o P\u00e9lvica Masculina\" href=\"https:\/\/clinicamedicadoporto.pt\/staging\/especialidades\/reabilitacao-pelvica-masculina-uro-andrologica-clinica-medica-do-porto\/\">Reabilita\u00e7\u00e3o P\u00e9lvica Masculina (Uroandrol\u00f3gica)<\/a>.<\/p>\n<p>Uma vez mais a convite do <a title=\"Ir para a p\u00e1gina do Porto Canal\" href=\"https:\/\/portocanal.sapo.pt\/\" target=\"_blank\" rel=\"nofollow noopener\">Porto Canal<\/a> foi desta vez discutir a import\u00e2ncia da Reabilita\u00e7\u00e3o P\u00e9lvica na Gravidez e no P\u00f3s Parto.<\/p>\n<p>Temas relacionados:\u00a0<a title=\"Ir para o artigo Doen\u00e7a Cel\u00edaca: Diagn\u00f3stico, Sintomas e Tratamento\" href=\"https:\/\/clinicamedicadoporto.pt\/staging\/intervencao-da-fisioterapia-uro-ginecologica-no-pos-parto\/\">Interven\u00e7\u00e3o da Fisioterapia Uro-Ginecol\u00f3gica no P\u00f3s Parto<\/a>[\/vc_column_text][\/vc_column_inner][\/vc_row_inner][\/vc_column][\/vc_row][vc_row content_placement=&#8221;middle&#8221; css=&#8221;.vc_custom_1673696004068{padding-top: 0px !important;padding-bottom: 40px !important;}&#8221;][vc_column][vc_row_inner content_placement=&#8221;middle&#8221;][vc_column_inner offset=&#8221;vc_col-xs-12&#8243; css=&#8221;.vc_custom_1565690025130{margin-bottom: 50px !important;}&#8221;][vc_single_image image=&#8221;15091&#8243; alignment=&#8221;center&#8221; style=&#8221;vc_box_circle_2&#8243;][vc_custom_heading text=&#8221;Ana Oliveira<br \/>\nPodcast Face Yoga Paula S\u00e1&#8221; font_container=&#8221;tag:h2|text_align:center&#8221;][\/vc_column_inner][vc_column_inner width=&#8221;1\/2&#8243;][vc_column_text]<\/p>\n<p class=\"p1\">Protec\u00e7\u00e3o solar, estado da pele e Ioga Facial\u2026 O que \u00e9 que estes assuntos t\u00eam a ver uns com os outros? Tudo!<\/p>\n<p class=\"p1\">Neste epis\u00f3dio do Podcast Face Ioga Paula S\u00e1, a <a title=\"Ir para a p\u00e1gina da Dra. Ana Oliveira, Dermatologista\" href=\"https:\/\/clinicamedicadoporto.pt\/staging\/equipa\/ana-oliveira\/\" target=\"_blank\" rel=\"noopener\">Dra. Ana Oliveira<\/a>, M\u00e9dica especialista em Dermatologia e respons\u00e1vel pela <a title=\"Ir para a p\u00e1gina da Consulta de Ioga Facial da Cl\u00ednica M\u00e9dica do Porto\" href=\"https:\/\/clinicamedicadoporto.pt\/staging\/especialidades\/ioga-facial\/\">consulta de Face Ioga da Cl\u00ednica M\u00e9dica do Porto<\/a> aborda estes e outros conceitos, bem como os benef\u00edcios da pr\u00e1tica de Ioga Facial.<\/p>\n<p>[\/vc_column_text][\/vc_column_inner][vc_column_inner width=&#8221;1\/2&#8243;][vc_single_image image=&#8221;16103&#8243; img_size=&#8221;&#8221; alignment=&#8221;center&#8221; onclick=&#8221;custom_link&#8221; link=&#8221;https:\/\/www.youtube.com\/watch?v=LDxpFr0TGHg&#8221;][\/vc_column_inner][\/vc_row_inner][\/vc_column][\/vc_row][vc_row content_placement=&#8221;middle&#8221; parallax=&#8221;true&#8221; css=&#8221;.vc_custom_1673695933670{padding-top: 0px !important;padding-bottom: 40px !important;}&#8221;][vc_column][vc_row_inner content_placement=&#8221;middle&#8221;][vc_column_inner css=&#8221;.vc_custom_1565692362519{margin-bottom: 50px !important;}&#8221;][vc_single_image image=&#8221;13789&#8243; alignment=&#8221;center&#8221; style=&#8221;vc_box_circle_2&#8243;][vc_custom_heading text=&#8221;Mafalda Cruz<br \/>\nPrograma Consult\u00f3rio &#8211; Porto Canal&#8221; font_container=&#8221;tag:h2|text_align:center&#8221;][\/vc_column_inner][vc_column_inner width=&#8221;1\/2&#8243;][vc_video link=&#8221;https:\/\/youtu.be\/jrqr8zglCCo&#8221;][\/vc_column_inner][vc_column_inner width=&#8221;1\/2&#8243;][vc_column_text]A <a title=\"Ir para a P\u00e1gina Pessoal da Dra. Fl\u00e1via Sal\u00e9, Fisioterapeuta Especialista em Reabilita\u00e7\u00e3o P\u00e9lvica na Cl\u00ednica M\u00e9dica do Porto\" href=\"https:\/\/clinicamedicadoporto.pt\/staging\/equipa\/mafalda-cruz\/\" target=\"_blank\" rel=\"noopener\"><strong>Dra Mafalda Cruz<\/strong><\/a> \u00e9 M\u00e9dica Radioncologista e Sex\u00f3loga na Cl\u00ednica M\u00e9dica do Porto onde realiza a <a title=\"Saber mais acerca da Consulta de Medicina Sexual da Cl\u00ednica M\u00e9dica do Porto\" href=\"https:\/\/clinicamedicadoporto.pt\/staging\/especialidades\/medicina-sexual\/\">consulta de Medicina Sexual<\/a> e <a title=\"Saber mais acerca da Consulta de Sexologia Cl\u00ednica (Terapia Sexual) da Cl\u00ednica M\u00e9dica do Porto\" href=\"https:\/\/clinicamedicadoporto.pt\/staging\/especialidades\/sexologia-clinica-clinica-medica-do-porto\/\">Sexologia Cl\u00ednica (Terapia Sexual)<\/a>.<\/p>\n<p>A convite do <a title=\"Ir para a p\u00e1gina do Porto Canal\" href=\"https:\/\/portocanal.sapo.pt\/\" target=\"_blank\" rel=\"nofollow noopener\">Porto Canal<\/a> deixamos o registo da entrevista onde o tema abordado foi o da rela\u00e7\u00e3o entre a Sexualidade e o Cancro.[\/vc_column_text][\/vc_column_inner][\/vc_row_inner][\/vc_column][\/vc_row][vc_row content_placement=&#8221;middle&#8221; css=&#8221;.vc_custom_1673696004068{padding-top: 0px !important;padding-bottom: 40px !important;}&#8221;][vc_column][vc_row_inner content_placement=&#8221;middle&#8221;][vc_column_inner offset=&#8221;vc_col-xs-12&#8243; css=&#8221;.vc_custom_1565690025130{margin-bottom: 50px !important;}&#8221;][vc_single_image image=&#8221;8549&#8243; alignment=&#8221;center&#8221; style=&#8221;vc_box_circle_2&#8243;][vc_custom_heading text=&#8221;Ant\u00f3nio Am\u00e9rico Salema<br \/>\nRevista Vis\u00e3o&#8221; font_container=&#8221;tag:h2|text_align:center&#8221;][\/vc_column_inner][vc_column_inner width=&#8221;1\/2&#8243;][vc_column_text]<\/p>\n<p class=\"p1\">Desta feita foi a convite da <a title=\"Ir para o Website do Artigo na Revista Vis\u00e3o\" href=\"https:\/\/visao.sapo.pt\/atualidade\/sociedade\/2022-09-25-a-queda-do-ultimo-tabu-clitoris-e-reconhecido-pela-ciencia-como-o-orgao-cuja-unica-funcao-e-dar-prazer\/\" target=\"_blank\" rel=\"nofollow noopener\">Revista Vis\u00e3o<\/a> que o Dr. <a href=\"https:\/\/clinicamedicadoporto.pt\/staging\/equipa\/antonio-americo-salema\/\" target=\"_blank\" rel=\"noopener noreferrer\">Ant\u00f3nio Am\u00e9rico Salema<\/a>, Psic\u00f3logo da Cl\u00ednica M\u00e9dica do Porto e especialista em <a href=\"https:\/\/clinicamedicadoporto.pt\/staging\/especialidades\/sexologia-clinica-clinica-medica-do-porto\/\" target=\"_blank\" rel=\"noopener noreferrer\">Terapia Sexual e Sexologia Cl\u00ednica<\/a>, deu o seu contributo para o artigo: \u201cA queda do \u00faltimo tabu: Clit\u00f3ris \u00e9 reconhecido pela ci\u00eancia como o org\u00e3o cuja \u00fanica fun\u00e7\u00e3o \u00e9 dar prazer\u201d.<\/p>\n<p class=\"p1\">Pode ler na Revista Vis\u00e3o de Setembro de 2022, ou no <a title=\"Artigo A Queda do \u00daltimo Tabu, Revista Vis\u00e3o\" href=\"https:\/\/visao.sapo.pt\/atualidade\/sociedade\/2022-09-25-a-queda-do-ultimo-tabu-clitoris-e-reconhecido-pela-ciencia-como-o-orgao-cuja-unica-funcao-e-dar-prazer\/\" target=\"_blank\" rel=\"nofollow noopener\">site da Vis\u00e3o<\/a>, alguns excertos do artigo.<\/p>\n<p>[\/vc_column_text][\/vc_column_inner][vc_column_inner width=&#8221;1\/2&#8243;][vc_single_image image=&#8221;13722&#8243; img_size=&#8221;&#8221; alignment=&#8221;center&#8221;][\/vc_column_inner][\/vc_row_inner][\/vc_column][\/vc_row][vc_row content_placement=&#8221;middle&#8221; parallax=&#8221;true&#8221; css=&#8221;.vc_custom_1673695933670{padding-top: 0px !important;padding-bottom: 40px !important;}&#8221;][vc_column][vc_row_inner content_placement=&#8221;middle&#8221;][vc_column_inner css=&#8221;.vc_custom_1565692362519{margin-bottom: 50px !important;}&#8221;][vc_single_image image=&#8221;12263&#8243; alignment=&#8221;center&#8221; style=&#8221;vc_box_circle_2&#8243;][vc_custom_heading text=&#8221;Fl\u00e1via Sal\u00e9<br \/>\nPrograma Consult\u00f3rio &#8211; Porto Canal&#8221; font_container=&#8221;tag:h2|text_align:center&#8221;][\/vc_column_inner][vc_column_inner width=&#8221;1\/2&#8243;][vc_raw_html]JTNDaWZyYW1lJTIwd2lkdGglM0QlMjI1NjAlMjIlMjBoZWlnaHQlM0QlMjIzMTUlMjIlMjBzcmMlM0QlMjJodHRwcyUzQSUyRiUyRnd3dy55b3V0dWJlLmNvbSUyRmVtYmVkJTJGcUtmY0dCS3pqdlklMjIlMjB0aXRsZSUzRCUyMllvdVR1YmUlMjB2aWRlbyUyMHBsYXllciUyMiUyMGZyYW1lYm9yZGVyJTNEJTIyMCUyMiUyMGFsbG93JTNEJTIyYWNjZWxlcm9tZXRlciUzQiUyMGF1dG9wbGF5JTNCJTIwY2xpcGJvYXJkLXdyaXRlJTNCJTIwZW5jcnlwdGVkLW1lZGlhJTNCJTIwZ3lyb3Njb3BlJTNCJTIwcGljdHVyZS1pbi1waWN0dXJlJTIyJTIwYWxsb3dmdWxsc2NyZWVuJTNFJTNDJTJGaWZyYW1lJTNF[\/vc_raw_html][\/vc_column_inner][vc_column_inner width=&#8221;1\/2&#8243;][vc_column_text]A <a title=\"Ir para a P\u00e1gina Pessoal da Dra. Fl\u00e1via Sal\u00e9, Fisioterapeuta Especialista em Reabilita\u00e7\u00e3o P\u00e9lvica na Cl\u00ednica M\u00e9dica do Porto\" href=\"https:\/\/clinicamedicadoporto.pt\/staging\/equipa\/flavia-sale\/\" target=\"_blank\" rel=\"noopener\"><strong>Fl\u00e1via Sal\u00e9<\/strong><\/a> \u00e9 Fisioterapeuta e Osteopata, Especialista em Reabilita\u00e7\u00e3o P\u00e9lvica na Cl\u00ednica M\u00e9dica do Porto onde \u00e9 respons\u00e1vel pelas <a title=\"SAber mais acerca da Consulta de Reabilita\u00e7\u00e3o P\u00e9lvica Feminia\" href=\"https:\/\/clinicamedicadoporto.pt\/staging\/especialidades\/consulta-reabilitacao-do-pavimento-pelvico\/\">consultas de Reabilita\u00e7\u00e3o P\u00e9lvica Feminina<\/a> e <a title=\"Saber mais acerca da Consulta de Reabilita\u00e7\u00e3o P\u00e9lvica Masculina\" href=\"https:\/\/clinicamedicadoporto.pt\/staging\/especialidades\/reabilitacao-pelvica-masculina-uro-andrologica-clinica-medica-do-porto\/\">Reabilita\u00e7\u00e3o P\u00e9lvica Masculina (Uroandrol\u00f3gica)<\/a>.<\/p>\n<p>Na data de comemora\u00e7\u00e3o do Dia Mundial do Fisioterapeuta, aceitou o desafio do <a title=\"Ir para a p\u00e1gina do Porto Canal\" href=\"https:\/\/portocanal.sapo.pt\/\" target=\"_blank\" rel=\"nofollow noopener\">Porto Canal<\/a> para um entrevista acerca da abordagem aos problemas mais comuns encontrados na sua pr\u00e1tica cl\u00ednica no que respeita \u00e0 Fisioterapia P\u00e9lvica Masculina &#8211; os sinais de alarme mais frequentes, os sintomas e o seu tratamento.<\/p>\n<p>Temas relacionados: <a title=\"Ir para o artigo Doen\u00e7a Cel\u00edaca: Diagn\u00f3stico, Sintomas e Tratamento\" href=\"https:\/\/clinicamedicadoporto.pt\/staging\/intervencao-da-fisioterapia-uro-ginecologica-no-pos-parto\/\">Interven\u00e7\u00e3o da Fisioterapia Uro-Ginecol\u00f3gica no P\u00f3s Parto<\/a>[\/vc_column_text][\/vc_column_inner][\/vc_row_inner][\/vc_column][\/vc_row][vc_row content_placement=&#8221;middle&#8221; css=&#8221;.vc_custom_1673695927618{padding-top: 0px !important;padding-bottom: 40px !important;}&#8221;][vc_column][vc_row_inner content_placement=&#8221;middle&#8221;][vc_column_inner offset=&#8221;vc_col-xs-12&#8243; css=&#8221;.vc_custom_1565690025130{margin-bottom: 50px !important;}&#8221;][vc_single_image image=&#8221;8549&#8243; alignment=&#8221;center&#8221; style=&#8221;vc_box_circle_2&#8243;][vc_custom_heading text=&#8221;Ant\u00f3nio Am\u00e9rico Salema<br \/>\nPrograma Consult\u00f3rio &#8211; Porto Canal&#8221; font_container=&#8221;tag:h2|text_align:center&#8221;][\/vc_column_inner][vc_column_inner width=&#8221;1\/2&#8243;][vc_column_text]Entrevista do Psic\u00f3logo <a title=\"Ir para a p\u00e1gina pessoal do Dr. Am\u00e9rico Salema\" href=\"https:\/\/clinicamedicadoporto.pt\/staging\/equipa\/antonio-salema\/\">Ant\u00f3nio Am\u00e9rico Salema<\/a>, Terapeuta Sexual da Cl\u00ednica M\u00e9dica do Porto.<\/p>\n<p>Nesta entrevista ao Porto Canal, o <a title=\"Sex\u00f3logo da Cl\u00ednica M\u00e9dica do Porto\" href=\"https:\/\/clinicamedicadoporto.pt\/staging\/equipa\/antonio-salema\/\">Sex\u00f3logo<\/a> fala sobre as Disfun\u00e7\u00f5es Sexuais, com especial \u00eanfase para as disfun\u00e7\u00f5es sexuais femininas, os seus efeitos e a forma de os abordar de um ponto de vista da sa\u00fade metal e psicol\u00f3gica. Clique para saber mais acerca da <a title=\"Saber mais a acerca da Consulta de Sexologia e Terapia Sexual da Cl\u00ednica M\u00e9dica do Porto\" href=\"https:\/\/clinicamedicadoporto.pt\/staging\/especialidades\/sexologia-clinica-clinica-medica-do-porto\/\">Consulta de Sexologia Cl\u00ednica<\/a> ou da <a title=\"Saber mais a acerca da Consulta de Podoreflexologia ou Reflexologia Podal da Cl\u00ednica\" href=\"https:\/\/clinicamedicadoporto.pt\/staging\/especialidades\/terapia-familiar-terapia-de-casal\/\">Consulta de Terapia Familiar e de Casal<\/a><\/p>\n<p>Conte\u00fado original <a title=\"Ir para a p\u00e1gina do Porto Canal onde est\u00e1 publicada a entrevista da Terapeuta Fab\u00edola ao Programa Consult\u00f3rio\" href=\"https:\/\/portocanal.sapo.pt\/um_video\/t9poFP4GtElPe9WC07mj\" target=\"_blank\" rel=\"noopener\">Porto Canal pode ser consultado aqui<\/a>.[\/vc_column_text][\/vc_column_inner][vc_column_inner width=&#8221;1\/2&#8243;][vc_video link=&#8221;https:\/\/www.youtube.com\/watch?v=Vw8u70M76hg&#8221;][\/vc_column_inner][\/vc_row_inner][\/vc_column][\/vc_row][vc_row content_placement=&#8221;middle&#8221; parallax=&#8221;true&#8221; css=&#8221;.vc_custom_1673695920182{padding-top: 0px !important;padding-bottom: 40px !important;}&#8221;][vc_column][vc_row_inner content_placement=&#8221;middle&#8221;][vc_column_inner css=&#8221;.vc_custom_1565692362519{margin-bottom: 50px !important;}&#8221;][vc_single_image image=&#8221;3115&#8243; alignment=&#8221;center&#8221; style=&#8221;vc_box_circle_2&#8243;][vc_custom_heading text=&#8221;In\u00eas Bento<br \/>\nPrograma Consult\u00f3rio &#8211; Porto Canal&#8221; font_container=&#8221;tag:h2|text_align:center&#8221;][\/vc_column_inner][vc_column_inner width=&#8221;1\/2&#8243;][vc_video link=&#8221;https:\/\/www.youtube.com\/watch?v=PT8g6c4fiSA&#8221;][\/vc_column_inner][vc_column_inner width=&#8221;1\/2&#8243;][vc_column_text]A <a title=\"Ir para a P\u00e1gina Pessoal da Dra. In\u00eas Bento, M\u00e9dica de Medicina Geral e Familiar da Cl\u00ednica M\u00e9dica do Porto\" href=\"https:\/\/clinicamedicadoporto.pt\/staging\/equipa\/ines-bento-clinica-medica-do-porto\/\" target=\"_blank\" rel=\"noopener\"><strong>Dra. In\u00eas Bento<\/strong><\/a> \u00e9 M\u00e9dica de <a title=\"Consulta de Medicina Geral e Familiar\" href=\"https:\/\/clinicamedicadoporto.pt\/staging\/especialidades\/medicina-geral-e-familiar\/\" target=\"_blank\" rel=\"noopener\"><strong>Medicina Geral e Familiar<\/strong><\/a> na Cl\u00ednica M\u00e9dica do Porto. Pela sua consulta passam todas os anos milhares de pacientes com os mais diversos problemas e desafios de Sa\u00fade. Desta vez, aceitou o desafio do <a title=\"Ir para a p\u00e1gina do Porto Canal\" href=\"https:\/\/portocanal.sapo.pt\/\" target=\"_blank\" rel=\"nofollow noopener\">Porto Canal<\/a> para ajudar a desmistificar a Doen\u00e7a Cel\u00edaca, explicando um pouco mais sobre as caracter\u00edsticas desta patologia, a diferen\u00e7a entre Doen\u00e7a Cel\u00edaca a Intoler\u00e2ncia ao Gluten, os sinais e sintomas a que devemos ficar atentos e o seu tratamento.<\/p>\n<p>Se pretende saber mais acerca do assunto, <a title=\"Ir para o artigo Doen\u00e7a Cel\u00edaca: Diagn\u00f3stico, Sintomas e Tratamento\" href=\"https:\/\/clinicamedicadoporto.pt\/staging\/doenca-celiaca-diagnostico-sintomas-e-tratamento\/\">consulte o artigo Doen\u00e7a Cel\u00edaca: Diagn\u00f3stico, Sintomas e Tratamento<\/a>[\/vc_column_text][\/vc_column_inner][\/vc_row_inner][\/vc_column][\/vc_row][vc_row content_placement=&#8221;middle&#8221; css=&#8221;.vc_custom_1673695914900{padding-top: 0px !important;padding-bottom: 40px !important;}&#8221;][vc_column][vc_row_inner content_placement=&#8221;middle&#8221;][vc_column_inner offset=&#8221;vc_col-xs-12&#8243; css=&#8221;.vc_custom_1565690025130{margin-bottom: 50px !important;}&#8221;][vc_single_image image=&#8221;13179&#8243; alignment=&#8221;center&#8221; style=&#8221;vc_box_circle_2&#8243;][vc_custom_heading text=&#8221;Fab\u00edola Gomes<br \/>\nPrograma Consult\u00f3rio &#8211; Porto Canal&#8221; font_container=&#8221;tag:h2|text_align:center&#8221;][\/vc_column_inner][vc_column_inner width=&#8221;1\/2&#8243;][vc_column_text]Entrevista \u00e0 Terapeuta <a href=\"https:\/\/clinicamedicadoporto.pt\/staging\/equipa\/fabiola-gomes\/\">Fab\u00edola Gomes<\/a>, Podologista e Terapeuta de Reflexologia Podal da Cl\u00ednica M\u00e9dica do Porto.<\/p>\n<p>Numa entrevista ao Porto Canal, a Terapeuta Fab\u00edola fala sobre a Reflexologia Podal, os seus efeitos e utiliza\u00e7\u00e3o na sua pr\u00e1tica Cl\u00ednica di\u00e1ria na Cl\u00ednica M\u00e9dica do Porto. Clique para saber mais acerca da <a title=\"Saber mais a acerca da Consulta de Podoreflexologia ou Reflexologia Podal da Cl\u00ednica\" href=\"https:\/\/clinicamedicadoporto.pt\/staging\/especialidades\/podologia\/\">Consulta de Podologia<\/a> ou da <a title=\"Saber mais a acerca da Consulta de Podoreflexologia ou Reflexologia Podal da Cl\u00ednica\" href=\"https:\/\/clinicamedicadoporto.pt\/staging\/especialidades\/reflexologia-podal-clinica-medica-do-porto\/\">Consulta de Reflexologia Podal \/Podoreflexologia<\/a><\/p>\n<p>Conte\u00fado original <a title=\"Ir para a p\u00e1gina do Porto Canal onde est\u00e1 publicada a entrevista da Terapeuta Fab\u00edola ao Programa Consult\u00f3rio\" href=\"https:\/\/portocanal.sapo.pt\/um_video\/t9poFP4GtElPe9WC07mj\" target=\"_blank\" rel=\"noopener\">Porto Canal pode ser consultado aqui<\/a>.[\/vc_column_text][\/vc_column_inner][vc_column_inner width=&#8221;1\/2&#8243;][vc_video link=&#8221;https:\/\/www.youtube.com\/watch?v=KE44_DTkbiw&#8221;][\/vc_column_inner][\/vc_row_inner][\/vc_column][\/vc_row][vc_row content_placement=&#8221;middle&#8221; parallax=&#8221;true&#8221; css=&#8221;.vc_custom_1673695905917{padding-top: 0px !important;padding-bottom: 40px !important;}&#8221;][vc_column][vc_row_inner content_placement=&#8221;middle&#8221;][vc_column_inner css=&#8221;.vc_custom_1565692362519{margin-bottom: 50px !important;}&#8221;][vc_single_image image=&#8221;1702&#8243; alignment=&#8221;center&#8221; style=&#8221;vc_box_circle_2&#8243;][vc_custom_heading text=&#8221;Tiago Monteiro<br \/>\nRevista de M\u00e3e para M\u00e3e&#8221; font_container=&#8221;tag:h2|text_align:center&#8221;][\/vc_column_inner][vc_column_inner width=&#8221;1\/2&#8243; offset=&#8221;vc_hidden-xs&#8221;][vc_single_image image=&#8221;12014&#8243; img_size=&#8221;&#8221; alignment=&#8221;center&#8221;][\/vc_column_inner][vc_column_inner width=&#8221;1\/2&#8243;][vc_column_text]O Terapeuta Tiago Monteiro \u00e9 especialista em temas de Inf\u00e2ncia relacionados com disfun\u00e7\u00f5es Osteoarticulares, estando muito habituado, na sua pr\u00e1tica cl\u00ednica, a acompanhar beb\u00e9s e rec\u00e9m nascidos que enfrentam desafios a este n\u00edvel. A Revista de M\u00e3e para M\u00e3e, associada ao <a title=\"Ir para o Site\" href=\"https:\/\/demaeparamae.pt\/\" target=\"_blank\" rel=\"noopener\">site de M\u00e3e para M\u00e3e<\/a> convidou o terapeuta a analisar as quest\u00f5es relacionadas com a tem\u00e1tica da Plagiocefalia nos Beb\u00e9s e Rec\u00e9m Nascidos.<\/p>\n<p>Uma publica\u00e7\u00e3o da revista que pode ler em vers\u00e3o resumida na pr\u00f3pria publica\u00e7\u00e3o, nas instala\u00e7\u00f5es da Cl\u00ednica M\u00e9dica do Porto, ou ainda, se preferir, pode consultar a vers\u00e3o completa do artigo publicada no nosso site &#8211; <a title=\"Ir para o Artigo para ler mais acerca de Plagiocefalia e tratamento pela Osteopatia Pedi\u00e1trica\" href=\"https:\/\/clinicamedicadoporto.pt\/staging\/plagiocefalia-tratamento-dicas-uteis-e-contributo-da-osteopatia-infantil\/\" target=\"_blank\" rel=\"noopener\">Plagiocefalia: Tratamento, Dicas \u00dateis e Contributo da Osteopatia Infantil<\/a>.<\/p>\n<p><a title=\"Saber mais acerca do Fisioterapeuta Tiago Monteiro\" href=\"https:\/\/clinicamedicadoporto.pt\/staging\/equipa\/tiago-monteiro\/\" target=\"_blank\" rel=\"noopener\">Tiago Monteiro<\/a> \u00e9 Fisioterapeuta, Especialista em <a title=\"Saber mais acerca da Consulta de Osteopatia da Cl\u00ednica M\u00e9dica do Porto\" href=\"https:\/\/clinicamedicadoporto.pt\/staging\/especialidades\/osteopatia\/\" target=\"_blank\" rel=\"noopener\">Osteopatia<\/a> e <a title=\"Consultar a Consulta de Osteopatia Pedi\u00e1trica\" href=\"https:\/\/clinicamedicadoporto.pt\/staging\/especialidades\/osteopatia-pediatrica-e-infantil-clinica-medica-do-porto\/\" target=\"_blank\" rel=\"noopener\">Osteopatia Pedi\u00e1trica<\/a> na Cl\u00ednica M\u00e9dica do Porto.[\/vc_column_text][\/vc_column_inner][vc_column_inner width=&#8221;1\/2&#8243; offset=&#8221;vc_hidden-lg vc_hidden-md vc_hidden-sm&#8221;][vc_single_image image=&#8221;12014&#8243; img_size=&#8221;&#8221; alignment=&#8221;center&#8221;][\/vc_column_inner][\/vc_row_inner][\/vc_column][\/vc_row][vc_row content_placement=&#8221;middle&#8221; css=&#8221;.vc_custom_1673695900153{padding-top: 0px !important;padding-bottom: 40px !important;}&#8221;][vc_column][vc_row_inner content_placement=&#8221;middle&#8221;][vc_column_inner offset=&#8221;vc_col-xs-12&#8243; css=&#8221;.vc_custom_1565690025130{margin-bottom: 50px !important;}&#8221;][vc_single_image image=&#8221;8549&#8243; alignment=&#8221;center&#8221; style=&#8221;vc_box_circle_2&#8243;][vc_custom_heading text=&#8221;Ant\u00f3nio Am\u00e9rico Salema<br \/>\nRevista S\u00e1bado&#8221; font_container=&#8221;tag:h2|text_align:center&#8221;][\/vc_column_inner][vc_column_inner width=&#8221;1\/2&#8243;][vc_column_text]<\/p>\n<p class=\"p1\">Desta feita foi a convite da <a href=\"https:\/\/www.sabado.pt\/\" target=\"_blank\" rel=\"nofollow noopener\">Revista S\u00e1bado<\/a> que o Dr. <a href=\"https:\/\/clinicamedicadoporto.pt\/staging\/equipa\/antonio-americo-salema\/\" target=\"_blank\" rel=\"noopener noreferrer\">Ant\u00f3nio Am\u00e9rico Salema<\/a>, na qualidade de Psic\u00f3logo da Cl\u00ednica M\u00e9dica do Porto, especialista em <a href=\"https:\/\/clinicamedicadoporto.pt\/staging\/especialidades\/sexologia-clinica-clinica-medica-do-porto\/\" target=\"_blank\" rel=\"noopener noreferrer\">Terapia Sexual e Sexologia Cl\u00ednica<\/a>, deu o seu contributo para o artigo de destaque na sec\u00e7\u00e3o de Sa\u00fade, \u201cComo Sobreviver aos Efeitos da Pandemia\u201d.<\/p>\n<p class=\"p1\">Pode ler na Revista S\u00e1bado, ou aqui no <a title=\"Artigo Sobreviver aos efeitos mentais da pandemia\" href=\"https:\/\/www.sabado.pt\/vida\/detalhe\/como-sobreviver-aos-efeitos-mentais-da-pandemia\" target=\"_blank\" rel=\"nofollow noopener\">site da S\u00e1bado<\/a>, alguns excertos do artigo.<\/p>\n<p>[\/vc_column_text][\/vc_column_inner][vc_column_inner width=&#8221;1\/2&#8243;][vc_single_image image=&#8221;11382&#8243; img_size=&#8221;555&#215;312&#8243; alignment=&#8221;center&#8221;][\/vc_column_inner][\/vc_row_inner][\/vc_column][\/vc_row][vc_row content_placement=&#8221;middle&#8221; css=&#8221;.vc_custom_1673695893703{padding-top: 0px !important;padding-bottom: 40px !important;}&#8221;][vc_column][vc_row_inner content_placement=&#8221;middle&#8221;][vc_column_inner offset=&#8221;vc_col-xs-12&#8243; css=&#8221;.vc_custom_1565690025130{margin-bottom: 50px !important;}&#8221;][vc_single_image image=&#8221;1702&#8243; alignment=&#8221;center&#8221; style=&#8221;vc_box_circle_2&#8243;][vc_custom_heading text=&#8221;Tiago Monteiro<br \/>\nPrograma da Maria Porto Canal&#8221; font_container=&#8221;tag:h2|text_align:center&#8221;][\/vc_column_inner][vc_column_inner width=&#8221;1\/2&#8243;][vc_column_text]<\/p>\n<p class=\"p1\">Foi uma sess\u00e3o de <a title=\"Ir para Consulta de Osteopatia Pedi\u00e1trica da Cl\u00ednica M\u00e9dica do Porto\" href=\"https:\/\/clinicamedicadoporto.pt\/staging\/especialidades\/osteopatia-pediatrica-e-infantil-clinica-medica-do-porto\/\" target=\"_blank\" rel=\"noopener\">Osteopatia Pedi\u00e1trica<\/a> com um volunt\u00e1rio \u00e0 for\u00e7a!<\/p>\n<p class=\"p1\">O Dinis tinha nesta altura 15 dias e o seu pai, <a title=\"Acerca de Tiago Monteiro, Osteopata e Fisioterapeuta da Cl\u00ednica M\u00e9dica do Porto\" href=\"https:\/\/clinicamedicadoporto.pt\/staging\/equipa\/tiago-monteiro\/\" target=\"_blank\" rel=\"noopener\">Tiago Monteiro<\/a>, #Osteopata e #Fisioterapeuta da Cl\u00ednica M\u00e9dica do Porto foi falar \u00e0 plateia do Porto Canal alguns cuidados e dicas para ajudar nas c\u00f3licas, dores de barriga e outras maleitas dos beb\u00e9s e rec\u00e9m nascidos.<\/p>\n<p>[\/vc_column_text][\/vc_column_inner][vc_column_inner width=&#8221;1\/2&#8243;][vc_video link=&#8221;https:\/\/www.youtube.com\/watch?v=2hQIKGfeuKc&#8221;][\/vc_column_inner][\/vc_row_inner][\/vc_column][\/vc_row][vc_row content_placement=&#8221;middle&#8221; parallax=&#8221;true&#8221; css=&#8221;.vc_custom_1673695886473{padding-top: 0px !important;padding-bottom: 40px !important;}&#8221;][vc_column][vc_row_inner content_placement=&#8221;middle&#8221;][vc_column_inner css=&#8221;.vc_custom_1565692362519{margin-bottom: 50px !important;}&#8221;][vc_single_image image=&#8221;8549&#8243; alignment=&#8221;center&#8221; style=&#8221;vc_box_circle_2&#8243;][vc_custom_heading text=&#8221;Ant\u00f3nio Am\u00e9rico Salema<br \/>\nRevista Men&#8217;s Health&#8221; font_container=&#8221;tag:h2|text_align:center&#8221;][\/vc_column_inner][vc_column_inner width=&#8221;1\/2&#8243; offset=&#8221;vc_hidden-xs&#8221;][vc_single_image image=&#8221;11105&#8243; img_size=&#8221;&#8221; alignment=&#8221;center&#8221;][\/vc_column_inner][vc_column_inner width=&#8221;1\/2&#8243;][vc_column_text]Motivado pela pandemia COVID19, o Terapeuta Sexual da Cl\u00ednica M\u00e9dica do Porto foi convidado a analisar a condi\u00e7\u00e3o de solteiro em per\u00edodo de reclus\u00e3o e confinamento.<\/p>\n<p>Uma publica\u00e7\u00e3o da revista <a href=\"https:\/\/menshealth.pt\/\" target=\"_blank\" rel=\"nofollow noopener\">Men&#8217;s Health<\/a> que pode ver <a title=\"Consultar o artigo com a participa\u00e7\u00e3o do Terapeuta Sexual da Cl\u00ednica M\u00e9dica do Porto, Ant\u00f3nio Salema\" href=\"https:\/\/www.sabado.pt\/vida\/detalhe\/como-sobreviver-aos-efeitos-mentais-da-pandemia\" target=\"_blank\" rel=\"nofollow noopener\">aqui<\/a> e contou com a participa\u00e7\u00e3o do Dr <a href=\"https:\/\/clinicamedicadoporto.pt\/staging\/equipa\/antonio-americo-salema\/\" target=\"_blank\" rel=\"noopener noreferrer\">Ant\u00f3nio Am\u00e9rico Salema<\/a>, Psic\u00f3logo Cl\u00ednico da Cl\u00ednica M\u00e9dica do Porto, e especialista em Sexologia Cl\u00ednica e <a href=\"https:\/\/clinicamedicadoporto.pt\/staging\/especialidades\/sexologia-clinica-clinica-medica-do-porto\/\" target=\"_blank\" rel=\"noopener noreferrer\">Terapia Sexual<\/a>.[\/vc_column_text][\/vc_column_inner][vc_column_inner width=&#8221;1\/2&#8243; offset=&#8221;vc_hidden-lg vc_hidden-md vc_hidden-sm&#8221;][vc_single_image image=&#8221;11105&#8243; img_size=&#8221;&#8221; alignment=&#8221;center&#8221;][\/vc_column_inner][\/vc_row_inner][\/vc_column][\/vc_row][vc_row content_placement=&#8221;middle&#8221; css=&#8221;.vc_custom_1673695881292{padding-top: 0px !important;padding-bottom: 40px !important;}&#8221;][vc_column][vc_row_inner content_placement=&#8221;middle&#8221;][vc_column_inner offset=&#8221;vc_col-xs-12&#8243; css=&#8221;.vc_custom_1565690025130{margin-bottom: 50px !important;}&#8221;][vc_single_image image=&#8221;1702&#8243; alignment=&#8221;center&#8221; style=&#8221;vc_box_circle_2&#8243;][vc_custom_heading text=&#8221;Tiago Monteiro<br \/>\nRevista &#8220;De M\u00e3e Para M\u00e3e&#8220;&#8221; font_container=&#8221;tag:h2|text_align:center&#8221;][\/vc_column_inner][vc_column_inner width=&#8221;1\/2&#8243;][vc_column_text]<\/p>\n<p class=\"p1\">Dor na Gravidez &#8211; Lombalgia certamente?<\/p>\n<p class=\"p1\">Sem problema, o Fisioterapeuta e Osteopata da Cl\u00ednica M\u00e9dica do Porto, Tiago Monteiro explica-lhe tudo! Ou pelo menos neste caso, explicou tudinho \u00e0 revista &#8220;<a href=\"https:\/\/demaeparamae.pt\/\" target=\"_blank\" rel=\"noopener noreferrer\">De M\u00e3e para M\u00e3e<\/a>&#8220;.<\/p>\n<p>Agora j\u00e1 n\u00e3o tem desculpas para continuar com dor lombar! Ou de qualquer outro tipo \ud83d\ude09 Leia tudo o que o Tiago tem para lhe dizer acerca de #<a href=\"https:\/\/demaeparamae.pt\/revista-de-mae-para-mae\" target=\"_blank\" rel=\"noopener\">osteopatia na gravidez<\/a> no site &#8220;De M\u00e3e Para M\u00e3e&#8221; ou pe\u00e7a a revista na nossa recep\u00e7\u00e3o (\u00e9 poss\u00edvel que ainda sobre um exemplar para consultar)![\/vc_column_text][\/vc_column_inner][vc_column_inner width=&#8221;1\/2&#8243;][vc_single_image image=&#8221;8768&#8243; img_size=&#8221;555&#215;312&#8243; alignment=&#8221;center&#8221;][\/vc_column_inner][\/vc_row_inner][\/vc_column][\/vc_row][vc_row content_placement=&#8221;middle&#8221; parallax=&#8221;true&#8221; css=&#8221;.vc_custom_1673695867356{padding-top: 0px !important;padding-bottom: 40px !important;}&#8221;][vc_column][vc_row_inner content_placement=&#8221;middle&#8221;][vc_column_inner css=&#8221;.vc_custom_1565692362519{margin-bottom: 50px !important;}&#8221;][vc_single_image image=&#8221;7859&#8243; alignment=&#8221;center&#8221; style=&#8221;vc_box_circle_2&#8243;][vc_custom_heading text=&#8221;Nadia Falco<br \/>\nRevista GQ Portugal + VOGUE&#8221; font_container=&#8221;tag:h2|text_align:center&#8221;][\/vc_column_inner][vc_column_inner width=&#8221;1\/2&#8243; offset=&#8221;vc_hidden-xs&#8221;][vc_single_image image=&#8221;8542&#8243; img_size=&#8221;555&#215;312&#8243; alignment=&#8221;center&#8221;][\/vc_column_inner][vc_column_inner width=&#8221;1\/2&#8243;][vc_column_text]O tema foram as Dietas (mais ou menos) milagrosas que se apregoam por a\u00ed. E foi uma vez mais com um enorme orgulho que a <a href=\"https:\/\/clinicamedicadoporto.pt\/staging\/\">Cl\u00ednica M\u00e9dica do Porto<\/a> aceitou o desafio, desta feita na pessoa da Dra. Nadia Falco.<\/p>\n<p>A Dra. <a href=\"https:\/\/clinicamedicadoporto.pt\/staging\/equipa\/nadia-falco\/\" target=\"_blank\" rel=\"noopener noreferrer\">Nadia Falco<\/a> \u00e9 M\u00e9dica, respons\u00e1vel pela consulta de <a href=\"https:\/\/clinicamedicadoporto.pt\/staging\/especialidades\/nutrologia-medica-integrativa\/\" target=\"_blank\" rel=\"noopener noreferrer\">Nutrologia M\u00e9dica Integrativa<\/a> da Cl\u00ednica M\u00e9dica do Porto, e neste artigo discute a import\u00e2ncia da adequabilidade da dieta a cada um, o papel da ci\u00eancia e muitos dos mitos que povoam a tem\u00e1tica!<br \/>\nUma edi\u00e7\u00e3o \u00e9 especial que \u00e9 impressa em conjunto com a revista VOGUE. Veja no site da <a href=\"https:\/\/www.gqportugal.pt\/mania-das-dietas\" target=\"_blank\" rel=\"noopener noreferrer\">GQ<\/a>.[\/vc_column_text][\/vc_column_inner][vc_column_inner width=&#8221;1\/2&#8243; offset=&#8221;vc_hidden-lg vc_hidden-md vc_hidden-sm&#8221;][vc_single_image image=&#8221;8542&#8243; img_size=&#8221;555&#215;312&#8243; alignment=&#8221;center&#8221;][\/vc_column_inner][\/vc_row_inner][\/vc_column][\/vc_row][vc_row content_placement=&#8221;middle&#8221; css=&#8221;.vc_custom_1673695861508{padding-top: 0px !important;padding-bottom: 40px !important;}&#8221;][vc_column][vc_row_inner content_placement=&#8221;middle&#8221;][vc_column_inner offset=&#8221;vc_col-xs-12&#8243; css=&#8221;.vc_custom_1565690025130{margin-bottom: 50px !important;}&#8221;][vc_single_image image=&#8221;8549&#8243; alignment=&#8221;center&#8221; style=&#8221;vc_box_circle_2&#8243;][vc_custom_heading text=&#8221;Ant\u00f3nio Am\u00e9rico Salema<br \/>\nRevista S\u00e1bado&#8221; font_container=&#8221;tag:h2|text_align:center&#8221;][\/vc_column_inner][vc_column_inner width=&#8221;1\/2&#8243;][vc_column_text]<\/p>\n<p class=\"p1\">E depois h\u00e1 aqueles dias em que acorda com uma incontrol\u00e1vel vontade de limpar tudo o que lhe passa pela frente?\u2026<\/p>\n<p class=\"p1\">Um artigo da <a href=\"https:\/\/www.sabado.pt\/vida\/detalhe\/covid-19-causa-sofrimento-atroz-aos-obcecados-pela-limpeza\" target=\"_blank\" rel=\"noopener noreferrer\">Revista S\u00e1bado<\/a> que contou com a colabora\u00e7\u00e3o do Dr. <a href=\"https:\/\/clinicamedicadoporto.pt\/staging\/equipa\/antonio-americo-salema\/\" target=\"_blank\" rel=\"noopener noreferrer\">Ant\u00f3nio Am\u00e9rico Salema<\/a>, Psic\u00f3logo Cl\u00ednico da Cl\u00ednica M\u00e9dica do Porto, e especialista em <a href=\"https:\/\/clinicamedicadoporto.pt\/staging\/especialidades\/sexologia-clinica-clinica-medica-do-porto\/\" target=\"_blank\" rel=\"noopener noreferrer\">Terapia Sexual e Sexologia Cl\u00ednica<\/a>.<\/p>\n<p class=\"p1\">Depois diga-nos se se enquadra no perfil \ud83d\ude09<\/p>\n<p>[\/vc_column_text][\/vc_column_inner][vc_column_inner width=&#8221;1\/2&#8243;][vc_single_image image=&#8221;8573&#8243; img_size=&#8221;555&#215;312&#8243; alignment=&#8221;center&#8221;][\/vc_column_inner][\/vc_row_inner][\/vc_column][\/vc_row][vc_row content_placement=&#8221;middle&#8221; parallax=&#8221;true&#8221; css=&#8221;.vc_custom_1673695854986{padding-top: 0px !important;padding-bottom: 40px !important;}&#8221;][vc_column][vc_row_inner content_placement=&#8221;middle&#8221;][vc_column_inner css=&#8221;.vc_custom_1565692362519{margin-bottom: 50px !important;}&#8221;][vc_single_image image=&#8221;8549&#8243; alignment=&#8221;center&#8221; style=&#8221;vc_box_circle_2&#8243;][vc_custom_heading text=&#8221;Ant\u00f3nio Am\u00e9rico Salema<br \/>\nRevista S\u00e1bado&#8221; font_container=&#8221;tag:h2|text_align:center&#8221;][\/vc_column_inner][vc_column_inner width=&#8221;1\/2&#8243; offset=&#8221;vc_hidden-xs&#8221;][vc_single_image image=&#8221;8572&#8243; img_size=&#8221;555&#215;312&#8243; alignment=&#8221;center&#8221;][\/vc_column_inner][vc_column_inner width=&#8221;1\/2&#8243;][vc_column_text]Motivado pela pandemia COVID19, o Terapeuta Sexual da Cl\u00ednica M\u00e9dica do Porto, aborda a tem\u00e1tica da viv\u00eancia do amor proibido em per\u00edodo de reclus\u00e3o e confinamento.<\/p>\n<p>Uma publica\u00e7\u00e3o da revista <a href=\"https:\/\/www.sabado.pt\/\" target=\"_blank\" rel=\"noopener noreferrer\">S\u00c1BADO<\/a> que contou com a participa\u00e7\u00e3o do Dr <a href=\"https:\/\/clinicamedicadoporto.pt\/staging\/equipa\/antonio-americo-salema\/\" target=\"_blank\" rel=\"noopener noreferrer\">Ant\u00f3nio Am\u00e9rico Salema<\/a>, Psic\u00f3logo Cl\u00ednico da Cl\u00ednica M\u00e9dica do Porto, e especialista em Sexologia Cl\u00ednica e <a href=\"https:\/\/clinicamedicadoporto.pt\/staging\/especialidades\/sexologia-clinica-clinica-medica-do-porto\/\" target=\"_blank\" rel=\"noopener noreferrer\">Terapia Sexual<\/a>.[\/vc_column_text][\/vc_column_inner][vc_column_inner width=&#8221;1\/2&#8243; offset=&#8221;vc_hidden-lg vc_hidden-md vc_hidden-sm&#8221;][vc_single_image image=&#8221;8572&#8243; img_size=&#8221;555&#215;312&#8243; alignment=&#8221;center&#8221;][\/vc_column_inner][\/vc_row_inner][\/vc_column][\/vc_row][vc_row content_placement=&#8221;middle&#8221; disable_element=&#8221;yes&#8221; css=&#8221;.vc_custom_1673695849402{padding-top: 0px !important;padding-bottom: 40px !important;}&#8221;][vc_column][vc_row_inner content_placement=&#8221;middle&#8221;][vc_column_inner offset=&#8221;vc_col-xs-12&#8243; css=&#8221;.vc_custom_1565690025130{margin-bottom: 50px !important;}&#8221;][vc_single_image image=&#8221;3681&#8243; alignment=&#8221;center&#8221; style=&#8221;vc_box_circle_2&#8243;][vc_custom_heading text=&#8221;Melanie Marinho<br \/>\nPorto Canal&#8221; font_container=&#8221;tag:h2|text_align:center&#8221;][\/vc_column_inner][vc_column_inner width=&#8221;1\/2&#8243;][vc_column_text]Entrevista de <a href=\"https:\/\/clinicamedicadoporto.pt\/staging\/equipa\/melanie-marinho-clinica-medica-do-porto\/\" target=\"_blank\" rel=\"noopener noreferrer\">Melanie Marinho<\/a>, Fisioterapeuta Especialista em Reabilita\u00e7\u00e3o P\u00e9lvica e respons\u00e1vel pelas Consultas de <a href=\"https:\/\/clinicamedicadoporto.pt\/staging\/especialidades\/consulta-reabilitacao-do-pavimento-pelvico\/\" target=\"_blank\" rel=\"noopener noreferrer\">Reabilita\u00e7\u00e3o do Pavimento P\u00e9lvico<\/a>, <a href=\"https:\/\/clinicamedicadoporto.pt\/staging\/especialidades\/consulta-de-avaliacao-global-pos-parto\/\" target=\"_blank\" rel=\"noopener noreferrer\">Consulta de Avalia\u00e7\u00e3o Global P\u00f3s Parto<\/a> e ainda <a href=\"https:\/\/clinicamedicadoporto.pt\/staging\/especialidades\/pilates-clinico\/\" target=\"_blank\" rel=\"noopener noreferrer\">Pilates Cl\u00ednico<\/a>\u00a0na Cl\u00ednica M\u00e9dica do Porto.<\/p>\n<p>Nesta entrevista para o <a href=\"http:\/\/portocanal.sapo.pt\/\" target=\"_blank\" rel=\"noopener noreferrer\">Porto Canal<\/a>, a Melanie aborda a import\u00e2ncia do Pavimento P\u00e9lvico e das suas estruturas, o seu envolvimento em patologias como a incontin\u00eancia urin\u00e1ria ou prolapsos (entre outros), e genericamente a sua import\u00e2ncia na sa\u00fade do Homem e da Mulher, particularmente relevante nesta \u00faltima em fases como a Gravidez ou Maternidade.<\/p>\n<p>Para saber mais sobre a mesma tem\u00e1tica consulte tamb\u00e9m o nosso blog:<br \/>\n<a href=\"https:\/\/clinicamedicadoporto.pt\/staging\/intervencao-da-fisioterapia-uro-ginecologica-no-pos-parto\/\" target=\"_blank\" rel=\"noopener noreferrer\">Interven\u00e7\u00e3o da Fisioterapia Uro-Ginecol\u00f3gica no P\u00f3s Parto<\/a>[\/vc_column_text][\/vc_column_inner][vc_column_inner width=&#8221;1\/2&#8243;][vc_video link=&#8221;https:\/\/youtu.be\/VOoT-T4LJJM&#8221;][\/vc_column_inner][\/vc_row_inner][\/vc_column][\/vc_row][vc_row content_placement=&#8221;middle&#8221; parallax=&#8221;true&#8221; css=&#8221;.vc_custom_1673695843240{padding-top: 0px !important;padding-bottom: 40px !important;}&#8221;][vc_column][vc_row_inner content_placement=&#8221;middle&#8221;][vc_column_inner css=&#8221;.vc_custom_1565692362519{margin-bottom: 50px !important;}&#8221;][vc_single_image image=&#8221;5444&#8243; alignment=&#8221;center&#8221; style=&#8221;vc_box_circle_2&#8243;][vc_custom_heading text=&#8221;Herm\u00ednia Afonso<br \/>\nRevista Saber Viver&#8221; font_container=&#8221;tag:h2|text_align:center&#8221;][\/vc_column_inner][vc_column_inner width=&#8221;1\/2&#8243; offset=&#8221;vc_hidden-xs&#8221;][vc_single_image image=&#8221;7452&#8243; img_size=&#8221;&#8221; alignment=&#8221;center&#8221;][\/vc_column_inner][vc_column_inner width=&#8221;1\/2&#8243;][vc_column_text]Registo da entrevista da <a href=\"https:\/\/clinicamedicadoporto.pt\/staging\/equipa\/herminia-afonso\/\">Dra. Herm\u00ednia Afonso<\/a>, Ginecologista \u00e0 <a href=\"https:\/\/www.saberviver.pt\/\" target=\"_blank\" rel=\"noopener\">revista Saber Viver<\/a>. A Dra. Herm\u00ednia \u00e9 a respons\u00e1vel pela <a href=\"https:\/\/clinicamedicadoporto.pt\/staging\/especialidades\/consulta-de-ginecologia-e-obstetricia-clinica-medica-do-porto\/\">Consulta de Ginecologia<\/a> da Cl\u00ednica M\u00e9dica do Porto.<\/p>\n<p>Nesta entrevista, a Dra. Herm\u00ednia e uma colega discutem a tem\u00e1tica da Gravidez Ect\u00f3pica, os factores de risco associados, os sintomas, as estat\u00edsticas e o tratamento desta condi\u00e7\u00e3o.<\/p>\n<p>Leia aqui:<br \/>\n<a href=\"https:\/\/www.saberviver.pt\/bem-estar\/saude\/gravidez-ectopica-esteja-atenta-aos-sintomas-e-saiba-como-tratar\/#gs.vbcg59\" target=\"_blank\" rel=\"noopener noreferrer\">Gravidez Ect\u00f3pica: esteja atenta aos sintomas e saiba como tratar<\/a>[\/vc_column_text][\/vc_column_inner][vc_column_inner width=&#8221;1\/2&#8243; offset=&#8221;vc_hidden-lg vc_hidden-md vc_hidden-sm&#8221;][vc_single_image image=&#8221;7452&#8243; img_size=&#8221;&#8221; alignment=&#8221;center&#8221;][\/vc_column_inner][\/vc_row_inner][\/vc_column][\/vc_row][vc_row content_placement=&#8221;middle&#8221; css=&#8221;.vc_custom_1673695837447{padding-top: 0px !important;padding-bottom: 40px !important;}&#8221;][vc_column][vc_row_inner content_placement=&#8221;middle&#8221;][vc_column_inner offset=&#8221;vc_col-xs-12&#8243; css=&#8221;.vc_custom_1565690025130{margin-bottom: 50px !important;}&#8221;][vc_single_image image=&#8221;3560&#8243; alignment=&#8221;center&#8221; style=&#8221;vc_box_circle_2&#8243;][vc_custom_heading text=&#8221;Ana Rita Teles<br \/>\nRevista Activa&#8221; font_container=&#8221;tag:h2|text_align:center&#8221;][\/vc_column_inner][vc_column_inner width=&#8221;1\/2&#8243;][vc_column_text]Entrevista da <a href=\"https:\/\/clinicamedicadoporto.pt\/staging\/equipa\/ana-rita-teles-clinica-medica-do-porto\/\">Dra. Ana Rita Teles<\/a>, M\u00e9dica, respons\u00e1vel pelas Consultas de Medicina Anti-Aging, <a href=\"https:\/\/clinicamedicadoporto.pt\/staging\/especialidades\/modulacao-e-reposicao-hormonal-bioidentica-clinica-medica-do-porto\/\">Consulta de Reposi\u00e7\u00e3o Hormonal<\/a> e <a href=\"https:\/\/clinicamedicadoporto.pt\/staging\/especialidades\/consulta-medica-emagrecimento\/\">Consulta de Emagrecimento<\/a> na Cl\u00ednica M\u00e9dica do Porto.<\/p>\n<p>Nesta entrevista para a <a href=\"http:\/\/activa.sapo.pt\/\" target=\"_blank\" rel=\"noopener noreferrer\">Revista Activa<\/a>, a Dra. Ana Rita Teles aborda a tem\u00e1tica da reposi\u00e7\u00e3o hormonal recorrendo \u00e0 farmacologia com hormonas bio-identicas, explicando o que s\u00e3o hormonas bio-identicas, quais as suas indica\u00e7\u00f5es cl\u00ednicas e e como se desenrola o tratamento.<\/p>\n<p>Para saber mais sobre a mesma tem\u00e1tica consulte o nosso blog:<br \/>\n<a href=\"https:\/\/clinicamedicadoporto.pt\/staging\/envelhecimento-celular-modulacao-hormonal-hormonas-bio-identicas\/\">Envelhecimento celular e modula\u00e7\u00e3o hormonal<\/a><br \/>\n<a href=\"https:\/\/clinicamedicadoporto.pt\/staging\/hormonas-bio-identicas\/\">Hormonas Bio-identicas<\/a>[\/vc_column_text][\/vc_column_inner][vc_column_inner width=&#8221;1\/2&#8243;][vc_single_image image=&#8221;7434&#8243; img_size=&#8221;555&#215;370&#8243; alignment=&#8221;center&#8221;][\/vc_column_inner][\/vc_row_inner][\/vc_column][\/vc_row][vc_row content_placement=&#8221;middle&#8221; parallax=&#8221;true&#8221; css=&#8221;.vc_custom_1673695831182{padding-top: 0px !important;padding-bottom: 40px !important;}&#8221;][vc_column][vc_row_inner content_placement=&#8221;middle&#8221; css=&#8221;.vc_custom_1565692895800{margin-bottom: 50px !important;}&#8221;][vc_column_inner css=&#8221;.vc_custom_1565691931309{margin-bottom: 50px !important;}&#8221;][vc_single_image image=&#8221;4847&#8243; alignment=&#8221;center&#8221; style=&#8221;vc_box_circle_2&#8243;][vc_custom_heading text=&#8221;Carlos Sousa<br \/>\nPrograma Pra\u00e7a da Alegria na RTP1&#8243; font_container=&#8221;tag:h2|text_align:center&#8221;][\/vc_column_inner][vc_column_inner width=&#8221;1\/2&#8243; offset=&#8221;vc_hidden-xs&#8221;][vc_single_image image=&#8221;7426&#8243; img_size=&#8221;555&#215;394&#8243; alignment=&#8221;center&#8221; onclick=&#8221;custom_link&#8221; img_link_target=&#8221;_blank&#8221; link=&#8221;http:\/\/media.rtp.pt\/praca\/videos\/alergias-prevencao-tratamento\/&#8221;][\/vc_column_inner][vc_column_inner width=&#8221;1\/2&#8243;][vc_column_text]<\/p>\n<p class=\"p1\">Participa\u00e7\u00e3o do terapeuta <a href=\"https:\/\/clinicamedicadoporto.pt\/staging\/equipa\/carlos-sousa\/\">Carlos Sousa<\/a> no Programa <a href=\"http:\/\/media.rtp.pt\/praca\/videos\/alergias-prevencao-tratamento\/\" target=\"_blank\" rel=\"noopener noreferrer\">Pra\u00e7a da Alegria da RTP1<\/a>, a prop\u00f3sito das Alergias primaveris.<\/p>\n<p class=\"p1\">O terapeuta Carlos Sousa \u00e9 o respons\u00e1vel pela <a href=\"https:\/\/clinicamedicadoporto.pt\/staging\/especialidades\/naturopatia\/\">Consulta de Naturopatia<\/a> da Cl\u00ednica M\u00e9dica do Porto e nesta breve entrevista teve a oportunidade de fornecer algumas dicas bem como conselhos \u00fateis para combater as alergias e lidar com o excesso de p\u00f3lens a\u00e9reos nesta \u00e9poca do ano.<\/p>\n<p class=\"p1\">A prop\u00f3sito das alergias, saiba mais no nosso blog:<br \/>\n<a href=\"https:\/\/clinicamedicadoporto.pt\/staging\/alergias-primavera-medicina-tradicional-chinesa\/\" target=\"_blank\" rel=\"noopener noreferrer\">Alergias, Primavera e Medicina Tradicional Chinesa<\/a>[\/vc_column_text][\/vc_column_inner][vc_column_inner width=&#8221;1\/2&#8243; offset=&#8221;vc_hidden-lg vc_hidden-md vc_hidden-sm&#8221;][vc_single_image image=&#8221;7426&#8243; img_size=&#8221;555&#215;394&#8243; alignment=&#8221;center&#8221; onclick=&#8221;custom_link&#8221; img_link_target=&#8221;_blank&#8221; link=&#8221;http:\/\/media.rtp.pt\/praca\/videos\/alergias-prevencao-tratamento\/&#8221;][\/vc_column_inner][\/vc_row_inner][\/vc_column][\/vc_row][vc_row content_placement=&#8221;middle&#8221; parallax=&#8221;true&#8221; css=&#8221;.vc_custom_1673695823687{padding-top: 0px !important;padding-bottom: 40px !important;}&#8221;][vc_column][vc_row_inner content_placement=&#8221;middle&#8221;][vc_column_inner css=&#8221;.vc_custom_1565690253189{margin-bottom: 50px !important;}&#8221;][vc_single_image image=&#8221;3465&#8243; alignment=&#8221;center&#8221; style=&#8221;vc_box_circle_2&#8243;][vc_custom_heading text=&#8221;Nelea Afanas<br \/>\nPrograma Filhos e Cadilhos, Porto Canal&#8221; font_container=&#8221;tag:h2|text_align:center&#8221;][\/vc_column_inner][vc_column_inner width=&#8221;1\/2&#8243;][vc_column_text]Excerto da entrevista da Dra. Nelea Afanas, Pediatra, ao programa <a href=\"http:\/\/portocanal.sapo.pt\/programa\/124?ctx=sobre\" target=\"_blank\" rel=\"noopener noreferrer\">Filhos e Cadilhos<\/a> do <a href=\"http:\/\/portocanal.sapo.pt\/\" target=\"_blank\" rel=\"noopener noreferrer\">Porto Canal<\/a>, no \u00e2mbito da Consulta de Pediatria Homeop\u00e1tica de que \u00e9 respons\u00e1vel na Cl\u00ednica M\u00e9dica do Porto.<\/p>\n<p>A <a href=\"https:\/\/clinicamedicadoporto.pt\/staging\/equipa\/nelea-afanas-clinica-medica-do-porto\/\">Dra. Nelea<\/a> \u00e9 respons\u00e1vel pelas consultas de <a href=\"https:\/\/clinicamedicadoporto.pt\/staging\/especialidades\/pediatria\/\">Pediatria<\/a> e de <a href=\"https:\/\/clinicamedicadoporto.pt\/staging\/especialidades\/consulta-pediatria-homeopatica\/\">Pediatria Homeop\u00e1tica<\/a> da Cl\u00ednica M\u00e9dica do Porto.<\/p>\n<p>Neste programa dedicado \u00e0s tem\u00e1ticas da parentalidade e \u00e0 preocupa\u00e7\u00e3o com a escolha de abordagens cl\u00ednicas para repor sa\u00fade dos mais jovens, a Dra. Nelea fala-nos um pouco acerca dos benef\u00edcios da utiliza\u00e7\u00e3o da Homeopatia em crian\u00e7as, do seu potencial e das suas limita\u00e7\u00f5es.<\/p>\n<p>Mais sobre Homeopatia:<br \/>\n<a href=\"https:\/\/clinicamedicadoporto.pt\/staging\/homeopatia-na-corte-inglesa\/\">Homeopatia na C\u00f4rte Inglesa<\/a>[\/vc_column_text][\/vc_column_inner][vc_column_inner width=&#8221;1\/2&#8243;][vc_video link=&#8221;https:\/\/www.youtube.com\/watch?v=AslzpdQbvfQ&#8221; align=&#8221;center&#8221;][\/vc_column_inner][\/vc_row_inner][\/vc_column][\/vc_row][vc_row content_placement=&#8221;middle&#8221; parallax=&#8221;true&#8221; css=&#8221;.vc_custom_1673695787252{padding-top: 0px !important;padding-bottom: 40px !important;}&#8221;][vc_column][vc_row_inner content_placement=&#8221;middle&#8221; css=&#8221;.vc_custom_1565691755204{margin-bottom: 50px !important;}&#8221;][vc_column_inner css=&#8221;.vc_custom_1565691888130{margin-bottom: 50px !important;}&#8221;][vc_single_image image=&#8221;1702&#8243; alignment=&#8221;center&#8221; style=&#8221;vc_box_circle_2&#8243;][vc_custom_heading text=&#8221;Tiago Monteiro<br \/>\nPrograma da Maria, Porto Canal&#8221; font_container=&#8221;tag:h2|text_align:center&#8221;][\/vc_column_inner][vc_column_inner width=&#8221;1\/2&#8243; offset=&#8221;vc_hidden-xs&#8221;][vc_single_image image=&#8221;7421&#8243; img_size=&#8221;&#8221; alignment=&#8221;center&#8221;][\/vc_column_inner][vc_column_inner width=&#8221;1\/2&#8243;][vc_column_text]O terapeuta <a href=\"https:\/\/clinicamedicadoporto.pt\/staging\/equipa\/tiago-monteiro\/\">Tiago Monteiro<\/a>, Osteopata da Cl\u00ednica M\u00e9dica do Porto e respons\u00e1vel pelas consultas de <a href=\"https:\/\/clinicamedicadoporto.pt\/staging\/especialidades\/osteopatia\/\">Osteopatia<\/a>, Osteopatia Pedi\u00e1trica, <a href=\"https:\/\/clinicamedicadoporto.pt\/staging\/especialidades\/fisioterapia\/\">Fisioterapia<\/a> e <a href=\"https:\/\/clinicamedicadoporto.pt\/staging\/especialidades\/consulta-de-avaliacao-e-correccao-postural\/\">Avalia\u00e7\u00e3o e Correc\u00e7\u00e3o Postural<\/a>, foi presen\u00e7a ass\u00eddua durante mais de uma temporada no Programa <a href=\"http:\/\/portocanal.sapo.pt\/programa\/85?ctx=sobre\" target=\"_blank\" rel=\"noopener noreferrer\">Ol\u00e1 Maria<\/a> com a apresentadora Maria Cerqueira Gomes, exibido no <a href=\"http:\/\/portocanal.sapo.pt\/\" target=\"_blank\" rel=\"noopener noreferrer\">Porto Canal<\/a>.[\/vc_column_text][\/vc_column_inner][vc_column_inner width=&#8221;1\/2&#8243; offset=&#8221;vc_hidden-lg vc_hidden-md vc_hidden-sm&#8221;][vc_single_image image=&#8221;7421&#8243; img_size=&#8221;&#8221; alignment=&#8221;center&#8221;][\/vc_column_inner][\/vc_row_inner][\/vc_column][\/vc_row][vc_row content_placement=&#8221;middle&#8221; parallax=&#8221;true&#8221; css=&#8221;.vc_custom_1673695779896{padding-top: 0px !important;padding-bottom: 40px !important;}&#8221;][vc_column][vc_row_inner content_placement=&#8221;middle&#8221; css=&#8221;.vc_custom_1565691358966{margin-bottom: 50px !important;}&#8221;][vc_column_inner css=&#8221;.vc_custom_1565690878115{margin-bottom: 50px !important;}&#8221;][vc_single_image image=&#8221;5262&#8243; alignment=&#8221;center&#8221; style=&#8221;vc_box_circle_2&#8243;][vc_custom_heading text=&#8221;Ant\u00f3nio Am\u00e9rico Salema<br \/>\nRTP Madeira&#8221; font_container=&#8221;tag:h2|text_align:center&#8221;][\/vc_column_inner][vc_column_inner width=&#8221;1\/2&#8243;][vc_column_text]<\/p>\n<p class=\"p1\">Registo da entrevista do Dr. Ant\u00f3nio Am\u00e9rico Salema \u00e0 <a href=\"http:\/\/www.rtp.pt\/madeira\/\" target=\"_blank\" rel=\"noopener noreferrer\">RTP Madeira<\/a>, ao programa <a href=\"https:\/\/www.rtp.pt\/programa\/tv\/p36534\" target=\"_blank\" rel=\"noopener noreferrer\">Madeira Viva<\/a>, no \u00e2mbito da responsabilidade da presid\u00eancia da <a href=\"https:\/\/pt-pt.facebook.com\/pg\/Associa%C3%A7%C3%A3o-Territ%C3%B3rio-de-Afetos-1930991667167503\/about\/?ref=page_internal\" target=\"_blank\" rel=\"noopener noreferrer\">Associa\u00e7\u00e3o Territ\u00f3rio de Afectos<\/a>, uma associa\u00e7\u00e3o que pretende conferir visibilidade \u00e0s diversas formas de sexualidade, atrav\u00e9s da Arte.<\/p>\n<p>O <a href=\"https:\/\/clinicamedicadoporto.pt\/staging\/equipa\/antonio-americo-salema\/\">Dr. Ant\u00f3nio Am\u00e9rico Salema<\/a> \u00e9 Psic\u00f3logo, Terapeuta Sexual e respons\u00e1vel pela consulta de <a href=\"https:\/\/clinicamedicadoporto.pt\/staging\/especialidades\/sexologia-clinica-clinica-medica-do-porto\/\">Sexologia Cl\u00ednica da Cl\u00ednica M\u00e9dica do Porto<\/a>.<\/p>\n<p>Nesta entrevista o Dr. Ant\u00f3nio Salema, discute diversos temas da sexualidade e as diversas formas de viver a sexualidade e a transexualidade.[\/vc_column_text][\/vc_column_inner][vc_column_inner width=&#8221;1\/2&#8243;][vc_video link=&#8221;https:\/\/www.youtube.com\/watch?v=qcE_qZIh1xE&amp;feature=youtu.be&#8221; align=&#8221;center&#8221;][\/vc_column_inner][\/vc_row_inner][\/vc_column][\/vc_row][vc_row content_placement=&#8221;middle&#8221; parallax=&#8221;true&#8221; css=&#8221;.vc_custom_1565692905674{padding-top: 0px !important;}&#8221;][vc_column][vc_row_inner content_placement=&#8221;middle&#8221; css=&#8221;.vc_custom_1565692050363{margin-bottom: 50px !important;}&#8221;][vc_column_inner css=&#8221;.vc_custom_1565692044098{margin-bottom: 50px !important;}&#8221;][vc_single_image image=&#8221;4847&#8243; alignment=&#8221;center&#8221; style=&#8221;vc_box_circle_2&#8243;][vc_custom_heading text=&#8221;Carlos Sousa<br \/>\nPrograma Pra\u00e7a da Alegria na RTP1&#8243; font_container=&#8221;tag:h2|text_align:center&#8221;][\/vc_column_inner][vc_column_inner width=&#8221;1\/2&#8243; offset=&#8221;vc_hidden-xs&#8221;][vc_single_image image=&#8221;7427&#8243; img_size=&#8221;555&#215;394&#8243; alignment=&#8221;center&#8221; onclick=&#8221;custom_link&#8221; link=&#8221;http:\/\/media.rtp.pt\/praca\/videos\/facilitar-digestao-terminar-as-insonias\/&#8221;][\/vc_column_inner][vc_column_inner width=&#8221;1\/2&#8243;][vc_column_text]<\/p>\n<p class=\"p1\">Participa\u00e7\u00e3o do terapeuta <a href=\"https:\/\/clinicamedicadoporto.pt\/staging\/equipa\/carlos-sousa\/\">Carlos Sousa<\/a> no Programa <a href=\"http:\/\/media.rtp.pt\/praca\/videos\/alergias-prevencao-tratamento\/\" target=\"_blank\" rel=\"noopener noreferrer\">Pra\u00e7a da Alegria da RTP1<\/a>, a prop\u00f3sito da abordagem da Naturopatia nas dificuldades digestivas e ins\u00f3nias.<\/p>\n<p class=\"p1\">O terapeuta Carlos Sousa \u00e9 o respons\u00e1vel pela <a href=\"https:\/\/clinicamedicadoporto.pt\/staging\/especialidades\/naturopatia\/\">Consulta de Naturopatia<\/a> da Cl\u00ednica M\u00e9dica do Porto.<\/p>\n<p class=\"p1\">A prop\u00f3sito da tem\u00e1tica das ins\u00f3nias e dificuldades de sono, saiba mais no nosso blog:<br \/>\n<a href=\"https:\/\/clinicamedicadoporto.pt\/staging\/porque-dormimos-tao-mal-os-problemas-de-sono-insonia-e-possiveis-solucoes\/\" target=\"_blank\" rel=\"noopener noreferrer\">Porque dormimos t\u00e3o mal &#8211; Problemas de sono e poss\u00edveis solu\u00e7\u00f5es<\/a><br \/>\n<a href=\"https:\/\/clinicamedicadoporto.pt\/staging\/a-resposta-da-medicina-chinesa-e-acupuntura-aos-problemas-de-sono\/\" target=\"_blank\" rel=\"noopener noreferrer\">A resposta da Medicina Chinesa aos Problemas de Sono<\/a><br \/>\n<a href=\"https:\/\/clinicamedicadoporto.pt\/staging\/alfazema-relacao-directa-joao-pestana\/\" target=\"_blank\" rel=\"noopener noreferrer\">Alfazema e a rela\u00e7\u00e3o directa com o Jo\u00e3o Pestana<\/a><br \/>\n<a href=\"https:\/\/clinicamedicadoporto.pt\/staging\/tratar-a-insonia-sem-recorrer-medicamentos\/\" target=\"_blank\" rel=\"noopener noreferrer\">Tratar ins\u00f3nia sem recorrer a medicamentos<\/a>[\/vc_column_text][\/vc_column_inner][vc_column_inner width=&#8221;1\/2&#8243; offset=&#8221;vc_hidden-lg vc_hidden-md vc_hidden-sm&#8221;][vc_single_image image=&#8221;7427&#8243; img_size=&#8221;555&#215;394&#8243; alignment=&#8221;center&#8221; onclick=&#8221;custom_link&#8221; link=&#8221;http:\/\/media.rtp.pt\/praca\/videos\/facilitar-digestao-terminar-as-insonias\/&#8221;][\/vc_column_inner][\/vc_row_inner][\/vc_column][\/vc_row][vc_row content_placement=&#8221;middle&#8221; disable_element=&#8221;yes&#8221; css=&#8221;.vc_custom_1673695693407{padding-top: 0px !important;padding-bottom: 80px !important;}&#8221;][vc_column][vc_row_inner content_placement=&#8221;middle&#8221;][vc_column_inner offset=&#8221;vc_col-xs-12&#8243; css=&#8221;.vc_custom_1565690025130{margin-bottom: 50px !important;}&#8221;][vc_single_image image=&#8221;3681&#8243; alignment=&#8221;center&#8221; style=&#8221;vc_box_circle_2&#8243;][vc_custom_heading text=&#8221;Melanie Marinho<br \/>\nPorto Canal&#8221; font_container=&#8221;tag:h2|text_align:center&#8221;][\/vc_column_inner][vc_column_inner width=&#8221;1\/2&#8243;][vc_column_text]Entrevista de <a href=\"https:\/\/clinicamedicadoporto.pt\/staging\/equipa\/melanie-marinho-clinica-medica-do-porto\/\" target=\"_blank\" rel=\"noopener noreferrer\">Melanie Marinho<\/a>, Fisioterapeuta Especialista em Reabilita\u00e7\u00e3o P\u00e9lvica e respons\u00e1vel pelas Consultas de <a href=\"https:\/\/clinicamedicadoporto.pt\/staging\/especialidades\/consulta-reabilitacao-do-pavimento-pelvico\/\" target=\"_blank\" rel=\"noopener noreferrer\">Reabilita\u00e7\u00e3o do Pavimento P\u00e9lvico<\/a>, <a href=\"https:\/\/clinicamedicadoporto.pt\/staging\/especialidades\/consulta-de-avaliacao-global-pos-parto\/\" target=\"_blank\" rel=\"noopener noreferrer\">Consulta de Avalia\u00e7\u00e3o Global P\u00f3s Parto<\/a> e ainda <a href=\"https:\/\/clinicamedicadoporto.pt\/staging\/especialidades\/pilates-clinico\/\" target=\"_blank\" rel=\"noopener noreferrer\">Pilates Cl\u00ednico<\/a>\u00a0na Cl\u00ednica M\u00e9dica do Porto.<\/p>\n<p>Nesta entrevista para a <a href=\"https:\/\/www.rtp.pt\/\" target=\"_blank\" rel=\"noopener noreferrer\">RTP1<\/a>, a Melanie aborda a import\u00e2ncia do Pavimento P\u00e9lvico e das suas estruturas, o seu envolvimento em patologias como a incontin\u00eancia urin\u00e1ria, prolapsos, entre tantos outros, e genericamente a sua import\u00e2ncia na sa\u00fade do Homem e da Mulher, particularmente relevante nesta \u00faltima em fases como a Gravidez ou Maternidade. Exemplifica ainda alguns exerc\u00edcios \u00fateis para estes casos, com algumas das t\u00e9cnicas que aplica nas suas consultas em ambiente cl\u00ednico, tais como Exerc\u00edcios de Kegel ou Biofeedback!<\/p>\n<p>Para saber mais sobre a mesma tem\u00e1tica consulte tamb\u00e9m o nosso blog:<br \/>\n<a href=\"https:\/\/clinicamedicadoporto.pt\/staging\/intervencao-da-fisioterapia-uro-ginecologica-no-pos-parto\/\" target=\"_blank\" rel=\"noopener noreferrer\">Interven\u00e7\u00e3o da Fisioterapia Uro-Ginecol\u00f3gica no P\u00f3s Parto<\/a>[\/vc_column_text][\/vc_column_inner][vc_column_inner width=&#8221;1\/2&#8243;][vc_video link=&#8221;https:\/\/youtu.be\/cvcE-8hNtNQ&#8221;][\/vc_column_inner][\/vc_row_inner][\/vc_column][\/vc_row][vc_row content_placement=&#8221;middle&#8221; fullwidth=&#8221;true&#8221; parallax=&#8221;true&#8221; css=&#8221;.vc_custom_1587378895727{padding-top: 0px !important;padding-bottom: 0px !important;}&#8221;][vc_column][vc_row_inner css=&#8221;.vc_custom_1587379269060{padding-top: 25px !important;padding-right: 25px !important;padding-bottom: 25px !important;padding-left: 25px !important;background-color: #770da3 !important;}&#8221;][vc_column_inner][vc_column_text]<\/p>\n<p style=\"text-align: center\"><span style=\"color: #ffffff\"><strong>Reunimos excertos dos nossos cl\u00ednicos e da Cl\u00ednica M\u00e9dica do Porto na imprensa.<\/strong><\/span><br \/>\n<span style=\"color: #ffffff\">Se pretende agendar uma entrevista com a Cl\u00ednica M\u00e9dica do Porto ou com algum dos seus cl\u00ednicos, pf envie-nos um <a style=\"color: #ffffff\" href=\"https:\/\/clinicamedicadoporto.pt\/staging\/contactos-clinica-medica-do-porto\/\" target=\"_blank\" rel=\"noopener noreferrer\">email<\/a> com essa indica\u00e7\u00e3o.<\/span>[\/vc_column_text][\/vc_column_inner][\/vc_row_inner][\/vc_column][\/vc_row]<\/p>\n<\/div>","protected":false},"excerpt":{"rendered":"<p>[vc_row textcolor=&#8221;white&#8221; css=&#8221;.vc_custom_1673295546727{margin-top: -60px !important;padding-top: 70px !important;padding-bottom: 15px !important;background-color: #70c2b4 !important;}&#8221;][vc_column][\/vc_column][\/vc_row][vc_row][vc_column][vc_empty_space height=&#8221;40px&#8221;][vc_custom_heading text=&#8221;A ordem de apresenta\u00e7\u00e3o respeita uma l\u00f3gica cronol\u00f3gica em que as presen\u00e7as na imprensa mais recentes aparecem tendencialmente no topo da lista para facilitar a leitura.&#8221; font_container=&#8221;tag:h4|font_size:150%25|text_align:center|color:%23cccccc|line_height:1.2&#8243; google_fonts=&#8221;font_family:Roboto%3A100%2C100italic%2C300%2C300italic%2Cregular%2Citalic%2C500%2C500italic%2C700%2C700italic%2C900%2C900italic|font_style:500%20bold%20regular%3A500%3Anormal&#8221;][vc_empty_space height=&#8221;40px&#8221;][\/vc_column][\/vc_row][vc_row content_placement=&#8221;middle&#8221; parallax=&#8221;true&#8221; css=&#8221;.vc_custom_1673695933670{padding-top: 0px !important;padding-bottom: 40px !important;}&#8221;][vc_column][vc_row_inner content_placement=&#8221;middle&#8221;][vc_column_inner css=&#8221;.vc_custom_1565692362519{margin-bottom: 50px !important;}&#8221;][vc_single_image image=&#8221;12263&#8243; alignment=&#8221;center&#8221; style=&#8221;vc_box_circle_2&#8243;][vc_custom_heading [&hellip;]<\/p>\n","protected":false},"author":1,"featured_media":0,"parent":0,"menu_order":0,"comment_status":"closed","ping_status":"closed","template":"","meta":{"footnotes":""},"folder":[659],"class_list":["post-7393","page","type-page","status-publish","hentry"],"_links":{"self":[{"href":"https:\/\/clinicamedicadoporto.pt\/staging\/wp-json\/wp\/v2\/pages\/7393","targetHints":{"allow":["GET"]}}],"collection":[{"href":"https:\/\/clinicamedicadoporto.pt\/staging\/wp-json\/wp\/v2\/pages"}],"about":[{"href":"https:\/\/clinicamedicadoporto.pt\/staging\/wp-json\/wp\/v2\/types\/page"}],"author":[{"embeddable":true,"href":"https:\/\/clinicamedicadoporto.pt\/staging\/wp-json\/wp\/v2\/users\/1"}],"replies":[{"embeddable":true,"href":"https:\/\/clinicamedicadoporto.pt\/staging\/wp-json\/wp\/v2\/comments?post=7393"}],"version-history":[{"count":0,"href":"https:\/\/clinicamedicadoporto.pt\/staging\/wp-json\/wp\/v2\/pages\/7393\/revisions"}],"wp:attachment":[{"href":"https:\/\/clinicamedicadoporto.pt\/staging\/wp-json\/wp\/v2\/media?parent=7393"}],"wp:term":[{"taxonomy":"folder","embeddable":true,"href":"https:\/\/clinicamedicadoporto.pt\/staging\/wp-json\/wp\/v2\/folder?post=7393"}],"curies":[{"name":"wp","href":"https:\/\/api.w.org\/{rel}","templated":true}]}}