{"id":3253,"date":"2016-11-19T16:36:02","date_gmt":"2016-11-19T16:36:02","guid":{"rendered":"https:\/\/clinicamedicadoporto.pt\/staging\/?page_id=3253"},"modified":"2025-08-01T16:47:48","modified_gmt":"2025-08-01T15:47:48","slug":"links-uteis-clinica-medica-do-porto","status":"publish","type":"page","link":"https:\/\/clinicamedicadoporto.pt\/staging\/links-uteis-clinica-medica-do-porto\/","title":{"rendered":"Links \u00dateis &#8211; Cl\u00ednica M\u00e9dica do Porto"},"content":{"rendered":"<div class=\"wpb-content-wrapper\"><p>[vc_row textcolor=&#8221;white&#8221; css=&#8221;.vc_custom_1673295637976{margin-top: -60px !important;padding-top: 70px !important;padding-bottom: 15px !important;background-color: #70c2b4 !important;}&#8221;][vc_column]<header class=\"kwayy-heading-wrapper kwayy-heading-wrapper-align-center\"><div class=\"kwayy-heading-wrapper-inner\"><h1 class=\"kwayy-heading-align-center\"><span>Liga\u00e7\u00f5es \u00dateis<\/span><\/h1><\/div><p class=\"kwayy-subheading\">Estas s\u00e3o algumas das institui\u00e7\u00f5es mais relevantes no panorama da sa\u00fade em Portugal. A Cl\u00ednica M\u00e9dica do Porto n\u00e3o se responsabiliza pelo conte\u00fado dos sites individuais, nem pela actualidade \/relev\u00e2ncia do seu conte\u00fado. A informa\u00e7\u00e3o aqui prestada \u00e9 meramente informativa.<\/p><\/header>[\/vc_column][\/vc_row][vc_row][vc_column][vc_column_text]\n<table id=\"tablepress-4\" class=\"tablepress tablepress-id-4\" aria-describedby=\"tablepress-4-description\">\n<thead>\n<tr class=\"row-1\">\n\t<th class=\"column-1\"><span style=\"font-weight:light; color:white\">Tipo de Entidade<\/span><\/th><th class=\"column-2\"><span style=\"font-weight:light; color:white\">Institui\u00e7\u00f5es Nacionais e Internacionais ligadas \u00e0 \u00e1rea da sa\u00fade<\/span><\/th>\n<\/tr>\n<\/thead>\n<tbody class=\"row-hover\">\n<tr class=\"row-2\">\n\t<td class=\"column-1\">Associa\u00e7\u00f5es<\/td><td class=\"column-2\"><a href=\"http:\/\/www.projectotio.net\/apfada\/site.php\" target=\"_blank\" rel=\"noopener noreferrer\">Associa\u00e7\u00e3o Portuguesa de Familiares e Amigos de Doentes de Alzheimer <\/a><\/td>\n<\/tr>\n<tr class=\"row-3\">\n\t<td class=\"column-1\">Associa\u00e7\u00f5es<\/td><td class=\"column-2\"><a href=\"http:\/\/mulherendo.pt\/\" target=\"_blank\" rel=\"noopener noreferrer\">Mulherendo - Associa\u00e7\u00e3o Portuguesa de Apoio a Mulheres com Endometriose<\/a><\/td>\n<\/tr>\n<tr class=\"row-4\">\n\t<td class=\"column-1\">Associa\u00e7\u00f5es<\/td><td class=\"column-2\"><a href=\"http:\/\/www.iasp-pain.org\/\" target=\"_blank\" rel=\"noopener noreferrer\">International Association for the Study of Pain<\/a><\/td>\n<\/tr>\n<tr class=\"row-5\">\n\t<td class=\"column-1\">Associa\u00e7\u00f5es<\/td><td class=\"column-2\"><a href=\"http:\/\/www.alzheimerportugal.org\" target=\"_blank\" rel=\"noopener noreferrer\">Alzheimer Portugal <\/a><\/td>\n<\/tr>\n<tr class=\"row-6\">\n\t<td class=\"column-1\">Associa\u00e7\u00f5es<\/td><td class=\"column-2\"><a href=\"http:\/\/www.aped-dor.org\/\" target=\"_blank\" rel=\"noopener noreferrer\">Associa\u00e7\u00e3o Portuguesa para o Estudo da Dor<\/a><\/td>\n<\/tr>\n<tr class=\"row-7\">\n\t<td class=\"column-1\">Associa\u00e7\u00f5es<\/td><td class=\"column-2\"><a href=\"http:\/\/www.epilepsia.pt\/\" target=\"_blank\" rel=\"noopener noreferrer\">Associa\u00e7\u00e3o Portuguesa de Amigos, Familiares e Pessoas com Epilepsia<\/a><\/td>\n<\/tr>\n<tr class=\"row-8\">\n\t<td class=\"column-1\">Associa\u00e7\u00f5es<\/td><td class=\"column-2\"><a href=\"http:\/\/www.apmgf.pt\/\" target=\"_blank\" rel=\"noopener noreferrer\">Associa\u00e7\u00e3o Portuguesa de Medicina Geral e Familiar<\/a><\/td>\n<\/tr>\n<tr class=\"row-9\">\n\t<td class=\"column-1\">Associa\u00e7\u00f5es<\/td><td class=\"column-2\"><a href=\"http:\/\/www.apsono.com\/\" target=\"_blank\" rel=\"noopener noreferrer\">Associa\u00e7\u00e3o Portuguesa de Sono<\/a><\/td>\n<\/tr>\n<tr class=\"row-10\">\n\t<td class=\"column-1\">Associa\u00e7\u00f5es Profissionais<\/td><td class=\"column-2\"><a href=\"http:\/\/appodologia.com\/\" target=\"_blank\" rel=\"noopener noreferrer\">Associa\u00e7\u00e3o Portuguesa de Podologia<\/a><\/td>\n<\/tr>\n<tr class=\"row-11\">\n\t<td class=\"column-1\">Associa\u00e7\u00f5es Profissionais<\/td><td class=\"column-2\"><a href=\"https:\/\/pt-pt.facebook.com\/asimedicinasintegradas\/\" target=\"_blank\" rel=\"noopener noreferrer\">ASIMI - Associa\u00e7\u00e3o Internacional de Medicinas Integradas<\/a><\/td>\n<\/tr>\n<tr class=\"row-12\">\n\t<td class=\"column-1\">Entidades Reguladoras<\/td><td class=\"column-2\"><a href=\"http:\/\/www.fda.gov\/\" target=\"_blank\" rel=\"noopener noreferrer\">FDA \u2013 Food and Drug Administration<\/a><\/td>\n<\/tr>\n<tr class=\"row-13\">\n\t<td class=\"column-1\">Entidades Reguladoras<\/td><td class=\"column-2\"><a href=\"http:\/\/www.infarmed.pt\" target=\"_blank\" rel=\"noopener noreferrer\">Infarmed - Autoridade Nacional do Medicamento e Produtos de Sa\u00fade I.P.<\/a><\/td>\n<\/tr>\n<tr class=\"row-14\">\n\t<td class=\"column-1\">Entidades Reguladoras<\/td><td class=\"column-2\"><a href=\"http:\/\/www.acss.min-saude.pt\/\" target=\"_blank\" rel=\"noopener noreferrer\">Administra\u00e7\u00e3o Central do Sistema de Sa\u00fade<\/a><\/td>\n<\/tr>\n<tr class=\"row-15\">\n\t<td class=\"column-1\">Entidades Reguladoras<\/td><td class=\"column-2\"><a href=\"https:\/\/www.ers.pt\/\" target=\"_blank\" rel=\"noopener noreferrer\">ERS - Entidade Reguladora da Sa\u00fade<\/a><\/td>\n<\/tr>\n<tr class=\"row-16\">\n\t<td class=\"column-1\">Entidades Reguladoras<\/td><td class=\"column-2\"><a href=\"http:\/\/www.ema.europa.eu\/\" target=\"_blank\" rel=\"noopener noreferrer\">EMEA \u2013 The European Agency for the Evaluation of Medicinal Products<\/a><\/td>\n<\/tr>\n<tr class=\"row-17\">\n\t<td class=\"column-1\">Entidades Reguladoras<\/td><td class=\"column-2\"><a href=\"http:\/\/www.medicinesforeurope.com\/\" target=\"_blank\" rel=\"noopener noreferrer\">Medicines for Europe<\/a><\/td>\n<\/tr>\n<tr class=\"row-18\">\n\t<td class=\"column-1\">Entidades Reguladoras<\/td><td class=\"column-2\"><a href=\"http:\/\/www.arsnorte.min-saude.pt\" target=\"_blank\" rel=\"noopener noreferrer\">Administra\u00e7\u00e3o Regional de Sa\u00fade do Norte, I.P.<\/a><\/td>\n<\/tr>\n<tr class=\"row-19\">\n\t<td class=\"column-1\">Entidades Reguladoras<\/td><td class=\"column-2\"><a href=\"http:\/\/www.dgs.pt\/\" target=\"_blank\" rel=\"noopener noreferrer\">DGS - Direc\u00e7\u00e3o Geral de Sa\u00fade<\/a><\/td>\n<\/tr>\n<tr class=\"row-20\">\n\t<td class=\"column-1\">Entidades Reguladoras<\/td><td class=\"column-2\"><a href=\"http:\/\/www.cnecv.pt\/\" target=\"_blank\" rel=\"noopener noreferrer\">Conselho Nacional de \u00c9tica para as Ci\u00eancias da Vida<\/a><\/td>\n<\/tr>\n<tr class=\"row-21\">\n\t<td class=\"column-1\">Farm\u00e1cias<\/td><td class=\"column-2\"><a href=\"http:\/\/www.portaldasfarmacias.com\/\" target=\"_blank\" rel=\"noopener noreferrer\">AFP - Associa\u00e7\u00e3o de Farm\u00e1cias de Portugal<\/a><\/td>\n<\/tr>\n<tr class=\"row-22\">\n\t<td class=\"column-1\">Farm\u00e1cias<\/td><td class=\"column-2\"><a href=\"http:\/\/www.apifarma.pt\" target=\"_blank\" rel=\"noopener noreferrer\">Associa\u00e7\u00e3o Portuguesa da Ind\u00fastria Farmac\u00eautica<\/a><\/td>\n<\/tr>\n<tr class=\"row-23\">\n\t<td class=\"column-1\">Farm\u00e1cias<\/td><td class=\"column-2\"><a href=\"http:\/\/www.anf.pt\" target=\"_blank\" rel=\"noopener noreferrer\">ANF - Associa\u00e7\u00e3o Nacional de Farm\u00e1cias<\/a><\/td>\n<\/tr>\n<tr class=\"row-24\">\n\t<td class=\"column-1\">Farm\u00e1cias<\/td><td class=\"column-2\"><a href=\"http:\/\/www.grupo-holon.pt\/\" target=\"_blank\" rel=\"noopener noreferrer\">Grupo Holon - Farm\u00e1cias Holon<\/a><\/td>\n<\/tr>\n<tr class=\"row-25\">\n\t<td class=\"column-1\">Farm\u00e1cias<\/td><td class=\"column-2\"><a href=\"http:\/\/farmacias.sapo.pt\/\" target=\"_blank\" rel=\"noopener noreferrer\">Farm\u00e1cias de servi\u00e7o<\/a><\/td>\n<\/tr>\n<tr class=\"row-26\">\n\t<td class=\"column-1\">Federa\u00e7\u00f5es<\/td><td class=\"column-2\"><a href=\"http:\/\/wfmh.com\/\" target=\"_blank\" rel=\"noopener noreferrer\">Federa\u00e7\u00e3o Mundial para a Sa\u00fade Mental<\/a><\/td>\n<\/tr>\n<tr class=\"row-27\">\n\t<td class=\"column-1\">Funda\u00e7\u00f5es<\/td><td class=\"column-2\"><a href=\"http:\/\/www.fundacao.telecom.pt\/\" target=\"_blank\" rel=\"noopener noreferrer\">Funda\u00e7\u00e3o Portugal Telecom<\/a><\/td>\n<\/tr>\n<tr class=\"row-28\">\n\t<td class=\"column-1\">Funda\u00e7\u00f5es<\/td><td class=\"column-2\"><a href=\"http:\/\/www.fchampalimaud.org\/\" target=\"_blank\" rel=\"noopener noreferrer\">Funda\u00e7\u00e3o Champalimaud<\/a><\/td>\n<\/tr>\n<tr class=\"row-29\">\n\t<td class=\"column-1\">Funda\u00e7\u00f5es<\/td><td class=\"column-2\"><a href=\"http:\/\/www.vodafone.pt\/main\/a+vodafone\/pt\/fundacao\/projectosiniciativas\/saude\/\" target=\"_blank\" rel=\"noopener noreferrer\">Funda\u00e7\u00e3o Vodafone Portugal<\/a><\/td>\n<\/tr>\n<tr class=\"row-30\">\n\t<td class=\"column-1\">Funda\u00e7\u00f5es<\/td><td class=\"column-2\"><a href=\"https:\/\/gulbenkian.pt\/\" target=\"_blank\" rel=\"noopener noreferrer\">Funda\u00e7\u00e3o Calouste Gulbenkian<\/a><\/td>\n<\/tr>\n<tr class=\"row-31\">\n\t<td class=\"column-1\">Funda\u00e7\u00f5es<\/td><td class=\"column-2\"><a href=\"http:\/\/www.fsns.pt\/\" target=\"_blank\" rel=\"noopener noreferrer\">Funda\u00e7\u00e3o para a Sa\u00fade do SNS<\/a><\/td>\n<\/tr>\n<tr class=\"row-32\">\n\t<td class=\"column-1\">Funda\u00e7\u00f5es<\/td><td class=\"column-2\"><a href=\"https:\/\/www.bial.com\/pt\/fundacao_bial.11\/a_fundacao.15\/a_fundacao.a36.html\" target=\"_blank\" rel=\"noopener noreferrer\">Funda\u00e7\u00e3o Bial<\/a><\/td>\n<\/tr>\n<tr class=\"row-33\">\n\t<td class=\"column-1\">Informa\u00e7\u00e3o Medicamentos<\/td><td class=\"column-2\"><a href=\"https:\/\/extranet.infarmed.pt\/INFOMED-fo\/\" target=\"_blank\" rel=\"noopener noreferrer\">Infomed - Base de dados de medicamentos<\/a><\/td>\n<\/tr>\n<tr class=\"row-34\">\n\t<td class=\"column-1\">Institui\u00e7\u00e3o Humanit\u00e1ria<\/td><td class=\"column-2\"><a href=\"http:\/\/www.cruzvermelha.pt\/\" target=\"_blank\" rel=\"noopener noreferrer\">Cruz Vermelha<\/a><\/td>\n<\/tr>\n<tr class=\"row-35\">\n\t<td class=\"column-1\">Ligas<\/td><td class=\"column-2\"><a href=\"http:\/\/www.epilepsia.pt\/\" target=\"_blank\" rel=\"noopener noreferrer\">Liga Portuguesa Contra A Epilepsia<\/a><\/td>\n<\/tr>\n<tr class=\"row-36\">\n\t<td class=\"column-1\">Ordens Profissionais<\/td><td class=\"column-2\"><a href=\"http:\/\/www.ordemdosnutricionistas.pt\/\" target=\"_blank\" rel=\"noopener noreferrer\">Ordem dos Nutricionistas<\/a><\/td>\n<\/tr>\n<tr class=\"row-37\">\n\t<td class=\"column-1\">Ordens Profissionais<\/td><td class=\"column-2\"><a href=\"http:\/\/www.ordemdospsicologos.pt\" target=\"_blank\" rel=\"noopener noreferrer\">Ordem dos Psic\u00f3logos<\/a><\/td>\n<\/tr>\n<tr class=\"row-38\">\n\t<td class=\"column-1\">Ordens Profissionais<\/td><td class=\"column-2\"><a href=\"http:\/\/www.ordemenfermeiros.pt\" target=\"_blank\" rel=\"noopener noreferrer\">Ordem dos Enfermeiros<\/a><\/td>\n<\/tr>\n<tr class=\"row-39\">\n\t<td class=\"column-1\">Ordens Profissionais<\/td><td class=\"column-2\"><a href=\"http:\/\/www.ordemfarmaceuticos.pt\" target=\"_blank\" rel=\"noopener noreferrer\">Ordem dos Farmac\u00eauticos<\/a><\/td>\n<\/tr>\n<tr class=\"row-40\">\n\t<td class=\"column-1\">Ordens Profissionais<\/td><td class=\"column-2\"><a href=\"http:\/\/www.ordemdosmedicos.pt\" target=\"_blank\" rel=\"noopener noreferrer\">Ordem dos M\u00e9dicos<\/a><\/td>\n<\/tr>\n<tr class=\"row-41\">\n\t<td class=\"column-1\">Organiza\u00e7\u00f5es<\/td><td class=\"column-2\"><a href=\"http:\/\/www.who.int\/wer\/en\/\" target=\"_blank\" rel=\"noopener noreferrer\">Organiza\u00e7\u00e3o Mundial de Sa\u00fade<\/a><\/td>\n<\/tr>\n<tr class=\"row-42\">\n\t<td class=\"column-1\">Organiza\u00e7\u00f5es<\/td><td class=\"column-2\"><a href=\"http:\/\/www.who.int\/eportuguese\/countries\/prt\/pt\/\" target=\"_blank\" rel=\"noopener noreferrer\">OMS \u2013 Organiza\u00e7\u00e3o Mundial de Sa\u00fade<\/a><\/td>\n<\/tr>\n<tr class=\"row-43\">\n\t<td class=\"column-1\">Publica\u00e7\u00f5es<\/td><td class=\"column-2\"><a href=\"http:\/\/jamanetwork.com\/\" target=\"_blank\" rel=\"noopener noreferrer\">The Journal of the American Medical Association<\/a><\/td>\n<\/tr>\n<tr class=\"row-44\">\n\t<td class=\"column-1\">Publica\u00e7\u00f5es<\/td><td class=\"column-2\"><a href=\"http:\/\/www.revistasauda.pt\/\" target=\"_blank\" rel=\"noopener noreferrer\">Revista Sa\u00fada<\/a><\/td>\n<\/tr>\n<tr class=\"row-45\">\n\t<td class=\"column-1\">Publica\u00e7\u00f5es<\/td><td class=\"column-2\"><a href=\"https:\/\/www.elsevier.com\/\" target=\"_blank\" rel=\"noopener noreferrer\">Elsevier<\/a><\/td>\n<\/tr>\n<tr class=\"row-46\">\n\t<td class=\"column-1\">Publica\u00e7\u00f5es<\/td><td class=\"column-2\"><a href=\"http:\/\/www.thelancet.com\/\" target=\"_blank\" rel=\"noopener noreferrer\">The Lancet<\/a><\/td>\n<\/tr>\n<tr class=\"row-47\">\n\t<td class=\"column-1\">Publica\u00e7\u00f5es<\/td><td class=\"column-2\"><a href=\"http:\/\/www.actamedicaportuguesa.com\/\" target=\"_blank\" rel=\"noopener noreferrer\">Acta M\u00e9dica Portuguesa<\/a><\/td>\n<\/tr>\n<tr class=\"row-48\">\n\t<td class=\"column-1\">Publica\u00e7\u00f5es<\/td><td class=\"column-2\"><a href=\"http:\/\/www.nature.com\/\" target=\"_blank\" rel=\"noopener noreferrer\">Nature<\/a><\/td>\n<\/tr>\n<tr class=\"row-49\">\n\t<td class=\"column-1\">Publica\u00e7\u00f5es<\/td><td class=\"column-2\"><a href=\"http:\/\/www.bmj.com\/\" target=\"_blank\" rel=\"noopener noreferrer\">British Medical Journal<\/a><\/td>\n<\/tr>\n<tr class=\"row-50\">\n\t<td class=\"column-1\">Publica\u00e7\u00f5es<\/td><td class=\"column-2\"><a href=\"https:\/\/www.ncbi.nlm.nih.gov\/\" target=\"_blank\" rel=\"noopener noreferrer\">Pubmed<\/a><\/td>\n<\/tr>\n<tr class=\"row-51\">\n\t<td class=\"column-1\">Publica\u00e7\u00f5es<\/td><td class=\"column-2\"><a href=\"http:\/\/www.nejm.org\/\" target=\"_blank\" rel=\"noopener noreferrer\">The New England Journal of Medicine<\/a><\/td>\n<\/tr>\n<tr class=\"row-52\">\n\t<td class=\"column-1\">Servi\u00e7o Nacional de Sa\u00fade<\/td><td class=\"column-2\"><a href=\"https:\/\/www.sns24.gov.pt\/\" target=\"_blank\" rel=\"noopener noreferrer\">Sa\u00fade 24<\/a><\/td>\n<\/tr>\n<tr class=\"row-53\">\n\t<td class=\"column-1\">Servi\u00e7o Nacional de Sa\u00fade<\/td><td class=\"column-2\"><a href=\"http:\/\/ipst.pt\/\" target=\"_blank\" rel=\"noopener noreferrer\">Instituto Portugu\u00eas do Sangue, IP<\/a><\/td>\n<\/tr>\n<tr class=\"row-54\">\n\t<td class=\"column-1\">Servi\u00e7o Nacional de Sa\u00fade<\/td><td class=\"column-2\"><a href=\"http:\/\/www.inem.pt\/\" target=\"_blank\" rel=\"noopener noreferrer\">INEM - Instituto Nacional de Emerg\u00eancia M\u00e9dica, IP<\/a><\/td>\n<\/tr>\n<tr class=\"row-55\">\n\t<td class=\"column-1\">Servi\u00e7o Nacional de Sa\u00fade<\/td><td class=\"column-2\"><a href=\"https:\/\/www.sns.gov.pt\/\" target=\"_blank\" rel=\"noopener noreferrer\">Portal do SNS<\/a><\/td>\n<\/tr>\n<tr class=\"row-56\">\n\t<td class=\"column-1\">Servi\u00e7o Nacional de Sa\u00fade<\/td><td class=\"column-2\"><a href=\"https:\/\/servicos.min-saude.pt\" target=\"_blank\" rel=\"noopener noreferrer\">Portal do Utente<\/a><\/td>\n<\/tr>\n<tr class=\"row-57\">\n\t<td class=\"column-1\">Servi\u00e7o Nacional de Sa\u00fade<\/td><td class=\"column-2\"><a href=\"http:\/\/www.pnvihsida.dgs.pt\/\" target=\"_blank\" rel=\"noopener noreferrer\">Coordena\u00e7\u00e3o Nacional para a infec\u00e7\u00e3o VIH<\/a><\/td>\n<\/tr>\n<tr class=\"row-58\">\n\t<td class=\"column-1\">Servi\u00e7o Nacional de Sa\u00fade<\/td><td class=\"column-2\"><a href=\"http:\/\/www.portaldasaude.pt\/\" target=\"_blank\" rel=\"noopener noreferrer\">Portal da Sa\u00fade - Minist\u00e9rio da Sa\u00fade<\/a><\/td>\n<\/tr>\n<tr class=\"row-59\">\n\t<td class=\"column-1\">Servi\u00e7o Nacional de Sa\u00fade<\/td><td class=\"column-2\"><a href=\"http:\/\/www.insa.pt\/\" target=\"_blank\" rel=\"noopener noreferrer\">INSA - Instituto Nacional de Sa\u00fade Dr. Ricardo Jorge, IP<\/a><\/td>\n<\/tr>\n<tr class=\"row-60\">\n\t<td class=\"column-1\">Servi\u00e7o Nacional de Sa\u00fade<\/td><td class=\"column-2\"><a href=\"http:\/\/www.dgs.pt\" target=\"_blank\" rel=\"noopener noreferrer\">Direc\u00e7\u00e3o Geral da Sa\u00fade<\/a><\/td>\n<\/tr>\n<tr class=\"row-61\">\n\t<td class=\"column-1\">Servi\u00e7o Nacional de Sa\u00fade<\/td><td class=\"column-2\"><a href=\"http:\/\/www.idt.pt\" target=\"_blank\" rel=\"noopener noreferrer\">IDT - Instituto da Droga e da Toxicodepend\u00eancia, IP<\/a><\/td>\n<\/tr>\n<tr class=\"row-62\">\n\t<td class=\"column-1\">Sociedade Cient\u00edfica<\/td><td class=\"column-2\"><a href=\"http:\/\/www.spneurologia.com\/\" target=\"_blank\" rel=\"noopener noreferrer\">Sociedade Portuguesa de Neurologia<\/a><\/td>\n<\/tr>\n<tr class=\"row-63\">\n\t<td class=\"column-1\">Sociedade Cient\u00edfica<\/td><td class=\"column-2\"><a href=\"http:\/\/www.spg.pt\/\" target=\"_blank\" rel=\"noopener noreferrer\">Sociedade Portuguesa de Gastrenterologia<\/a><\/td>\n<\/tr>\n<tr class=\"row-64\">\n\t<td class=\"column-1\">Sociedades Cient\u00edficas<\/td><td class=\"column-2\"><a href=\"http:\/\/www.spnc.pt\/\" target=\"_blank\" rel=\"noopener noreferrer\">Sociedade Portuguesa de Neurocirurgia<\/a><\/td>\n<\/tr>\n<tr class=\"row-65\">\n\t<td class=\"column-1\">Sociedades Cient\u00edficas<\/td><td class=\"column-2\"><a href=\"http:\/\/www.spp.pt\/\" target=\"_blank\" rel=\"noopener noreferrer\">Sociedade Portuguesa de Pediatria<\/a><\/td>\n<\/tr>\n<tr class=\"row-66\">\n\t<td class=\"column-1\">Sociedades Cient\u00edficas<\/td><td class=\"column-2\"><a href=\"http:\/\/www.spot.pt\" target=\"_blank\" rel=\"noopener noreferrer\">SPOT - Sociedade Portuguesa de Ortopedia e Traumatologia<\/a><\/td>\n<\/tr>\n<tr class=\"row-67\">\n\t<td class=\"column-1\">Sociedades Cient\u00edficas<\/td><td class=\"column-2\"><a href=\"http:\/\/www.spneurologia.com\/\" target=\"_blank\" rel=\"noopener noreferrer\">Sociedade Portuguesa de Neurologia<\/a><\/td>\n<\/tr>\n<tr class=\"row-68\">\n\t<td class=\"column-1\">Sociedades Cient\u00edficas<\/td><td class=\"column-2\"><a href=\"http:\/\/www.sppsm.org\/\" target=\"_blank\" rel=\"noopener noreferrer\">Sociedade Portuguesa de Psiquiatria e Sa\u00fade Mental<\/a><\/td>\n<\/tr>\n<tr class=\"row-69\">\n\t<td class=\"column-1\">Sociedades Cient\u00edficas<\/td><td class=\"column-2\"><a href=\"http:\/\/www.spreumatologia.pt\/\" target=\"_blank\" rel=\"noopener noreferrer\">Sociedade Portuguesa de Reumatologia<\/a><\/td>\n<\/tr>\n<tr class=\"row-70\">\n\t<td class=\"column-1\">Sociedades Cient\u00edficas<\/td><td class=\"column-2\"><a href=\"http:\/\/www.spn.org.pt\/\" target=\"_blank\" rel=\"noopener noreferrer\">Sociedade Portuguesa de Neuroci\u00eancias<\/a><\/td>\n<\/tr>\n<tr class=\"row-71\">\n\t<td class=\"column-1\">Sociedades Cient\u00edficas<\/td><td class=\"column-2\"><a href=\"http:\/\/www.spmfr.org\/\" target=\"_blank\" rel=\"noopener noreferrer\">Sociedade Portuguesa de Medicina F\u00edsica e Reabilita\u00e7\u00e3o<\/a><\/td>\n<\/tr>\n<tr class=\"row-72\">\n\t<td class=\"column-1\">Sociedades Cient\u00edficas<\/td><td class=\"column-2\"><a href=\"http:\/\/www.spv.pt\/\" target=\"_blank\" rel=\"noopener noreferrer\">Sociedade Portuguesa de Virologia<\/a><\/td>\n<\/tr>\n<tr class=\"row-73\">\n\t<td class=\"column-1\">Sociedades Cient\u00edficas<\/td><td class=\"column-2\"><a href=\"http:\/\/www.spavc.org\/\" target=\"_blank\" rel=\"noopener noreferrer\">Sociedade Portuguesa do AVC<\/a><\/td>\n<\/tr>\n<tr class=\"row-74\">\n\t<td class=\"column-1\">Sociedades Cient\u00edficas<\/td><td class=\"column-2\"><a href=\"http:\/\/neuropediatria.pt\/\" target=\"_blank\" rel=\"noopener noreferrer\">Sociedade Portuguesa de Neuropediatria<\/a><\/td>\n<\/tr>\n<tr class=\"row-75\">\n\t<td class=\"column-1\">Sociedades Cient\u00edficas<\/td><td class=\"column-2\"><a href=\"http:\/\/www.apogen.pt\/\" target=\"_blank\" rel=\"noopener noreferrer\">APOGEN \u2013 Associa\u00e7\u00e3o Portuguesa de Medicamentos Gen\u00e9ricos<\/a><\/td>\n<\/tr>\n<tr class=\"row-76\">\n\t<td class=\"column-1\">Sociedades Cient\u00edficas<\/td><td class=\"column-2\"><a href=\"http:\/\/www.cefaleias-spc.com\/\" target=\"_blank\" rel=\"noopener noreferrer\">Sociedade Portuguesa de Cefaleias<\/a><\/td>\n<\/tr>\n<\/tbody>\n<\/table>\n<span id=\"tablepress-4-description\" class=\"tablepress-table-description tablepress-table-description-id-4\">Lista de entidades ligadas \u00e0 \u00e1rea da sa\u00fade. Entidades estatais e privadas, institui\u00e7\u00f5es reguladoras, associa\u00e7\u00f5es, ordens profissionais, publica\u00e7\u00f5es relevantes entre outras.<\/span>\n<!-- #tablepress-4 from cache -->[\/vc_column_text][\/vc_column][\/vc_row]<\/p>\n<\/div>","protected":false},"excerpt":{"rendered":"<p>[vc_row textcolor=&#8221;white&#8221; css=&#8221;.vc_custom_1673295637976{margin-top: -60px !important;padding-top: 70px !important;padding-bottom: 15px !important;background-color: #70c2b4 !important;}&#8221;][vc_column][\/vc_column][\/vc_row][vc_row][vc_column][vc_column_text][\/vc_column_text][\/vc_column][\/vc_row]<\/p>\n","protected":false},"author":1,"featured_media":0,"parent":0,"menu_order":0,"comment_status":"closed","ping_status":"closed","template":"","meta":{"footnotes":""},"folder":[659],"class_list":["post-3253","page","type-page","status-publish","hentry"],"_links":{"self":[{"href":"https:\/\/clinicamedicadoporto.pt\/staging\/wp-json\/wp\/v2\/pages\/3253","targetHints":{"allow":["GET"]}}],"collection":[{"href":"https:\/\/clinicamedicadoporto.pt\/staging\/wp-json\/wp\/v2\/pages"}],"about":[{"href":"https:\/\/clinicamedicadoporto.pt\/staging\/wp-json\/wp\/v2\/types\/page"}],"author":[{"embeddable":true,"href":"https:\/\/clinicamedicadoporto.pt\/staging\/wp-json\/wp\/v2\/users\/1"}],"replies":[{"embeddable":true,"href":"https:\/\/clinicamedicadoporto.pt\/staging\/wp-json\/wp\/v2\/comments?post=3253"}],"version-history":[{"count":0,"href":"https:\/\/clinicamedicadoporto.pt\/staging\/wp-json\/wp\/v2\/pages\/3253\/revisions"}],"wp:attachment":[{"href":"https:\/\/clinicamedicadoporto.pt\/staging\/wp-json\/wp\/v2\/media?parent=3253"}],"wp:term":[{"taxonomy":"folder","embeddable":true,"href":"https:\/\/clinicamedicadoporto.pt\/staging\/wp-json\/wp\/v2\/folder?post=3253"}],"curies":[{"name":"wp","href":"https:\/\/api.w.org\/{rel}","templated":true}]}}