{"id":1760,"date":"2014-07-18T10:29:34","date_gmt":"2014-07-18T10:29:34","guid":{"rendered":"https:\/\/clinicamedicadoporto.pt\/staging\/?page_id=1760"},"modified":"2025-08-01T16:47:31","modified_gmt":"2025-08-01T15:47:31","slug":"acerca-da-clinica-medica-do-porto","status":"publish","type":"page","link":"https:\/\/clinicamedicadoporto.pt\/staging\/acerca-da-clinica-medica-do-porto\/","title":{"rendered":"Acerca da Cl\u00ednica M\u00e9dica do Porto"},"content":{"rendered":"<div class=\"wpb-content-wrapper\"><p>[vc_row bgcolor=&#8221;white&#8221; paddingtop=&#8221;40px&#8221; contentalign=&#8221;center&#8221; rowwidth=&#8221;default&#8221; bgimageposition=&#8221;fixed&#8221; bgprecolor=&#8221;skin&#8221; css=&#8221;.vc_custom_1546017082884{padding-bottom: 0px !important;}&#8221;][vc_column css=&#8221;.vc_custom_1544274888414{padding-top: 2px !important;}&#8221;][vc_row_inner][vc_column_inner][vc_column_text css=&#8221;.vc_custom_1616241866772{padding-right: 10px !important;padding-left: 10px !important;}&#8221;]<\/p>\n<h3 class=\"special-h3\" style=\"text-align: center\"><span style=\"color: #70c2b4\">A vis\u00e3o da Cl\u00ednica M\u00e9dica do Porto traduz-se na miss\u00e3o de responder de forma assertiva, hol\u00edstica e integrada aos desafios de Sa\u00fade dos nossos pacientes. Estes s\u00e3o os nossos princ\u00edpios.<\/span><\/h3>\n<p>[\/vc_column_text][\/vc_column_inner][\/vc_row_inner][vc_row_inner][vc_column_inner width=&#8221;1\/4&#8243;][vc_icon type=&#8221;typicons&#8221; icon_typicons=&#8221;typcn typcn-chart-pie-outline&#8221; color=&#8221;custom&#8221; size=&#8221;xl&#8221; align=&#8221;center&#8221; css_animation=&#8221;top-to-bottom&#8221; custom_color=&#8221;#70c2b4&#8243;][vc_column_text css=&#8221;&#8221;]<\/p>\n<div class=\"kwayy-servicebox-title-wrapper\">\n<h2 class=\"kwayy-servicebox-title\" style=\"text-align: center\">DEFENDEMOS UMA MEDICINA INCLUSIVA<\/h2>\n<p style=\"text-align: center\">Uma Medicina integrada cujo ponto de partida \u00e9 a vis\u00e3o hol\u00edstica do ser humano e do conhecimento<\/p>\n<\/div>\n<p>[\/vc_column_text][\/vc_column_inner][vc_column_inner width=&#8221;1\/4&#8243;][vc_icon type=&#8221;typicons&#8221; icon_typicons=&#8221;typcn typcn-cog-outline&#8221; color=&#8221;custom&#8221; size=&#8221;xl&#8221; align=&#8221;center&#8221; css_animation=&#8221;top-to-bottom&#8221; custom_color=&#8221;#70c2b4&#8243;][vc_column_text css=&#8221;&#8221;]<\/p>\n<div class=\"kwayy-servicebox-title-wrapper\">\n<h2 class=\"kwayy-servicebox-title\" style=\"text-align: center\">DEFENDEMOS UMA MEDICINA QUE RECONHECE O PROGRESSO DA CI\u00caNCIA<\/h2>\n<p style=\"text-align: center\">Uma Medicina que valoriza os m\u00e9ritos e benef\u00edcios que adv\u00eam do progresso tecnol\u00f3gico.<\/p>\n<\/div>\n<p>[\/vc_column_text][\/vc_column_inner][vc_column_inner width=&#8221;1\/4&#8243;][vc_icon type=&#8221;typicons&#8221; icon_typicons=&#8221;typcn typcn-directions&#8221; color=&#8221;custom&#8221; size=&#8221;xl&#8221; align=&#8221;center&#8221; css_animation=&#8221;top-to-bottom&#8221; custom_color=&#8221;#70c2b4&#8243;][vc_column_text css=&#8221;&#8221;]<\/p>\n<div class=\"kwayy-servicebox-title-wrapper\">\n<h2 class=\"kwayy-servicebox-title\" style=\"text-align: center\">DEFENDEMOS UMA MEDICINA HUMILDE<\/h2>\n<p style=\"text-align: center\">Uma Medicina sem preconceitos, que n\u00e3o desconsidera o conhecimento m\u00e9dico e terap\u00eautico de outras culturas com diferentes linhas de pensamento.<\/p>\n<\/div>\n<p>[\/vc_column_text][\/vc_column_inner][vc_column_inner width=&#8221;1\/4&#8243;][vc_icon type=&#8221;typicons&#8221; icon_typicons=&#8221;typcn typcn-arrow-minimise-outline&#8221; color=&#8221;custom&#8221; size=&#8221;xl&#8221; align=&#8221;center&#8221; css_animation=&#8221;top-to-bottom&#8221; custom_color=&#8221;#70c2b4&#8243;][vc_column_text css=&#8221;&#8221;]<\/p>\n<div class=\"kwayy-servicebox-title-wrapper\">\n<h2 class=\"kwayy-servicebox-title\" style=\"text-align: center\">DEFENDEMOS UMA S\u00d3 MEDICINA<\/h2>\n<p style=\"text-align: center\">Aquela que devolve a sa\u00fade resolvendo a doen\u00e7a<\/p>\n<\/div>\n<p>[\/vc_column_text][\/vc_column_inner][\/vc_row_inner][\/vc_column][\/vc_row][vc_row bgcolor=&#8221;white&#8221; contentalign=&#8221;default&#8221; rowwidth=&#8221;default&#8221; bgimageposition=&#8221;fixed&#8221; bgprecolor=&#8221;skin&#8221;][vc_column][vc_tta_accordion style=&#8221;flat&#8221; color=&#8221;skincolor&#8221; gap=&#8221;5&#8243; c_icon=&#8221;chevron&#8221; active_section=&#8221;-52&#8243; collapsible_all=&#8221;true&#8221; css=&#8221;.vc_custom_1690299933923{background-color: rgba(139,193,187,0.17) !important;*background-color: rgb(139,193,187) !important;}&#8221;][vc_tta_section title=&#8221;Vis\u00e3o Hol\u00edstica da Sa\u00fade e do Bem-estar&#8221; tab_id=&#8221;1473331288392-0b9606cf-98bb&#8221;][vc_column_text css_animation=&#8221;none&#8221;]A complexidade dos organismos vivos e em particular do ser humano, \u00e9 de tal ordem harmoniosa que este \u00e9 capaz de sinalizar o mais insignificante desequil\u00edbrio no funcionamento dos seus sistemas funcionais e vegetativos. A esse estado de desequil\u00edbrio, fomos habituados a chamar (correctamente) de doen\u00e7a.<\/p>\n<p>Infelizmente, frequentemente perdidos na confus\u00e3o dos nossos dias atribulados, nem sempre conseguimos escutar os sinais que nos s\u00e3o enviados pelo corpo (ou escutamos, mas optamos por ignor\u00e1-los ou desmerecer o seu valor).<\/p>\n<p><strong>A acrescer a essa situa\u00e7\u00e3o, quando experienciamos o tal estado de doen\u00e7a, na maioria das vezes, adoptamos a op\u00e7\u00e3o do tratamento sintomatol\u00f3gico ao inv\u00e9s de procurar a causa do desequil\u00edbrio, o que em \u00faltima an\u00e1lise resulta na gera\u00e7\u00e3o de padr\u00f5es de repeti\u00e7\u00e3o de doen\u00e7a, que teimam em prejudicar a nossa qualidade de vida.<\/strong><\/p>\n<p>Na Cl\u00ednica M\u00e9dica do Porto pretendemos corrigir esta abordagem. Desde logo estimulando a adop\u00e7\u00e3o de comportamentos e estilos de vida capazes de promover a sa\u00fade e evitar a doen\u00e7a, mas ainda assim, por muito que o corpo seja perfeito (ou bem tratado), as agress\u00f5es s\u00e3o tantas e de tamanha magnitude, que se torna imposs\u00edvel evitar a patologia. Nesse caso, o foco da nossa preocupa\u00e7\u00e3o \u00e9 a causa subjacente \u00e0 sintomatologia, pois acreditamos que esse \u00e9 o caminho mais r\u00e1pido e eficaz para a recupera\u00e7\u00e3o do bem-estar do paciente.[\/vc_column_text][\/vc_tta_section][vc_tta_section title=&#8221;Servi\u00e7o de Sa\u00fade Assente na Integra\u00e7\u00e3o Terap\u00eautica&#8221; tab_id=&#8221;1473331288946-fc5dc94a-2e69&#8243;][vc_column_text css_animation=&#8221;none&#8221;]Acreditamos firmemente que juntos n\u00e3o somos apenas mais (+) de um ponto de vista meramente quantitativo, mas somos tamb\u00e9m e essencialmente, melhores e mais eficientes.<\/p>\n<p><strong>Juntar as compet\u00eancias dos profissionais que comp\u00f5em a equipa da Cl\u00ednica M\u00e9dica do Porto, n\u00e3o resulta somente numa soma alg\u00e9brica do seu potencial, mas de acordo com a nossa experi\u00eancia, na cria\u00e7\u00e3o de um potencial sin\u00e9rgico que em \u00faltima inst\u00e2ncia transmitimos aos nossos pacientes.<\/strong><\/p>\n<p>Nesse sentido, procuramos agregar \u00e0 nossa equipa os melhores profissionais em cada \u00e1rea &#8211; os melhores especialistas m\u00e9dicos, os melhores especialistas t\u00e9cnicos, e os melhores terapeutas.<\/p>\n<p>Depois entregamos, na expectativa de que a confian\u00e7a de que cada um ocupa um lugar pr\u00f3prio num plano maior do que a sua individualidade e a consci\u00eancia das suas capacidades e respectivos limites, permita estimular a partilha da informa\u00e7\u00e3o e do conhecimento em prol da recupera\u00e7\u00e3o da sa\u00fade do paciente.[\/vc_column_text][\/vc_tta_section][vc_tta_section title=&#8221;Respostas Terap\u00eauticas Assertivas&#8221; tab_id=&#8221;1473331289522-649a121f-9b66&#8243;][vc_column_text css_animation=&#8221;none&#8221;]Estar doente \u00e9 certamente uma das piores experi\u00eancias do ser humano.<\/p>\n<p>Sabemos que os per\u00edodos de doen\u00e7a acarretam n\u00e3o somente uma enorme carga f\u00edsica, mas tamb\u00e9m psicol\u00f3gica para todos os envolvidos, paciente, fam\u00edlia ou amigos.<\/p>\n<p>Na Cl\u00ednica M\u00e9dica do Porto, reconhecemos essa circunst\u00e2ncia adversa e promovemos para que a experi\u00eancia seja o menos dolorosa poss\u00edvel.<\/p>\n<p><strong>Por isso colocamos ao seu dispor um conjunto diverso de especialistas &#8211; para que, mesmo em casos mais complexos, possa de forma f\u00e1cil e r\u00e1pida, aceder a uma segunda ou mesmo terceira opini\u00e3o, por diversos especialistas, e\/ou em diferentes \u00e1reas da sa\u00fade.<\/strong>[\/vc_column_text][\/vc_tta_section][vc_tta_section title=&#8221;Promover a Educa\u00e7\u00e3o em Sa\u00fade&#8221; tab_id=&#8221;1473331290111-0bd2662b-fa3e&#8221;][vc_column_text css_animation=&#8221;none&#8221;]O sucesso de uma estrat\u00e9gia terap\u00eautica poder\u00e1 medir-se pelo resultado de uma complexa equa\u00e7\u00e3o, dependente de um vasto conjunto de factores. De entre essa diversidade de vari\u00e1veis, talvez as mais vis\u00edveis sejam o conhecimento e a compet\u00eancia do especialista, bem como simultaneamente os meios colocados ao seu dispor.<\/p>\n<p>Mas desta f\u00f3rmula n\u00e3o se pode excluir a contribui\u00e7\u00e3o do paciente. A sua energia, e o empenho dedicado \u00e0 recupera\u00e7\u00e3o da doen\u00e7a, s\u00e3o determinantes fundamentais para o seu processo de cura.<\/p>\n<p><strong>Da consci\u00eancia de que o resultado do trabalho de qualquer cl\u00ednico \u00e9 inevitavelmente limitado porque est\u00e1 em grande medida dependente do comportamento e das escolhas de cada um, surgiu a necessidade de estender \u201ca terap\u00eautica\u201d para al\u00e9m das quatro paredes do consult\u00f3rio.<\/strong><\/p>\n<p>Por esse motivo realizamos regularmente eventos, workshops e forma\u00e7\u00e3o na \u00e1rea da sa\u00fade e desenvolvimento pessoal, onde disponibilizamos um conjunto de t\u00e9cnicas e ferramentas que acreditamos poderem contribuir de forma activa para a recupera\u00e7\u00e3o sa\u00fade e promo\u00e7\u00e3o do bem-estar do indiv\u00edduo.[\/vc_column_text][\/vc_tta_section][\/vc_tta_accordion][\/vc_column][\/vc_row][vc_row bgcolor=&#8221;white&#8221; paddingtop=&#8221;40px&#8221; contentalign=&#8221;center&#8221; rowwidth=&#8221;default&#8221; bgimageposition=&#8221;fixed&#8221; bgprecolor=&#8221;skin&#8221; css=&#8221;.vc_custom_1690299912297{padding-top: 0px !important;padding-bottom: 0px !important;}&#8221;][vc_column css=&#8221;.vc_custom_1544274888414{padding-top: 2px !important;}&#8221;][vc_row_inner][vc_column_inner][vc_column_text css=&#8221;.vc_custom_1678121901409{padding-right: 10px !important;padding-left: 10px !important;}&#8221;]<\/p>\n<h3 class=\"special-h3\" style=\"text-align: center\"><span style=\"color: #70c2b4\">A Miss\u00e3o da Cl\u00ednica M\u00e9dica do Porto<\/span><\/h3>\n<p>[\/vc_column_text][\/vc_column_inner][\/vc_row_inner][vc_row_inner][vc_column_inner][vc_column_text]<\/p>\n<p class=\"p1\" style=\"text-align: center;line-height: 1.3;font-size: 150%;font-weight: 600;padding: 0 5% 0 5%;color: #70c2b499\">Reunir num s\u00f3 espa\u00e7o cl\u00ednicos e especialidades cl\u00ednicas diversas, respeitando a universalidade da medicina nas suas diferentes vertentes sociol\u00f3gicas e culturais, dando a possibilidade ao utente de escolher a terap\u00eautica mais adequada \u00e0 sua condi\u00e7\u00e3o, procurando maximizar o resultado terap\u00eautico com o menor risco.<\/p>\n<p class=\"p1\" style=\"text-align: center;line-height: 1.3;font-size: 150%;font-weight: 600;padding: 0 5% 0 5%;color: #70c2b499\">Providenciar um ambiente justo e seguro onde os colaboradores tenham autonomia e espa\u00e7o para crescer profissionalmente, simultaneamente apoiando os cl\u00ednicos que confiam na Cl\u00ednica M\u00e9dica do Porto para amplificar a comunica\u00e7\u00e3o dos seus servi\u00e7os ajudando-os a servir melhor aqueles que nos procuram.<\/p>\n<p>[\/vc_column_text][\/vc_column_inner][\/vc_row_inner][vc_empty_space height=&#8221;50px&#8221;][\/vc_column][\/vc_row][vc_row][vc_column][vc_empty_space height=&#8221;50px&#8221;]\n\t<div class=\"kwayy-team-wrapper kwayy-effect-carousel kwayy-items-col-five kwayy-carousel-col-five\" data-autoplay=\"1\" data-autoplayspeed=\"800\" data-autoplaytimeout=\"4500\" data-loop=\"1\"><div class=\" kwayy-items-wrapper kwayy-carousel-items-wrapper\">\n\t<div class=\"kwayy-team-box \"><div class=\"kwayy-team-img\"><a class=\"tm-team-imglink\" href=\"https:\/\/clinicamedicadoporto.pt\/staging\/equipa\/maria-joao-loureiro\/\"><img loading=\"lazy\" decoding=\"async\" width=\"440\" height=\"440\" src=\"https:\/\/clinicamedicadoporto.pt\/staging\/wp-content\/uploads\/2025\/10\/Foto-Maria-Joao-Loureiro-440-440.png\" class=\"attachment-full size-full wp-post-image\" alt=\"Foto de Maria Jo\u00e3o Loureiro, M\u00e9dica, Especialista em Medicina Geral e Familiar\" \/><\/a><div class=\"overthumb\"><\/div><\/div><!-- .kwayy-team-img --><div class=\"kwayy-team-data\"><h3 class=\"kwayy-team-title\"><a href=\"https:\/\/clinicamedicadoporto.pt\/staging\/equipa\/maria-joao-loureiro\/\">Maria Jo\u00e3o Loureiro<\/a><\/h3><h4 class=\"kwayy-team-position\">M\u00e9dica Especialista em Medicina Geral e Familiar, P\u00f3s Graduada em Medicina Est\u00e9tica<\/h4>[vc_row][vc_column][vc_tta_tabs active_section=&#8221;1&#8243; title=&#8221;Algumas informa\u00e7\u00f5es relevantes&#8221;][vc_tta_section title=&#8221;Acerca de mim&#8221; tab_id=&#8221;1469614413476-31fa7dda-f364&#8243;][vc_column_text css=&#8221;&#8221;]M\u00e9dica de Fam\u00edlia, motivada pelo acompanhamento pr\u00f3ximo e cont\u00ednuo das pessoas ao longo das diferentes fases da vida. Acredito numa medicina centrada na pessoa, que valoriza a escuta, a empatia e a rela\u00e7\u00e3o de confian\u00e7a entre m\u00e9dico e utente. Tenho um interesse particular pela promo\u00e7\u00e3o da [&hellip;]<div class=\"kwayy-team-cat-links\"><span class=\"tm-term-group tm-term-consulta-de-medicina-geral-e-familiar\"><span class=\"tm-term-sep\"> &nbsp; &middot; &nbsp; <\/span><a href=\"https:\/\/clinicamedicadoporto.pt\/staging\/servi\u00e7os-clinicos\/consulta-de-medicina-geral-e-familiar\/\">Consulta de Medicina Geral e Familiar<\/a><\/span><span class=\"tm-term-group tm-term-especialidades-medicas\"><span class=\"tm-term-sep\"> &nbsp; &middot; &nbsp; <\/span><a href=\"https:\/\/clinicamedicadoporto.pt\/staging\/servi\u00e7os-clinicos\/especialidades-medicas\/\">Especialidades M\u00e9dicas<\/a><\/span><\/div><\/div>\n\t<\/div>\n\t<div class=\"kwayy-team-box \"><div class=\"kwayy-team-img\"><a class=\"tm-team-imglink\" href=\"https:\/\/clinicamedicadoporto.pt\/staging\/equipa\/ines-alte-da-veiga\/\"><img loading=\"lazy\" decoding=\"async\" width=\"440\" height=\"440\" src=\"https:\/\/clinicamedicadoporto.pt\/staging\/wp-content\/uploads\/2025\/09\/Ines-Alte-da-Veiga-Nutricionista.png\" class=\"attachment-full size-full wp-post-image\" alt=\"Dra. In\u00eas Alte da Veiga - Nutricionista - Cl\u00ednica M\u00e9dica do Porto\" \/><\/a><div class=\"overthumb\"><\/div><\/div><!-- .kwayy-team-img --><div class=\"kwayy-team-data\"><h3 class=\"kwayy-team-title\"><a href=\"https:\/\/clinicamedicadoporto.pt\/staging\/equipa\/ines-alte-da-veiga\/\">In\u00eas Alte da Veiga<\/a><\/h3><h4 class=\"kwayy-team-position\">Nutri\u00e7\u00e3o Cl\u00ednica, Acompanhamento Nutricional em Oncologia<\/h4>[vc_row][vc_column][vc_tta_tabs active_section=&#8221;1&#8243; title=&#8221;Algumas informa\u00e7\u00f5es relevantes&#8221;][vc_tta_section title=&#8221;Acerca de mim&#8221; tab_id=&#8221;1469614413476-31fa7dda-f364&#8243;][vc_column_text css=&#8221;&#8221;]Licenciada em Ci\u00eancias da Nutri\u00e7\u00e3o e Mestre em Nutri\u00e7\u00e3o Cl\u00ednica, ao longo do meu percurso acad\u00e9mico e profissional tive oportunidade de acompanhar pacientes em diferentes fases da vida e com necessidades diversas. Sou apaixonada pela Nutri\u00e7\u00e3o Cl\u00ednica, em especial pelas \u00e1reas da Oncologia e Doen\u00e7as Gastrointestinais, [&hellip;]<div class=\"kwayy-team-cat-links\"><span class=\"tm-term-group tm-term-acompanhamento-nutricional-em-oncologia\"><span class=\"tm-term-sep\"> &nbsp; &middot; &nbsp; <\/span><a href=\"https:\/\/clinicamedicadoporto.pt\/staging\/servi\u00e7os-clinicos\/acompanhamento-nutricional-em-oncologia\/\">Acompanhamento Nutricional em Oncologia<\/a><\/span><span class=\"tm-term-group tm-term-consulta-de-nutricao-e-dietetica\"><span class=\"tm-term-sep\"> &nbsp; &middot; &nbsp; <\/span><a href=\"https:\/\/clinicamedicadoporto.pt\/staging\/servi\u00e7os-clinicos\/consulta-de-nutricao-e-dietetica\/\">Consulta de Nutri\u00e7\u00e3o e Diet\u00e9tica<\/a><\/span><span class=\"tm-term-group tm-term-consultas-direccionadas\"><span class=\"tm-term-sep\"> &nbsp; &middot; &nbsp; <\/span><a href=\"https:\/\/clinicamedicadoporto.pt\/staging\/servi\u00e7os-clinicos\/consultas-direccionadas\/\">Consultas Direccionadas<\/a><\/span><span class=\"tm-term-group tm-term-outras-especialidades\"><span class=\"tm-term-sep\"> &nbsp; &middot; &nbsp; <\/span><a href=\"https:\/\/clinicamedicadoporto.pt\/staging\/servi\u00e7os-clinicos\/outras-especialidades\/\">Outras Especialidades<\/a><\/span><\/div><\/div>\n\t<\/div>\n\t<div class=\"kwayy-team-box \"><div class=\"kwayy-team-img\"><a class=\"tm-team-imglink\" href=\"https:\/\/clinicamedicadoporto.pt\/staging\/equipa\/clotilde-pinto-osorio\/\"><img loading=\"lazy\" decoding=\"async\" width=\"440\" height=\"440\" src=\"https:\/\/clinicamedicadoporto.pt\/staging\/wp-content\/uploads\/2025\/01\/clotilde-osorio-psiquiatra-clinica-medica-porto.png\" class=\"attachment-full size-full wp-post-image\" alt=\"Dra Clotilde Pinto Os\u00f3rio\" \/><\/a><div class=\"overthumb\"><\/div><\/div><!-- .kwayy-team-img --><div class=\"kwayy-team-data\"><h3 class=\"kwayy-team-title\"><a href=\"https:\/\/clinicamedicadoporto.pt\/staging\/equipa\/clotilde-pinto-osorio\/\">Clotilde Pinto Os\u00f3rio<\/a><\/h3><h4 class=\"kwayy-team-position\">M\u00e9dico, Consulta de Psiquiatria<\/h4>[vc_row][vc_column][vc_tta_tabs active_section=&#8221;1&#8243; title=&#8221;Algumas informa\u00e7\u00f5es relevantes&#8221;][vc_tta_section title=&#8221;Acerca de mim&#8221; tab_id=&#8221;1469614413476-31fa7dda-f364&#8243;][vc_column_text css=&#8221;&#8221;]M\u00e9dica interna de Psiquiatria. Focada na import\u00e2ncia da empatia e na constru\u00e7\u00e3o de uma rela\u00e7\u00e3o terap\u00eautica de confian\u00e7a com cada doente. Aplica\u00e7\u00e3o de uma abordagem integral, considerando n\u00e3o apenas os sintomas, mas a pessoa como um todo, com um plano de tratamento personalizado, combinando estrat\u00e9gias terap\u00eauticas [&hellip;]<div class=\"kwayy-team-cat-links\"><span class=\"tm-term-group tm-term-consulta-de-psiquiatria\"><span class=\"tm-term-sep\"> &nbsp; &middot; &nbsp; <\/span><a href=\"https:\/\/clinicamedicadoporto.pt\/staging\/servi\u00e7os-clinicos\/consulta-de-psiquiatria\/\">Consulta de Psiquiatria<\/a><\/span><span class=\"tm-term-group tm-term-especialidades-medicas\"><span class=\"tm-term-sep\"> &nbsp; &middot; &nbsp; <\/span><a href=\"https:\/\/clinicamedicadoporto.pt\/staging\/servi\u00e7os-clinicos\/especialidades-medicas\/\">Especialidades M\u00e9dicas<\/a><\/span><\/div><\/div>\n\t<\/div>\n\t<div class=\"kwayy-team-box \"><div class=\"kwayy-team-img\"><a class=\"tm-team-imglink\" href=\"https:\/\/clinicamedicadoporto.pt\/staging\/equipa\/diogo-barreiro\/\"><img loading=\"lazy\" decoding=\"async\" width=\"440\" height=\"440\" src=\"https:\/\/clinicamedicadoporto.pt\/staging\/wp-content\/uploads\/2024\/05\/Diogo-Barreiro-Clinica-Medica-Porto-Plastica-Estetica.jpg\" class=\"attachment-full size-full wp-post-image\" alt=\"M\u00e9dico caucasiano do sexo Masculino vestido com bata alus\u00e3o a cirurgi\u00e3o pl\u00e1stico\" \/><\/a><div class=\"overthumb\"><\/div><\/div><!-- .kwayy-team-img --><div class=\"kwayy-team-data\"><h3 class=\"kwayy-team-title\"><a href=\"https:\/\/clinicamedicadoporto.pt\/staging\/equipa\/diogo-barreiro\/\">Diogo Barreiro<\/a><\/h3><h4 class=\"kwayy-team-position\">M\u00e9dico, Especialista em Cirurgia Pl\u00e1stica, Medicina Est\u00e9tica<\/h4>[vc_row][vc_column][vc_tta_tabs active_section=&#8221;5&#8243; title=&#8221;Algumas informa\u00e7\u00f5es relevantes&#8221;][vc_tta_section title=&#8221;Acerca de mim&#8221; tab_id=&#8221;1469614413476-31fa7dda-f364&#8243;][vc_column_text css=&#8221;&#8221;]Cirurgi\u00e3o Pl\u00e1stico (Unidade de Sa\u00fade Local S\u00e3o Jo\u00e3o\u00a0e IPO &#8211; Instituto Portugu\u00eas de Oncologia do Porto\u00a0), assistente convidado na Faculdade de Medicina da Universidade do Porto. A natureza da Cirurgia Pl\u00e1stica oferece uma vis\u00e3o \u00fanica e dual sobre o paciente e o conceito de doen\u00e7a, e [&hellip;]<div class=\"kwayy-team-cat-links\"><span class=\"tm-term-group tm-term-consulta-de-cirurgia-plastica\"><span class=\"tm-term-sep\"> &nbsp; &middot; &nbsp; <\/span><a href=\"https:\/\/clinicamedicadoporto.pt\/staging\/servi\u00e7os-clinicos\/consulta-de-cirurgia-plastica\/\">Consulta de Cirurgia Pl\u00e1stica<\/a><\/span><span class=\"tm-term-group tm-term-consulta-de-medicina-estetica\"><span class=\"tm-term-sep\"> &nbsp; &middot; &nbsp; <\/span><a href=\"https:\/\/clinicamedicadoporto.pt\/staging\/servi\u00e7os-clinicos\/consulta-de-medicina-estetica\/\">Consulta de Medicina Est\u00e9tica<\/a><\/span><span class=\"tm-term-group tm-term-especialidades-medicas\"><span class=\"tm-term-sep\"> &nbsp; &middot; &nbsp; <\/span><a href=\"https:\/\/clinicamedicadoporto.pt\/staging\/servi\u00e7os-clinicos\/especialidades-medicas\/\">Especialidades M\u00e9dicas<\/a><\/span><span class=\"tm-term-group tm-term-estetica-clinica\"><span class=\"tm-term-sep\"> &nbsp; &middot; &nbsp; <\/span><a href=\"https:\/\/clinicamedicadoporto.pt\/staging\/servi\u00e7os-clinicos\/estetica-clinica\/\">Est\u00e9tica Cl\u00ednica<\/a><\/span><\/div><\/div>\n\t<\/div>\n\t<div class=\"kwayy-team-box \"><div class=\"kwayy-team-img\"><a class=\"tm-team-imglink\" href=\"https:\/\/clinicamedicadoporto.pt\/staging\/equipa\/marta-trindade\/\"><img loading=\"lazy\" decoding=\"async\" width=\"440\" height=\"440\" src=\"https:\/\/clinicamedicadoporto.pt\/staging\/wp-content\/uploads\/2024\/04\/marta-trindade-clinica-medica-porto.jpg\" class=\"attachment-full size-full wp-post-image\" alt=\"Foto de Mulher com Bata, M\u00e9dica\" \/><\/a><div class=\"overthumb\"><\/div><\/div><!-- .kwayy-team-img --><div class=\"kwayy-team-data\"><h3 class=\"kwayy-team-title\"><a href=\"https:\/\/clinicamedicadoporto.pt\/staging\/equipa\/marta-trindade\/\">Marta Trindade<\/a><\/h3><h4 class=\"kwayy-team-position\">M\u00e9dica, P\u00f3s Graduada em Medicina Est\u00e9tica e AntiAging<\/h4>[vc_row][vc_column][vc_tta_tabs active_section=&#8221;5&#8243; title=&#8221;Algumas informa\u00e7\u00f5es relevantes&#8221;][vc_tta_section title=&#8221;Acerca de mim&#8221; tab_id=&#8221;1469614413476-31fa7dda-f364&#8243;][vc_column_text css=&#8221;&#8221;] Apaixonada pela \u00e1rea da medicina est\u00e9tica, com uma abordagem centrada nas necessidades \u00fanicas de cada paciente, valoriza um cuidado personalizado e resultados que refletem a harmonia natural. Traz uma energia renovada e sede constante de conhecimento, pronta para enfrentar os desafios e conquistar novos horizontes [&hellip;]<div class=\"kwayy-team-cat-links\"><span class=\"tm-term-group tm-term-aplicacao-de-botox\"><span class=\"tm-term-sep\"> &nbsp; &middot; &nbsp; <\/span><a href=\"https:\/\/clinicamedicadoporto.pt\/staging\/servi\u00e7os-clinicos\/aplicacao-de-botox\/\">Aplica\u00e7\u00e3o de Botox<\/a><\/span><span class=\"tm-term-group tm-term-consulta-de-medicina-estetica\"><span class=\"tm-term-sep\"> &nbsp; &middot; &nbsp; <\/span><a href=\"https:\/\/clinicamedicadoporto.pt\/staging\/servi\u00e7os-clinicos\/consulta-de-medicina-estetica\/\">Consulta de Medicina Est\u00e9tica<\/a><\/span><span class=\"tm-term-group tm-term-estetica-clinica\"><span class=\"tm-term-sep\"> &nbsp; &middot; &nbsp; <\/span><a href=\"https:\/\/clinicamedicadoporto.pt\/staging\/servi\u00e7os-clinicos\/estetica-clinica\/\">Est\u00e9tica Cl\u00ednica<\/a><\/span><span class=\"tm-term-group tm-term-mesoterapia-homeopatica\"><span class=\"tm-term-sep\"> &nbsp; &middot; &nbsp; <\/span><a href=\"https:\/\/clinicamedicadoporto.pt\/staging\/servi\u00e7os-clinicos\/mesoterapia-homeopatica\/\">Mesoterapia Homeop\u00e1tica<\/a><\/span><span class=\"tm-term-group tm-term-microneedling-nanopore-dermaroller\"><span class=\"tm-term-sep\"> &nbsp; &middot; &nbsp; <\/span><a href=\"https:\/\/clinicamedicadoporto.pt\/staging\/servi\u00e7os-clinicos\/microneedling-nanopore-dermaroller\/\">Microneedling Nanopore Dermaroller<\/a><\/span><span class=\"tm-term-group tm-term-peeling-quimico\"><span class=\"tm-term-sep\"> &nbsp; &middot; &nbsp; <\/span><a href=\"https:\/\/clinicamedicadoporto.pt\/staging\/servi\u00e7os-clinicos\/peeling-quimico\/\">Peeling Qu\u00edmico<\/a><\/span><span class=\"tm-term-group tm-term-preenchimentos-cutaneos\"><span class=\"tm-term-sep\"> &nbsp; &middot; &nbsp; <\/span><a href=\"https:\/\/clinicamedicadoporto.pt\/staging\/servi\u00e7os-clinicos\/preenchimentos-cutaneos\/\">Preenchimentos Cut\u00e2neos<\/a><\/span><\/div><\/div>\n\t<\/div>\n\t<div class=\"kwayy-team-box \"><div class=\"kwayy-team-img\"><a class=\"tm-team-imglink\" href=\"https:\/\/clinicamedicadoporto.pt\/staging\/equipa\/pedro-ribeiro-queiros\/\"><img loading=\"lazy\" decoding=\"async\" width=\"440\" height=\"440\" src=\"https:\/\/clinicamedicadoporto.pt\/staging\/wp-content\/uploads\/2024\/04\/Pedro-Queiros-Cardiologia-Clinica-Medica-do-Porto.jpg\" class=\"attachment-full size-full wp-post-image\" alt=\"Foto de M\u00e9dico Masculino Vestido com Bata e Est\u00e9tosc\u00f3pio\" \/><\/a><div class=\"overthumb\"><\/div><\/div><!-- .kwayy-team-img --><div class=\"kwayy-team-data\"><h3 class=\"kwayy-team-title\"><a href=\"https:\/\/clinicamedicadoporto.pt\/staging\/equipa\/pedro-ribeiro-queiros\/\">Pedro Ribeiro Queir\u00f3s<\/a><\/h3><h4 class=\"kwayy-team-position\">M\u00e9dico, Especialista em Cardiologia<\/h4>[vc_row][vc_column][vc_tta_tabs active_section=&#8221;5&#8243; title=&#8221;Algumas informa\u00e7\u00f5es relevantes&#8221;][vc_tta_section title=&#8221;Acerca de mim&#8221; tab_id=&#8221;1469614413476-31fa7dda-f364&#8243;][vc_column_text] Iniciei a minha forma\u00e7\u00e3o em 2009, tendo conclu\u00eddo o Mestrado Integrado em Medicina pela Faculdade de Medicina da Universidade do Porto, no Hospital de S\u00e3o Jo\u00e3o, em 2015. Ingressei posteriormente no internato de Cardiologia no Centro Hospitalar de Gaia\/Espinho em 2017, tendo conclu\u00eddo em 2022. Desde [&hellip;]<div class=\"kwayy-team-cat-links\"><span class=\"tm-term-group tm-term-consulta-de-cardiologia\"><span class=\"tm-term-sep\"> &nbsp; &middot; &nbsp; <\/span><a href=\"https:\/\/clinicamedicadoporto.pt\/staging\/servi\u00e7os-clinicos\/consulta-de-cardiologia\/\">Consulta de Cardiologia<\/a><\/span><span class=\"tm-term-group tm-term-especialidades-medicas\"><span class=\"tm-term-sep\"> &nbsp; &middot; &nbsp; <\/span><a href=\"https:\/\/clinicamedicadoporto.pt\/staging\/servi\u00e7os-clinicos\/especialidades-medicas\/\">Especialidades M\u00e9dicas<\/a><\/span><\/div><\/div>\n\t<\/div>\n\t<div class=\"kwayy-team-box \"><div class=\"kwayy-team-img\"><a class=\"tm-team-imglink\" href=\"https:\/\/clinicamedicadoporto.pt\/staging\/equipa\/joao-sardinha\/\"><img loading=\"lazy\" decoding=\"async\" width=\"440\" height=\"440\" src=\"https:\/\/clinicamedicadoporto.pt\/staging\/wp-content\/uploads\/2024\/04\/foto-joao-sardinha-clinica-medica-porto.png\" class=\"attachment-full size-full wp-post-image\" alt=\"Foto de Jo\u00e3o Sardinha, M\u00e9dico de Medicina Geral e Familiar, Especialista em Medicina Anti-Aging, Medicina da Longevidade e Reposi\u00e7\u00e3o Hormonal\" \/><\/a><div class=\"overthumb\"><\/div><\/div><!-- .kwayy-team-img --><div class=\"kwayy-team-data\"><h3 class=\"kwayy-team-title\"><a href=\"https:\/\/clinicamedicadoporto.pt\/staging\/equipa\/joao-sardinha\/\">Jo\u00e3o Sardinha<\/a><\/h3><h4 class=\"kwayy-team-position\">M\u00e9dico, Clinica Geral, Medicina da Longevidade e Anti-Envelhecimento<\/h4>[vc_row][vc_column][vc_tta_tabs active_section=&#8221;5&#8243; title=&#8221;Algumas informa\u00e7\u00f5es relevantes&#8221;][vc_tta_section title=&#8221;Acerca de mim&#8221; tab_id=&#8221;1469614413476-31fa7dda-f364&#8243;][vc_column_text]M\u00e9dico de Cl\u00ednica Geral, especializado na Medicina de Longevidade e Antienvelhecimento. Transformando anos em vitalidade Com experi\u00eancia em Cl\u00ednica Geral em diversas institui\u00e7\u00f5es, p\u00fablicas e privadas, em Portugal e no estrangeiro, o Dr. Jo\u00e3o dedica-se hoje exclusivamente \u00e0 \u00e1rea da Medicina da Longevidade e Envelhecimento \/Medicina Integrativa. [&hellip;]<div class=\"kwayy-team-cat-links\"><span class=\"tm-term-group tm-term-consulta-anti-aging\"><span class=\"tm-term-sep\"> &nbsp; &middot; &nbsp; <\/span><a href=\"https:\/\/clinicamedicadoporto.pt\/staging\/servi\u00e7os-clinicos\/consulta-anti-aging\/\">Consulta Anti Aging<\/a><\/span><span class=\"tm-term-group tm-term-consultas-direccionadas\"><span class=\"tm-term-sep\"> &nbsp; &middot; &nbsp; <\/span><a href=\"https:\/\/clinicamedicadoporto.pt\/staging\/servi\u00e7os-clinicos\/consultas-direccionadas\/\">Consultas Direccionadas<\/a><\/span><span class=\"tm-term-group tm-term-reposicao-hormonal-bioidentica\"><span class=\"tm-term-sep\"> &nbsp; &middot; &nbsp; <\/span><a href=\"https:\/\/clinicamedicadoporto.pt\/staging\/servi\u00e7os-clinicos\/reposicao-hormonal-bioidentica\/\">Reposi\u00e7\u00e3o Hormonal Bioid\u00eantica<\/a><\/span><\/div><\/div>\n\t<\/div>\n\t<div class=\"kwayy-team-box \"><div class=\"kwayy-team-img\"><a class=\"tm-team-imglink\" href=\"https:\/\/clinicamedicadoporto.pt\/staging\/equipa\/fatima-regina-azevedo\/\"><img loading=\"lazy\" decoding=\"async\" width=\"440\" height=\"440\" src=\"https:\/\/clinicamedicadoporto.pt\/staging\/wp-content\/uploads\/2024\/03\/Fatima-Regina-Azevedo-Homeopatia-Clinica-Medica-Porto.jpg\" class=\"attachment-full size-full wp-post-image\" alt=\"Imagem de Perfil de especialista com bata, correspondente \u00e0 foto de F\u00e1tima Regina Azevedo, M\u00e9dica, Especialista em Homeopatia na Cl\u00ednica M\u00e9dica do Porto\" \/><\/a><div class=\"overthumb\"><\/div><\/div><!-- .kwayy-team-img --><div class=\"kwayy-team-data\"><h3 class=\"kwayy-team-title\"><a href=\"https:\/\/clinicamedicadoporto.pt\/staging\/equipa\/fatima-regina-azevedo\/\">F\u00e1tima Regina Azevedo<\/a><\/h3><h4 class=\"kwayy-team-position\">M\u00e9dica, Homeopata<\/h4>[vc_row][vc_column][vc_tta_tabs active_section=&#8221;5&#8243; title=&#8221;Algumas informa\u00e7\u00f5es relevantes&#8221;][vc_tta_section title=&#8221;Acerca de mim&#8221; tab_id=&#8221;1469614413476-31fa7dda-f364&#8243;][vc_column_text] Durante a minha forma\u00e7\u00e3o sempre me identifiquei com \u00e1reas integrativas e\u00a0 de promo\u00e7\u00e3o de sa\u00fade. Na Homeopatia encontrei uma terap\u00eautica que respeita o organismo ao permitir criar, estimular e ensin\u00e1-lo com seus medicamentos. Assim, \u00e9 poss\u00edvel reequilibrar a balan\u00e7a desse processo de sa\u00fade e doen\u00e7a, de [&hellip;]<div class=\"kwayy-team-cat-links\"><span class=\"tm-term-group tm-term-consulta-de-homeopatia\"><span class=\"tm-term-sep\"> &nbsp; &middot; &nbsp; <\/span><a href=\"https:\/\/clinicamedicadoporto.pt\/staging\/servi\u00e7os-clinicos\/consulta-de-homeopatia\/\">Consulta de Homeopatia<\/a><\/span><span class=\"tm-term-group tm-term-terapias-nao-convencionais\"><span class=\"tm-term-sep\"> &nbsp; &middot; &nbsp; <\/span><a href=\"https:\/\/clinicamedicadoporto.pt\/staging\/servi\u00e7os-clinicos\/terapias-nao-convencionais\/\">Terapias N\u00e3o Convencionais<\/a><\/span><\/div><\/div>\n\t<\/div>\n\t<div class=\"kwayy-team-box \"><div class=\"kwayy-team-img\"><a class=\"tm-team-imglink\" href=\"https:\/\/clinicamedicadoporto.pt\/staging\/equipa\/maria-joao-dias\/\"><img loading=\"lazy\" decoding=\"async\" width=\"440\" height=\"440\" src=\"https:\/\/clinicamedicadoporto.pt\/staging\/wp-content\/uploads\/2024\/02\/maria-joao-dias-estomatologista-clinica-medica-porto.jpg\" class=\"attachment-full size-full wp-post-image\" alt=\"Foto da Dra. Maria Jo\u00e3o Dias M\u00e9dica Estomatologista especialista em disfun\u00e7\u00e3o temporomandibular e dor orofacial\" \/><\/a><div class=\"overthumb\"><\/div><\/div><!-- .kwayy-team-img --><div class=\"kwayy-team-data\"><h3 class=\"kwayy-team-title\"><a href=\"https:\/\/clinicamedicadoporto.pt\/staging\/equipa\/maria-joao-dias\/\">Maria Jo\u00e3o Dias<\/a><\/h3><h4 class=\"kwayy-team-position\">M\u00e9dica, Estomatologista, Especialista em Dor Orofacial e Disfun\u00e7\u00e3o Temporomandibular<\/h4>[vc_row][vc_column][vc_tta_tabs active_section=&#8221;5&#8243; title=&#8221;Algumas informa\u00e7\u00f5es relevantes&#8221;][vc_tta_section title=&#8221;Acerca de mim&#8221; tab_id=&#8221;1469614413476-31fa7dda-f364&#8243;][vc_column_text] Mestre em Medicina pelo Instituto de Ci\u00eancias Biom\u00e9dicas Abel Salazar da Universidade do Porto (ICBAS-UP) desde 2014, e especialista em Estomatologia desde 2021, a \u00e1rea da medicina da dor e patologia oral tornaram-se relevantes no meu percurso por ver a quantidade de pacientes com queixas desse [&hellip;]<div class=\"kwayy-team-cat-links\"><span class=\"tm-term-group tm-term-consulta-de-disfuncao-temporomandibular\"><span class=\"tm-term-sep\"> &nbsp; &middot; &nbsp; <\/span><a href=\"https:\/\/clinicamedicadoporto.pt\/staging\/servi\u00e7os-clinicos\/consulta-de-disfuncao-temporomandibular\/\">Consulta de Disfun\u00e7\u00e3o Temporomandibular<\/a><\/span><span class=\"tm-term-group tm-term-consulta-dor-orofacial\"><span class=\"tm-term-sep\"> &nbsp; &middot; &nbsp; <\/span><a href=\"https:\/\/clinicamedicadoporto.pt\/staging\/servi\u00e7os-clinicos\/consulta-dor-orofacial\/\">Consulta de Dor Orofacial<\/a><\/span><span class=\"tm-term-group tm-term-consultas-direccionadas\"><span class=\"tm-term-sep\"> &nbsp; &middot; &nbsp; <\/span><a href=\"https:\/\/clinicamedicadoporto.pt\/staging\/servi\u00e7os-clinicos\/consultas-direccionadas\/\">Consultas Direccionadas<\/a><\/span><\/div><\/div>\n\t<\/div>\n\t<div class=\"kwayy-team-box \"><div class=\"kwayy-team-img\"><a class=\"tm-team-imglink\" href=\"https:\/\/clinicamedicadoporto.pt\/staging\/equipa\/joana-fonseca\/\"><img loading=\"lazy\" decoding=\"async\" width=\"440\" height=\"440\" src=\"https:\/\/clinicamedicadoporto.pt\/staging\/wp-content\/uploads\/2023\/12\/joana-fonseca-psicologa-clinica-medica-porto.jpg\" class=\"attachment-full size-full wp-post-image\" alt=\"Foto de Joana Fonseca\" \/><\/a><div class=\"overthumb\"><\/div><\/div><!-- .kwayy-team-img --><div class=\"kwayy-team-data\"><h3 class=\"kwayy-team-title\"><a href=\"https:\/\/clinicamedicadoporto.pt\/staging\/equipa\/joana-fonseca\/\">Joana Fonseca<\/a><\/h3><h4 class=\"kwayy-team-position\">Psic\u00f3loga Cl\u00ednica e Educacional<\/h4>[vc_row][vc_column][vc_tta_tabs active_section=&#8221;5&#8243; title=&#8221;Algumas informa\u00e7\u00f5es relevantes&#8221;][vc_tta_section title=&#8221;Acerca de mim&#8221; tab_id=&#8221;1469614413476-31fa7dda-f364&#8243;][vc_column_text]Psic\u00f3loga Cl\u00ednica e Educacional, e sou movida pelas pessoas \u2013 Crian\u00e7as e as suas Fam\u00edlias \u2013 que se sentam comigo para refletirmos no desenvolvimento e na promo\u00e7\u00e3o de vidas mais saud\u00e1veis. Dedico a minha atividade profissional \u00e0s fam\u00edlias e ao desenvolvimento infantil. Joana Cristina Moutinho Fonseca OP [&hellip;]<div class=\"kwayy-team-cat-links\"><span class=\"tm-term-group tm-term-consulta-adicao-digital\"><span class=\"tm-term-sep\"> &nbsp; &middot; &nbsp; <\/span><a href=\"https:\/\/clinicamedicadoporto.pt\/staging\/servi\u00e7os-clinicos\/consulta-adicao-digital\/\">Consulta de Adi\u00e7\u00e3o Digital<\/a><\/span><span class=\"tm-term-group tm-term-pedopsicologia-psicologia-infantil\"><span class=\"tm-term-sep\"> &nbsp; &middot; &nbsp; <\/span><a href=\"https:\/\/clinicamedicadoporto.pt\/staging\/servi\u00e7os-clinicos\/pedopsicologia-psicologia-infantil\/\">Psicologia Infantil<\/a><\/span><\/div><\/div>\n\t<\/div>\n\t<div class=\"kwayy-team-box \"><div class=\"kwayy-team-img\"><a class=\"tm-team-imglink\" href=\"https:\/\/clinicamedicadoporto.pt\/staging\/equipa\/rita-bernardes\/\"><img loading=\"lazy\" decoding=\"async\" width=\"440\" height=\"440\" src=\"https:\/\/clinicamedicadoporto.pt\/staging\/wp-content\/uploads\/2023\/03\/rita-bernardes.jpg\" class=\"attachment-full size-full wp-post-image\" alt=\"Foto de Rita Bernardes Especialista de Medicina Chinesa\" \/><\/a><div class=\"overthumb\"><\/div><\/div><!-- .kwayy-team-img --><div class=\"kwayy-team-data\"><h3 class=\"kwayy-team-title\"><a href=\"https:\/\/clinicamedicadoporto.pt\/staging\/equipa\/rita-bernardes\/\">Rita Bernardes<\/a><\/h3><h4 class=\"kwayy-team-position\">Terapeuta de Medicina Tradicional Chinesa, Especialista em Fertilidade (MTC)<\/h4>[vc_row][vc_column][vc_tta_tabs active_section=&#8221;5&#8243; title=&#8221;Algumas informa\u00e7\u00f5es relevantes&#8221;][vc_tta_section title=&#8221;Acerca de mim&#8221; tab_id=&#8221;1469614413476-31fa7dda-f364&#8243;][vc_column_text] Descobri que a Medicina Chinesa iria ser o meu caminho depois de experimentar os seus benef\u00edcios na primeira pessoa. Nessa altura, as mudan\u00e7as que se operavam no meu corpo e mente foram de tal forma positivas, que me levaram anos depois a abra\u00e7ar a profiss\u00e3o. Doze [&hellip;]<div class=\"kwayy-team-cat-links\"><span class=\"tm-term-group tm-term-consulta-de-acupuntura\"><span class=\"tm-term-sep\"> &nbsp; &middot; &nbsp; <\/span><a href=\"https:\/\/clinicamedicadoporto.pt\/staging\/servi\u00e7os-clinicos\/consulta-de-acupuntura\/\">Consulta de Acupunctura<\/a><\/span><span class=\"tm-term-group tm-term-consulta-de-fertilidade\"><span class=\"tm-term-sep\"> &nbsp; &middot; &nbsp; <\/span><a href=\"https:\/\/clinicamedicadoporto.pt\/staging\/servi\u00e7os-clinicos\/consulta-de-fertilidade\/\">Consulta de Fertilidade para casais (MTC)<\/a><\/span><span class=\"tm-term-group tm-term-consulta-de-medicina-tradicional-chinesa\"><span class=\"tm-term-sep\"> &nbsp; &middot; &nbsp; <\/span><a href=\"https:\/\/clinicamedicadoporto.pt\/staging\/servi\u00e7os-clinicos\/consulta-de-medicina-tradicional-chinesa\/\">Consulta de Medicina Tradicional Chinesa<\/a><\/span><span class=\"tm-term-group tm-term-gravidez-e-maternidade\"><span class=\"tm-term-sep\"> &nbsp; &middot; &nbsp; <\/span><a href=\"https:\/\/clinicamedicadoporto.pt\/staging\/servi\u00e7os-clinicos\/gravidez-e-maternidade\/\">Gravidez e Maternidade<\/a><\/span><span class=\"tm-term-group tm-term-terapias-nao-convencionais\"><span class=\"tm-term-sep\"> &nbsp; &middot; &nbsp; <\/span><a href=\"https:\/\/clinicamedicadoporto.pt\/staging\/servi\u00e7os-clinicos\/terapias-nao-convencionais\/\">Terapias N\u00e3o Convencionais<\/a><\/span><\/div><\/div>\n\t<\/div>\n\t<div class=\"kwayy-team-box \"><div class=\"kwayy-team-img\"><a class=\"tm-team-imglink\" href=\"https:\/\/clinicamedicadoporto.pt\/staging\/equipa\/rui-sampaio\/\"><img loading=\"lazy\" decoding=\"async\" width=\"440\" height=\"440\" src=\"https:\/\/clinicamedicadoporto.pt\/staging\/wp-content\/uploads\/2023\/01\/Rui-Pires-Sampaio-Pedopsiquiatra-Clinica-Medica-Porto.jpg\" class=\"attachment-full size-full wp-post-image\" alt=\"Foto do Dr. Rui Pires Sampaio - PedoPsiquiatra - Psiquiatra da Inf\u00e2ncia e Adolesc\u00eancia - Clinica Medica do Porto\" \/><\/a><div class=\"overthumb\"><\/div><\/div><!-- .kwayy-team-img --><div class=\"kwayy-team-data\"><h3 class=\"kwayy-team-title\"><a href=\"https:\/\/clinicamedicadoporto.pt\/staging\/equipa\/rui-sampaio\/\">Rui Sampaio<\/a><\/h3><h4 class=\"kwayy-team-position\">Pedopsiquiatria, Psiquiatria da Inf\u00e2ncia e Adolesc\u00eancia<\/h4>[vc_row][vc_column][vc_tta_tabs active_section=&#8221;5&#8243; title=&#8221;Algumas informa\u00e7\u00f5es relevantes&#8221;][vc_tta_section title=&#8221;Acerca de mim&#8221; tab_id=&#8221;1469614413476-31fa7dda-f364&#8243;][vc_column_text]M\u00e9dico Interno de\u00a0Psiquiatria da Inf\u00e2ncia e da Adolesc\u00eancia. Formando na Sociedade Portuguesa de Terapia Familiar. Orientado pelo pragmatismo e pela abordagem cient\u00edfica do sintoma da crian\u00e7a ou do adolescente, procurando sempre enquadrar o sofrimento do jovem no seu ambiente de rela\u00e7\u00f5es familiares e sociais. Rui Pires Sampaio [&hellip;]<div class=\"kwayy-team-cat-links\"><span class=\"tm-term-group tm-term-pedopsiquiatria\"><span class=\"tm-term-sep\"> &nbsp; &middot; &nbsp; <\/span><a href=\"https:\/\/clinicamedicadoporto.pt\/staging\/servi\u00e7os-clinicos\/pedopsiquiatria\/\">Consulta de Pedopsiquiatria<\/a><\/span><span class=\"tm-term-group tm-term-especialidades-medicas\"><span class=\"tm-term-sep\"> &nbsp; &middot; &nbsp; <\/span><a href=\"https:\/\/clinicamedicadoporto.pt\/staging\/servi\u00e7os-clinicos\/especialidades-medicas\/\">Especialidades M\u00e9dicas<\/a><\/span><\/div><\/div>\n\t<\/div>\n\t<div class=\"kwayy-team-box \"><div class=\"kwayy-team-img\"><a class=\"tm-team-imglink\" href=\"https:\/\/clinicamedicadoporto.pt\/staging\/equipa\/paulo-ferreira\/\"><img loading=\"lazy\" decoding=\"async\" width=\"440\" height=\"440\" src=\"https:\/\/clinicamedicadoporto.pt\/staging\/wp-content\/uploads\/2025\/09\/Paulo-Ferreira-Neurologia.png\" class=\"attachment-full size-full wp-post-image\" alt=\"Foto de Paulo Ferreira - Neurologista Clinica Medica do Porto\" \/><\/a><div class=\"overthumb\"><\/div><\/div><!-- .kwayy-team-img --><div class=\"kwayy-team-data\"><h3 class=\"kwayy-team-title\"><a href=\"https:\/\/clinicamedicadoporto.pt\/staging\/equipa\/paulo-ferreira\/\">Paulo Ferreira<\/a><\/h3><h4 class=\"kwayy-team-position\">Neurologia<\/h4>[vc_row][vc_column][vc_tta_tabs active_section=&#8221;5&#8243; title=&#8221;Algumas informa\u00e7\u00f5es relevantes&#8221;][vc_tta_section title=&#8221;Acerca de mim&#8221; tab_id=&#8221;1469614413476-31fa7dda-f364&#8243;][vc_column_text css=&#8221;&#8221;] Neurologista, completou o internato de forma\u00e7\u00e3o espec\u00edfica na Unidade Local de Sa\u00fade de Matosinhos e o mestrado em Medicina na Faculdade de Medicina da Universidade do Porto. Tem interesse especial nas \u00e1reas de Dem\u00eancias e Doen\u00e7as de Movimento, com participa\u00e7\u00e3o em ensaios nessas \u00e1reas e [&hellip;]<div class=\"kwayy-team-cat-links\"><span class=\"tm-term-group tm-term-consulta-de-neurologia\"><span class=\"tm-term-sep\"> &nbsp; &middot; &nbsp; <\/span><a href=\"https:\/\/clinicamedicadoporto.pt\/staging\/servi\u00e7os-clinicos\/consulta-de-neurologia\/\">Consulta de Neurologia<\/a><\/span><span class=\"tm-term-group tm-term-especialidades-medicas\"><span class=\"tm-term-sep\"> &nbsp; &middot; &nbsp; <\/span><a href=\"https:\/\/clinicamedicadoporto.pt\/staging\/servi\u00e7os-clinicos\/especialidades-medicas\/\">Especialidades M\u00e9dicas<\/a><\/span><\/div><\/div>\n\t<\/div>\n\t<div class=\"kwayy-team-box \"><div class=\"kwayy-team-img\"><a class=\"tm-team-imglink\" href=\"https:\/\/clinicamedicadoporto.pt\/staging\/equipa\/ana-macedo-pimenta\/\"><img loading=\"lazy\" decoding=\"async\" width=\"440\" height=\"440\" src=\"https:\/\/clinicamedicadoporto.pt\/staging\/wp-content\/uploads\/2022\/12\/Foto-Ana-Macedo-Pimenta-Clinica-Medica-Porto.jpg\" class=\"attachment-full size-full wp-post-image\" alt=\"Foto Ana Macedo Pimenta - Terapeuta Familiar e de Casal\" \/><\/a><div class=\"overthumb\"><\/div><\/div><!-- .kwayy-team-img --><div class=\"kwayy-team-data\"><h3 class=\"kwayy-team-title\"><a href=\"https:\/\/clinicamedicadoporto.pt\/staging\/equipa\/ana-macedo-pimenta\/\">Ana Macedo Pimenta<\/a><\/h3><h4 class=\"kwayy-team-position\">Especialista em Terapia Familiar e de Casal, Psic\u00f3loga Cl\u00ednica, Doutorada em Psicologia do Desenvolvimento Infantil<\/h4>[vc_row][vc_column][vc_tta_tabs active_section=&#8221;5&#8243; title=&#8221;Algumas informa\u00e7\u00f5es relevantes&#8221;][vc_tta_section title=&#8221;Acerca de mim&#8221; tab_id=&#8221;1469614413476-31fa7dda-f364&#8243;][vc_column_text] Sou Terapeuta Familiar, com forma\u00e7\u00e3o em Psicologia Cl\u00ednica e Doutoramento em Psicologia do Desenvolvimento Infantil. Estudei e trabalhei em Londres durante 15 anos. Licenciei-me em Psicologia Cl\u00ednica na Universidade do Minho em 2006 e logo a seguir parti para Inglaterra com uma bolsa de investiga\u00e7\u00e3o da [&hellip;]<div class=\"kwayy-team-cat-links\"><span class=\"tm-term-group tm-term-outras-especialidades\"><span class=\"tm-term-sep\"> &nbsp; &middot; &nbsp; <\/span><a href=\"https:\/\/clinicamedicadoporto.pt\/staging\/servi\u00e7os-clinicos\/outras-especialidades\/\">Outras Especialidades<\/a><\/span><span class=\"tm-term-group tm-term-terapia-familiar-casal\"><span class=\"tm-term-sep\"> &nbsp; &middot; &nbsp; <\/span><a href=\"https:\/\/clinicamedicadoporto.pt\/staging\/servi\u00e7os-clinicos\/terapia-familiar-casal\/\">Terapia Familiar e de Casal<\/a><\/span><\/div><\/div>\n\t<\/div>\n\t<div class=\"kwayy-team-box \"><div class=\"kwayy-team-img\"><a class=\"tm-team-imglink\" href=\"https:\/\/clinicamedicadoporto.pt\/staging\/equipa\/mafalda-cruz\/\"><img loading=\"lazy\" decoding=\"async\" width=\"440\" height=\"440\" src=\"https:\/\/clinicamedicadoporto.pt\/staging\/wp-content\/uploads\/2022\/10\/Mafalda-Cruz-Medicina-Sexual-Clinica-Medica-Porto.jpg\" class=\"attachment-full size-full wp-post-image\" alt=\"Foto de Mafalda Cruz - Especialista de Medicina Sexual - Clinica Medica do Porto\" \/><\/a><div class=\"overthumb\"><\/div><\/div><!-- .kwayy-team-img --><div class=\"kwayy-team-data\"><h3 class=\"kwayy-team-title\"><a href=\"https:\/\/clinicamedicadoporto.pt\/staging\/equipa\/mafalda-cruz\/\">Mafalda Cruz<\/a><\/h3><h4 class=\"kwayy-team-position\">M\u00e9dica, Sex\u00f3loga<\/h4>[vc_row][vc_column][vc_tta_tabs active_section=&#8221;5&#8243; title=&#8221;Algumas informa\u00e7\u00f5es relevantes&#8221;][vc_tta_section title=&#8221;Acerca de mim&#8221; tab_id=&#8221;1469614413476-31fa7dda-f364&#8243;][vc_column_text] Conclu\u00ed o Mestrado Integrado em Medicina na Universidade do Porto em 2013 e j\u00e1 em 2017 completei a forma\u00e7\u00e3o P\u00f3s-graduada em Sexologia Cl\u00ednica. Atualmente sou Radioncologista num hospital oncol\u00f3gico, exercendo ainda clinica privada como Sex\u00f3loga. Membro da Sociedade Europeia de Medicina Sexual, no \u00e2mbito da Sexologia [&hellip;]<div class=\"kwayy-team-cat-links\"><span class=\"tm-term-group tm-term-consulta-de-medicina-sexual\"><span class=\"tm-term-sep\"> &nbsp; &middot; &nbsp; <\/span><a href=\"https:\/\/clinicamedicadoporto.pt\/staging\/servi\u00e7os-clinicos\/consulta-de-medicina-sexual\/\">Consulta de Medicina Sexual<\/a><\/span><span class=\"tm-term-group tm-term-especialidades-medicas\"><span class=\"tm-term-sep\"> &nbsp; &middot; &nbsp; <\/span><a href=\"https:\/\/clinicamedicadoporto.pt\/staging\/servi\u00e7os-clinicos\/especialidades-medicas\/\">Especialidades M\u00e9dicas<\/a><\/span><\/div><\/div>\n\t<\/div>\n\t<div class=\"kwayy-team-box \"><div class=\"kwayy-team-img\"><a class=\"tm-team-imglink\" href=\"https:\/\/clinicamedicadoporto.pt\/staging\/equipa\/maria-joao-ferreira\/\"><img loading=\"lazy\" decoding=\"async\" width=\"440\" height=\"440\" src=\"https:\/\/clinicamedicadoporto.pt\/staging\/wp-content\/uploads\/2022\/09\/Maria-Joao-Ferreira-Endocrinologia-Clinica-Medica-Porto.jpg\" class=\"attachment-full size-full wp-post-image\" alt=\"Foto da M\u00e9dica Maria Jo\u00e3o Ferreira, M\u00e9dica de Endocrinologia\" \/><\/a><div class=\"overthumb\"><\/div><\/div><!-- .kwayy-team-img --><div class=\"kwayy-team-data\"><h3 class=\"kwayy-team-title\"><a href=\"https:\/\/clinicamedicadoporto.pt\/staging\/equipa\/maria-joao-ferreira\/\">Maria Jo\u00e3o Ferreira<\/a><\/h3><h4 class=\"kwayy-team-position\">M\u00e9dica, Especialista em Endocrinologia<\/h4>[vc_row][vc_column][vc_tta_tabs active_section=&#8221;5&#8243; title=&#8221;Algumas informa\u00e7\u00f5es relevantes&#8221;][vc_tta_section title=&#8221;Acerca de mim&#8221; tab_id=&#8221;1469614413476-31fa7dda-f364&#8243;][vc_column_text] Iniciei a forma\u00e7\u00e3o em 2009, tendo conclu\u00eddo o Mestrado Integrado em Medicina pela Faculdade de Medicina da Universidade do Porto em 2015. Em 2017, ingressei no internato de Endocrinologia e Nutri\u00e7\u00e3o no Centro Hospitalar Universit\u00e1rio de S\u00e3o Jo\u00e3o, finalizado em 2021. Maria Jo\u00e3o Ferreira OM 60233[\/vc_column_text][\/vc_tta_section][vc_tta_section [&hellip;]<div class=\"kwayy-team-cat-links\"><span class=\"tm-term-group tm-term-consulta-de-endocrinologia\"><span class=\"tm-term-sep\"> &nbsp; &middot; &nbsp; <\/span><a href=\"https:\/\/clinicamedicadoporto.pt\/staging\/servi\u00e7os-clinicos\/consulta-de-endocrinologia\/\">Consulta de Endocrinologia<\/a><\/span><span class=\"tm-term-group tm-term-consultas-direccionadas\"><span class=\"tm-term-sep\"> &nbsp; &middot; &nbsp; <\/span><a href=\"https:\/\/clinicamedicadoporto.pt\/staging\/servi\u00e7os-clinicos\/consultas-direccionadas\/\">Consultas Direccionadas<\/a><\/span><span class=\"tm-term-group tm-term-especialidades-medicas\"><span class=\"tm-term-sep\"> &nbsp; &middot; &nbsp; <\/span><a href=\"https:\/\/clinicamedicadoporto.pt\/staging\/servi\u00e7os-clinicos\/especialidades-medicas\/\">Especialidades M\u00e9dicas<\/a><\/span><span class=\"tm-term-group tm-term-terapia-hormonal-de-afirmacao-de-genero\"><span class=\"tm-term-sep\"> &nbsp; &middot; &nbsp; <\/span><a href=\"https:\/\/clinicamedicadoporto.pt\/staging\/servi\u00e7os-clinicos\/terapia-hormonal-de-afirmacao-de-genero\/\">Terapia Hormonal de Afirma\u00e7\u00e3o de G\u00e9nero<\/a><\/span><\/div><\/div>\n\t<\/div>\n\t<div class=\"kwayy-team-box \"><div class=\"kwayy-team-img\"><a class=\"tm-team-imglink\" href=\"https:\/\/clinicamedicadoporto.pt\/staging\/equipa\/alexandre-almendra\/\"><img loading=\"lazy\" decoding=\"async\" width=\"440\" height=\"440\" src=\"https:\/\/clinicamedicadoporto.pt\/staging\/wp-content\/uploads\/2021\/08\/Foto-Alexandre-Almendra-Clinica-Me\u0301dica-Porto.jpg\" class=\"attachment-full size-full wp-post-image\" alt=\"Foto-Alexandre-Almendra-Clinica-Me\u0301dica-Porto\" \/><\/a><div class=\"overthumb\"><\/div><\/div><!-- .kwayy-team-img --><div class=\"kwayy-team-data\"><h3 class=\"kwayy-team-title\"><a href=\"https:\/\/clinicamedicadoporto.pt\/staging\/equipa\/alexandre-almendra\/\">Alexandre Almendra<\/a><\/h3><h4 class=\"kwayy-team-position\">M\u00e9dico, Pneumologista, Respons\u00e1vel pela Consulta de Desabitua\u00e7\u00e3o Tab\u00e1gica<\/h4>[vc_row][vc_column][vc_tta_tabs active_section=&#8221;5&#8243; title=&#8221;Algumas informa\u00e7\u00f5es relevantes&#8221;][vc_tta_section title=&#8221;Acerca de mim&#8221; tab_id=&#8221;1469614413476-31fa7dda-f364&#8243;][vc_column_text] Sou M\u00e9dico Especialista em Pneumologia, onde encontrei a minha voca\u00e7\u00e3o. Nesta minha caminhada profissional descobri a honra de poder trabalhar para e com os meus doentes, reconhecendo a confian\u00e7a que depositam na Medicina e nos seus Profissionais de Sa\u00fade. Este \u00e9, ali\u00e1s, um dos elementos chave [&hellip;]<div class=\"kwayy-team-cat-links\"><span class=\"tm-term-group tm-term-consulta-de-desabituacao-tabagica\"><span class=\"tm-term-sep\"> &nbsp; &middot; &nbsp; <\/span><a href=\"https:\/\/clinicamedicadoporto.pt\/staging\/servi\u00e7os-clinicos\/consulta-de-desabituacao-tabagica\/\">Consulta de Desabitua\u00e7\u00e3o Tab\u00e1gica<\/a><\/span><span class=\"tm-term-group tm-term-consulta-de-pneumologia\"><span class=\"tm-term-sep\"> &nbsp; &middot; &nbsp; <\/span><a href=\"https:\/\/clinicamedicadoporto.pt\/staging\/servi\u00e7os-clinicos\/consulta-de-pneumologia\/\">Consulta de Pneumologia<\/a><\/span><span class=\"tm-term-group tm-term-consultas-direccionadas\"><span class=\"tm-term-sep\"> &nbsp; &middot; &nbsp; <\/span><a href=\"https:\/\/clinicamedicadoporto.pt\/staging\/servi\u00e7os-clinicos\/consultas-direccionadas\/\">Consultas Direccionadas<\/a><\/span><span class=\"tm-term-group tm-term-especialidades-medicas\"><span class=\"tm-term-sep\"> &nbsp; &middot; &nbsp; <\/span><a href=\"https:\/\/clinicamedicadoporto.pt\/staging\/servi\u00e7os-clinicos\/especialidades-medicas\/\">Especialidades M\u00e9dicas<\/a><\/span><\/div><\/div>\n\t<\/div>\n\t<div class=\"kwayy-team-box \"><div class=\"kwayy-team-img\"><a class=\"tm-team-imglink\" href=\"https:\/\/clinicamedicadoporto.pt\/staging\/equipa\/margarida-matias\/\"><img loading=\"lazy\" decoding=\"async\" width=\"440\" height=\"440\" src=\"https:\/\/clinicamedicadoporto.pt\/staging\/wp-content\/uploads\/2021\/04\/Margarida-Matia-Psicologia-Clinica-Medica-do-Porto.jpg\" class=\"attachment-full size-full wp-post-image\" alt=\"Margarida Matias - Psic\u00f3loga Cl\u00ednica Especialista em Psicologia da Justi\u00e7a\" \/><\/a><div class=\"overthumb\"><\/div><\/div><!-- .kwayy-team-img --><div class=\"kwayy-team-data\"><h3 class=\"kwayy-team-title\"><a href=\"https:\/\/clinicamedicadoporto.pt\/staging\/equipa\/margarida-matias\/\">Margarida Matias<\/a><\/h3><h4 class=\"kwayy-team-position\">Psic\u00f3loga. Especialista em Psicologia Cl\u00ednica e da Sa\u00fade e em Psicologia da Justi\u00e7a<\/h4>[vc_row][vc_column][vc_tta_tabs active_section=&#8221;5&#8243; title=&#8221;Algumas informa\u00e7\u00f5es relevantes&#8221;][vc_tta_section title=&#8221;Acerca de mim&#8221; tab_id=&#8221;1469614413476-31fa7dda-f364&#8243;][vc_column_text css=&#8221;&#8221;] Realizei a minha forma\u00e7\u00e3o (Licenciatura e Mestrado) na Faculdade de Psicologia e de Ci\u00eancias da Educa\u00e7\u00e3o da Universidade do Porto, na \u00e1rea de especializa\u00e7\u00e3o de Psicologia do Comportamento Desviante. Trabalho desde 2008 com crian\u00e7as, jovens e adultos envolvidos em processos de viol\u00eancia e\/ou crime. Tenho [&hellip;]<div class=\"kwayy-team-cat-links\"><span class=\"tm-term-group tm-term-consulta-de-psicologia-clinica\"><span class=\"tm-term-sep\"> &nbsp; &middot; &nbsp; <\/span><a href=\"https:\/\/clinicamedicadoporto.pt\/staging\/servi\u00e7os-clinicos\/consulta-de-psicologia-clinica\/\">Consulta de Psicologia Cl\u00ednica<\/a><\/span><span class=\"tm-term-group tm-term-consulta-de-psicologia-da-justica\"><span class=\"tm-term-sep\"> &nbsp; &middot; &nbsp; <\/span><a href=\"https:\/\/clinicamedicadoporto.pt\/staging\/servi\u00e7os-clinicos\/consulta-de-psicologia-da-justica\/\">Consulta de Psicologia da Justi\u00e7a<\/a><\/span><span class=\"tm-term-group tm-term-outras-especialidades\"><span class=\"tm-term-sep\"> &nbsp; &middot; &nbsp; <\/span><a href=\"https:\/\/clinicamedicadoporto.pt\/staging\/servi\u00e7os-clinicos\/outras-especialidades\/\">Outras Especialidades<\/a><\/span><\/div><\/div>\n\t<\/div>\n\t<div class=\"kwayy-team-box \"><div class=\"kwayy-team-img\"><a class=\"tm-team-imglink\" href=\"https:\/\/clinicamedicadoporto.pt\/staging\/equipa\/madalena-cabral-ferreira\/\"><img loading=\"lazy\" decoding=\"async\" width=\"440\" height=\"440\" src=\"https:\/\/clinicamedicadoporto.pt\/staging\/wp-content\/uploads\/2025\/09\/Madalena-Cabral-Ferreira-Medicina-Viajante.png\" class=\"attachment-full size-full wp-post-image\" alt=\"Foto da Dra. Madalena Cabral-Ferreira - M\u00e9dica de Sa\u00fade P\u00fablica e respons\u00e1vel pela consulta de Medicina do Viajante\" \/><\/a><div class=\"overthumb\"><\/div><\/div><!-- .kwayy-team-img --><div class=\"kwayy-team-data\"><h3 class=\"kwayy-team-title\"><a href=\"https:\/\/clinicamedicadoporto.pt\/staging\/equipa\/madalena-cabral-ferreira\/\">Madalena Cabral Ferreira<\/a><\/h3><h4 class=\"kwayy-team-position\">Respons\u00e1vel pela Consulta do Viajante da Cl\u00ednica M\u00e9dica do Porto<\/h4>[vc_row][vc_column][vc_tta_tabs active_section=&#8221;5&#8243; title=&#8221;Algumas informa\u00e7\u00f5es relevantes&#8221;][vc_tta_section title=&#8221;Acerca de mim&#8221; tab_id=&#8221;1469614413476-31fa7dda-f364&#8243;][vc_column_text css=&#8221;&#8221;] Mestrado Integrado em Medicina, no Instituto de Ci\u00eancias Biom\u00e9dicas de Abel Salazar (ICBAS), na Universidade do Porto, conclu\u00eddo em 2017. Especialista em Sa\u00fade P\u00fablica, desde 2023. Entre outras forma\u00e7\u00f5es, em 2020, fez a P\u00f3s-Gradua\u00e7\u00e3o de Medicina de Viagem e de Popula\u00e7\u00f5es M\u00f3veis, no Servi\u00e7o de [&hellip;]<div class=\"kwayy-team-cat-links\"><span class=\"tm-term-group tm-term-consulta-do-viajante\"><span class=\"tm-term-sep\"> &nbsp; &middot; &nbsp; <\/span><a href=\"https:\/\/clinicamedicadoporto.pt\/staging\/servi\u00e7os-clinicos\/consulta-do-viajante\/\">Consulta do Viajante<\/a><\/span><span class=\"tm-term-group tm-term-especialidades-medicas\"><span class=\"tm-term-sep\"> &nbsp; &middot; &nbsp; <\/span><a href=\"https:\/\/clinicamedicadoporto.pt\/staging\/servi\u00e7os-clinicos\/especialidades-medicas\/\">Especialidades M\u00e9dicas<\/a><\/span><\/div><\/div>\n\t<\/div>\n\t<div class=\"kwayy-team-box \"><div class=\"kwayy-team-img\"><a class=\"tm-team-imglink\" href=\"https:\/\/clinicamedicadoporto.pt\/staging\/equipa\/mariana-couto\/\"><img loading=\"lazy\" decoding=\"async\" width=\"440\" height=\"440\" src=\"https:\/\/clinicamedicadoporto.pt\/staging\/wp-content\/uploads\/2021\/02\/Mariana-Couto-Imunoalergologista.jpg\" class=\"attachment-full size-full wp-post-image\" alt=\"Mariana-Couto-Imunoalergologista\" \/><\/a><div class=\"overthumb\"><\/div><\/div><!-- .kwayy-team-img --><div class=\"kwayy-team-data\"><h3 class=\"kwayy-team-title\"><a href=\"https:\/\/clinicamedicadoporto.pt\/staging\/equipa\/mariana-couto\/\">Mariana Couto<\/a><\/h3><h4 class=\"kwayy-team-position\">M\u00e9dica Doutorada, Especialista em Imunoalergologia<\/h4>[vc_row][vc_column][vc_tta_tabs active_section=&#8221;5&#8243; title=&#8221;Algumas informa\u00e7\u00f5es relevantes&#8221;][vc_tta_section title=&#8221;Acerca de mim&#8221; tab_id=&#8221;1469614413476-31fa7dda-f364&#8243;][vc_column_text css=&#8221;&#8221;]Sou m\u00e9dica Imuno-Alergologista, adoro o que fa\u00e7o e sinto-me completamente realizada, pois tenho certeza de que consegui descobrir e p\u00f4r em pr\u00e1tica a minha verdadeira voca\u00e7\u00e3o. Durante a minha forma\u00e7\u00e3o enquanto Imunoalergologista, sempre acreditei que o doente melhor informado consegue tomar as melhores decis\u00f5es e aceitar [&hellip;]<div class=\"kwayy-team-cat-links\"><span class=\"tm-term-group tm-term-consulta-de-imuno-alergologia\"><span class=\"tm-term-sep\"> &nbsp; &middot; &nbsp; <\/span><a href=\"https:\/\/clinicamedicadoporto.pt\/staging\/servi\u00e7os-clinicos\/consulta-de-imuno-alergologia\/\">Consulta de Imuno-Alergologia<\/a><\/span><span class=\"tm-term-group tm-term-especialidades-medicas\"><span class=\"tm-term-sep\"> &nbsp; &middot; &nbsp; <\/span><a href=\"https:\/\/clinicamedicadoporto.pt\/staging\/servi\u00e7os-clinicos\/especialidades-medicas\/\">Especialidades M\u00e9dicas<\/a><\/span><\/div><\/div>\n\t<\/div>\n\t<div class=\"kwayy-team-box \"><div class=\"kwayy-team-img\"><a class=\"tm-team-imglink\" href=\"https:\/\/clinicamedicadoporto.pt\/staging\/equipa\/nadia-falco\/\"><img loading=\"lazy\" decoding=\"async\" width=\"440\" height=\"440\" src=\"https:\/\/clinicamedicadoporto.pt\/staging\/wp-content\/uploads\/2019\/11\/nadia-falco-nutrologa-clinica-medica-porto.png\" class=\"attachment-full size-full wp-post-image\" alt=\"Nadia Falco, M\u00e9dica Nutrologa da Cl\u00ednica M\u00e9dica do Porto\" \/><\/a><div class=\"overthumb\"><\/div><\/div><!-- .kwayy-team-img --><div class=\"kwayy-team-data\"><h3 class=\"kwayy-team-title\"><a href=\"https:\/\/clinicamedicadoporto.pt\/staging\/equipa\/nadia-falco\/\">Nadia Falco<\/a><\/h3><h4 class=\"kwayy-team-position\">M\u00e9dica \u00cdtalo-Argentina, Especialista em Nutri\u00e7\u00e3o Cl\u00ednica e e Nutrologia Funcional e Integrativa<\/h4>[vc_row][vc_column][vc_tta_tabs active_section=&#8221;5&#8243; title=&#8221;Algumas informa\u00e7\u00f5es relevantes&#8221;][vc_tta_section title=&#8221;Acerca de mim&#8221; tab_id=&#8221;1469614413476-31fa7dda-f364&#8243;][vc_column_text] Defendo uma abordagem funcional e integrativa do bin\u00f3mio sa\u00fade-doen\u00e7a, nutrindo desde h\u00e1 muito um especial interesse pelas \u00e1reas das Psico-Neuro-Endocrino-Imunologia e pela Nutri\u00e7\u00e3o M\u00e9dica Funcional. Enquanto M\u00e9dica de origem Italo-Argentina, coordenei equipas interdisciplinares em v\u00e1rios projetos e em diferentes geografias que se cruzaram no meu caminho [&hellip;]<div class=\"kwayy-team-cat-links\"><span class=\"tm-term-group tm-term-consultas-direccionadas\"><span class=\"tm-term-sep\"> &nbsp; &middot; &nbsp; <\/span><a href=\"https:\/\/clinicamedicadoporto.pt\/staging\/servi\u00e7os-clinicos\/consultas-direccionadas\/\">Consultas Direccionadas<\/a><\/span><span class=\"tm-term-group tm-term-nutrologia-medica\"><span class=\"tm-term-sep\"> &nbsp; &middot; &nbsp; <\/span><a href=\"https:\/\/clinicamedicadoporto.pt\/staging\/servi\u00e7os-clinicos\/nutrologia-medica\/\">Nutrologia Funcional<\/a><\/span><\/div><\/div>\n\t<\/div>\n\t<div class=\"kwayy-team-box \"><div class=\"kwayy-team-img\"><a class=\"tm-team-imglink\" href=\"https:\/\/clinicamedicadoporto.pt\/staging\/equipa\/antonio-americo-salema\/\"><img loading=\"lazy\" decoding=\"async\" width=\"440\" height=\"440\" src=\"https:\/\/clinicamedicadoporto.pt\/staging\/wp-content\/uploads\/2018\/04\/Anto\u0301nio-Salema-Sexologia-Clinica-Medica-do-Porto-2.jpg\" class=\"attachment-full size-full wp-post-image\" alt=\"Anto\u0301nio-Salema-Sexologia-Clinica-Medica-do-Porto\" srcset=\"https:\/\/clinicamedicadoporto.pt\/staging\/wp-content\/uploads\/2018\/04\/Anto\u0301nio-Salema-Sexologia-Clinica-Medica-do-Porto-2.jpg 440w, https:\/\/clinicamedicadoporto.pt\/staging\/wp-content\/uploads\/2018\/04\/Anto\u0301nio-Salema-Sexologia-Clinica-Medica-do-Porto-2-150x150.jpg 150w, https:\/\/clinicamedicadoporto.pt\/staging\/wp-content\/uploads\/2018\/04\/Anto\u0301nio-Salema-Sexologia-Clinica-Medica-do-Porto-2-300x300.jpg 300w\" sizes=\"auto, (max-width: 440px) 100vw, 440px\" \/><\/a><div class=\"overthumb\"><\/div><\/div><!-- .kwayy-team-img --><div class=\"kwayy-team-data\"><h3 class=\"kwayy-team-title\"><a href=\"https:\/\/clinicamedicadoporto.pt\/staging\/equipa\/antonio-americo-salema\/\">Ant\u00f3nio Am\u00e9rico Salema<\/a><\/h3><h4 class=\"kwayy-team-position\">Psic\u00f3logo, Terapeuta Sexual, Especialista em Sexologia Cl\u00ednica<\/h4>[vc_row][vc_column][vc_tta_tabs active_section=&#8221;5&#8243; title=&#8221;Algumas informa\u00e7\u00f5es relevantes&#8221;][vc_tta_section title=&#8221;Acerca de mim&#8221; tab_id=&#8221;1469614413476-31fa7dda-f364&#8243;][vc_column_text]Licenciado em Psicologia Cl\u00ednica e da Sa\u00fade Psicoterapeuta de inspira\u00e7\u00e3o Psicanal\u00edtica. Motivado pela Psican\u00e1lise faz forma\u00e7\u00e3o e desenvolvimento pessoal a fim de obter o t\u00edtulo de Psicanalista.\u00a0 Terapeuta Sexual pela Sociedade Portuguesa de Sexologia Cl\u00ednica. Especialista em Psicologia Cl\u00ednica e da Sa\u00fade, Sexologia Cl\u00ednica e Psicologia Comunit\u00e1ria [&hellip;]<div class=\"kwayy-team-cat-links\"><span class=\"tm-term-group tm-term-consulta-de-psicologia-clinica\"><span class=\"tm-term-sep\"> &nbsp; &middot; &nbsp; <\/span><a href=\"https:\/\/clinicamedicadoporto.pt\/staging\/servi\u00e7os-clinicos\/consulta-de-psicologia-clinica\/\">Consulta de Psicologia Cl\u00ednica<\/a><\/span><span class=\"tm-term-group tm-term-outras-especialidades\"><span class=\"tm-term-sep\"> &nbsp; &middot; &nbsp; <\/span><a href=\"https:\/\/clinicamedicadoporto.pt\/staging\/servi\u00e7os-clinicos\/outras-especialidades\/\">Outras Especialidades<\/a><\/span><span class=\"tm-term-group tm-term-sexologia-clinica\"><span class=\"tm-term-sep\"> &nbsp; &middot; &nbsp; <\/span><a href=\"https:\/\/clinicamedicadoporto.pt\/staging\/servi\u00e7os-clinicos\/sexologia-clinica\/\">Sexologia Cl\u00ednica<\/a><\/span><\/div><\/div>\n\t<\/div>\n\t<div class=\"kwayy-team-box \"><div class=\"kwayy-team-img\"><a class=\"tm-team-imglink\" href=\"https:\/\/clinicamedicadoporto.pt\/staging\/equipa\/fabiola-gomes\/\"><img loading=\"lazy\" decoding=\"async\" width=\"440\" height=\"440\" src=\"https:\/\/clinicamedicadoporto.pt\/staging\/wp-content\/uploads\/2018\/02\/Fabi\u0301ola-Gomes-Podologia-Clinica-Medica-do-Porto.jpg\" class=\"attachment-full size-full wp-post-image\" alt=\"Fabi\u0301ola-Gomes-Podologia-Clinica-Medica-do-Porto\" srcset=\"https:\/\/clinicamedicadoporto.pt\/staging\/wp-content\/uploads\/2018\/02\/Fabi\u0301ola-Gomes-Podologia-Clinica-Medica-do-Porto.jpg 440w, https:\/\/clinicamedicadoporto.pt\/staging\/wp-content\/uploads\/2018\/02\/Fabi\u0301ola-Gomes-Podologia-Clinica-Medica-do-Porto-150x150.jpg 150w, https:\/\/clinicamedicadoporto.pt\/staging\/wp-content\/uploads\/2018\/02\/Fabi\u0301ola-Gomes-Podologia-Clinica-Medica-do-Porto-300x300.jpg 300w\" sizes=\"auto, (max-width: 440px) 100vw, 440px\" \/><\/a><div class=\"overthumb\"><\/div><\/div><!-- .kwayy-team-img --><div class=\"kwayy-team-data\"><h3 class=\"kwayy-team-title\"><a href=\"https:\/\/clinicamedicadoporto.pt\/staging\/equipa\/fabiola-gomes\/\">Fab\u00edola Gomes<\/a><\/h3><h4 class=\"kwayy-team-position\">Podologista, Terapeuta de Reflexologia Podal<\/h4>[vc_row][vc_column][vc_tta_tabs active_section=&#8221;5&#8243; title=&#8221;Algumas informa\u00e7\u00f5es relevantes&#8221;][vc_tta_section title=&#8221;Acerca de mim&#8221; tab_id=&#8221;1469614413476-31fa7dda-f364&#8243;][vc_column_text] O gosto pela \u00e1rea da sa\u00fade, levou-me em 2001 a iniciar uma nova aventura &#8211; a da Podologia, onde todos os dias s\u00e3o um desafio, uma aprendizagem, um imenso orgulho pela conquista, pelo reconhecimento, pela satisfa\u00e7\u00e3o dos meus pacientes no fim de cada consulta. Em 2008, [&hellip;]<div class=\"kwayy-team-cat-links\"><span class=\"tm-term-group tm-term-consulta-de-podologia\"><span class=\"tm-term-sep\"> &nbsp; &middot; &nbsp; <\/span><a href=\"https:\/\/clinicamedicadoporto.pt\/staging\/servi\u00e7os-clinicos\/consulta-de-podologia\/\">Consulta de Podologia<\/a><\/span><span class=\"tm-term-group tm-term-consulta-do-pe-diabetico\"><span class=\"tm-term-sep\"> &nbsp; &middot; &nbsp; <\/span><a href=\"https:\/\/clinicamedicadoporto.pt\/staging\/servi\u00e7os-clinicos\/consulta-do-pe-diabetico\/\">Consulta do P\u00e9 Diab\u00e9tico<\/a><\/span><span class=\"tm-term-group tm-term-outras-especialidades\"><span class=\"tm-term-sep\"> &nbsp; &middot; &nbsp; <\/span><a href=\"https:\/\/clinicamedicadoporto.pt\/staging\/servi\u00e7os-clinicos\/outras-especialidades\/\">Outras Especialidades<\/a><\/span><span class=\"tm-term-group tm-term-outras-terapias-alternativas\"><span class=\"tm-term-sep\"> &nbsp; &middot; &nbsp; <\/span><a href=\"https:\/\/clinicamedicadoporto.pt\/staging\/servi\u00e7os-clinicos\/outras-terapias-alternativas\/\">Outras Terapias<\/a><\/span><span class=\"tm-term-group tm-term-reflexologia-podal\"><span class=\"tm-term-sep\"> &nbsp; &middot; &nbsp; <\/span><a href=\"https:\/\/clinicamedicadoporto.pt\/staging\/servi\u00e7os-clinicos\/reflexologia-podal\/\">Reflexologia Podal<\/a><\/span><\/div><\/div>\n\t<\/div>\n\t<div class=\"kwayy-team-box \"><div class=\"kwayy-team-img\"><a class=\"tm-team-imglink\" href=\"https:\/\/clinicamedicadoporto.pt\/staging\/equipa\/marisa-gouveia\/\"><img loading=\"lazy\" decoding=\"async\" width=\"440\" height=\"440\" src=\"https:\/\/clinicamedicadoporto.pt\/staging\/wp-content\/uploads\/2018\/01\/marisa-gouveia-psicologia-pedopsicologia-clinica-medica-do-porto.jpg\" class=\"attachment-full size-full wp-post-image\" alt=\"marisa-gouveia-psicologia-pedopsicologia-clinica-medica-do-porto\" srcset=\"https:\/\/clinicamedicadoporto.pt\/staging\/wp-content\/uploads\/2018\/01\/marisa-gouveia-psicologia-pedopsicologia-clinica-medica-do-porto.jpg 440w, https:\/\/clinicamedicadoporto.pt\/staging\/wp-content\/uploads\/2018\/01\/marisa-gouveia-psicologia-pedopsicologia-clinica-medica-do-porto-150x150.jpg 150w, https:\/\/clinicamedicadoporto.pt\/staging\/wp-content\/uploads\/2018\/01\/marisa-gouveia-psicologia-pedopsicologia-clinica-medica-do-porto-300x300.jpg 300w\" sizes=\"auto, (max-width: 440px) 100vw, 440px\" \/><\/a><div class=\"overthumb\"><\/div><\/div><!-- .kwayy-team-img --><div class=\"kwayy-team-data\"><h3 class=\"kwayy-team-title\"><a href=\"https:\/\/clinicamedicadoporto.pt\/staging\/equipa\/marisa-gouveia\/\">Marisa Gouveia<\/a><\/h3><h4 class=\"kwayy-team-position\">Psic\u00f3loga Cl\u00ednica, Especialista em Pedopsicologia e Psicologia Infantil<\/h4>[vc_row][vc_column][vc_tta_tabs active_section=&#8221;5&#8243; title=&#8221;Algumas informa\u00e7\u00f5es relevantes&#8221;][vc_tta_section title=&#8221;Acerca de mim&#8221; tab_id=&#8221;1469614413476-31fa7dda-f364&#8243;][vc_column_text] Iniciei a minha forma\u00e7\u00e3o em 2008, tendo conclu\u00eddo o mestrado em Psicologia pela Universidade do Porto. Sou psic\u00f3loga em duas escolas privadas e formadora na Faculdade de Psicologia e Ci\u00eancias da Educa\u00e7\u00e3o da Universidade do Porto. Considero-me uma positivista incur\u00e1vel com uma f\u00e9 desmedida nas pessoas [&hellip;]<div class=\"kwayy-team-cat-links\"><span class=\"tm-term-group tm-term-consulta-adicao-digital\"><span class=\"tm-term-sep\"> &nbsp; &middot; &nbsp; <\/span><a href=\"https:\/\/clinicamedicadoporto.pt\/staging\/servi\u00e7os-clinicos\/consulta-adicao-digital\/\">Consulta de Adi\u00e7\u00e3o Digital<\/a><\/span><span class=\"tm-term-group tm-term-pedopsicologia-psicologia-infantil\"><span class=\"tm-term-sep\"> &nbsp; &middot; &nbsp; <\/span><a href=\"https:\/\/clinicamedicadoporto.pt\/staging\/servi\u00e7os-clinicos\/pedopsicologia-psicologia-infantil\/\">Psicologia Infantil<\/a><\/span><\/div><\/div>\n\t<\/div>\n\t<div class=\"kwayy-team-box \"><div class=\"kwayy-team-img\"><a class=\"tm-team-imglink\" href=\"https:\/\/clinicamedicadoporto.pt\/staging\/equipa\/pedro-serra\/\"><img loading=\"lazy\" decoding=\"async\" width=\"440\" height=\"440\" src=\"https:\/\/clinicamedicadoporto.pt\/staging\/wp-content\/uploads\/2018\/01\/Pedro-Guerra-Fisioterapia-Terapia-Miofascial-Clinica-Medica-do-Porto.jpg\" class=\"attachment-full size-full wp-post-image\" alt=\"Pedro-Guerra-Fisioterapia-Terapia-Miofascial-Clinica-Medica-do-Porto\" srcset=\"https:\/\/clinicamedicadoporto.pt\/staging\/wp-content\/uploads\/2018\/01\/Pedro-Guerra-Fisioterapia-Terapia-Miofascial-Clinica-Medica-do-Porto.jpg 440w, https:\/\/clinicamedicadoporto.pt\/staging\/wp-content\/uploads\/2018\/01\/Pedro-Guerra-Fisioterapia-Terapia-Miofascial-Clinica-Medica-do-Porto-150x150.jpg 150w, https:\/\/clinicamedicadoporto.pt\/staging\/wp-content\/uploads\/2018\/01\/Pedro-Guerra-Fisioterapia-Terapia-Miofascial-Clinica-Medica-do-Porto-300x300.jpg 300w\" sizes=\"auto, (max-width: 440px) 100vw, 440px\" \/><\/a><div class=\"overthumb\"><\/div><\/div><!-- .kwayy-team-img --><div class=\"kwayy-team-data\"><h3 class=\"kwayy-team-title\"><a href=\"https:\/\/clinicamedicadoporto.pt\/staging\/equipa\/pedro-serra\/\">Pedro Serra<\/a><\/h3><h4 class=\"kwayy-team-position\">Fisioterapeuta, Especialista em Terapia Miofascial<\/h4>[vc_row][vc_column][vc_tta_tabs active_section=&#8221;5&#8243; title=&#8221;Algumas informa\u00e7\u00f5es relevantes&#8221;][vc_tta_section title=&#8221;Acerca de mim&#8221; tab_id=&#8221;1469614413476-31fa7dda-f364&#8243;][vc_column_text]Desde cedo percebi que o meu futuro passaria pelo cuidar. O gosto pessoal pelo desporto e o fasci\u0301nio pela resoluc\u0327a\u0303o de problemas, levou-me a abrac\u0327ar uma das mais bonitas profisso\u0303es do mundo. Licenciei-me em Fisioterapia na Universidade de Aveiro, em 2012 e desde enta\u0303o tenho trabalhado em [&hellip;]<div class=\"kwayy-team-cat-links\"><span class=\"tm-term-group tm-term-tecnicas-manuais\"><span class=\"tm-term-sep\"> &nbsp; &middot; &nbsp; <\/span><a href=\"https:\/\/clinicamedicadoporto.pt\/staging\/servi\u00e7os-clinicos\/tecnicas-manuais\/\">T\u00e9cnicas Manuais<\/a><\/span><span class=\"tm-term-group tm-term-terapia-miofascial\"><span class=\"tm-term-sep\"> &nbsp; &middot; &nbsp; <\/span><a href=\"https:\/\/clinicamedicadoporto.pt\/staging\/servi\u00e7os-clinicos\/terapia-miofascial\/\">Terapia Miofascial<\/a><\/span><\/div><\/div>\n\t<\/div>\n\t<div class=\"kwayy-team-box \"><div class=\"kwayy-team-img\"><a class=\"tm-team-imglink\" href=\"https:\/\/clinicamedicadoporto.pt\/staging\/equipa\/barbara-goulart\/\"><img loading=\"lazy\" decoding=\"async\" width=\"440\" height=\"440\" src=\"https:\/\/clinicamedicadoporto.pt\/staging\/wp-content\/uploads\/2017\/10\/Ba\u0301rbara-Goulart-Clinica-Medica-do-Porto.jpg\" class=\"attachment-full size-full wp-post-image\" alt=\"Ba\u0301rbara-Goulart-Clinica-Medica-do-Porto\" srcset=\"https:\/\/clinicamedicadoporto.pt\/staging\/wp-content\/uploads\/2017\/10\/Ba\u0301rbara-Goulart-Clinica-Medica-do-Porto.jpg 440w, https:\/\/clinicamedicadoporto.pt\/staging\/wp-content\/uploads\/2017\/10\/Ba\u0301rbara-Goulart-Clinica-Medica-do-Porto-150x150.jpg 150w, https:\/\/clinicamedicadoporto.pt\/staging\/wp-content\/uploads\/2017\/10\/Ba\u0301rbara-Goulart-Clinica-Medica-do-Porto-300x300.jpg 300w\" sizes=\"auto, (max-width: 440px) 100vw, 440px\" \/><\/a><div class=\"overthumb\"><\/div><\/div><!-- .kwayy-team-img --><div class=\"kwayy-team-data\"><h3 class=\"kwayy-team-title\"><a href=\"https:\/\/clinicamedicadoporto.pt\/staging\/equipa\/barbara-goulart\/\">B\u00e1rbara Goulart<\/a><\/h3><h4 class=\"kwayy-team-position\">Fisioterapeuta, Especialista em Fisioterapia Cardiorrespirat\u00f3ria<\/h4>[vc_row][vc_column][vc_tta_tabs active_section=&#8221;5&#8243; title=&#8221;Algumas informa\u00e7\u00f5es relevantes&#8221;][vc_tta_section title=&#8221;Acerca de mim&#8221; tab_id=&#8221;1469614413476-31fa7dda-f364&#8243;][vc_column_text] Desde muito cedo compreendi que a profiss\u00e3o que se adequaria \u00e0 minha personalidade teria de ter duas carater\u00edsticas: o contacto di\u00e1rio com as pessoas e, ao mesmo tempo, a melhoria da sua qualidade de vida. Quando conheci a fisioterapia, como uma terapia de diagn\u00f3stico e terap\u00eautica, [&hellip;]<div class=\"kwayy-team-cat-links\"><span class=\"tm-term-group tm-term-consulta-de-reabilitacao-respiratoria\"><span class=\"tm-term-sep\"> &nbsp; &middot; &nbsp; <\/span><a href=\"https:\/\/clinicamedicadoporto.pt\/staging\/servi\u00e7os-clinicos\/consulta-de-reabilitacao-respiratoria\/\">Reabilita\u00e7\u00e3o Respirat\u00f3ria<\/a><\/span><span class=\"tm-term-group tm-term-tecnicas-manuais\"><span class=\"tm-term-sep\"> &nbsp; &middot; &nbsp; <\/span><a href=\"https:\/\/clinicamedicadoporto.pt\/staging\/servi\u00e7os-clinicos\/tecnicas-manuais\/\">T\u00e9cnicas Manuais<\/a><\/span><\/div><\/div>\n\t<\/div>\n\t<div class=\"kwayy-team-box \"><div class=\"kwayy-team-img\"><a class=\"tm-team-imglink\" href=\"https:\/\/clinicamedicadoporto.pt\/staging\/equipa\/ana-rita-teles-clinica-medica-do-porto\/\"><img loading=\"lazy\" decoding=\"async\" width=\"440\" height=\"440\" src=\"https:\/\/clinicamedicadoporto.pt\/staging\/wp-content\/uploads\/2017\/03\/Ana-Rita-Teles-Medicina-Este\u0301tica-Clinica-Medica-do-Porto.jpg\" class=\"attachment-full size-full wp-post-image\" alt=\"Ana-Rita-Teles-Medicina-Este\u0301tica-Consulta-Anti-Aging-e-Anti-Envelhecimento-Clinica-Medica-do-Porto\" srcset=\"https:\/\/clinicamedicadoporto.pt\/staging\/wp-content\/uploads\/2017\/03\/Ana-Rita-Teles-Medicina-Este\u0301tica-Clinica-Medica-do-Porto.jpg 440w, https:\/\/clinicamedicadoporto.pt\/staging\/wp-content\/uploads\/2017\/03\/Ana-Rita-Teles-Medicina-Este\u0301tica-Clinica-Medica-do-Porto-150x150.jpg 150w, https:\/\/clinicamedicadoporto.pt\/staging\/wp-content\/uploads\/2017\/03\/Ana-Rita-Teles-Medicina-Este\u0301tica-Clinica-Medica-do-Porto-300x300.jpg 300w\" sizes=\"auto, (max-width: 440px) 100vw, 440px\" \/><\/a><div class=\"overthumb\"><\/div><\/div><!-- .kwayy-team-img --><div class=\"kwayy-team-data\"><h3 class=\"kwayy-team-title\"><a href=\"https:\/\/clinicamedicadoporto.pt\/staging\/equipa\/ana-rita-teles-clinica-medica-do-porto\/\">Ana Rita Teles<\/a><\/h3><h4 class=\"kwayy-team-position\">M\u00e9dica, P\u00f3s-Graduada em Medicina Anti-Envelhecimento e Reposi\u00e7\u00e3o Hormonal<\/h4>[vc_row][vc_column][vc_tta_tabs active_section=&#8221;1&#8243; title=&#8221;Algumas informa\u00e7\u00f5es relevantes&#8221;][vc_tta_section title=&#8221;Acerca de mim&#8221; tab_id=&#8221;1469614413476-31fa7dda-f364&#8243;][vc_column_text]Como tenho por h\u00e1bito dizer, sou um pequeno h\u00edbrido! Vila Real foi a cidade que me viu nascer. \u00c9 a cidade da qual guardo as primeiras mem\u00f3rias e \u00e0 qual mantenho uma eterna liga\u00e7\u00e3o afectiva. Foi a\u00ed que rabisquei os primeiros tra\u00e7os, continuando depois o meu percurso [&hellip;]<div class=\"kwayy-team-cat-links\"><span class=\"tm-term-group tm-term-consulta-anti-aging\"><span class=\"tm-term-sep\"> &nbsp; &middot; &nbsp; <\/span><a href=\"https:\/\/clinicamedicadoporto.pt\/staging\/servi\u00e7os-clinicos\/consulta-anti-aging\/\">Consulta Anti Aging<\/a><\/span><span class=\"tm-term-group tm-term-consulta-medica-de-perda-de-peso\"><span class=\"tm-term-sep\"> &nbsp; &middot; &nbsp; <\/span><a href=\"https:\/\/clinicamedicadoporto.pt\/staging\/servi\u00e7os-clinicos\/consulta-medica-de-perda-de-peso\/\">Consulta M\u00e9dica de Perda de Peso<\/a><\/span><span class=\"tm-term-group tm-term-consultas-direccionadas\"><span class=\"tm-term-sep\"> &nbsp; &middot; &nbsp; <\/span><a href=\"https:\/\/clinicamedicadoporto.pt\/staging\/servi\u00e7os-clinicos\/consultas-direccionadas\/\">Consultas Direccionadas<\/a><\/span><span class=\"tm-term-group tm-term-reposicao-hormonal-bioidentica\"><span class=\"tm-term-sep\"> &nbsp; &middot; &nbsp; <\/span><a href=\"https:\/\/clinicamedicadoporto.pt\/staging\/servi\u00e7os-clinicos\/reposicao-hormonal-bioidentica\/\">Reposi\u00e7\u00e3o Hormonal Bioid\u00eantica<\/a><\/span><\/div><\/div>\n\t<\/div>\n\t<div class=\"kwayy-team-box \"><div class=\"kwayy-team-img\"><a class=\"tm-team-imglink\" href=\"https:\/\/clinicamedicadoporto.pt\/staging\/equipa\/nelea-afanas-clinica-medica-do-porto\/\"><img loading=\"lazy\" decoding=\"async\" width=\"440\" height=\"440\" src=\"https:\/\/clinicamedicadoporto.pt\/staging\/wp-content\/uploads\/2017\/03\/Nelea-Afanas-Clinica-Medica-do-Porto.jpg\" class=\"attachment-full size-full wp-post-image\" alt=\"Nelea-Afanas-Clinica-Medica-do-Porto-Pediatra-Homeopatia-Pedi\u00e1trica\" srcset=\"https:\/\/clinicamedicadoporto.pt\/staging\/wp-content\/uploads\/2017\/03\/Nelea-Afanas-Clinica-Medica-do-Porto.jpg 440w, https:\/\/clinicamedicadoporto.pt\/staging\/wp-content\/uploads\/2017\/03\/Nelea-Afanas-Clinica-Medica-do-Porto-150x150.jpg 150w, https:\/\/clinicamedicadoporto.pt\/staging\/wp-content\/uploads\/2017\/03\/Nelea-Afanas-Clinica-Medica-do-Porto-300x300.jpg 300w\" sizes=\"auto, (max-width: 440px) 100vw, 440px\" \/><\/a><div class=\"overthumb\"><\/div><\/div><!-- .kwayy-team-img --><div class=\"kwayy-team-data\"><h3 class=\"kwayy-team-title\"><a href=\"https:\/\/clinicamedicadoporto.pt\/staging\/equipa\/nelea-afanas-clinica-medica-do-porto\/\">Nelea Afanas<\/a><\/h3><h4 class=\"kwayy-team-position\">M\u00e9dica, Especialista em Pediatra e Pediatria Homeop\u00e1tica<\/h4>[vc_row][vc_column][vc_tta_tabs active_section=&#8221;5&#8243; title=&#8221;Algumas informa\u00e7\u00f5es relevantes&#8221;][vc_tta_section title=&#8221;Acerca de mim&#8221; tab_id=&#8221;1469614413476-31fa7dda-f364&#8243;][vc_column_text] Nasci e cresci na Republica Moldova (antiga URSS), onde me formei em Medicina na Universidade da capital (Chisinau), especializando-me em Medicina Interna. Em 2001 imigrei para Portugal, onde em 2010 conclu\u00ed adicionalmente a especialidade de Pediatria. Venho tamb\u00e9m desenvolvendo compet\u00eancias nas \u00e1reas da Pediatria Naturop\u00e1tica e [&hellip;]<div class=\"kwayy-team-cat-links\"><span class=\"tm-term-group tm-term-consulta-de-pediatria-homeopatica\"><span class=\"tm-term-sep\"> &nbsp; &middot; &nbsp; <\/span><a href=\"https:\/\/clinicamedicadoporto.pt\/staging\/servi\u00e7os-clinicos\/consulta-de-pediatria-homeopatica\/\">Consulta de Pediatria Homeop\u00e1tica<\/a><\/span><span class=\"tm-term-group tm-term-terapias-nao-convencionais\"><span class=\"tm-term-sep\"> &nbsp; &middot; &nbsp; <\/span><a href=\"https:\/\/clinicamedicadoporto.pt\/staging\/servi\u00e7os-clinicos\/terapias-nao-convencionais\/\">Terapias N\u00e3o Convencionais<\/a><\/span><\/div><\/div>\n\t<\/div>\n\t<div class=\"kwayy-team-box \"><div class=\"kwayy-team-img\"><a class=\"tm-team-imglink\" href=\"https:\/\/clinicamedicadoporto.pt\/staging\/equipa\/fatima-silva-clinica-medica-do-porto\/\"><img loading=\"lazy\" decoding=\"async\" width=\"440\" height=\"440\" src=\"https:\/\/clinicamedicadoporto.pt\/staging\/wp-content\/uploads\/2016\/11\/fatima-silva-terapeuta-da-fala-clinica-medica-porto.jpg\" class=\"attachment-full size-full wp-post-image\" alt=\"F\u00e1tima Silva, A terapeuta da Fala da Cl\u00ednica M\u00e9dica do Porto\" srcset=\"https:\/\/clinicamedicadoporto.pt\/staging\/wp-content\/uploads\/2016\/11\/fatima-silva-terapeuta-da-fala-clinica-medica-porto.jpg 440w, https:\/\/clinicamedicadoporto.pt\/staging\/wp-content\/uploads\/2016\/11\/fatima-silva-terapeuta-da-fala-clinica-medica-porto-150x150.jpg 150w, https:\/\/clinicamedicadoporto.pt\/staging\/wp-content\/uploads\/2016\/11\/fatima-silva-terapeuta-da-fala-clinica-medica-porto-300x300.jpg 300w\" sizes=\"auto, (max-width: 440px) 100vw, 440px\" \/><\/a><div class=\"overthumb\"><\/div><\/div><!-- .kwayy-team-img --><div class=\"kwayy-team-data\"><h3 class=\"kwayy-team-title\"><a href=\"https:\/\/clinicamedicadoporto.pt\/staging\/equipa\/fatima-silva-clinica-medica-do-porto\/\">F\u00e1tima Silva<\/a><\/h3><h4 class=\"kwayy-team-position\">Terapeuta da Fala<\/h4>[vc_row][vc_column][vc_tta_tabs active_section=&#8221;5&#8243; title=&#8221;Algumas informa\u00e7\u00f5es relevantes&#8221;][vc_tta_section title=&#8221;Acerca de mim&#8221; tab_id=&#8221;1469614413476-31fa7dda-f364&#8243;][vc_column_text]Nascida e criada no Porto, sou terapeuta da fala e m\u00e3e de dois filhos. A vontade de\u00a0 trabalhar com pessoas e para as pessoas foi sempre o que me guiou no meu percurso profissional. Formei-me inicialmente em psicologia e a licenciatura em terapia da fala foi o [&hellip;]<div class=\"kwayy-team-cat-links\"><span class=\"tm-term-group tm-term-outras-especialidades\"><span class=\"tm-term-sep\"> &nbsp; &middot; &nbsp; <\/span><a href=\"https:\/\/clinicamedicadoporto.pt\/staging\/servi\u00e7os-clinicos\/outras-especialidades\/\">Outras Especialidades<\/a><\/span><span class=\"tm-term-group tm-term-terapia-da-fala\"><span class=\"tm-term-sep\"> &nbsp; &middot; &nbsp; <\/span><a href=\"https:\/\/clinicamedicadoporto.pt\/staging\/servi\u00e7os-clinicos\/terapia-da-fala\/\">Terapia da Fala<\/a><\/span><\/div><\/div>\n\t<\/div>\n\t<div class=\"kwayy-team-box \"><div class=\"kwayy-team-img\"><a class=\"tm-team-imglink\" href=\"https:\/\/clinicamedicadoporto.pt\/staging\/equipa\/silvia-carvalho\/\"><img loading=\"lazy\" decoding=\"async\" width=\"440\" height=\"440\" src=\"https:\/\/clinicamedicadoporto.pt\/staging\/wp-content\/uploads\/2016\/11\/Silvia-Carvalho-Clinica-Medica-do-Porto.jpg\" class=\"attachment-full size-full wp-post-image\" alt=\"Silvia-Carvalho-Clinica-Medica-do-Porto\" \/><\/a><div class=\"overthumb\"><\/div><\/div><!-- .kwayy-team-img --><div class=\"kwayy-team-data\"><h3 class=\"kwayy-team-title\"><a href=\"https:\/\/clinicamedicadoporto.pt\/staging\/equipa\/silvia-carvalho\/\">S\u00edlvia Carvalho<\/a><\/h3><h4 class=\"kwayy-team-position\">Psic\u00f3loga, Especialista em Sa\u00fade Mental no P\u00f3s Parto e Fertilidade<\/h4>[vc_row][vc_column][vc_tta_tabs active_section=&#8221;5&#8243; title=&#8221;Algumas informa\u00e7\u00f5es relevantes&#8221;][vc_tta_section title=&#8221;Acerca de mim&#8221; tab_id=&#8221;1469614413476-31fa7dda-f364&#8243;][vc_column_text] Ao longo do meu percurso acad\u00e9mico e profissional desenvolvi o meu trabalho como Psic\u00f3loga na \u00e1rea cl\u00ednica, da educa\u00e7\u00e3o e desporto, que me permitiram adquirir a experi\u00eancia que hoje possuo. Encontrei a minha motiva\u00e7\u00e3o nesta \u00e1rea atrav\u00e9s da experi\u00eancia pessoal e profissional com fam\u00edlias que se [&hellip;]<div class=\"kwayy-team-cat-links\"><span class=\"tm-term-group tm-term-consulta-de-psicologia-na-fertilidade\"><span class=\"tm-term-sep\"> &nbsp; &middot; &nbsp; <\/span><a href=\"https:\/\/clinicamedicadoporto.pt\/staging\/servi\u00e7os-clinicos\/consulta-de-psicologia-na-fertilidade\/\">Consulta de Psicologia Na Fertilidade<\/a><\/span><span class=\"tm-term-group tm-term-consulta-de-saude-mental-no-pos-parto\"><span class=\"tm-term-sep\"> &nbsp; &middot; &nbsp; <\/span><a href=\"https:\/\/clinicamedicadoporto.pt\/staging\/servi\u00e7os-clinicos\/consulta-de-saude-mental-no-pos-parto\/\">Consulta de Sa\u00fade Mental no P\u00f3s Parto<\/a><\/span><span class=\"tm-term-group tm-term-gravidez-e-maternidade\"><span class=\"tm-term-sep\"> &nbsp; &middot; &nbsp; <\/span><a href=\"https:\/\/clinicamedicadoporto.pt\/staging\/servi\u00e7os-clinicos\/gravidez-e-maternidade\/\">Gravidez e Maternidade<\/a><\/span><span class=\"tm-term-group tm-term-outras-terapias-alternativas\"><span class=\"tm-term-sep\"> &nbsp; &middot; &nbsp; <\/span><a href=\"https:\/\/clinicamedicadoporto.pt\/staging\/servi\u00e7os-clinicos\/outras-terapias-alternativas\/\">Outras Terapias<\/a><\/span><span class=\"tm-term-group tm-term-hipnose-clinica\"><span class=\"tm-term-sep\"> &nbsp; &middot; &nbsp; <\/span><a href=\"https:\/\/clinicamedicadoporto.pt\/staging\/servi\u00e7os-clinicos\/hipnose-clinica\/\">Sess\u00e3o de Hipnoterapia<\/a><\/span><\/div><\/div>\n\t<\/div>\n\t<div class=\"kwayy-team-box \"><div class=\"kwayy-team-img\"><a class=\"tm-team-imglink\" href=\"https:\/\/clinicamedicadoporto.pt\/staging\/equipa\/tatiana-calvao-sousa-clinica-medica-do-porto-acupuntura\/\"><img loading=\"lazy\" decoding=\"async\" width=\"440\" height=\"440\" src=\"https:\/\/clinicamedicadoporto.pt\/staging\/wp-content\/uploads\/2014\/09\/Tatiana-Calvao-Sousa-Clinica-Medica-Porto-Acupuntura-1.jpg\" class=\"attachment-full size-full wp-post-image\" alt=\"Tatiana Calv\u00e3o Sousa - Cl\u00ednica M\u00e9dica do Porto - Acupuntura e Medicina Tradicional Chinesa\" srcset=\"https:\/\/clinicamedicadoporto.pt\/staging\/wp-content\/uploads\/2014\/09\/Tatiana-Calvao-Sousa-Clinica-Medica-Porto-Acupuntura-1.jpg 440w, https:\/\/clinicamedicadoporto.pt\/staging\/wp-content\/uploads\/2014\/09\/Tatiana-Calvao-Sousa-Clinica-Medica-Porto-Acupuntura-1-150x150.jpg 150w, https:\/\/clinicamedicadoporto.pt\/staging\/wp-content\/uploads\/2014\/09\/Tatiana-Calvao-Sousa-Clinica-Medica-Porto-Acupuntura-1-300x300.jpg 300w\" sizes=\"auto, (max-width: 440px) 100vw, 440px\" \/><\/a><div class=\"overthumb\"><\/div><\/div><!-- .kwayy-team-img --><div class=\"kwayy-team-data\"><h3 class=\"kwayy-team-title\"><a href=\"https:\/\/clinicamedicadoporto.pt\/staging\/equipa\/tatiana-calvao-sousa-clinica-medica-do-porto-acupuntura\/\">Tatiana Calv\u00e3o Sousa<\/a><\/h3><h4 class=\"kwayy-team-position\">Especialista em Medicina Tradicional Chinesa e Acupunctura. Respons\u00e1vel pela Consulta de Fertilidade<\/h4>[vc_row][vc_column][vc_tta_tabs active_section=&#8221;5&#8243; title=&#8221;Algumas informa\u00e7\u00f5es relevantes&#8221;][vc_tta_section title=&#8221;Acerca de mim&#8221; tab_id=&#8221;1469614413476-31fa7dda-f364&#8243;][vc_column_text] Tinha 16 anos e uma h\u00e9rnia lombar. S\u00f3 n\u00e3o queria tomar medicamentos\u2026 Nessa altura recorri a uma especialista que me diziam ser \u201ca melhor\u201d, e foi pela sua m\u00e3o que tive o primeiro contacto com a realidade das Terapias N\u00e3o Convencionais. Ela era terapeuta de Shiatsu, [&hellip;]<div class=\"kwayy-team-cat-links\"><span class=\"tm-term-group tm-term-consulta-de-acupuntura\"><span class=\"tm-term-sep\"> &nbsp; &middot; &nbsp; <\/span><a href=\"https:\/\/clinicamedicadoporto.pt\/staging\/servi\u00e7os-clinicos\/consulta-de-acupuntura\/\">Consulta de Acupunctura<\/a><\/span><span class=\"tm-term-group tm-term-consulta-de-desabituacao-tabagica\"><span class=\"tm-term-sep\"> &nbsp; &middot; &nbsp; <\/span><a href=\"https:\/\/clinicamedicadoporto.pt\/staging\/servi\u00e7os-clinicos\/consulta-de-desabituacao-tabagica\/\">Consulta de Desabitua\u00e7\u00e3o Tab\u00e1gica<\/a><\/span><span class=\"tm-term-group tm-term-consulta-de-fertilidade\"><span class=\"tm-term-sep\"> &nbsp; &middot; &nbsp; <\/span><a href=\"https:\/\/clinicamedicadoporto.pt\/staging\/servi\u00e7os-clinicos\/consulta-de-fertilidade\/\">Consulta de Fertilidade para casais (MTC)<\/a><\/span><span class=\"tm-term-group tm-term-consulta-de-medicina-tradicional-chinesa\"><span class=\"tm-term-sep\"> &nbsp; &middot; &nbsp; <\/span><a href=\"https:\/\/clinicamedicadoporto.pt\/staging\/servi\u00e7os-clinicos\/consulta-de-medicina-tradicional-chinesa\/\">Consulta de Medicina Tradicional Chinesa<\/a><\/span><span class=\"tm-term-group tm-term-gravidez-e-maternidade\"><span class=\"tm-term-sep\"> &nbsp; &middot; &nbsp; <\/span><a href=\"https:\/\/clinicamedicadoporto.pt\/staging\/servi\u00e7os-clinicos\/gravidez-e-maternidade\/\">Gravidez e Maternidade<\/a><\/span><span class=\"tm-term-group tm-term-sessao-de-massagem-shiatsu\"><span class=\"tm-term-sep\"> &nbsp; &middot; &nbsp; <\/span><a href=\"https:\/\/clinicamedicadoporto.pt\/staging\/servi\u00e7os-clinicos\/sessao-de-massagem-shiatsu\/\">Massagem Shiatsu<\/a><\/span><span class=\"tm-term-group tm-term-programa-de-acompanhamento-da-gravidez\"><span class=\"tm-term-sep\"> &nbsp; &middot; &nbsp; <\/span><a href=\"https:\/\/clinicamedicadoporto.pt\/staging\/servi\u00e7os-clinicos\/programa-de-acompanhamento-da-gravidez\/\">Programa de Acompanhamento da Gravidez<\/a><\/span><span class=\"tm-term-group tm-term-terapias-nao-convencionais\"><span class=\"tm-term-sep\"> &nbsp; &middot; &nbsp; <\/span><a href=\"https:\/\/clinicamedicadoporto.pt\/staging\/servi\u00e7os-clinicos\/terapias-nao-convencionais\/\">Terapias N\u00e3o Convencionais<\/a><\/span><\/div><\/div>\n\t<\/div>\n\t<div class=\"kwayy-team-box \"><div class=\"kwayy-team-img\"><a class=\"tm-team-imglink\" href=\"https:\/\/clinicamedicadoporto.pt\/staging\/equipa\/pedro-macedo-clinica-medica-do-porto\/\"><img loading=\"lazy\" decoding=\"async\" width=\"440\" height=\"440\" src=\"https:\/\/clinicamedicadoporto.pt\/staging\/wp-content\/uploads\/2014\/09\/Pedro-Macedo-Psiquiatria-Clinica-Medica-do-Porto.jpg\" class=\"attachment-full size-full wp-post-image\" alt=\"Pedro Macedo - Psiquiatria - Cl\u00ednica M\u00e9dica do Porto\" srcset=\"https:\/\/clinicamedicadoporto.pt\/staging\/wp-content\/uploads\/2014\/09\/Pedro-Macedo-Psiquiatria-Clinica-Medica-do-Porto.jpg 440w, https:\/\/clinicamedicadoporto.pt\/staging\/wp-content\/uploads\/2014\/09\/Pedro-Macedo-Psiquiatria-Clinica-Medica-do-Porto-150x150.jpg 150w, https:\/\/clinicamedicadoporto.pt\/staging\/wp-content\/uploads\/2014\/09\/Pedro-Macedo-Psiquiatria-Clinica-Medica-do-Porto-300x300.jpg 300w\" sizes=\"auto, (max-width: 440px) 100vw, 440px\" \/><\/a><div class=\"overthumb\"><\/div><\/div><!-- .kwayy-team-img --><div class=\"kwayy-team-data\"><h3 class=\"kwayy-team-title\"><a href=\"https:\/\/clinicamedicadoporto.pt\/staging\/equipa\/pedro-macedo-clinica-medica-do-porto\/\">Pedro Macedo<\/a><\/h3><h4 class=\"kwayy-team-position\">M\u00e9dico, Especialista em Psiquiatria<\/h4>[vc_row][vc_column][vc_tta_tabs active_section=&#8221;5&#8243; title=&#8221;Algumas informa\u00e7\u00f5es relevantes&#8221;][vc_tta_section title=&#8221;Acerca de mim&#8221; tab_id=&#8221;1469614413476-31fa7dda-f364&#8243;][vc_column_text] Mestre em Medicina pela Faculdade de Medicina da Universidade do Porto com Especialidade em Psiquiatria e Sa\u00fade Mental. O meu percurso familiar tem me permitido contactar com diferentes realidades e faixas et\u00e1rias. Considero que a compreens\u00e3o do sofrimento e do seu impacto nas rela\u00e7\u00f5es significativas \u00e9 [&hellip;]<div class=\"kwayy-team-cat-links\"><span class=\"tm-term-group tm-term-consulta-de-psiquiatria\"><span class=\"tm-term-sep\"> &nbsp; &middot; &nbsp; <\/span><a href=\"https:\/\/clinicamedicadoporto.pt\/staging\/servi\u00e7os-clinicos\/consulta-de-psiquiatria\/\">Consulta de Psiquiatria<\/a><\/span><span class=\"tm-term-group tm-term-especialidades-medicas\"><span class=\"tm-term-sep\"> &nbsp; &middot; &nbsp; <\/span><a href=\"https:\/\/clinicamedicadoporto.pt\/staging\/servi\u00e7os-clinicos\/especialidades-medicas\/\">Especialidades M\u00e9dicas<\/a><\/span><span class=\"tm-term-group tm-term-terapia-familiar-casal\"><span class=\"tm-term-sep\"> &nbsp; &middot; &nbsp; <\/span><a href=\"https:\/\/clinicamedicadoporto.pt\/staging\/servi\u00e7os-clinicos\/terapia-familiar-casal\/\">Terapia Familiar e de Casal<\/a><\/span><\/div><\/div>\n\t<\/div>\n\t<div class=\"kwayy-team-box \"><div class=\"kwayy-team-img\"><a class=\"tm-team-imglink\" href=\"https:\/\/clinicamedicadoporto.pt\/staging\/equipa\/maria-emilia-ribeiro-clinica-medica-do-porto\/\"><img loading=\"lazy\" decoding=\"async\" width=\"440\" height=\"440\" src=\"https:\/\/clinicamedicadoporto.pt\/staging\/wp-content\/uploads\/2014\/09\/Maria-Emilia-Reiki-Clinica-Medica-do-Porto.jpg\" class=\"attachment-full size-full wp-post-image\" alt=\"Maria Emilia Ribeiro - Reiki - Cl\u00ednica M\u00e9dica do Porto\" srcset=\"https:\/\/clinicamedicadoporto.pt\/staging\/wp-content\/uploads\/2014\/09\/Maria-Emilia-Reiki-Clinica-Medica-do-Porto.jpg 440w, https:\/\/clinicamedicadoporto.pt\/staging\/wp-content\/uploads\/2014\/09\/Maria-Emilia-Reiki-Clinica-Medica-do-Porto-150x150.jpg 150w, https:\/\/clinicamedicadoporto.pt\/staging\/wp-content\/uploads\/2014\/09\/Maria-Emilia-Reiki-Clinica-Medica-do-Porto-300x300.jpg 300w\" sizes=\"auto, (max-width: 440px) 100vw, 440px\" \/><\/a><div class=\"overthumb\"><\/div><\/div><!-- .kwayy-team-img --><div class=\"kwayy-team-data\"><h3 class=\"kwayy-team-title\"><a href=\"https:\/\/clinicamedicadoporto.pt\/staging\/equipa\/maria-emilia-ribeiro-clinica-medica-do-porto\/\">Maria Em\u00edlia Ribeiro<\/a><\/h3><h4 class=\"kwayy-team-position\">Terapeuta de Reiki<\/h4>[vc_row][vc_column][vc_tta_tabs active_section=&#8221;5&#8243; title=&#8221;Algumas informa\u00e7\u00f5es relevantes&#8221;][vc_tta_section title=&#8221;Acerca de mim&#8221; tab_id=&#8221;1469614413476-31fa7dda-f364&#8243;][vc_column_text]Quando em Maio de 2009 iniciei a minha viagem no mundo do Reiki, estava longe de imaginar o quanto isso mudaria a minha vida e os meus horizontes. Estou por isso GRATA, por ter tido a coragem de iniciar este caminho de Auto-Conhecimento, Cura e Evolu\u00e7\u00e3o Espiritual. [&hellip;]<div class=\"kwayy-team-cat-links\"><span class=\"tm-term-group tm-term-terapia-alternativa-reiki\"><span class=\"tm-term-sep\"> &nbsp; &middot; &nbsp; <\/span><a href=\"https:\/\/clinicamedicadoporto.pt\/staging\/servi\u00e7os-clinicos\/terapia-alternativa-reiki\/\">Consulta de Reiki<\/a><\/span><span class=\"tm-term-group tm-term-outras-terapias-alternativas\"><span class=\"tm-term-sep\"> &nbsp; &middot; &nbsp; <\/span><a href=\"https:\/\/clinicamedicadoporto.pt\/staging\/servi\u00e7os-clinicos\/outras-terapias-alternativas\/\">Outras Terapias<\/a><\/span><\/div><\/div>\n\t<\/div>\n\t<div class=\"kwayy-team-box \"><div class=\"kwayy-team-img\"><a class=\"tm-team-imglink\" href=\"https:\/\/clinicamedicadoporto.pt\/staging\/equipa\/ines-bento-clinica-medica-do-porto\/\"><img loading=\"lazy\" decoding=\"async\" width=\"440\" height=\"440\" src=\"https:\/\/clinicamedicadoporto.pt\/staging\/wp-content\/uploads\/2014\/09\/ines-bento-medicina-geral-clinica-medica-porto.jpg\" class=\"attachment-full size-full wp-post-image\" alt=\"Foto da Dra. In\u00eas Bento - Especialista em Medicina Geral e Familiar da Cl\u00ednica M\u00e9dica do Porto\" \/><\/a><div class=\"overthumb\"><\/div><\/div><!-- .kwayy-team-img --><div class=\"kwayy-team-data\"><h3 class=\"kwayy-team-title\"><a href=\"https:\/\/clinicamedicadoporto.pt\/staging\/equipa\/ines-bento-clinica-medica-do-porto\/\">In\u00eas Bento<\/a><\/h3><h4 class=\"kwayy-team-position\">M\u00e9dica, Especialista em Medicina Geral e Familiar, Directora Cl\u00ednica da Cl\u00ednica M\u00e9dica do Porto<\/h4>[vc_row][vc_column][vc_tta_tabs active_section=&#8221;5&#8243; title=&#8221;Algumas informa\u00e7\u00f5es relevantes&#8221;][vc_tta_section title=&#8221;Acerca de mim&#8221; tab_id=&#8221;1469614413476-31fa7dda-f364&#8243;][vc_column_text] Nasci em 1986, no Porto, tendo vivido at\u00e9 aos 18 anos em Vila Real, de onde sou natural. Desde pequena que o meu sonho sempre foi ser m\u00e9dica e poder ajudar os outros. Fiz o curso de Medicina na Faculdade de Ci\u00eancias M\u00e9dicas da Universidade Nova [&hellip;]<div class=\"kwayy-team-cat-links\"><span class=\"tm-term-group tm-term-consulta-de-medicina-geral-e-familiar\"><span class=\"tm-term-sep\"> &nbsp; &middot; &nbsp; <\/span><a href=\"https:\/\/clinicamedicadoporto.pt\/staging\/servi\u00e7os-clinicos\/consulta-de-medicina-geral-e-familiar\/\">Consulta de Medicina Geral e Familiar<\/a><\/span><span class=\"tm-term-group tm-term-especialidades-medicas\"><span class=\"tm-term-sep\"> &nbsp; &middot; &nbsp; <\/span><a href=\"https:\/\/clinicamedicadoporto.pt\/staging\/servi\u00e7os-clinicos\/especialidades-medicas\/\">Especialidades M\u00e9dicas<\/a><\/span><\/div><\/div>\n\t<\/div>\n\t<div class=\"kwayy-team-box \"><div class=\"kwayy-team-img\"><a class=\"tm-team-imglink\" href=\"https:\/\/clinicamedicadoporto.pt\/staging\/equipa\/tiago-monteiro\/\"><img loading=\"lazy\" decoding=\"async\" width=\"440\" height=\"440\" src=\"https:\/\/clinicamedicadoporto.pt\/staging\/wp-content\/uploads\/2014\/09\/Tiago-Monteiro-Osteopatia-Fisioterapia-Clinica-Medica-do-Porto.jpg\" class=\"attachment-full size-full wp-post-image\" alt=\"Tiago Monteiro - Osteopatia e Fisioterapia - Cl\u00ednica M\u00e9dica do Porto\" srcset=\"https:\/\/clinicamedicadoporto.pt\/staging\/wp-content\/uploads\/2014\/09\/Tiago-Monteiro-Osteopatia-Fisioterapia-Clinica-Medica-do-Porto.jpg 440w, https:\/\/clinicamedicadoporto.pt\/staging\/wp-content\/uploads\/2014\/09\/Tiago-Monteiro-Osteopatia-Fisioterapia-Clinica-Medica-do-Porto-150x150.jpg 150w, https:\/\/clinicamedicadoporto.pt\/staging\/wp-content\/uploads\/2014\/09\/Tiago-Monteiro-Osteopatia-Fisioterapia-Clinica-Medica-do-Porto-300x300.jpg 300w\" sizes=\"auto, (max-width: 440px) 100vw, 440px\" \/><\/a><div class=\"overthumb\"><\/div><\/div><!-- .kwayy-team-img --><div class=\"kwayy-team-data\"><h3 class=\"kwayy-team-title\"><a href=\"https:\/\/clinicamedicadoporto.pt\/staging\/equipa\/tiago-monteiro\/\">Tiago Monteiro<\/a><\/h3><h4 class=\"kwayy-team-position\">Osteopata, Fisioterapeuta, Respons\u00e1vel pelas Especialidades T\u00e9cnicas da CMP<\/h4>[vc_row][vc_column][vc_tta_tabs active_section=&#8221;5&#8243; title=&#8221;Algumas informa\u00e7\u00f5es relevantes&#8221;][vc_tta_section title=&#8221;Acerca de mim&#8221; tab_id=&#8221;1469614413476-31fa7dda-f364&#8243;][vc_column_text]O meu percurso acad\u00e9mico e laboral pautou-se sempre por alguma irregularidade. No entanto, e olhando para tr\u00e1s, encontro agora um denominador comum\u00a0&#8211; o bem estar do individuo! Comecei por licenciar-me\u00a0em Rela\u00e7\u00f5es Internacionais, e pese embora ter\u00a0percebido que n\u00e3o era esse o meu caminho,\u00a0n\u00e3o sou pessoa de deixar [&hellip;]<div class=\"kwayy-team-cat-links\"><span class=\"tm-term-group tm-term-consulta-de-avaliacao-e-correccao-postural\"><span class=\"tm-term-sep\"> &nbsp; &middot; &nbsp; <\/span><a href=\"https:\/\/clinicamedicadoporto.pt\/staging\/servi\u00e7os-clinicos\/consulta-de-avaliacao-e-correccao-postural\/\">Avalia\u00e7\u00e3o e Correc\u00e7\u00e3o Postural<\/a><\/span><span class=\"tm-term-group tm-term-consulta-de-osteopatia\"><span class=\"tm-term-sep\"> &nbsp; &middot; &nbsp; <\/span><a href=\"https:\/\/clinicamedicadoporto.pt\/staging\/servi\u00e7os-clinicos\/consulta-de-osteopatia\/\">Consulta de Osteopatia<\/a><\/span><span class=\"tm-term-group tm-term-sessao-de-fisioterapia\"><span class=\"tm-term-sep\"> &nbsp; &middot; &nbsp; <\/span><a href=\"https:\/\/clinicamedicadoporto.pt\/staging\/servi\u00e7os-clinicos\/sessao-de-fisioterapia\/\">Fisioterapia<\/a><\/span><span class=\"tm-term-group tm-term-tecnicas-manuais\"><span class=\"tm-term-sep\"> &nbsp; &middot; &nbsp; <\/span><a href=\"https:\/\/clinicamedicadoporto.pt\/staging\/servi\u00e7os-clinicos\/tecnicas-manuais\/\">T\u00e9cnicas Manuais<\/a><\/span><span class=\"tm-term-group tm-term-terapias-nao-convencionais\"><span class=\"tm-term-sep\"> &nbsp; &middot; &nbsp; <\/span><a href=\"https:\/\/clinicamedicadoporto.pt\/staging\/servi\u00e7os-clinicos\/terapias-nao-convencionais\/\">Terapias N\u00e3o Convencionais<\/a><\/span><\/div><\/div>\n\t<\/div>\n\t<\/div><\/div>[vc_empty_space height=&#8221;50px&#8221;][\/vc_column][\/vc_row][vc_row textcolor=&#8221;white&#8221; bgtype=&#8221;skin&#8221; bgprecolor=&#8221;grey&#8221;][vc_column][vc_empty_space height=&#8221;75px&#8221;][\/vc_column][vc_column width=&#8221;1\/3&#8243;][vc_icon icon_fontawesome=&#8221;fa fa-solid fa-user-doctor&#8221; color=&#8221;white&#8221; size=&#8221;lg&#8221; align=&#8221;center&#8221; css=&#8221;.vc_custom_1616240944000{margin-bottom: 0px !important;}&#8221;][vc_column_text]<\/p>\n<h3 class=\"p1 special-h3\" style=\"text-align: center\"><span class=\"s1\">Trabalhamos Em Conjunto Para Recuperar A Sua Sa\u00fade<\/span><\/h3>\n<p style=\"text-align: center\">Juntamos no mesmo espa\u00e7o um conjunto de especialistas m\u00e9dicos e terapeutas de diversas \u00e1reas da sa\u00fade. <strong>Para que nunca lhe falte uma segunda, ou terceira opini\u00e3o<\/strong>!<\/p>\n<p>[\/vc_column_text][\/vc_column][vc_column width=&#8221;1\/3&#8243;][vc_icon icon_fontawesome=&#8221;fa fa-solid fa-laptop-medical&#8221; color=&#8221;white&#8221; align=&#8221;center&#8221; css=&#8221;.vc_custom_1616241145141{margin-bottom: 0px !important;}&#8221;][vc_column_text]<\/p>\n<h3 class=\"p1 special-h3\" style=\"text-align: center\"><span class=\"s1\">Em Regime de Domic\u00edlio ou em Videoconsulta<\/span><\/h3>\n<p style=\"text-align: center\">Temos solu\u00e7\u00f5es de Video-Consulta (Telechamada) e Regime de Atendimento Domiciliar dispon\u00edvel para diversas especialidades Cl\u00ednicas. Consulte a Cl\u00ednica M\u00e9dica do Porto.<\/p>\n<p>[\/vc_column_text][\/vc_column][vc_column width=&#8221;1\/3&#8243;][vc_icon icon_fontawesome=&#8221;fa fa-solid fa-tablets&#8221; color=&#8221;white&#8221; align=&#8221;center&#8221; css=&#8221;.vc_custom_1616241067797{margin-bottom: 0px !important;}&#8221;][vc_column_text]<\/p>\n<h3 class=\"p1 special-h3\" style=\"text-align: center\"><span class=\"s1\">H\u00e1 Diversas Solu\u00e7\u00f5es Para Os Seus Problemas De Sa\u00fade<\/span><\/h3>\n<p style=\"text-align: center\">N\u00e3o deixe que os problemas se avolumem. Decida hoje mesmo dar in\u00edcio \u00e0 recupera\u00e7\u00e3o da sua sa\u00fade!<\/p>\n<p>[\/vc_column_text][\/vc_column][vc_column][vc_empty_space height=&#8221;75px&#8221;][\/vc_column][\/vc_row][vc_row bgprecolor=&#8221;grey&#8221; css=&#8221;.vc_custom_1616241500543{padding-top: 100px !important;padding-bottom: 20px !important;background-position: center !important;background-repeat: no-repeat !important;background-size: cover !important;}&#8221;][vc_column width=&#8221;1\/4&#8243;]<header class=\"kwayy-heading-wrapper kwayy-heading-wrapper-align-left\"><div class=\"kwayy-heading-wrapper-inner\"><h2 class=\"kwayy-heading-align-left\"><span>Escute o que dizem os nossos pacientes<\/span><\/h2><\/div><p class=\"kwayy-subheading\">quem melhor do que os nossos utentes para nos transmitirem um feedback sincero do nosso desempenho<\/p><\/header>[\/vc_column][vc_column width=&#8221;3\/4&#8243;]\n\t<div class=\"kwayy-testimonial-wrapper kwayy-effect-carousel kwayy-items-col-three kwayy-carousel-col-three\" data-autoplay=\"1\" data-autoplayspeed=\"800\" data-autoplaytimeout=\"4500\" data-loop=\"1\"><div class=\" kwayy-items-wrapper kwayy-carousel-items-wrapper\">\n\t<div class=\"kwayy-testimonial-box \"><div class=\"kwayy-testimonial-data\"><blockquote class=\"kwayy-testimonial-text\">\r\n\t\t\t\t<div class=\"contarea\">\t\t\t\t\t\r\n\t\t\t\t\t<div class=\"kwayy-tst-contarea-text\">Amazing osteopatia experience with Senhor T.Monteiro! I had lower back and ankles pain du to the gym and football. Easy and smooth to exchange with them because it was through whatsapp; Easy to find the place; Clean place; Warm welcome from senhora Santos (...)\r\n<\/div>\r\n\t\t\t\t\t\r\n\t\t\t\t<\/div><footer> <div class=\"kwayy-testimonial-img\"><img loading=\"lazy\" decoding=\"async\" width=\"96\" height=\"96\" src=\"https:\/\/clinicamedicadoporto.pt\/staging\/wp-content\/uploads\/2018\/07\/perfil-clinica-medica-do-porto-150x150.png\" class=\"attachment-thumbnail size-thumbnail wp-post-image\" alt=\"perfil-feminino-clinica-medica-do-porto\" srcset=\"https:\/\/clinicamedicadoporto.pt\/staging\/wp-content\/uploads\/2018\/07\/perfil-clinica-medica-do-porto-150x150.png 150w, https:\/\/clinicamedicadoporto.pt\/staging\/wp-content\/uploads\/2018\/07\/perfil-clinica-medica-do-porto-300x300.png 300w, https:\/\/clinicamedicadoporto.pt\/staging\/wp-content\/uploads\/2018\/07\/perfil-clinica-medica-do-porto-e1604515282169.png 60w\" sizes=\"auto, (max-width: 96px) 100vw, 96px\" \/><\/div> <cite class=\"kwayy-testimonial-title\">Luna Leila<span class=\"kwayy-testimonial-designation\">Paciente da Cl\u00ednica M\u00e9dica do Porto<\/span><\/cite><\/footer><\/blockquote><\/div>\n\t<\/div>\n\t<div class=\"kwayy-testimonial-box \"><div class=\"kwayy-testimonial-data\"><blockquote class=\"kwayy-testimonial-text\">\r\n\t\t\t\t<div class=\"contarea\">\t\t\t\t\t\r\n\t\t\t\t\t<div class=\"kwayy-tst-contarea-text\">Cl\u00ednica excelente. Desde as atendentes que s\u00e3o uns amores ao Dr Jo\u00e3o Sardinha que me atendeu muito bem, tirou minhas d\u00favidas e me deixou bem esperan\u00e7osa quanto aos resultados em rela\u00e7\u00e3o a reposi\u00e7\u00e3o hormonal. Tenho s\u00f3 agradecer.<\/div>\r\n\t\t\t\t\t\r\n\t\t\t\t<\/div><footer> <div class=\"kwayy-testimonial-img\"><img loading=\"lazy\" decoding=\"async\" width=\"1\" height=\"1\" src=\"https:\/\/clinicamedicadoporto.pt\/staging\/wp-content\/uploads\/2021\/06\/perfil-clinica-medica-do-porto-webhp.png\" class=\"attachment-thumbnail size-thumbnail wp-post-image\" alt=\"imagem-perfil-feminio-clinica-medica-do-porto\" \/><\/div> <cite class=\"kwayy-testimonial-title\">Cida Ferreira<span class=\"kwayy-testimonial-designation\">Paciente da Cl\u00ednica M\u00e9dica do Porto<\/span><\/cite><\/footer><\/blockquote><\/div>\n\t<\/div>\n\t<div class=\"kwayy-testimonial-box \"><div class=\"kwayy-testimonial-data\"><blockquote class=\"kwayy-testimonial-text\">\r\n\t\t\t\t<div class=\"contarea\">\t\t\t\t\t\r\n\t\t\t\t\t<div class=\"kwayy-tst-contarea-text\">Everyone was very friendly & professional. I highly recommend this clinic!<\/div>\r\n\t\t\t\t\t\r\n\t\t\t\t<\/div><footer> <div class=\"kwayy-testimonial-img\"><img loading=\"lazy\" decoding=\"async\" width=\"1\" height=\"1\" src=\"https:\/\/clinicamedicadoporto.pt\/staging\/wp-content\/uploads\/2021\/06\/perfil-masculino-clinica-medica-do-porto-webhp.png\" class=\"attachment-thumbnail size-thumbnail wp-post-image\" alt=\"imagem-perfil-masculino-clinica-medica-do-porto\" \/><\/div> <cite class=\"kwayy-testimonial-title\">Don<span class=\"kwayy-testimonial-designation\">Paciente da Cl\u00ednica M\u00e9dica do Porto<\/span><\/cite><\/footer><\/blockquote><\/div>\n\t<\/div>\n\t<div class=\"kwayy-testimonial-box \"><div class=\"kwayy-testimonial-data\"><blockquote class=\"kwayy-testimonial-text\">\r\n\t\t\t\t<div class=\"contarea\">\t\t\t\t\t\r\n\t\t\t\t\t<div class=\"kwayy-tst-contarea-text\">Estive em consulta com o Dr.Jo\u00e3o Sardinha e foi super atencioso e revela conhecimento e d\u00e1 uma seguran\u00e7a forte ao paciente que tem a sua frente. Eu e o meu marido estamos bastante satisfeitos em encontrar a vossa cl\u00ednica que j\u00e1 me est\u00e1 a ajudar a mim e por conseguinte toda a minha familia. Agrade\u00e7o o acolhimento e simpatia na recep\u00e7\u00e3o e o ambiente harmonioso que se sente ao entrar. (...)<\/div>\r\n\t\t\t\t\t\r\n\t\t\t\t<\/div><footer> <div class=\"kwayy-testimonial-img\"><img loading=\"lazy\" decoding=\"async\" width=\"96\" height=\"96\" src=\"https:\/\/clinicamedicadoporto.pt\/staging\/wp-content\/uploads\/2018\/07\/perfil-clinica-medica-do-porto-150x150.png\" class=\"attachment-thumbnail size-thumbnail wp-post-image\" alt=\"perfil-feminino-clinica-medica-do-porto\" srcset=\"https:\/\/clinicamedicadoporto.pt\/staging\/wp-content\/uploads\/2018\/07\/perfil-clinica-medica-do-porto-150x150.png 150w, https:\/\/clinicamedicadoporto.pt\/staging\/wp-content\/uploads\/2018\/07\/perfil-clinica-medica-do-porto-300x300.png 300w, https:\/\/clinicamedicadoporto.pt\/staging\/wp-content\/uploads\/2018\/07\/perfil-clinica-medica-do-porto-e1604515282169.png 60w\" sizes=\"auto, (max-width: 96px) 100vw, 96px\" \/><\/div> <cite class=\"kwayy-testimonial-title\">Marta Ferreira<span class=\"kwayy-testimonial-designation\">Paciente da Cl\u00ednica M\u00e9dica do Porto<\/span><\/cite><\/footer><\/blockquote><\/div>\n\t<\/div>\n\t<div class=\"kwayy-testimonial-box \"><div class=\"kwayy-testimonial-data\"><blockquote class=\"kwayy-testimonial-text\">\r\n\t\t\t\t<div class=\"contarea\">\t\t\t\t\t\r\n\t\t\t\t\t<div class=\"kwayy-tst-contarea-text\">Excelente atendimento, profissionalismo e acompanhamento nos tratamentos.<\/div>\r\n\t\t\t\t\t\r\n\t\t\t\t<\/div><footer> <div class=\"kwayy-testimonial-img\"><img loading=\"lazy\" decoding=\"async\" width=\"72\" height=\"72\" src=\"https:\/\/clinicamedicadoporto.pt\/staging\/wp-content\/uploads\/2025\/10\/Foto-Testemunho-Paula-Caravelas.png\" class=\"attachment-thumbnail size-thumbnail wp-post-image\" alt=\"Foto Testemunho Paula Caravelas\" \/><\/div> <cite class=\"kwayy-testimonial-title\">Paula Caravelas<span class=\"kwayy-testimonial-designation\">Paciente da Cl\u00ednica M\u00e9dica do Porto<\/span><\/cite><\/footer><\/blockquote><\/div>\n\t<\/div>\n\t<div class=\"kwayy-testimonial-box \"><div class=\"kwayy-testimonial-data\"><blockquote class=\"kwayy-testimonial-text\">\r\n\t\t\t\t<div class=\"contarea\">\t\t\t\t\t\r\n\t\t\t\t\t<div class=\"kwayy-tst-contarea-text\">Gostaria de destacar o quanto o T. Pedro Serra \u00e9 um excelente profissional: atencioso, dedicado e humano. Ele transmite confian\u00e7a e seguran\u00e7a, tornando o tratamento mais leve e eficaz. Um verdadeiro exemplo de profissionalismo.<\/div>\r\n\t\t\t\t\t\r\n\t\t\t\t<\/div><footer> <div class=\"kwayy-testimonial-img\"><img loading=\"lazy\" decoding=\"async\" width=\"72\" height=\"72\" src=\"https:\/\/clinicamedicadoporto.pt\/staging\/wp-content\/uploads\/2025\/10\/Foto-Testemunho-Sualia.png\" class=\"attachment-thumbnail size-thumbnail wp-post-image\" alt=\"Foto Testemunho Sualia\" \/><\/div> <cite class=\"kwayy-testimonial-title\">Suaila<span class=\"kwayy-testimonial-designation\">Paciente da Cl\u00ednica M\u00e9dica do Porto<\/span><\/cite><\/footer><\/blockquote><\/div>\n\t<\/div>\n\t<div class=\"kwayy-testimonial-box \"><div class=\"kwayy-testimonial-data\"><blockquote class=\"kwayy-testimonial-text\">\r\n\t\t\t\t<div class=\"contarea\">\t\t\t\t\t\r\n\t\t\t\t\t<div class=\"kwayy-tst-contarea-text\">(...) as minhas expetativas eram algo baixas pois n\u00e3o tinha referencias acerca da vossa clinica (...) Fui bem atendido tanto pela auxiliar atrav\u00e9s da sua simpatia e depois pela compet\u00eancia e profissionalismo do Dr.Tiago. Nao tenho duvidas que se precisar de usar os vossos servi\u00e7os, ou ate indicar a algu\u00e9m o farei.<\/div>\r\n\t\t\t\t\t\r\n\t\t\t\t<\/div><footer> <div class=\"kwayy-testimonial-img\"><img loading=\"lazy\" decoding=\"async\" width=\"72\" height=\"72\" src=\"https:\/\/clinicamedicadoporto.pt\/staging\/wp-content\/uploads\/2025\/10\/Foto-Testemunho-Miguel-Cruz.png?ver=1760695545\" class=\"attachment-thumbnail size-thumbnail wp-post-image\" alt=\"Foto Testemunho Miguel Cruz\" \/><\/div> <cite class=\"kwayy-testimonial-title\">Miguel Cruz<span class=\"kwayy-testimonial-designation\">Paciente da Cl\u00ednica M\u00e9dica do Porto<\/span><\/cite><\/footer><\/blockquote><\/div>\n\t<\/div>\n\t<div class=\"kwayy-testimonial-box \"><div class=\"kwayy-testimonial-data\"><blockquote class=\"kwayy-testimonial-text\">\r\n\t\t\t\t<div class=\"contarea\">\t\t\t\t\t\r\n\t\t\t\t\t<div class=\"kwayy-tst-contarea-text\">Agrad\u00e1vel.<\/div>\r\n\t\t\t\t\t\r\n\t\t\t\t<\/div><footer> <div class=\"kwayy-testimonial-img\"><img loading=\"lazy\" decoding=\"async\" width=\"1\" height=\"1\" src=\"https:\/\/clinicamedicadoporto.pt\/staging\/wp-content\/uploads\/2021\/06\/perfil-clinica-medica-do-porto-webhp.png\" class=\"attachment-thumbnail size-thumbnail wp-post-image\" alt=\"imagem-perfil-feminio-clinica-medica-do-porto\" \/><\/div> <cite class=\"kwayy-testimonial-title\">Teresa Leites<span class=\"kwayy-testimonial-designation\">Paciente da Cl\u00ednica M\u00e9dica do Porto<\/span><\/cite><\/footer><\/blockquote><\/div>\n\t<\/div>\n\t<div class=\"kwayy-testimonial-box \"><div class=\"kwayy-testimonial-data\"><blockquote class=\"kwayy-testimonial-text\">\r\n\t\t\t\t<div class=\"contarea\">\t\t\t\t\t\r\n\t\t\t\t\t<div class=\"kwayy-tst-contarea-text\">Experi\u00eancia 5 estrelas. Muito satisfeita com o acompanhamento na Cl\u00ednica M\u00e9dica do Porto. Atendimento educado, atencioso e descomplicado. Ambiente tranquilo. (...) A Terapeuta Tatiana Sousa \u00e9 uma excelente profissional, muito cuidadosa e emp\u00e1tica. \r\nParab\u00e9ns!<\/div>\r\n\t\t\t\t\t\r\n\t\t\t\t<\/div><footer> <div class=\"kwayy-testimonial-img\"><img loading=\"lazy\" decoding=\"async\" width=\"96\" height=\"96\" src=\"https:\/\/clinicamedicadoporto.pt\/staging\/wp-content\/uploads\/2025\/09\/foto-testemunho-maria-brandao.png\" class=\"attachment-thumbnail size-thumbnail wp-post-image\" alt=\"\" \/><\/div> <cite class=\"kwayy-testimonial-title\">Maria Brand\u00e3o<span class=\"kwayy-testimonial-designation\">Paciente da Cl\u00ednica M\u00e9dica do Porto<\/span><\/cite><\/footer><\/blockquote><\/div>\n\t<\/div>\n\t<div class=\"kwayy-testimonial-box \"><div class=\"kwayy-testimonial-data\"><blockquote class=\"kwayy-testimonial-text\">\r\n\t\t\t\t<div class=\"contarea\">\t\t\t\t\t\r\n\t\t\t\t\t<div class=\"kwayy-tst-contarea-text\">Uma cl\u00ednica com excelentes profissionais.\r\nLocaliza\u00e7\u00e3o de f\u00e1cil acesso. Recep\u00e7\u00e3o profissional e acolhedora. M\u00e9dicos muito esclarecedores e pontuais nos hor\u00e1rios. Parab\u00e9ns.<\/div>\r\n\t\t\t\t\t\r\n\t\t\t\t<\/div><footer> <div class=\"kwayy-testimonial-img\"><img loading=\"lazy\" decoding=\"async\" width=\"70\" height=\"70\" src=\"https:\/\/clinicamedicadoporto.pt\/staging\/wp-content\/uploads\/2025\/09\/Foto-Testemunho-Carlos-Pinto.png\" class=\"attachment-thumbnail size-thumbnail wp-post-image\" alt=\"\" \/><\/div> <cite class=\"kwayy-testimonial-title\">Carlos Pinto<span class=\"kwayy-testimonial-designation\">Paciente da Cl\u00ednica M\u00e9dica do Porto<\/span><\/cite><\/footer><\/blockquote><\/div>\n\t<\/div>\n\t<div class=\"kwayy-testimonial-box \"><div class=\"kwayy-testimonial-data\"><blockquote class=\"kwayy-testimonial-text\">\r\n\t\t\t\t<div class=\"contarea\">\t\t\t\t\t\r\n\t\t\t\t\t<div class=\"kwayy-tst-contarea-text\">Consulta Osteopata com Dr Tiago. \r\nExcelente explica tudo tem paci\u00eancia. \r\nImenso jeito com bebes<\/div>\r\n\t\t\t\t\t\r\n\t\t\t\t<\/div><footer> <div class=\"kwayy-testimonial-img\"><img loading=\"lazy\" decoding=\"async\" width=\"70\" height=\"70\" src=\"https:\/\/clinicamedicadoporto.pt\/staging\/wp-content\/uploads\/2025\/09\/Foto-Joana-Pinto.png\" class=\"attachment-thumbnail size-thumbnail wp-post-image\" alt=\"\" \/><\/div> <cite class=\"kwayy-testimonial-title\">Joana Pinto<span class=\"kwayy-testimonial-designation\">Paciente da Cl\u00ednica M\u00e9dica do Porto<\/span><\/cite><\/footer><\/blockquote><\/div>\n\t<\/div>\n\t<div class=\"kwayy-testimonial-box \"><div class=\"kwayy-testimonial-data\"><blockquote class=\"kwayy-testimonial-text\">\r\n\t\t\t\t<div class=\"contarea\">\t\t\t\t\t\r\n\t\t\t\t\t<div class=\"kwayy-tst-contarea-text\">Consulta dentro do hor\u00e1rio previsto, o m\u00e9dico abordou todas s quest\u00f5es de uma forma interessada e abrangente.<\/div>\r\n\t\t\t\t\t\r\n\t\t\t\t<\/div><footer> <div class=\"kwayy-testimonial-img\"><img loading=\"lazy\" decoding=\"async\" width=\"70\" height=\"70\" src=\"https:\/\/clinicamedicadoporto.pt\/staging\/wp-content\/uploads\/2025\/09\/Foto-Jorge-Silva.png\" class=\"attachment-thumbnail size-thumbnail wp-post-image\" alt=\"\" \/><\/div> <cite class=\"kwayy-testimonial-title\">Jorge Silva<span class=\"kwayy-testimonial-designation\">Paciente da Cl\u00ednica M\u00e9dica do Porto<\/span><\/cite><\/footer><\/blockquote><\/div>\n\t<\/div>\n\t<div class=\"kwayy-testimonial-box \"><div class=\"kwayy-testimonial-data\"><blockquote class=\"kwayy-testimonial-text\">\r\n\t\t\t\t<div class=\"contarea\">\t\t\t\t\t\r\n\t\t\t\t\t<div class=\"kwayy-tst-contarea-text\">Sai esclarecida e com alternativas para o meu problema. \r\nObrigada<\/div>\r\n\t\t\t\t\t\r\n\t\t\t\t<\/div><footer> <div class=\"kwayy-testimonial-img\"><img loading=\"lazy\" decoding=\"async\" width=\"72\" height=\"72\" src=\"https:\/\/clinicamedicadoporto.pt\/staging\/wp-content\/uploads\/2025\/09\/Foto-Testemunho-Isabel-Ferreira.png\" class=\"attachment-thumbnail size-thumbnail wp-post-image\" alt=\"\" \/><\/div> <cite class=\"kwayy-testimonial-title\">Isabel Ferreira<span class=\"kwayy-testimonial-designation\">Paciente da Cl\u00ednica M\u00e9dica do Porto<\/span><\/cite><\/footer><\/blockquote><\/div>\n\t<\/div>\n\t<div class=\"kwayy-testimonial-box \"><div class=\"kwayy-testimonial-data\"><blockquote class=\"kwayy-testimonial-text\">\r\n\t\t\t\t<div class=\"contarea\">\t\t\t\t\t\r\n\t\t\t\t\t<div class=\"kwayy-tst-contarea-text\">A minha experi\u00eancia na Cl\u00ednica M\u00e9dica do Porto, na \u00e1rea de Acupuntura, foi extremamente positiva. A terapeuta Tatiana tem uma not\u00e1vel capacidade de escuta e empatia, aliada a um profundo conhecimento, tanto da t\u00e9cnica da acupuntura como da abordagem hol\u00edstica da medicina tradicional chinesa. Com o acompanhamento regular, senti melhorias evidentes a n\u00edvel f\u00edsico e emocional.\r\n(...)<\/div>\r\n\t\t\t\t\t\r\n\t\t\t\t<\/div><footer> <div class=\"kwayy-testimonial-img\"><img loading=\"lazy\" decoding=\"async\" width=\"72\" height=\"72\" src=\"https:\/\/clinicamedicadoporto.pt\/staging\/wp-content\/uploads\/2025\/06\/Foto-Testemunho-Miguel-Ribeiro.png\" class=\"attachment-thumbnail size-thumbnail wp-post-image\" alt=\"Foto de utente relativa ao testemunho da consulta de Acupuntura da Clinica Medica do Porto\" \/><\/div> <cite class=\"kwayy-testimonial-title\">Miguel Ribeiro<span class=\"kwayy-testimonial-designation\">Paciente da Cl\u00ednica M\u00e9dica do Porto<\/span><\/cite><\/footer><\/blockquote><\/div>\n\t<\/div>\n\t<div class=\"kwayy-testimonial-box \"><div class=\"kwayy-testimonial-data\"><blockquote class=\"kwayy-testimonial-text\">\r\n\t\t\t\t<div class=\"contarea\">\t\t\t\t\t\r\n\t\t\t\t\t<div class=\"kwayy-tst-contarea-text\">(\u2026) fui atendida pelo Osteopata Tiago,  afim de recuperar o movimento da \u00e1rea cervical e perna do lado direito. \r\nAp\u00f3s a terapia, senti imediatamente melhorias e continuo a sentir-me a recuperar!\r\nAgrade\u00e7o a forma de abordagem  e simpatia dos colaboradores!<\/div>\r\n\t\t\t\t\t\r\n\t\t\t\t<\/div><footer> <div class=\"kwayy-testimonial-img\"><img loading=\"lazy\" decoding=\"async\" width=\"96\" height=\"96\" src=\"https:\/\/clinicamedicadoporto.pt\/staging\/wp-content\/uploads\/2018\/07\/perfil-clinica-medica-do-porto-150x150.png\" class=\"attachment-thumbnail size-thumbnail wp-post-image\" alt=\"perfil-feminino-clinica-medica-do-porto\" srcset=\"https:\/\/clinicamedicadoporto.pt\/staging\/wp-content\/uploads\/2018\/07\/perfil-clinica-medica-do-porto-150x150.png 150w, https:\/\/clinicamedicadoporto.pt\/staging\/wp-content\/uploads\/2018\/07\/perfil-clinica-medica-do-porto-300x300.png 300w, https:\/\/clinicamedicadoporto.pt\/staging\/wp-content\/uploads\/2018\/07\/perfil-clinica-medica-do-porto-e1604515282169.png 60w\" sizes=\"auto, (max-width: 96px) 100vw, 96px\" \/><\/div> <cite class=\"kwayy-testimonial-title\">Maria do Carmo<span class=\"kwayy-testimonial-designation\">Paciente da Cl\u00ednica M\u00e9dica do Porto<\/span><\/cite><\/footer><\/blockquote><\/div>\n\t<\/div>\n\t<div class=\"kwayy-testimonial-box \"><div class=\"kwayy-testimonial-data\"><blockquote class=\"kwayy-testimonial-text\">\r\n\t\t\t\t<div class=\"contarea\">\t\t\t\t\t\r\n\t\t\t\t\t<div class=\"kwayy-tst-contarea-text\">Osteopatia. Simpatia, Aten\u00e7\u00e3o ao Detalhe, e Profissionalismo.<\/div>\r\n\t\t\t\t\t\r\n\t\t\t\t<\/div><footer> <div class=\"kwayy-testimonial-img\"><img loading=\"lazy\" decoding=\"async\" width=\"96\" height=\"96\" src=\"https:\/\/clinicamedicadoporto.pt\/staging\/wp-content\/uploads\/2025\/06\/Foto-Testemunho-Anabela-Rey-Esteves.png\" class=\"attachment-thumbnail size-thumbnail wp-post-image\" alt=\"Avatar de testemunho relativa \u00e0 consulta de Osteopatia da Cl\u00ednica M\u00e9dica do Porto\" \/><\/div> <cite class=\"kwayy-testimonial-title\">Anabela Rey Esteves<span class=\"kwayy-testimonial-designation\">Paciente da Cl\u00ednica M\u00e9dica do Porto<\/span><\/cite><\/footer><\/blockquote><\/div>\n\t<\/div>\n\t<div class=\"kwayy-testimonial-box \"><div class=\"kwayy-testimonial-data\"><blockquote class=\"kwayy-testimonial-text\">\r\n\t\t\t\t<div class=\"contarea\">\t\t\t\t\t\r\n\t\t\t\t\t<div class=\"kwayy-tst-contarea-text\">Depois de tanto tentar, a acupuntura de fertilidade com a incr\u00edvel Dra. Tatiana Sousa fez-me alcan\u00e7ar o sonho da maternidade - ESTOU GR\u00c1VIDA! (...)\r\n\r\nA Dra. Tatiana foi minha anjinha da guarda nesta jornada. Seu conhecimento profundo em medicina tradicional chinesa para concep\u00e7\u00e3o (regula\u00e7\u00e3o hormonal, fluxo energ\u00e9tico e prepara\u00e7\u00e3o do \u00fatero) fez toda a diferen\u00e7a!\r\n\r\n<\/div>\r\n\t\t\t\t\t\r\n\t\t\t\t<\/div><footer> <div class=\"kwayy-testimonial-img\"><img loading=\"lazy\" decoding=\"async\" width=\"72\" height=\"72\" src=\"https:\/\/clinicamedicadoporto.pt\/staging\/wp-content\/uploads\/2025\/06\/Foto-Testemunho-Ana-Marques.png\" class=\"attachment-thumbnail size-thumbnail wp-post-image\" alt=\"Foto de utente relativa ao testemunho da consulta de Fertilidade e Medicina Chinesa da Clinica Medica do Porto\" \/><\/div> <cite class=\"kwayy-testimonial-title\">Ana Marques<span class=\"kwayy-testimonial-designation\">Paciente da Cl\u00ednica M\u00e9dica do Porto<\/span><\/cite><\/footer><\/blockquote><\/div>\n\t<\/div>\n\t<div class=\"kwayy-testimonial-box \"><div class=\"kwayy-testimonial-data\"><blockquote class=\"kwayy-testimonial-text\">\r\n\t\t\t\t<div class=\"contarea\">\t\t\t\t\t\r\n\t\t\t\t\t<div class=\"kwayy-tst-contarea-text\">Atendimento descomplicado, marca\u00e7\u00e3o r\u00e1pida, pratica e eficaz.\r\nProfissionais educados e muito bem dispostos!<\/div>\r\n\t\t\t\t\t\r\n\t\t\t\t<\/div><footer> <div class=\"kwayy-testimonial-img\"><img loading=\"lazy\" decoding=\"async\" width=\"72\" height=\"72\" src=\"https:\/\/clinicamedicadoporto.pt\/staging\/wp-content\/uploads\/2025\/06\/Foto-Perfil-Marcos-Paulo-Caetano.png\" class=\"attachment-thumbnail size-thumbnail wp-post-image\" alt=\"Avatar de perfil relativo a testemunho de consulta na Cl\u00ednica M\u00e9dica do Porto\" \/><\/div> <cite class=\"kwayy-testimonial-title\">Marcos Paulo Caetano<span class=\"kwayy-testimonial-designation\">Paciente da Cl\u00ednica M\u00e9dica do Porto<\/span><\/cite><\/footer><\/blockquote><\/div>\n\t<\/div>\n\t<div class=\"kwayy-testimonial-box \"><div class=\"kwayy-testimonial-data\"><blockquote class=\"kwayy-testimonial-text\">\r\n\t\t\t\t<div class=\"contarea\">\t\t\t\t\t\r\n\t\t\t\t\t<div class=\"kwayy-tst-contarea-text\">Sou cliente h\u00e1 mais de 5 anos, mais recorrentemente dos Servi\u00e7os da Dr\u00aa Tatiana Galv\u00e3o, especialidade de acupuntura, a qual recomendo muito! Excelente profissional e ser Humano! Psicologia para adolescentes e medicina funcional\/nutrologia foram outras das especialidades as quais tb j\u00e1 recorri (...) Ao longo destes anos a minha experi\u00eancia tem sido a melhor, bons profissionais quer nas diversas especialidades m\u00e9dicas quer na recep\u00e7\u00e3o ao cliente.<\/div>\r\n\t\t\t\t\t\r\n\t\t\t\t<\/div><footer> <div class=\"kwayy-testimonial-img\"><img loading=\"lazy\" decoding=\"async\" width=\"60\" height=\"60\" src=\"https:\/\/clinicamedicadoporto.pt\/staging\/wp-content\/uploads\/2025\/06\/Foto-Testemunho-Xana-Bulcao.png\" class=\"attachment-thumbnail size-thumbnail wp-post-image\" alt=\"Foto de utente relativa ao testemunho da consulta de Acupuntura da Clinica Medica do Porto\" \/><\/div> <cite class=\"kwayy-testimonial-title\">Xana Bulc\u00e3o<span class=\"kwayy-testimonial-designation\">Paciente da Cl\u00ednica M\u00e9dica do Porto<\/span><\/cite><\/footer><\/blockquote><\/div>\n\t<\/div>\n\t<div class=\"kwayy-testimonial-box \"><div class=\"kwayy-testimonial-data\"><blockquote class=\"kwayy-testimonial-text\">\r\n\t\t\t\t<div class=\"contarea\">\t\t\t\t\t\r\n\t\t\t\t\t<div class=\"kwayy-tst-contarea-text\">Atendimento muito gentil. A m\u00e9dica extremamente acess\u00edvel, simp\u00e1tica e com informa\u00e7\u00e3o clara, objetiva e pertinente.<\/div>\r\n\t\t\t\t\t\r\n\t\t\t\t<\/div><footer> <div class=\"kwayy-testimonial-img\"><img loading=\"lazy\" decoding=\"async\" width=\"70\" height=\"70\" src=\"https:\/\/clinicamedicadoporto.pt\/staging\/wp-content\/uploads\/2025\/06\/imagem-testemunho-monica-sanches.png\" class=\"attachment-thumbnail size-thumbnail wp-post-image\" alt=\"Icone de Perfil testemunho consulta na Clinica Medica do Porto\" \/><\/div> <cite class=\"kwayy-testimonial-title\">M\u00f3nica Sanches<span class=\"kwayy-testimonial-designation\">Paciente da Cl\u00ednica M\u00e9dica do Porto<\/span><\/cite><\/footer><\/blockquote><\/div>\n\t<\/div>\n\t<div class=\"kwayy-testimonial-box \"><div class=\"kwayy-testimonial-data\"><blockquote class=\"kwayy-testimonial-text\">\r\n\t\t\t\t<div class=\"contarea\">\t\t\t\t\t\r\n\t\t\t\t\t<div class=\"kwayy-tst-contarea-text\">Sou acompanhada pela Dra Tatiana Calv\u00e3o Sousa h\u00e1 mais de um ano. Conheci a Medicina Tradicional Chinesa e os benef\u00edcios da Acupuntura nessa altura recomendada por algu\u00e9m que j\u00e1 fazia com ela e estou rendida ao impacto que tiveram na melhoria da minha sa\u00fade e bem-estar (...) para al\u00e9m de ser uma excelente profissional dotada de muito conhecimento na \u00e1rea da fertilidade \u00e9 uma pessoa muito emp\u00e1tica e dispon\u00edvel para ajudar.\r\n\r\nRecomendo vivamente!<\/div>\r\n\t\t\t\t\t\r\n\t\t\t\t<\/div><footer> <div class=\"kwayy-testimonial-img\"><img loading=\"lazy\" decoding=\"async\" width=\"72\" height=\"72\" src=\"https:\/\/clinicamedicadoporto.pt\/staging\/wp-content\/uploads\/2025\/06\/Foto-Testemunho-Marta-Garrido.png\" class=\"attachment-thumbnail size-thumbnail wp-post-image\" alt=\"Foto de utente relativa ao testemunho da consulta de Medicina Tradicional Chinesa da Clinica Medica do Porto\" \/><\/div> <cite class=\"kwayy-testimonial-title\">Marta Garrido<span class=\"kwayy-testimonial-designation\">Paciente da Cl\u00ednica M\u00e9dica do Porto<\/span><\/cite><\/footer><\/blockquote><\/div>\n\t<\/div>\n\t<div class=\"kwayy-testimonial-box \"><div class=\"kwayy-testimonial-data\"><blockquote class=\"kwayy-testimonial-text\">\r\n\t\t\t\t<div class=\"contarea\">\t\t\t\t\t\r\n\t\t\t\t\t<div class=\"kwayy-tst-contarea-text\">Excelente profissional e \u00f3timo com as crian\u00e7as! \r\nRecomendo!<\/div>\r\n\t\t\t\t\t\r\n\t\t\t\t<\/div><footer> <div class=\"kwayy-testimonial-img\"><img loading=\"lazy\" decoding=\"async\" width=\"72\" height=\"72\" src=\"https:\/\/clinicamedicadoporto.pt\/staging\/wp-content\/uploads\/2025\/06\/Foto-Ines-Bento.png\" class=\"attachment-thumbnail size-thumbnail wp-post-image\" alt=\"Foto de mae de utente relativo ao testemunho da consulta de Ostepatia da Clinica Medica do Porto\" \/><\/div> <cite class=\"kwayy-testimonial-title\">In\u00eas Bento<span class=\"kwayy-testimonial-designation\">M\u00e3e de paciente da Cl\u00ednica M\u00e9dica do Porto<\/span><\/cite><\/footer><\/blockquote><\/div>\n\t<\/div>\n\t<div class=\"kwayy-testimonial-box \"><div class=\"kwayy-testimonial-data\"><blockquote class=\"kwayy-testimonial-text\">\r\n\t\t\t\t<div class=\"contarea\">\t\t\t\t\t\r\n\t\t\t\t\t<div class=\"kwayy-tst-contarea-text\">\u00d3timos profissionais, procedimentos e atendimento excelente!! \r\nNota 10!<\/div>\r\n\t\t\t\t\t\r\n\t\t\t\t<\/div><footer> <div class=\"kwayy-testimonial-img\"><img loading=\"lazy\" decoding=\"async\" width=\"72\" height=\"72\" src=\"https:\/\/clinicamedicadoporto.pt\/staging\/wp-content\/uploads\/2025\/05\/Foto-Testemunho-Gabriella-Salvador.png\" class=\"attachment-thumbnail size-thumbnail wp-post-image\" alt=\"Foto de Gabriella Salvador - Testemunho da Cl\u00ednica M\u00e9dica do Porto\" \/><\/div> <cite class=\"kwayy-testimonial-title\">Gabriella Salvador<span class=\"kwayy-testimonial-designation\">Paciente da Cl\u00ednica M\u00e9dica do Porto<\/span><\/cite><\/footer><\/blockquote><\/div>\n\t<\/div>\n\t<div class=\"kwayy-testimonial-box \"><div class=\"kwayy-testimonial-data\"><blockquote class=\"kwayy-testimonial-text\">\r\n\t\t\t\t<div class=\"contarea\">\t\t\t\t\t\r\n\t\t\t\t\t<div class=\"kwayy-tst-contarea-text\">Recomendo de olhos fechados!\r\n\r\nSe voc\u00ea busca tratamentos est\u00e9ticos com seguran\u00e7a, profissionais experientes e um atendimento caloroso, a Cl\u00ednica M\u00e9dica do Porto \u00e9 o lugar certo. O Dr. Diogo e sua equipe transformaram totalmente minha experi\u00eancia, trazendo de volta minha apar\u00eancia natural sem traumas. Vou continuar explorando os outros tratamentos que eles oferecem j\u00e1 sou cliente fiel! \ud83d\ude0d<\/div>\r\n\t\t\t\t\t\r\n\t\t\t\t<\/div><footer> <div class=\"kwayy-testimonial-img\"><img loading=\"lazy\" decoding=\"async\" width=\"96\" height=\"96\" src=\"https:\/\/clinicamedicadoporto.pt\/staging\/wp-content\/uploads\/2025\/05\/Foto-Larissa-CS-Testemunho-Clinica.png\" class=\"attachment-thumbnail size-thumbnail wp-post-image\" alt=\"Foto de Larissa - paciente da Cl\u00ednica M\u00e9dica do Porto\" \/><\/div> <cite class=\"kwayy-testimonial-title\">Larissa CS<span class=\"kwayy-testimonial-designation\">Paciente da Cl\u00ednica M\u00e9dica do Porto<\/span><\/cite><\/footer><\/blockquote><\/div>\n\t<\/div>\n\t<div class=\"kwayy-testimonial-box \"><div class=\"kwayy-testimonial-data\"><blockquote class=\"kwayy-testimonial-text\">\r\n\t\t\t\t<div class=\"contarea\">\t\t\t\t\t\r\n\t\t\t\t\t<div class=\"kwayy-tst-contarea-text\">Super indico. Atendimento incr\u00edvel e profissionais de excel\u00eancia.<\/div>\r\n\t\t\t\t\t\r\n\t\t\t\t<\/div><footer> <div class=\"kwayy-testimonial-img\"><img loading=\"lazy\" decoding=\"async\" width=\"72\" height=\"72\" src=\"https:\/\/clinicamedicadoporto.pt\/staging\/wp-content\/uploads\/2025\/05\/Imagem-Eliana-Pinto.png\" class=\"attachment-thumbnail size-thumbnail wp-post-image\" alt=\"Avatar Eliana - Paciente da Cl\u00ednica M\u00e9dica do Porto\" \/><\/div> <cite class=\"kwayy-testimonial-title\">Eliana Pinto<span class=\"kwayy-testimonial-designation\">Paciente da Cl\u00ednica M\u00e9dica do Porto<\/span><\/cite><\/footer><\/blockquote><\/div>\n\t<\/div>\n\t<div class=\"kwayy-testimonial-box \"><div class=\"kwayy-testimonial-data\"><blockquote class=\"kwayy-testimonial-text\">\r\n\t\t\t\t<div class=\"contarea\">\t\t\t\t\t\r\n\t\t\t\t\t<div class=\"kwayy-tst-contarea-text\">Gostei muito da Cl\u00ednica M\u00e9dica do Porto. \r\nDesde a simpatia da recepcionista, ao espa\u00e7o muito acolhedor e principalmente do profissionalismo, aliado \u00e0 aten\u00e7\u00e3o ao pormenor, humanismo e simplicidade da Dra Maria Jo\u00e3o (endocrinologista)... \r\nAdorei e certamente irei voltar!\r\n<\/div>\r\n\t\t\t\t\t\r\n\t\t\t\t<\/div><footer> <div class=\"kwayy-testimonial-img\"><img loading=\"lazy\" decoding=\"async\" width=\"96\" height=\"96\" src=\"https:\/\/clinicamedicadoporto.pt\/staging\/wp-content\/uploads\/2025\/05\/Foto-Perfil-Joana-Silva.png\" class=\"attachment-thumbnail size-thumbnail wp-post-image\" alt=\"Icone de Testemunho de utente da Cl\u00ednica M\u00e9dica do Porto\" \/><\/div> <cite class=\"kwayy-testimonial-title\">Joana Silva<span class=\"kwayy-testimonial-designation\">Paciente da Cl\u00ednica M\u00e9dica do Porto<\/span><\/cite><\/footer><\/blockquote><\/div>\n\t<\/div>\n\t<div class=\"kwayy-testimonial-box \"><div class=\"kwayy-testimonial-data\"><blockquote class=\"kwayy-testimonial-text\">\r\n\t\t\t\t<div class=\"contarea\">\t\t\t\t\t\r\n\t\t\t\t\t<div class=\"kwayy-tst-contarea-text\">Super indico!!!\r\n\u00d3timos profissionais!<\/div>\r\n\t\t\t\t\t\r\n\t\t\t\t<\/div><footer> <div class=\"kwayy-testimonial-img\"><img loading=\"lazy\" decoding=\"async\" width=\"72\" height=\"72\" src=\"https:\/\/clinicamedicadoporto.pt\/staging\/wp-content\/uploads\/2025\/05\/Foto-Testemunho-Victoria-Vendrame.png\" class=\"attachment-thumbnail size-thumbnail wp-post-image\" alt=\"Foto Testemunho Victoria\" \/><\/div> <cite class=\"kwayy-testimonial-title\">Vict\u00f3ria Vendrame<span class=\"kwayy-testimonial-designation\">Paciente da Cl\u00ednica M\u00e9dica do Porto<\/span><\/cite><\/footer><\/blockquote><\/div>\n\t<\/div>\n\t<div class=\"kwayy-testimonial-box \"><div class=\"kwayy-testimonial-data\"><blockquote class=\"kwayy-testimonial-text\">\r\n\t\t\t\t<div class=\"contarea\">\t\t\t\t\t\r\n\t\t\t\t\t<div class=\"kwayy-tst-contarea-text\">\u00d3timo atendimento pela m\u00e9dica de Endocrinologista \u00f3tima profissional super indico o atendimento<\/div>\r\n\t\t\t\t\t\r\n\t\t\t\t<\/div><footer> <div class=\"kwayy-testimonial-img\"><img loading=\"lazy\" decoding=\"async\" width=\"96\" height=\"96\" src=\"https:\/\/clinicamedicadoporto.pt\/staging\/wp-content\/uploads\/2025\/03\/Foto-testemunho-Renato-Oliveira.png\" class=\"attachment-thumbnail size-thumbnail wp-post-image\" alt=\"Foto-testemunho-Renato-Oliveira\" \/><\/div> <cite class=\"kwayy-testimonial-title\">Renato Oliveira<span class=\"kwayy-testimonial-designation\">Paciente da Cl\u00ednica M\u00e9dica do Porto<\/span><\/cite><\/footer><\/blockquote><\/div>\n\t<\/div>\n\t<div class=\"kwayy-testimonial-box \"><div class=\"kwayy-testimonial-data\"><blockquote class=\"kwayy-testimonial-text\">\r\n\t\t\t\t<div class=\"contarea\">\t\t\t\t\t\r\n\t\t\t\t\t<div class=\"kwayy-tst-contarea-text\">Adorei a minha primeira experi\u00eancia na Cl\u00ednica M\u00e9dica do Porto, excelentes profissionais com v\u00e1rias especialidades m\u00e9dicas.<\/div>\r\n\t\t\t\t\t\r\n\t\t\t\t<\/div><footer> <div class=\"kwayy-testimonial-img\"><img loading=\"lazy\" decoding=\"async\" width=\"96\" height=\"96\" src=\"https:\/\/clinicamedicadoporto.pt\/staging\/wp-content\/uploads\/2025\/03\/Foto-Testemunho-Bruno-Pinto.png\" class=\"attachment-thumbnail size-thumbnail wp-post-image\" alt=\"Foto Testemunho Bruno Pinto\" \/><\/div> <cite class=\"kwayy-testimonial-title\">Bruno Pinto<span class=\"kwayy-testimonial-designation\">Paciente da Cl\u00ednica M\u00e9dica do Porto<\/span><\/cite><\/footer><\/blockquote><\/div>\n\t<\/div>\n\t<div class=\"kwayy-testimonial-box \"><div class=\"kwayy-testimonial-data\"><blockquote class=\"kwayy-testimonial-text\">\r\n\t\t\t\t<div class=\"contarea\">\t\t\t\t\t\r\n\t\t\t\t\t<div class=\"kwayy-tst-contarea-text\">Profissionalismo e excel\u00eancia definem a Cl\u00ednica M\u00e9dica do Porto e, em particular, o Dr. Jo\u00e3o Sardinha. (...) O Dr. Jo\u00e3o Sardinha destaca-se n\u00e3o apenas pelo vasto conhecimento e compet\u00eancia t\u00e9cnica, mas tamb\u00e9m pela empatia e dedica\u00e7\u00e3o aos seus pacientes. (...) Recomendo vivamente tanto a cl\u00ednica como o Dr. Jo\u00e3o Sardinha a quem procura cuidados m\u00e9dicos de qualidade e um acompanhamento verdadeiramente humano.<\/div>\r\n\t\t\t\t\t\r\n\t\t\t\t<\/div><footer> <div class=\"kwayy-testimonial-img\"><img loading=\"lazy\" decoding=\"async\" width=\"1\" height=\"1\" src=\"https:\/\/clinicamedicadoporto.pt\/staging\/wp-content\/uploads\/2021\/06\/perfil-masculino-clinica-medica-do-porto-webhp.png\" class=\"attachment-thumbnail size-thumbnail wp-post-image\" alt=\"imagem-perfil-masculino-clinica-medica-do-porto\" \/><\/div> <cite class=\"kwayy-testimonial-title\">Fernando Guedes<span class=\"kwayy-testimonial-designation\">Paciente da Cl\u00ednica M\u00e9dica do Porto<\/span><\/cite><\/footer><\/blockquote><\/div>\n\t<\/div>\n\t<div class=\"kwayy-testimonial-box \"><div class=\"kwayy-testimonial-data\"><blockquote class=\"kwayy-testimonial-text\">\r\n\t\t\t\t<div class=\"contarea\">\t\t\t\t\t\r\n\t\t\t\t\t<div class=\"kwayy-tst-contarea-text\">Sou sempre super bem recebida na Clinica Medica do Porto.\r\nProfissionais 100%!\r\nRecomendo vivamente.<\/div>\r\n\t\t\t\t\t\r\n\t\t\t\t<\/div><footer> <div class=\"kwayy-testimonial-img\"><img loading=\"lazy\" decoding=\"async\" width=\"96\" height=\"96\" src=\"https:\/\/clinicamedicadoporto.pt\/staging\/wp-content\/uploads\/2025\/03\/Foto-Testemunho-Cristina-Almeida.png\" class=\"attachment-thumbnail size-thumbnail wp-post-image\" alt=\"Foto Testemunho Cristina Almeida\" \/><\/div> <cite class=\"kwayy-testimonial-title\">Cristina Almeida<span class=\"kwayy-testimonial-designation\">Paciente da Cl\u00ednica M\u00e9dica do Porto<\/span><\/cite><\/footer><\/blockquote><\/div>\n\t<\/div>\n\t<div class=\"kwayy-testimonial-box \"><div class=\"kwayy-testimonial-data\"><blockquote class=\"kwayy-testimonial-text\">\r\n\t\t\t\t<div class=\"contarea\">\t\t\t\t\t\r\n\t\t\t\t\t<div class=\"kwayy-tst-contarea-text\">Fomos a uma consulta de Homeopatia Pedi\u00e1trica e adoramos todo o atendimento desde a recep\u00e7\u00e3o, \u00e1 consulta e mesmo ap\u00f3s a consulta. \r\nRecomendo<\/div>\r\n\t\t\t\t\t\r\n\t\t\t\t<\/div><footer> <div class=\"kwayy-testimonial-img\"><img loading=\"lazy\" decoding=\"async\" width=\"96\" height=\"96\" src=\"https:\/\/clinicamedicadoporto.pt\/staging\/wp-content\/uploads\/2025\/03\/Foto-Testemunho-Sandra-Araujo.png\" class=\"attachment-thumbnail size-thumbnail wp-post-image\" alt=\"Foto Testemunho Sandra Arau\u0301jo\" \/><\/div> <cite class=\"kwayy-testimonial-title\">Sandra Ara\u00fajo<span class=\"kwayy-testimonial-designation\">Paciente da Cl\u00ednica M\u00e9dica do Porto<\/span><\/cite><\/footer><\/blockquote><\/div>\n\t<\/div>\n\t<div class=\"kwayy-testimonial-box \"><div class=\"kwayy-testimonial-data\"><blockquote class=\"kwayy-testimonial-text\">\r\n\t\t\t\t<div class=\"contarea\">\t\t\t\t\t\r\n\t\t\t\t\t<div class=\"kwayy-tst-contarea-text\">(Traduzido pelo Google) Sendo estrangeira, tive dificuldade em encontrar um pediatra no Porto, (...). A pediatra Nelea foi minha melhor descoberta como m\u00e3e, al\u00e9m de amorosa, \u00e9 uma profissional que simplifica e te d\u00e1 confian\u00e7a (...). Eu recomendo fortemente. Al\u00e9m disso, visitando frequentemente a cl\u00ednica descobri especialistas maravilhosos em diversas \u00e1reas da sa\u00fade, (...).<\/div>\r\n\t\t\t\t\t\r\n\t\t\t\t<\/div><footer> <div class=\"kwayy-testimonial-img\"><img loading=\"lazy\" decoding=\"async\" width=\"96\" height=\"96\" src=\"https:\/\/clinicamedicadoporto.pt\/staging\/wp-content\/uploads\/2024\/12\/natalia-Martinez.jpg\" class=\"attachment-thumbnail size-thumbnail wp-post-image\" alt=\"Foto generica\" \/><\/div> <cite class=\"kwayy-testimonial-title\">Natalia Martinez<span class=\"kwayy-testimonial-designation\">Paciente e M\u00e3e de Paciente da Cl\u00ednica M\u00e9dica do Porto<\/span><\/cite><\/footer><\/blockquote><\/div>\n\t<\/div>\n\t<div class=\"kwayy-testimonial-box \"><div class=\"kwayy-testimonial-data\"><blockquote class=\"kwayy-testimonial-text\">\r\n\t\t\t\t<div class=\"contarea\">\t\t\t\t\t\r\n\t\t\t\t\t<div class=\"kwayy-tst-contarea-text\">Fui bem atendido \u00f3timo profissionais.<\/div>\r\n\t\t\t\t\t\r\n\t\t\t\t<\/div><footer> <div class=\"kwayy-testimonial-img\"><img loading=\"lazy\" decoding=\"async\" width=\"1\" height=\"1\" src=\"https:\/\/clinicamedicadoporto.pt\/staging\/wp-content\/uploads\/2021\/06\/perfil-masculino-clinica-medica-do-porto-webhp.png\" class=\"attachment-thumbnail size-thumbnail wp-post-image\" alt=\"imagem-perfil-masculino-clinica-medica-do-porto\" \/><\/div> <cite class=\"kwayy-testimonial-title\">Walison Santos<span class=\"kwayy-testimonial-designation\">Paciente da Cl\u00ednica M\u00e9dica do Porto<\/span><\/cite><\/footer><\/blockquote><\/div>\n\t<\/div>\n\t<div class=\"kwayy-testimonial-box \"><div class=\"kwayy-testimonial-data\"><blockquote class=\"kwayy-testimonial-text\">\r\n\t\t\t\t<div class=\"contarea\">\t\t\t\t\t\r\n\t\t\t\t\t<div class=\"kwayy-tst-contarea-text\">Simpatia e efici\u00eancia.<\/div>\r\n\t\t\t\t\t\r\n\t\t\t\t<\/div><footer> <div class=\"kwayy-testimonial-img\"><img loading=\"lazy\" decoding=\"async\" width=\"96\" height=\"96\" src=\"https:\/\/clinicamedicadoporto.pt\/staging\/wp-content\/uploads\/2018\/07\/perfil-clinica-medica-do-porto-150x150.png\" class=\"attachment-thumbnail size-thumbnail wp-post-image\" alt=\"perfil-feminino-clinica-medica-do-porto\" srcset=\"https:\/\/clinicamedicadoporto.pt\/staging\/wp-content\/uploads\/2018\/07\/perfil-clinica-medica-do-porto-150x150.png 150w, https:\/\/clinicamedicadoporto.pt\/staging\/wp-content\/uploads\/2018\/07\/perfil-clinica-medica-do-porto-300x300.png 300w, https:\/\/clinicamedicadoporto.pt\/staging\/wp-content\/uploads\/2018\/07\/perfil-clinica-medica-do-porto-e1604515282169.png 60w\" sizes=\"auto, (max-width: 96px) 100vw, 96px\" \/><\/div> <cite class=\"kwayy-testimonial-title\">Margarida Rodrigues<span class=\"kwayy-testimonial-designation\">Paciente da Cl\u00ednica M\u00e9dica do Porto<\/span><\/cite><\/footer><\/blockquote><\/div>\n\t<\/div>\n\t<div class=\"kwayy-testimonial-box \"><div class=\"kwayy-testimonial-data\"><blockquote class=\"kwayy-testimonial-text\">\r\n\t\t\t\t<div class=\"contarea\">\t\t\t\t\t\r\n\t\t\t\t\t<div class=\"kwayy-tst-contarea-text\">Atendimento muito simp\u00e1tico.\r\nM\u00e9dica muito atenciosa e muito comunicativa.<\/div>\r\n\t\t\t\t\t\r\n\t\t\t\t<\/div><footer> <div class=\"kwayy-testimonial-img\"><img loading=\"lazy\" decoding=\"async\" width=\"96\" height=\"96\" src=\"https:\/\/clinicamedicadoporto.pt\/staging\/wp-content\/uploads\/2018\/07\/perfil-clinica-medica-do-porto-150x150.png\" class=\"attachment-thumbnail size-thumbnail wp-post-image\" alt=\"perfil-feminino-clinica-medica-do-porto\" srcset=\"https:\/\/clinicamedicadoporto.pt\/staging\/wp-content\/uploads\/2018\/07\/perfil-clinica-medica-do-porto-150x150.png 150w, https:\/\/clinicamedicadoporto.pt\/staging\/wp-content\/uploads\/2018\/07\/perfil-clinica-medica-do-porto-300x300.png 300w, https:\/\/clinicamedicadoporto.pt\/staging\/wp-content\/uploads\/2018\/07\/perfil-clinica-medica-do-porto-e1604515282169.png 60w\" sizes=\"auto, (max-width: 96px) 100vw, 96px\" \/><\/div> <cite class=\"kwayy-testimonial-title\">Rosa Tavares<span class=\"kwayy-testimonial-designation\">Paciente da Cl\u00ednica M\u00e9dica do Porto<\/span><\/cite><\/footer><\/blockquote><\/div>\n\t<\/div>\n\t<div class=\"kwayy-testimonial-box \"><div class=\"kwayy-testimonial-data\"><blockquote class=\"kwayy-testimonial-text\">\r\n\t\t\t\t<div class=\"contarea\">\t\t\t\t\t\r\n\t\t\t\t\t<div class=\"kwayy-tst-contarea-text\">Gostei de tudo. Muito profissionalismo que nos inspira confian\u00e7a.<\/div>\r\n\t\t\t\t\t\r\n\t\t\t\t<\/div><footer> <div class=\"kwayy-testimonial-img\"><img loading=\"lazy\" decoding=\"async\" width=\"60\" height=\"60\" src=\"https:\/\/clinicamedicadoporto.pt\/staging\/wp-content\/uploads\/2024\/11\/Foto-Testemunho-Monica-Ciol.png?ver=1730736184\" class=\"attachment-thumbnail size-thumbnail wp-post-image\" alt=\"Foto generica\" \/><\/div> <cite class=\"kwayy-testimonial-title\">Monica Ciol<span class=\"kwayy-testimonial-designation\">Paciente da Cl\u00ednica M\u00e9dica do Porto<\/span><\/cite><\/footer><\/blockquote><\/div>\n\t<\/div>\n\t<div class=\"kwayy-testimonial-box \"><div class=\"kwayy-testimonial-data\"><blockquote class=\"kwayy-testimonial-text\">\r\n\t\t\t\t<div class=\"contarea\">\t\t\t\t\t\r\n\t\t\t\t\t<div class=\"kwayy-tst-contarea-text\">Ambiente agrad\u00e1vel e acolhedor!<\/div>\r\n\t\t\t\t\t\r\n\t\t\t\t<\/div><footer> <div class=\"kwayy-testimonial-img\"><img loading=\"lazy\" decoding=\"async\" width=\"96\" height=\"96\" src=\"https:\/\/clinicamedicadoporto.pt\/staging\/wp-content\/uploads\/2024\/11\/Foto-Testemunho-Nay-Caravalho.png\" class=\"attachment-thumbnail size-thumbnail wp-post-image\" alt=\"Foto generica\" \/><\/div> <cite class=\"kwayy-testimonial-title\">Nay Carvalho<span class=\"kwayy-testimonial-designation\">Paciente da Clinica M\u00e9dica do Porto<\/span><\/cite><\/footer><\/blockquote><\/div>\n\t<\/div>\n\t<div class=\"kwayy-testimonial-box \"><div class=\"kwayy-testimonial-data\"><blockquote class=\"kwayy-testimonial-text\">\r\n\t\t\t\t<div class=\"contarea\">\t\t\t\t\t\r\n\t\t\t\t\t<div class=\"kwayy-tst-contarea-text\">Ainda comecei agora \u00e1 pouco mas fiquei muito satisfeita com o empenho de todos obrigada e at\u00e9 breve.<\/div>\r\n\t\t\t\t\t\r\n\t\t\t\t<\/div><footer> <div class=\"kwayy-testimonial-img\"><img loading=\"lazy\" decoding=\"async\" width=\"96\" height=\"96\" src=\"https:\/\/clinicamedicadoporto.pt\/staging\/wp-content\/uploads\/2018\/07\/perfil-clinica-medica-do-porto-150x150.png\" class=\"attachment-thumbnail size-thumbnail wp-post-image\" alt=\"perfil-feminino-clinica-medica-do-porto\" srcset=\"https:\/\/clinicamedicadoporto.pt\/staging\/wp-content\/uploads\/2018\/07\/perfil-clinica-medica-do-porto-150x150.png 150w, https:\/\/clinicamedicadoporto.pt\/staging\/wp-content\/uploads\/2018\/07\/perfil-clinica-medica-do-porto-300x300.png 300w, https:\/\/clinicamedicadoporto.pt\/staging\/wp-content\/uploads\/2018\/07\/perfil-clinica-medica-do-porto-e1604515282169.png 60w\" sizes=\"auto, (max-width: 96px) 100vw, 96px\" \/><\/div> <cite class=\"kwayy-testimonial-title\">Elisa Silva<span class=\"kwayy-testimonial-designation\">Paciente da Cl\u00ednica M\u00e9dica do Porto<\/span><\/cite><\/footer><\/blockquote><\/div>\n\t<\/div>\n\t<div class=\"kwayy-testimonial-box \"><div class=\"kwayy-testimonial-data\"><blockquote class=\"kwayy-testimonial-text\">\r\n\t\t\t\t<div class=\"contarea\">\t\t\t\t\t\r\n\t\t\t\t\t<div class=\"kwayy-tst-contarea-text\">\u00d3timo atendimento de toda a equipe, do agendamento \u00e0 consulta, impec\u00e1veis! Servi\u00e7o de qualidade prestado em toda a experi\u00eancia do cliente. Me senti muito bem!<\/div>\r\n\t\t\t\t\t\r\n\t\t\t\t<\/div><footer> <div class=\"kwayy-testimonial-img\"><img loading=\"lazy\" decoding=\"async\" width=\"96\" height=\"96\" src=\"https:\/\/clinicamedicadoporto.pt\/staging\/wp-content\/uploads\/2018\/07\/perfil-clinica-medica-do-porto-150x150.png\" class=\"attachment-thumbnail size-thumbnail wp-post-image\" alt=\"perfil-feminino-clinica-medica-do-porto\" srcset=\"https:\/\/clinicamedicadoporto.pt\/staging\/wp-content\/uploads\/2018\/07\/perfil-clinica-medica-do-porto-150x150.png 150w, https:\/\/clinicamedicadoporto.pt\/staging\/wp-content\/uploads\/2018\/07\/perfil-clinica-medica-do-porto-300x300.png 300w, https:\/\/clinicamedicadoporto.pt\/staging\/wp-content\/uploads\/2018\/07\/perfil-clinica-medica-do-porto-e1604515282169.png 60w\" sizes=\"auto, (max-width: 96px) 100vw, 96px\" \/><\/div> <cite class=\"kwayy-testimonial-title\">Suellen Cunha<span class=\"kwayy-testimonial-designation\">M\u00e3e de Paciente da Cl\u00ednica M\u00e9dica do Porto<\/span><\/cite><\/footer><\/blockquote><\/div>\n\t<\/div>\n\t<div class=\"kwayy-testimonial-box \"><div class=\"kwayy-testimonial-data\"><blockquote class=\"kwayy-testimonial-text\">\r\n\t\t\t\t<div class=\"contarea\">\t\t\t\t\t\r\n\t\t\t\t\t<div class=\"kwayy-tst-contarea-text\">Primeira vez na cl\u00ednica, os servi\u00e7os administrativos foram r\u00e1pidos e atenciosos.\r\nConsulta de pais com a dra Joana Fonseca foi muito acolhedora e esclarecedora. Fic\u00e1mos muito satisfeitos.<\/div>\r\n\t\t\t\t\t\r\n\t\t\t\t<\/div><footer> <div class=\"kwayy-testimonial-img\"><img loading=\"lazy\" decoding=\"async\" width=\"60\" height=\"60\" src=\"https:\/\/clinicamedicadoporto.pt\/staging\/wp-content\/uploads\/2024\/09\/Foto-Testemunho-Paula-Macedo-Silva.png\" class=\"attachment-thumbnail size-thumbnail wp-post-image\" alt=\"Imagem de mulher\" \/><\/div> <cite class=\"kwayy-testimonial-title\">Paula Macedo Silva<span class=\"kwayy-testimonial-designation\">Paciente da Cl\u00ednica M\u00e9dica do Porto<\/span><\/cite><\/footer><\/blockquote><\/div>\n\t<\/div>\n\t<div class=\"kwayy-testimonial-box \"><div class=\"kwayy-testimonial-data\"><blockquote class=\"kwayy-testimonial-text\">\r\n\t\t\t\t<div class=\"contarea\">\t\t\t\t\t\r\n\t\t\t\t\t<div class=\"kwayy-tst-contarea-text\">S\u00f3 tenho a dizer bem, desde o empenho das rececionistas (...) at\u00e9 \u00e0 disponibilidade e simpatia da Dra. F\u00e1tima Azevedo, o cuidado e uma avalia\u00e7\u00e3o como deve ser feita, rigorosa, completa, sem pressa, interessada e com foco na cura e respeitando as minhas escolhas.\r\nA Dra. F\u00e1tima \u00e9 m\u00e9dica de medicina integrativa e homeopata e eu n\u00e3o podia estar mais satisfeita por t\u00ea-la encontrado.<\/div>\r\n\t\t\t\t\t\r\n\t\t\t\t<\/div><footer> <div class=\"kwayy-testimonial-img\"><img loading=\"lazy\" decoding=\"async\" width=\"1\" height=\"1\" src=\"https:\/\/clinicamedicadoporto.pt\/staging\/wp-content\/uploads\/2021\/06\/perfil-clinica-medica-do-porto-webhp.png\" class=\"attachment-thumbnail size-thumbnail wp-post-image\" alt=\"imagem-perfil-feminio-clinica-medica-do-porto\" \/><\/div> <cite class=\"kwayy-testimonial-title\">Joana Carreira<span class=\"kwayy-testimonial-designation\">Paciente da Cl\u00ednica M\u00e9dica do Porto<\/span><\/cite><\/footer><\/blockquote><\/div>\n\t<\/div>\n\t<div class=\"kwayy-testimonial-box \"><div class=\"kwayy-testimonial-data\"><blockquote class=\"kwayy-testimonial-text\">\r\n\t\t\t\t<div class=\"contarea\">\t\t\t\t\t\r\n\t\t\t\t\t<div class=\"kwayy-tst-contarea-text\">(Traduzido pelo Google) O Porto est\u00e1 cada vez mais m\u00e1gico. Obrigado \u00e0 equipe e ao Dr. Jos\u00e9 pela experi\u00eancia maravilhosa. (...). Meu desconforto diminuiu e estou ansioso para minha pr\u00f3xima visita. (...).<\/div>\r\n\t\t\t\t\t\r\n\t\t\t\t<\/div><footer> <div class=\"kwayy-testimonial-img\"><img loading=\"lazy\" decoding=\"async\" width=\"96\" height=\"96\" src=\"https:\/\/clinicamedicadoporto.pt\/staging\/wp-content\/uploads\/2024\/09\/Foto-Alan-Pierson.png\" class=\"attachment-thumbnail size-thumbnail wp-post-image\" alt=\"Foto generica\" \/><\/div> <cite class=\"kwayy-testimonial-title\">Alan Pierson<span class=\"kwayy-testimonial-designation\">Paciente da Cl\u00ednica M\u00e9dica do Porto<\/span><\/cite><\/footer><\/blockquote><\/div>\n\t<\/div>\n\t<div class=\"kwayy-testimonial-box \"><div class=\"kwayy-testimonial-data\"><blockquote class=\"kwayy-testimonial-text\">\r\n\t\t\t\t<div class=\"contarea\">\t\t\t\t\t\r\n\t\t\t\t\t<div class=\"kwayy-tst-contarea-text\">Atendimento excelente, desde a recep\u00e7\u00e3o at\u00e9 a intera\u00e7\u00e3o com o m\u00e9dico foi incr\u00edvel, as pessoas l\u00e1 s\u00e3o super atenciosas e profissionais. Dr. Nadia Falco, excelente profissional, realmente entende de sa\u00fade, super competente... Fui fazer uma consulta recebi uma aula Recomendo!<\/div>\r\n\t\t\t\t\t\r\n\t\t\t\t<\/div><footer> <div class=\"kwayy-testimonial-img\"><img loading=\"lazy\" decoding=\"async\" width=\"96\" height=\"96\" src=\"https:\/\/clinicamedicadoporto.pt\/staging\/wp-content\/uploads\/2024\/09\/Foto-Aires-Bravo-Testemunho-Clinica-Medica-Porto.png\" class=\"attachment-thumbnail size-thumbnail wp-post-image\" alt=\"foto homem bem parecido envergando fato e gravata em pose profissional\" \/><\/div> <cite class=\"kwayy-testimonial-title\">Aires Bravo<span class=\"kwayy-testimonial-designation\">Paciente da Cl\u00ednica M\u00e9dica do Porto<\/span><\/cite><\/footer><\/blockquote><\/div>\n\t<\/div>\n\t<div class=\"kwayy-testimonial-box \"><div class=\"kwayy-testimonial-data\"><blockquote class=\"kwayy-testimonial-text\">\r\n\t\t\t\t<div class=\"contarea\">\t\t\t\t\t\r\n\t\t\t\t\t<div class=\"kwayy-tst-contarea-text\">Profissionalismo, boas condi\u00e7\u00f5es, simpatia e um excelente atendimento do Dr. Tiago Monteiro.<\/div>\r\n\t\t\t\t\t\r\n\t\t\t\t<\/div><footer> <div class=\"kwayy-testimonial-img\"><img loading=\"lazy\" decoding=\"async\" width=\"1\" height=\"1\" src=\"https:\/\/clinicamedicadoporto.pt\/staging\/wp-content\/uploads\/2021\/06\/perfil-clinica-medica-do-porto-webhp.png\" class=\"attachment-thumbnail size-thumbnail wp-post-image\" alt=\"imagem-perfil-feminio-clinica-medica-do-porto\" \/><\/div> <cite class=\"kwayy-testimonial-title\">J\u00e9ssica Vieira<span class=\"kwayy-testimonial-designation\">Paciente da Cl\u00ednica M\u00e9dica do Porto<\/span><\/cite><\/footer><\/blockquote><\/div>\n\t<\/div>\n\t<div class=\"kwayy-testimonial-box \"><div class=\"kwayy-testimonial-data\"><blockquote class=\"kwayy-testimonial-text\">\r\n\t\t\t\t<div class=\"contarea\">\t\t\t\t\t\r\n\t\t\t\t\t<div class=\"kwayy-tst-contarea-text\">Celeridade e simpatia. Profissionalismo, aparentemente (o ju\u00edzo mais definitivo, depender\u00e1 dos resultados do tratamento), tamb\u00e9m de elevado n\u00edvel.<\/div>\r\n\t\t\t\t\t\r\n\t\t\t\t<\/div><footer> <div class=\"kwayy-testimonial-img\"><img loading=\"lazy\" decoding=\"async\" width=\"1\" height=\"1\" src=\"https:\/\/clinicamedicadoporto.pt\/staging\/wp-content\/uploads\/2021\/06\/perfil-masculino-clinica-medica-do-porto-webhp.png\" class=\"attachment-thumbnail size-thumbnail wp-post-image\" alt=\"imagem-perfil-masculino-clinica-medica-do-porto\" \/><\/div> <cite class=\"kwayy-testimonial-title\">Miguel Costa<span class=\"kwayy-testimonial-designation\">Paciente da Cl\u00ednica M\u00e9dica do Porto<\/span><\/cite><\/footer><\/blockquote><\/div>\n\t<\/div>\n\t<div class=\"kwayy-testimonial-box \"><div class=\"kwayy-testimonial-data\"><blockquote class=\"kwayy-testimonial-text\">\r\n\t\t\t\t<div class=\"contarea\">\t\t\t\t\t\r\n\t\t\t\t\t<div class=\"kwayy-tst-contarea-text\">Excel\u00eancia no atendimento \u00e9 a palavra chave que define o que \u00e9 ser cliente da Cl\u00ednica do Porto. Desde o primeiro contato, \u00e0s instala\u00e7\u00f5es e a aten\u00e7\u00e3o das atendentes (...). A Dra Ines n\u00e3o me foi indicada por acaso, foi de uma aten\u00e7\u00e3o e uma precis\u00e3o que somente uma m\u00e9dica que ama o que faz pode nos proporcionar.(...) A Cl\u00ednica est\u00e1 de Parab\u00e9ns pelo atendimento humanizado e de excel\u00eancia.<\/div>\r\n\t\t\t\t\t\r\n\t\t\t\t<\/div><footer> <div class=\"kwayy-testimonial-img\"><img loading=\"lazy\" decoding=\"async\" width=\"96\" height=\"96\" src=\"https:\/\/clinicamedicadoporto.pt\/staging\/wp-content\/uploads\/2024\/08\/Testemunho-Clivia-Santos.png\" class=\"attachment-thumbnail size-thumbnail wp-post-image\" alt=\"imagem de utente da clinica medica do porto\" \/><\/div> <cite class=\"kwayy-testimonial-title\">Cl\u00edvia Santos<span class=\"kwayy-testimonial-designation\">Paciente da Cl\u00ednica M\u00e9dica do Porto<\/span><\/cite><\/footer><\/blockquote><\/div>\n\t<\/div>\n\t<div class=\"kwayy-testimonial-box \"><div class=\"kwayy-testimonial-data\"><blockquote class=\"kwayy-testimonial-text\">\r\n\t\t\t\t<div class=\"contarea\">\t\t\t\t\t\r\n\t\t\t\t\t<div class=\"kwayy-tst-contarea-text\">Passei em consulta com o profissional Tiago Monteiro, osteopata da cl\u00ednica. Cheguei \u00e0 cl\u00ednica sentindo muitas dores e com imensa dificuldade em movimentar-me (...), ap\u00f3s uma \u00fanica sess\u00e3o de osteopatia obtive um ganho significativo, as dores quase sumiram, j\u00e1 fa\u00e7o movimentos que n\u00e3o fazia e estou readquirindo minha qualidade de vida. (...).<\/div>\r\n\t\t\t\t\t\r\n\t\t\t\t<\/div><footer> <div class=\"kwayy-testimonial-img\"><img loading=\"lazy\" decoding=\"async\" width=\"1\" height=\"1\" src=\"https:\/\/clinicamedicadoporto.pt\/staging\/wp-content\/uploads\/2021\/06\/perfil-masculino-clinica-medica-do-porto-webhp.png\" class=\"attachment-thumbnail size-thumbnail wp-post-image\" alt=\"imagem-perfil-masculino-clinica-medica-do-porto\" \/><\/div> <cite class=\"kwayy-testimonial-title\">Clamildes<span class=\"kwayy-testimonial-designation\">Paciente da Cl\u00ednica M\u00e9dica do Porto<\/span><\/cite><\/footer><\/blockquote><\/div>\n\t<\/div>\n\t<div class=\"kwayy-testimonial-box \"><div class=\"kwayy-testimonial-data\"><blockquote class=\"kwayy-testimonial-text\">\r\n\t\t\t\t<div class=\"contarea\">\t\t\t\t\t\r\n\t\t\t\t\t<div class=\"kwayy-tst-contarea-text\">Coloboradora muito simpatica e profissionalismo acima da m\u00e9dia.<\/div>\r\n\t\t\t\t\t\r\n\t\t\t\t<\/div><footer> <div class=\"kwayy-testimonial-img\"><img loading=\"lazy\" decoding=\"async\" width=\"96\" height=\"96\" src=\"https:\/\/clinicamedicadoporto.pt\/staging\/wp-content\/uploads\/2024\/07\/Foto-Maria-Brilhante.png\" class=\"attachment-thumbnail size-thumbnail wp-post-image\" alt=\"Imagem de avatar\" \/><\/div> <cite class=\"kwayy-testimonial-title\">Maria Brilhante<span class=\"kwayy-testimonial-designation\">Paciente da Cl\u00ednica M\u00e9dica do Porto<\/span><\/cite><\/footer><\/blockquote><\/div>\n\t<\/div>\n\t<div class=\"kwayy-testimonial-box \"><div class=\"kwayy-testimonial-data\"><blockquote class=\"kwayy-testimonial-text\">\r\n\t\t\t\t<div class=\"contarea\">\t\t\t\t\t\r\n\t\t\t\t\t<div class=\"kwayy-tst-contarea-text\">Procurei a cl\u00ednica pela proposta de Modula\u00e7\u00e3o Hormonal que j\u00e1 venho estudando. Fui a uma primeira consulta e estou otimista quanto ao tratamento.<\/div>\r\n\t\t\t\t\t\r\n\t\t\t\t<\/div><footer> <div class=\"kwayy-testimonial-img\"><img loading=\"lazy\" decoding=\"async\" width=\"96\" height=\"96\" src=\"https:\/\/clinicamedicadoporto.pt\/staging\/wp-content\/uploads\/2024\/07\/Foto-Testemunho-Lucineia-Souza.jpg\" class=\"attachment-thumbnail size-thumbnail wp-post-image\" alt=\"Imagem mulher testemunho\" \/><\/div> <cite class=\"kwayy-testimonial-title\">Lucin\u00e9ia De Souza<span class=\"kwayy-testimonial-designation\">Paciente da Cl\u00ednica M\u00e9dica do Porto<\/span><\/cite><\/footer><\/blockquote><\/div>\n\t<\/div>\n\t<div class=\"kwayy-testimonial-box \"><div class=\"kwayy-testimonial-data\"><blockquote class=\"kwayy-testimonial-text\">\r\n\t\t\t\t<div class=\"contarea\">\t\t\t\t\t\r\n\t\t\t\t\t<div class=\"kwayy-tst-contarea-text\">Servi\u00e7o super competente e num ambiente \u00f3ptimo.<\/div>\r\n\t\t\t\t\t\r\n\t\t\t\t<\/div><footer> <div class=\"kwayy-testimonial-img\"><img loading=\"lazy\" decoding=\"async\" width=\"1\" height=\"1\" src=\"https:\/\/clinicamedicadoporto.pt\/staging\/wp-content\/uploads\/2021\/06\/perfil-masculino-clinica-medica-do-porto-webhp.png\" class=\"attachment-thumbnail size-thumbnail wp-post-image\" alt=\"imagem-perfil-masculino-clinica-medica-do-porto\" \/><\/div> <cite class=\"kwayy-testimonial-title\">M\u00e1rio Couto<span class=\"kwayy-testimonial-designation\">Paciente da Cl\u00ednica M\u00e9dica do Porto<\/span><\/cite><\/footer><\/blockquote><\/div>\n\t<\/div>\n\t<div class=\"kwayy-testimonial-box \"><div class=\"kwayy-testimonial-data\"><blockquote class=\"kwayy-testimonial-text\">\r\n\t\t\t\t<div class=\"contarea\">\t\t\t\t\t\r\n\t\t\t\t\t<div class=\"kwayy-tst-contarea-text\">Muito simp\u00e1ticos e atenciosos.\r\nGostei muito.\r\n\r\n<\/div>\r\n\t\t\t\t\t\r\n\t\t\t\t<\/div><footer> <div class=\"kwayy-testimonial-img\"><img loading=\"lazy\" decoding=\"async\" width=\"1\" height=\"1\" src=\"https:\/\/clinicamedicadoporto.pt\/staging\/wp-content\/uploads\/2021\/06\/perfil-masculino-clinica-medica-do-porto-webhp.png\" class=\"attachment-thumbnail size-thumbnail wp-post-image\" alt=\"imagem-perfil-masculino-clinica-medica-do-porto\" \/><\/div> <cite class=\"kwayy-testimonial-title\">A A<span class=\"kwayy-testimonial-designation\">Paciente da Cl\u00ednica M\u00e9dica do Porto<\/span><\/cite><\/footer><\/blockquote><\/div>\n\t<\/div>\n\t<div class=\"kwayy-testimonial-box \"><div class=\"kwayy-testimonial-data\"><blockquote class=\"kwayy-testimonial-text\">\r\n\t\t\t\t<div class=\"contarea\">\t\t\t\t\t\r\n\t\t\t\t\t<div class=\"kwayy-tst-contarea-text\">(Traduzido pelo Google) Depois de algumas consultas falhadas com m\u00e9dicos tradicionais fui a esta cl\u00ednica ao Dr. Jo\u00e3o Sardinha para tratar da minha fase de pr\u00e9-menopausa. A sua abordagem \u00e9 diferente e n\u00e3o convencional, em oposi\u00e7\u00e3o aos m\u00e9dicos tradicionais. Altamente recomendado. Al\u00e9m disso, destaque para B\u00e1rbara que foi muito genu\u00edna e acolhedora<\/div>\r\n\t\t\t\t\t\r\n\t\t\t\t<\/div><footer> <div class=\"kwayy-testimonial-img\"><img loading=\"lazy\" decoding=\"async\" width=\"96\" height=\"96\" src=\"https:\/\/clinicamedicadoporto.pt\/staging\/wp-content\/uploads\/2024\/07\/Foto-Testemunho-KH-Hanna.png\" class=\"attachment-thumbnail size-thumbnail wp-post-image\" alt=\"Imagem mulher\" \/><\/div> <cite class=\"kwayy-testimonial-title\">K.N Hanna<span class=\"kwayy-testimonial-designation\">Paciente da Cl\u00ednica M\u00e9dica do Porto<\/span><\/cite><\/footer><\/blockquote><\/div>\n\t<\/div>\n\t<div class=\"kwayy-testimonial-box \"><div class=\"kwayy-testimonial-data\"><blockquote class=\"kwayy-testimonial-text\">\r\n\t\t\t\t<div class=\"contarea\">\t\t\t\t\t\r\n\t\t\t\t\t<div class=\"kwayy-tst-contarea-text\">Um ambiente muito calmo.<\/div>\r\n\t\t\t\t\t\r\n\t\t\t\t<\/div><footer> <div class=\"kwayy-testimonial-img\"><img loading=\"lazy\" decoding=\"async\" width=\"1\" height=\"1\" src=\"https:\/\/clinicamedicadoporto.pt\/staging\/wp-content\/uploads\/2021\/06\/perfil-clinica-medica-do-porto-webhp.png\" class=\"attachment-thumbnail size-thumbnail wp-post-image\" alt=\"imagem-perfil-feminio-clinica-medica-do-porto\" \/><\/div> <cite class=\"kwayy-testimonial-title\">Maria Cl\u00e1udia Borges<span class=\"kwayy-testimonial-designation\">Paciente da Cl\u00ednica M\u00e9dica do Porto<\/span><\/cite><\/footer><\/blockquote><\/div>\n\t<\/div>\n\t<div class=\"kwayy-testimonial-box \"><div class=\"kwayy-testimonial-data\"><blockquote class=\"kwayy-testimonial-text\">\r\n\t\t\t\t<div class=\"contarea\">\t\t\t\t\t\r\n\t\t\t\t\t<div class=\"kwayy-tst-contarea-text\">Muito obrigada.\r\nS\u00e3o muito simp\u00e1ticos.<\/div>\r\n\t\t\t\t\t\r\n\t\t\t\t<\/div><footer> <div class=\"kwayy-testimonial-img\"><img loading=\"lazy\" decoding=\"async\" width=\"60\" height=\"60\" src=\"https:\/\/clinicamedicadoporto.pt\/staging\/wp-content\/uploads\/2024\/05\/Foto-Testemunho-Teresa-Tudela.png\" class=\"attachment-thumbnail size-thumbnail wp-post-image\" alt=\"Imagem avatar de testemunho da Cl\u00ednica M\u00e9dica do Porto\" \/><\/div> <cite class=\"kwayy-testimonial-title\">Teresa Tudela<span class=\"kwayy-testimonial-designation\">Paciente da Cl\u00ednica M\u00e9dica do Porto<\/span><\/cite><\/footer><\/blockquote><\/div>\n\t<\/div>\n\t<div class=\"kwayy-testimonial-box \"><div class=\"kwayy-testimonial-data\"><blockquote class=\"kwayy-testimonial-text\">\r\n\t\t\t\t<div class=\"contarea\">\t\t\t\t\t\r\n\t\t\t\t\t<div class=\"kwayy-tst-contarea-text\">Excelente servi\u00e7o!<\/div>\r\n\t\t\t\t\t\r\n\t\t\t\t<\/div><footer> <div class=\"kwayy-testimonial-img\"><img loading=\"lazy\" decoding=\"async\" width=\"1\" height=\"1\" src=\"https:\/\/clinicamedicadoporto.pt\/staging\/wp-content\/uploads\/2021\/06\/perfil-clinica-medica-do-porto-webhp.png\" class=\"attachment-thumbnail size-thumbnail wp-post-image\" alt=\"imagem-perfil-feminio-clinica-medica-do-porto\" \/><\/div> <cite class=\"kwayy-testimonial-title\">Mariana Vale<span class=\"kwayy-testimonial-designation\">Paciente da Cl\u00ednica M\u00e9dica do Porto<\/span><\/cite><\/footer><\/blockquote><\/div>\n\t<\/div>\n\t<div class=\"kwayy-testimonial-box \"><div class=\"kwayy-testimonial-data\"><blockquote class=\"kwayy-testimonial-text\">\r\n\t\t\t\t<div class=\"contarea\">\t\t\t\t\t\r\n\t\t\t\t\t<div class=\"kwayy-tst-contarea-text\">Atendimento simp\u00e1tico e cumprimento do hor\u00e1rio da consulta, cl\u00ednica de f\u00e1cil localiza\u00e7\u00e3o.<\/div>\r\n\t\t\t\t\t\r\n\t\t\t\t<\/div><footer> <div class=\"kwayy-testimonial-img\"><img loading=\"lazy\" decoding=\"async\" width=\"1\" height=\"1\" src=\"https:\/\/clinicamedicadoporto.pt\/staging\/wp-content\/uploads\/2021\/06\/perfil-masculino-clinica-medica-do-porto-webhp.png\" class=\"attachment-thumbnail size-thumbnail wp-post-image\" alt=\"imagem-perfil-masculino-clinica-medica-do-porto\" \/><\/div> <cite class=\"kwayy-testimonial-title\">M\u00e1rcio Alves<span class=\"kwayy-testimonial-designation\">Paciente da Cl\u00ednica M\u00e9dica do Porto<\/span><\/cite><\/footer><\/blockquote><\/div>\n\t<\/div>\n\t<div class=\"kwayy-testimonial-box \"><div class=\"kwayy-testimonial-data\"><blockquote class=\"kwayy-testimonial-text\">\r\n\t\t\t\t<div class=\"contarea\">\t\t\t\t\t\r\n\t\t\t\t\t<div class=\"kwayy-tst-contarea-text\">Um atendimento diferenciado, desde o agendamento da consulta, a prepara\u00e7\u00e3o para a mesma e a consulta em si. Acontece todo um protocolo para que nada fique ao acaso.\r\nGostei muito do trabalho, no meu caso, da Dra M\u00e1rcia Pereira Leite.\r\nRecomendo vivamente!<\/div>\r\n\t\t\t\t\t\r\n\t\t\t\t<\/div><footer> <div class=\"kwayy-testimonial-img\"><img loading=\"lazy\" decoding=\"async\" width=\"1\" height=\"1\" src=\"https:\/\/clinicamedicadoporto.pt\/staging\/wp-content\/uploads\/2021\/06\/perfil-clinica-medica-do-porto-webhp.png\" class=\"attachment-thumbnail size-thumbnail wp-post-image\" alt=\"imagem-perfil-feminio-clinica-medica-do-porto\" \/><\/div> <cite class=\"kwayy-testimonial-title\">Fernanda Pinto<span class=\"kwayy-testimonial-designation\">Paciente da Cl\u00ednica M\u00e9dica do Porto<\/span><\/cite><\/footer><\/blockquote><\/div>\n\t<\/div>\n\t<div class=\"kwayy-testimonial-box \"><div class=\"kwayy-testimonial-data\"><blockquote class=\"kwayy-testimonial-text\">\r\n\t\t\t\t<div class=\"contarea\">\t\t\t\t\t\r\n\t\t\t\t\t<div class=\"kwayy-tst-contarea-text\">Agrade\u00e7o \u00e0 Tatiana Sousa que me acompanha na acupuntura. Ela \u00e9 uma mulher muito carinhosa, atenciosa e simp\u00e1tica.\r\nEla fala ingl\u00eas e conseguiu me deixar \u00e0 vontade desde a primeira sess\u00e3o. (...) Eu recomendo.<\/div>\r\n\t\t\t\t\t\r\n\t\t\t\t<\/div><footer> <div class=\"kwayy-testimonial-img\"><img loading=\"lazy\" decoding=\"async\" width=\"96\" height=\"96\" src=\"https:\/\/clinicamedicadoporto.pt\/staging\/wp-content\/uploads\/2024\/03\/Foto-Imagam-Fanny-H-Testemunho.png\" class=\"attachment-thumbnail size-thumbnail wp-post-image\" alt=\"foto testemunho de paciente de acupuntura\" \/><\/div> <cite class=\"kwayy-testimonial-title\">Fanny H<span class=\"kwayy-testimonial-designation\">Paciente da Cl\u00ednica M\u00e9dica do Porto<\/span><\/cite><\/footer><\/blockquote><\/div>\n\t<\/div>\n\t<div class=\"kwayy-testimonial-box \"><div class=\"kwayy-testimonial-data\"><blockquote class=\"kwayy-testimonial-text\">\r\n\t\t\t\t<div class=\"contarea\">\t\t\t\t\t\r\n\t\t\t\t\t<div class=\"kwayy-tst-contarea-text\">Fiquei muito feliz com o meu atendimento da clinica. \r\nForam pontuais e organizados. \r\nDra Ines foi muito querida e prestativa. \r\nRecomendo!<\/div>\r\n\t\t\t\t\t\r\n\t\t\t\t<\/div><footer> <div class=\"kwayy-testimonial-img\"><img loading=\"lazy\" decoding=\"async\" width=\"96\" height=\"96\" src=\"https:\/\/clinicamedicadoporto.pt\/staging\/wp-content\/uploads\/2024\/03\/Foto-Testemunho-Camila-Zamboni.png\" class=\"attachment-thumbnail size-thumbnail wp-post-image\" alt=\"Foto imagem Testemunho Camila\" \/><\/div> <cite class=\"kwayy-testimonial-title\">Camila Zamboni<span class=\"kwayy-testimonial-designation\">Paciente da Cl\u00ednica M\u00e9dica do Porto<\/span><\/cite><\/footer><\/blockquote><\/div>\n\t<\/div>\n\t<div class=\"kwayy-testimonial-box \"><div class=\"kwayy-testimonial-data\"><blockquote class=\"kwayy-testimonial-text\">\r\n\t\t\t\t<div class=\"contarea\">\t\t\t\t\t\r\n\t\t\t\t\t<div class=\"kwayy-tst-contarea-text\">Atendimento acolhedor, objetivo e carinhoso por parte da Sra. B\u00e1rbara.\r\nQuanto ao atendimento da Dra. M\u00e1rcia Leite, acredito n\u00e3o poder estar em melhor m\u00e3os. \r\nTrata-se de profissional conhecedora da especificidade a que se prop\u00f4s, com recebimento educado, acolhedor e atencioso. (...)<\/div>\r\n\t\t\t\t\t\r\n\t\t\t\t<\/div><footer> <div class=\"kwayy-testimonial-img\"><img loading=\"lazy\" decoding=\"async\" width=\"96\" height=\"96\" src=\"https:\/\/clinicamedicadoporto.pt\/staging\/wp-content\/uploads\/2024\/02\/imagem-Isis-motta.png\" class=\"attachment-thumbnail size-thumbnail wp-post-image\" alt=\"Imagem de perfil de testemunho de cliente da clinica medica do porto\" \/><\/div> <cite class=\"kwayy-testimonial-title\">Isis Motta<span class=\"kwayy-testimonial-designation\">Paciente da Cl\u00ednica M\u00e9dica do Porto<\/span><\/cite><\/footer><\/blockquote><\/div>\n\t<\/div>\n\t<div class=\"kwayy-testimonial-box \"><div class=\"kwayy-testimonial-data\"><blockquote class=\"kwayy-testimonial-text\">\r\n\t\t\t\t<div class=\"contarea\">\t\t\t\t\t\r\n\t\t\t\t\t<div class=\"kwayy-tst-contarea-text\">Atendimento excelente da recep\u00e7\u00e3o ao especialista. Minha pequena adorou as m\u00e3os do Dr. Tiago!<\/div>\r\n\t\t\t\t\t\r\n\t\t\t\t<\/div><footer> <div class=\"kwayy-testimonial-img\"><img loading=\"lazy\" decoding=\"async\" width=\"1\" height=\"1\" src=\"https:\/\/clinicamedicadoporto.pt\/staging\/wp-content\/uploads\/2021\/06\/perfil-clinica-medica-do-porto-webhp.png\" class=\"attachment-thumbnail size-thumbnail wp-post-image\" alt=\"imagem-perfil-feminio-clinica-medica-do-porto\" \/><\/div> <cite class=\"kwayy-testimonial-title\">Vanessa Gon\u00e7alves<span class=\"kwayy-testimonial-designation\">M\u00e3e de Paciente da Cl\u00ednica M\u00e9dica do Porto<\/span><\/cite><\/footer><\/blockquote><\/div>\n\t<\/div>\n\t<div class=\"kwayy-testimonial-box \"><div class=\"kwayy-testimonial-data\"><blockquote class=\"kwayy-testimonial-text\">\r\n\t\t\t\t<div class=\"contarea\">\t\t\t\t\t\r\n\t\t\t\t\t<div class=\"kwayy-tst-contarea-text\">Excelente atendimento e profissionalismo na recep\u00e7\u00e3o.\r\nFoi a minha 1@ consulta com a Dra. M\u00e1rcia Leite, muito simp\u00e1tica e atenciosa, consulta devidamente estruturada e organizada, fui tratada sem pressas e com muita dedica\u00e7\u00e3o. \r\nAdorei \u2764\ufe0f<\/div>\r\n\t\t\t\t\t\r\n\t\t\t\t<\/div><footer> <div class=\"kwayy-testimonial-img\"><img loading=\"lazy\" decoding=\"async\" width=\"60\" height=\"60\" src=\"https:\/\/clinicamedicadoporto.pt\/staging\/wp-content\/uploads\/2024\/02\/foto-testemunho-eduarda-queiros.png\" class=\"attachment-thumbnail size-thumbnail wp-post-image\" alt=\"Foto de paciente da Clinica Medica do Porto\" \/><\/div> <cite class=\"kwayy-testimonial-title\">Eduarda Queiros<span class=\"kwayy-testimonial-designation\">Paciente da Cl\u00ednica M\u00e9dica do Porto<\/span><\/cite><\/footer><\/blockquote><\/div>\n\t<\/div>\n\t<div class=\"kwayy-testimonial-box \"><div class=\"kwayy-testimonial-data\"><blockquote class=\"kwayy-testimonial-text\">\r\n\t\t\t\t<div class=\"contarea\">\t\t\t\t\t\r\n\t\t\t\t\t<div class=\"kwayy-tst-contarea-text\">Espa\u00e7o agrad\u00e1vel e calmo.\r\nOs m\u00e9dicos e o Staff s\u00e3o incr\u00edveis.<\/div>\r\n\t\t\t\t\t\r\n\t\t\t\t<\/div><footer> <div class=\"kwayy-testimonial-img\"><img loading=\"lazy\" decoding=\"async\" width=\"60\" height=\"60\" src=\"https:\/\/clinicamedicadoporto.pt\/staging\/wp-content\/uploads\/2024\/02\/foto-testemunho-filipa-cunha.png\" class=\"attachment-thumbnail size-thumbnail wp-post-image\" alt=\"Testemunho Filipa Cunha\" \/><\/div> <cite class=\"kwayy-testimonial-title\">Filipa Cunha<span class=\"kwayy-testimonial-designation\">Paciente da Cl\u00ednica M\u00e9dica do Porto<\/span><\/cite><\/footer><\/blockquote><\/div>\n\t<\/div>\n\t<div class=\"kwayy-testimonial-box \"><div class=\"kwayy-testimonial-data\"><blockquote class=\"kwayy-testimonial-text\">\r\n\t\t\t\t<div class=\"contarea\">\t\t\t\t\t\r\n\t\t\t\t\t<div class=\"kwayy-tst-contarea-text\">Boas condi\u00e7\u00f5es. \r\nProfissionais simp\u00e1ticos e competentes. \r\nUma boa experi\u00eancia. <\/div>\r\n\t\t\t\t\t\r\n\t\t\t\t<\/div><footer> <div class=\"kwayy-testimonial-img\"><img loading=\"lazy\" decoding=\"async\" width=\"1\" height=\"1\" src=\"https:\/\/clinicamedicadoporto.pt\/staging\/wp-content\/uploads\/2021\/06\/perfil-clinica-medica-do-porto-webhp.png\" class=\"attachment-thumbnail size-thumbnail wp-post-image\" alt=\"imagem-perfil-feminio-clinica-medica-do-porto\" \/><\/div> <cite class=\"kwayy-testimonial-title\">Sara Fernandes<span class=\"kwayy-testimonial-designation\">Paciente da Cl\u00ednica M\u00e9dica do Porto<\/span><\/cite><\/footer><\/blockquote><\/div>\n\t<\/div>\n\t<div class=\"kwayy-testimonial-box \"><div class=\"kwayy-testimonial-data\"><blockquote class=\"kwayy-testimonial-text\">\r\n\t\t\t\t<div class=\"contarea\">\t\t\t\t\t\r\n\t\t\t\t\t<div class=\"kwayy-tst-contarea-text\">Estacionamento facilitado.\r\nInstala\u00e7\u00f5es e ambiente sereno e muito acolhedor.\r\nAtendimento simp\u00e1tico e profissional.\r\nEstive numa 1.a consulta de Reposi\u00e7\u00e3o hormonal bioid\u00eantica, com a dra. Mariana Pinto Leite, onde fui tratada sem pressas com clareza, dedica\u00e7\u00e3o e muita compet\u00eancia.<\/div>\r\n\t\t\t\t\t\r\n\t\t\t\t<\/div><footer> <div class=\"kwayy-testimonial-img\"><img loading=\"lazy\" decoding=\"async\" width=\"1\" height=\"1\" src=\"https:\/\/clinicamedicadoporto.pt\/staging\/wp-content\/uploads\/2021\/06\/perfil-clinica-medica-do-porto-webhp.png\" class=\"attachment-thumbnail size-thumbnail wp-post-image\" alt=\"imagem-perfil-feminio-clinica-medica-do-porto\" \/><\/div> <cite class=\"kwayy-testimonial-title\">Ana Neves<span class=\"kwayy-testimonial-designation\">Paciente da Cl\u00ednica M\u00e9dica do Porto<\/span><\/cite><\/footer><\/blockquote><\/div>\n\t<\/div>\n\t<div class=\"kwayy-testimonial-box \"><div class=\"kwayy-testimonial-data\"><blockquote class=\"kwayy-testimonial-text\">\r\n\t\t\t\t<div class=\"contarea\">\t\t\t\t\t\r\n\t\t\t\t\t<div class=\"kwayy-tst-contarea-text\">Gostei muito do atendimento.\r\nMuito simp\u00e1ticas e amorosas para a minha filha, sem d\u00favida, caso necessite, voltarei a escolher a Cl\u00ednica M\u00e9dica do Porto.\r\nAgradecida.<\/div>\r\n\t\t\t\t\t\r\n\t\t\t\t<\/div><footer> <div class=\"kwayy-testimonial-img\"><img loading=\"lazy\" decoding=\"async\" width=\"1\" height=\"1\" src=\"https:\/\/clinicamedicadoporto.pt\/staging\/wp-content\/uploads\/2021\/06\/perfil-clinica-medica-do-porto-webhp.png\" class=\"attachment-thumbnail size-thumbnail wp-post-image\" alt=\"imagem-perfil-feminio-clinica-medica-do-porto\" \/><\/div> <cite class=\"kwayy-testimonial-title\">Tatiana Silva<span class=\"kwayy-testimonial-designation\">M\u00e3e de Paciente da Cl\u00ednica M\u00e9dica do Porto<\/span><\/cite><\/footer><\/blockquote><\/div>\n\t<\/div>\n\t<div class=\"kwayy-testimonial-box \"><div class=\"kwayy-testimonial-data\"><blockquote class=\"kwayy-testimonial-text\">\r\n\t\t\t\t<div class=\"contarea\">\t\t\t\t\t\r\n\t\t\t\t\t<div class=\"kwayy-tst-contarea-text\">Foi uma experi\u00eancia muito agrad\u00e1vel nesta cl\u00ednica, com um bom acolhimento e um m\u00e9dico competente que presta aten\u00e7\u00e3o ao paciente e adoro o facto de serem recomendados rem\u00e9dios naturais, recomendo vivamente.<\/div>\r\n\t\t\t\t\t\r\n\t\t\t\t<\/div><footer> <div class=\"kwayy-testimonial-img\"><img loading=\"lazy\" decoding=\"async\" width=\"1\" height=\"1\" src=\"https:\/\/clinicamedicadoporto.pt\/staging\/wp-content\/uploads\/2021\/06\/perfil-clinica-medica-do-porto-webhp.png\" class=\"attachment-thumbnail size-thumbnail wp-post-image\" alt=\"imagem-perfil-feminio-clinica-medica-do-porto\" \/><\/div> <cite class=\"kwayy-testimonial-title\">Carlita<span class=\"kwayy-testimonial-designation\">Paciente da Cl\u00ednica M\u00e9dica do Porto<\/span><\/cite><\/footer><\/blockquote><\/div>\n\t<\/div>\n\t<div class=\"kwayy-testimonial-box \"><div class=\"kwayy-testimonial-data\"><blockquote class=\"kwayy-testimonial-text\">\r\n\t\t\t\t<div class=\"contarea\">\t\t\t\t\t\r\n\t\t\t\t\t<div class=\"kwayy-tst-contarea-text\">Excelente atendimento, tanto na rece\u00e7\u00e3o como do terapeuta Tiago.\r\nRecomendo!<\/div>\r\n\t\t\t\t\t\r\n\t\t\t\t<\/div><footer> <div class=\"kwayy-testimonial-img\"><img loading=\"lazy\" decoding=\"async\" width=\"60\" height=\"60\" src=\"https:\/\/clinicamedicadoporto.pt\/staging\/wp-content\/uploads\/2024\/01\/Foto-Daniela-Mendes.png\" class=\"attachment-thumbnail size-thumbnail wp-post-image\" alt=\"Imagem Testemunho consulta de Osteopatia\" \/><\/div> <cite class=\"kwayy-testimonial-title\">Daniela Mendes<span class=\"kwayy-testimonial-designation\">Paciente da Cl\u00ednica M\u00e9dica do Porto<\/span><\/cite><\/footer><\/blockquote><\/div>\n\t<\/div>\n\t<div class=\"kwayy-testimonial-box \"><div class=\"kwayy-testimonial-data\"><blockquote class=\"kwayy-testimonial-text\">\r\n\t\t\t\t<div class=\"contarea\">\t\t\t\t\t\r\n\t\t\t\t\t<div class=\"kwayy-tst-contarea-text\">A Dra Beatriz \u00e9 optima, ja vejo efeitos. \r\nToda a gente na cl\u00ednica \u00e9 muito simp\u00e1tica. \r\nRecomendo 100%<\/div>\r\n\t\t\t\t\t\r\n\t\t\t\t<\/div><footer> <div class=\"kwayy-testimonial-img\"><img loading=\"lazy\" decoding=\"async\" width=\"60\" height=\"60\" src=\"https:\/\/clinicamedicadoporto.pt\/staging\/wp-content\/uploads\/2024\/01\/Foto-carolina-oliveira.png\" class=\"attachment-thumbnail size-thumbnail wp-post-image\" alt=\"Foto de cliente da Clinica\" \/><\/div> <cite class=\"kwayy-testimonial-title\">Carolina Oliveira<span class=\"kwayy-testimonial-designation\">Paciente da Cl\u00ednica M\u00e9dica do Porto<\/span><\/cite><\/footer><\/blockquote><\/div>\n\t<\/div>\n\t<div class=\"kwayy-testimonial-box \"><div class=\"kwayy-testimonial-data\"><blockquote class=\"kwayy-testimonial-text\">\r\n\t\t\t\t<div class=\"contarea\">\t\t\t\t\t\r\n\t\t\t\t\t<div class=\"kwayy-tst-contarea-text\">Excelente atendimento, o espa\u00e7o muito agrad\u00e1vel!\r\nA Dr\u00aaMariana \u00e9 uma excelente profissional com uma vertente muito humana!<\/div>\r\n\t\t\t\t\t\r\n\t\t\t\t<\/div><footer> <div class=\"kwayy-testimonial-img\"><img loading=\"lazy\" decoding=\"async\" width=\"1\" height=\"1\" src=\"https:\/\/clinicamedicadoporto.pt\/staging\/wp-content\/uploads\/2021\/06\/perfil-clinica-medica-do-porto-webhp.png\" class=\"attachment-thumbnail size-thumbnail wp-post-image\" alt=\"imagem-perfil-feminio-clinica-medica-do-porto\" \/><\/div> <cite class=\"kwayy-testimonial-title\">M\u00e1rcia Reis<span class=\"kwayy-testimonial-designation\">Paciente da C<\/span><\/cite><\/footer><\/blockquote><\/div>\n\t<\/div>\n\t<div class=\"kwayy-testimonial-box \"><div class=\"kwayy-testimonial-data\"><blockquote class=\"kwayy-testimonial-text\">\r\n\t\t\t\t<div class=\"contarea\">\t\t\t\t\t\r\n\t\t\t\t\t<div class=\"kwayy-tst-contarea-text\">Bom atendimento, muito profissionalismo!<\/div>\r\n\t\t\t\t\t\r\n\t\t\t\t<\/div><footer> <div class=\"kwayy-testimonial-img\"><img loading=\"lazy\" decoding=\"async\" width=\"1\" height=\"1\" src=\"https:\/\/clinicamedicadoporto.pt\/staging\/wp-content\/uploads\/2021\/06\/perfil-clinica-medica-do-porto-webhp.png\" class=\"attachment-thumbnail size-thumbnail wp-post-image\" alt=\"imagem-perfil-feminio-clinica-medica-do-porto\" \/><\/div> <cite class=\"kwayy-testimonial-title\">Maria Teresa Chaves<span class=\"kwayy-testimonial-designation\">Paciente da Cl\u00ednica M\u00e9dica do Porto<\/span><\/cite><\/footer><\/blockquote><\/div>\n\t<\/div>\n\t<div class=\"kwayy-testimonial-box \"><div class=\"kwayy-testimonial-data\"><blockquote class=\"kwayy-testimonial-text\">\r\n\t\t\t\t<div class=\"contarea\">\t\t\t\t\t\r\n\t\t\t\t\t<div class=\"kwayy-tst-contarea-text\">\u00d3tima consulta com a Dra. In\u00eas Bento. Super amig\u00e1vel, dedicou tempo para abordar diferentes quest\u00f5es e foi muito flex\u00edvel. Fico feliz em voltar.<\/div>\r\n\t\t\t\t\t\r\n\t\t\t\t<\/div><footer> <div class=\"kwayy-testimonial-img\"><img loading=\"lazy\" decoding=\"async\" width=\"96\" height=\"96\" src=\"https:\/\/clinicamedicadoporto.pt\/staging\/wp-content\/uploads\/2023\/11\/Foto-Bernardo-Garcia.jpeg\" class=\"attachment-thumbnail size-thumbnail wp-post-image\" alt=\"Imagem de utente da Clinica Medica do Porto\" \/><\/div> <cite class=\"kwayy-testimonial-title\">Bernardo Garcia<span class=\"kwayy-testimonial-designation\">Paciente da Cl\u00ednica M\u00e9dica do Porto<\/span><\/cite><\/footer><\/blockquote><\/div>\n\t<\/div>\n\t<div class=\"kwayy-testimonial-box \"><div class=\"kwayy-testimonial-data\"><blockquote class=\"kwayy-testimonial-text\">\r\n\t\t\t\t<div class=\"contarea\">\t\t\t\t\t\r\n\t\t\t\t\t<div class=\"kwayy-tst-contarea-text\">Gostei de tudo. \r\nDesde a simpatia e profissionalismo tanto da recepcionista como da m\u00e9dica Dra M\u00e1rcia Leite\r\nCertamente recomendarei, obrigada.<\/div>\r\n\t\t\t\t\t\r\n\t\t\t\t<\/div><footer> <div class=\"kwayy-testimonial-img\"><img loading=\"lazy\" decoding=\"async\" width=\"1\" height=\"1\" src=\"https:\/\/clinicamedicadoporto.pt\/staging\/wp-content\/uploads\/2021\/06\/perfil-clinica-medica-do-porto-webhp.png\" class=\"attachment-thumbnail size-thumbnail wp-post-image\" alt=\"imagem-perfil-feminio-clinica-medica-do-porto\" \/><\/div> <cite class=\"kwayy-testimonial-title\">Palmira Soares<span class=\"kwayy-testimonial-designation\">Paciente da Cl\u00ednica M\u00e9dica do Porto<\/span><\/cite><\/footer><\/blockquote><\/div>\n\t<\/div>\n\t<div class=\"kwayy-testimonial-box \"><div class=\"kwayy-testimonial-data\"><blockquote class=\"kwayy-testimonial-text\">\r\n\t\t\t\t<div class=\"contarea\">\t\t\t\t\t\r\n\t\t\t\t\t<div class=\"kwayy-tst-contarea-text\">Coloboradora muito simpatica e profissionalismo acima da m\u00e9dia<\/div>\r\n\t\t\t\t\t\r\n\t\t\t\t<\/div><footer> <div class=\"kwayy-testimonial-img\"><img loading=\"lazy\" decoding=\"async\" width=\"96\" height=\"96\" src=\"https:\/\/clinicamedicadoporto.pt\/staging\/wp-content\/uploads\/2023\/10\/Foto-Maria-Brilhante.png\" class=\"attachment-thumbnail size-thumbnail wp-post-image\" alt=\"Foto Maria Brilhante\" \/><\/div> <cite class=\"kwayy-testimonial-title\">Maria Brilhante<span class=\"kwayy-testimonial-designation\">Paciente da Cl\u00ednica M\u00e9dica do Porto<\/span><\/cite><\/footer><\/blockquote><\/div>\n\t<\/div>\n\t<div class=\"kwayy-testimonial-box \"><div class=\"kwayy-testimonial-data\"><blockquote class=\"kwayy-testimonial-text\">\r\n\t\t\t\t<div class=\"contarea\">\t\t\t\t\t\r\n\t\t\t\t\t<div class=\"kwayy-tst-contarea-text\">Adorei, a Dra. Maria Emilia \u00e9 5 estrelas, recomendo vivamente, pois faz nos ver novos horizontes. \r\nO Meu muito Obrigado.\r\nVoltarei brevemente<\/div>\r\n\t\t\t\t\t\r\n\t\t\t\t<\/div><footer> <div class=\"kwayy-testimonial-img\"><img loading=\"lazy\" decoding=\"async\" width=\"1\" height=\"1\" src=\"https:\/\/clinicamedicadoporto.pt\/staging\/wp-content\/uploads\/2021\/06\/perfil-clinica-medica-do-porto-webhp.png\" class=\"attachment-thumbnail size-thumbnail wp-post-image\" alt=\"imagem-perfil-feminio-clinica-medica-do-porto\" \/><\/div> <cite class=\"kwayy-testimonial-title\">Elisabete Santos<span class=\"kwayy-testimonial-designation\">Paciente da Cl\u00ednica M\u00e9dica do Porto<\/span><\/cite><\/footer><\/blockquote><\/div>\n\t<\/div>\n\t<div class=\"kwayy-testimonial-box \"><div class=\"kwayy-testimonial-data\"><blockquote class=\"kwayy-testimonial-text\">\r\n\t\t\t\t<div class=\"contarea\">\t\t\t\t\t\r\n\t\t\t\t\t<div class=\"kwayy-tst-contarea-text\">Gostei muito, fui tratada sem pressas e com muita aten\u00e7\u00e3o e dedica\u00e7\u00e3o\/empenho pelo Dr Jos\u00e9 Pereira. Sinto-me \"mais leve\", mais relaxada! Voltarei concerteza e farei \"publicidade\"!!!<\/div>\r\n\t\t\t\t\t\r\n\t\t\t\t<\/div><footer> <div class=\"kwayy-testimonial-img\"><img loading=\"lazy\" decoding=\"async\" width=\"1\" height=\"1\" src=\"https:\/\/clinicamedicadoporto.pt\/staging\/wp-content\/uploads\/2021\/06\/perfil-clinica-medica-do-porto-webhp.png\" class=\"attachment-thumbnail size-thumbnail wp-post-image\" alt=\"imagem-perfil-feminio-clinica-medica-do-porto\" \/><\/div> <cite class=\"kwayy-testimonial-title\">MJ Gandarela<span class=\"kwayy-testimonial-designation\">Paciente da Cl\u00ednica M\u00e9dica do Porto<\/span><\/cite><\/footer><\/blockquote><\/div>\n\t<\/div>\n\t<div class=\"kwayy-testimonial-box \"><div class=\"kwayy-testimonial-data\"><blockquote class=\"kwayy-testimonial-text\">\r\n\t\t\t\t<div class=\"contarea\">\t\t\t\t\t\r\n\t\t\t\t\t<div class=\"kwayy-tst-contarea-text\">1. servi\u00e7o de atendimento: EFICIENTE (...);\r\n2. Consulta: sublinhem-se a aten\u00e7\u00e3o na recep\u00e7\u00e3o, desde logo, ao utente; o cuidado na abordagem (...) sensibilidade e clareza necess\u00e1rias, na atitude e no discurso, (...), num grau de PROFISSIONALISMO de real\u00e7ar.\r\n3. Espa\u00e7o: (...) o facto de o estacionamento ser gerido camarariamente (parqu\u00edmetros) atenuar\u00e1 eventuais dificuldades de parqueamento moment\u00e2neo<\/div>\r\n\t\t\t\t\t\r\n\t\t\t\t<\/div><footer> <div class=\"kwayy-testimonial-img\"><img loading=\"lazy\" decoding=\"async\" width=\"96\" height=\"96\" src=\"https:\/\/clinicamedicadoporto.pt\/staging\/wp-content\/uploads\/2023\/10\/Foto-Manuel-Lopes-Pereira.png\" class=\"attachment-thumbnail size-thumbnail wp-post-image\" alt=\"Foto Manuel Lopes Pereira\" \/><\/div> <cite class=\"kwayy-testimonial-title\">Manuel Lopes Pereira<span class=\"kwayy-testimonial-designation\">Paciente da Cl\u00ednica M\u00e9dica do Porto<\/span><\/cite><\/footer><\/blockquote><\/div>\n\t<\/div>\n\t<div class=\"kwayy-testimonial-box \"><div class=\"kwayy-testimonial-data\"><blockquote class=\"kwayy-testimonial-text\">\r\n\t\t\t\t<div class=\"contarea\">\t\t\t\t\t\r\n\t\t\t\t\t<div class=\"kwayy-tst-contarea-text\">Desde o nascimento que a minha filha \u00e9 acompanhada pela Dra Nelea Afanas na consulta de Pediatria. \r\nA Dra Nelea \u00e9 muito am\u00e1vel, dispon\u00edvel e profissional. Tem uma abordagem muito integrada que a distingue.\r\nRecomendo!<\/div>\r\n\t\t\t\t\t\r\n\t\t\t\t<\/div><footer> <div class=\"kwayy-testimonial-img\"><img loading=\"lazy\" decoding=\"async\" width=\"96\" height=\"96\" src=\"https:\/\/clinicamedicadoporto.pt\/staging\/wp-content\/uploads\/2023\/10\/Foto-Testemunho-Tatiana-Sousa.png\" class=\"attachment-thumbnail size-thumbnail wp-post-image\" alt=\"Foto Testemunho-Tatiana Calv\u00e3o Sousa\" \/><\/div> <cite class=\"kwayy-testimonial-title\">Tatiana Sousa<span class=\"kwayy-testimonial-designation\">M\u00e3e de Paciente da Cl\u00ednica M\u00e9dica do Porto<\/span><\/cite><\/footer><\/blockquote><\/div>\n\t<\/div>\n\t<div class=\"kwayy-testimonial-box \"><div class=\"kwayy-testimonial-data\"><blockquote class=\"kwayy-testimonial-text\">\r\n\t\t\t\t<div class=\"contarea\">\t\t\t\t\t\r\n\t\t\t\t\t<div class=\"kwayy-tst-contarea-text\">Servi\u00e7o profissional, recomendo!<\/div>\r\n\t\t\t\t\t\r\n\t\t\t\t<\/div><footer> <div class=\"kwayy-testimonial-img\"><img loading=\"lazy\" decoding=\"async\" width=\"96\" height=\"96\" src=\"https:\/\/clinicamedicadoporto.pt\/staging\/wp-content\/uploads\/2023\/10\/Foto-Comentario-Luis-Alves.png\" class=\"attachment-thumbnail size-thumbnail wp-post-image\" alt=\"Foto Lu\u00eds Alves\" \/><\/div> <cite class=\"kwayy-testimonial-title\">Luis Alves<span class=\"kwayy-testimonial-designation\">Paciente da Cl\u00ednica M\u00e9dica do Porto<\/span><\/cite><\/footer><\/blockquote><\/div>\n\t<\/div>\n\t<div class=\"kwayy-testimonial-box \"><div class=\"kwayy-testimonial-data\"><blockquote class=\"kwayy-testimonial-text\">\r\n\t\t\t\t<div class=\"contarea\">\t\t\t\t\t\r\n\t\t\t\t\t<div class=\"kwayy-tst-contarea-text\">Fui a uma consulta de osteopatia pedi\u00e1trica com o Dr Tiago e n\u00e3o podia estar mais satisfeita. Avaliou o meu beb\u00e9 de 1 m\u00eas como se fosse dele com imensa aten\u00e7\u00e3o, detalhe e cuidado. Foi a melhor consulta que tive na vida e n\u00e3o foi para mim! Recomendo totalmente. Vamos conseguir reverter v\u00e1rias quest\u00f5es que n\u00e3o foram identificadas pela pediatra gra\u00e7as \u00e0 vis\u00e3o atenta do Dr Tiago.<\/div>\r\n\t\t\t\t\t\r\n\t\t\t\t<\/div><footer> <span class=\"kwayy-testimonial-icon\"><i class=\"kwicon-fa-quote-left\"><\/i><\/span> <cite class=\"kwayy-testimonial-title\">Tatiana Pinto<span class=\"kwayy-testimonial-designation\">M\u00e3e de Paciente da Cl\u00ednica M\u00e9dica do Porto<\/span><\/cite><\/footer><\/blockquote><\/div>\n\t<\/div>\n\t<div class=\"kwayy-testimonial-box \"><div class=\"kwayy-testimonial-data\"><blockquote class=\"kwayy-testimonial-text\">\r\n\t\t\t\t<div class=\"contarea\">\t\t\t\t\t\r\n\t\t\t\t\t<div class=\"kwayy-tst-contarea-text\">Fui atendido por a Sra. Dra. Beatriz Rito, estou super satisfeito com o trabalho que me fez. Uma medica super humana, consciente e profissional.<\/div>\r\n\t\t\t\t\t\r\n\t\t\t\t<\/div><footer> <div class=\"kwayy-testimonial-img\"><img loading=\"lazy\" decoding=\"async\" width=\"96\" height=\"96\" src=\"https:\/\/clinicamedicadoporto.pt\/staging\/wp-content\/uploads\/2023\/10\/Foto-Vitor-Moreira.png\" class=\"attachment-thumbnail size-thumbnail wp-post-image\" alt=\"Foto Vitor Moreira\" \/><\/div> <cite class=\"kwayy-testimonial-title\">Vitor Moreira<span class=\"kwayy-testimonial-designation\">Paciente da Cl\u00ednica M\u00e9dica do Porto<\/span><\/cite><\/footer><\/blockquote><\/div>\n\t<\/div>\n\t<div class=\"kwayy-testimonial-box \"><div class=\"kwayy-testimonial-data\"><blockquote class=\"kwayy-testimonial-text\">\r\n\t\t\t\t<div class=\"contarea\">\t\t\t\t\t\r\n\t\t\t\t\t<div class=\"kwayy-tst-contarea-text\">Agrade\u00e7o \u00e0 Dr.\u00aaAna Rita Teles a sua disponibilidade, simpatia, carinho e profissionalismo. Sobretudo, o seu saber\/conhecimento ao apresentar  solu\u00e7\u00f5es inovadoras e adequadas aos meus problemas de sa\u00fade.<\/div>\r\n\t\t\t\t\t\r\n\t\t\t\t<\/div><footer> <div class=\"kwayy-testimonial-img\"><img loading=\"lazy\" decoding=\"async\" width=\"1\" height=\"1\" src=\"https:\/\/clinicamedicadoporto.pt\/staging\/wp-content\/uploads\/2021\/06\/perfil-clinica-medica-do-porto-webhp.png\" class=\"attachment-thumbnail size-thumbnail wp-post-image\" alt=\"imagem-perfil-feminio-clinica-medica-do-porto\" \/><\/div> <cite class=\"kwayy-testimonial-title\">Anabela<span class=\"kwayy-testimonial-designation\">Paciente da Cl\u00ednica M\u00e9dica do Porto<\/span><\/cite><\/footer><\/blockquote><\/div>\n\t<\/div>\n\t<div class=\"kwayy-testimonial-box \"><div class=\"kwayy-testimonial-data\"><blockquote class=\"kwayy-testimonial-text\">\r\n\t\t\t\t<div class=\"contarea\">\t\t\t\t\t\r\n\t\t\t\t\t<div class=\"kwayy-tst-contarea-text\">Gostaria de dizer que foi uma experiencia muito agrad\u00e1vel o contacto com a terapeuta que me foi atribu\u00edda. Senti que fui ouvida e principalmente compreendida (\u2026) Obrigada!<\/div>\r\n\t\t\t\t\t\r\n\t\t\t\t<\/div><footer> <div class=\"kwayy-testimonial-img\"><img loading=\"lazy\" decoding=\"async\" width=\"96\" height=\"96\" src=\"https:\/\/clinicamedicadoporto.pt\/staging\/wp-content\/uploads\/2023\/07\/Foto-Sonia-Maria-Almeida.png\" class=\"attachment-thumbnail size-thumbnail wp-post-image\" alt=\"Testemunho Sonia Almeida face ao servi\u00e7o clinico da Cl\u00ednica M\u00e9dica do Porto\" \/><\/div> <cite class=\"kwayy-testimonial-title\">Sonia Maria Almeida<span class=\"kwayy-testimonial-designation\">Paciente da Cl\u00ednica M\u00e9dica do Porto<\/span><\/cite><\/footer><\/blockquote><\/div>\n\t<\/div>\n\t<div class=\"kwayy-testimonial-box \"><div class=\"kwayy-testimonial-data\"><blockquote class=\"kwayy-testimonial-text\">\r\n\t\t\t\t<div class=\"contarea\">\t\t\t\t\t\r\n\t\t\t\t\t<div class=\"kwayy-tst-contarea-text\">\u00d3timo atendimento, fui a uma consulta de osteopatia e deixo aqui o meu agradecimento ao terapeuta Tiago, pela simpatia e profissionalismo. \r\nObrigado....<\/div>\r\n\t\t\t\t\t\r\n\t\t\t\t<\/div><footer> <div class=\"kwayy-testimonial-img\"><img loading=\"lazy\" decoding=\"async\" width=\"1\" height=\"1\" src=\"https:\/\/clinicamedicadoporto.pt\/staging\/wp-content\/uploads\/2021\/06\/perfil-masculino-clinica-medica-do-porto-webhp.png\" class=\"attachment-thumbnail size-thumbnail wp-post-image\" alt=\"imagem-perfil-masculino-clinica-medica-do-porto\" \/><\/div> <cite class=\"kwayy-testimonial-title\">Miguel Queiros<span class=\"kwayy-testimonial-designation\">Paciente da Cl\u00ednica M\u00e9dica do Porto<\/span><\/cite><\/footer><\/blockquote><\/div>\n\t<\/div>\n\t<div class=\"kwayy-testimonial-box \"><div class=\"kwayy-testimonial-data\"><blockquote class=\"kwayy-testimonial-text\">\r\n\t\t\t\t<div class=\"contarea\">\t\t\t\t\t\r\n\t\t\t\t\t<div class=\"kwayy-tst-contarea-text\">Muito am\u00e1veis, desde a rece\u00e7\u00e3o ao corpo cl\u00ednico. \r\nRecomendo!\r\n\r\n<\/div>\r\n\t\t\t\t\t\r\n\t\t\t\t<\/div><footer> <div class=\"kwayy-testimonial-img\"><img loading=\"lazy\" decoding=\"async\" width=\"96\" height=\"96\" src=\"https:\/\/clinicamedicadoporto.pt\/staging\/wp-content\/uploads\/2023\/06\/Foto-Marta-Lima.png\" class=\"attachment-thumbnail size-thumbnail wp-post-image\" alt=\"Foto-Marta-Lima\" \/><\/div> <cite class=\"kwayy-testimonial-title\">Marta Lima<span class=\"kwayy-testimonial-designation\">Paciente da Cl\u00ednica M\u00e9dica do Porto<\/span><\/cite><\/footer><\/blockquote><\/div>\n\t<\/div>\n\t<div class=\"kwayy-testimonial-box \"><div class=\"kwayy-testimonial-data\"><blockquote class=\"kwayy-testimonial-text\">\r\n\t\t\t\t<div class=\"contarea\">\t\t\t\t\t\r\n\t\t\t\t\t<div class=\"kwayy-tst-contarea-text\">Foi a minha primeira consulta Anti-aging com a Dra. Mariana Pinto Leite. \r\nFiquei muito bem impressionada com o atendimento e profissionalismo pelo que vou continuar a utilizar os seus servi\u00e7os.<\/div>\r\n\t\t\t\t\t\r\n\t\t\t\t<\/div><footer> <div class=\"kwayy-testimonial-img\"><img loading=\"lazy\" decoding=\"async\" width=\"96\" height=\"96\" src=\"https:\/\/clinicamedicadoporto.pt\/staging\/wp-content\/uploads\/2018\/07\/perfil-clinica-medica-do-porto-150x150.png\" class=\"attachment-thumbnail size-thumbnail wp-post-image\" alt=\"perfil-feminino-clinica-medica-do-porto\" srcset=\"https:\/\/clinicamedicadoporto.pt\/staging\/wp-content\/uploads\/2018\/07\/perfil-clinica-medica-do-porto-150x150.png 150w, https:\/\/clinicamedicadoporto.pt\/staging\/wp-content\/uploads\/2018\/07\/perfil-clinica-medica-do-porto-300x300.png 300w, https:\/\/clinicamedicadoporto.pt\/staging\/wp-content\/uploads\/2018\/07\/perfil-clinica-medica-do-porto-e1604515282169.png 60w\" sizes=\"auto, (max-width: 96px) 100vw, 96px\" \/><\/div> <cite class=\"kwayy-testimonial-title\">Maria Manuel Junqueira<span class=\"kwayy-testimonial-designation\">Paciente da Cl\u00ednica M\u00e9dica do Porto<\/span><\/cite><\/footer><\/blockquote><\/div>\n\t<\/div>\n\t<div class=\"kwayy-testimonial-box \"><div class=\"kwayy-testimonial-data\"><blockquote class=\"kwayy-testimonial-text\">\r\n\t\t\t\t<div class=\"contarea\">\t\t\t\t\t\r\n\t\t\t\t\t<div class=\"kwayy-tst-contarea-text\">Desde do atendimento por telefone, recep\u00e7\u00e3o excelentes! \r\nA minha filha teve consulta com o Dr. (Tiago) Monteiro que foi incr\u00edvel, super acess\u00edvel, atento a todos os pormenores com a beb\u00e9 e ajudou-me a tirar imensas quest\u00f5es! \r\nRecomendo vivamente o profissional como a cl\u00ednica!<\/div>\r\n\t\t\t\t\t\r\n\t\t\t\t<\/div><footer> <div class=\"kwayy-testimonial-img\"><img loading=\"lazy\" decoding=\"async\" width=\"96\" height=\"96\" src=\"https:\/\/clinicamedicadoporto.pt\/staging\/wp-content\/uploads\/2023\/06\/Foto-Adriana-Sousa.png\" class=\"attachment-thumbnail size-thumbnail wp-post-image\" alt=\"Foto Testemunho Adriana\" \/><\/div> <cite class=\"kwayy-testimonial-title\">Adriana de Sousa<span class=\"kwayy-testimonial-designation\">M\u00e3e de Paciente da Cl\u00ednica M\u00e9dica do Porto<\/span><\/cite><\/footer><\/blockquote><\/div>\n\t<\/div>\n\t<div class=\"kwayy-testimonial-box \"><div class=\"kwayy-testimonial-data\"><blockquote class=\"kwayy-testimonial-text\">\r\n\t\t\t\t<div class=\"contarea\">\t\t\t\t\t\r\n\t\t\t\t\t<div class=\"kwayy-tst-contarea-text\">(...) Gostei muito da cl\u00ednica, do atendimento e principlamente da nutr\u00f3loga Dr\u00aa N\u00e1dia Falco. \r\nNunca tinha passado por uma consulta t\u00e3o completa e rica em explica\u00e7\u00f5es como a dela. \r\nRecomendo vivamente!<\/div>\r\n\t\t\t\t\t\r\n\t\t\t\t<\/div><footer> <div class=\"kwayy-testimonial-img\"><img loading=\"lazy\" decoding=\"async\" width=\"96\" height=\"96\" src=\"https:\/\/clinicamedicadoporto.pt\/staging\/wp-content\/uploads\/2023\/06\/Foto-Testemunho-Renan-Tosin.png\" class=\"attachment-thumbnail size-thumbnail wp-post-image\" alt=\"Foto-Testemunho-Renan-Tosin\" \/><\/div> <cite class=\"kwayy-testimonial-title\">Renan Tosin<span class=\"kwayy-testimonial-designation\">Paciente da Cl\u00ednica M\u00e9dica do Porto<\/span><\/cite><\/footer><\/blockquote><\/div>\n\t<\/div>\n\t<div class=\"kwayy-testimonial-box \"><div class=\"kwayy-testimonial-data\"><blockquote class=\"kwayy-testimonial-text\">\r\n\t\t\t\t<div class=\"contarea\">\t\t\t\t\t\r\n\t\t\t\t\t<div class=\"kwayy-tst-contarea-text\">Fui prontamente atendido pela rececionista que foi agrad\u00e1vel e gentil. Como fui \u00e0 Cl\u00ednica para uma consulta de urologia, logo fui encaminhado para o Doutor Rui. Ele me consultou, conversamos e acredito que sa\u00ed com um diagn\u00f3stico preciso. (...)<\/div>\r\n\t\t\t\t\t\r\n\t\t\t\t<\/div><footer> <div class=\"kwayy-testimonial-img\"><img loading=\"lazy\" decoding=\"async\" width=\"1\" height=\"1\" src=\"https:\/\/clinicamedicadoporto.pt\/staging\/wp-content\/uploads\/2021\/06\/perfil-masculino-clinica-medica-do-porto-webhp.png\" class=\"attachment-thumbnail size-thumbnail wp-post-image\" alt=\"imagem-perfil-masculino-clinica-medica-do-porto\" \/><\/div> <cite class=\"kwayy-testimonial-title\">Rubem Lima<span class=\"kwayy-testimonial-designation\">Paciente da Cl\u00ednica M\u00e9dica do Porto<\/span><\/cite><\/footer><\/blockquote><\/div>\n\t<\/div>\n\t<div class=\"kwayy-testimonial-box \"><div class=\"kwayy-testimonial-data\"><blockquote class=\"kwayy-testimonial-text\">\r\n\t\t\t\t<div class=\"contarea\">\t\t\t\t\t\r\n\t\t\t\t\t<div class=\"kwayy-tst-contarea-text\">Atendimento fant\u00e1stico \u2b50\ufe0f\u2b50\ufe0f\u2b50\ufe0f\u2b50\ufe0f\u2b50\ufe0f\r\nFa\u00e7o nesta cl\u00ednica os meus procedimentos est\u00e9ticos com Dra Beatriz Couto, a quem agrade\u00e7o o seu profissionalismo e bom senso.<\/div>\r\n\t\t\t\t\t\r\n\t\t\t\t<\/div><footer> <div class=\"kwayy-testimonial-img\"><img loading=\"lazy\" decoding=\"async\" width=\"1\" height=\"1\" src=\"https:\/\/clinicamedicadoporto.pt\/staging\/wp-content\/uploads\/2021\/06\/perfil-clinica-medica-do-porto-webhp.png\" class=\"attachment-thumbnail size-thumbnail wp-post-image\" alt=\"imagem-perfil-feminio-clinica-medica-do-porto\" \/><\/div> <cite class=\"kwayy-testimonial-title\">Vera Oliveira<span class=\"kwayy-testimonial-designation\">Paciente da Cl\u00ednica M\u00e9dica do Porto<\/span><\/cite><\/footer><\/blockquote><\/div>\n\t<\/div>\n\t<div class=\"kwayy-testimonial-box \"><div class=\"kwayy-testimonial-data\"><blockquote class=\"kwayy-testimonial-text\">\r\n\t\t\t\t<div class=\"contarea\">\t\t\t\t\t\r\n\t\t\t\t\t<div class=\"kwayy-tst-contarea-text\">Fui apenas ter a consulta de avalia\u00e7\u00e3o e a m\u00e9dica foi muito querida e atenciosa com o meu problema que me deixa a auto estima em baixo. Estou seriamente a pensar em fazer o procedimento est\u00e9tico.<\/div>\r\n\t\t\t\t\t\r\n\t\t\t\t<\/div><footer> <div class=\"kwayy-testimonial-img\"><img loading=\"lazy\" decoding=\"async\" width=\"1\" height=\"1\" src=\"https:\/\/clinicamedicadoporto.pt\/staging\/wp-content\/uploads\/2021\/06\/perfil-clinica-medica-do-porto-webhp.png\" class=\"attachment-thumbnail size-thumbnail wp-post-image\" alt=\"imagem-perfil-feminio-clinica-medica-do-porto\" \/><\/div> <cite class=\"kwayy-testimonial-title\">Rita R<span class=\"kwayy-testimonial-designation\">Paciente da Cl\u00ednica M\u00e9dica do Porto<\/span><\/cite><\/footer><\/blockquote><\/div>\n\t<\/div>\n\t<div class=\"kwayy-testimonial-box \"><div class=\"kwayy-testimonial-data\"><blockquote class=\"kwayy-testimonial-text\">\r\n\t\t\t\t<div class=\"contarea\">\t\t\t\t\t\r\n\t\t\t\t\t<div class=\"kwayy-tst-contarea-text\">Fui atendida pelo Tiago Monteiro, o qual foi muito atencioso comigo e meu filho (bebe 7 meses).\r\nTranquilizou-nos a respeito do tratamento do meu filho.<\/div>\r\n\t\t\t\t\t\r\n\t\t\t\t<\/div><footer> <div class=\"kwayy-testimonial-img\"><img loading=\"lazy\" decoding=\"async\" width=\"1\" height=\"1\" src=\"https:\/\/clinicamedicadoporto.pt\/staging\/wp-content\/uploads\/2021\/06\/perfil-clinica-medica-do-porto-webhp.png\" class=\"attachment-thumbnail size-thumbnail wp-post-image\" alt=\"imagem-perfil-feminio-clinica-medica-do-porto\" \/><\/div> <cite class=\"kwayy-testimonial-title\">Mariana Porto<span class=\"kwayy-testimonial-designation\">M\u00e3e de Paciente da Cl\u00ednica M\u00e9dica do Porto<\/span><\/cite><\/footer><\/blockquote><\/div>\n\t<\/div>\n\t<div class=\"kwayy-testimonial-box \"><div class=\"kwayy-testimonial-data\"><blockquote class=\"kwayy-testimonial-text\">\r\n\t\t\t\t<div class=\"contarea\">\t\t\t\t\t\r\n\t\t\t\t\t<div class=\"kwayy-tst-contarea-text\">Consulta com a Dra Mariana Leite... simplesmente genial.\r\nSenti-me vista e compreendida \ud83d\ude4f<\/div>\r\n\t\t\t\t\t\r\n\t\t\t\t<\/div><footer> <div class=\"kwayy-testimonial-img\"><img loading=\"lazy\" decoding=\"async\" width=\"96\" height=\"96\" src=\"https:\/\/clinicamedicadoporto.pt\/staging\/wp-content\/uploads\/2023\/05\/foto-sara-guedes-testemunho.png\" class=\"attachment-thumbnail size-thumbnail wp-post-image\" alt=\"Imagem de destaque do testemunho\" \/><\/div> <cite class=\"kwayy-testimonial-title\">Sara Guedes<span class=\"kwayy-testimonial-designation\">Paciente da Cl\u00ednica M\u00e9dica do Porto<\/span><\/cite><\/footer><\/blockquote><\/div>\n\t<\/div>\n\t<div class=\"kwayy-testimonial-box \"><div class=\"kwayy-testimonial-data\"><blockquote class=\"kwayy-testimonial-text\">\r\n\t\t\t\t<div class=\"contarea\">\t\t\t\t\t\r\n\t\t\t\t\t<div class=\"kwayy-tst-contarea-text\">Fui a uma sess\u00e3o de osteopatia pediatrica com o terapeuta Tiago Monteiro! Gostamos muito da forma como tratou a nossa beb\u00e9 e da forma como nos explicou tudo e esclareceu as nossas duvidas! Muito dispon\u00edvel! Vamos voltar!<\/div>\r\n\t\t\t\t\t\r\n\t\t\t\t<\/div><footer> <div class=\"kwayy-testimonial-img\"><img loading=\"lazy\" decoding=\"async\" width=\"1\" height=\"1\" src=\"https:\/\/clinicamedicadoporto.pt\/staging\/wp-content\/uploads\/2021\/06\/perfil-clinica-medica-do-porto-webhp.png\" class=\"attachment-thumbnail size-thumbnail wp-post-image\" alt=\"imagem-perfil-feminio-clinica-medica-do-porto\" \/><\/div> <cite class=\"kwayy-testimonial-title\">Mariana Costa<span class=\"kwayy-testimonial-designation\">M\u00e3e de Paciente da Cl\u00ednica M\u00e9dica do Porto<\/span><\/cite><\/footer><\/blockquote><\/div>\n\t<\/div>\n\t<div class=\"kwayy-testimonial-box \"><div class=\"kwayy-testimonial-data\"><blockquote class=\"kwayy-testimonial-text\">\r\n\t\t\t\t<div class=\"contarea\">\t\t\t\t\t\r\n\t\t\t\t\t<div class=\"kwayy-tst-contarea-text\">Tive uma consulta com a Dra Joana da ginecol\u00f3gica adorei o atendimento a simpatia  da Doutora como das funcion\u00e1rias  obrigada pelo excelente trabalho.<\/div>\r\n\t\t\t\t\t\r\n\t\t\t\t<\/div><footer> <div class=\"kwayy-testimonial-img\"><img loading=\"lazy\" decoding=\"async\" width=\"1\" height=\"1\" src=\"https:\/\/clinicamedicadoporto.pt\/staging\/wp-content\/uploads\/2021\/06\/perfil-clinica-medica-do-porto-webhp.png\" class=\"attachment-thumbnail size-thumbnail wp-post-image\" alt=\"imagem-perfil-feminio-clinica-medica-do-porto\" \/><\/div> <cite class=\"kwayy-testimonial-title\">Sandra Borges<span class=\"kwayy-testimonial-designation\">Paciente da Cl\u00ednica M\u00e9dica do Porto<\/span><\/cite><\/footer><\/blockquote><\/div>\n\t<\/div>\n\t<div class=\"kwayy-testimonial-box \"><div class=\"kwayy-testimonial-data\"><blockquote class=\"kwayy-testimonial-text\">\r\n\t\t\t\t<div class=\"contarea\">\t\t\t\t\t\r\n\t\t\t\t\t<div class=\"kwayy-tst-contarea-text\">Equipe maravilhosa de m\u00e9dicos e terapeutas para a equipe de apoio. Fui \u00e0 cl\u00ednica ver o quiropr\u00e1tico Tiago Monteiro para nos ajudar com o nosso rec\u00e9m-nascido e n\u00e3o pod\u00edamos estar mais felizes. (...) Recomendo a cl\u00ednica e o Dr Tiago se tiver problemas com os seus beb\u00e9s ou crian\u00e7as.<\/div>\r\n\t\t\t\t\t\r\n\t\t\t\t<\/div><footer> <div class=\"kwayy-testimonial-img\"><img loading=\"lazy\" decoding=\"async\" width=\"96\" height=\"96\" src=\"https:\/\/clinicamedicadoporto.pt\/staging\/wp-content\/uploads\/2023\/05\/foto-beatriz-santos.png\" class=\"attachment-thumbnail size-thumbnail wp-post-image\" alt=\"Foto de Paciente Beatriz Santos\" \/><\/div> <cite class=\"kwayy-testimonial-title\">Beatriz Santos<span class=\"kwayy-testimonial-designation\">M\u00e3e de Paciente da Cl\u00ednica M\u00e9dica do Porto<\/span><\/cite><\/footer><\/blockquote><\/div>\n\t<\/div>\n\t<div class=\"kwayy-testimonial-box \"><div class=\"kwayy-testimonial-data\"><blockquote class=\"kwayy-testimonial-text\">\r\n\t\t\t\t<div class=\"contarea\">\t\t\t\t\t\r\n\t\t\t\t\t<div class=\"kwayy-tst-contarea-text\">Excelente atendimento, desde a recep\u00e7\u00e3o \u00e0 consulta, anti-aging, muito esclarecedora e sem pressas. (Acerca da Dra. Mariana Pinto Leite)<\/div>\r\n\t\t\t\t\t\r\n\t\t\t\t<\/div><footer> <div class=\"kwayy-testimonial-img\"><img loading=\"lazy\" decoding=\"async\" width=\"96\" height=\"96\" src=\"https:\/\/clinicamedicadoporto.pt\/staging\/wp-content\/uploads\/2018\/07\/perfil-clinica-medica-do-porto-150x150.png\" class=\"attachment-thumbnail size-thumbnail wp-post-image\" alt=\"perfil-feminino-clinica-medica-do-porto\" srcset=\"https:\/\/clinicamedicadoporto.pt\/staging\/wp-content\/uploads\/2018\/07\/perfil-clinica-medica-do-porto-150x150.png 150w, https:\/\/clinicamedicadoporto.pt\/staging\/wp-content\/uploads\/2018\/07\/perfil-clinica-medica-do-porto-300x300.png 300w, https:\/\/clinicamedicadoporto.pt\/staging\/wp-content\/uploads\/2018\/07\/perfil-clinica-medica-do-porto-e1604515282169.png 60w\" sizes=\"auto, (max-width: 96px) 100vw, 96px\" \/><\/div> <cite class=\"kwayy-testimonial-title\">Susana Almeida<span class=\"kwayy-testimonial-designation\">Paciente da Cl\u00ednica M\u00e9dica do Porto<\/span><\/cite><\/footer><\/blockquote><\/div>\n\t<\/div>\n\t<div class=\"kwayy-testimonial-box \"><div class=\"kwayy-testimonial-data\"><blockquote class=\"kwayy-testimonial-text\">\r\n\t\t\t\t<div class=\"contarea\">\t\t\t\t\t\r\n\t\t\t\t\t<div class=\"kwayy-tst-contarea-text\">\u00d3timo atendimento. <br>\r\nMeu filho e eu fomos tratados com excel\u00eancia.<\/div>\r\n\t\t\t\t\t\r\n\t\t\t\t<\/div><footer> <div class=\"kwayy-testimonial-img\"><img loading=\"lazy\" decoding=\"async\" width=\"96\" height=\"96\" src=\"https:\/\/clinicamedicadoporto.pt\/staging\/wp-content\/uploads\/2023\/02\/Foto-Priscila-Hila\u0301rio.png\" class=\"attachment-thumbnail size-thumbnail wp-post-image\" alt=\"Imagem Testemunho Clinica Medica do Porto\" \/><\/div> <cite class=\"kwayy-testimonial-title\">Priscila Hil\u00e1rio<span class=\"kwayy-testimonial-designation\">M\u00e3e de Paciente da Cl\u00ednica M\u00e9dica do Porto<\/span><\/cite><\/footer><\/blockquote><\/div>\n\t<\/div>\n\t<div class=\"kwayy-testimonial-box \"><div class=\"kwayy-testimonial-data\"><blockquote class=\"kwayy-testimonial-text\">\r\n\t\t\t\t<div class=\"contarea\">\t\t\t\t\t\r\n\t\t\t\t\t<div class=\"kwayy-tst-contarea-text\">A avalia\u00e7\u00e3o s\u00f3 pode ser excelente desde a marca\u00e7\u00e3o (...); a consulta com o dr. Tiago Monteiro, tanto com a minha filha beb\u00e9 como com a minha m\u00e3e, (...) com resultados reais, al\u00e9m disso o dr. Tiago foi incr\u00edvel (...) . Fiquei super satisfeita, agradecida e feliz por ver resultados. (..) at\u00e9 agora s\u00f3 tenho muito boas coisas a dizer e muito a agradecer!<\/div>\r\n\t\t\t\t\t\r\n\t\t\t\t<\/div><footer> <div class=\"kwayy-testimonial-img\"><img loading=\"lazy\" decoding=\"async\" width=\"96\" height=\"96\" src=\"https:\/\/clinicamedicadoporto.pt\/staging\/wp-content\/uploads\/2023\/02\/Foto-Diana-Regodeiro.png\" class=\"attachment-thumbnail size-thumbnail wp-post-image\" alt=\"Testemunho de paciente da Cl\u00ednica M\u00e9dica do Porto\" \/><\/div> <cite class=\"kwayy-testimonial-title\">Diana Regodeiro<span class=\"kwayy-testimonial-designation\">Paciente da Cl\u00ednica M\u00e9dica do Porto<\/span><\/cite><\/footer><\/blockquote><\/div>\n\t<\/div>\n\t<div class=\"kwayy-testimonial-box \"><div class=\"kwayy-testimonial-data\"><blockquote class=\"kwayy-testimonial-text\">\r\n\t\t\t\t<div class=\"contarea\">\t\t\t\t\t\r\n\t\t\t\t\t<div class=\"kwayy-tst-contarea-text\">Fant\u00e1sticos!<\/div>\r\n\t\t\t\t\t\r\n\t\t\t\t<\/div><footer> <div class=\"kwayy-testimonial-img\"><img loading=\"lazy\" decoding=\"async\" width=\"96\" height=\"96\" src=\"https:\/\/clinicamedicadoporto.pt\/staging\/wp-content\/uploads\/2023\/02\/Foto-Testemunho-Rute-Veloso.png\" class=\"attachment-thumbnail size-thumbnail wp-post-image\" alt=\"foto de paciente da clinica medica do porto\" \/><\/div> <cite class=\"kwayy-testimonial-title\">Rute Veloso<span class=\"kwayy-testimonial-designation\">Paciente da Cl\u00ednica M\u00e9dica do Porto<\/span><\/cite><\/footer><\/blockquote><\/div>\n\t<\/div>\n\t<div class=\"kwayy-testimonial-box \"><div class=\"kwayy-testimonial-data\"><blockquote class=\"kwayy-testimonial-text\">\r\n\t\t\t\t<div class=\"contarea\">\t\t\t\t\t\r\n\t\t\t\t\t<div class=\"kwayy-tst-contarea-text\">(Traduzido pelo Google) Eu realmente gostei do atendimento ao cliente. <br>Visitamos o pediatra e ficamos muito satisfeitos com a comunica\u00e7\u00e3o e como o beb\u00ea foi examinado. <br>Muito obrigado a todos os funcion\u00e1rios<\/div>\r\n\t\t\t\t\t\r\n\t\t\t\t<\/div><footer> <div class=\"kwayy-testimonial-img\"><img loading=\"lazy\" decoding=\"async\" width=\"1\" height=\"1\" src=\"https:\/\/clinicamedicadoporto.pt\/staging\/wp-content\/uploads\/2021\/06\/perfil-clinica-medica-do-porto-webhp.png\" class=\"attachment-thumbnail size-thumbnail wp-post-image\" alt=\"imagem-perfil-feminio-clinica-medica-do-porto\" \/><\/div> <cite class=\"kwayy-testimonial-title\">Veronika M.<span class=\"kwayy-testimonial-designation\">M\u00e3e de Paciente da Cl\u00ednica M\u00e9dica do Porto<\/span><\/cite><\/footer><\/blockquote><\/div>\n\t<\/div>\n\t<div class=\"kwayy-testimonial-box \"><div class=\"kwayy-testimonial-data\"><blockquote class=\"kwayy-testimonial-text\">\r\n\t\t\t\t<div class=\"contarea\">\t\t\t\t\t\r\n\t\t\t\t\t<div class=\"kwayy-tst-contarea-text\">Excel\u00eancia, compet\u00eancia e uma enorme simpatia.<\/div>\r\n\t\t\t\t\t\r\n\t\t\t\t<\/div><footer> <div class=\"kwayy-testimonial-img\"><img loading=\"lazy\" decoding=\"async\" width=\"1\" height=\"1\" src=\"https:\/\/clinicamedicadoporto.pt\/staging\/wp-content\/uploads\/2021\/06\/perfil-clinica-medica-do-porto-webhp.png\" class=\"attachment-thumbnail size-thumbnail wp-post-image\" alt=\"imagem-perfil-feminio-clinica-medica-do-porto\" \/><\/div> <cite class=\"kwayy-testimonial-title\">Nat\u00e1lia Pereira<span class=\"kwayy-testimonial-designation\">Paciente da Cl\u00ednica M\u00e9dica do Porto<\/span><\/cite><\/footer><\/blockquote><\/div>\n\t<\/div>\n\t<div class=\"kwayy-testimonial-box \"><div class=\"kwayy-testimonial-data\"><blockquote class=\"kwayy-testimonial-text\">\r\n\t\t\t\t<div class=\"contarea\">\t\t\t\t\t\r\n\t\t\t\t\t<div class=\"kwayy-tst-contarea-text\">Profissionais muito competentes e atenciosos. <br>\r\nAtendimento \u00e0 hora marcada.<\/div>\r\n\t\t\t\t\t\r\n\t\t\t\t<\/div><footer> <div class=\"kwayy-testimonial-img\"><img loading=\"lazy\" decoding=\"async\" width=\"1\" height=\"1\" src=\"https:\/\/clinicamedicadoporto.pt\/staging\/wp-content\/uploads\/2021\/06\/perfil-clinica-medica-do-porto-webhp.png\" class=\"attachment-thumbnail size-thumbnail wp-post-image\" alt=\"imagem-perfil-feminio-clinica-medica-do-porto\" \/><\/div> <cite class=\"kwayy-testimonial-title\">Filipa Coelho<span class=\"kwayy-testimonial-designation\">Paciente da Cl\u00ednica M\u00e9dica do Porto<\/span><\/cite><\/footer><\/blockquote><\/div>\n\t<\/div>\n\t<div class=\"kwayy-testimonial-box \"><div class=\"kwayy-testimonial-data\"><blockquote class=\"kwayy-testimonial-text\">\r\n\t\t\t\t<div class=\"contarea\">\t\t\t\t\t\r\n\t\t\t\t\t<div class=\"kwayy-tst-contarea-text\">(...) o muito obrigado ao sr Tiago que das duas vezes que estive na clinica me ajudou a ultrapassar o meu problema (...)<\/div>\r\n\t\t\t\t\t\r\n\t\t\t\t<\/div><footer> <div class=\"kwayy-testimonial-img\"><img loading=\"lazy\" decoding=\"async\" width=\"96\" height=\"96\" src=\"https:\/\/clinicamedicadoporto.pt\/staging\/wp-content\/uploads\/2023\/02\/Foto-Anto\u0301nio-Baltazar.png\" class=\"attachment-thumbnail size-thumbnail wp-post-image\" alt=\"imagem testemunho paciente\" \/><\/div> <cite class=\"kwayy-testimonial-title\">Ant\u00f3nio Baltazar<span class=\"kwayy-testimonial-designation\">Paciente da Cl\u00ednica M\u00e9dica do Porto<\/span><\/cite><\/footer><\/blockquote><\/div>\n\t<\/div>\n\t<div class=\"kwayy-testimonial-box \"><div class=\"kwayy-testimonial-data\"><blockquote class=\"kwayy-testimonial-text\">\r\n\t\t\t\t<div class=\"contarea\">\t\t\t\t\t\r\n\t\t\t\t\t<div class=\"kwayy-tst-contarea-text\">Toda a equipa muito simpatica.<\/div>\r\n\t\t\t\t\t\r\n\t\t\t\t<\/div><footer> <div class=\"kwayy-testimonial-img\"><img loading=\"lazy\" decoding=\"async\" width=\"96\" height=\"96\" src=\"https:\/\/clinicamedicadoporto.pt\/staging\/wp-content\/uploads\/2023\/02\/foto-adelaide-reis.png\" class=\"attachment-thumbnail size-thumbnail wp-post-image\" alt=\"imagem testemunho de paciente\" \/><\/div> <cite class=\"kwayy-testimonial-title\">Adelaide Reis<span class=\"kwayy-testimonial-designation\">Paciente da Cl\u00ednica M\u00e9dica do Porto<\/span><\/cite><\/footer><\/blockquote><\/div>\n\t<\/div>\n\t<div class=\"kwayy-testimonial-box \"><div class=\"kwayy-testimonial-data\"><blockquote class=\"kwayy-testimonial-text\">\r\n\t\t\t\t<div class=\"contarea\">\t\t\t\t\t\r\n\t\t\t\t\t<div class=\"kwayy-tst-contarea-text\">Cl\u00ednica com as mais diversas val\u00eancias na \u00e1rea da sa\u00fade, perfeita para que todas as necessidades possam ser respondidas num \u00fanico local, sempre com profissionais de excel\u00eancia.\r\n\r\nEspecial destaque e carinho pela Terapeuta Tatiana, uma profissional altamente capacitada e competente, com um lado humano indiscrit\u00edvel, algu\u00e9m a quem nunca terei palavras suficientes para exprimir a minha gratid\u00e3o.<\/div>\r\n\t\t\t\t\t\r\n\t\t\t\t<\/div><footer> <div class=\"kwayy-testimonial-img\"><img loading=\"lazy\" decoding=\"async\" width=\"96\" height=\"96\" src=\"https:\/\/clinicamedicadoporto.pt\/staging\/wp-content\/uploads\/2022\/12\/Foto-Testemunho-Joana-Cardoso.png\" class=\"attachment-thumbnail size-thumbnail wp-post-image\" alt=\"Foto-Testemunho-Joana-Cardoso\" \/><\/div> <cite class=\"kwayy-testimonial-title\">Joana Cardoso<span class=\"kwayy-testimonial-designation\">Paciente da Cl\u00ednica M\u00e9dica do Porto<\/span><\/cite><\/footer><\/blockquote><\/div>\n\t<\/div>\n\t<div class=\"kwayy-testimonial-box \"><div class=\"kwayy-testimonial-data\"><blockquote class=\"kwayy-testimonial-text\">\r\n\t\t\t\t<div class=\"contarea\">\t\t\t\t\t\r\n\t\t\t\t\t<div class=\"kwayy-tst-contarea-text\">Atendimento fant\u00e1stico, muita simpatia e profissionalismo. \r\nFui consultada pela Dra M\u00e1rcia e adorei a consulta, s\u00f3 posso dizer que \u00e9 uma excelente m\u00e9dica e de simpatia enorme. \r\nObrigada a todos.<\/div>\r\n\t\t\t\t\t\r\n\t\t\t\t<\/div><footer> <div class=\"kwayy-testimonial-img\"><img loading=\"lazy\" decoding=\"async\" width=\"1\" height=\"1\" src=\"https:\/\/clinicamedicadoporto.pt\/staging\/wp-content\/uploads\/2021\/06\/perfil-clinica-medica-do-porto-webhp.png\" class=\"attachment-thumbnail size-thumbnail wp-post-image\" alt=\"imagem-perfil-feminio-clinica-medica-do-porto\" \/><\/div> <cite class=\"kwayy-testimonial-title\">Dina Neiva<span class=\"kwayy-testimonial-designation\">Paciente da Cl\u00ednica M\u00e9dica do Porto<\/span><\/cite><\/footer><\/blockquote><\/div>\n\t<\/div>\n\t<div class=\"kwayy-testimonial-box \"><div class=\"kwayy-testimonial-data\"><blockquote class=\"kwayy-testimonial-text\">\r\n\t\t\t\t<div class=\"contarea\">\t\t\t\t\t\r\n\t\t\t\t\t<div class=\"kwayy-tst-contarea-text\">Gostei muito. \r\nFiz massagem e acupuntura com a Tatiana Sousa e adorei. \r\nRecomendo.<\/div>\r\n\t\t\t\t\t\r\n\t\t\t\t<\/div><footer> <div class=\"kwayy-testimonial-img\"><img loading=\"lazy\" decoding=\"async\" width=\"96\" height=\"96\" src=\"https:\/\/clinicamedicadoporto.pt\/staging\/wp-content\/uploads\/2022\/12\/Foto-Testemunho-Maria-Manuela-Vieira.png\" class=\"attachment-thumbnail size-thumbnail wp-post-image\" alt=\"Foto-Testemunho-Maria-Manuela-Vieira\" \/><\/div> <cite class=\"kwayy-testimonial-title\">Maria Manuela Silva Vieira<span class=\"kwayy-testimonial-designation\">Paciente da Cl\u00ednica M\u00e9dica do Porto<\/span><\/cite><\/footer><\/blockquote><\/div>\n\t<\/div>\n\t<div class=\"kwayy-testimonial-box \"><div class=\"kwayy-testimonial-data\"><blockquote class=\"kwayy-testimonial-text\">\r\n\t\t\t\t<div class=\"contarea\">\t\t\t\t\t\r\n\t\t\t\t\t<div class=\"kwayy-tst-contarea-text\">S\u00f3 ontem conheci a Cl\u00ednica M\u00e9dica do Porto, mas fiquei muito satisfeita com o atendimento e achei as instala\u00e7\u00f5es muito agrad\u00e1veis. \r\nFiz Reiki com a terapeuta Maria Em\u00edlia e adorei! \r\nJ\u00e1 marquei a pr\u00f3xima consulta.<\/div>\r\n\t\t\t\t\t\r\n\t\t\t\t<\/div><footer> <div class=\"kwayy-testimonial-img\"><img loading=\"lazy\" decoding=\"async\" width=\"1\" height=\"1\" src=\"https:\/\/clinicamedicadoporto.pt\/staging\/wp-content\/uploads\/2021\/06\/perfil-clinica-medica-do-porto-webhp.png\" class=\"attachment-thumbnail size-thumbnail wp-post-image\" alt=\"imagem-perfil-feminio-clinica-medica-do-porto\" \/><\/div> <cite class=\"kwayy-testimonial-title\">Alice Os\u00f3rio<span class=\"kwayy-testimonial-designation\">Paciente da Cl\u00ednica M\u00e9dica do Porto<\/span><\/cite><\/footer><\/blockquote><\/div>\n\t<\/div>\n\t<div class=\"kwayy-testimonial-box \"><div class=\"kwayy-testimonial-data\"><blockquote class=\"kwayy-testimonial-text\">\r\n\t\t\t\t<div class=\"contarea\">\t\t\t\t\t\r\n\t\t\t\t\t<div class=\"kwayy-tst-contarea-text\">(...) gostaria de agradecer o atendimento prestado por esta cl\u00ednica (pelas recepcionista) uma vez que foram bastante atenciosas desde o in\u00edcio. Em particular e com uma imensa gratid\u00e3o \u00e0 terapeuta da fala F\u00e1tima Silva, pelo seu profissionalismo e pela excelente pessoa que \u00e9, por me ter trazido a luz ao fundo do t\u00fanel quando parecia que nada iria resultar. \r\nObrigada \u2764\ufe0f<\/div>\r\n\t\t\t\t\t\r\n\t\t\t\t<\/div><footer> <div class=\"kwayy-testimonial-img\"><img loading=\"lazy\" decoding=\"async\" width=\"1\" height=\"1\" src=\"https:\/\/clinicamedicadoporto.pt\/staging\/wp-content\/uploads\/2021\/06\/perfil-clinica-medica-do-porto-webhp.png\" class=\"attachment-thumbnail size-thumbnail wp-post-image\" alt=\"imagem-perfil-feminio-clinica-medica-do-porto\" \/><\/div> <cite class=\"kwayy-testimonial-title\">Patr\u00edcia Pa\u00e7o<span class=\"kwayy-testimonial-designation\">Paciente da Cl\u00ednica M\u00e9dica do Porto<\/span><\/cite><\/footer><\/blockquote><\/div>\n\t<\/div>\n\t<div class=\"kwayy-testimonial-box \"><div class=\"kwayy-testimonial-data\"><blockquote class=\"kwayy-testimonial-text\">\r\n\t\t\t\t<div class=\"contarea\">\t\t\t\t\t\r\n\t\t\t\t\t<div class=\"kwayy-tst-contarea-text\">A melhor cl\u00ednica. Vivo na Alemanha, fiz uma maratona a correr de m\u00e9dico para m\u00e9dico c\u00e1 na Alemanha, por tudo que me queixava me queriam prescrever anti depressivos , mesmo eu o dizer v\u00e1rias vezes que n\u00e3o os queria tomar por me sentir ainda pior com estes . Estive uns meses no Porto e decidi visitar a cl\u00ednica . A doutora Maria Jos\u00e9 me ouviu muito atenciosa . N\u00e3o tenho palavras para expressar como lhe estou grata .A doutora Maria Jos\u00e9 \u00e9 um anjo na terra \u2764\ufe0f Infelizmente muitos poucos os m\u00e9dicos competentes como a doutora. Um grande abra\u00e7o para toda a equipa e um ainda maior para a doutora Maria Jos\u00e9. At\u00e9 breve<\/div>\r\n\t\t\t\t\t\r\n\t\t\t\t<\/div><footer> <span class=\"kwayy-testimonial-icon\"><i class=\"kwicon-fa-quote-left\"><\/i><\/span> <cite class=\"kwayy-testimonial-title\">Habibi Habibi<span class=\"kwayy-testimonial-designation\">Paciente da Cl\u00ednica M\u00e9dica do Porto<\/span><\/cite><\/footer><\/blockquote><\/div>\n\t<\/div>\n\t<div class=\"kwayy-testimonial-box \"><div class=\"kwayy-testimonial-data\"><blockquote class=\"kwayy-testimonial-text\">\r\n\t\t\t\t<div class=\"contarea\">\t\t\t\t\t\r\n\t\t\t\t\t<div class=\"kwayy-tst-contarea-text\">Consulta de Fisioterapia de Julia Panadero \u2b50\ufe0f\u2b50\ufe0f\u2b50\ufe0f\u2b50\ufe0f\u2b50\ufe0f\r\n(A prop\u00f3sito da consulta de Disfun\u00e7\u00e3o Temporomandibular da terapeuta J\u00falia)<\/div>\r\n\t\t\t\t\t\r\n\t\t\t\t<\/div><footer> <div class=\"kwayy-testimonial-img\"><img loading=\"lazy\" decoding=\"async\" width=\"60\" height=\"60\" src=\"https:\/\/clinicamedicadoporto.pt\/staging\/wp-content\/uploads\/2018\/07\/perfil-masculino-clinica-medica-do-porto-e1604516490646.png\" class=\"attachment-thumbnail size-thumbnail wp-post-image\" alt=\"perfil-masculino-clinica-medica-do-porto\" \/><\/div> <cite class=\"kwayy-testimonial-title\">S\u00e9rgio Afonso<span class=\"kwayy-testimonial-designation\">Paciente da Cl\u00ednica M\u00e9dica do Porto<\/span><\/cite><\/footer><\/blockquote><\/div>\n\t<\/div>\n\t<div class=\"kwayy-testimonial-box \"><div class=\"kwayy-testimonial-data\"><blockquote class=\"kwayy-testimonial-text\">\r\n\t\t\t\t<div class=\"contarea\">\t\t\t\t\t\r\n\t\t\t\t\t<div class=\"kwayy-tst-contarea-text\">Parab\u00e9ns, adorei!\r\n<\/div>\r\n\t\t\t\t\t\r\n\t\t\t\t<\/div><footer> <div class=\"kwayy-testimonial-img\"><img loading=\"lazy\" decoding=\"async\" width=\"1\" height=\"1\" src=\"https:\/\/clinicamedicadoporto.pt\/staging\/wp-content\/uploads\/2021\/06\/perfil-clinica-medica-do-porto-webhp.png\" class=\"attachment-thumbnail size-thumbnail wp-post-image\" alt=\"imagem-perfil-feminio-clinica-medica-do-porto\" \/><\/div> <cite class=\"kwayy-testimonial-title\">Marta Maria Duarte<span class=\"kwayy-testimonial-designation\">Paciente da Cl\u00ednica M\u00e9dica do Porto<\/span><\/cite><\/footer><\/blockquote><\/div>\n\t<\/div>\n\t<div class=\"kwayy-testimonial-box \"><div class=\"kwayy-testimonial-data\"><blockquote class=\"kwayy-testimonial-text\">\r\n\t\t\t\t<div class=\"contarea\">\t\t\t\t\t\r\n\t\t\t\t\t<div class=\"kwayy-tst-contarea-text\">Extremamente profissionais e simp\u00e1ticos!<\/div>\r\n\t\t\t\t\t\r\n\t\t\t\t<\/div><footer> <div class=\"kwayy-testimonial-img\"><img loading=\"lazy\" decoding=\"async\" width=\"60\" height=\"60\" src=\"https:\/\/clinicamedicadoporto.pt\/staging\/wp-content\/uploads\/2018\/07\/perfil-masculino-clinica-medica-do-porto-e1604516490646.png\" class=\"attachment-thumbnail size-thumbnail wp-post-image\" alt=\"perfil-masculino-clinica-medica-do-porto\" \/><\/div> <cite class=\"kwayy-testimonial-title\">Pedro Costa<span class=\"kwayy-testimonial-designation\">Paciente da Cl\u00ednica M\u00e9dica do Porto<\/span><\/cite><\/footer><\/blockquote><\/div>\n\t<\/div>\n\t<div class=\"kwayy-testimonial-box \"><div class=\"kwayy-testimonial-data\"><blockquote class=\"kwayy-testimonial-text\">\r\n\t\t\t\t<div class=\"contarea\">\t\t\t\t\t\r\n\t\t\t\t\t<div class=\"kwayy-tst-contarea-text\">A clinica situa-se num local bem acess\u00edvel, o tempo de espera foi 5 minutos o atendimento tamb\u00e9m \u00e9 r\u00e1pido e fui bem atendido pelo m\u00e9dico e fiquei satisfeito no geral.<\/div>\r\n\t\t\t\t\t\r\n\t\t\t\t<\/div><footer> <div class=\"kwayy-testimonial-img\"><img loading=\"lazy\" decoding=\"async\" width=\"60\" height=\"60\" src=\"https:\/\/clinicamedicadoporto.pt\/staging\/wp-content\/uploads\/2018\/07\/perfil-masculino-clinica-medica-do-porto-e1604516490646.png\" class=\"attachment-thumbnail size-thumbnail wp-post-image\" alt=\"perfil-masculino-clinica-medica-do-porto\" \/><\/div> <cite class=\"kwayy-testimonial-title\">Duarte Alves<span class=\"kwayy-testimonial-designation\">Paciente da Cl\u00ednica M\u00e9dica do Porto<\/span><\/cite><\/footer><\/blockquote><\/div>\n\t<\/div>\n\t<div class=\"kwayy-testimonial-box \"><div class=\"kwayy-testimonial-data\"><blockquote class=\"kwayy-testimonial-text\">\r\n\t\t\t\t<div class=\"contarea\">\t\t\t\t\t\r\n\t\t\t\t\t<div class=\"kwayy-tst-contarea-text\">Fui muito bem recebida, desde a Sra da recep\u00e7\u00e3o at\u00e9 ao Doutor. Muitos parab\u00e9ns.<\/div>\r\n\t\t\t\t\t\r\n\t\t\t\t<\/div><footer> <div class=\"kwayy-testimonial-img\"><img loading=\"lazy\" decoding=\"async\" width=\"1\" height=\"1\" src=\"https:\/\/clinicamedicadoporto.pt\/staging\/wp-content\/uploads\/2021\/06\/perfil-clinica-medica-do-porto-webhp.png\" class=\"attachment-thumbnail size-thumbnail wp-post-image\" alt=\"imagem-perfil-feminio-clinica-medica-do-porto\" \/><\/div> <cite class=\"kwayy-testimonial-title\">Isabel Ferreira<span class=\"kwayy-testimonial-designation\">Paciente da Cl\u00ednica M\u00e9dica do Porto<\/span><\/cite><\/footer><\/blockquote><\/div>\n\t<\/div>\n\t<div class=\"kwayy-testimonial-box \"><div class=\"kwayy-testimonial-data\"><blockquote class=\"kwayy-testimonial-text\">\r\n\t\t\t\t<div class=\"contarea\">\t\t\t\t\t\r\n\t\t\t\t\t<div class=\"kwayy-tst-contarea-text\">Atendimento perfeito e sobretudo um acompanhamento pelo Tiago. Ap\u00f3s a minha consulta de Osteopatia, foi um alivio imediato ao n\u00edvel das minhas dores e contraturas.<\/div>\r\n\t\t\t\t\t\r\n\t\t\t\t<\/div><footer> <div class=\"kwayy-testimonial-img\"><img loading=\"lazy\" decoding=\"async\" width=\"96\" height=\"96\" src=\"https:\/\/clinicamedicadoporto.pt\/staging\/wp-content\/uploads\/2022\/10\/Imagem-Bruno-Mendes-Testemunho-Osteopatia.png\" class=\"attachment-thumbnail size-thumbnail wp-post-image\" alt=\"Imagem-Bruno Mendes Testemunho Osteopatia\" \/><\/div> <cite class=\"kwayy-testimonial-title\">Bruno Mendes<span class=\"kwayy-testimonial-designation\">Paciente da Cl\u00ednica M\u00e9dica do Porto<\/span><\/cite><\/footer><\/blockquote><\/div>\n\t<\/div>\n\t<div class=\"kwayy-testimonial-box \"><div class=\"kwayy-testimonial-data\"><blockquote class=\"kwayy-testimonial-text\">\r\n\t\t\t\t<div class=\"contarea\">\t\t\t\t\t\r\n\t\t\t\t\t<div class=\"kwayy-tst-contarea-text\">Funcion\u00e1rios muito simp\u00e1ticos. A consulta decorreu com a maior simpatia.<\/div>\r\n\t\t\t\t\t\r\n\t\t\t\t<\/div><footer> <div class=\"kwayy-testimonial-img\"><img loading=\"lazy\" decoding=\"async\" width=\"96\" height=\"96\" src=\"https:\/\/clinicamedicadoporto.pt\/staging\/wp-content\/uploads\/2022\/10\/Foto-Testemunho-Rui-Romero-Clinica-Medica-Porto.png\" class=\"attachment-thumbnail size-thumbnail wp-post-image\" alt=\"Foto-Testemunho-Rui-Romero-Clinica-Medica-Porto\" \/><\/div> <cite class=\"kwayy-testimonial-title\">Rui Romero<span class=\"kwayy-testimonial-designation\">Paciente da Cl\u00ednica M\u00e9dica do Porto<\/span><\/cite><\/footer><\/blockquote><\/div>\n\t<\/div>\n\t<div class=\"kwayy-testimonial-box \"><div class=\"kwayy-testimonial-data\"><blockquote class=\"kwayy-testimonial-text\">\r\n\t\t\t\t<div class=\"contarea\">\t\t\t\t\t\r\n\t\t\t\t\t<div class=\"kwayy-tst-contarea-text\">Excelente atendimento muito bem recebida por todos, adorei minha m\u00e9dica.\r\nObrigada<\/div>\r\n\t\t\t\t\t\r\n\t\t\t\t<\/div><footer> <div class=\"kwayy-testimonial-img\"><img loading=\"lazy\" decoding=\"async\" width=\"96\" height=\"96\" src=\"https:\/\/clinicamedicadoporto.pt\/staging\/wp-content\/uploads\/2022\/10\/Imagem-Testemunho-Maria-Piedade-Clinica-Medica-Porto.png\" class=\"attachment-thumbnail size-thumbnail wp-post-image\" alt=\"Imagem-Testemunho-Maria-Piedade-Clinica-Medica-Porto\" \/><\/div> <cite class=\"kwayy-testimonial-title\">Maria Piedade<span class=\"kwayy-testimonial-designation\">Paciente da Cl\u00ednica M\u00e9dica do Porto<\/span><\/cite><\/footer><\/blockquote><\/div>\n\t<\/div>\n\t<div class=\"kwayy-testimonial-box \"><div class=\"kwayy-testimonial-data\"><blockquote class=\"kwayy-testimonial-text\">\r\n\t\t\t\t<div class=\"contarea\">\t\t\t\t\t\r\n\t\t\t\t\t<div class=\"kwayy-tst-contarea-text\">Quem tamb\u00e9m trata nesta fase da minha vida do meu equil\u00edbrio \u2764\ufe0f Quem me devolve o Karma de espetar umas agulhinhas \ud83d\ude05\ud83d\ude4c  (a prop\u00f3sito da terapeuta Tatiana Sousa e da Consulta de Medicina Tradicional Chinesa)<\/div>\r\n\t\t\t\t\t\r\n\t\t\t\t<\/div><footer> <div class=\"kwayy-testimonial-img\"><img loading=\"lazy\" decoding=\"async\" width=\"103\" height=\"96\" src=\"https:\/\/clinicamedicadoporto.pt\/staging\/wp-content\/uploads\/2022\/09\/Foto-Testemunho-Rita-Hera.png\" class=\"attachment-thumbnail size-thumbnail wp-post-image\" alt=\"Foto Testemunho Rita Hera Consulta Acupuntura\" \/><\/div> <cite class=\"kwayy-testimonial-title\">Rita Hera<\/cite><\/footer><\/blockquote><\/div>\n\t<\/div>\n\t<div class=\"kwayy-testimonial-box \"><div class=\"kwayy-testimonial-data\"><blockquote class=\"kwayy-testimonial-text\">\r\n\t\t\t\t<div class=\"contarea\">\t\t\t\t\t\r\n\t\t\t\t\t<div class=\"kwayy-tst-contarea-text\">Desde o agendamento, atendimento, consulta, pagamento e fatura\u00e7\u00e3o foi tudo excelente! A consulta com o Dr. Tiago Monteiro foi muito boa, esclarecedor, atencioso com a beb\u00e9 e muito simp\u00e1tico e prest\u00e1vel!<\/div>\r\n\t\t\t\t\t\r\n\t\t\t\t<\/div><footer> <div class=\"kwayy-testimonial-img\"><img loading=\"lazy\" decoding=\"async\" width=\"96\" height=\"96\" src=\"https:\/\/clinicamedicadoporto.pt\/staging\/wp-content\/uploads\/2022\/10\/Foto-Ana-de-Oliveira-Testemunho-Osteopatia-P.png\" class=\"attachment-thumbnail size-thumbnail wp-post-image\" alt=\"Foto - Ana de Oliveira - Testemunho Osteopatia P\" \/><\/div> <cite class=\"kwayy-testimonial-title\">Ana de Oliveira<span class=\"kwayy-testimonial-designation\">M\u00e3e de Paciente da Cl\u00ednica M\u00e9dica do Porto<\/span><\/cite><\/footer><\/blockquote><\/div>\n\t<\/div>\n\t<div class=\"kwayy-testimonial-box \"><div class=\"kwayy-testimonial-data\"><blockquote class=\"kwayy-testimonial-text\">\r\n\t\t\t\t<div class=\"contarea\">\t\t\t\t\t\r\n\t\t\t\t\t<div class=\"kwayy-tst-contarea-text\">Dr i don't know how to write her name but she was so kind and helpful. (A prop\u00f3sito da Consulta de Medicina Geral de Familiar e da Dra. In\u00eas Bento)<\/div>\r\n\t\t\t\t\t\r\n\t\t\t\t<\/div><footer> <div class=\"kwayy-testimonial-img\"><img loading=\"lazy\" decoding=\"async\" width=\"96\" height=\"96\" src=\"https:\/\/clinicamedicadoporto.pt\/staging\/wp-content\/uploads\/2022\/09\/Foto-Testemunho-Hisham-Papi.png\" class=\"attachment-thumbnail size-thumbnail wp-post-image\" alt=\"Foto de Paciente Testemunho Consulta Medicina Geral e Familiar\" \/><\/div> <cite class=\"kwayy-testimonial-title\">Hisham Papi<span class=\"kwayy-testimonial-designation\">Paciente da Cl\u00ednica M\u00e9dica do Porto<\/span><\/cite><\/footer><\/blockquote><\/div>\n\t<\/div>\n\t<div class=\"kwayy-testimonial-box \"><div class=\"kwayy-testimonial-data\"><blockquote class=\"kwayy-testimonial-text\">\r\n\t\t\t\t<div class=\"contarea\">\t\t\t\t\t\r\n\t\t\t\t\t<div class=\"kwayy-tst-contarea-text\">Procuramos a cl\u00ednica para uma consulta de osteopatia pedi\u00e1trica. E fomos muito bem atendidos pelo Dr. Tiago Monteiro, o nosso filho saiu de l\u00e1 em ( modo zen).<\/div>\r\n\t\t\t\t\t\r\n\t\t\t\t<\/div><footer> <div class=\"kwayy-testimonial-img\"><img loading=\"lazy\" decoding=\"async\" width=\"60\" height=\"60\" src=\"https:\/\/clinicamedicadoporto.pt\/staging\/wp-content\/uploads\/2019\/08\/perfil-clinica-medica-do-porto-1-e1604515187835.png\" class=\"attachment-thumbnail size-thumbnail wp-post-image\" alt=\"Imagem-generica-clinica-medica-do-porto\" \/><\/div> <cite class=\"kwayy-testimonial-title\">Mariana Castro<span class=\"kwayy-testimonial-designation\">M\u00e3e de Paciente da Cl\u00ednica M\u00e9dica do Porto<\/span><\/cite><\/footer><\/blockquote><\/div>\n\t<\/div>\n\t<div class=\"kwayy-testimonial-box \"><div class=\"kwayy-testimonial-data\"><blockquote class=\"kwayy-testimonial-text\">\r\n\t\t\t\t<div class=\"contarea\">\t\t\t\t\t\r\n\t\t\t\t\t<div class=\"kwayy-tst-contarea-text\">Adorei o atendimento, a m\u00e9dica, super bem disposta, super profissional. \r\nRecomendo a 100%.<\/div>\r\n\t\t\t\t\t\r\n\t\t\t\t<\/div><footer> <div class=\"kwayy-testimonial-img\"><img loading=\"lazy\" decoding=\"async\" width=\"96\" height=\"96\" src=\"https:\/\/clinicamedicadoporto.pt\/staging\/wp-content\/uploads\/2022\/09\/Foto-Fernanda-Bandeira-Testemunho-Consulta-Anti-Aging.png\" class=\"attachment-thumbnail size-thumbnail wp-post-image\" alt=\"Foto de Fernanda Bandeira Testemunho Anti-aging\" \/><\/div> <cite class=\"kwayy-testimonial-title\">Fernanda Bandeira<span class=\"kwayy-testimonial-designation\">Paciente da Cl\u00ednica M\u00e9dica do Porto<\/span><\/cite><\/footer><\/blockquote><\/div>\n\t<\/div>\n\t<div class=\"kwayy-testimonial-box \"><div class=\"kwayy-testimonial-data\"><blockquote class=\"kwayy-testimonial-text\">\r\n\t\t\t\t<div class=\"contarea\">\t\t\t\t\t\r\n\t\t\t\t\t<div class=\"kwayy-tst-contarea-text\">Wonderful doctor! \r\nThank you for taking such great care of me!\r\n(A prop\u00f3sito da consulta de Medicina Geral e Familiar da Dra. In\u00eas Bento)<\/div>\r\n\t\t\t\t\t\r\n\t\t\t\t<\/div><footer> <div class=\"kwayy-testimonial-img\"><img loading=\"lazy\" decoding=\"async\" width=\"96\" height=\"96\" src=\"https:\/\/clinicamedicadoporto.pt\/staging\/wp-content\/uploads\/2022\/09\/Foto-Testemunho-Diane-Bower.jpg\" class=\"attachment-thumbnail size-thumbnail wp-post-image\" alt=\"Foto de Paciente Diane Bower\" \/><\/div> <cite class=\"kwayy-testimonial-title\">Diane McCleave Bower<span class=\"kwayy-testimonial-designation\">Paciente da Cl\u00ednica M\u00e9dica do Porto<\/span><\/cite><\/footer><\/blockquote><\/div>\n\t<\/div>\n\t<div class=\"kwayy-testimonial-box \"><div class=\"kwayy-testimonial-data\"><blockquote class=\"kwayy-testimonial-text\">\r\n\t\t\t\t<div class=\"contarea\">\t\t\t\t\t\r\n\t\t\t\t\t<div class=\"kwayy-tst-contarea-text\">Tratou-se da 1a consulta e reconhe\u00e7o com agrado todos os momentos: recep\u00e7\u00e3o, consulta e tratamento. \r\nQue mais dizer? Vou continuar.<\/div>\r\n\t\t\t\t\t\r\n\t\t\t\t<\/div><footer> <div class=\"kwayy-testimonial-img\"><img loading=\"lazy\" decoding=\"async\" width=\"1\" height=\"1\" src=\"https:\/\/clinicamedicadoporto.pt\/staging\/wp-content\/uploads\/2021\/06\/perfil-masculino-clinica-medica-do-porto-webhp.png\" class=\"attachment-thumbnail size-thumbnail wp-post-image\" alt=\"imagem-perfil-masculino-clinica-medica-do-porto\" \/><\/div> <cite class=\"kwayy-testimonial-title\">Ant\u00f3nio Matos<span class=\"kwayy-testimonial-designation\">Paciente da Cl\u00ednica M\u00e9dica do Porto<\/span><\/cite><\/footer><\/blockquote><\/div>\n\t<\/div>\n\t<div class=\"kwayy-testimonial-box \"><div class=\"kwayy-testimonial-data\"><blockquote class=\"kwayy-testimonial-text\">\r\n\t\t\t\t<div class=\"contarea\">\t\t\t\t\t\r\n\t\t\t\t\t<div class=\"kwayy-tst-contarea-text\">O Dr. Tiago Monteiro fez um acompanhamento excepcional no tratamento da plagiocefalia do meu beb\u00e9.  \r\nRecomendo<\/div>\r\n\t\t\t\t\t\r\n\t\t\t\t<\/div><footer> <div class=\"kwayy-testimonial-img\"><img loading=\"lazy\" decoding=\"async\" width=\"96\" height=\"96\" src=\"https:\/\/clinicamedicadoporto.pt\/staging\/wp-content\/uploads\/2022\/09\/Foto-Si\u0301lvia-Baltarejo-Testemunho-Osteopatia-Pediatrica.jpg\" class=\"attachment-thumbnail size-thumbnail wp-post-image\" alt=\"Foto Testemunho de Paciente de Osteopatia Infantil - Silvia Baltarejo\" \/><\/div> <cite class=\"kwayy-testimonial-title\">S\u00edlvia Baltarejo<span class=\"kwayy-testimonial-designation\">Paciente da Cl\u00ednica M\u00e9dica do Porto<\/span><\/cite><\/footer><\/blockquote><\/div>\n\t<\/div>\n\t<div class=\"kwayy-testimonial-box \"><div class=\"kwayy-testimonial-data\"><blockquote class=\"kwayy-testimonial-text\">\r\n\t\t\t\t<div class=\"contarea\">\t\t\t\t\t\r\n\t\t\t\t\t<div class=\"kwayy-tst-contarea-text\">Senti-me acolhida e respeitada na Cl\u00ednica M\u00e9dica do Porto tanto pela rececionista quanto pela Dra Maria Jos\u00e9. Muito obrigada! \u2764\ufe0f<\/div>\r\n\t\t\t\t\t\r\n\t\t\t\t<\/div><footer> <div class=\"kwayy-testimonial-img\"><img loading=\"lazy\" decoding=\"async\" width=\"96\" height=\"96\" src=\"https:\/\/clinicamedicadoporto.pt\/staging\/wp-content\/uploads\/2022\/09\/Foto-Luciane-Guerra.png\" class=\"attachment-thumbnail size-thumbnail wp-post-image\" alt=\"Foto Paciente Testemunho da Consulta Anti-Aging\" \/><\/div> <cite class=\"kwayy-testimonial-title\">Luciane Guerra<span class=\"kwayy-testimonial-designation\">Paciente da Cl\u00ednica M\u00e9dica do Porto<\/span><\/cite><\/footer><\/blockquote><\/div>\n\t<\/div>\n\t<div class=\"kwayy-testimonial-box \"><div class=\"kwayy-testimonial-data\"><blockquote class=\"kwayy-testimonial-text\">\r\n\t\t\t\t<div class=\"contarea\">\t\t\t\t\t\r\n\t\t\t\t\t<div class=\"kwayy-tst-contarea-text\">Atendimento muito competente da Dra. Madalena Cabral. Recomendo vivamente!<\/div>\r\n\t\t\t\t\t\r\n\t\t\t\t<\/div><footer> <div class=\"kwayy-testimonial-img\"><img loading=\"lazy\" decoding=\"async\" width=\"96\" height=\"96\" src=\"https:\/\/clinicamedicadoporto.pt\/staging\/wp-content\/uploads\/2022\/07\/Foto-Carla-Trindade-Testemunho.png\" class=\"attachment-thumbnail size-thumbnail wp-post-image\" alt=\"Foto-Carla-Trindade-Testemunho\" \/><\/div> <cite class=\"kwayy-testimonial-title\">Carla Trindade<span class=\"kwayy-testimonial-designation\">Paciente da Cl\u00ednica M\u00e9dica do Porto<\/span><\/cite><\/footer><\/blockquote><\/div>\n\t<\/div>\n\t<div class=\"kwayy-testimonial-box \"><div class=\"kwayy-testimonial-data\"><blockquote class=\"kwayy-testimonial-text\">\r\n\t\t\t\t<div class=\"contarea\">\t\t\t\t\t\r\n\t\t\t\t\t<div class=\"kwayy-tst-contarea-text\">Uma Cl\u00ednica de excel\u00eancia que recomendo vivamente por experi\u00eancia pr\u00f3pria.<\/div>\r\n\t\t\t\t\t\r\n\t\t\t\t<\/div><footer> <div class=\"kwayy-testimonial-img\"><img loading=\"lazy\" decoding=\"async\" width=\"96\" height=\"96\" src=\"https:\/\/clinicamedicadoporto.pt\/staging\/wp-content\/uploads\/2022\/07\/Foto-Maria-Jose\u0301-Moura.jpg\" class=\"attachment-thumbnail size-thumbnail wp-post-image\" alt=\"Foto-Maria-Jose\u0301-Moura\" \/><\/div> <cite class=\"kwayy-testimonial-title\">Maria Jos\u00e9 Moura<span class=\"kwayy-testimonial-designation\">Paciente da Cl\u00ednica M\u00e9dica do Porto<\/span><\/cite><\/footer><\/blockquote><\/div>\n\t<\/div>\n\t<div class=\"kwayy-testimonial-box \"><div class=\"kwayy-testimonial-data\"><blockquote class=\"kwayy-testimonial-text\">\r\n\t\t\t\t<div class=\"contarea\">\t\t\t\t\t\r\n\t\t\t\t\t<div class=\"kwayy-tst-contarea-text\">Atendimento simp\u00e1tico e tratamento profissional. Senti-me desde cedo como se fosse uma paciente antiga da casa. Relativamente \u00e0 consulta de medicina est\u00e9tica, com o Dr. Manuel Rodrigues de Sousa, superou todas as expectativas, sendo com certeza um m\u00e9dico a referenciar.<\/div>\r\n\t\t\t\t\t\r\n\t\t\t\t<\/div><footer> <div class=\"kwayy-testimonial-img\"><img loading=\"lazy\" decoding=\"async\" width=\"96\" height=\"96\" src=\"https:\/\/clinicamedicadoporto.pt\/staging\/wp-content\/uploads\/2022\/07\/Foto-Julia-Medeiros-Testemunho-Medicina-Estetica.jpg\" class=\"attachment-thumbnail size-thumbnail wp-post-image\" alt=\"Foto-Julia-Medeiros-Testemunho-Medicina-Estetica\" \/><\/div> <cite class=\"kwayy-testimonial-title\">Julia Medeiros<span class=\"kwayy-testimonial-designation\">Paciente da Cl\u00ednica M\u00e9dica do Porto<\/span><\/cite><\/footer><\/blockquote><\/div>\n\t<\/div>\n\t<div class=\"kwayy-testimonial-box \"><div class=\"kwayy-testimonial-data\"><blockquote class=\"kwayy-testimonial-text\">\r\n\t\t\t\t<div class=\"contarea\">\t\t\t\t\t\r\n\t\t\t\t\t<div class=\"kwayy-tst-contarea-text\">Local muito 'limpinho' entenda-se sem grandes excessos de instala\u00e7\u00e3o, e com um servi\u00e7o 5\u2b50.\r\nSimpatia na rece\u00e7\u00e3o e um Podologista fabuloso (Dr. Carlos Oliveira).\r\nEm suma, muito satisfeita\ud83d\ude0a<\/div>\r\n\t\t\t\t\t\r\n\t\t\t\t<\/div><footer> <div class=\"kwayy-testimonial-img\"><img loading=\"lazy\" decoding=\"async\" width=\"60\" height=\"60\" src=\"https:\/\/clinicamedicadoporto.pt\/staging\/wp-content\/uploads\/2019\/08\/perfil-clinica-medica-do-porto-e1604516538844.png\" class=\"attachment-thumbnail size-thumbnail wp-post-image\" alt=\"Testemunho-clinica-medica-do-porto\" \/><\/div> <cite class=\"kwayy-testimonial-title\">Helena Fabi\u00e3o<span class=\"kwayy-testimonial-designation\">Paciente da Cl\u00ednica M\u00e9dica do Porto<\/span><\/cite><\/footer><\/blockquote><\/div>\n\t<\/div>\n\t<div class=\"kwayy-testimonial-box \"><div class=\"kwayy-testimonial-data\"><blockquote class=\"kwayy-testimonial-text\">\r\n\t\t\t\t<div class=\"contarea\">\t\t\t\t\t\r\n\t\t\t\t\t<div class=\"kwayy-tst-contarea-text\">Um bem haja pelo servi\u00e7o prestado pela Dr. Joana, simpatia, atenciosa, profissionalismo. E o pre\u00e7o qualidade do servi\u00e7o, n\u00e3o podia ser melhor. \r\nE bom atendimento na recep\u00e7\u00e3o. \r\nObrigada.<\/div>\r\n\t\t\t\t\t\r\n\t\t\t\t<\/div><footer> <div class=\"kwayy-testimonial-img\"><img loading=\"lazy\" decoding=\"async\" width=\"60\" height=\"60\" src=\"https:\/\/clinicamedicadoporto.pt\/staging\/wp-content\/uploads\/2019\/08\/perfil-clinica-medica-do-porto-e1604516538844.png\" class=\"attachment-thumbnail size-thumbnail wp-post-image\" alt=\"Testemunho-clinica-medica-do-porto\" \/><\/div> <cite class=\"kwayy-testimonial-title\">Alice Martins<span class=\"kwayy-testimonial-designation\">Paciente da Cl\u00ednica M\u00e9dica do Porto<\/span><\/cite><\/footer><\/blockquote><\/div>\n\t<\/div>\n\t<div class=\"kwayy-testimonial-box \"><div class=\"kwayy-testimonial-data\"><blockquote class=\"kwayy-testimonial-text\">\r\n\t\t\t\t<div class=\"contarea\">\t\t\t\t\t\r\n\t\t\t\t\t<div class=\"kwayy-tst-contarea-text\">Dr Carlos Podologista - Um terapeuta incr\u00edvel \ud83d\udc4f super profissional e simp\u00e1tico com as crian\u00e7as.\r\nRecomendamos muito!!!!<\/div>\r\n\t\t\t\t\t\r\n\t\t\t\t<\/div><footer> <div class=\"kwayy-testimonial-img\"><img loading=\"lazy\" decoding=\"async\" width=\"96\" height=\"96\" src=\"https:\/\/clinicamedicadoporto.pt\/staging\/wp-content\/uploads\/2022\/07\/Foto-Xana-Sousa.png\" class=\"attachment-thumbnail size-thumbnail wp-post-image\" alt=\"Foto de Xana Sousa - Testemunho relativo \u00e0 consulta de Podologia da Cl\u00ednica M\u00e9dica do Porto\" \/><\/div> <cite class=\"kwayy-testimonial-title\">Xana Sousa<span class=\"kwayy-testimonial-designation\">M\u00e3e de Paciente da Cl\u00ednica M\u00e9dica do Porto<\/span><\/cite><\/footer><\/blockquote><\/div>\n\t<\/div>\n\t<div class=\"kwayy-testimonial-box \"><div class=\"kwayy-testimonial-data\"><blockquote class=\"kwayy-testimonial-text\">\r\n\t\t\t\t<div class=\"contarea\">\t\t\t\t\t\r\n\t\t\t\t\t<div class=\"kwayy-tst-contarea-text\">Fui tratada pelo Dr. Manuel Rodrigues de Sousa e estou bastante satisfeita. Senti-me confort\u00e1vel e agradada com a transpar\u00eancia e honestidade relativamente \u00e0 informa\u00e7\u00e3o fornecida pela cl\u00ednica. (...) O ambiente da cl\u00ednica \u00e9 muito tranquilo e agrad\u00e1vel. Fiquei feliz com os tratamentos \u263a\ufe0f<\/div>\r\n\t\t\t\t\t\r\n\t\t\t\t<\/div><footer> <div class=\"kwayy-testimonial-img\"><img loading=\"lazy\" decoding=\"async\" width=\"96\" height=\"96\" src=\"https:\/\/clinicamedicadoporto.pt\/staging\/wp-content\/uploads\/2022\/07\/Foto-Andreia-Vaz.png\" class=\"attachment-thumbnail size-thumbnail wp-post-image\" alt=\"Forto de Andreia Vaz\" \/><\/div> <cite class=\"kwayy-testimonial-title\">Andreia Vaz<span class=\"kwayy-testimonial-designation\">Paciente da Cl\u00ednica M\u00e9dica do Porto<\/span><\/cite><\/footer><\/blockquote><\/div>\n\t<\/div>\n\t<div class=\"kwayy-testimonial-box \"><div class=\"kwayy-testimonial-data\"><blockquote class=\"kwayy-testimonial-text\">\r\n\t\t\t\t<div class=\"contarea\">\t\t\t\t\t\r\n\t\t\t\t\t<div class=\"kwayy-tst-contarea-text\">Consulta pedi\u00e1trica com o Osteopata Tiago Monteiro. Super recomendo.\r\nExcelente profissional, avalia tudo ao pormenor e transmite confian\u00e7a e seguran\u00e7a aos pais (super importante quando \u00e9 a nossa primeira viagem).\r\nSimpatia e disponibilidade demonstradas pela colaboradora que nos recebeu.<\/div>\r\n\t\t\t\t\t\r\n\t\t\t\t<\/div><footer> <div class=\"kwayy-testimonial-img\"><img loading=\"lazy\" decoding=\"async\" width=\"96\" height=\"96\" src=\"https:\/\/clinicamedicadoporto.pt\/staging\/wp-content\/uploads\/2022\/07\/Foto-Sara-Felx.png\" class=\"attachment-thumbnail size-thumbnail wp-post-image\" alt=\"Foto Sara Felix - Testemunho consulta de Osteopatia\" \/><\/div> <cite class=\"kwayy-testimonial-title\">Sara Felix<span class=\"kwayy-testimonial-designation\">M\u00e3e de Paciente da Cl\u00ednica M\u00e9dica do Porto<\/span><\/cite><\/footer><\/blockquote><\/div>\n\t<\/div>\n\t<div class=\"kwayy-testimonial-box \"><div class=\"kwayy-testimonial-data\"><blockquote class=\"kwayy-testimonial-text\">\r\n\t\t\t\t<div class=\"contarea\">\t\t\t\t\t\r\n\t\t\t\t\t<div class=\"kwayy-tst-contarea-text\">Recomendo sem d\u00favida alguma!\r\nEquipa cinco estrelas, super profissionais e atenciosos.\r\nO meu filho foi tratado pelo Terapeuta Tiago Monteiro, que aliado ao excelente profissional que \u00e9, demostra um enorme carinho e afeto na forma como trata dos nossos beb\u00e9s. N\u00e3o podia estar mais segura e satisfeita com a escolha. Muit\u00edssimo obrigada!<\/div>\r\n\t\t\t\t\t\r\n\t\t\t\t<\/div><footer> <div class=\"kwayy-testimonial-img\"><img loading=\"lazy\" decoding=\"async\" width=\"1\" height=\"1\" src=\"https:\/\/clinicamedicadoporto.pt\/staging\/wp-content\/uploads\/2021\/06\/perfil-clinica-medica-do-porto-webhp.png\" class=\"attachment-thumbnail size-thumbnail wp-post-image\" alt=\"imagem-perfil-feminio-clinica-medica-do-porto\" \/><\/div> <cite class=\"kwayy-testimonial-title\">Raquel Vieira<span class=\"kwayy-testimonial-designation\">M\u00e3e de Paciente da Cl\u00ednica M\u00e9dica do Porto<\/span><\/cite><\/footer><\/blockquote><\/div>\n\t<\/div>\n\t<div class=\"kwayy-testimonial-box \"><div class=\"kwayy-testimonial-data\"><blockquote class=\"kwayy-testimonial-text\">\r\n\t\t\t\t<div class=\"contarea\">\t\t\t\t\t\r\n\t\t\t\t\t<div class=\"kwayy-tst-contarea-text\">O ambiente acolhedor, o profissionalismo de toda a equipa e a confian\u00e7a que a Dr.\u00aa Tatiana transmite em consulta, s\u00e3o motivos para depositar toda minha confian\u00e7a no trabalho que procurarei desenvolver em conjunto com cada uma das pessoas da clinica, envolvidas no processo de tratamento.<\/div>\r\n\t\t\t\t\t\r\n\t\t\t\t<\/div><footer> <div class=\"kwayy-testimonial-img\"><img loading=\"lazy\" decoding=\"async\" width=\"96\" height=\"96\" src=\"https:\/\/clinicamedicadoporto.pt\/staging\/wp-content\/uploads\/2022\/05\/Foto-Testemunho-Hoana-Mimoso-Guimara\u0303es.png\" class=\"attachment-thumbnail size-thumbnail wp-post-image\" alt=\"Foto de Joana Guimar\u00e3es paciente da Cl\u00ednica M\u00e9dica do Porto\" \/><\/div> <cite class=\"kwayy-testimonial-title\">Joana Mimoso Guimar\u00e3es<span class=\"kwayy-testimonial-designation\">Paciente da Cl\u00ednica M\u00e9dica do Porto<\/span><\/cite><\/footer><\/blockquote><\/div>\n\t<\/div>\n\t<div class=\"kwayy-testimonial-box \"><div class=\"kwayy-testimonial-data\"><blockquote class=\"kwayy-testimonial-text\">\r\n\t\t\t\t<div class=\"contarea\">\t\t\t\t\t\r\n\t\t\t\t\t<div class=\"kwayy-tst-contarea-text\">Simpatia na rece\u00e7\u00e3o e a consulta m\u00e9dica correu de acordo com as minhas expetativas \ud83d\ude42 \r\nObrigada!<\/div>\r\n\t\t\t\t\t\r\n\t\t\t\t<\/div><footer> <div class=\"kwayy-testimonial-img\"><img loading=\"lazy\" decoding=\"async\" width=\"96\" height=\"96\" src=\"https:\/\/clinicamedicadoporto.pt\/staging\/wp-content\/uploads\/2022\/05\/Foto-Testemunho-Renata-Cunha.png\" class=\"attachment-thumbnail size-thumbnail wp-post-image\" alt=\"Testemunho de Renata Cunha relativamente \u00e0 Consulta de Pediatria\" \/><\/div> <cite class=\"kwayy-testimonial-title\">Renata Cunha<span class=\"kwayy-testimonial-designation\">M\u00e3e de Paciente da Cl\u00ednica M\u00e9dica do Porto<\/span><\/cite><\/footer><\/blockquote><\/div>\n\t<\/div>\n\t<div class=\"kwayy-testimonial-box \"><div class=\"kwayy-testimonial-data\"><blockquote class=\"kwayy-testimonial-text\">\r\n\t\t\t\t<div class=\"contarea\">\t\t\t\t\t\r\n\t\t\t\t\t<div class=\"kwayy-tst-contarea-text\">Profissionalismo. Simpatia. Aten\u00e7\u00e3o. \r\nRecomendo.<\/div>\r\n\t\t\t\t\t\r\n\t\t\t\t<\/div><footer> <div class=\"kwayy-testimonial-img\"><img loading=\"lazy\" decoding=\"async\" width=\"96\" height=\"96\" src=\"https:\/\/clinicamedicadoporto.pt\/staging\/wp-content\/uploads\/2022\/05\/Foto-Testemunho-Mariana-Moreira-Clinica-Medica-do-Porto.png\" class=\"attachment-thumbnail size-thumbnail wp-post-image\" alt=\"Testemunho de paciente Mariana Moreira\" \/><\/div> <cite class=\"kwayy-testimonial-title\">Mariana Moreira<span class=\"kwayy-testimonial-designation\">Paciente da Cl\u00ednica M\u00e9dica do Porto<\/span><\/cite><\/footer><\/blockquote><\/div>\n\t<\/div>\n\t<div class=\"kwayy-testimonial-box \"><div class=\"kwayy-testimonial-data\"><blockquote class=\"kwayy-testimonial-text\">\r\n\t\t\t\t<div class=\"contarea\">\t\t\t\t\t\r\n\t\t\t\t\t<div class=\"kwayy-tst-contarea-text\">Levei meu filho de 5 anos para uma consulta pedi\u00e1trica e fomos muito bem atendidos. Cordialidade e pontualidade impec\u00e1veis, al\u00e9m da compet\u00eancia e carinho da Dra. Nelea.<\/div>\r\n\t\t\t\t\t\r\n\t\t\t\t<\/div><footer> <div class=\"kwayy-testimonial-img\"><img loading=\"lazy\" decoding=\"async\" width=\"96\" height=\"96\" src=\"https:\/\/clinicamedicadoporto.pt\/staging\/wp-content\/uploads\/2022\/05\/Foto-Testemunho-Marina-Azevedo.png\" class=\"attachment-thumbnail size-thumbnail wp-post-image\" alt=\"Testemunho Marina Azevedo Pediatria\" \/><\/div> <cite class=\"kwayy-testimonial-title\">Marina Azevedo<span class=\"kwayy-testimonial-designation\">M\u00e3e de Paciente da Cl\u00ednica M\u00e9dica do Porto<\/span><\/cite><\/footer><\/blockquote><\/div>\n\t<\/div>\n\t<div class=\"kwayy-testimonial-box \"><div class=\"kwayy-testimonial-data\"><blockquote class=\"kwayy-testimonial-text\">\r\n\t\t\t\t<div class=\"contarea\">\t\t\t\t\t\r\n\t\t\t\t\t<div class=\"kwayy-tst-contarea-text\">Sou seguida pela terapeuta Tatiana Sousa, especialista em medicina tradicional chinesa (ginecologia \/obstetr\u00edcia). \r\n\r\nAo longo destes meses de acupuntura e fitoterapia (novidades para mim), estou extremamente satisfeita com os resultados e com o atendimento, atento e personalizado, da Tatiana e restante equipa da cl\u00ednica. \r\n\r\nRecomendo vivamente!<\/div>\r\n\t\t\t\t\t\r\n\t\t\t\t<\/div><footer> <div class=\"kwayy-testimonial-img\"><img loading=\"lazy\" decoding=\"async\" width=\"60\" height=\"60\" src=\"https:\/\/clinicamedicadoporto.pt\/staging\/wp-content\/uploads\/2019\/08\/perfil-clinica-medica-do-porto-1-e1604515187835.png\" class=\"attachment-thumbnail size-thumbnail wp-post-image\" alt=\"Imagem-generica-clinica-medica-do-porto\" \/><\/div> <cite class=\"kwayy-testimonial-title\">Ana Isabel Ribeiro<span class=\"kwayy-testimonial-designation\">Paciente da Cl\u00ednica M\u00e9dica do Porto<\/span><\/cite><\/footer><\/blockquote><\/div>\n\t<\/div>\n\t<div class=\"kwayy-testimonial-box \"><div class=\"kwayy-testimonial-data\"><blockquote class=\"kwayy-testimonial-text\">\r\n\t\t\t\t<div class=\"contarea\">\t\t\t\t\t\r\n\t\t\t\t\t<div class=\"kwayy-tst-contarea-text\">Atendido a hora e com todo o profissionalismo!<\/div>\r\n\t\t\t\t\t\r\n\t\t\t\t<\/div><footer> <div class=\"kwayy-testimonial-img\"><img loading=\"lazy\" decoding=\"async\" width=\"1\" height=\"1\" src=\"https:\/\/clinicamedicadoporto.pt\/staging\/wp-content\/uploads\/2022\/01\/Foto-Humberto-Neto.png\" class=\"attachment-thumbnail size-thumbnail wp-post-image\" alt=\"Foto Humberto Neto Testemunho Consulta na Cl\u00ednica M\u00e9dica do Porto\" \/><\/div> <cite class=\"kwayy-testimonial-title\">Humberto Neto<span class=\"kwayy-testimonial-designation\">Paciente da Cl\u00ednica M\u00e9dica do Porto<\/span><\/cite><\/footer><\/blockquote><\/div>\n\t<\/div>\n\t<div class=\"kwayy-testimonial-box \"><div class=\"kwayy-testimonial-data\"><blockquote class=\"kwayy-testimonial-text\">\r\n\t\t\t\t<div class=\"contarea\">\t\t\t\t\t\r\n\t\t\t\t\t<div class=\"kwayy-tst-contarea-text\">Sou seguida pela terapeuta Tatiana, que me tem ajudado a controlar as minhas dores de costas! \r\nUma profissional de excel\u00eancia! \r\n\r\nRecomendo a 100% o seu trabalho e as suas t\u00e9cnicas de massagem e acupuntura! \r\nNota 5 tamb\u00e9m para o todo o staff, sempre simp\u00e1tico e profissional!<\/div>\r\n\t\t\t\t\t\r\n\t\t\t\t<\/div><footer> <div class=\"kwayy-testimonial-img\"><img loading=\"lazy\" decoding=\"async\" width=\"1\" height=\"1\" src=\"https:\/\/clinicamedicadoporto.pt\/staging\/wp-content\/uploads\/2022\/01\/Imagem-Rita-Viana-Testemunho-Clinica-Medica-Porto.png\" class=\"attachment-thumbnail size-thumbnail wp-post-image\" alt=\"Rita Viana - Testemunho - Consulta de Acupuntura Porto\" \/><\/div> <cite class=\"kwayy-testimonial-title\">Rita Viana<span class=\"kwayy-testimonial-designation\">Paciente da Cl\u00ednica M\u00e9dica do Porto<\/span><\/cite><\/footer><\/blockquote><\/div>\n\t<\/div>\n\t<div class=\"kwayy-testimonial-box \"><div class=\"kwayy-testimonial-data\"><blockquote class=\"kwayy-testimonial-text\">\r\n\t\t\t\t<div class=\"contarea\">\t\t\t\t\t\r\n\t\t\t\t\t<div class=\"kwayy-tst-contarea-text\">Uma Cl\u00ednica de Excel\u00eancia, obrigado pelo excelente atendimento da parte do Dr Sousa um excelente profissional, e da parte do atendimento da recep\u00e7\u00e3o. Um muito obrigado e at\u00e9 breve.<\/div>\r\n\t\t\t\t\t\r\n\t\t\t\t<\/div><footer> <div class=\"kwayy-testimonial-img\"><img loading=\"lazy\" decoding=\"async\" width=\"1\" height=\"1\" src=\"https:\/\/clinicamedicadoporto.pt\/staging\/wp-content\/uploads\/2021\/12\/Foto-Maria-Jose\u0301-Ribeiro-Moura.png\" class=\"attachment-thumbnail size-thumbnail wp-post-image\" alt=\"Foto Testemunho Maria Jos\u00e9 Ribeiro\" \/><\/div> <cite class=\"kwayy-testimonial-title\">Maria Jos\u00e9 Moura<span class=\"kwayy-testimonial-designation\">Paciente da Cl\u00ednica M\u00e9dica do Porto<\/span><\/cite><\/footer><\/blockquote><\/div>\n\t<\/div>\n\t<div class=\"kwayy-testimonial-box \"><div class=\"kwayy-testimonial-data\"><blockquote class=\"kwayy-testimonial-text\">\r\n\t\t\t\t<div class=\"contarea\">\t\t\t\t\t\r\n\t\t\t\t\t<div class=\"kwayy-tst-contarea-text\">Fiquei muito bem impressionada com o atendimento quer do pessoal administrativo quer do pessoal m\u00e9dico, no meu caso o Dr Tiago Monteiro. \r\nPretendo continuar a ser seguida nesta cl\u00ednica e portanto recomendo os seus servi\u00e7os.<\/div>\r\n\t\t\t\t\t\r\n\t\t\t\t<\/div><footer> <div class=\"kwayy-testimonial-img\"><img loading=\"lazy\" decoding=\"async\" width=\"60\" height=\"60\" src=\"https:\/\/clinicamedicadoporto.pt\/staging\/wp-content\/uploads\/2019\/08\/perfil-clinica-medica-do-porto-1-e1604515187835.png\" class=\"attachment-thumbnail size-thumbnail wp-post-image\" alt=\"Imagem-generica-clinica-medica-do-porto\" \/><\/div> <cite class=\"kwayy-testimonial-title\">Elisabete Silva<span class=\"kwayy-testimonial-designation\">Paciente da Cl\u00ednica M\u00e9dica do Porto<\/span><\/cite><\/footer><\/blockquote><\/div>\n\t<\/div>\n\t<div class=\"kwayy-testimonial-box \"><div class=\"kwayy-testimonial-data\"><blockquote class=\"kwayy-testimonial-text\">\r\n\t\t\t\t<div class=\"contarea\">\t\t\t\t\t\r\n\t\t\t\t\t<div class=\"kwayy-tst-contarea-text\">S\u00f3 tenho a agradecer. Podia come\u00e7ar pela humanidade, simpatia e disponibilidade com que sou sempre recebida quer ao telefone quer em pessoa. \r\nMas o essencial \u00e9 tudo aquilo que mudou no meu bem estar mental e f\u00edsico desde que passei a ter consulta na cl\u00ednica, no meu caso pela m\u00e3o carinhosa da dra. Ana Rita Telles. Nem tenho palavras. Bem hajam!<\/div>\r\n\t\t\t\t\t\r\n\t\t\t\t<\/div><footer> <div class=\"kwayy-testimonial-img\"><img loading=\"lazy\" decoding=\"async\" width=\"60\" height=\"60\" src=\"https:\/\/clinicamedicadoporto.pt\/staging\/wp-content\/uploads\/2019\/08\/perfil-clinica-medica-do-porto-1-e1604515187835.png\" class=\"attachment-thumbnail size-thumbnail wp-post-image\" alt=\"Imagem-generica-clinica-medica-do-porto\" \/><\/div> <cite class=\"kwayy-testimonial-title\">Eduarda S\u00e1-Andersen<span class=\"kwayy-testimonial-designation\">Paciente da Cl\u00ednica M\u00e9dica do Porto<\/span><\/cite><\/footer><\/blockquote><\/div>\n\t<\/div>\n\t<div class=\"kwayy-testimonial-box \"><div class=\"kwayy-testimonial-data\"><blockquote class=\"kwayy-testimonial-text\">\r\n\t\t\t\t<div class=\"contarea\">\t\t\t\t\t\r\n\t\t\t\t\t<div class=\"kwayy-tst-contarea-text\">Muito satisfeita com o tratamento de medicina est\u00e9tica, sinto-me novamente eu. Obrigado por toda a simpatia e por me aturar Dr. Manuel Rodrigues Sousa, admiro o seu profissionalismo e aten\u00e7\u00e3o. <\/div>\r\n\t\t\t\t\t\r\n\t\t\t\t<\/div><footer> <div class=\"kwayy-testimonial-img\"><img loading=\"lazy\" decoding=\"async\" width=\"60\" height=\"60\" src=\"https:\/\/clinicamedicadoporto.pt\/staging\/wp-content\/uploads\/2019\/08\/perfil-clinica-medica-do-porto-1-e1604515187835.png\" class=\"attachment-thumbnail size-thumbnail wp-post-image\" alt=\"Imagem-generica-clinica-medica-do-porto\" \/><\/div> <cite class=\"kwayy-testimonial-title\">Joana Vaz<span class=\"kwayy-testimonial-designation\">Paciente da Cl\u00ednica M\u00e9dica do Porto<\/span><\/cite><\/footer><\/blockquote><\/div>\n\t<\/div>\n\t<div class=\"kwayy-testimonial-box \"><div class=\"kwayy-testimonial-data\"><blockquote class=\"kwayy-testimonial-text\">\r\n\t\t\t\t<div class=\"contarea\">\t\t\t\t\t\r\n\t\t\t\t\t<div class=\"kwayy-tst-contarea-text\">Fui atendida com simpatia e disponibilidade, da parte da assistente, nos contactos pr\u00e9vios \u00e0 consulta. No dia da consulta tudo correu de forma adequada e apreciei bastante o servi\u00e7o entregue por parte do profissional M\u00e1rio Costa, levando-me a decidir marcar consultas seguintes.<\/div>\r\n\t\t\t\t\t\r\n\t\t\t\t<\/div><footer> <div class=\"kwayy-testimonial-img\"><img loading=\"lazy\" decoding=\"async\" width=\"60\" height=\"60\" src=\"https:\/\/clinicamedicadoporto.pt\/staging\/wp-content\/uploads\/2019\/08\/perfil-clinica-medica-do-porto-1-e1604515187835.png\" class=\"attachment-thumbnail size-thumbnail wp-post-image\" alt=\"Imagem-generica-clinica-medica-do-porto\" \/><\/div> <cite class=\"kwayy-testimonial-title\">Carla Ladeira<span class=\"kwayy-testimonial-designation\">Paciente da Cl\u00ednica M\u00e9dica do Porto<\/span><\/cite><\/footer><\/blockquote><\/div>\n\t<\/div>\n\t<div class=\"kwayy-testimonial-box \"><div class=\"kwayy-testimonial-data\"><blockquote class=\"kwayy-testimonial-text\">\r\n\t\t\t\t<div class=\"contarea\">\t\t\t\t\t\r\n\t\t\t\t\t<div class=\"kwayy-tst-contarea-text\">Gostei da Simpatia e Profissionalismo!\r\nObg. Voltarei<\/div>\r\n\t\t\t\t\t\r\n\t\t\t\t<\/div><footer> <div class=\"kwayy-testimonial-img\"><img loading=\"lazy\" decoding=\"async\" width=\"96\" height=\"96\" src=\"https:\/\/clinicamedicadoporto.pt\/staging\/wp-content\/uploads\/2021\/11\/Foto-Antonia-Jose-1.jpg\" class=\"attachment-thumbnail size-thumbnail wp-post-image\" alt=\"Foto-Testemunho-Antonia-Jose\" \/><\/div> <cite class=\"kwayy-testimonial-title\">Ant\u00f3nia Jos\u00e9<span class=\"kwayy-testimonial-designation\">Paciente da Cl\u00ednica M\u00e9dica do Porto<\/span><\/cite><\/footer><\/blockquote><\/div>\n\t<\/div>\n\t<div class=\"kwayy-testimonial-box \"><div class=\"kwayy-testimonial-data\"><blockquote class=\"kwayy-testimonial-text\">\r\n\t\t\t\t<div class=\"contarea\">\t\t\t\t\t\r\n\t\t\t\t\t<div class=\"kwayy-tst-contarea-text\">Simpatia, \u00e9tica profissional, atendimento e profissionalismo de excel\u00eancia. \r\nRecomendo!!!<\/div>\r\n\t\t\t\t\t\r\n\t\t\t\t<\/div><footer> <div class=\"kwayy-testimonial-img\"><img loading=\"lazy\" decoding=\"async\" width=\"96\" height=\"96\" src=\"https:\/\/clinicamedicadoporto.pt\/staging\/wp-content\/uploads\/2018\/07\/perfil-clinica-medica-do-porto-150x150.png\" class=\"attachment-thumbnail size-thumbnail wp-post-image\" alt=\"perfil-feminino-clinica-medica-do-porto\" srcset=\"https:\/\/clinicamedicadoporto.pt\/staging\/wp-content\/uploads\/2018\/07\/perfil-clinica-medica-do-porto-150x150.png 150w, https:\/\/clinicamedicadoporto.pt\/staging\/wp-content\/uploads\/2018\/07\/perfil-clinica-medica-do-porto-300x300.png 300w, https:\/\/clinicamedicadoporto.pt\/staging\/wp-content\/uploads\/2018\/07\/perfil-clinica-medica-do-porto-e1604515282169.png 60w\" sizes=\"auto, (max-width: 96px) 100vw, 96px\" \/><\/div> <cite class=\"kwayy-testimonial-title\">M Ferreira<span class=\"kwayy-testimonial-designation\">Paciente da Cl\u00ednica M\u00e9dica do Porto<\/span><\/cite><\/footer><\/blockquote><\/div>\n\t<\/div>\n\t<div class=\"kwayy-testimonial-box \"><div class=\"kwayy-testimonial-data\"><blockquote class=\"kwayy-testimonial-text\">\r\n\t\t\t\t<div class=\"contarea\">\t\t\t\t\t\r\n\t\t\t\t\t<div class=\"kwayy-tst-contarea-text\">Gostei do atendimento e do servi\u00e7o!<\/div>\r\n\t\t\t\t\t\r\n\t\t\t\t<\/div><footer> <div class=\"kwayy-testimonial-img\"><img loading=\"lazy\" decoding=\"async\" width=\"60\" height=\"60\" src=\"https:\/\/clinicamedicadoporto.pt\/staging\/wp-content\/uploads\/2021\/11\/Foto-Ca\u0302ndida-Paiva.png\" class=\"attachment-thumbnail size-thumbnail wp-post-image\" alt=\"Foto- Ca\u0302ndida-Paiva\" \/><\/div> <cite class=\"kwayy-testimonial-title\">C\u00e2ndida Paiva<span class=\"kwayy-testimonial-designation\">Paciente da Cl\u00ednica M\u00e9dica do Porto<\/span><\/cite><\/footer><\/blockquote><\/div>\n\t<\/div>\n\t<div class=\"kwayy-testimonial-box \"><div class=\"kwayy-testimonial-data\"><blockquote class=\"kwayy-testimonial-text\">\r\n\t\t\t\t<div class=\"contarea\">\t\t\t\t\t\r\n\t\t\t\t\t<div class=\"kwayy-tst-contarea-text\">Recomendo sem d\u00favida alguma \ud83d\udc4c\r\nO meu filho \u00e9 seguido pelo osteopata pedi\u00e1trico (Dr. Tiago Monteiro) desde que nasceu e n\u00e3o podia estar mais satisfeita!\r\nO Dr. Tiago Monteiro \u00e9 um doce com os beb\u00e9s e mostra gosto no que faz ! Faz \"milagres\" \u263a\ufe0f\r\nDeixo tamb\u00e9m um agradecimento \u00e0s rececionistas, que para al\u00e9m de simp\u00e1ticas s\u00e3o super profissionais.<\/div>\r\n\t\t\t\t\t\r\n\t\t\t\t<\/div><footer> <div class=\"kwayy-testimonial-img\"><img loading=\"lazy\" decoding=\"async\" width=\"96\" height=\"96\" src=\"https:\/\/clinicamedicadoporto.pt\/staging\/wp-content\/uploads\/2021\/10\/Foto-Kelly-Carvalho.jpg\" class=\"attachment-thumbnail size-thumbnail wp-post-image\" alt=\"Foto-Kelly-Carvalho\" \/><\/div> <cite class=\"kwayy-testimonial-title\">Kelly Carvalho<span class=\"kwayy-testimonial-designation\">M\u00e3e de Beb\u00e9 Paciente da Cl\u00ednica M\u00e9dica do Porto<\/span><\/cite><\/footer><\/blockquote><\/div>\n\t<\/div>\n\t<div class=\"kwayy-testimonial-box \"><div class=\"kwayy-testimonial-data\"><blockquote class=\"kwayy-testimonial-text\">\r\n\t\t\t\t<div class=\"contarea\">\t\t\t\t\t\r\n\t\t\t\t\t<div class=\"kwayy-tst-contarea-text\">Atendimento espetacular. Levamos o nosso filhote de 1 m\u00eas a uma consulta com o osteopata Dr Tiago e foi uma experi\u00eancia excelente. Muito querido no trato do beb\u00e9 e compreensivo connosco! No atendimento em geral foi r\u00e1pido desde marcar a consulta ao acolhimento, sem d\u00favida que recomendamos!<\/div>\r\n\t\t\t\t\t\r\n\t\t\t\t<\/div><footer> <div class=\"kwayy-testimonial-img\"><img loading=\"lazy\" decoding=\"async\" width=\"60\" height=\"60\" src=\"https:\/\/clinicamedicadoporto.pt\/staging\/wp-content\/uploads\/2021\/10\/Foto-Ana-Baptista.png\" class=\"attachment-thumbnail size-thumbnail wp-post-image\" alt=\"Foto-Ana-Baptista\" \/><\/div> <cite class=\"kwayy-testimonial-title\">Ana Baptista<span class=\"kwayy-testimonial-designation\">M\u00e3e de Paciente da Cl\u00ednica M\u00e9dica od Porto<\/span><\/cite><\/footer><\/blockquote><\/div>\n\t<\/div>\n\t<div class=\"kwayy-testimonial-box \"><div class=\"kwayy-testimonial-data\"><blockquote class=\"kwayy-testimonial-text\">\r\n\t\t\t\t<div class=\"contarea\">\t\t\t\t\t\r\n\t\t\t\t\t<div class=\"kwayy-tst-contarea-text\">J\u00e1 fui a v\u00e1rias consultas na Cl\u00ednica M\u00e9dica do Porto, da terapeuta Tatiana Sousa e da Dr.\u00aa Erm\u00ednia Afonso, e fui sempre muito bem atendida e com bons resultados nos tratamentos realizados. Recomendo vivamente!<\/div>\r\n\t\t\t\t\t\r\n\t\t\t\t<\/div><footer> <div class=\"kwayy-testimonial-img\"><img loading=\"lazy\" decoding=\"async\" width=\"60\" height=\"60\" src=\"https:\/\/clinicamedicadoporto.pt\/staging\/wp-content\/uploads\/2019\/08\/perfil-clinica-medica-do-porto-1-e1604515187835.png\" class=\"attachment-thumbnail size-thumbnail wp-post-image\" alt=\"Imagem-generica-clinica-medica-do-porto\" \/><\/div> <cite class=\"kwayy-testimonial-title\">Ana Rita<span class=\"kwayy-testimonial-designation\">Paciente da Cl\u00ednica M\u00e9dica do Porto<\/span><\/cite><\/footer><\/blockquote><\/div>\n\t<\/div>\n\t<div class=\"kwayy-testimonial-box \"><div class=\"kwayy-testimonial-data\"><blockquote class=\"kwayy-testimonial-text\">\r\n\t\t\t\t<div class=\"contarea\">\t\t\t\t\t\r\n\t\t\t\t\t<div class=\"kwayy-tst-contarea-text\">O que me levou \u00e0 Cl\u00ednica foram as ins\u00f3nias. De muita procura encontrei o s\u00edtio certo para as tratar. Comecei a fazer acupuntura com a Terapeuta Tatiana que \u00e9 uma excelente profissional. Ainda vou a meio do tratamento mas come\u00e7o a percebe que efectivamente estou muito melhor. O meu muito obrigado \u00e0 Terapeuta Tatiana.<\/div>\r\n\t\t\t\t\t\r\n\t\t\t\t<\/div><footer> <div class=\"kwayy-testimonial-img\"><img loading=\"lazy\" decoding=\"async\" width=\"60\" height=\"60\" src=\"https:\/\/clinicamedicadoporto.pt\/staging\/wp-content\/uploads\/2019\/08\/perfil-clinica-medica-do-porto-1-e1604515187835.png\" class=\"attachment-thumbnail size-thumbnail wp-post-image\" alt=\"Imagem-generica-clinica-medica-do-porto\" \/><\/div> <cite class=\"kwayy-testimonial-title\">Alice Moreira<span class=\"kwayy-testimonial-designation\">Paciente da Cl\u00ednica M\u00e9dica do Porto<\/span><\/cite><\/footer><\/blockquote><\/div>\n\t<\/div>\n\t<div class=\"kwayy-testimonial-box \"><div class=\"kwayy-testimonial-data\"><blockquote class=\"kwayy-testimonial-text\">\r\n\t\t\t\t<div class=\"contarea\">\t\t\t\t\t\r\n\t\t\t\t\t<div class=\"kwayy-tst-contarea-text\">Super bem atendida com todo o cuidado necess\u00e1rio. J\u00e1 conhecia o Dr Tiago pois foi m\u00e9dico do meu filho. Recomendo 5*<\/div>\r\n\t\t\t\t\t\r\n\t\t\t\t<\/div><footer> <div class=\"kwayy-testimonial-img\"><img loading=\"lazy\" decoding=\"async\" width=\"60\" height=\"60\" src=\"https:\/\/clinicamedicadoporto.pt\/staging\/wp-content\/uploads\/2021\/09\/Foto-Janina-Ribeiro.png\" class=\"attachment-thumbnail size-thumbnail wp-post-image\" alt=\"Foto-Janina Ribeiro\" \/><\/div> <cite class=\"kwayy-testimonial-title\">Janina Ribeiro<span class=\"kwayy-testimonial-designation\">Paciente da Cl\u00ednica M\u00e9dica do Porto<\/span><\/cite><\/footer><\/blockquote><\/div>\n\t<\/div>\n\t<div class=\"kwayy-testimonial-box \"><div class=\"kwayy-testimonial-data\"><blockquote class=\"kwayy-testimonial-text\">\r\n\t\t\t\t<div class=\"contarea\">\t\t\t\t\t\r\n\t\t\t\t\t<div class=\"kwayy-tst-contarea-text\">Este ano desafiante levou-me \u00e0 procura de novos meios para recuperar energia e tranquilidade. Tem sido atrav\u00e9s da Medicina Tradicional Chinesa que tenho reencontrado o meu equil\u00edbrio. Obrigada Cl\u00ednica M\u00e9dica do Porto e, mais concretamente, Dra. Tatiana Calv\u00e3o Sousa.<\/div>\r\n\t\t\t\t\t\r\n\t\t\t\t<\/div><footer> <div class=\"kwayy-testimonial-img\"><img loading=\"lazy\" decoding=\"async\" width=\"60\" height=\"60\" src=\"https:\/\/clinicamedicadoporto.pt\/staging\/wp-content\/uploads\/2021\/09\/Foto-Ana-Dias.png\" class=\"attachment-thumbnail size-thumbnail wp-post-image\" alt=\"Foto Ana Dias Testemunho Consulta Acupuntura\" \/><\/div> <cite class=\"kwayy-testimonial-title\">Ana Dias<span class=\"kwayy-testimonial-designation\">Paciente da Cl\u00ednica M\u00e9dica do Porto<\/span><\/cite><\/footer><\/blockquote><\/div>\n\t<\/div>\n\t<div class=\"kwayy-testimonial-box \"><div class=\"kwayy-testimonial-data\"><blockquote class=\"kwayy-testimonial-text\">\r\n\t\t\t\t<div class=\"contarea\">\t\t\t\t\t\r\n\t\t\t\t\t<div class=\"kwayy-tst-contarea-text\">Fiz harmoniza\u00e7\u00e3o facial completa com \u00e1cido hialur\u00f3nico e Radiesse, uma amiga recomendou-me o Dr Rodrigues Sousa e estou super satisfeita. Resultado natural, sem exageros e sinto-me muito mais feliz comigo mesma. Obrigado pela sua incr\u00edvel simpatia, disponibilidade (\u2026).\r\nRecomendo! J\u00e1 tinha experimentado outro s\u00edtios mas sem compara\u00e7\u00e3o. (\u2026) Obrigado a Cl\u00ednica M\u00e9dica do Porto<\/div>\r\n\t\t\t\t\t\r\n\t\t\t\t<\/div><footer> <div class=\"kwayy-testimonial-img\"><img loading=\"lazy\" decoding=\"async\" width=\"60\" height=\"60\" src=\"https:\/\/clinicamedicadoporto.pt\/staging\/wp-content\/uploads\/2019\/08\/perfil-clinica-medica-do-porto-1-e1604515187835.png\" class=\"attachment-thumbnail size-thumbnail wp-post-image\" alt=\"Imagem-generica-clinica-medica-do-porto\" \/><\/div> <cite class=\"kwayy-testimonial-title\">Beatriz Sousa<span class=\"kwayy-testimonial-designation\">Paciente da Cl\u00ednica M\u00e9dica do Porto<\/span><\/cite><\/footer><\/blockquote><\/div>\n\t<\/div>\n\t<div class=\"kwayy-testimonial-box \"><div class=\"kwayy-testimonial-data\"><blockquote class=\"kwayy-testimonial-text\">\r\n\t\t\t\t<div class=\"contarea\">\t\t\t\t\t\r\n\t\t\t\t\t<div class=\"kwayy-tst-contarea-text\">Visito esta cl\u00ednica regularmente, tem um excelente atendimento e cuidado com os clientes. \r\nA fisioterapeuta J\u00falia Panadero \u00e9 uma excelente profissional e de uma enorme simpatia.\r\n\r\n<\/div>\r\n\t\t\t\t\t\r\n\t\t\t\t<\/div><footer> <div class=\"kwayy-testimonial-img\"><img loading=\"lazy\" decoding=\"async\" width=\"60\" height=\"60\" src=\"https:\/\/clinicamedicadoporto.pt\/staging\/wp-content\/uploads\/2021\/09\/Foto-Micaela-Querido.png\" class=\"attachment-thumbnail size-thumbnail wp-post-image\" alt=\"Foto-Micaela-Querido\" \/><\/div> <cite class=\"kwayy-testimonial-title\">Micaela Querido<span class=\"kwayy-testimonial-designation\">Paciente da Cl\u00ednica M\u00e9dica do Porto<\/span><\/cite><\/footer><\/blockquote><\/div>\n\t<\/div>\n\t<div class=\"kwayy-testimonial-box \"><div class=\"kwayy-testimonial-data\"><blockquote class=\"kwayy-testimonial-text\">\r\n\t\t\t\t<div class=\"contarea\">\t\t\t\t\t\r\n\t\t\t\t\t<div class=\"kwayy-tst-contarea-text\">Atendimento pontual, gentil e personalizado. O Dr. Manuel Rodrigues de Sousa foi muito profissional, atencioso e claro quanto aos procedimentos a efetuar.Total transpar\u00eancia da cl\u00ednica na publicita\u00e7\u00e3o dos pre\u00e7os. Parab\u00e9ns!<\/div>\r\n\t\t\t\t\t\r\n\t\t\t\t<\/div><footer> <div class=\"kwayy-testimonial-img\"><img loading=\"lazy\" decoding=\"async\" width=\"60\" height=\"60\" src=\"https:\/\/clinicamedicadoporto.pt\/staging\/wp-content\/uploads\/2019\/08\/perfil-clinica-medica-do-porto-1-e1604515187835.png\" class=\"attachment-thumbnail size-thumbnail wp-post-image\" alt=\"Imagem-generica-clinica-medica-do-porto\" \/><\/div> <cite class=\"kwayy-testimonial-title\">Joana Ribeiro<span class=\"kwayy-testimonial-designation\">Paciente da Cl\u00ednica M\u00e9dica do Porto<\/span><\/cite><\/footer><\/blockquote><\/div>\n\t<\/div>\n\t<div class=\"kwayy-testimonial-box \"><div class=\"kwayy-testimonial-data\"><blockquote class=\"kwayy-testimonial-text\">\r\n\t\t\t\t<div class=\"contarea\">\t\t\t\t\t\r\n\t\t\t\t\t<div class=\"kwayy-tst-contarea-text\">Excelente atendimento, \r\nbom pre\u00e7o, \r\nrecomendo!<\/div>\r\n\t\t\t\t\t\r\n\t\t\t\t<\/div><footer> <div class=\"kwayy-testimonial-img\"><img loading=\"lazy\" decoding=\"async\" width=\"60\" height=\"60\" src=\"https:\/\/clinicamedicadoporto.pt\/staging\/wp-content\/uploads\/2021\/08\/Foto-Duarte-Cabral.png\" class=\"attachment-thumbnail size-thumbnail wp-post-image\" alt=\"Foto-Duarte-Cabral\" \/><\/div> <cite class=\"kwayy-testimonial-title\">Duarte Cabral<span class=\"kwayy-testimonial-designation\">Paciente da Cl\u00ednica M\u00e9dica do Porto<\/span><\/cite><\/footer><\/blockquote><\/div>\n\t<\/div>\n\t<div class=\"kwayy-testimonial-box \"><div class=\"kwayy-testimonial-data\"><blockquote class=\"kwayy-testimonial-text\">\r\n\t\t\t\t<div class=\"contarea\">\t\t\t\t\t\r\n\t\t\t\t\t<div class=\"kwayy-tst-contarea-text\">Na Cl\u00ednica M\u00e9dica do Porto encontrei uma equipa de pessoas muito sol\u00edcitas e profissionais. \r\nUma nota especial para a Terapeuta de Medicina Chinesa, Tatiana Calv\u00e3o Sousa, que atrav\u00e9s das sess\u00f5es de Acupuntura me ajudou a regularizar o meu sono e a recuperar a minha vitalidade - sinto-me bem como n\u00e3o me sentia h\u00e1 anos. Um grande bem-haja a todos.<\/div>\r\n\t\t\t\t\t\r\n\t\t\t\t<\/div><footer> <div class=\"kwayy-testimonial-img\"><img loading=\"lazy\" decoding=\"async\" width=\"96\" height=\"96\" src=\"https:\/\/clinicamedicadoporto.pt\/staging\/wp-content\/uploads\/2021\/08\/Testemunho-Acupuntura-Clinica-Porto-Cremilde-Soares.jpg\" class=\"attachment-thumbnail size-thumbnail wp-post-image\" alt=\"Testemunho-Acupuntura-Clinica-Porto-Cremilde-Soares\" \/><\/div> <cite class=\"kwayy-testimonial-title\">Cremilde Soares<span class=\"kwayy-testimonial-designation\">Paciente da Cl\u00ednica M\u00e9dica do Porto<\/span><\/cite><\/footer><\/blockquote><\/div>\n\t<\/div>\n\t<div class=\"kwayy-testimonial-box \"><div class=\"kwayy-testimonial-data\"><blockquote class=\"kwayy-testimonial-text\">\r\n\t\t\t\t<div class=\"contarea\">\t\t\t\t\t\r\n\t\t\t\t\t<div class=\"kwayy-tst-contarea-text\">Equipe simp\u00e1tica, profissional e pr\u00e1tica. Adorei e super recomendo! \ud83d\ude42<\/div>\r\n\t\t\t\t\t\r\n\t\t\t\t<\/div><footer> <div class=\"kwayy-testimonial-img\"><img loading=\"lazy\" decoding=\"async\" width=\"1\" height=\"1\" src=\"https:\/\/clinicamedicadoporto.pt\/staging\/wp-content\/uploads\/2021\/06\/perfil-clinica-medica-do-porto-webhp.png\" class=\"attachment-thumbnail size-thumbnail wp-post-image\" alt=\"imagem-perfil-feminio-clinica-medica-do-porto\" \/><\/div> <cite class=\"kwayy-testimonial-title\">Margarida Melo Freitas<span class=\"kwayy-testimonial-designation\">Paciente da Cl\u00ednica M\u00e9dica do Porto<\/span><\/cite><\/footer><\/blockquote><\/div>\n\t<\/div>\n\t<div class=\"kwayy-testimonial-box \"><div class=\"kwayy-testimonial-data\"><blockquote class=\"kwayy-testimonial-text\">\r\n\t\t\t\t<div class=\"contarea\">\t\t\t\t\t\r\n\t\t\t\t\t<div class=\"kwayy-tst-contarea-text\">A visita \u00e0 Cl\u00ednica M\u00e9dica do Porto revelou-se uma experi\u00eancia Fant\u00e1stica!!! \r\nPelo profissionalismo, compet\u00eancia, confian\u00e7a, carisma e delicadeza do m\u00e9dico de medicina est\u00e9tica Dr. Manuel Rodrigues de Sousa. \r\nO resultado da interven\u00e7\u00e3o foi bel\u00edssimo, senti-me rejuvenescida, mantendo todas as minhas express\u00f5es e aspeto natural. \r\nExperi\u00eancia a repetir!!! \r\nRecomento a Tod@s. Muito obrigada.<\/div>\r\n\t\t\t\t\t\r\n\t\t\t\t<\/div><footer> <div class=\"kwayy-testimonial-img\"><img loading=\"lazy\" decoding=\"async\" width=\"96\" height=\"96\" src=\"https:\/\/clinicamedicadoporto.pt\/staging\/wp-content\/uploads\/2021\/08\/maria-caldeira.jpg\" class=\"attachment-thumbnail size-thumbnail wp-post-image\" alt=\"Foto-Maria-Caldeira-Paciente-Clinica-Porto\" \/><\/div> <cite class=\"kwayy-testimonial-title\">Maria Caldeira<span class=\"kwayy-testimonial-designation\">Paciente da Cl\u00ednica M\u00e9dica do Porto<\/span><\/cite><\/footer><\/blockquote><\/div>\n\t<\/div>\n\t<div class=\"kwayy-testimonial-box \"><div class=\"kwayy-testimonial-data\"><blockquote class=\"kwayy-testimonial-text\">\r\n\t\t\t\t<div class=\"contarea\">\t\t\t\t\t\r\n\t\t\t\t\t<div class=\"kwayy-tst-contarea-text\">Primeira consulta. \r\nTrabalho excelente dos profissionais que me atenderam. \r\nRecomendo.<\/div>\r\n\t\t\t\t\t\r\n\t\t\t\t<\/div><footer> <div class=\"kwayy-testimonial-img\"><img loading=\"lazy\" decoding=\"async\" width=\"1\" height=\"1\" src=\"https:\/\/clinicamedicadoporto.pt\/staging\/wp-content\/uploads\/2021\/06\/perfil-masculino-clinica-medica-do-porto-webhp.png\" class=\"attachment-thumbnail size-thumbnail wp-post-image\" alt=\"imagem-perfil-masculino-clinica-medica-do-porto\" \/><\/div> <cite class=\"kwayy-testimonial-title\">Manuel Pereira<span class=\"kwayy-testimonial-designation\">Paciente da Cl\u00ednica M\u00e9dica do Porto<\/span><\/cite><\/footer><\/blockquote><\/div>\n\t<\/div>\n\t<div class=\"kwayy-testimonial-box \"><div class=\"kwayy-testimonial-data\"><blockquote class=\"kwayy-testimonial-text\">\r\n\t\t\t\t<div class=\"contarea\">\t\t\t\t\t\r\n\t\t\t\t\t<div class=\"kwayy-tst-contarea-text\">Atendimento bom, e boa localiza\u00e7\u00e3o, fui, voltarei e recomendo!<\/div>\r\n\t\t\t\t\t\r\n\t\t\t\t<\/div><footer> <div class=\"kwayy-testimonial-img\"><img loading=\"lazy\" decoding=\"async\" width=\"1\" height=\"1\" src=\"https:\/\/clinicamedicadoporto.pt\/staging\/wp-content\/uploads\/2021\/06\/perfil-clinica-medica-do-porto-webhp.png\" class=\"attachment-thumbnail size-thumbnail wp-post-image\" alt=\"imagem-perfil-feminio-clinica-medica-do-porto\" \/><\/div> <cite class=\"kwayy-testimonial-title\">Shirley Takemura<span class=\"kwayy-testimonial-designation\">Paciente da Cl\u00ednica M\u00e9dica do Porto<\/span><\/cite><\/footer><\/blockquote><\/div>\n\t<\/div>\n\t<div class=\"kwayy-testimonial-box \"><div class=\"kwayy-testimonial-data\"><blockquote class=\"kwayy-testimonial-text\">\r\n\t\t\t\t<div class=\"contarea\">\t\t\t\t\t\r\n\t\t\t\t\t<div class=\"kwayy-tst-contarea-text\">J'ai consult\u00e9 Dr Manuel , un professionnel des plus sympathiques, un r\u00e9sultat bluffant!! Merci a vous et \u00e0 tr\u00e8s bient\u00f4t.<\/div>\r\n\t\t\t\t\t\r\n\t\t\t\t<\/div><footer> <div class=\"kwayy-testimonial-img\"><img loading=\"lazy\" decoding=\"async\" width=\"60\" height=\"60\" src=\"https:\/\/clinicamedicadoporto.pt\/staging\/wp-content\/uploads\/2021\/08\/Foto-Celia-Fortin.png\" class=\"attachment-thumbnail size-thumbnail wp-post-image\" alt=\"Foto-Celia-Fortin\" \/><\/div> <cite class=\"kwayy-testimonial-title\">Celia Fortin<span class=\"kwayy-testimonial-designation\">Paciente da Cl\u00ednica M\u00e9dica do Porto<\/span><\/cite><\/footer><\/blockquote><\/div>\n\t<\/div>\n\t<div class=\"kwayy-testimonial-box \"><div class=\"kwayy-testimonial-data\"><blockquote class=\"kwayy-testimonial-text\">\r\n\t\t\t\t<div class=\"contarea\">\t\t\t\t\t\r\n\t\t\t\t\t<div class=\"kwayy-tst-contarea-text\">Fui pela primeira vez a esta cl\u00ednica e o que posso dizer no momento, adorei o atendimento. Pontual no hor\u00e1rio, rece\u00e7\u00e3o muito atenciosa e a Dra Maria Jos\u00e9 foi maravilhosa (...) Foi sem d\u00favida, a minha melhor consulta m\u00e9dica aqui em Portugal. (...)<\/div>\r\n\t\t\t\t\t\r\n\t\t\t\t<\/div><footer> <div class=\"kwayy-testimonial-img\"><img loading=\"lazy\" decoding=\"async\" width=\"60\" height=\"60\" src=\"https:\/\/clinicamedicadoporto.pt\/staging\/wp-content\/uploads\/2021\/07\/Foto-Maria-Aparecida-Souza-dos-Santos.png\" class=\"attachment-thumbnail size-thumbnail wp-post-image\" alt=\"Foto-Maria-Aparecida-Souza dos Santos\" \/><\/div> <cite class=\"kwayy-testimonial-title\">Maria Aparecida Souza dos Santos<span class=\"kwayy-testimonial-designation\">Paciente da Cl\u00ednica M\u00e9dica do Porto<\/span><\/cite><\/footer><\/blockquote><\/div>\n\t<\/div>\n\t<div class=\"kwayy-testimonial-box \"><div class=\"kwayy-testimonial-data\"><blockquote class=\"kwayy-testimonial-text\">\r\n\t\t\t\t<div class=\"contarea\">\t\t\t\t\t\r\n\t\t\t\t\t<div class=\"kwayy-tst-contarea-text\">As sess\u00f5es de acupuntura e ventosas na Cl\u00ednica M\u00e9dica do Porto foram uma ajuda super valiosa para recuperar de uma les\u00e3o muscular que me incomodava h\u00e1 meses! Depois de visitar v\u00e1rios especialistas sem obter grande evolu\u00e7\u00e3o da situa\u00e7\u00e3o, foi com a terapeuta Tatiana Sousa que em poucas sess\u00f5es n\u00e3o s\u00f3 recuperei a mobilidade total do meu ombro como a dor entretanto tamb\u00e9m desapareceu.\r\n<\/div>\r\n\t\t\t\t\t\r\n\t\t\t\t<\/div><footer> <div class=\"kwayy-testimonial-img\"><img loading=\"lazy\" decoding=\"async\" width=\"96\" height=\"96\" src=\"https:\/\/clinicamedicadoporto.pt\/staging\/wp-content\/uploads\/2021\/07\/Foto-Toma\u0301s-Fernandes.jpg\" class=\"attachment-thumbnail size-thumbnail wp-post-image\" alt=\"Foto-Toma\u0301s-Fernandes-Testemunho-Acupuntura-Clinica-Porto\" \/><\/div> <cite class=\"kwayy-testimonial-title\">Tom\u00e1s Fernandes<span class=\"kwayy-testimonial-designation\">Paciente da Cl\u00ednica M\u00e9dica do Porto<\/span><\/cite><\/footer><\/blockquote><\/div>\n\t<\/div>\n\t<div class=\"kwayy-testimonial-box \"><div class=\"kwayy-testimonial-data\"><blockquote class=\"kwayy-testimonial-text\">\r\n\t\t\t\t<div class=\"contarea\">\t\t\t\t\t\r\n\t\t\t\t\t<div class=\"kwayy-tst-contarea-text\">N\u00e3o estava \u00e0 espera de que a m\u00e9dica nutricionista que me atendeu fosse o que eu realmente procurava, embora duvidasse que pudesse encontrar em Portugal uma abordagem dentro dos par\u00e2metros dos mais avan\u00e7ados estudos a n\u00edvel mundial.<\/div>\r\n\t\t\t\t\t\r\n\t\t\t\t<\/div><footer> <div class=\"kwayy-testimonial-img\"><img loading=\"lazy\" decoding=\"async\" width=\"1\" height=\"1\" src=\"https:\/\/clinicamedicadoporto.pt\/staging\/wp-content\/uploads\/2021\/06\/Foto-Laura-Garcez.png\" class=\"attachment-thumbnail size-thumbnail wp-post-image\" alt=\"Testemunho Laura Garcez\" \/><\/div> <cite class=\"kwayy-testimonial-title\">Laura Garcez<span class=\"kwayy-testimonial-designation\">Paciente da Cl\u00ednica M\u00e9dica do Porto<\/span><\/cite><\/footer><\/blockquote><\/div>\n\t<\/div>\n\t<div class=\"kwayy-testimonial-box \"><div class=\"kwayy-testimonial-data\"><blockquote class=\"kwayy-testimonial-text\">\r\n\t\t\t\t<div class=\"contarea\">\t\t\t\t\t\r\n\t\t\t\t\t<div class=\"kwayy-tst-contarea-text\">Muito profissionais e focados na pessoa, para conhecer verdadeiramente o seu problema. \r\nSimpatia extrema dos terapeutas e pessoal administrativo. \r\nCl\u00ednica a frequentar, sempre que surjam sinais de alerta na cervical e lombar.<\/div>\r\n\t\t\t\t\t\r\n\t\t\t\t<\/div><footer> <div class=\"kwayy-testimonial-img\"><img loading=\"lazy\" decoding=\"async\" width=\"1\" height=\"1\" src=\"https:\/\/clinicamedicadoporto.pt\/staging\/wp-content\/uploads\/2021\/06\/perfil-clinica-medica-do-porto-webhp.png\" class=\"attachment-thumbnail size-thumbnail wp-post-image\" alt=\"imagem-perfil-feminio-clinica-medica-do-porto\" \/><\/div> <cite class=\"kwayy-testimonial-title\">Felicidade Ferreira<span class=\"kwayy-testimonial-designation\">Paciente da Cl\u00ednica M\u00e9dica do Porto<\/span><\/cite><\/footer><\/blockquote><\/div>\n\t<\/div>\n\t<div class=\"kwayy-testimonial-box \"><div class=\"kwayy-testimonial-data\"><blockquote class=\"kwayy-testimonial-text\">\r\n\t\t\t\t<div class=\"contarea\">\t\t\t\t\t\r\n\t\t\t\t\t<div class=\"kwayy-tst-contarea-text\">Fiz aplica\u00e7\u00e3o de botox com o Dr. Manuel Rodrigues e foi perfeito!\r\nSuperou minhas expectativas. \r\nRecomendo<\/div>\r\n\t\t\t\t\t\r\n\t\t\t\t<\/div><footer> <div class=\"kwayy-testimonial-img\"><img loading=\"lazy\" decoding=\"async\" width=\"1\" height=\"1\" src=\"https:\/\/clinicamedicadoporto.pt\/staging\/wp-content\/uploads\/2021\/06\/perfil-clinica-medica-do-porto-webhp.png\" class=\"attachment-thumbnail size-thumbnail wp-post-image\" alt=\"imagem-perfil-feminio-clinica-medica-do-porto\" \/><\/div> <cite class=\"kwayy-testimonial-title\">Juliana Athayde<span class=\"kwayy-testimonial-designation\">Paciente da Cl\u00ednica M\u00e9dica do Porto<\/span><\/cite><\/footer><\/blockquote><\/div>\n\t<\/div>\n\t<div class=\"kwayy-testimonial-box \"><div class=\"kwayy-testimonial-data\"><blockquote class=\"kwayy-testimonial-text\">\r\n\t\t\t\t<div class=\"contarea\">\t\t\t\t\t\r\n\t\t\t\t\t<div class=\"kwayy-tst-contarea-text\">... resolvi marcar uma consulta com a ginecologista Dra. Erminia, adorei a consulta, ela tirou todas as d\u00favidas que eu tinha e solicitou as an\u00e1lises de sangue que eu queria fazer (...) a Dra. Erminia me mandou uma receita, via SMS para que eu come\u00e7asse o tratamento com ferro. Na cl\u00ednica as profissionais s\u00e3o muito atenciosas (recep\u00e7\u00e3o e m\u00e9dica) e est\u00e3o prontas para te atender bem, al\u00e9m do mais, na consulta, pude fazer o ultrassom e ver mais uma vez a minha beb\u00ea.<\/div>\r\n\t\t\t\t\t\r\n\t\t\t\t<\/div><footer> <div class=\"kwayy-testimonial-img\"><img loading=\"lazy\" decoding=\"async\" width=\"1\" height=\"1\" src=\"https:\/\/clinicamedicadoporto.pt\/staging\/wp-content\/uploads\/2021\/06\/Hillary-E.png\" class=\"attachment-thumbnail size-thumbnail wp-post-image\" alt=\"Testemunho de Hillary E\" \/><\/div> <cite class=\"kwayy-testimonial-title\">Hillary E<span class=\"kwayy-testimonial-designation\">Paciente da Cl\u00ednica M\u00e9dica do Porto<\/span><\/cite><\/footer><\/blockquote><\/div>\n\t<\/div>\n\t<div class=\"kwayy-testimonial-box \"><div class=\"kwayy-testimonial-data\"><blockquote class=\"kwayy-testimonial-text\">\r\n\t\t\t\t<div class=\"contarea\">\t\t\t\t\t\r\n\t\t\t\t\t<div class=\"kwayy-tst-contarea-text\">Depois de ter visitado in\u00fameros profissionais para tratar de uma contratura, a Tatiana da Cl\u00ednica M\u00e9dica do Porto foi a \u00fanica que, em meia d\u00fazia de sess\u00f5es, me conseguiu resolver o meu problema.<\/div>\r\n\t\t\t\t\t\r\n\t\t\t\t<\/div><footer> <div class=\"kwayy-testimonial-img\"><img loading=\"lazy\" decoding=\"async\" width=\"1\" height=\"1\" src=\"https:\/\/clinicamedicadoporto.pt\/staging\/wp-content\/uploads\/2021\/06\/perfil-masculino-clinica-medica-do-porto-webhp.png\" class=\"attachment-thumbnail size-thumbnail wp-post-image\" alt=\"imagem-perfil-masculino-clinica-medica-do-porto\" \/><\/div> <cite class=\"kwayy-testimonial-title\">Tiago Ferreira<span class=\"kwayy-testimonial-designation\">Paciente da Cl\u00ednica M\u00e9dica do Porto<\/span><\/cite><\/footer><\/blockquote><\/div>\n\t<\/div>\n\t<div class=\"kwayy-testimonial-box \"><div class=\"kwayy-testimonial-data\"><blockquote class=\"kwayy-testimonial-text\">\r\n\t\t\t\t<div class=\"contarea\">\t\t\t\t\t\r\n\t\t\t\t\t<div class=\"kwayy-tst-contarea-text\">Atendimento de excel\u00eancia desde os 1 contatos telef\u00f3nicos, recep\u00e7\u00e3o e atendimento por parte de profissionais de sa\u00fade de alta qualidade, Resumindo recomendo vivamente este espa\u00e7o.<\/div>\r\n\t\t\t\t\t\r\n\t\t\t\t<\/div><footer> <div class=\"kwayy-testimonial-img\"><img loading=\"lazy\" decoding=\"async\" width=\"60\" height=\"60\" src=\"https:\/\/clinicamedicadoporto.pt\/staging\/wp-content\/uploads\/2021\/05\/Carlos-Domingues.png\" class=\"attachment-thumbnail size-thumbnail wp-post-image\" alt=\"\" \/><\/div> <cite class=\"kwayy-testimonial-title\">Carlos Domingues<span class=\"kwayy-testimonial-designation\">Paciente de Cl\u00ednica M\u00e9dica do Porto<\/span><\/cite><\/footer><\/blockquote><\/div>\n\t<\/div>\n\t<div class=\"kwayy-testimonial-box \"><div class=\"kwayy-testimonial-data\"><blockquote class=\"kwayy-testimonial-text\">\r\n\t\t\t\t<div class=\"contarea\">\t\t\t\t\t\r\n\t\t\t\t\t<div class=\"kwayy-tst-contarea-text\">Equipa fant\u00e1stica! Parab\u00e9ns pelo maravilhoso trabalho!<\/div>\r\n\t\t\t\t\t\r\n\t\t\t\t<\/div><footer> <div class=\"kwayy-testimonial-img\"><img loading=\"lazy\" decoding=\"async\" width=\"60\" height=\"60\" src=\"https:\/\/clinicamedicadoporto.pt\/staging\/wp-content\/uploads\/2021\/05\/Ana-Vieira-da-Silva-60-60.jpg\" class=\"attachment-thumbnail size-thumbnail wp-post-image\" alt=\"Testemunho de Ana Vieira da Silva\" \/><\/div> <cite class=\"kwayy-testimonial-title\">Ana Vieira da Silva<\/cite><\/footer><\/blockquote><\/div>\n\t<\/div>\n\t<div class=\"kwayy-testimonial-box \"><div class=\"kwayy-testimonial-data\"><blockquote class=\"kwayy-testimonial-text\">\r\n\t\t\t\t<div class=\"contarea\">\t\t\t\t\t\r\n\t\t\t\t\t<div class=\"kwayy-tst-contarea-text\">Excelentes profissionais e atendimento.<\/div>\r\n\t\t\t\t\t\r\n\t\t\t\t<\/div><footer> <div class=\"kwayy-testimonial-img\"><img loading=\"lazy\" decoding=\"async\" width=\"60\" height=\"60\" src=\"https:\/\/clinicamedicadoporto.pt\/staging\/wp-content\/uploads\/2021\/05\/Sara-Moreira.png\" class=\"attachment-thumbnail size-thumbnail wp-post-image\" alt=\"Testemunho de Sara Moreira\" \/><\/div> <cite class=\"kwayy-testimonial-title\">Sara Moreira<\/cite><\/footer><\/blockquote><\/div>\n\t<\/div>\n\t<div class=\"kwayy-testimonial-box \"><div class=\"kwayy-testimonial-data\"><blockquote class=\"kwayy-testimonial-text\">\r\n\t\t\t\t<div class=\"contarea\">\t\t\t\t\t\r\n\t\t\t\t\t<div class=\"kwayy-tst-contarea-text\">Um excelente atendimento e acompanhamento, entre profissionais sempre dispon\u00edveis e cordiais, com compet\u00eancia aprofundada nas diferentes \u00e1reas cl\u00ednicas.<\/div>\r\n\t\t\t\t\t\r\n\t\t\t\t<\/div><footer> <div class=\"kwayy-testimonial-img\"><img loading=\"lazy\" decoding=\"async\" width=\"60\" height=\"60\" src=\"https:\/\/clinicamedicadoporto.pt\/staging\/wp-content\/uploads\/2021\/04\/Foto-Sergio-Vaz.png\" class=\"attachment-thumbnail size-thumbnail wp-post-image\" alt=\"Foto-Sergio-Vaz\" \/><\/div> <cite class=\"kwayy-testimonial-title\">S\u00e9rgio Vaz<span class=\"kwayy-testimonial-designation\">Paciente da Cl\u00ednica M\u00e9dica do Porto<\/span><\/cite><\/footer><\/blockquote><\/div>\n\t<\/div>\n\t<div class=\"kwayy-testimonial-box \"><div class=\"kwayy-testimonial-data\"><blockquote class=\"kwayy-testimonial-text\">\r\n\t\t\t\t<div class=\"contarea\">\t\t\t\t\t\r\n\t\t\t\t\t<div class=\"kwayy-tst-contarea-text\">Levei o meu beb\u00e9 a uma consulta de osteopatia com o Dr. Tiago e adoramos tudo, da rece\u00e7\u00e3o \u00e0 consulta! \r\nMuito atenciosos, cuidadosos e gentis.<\/div>\r\n\t\t\t\t\t\r\n\t\t\t\t<\/div><footer> <div class=\"kwayy-testimonial-img\"><img loading=\"lazy\" decoding=\"async\" width=\"60\" height=\"60\" src=\"https:\/\/clinicamedicadoporto.pt\/staging\/wp-content\/uploads\/2021\/04\/Foto-Luana-Vasconcelos.png\" class=\"attachment-thumbnail size-thumbnail wp-post-image\" alt=\"Foto-Luana-Vasconcelos\" \/><\/div> <cite class=\"kwayy-testimonial-title\">Luana Vasconcelos<span class=\"kwayy-testimonial-designation\">Paciente da Cl\u00ednica M\u00e9dica do Porto<\/span><\/cite><\/footer><\/blockquote><\/div>\n\t<\/div>\n\t<div class=\"kwayy-testimonial-box \"><div class=\"kwayy-testimonial-data\"><blockquote class=\"kwayy-testimonial-text\">\r\n\t\t\t\t<div class=\"contarea\">\t\t\t\t\t\r\n\t\t\t\t\t<div class=\"kwayy-tst-contarea-text\">Super simp\u00e1ticos.. Atendimento ex\u00edmio.. Obrigada por tudo \ud83d\ude18\ud83d\udc68\u200d\ud83d\udc69\u200d\ud83d\udc67\u200d\ud83d\udc67<\/div>\r\n\t\t\t\t\t\r\n\t\t\t\t<\/div><footer> <div class=\"kwayy-testimonial-img\"><img loading=\"lazy\" decoding=\"async\" width=\"60\" height=\"60\" src=\"https:\/\/clinicamedicadoporto.pt\/staging\/wp-content\/uploads\/2021\/04\/Foto-Andreia-Rodrigues.jpg\" class=\"attachment-thumbnail size-thumbnail wp-post-image\" alt=\"Foto-Andreia-Rodrigues\" \/><\/div> <cite class=\"kwayy-testimonial-title\">Andreia Rodrigues<span class=\"kwayy-testimonial-designation\">Paciente da Cl\u00ednica M\u00e9dica do Porto<\/span><\/cite><\/footer><\/blockquote><\/div>\n\t<\/div>\n\t<div class=\"kwayy-testimonial-box \"><div class=\"kwayy-testimonial-data\"><blockquote class=\"kwayy-testimonial-text\">\r\n\t\t\t\t<div class=\"contarea\">\t\t\t\t\t\r\n\t\t\t\t\t<div class=\"kwayy-tst-contarea-text\">S\u00f3 tenho a agradecer. Excelentes profissionais. <\/div>\r\n\t\t\t\t\t\r\n\t\t\t\t<\/div><footer> <div class=\"kwayy-testimonial-img\"><img loading=\"lazy\" decoding=\"async\" width=\"96\" height=\"96\" src=\"https:\/\/clinicamedicadoporto.pt\/staging\/wp-content\/uploads\/2021\/04\/Testemunho-Ana-Isabel-Pedro.jpg\" class=\"attachment-thumbnail size-thumbnail wp-post-image\" alt=\"Foto-Ana-Isabel-Pedro\" \/><\/div> <cite class=\"kwayy-testimonial-title\">Ana Isabel Pedro<span class=\"kwayy-testimonial-designation\">Paciente da Cl\u00ednica M\u00e9dica do Porto<\/span><\/cite><\/footer><\/blockquote><\/div>\n\t<\/div>\n\t<div class=\"kwayy-testimonial-box \"><div class=\"kwayy-testimonial-data\"><blockquote class=\"kwayy-testimonial-text\">\r\n\t\t\t\t<div class=\"contarea\">\t\t\t\t\t\r\n\t\t\t\t\t<div class=\"kwayy-tst-contarea-text\">Recomendo! (\u2026) fui aconselhada por uma amiga que tinha feito harmoniza\u00e7\u00e3o facial com resultados muito bons. O Dr. Manuel Rodrigues Sousa \u00e9 um verdadeiro profissional, dedicado e super simp\u00e1tico. Tratamento personalizado, com resposta a todas as d\u00favidas por telefone durante o tratamento o que me deu muita tranquilidade, (\u2026) Cl\u00ednica super acolhedora e atendimento top.<\/div>\r\n\t\t\t\t\t\r\n\t\t\t\t<\/div><footer> <div class=\"kwayy-testimonial-img\"><img loading=\"lazy\" decoding=\"async\" width=\"60\" height=\"60\" src=\"https:\/\/clinicamedicadoporto.pt\/staging\/wp-content\/uploads\/2021\/03\/Cristina-Gonc\u0327alves.png\" class=\"attachment-thumbnail size-thumbnail wp-post-image\" alt=\"Cristina Gonc\u0327alves - Testemunho Medicina Estetica Clinica Porto\" \/><\/div> <cite class=\"kwayy-testimonial-title\">Cristina Gon\u00e7alves<span class=\"kwayy-testimonial-designation\">Paciente da Cl\u00ednica M\u00e9dica do Porto<\/span><\/cite><\/footer><\/blockquote><\/div>\n\t<\/div>\n\t<div class=\"kwayy-testimonial-box \"><div class=\"kwayy-testimonial-data\"><blockquote class=\"kwayy-testimonial-text\">\r\n\t\t\t\t<div class=\"contarea\">\t\t\t\t\t\r\n\t\t\t\t\t<div class=\"kwayy-tst-contarea-text\">Ambiente super acolhedor. \r\nEquipa super simp\u00e1tica \ud83d\ude42 \r\nRecomendo<\/div>\r\n\t\t\t\t\t\r\n\t\t\t\t<\/div><footer> <div class=\"kwayy-testimonial-img\"><img loading=\"lazy\" decoding=\"async\" width=\"60\" height=\"60\" src=\"https:\/\/clinicamedicadoporto.pt\/staging\/wp-content\/uploads\/2021\/02\/Foto-Va\u0302nia-Ferreira.png\" class=\"attachment-thumbnail size-thumbnail wp-post-image\" alt=\"Va\u0302nia-Ferreira-Testemunho-Clinica-Medica-do-Porto\" \/><\/div> <cite class=\"kwayy-testimonial-title\">V\u00e2nia Ferreira<span class=\"kwayy-testimonial-designation\">Paciente da Cl\u00ednica M\u00e9dica do Porto<\/span><\/cite><\/footer><\/blockquote><\/div>\n\t<\/div>\n\t<div class=\"kwayy-testimonial-box \"><div class=\"kwayy-testimonial-data\"><blockquote class=\"kwayy-testimonial-text\">\r\n\t\t\t\t<div class=\"contarea\">\t\t\t\t\t\r\n\t\t\t\t\t<div class=\"kwayy-tst-contarea-text\">I had an amazing experience in Cl\u00ednica M\u00e9dica do Porto. The staff is very friendly, knowledgable and everyone communicates in english if necessary. I got lucky to become a patient of Tatiana, who is an amazing holistic professional. She always has an answer or a treatment for any problem I have. My back pain with other discomforts disappeared after several acupuncture sessions. I 100% recommend Tatiana and the clinic.<\/div>\r\n\t\t\t\t\t\r\n\t\t\t\t<\/div><footer> <div class=\"kwayy-testimonial-img\"><img loading=\"lazy\" decoding=\"async\" width=\"60\" height=\"60\" src=\"https:\/\/clinicamedicadoporto.pt\/staging\/wp-content\/uploads\/2021\/02\/Foto-Lia-Gorobets-testemunho-clincia-medica-do-porto.png\" class=\"attachment-thumbnail size-thumbnail wp-post-image\" alt=\"Foto-Lia-Gorobets-testemunho-clincia-medica-do-porto\" \/><\/div> <cite class=\"kwayy-testimonial-title\">Lia Gorobets<span class=\"kwayy-testimonial-designation\">Paciente da Cl\u00ednica M\u00e9dica do Porto<\/span><\/cite><\/footer><\/blockquote><\/div>\n\t<\/div>\n\t<div class=\"kwayy-testimonial-box \"><div class=\"kwayy-testimonial-data\"><blockquote class=\"kwayy-testimonial-text\">\r\n\t\t\t\t<div class=\"contarea\">\t\t\t\t\t\r\n\t\t\t\t\t<div class=\"kwayy-tst-contarea-text\">Cl\u00ednica M\u00e9dica do Porto, recomendo \u00f3ptimos profissionais come\u00e7ando pelo atendimento. Bem haja!<\/div>\r\n\t\t\t\t\t\r\n\t\t\t\t<\/div><footer> <div class=\"kwayy-testimonial-img\"><img loading=\"lazy\" decoding=\"async\" width=\"96\" height=\"96\" src=\"https:\/\/clinicamedicadoporto.pt\/staging\/wp-content\/uploads\/2021\/02\/Foto-Anto\u0301nio-Pinho-testemunho-clinica-medica-do-porto.jpg\" class=\"attachment-thumbnail size-thumbnail wp-post-image\" alt=\"Foto-Anto\u0301nio-Pinho-testemunho-clinica-medica-do-porto\" \/><\/div> <cite class=\"kwayy-testimonial-title\">Ant\u00f3nio Pinho<span class=\"kwayy-testimonial-designation\">Paciente da Cl\u00ednica M\u00e9dica do Porto<\/span><\/cite><\/footer><\/blockquote><\/div>\n\t<\/div>\n\t<div class=\"kwayy-testimonial-box \"><div class=\"kwayy-testimonial-data\"><blockquote class=\"kwayy-testimonial-text\">\r\n\t\t\t\t<div class=\"contarea\">\t\t\t\t\t\r\n\t\t\t\t\t<div class=\"kwayy-tst-contarea-text\">Recomendo, al\u00e9m de bons profissionais, t\u00eam bom atendimento. \r\nObrigada.<\/div>\r\n\t\t\t\t\t\r\n\t\t\t\t<\/div><footer> <div class=\"kwayy-testimonial-img\"><img loading=\"lazy\" decoding=\"async\" width=\"60\" height=\"60\" src=\"https:\/\/clinicamedicadoporto.pt\/staging\/wp-content\/uploads\/2021\/02\/Foto-Joana-Paiva.png\" class=\"attachment-thumbnail size-thumbnail wp-post-image\" alt=\"\" \/><\/div> <cite class=\"kwayy-testimonial-title\">Joana Paiva<span class=\"kwayy-testimonial-designation\">Paciente da Cl\u00ednica M\u00e9dica do Porto<\/span><\/cite><\/footer><\/blockquote><\/div>\n\t<\/div>\n\t<div class=\"kwayy-testimonial-box \"><div class=\"kwayy-testimonial-data\"><blockquote class=\"kwayy-testimonial-text\">\r\n\t\t\t\t<div class=\"contarea\">\t\t\t\t\t\r\n\t\t\t\t\t<div class=\"kwayy-tst-contarea-text\">O Terapeuta Tiago foi uma preciosa ajuda para a minha Leonor. S\u00f3 lamento n\u00e3o o ter conhecido mais cedo. Muito agrade\u00e7o o profissionalismo e simpatia.<\/div>\r\n\t\t\t\t\t\r\n\t\t\t\t<\/div><footer> <div class=\"kwayy-testimonial-img\"><img loading=\"lazy\" decoding=\"async\" width=\"50\" height=\"50\" src=\"https:\/\/clinicamedicadoporto.pt\/staging\/wp-content\/uploads\/2021\/02\/Foto-Marlene-Taveira.jpg\" class=\"attachment-thumbnail size-thumbnail wp-post-image\" alt=\"\" \/><\/div> <cite class=\"kwayy-testimonial-title\">Marlene Taveira<span class=\"kwayy-testimonial-designation\">M\u00e3e da Leonor<\/span><\/cite><\/footer><\/blockquote><\/div>\n\t<\/div>\n\t<div class=\"kwayy-testimonial-box \"><div class=\"kwayy-testimonial-data\"><blockquote class=\"kwayy-testimonial-text\">\r\n\t\t\t\t<div class=\"contarea\">\t\t\t\t\t\r\n\t\t\t\t\t<div class=\"kwayy-tst-contarea-text\">Agrade\u00e7o todo o apoio e acompanhamento, dado pela Enf. Marta, durante a amamenta\u00e7\u00e3o.\r\nRecomendo \ud83d\udc4c<\/div>\r\n\t\t\t\t\t\r\n\t\t\t\t<\/div><footer> <div class=\"kwayy-testimonial-img\"><img loading=\"lazy\" decoding=\"async\" width=\"60\" height=\"60\" src=\"https:\/\/clinicamedicadoporto.pt\/staging\/wp-content\/uploads\/2021\/01\/Cle\u0301lia-Ferreira.png\" class=\"attachment-thumbnail size-thumbnail wp-post-image\" alt=\"Foto-Clelia-Ferreira-Testemunho-Clinica-Medica do Porto\" \/><\/div> <cite class=\"kwayy-testimonial-title\">Cl\u00e9lia Ferreira<span class=\"kwayy-testimonial-designation\">Paciente da Cl\u00ednica M\u00e9dica do Porto<\/span><\/cite><\/footer><\/blockquote><\/div>\n\t<\/div>\n\t<div class=\"kwayy-testimonial-box \"><div class=\"kwayy-testimonial-data\"><blockquote class=\"kwayy-testimonial-text\">\r\n\t\t\t\t<div class=\"contarea\">\t\t\t\t\t\r\n\t\t\t\t\t<div class=\"kwayy-tst-contarea-text\">Excelente equipa e ambiente. De real\u00e7ar o excelente trabalho e enorme simpatia do terapeuta Tiago, caracter\u00edsticas sempre presentes ao longo de todos os tratamentos.<\/div>\r\n\t\t\t\t\t\r\n\t\t\t\t<\/div><footer> <div class=\"kwayy-testimonial-img\"><img loading=\"lazy\" decoding=\"async\" width=\"60\" height=\"60\" src=\"https:\/\/clinicamedicadoporto.pt\/staging\/wp-content\/uploads\/2018\/07\/perfil-masculino-clinica-medica-do-porto-e1604516490646.png\" class=\"attachment-thumbnail size-thumbnail wp-post-image\" alt=\"perfil-masculino-clinica-medica-do-porto\" \/><\/div> <cite class=\"kwayy-testimonial-title\">Jos\u00e9 Pedro<span class=\"kwayy-testimonial-designation\">Paciente da Cl\u00ednica M\u00e9dica do Porto<\/span><\/cite><\/footer><\/blockquote><\/div>\n\t<\/div>\n\t<div class=\"kwayy-testimonial-box \"><div class=\"kwayy-testimonial-data\"><blockquote class=\"kwayy-testimonial-text\">\r\n\t\t\t\t<div class=\"contarea\">\t\t\t\t\t\r\n\t\t\t\t\t<div class=\"kwayy-tst-contarea-text\">Foi aqui que resolvi um problema de que sofria \u00e0 imensos anos, sem anteriores respostas, diagn\u00f3sticos ou tratamentos noutras cl\u00ednicas, hospitais, m\u00e9dicos e afins. Excelentes profissionais que retribuem a confian\u00e7a.<\/div>\r\n\t\t\t\t\t\r\n\t\t\t\t<\/div><footer> <div class=\"kwayy-testimonial-img\"><img loading=\"lazy\" decoding=\"async\" width=\"60\" height=\"60\" src=\"https:\/\/clinicamedicadoporto.pt\/staging\/wp-content\/uploads\/2019\/08\/perfil-clinica-medica-do-porto-e1604516538844.png\" class=\"attachment-thumbnail size-thumbnail wp-post-image\" alt=\"Testemunho-clinica-medica-do-porto\" \/><\/div> <cite class=\"kwayy-testimonial-title\">Merry N.<span class=\"kwayy-testimonial-designation\">Paciente da Cl\u00ednica M\u00e9dica do Porto<\/span><\/cite><\/footer><\/blockquote><\/div>\n\t<\/div>\n\t<div class=\"kwayy-testimonial-box \"><div class=\"kwayy-testimonial-data\"><blockquote class=\"kwayy-testimonial-text\">\r\n\t\t\t\t<div class=\"contarea\">\t\t\t\t\t\r\n\t\t\t\t\t<div class=\"kwayy-tst-contarea-text\">Todas as gr\u00e1vidas merecem ter uma Tatiana \ud83d\ude0d Al\u00e9m de ser uma profissional de excel\u00eancia, \u00e9 uma ouvinte \u00edmpar, com imensa experi\u00eancia, que nos d\u00e1 dicas \u00f3ptimas (alimentares, de bons h\u00e1bitos). As suas t\u00e9cnicas de massagem e acupuntura (medicina chinesa) foram absolutamente essenciais para mim porque se converteram numa forma de bem estar na gravidez (melhoria de incha\u00e7o nos p\u00e9s e pernas, dores p\u00e9lvicas, dores de cabe\u00e7a, formigueiro nas m\u00e3os e bra\u00e7os...). Recomendo 100%. A simpatia do staff, profissionalismo e limpeza do local s\u00e3o pontos extra. \r\n\r\nGr\u00e1vidas\ud83e\udd30\ud83c\udffb, this is the place!<\/div>\r\n\t\t\t\t\t\r\n\t\t\t\t<\/div><footer> <div class=\"kwayy-testimonial-img\"><img loading=\"lazy\" decoding=\"async\" width=\"60\" height=\"60\" src=\"https:\/\/clinicamedicadoporto.pt\/staging\/wp-content\/uploads\/2020\/11\/Isabel-Gomes-Testemunho-Clinica-Medica-do-Porto.jpg\" class=\"attachment-thumbnail size-thumbnail wp-post-image\" alt=\"Isabel-G-Testemunho-Clinica-Medica-do-Porto\" \/><\/div> <cite class=\"kwayy-testimonial-title\">Isabel G.<span class=\"kwayy-testimonial-designation\">Paciente da Cl\u00ednica M\u00e9dica do Porto<\/span><\/cite><\/footer><\/blockquote><\/div>\n\t<\/div>\n\t<div class=\"kwayy-testimonial-box \"><div class=\"kwayy-testimonial-data\"><blockquote class=\"kwayy-testimonial-text\">\r\n\t\t\t\t<div class=\"contarea\">\t\t\t\t\t\r\n\t\t\t\t\t<div class=\"kwayy-tst-contarea-text\">Fui na Cl\u00ednica por causa de uma dor no joelho e fui muito bem atendida por uma terapeuta de Medicina Chinesa - Tatiana. Recomendo!<\/div>\r\n\t\t\t\t\t\r\n\t\t\t\t<\/div><footer> <div class=\"kwayy-testimonial-img\"><img loading=\"lazy\" decoding=\"async\" width=\"60\" height=\"60\" src=\"https:\/\/clinicamedicadoporto.pt\/staging\/wp-content\/uploads\/2020\/11\/Monica-Jorge-Testemunho-Clinica-Medica-do-Porto.jpg\" class=\"attachment-thumbnail size-thumbnail wp-post-image\" alt=\"Monica-Jorge-Testemunho-Clinica-Medica-do-Porto\" \/><\/div> <cite class=\"kwayy-testimonial-title\">M\u00f3nica Jorge<span class=\"kwayy-testimonial-designation\">Paciente da Cl\u00ednica M\u00e9dica do Porto<\/span><\/cite><\/footer><\/blockquote><\/div>\n\t<\/div>\n\t<div class=\"kwayy-testimonial-box \"><div class=\"kwayy-testimonial-data\"><blockquote class=\"kwayy-testimonial-text\">\r\n\t\t\t\t<div class=\"contarea\">\t\t\t\t\t\r\n\t\t\t\t\t<div class=\"kwayy-tst-contarea-text\">Equipa fant\u00e1stica e super simp\u00e1tica. \r\nSou seguida pela terapeuta Tatiana Calv\u00e3o, de quem s\u00f3 tenho maravilhas a dizer!<\/div>\r\n\t\t\t\t\t\r\n\t\t\t\t<\/div><footer> <div class=\"kwayy-testimonial-img\"><img loading=\"lazy\" decoding=\"async\" width=\"60\" height=\"60\" src=\"https:\/\/clinicamedicadoporto.pt\/staging\/wp-content\/uploads\/2019\/08\/perfil-clinica-medica-do-porto-1-e1604515187835.png\" class=\"attachment-thumbnail size-thumbnail wp-post-image\" alt=\"Imagem-generica-clinica-medica-do-porto\" \/><\/div> <cite class=\"kwayy-testimonial-title\">In\u00eas Oliveira<span class=\"kwayy-testimonial-designation\">Utente da Cl\u00ednica M\u00e9dica do Porto<\/span><\/cite><\/footer><\/blockquote><\/div>\n\t<\/div>\n\t<div class=\"kwayy-testimonial-box \"><div class=\"kwayy-testimonial-data\"><blockquote class=\"kwayy-testimonial-text\">\r\n\t\t\t\t<div class=\"contarea\">\t\t\t\t\t\r\n\t\t\t\t\t<div class=\"kwayy-tst-contarea-text\">Recomendo a consulta de Anti Aging com benef\u00edcios comprovados e que se traduzem num bem estar geral. Uma abordagem hol\u00edstica do nosso corpo, que visam reequilibrar o mesmo, com conselhos que visam melhorar significativamente o nosso dia-a-dia.<\/div>\r\n\t\t\t\t\t\r\n\t\t\t\t<\/div><footer> <div class=\"kwayy-testimonial-img\"><img loading=\"lazy\" decoding=\"async\" width=\"60\" height=\"60\" src=\"https:\/\/clinicamedicadoporto.pt\/staging\/wp-content\/uploads\/2019\/08\/perfil-clinica-medica-do-porto-1-e1604515187835.png\" class=\"attachment-thumbnail size-thumbnail wp-post-image\" alt=\"Imagem-generica-clinica-medica-do-porto\" \/><\/div> <cite class=\"kwayy-testimonial-title\">Ana Castro<span class=\"kwayy-testimonial-designation\">Paciente da Cl\u00ednica M\u00e9dica do Porto<\/span><\/cite><\/footer><\/blockquote><\/div>\n\t<\/div>\n\t<div class=\"kwayy-testimonial-box \"><div class=\"kwayy-testimonial-data\"><blockquote class=\"kwayy-testimonial-text\">\r\n\t\t\t\t<div class=\"contarea\">\t\t\t\t\t\r\n\t\t\t\t\t<div class=\"kwayy-tst-contarea-text\">Recomendo vivamente!! \r\nN\u00e3o poderia estar mais satisfeita! \r\n\r\nUma nota excecional para o desempenho, dedica\u00e7\u00e3o e conhecimento da Dra. Tatiana em Medicina Tradicional Chinesa e Acupuntura.<\/div>\r\n\t\t\t\t\t\r\n\t\t\t\t<\/div><footer> <div class=\"kwayy-testimonial-img\"><img loading=\"lazy\" decoding=\"async\" width=\"60\" height=\"60\" src=\"https:\/\/clinicamedicadoporto.pt\/staging\/wp-content\/uploads\/2020\/11\/Alexandra-Machado-Testemunho-Clinica-Medica-do-Porto.jpg\" class=\"attachment-thumbnail size-thumbnail wp-post-image\" alt=\"Alexandra-Machado-Testemunho-Clinica-Medica-do-Porto\" \/><\/div> <cite class=\"kwayy-testimonial-title\">Alexandra Machado<span class=\"kwayy-testimonial-designation\">Utente da Cl\u00ednica M\u00e9dica do Porto<\/span><\/cite><\/footer><\/blockquote><\/div>\n\t<\/div>\n\t<div class=\"kwayy-testimonial-box \"><div class=\"kwayy-testimonial-data\"><blockquote class=\"kwayy-testimonial-text\">\r\n\t\t\t\t<div class=\"contarea\">\t\t\t\t\t\r\n\t\t\t\t\t<div class=\"kwayy-tst-contarea-text\">Recomendo vivamente! Din\u00e2mica \u00fanica para apoiar e ajudar a resolver qualquer problema de sa\u00fade!<\/div>\r\n\t\t\t\t\t\r\n\t\t\t\t<\/div><footer> <div class=\"kwayy-testimonial-img\"><img loading=\"lazy\" decoding=\"async\" width=\"60\" height=\"60\" src=\"https:\/\/clinicamedicadoporto.pt\/staging\/wp-content\/uploads\/2020\/11\/Antonio-Sousa-Testemunho-Clinica-Medicad-do-Porto.jpg\" class=\"attachment-thumbnail size-thumbnail wp-post-image\" alt=\"Antonio-Sousa-Testemunho-Clinica-Medicad-do-Porto\" \/><\/div> <cite class=\"kwayy-testimonial-title\">Ant\u00f3nio Sousa<span class=\"kwayy-testimonial-designation\">Utente da Cl\u00ednica M\u00e9dica do Porto<\/span><\/cite><\/footer><\/blockquote><\/div>\n\t<\/div>\n\t<div class=\"kwayy-testimonial-box \"><div class=\"kwayy-testimonial-data\"><blockquote class=\"kwayy-testimonial-text\">\r\n\t\t\t\t<div class=\"contarea\">\t\t\t\t\t\r\n\t\t\t\t\t<div class=\"kwayy-tst-contarea-text\">Excelente atendimento, muito atenciosos, bem humorados e n\u00e3o medem esfor\u00e7os para que tenhamos sempre uma \u00f3tima experi\u00eancia (...) Vamos \u00e0 especialidade de medicina anti aging e estamos muito satisfeitos com os resultados e de como a nossa qualidade de vida melhorou. Recomendo vivamente! \r\n\r\nErica B.<\/div>\r\n\t\t\t\t\t\r\n\t\t\t\t<\/div><footer> <div class=\"kwayy-testimonial-img\"><img loading=\"lazy\" decoding=\"async\" width=\"60\" height=\"60\" src=\"https:\/\/clinicamedicadoporto.pt\/staging\/wp-content\/uploads\/2020\/11\/Erica-Bread-Testemunho-Cli\u0301nica-Medica-do-Porto.png\" class=\"attachment-thumbnail size-thumbnail wp-post-image\" alt=\"Erica-Bread-Testemunho-Cli\u0301nica-Medica-do-Porto\" \/><\/div> <cite class=\"kwayy-testimonial-title\">Erica B.<span class=\"kwayy-testimonial-designation\">Utente da Cl\u00ednica M\u00e9dica do Porto<\/span><\/cite><\/footer><\/blockquote><\/div>\n\t<\/div>\n\t<div class=\"kwayy-testimonial-box \"><div class=\"kwayy-testimonial-data\"><blockquote class=\"kwayy-testimonial-text\">\r\n\t\t\t\t<div class=\"contarea\">\t\t\t\t\t\r\n\t\t\t\t\t<div class=\"kwayy-tst-contarea-text\">Fui atendida de urg\u00eancia, num dia no qual o homeopata estava de folga e dirigiu-se \u00e1 clinica exclusivamente para me atender, gra\u00e7as \u00e1 excelente rececionista que entendeu que eu necessitava de ajuda... Excelente servi\u00e7o de onde sa\u00ed muito grata. Obrigado! <\/div>\r\n\t\t\t\t\t\r\n\t\t\t\t<\/div><footer> <div class=\"kwayy-testimonial-img\"><img loading=\"lazy\" decoding=\"async\" width=\"60\" height=\"60\" src=\"https:\/\/clinicamedicadoporto.pt\/staging\/wp-content\/uploads\/2020\/11\/Diana-Guedes-Testemunhos-Clinica-Medica-do-Porto.png\" class=\"attachment-thumbnail size-thumbnail wp-post-image\" alt=\"Diana Guedes Testemunhos Clinica Medica do Porto\" \/><\/div> <cite class=\"kwayy-testimonial-title\">Diana Guedes<span class=\"kwayy-testimonial-designation\">Utente da Cl\u00ednica M\u00e9dica do Porto<\/span><\/cite><\/footer><\/blockquote><\/div>\n\t<\/div>\n\t<div class=\"kwayy-testimonial-box \"><div class=\"kwayy-testimonial-data\"><blockquote class=\"kwayy-testimonial-text\">\r\n\t\t\t\t<div class=\"contarea\">\t\t\t\t\t\r\n\t\t\t\t\t<div class=\"kwayy-tst-contarea-text\">Une excellente clinique. Des professionnels de la sant\u00e9 et du bien \u00eatre. N'h\u00e9sitez pas car vous en sortirez gagnant \u00e0 100%. Merci encore \u00e0 toute l'\u00e9quipe!! Un grand BRAVO et continuez comme tel. Le r\u00e9sultat est stup\u00e9fiant!!!!<\/div>\r\n\t\t\t\t\t\r\n\t\t\t\t<\/div><footer> <div class=\"kwayy-testimonial-img\"><img loading=\"lazy\" decoding=\"async\" width=\"60\" height=\"60\" src=\"https:\/\/clinicamedicadoporto.pt\/staging\/wp-content\/uploads\/2020\/11\/Josy-Gil-Comentario-Clinica-Medica-do-Porto.jpg\" class=\"attachment-thumbnail size-thumbnail wp-post-image\" alt=\"Josy-Gil-Comentario-Clinica-Medica-do-Porto\" \/><\/div> <cite class=\"kwayy-testimonial-title\">Josy Gil<span class=\"kwayy-testimonial-designation\">Utente da Cl\u00ednica M\u00e9dica do Porto<\/span><\/cite><\/footer><\/blockquote><\/div>\n\t<\/div>\n\t<div class=\"kwayy-testimonial-box \"><div class=\"kwayy-testimonial-data\"><blockquote class=\"kwayy-testimonial-text\">\r\n\t\t\t\t<div class=\"contarea\">\t\t\t\t\t\r\n\t\t\t\t\t<div class=\"kwayy-tst-contarea-text\">Um espa\u00e7o de excel\u00eancia!<\/div>\r\n\t\t\t\t\t\r\n\t\t\t\t<\/div><footer> <div class=\"kwayy-testimonial-img\"><img loading=\"lazy\" decoding=\"async\" width=\"60\" height=\"60\" src=\"https:\/\/clinicamedicadoporto.pt\/staging\/wp-content\/uploads\/2019\/08\/perfil-clinica-medica-do-porto-1-e1604515187835.png\" class=\"attachment-thumbnail size-thumbnail wp-post-image\" alt=\"Imagem-generica-clinica-medica-do-porto\" \/><\/div> <cite class=\"kwayy-testimonial-title\">C\u00e1tia Rodrigues<span class=\"kwayy-testimonial-designation\">Utente da Cl\u00ednica M\u00e9dica do Porto<\/span><\/cite><\/footer><\/blockquote><\/div>\n\t<\/div>\n\t<div class=\"kwayy-testimonial-box \"><div class=\"kwayy-testimonial-data\"><blockquote class=\"kwayy-testimonial-text\">\r\n\t\t\t\t<div class=\"contarea\">\t\t\t\t\t\r\n\t\t\t\t\t<div class=\"kwayy-tst-contarea-text\">O acupuntor Dr. Marco Costa \u00e9 excelente, e, s\u00e3o muito simp\u00e1ticos, adoro e recomendo!<\/div>\r\n\t\t\t\t\t\r\n\t\t\t\t<\/div><footer> <div class=\"kwayy-testimonial-img\"><img loading=\"lazy\" decoding=\"async\" width=\"60\" height=\"60\" src=\"https:\/\/clinicamedicadoporto.pt\/staging\/wp-content\/uploads\/2020\/11\/Elsa-Duarte-Testemunho-Clinica-Medica-do-Porto.jpg\" class=\"attachment-thumbnail size-thumbnail wp-post-image\" alt=\"Elsa-Duarte-Testemunho-Clinica-Medica-do-Porto\" \/><\/div> <cite class=\"kwayy-testimonial-title\">Elsa Duarte<span class=\"kwayy-testimonial-designation\">Utente da Cl\u00ednica M\u00e9dica do Porto<\/span><\/cite><\/footer><\/blockquote><\/div>\n\t<\/div>\n\t<div class=\"kwayy-testimonial-box \"><div class=\"kwayy-testimonial-data\"><blockquote class=\"kwayy-testimonial-text\">\r\n\t\t\t\t<div class=\"contarea\">\t\t\t\t\t\r\n\t\t\t\t\t<div class=\"kwayy-tst-contarea-text\">A minha filha est\u00e1 a ser acompanhada desde os seus 4 meses, na osteopatia infantil da Cl\u00ednica M\u00e9dica do Porto, devido a uma escoliose idiop\u00e1tica. A curvatura era muito acentuada mas agora tem quase 4 anos e as melhorias s\u00e3o muito significativas! Os meus agradecimentos ao profissionalismo, aten\u00e7\u00e3o e dedica\u00e7\u00e3o do Dr. Tiago Monteiro que demonstrou desde sempre uma preocupa\u00e7\u00e3o extremosa em ajudar a resolver o problema e com resultados vis\u00edveis.(...)<\/div>\r\n\t\t\t\t\t\r\n\t\t\t\t<\/div><footer> <div class=\"kwayy-testimonial-img\"><img loading=\"lazy\" decoding=\"async\" width=\"60\" height=\"60\" src=\"https:\/\/clinicamedicadoporto.pt\/staging\/wp-content\/uploads\/2019\/08\/perfil-clinica-medica-do-porto-1-e1604515187835.png\" class=\"attachment-thumbnail size-thumbnail wp-post-image\" alt=\"Imagem-generica-clinica-medica-do-porto\" \/><\/div> <cite class=\"kwayy-testimonial-title\">Andreia Cruz<span class=\"kwayy-testimonial-designation\">M\u00e3e de paciente da Cl\u00ednica M\u00e9dica do Porto<\/span><\/cite><\/footer><\/blockquote><\/div>\n\t<\/div>\n\t<div class=\"kwayy-testimonial-box \"><div class=\"kwayy-testimonial-data\"><blockquote class=\"kwayy-testimonial-text\">\r\n\t\t\t\t<div class=\"contarea\">\t\t\t\t\t\r\n\t\t\t\t\t<div class=\"kwayy-tst-contarea-text\">Gostei muito da disponibilidade e dedica\u00e7\u00e3o dos profissionais. \r\nTive um excelente acompanhamento. \r\nRecomendo!\r\n<\/div>\r\n\t\t\t\t\t\r\n\t\t\t\t<\/div><footer> <div class=\"kwayy-testimonial-img\"><img loading=\"lazy\" decoding=\"async\" width=\"60\" height=\"60\" src=\"https:\/\/clinicamedicadoporto.pt\/staging\/wp-content\/uploads\/2018\/07\/perfil-masculino-clinica-medica-do-porto-e1604516490646.png\" class=\"attachment-thumbnail size-thumbnail wp-post-image\" alt=\"perfil-masculino-clinica-medica-do-porto\" \/><\/div> <cite class=\"kwayy-testimonial-title\">Rodrigo Borges<span class=\"kwayy-testimonial-designation\">Utente da Cl\u00ednica M\u00e9dica do Porto<\/span><\/cite><\/footer><\/blockquote><\/div>\n\t<\/div>\n\t<div class=\"kwayy-testimonial-box \"><div class=\"kwayy-testimonial-data\"><blockquote class=\"kwayy-testimonial-text\">\r\n\t\t\t\t<div class=\"contarea\">\t\t\t\t\t\r\n\t\t\t\t\t<div class=\"kwayy-tst-contarea-text\">Excelentes profissionais. Ajudaram-me com o meu beb\u00e9 rec\u00e9m-nascido numa consulta de osteopatia infantil. Obrigada \ud83d\ude0a<\/div>\r\n\t\t\t\t\t\r\n\t\t\t\t<\/div><footer> <div class=\"kwayy-testimonial-img\"><img loading=\"lazy\" decoding=\"async\" width=\"60\" height=\"60\" src=\"https:\/\/clinicamedicadoporto.pt\/staging\/wp-content\/uploads\/2020\/11\/Catia-Malheiro-Costa-120-120-e1604516320589.jpg\" class=\"attachment-thumbnail size-thumbnail wp-post-image\" alt=\"Testemunho C\u00e1tia Costa\" \/><\/div> <cite class=\"kwayy-testimonial-title\">C\u00e1tia Costa<span class=\"kwayy-testimonial-designation\">M\u00e3e de Beb\u00e9 Utente da Cl\u00ednica<\/span><\/cite><\/footer><\/blockquote><\/div>\n\t<\/div>\n\t<div class=\"kwayy-testimonial-box \"><div class=\"kwayy-testimonial-data\"><blockquote class=\"kwayy-testimonial-text\">\r\n\t\t\t\t<div class=\"contarea\">\t\t\t\t\t\r\n\t\t\t\t\t<div class=\"kwayy-tst-contarea-text\">Boa tarde, Procuramos ajuda, pois estavamos com d\u00favidas relativas a amamenta\u00e7\u00e3o, ap\u00f3s os primeiros dias de vida do meu filhote serem bastante atribulados. (\u2026)\r\nNa consulta com a enfermeira Marta, esta conseguiu tranquilizar os nossos cora\u00e7\u00f5es de pais de primeira viagem. Deu-nos dicas bastante \u00fateis (\u2026) certamente que vamos continuar com o seu acompanhamento.<\/div>\r\n\t\t\t\t\t\r\n\t\t\t\t<\/div><footer> <div class=\"kwayy-testimonial-img\"><img loading=\"lazy\" decoding=\"async\" width=\"60\" height=\"60\" src=\"https:\/\/clinicamedicadoporto.pt\/staging\/wp-content\/uploads\/2019\/08\/perfil-clinica-medica-do-porto-1-e1604515187835.png\" class=\"attachment-thumbnail size-thumbnail wp-post-image\" alt=\"Imagem-generica-clinica-medica-do-porto\" \/><\/div> <cite class=\"kwayy-testimonial-title\">Marta Louren\u00e7o e H\u00e9lder Teixeira<span class=\"kwayy-testimonial-designation\">Pais de Beb\u00e9 utente na CMP<\/span><\/cite><\/footer><\/blockquote><\/div>\n\t<\/div>\n\t<div class=\"kwayy-testimonial-box \"><div class=\"kwayy-testimonial-data\"><blockquote class=\"kwayy-testimonial-text\">\r\n\t\t\t\t<div class=\"contarea\">\t\t\t\t\t\r\n\t\t\t\t\t<div class=\"kwayy-tst-contarea-text\">Excelentes profissionais, nomeadamente a Enf. Marta e o Dr. Tiago. A Enf. Marta salvou-me a amamenta\u00e7\u00e3o. Cheguei at\u00e9 ela com muita dor ao amamentar, com fissuras mamilares enormes. Conseguiu resolver todos os meus problemas com muito carinho e profissionalismo aplicando a laserterapia. (...) Ao Dr. Tiago um muito obrigado pelo que fez pela minha pequenina Francisca, um encantador de beb\u00e9s, sem d\u00favida. Muito bom no que faz como osteopata e como pessoa.<\/div>\r\n\t\t\t\t\t\r\n\t\t\t\t<\/div><footer> <div class=\"kwayy-testimonial-img\"><img loading=\"lazy\" decoding=\"async\" width=\"60\" height=\"60\" src=\"https:\/\/clinicamedicadoporto.pt\/staging\/wp-content\/uploads\/2020\/10\/Diana-Portela-Testemunho-Clinica-Medica-do-Porto-2-e1604517742362.jpg\" class=\"attachment-thumbnail size-thumbnail wp-post-image\" alt=\"Diana-Portela-Testemunho-Clinica-Medica-do-Porto-2\" \/><\/div> <cite class=\"kwayy-testimonial-title\">Diana Portela<span class=\"kwayy-testimonial-designation\">Utente da Cl\u00ednica M\u00e9dica do Porto<\/span><\/cite><\/footer><\/blockquote><\/div>\n\t<\/div>\n\t<div class=\"kwayy-testimonial-box \"><div class=\"kwayy-testimonial-data\"><blockquote class=\"kwayy-testimonial-text\">\r\n\t\t\t\t<div class=\"contarea\">\t\t\t\t\t\r\n\t\t\t\t\t<div class=\"kwayy-tst-contarea-text\">\u00d3timo atendimento e excelentes profissionais \ud83d\udc4f\ud83d\udc4c<\/div>\r\n\t\t\t\t\t\r\n\t\t\t\t<\/div><footer> <div class=\"kwayy-testimonial-img\"><img loading=\"lazy\" decoding=\"async\" width=\"60\" height=\"60\" src=\"https:\/\/clinicamedicadoporto.pt\/staging\/wp-content\/uploads\/2020\/10\/Marina-Santos-Testemunho-Clinica-Me\u0301dica-do-Porto-e1604517757639.jpg\" class=\"attachment-thumbnail size-thumbnail wp-post-image\" alt=\"Marina-Santos-Testemunho-Clinica-Me\u0301dica-do-Porto\" \/><\/div> <cite class=\"kwayy-testimonial-title\">Mariana Santos<span class=\"kwayy-testimonial-designation\">Utente da Cl\u00ednica M\u00e9dica do Porto<\/span><\/cite><\/footer><\/blockquote><\/div>\n\t<\/div>\n\t<div class=\"kwayy-testimonial-box \"><div class=\"kwayy-testimonial-data\"><blockquote class=\"kwayy-testimonial-text\">\r\n\t\t\t\t<div class=\"contarea\">\t\t\t\t\t\r\n\t\t\t\t\t<div class=\"kwayy-tst-contarea-text\">Tive uma experi\u00eancia muit\u00edssimo positiva com a cl\u00ednica que me seguiu. Profissional e competente. A rececionista foi sempre simp\u00e1tica e profissional. (\u2026) A clinica humana e fisicamente tem boa energia, \u00e9 leve. Recomendaria sem reservas<\/div>\r\n\t\t\t\t\t\r\n\t\t\t\t<\/div><footer> <div class=\"kwayy-testimonial-img\"><img loading=\"lazy\" decoding=\"async\" width=\"60\" height=\"60\" src=\"https:\/\/clinicamedicadoporto.pt\/staging\/wp-content\/uploads\/2020\/10\/Luis-Miguel-Rodrigues-testemunho-clinica-medica-do-porto-e1604517775750.jpg\" class=\"attachment-thumbnail size-thumbnail wp-post-image\" alt=\"Luis-Miguel-Rodrigues testemunho clinica medica do porto\" \/><\/div> <cite class=\"kwayy-testimonial-title\">Lu\u00eds Miguel Rodrigues<span class=\"kwayy-testimonial-designation\">Utente da Cl\u00ednica M\u00e9dica do Porto<\/span><\/cite><\/footer><\/blockquote><\/div>\n\t<\/div>\n\t<div class=\"kwayy-testimonial-box \"><div class=\"kwayy-testimonial-data\"><blockquote class=\"kwayy-testimonial-text\">\r\n\t\t\t\t<div class=\"contarea\">\t\t\t\t\t\r\n\t\t\t\t\t<div class=\"kwayy-tst-contarea-text\">A Cl\u00ednica M\u00e9dica do Porto \u00e9 uma recente e \u00f3tima descoberta. Fiz uma pesquisa devido ao dist\u00farbio temporomandibular e n\u00e3o podia estar mais agradecida (\u2026) na 1.\u00aa consulta senti logo melhorias, as quais, durante as sess\u00f5es e presente tratamento, t\u00eam continuado numa crescente evolu\u00e7\u00e3o. A Dra. J\u00falia acolhe-nos com o sorriso sincero de quem quer ajudar e cuida-nos com toda a dedica\u00e7\u00e3o e profissionalismo. Muito obrigada! E agrade\u00e7o, tamb\u00e9m, pela simpatia e cuidado das assistentes da rece\u00e7\u00e3o.<\/div>\r\n\t\t\t\t\t\r\n\t\t\t\t<\/div><footer> <div class=\"kwayy-testimonial-img\"><img loading=\"lazy\" decoding=\"async\" width=\"60\" height=\"60\" src=\"https:\/\/clinicamedicadoporto.pt\/staging\/wp-content\/uploads\/2020\/09\/Isabel-Madureuira-Testemunho-Clinica-Medica-do-Porto.jpg\" class=\"attachment-thumbnail size-thumbnail wp-post-image\" alt=\"Isabel-Madureuira-Testemunho-Clinica-Medica-do-Porto\" \/><\/div> <cite class=\"kwayy-testimonial-title\">Isabel Sofia Madureira<span class=\"kwayy-testimonial-designation\">Paciente da Cl\u00ednica M\u00e9dica do Porto<\/span><\/cite><\/footer><\/blockquote><\/div>\n\t<\/div>\n\t<div class=\"kwayy-testimonial-box \"><div class=\"kwayy-testimonial-data\"><blockquote class=\"kwayy-testimonial-text\">\r\n\t\t\t\t<div class=\"contarea\">\t\t\t\t\t\r\n\t\t\t\t\t<div class=\"kwayy-tst-contarea-text\">Muitos parab\u00e9ns \u00e0 clinica e em especial ao Dr. Rodrigues de Sousa, que \u00e9 sem d\u00favida um excelente profissional e super atencioso!<\/div>\r\n\t\t\t\t\t\r\n\t\t\t\t<\/div><footer> <div class=\"kwayy-testimonial-img\"><img loading=\"lazy\" decoding=\"async\" width=\"60\" height=\"60\" src=\"https:\/\/clinicamedicadoporto.pt\/staging\/wp-content\/uploads\/2020\/09\/Pilar-Sousa-Guedes-e1604517882828.jpg\" class=\"attachment-thumbnail size-thumbnail wp-post-image\" alt=\"Testemunho Pilar\" \/><\/div> <cite class=\"kwayy-testimonial-title\">Pilar Sousa Guedes<span class=\"kwayy-testimonial-designation\">Utente da Cl\u00ednica M\u00e9dica do Porto<\/span><\/cite><\/footer><\/blockquote><\/div>\n\t<\/div>\n\t<div class=\"kwayy-testimonial-box \"><div class=\"kwayy-testimonial-data\"><blockquote class=\"kwayy-testimonial-text\">\r\n\t\t\t\t<div class=\"contarea\">\t\t\t\t\t\r\n\t\t\t\t\t<div class=\"kwayy-tst-contarea-text\">Cl\u00ednica com profissionais de excel\u00eancia e um espa\u00e7o fant\u00e1stico (...) Sou seguida neste momento pela terapeuta de medicina tradicional chinesa Tatiana Calv\u00e3o Sousa na minha segunda gravidez e tal como na primeira, s\u00f3 estas sess\u00f5es acalmam a minha dor lombar e o stress acumulado. Muito obrigada pelo vosso profissionalismo!<\/div>\r\n\t\t\t\t\t\r\n\t\t\t\t<\/div><footer> <div class=\"kwayy-testimonial-img\"><img loading=\"lazy\" decoding=\"async\" width=\"60\" height=\"60\" src=\"https:\/\/clinicamedicadoporto.pt\/staging\/wp-content\/uploads\/2020\/08\/Ine\u0302s-Silva-2-e1604517896760.jpg\" class=\"attachment-thumbnail size-thumbnail wp-post-image\" alt=\"Ine\u0302s-Silva-testemunho-clinica-medica-do-porto\" \/><\/div> <cite class=\"kwayy-testimonial-title\">In\u00eas Silva<span class=\"kwayy-testimonial-designation\">Utente da Cl\u00ednica M\u00e9dica do Porto<\/span><\/cite><\/footer><\/blockquote><\/div>\n\t<\/div>\n\t<div class=\"kwayy-testimonial-box \"><div class=\"kwayy-testimonial-data\"><blockquote class=\"kwayy-testimonial-text\">\r\n\t\t\t\t<div class=\"contarea\">\t\t\t\t\t\r\n\t\t\t\t\t<div class=\"kwayy-tst-contarea-text\">Saliento o trabalho do dr. Manuel Rodrigues de Sousa, em medicina est\u00e9tica de quem sou paciente e que considero o melhor m\u00e9dico em procedimentos est\u00e9ticos que conhe\u00e7o. Os resultados s\u00e3o incr\u00edveis, tudo \u00e9 feito no melhor interesse do paciente e com extremo profissionalismo. \u00c9 uma cl\u00ednica de excel\u00eancia onde somos tratados com imenso carinho. N\u00e3o podia estar mais satisfeita.<\/div>\r\n\t\t\t\t\t\r\n\t\t\t\t<\/div><footer> <div class=\"kwayy-testimonial-img\"><img loading=\"lazy\" decoding=\"async\" width=\"60\" height=\"60\" src=\"https:\/\/clinicamedicadoporto.pt\/staging\/wp-content\/uploads\/2020\/08\/claudia-Pinto-testemunho-clinica-medica-do-porto-e1604517949605.jpg\" class=\"attachment-thumbnail size-thumbnail wp-post-image\" alt=\"claudia-Pinto-testemunho-clinica-medica-do-porto\" \/><\/div> <cite class=\"kwayy-testimonial-title\">Cl\u00e1udia Pinto<span class=\"kwayy-testimonial-designation\">Utente da Cl\u00ednica M\u00e9dica do Porto<\/span><\/cite><\/footer><\/blockquote><\/div>\n\t<\/div>\n\t<div class=\"kwayy-testimonial-box \"><div class=\"kwayy-testimonial-data\"><blockquote class=\"kwayy-testimonial-text\">\r\n\t\t\t\t<div class=\"contarea\">\t\t\t\t\t\r\n\t\t\t\t\t<div class=\"kwayy-tst-contarea-text\">\u00d3tima experi\u00eancia, fui h\u00e1 uns meses fazer botox com o Dr. Rodrigues Sousa, super simp\u00e1tico e atencioso. Os efeitos do tratamento duraram imenso tempo e foram super naturais. <\/div>\r\n\t\t\t\t\t\r\n\t\t\t\t<\/div><footer> <div class=\"kwayy-testimonial-img\"><img loading=\"lazy\" decoding=\"async\" width=\"96\" height=\"96\" src=\"https:\/\/clinicamedicadoporto.pt\/staging\/wp-content\/uploads\/2018\/07\/perfil-clinica-medica-do-porto-150x150.png\" class=\"attachment-thumbnail size-thumbnail wp-post-image\" alt=\"perfil-feminino-clinica-medica-do-porto\" srcset=\"https:\/\/clinicamedicadoporto.pt\/staging\/wp-content\/uploads\/2018\/07\/perfil-clinica-medica-do-porto-150x150.png 150w, https:\/\/clinicamedicadoporto.pt\/staging\/wp-content\/uploads\/2018\/07\/perfil-clinica-medica-do-porto-300x300.png 300w, https:\/\/clinicamedicadoporto.pt\/staging\/wp-content\/uploads\/2018\/07\/perfil-clinica-medica-do-porto-e1604515282169.png 60w\" sizes=\"auto, (max-width: 96px) 100vw, 96px\" \/><\/div> <cite class=\"kwayy-testimonial-title\">Ana Barbosa<span class=\"kwayy-testimonial-designation\">Utente da Cl\u00ednica M\u00e9dica do Porto<\/span><\/cite><\/footer><\/blockquote><\/div>\n\t<\/div>\n\t<div class=\"kwayy-testimonial-box \"><div class=\"kwayy-testimonial-data\"><blockquote class=\"kwayy-testimonial-text\">\r\n\t\t\t\t<div class=\"contarea\">\t\t\t\t\t\r\n\t\t\t\t\t<div class=\"kwayy-tst-contarea-text\">Adorei o profissionalismo e estou a tomar a medica\u00e7\u00e3o h\u00e1 pouco tempo, mas j\u00e1 sinto algumas melhoras. Recomendo (acerca da consulta de Anti-Aging da Dra. Ana Rita Teles)<\/div>\r\n\t\t\t\t\t\r\n\t\t\t\t<\/div><footer> <div class=\"kwayy-testimonial-img\"><img loading=\"lazy\" decoding=\"async\" width=\"60\" height=\"60\" src=\"https:\/\/clinicamedicadoporto.pt\/staging\/wp-content\/uploads\/2020\/08\/helena-ferreira-testemunho-anti-aging-clinica-medica-do-porto-e1604517968555.jpg\" class=\"attachment-thumbnail size-thumbnail wp-post-image\" alt=\"helena-ferreira-testemunho-anti-aging-clinica-medica-do-porto\" \/><\/div> <cite class=\"kwayy-testimonial-title\">Helena Ferreira<span class=\"kwayy-testimonial-designation\">Utente da Cl\u00ednica M\u00e9dica do Porto<\/span><\/cite><\/footer><\/blockquote><\/div>\n\t<\/div>\n\t<div class=\"kwayy-testimonial-box \"><div class=\"kwayy-testimonial-data\"><blockquote class=\"kwayy-testimonial-text\">\r\n\t\t\t\t<div class=\"contarea\">\t\t\t\t\t\r\n\t\t\t\t\t<div class=\"kwayy-tst-contarea-text\">Ao engravidar, com pouco mais de 8 semanas, comecei a ter dores angustiantes no fundo das costas (...)\u00a0 fui-me arrastando assim at\u00e9 quase \u00e0s 30 semanas \ud83e\udd26\ud83c\udffb\u200d\u2640\ufe0f \ud83d\ude31\u00a0 Felizmente descobri a Melanie (...). Senti-me melhor logo ap\u00f3s a primeira sess\u00e3o. A Melanie \u00e9 super competente e profissional. A pr\u00f3xima vez que engravidar n\u00e3o duvido a quem me dirigir. (<a href=\"https:\/\/g.page\/clinicamedicaporto\/review?mt\" rel=\"noopener noreferrer\" target=\"_blank\">ver tudo<\/a>)<\/div>\r\n\t\t\t\t\t\r\n\t\t\t\t<\/div><footer> <div class=\"kwayy-testimonial-img\"><img loading=\"lazy\" decoding=\"async\" width=\"60\" height=\"60\" src=\"https:\/\/clinicamedicadoporto.pt\/staging\/wp-content\/uploads\/2019\/08\/perfil-clinica-medica-do-porto-1-e1604515187835.png\" class=\"attachment-thumbnail size-thumbnail wp-post-image\" alt=\"Imagem-generica-clinica-medica-do-porto\" \/><\/div> <cite class=\"kwayy-testimonial-title\">Lara Mota Pinto<span class=\"kwayy-testimonial-designation\">Utente da Cl\u00ednica M\u00e9dica do Porto<\/span><\/cite><\/footer><\/blockquote><\/div>\n\t<\/div>\n\t<div class=\"kwayy-testimonial-box \"><div class=\"kwayy-testimonial-data\"><blockquote class=\"kwayy-testimonial-text\">\r\n\t\t\t\t<div class=\"contarea\">\t\t\t\t\t\r\n\t\t\t\t\t<div class=\"kwayy-tst-contarea-text\">Uma cl\u00ednica que tem um \u00f3ptimo servi\u00e7o que abrange toda a fam\u00edlia, num ambiente profissional e ao mesmo tempo familiar.<\/div>\r\n\t\t\t\t\t\r\n\t\t\t\t<\/div><footer> <div class=\"kwayy-testimonial-img\"><img loading=\"lazy\" decoding=\"async\" width=\"60\" height=\"60\" src=\"https:\/\/clinicamedicadoporto.pt\/staging\/wp-content\/uploads\/2020\/08\/jose\u0301-ame\u0301rico-nogueira-e1604517988346.jpg\" class=\"attachment-thumbnail size-thumbnail wp-post-image\" alt=\"Testemunho de Utente da Cl\u00ednica Jos\u00e9 Nogueira\" \/><\/div> <cite class=\"kwayy-testimonial-title\">Jos\u00e9 Nogueira<span class=\"kwayy-testimonial-designation\">Utente da Cl\u00ednica M\u00e9dica do Porto<\/span><\/cite><\/footer><\/blockquote><\/div>\n\t<\/div>\n\t<div class=\"kwayy-testimonial-box \"><div class=\"kwayy-testimonial-data\"><blockquote class=\"kwayy-testimonial-text\">\r\n\t\t\t\t<div class=\"contarea\">\t\t\t\t\t\r\n\t\t\t\t\t<div class=\"kwayy-tst-contarea-text\">Atendimento excelente. Profissionalismo.<\/div>\r\n\t\t\t\t\t\r\n\t\t\t\t<\/div><footer> <div class=\"kwayy-testimonial-img\"><img loading=\"lazy\" decoding=\"async\" width=\"60\" height=\"60\" src=\"https:\/\/clinicamedicadoporto.pt\/staging\/wp-content\/uploads\/2019\/08\/perfil-clinica-medica-do-porto-1-e1604515187835.png\" class=\"attachment-thumbnail size-thumbnail wp-post-image\" alt=\"Imagem-generica-clinica-medica-do-porto\" \/><\/div> <cite class=\"kwayy-testimonial-title\">Judite Marques<span class=\"kwayy-testimonial-designation\">Utente da Cl\u00ednica M\u00e9dica do Porto<\/span><\/cite><\/footer><\/blockquote><\/div>\n\t<\/div>\n\t<div class=\"kwayy-testimonial-box \"><div class=\"kwayy-testimonial-data\"><blockquote class=\"kwayy-testimonial-text\">\r\n\t\t\t\t<div class=\"contarea\">\t\t\t\t\t\r\n\t\t\t\t\t<div class=\"kwayy-tst-contarea-text\">Profissionalismo irrepreens\u00edvel. recorri ao Osteopata Pedi\u00e1trico Tiago Monteiro...adorei a forma como tratou e manipulou o Baby T respeitando sempre o seu tempo e com a sua \" permiss\u00e3o\" (...)<\/div>\r\n\t\t\t\t\t\r\n\t\t\t\t<\/div><footer> <div class=\"kwayy-testimonial-img\"><img loading=\"lazy\" decoding=\"async\" width=\"60\" height=\"60\" src=\"https:\/\/clinicamedicadoporto.pt\/staging\/wp-content\/uploads\/2020\/06\/Sofia-Pereira-comentario-clinica-medica-do-porto-copy-e1604518005912.jpg\" class=\"attachment-thumbnail size-thumbnail wp-post-image\" alt=\"Sofia Pereita Testemunho - Clinica M\u00e9dica do Porto\" \/><\/div> <cite class=\"kwayy-testimonial-title\">Sofia Pereira<span class=\"kwayy-testimonial-designation\">Utente da Cl\u00ednica M\u00e9dica do Porto<\/span><\/cite><\/footer><\/blockquote><\/div>\n\t<\/div>\n\t<div class=\"kwayy-testimonial-box \"><div class=\"kwayy-testimonial-data\"><blockquote class=\"kwayy-testimonial-text\">\r\n\t\t\t\t<div class=\"contarea\">\t\t\t\t\t\r\n\t\t\t\t\t<div class=\"kwayy-tst-contarea-text\">Fui sempre recebida com simpatia, \u00e0 hora marcada e por um m\u00e9dico excelente<\/div>\r\n\t\t\t\t\t\r\n\t\t\t\t<\/div><footer> <div class=\"kwayy-testimonial-img\"><img loading=\"lazy\" decoding=\"async\" width=\"60\" height=\"60\" src=\"https:\/\/clinicamedicadoporto.pt\/staging\/wp-content\/uploads\/2020\/03\/leonor-Bastos-clinica-medica-do-porto-e1604518035515.jpg\" class=\"attachment-thumbnail size-thumbnail wp-post-image\" alt=\"leonor-Bastos-clinica-medica-do-porto\" \/><\/div> <cite class=\"kwayy-testimonial-title\">Leonor de Sousa Bastos<span class=\"kwayy-testimonial-designation\">Utente da Cl\u00ednica M\u00e9dica do Porto<\/span><\/cite><\/footer><\/blockquote><\/div>\n\t<\/div>\n\t<div class=\"kwayy-testimonial-box \"><div class=\"kwayy-testimonial-data\"><blockquote class=\"kwayy-testimonial-text\">\r\n\t\t\t\t<div class=\"contarea\">\t\t\t\t\t\r\n\t\t\t\t\t<div class=\"kwayy-tst-contarea-text\">Simpatia, profissionalismo. Atendimento 5 estrelas.<\/div>\r\n\t\t\t\t\t\r\n\t\t\t\t<\/div><footer> <div class=\"kwayy-testimonial-img\"><img loading=\"lazy\" decoding=\"async\" width=\"60\" height=\"60\" src=\"https:\/\/clinicamedicadoporto.pt\/staging\/wp-content\/uploads\/2020\/03\/catarina-costa-testemunho-clinica-medica-do-porto-e1604518054221.jpg\" class=\"attachment-thumbnail size-thumbnail wp-post-image\" alt=\"catarina-costa-testemunho-clinica-medica-do-porto\" \/><\/div> <cite class=\"kwayy-testimonial-title\">Catarina Costa<span class=\"kwayy-testimonial-designation\">Utente da Cl\u00ednica M\u00e9dica do Porto<\/span><\/cite><\/footer><\/blockquote><\/div>\n\t<\/div>\n\t<div class=\"kwayy-testimonial-box \"><div class=\"kwayy-testimonial-data\"><blockquote class=\"kwayy-testimonial-text\">\r\n\t\t\t\t<div class=\"contarea\">\t\t\t\t\t\r\n\t\t\t\t\t<div class=\"kwayy-tst-contarea-text\">Um espa\u00e7o para o corpo e para a mente, recomendo!<\/div>\r\n\t\t\t\t\t\r\n\t\t\t\t<\/div><footer> <div class=\"kwayy-testimonial-img\"><img loading=\"lazy\" decoding=\"async\" width=\"60\" height=\"60\" src=\"https:\/\/clinicamedicadoporto.pt\/staging\/wp-content\/uploads\/2020\/03\/isabel-silva-testemunho-clinica-medica-do-porto-e1604518073621.jpg\" class=\"attachment-thumbnail size-thumbnail wp-post-image\" alt=\"isabel-silva-testemunho-clinica-medica-do-porto\" \/><\/div> <cite class=\"kwayy-testimonial-title\">Isabel Silva<span class=\"kwayy-testimonial-designation\">Utente da Cl\u00ednica M\u00e9dica do Porto<\/span><\/cite><\/footer><\/blockquote><\/div>\n\t<\/div>\n\t<div class=\"kwayy-testimonial-box \"><div class=\"kwayy-testimonial-data\"><blockquote class=\"kwayy-testimonial-text\">\r\n\t\t\t\t<div class=\"contarea\">\t\t\t\t\t\r\n\t\t\t\t\t<div class=\"kwayy-tst-contarea-text\">Profissionalismo e simpatia.<\/div>\r\n\t\t\t\t\t\r\n\t\t\t\t<\/div><footer> <div class=\"kwayy-testimonial-img\"><img loading=\"lazy\" decoding=\"async\" width=\"60\" height=\"60\" src=\"https:\/\/clinicamedicadoporto.pt\/staging\/wp-content\/uploads\/2020\/03\/catia-brandao-testemunho-clinica-medica-do-porto-e1604518097912.jpg\" class=\"attachment-thumbnail size-thumbnail wp-post-image\" alt=\"catia-brandao-testemunho-clinica-medica-do-porto\" \/><\/div> <cite class=\"kwayy-testimonial-title\">C\u00e1tia Brand\u00e3o<span class=\"kwayy-testimonial-designation\">Utente da Cl\u00ednica M\u00e9dica do Porto<\/span><\/cite><\/footer><\/blockquote><\/div>\n\t<\/div>\n\t<div class=\"kwayy-testimonial-box \"><div class=\"kwayy-testimonial-data\"><blockquote class=\"kwayy-testimonial-text\">\r\n\t\t\t\t<div class=\"contarea\">\t\t\t\t\t\r\n\t\t\t\t\t<div class=\"kwayy-tst-contarea-text\">Excelentes profissionais! Dedica\u00e7\u00e3o extrema aos pacientes!<\/div>\r\n\t\t\t\t\t\r\n\t\t\t\t<\/div><footer> <div class=\"kwayy-testimonial-img\"><img loading=\"lazy\" decoding=\"async\" width=\"60\" height=\"60\" src=\"https:\/\/clinicamedicadoporto.pt\/staging\/wp-content\/uploads\/2020\/03\/rita-monteiro-testemunho-clinica-medica-do-porto-e1604518114821.jpg\" class=\"attachment-thumbnail size-thumbnail wp-post-image\" alt=\"rita-monteiro-testemunho-clinica-medica-do-porto\" \/><\/div> <cite class=\"kwayy-testimonial-title\">Rita Monteiro<span class=\"kwayy-testimonial-designation\">Utente da Cl\u00ednica M\u00e9dica do Porto<\/span><\/cite><\/footer><\/blockquote><\/div>\n\t<\/div>\n\t<div class=\"kwayy-testimonial-box \"><div class=\"kwayy-testimonial-data\"><blockquote class=\"kwayy-testimonial-text\">\r\n\t\t\t\t<div class=\"contarea\">\t\t\t\t\t\r\n\t\t\t\t\t<div class=\"kwayy-tst-contarea-text\">Muita simpatia, profissionalismo e atendimento super personalizado. Recomendo...\r\nA Dra Nelea mto dispon\u00edvel e atenta aos pacientes pequenos e \u00e0s d\u00favidas\/medos dos seus pais:)<\/div>\r\n\t\t\t\t\t\r\n\t\t\t\t<\/div><footer> <div class=\"kwayy-testimonial-img\"><img loading=\"lazy\" decoding=\"async\" width=\"60\" height=\"60\" src=\"https:\/\/clinicamedicadoporto.pt\/staging\/wp-content\/uploads\/2020\/03\/ana-sofia-males-testemunho-clinica-medica-do-porto-e1604518139408.jpg\" class=\"attachment-thumbnail size-thumbnail wp-post-image\" alt=\"ana-sofia-males-testemunho-clinica-medica-do-porto\" \/><\/div> <cite class=\"kwayy-testimonial-title\">Ana S Males<span class=\"kwayy-testimonial-designation\">M\u00e3e de utente da Cl\u00ednica M\u00e9dica do Porto<\/span><\/cite><\/footer><\/blockquote><\/div>\n\t<\/div>\n\t<div class=\"kwayy-testimonial-box \"><div class=\"kwayy-testimonial-data\"><blockquote class=\"kwayy-testimonial-text\">\r\n\t\t\t\t<div class=\"contarea\">\t\t\t\t\t\r\n\t\t\t\t\t<div class=\"kwayy-tst-contarea-text\">Simpatia e profissionalismo!<\/div>\r\n\t\t\t\t\t\r\n\t\t\t\t<\/div><footer> <div class=\"kwayy-testimonial-img\"><img loading=\"lazy\" decoding=\"async\" width=\"60\" height=\"60\" src=\"https:\/\/clinicamedicadoporto.pt\/staging\/wp-content\/uploads\/2020\/03\/ana-paiva-testemunhos-clinica-medica-do-porto-e1604518196434.jpg\" class=\"attachment-thumbnail size-thumbnail wp-post-image\" alt=\"ana-paiva-testemunhos-clinica-medica-do-porto\" \/><\/div> <cite class=\"kwayy-testimonial-title\">Ana Paiva<span class=\"kwayy-testimonial-designation\">Utente da Cl\u00ednica M\u00e9dica do Porto<\/span><\/cite><\/footer><\/blockquote><\/div>\n\t<\/div>\n\t<div class=\"kwayy-testimonial-box \"><div class=\"kwayy-testimonial-data\"><blockquote class=\"kwayy-testimonial-text\">\r\n\t\t\t\t<div class=\"contarea\">\t\t\t\t\t\r\n\t\t\t\t\t<div class=\"kwayy-tst-contarea-text\">Excelentes profissionais com grande variedade de servi\u00e7os de sa\u00fade<\/div>\r\n\t\t\t\t\t\r\n\t\t\t\t<\/div><footer> <div class=\"kwayy-testimonial-img\"><img loading=\"lazy\" decoding=\"async\" width=\"96\" height=\"96\" src=\"https:\/\/clinicamedicadoporto.pt\/staging\/wp-content\/uploads\/2020\/02\/Bruno-Alves-comentario-clinica-medica-porto.jpg\" class=\"attachment-thumbnail size-thumbnail wp-post-image\" alt=\"Bruno-Alves-comentario-clinica-medica-porto\" \/><\/div> <cite class=\"kwayy-testimonial-title\">Bruno Alves<span class=\"kwayy-testimonial-designation\">Utente da Cl\u00ednica M\u00e9dica do Porto<\/span><\/cite><\/footer><\/blockquote><\/div>\n\t<\/div>\n\t<div class=\"kwayy-testimonial-box \"><div class=\"kwayy-testimonial-data\"><blockquote class=\"kwayy-testimonial-text\">\r\n\t\t\t\t<div class=\"contarea\">\t\t\t\t\t\r\n\t\t\t\t\t<div class=\"kwayy-tst-contarea-text\">Thank you Dr. Rodrigues, amazing results of my aesthetic treatment. LOVE IT!!!!!!! My skin is so perfect and natural right now. I tried other clinics abroad with bad results but know I'm happy. I'm away from Portugal but when I come back I want to put filler in my lips with you.<\/div>\r\n\t\t\t\t\t\r\n\t\t\t\t<\/div><footer> <div class=\"kwayy-testimonial-img\"><img loading=\"lazy\" decoding=\"async\" width=\"60\" height=\"60\" src=\"https:\/\/clinicamedicadoporto.pt\/staging\/wp-content\/uploads\/2019\/08\/perfil-clinica-medica-do-porto-e1604516538844.png\" class=\"attachment-thumbnail size-thumbnail wp-post-image\" alt=\"Testemunho-clinica-medica-do-porto\" \/><\/div> <cite class=\"kwayy-testimonial-title\">Giana Kors<span class=\"kwayy-testimonial-designation\">Paciente da Cl\u00ednica M\u00e9dica do Porto<\/span><\/cite><\/footer><\/blockquote><\/div>\n\t<\/div>\n\t<div class=\"kwayy-testimonial-box \"><div class=\"kwayy-testimonial-data\"><blockquote class=\"kwayy-testimonial-text\">\r\n\t\t\t\t<div class=\"contarea\">\t\t\t\t\t\r\n\t\t\t\t\t<div class=\"kwayy-tst-contarea-text\">\u00d3ptima profissional de Psicologia Infantil. Muito atenta a todos os pormenores das crian\u00e7as e muito focada em ajudar os pais.<br>\r\n(Acerca da Psic\u00f3loga Marisa Gouveia)<\/div>\r\n\t\t\t\t\t\r\n\t\t\t\t<\/div><footer> <div class=\"kwayy-testimonial-img\"><img loading=\"lazy\" decoding=\"async\" width=\"60\" height=\"60\" src=\"https:\/\/clinicamedicadoporto.pt\/staging\/wp-content\/uploads\/2019\/08\/perfil-clinica-medica-do-porto-1-e1604515187835.png\" class=\"attachment-thumbnail size-thumbnail wp-post-image\" alt=\"Imagem-generica-clinica-medica-do-porto\" \/><\/div> <cite class=\"kwayy-testimonial-title\">B\u00e1rbara A.<span class=\"kwayy-testimonial-designation\">M\u00e3e de Utente da Cl\u00ednica M\u00e9dica do Porto<\/span><\/cite><\/footer><\/blockquote><\/div>\n\t<\/div>\n\t<div class=\"kwayy-testimonial-box \"><div class=\"kwayy-testimonial-data\"><blockquote class=\"kwayy-testimonial-text\">\r\n\t\t\t\t<div class=\"contarea\">\t\t\t\t\t\r\n\t\t\t\t\t<div class=\"kwayy-tst-contarea-text\">Espa\u00e7o excelente, profissionalismo e simpatia da secretaria ao gabinete m\u00e9dico.<\/div>\r\n\t\t\t\t\t\r\n\t\t\t\t<\/div><footer> <div class=\"kwayy-testimonial-img\"><img loading=\"lazy\" decoding=\"async\" width=\"60\" height=\"60\" src=\"https:\/\/clinicamedicadoporto.pt\/staging\/wp-content\/uploads\/2019\/08\/perfil-clinica-medica-do-porto-1-e1604515187835.png\" class=\"attachment-thumbnail size-thumbnail wp-post-image\" alt=\"Imagem-generica-clinica-medica-do-porto\" \/><\/div> <cite class=\"kwayy-testimonial-title\">Teresa Pinto<span class=\"kwayy-testimonial-designation\">Utente da Cl\u00ednica M\u00e9dica do Porto<\/span><\/cite><\/footer><\/blockquote><\/div>\n\t<\/div>\n\t<div class=\"kwayy-testimonial-box \"><div class=\"kwayy-testimonial-data\"><blockquote class=\"kwayy-testimonial-text\">\r\n\t\t\t\t<div class=\"contarea\">\t\t\t\t\t\r\n\t\t\t\t\t<div class=\"kwayy-tst-contarea-text\">Harmozina\u00e7\u00e3o facial TOP!!! H\u00e1 mais de 10 anos que fa\u00e7o tratamentos de est\u00e9tica.. Fui cliente de varias cl\u00ednicas bem conhecidas, mas nunca estive t\u00e3o satisfeita como com a harmoniza\u00e7\u00e3o facial que o dr Rodrigues me fez m\u00eas. Obrigado dr e obrigado a cl\u00ednica (...)<\/div>\r\n\t\t\t\t\t\r\n\t\t\t\t<\/div><footer> <div class=\"kwayy-testimonial-img\"><img loading=\"lazy\" decoding=\"async\" width=\"60\" height=\"60\" src=\"https:\/\/clinicamedicadoporto.pt\/staging\/wp-content\/uploads\/2019\/08\/perfil-clinica-medica-do-porto-1-e1604515187835.png\" class=\"attachment-thumbnail size-thumbnail wp-post-image\" alt=\"Imagem-generica-clinica-medica-do-porto\" \/><\/div> <cite class=\"kwayy-testimonial-title\">Maria Ribeiro<span class=\"kwayy-testimonial-designation\">Paciente da Cl\u00ednica M\u00e9dica do Porto<\/span><\/cite><\/footer><\/blockquote><\/div>\n\t<\/div>\n\t<div class=\"kwayy-testimonial-box \"><div class=\"kwayy-testimonial-data\"><blockquote class=\"kwayy-testimonial-text\">\r\n\t\t\t\t<div class=\"contarea\">\t\t\t\t\t\r\n\t\t\t\t\t<div class=\"kwayy-tst-contarea-text\">Profissionalismo, pontualidade, especialidades, simpatia 100%<\/div>\r\n\t\t\t\t\t\r\n\t\t\t\t<\/div><footer> <div class=\"kwayy-testimonial-img\"><img loading=\"lazy\" decoding=\"async\" width=\"60\" height=\"60\" src=\"https:\/\/clinicamedicadoporto.pt\/staging\/wp-content\/uploads\/2019\/08\/perfil-clinica-medica-do-porto-e1604516538844.png\" class=\"attachment-thumbnail size-thumbnail wp-post-image\" alt=\"Testemunho-clinica-medica-do-porto\" \/><\/div> <cite class=\"kwayy-testimonial-title\">Susana Melo<span class=\"kwayy-testimonial-designation\">Paciente da Cl\u00ednica M\u00e9dica do Porto<\/span><\/cite><\/footer><\/blockquote><\/div>\n\t<\/div>\n\t<div class=\"kwayy-testimonial-box \"><div class=\"kwayy-testimonial-data\"><blockquote class=\"kwayy-testimonial-text\">\r\n\t\t\t\t<div class=\"contarea\">\t\t\t\t\t\r\n\t\t\t\t\t<div class=\"kwayy-tst-contarea-text\">Aconselhou me uma amiga e fui a consulta de est\u00e9tica.. amei! Preenchimento labial e sulcos fant\u00e1sticos, resultado perfeito. M\u00e3os delicadas de cirurgi\u00e3o, obrigado por tudo Dr Rodrigues!<\/div>\r\n\t\t\t\t\t\r\n\t\t\t\t<\/div><footer> <div class=\"kwayy-testimonial-img\"><img loading=\"lazy\" decoding=\"async\" width=\"60\" height=\"60\" src=\"https:\/\/clinicamedicadoporto.pt\/staging\/wp-content\/uploads\/2019\/08\/perfil-clinica-medica-do-porto-1-e1604515187835.png\" class=\"attachment-thumbnail size-thumbnail wp-post-image\" alt=\"Imagem-generica-clinica-medica-do-porto\" \/><\/div> <cite class=\"kwayy-testimonial-title\">Sara Lopes<span class=\"kwayy-testimonial-designation\">Paciente da Cl\u00ednica M\u00e9dica do Porto<\/span><\/cite><\/footer><\/blockquote><\/div>\n\t<\/div>\n\t<div class=\"kwayy-testimonial-box \"><div class=\"kwayy-testimonial-data\"><blockquote class=\"kwayy-testimonial-text\">\r\n\t\t\t\t<div class=\"contarea\">\t\t\t\t\t\r\n\t\t\t\t\t<div class=\"kwayy-tst-contarea-text\">Muito satisfeita com o servi\u00e7o da Cl\u00ednica M\u00e9dica do Porto. Resultado fant\u00e1stico de botox\u00ae, j\u00e1 tinha feito v\u00e1rios tratamentos antes noutros s\u00edtios mas nenhum com resultados t\u00e3o bons como o que o doutor Manuel me fez. Obrigado. <\/div>\r\n\t\t\t\t\t\r\n\t\t\t\t<\/div><footer> <div class=\"kwayy-testimonial-img\"><img loading=\"lazy\" decoding=\"async\" width=\"60\" height=\"60\" src=\"https:\/\/clinicamedicadoporto.pt\/staging\/wp-content\/uploads\/2019\/08\/perfil-clinica-medica-do-porto-1-e1604515187835.png\" class=\"attachment-thumbnail size-thumbnail wp-post-image\" alt=\"Imagem-generica-clinica-medica-do-porto\" \/><\/div> <cite class=\"kwayy-testimonial-title\">Adriana Madureira<span class=\"kwayy-testimonial-designation\">Paciente da Cl\u00ednica M\u00e9dica do Porto<\/span><\/cite><\/footer><\/blockquote><\/div>\n\t<\/div>\n\t<div class=\"kwayy-testimonial-box \"><div class=\"kwayy-testimonial-data\"><blockquote class=\"kwayy-testimonial-text\">\r\n\t\t\t\t<div class=\"contarea\">\t\t\t\t\t\r\n\t\t\t\t\t<div class=\"kwayy-tst-contarea-text\">Um \u00f3ptimo acolhimento por toda a equipa. Muito profissionais, simp\u00e1ticos e com servi\u00e7os prestados de forma muito humanizada.<\/div>\r\n\t\t\t\t\t\r\n\t\t\t\t<\/div><footer> <div class=\"kwayy-testimonial-img\"><img loading=\"lazy\" decoding=\"async\" width=\"60\" height=\"60\" src=\"https:\/\/clinicamedicadoporto.pt\/staging\/wp-content\/uploads\/2019\/08\/vera-teixeira-testemunho-clinica-medica-do-porto-e1604518276413.jpg\" class=\"attachment-thumbnail size-thumbnail wp-post-image\" alt=\"vera-teixeira-testemunho-clinica-medica-do-porto\" \/><\/div> <cite class=\"kwayy-testimonial-title\">Vera Teixeira<span class=\"kwayy-testimonial-designation\">M\u00e3e do beb\u00e9 J.<\/span><\/cite><\/footer><\/blockquote><\/div>\n\t<\/div>\n\t<div class=\"kwayy-testimonial-box \"><div class=\"kwayy-testimonial-data\"><blockquote class=\"kwayy-testimonial-text\">\r\n\t\t\t\t<div class=\"contarea\">\t\t\t\t\t\r\n\t\t\t\t\t<div class=\"kwayy-tst-contarea-text\">H\u00e1 muito tempo procurava uma cl\u00ednica assim! Gratid\u00e3o pelo trabalho com minha irm\u00e3 e agora comigo! <a href=\"https:\/\/www.google.com\/maps\/contrib\/109204381814089835556\/reviews\/@41.1572663,-8.6437935,17z\/data=!3m1!4b1!4m3!8m2!3m1!1e1\" rel=\"noopener noreferrer\" target=\"_blank\">ler mais<\/a>\r\n<\/div>\r\n\t\t\t\t\t\r\n\t\t\t\t<\/div><footer> <div class=\"kwayy-testimonial-img\"><img loading=\"lazy\" decoding=\"async\" width=\"60\" height=\"60\" src=\"https:\/\/clinicamedicadoporto.pt\/staging\/wp-content\/uploads\/2019\/08\/perfil-clinica-medica-do-porto-e1604516538844.png\" class=\"attachment-thumbnail size-thumbnail wp-post-image\" alt=\"Testemunho-clinica-medica-do-porto\" \/><\/div> <cite class=\"kwayy-testimonial-title\">T\u00e2nia Elis<span class=\"kwayy-testimonial-designation\">Paciente da Cl\u00ednica M\u00e9dica do Porto<\/span><\/cite><\/footer><\/blockquote><\/div>\n\t<\/div>\n\t<div class=\"kwayy-testimonial-box \"><div class=\"kwayy-testimonial-data\"><blockquote class=\"kwayy-testimonial-text\">\r\n\t\t\t\t<div class=\"contarea\">\t\t\t\t\t\r\n\t\t\t\t\t<div class=\"kwayy-tst-contarea-text\">Bons profissionais. Recomendo.<\/div>\r\n\t\t\t\t\t\r\n\t\t\t\t<\/div><footer> <div class=\"kwayy-testimonial-img\"><img loading=\"lazy\" decoding=\"async\" width=\"60\" height=\"60\" src=\"https:\/\/clinicamedicadoporto.pt\/staging\/wp-content\/uploads\/2019\/08\/sonia-morais-testemunho-clinica-medica-do-porto-e1604518284422.jpg\" class=\"attachment-thumbnail size-thumbnail wp-post-image\" alt=\"sonia-morais-testemunho-clinica-medica-do-porto\" \/><\/div> <cite class=\"kwayy-testimonial-title\">S\u00f3nia Morais<span class=\"kwayy-testimonial-designation\">Paciente da Cl\u00ednica M\u00e9dica do Porto<\/span><\/cite><\/footer><\/blockquote><\/div>\n\t<\/div>\n\t<div class=\"kwayy-testimonial-box \"><div class=\"kwayy-testimonial-data\"><blockquote class=\"kwayy-testimonial-text\">\r\n\t\t\t\t<div class=\"contarea\">\t\t\t\t\t\r\n\t\t\t\t\t<div class=\"kwayy-tst-contarea-text\">Gostei do profissionalismo e compet\u00eancia demonstrada.\r\nAcredito que s\u00e3o uma solu\u00e7\u00e3o para os problemas com que me deparei tendo sido transparentes nas solu\u00e7\u00f5es apresentadas! Pontualidade e ambiente acolhedor!<\/div>\r\n\t\t\t\t\t\r\n\t\t\t\t<\/div><footer> <div class=\"kwayy-testimonial-img\"><img loading=\"lazy\" decoding=\"async\" width=\"60\" height=\"60\" src=\"https:\/\/clinicamedicadoporto.pt\/staging\/wp-content\/uploads\/2019\/08\/Rui-pereira-testemunho-clinica-medica-do-porto-e1604518294303.jpg\" class=\"attachment-thumbnail size-thumbnail wp-post-image\" alt=\"Rui-pereira-testemunho-clinica-medica-do-porto\" \/><\/div> <cite class=\"kwayy-testimonial-title\">Rui Pereira<span class=\"kwayy-testimonial-designation\">Paciente da Cl\u00ednica M\u00e9dica do Porto<\/span><\/cite><\/footer><\/blockquote><\/div>\n\t<\/div>\n\t<div class=\"kwayy-testimonial-box \"><div class=\"kwayy-testimonial-data\"><blockquote class=\"kwayy-testimonial-text\">\r\n\t\t\t\t<div class=\"contarea\">\t\t\t\t\t\r\n\t\t\t\t\t<div class=\"kwayy-tst-contarea-text\">Um espa\u00e7o que reune excelentes profissionais onde a simpatia \u00e9 o cart\u00e3o de boas-vindas. Obrigada em especial \u00e0 terapeuta Tatiana Sousa. Bem-hajam e continuem o \u00f3timo trabalho.<\/div>\r\n\t\t\t\t\t\r\n\t\t\t\t<\/div><footer> <div class=\"kwayy-testimonial-img\"><img loading=\"lazy\" decoding=\"async\" width=\"60\" height=\"60\" src=\"https:\/\/clinicamedicadoporto.pt\/staging\/wp-content\/uploads\/2019\/08\/raquel-vilares-testemunho-clinica-medica-do-porto-e1604518379616.jpg\" class=\"attachment-thumbnail size-thumbnail wp-post-image\" alt=\"raquel-vilares-testemunho-clinica-medica-do-porto\" \/><\/div> <cite class=\"kwayy-testimonial-title\">Raquel Vilares<span class=\"kwayy-testimonial-designation\">Paciente da Cl\u00ednica M\u00e9dica do Porto<\/span><\/cite><\/footer><\/blockquote><\/div>\n\t<\/div>\n\t<div class=\"kwayy-testimonial-box \"><div class=\"kwayy-testimonial-data\"><blockquote class=\"kwayy-testimonial-text\">\r\n\t\t\t\t<div class=\"contarea\">\t\t\t\t\t\r\n\t\t\t\t\t<div class=\"kwayy-tst-contarea-text\">Amazing staff- very knowleadgable. Highly recommend this clinica. \ud83d\udc4c\ud83c\udffc<\/div>\r\n\t\t\t\t\t\r\n\t\t\t\t<\/div><footer> <div class=\"kwayy-testimonial-img\"><img loading=\"lazy\" decoding=\"async\" width=\"60\" height=\"60\" src=\"https:\/\/clinicamedicadoporto.pt\/staging\/wp-content\/uploads\/2019\/08\/Maria-Duenas-testemunho-clinica-medica-do-porto-e1604518335901.jpg\" class=\"attachment-thumbnail size-thumbnail wp-post-image\" alt=\"Maria-Duenas-testemunho-clinica-medica-do-porto\" \/><\/div> <cite class=\"kwayy-testimonial-title\">Maria Duenas<span class=\"kwayy-testimonial-designation\">Paciente da Cl\u00ednica M\u00e9dica do Porto<\/span><\/cite><\/footer><\/blockquote><\/div>\n\t<\/div>\n\t<div class=\"kwayy-testimonial-box \"><div class=\"kwayy-testimonial-data\"><blockquote class=\"kwayy-testimonial-text\">\r\n\t\t\t\t<div class=\"contarea\">\t\t\t\t\t\r\n\t\t\t\t\t<div class=\"kwayy-tst-contarea-text\">Uma \u00f3ptima recep\u00e7\u00e3o , pessoas muito simp\u00e1ticas e profissionais. S\u00f3 tenho a agradecer \ud83d\ude42<\/div>\r\n\t\t\t\t\t\r\n\t\t\t\t<\/div><footer> <div class=\"kwayy-testimonial-img\"><img loading=\"lazy\" decoding=\"async\" width=\"60\" height=\"60\" src=\"https:\/\/clinicamedicadoporto.pt\/staging\/wp-content\/uploads\/2019\/08\/Karine-Clarion-testemunho-clinica-medica-do-porto-e1604518371147.jpg\" class=\"attachment-thumbnail size-thumbnail wp-post-image\" alt=\"Karine-Clarion-testemunho-clinica-medica-do-porto\" \/><\/div> <cite class=\"kwayy-testimonial-title\">Karine M. Clarion<span class=\"kwayy-testimonial-designation\">Paciente da Cl\u00ednica M\u00e9dica do Porto<\/span><\/cite><\/footer><\/blockquote><\/div>\n\t<\/div>\n\t<div class=\"kwayy-testimonial-box \"><div class=\"kwayy-testimonial-data\"><blockquote class=\"kwayy-testimonial-text\">\r\n\t\t\t\t<div class=\"contarea\">\t\t\t\t\t\r\n\t\t\t\t\t<div class=\"kwayy-tst-contarea-text\">Andava h\u00e1 procura de uma solu\u00e7\u00e3o que passasse pela acupuntura (...) estou super contente pela forma como tenho sido tratado (...) recomendo vivamente esta Cl\u00ednica<\/div>\r\n\t\t\t\t\t\r\n\t\t\t\t<\/div><footer> <div class=\"kwayy-testimonial-img\"><img loading=\"lazy\" decoding=\"async\" width=\"60\" height=\"60\" src=\"https:\/\/clinicamedicadoporto.pt\/staging\/wp-content\/uploads\/2019\/08\/Diamantino-silva-testemunho-clinica-medica-do-porto-e1604518391673.jpg\" class=\"attachment-thumbnail size-thumbnail wp-post-image\" alt=\"Diamantino-Silva-testemunho-clinica-medica-do-porto\" \/><\/div> <cite class=\"kwayy-testimonial-title\">Diamantino Silva<span class=\"kwayy-testimonial-designation\">Paciente da Cl\u00ednica M\u00e9dica do Porto<\/span><\/cite><\/footer><\/blockquote><\/div>\n\t<\/div>\n\t<div class=\"kwayy-testimonial-box \"><div class=\"kwayy-testimonial-data\"><blockquote class=\"kwayy-testimonial-text\">\r\n\t\t\t\t<div class=\"contarea\">\t\t\t\t\t\r\n\t\t\t\t\t<div class=\"kwayy-tst-contarea-text\">Grupo de profissionais muito competentes. Dou especial elogio ao trabalho da terapeuta Tatiana Calv\u00e3o Sousa que tanto me ajudou.<\/div>\r\n\t\t\t\t\t\r\n\t\t\t\t<\/div><footer> <div class=\"kwayy-testimonial-img\"><img loading=\"lazy\" decoding=\"async\" width=\"60\" height=\"60\" src=\"https:\/\/clinicamedicadoporto.pt\/staging\/wp-content\/uploads\/2019\/08\/catia-felix-testemunho-clinica-medica-do-porto-e1604518402653.jpg\" class=\"attachment-thumbnail size-thumbnail wp-post-image\" alt=\"catia-felix-testemunho-clinica-medica-do-porto\" \/><\/div> <cite class=\"kwayy-testimonial-title\">C\u00e1tia Felix<span class=\"kwayy-testimonial-designation\">Paciente da Cl\u00ednica M\u00e9dica do Porto<\/span><\/cite><\/footer><\/blockquote><\/div>\n\t<\/div>\n\t<div class=\"kwayy-testimonial-box \"><div class=\"kwayy-testimonial-data\"><blockquote class=\"kwayy-testimonial-text\">\r\n\t\t\t\t<div class=\"contarea\">\t\t\t\t\t\r\n\t\t\t\t\t<div class=\"kwayy-tst-contarea-text\">Os melhores.<\/div>\r\n\t\t\t\t\t\r\n\t\t\t\t<\/div><footer> <div class=\"kwayy-testimonial-img\"><img loading=\"lazy\" decoding=\"async\" width=\"60\" height=\"60\" src=\"https:\/\/clinicamedicadoporto.pt\/staging\/wp-content\/uploads\/2019\/08\/admilo-ribeiro-testemunho-clinica-medica-do-porto-e1604518405184.jpg\" class=\"attachment-thumbnail size-thumbnail wp-post-image\" alt=\"Admilo Ribeiro - Testemunho - Cl\u00ednica M\u00e9dica do Porto\" \/><\/div> <cite class=\"kwayy-testimonial-title\">Admilo Ribeiro<span class=\"kwayy-testimonial-designation\">Paciente da Cl\u00ednica M\u00e9dica do Porto<\/span><\/cite><\/footer><\/blockquote><\/div>\n\t<\/div>\n\t<div class=\"kwayy-testimonial-box \"><div class=\"kwayy-testimonial-data\"><blockquote class=\"kwayy-testimonial-text\">\r\n\t\t\t\t<div class=\"contarea\">\t\t\t\t\t\r\n\t\t\t\t\t<div class=\"kwayy-tst-contarea-text\">Espa\u00e7o muito bonito e acolhedor, excelente organiza\u00e7\u00e3o e agenda \ud83d\udc4d Simpatia e profissionalismo top \ud83d\udc4c<\/div>\r\n\t\t\t\t\t\r\n\t\t\t\t<\/div><footer> <div class=\"kwayy-testimonial-img\"><img loading=\"lazy\" decoding=\"async\" width=\"60\" height=\"60\" src=\"https:\/\/clinicamedicadoporto.pt\/staging\/wp-content\/uploads\/2019\/07\/vera-morgado-testemunho-clinica-medica-porto-e1604518447666.jpg\" class=\"attachment-thumbnail size-thumbnail wp-post-image\" alt=\"vera-morgado-testemunho-clinica-medica-porto\" \/><\/div> <cite class=\"kwayy-testimonial-title\">Vera Morgado<span class=\"kwayy-testimonial-designation\">Paciente da Cl\u00ednica M\u00e9dica do Porto<\/span><\/cite><\/footer><\/blockquote><\/div>\n\t<\/div>\n\t<div class=\"kwayy-testimonial-box \"><div class=\"kwayy-testimonial-data\"><blockquote class=\"kwayy-testimonial-text\">\r\n\t\t\t\t<div class=\"contarea\">\t\t\t\t\t\r\n\t\t\t\t\t<div class=\"kwayy-tst-contarea-text\">Contactamos a Cl\u00ednica, procurando osteopatia pedi\u00e1trica que precisavamos, com urg\u00eancia, para a nossa beb\u00e9, que sofria de refluxo. Encontramos boas refer\u00eancias relativas ao terapeuta Tiago Monteiro e n\u00e3o nos arrependemos. Para al\u00e9m do profissionalismo, foi de um cuidado e aten\u00e7\u00e3o extremas e o resultado foi imediato na qualidade de vida e bem estar da nossa beb\u00e9.\r\nO acompanhamento \u00e9 irrepreens\u00edvel! Recomendamos e agradecemos!<\/div>\r\n\t\t\t\t\t\r\n\t\t\t\t<\/div><footer> <div class=\"kwayy-testimonial-img\"><img loading=\"lazy\" decoding=\"async\" width=\"60\" height=\"60\" src=\"https:\/\/clinicamedicadoporto.pt\/staging\/wp-content\/uploads\/2019\/06\/Cecilia-Barbosa-Testemunho-Clinica-Medica-do-Porto-e1604518452400.jpg\" class=\"attachment-thumbnail size-thumbnail wp-post-image\" alt=\"Cecilia-Barbosa-Testemunho-Clinica-Medica-do-Porto\" \/><\/div> <cite class=\"kwayy-testimonial-title\"><a href=\"http:\/\/www.135milimetros.pt\/\" target=\"_blank\" rel=\"noopener\">Cec\u00edlia Barbosa<\/a><span class=\"kwayy-testimonial-designation\">M\u00e3e da beb\u00e9 M<\/span><\/cite><\/footer><\/blockquote><\/div>\n\t<\/div>\n\t<div class=\"kwayy-testimonial-box \"><div class=\"kwayy-testimonial-data\"><blockquote class=\"kwayy-testimonial-text\">\r\n\t\t\t\t<div class=\"contarea\">\t\t\t\t\t\r\n\t\t\t\t\t<div class=\"kwayy-tst-contarea-text\">Uma abordagem profissional e virada para a r\u00e1pida recupera\u00e7\u00e3o.\r\nRecomendo a todos que tenham algum problema que necessite de fisioterapia.<\/div>\r\n\t\t\t\t\t\r\n\t\t\t\t<\/div><footer> <div class=\"kwayy-testimonial-img\"><img loading=\"lazy\" decoding=\"async\" width=\"60\" height=\"60\" src=\"https:\/\/clinicamedicadoporto.pt\/staging\/wp-content\/uploads\/2019\/05\/goncalo-magalhaes-testemunho-clincia-medica-do-porto-e1604518456547.jpg\" class=\"attachment-thumbnail size-thumbnail wp-post-image\" alt=\"goncalo-magalhaes-testemunho-clincia-medica-do-porto\" \/><\/div> <cite class=\"kwayy-testimonial-title\">Gon\u00e7alo Magalh\u00e3es<span class=\"kwayy-testimonial-designation\">Paciente da Cl\u00ednica M\u00e9dica do Porto<\/span><\/cite><\/footer><\/blockquote><\/div>\n\t<\/div>\n\t<div class=\"kwayy-testimonial-box \"><div class=\"kwayy-testimonial-data\"><blockquote class=\"kwayy-testimonial-text\">\r\n\t\t\t\t<div class=\"contarea\">\t\t\t\t\t\r\n\t\t\t\t\t<div class=\"kwayy-tst-contarea-text\">Excelente atendimento, muito atenciosos, bem humorados e n\u00e3o medem esfor\u00e7os para que tenhamos sempre uma \u00f3tima experi\u00eancia (...)Recomendo vivamente! <a href=\"https:\/\/www.google.pt\/search?q=clinica%20medica%20porto&amp;oq=clinica+medica+porto&amp;aqs=chrome..69i57j0l5.3791j1j4&amp;sourceid=chrome&amp;ie=UTF-8&amp;npsic=0&amp;rflfq=1&amp;rlha=0&amp;rllag=41152362,-8652351,899&amp;tbm=lcl&amp;rldimm=6565331351323829080&amp;ved=2ahUKEwifp9mmiovfAhUUecAKHVwrDKoQvS4wB3oECAAQIQ&amp;rldoc=1&amp;tbs=lrf:!2m1!1e2!2m1!1e3!3sIAE,lf:1,lf_ui:2#lrd=0xd246511c781bac1:0x5b1cbe1454646358,1,,,&amp;rlfi=hd:;si:6565331351323829080;mv:!1m2!1d41.1716365!2d-8.6233832!2m2!1d41.1460904!2d-8.6737286;tbs:lrf:!2m1!1e2!2m1!1e3!3sIAE,lf:1,lf_ui:2\" target=\"_blank\" rel=\"noopener noreferrer\">ler mais<\/a><\/div>\r\n\t\t\t\t\t\r\n\t\t\t\t<\/div><footer> <div class=\"kwayy-testimonial-img\"><img loading=\"lazy\" decoding=\"async\" width=\"60\" height=\"60\" src=\"https:\/\/clinicamedicadoporto.pt\/staging\/wp-content\/uploads\/2018\/12\/Erica-Roessing-Almeida-testemunho-clinica-medica-do-porto-e1604518586729.jpg\" class=\"attachment-thumbnail size-thumbnail wp-post-image\" alt=\"Erica-Roessing-Almeida-testemunho-clinica-medica-do-porto\" \/><\/div> <cite class=\"kwayy-testimonial-title\">Erica Roessing Almeida<span class=\"kwayy-testimonial-designation\">Paciente da Cl\u00ednica M\u00e9dica do Porto<\/span><\/cite><\/footer><\/blockquote><\/div>\n\t<\/div>\n\t<div class=\"kwayy-testimonial-box \"><div class=\"kwayy-testimonial-data\"><blockquote class=\"kwayy-testimonial-text\">\r\n\t\t\t\t<div class=\"contarea\">\t\t\t\t\t\r\n\t\t\t\t\t<div class=\"kwayy-tst-contarea-text\">Aconselho a cl\u00ednica!\r\nA minha irm\u00e3 fez tratamento de medicina est\u00e9tica com o Dr. Rodrigues Sousa e est\u00e1 linda e super feliz. Obrigado Dr. 5 estrelas.<\/div>\r\n\t\t\t\t\t\r\n\t\t\t\t<\/div><footer> <div class=\"kwayy-testimonial-img\"><img loading=\"lazy\" decoding=\"async\" width=\"96\" height=\"96\" src=\"https:\/\/clinicamedicadoporto.pt\/staging\/wp-content\/uploads\/2018\/07\/perfil-clinica-medica-do-porto-150x150.png\" class=\"attachment-thumbnail size-thumbnail wp-post-image\" alt=\"perfil-feminino-clinica-medica-do-porto\" srcset=\"https:\/\/clinicamedicadoporto.pt\/staging\/wp-content\/uploads\/2018\/07\/perfil-clinica-medica-do-porto-150x150.png 150w, https:\/\/clinicamedicadoporto.pt\/staging\/wp-content\/uploads\/2018\/07\/perfil-clinica-medica-do-porto-300x300.png 300w, https:\/\/clinicamedicadoporto.pt\/staging\/wp-content\/uploads\/2018\/07\/perfil-clinica-medica-do-porto-e1604515282169.png 60w\" sizes=\"auto, (max-width: 96px) 100vw, 96px\" \/><\/div> <cite class=\"kwayy-testimonial-title\">Sara Silva<span class=\"kwayy-testimonial-designation\">Irm\u00e3 de paciente da Cl\u00ednica M\u00e9dica do Porto<\/span><\/cite><\/footer><\/blockquote><\/div>\n\t<\/div>\n\t<div class=\"kwayy-testimonial-box \"><div class=\"kwayy-testimonial-data\"><blockquote class=\"kwayy-testimonial-text\">\r\n\t\t\t\t<div class=\"contarea\">\t\t\t\t\t\r\n\t\t\t\t\t<div class=\"kwayy-tst-contarea-text\">Muito obrigada pelo atendimento.\r\nFiz consulta com a Dra. Ana Rita e gostei muito. Recomendo!<\/div>\r\n\t\t\t\t\t\r\n\t\t\t\t<\/div><footer> <div class=\"kwayy-testimonial-img\"><img loading=\"lazy\" decoding=\"async\" width=\"96\" height=\"96\" src=\"https:\/\/clinicamedicadoporto.pt\/staging\/wp-content\/uploads\/2018\/07\/perfil-clinica-medica-do-porto-150x150.png\" class=\"attachment-thumbnail size-thumbnail wp-post-image\" alt=\"perfil-feminino-clinica-medica-do-porto\" srcset=\"https:\/\/clinicamedicadoporto.pt\/staging\/wp-content\/uploads\/2018\/07\/perfil-clinica-medica-do-porto-150x150.png 150w, https:\/\/clinicamedicadoporto.pt\/staging\/wp-content\/uploads\/2018\/07\/perfil-clinica-medica-do-porto-300x300.png 300w, https:\/\/clinicamedicadoporto.pt\/staging\/wp-content\/uploads\/2018\/07\/perfil-clinica-medica-do-porto-e1604515282169.png 60w\" sizes=\"auto, (max-width: 96px) 100vw, 96px\" \/><\/div> <cite class=\"kwayy-testimonial-title\">Luciene Marques<span class=\"kwayy-testimonial-designation\">Paciente da Cl\u00ednica M\u00e9dica do Porto<\/span><\/cite><\/footer><\/blockquote><\/div>\n\t<\/div>\n\t<div class=\"kwayy-testimonial-box \"><div class=\"kwayy-testimonial-data\"><blockquote class=\"kwayy-testimonial-text\">\r\n\t\t\t\t<div class=\"contarea\">\t\t\t\t\t\r\n\t\t\t\t\t<div class=\"kwayy-tst-contarea-text\">Uma equipa profissional e competente, mas, sobretudo, marcando a diferen\u00e7a pela disponibilidade, carinho, aten\u00e7\u00e3o e cordialidade.<\/div>\r\n\t\t\t\t\t\r\n\t\t\t\t<\/div><footer> <div class=\"kwayy-testimonial-img\"><img loading=\"lazy\" decoding=\"async\" width=\"96\" height=\"96\" src=\"https:\/\/clinicamedicadoporto.pt\/staging\/wp-content\/uploads\/2018\/11\/ana-homet-comentario-clinica-medic-do-porto-150x150.jpg\" class=\"attachment-thumbnail size-thumbnail wp-post-image\" alt=\"ana-homet-comentario-clinica-medica-do-porto\" srcset=\"https:\/\/clinicamedicadoporto.pt\/staging\/wp-content\/uploads\/2018\/11\/ana-homet-comentario-clinica-medic-do-porto-150x150.jpg 150w, https:\/\/clinicamedicadoporto.pt\/staging\/wp-content\/uploads\/2018\/11\/ana-homet-comentario-clinica-medic-do-porto-300x300.jpg 300w, https:\/\/clinicamedicadoporto.pt\/staging\/wp-content\/uploads\/2018\/11\/ana-homet-comentario-clinica-medic-do-porto-e1604518589665.jpg 60w\" sizes=\"auto, (max-width: 96px) 100vw, 96px\" \/><\/div> <cite class=\"kwayy-testimonial-title\">Ana Homet<span class=\"kwayy-testimonial-designation\">Paciente da Cl\u00ednica M\u00e9dica do Porto<\/span><\/cite><\/footer><\/blockquote><\/div>\n\t<\/div>\n\t<div class=\"kwayy-testimonial-box \"><div class=\"kwayy-testimonial-data\"><blockquote class=\"kwayy-testimonial-text\">\r\n\t\t\t\t<div class=\"contarea\">\t\t\t\t\t\r\n\t\t\t\t\t<div class=\"kwayy-tst-contarea-text\">\u2026 precisava de direccionar as minhas necessidades para uma cl\u00ednica apoiada n\u00e3o s\u00f3 por m\u00e9dicos competentes, mas tamb\u00e9m com alternativas de tratamento adequadas ao meu caso\u2026\r\n<a href=\"https:\/\/www.facebook.com\/permalink.php?story_fbid=10157685865350410&amp;id=626105409&amp;__tn__=C-R\" target=\"_blank\" rel=\"noopener noreferrer\">ler mais<\/a><\/div>\r\n\t\t\t\t\t\r\n\t\t\t\t<\/div><footer> <div class=\"kwayy-testimonial-img\"><img loading=\"lazy\" decoding=\"async\" width=\"96\" height=\"96\" src=\"https:\/\/clinicamedicadoporto.pt\/staging\/wp-content\/uploads\/2018\/09\/Maria-Letra-Testemunho-clinica-medica-do-porto-150x150.jpg\" class=\"attachment-thumbnail size-thumbnail wp-post-image\" alt=\"Maria-Letra-Testemunho-clinica-medica-do-porto\" srcset=\"https:\/\/clinicamedicadoporto.pt\/staging\/wp-content\/uploads\/2018\/09\/Maria-Letra-Testemunho-clinica-medica-do-porto-150x150.jpg 150w, https:\/\/clinicamedicadoporto.pt\/staging\/wp-content\/uploads\/2018\/09\/Maria-Letra-Testemunho-clinica-medica-do-porto-300x300.jpg 300w, https:\/\/clinicamedicadoporto.pt\/staging\/wp-content\/uploads\/2018\/09\/Maria-Letra-Testemunho-clinica-medica-do-porto-e1604518597923.jpg 60w\" sizes=\"auto, (max-width: 96px) 100vw, 96px\" \/><\/div> <cite class=\"kwayy-testimonial-title\">Maria Letra<span class=\"kwayy-testimonial-designation\">Paciente da Cl\u00ednica M\u00e9dica do Porto<\/span><\/cite><\/footer><\/blockquote><\/div>\n\t<\/div>\n\t<div class=\"kwayy-testimonial-box \"><div class=\"kwayy-testimonial-data\"><blockquote class=\"kwayy-testimonial-text\">\r\n\t\t\t\t<div class=\"contarea\">\t\t\t\t\t\r\n\t\t\t\t\t<div class=\"kwayy-tst-contarea-text\">Fran\u00e7ais en week-end \u00e0 Porto. (\u2026) Pour avoir eu recours de nombreuses fois des ost\u00e9opathes, nous recommandons absolument la clinique pour son accueil, ses comp\u00e9tences et ses tarifs.<\/div>\r\n\t\t\t\t\t\r\n\t\t\t\t<\/div><footer> <div class=\"kwayy-testimonial-img\"><img loading=\"lazy\" decoding=\"async\" width=\"96\" height=\"96\" src=\"https:\/\/clinicamedicadoporto.pt\/staging\/wp-content\/uploads\/2018\/07\/perfil-clinica-medica-do-porto-150x150.png\" class=\"attachment-thumbnail size-thumbnail wp-post-image\" alt=\"perfil-feminino-clinica-medica-do-porto\" srcset=\"https:\/\/clinicamedicadoporto.pt\/staging\/wp-content\/uploads\/2018\/07\/perfil-clinica-medica-do-porto-150x150.png 150w, https:\/\/clinicamedicadoporto.pt\/staging\/wp-content\/uploads\/2018\/07\/perfil-clinica-medica-do-porto-300x300.png 300w, https:\/\/clinicamedicadoporto.pt\/staging\/wp-content\/uploads\/2018\/07\/perfil-clinica-medica-do-porto-e1604515282169.png 60w\" sizes=\"auto, (max-width: 96px) 100vw, 96px\" \/><\/div> <cite class=\"kwayy-testimonial-title\">Treize Mimine<span class=\"kwayy-testimonial-designation\">Paciente da Cl\u00ednica M\u00e9dica do Porto<\/span><\/cite><\/footer><\/blockquote><\/div>\n\t<\/div>\n\t<div class=\"kwayy-testimonial-box \"><div class=\"kwayy-testimonial-data\"><blockquote class=\"kwayy-testimonial-text\">\r\n\t\t\t\t<div class=\"contarea\">\t\t\t\t\t\r\n\t\t\t\t\t<div class=\"kwayy-tst-contarea-text\">Muito profissionalismo, \u00f3tima equipa, organiza\u00e7\u00e3o e simpatia! Excelente Osteopata - gra\u00e7as \u00e1s in\u00fameras t\u00e9cnicas do Tiago Monteiro fiquei sem uma dor no m\u00fasculo piriforme que me incomodava \u00e0 meses!<\/div>\r\n\t\t\t\t\t\r\n\t\t\t\t<\/div><footer> <div class=\"kwayy-testimonial-img\"><img loading=\"lazy\" decoding=\"async\" width=\"96\" height=\"96\" src=\"https:\/\/clinicamedicadoporto.pt\/staging\/wp-content\/uploads\/2018\/03\/Elisabete-Amaral-Testemunho-Clinica-Medica-do-Porto-150x150.jpg\" class=\"attachment-thumbnail size-thumbnail wp-post-image\" alt=\"Elisabete-Amaral-Testemunho-Clinica-Medica-do-Porto\" \/><\/div> <cite class=\"kwayy-testimonial-title\">Elisabete Amaral<span class=\"kwayy-testimonial-designation\">Paciente da Cl\u00ednica M\u00e9dica do Porto<\/span><\/cite><\/footer><\/blockquote><\/div>\n\t<\/div>\n\t<div class=\"kwayy-testimonial-box \"><div class=\"kwayy-testimonial-data\"><blockquote class=\"kwayy-testimonial-text\">\r\n\t\t\t\t<div class=\"contarea\">\t\t\t\t\t\r\n\t\t\t\t\t<div class=\"kwayy-tst-contarea-text\">Profissionalismo irrepreens\u00edvel, disponibilidade total e simpatia inigual\u00e1vel. N\u00e3o \u00e9 isto mesmo que todos procuramos quando est\u00e1 em causa a nossa sa\u00fade?\r\nParab\u00e9ns pelo projeto, Cl\u00ednica M\u00e9dica do Porto!<\/div>\r\n\t\t\t\t\t\r\n\t\t\t\t<\/div><footer> <div class=\"kwayy-testimonial-img\"><img loading=\"lazy\" decoding=\"async\" width=\"96\" height=\"96\" src=\"https:\/\/clinicamedicadoporto.pt\/staging\/wp-content\/uploads\/2018\/03\/Antonio-Larguesa-testemunho-clinica-medica-do-porto-150x150.jpg\" class=\"attachment-thumbnail size-thumbnail wp-post-image\" alt=\"Antonio-Larguesa-testemunho-clinica-medica-do-porto\" srcset=\"https:\/\/clinicamedicadoporto.pt\/staging\/wp-content\/uploads\/2018\/03\/Antonio-Larguesa-testemunho-clinica-medica-do-porto-150x150.jpg 150w, https:\/\/clinicamedicadoporto.pt\/staging\/wp-content\/uploads\/2018\/03\/Antonio-Larguesa-testemunho-clinica-medica-do-porto-300x300.jpg 300w, https:\/\/clinicamedicadoporto.pt\/staging\/wp-content\/uploads\/2018\/03\/Antonio-Larguesa-testemunho-clinica-medica-do-porto-e1604518884171.jpg 60w\" sizes=\"auto, (max-width: 96px) 100vw, 96px\" \/><\/div> <cite class=\"kwayy-testimonial-title\">Ant\u00f3nio Larguesa<span class=\"kwayy-testimonial-designation\">Paciente da Cl\u00ednica M\u00e9dica do Porto<\/span><\/cite><\/footer><\/blockquote><\/div>\n\t<\/div>\n\t<div class=\"kwayy-testimonial-box \"><div class=\"kwayy-testimonial-data\"><blockquote class=\"kwayy-testimonial-text\">\r\n\t\t\t\t<div class=\"contarea\">\t\t\t\t\t\r\n\t\t\t\t\t<div class=\"kwayy-tst-contarea-text\">Bastante satisfeita com os servi\u00e7os prestados pela Cl\u00ednica M\u00e9dica do Porto, especialmente com o profissionalismo, empenho e dedica\u00e7\u00e3o da Dra Tatiana. Recomendo vivamente a Cl\u00ednica M\u00e9dica do Porto.<\/div>\r\n\t\t\t\t\t\r\n\t\t\t\t<\/div><footer> <div class=\"kwayy-testimonial-img\"><img loading=\"lazy\" decoding=\"async\" width=\"96\" height=\"96\" src=\"https:\/\/clinicamedicadoporto.pt\/staging\/wp-content\/uploads\/2018\/03\/Joana-Couto-Testemunho-Clinica-Medica-do-Porto-150x150.jpg\" class=\"attachment-thumbnail size-thumbnail wp-post-image\" alt=\"Joana-Couto-Testemunho-Clinica-Medica-do-Porto\" srcset=\"https:\/\/clinicamedicadoporto.pt\/staging\/wp-content\/uploads\/2018\/03\/Joana-Couto-Testemunho-Clinica-Medica-do-Porto-150x150.jpg 150w, https:\/\/clinicamedicadoporto.pt\/staging\/wp-content\/uploads\/2018\/03\/Joana-Couto-Testemunho-Clinica-Medica-do-Porto-300x300.jpg 300w, https:\/\/clinicamedicadoporto.pt\/staging\/wp-content\/uploads\/2018\/03\/Joana-Couto-Testemunho-Clinica-Medica-do-Porto-e1605026871378.jpg 60w\" sizes=\"auto, (max-width: 96px) 100vw, 96px\" \/><\/div> <cite class=\"kwayy-testimonial-title\">Joana Couto<span class=\"kwayy-testimonial-designation\">Paciente da Cl\u00ednica M\u00e9dica do Porto<\/span><\/cite><\/footer><\/blockquote><\/div>\n\t<\/div>\n\t<div class=\"kwayy-testimonial-box \"><div class=\"kwayy-testimonial-data\"><blockquote class=\"kwayy-testimonial-text\">\r\n\t\t\t\t<div class=\"contarea\">\t\t\t\t\t\r\n\t\t\t\t\t<div class=\"kwayy-tst-contarea-text\">Muita simpatia, profissionalismo e atendimento super personalizado. Recomendo... A Dra Nelea \u00e9 muito dispon\u00edvel e atenta aos pacientes pequenos e \u00e0s d\u00favidas \/medos dos seus pais \ud83d\ude42<\/div>\r\n\t\t\t\t\t\r\n\t\t\t\t<\/div><footer> <div class=\"kwayy-testimonial-img\"><img loading=\"lazy\" decoding=\"async\" width=\"96\" height=\"96\" src=\"https:\/\/clinicamedicadoporto.pt\/staging\/wp-content\/uploads\/2018\/03\/Ana-Sofia-Santos-150x150.jpg\" class=\"attachment-thumbnail size-thumbnail wp-post-image\" alt=\"Ana Sofia Santos - testemunho - Cl\u00ednica M\u00e9dica do Porto\" \/><\/div> <cite class=\"kwayy-testimonial-title\">Ana Sofia Santos<span class=\"kwayy-testimonial-designation\">Paciente da Cl\u00ednica M\u00e9dica do Porto<\/span><\/cite><\/footer><\/blockquote><\/div>\n\t<\/div>\n\t<div class=\"kwayy-testimonial-box \"><div class=\"kwayy-testimonial-data\"><blockquote class=\"kwayy-testimonial-text\">\r\n\t\t\t\t<div class=\"contarea\">\t\t\t\t\t\r\n\t\t\t\t\t<div class=\"kwayy-tst-contarea-text\">Excelente acompanhamento a Dr Tatiana \u00e9 de um profissionalismo sem igual muito grata por tudo!<\/div>\r\n\t\t\t\t\t\r\n\t\t\t\t<\/div><footer> <div class=\"kwayy-testimonial-img\"><img loading=\"lazy\" decoding=\"async\" width=\"96\" height=\"96\" src=\"https:\/\/clinicamedicadoporto.pt\/staging\/wp-content\/uploads\/2018\/03\/Joana-Pinto-Testemunho-Clinica-medica-do-porto-150x150.jpg\" class=\"attachment-thumbnail size-thumbnail wp-post-image\" alt=\"Joana-Pinto-Testemunho-Clinica-medica-do-porto\" srcset=\"https:\/\/clinicamedicadoporto.pt\/staging\/wp-content\/uploads\/2018\/03\/Joana-Pinto-Testemunho-Clinica-medica-do-porto-150x150.jpg 150w, https:\/\/clinicamedicadoporto.pt\/staging\/wp-content\/uploads\/2018\/03\/Joana-Pinto-Testemunho-Clinica-medica-do-porto-300x300.jpg 300w, https:\/\/clinicamedicadoporto.pt\/staging\/wp-content\/uploads\/2018\/03\/Joana-Pinto-Testemunho-Clinica-medica-do-porto-e1604518893159.jpg 60w\" sizes=\"auto, (max-width: 96px) 100vw, 96px\" \/><\/div> <cite class=\"kwayy-testimonial-title\">Joana Pinto<span class=\"kwayy-testimonial-designation\">Paciente da Cl\u00ednica M\u00e9dica do Porto<\/span><\/cite><\/footer><\/blockquote><\/div>\n\t<\/div>\n\t<div class=\"kwayy-testimonial-box \"><div class=\"kwayy-testimonial-data\"><blockquote class=\"kwayy-testimonial-text\">\r\n\t\t\t\t<div class=\"contarea\">\t\t\t\t\t\r\n\t\t\t\t\t<div class=\"kwayy-tst-contarea-text\">Profissionais atenciosos, proactivos e com um excelente know how.\r\nObrigada \u00e0 equipa e parab\u00e9ns pelo standard elevado que mant\u00e9m!<\/div>\r\n\t\t\t\t\t\r\n\t\t\t\t<\/div><footer> <div class=\"kwayy-testimonial-img\"><img loading=\"lazy\" decoding=\"async\" width=\"96\" height=\"96\" src=\"https:\/\/clinicamedicadoporto.pt\/staging\/wp-content\/uploads\/2018\/03\/sneha-Divias-clinica-medica-do-porto-150x150.jpg\" class=\"attachment-thumbnail size-thumbnail wp-post-image\" alt=\"sneha-Divias-clinica-medica-do-porto\" srcset=\"https:\/\/clinicamedicadoporto.pt\/staging\/wp-content\/uploads\/2018\/03\/sneha-Divias-clinica-medica-do-porto-150x150.jpg 150w, https:\/\/clinicamedicadoporto.pt\/staging\/wp-content\/uploads\/2018\/03\/sneha-Divias-clinica-medica-do-porto-300x300.jpg 300w, https:\/\/clinicamedicadoporto.pt\/staging\/wp-content\/uploads\/2018\/03\/sneha-Divias-clinica-medica-do-porto-e1604518901587.jpg 60w\" sizes=\"auto, (max-width: 96px) 100vw, 96px\" \/><\/div> <cite class=\"kwayy-testimonial-title\">Sneha Divias<span class=\"kwayy-testimonial-designation\">Paciente da Cl\u00ednica M\u00e9dica do Porto<\/span><\/cite><\/footer><\/blockquote><\/div>\n\t<\/div>\n\t<div class=\"kwayy-testimonial-box \"><div class=\"kwayy-testimonial-data\"><blockquote class=\"kwayy-testimonial-text\">\r\n\t\t\t\t<div class=\"contarea\">\t\t\t\t\t\r\n\t\t\t\t\t<div class=\"kwayy-tst-contarea-text\">Procurava um Osteopata que ajudasse a minha Pequenina com o quadro sintomatol\u00f3gico de refluxo gastro-esof\u00e1gico exacerbado. Nas m\u00e3os do Dr. Tiago, conhecemos uma nova Carminho logo a partir da primeira sess\u00e3o... Super recomendamos!<\/div>\r\n\t\t\t\t\t\r\n\t\t\t\t<\/div><footer> <div class=\"kwayy-testimonial-img\"><img loading=\"lazy\" decoding=\"async\" width=\"96\" height=\"96\" src=\"https:\/\/clinicamedicadoporto.pt\/staging\/wp-content\/uploads\/2017\/09\/Sara-Gandra-Testemunho-Osteopatia-150x150.jpg\" class=\"attachment-thumbnail size-thumbnail wp-post-image\" alt=\"Sara Gandra - Testemunho Osteopatia Pedi\u00e1trica na Cl\u00ednica M\u00e9dica do Porto\" srcset=\"https:\/\/clinicamedicadoporto.pt\/staging\/wp-content\/uploads\/2017\/09\/Sara-Gandra-Testemunho-Osteopatia-150x150.jpg 150w, https:\/\/clinicamedicadoporto.pt\/staging\/wp-content\/uploads\/2017\/09\/Sara-Gandra-Testemunho-Osteopatia-300x300.jpg 300w, https:\/\/clinicamedicadoporto.pt\/staging\/wp-content\/uploads\/2017\/09\/Sara-Gandra-Testemunho-Osteopatia-e1604519140792.jpg 60w\" sizes=\"auto, (max-width: 96px) 100vw, 96px\" \/><\/div> <cite class=\"kwayy-testimonial-title\">Sara Gandra<span class=\"kwayy-testimonial-designation\">M\u00e3e da Carminho<\/span><\/cite><\/footer><\/blockquote><\/div>\n\t<\/div>\n\t<div class=\"kwayy-testimonial-box \"><div class=\"kwayy-testimonial-data\"><blockquote class=\"kwayy-testimonial-text\">\r\n\t\t\t\t<div class=\"contarea\">\t\t\t\t\t\r\n\t\t\t\t\t<div class=\"kwayy-tst-contarea-text\">O meu sonho de ser m\u00e3e, convosco tornou-se numa t\u00e3o boa realidade. Obrigada Dra Tatiana.\r\nExcelentes profissionais, muito competentes e atenciosos.<\/div>\r\n\t\t\t\t\t\r\n\t\t\t\t<\/div><footer> <div class=\"kwayy-testimonial-img\"><img loading=\"lazy\" decoding=\"async\" width=\"96\" height=\"96\" src=\"https:\/\/clinicamedicadoporto.pt\/staging\/wp-content\/uploads\/2017\/08\/Patri\u0301cia-Raquel-Leite-testemunho-Acupuntura-fertilidade-Tatiana-Sousa-Clinica-Medica-do-Porto-150x150.jpg\" class=\"attachment-thumbnail size-thumbnail wp-post-image\" alt=\"Patri\u0301cia-Raquel-Leite-testemunho-Acupuntura-fertilidade-Tatiana-Sousa-Clinica-Medica-do-Porto\" srcset=\"https:\/\/clinicamedicadoporto.pt\/staging\/wp-content\/uploads\/2017\/08\/Patri\u0301cia-Raquel-Leite-testemunho-Acupuntura-fertilidade-Tatiana-Sousa-Clinica-Medica-do-Porto-150x150.jpg 150w, https:\/\/clinicamedicadoporto.pt\/staging\/wp-content\/uploads\/2017\/08\/Patri\u0301cia-Raquel-Leite-testemunho-Acupuntura-fertilidade-Tatiana-Sousa-Clinica-Medica-do-Porto-300x300.jpg 300w, https:\/\/clinicamedicadoporto.pt\/staging\/wp-content\/uploads\/2017\/08\/Patri\u0301cia-Raquel-Leite-testemunho-Acupuntura-fertilidade-Tatiana-Sousa-Clinica-Medica-do-Porto-e1604519149917.jpg 60w\" sizes=\"auto, (max-width: 96px) 100vw, 96px\" \/><\/div> <cite class=\"kwayy-testimonial-title\">Patr\u00edcia Leite<span class=\"kwayy-testimonial-designation\">M\u00e3e do Jo\u00e3o<\/span><\/cite><\/footer><\/blockquote><\/div>\n\t<\/div>\n\t<div class=\"kwayy-testimonial-box \"><div class=\"kwayy-testimonial-data\"><blockquote class=\"kwayy-testimonial-text\">\r\n\t\t\t\t<div class=\"contarea\">\t\t\t\t\t\r\n\t\t\t\t\t<div class=\"kwayy-tst-contarea-text\">Muito profissionalismo, organiza\u00e7\u00e3o e simpatia!\r\nExcelente Osteopata, gra\u00e7as ao Tiago Monteiro resolvemos o torcicolo cong\u00eanito da nossa bebe!\r\nUm obrigada de cora\u00e7\u00e3o<\/div>\r\n\t\t\t\t\t\r\n\t\t\t\t<\/div><footer> <div class=\"kwayy-testimonial-img\"><img loading=\"lazy\" decoding=\"async\" width=\"96\" height=\"96\" src=\"https:\/\/clinicamedicadoporto.pt\/staging\/wp-content\/uploads\/2017\/07\/Rosinha-Sousa-Clinica-Medica-do-porto-Osteopatia-Pediatrica-150x150.jpg\" class=\"attachment-thumbnail size-thumbnail wp-post-image\" alt=\"Testemunho de Rosa Sousa - Cl\u00ednica M\u00e9dica do Porto - Osteopatia Pediatrica\" srcset=\"https:\/\/clinicamedicadoporto.pt\/staging\/wp-content\/uploads\/2017\/07\/Rosinha-Sousa-Clinica-Medica-do-porto-Osteopatia-Pediatrica-150x150.jpg 150w, https:\/\/clinicamedicadoporto.pt\/staging\/wp-content\/uploads\/2017\/07\/Rosinha-Sousa-Clinica-Medica-do-porto-Osteopatia-Pediatrica-300x300.jpg 300w, https:\/\/clinicamedicadoporto.pt\/staging\/wp-content\/uploads\/2017\/07\/Rosinha-Sousa-Clinica-Medica-do-porto-Osteopatia-Pediatrica-768x766.jpg 768w, https:\/\/clinicamedicadoporto.pt\/staging\/wp-content\/uploads\/2017\/07\/Rosinha-Sousa-Clinica-Medica-do-porto-Osteopatia-Pediatrica.jpg 959w\" sizes=\"auto, (max-width: 96px) 100vw, 96px\" \/><\/div> <cite class=\"kwayy-testimonial-title\">Rosa Sousa<span class=\"kwayy-testimonial-designation\">M\u00e3e da beb\u00e9 C<\/span><\/cite><\/footer><\/blockquote><\/div>\n\t<\/div>\n\t<div class=\"kwayy-testimonial-box \"><div class=\"kwayy-testimonial-data\"><blockquote class=\"kwayy-testimonial-text\">\r\n\t\t\t\t<div class=\"contarea\">\t\t\t\t\t\r\n\t\t\t\t\t<div class=\"kwayy-tst-contarea-text\">A Francisca tem refluxo gastro esof\u00e1gico desde que nasceu, e ap\u00f3s muita medica\u00e7\u00e3o e muito choro, eis que descobrimos a osteopatia, terapia\u00a0que a Francisca faz desde os 6 meses com o Tiago Monteiro. Logo na primeira sess\u00e3o notamos melhoras - o intestino da Francisca trabalhou sozinho al\u00e9m de que o v\u00f3mito em jato reduziu bastante.<\/div>\r\n\t\t\t\t\t\r\n\t\t\t\t<\/div><footer> <div class=\"kwayy-testimonial-img\"><img loading=\"lazy\" decoding=\"async\" width=\"96\" height=\"96\" src=\"https:\/\/clinicamedicadoporto.pt\/staging\/wp-content\/uploads\/2016\/11\/Catarina-Reis-testemunho-clinica-medica-do-porto-150x150.jpg\" class=\"attachment-thumbnail size-thumbnail wp-post-image\" alt=\"Catarina Reis - testemunho acerca da osteopatia pedi\u00e1trica\" srcset=\"https:\/\/clinicamedicadoporto.pt\/staging\/wp-content\/uploads\/2016\/11\/Catarina-Reis-testemunho-clinica-medica-do-porto-150x150.jpg 150w, https:\/\/clinicamedicadoporto.pt\/staging\/wp-content\/uploads\/2016\/11\/Catarina-Reis-testemunho-clinica-medica-do-porto-300x300.jpg 300w, https:\/\/clinicamedicadoporto.pt\/staging\/wp-content\/uploads\/2016\/11\/Catarina-Reis-testemunho-clinica-medica-do-porto-768x768.jpg 768w, https:\/\/clinicamedicadoporto.pt\/staging\/wp-content\/uploads\/2016\/11\/Catarina-Reis-testemunho-clinica-medica-do-porto.jpg 917w\" sizes=\"auto, (max-width: 96px) 100vw, 96px\" \/><\/div> <cite class=\"kwayy-testimonial-title\">Catarina e M\u00e1rio Reis<span class=\"kwayy-testimonial-designation\">Pap\u00e1s da Francisca<\/span><\/cite><\/footer><\/blockquote><\/div>\n\t<\/div>\n\t<div class=\"kwayy-testimonial-box \"><div class=\"kwayy-testimonial-data\"><blockquote class=\"kwayy-testimonial-text\">\r\n\t\t\t\t<div class=\"contarea\">\t\t\t\t\t\r\n\t\t\t\t\t<div class=\"kwayy-tst-contarea-text\">A nossa experi\u00eancia com a consulta de osteopatia \u00e9 muito positiva, a sensa\u00e7\u00e3o revigorante com que ficamos \u00e9 t\u00e3o impressionante como os resultados obtidos<\/div>\r\n\t\t\t\t\t\r\n\t\t\t\t<\/div><footer> <div class=\"kwayy-testimonial-img\"><img loading=\"lazy\" decoding=\"async\" width=\"60\" height=\"60\" src=\"https:\/\/clinicamedicadoporto.pt\/staging\/wp-content\/uploads\/2016\/10\/marcos-magalhaes-testemunho-clinica-medica-do-porto.jpg\" class=\"attachment-thumbnail size-thumbnail wp-post-image\" alt=\"marcos-magalhaes-testemunho-clinica-medica-do-porto\" \/><\/div> <cite class=\"kwayy-testimonial-title\">Marcos Magalh\u00e3es<span class=\"kwayy-testimonial-designation\">Paciente da Cl\u00ednica M\u00e9dica do Porto<\/span><\/cite><\/footer><\/blockquote><\/div>\n\t<\/div>\n\t<div class=\"kwayy-testimonial-box \"><div class=\"kwayy-testimonial-data\"><blockquote class=\"kwayy-testimonial-text\">\r\n\t\t\t\t<div class=\"contarea\">\t\t\t\t\t\r\n\t\t\t\t\t<div class=\"kwayy-tst-contarea-text\">Com a gravidez vieram as dores de costas e ci\u00e1tica, por\u00e9m uma vez mais as sess\u00f5es de acupuntura com a Tatiana foram fundamentais para conseguir ultrapassar aquela fase menos simp\u00e1tica da gesta\u00e7\u00e3o<\/div>\r\n\t\t\t\t\t\r\n\t\t\t\t<\/div><footer> <div class=\"kwayy-testimonial-img\"><img loading=\"lazy\" decoding=\"async\" width=\"60\" height=\"60\" src=\"https:\/\/clinicamedicadoporto.pt\/staging\/wp-content\/uploads\/2016\/10\/alzira-almeida-testemunho-clinica-medica-do-porto.jpg\" class=\"attachment-thumbnail size-thumbnail wp-post-image\" alt=\"\" \/><\/div> <cite class=\"kwayy-testimonial-title\">Alzira Almeida<span class=\"kwayy-testimonial-designation\">Paciente da Cl\u00ednica M\u00e9dica do Porto<\/span><\/cite><\/footer><\/blockquote><\/div>\n\t<\/div>\n\t<div class=\"kwayy-testimonial-box \"><div class=\"kwayy-testimonial-data\"><blockquote class=\"kwayy-testimonial-text\">\r\n\t\t\t\t<div class=\"contarea\">\t\t\t\t\t\r\n\t\t\t\t\t<div class=\"kwayy-tst-contarea-text\">Recomendarei sempre os vossos servi\u00e7os pois n\u00e3o me esque\u00e7o nunca que foi convosco que recuperei de uma les\u00e3o que afectava de forma determinante a minha vida profissional\u2026<\/div>\r\n\t\t\t\t\t\r\n\t\t\t\t<\/div><footer> <div class=\"kwayy-testimonial-img\"><img loading=\"lazy\" decoding=\"async\" width=\"60\" height=\"60\" src=\"https:\/\/clinicamedicadoporto.pt\/staging\/wp-content\/uploads\/2016\/10\/pedro-malheiro-testemunho-clinica-medica-do-porto.jpg\" class=\"attachment-thumbnail size-thumbnail wp-post-image\" alt=\"pedro-malheiro-testemunho-clinica-medica-do-porto\" \/><\/div> <cite class=\"kwayy-testimonial-title\">Pedro Malheiro<span class=\"kwayy-testimonial-designation\">Treinador profissional T\u00e9nis e Padel<\/span><\/cite><\/footer><\/blockquote><\/div>\n\t<\/div>\n\t<div class=\"kwayy-testimonial-box \"><div class=\"kwayy-testimonial-data\"><blockquote class=\"kwayy-testimonial-text\">\r\n\t\t\t\t<div class=\"contarea\">\t\t\t\t\t\r\n\t\t\t\t\t<div class=\"kwayy-tst-contarea-text\">Espa\u00e7o super agrad\u00e1vel, com um corpo cl\u00ednico muito competente e dispon\u00edvel. Atendimento 5 estrelas!<\/div>\r\n\t\t\t\t\t\r\n\t\t\t\t<\/div><footer> <div class=\"kwayy-testimonial-img\"><img loading=\"lazy\" decoding=\"async\" width=\"60\" height=\"60\" src=\"https:\/\/clinicamedicadoporto.pt\/staging\/wp-content\/uploads\/2016\/09\/Gloria-Sousa-Clinica-Medica-do-Porto-small.jpg\" class=\"attachment-thumbnail size-thumbnail wp-post-image\" alt=\"Gloria-Sousa-Clinica-Medica-do-Porto-small\" \/><\/div> <cite class=\"kwayy-testimonial-title\">Gl\u00f3ria Morais Sousa<span class=\"kwayy-testimonial-designation\">Paciente da Cl\u00ednica M\u00e9dica do Porto<\/span><\/cite><\/footer><\/blockquote><\/div>\n\t<\/div>\n\t<div class=\"kwayy-testimonial-box \"><div class=\"kwayy-testimonial-data\"><blockquote class=\"kwayy-testimonial-text\">\r\n\t\t\t\t<div class=\"contarea\">\t\t\t\t\t\r\n\t\t\t\t\t<div class=\"kwayy-tst-contarea-text\">A equipa respons\u00e1vel privilegia-nos com a excel\u00eancia t\u00e9cnica e a proximidade com o paciente, onde o contexto e a resposta imediata procuram refor\u00e7ar a import\u00e2ncia do \"mindfulness\" no processo de acompanhamento. O corpo e a mente assumem-se assim um todo.\r\nParab\u00e9ns pela din\u00e2mica e pela postura assertiva de interven\u00e7\u00e3o. At\u00e9 j\u00e1! <span class=\"_47e3\" title=\"smile emoticon\"><i class=\"img sp_fM-mz8spZ1b sx_5371b4\"><\/i><span class=\"_7oe\">\ud83d\ude42<\/span><\/span><\/div>\r\n\t\t\t\t\t\r\n\t\t\t\t<\/div><footer> <div class=\"kwayy-testimonial-img\"><img loading=\"lazy\" decoding=\"async\" width=\"60\" height=\"60\" src=\"https:\/\/clinicamedicadoporto.pt\/staging\/wp-content\/uploads\/2016\/09\/Mariana-Roldao-Cruz-Clinica-Medica-do-Porto-Testemunhos-small.jpg\" class=\"attachment-thumbnail size-thumbnail wp-post-image\" alt=\"Mariana-Roldao-Cruz-Clinica-Medica-do-Porto-Testemunhos-small\" \/><\/div> <cite class=\"kwayy-testimonial-title\">Mariana Rold\u00e3o Cruz<span class=\"kwayy-testimonial-designation\">Paciente da Cl\u00ednica M\u00e9dica do Porto<\/span><\/cite><\/footer><\/blockquote><\/div>\n\t<\/div>\n\t<div class=\"kwayy-testimonial-box \"><div class=\"kwayy-testimonial-data\"><blockquote class=\"kwayy-testimonial-text\">\r\n\t\t\t\t<div class=\"contarea\">\t\t\t\t\t\r\n\t\t\t\t\t<div class=\"kwayy-tst-contarea-text\">Wonderful people who will take such great care of you!<\/div>\r\n\t\t\t\t\t\r\n\t\t\t\t<\/div><footer> <div class=\"kwayy-testimonial-img\"><img loading=\"lazy\" decoding=\"async\" width=\"60\" height=\"60\" src=\"https:\/\/clinicamedicadoporto.pt\/staging\/wp-content\/uploads\/2016\/09\/Diane-Garcia-Clinca-Medica-do-Porto-Testemunhos-small.jpg\" class=\"attachment-thumbnail size-thumbnail wp-post-image\" alt=\"Diane-Garcia-Clinca-Medica-do-Porto-Testemunhos-small\" \/><\/div> <cite class=\"kwayy-testimonial-title\">Diane Garcia<span class=\"kwayy-testimonial-designation\">Paciente da Cl\u00ednica M\u00e9dica do Porto<\/span><\/cite><\/footer><\/blockquote><\/div>\n\t<\/div>\n\t<div class=\"kwayy-testimonial-box \"><div class=\"kwayy-testimonial-data\"><blockquote class=\"kwayy-testimonial-text\">\r\n\t\t\t\t<div class=\"contarea\">\t\t\t\t\t\r\n\t\t\t\t\t<div class=\"kwayy-tst-contarea-text\">Tem pessoas muito competentes e profissionais. Sabem tratar os pacientes do ponto de vista m\u00e9dico e humano.<\/div>\r\n\t\t\t\t\t\r\n\t\t\t\t<\/div><footer> <div class=\"kwayy-testimonial-img\"><img loading=\"lazy\" decoding=\"async\" width=\"60\" height=\"60\" src=\"https:\/\/clinicamedicadoporto.pt\/staging\/wp-content\/uploads\/2014\/07\/Maria-Manuel-Leal-Testemunho-Clinica-Medica-do-Porto.jpg\" class=\"attachment-thumbnail size-thumbnail wp-post-image\" alt=\"Maria Manuel Leal - Testemunho Clinica Medica do Porto\" \/><\/div> <cite class=\"kwayy-testimonial-title\">Maria Manuel Leal<span class=\"kwayy-testimonial-designation\">Paciente da Cl\u00ednica M\u00e9dica do Porto<\/span><\/cite><\/footer><\/blockquote><\/div>\n\t<\/div>\n\t<div class=\"kwayy-testimonial-box \"><div class=\"kwayy-testimonial-data\"><blockquote class=\"kwayy-testimonial-text\">\r\n\t\t\t\t<div class=\"contarea\">\t\t\t\t\t\r\n\t\t\t\t\t<div class=\"kwayy-tst-contarea-text\">Todas as val\u00eancias da cl\u00ednica, que s\u00e3o muitas, se juntam para nos verem como um ser humano, onde tudo depende de tudo. <\/div>\r\n\t\t\t\t\t\r\n\t\t\t\t<\/div><footer> <div class=\"kwayy-testimonial-img\"><img loading=\"lazy\" decoding=\"async\" width=\"60\" height=\"60\" src=\"https:\/\/clinicamedicadoporto.pt\/staging\/wp-content\/uploads\/2014\/07\/margarida-paco-testemunho-clinica-medica-do-porto.jpg\" class=\"attachment-thumbnail size-thumbnail wp-post-image\" alt=\"\" \/><\/div> <cite class=\"kwayy-testimonial-title\">Margarida Pa\u00e7\u00f3<span class=\"kwayy-testimonial-designation\">Paciente da Cl\u00ednica M\u00e9dica do Porto<\/span><\/cite><\/footer><\/blockquote><\/div>\n\t<\/div>\n\t<\/div><\/div>[\/vc_column][\/vc_row]<\/p>\n<\/div>","protected":false},"excerpt":{"rendered":"<p>[vc_row bgcolor=&#8221;white&#8221; paddingtop=&#8221;40px&#8221; contentalign=&#8221;center&#8221; rowwidth=&#8221;default&#8221; bgimageposition=&#8221;fixed&#8221; bgprecolor=&#8221;skin&#8221; css=&#8221;.vc_custom_1546017082884{padding-bottom: 0px !important;}&#8221;][vc_column css=&#8221;.vc_custom_1544274888414{padding-top: 2px !important;}&#8221;][vc_row_inner][vc_column_inner][vc_column_text css=&#8221;.vc_custom_1616241866772{padding-right: 10px !important;padding-left: 10px !important;}&#8221;] A vis\u00e3o da Cl\u00ednica M\u00e9dica do Porto traduz-se na miss\u00e3o de responder de forma assertiva, hol\u00edstica e integrada aos desafios de Sa\u00fade dos nossos pacientes. Estes s\u00e3o os nossos princ\u00edpios. [\/vc_column_text][\/vc_column_inner][\/vc_row_inner][vc_row_inner][vc_column_inner width=&#8221;1\/4&#8243;][vc_icon type=&#8221;typicons&#8221; icon_typicons=&#8221;typcn typcn-chart-pie-outline&#8221; color=&#8221;custom&#8221; size=&#8221;xl&#8221; [&hellip;]<\/p>\n","protected":false},"author":1,"featured_media":0,"parent":0,"menu_order":1,"comment_status":"closed","ping_status":"closed","template":"","meta":{"footnotes":""},"folder":[660],"class_list":["post-1760","page","type-page","status-publish","hentry"],"_links":{"self":[{"href":"https:\/\/clinicamedicadoporto.pt\/staging\/wp-json\/wp\/v2\/pages\/1760","targetHints":{"allow":["GET"]}}],"collection":[{"href":"https:\/\/clinicamedicadoporto.pt\/staging\/wp-json\/wp\/v2\/pages"}],"about":[{"href":"https:\/\/clinicamedicadoporto.pt\/staging\/wp-json\/wp\/v2\/types\/page"}],"author":[{"embeddable":true,"href":"https:\/\/clinicamedicadoporto.pt\/staging\/wp-json\/wp\/v2\/users\/1"}],"replies":[{"embeddable":true,"href":"https:\/\/clinicamedicadoporto.pt\/staging\/wp-json\/wp\/v2\/comments?post=1760"}],"version-history":[{"count":0,"href":"https:\/\/clinicamedicadoporto.pt\/staging\/wp-json\/wp\/v2\/pages\/1760\/revisions"}],"wp:attachment":[{"href":"https:\/\/clinicamedicadoporto.pt\/staging\/wp-json\/wp\/v2\/media?parent=1760"}],"wp:term":[{"taxonomy":"folder","embeddable":true,"href":"https:\/\/clinicamedicadoporto.pt\/staging\/wp-json\/wp\/v2\/folder?post=1760"}],"curies":[{"name":"wp","href":"https:\/\/api.w.org\/{rel}","templated":true}]}}