{"id":14147,"date":"2022-12-28T16:51:01","date_gmt":"2022-12-28T16:51:01","guid":{"rendered":"https:\/\/clinicamedicadoporto.pt\/staging\/?page_id=14147"},"modified":"2025-08-01T16:48:08","modified_gmt":"2025-08-01T15:48:08","slug":"faqs","status":"publish","type":"page","link":"https:\/\/clinicamedicadoporto.pt\/staging\/faqs\/","title":{"rendered":"Quest\u00f5es Frequentes &#8211; FAQs &#8211; Cl\u00ednica M\u00e9dica do Porto"},"content":{"rendered":"<div class=\"wpb-content-wrapper\"><p>[vc_row textcolor=&#8221;white&#8221; css=&#8221;.vc_custom_1673295141087{margin-top: -60px !important;padding-top: 70px !important;padding-bottom: 15px !important;background-color: #70c2b4 !important;}&#8221;][vc_column]<header class=\"kwayy-heading-wrapper kwayy-heading-wrapper-align-center\"><div class=\"kwayy-heading-wrapper-inner\"><h1 class=\"kwayy-heading-align-center\"><span>Quest\u00f5es Frequentes acerca do Funcionamento da Cl\u00ednica e tem\u00e1ticas relacionadas com os Servi\u00e7os Cl\u00ednicos prestados<\/span><\/h1><\/div><p class=\"kwayy-subheading\">Encontra abaixo as p\u00e1ginas com as respostas \u00e0s quest\u00f5es mais frequentes acerca dos diversos temas relacionados com a Cl\u00ednica M\u00e9dica do Porto: Quest\u00f5es Gen\u00e9ricas sobre o Funcionamento da Cl\u00ednica e os nossos Cl\u00ednicos; Quest\u00f5es Frequentes acerca das nossas Consultas, ou dos Servi\u00e7os de Est\u00e9tica. Clique no link para ser direccionado para a p\u00e1gina correspondente.<\/p><\/header>[\/vc_column][\/vc_row][vc_row css=&#8221;.vc_custom_1672256166931{padding-bottom: 0px !important;}&#8221;][vc_column][vc_empty_space height=&#8221;60px&#8221;][vc_column_text css=&#8221;.vc_custom_1683187894237{margin-bottom: 25px !important;}&#8221;]<\/p>\n<h2 style=\"font-size: 200%;line-height: 0.9;text-align: center\">Clique no link para ser redireccionado para a P\u00e1gina Pretendida<\/h2>\n<p>[\/vc_column_text][vc_column_text]<\/p>\n<p style=\"text-align: center\"><a href=\"#clinica-medica-do-porto\">Cl\u00ednica M\u00e9dica do Porto<\/a> | <a href=\"#medicina-sexual\">Medicina Sexual e Sexologia<\/a> | <a href=\"#quest\u00f5es-acerca-acupuntura\">Acupuntura<\/a> | <a href=\"#questoes-medicina-chinesa\">Medicina Chinesa<\/a> | <a href=\"#questoes-disfuncoes-pelvicas\">Disfun\u00e7\u00f5es P\u00e9lvicas<\/a> | <a href=\"#questoes-fisioterapia-respiratoria-pediatrica\">Fisioterapia Respirat\u00f3ria Pedi\u00e1trica<\/a> | <a href=\"#questoes-modulacao-hormonal\">Modula\u00e7\u00e3o Hormonal<\/a> | <a href=\"#questoes-estetica\">Est\u00e9tica e Est\u00e9tica M\u00e9dica<\/a> | <a href=\"#questoes-osteopatia-pediatrica\">Osteopatia Pedi\u00e1trica<\/a> | <a href=\"#questoes-reflexologia-podal\">Reflexologia Podal<\/a><\/p>\n<p>[\/vc_column_text][\/vc_column][\/vc_row][vc_row css=&#8221;.vc_custom_1672256231351{padding-top: 0px !important;padding-bottom: 0px !important;}&#8221;][vc_column][vc_row_inner css=&#8221;.vc_custom_1683126224003{padding-top: 5% !important;padding-right: 5% !important;padding-bottom: 5% !important;padding-left: 5% !important;}&#8221; el_id=&#8221;clinica-medica-do-porto&#8221;][vc_column_inner css=&#8221;.vc_custom_1672255907827{padding: 50px !important;background-color: rgba(112,194,180,0.1) !important;*background-color: rgb(112,194,180) !important;}&#8221;][vc_icon icon_fontawesome=&#8221;far fa-dot-circle&#8221; color=&#8221;custom&#8221; size=&#8221;xl&#8221; align=&#8221;center&#8221; custom_color=&#8221;#70c2b4&#8243;][vc_column_text css_animation=&#8221;none&#8221; css=&#8221;.vc_custom_1677748754876{margin-bottom: 0px !important;}&#8221;]<\/p>\n<h2 style=\"text-align: center;font-size: 250%;line-height: 1em;margin-bottom: 30px\"><a title=\"Quest\u00f5es Frequentes Acerca da Cl\u00ednica M\u00e9dica do Porto\" href=\"https:\/\/clinicamedicadoporto.pt\/staging\/faqs\/questoes-frequentes-acerca-da-clinica-medica-do-porto\/\">Quest\u00f5es Frequentes Acerca da Cl\u00ednica M\u00e9dica do Porto<\/a><\/h2>\n<h3 style=\"text-align: center\"><a title=\"Ir para a sec\u00e7\u00e3o Quest\u00f5es Frequentes Acerca das Especialidades e Terapias da Cl\u00ednica M\u00e9dica do Porto\" href=\"https:\/\/clinicamedicadoporto.pt\/staging\/faqs\/questoes-frequentes-acerca-da-clinica-medica-do-porto\/#faq-especialidades\">Quest\u00f5es Frequentes Acerca das Especialidades e Terapias da Cl\u00ednica M\u00e9dica do Porto<\/a><\/h3>\n<h3 style=\"text-align: center\"><a title=\"Ir para a sec\u00e7\u00e3o Quest\u00f5es Frequentes Acerca dos Servi\u00e7os de Medicina Alternativa e Terapias N\u00e3o Convencionais da Cl\u00ednica M\u00e9dica do Porto\" href=\"https:\/\/clinicamedicadoporto.pt\/staging\/faqs\/questoes-frequentes-acerca-da-clinica-medica-do-porto\/#faq-terapias-nao-convencionais\">Quest\u00f5es Frequentes Acerca dos Servi\u00e7os de Medicina Alternativa e Terapias N\u00e3o Convencionais da Cl\u00ednica M\u00e9dica do Porto<\/a><\/h3>\n<h3 style=\"text-align: center\"><a title=\"Conhecer a Equipa Cl\u00ednica da Cl\u00ednica M\u00e9dica do Porto\" href=\"https:\/\/clinicamedicadoporto.pt\/staging\/faqs\/questoes-frequentes-acerca-da-clinica-medica-do-porto\/#faq-especialistas\">Quest\u00f5es Frequentes Acerca da Equipa Cl\u00ednica<\/a><\/h3>\n<h3 style=\"text-align: center\"><a title=\"Ir para a Sec\u00e7\u00e3o Quest\u00f5es Frequentes do Funcionamento da Cl\u00ednica\" href=\"https:\/\/clinicamedicadoporto.pt\/staging\/faqs\/questoes-frequentes-acerca-da-clinica-medica-do-porto\/#faq-funcionamento-clinica\">Quest\u00f5es Frequentes Acerca do Funcionamento da Cl\u00ednica<\/a><\/h3>\n<h3 style=\"text-align: center\"><a title=\"Ir para a sec\u00e7\u00e3o Quest\u00f5es Frequentes Sobre Acordos e Seguros da Cl\u00ednica M\u00e9dica do Porto\" href=\"https:\/\/clinicamedicadoporto.pt\/staging\/faqs\/questoes-frequentes-acerca-da-clinica-medica-do-porto\/#faq-seguros-e-acordos\">Quest\u00f5es Sobre Acordos e Seguros da Cl\u00ednica M\u00e9dica do Porto<\/a><\/h3>\n<h3 style=\"text-align: center\"><a title=\"Ir para a Sec\u00e7\u00e3o Quest\u00f5es Frequentes Acerca da Forma como Chegar \u00e0 Cl\u00ednica M\u00e9dica do Porto\" href=\"https:\/\/clinicamedicadoporto.pt\/staging\/faqs\/questoes-frequentes-acerca-da-clinica-medica-do-porto\/#faq-como-chegar\">Quest\u00f5es Frequentes Acerca da Forma como Chegar \u00e0 Cl\u00ednica M\u00e9dica do Porto<\/a><\/h3>\n<p style=\"text-align: center\">clique nos links para saber mais<\/p>\n<p>[\/vc_column_text][\/vc_column_inner][\/vc_row_inner][\/vc_column][\/vc_row][vc_row css=&#8221;.vc_custom_1672256227303{padding-top: 0px !important;padding-bottom: 0px !important;}&#8221;][vc_column][vc_row_inner css=&#8221;.vc_custom_1683126290715{padding-top: 5% !important;padding-right: 5% !important;padding-bottom: 5% !important;padding-left: 5% !important;}&#8221; el_id=&#8221;medicina-sexual&#8221;][vc_column_inner css=&#8221;.vc_custom_1672255801342{padding: 50px !important;background-color: rgba(112,194,180,0.1) !important;*background-color: rgb(112,194,180) !important;}&#8221;][vc_icon icon_fontawesome=&#8221;far fa-dot-circle&#8221; color=&#8221;custom&#8221; size=&#8221;xl&#8221; align=&#8221;center&#8221; custom_color=&#8221;#70c2b4&#8243;][vc_column_text css_animation=&#8221;none&#8221; css=&#8221;.vc_custom_1676893249899{margin-bottom: 0px !important;}&#8221;]<\/p>\n<h2 style=\"text-align: center;font-size: 250%;line-height: 1em\"><a title=\"Quest\u00f5es Frequentes Acerca de Sexologia e Medicina Sexual\" href=\"https:\/\/clinicamedicadoporto.pt\/staging\/faqs\/questoes-frequentes-sobre-medicina-sexual-e-sexologia-clinica\/\">Quest\u00f5es Frequentes acerca de Medicina Sexual<\/a><\/h2>\n<p style=\"text-align: center\">clique no link para saber mais<\/p>\n<p>[\/vc_column_text][\/vc_column_inner][\/vc_row_inner][\/vc_column][\/vc_row][vc_row css=&#8221;.vc_custom_1672256227303{padding-top: 0px !important;padding-bottom: 0px !important;}&#8221;][vc_column][vc_row_inner css=&#8221;.vc_custom_1683126342696{padding-top: 5% !important;padding-right: 5% !important;padding-bottom: 5% !important;padding-left: 5% !important;}&#8221; el_id=&#8221;quest\u00f5es-acerca-acupuntura&#8221;][vc_column_inner css=&#8221;.vc_custom_1672255801342{padding: 50px !important;background-color: rgba(112,194,180,0.1) !important;*background-color: rgb(112,194,180) !important;}&#8221;][vc_icon icon_fontawesome=&#8221;far fa-dot-circle&#8221; color=&#8221;custom&#8221; size=&#8221;xl&#8221; align=&#8221;center&#8221; custom_color=&#8221;#70c2b4&#8243;][vc_column_text css_animation=&#8221;none&#8221; css=&#8221;.vc_custom_1676893259075{margin-bottom: 0px !important;}&#8221;]<\/p>\n<h2 style=\"text-align: center;font-size: 250%;line-height: 1em\"><a title=\"Quest\u00f5es Frequentes Acerca de Acupuntura\" href=\"https:\/\/clinicamedicadoporto.pt\/staging\/questoes-frequentes-sobre-acupuntura\/\">Quest\u00f5es Frequentes acerca de Acupuntura<\/a><\/h2>\n<p style=\"text-align: center\">clique no link para saber mais<\/p>\n<p>[\/vc_column_text][\/vc_column_inner][\/vc_row_inner][\/vc_column][\/vc_row][vc_row css=&#8221;.vc_custom_1672256227303{padding-top: 0px !important;padding-bottom: 0px !important;}&#8221;][vc_column][vc_row_inner css=&#8221;.vc_custom_1683126634979{padding-top: 5% !important;padding-right: 5% !important;padding-bottom: 5% !important;padding-left: 5% !important;}&#8221; el_id=&#8221;questoes-medicina-chinesa&#8221;][vc_column_inner css=&#8221;.vc_custom_1672255801342{padding: 50px !important;background-color: rgba(112,194,180,0.1) !important;*background-color: rgb(112,194,180) !important;}&#8221;][vc_icon icon_fontawesome=&#8221;far fa-dot-circle&#8221; color=&#8221;custom&#8221; size=&#8221;xl&#8221; align=&#8221;center&#8221; custom_color=&#8221;#70c2b4&#8243;][vc_column_text css_animation=&#8221;none&#8221; css=&#8221;.vc_custom_1676893271872{margin-bottom: 0px !important;}&#8221;]<\/p>\n<h2 style=\"text-align: center;font-size: 250%;line-height: 1em\"><a title=\"Quest\u00f5es Frequentes Acerca de Medicina Chinesa e Patologias\" href=\"https:\/\/clinicamedicadoporto.pt\/staging\/faqs\/questoes-frequentes-sobre-medicina-chinesa-e-patologias\/\">Quest\u00f5es Frequentes acerca de Medicina Chinesa e Patologias<\/a><\/h2>\n<p style=\"text-align: center\">clique no link para saber mais<\/p>\n<p>[\/vc_column_text][\/vc_column_inner][\/vc_row_inner][\/vc_column][\/vc_row][vc_row css=&#8221;.vc_custom_1672256227303{padding-top: 0px !important;padding-bottom: 0px !important;}&#8221;][vc_column][vc_row_inner css=&#8221;.vc_custom_1683126650867{padding-top: 5% !important;padding-right: 5% !important;padding-bottom: 5% !important;padding-left: 5% !important;}&#8221; el_id=&#8221;questoes-disfuncoes-pelvicas&#8221;][vc_column_inner css=&#8221;.vc_custom_1672255801342{padding: 50px !important;background-color: rgba(112,194,180,0.1) !important;*background-color: rgb(112,194,180) !important;}&#8221;][vc_icon icon_fontawesome=&#8221;far fa-dot-circle&#8221; color=&#8221;custom&#8221; size=&#8221;xl&#8221; align=&#8221;center&#8221; custom_color=&#8221;#70c2b4&#8243;][vc_column_text css_animation=&#8221;none&#8221; css=&#8221;.vc_custom_1676893285712{margin-bottom: 0px !important;}&#8221;]<\/p>\n<h2 style=\"text-align: center;font-size: 250%;line-height: 1em\"><a title=\"Quest\u00f5es Frequentes Sobre Disfun\u00e7\u00f5es P\u00e9lvicas e seu Tratamento\" href=\"https:\/\/clinicamedicadoporto.pt\/staging\/faqs\/questoes-frequentes-sobre-disfuncoes-pelvicas\/\">Quest\u00f5es Frequentes acerca de Disfun\u00e7\u00f5es P\u00e9lvicas<\/a><\/h2>\n<p style=\"text-align: center\">clique no link para saber mais<\/p>\n<p>[\/vc_column_text][\/vc_column_inner][\/vc_row_inner][\/vc_column][\/vc_row][vc_row css=&#8221;.vc_custom_1672256227303{padding-top: 0px !important;padding-bottom: 0px !important;}&#8221;][vc_column][vc_row_inner css=&#8221;.vc_custom_1683127341679{padding-top: 5% !important;padding-right: 5% !important;padding-bottom: 5% !important;padding-left: 5% !important;}&#8221; el_id=&#8221;questoes-fisioterapia-respiratoria-pediatrica&#8221;][vc_column_inner css=&#8221;.vc_custom_1672255801342{padding: 50px !important;background-color: rgba(112,194,180,0.1) !important;*background-color: rgb(112,194,180) !important;}&#8221;][vc_icon icon_fontawesome=&#8221;far fa-dot-circle&#8221; color=&#8221;custom&#8221; size=&#8221;xl&#8221; align=&#8221;center&#8221; custom_color=&#8221;#70c2b4&#8243;][vc_column_text css_animation=&#8221;none&#8221; css=&#8221;.vc_custom_1676893307010{margin-bottom: 0px !important;}&#8221;]<\/p>\n<h2 style=\"text-align: center;font-size: 250%;line-height: 1em\"><a title=\"Quest\u00f5es Frequentes Sobre Fisioterapia Respirat\u00f3ria Pedi\u00e1trica, Cinesioterapia e seu Tratamento\" href=\"https:\/\/clinicamedicadoporto.pt\/staging\/faqs\/questoes-frequentes-sobre-fisioterapia-respiratoria-infantil\/\">Quest\u00f5es Frequentes Sobre Fisioterapia Respirat\u00f3ria Pedi\u00e1trica<\/a><\/h2>\n<p style=\"text-align: center\">clique no link para saber mais<\/p>\n<p>[\/vc_column_text][\/vc_column_inner][\/vc_row_inner][\/vc_column][\/vc_row][vc_row css=&#8221;.vc_custom_1672256227303{padding-top: 0px !important;padding-bottom: 0px !important;}&#8221;][vc_column][vc_row_inner css=&#8221;.vc_custom_1683126731790{padding-top: 5% !important;padding-right: 5% !important;padding-bottom: 5% !important;padding-left: 5% !important;}&#8221; el_id=&#8221;questoes-modulacao-hormonal&#8221;][vc_column_inner css=&#8221;.vc_custom_1672255801342{padding: 50px !important;background-color: rgba(112,194,180,0.1) !important;*background-color: rgb(112,194,180) !important;}&#8221;][vc_icon icon_fontawesome=&#8221;far fa-dot-circle&#8221; color=&#8221;custom&#8221; size=&#8221;xl&#8221; align=&#8221;center&#8221; custom_color=&#8221;#70c2b4&#8243;][vc_column_text css_animation=&#8221;none&#8221; css=&#8221;.vc_custom_1676893316921{margin-bottom: 0px !important;}&#8221;]<\/p>\n<h2 style=\"text-align: center;font-size: 250%;line-height: 1em\"><a title=\"Quest\u00f5es Frequentes Sobre Modula\u00e7\u00e3o Hormonal Bioid\u00eantica\" href=\"https:\/\/clinicamedicadoporto.pt\/staging\/questoes-frequentes-sobre-reposicao-e-modulacao-hormonal-bioidentica\/\">Quest\u00f5es Frequentes Sobre Modula\u00e7\u00e3o Hormonal Bioid\u00eantica<\/a><\/h2>\n<p style=\"text-align: center\">clique no link para saber mais<\/p>\n<p>[\/vc_column_text][\/vc_column_inner][\/vc_row_inner][\/vc_column][\/vc_row][vc_row css=&#8221;.vc_custom_1672256221261{padding-top: 0px !important;padding-bottom: 0px !important;}&#8221;][vc_column][vc_row_inner css=&#8221;.vc_custom_1683126724704{padding-top: 5% !important;padding-right: 5% !important;padding-bottom: 5% !important;padding-left: 5% !important;}&#8221; el_id=&#8221;questoes-estetica&#8221;][vc_column_inner css=&#8221;.vc_custom_1672255777126{padding: 50px !important;background-color: rgba(112,194,180,0.1) !important;*background-color: rgb(112,194,180) !important;}&#8221;][vc_icon icon_fontawesome=&#8221;far fa-dot-circle&#8221; color=&#8221;custom&#8221; size=&#8221;xl&#8221; align=&#8221;center&#8221; custom_color=&#8221;#70c2b4&#8243;][vc_column_text css_animation=&#8221;none&#8221; css=&#8221;.vc_custom_1676893386462{margin-bottom: 0px !important;}&#8221;]<\/p>\n<h2 style=\"text-align: center;font-size: 250%;line-height: 1em;margin-bottom: 30px\"><a title=\"Quest\u00f5es Frequentes Acerca de Est\u00e9tica e Est\u00e9tica M\u00e9dica\" href=\"https:\/\/clinicamedicadoporto.pt\/staging\/faqs\/questoes-frequentes-clinica-estetica\/\">Quest\u00f5es Frequentes Acerca de Est\u00e9tica e Est\u00e9tica M\u00e9dica<\/a><\/h2>\n<h3 style=\"text-align: center\"><a title=\"Ir para a sec\u00e7\u00e3o relativa ao Tratamento est\u00e9tico de aplica\u00e7\u00e3o de Botox\" href=\"https:\/\/clinicamedicadoporto.pt\/staging\/faqs\/questoes-frequentes-clinica-estetica\/#aplicacao-de-botox\">Quest\u00f5es Frequentes Acerca da Aplica\u00e7\u00e3o de Botox<\/a><\/h3>\n<h3 style=\"text-align: center\"><a title=\"Ir para a sec\u00e7\u00e3o de Tratamento Est\u00e9tico de Preenchimento Labial e Facial \/ Harmoniza\u00e7\u00e3o Orofacial\" href=\"https:\/\/clinicamedicadoporto.pt\/staging\/faqs\/questoes-frequentes-clinica-estetica\/#preenchimento-facial-Labial\">Quest\u00f5es Frequentes Acerca do Preenchimento Labial e Facial \/ Harmoniza\u00e7\u00e3o<\/a><\/h3>\n<h3 style=\"text-align: center\"><a title=\"Ir para a sec\u00e7\u00e3o de Tratamento Est\u00e9tico de Hidrata\u00e7\u00e3o Profunda da Pele\" href=\"https:\/\/clinicamedicadoporto.pt\/staging\/faqs\/questoes-frequentes-clinica-estetica\/#hidratacao-profunda-pele\">Quest\u00f5es Frequentes Acerca do Tratamento de Hidrata\u00e7\u00e3o Profunda da Pele<\/a><\/h3>\n<h3 style=\"text-align: center\"><a title=\"Quest\u00f5es Frequentes Acerca do Tratamento Est\u00e9tico com \u00c1cido Hialur\u00f3nico\" href=\"https:\/\/clinicamedicadoporto.pt\/staging\/faqs\/questoes-frequentes-clinica-estetica\/#acido-hialuronico\">Quest\u00f5es Frequentes sobre a utiliza\u00e7\u00e3o de Acido Hialur\u00f3nico<\/a><\/h3>\n<h3 style=\"text-align: center\"><a title=\"Ir para a sec\u00e7\u00e3o Quest\u00f5es Frequentes Acerca do Tratamento Est\u00e9tico de Peeling\" href=\"https:\/\/clinicamedicadoporto.pt\/staging\/faqs\/questoes-frequentes-clinica-estetica\/#peeling-quimico\">Quest\u00f5es Frequentes Acerca do Tratamento Est\u00e9tico de Peeling<\/a><\/h3>\n<h3 style=\"text-align: center\"><a title=\"Ir para a Sec\u00e7\u00e3o Quest\u00f5es Frequentes Acerca do Tratamento Est\u00e9tico com Fios de Sustenta\u00e7\u00e3o\" href=\"https:\/\/clinicamedicadoporto.pt\/staging\/faqs\/questoes-frequentes-clinica-estetica\/#fios-de-sustentacao\">Quest\u00f5es Frequentes Acerca do Tratamento Est\u00e9tico com Fios de Sustenta\u00e7\u00e3o<\/a><\/h3>\n<h3 style=\"text-align: center\"><a title=\"Ir para a sec\u00e7\u00e3o de Quest\u00f5es Frequentes Acerca do Tratamento Est\u00e9tico Microagulhamento (Microneedling)\" href=\"https:\/\/clinicamedicadoporto.pt\/staging\/faqs\/questoes-frequentes-clinica-estetica\/#microagulhamento\">Quest\u00f5es Frequentes Acerca do Tratamento Est\u00e9tico Microagulhamento (Microneedling)<\/a><\/h3>\n<h3 style=\"text-align: center\"><a title=\"Ir para a sec\u00e7\u00e3o de Quest\u00f5es Gen\u00e9ricas acerca de Est\u00e9tica Cl\u00ednica\" href=\"https:\/\/clinicamedicadoporto.pt\/staging\/faqs\/questoes-frequentes-clinica-estetica\/#questoes-genericas-estetica-clinica\">Quest\u00f5es Gen\u00e9ricas acerca de Est\u00e9tica Cl\u00ednica<\/a><\/h3>\n<p style=\"text-align: center\">clique nos links para saber mais<\/p>\n<p>[\/vc_column_text][\/vc_column_inner][\/vc_row_inner][\/vc_column][\/vc_row][vc_row css=&#8221;.vc_custom_1676893437733{padding-top: 0px !important;padding-bottom: 0px !important;}&#8221;][vc_column][vc_row_inner css=&#8221;.vc_custom_1683126714728{padding-top: 5% !important;padding-right: 5% !important;padding-bottom: 5% !important;padding-left: 5% !important;}&#8221; el_id=&#8221;questoes-osteopatia-pediatrica&#8221;][vc_column_inner css=&#8221;.vc_custom_1672255782357{padding-top: 50px !important;padding-right: 50px !important;padding-bottom: 50px !important;padding-left: 50px !important;background-color: rgba(112,194,180,0.1) !important;*background-color: rgb(112,194,180) !important;}&#8221;][vc_icon icon_fontawesome=&#8221;far fa-dot-circle&#8221; color=&#8221;custom&#8221; size=&#8221;xl&#8221; align=&#8221;center&#8221; custom_color=&#8221;#70c2b4&#8243;][vc_column_text css_animation=&#8221;none&#8221; css=&#8221;.vc_custom_1676893846212{margin-bottom: 0px !important;}&#8221;]<\/p>\n<h2 style=\"text-align: center;font-size: 250%;line-height: 1em\"><a title=\"Quest\u00f5es Frequentes Acerca de Osteopatia Pedi\u00e1trica\" href=\"https:\/\/clinicamedicadoporto.pt\/staging\/faqs\/questoes-frequentes-sobre-osteopatia-pediatrica\/\">Quest\u00f5es Frequentes Acerca de Osteopatia Pedi\u00e1trica<\/a><\/h2>\n<p style=\"text-align: center\">clique no link para saber mais<\/p>\n<p>[\/vc_column_text][\/vc_column_inner][\/vc_row_inner][\/vc_column][\/vc_row][vc_row css=&#8221;.vc_custom_1676893437733{padding-top: 0px !important;padding-bottom: 0px !important;}&#8221;][vc_column][vc_row_inner css=&#8221;.vc_custom_1683126761172{padding-top: 5% !important;padding-right: 5% !important;padding-bottom: 5% !important;padding-left: 5% !important;}&#8221; el_id=&#8221;questoes-reflexologia-podal&#8221;][vc_column_inner css=&#8221;.vc_custom_1672255782357{padding-top: 50px !important;padding-right: 50px !important;padding-bottom: 50px !important;padding-left: 50px !important;background-color: rgba(112,194,180,0.1) !important;*background-color: rgb(112,194,180) !important;}&#8221;][vc_icon icon_fontawesome=&#8221;far fa-dot-circle&#8221; color=&#8221;custom&#8221; size=&#8221;xl&#8221; align=&#8221;center&#8221; custom_color=&#8221;#70c2b4&#8243;][vc_column_text css_animation=&#8221;none&#8221; css=&#8221;.vc_custom_1683126792372{margin-bottom: 0px !important;}&#8221;]<\/p>\n<h2 style=\"text-align: center;font-size: 250%;line-height: 1em\"><a title=\"Quest\u00f5es Frequentes Acerca de Osteopatia Pedi\u00e1trica\" href=\"https:\/\/clinicamedicadoporto.pt\/staging\/faqs\/questoes-frequentes-sobre-reflexologia-podal\/\">Quest\u00f5es Frequentes Acerca de Reflexologia Podal<\/a><\/h2>\n<p style=\"text-align: center\">clique no link para saber mais<\/p>\n<p>[\/vc_column_text][\/vc_column_inner][\/vc_row_inner][\/vc_column][\/vc_row][vc_row][vc_column][vc_empty_space height=&#8221;40px&#8221;][\/vc_column][\/vc_row][vc_row bgtype=&#8221;grey&#8221;][vc_column][vc_empty_space height=&#8221;40px&#8221;][vc_column_text]<\/p>\n<h2 class=\"equal-h1\" style=\"text-align: center\"><span style=\"color: #d8d8d8\">estes s\u00e3o apenas alguns dos testemunhos dos nossos utentes<\/span><\/h2>\n<p>[\/vc_column_text][vc_empty_space height=&#8221;20px&#8221;]\n\t<div class=\"kwayy-testimonial-wrapper kwayy-effect-carousel kwayy-items-col-two kwayy-carousel-col-two\" data-autoplay=\"1\" data-autoplayspeed=\"800\" data-autoplaytimeout=\"4500\" data-loop=\"1\"><div class=\" kwayy-items-wrapper kwayy-carousel-items-wrapper\">\n\t<div class=\"kwayy-testimonial-box \"><div class=\"kwayy-testimonial-data\"><blockquote class=\"kwayy-testimonial-text\">\r\n\t\t\t\t<div class=\"contarea\">\t\t\t\t\t\r\n\t\t\t\t\t<div class=\"kwayy-tst-contarea-text\">Estive em consulta com o Dr.Jo\u00e3o Sardinha e foi super atencioso e revela conhecimento e d\u00e1 uma seguran\u00e7a forte ao paciente que tem a sua frente. Eu e o meu marido estamos bastante satisfeitos em encontrar a vossa cl\u00ednica que j\u00e1 me est\u00e1 a ajudar a mim e por conseguinte toda a minha familia. Agrade\u00e7o o acolhimento e simpatia na recep\u00e7\u00e3o e o ambiente harmonioso que se sente ao entrar. (...)<\/div>\r\n\t\t\t\t\t\r\n\t\t\t\t<\/div><footer> <div class=\"kwayy-testimonial-img\"><img loading=\"lazy\" decoding=\"async\" width=\"96\" height=\"96\" src=\"https:\/\/clinicamedicadoporto.pt\/staging\/wp-content\/uploads\/2018\/07\/perfil-clinica-medica-do-porto-150x150.png\" class=\"attachment-thumbnail size-thumbnail wp-post-image\" alt=\"perfil-feminino-clinica-medica-do-porto\" srcset=\"https:\/\/clinicamedicadoporto.pt\/staging\/wp-content\/uploads\/2018\/07\/perfil-clinica-medica-do-porto-150x150.png 150w, https:\/\/clinicamedicadoporto.pt\/staging\/wp-content\/uploads\/2018\/07\/perfil-clinica-medica-do-porto-300x300.png 300w, https:\/\/clinicamedicadoporto.pt\/staging\/wp-content\/uploads\/2018\/07\/perfil-clinica-medica-do-porto-e1604515282169.png 60w\" sizes=\"auto, (max-width: 96px) 100vw, 96px\" \/><\/div> <cite class=\"kwayy-testimonial-title\">Marta Ferreira<span class=\"kwayy-testimonial-designation\">Paciente da Cl\u00ednica M\u00e9dica do Porto<\/span><\/cite><\/footer><\/blockquote><\/div>\n\t<\/div>\n\t<div class=\"kwayy-testimonial-box \"><div class=\"kwayy-testimonial-data\"><blockquote class=\"kwayy-testimonial-text\">\r\n\t\t\t\t<div class=\"contarea\">\t\t\t\t\t\r\n\t\t\t\t\t<div class=\"kwayy-tst-contarea-text\">Agrad\u00e1vel.<\/div>\r\n\t\t\t\t\t\r\n\t\t\t\t<\/div><footer> <div class=\"kwayy-testimonial-img\"><img loading=\"lazy\" decoding=\"async\" width=\"1\" height=\"1\" src=\"https:\/\/clinicamedicadoporto.pt\/staging\/wp-content\/uploads\/2021\/06\/perfil-clinica-medica-do-porto-webhp.png\" class=\"attachment-thumbnail size-thumbnail wp-post-image\" alt=\"imagem-perfil-feminio-clinica-medica-do-porto\" \/><\/div> <cite class=\"kwayy-testimonial-title\">Teresa Leites<span class=\"kwayy-testimonial-designation\">Paciente da Cl\u00ednica M\u00e9dica do Porto<\/span><\/cite><\/footer><\/blockquote><\/div>\n\t<\/div>\n\t<div class=\"kwayy-testimonial-box \"><div class=\"kwayy-testimonial-data\"><blockquote class=\"kwayy-testimonial-text\">\r\n\t\t\t\t<div class=\"contarea\">\t\t\t\t\t\r\n\t\t\t\t\t<div class=\"kwayy-tst-contarea-text\">\u00d3timos profissionais, procedimentos e atendimento excelente!! \r\nNota 10!<\/div>\r\n\t\t\t\t\t\r\n\t\t\t\t<\/div><footer> <div class=\"kwayy-testimonial-img\"><img loading=\"lazy\" decoding=\"async\" width=\"72\" height=\"72\" src=\"https:\/\/clinicamedicadoporto.pt\/staging\/wp-content\/uploads\/2025\/05\/Foto-Testemunho-Gabriella-Salvador.png\" class=\"attachment-thumbnail size-thumbnail wp-post-image\" alt=\"Foto de Gabriella Salvador - Testemunho da Cl\u00ednica M\u00e9dica do Porto\" \/><\/div> <cite class=\"kwayy-testimonial-title\">Gabriella Salvador<span class=\"kwayy-testimonial-designation\">Paciente da Cl\u00ednica M\u00e9dica do Porto<\/span><\/cite><\/footer><\/blockquote><\/div>\n\t<\/div>\n\t<div class=\"kwayy-testimonial-box \"><div class=\"kwayy-testimonial-data\"><blockquote class=\"kwayy-testimonial-text\">\r\n\t\t\t\t<div class=\"contarea\">\t\t\t\t\t\r\n\t\t\t\t\t<div class=\"kwayy-tst-contarea-text\">Recomendo de olhos fechados!\r\n\r\nSe voc\u00ea busca tratamentos est\u00e9ticos com seguran\u00e7a, profissionais experientes e um atendimento caloroso, a Cl\u00ednica M\u00e9dica do Porto \u00e9 o lugar certo. O Dr. Diogo e sua equipe transformaram totalmente minha experi\u00eancia, trazendo de volta minha apar\u00eancia natural sem traumas. Vou continuar explorando os outros tratamentos que eles oferecem j\u00e1 sou cliente fiel! \ud83d\ude0d<\/div>\r\n\t\t\t\t\t\r\n\t\t\t\t<\/div><footer> <div class=\"kwayy-testimonial-img\"><img loading=\"lazy\" decoding=\"async\" width=\"96\" height=\"96\" src=\"https:\/\/clinicamedicadoporto.pt\/staging\/wp-content\/uploads\/2025\/05\/Foto-Larissa-CS-Testemunho-Clinica.png\" class=\"attachment-thumbnail size-thumbnail wp-post-image\" alt=\"Foto de Larissa - paciente da Cl\u00ednica M\u00e9dica do Porto\" \/><\/div> <cite class=\"kwayy-testimonial-title\">Larissa CS<span class=\"kwayy-testimonial-designation\">Paciente da Cl\u00ednica M\u00e9dica do Porto<\/span><\/cite><\/footer><\/blockquote><\/div>\n\t<\/div>\n\t<div class=\"kwayy-testimonial-box \"><div class=\"kwayy-testimonial-data\"><blockquote class=\"kwayy-testimonial-text\">\r\n\t\t\t\t<div class=\"contarea\">\t\t\t\t\t\r\n\t\t\t\t\t<div class=\"kwayy-tst-contarea-text\">Super indico. Atendimento incr\u00edvel e profissionais de excel\u00eancia.<\/div>\r\n\t\t\t\t\t\r\n\t\t\t\t<\/div><footer> <div class=\"kwayy-testimonial-img\"><img loading=\"lazy\" decoding=\"async\" width=\"72\" height=\"72\" src=\"https:\/\/clinicamedicadoporto.pt\/staging\/wp-content\/uploads\/2025\/05\/Imagem-Eliana-Pinto.png\" class=\"attachment-thumbnail size-thumbnail wp-post-image\" alt=\"Avatar Eliana - Paciente da Cl\u00ednica M\u00e9dica do Porto\" \/><\/div> <cite class=\"kwayy-testimonial-title\">Eliana Pinto<span class=\"kwayy-testimonial-designation\">Paciente da Cl\u00ednica M\u00e9dica do Porto<\/span><\/cite><\/footer><\/blockquote><\/div>\n\t<\/div>\n\t<div class=\"kwayy-testimonial-box \"><div class=\"kwayy-testimonial-data\"><blockquote class=\"kwayy-testimonial-text\">\r\n\t\t\t\t<div class=\"contarea\">\t\t\t\t\t\r\n\t\t\t\t\t<div class=\"kwayy-tst-contarea-text\">Super indico!!!\r\n\u00d3timos profissionais!<\/div>\r\n\t\t\t\t\t\r\n\t\t\t\t<\/div><footer> <div class=\"kwayy-testimonial-img\"><img loading=\"lazy\" decoding=\"async\" width=\"72\" height=\"72\" src=\"https:\/\/clinicamedicadoporto.pt\/staging\/wp-content\/uploads\/2025\/05\/Foto-Testemunho-Victoria-Vendrame.png\" class=\"attachment-thumbnail size-thumbnail wp-post-image\" alt=\"Foto Testemunho Victoria\" \/><\/div> <cite class=\"kwayy-testimonial-title\">Vict\u00f3ria Vendrame<span class=\"kwayy-testimonial-designation\">Paciente da Cl\u00ednica M\u00e9dica do Porto<\/span><\/cite><\/footer><\/blockquote><\/div>\n\t<\/div>\n\t<div class=\"kwayy-testimonial-box \"><div class=\"kwayy-testimonial-data\"><blockquote class=\"kwayy-testimonial-text\">\r\n\t\t\t\t<div class=\"contarea\">\t\t\t\t\t\r\n\t\t\t\t\t<div class=\"kwayy-tst-contarea-text\">Fui bem atendido \u00f3timo profissionais.<\/div>\r\n\t\t\t\t\t\r\n\t\t\t\t<\/div><footer> <div class=\"kwayy-testimonial-img\"><img loading=\"lazy\" decoding=\"async\" width=\"1\" height=\"1\" src=\"https:\/\/clinicamedicadoporto.pt\/staging\/wp-content\/uploads\/2021\/06\/perfil-masculino-clinica-medica-do-porto-webhp.png\" class=\"attachment-thumbnail size-thumbnail wp-post-image\" alt=\"imagem-perfil-masculino-clinica-medica-do-porto\" \/><\/div> <cite class=\"kwayy-testimonial-title\">Walison Santos<span class=\"kwayy-testimonial-designation\">Paciente da Cl\u00ednica M\u00e9dica do Porto<\/span><\/cite><\/footer><\/blockquote><\/div>\n\t<\/div>\n\t<div class=\"kwayy-testimonial-box \"><div class=\"kwayy-testimonial-data\"><blockquote class=\"kwayy-testimonial-text\">\r\n\t\t\t\t<div class=\"contarea\">\t\t\t\t\t\r\n\t\t\t\t\t<div class=\"kwayy-tst-contarea-text\">Celeridade e simpatia. Profissionalismo, aparentemente (o ju\u00edzo mais definitivo, depender\u00e1 dos resultados do tratamento), tamb\u00e9m de elevado n\u00edvel.<\/div>\r\n\t\t\t\t\t\r\n\t\t\t\t<\/div><footer> <div class=\"kwayy-testimonial-img\"><img loading=\"lazy\" decoding=\"async\" width=\"1\" height=\"1\" src=\"https:\/\/clinicamedicadoporto.pt\/staging\/wp-content\/uploads\/2021\/06\/perfil-masculino-clinica-medica-do-porto-webhp.png\" class=\"attachment-thumbnail size-thumbnail wp-post-image\" alt=\"imagem-perfil-masculino-clinica-medica-do-porto\" \/><\/div> <cite class=\"kwayy-testimonial-title\">Miguel Costa<span class=\"kwayy-testimonial-designation\">Paciente da Cl\u00ednica M\u00e9dica do Porto<\/span><\/cite><\/footer><\/blockquote><\/div>\n\t<\/div>\n\t<div class=\"kwayy-testimonial-box \"><div class=\"kwayy-testimonial-data\"><blockquote class=\"kwayy-testimonial-text\">\r\n\t\t\t\t<div class=\"contarea\">\t\t\t\t\t\r\n\t\t\t\t\t<div class=\"kwayy-tst-contarea-text\">Procurei a cl\u00ednica pela proposta de Modula\u00e7\u00e3o Hormonal que j\u00e1 venho estudando. Fui a uma primeira consulta e estou otimista quanto ao tratamento.<\/div>\r\n\t\t\t\t\t\r\n\t\t\t\t<\/div><footer> <div class=\"kwayy-testimonial-img\"><img loading=\"lazy\" decoding=\"async\" width=\"96\" height=\"96\" src=\"https:\/\/clinicamedicadoporto.pt\/staging\/wp-content\/uploads\/2024\/07\/Foto-Testemunho-Lucineia-Souza.jpg\" class=\"attachment-thumbnail size-thumbnail wp-post-image\" alt=\"Imagem mulher testemunho\" \/><\/div> <cite class=\"kwayy-testimonial-title\">Lucin\u00e9ia De Souza<span class=\"kwayy-testimonial-designation\">Paciente da Cl\u00ednica M\u00e9dica do Porto<\/span><\/cite><\/footer><\/blockquote><\/div>\n\t<\/div>\n\t<div class=\"kwayy-testimonial-box \"><div class=\"kwayy-testimonial-data\"><blockquote class=\"kwayy-testimonial-text\">\r\n\t\t\t\t<div class=\"contarea\">\t\t\t\t\t\r\n\t\t\t\t\t<div class=\"kwayy-tst-contarea-text\">(Traduzido pelo Google) Depois de algumas consultas falhadas com m\u00e9dicos tradicionais fui a esta cl\u00ednica ao Dr. Jo\u00e3o Sardinha para tratar da minha fase de pr\u00e9-menopausa. A sua abordagem \u00e9 diferente e n\u00e3o convencional, em oposi\u00e7\u00e3o aos m\u00e9dicos tradicionais. Altamente recomendado. Al\u00e9m disso, destaque para B\u00e1rbara que foi muito genu\u00edna e acolhedora<\/div>\r\n\t\t\t\t\t\r\n\t\t\t\t<\/div><footer> <div class=\"kwayy-testimonial-img\"><img loading=\"lazy\" decoding=\"async\" width=\"96\" height=\"96\" src=\"https:\/\/clinicamedicadoporto.pt\/staging\/wp-content\/uploads\/2024\/07\/Foto-Testemunho-KH-Hanna.png\" class=\"attachment-thumbnail size-thumbnail wp-post-image\" alt=\"Imagem mulher\" \/><\/div> <cite class=\"kwayy-testimonial-title\">K.N Hanna<span class=\"kwayy-testimonial-designation\">Paciente da Cl\u00ednica M\u00e9dica do Porto<\/span><\/cite><\/footer><\/blockquote><\/div>\n\t<\/div>\n\t<div class=\"kwayy-testimonial-box \"><div class=\"kwayy-testimonial-data\"><blockquote class=\"kwayy-testimonial-text\">\r\n\t\t\t\t<div class=\"contarea\">\t\t\t\t\t\r\n\t\t\t\t\t<div class=\"kwayy-tst-contarea-text\">Muito obrigada.\r\nS\u00e3o muito simp\u00e1ticos.<\/div>\r\n\t\t\t\t\t\r\n\t\t\t\t<\/div><footer> <div class=\"kwayy-testimonial-img\"><img loading=\"lazy\" decoding=\"async\" width=\"60\" height=\"60\" src=\"https:\/\/clinicamedicadoporto.pt\/staging\/wp-content\/uploads\/2024\/05\/Foto-Testemunho-Teresa-Tudela.png\" class=\"attachment-thumbnail size-thumbnail wp-post-image\" alt=\"Imagem avatar de testemunho da Cl\u00ednica M\u00e9dica do Porto\" \/><\/div> <cite class=\"kwayy-testimonial-title\">Teresa Tudela<span class=\"kwayy-testimonial-designation\">Paciente da Cl\u00ednica M\u00e9dica do Porto<\/span><\/cite><\/footer><\/blockquote><\/div>\n\t<\/div>\n\t<div class=\"kwayy-testimonial-box \"><div class=\"kwayy-testimonial-data\"><blockquote class=\"kwayy-testimonial-text\">\r\n\t\t\t\t<div class=\"contarea\">\t\t\t\t\t\r\n\t\t\t\t\t<div class=\"kwayy-tst-contarea-text\">Excelente servi\u00e7o!<\/div>\r\n\t\t\t\t\t\r\n\t\t\t\t<\/div><footer> <div class=\"kwayy-testimonial-img\"><img loading=\"lazy\" decoding=\"async\" width=\"1\" height=\"1\" src=\"https:\/\/clinicamedicadoporto.pt\/staging\/wp-content\/uploads\/2021\/06\/perfil-clinica-medica-do-porto-webhp.png\" class=\"attachment-thumbnail size-thumbnail wp-post-image\" alt=\"imagem-perfil-feminio-clinica-medica-do-porto\" \/><\/div> <cite class=\"kwayy-testimonial-title\">Mariana Vale<span class=\"kwayy-testimonial-designation\">Paciente da Cl\u00ednica M\u00e9dica do Porto<\/span><\/cite><\/footer><\/blockquote><\/div>\n\t<\/div>\n\t<div class=\"kwayy-testimonial-box \"><div class=\"kwayy-testimonial-data\"><blockquote class=\"kwayy-testimonial-text\">\r\n\t\t\t\t<div class=\"contarea\">\t\t\t\t\t\r\n\t\t\t\t\t<div class=\"kwayy-tst-contarea-text\">Atendimento acolhedor, objetivo e carinhoso por parte da Sra. B\u00e1rbara.\r\nQuanto ao atendimento da Dra. M\u00e1rcia Leite, acredito n\u00e3o poder estar em melhor m\u00e3os. \r\nTrata-se de profissional conhecedora da especificidade a que se prop\u00f4s, com recebimento educado, acolhedor e atencioso. (...)<\/div>\r\n\t\t\t\t\t\r\n\t\t\t\t<\/div><footer> <div class=\"kwayy-testimonial-img\"><img loading=\"lazy\" decoding=\"async\" width=\"96\" height=\"96\" src=\"https:\/\/clinicamedicadoporto.pt\/staging\/wp-content\/uploads\/2024\/02\/imagem-Isis-motta.png\" class=\"attachment-thumbnail size-thumbnail wp-post-image\" alt=\"Imagem de perfil de testemunho de cliente da clinica medica do porto\" \/><\/div> <cite class=\"kwayy-testimonial-title\">Isis Motta<span class=\"kwayy-testimonial-designation\">Paciente da Cl\u00ednica M\u00e9dica do Porto<\/span><\/cite><\/footer><\/blockquote><\/div>\n\t<\/div>\n\t<div class=\"kwayy-testimonial-box \"><div class=\"kwayy-testimonial-data\"><blockquote class=\"kwayy-testimonial-text\">\r\n\t\t\t\t<div class=\"contarea\">\t\t\t\t\t\r\n\t\t\t\t\t<div class=\"kwayy-tst-contarea-text\">Boas condi\u00e7\u00f5es. \r\nProfissionais simp\u00e1ticos e competentes. \r\nUma boa experi\u00eancia. <\/div>\r\n\t\t\t\t\t\r\n\t\t\t\t<\/div><footer> <div class=\"kwayy-testimonial-img\"><img loading=\"lazy\" decoding=\"async\" width=\"1\" height=\"1\" src=\"https:\/\/clinicamedicadoporto.pt\/staging\/wp-content\/uploads\/2021\/06\/perfil-clinica-medica-do-porto-webhp.png\" class=\"attachment-thumbnail size-thumbnail wp-post-image\" alt=\"imagem-perfil-feminio-clinica-medica-do-porto\" \/><\/div> <cite class=\"kwayy-testimonial-title\">Sara Fernandes<span class=\"kwayy-testimonial-designation\">Paciente da Cl\u00ednica M\u00e9dica do Porto<\/span><\/cite><\/footer><\/blockquote><\/div>\n\t<\/div>\n\t<div class=\"kwayy-testimonial-box \"><div class=\"kwayy-testimonial-data\"><blockquote class=\"kwayy-testimonial-text\">\r\n\t\t\t\t<div class=\"contarea\">\t\t\t\t\t\r\n\t\t\t\t\t<div class=\"kwayy-tst-contarea-text\">Foi uma experi\u00eancia muito agrad\u00e1vel nesta cl\u00ednica, com um bom acolhimento e um m\u00e9dico competente que presta aten\u00e7\u00e3o ao paciente e adoro o facto de serem recomendados rem\u00e9dios naturais, recomendo vivamente.<\/div>\r\n\t\t\t\t\t\r\n\t\t\t\t<\/div><footer> <div class=\"kwayy-testimonial-img\"><img loading=\"lazy\" decoding=\"async\" width=\"1\" height=\"1\" src=\"https:\/\/clinicamedicadoporto.pt\/staging\/wp-content\/uploads\/2021\/06\/perfil-clinica-medica-do-porto-webhp.png\" class=\"attachment-thumbnail size-thumbnail wp-post-image\" alt=\"imagem-perfil-feminio-clinica-medica-do-porto\" \/><\/div> <cite class=\"kwayy-testimonial-title\">Carlita<span class=\"kwayy-testimonial-designation\">Paciente da Cl\u00ednica M\u00e9dica do Porto<\/span><\/cite><\/footer><\/blockquote><\/div>\n\t<\/div>\n\t<div class=\"kwayy-testimonial-box \"><div class=\"kwayy-testimonial-data\"><blockquote class=\"kwayy-testimonial-text\">\r\n\t\t\t\t<div class=\"contarea\">\t\t\t\t\t\r\n\t\t\t\t\t<div class=\"kwayy-tst-contarea-text\">A Dra Beatriz \u00e9 optima, ja vejo efeitos. \r\nToda a gente na cl\u00ednica \u00e9 muito simp\u00e1tica. \r\nRecomendo 100%<\/div>\r\n\t\t\t\t\t\r\n\t\t\t\t<\/div><footer> <div class=\"kwayy-testimonial-img\"><img loading=\"lazy\" decoding=\"async\" width=\"60\" height=\"60\" src=\"https:\/\/clinicamedicadoporto.pt\/staging\/wp-content\/uploads\/2024\/01\/Foto-carolina-oliveira.png\" class=\"attachment-thumbnail size-thumbnail wp-post-image\" alt=\"Foto de cliente da Clinica\" \/><\/div> <cite class=\"kwayy-testimonial-title\">Carolina Oliveira<span class=\"kwayy-testimonial-designation\">Paciente da Cl\u00ednica M\u00e9dica do Porto<\/span><\/cite><\/footer><\/blockquote><\/div>\n\t<\/div>\n\t<div class=\"kwayy-testimonial-box \"><div class=\"kwayy-testimonial-data\"><blockquote class=\"kwayy-testimonial-text\">\r\n\t\t\t\t<div class=\"contarea\">\t\t\t\t\t\r\n\t\t\t\t\t<div class=\"kwayy-tst-contarea-text\">Bom atendimento, muito profissionalismo!<\/div>\r\n\t\t\t\t\t\r\n\t\t\t\t<\/div><footer> <div class=\"kwayy-testimonial-img\"><img loading=\"lazy\" decoding=\"async\" width=\"1\" height=\"1\" src=\"https:\/\/clinicamedicadoporto.pt\/staging\/wp-content\/uploads\/2021\/06\/perfil-clinica-medica-do-porto-webhp.png\" class=\"attachment-thumbnail size-thumbnail wp-post-image\" alt=\"imagem-perfil-feminio-clinica-medica-do-porto\" \/><\/div> <cite class=\"kwayy-testimonial-title\">Maria Teresa Chaves<span class=\"kwayy-testimonial-designation\">Paciente da Cl\u00ednica M\u00e9dica do Porto<\/span><\/cite><\/footer><\/blockquote><\/div>\n\t<\/div>\n\t<div class=\"kwayy-testimonial-box \"><div class=\"kwayy-testimonial-data\"><blockquote class=\"kwayy-testimonial-text\">\r\n\t\t\t\t<div class=\"contarea\">\t\t\t\t\t\r\n\t\t\t\t\t<div class=\"kwayy-tst-contarea-text\">Gostei de tudo. \r\nDesde a simpatia e profissionalismo tanto da recepcionista como da m\u00e9dica Dra M\u00e1rcia Leite\r\nCertamente recomendarei, obrigada.<\/div>\r\n\t\t\t\t\t\r\n\t\t\t\t<\/div><footer> <div class=\"kwayy-testimonial-img\"><img loading=\"lazy\" decoding=\"async\" width=\"1\" height=\"1\" src=\"https:\/\/clinicamedicadoporto.pt\/staging\/wp-content\/uploads\/2021\/06\/perfil-clinica-medica-do-porto-webhp.png\" class=\"attachment-thumbnail size-thumbnail wp-post-image\" alt=\"imagem-perfil-feminio-clinica-medica-do-porto\" \/><\/div> <cite class=\"kwayy-testimonial-title\">Palmira Soares<span class=\"kwayy-testimonial-designation\">Paciente da Cl\u00ednica M\u00e9dica do Porto<\/span><\/cite><\/footer><\/blockquote><\/div>\n\t<\/div>\n\t<div class=\"kwayy-testimonial-box \"><div class=\"kwayy-testimonial-data\"><blockquote class=\"kwayy-testimonial-text\">\r\n\t\t\t\t<div class=\"contarea\">\t\t\t\t\t\r\n\t\t\t\t\t<div class=\"kwayy-tst-contarea-text\">Fui atendido por a Sra. Dra. Beatriz Rito, estou super satisfeito com o trabalho que me fez. Uma medica super humana, consciente e profissional.<\/div>\r\n\t\t\t\t\t\r\n\t\t\t\t<\/div><footer> <div class=\"kwayy-testimonial-img\"><img loading=\"lazy\" decoding=\"async\" width=\"96\" height=\"96\" src=\"https:\/\/clinicamedicadoporto.pt\/staging\/wp-content\/uploads\/2023\/10\/Foto-Vitor-Moreira.png\" class=\"attachment-thumbnail size-thumbnail wp-post-image\" alt=\"Foto Vitor Moreira\" \/><\/div> <cite class=\"kwayy-testimonial-title\">Vitor Moreira<span class=\"kwayy-testimonial-designation\">Paciente da Cl\u00ednica M\u00e9dica do Porto<\/span><\/cite><\/footer><\/blockquote><\/div>\n\t<\/div>\n\t<div class=\"kwayy-testimonial-box \"><div class=\"kwayy-testimonial-data\"><blockquote class=\"kwayy-testimonial-text\">\r\n\t\t\t\t<div class=\"contarea\">\t\t\t\t\t\r\n\t\t\t\t\t<div class=\"kwayy-tst-contarea-text\">Muito am\u00e1veis, desde a rece\u00e7\u00e3o ao corpo cl\u00ednico. \r\nRecomendo!\r\n\r\n<\/div>\r\n\t\t\t\t\t\r\n\t\t\t\t<\/div><footer> <div class=\"kwayy-testimonial-img\"><img loading=\"lazy\" decoding=\"async\" width=\"96\" height=\"96\" src=\"https:\/\/clinicamedicadoporto.pt\/staging\/wp-content\/uploads\/2023\/06\/Foto-Marta-Lima.png\" class=\"attachment-thumbnail size-thumbnail wp-post-image\" alt=\"Foto-Marta-Lima\" \/><\/div> <cite class=\"kwayy-testimonial-title\">Marta Lima<span class=\"kwayy-testimonial-designation\">Paciente da Cl\u00ednica M\u00e9dica do Porto<\/span><\/cite><\/footer><\/blockquote><\/div>\n\t<\/div>\n\t<div class=\"kwayy-testimonial-box \"><div class=\"kwayy-testimonial-data\"><blockquote class=\"kwayy-testimonial-text\">\r\n\t\t\t\t<div class=\"contarea\">\t\t\t\t\t\r\n\t\t\t\t\t<div class=\"kwayy-tst-contarea-text\">Foi a minha primeira consulta Anti-aging com a Dra. Mariana Pinto Leite. \r\nFiquei muito bem impressionada com o atendimento e profissionalismo pelo que vou continuar a utilizar os seus servi\u00e7os.<\/div>\r\n\t\t\t\t\t\r\n\t\t\t\t<\/div><footer> <div class=\"kwayy-testimonial-img\"><img loading=\"lazy\" decoding=\"async\" width=\"96\" height=\"96\" src=\"https:\/\/clinicamedicadoporto.pt\/staging\/wp-content\/uploads\/2018\/07\/perfil-clinica-medica-do-porto-150x150.png\" class=\"attachment-thumbnail size-thumbnail wp-post-image\" alt=\"perfil-feminino-clinica-medica-do-porto\" srcset=\"https:\/\/clinicamedicadoporto.pt\/staging\/wp-content\/uploads\/2018\/07\/perfil-clinica-medica-do-porto-150x150.png 150w, https:\/\/clinicamedicadoporto.pt\/staging\/wp-content\/uploads\/2018\/07\/perfil-clinica-medica-do-porto-300x300.png 300w, https:\/\/clinicamedicadoporto.pt\/staging\/wp-content\/uploads\/2018\/07\/perfil-clinica-medica-do-porto-e1604515282169.png 60w\" sizes=\"auto, (max-width: 96px) 100vw, 96px\" \/><\/div> <cite class=\"kwayy-testimonial-title\">Maria Manuel Junqueira<span class=\"kwayy-testimonial-designation\">Paciente da Cl\u00ednica M\u00e9dica do Porto<\/span><\/cite><\/footer><\/blockquote><\/div>\n\t<\/div>\n\t<div class=\"kwayy-testimonial-box \"><div class=\"kwayy-testimonial-data\"><blockquote class=\"kwayy-testimonial-text\">\r\n\t\t\t\t<div class=\"contarea\">\t\t\t\t\t\r\n\t\t\t\t\t<div class=\"kwayy-tst-contarea-text\">Atendimento fant\u00e1stico \u2b50\ufe0f\u2b50\ufe0f\u2b50\ufe0f\u2b50\ufe0f\u2b50\ufe0f\r\nFa\u00e7o nesta cl\u00ednica os meus procedimentos est\u00e9ticos com Dra Beatriz Couto, a quem agrade\u00e7o o seu profissionalismo e bom senso.<\/div>\r\n\t\t\t\t\t\r\n\t\t\t\t<\/div><footer> <div class=\"kwayy-testimonial-img\"><img loading=\"lazy\" decoding=\"async\" width=\"1\" height=\"1\" src=\"https:\/\/clinicamedicadoporto.pt\/staging\/wp-content\/uploads\/2021\/06\/perfil-clinica-medica-do-porto-webhp.png\" class=\"attachment-thumbnail size-thumbnail wp-post-image\" alt=\"imagem-perfil-feminio-clinica-medica-do-porto\" \/><\/div> <cite class=\"kwayy-testimonial-title\">Vera Oliveira<span class=\"kwayy-testimonial-designation\">Paciente da Cl\u00ednica M\u00e9dica do Porto<\/span><\/cite><\/footer><\/blockquote><\/div>\n\t<\/div>\n\t<div class=\"kwayy-testimonial-box \"><div class=\"kwayy-testimonial-data\"><blockquote class=\"kwayy-testimonial-text\">\r\n\t\t\t\t<div class=\"contarea\">\t\t\t\t\t\r\n\t\t\t\t\t<div class=\"kwayy-tst-contarea-text\">Fui apenas ter a consulta de avalia\u00e7\u00e3o e a m\u00e9dica foi muito querida e atenciosa com o meu problema que me deixa a auto estima em baixo. Estou seriamente a pensar em fazer o procedimento est\u00e9tico.<\/div>\r\n\t\t\t\t\t\r\n\t\t\t\t<\/div><footer> <div class=\"kwayy-testimonial-img\"><img loading=\"lazy\" decoding=\"async\" width=\"1\" height=\"1\" src=\"https:\/\/clinicamedicadoporto.pt\/staging\/wp-content\/uploads\/2021\/06\/perfil-clinica-medica-do-porto-webhp.png\" class=\"attachment-thumbnail size-thumbnail wp-post-image\" alt=\"imagem-perfil-feminio-clinica-medica-do-porto\" \/><\/div> <cite class=\"kwayy-testimonial-title\">Rita R<span class=\"kwayy-testimonial-designation\">Paciente da Cl\u00ednica M\u00e9dica do Porto<\/span><\/cite><\/footer><\/blockquote><\/div>\n\t<\/div>\n\t<div class=\"kwayy-testimonial-box \"><div class=\"kwayy-testimonial-data\"><blockquote class=\"kwayy-testimonial-text\">\r\n\t\t\t\t<div class=\"contarea\">\t\t\t\t\t\r\n\t\t\t\t\t<div class=\"kwayy-tst-contarea-text\">Consulta com a Dra Mariana Leite... simplesmente genial.\r\nSenti-me vista e compreendida \ud83d\ude4f<\/div>\r\n\t\t\t\t\t\r\n\t\t\t\t<\/div><footer> <div class=\"kwayy-testimonial-img\"><img loading=\"lazy\" decoding=\"async\" width=\"96\" height=\"96\" src=\"https:\/\/clinicamedicadoporto.pt\/staging\/wp-content\/uploads\/2023\/05\/foto-sara-guedes-testemunho.png\" class=\"attachment-thumbnail size-thumbnail wp-post-image\" alt=\"Imagem de destaque do testemunho\" \/><\/div> <cite class=\"kwayy-testimonial-title\">Sara Guedes<span class=\"kwayy-testimonial-designation\">Paciente da Cl\u00ednica M\u00e9dica do Porto<\/span><\/cite><\/footer><\/blockquote><\/div>\n\t<\/div>\n\t<div class=\"kwayy-testimonial-box \"><div class=\"kwayy-testimonial-data\"><blockquote class=\"kwayy-testimonial-text\">\r\n\t\t\t\t<div class=\"contarea\">\t\t\t\t\t\r\n\t\t\t\t\t<div class=\"kwayy-tst-contarea-text\">Excelente atendimento, desde a recep\u00e7\u00e3o \u00e0 consulta, anti-aging, muito esclarecedora e sem pressas. (Acerca da Dra. Mariana Pinto Leite)<\/div>\r\n\t\t\t\t\t\r\n\t\t\t\t<\/div><footer> <div class=\"kwayy-testimonial-img\"><img loading=\"lazy\" decoding=\"async\" width=\"96\" height=\"96\" src=\"https:\/\/clinicamedicadoporto.pt\/staging\/wp-content\/uploads\/2018\/07\/perfil-clinica-medica-do-porto-150x150.png\" class=\"attachment-thumbnail size-thumbnail wp-post-image\" alt=\"perfil-feminino-clinica-medica-do-porto\" srcset=\"https:\/\/clinicamedicadoporto.pt\/staging\/wp-content\/uploads\/2018\/07\/perfil-clinica-medica-do-porto-150x150.png 150w, https:\/\/clinicamedicadoporto.pt\/staging\/wp-content\/uploads\/2018\/07\/perfil-clinica-medica-do-porto-300x300.png 300w, https:\/\/clinicamedicadoporto.pt\/staging\/wp-content\/uploads\/2018\/07\/perfil-clinica-medica-do-porto-e1604515282169.png 60w\" sizes=\"auto, (max-width: 96px) 100vw, 96px\" \/><\/div> <cite class=\"kwayy-testimonial-title\">Susana Almeida<span class=\"kwayy-testimonial-designation\">Paciente da Cl\u00ednica M\u00e9dica do Porto<\/span><\/cite><\/footer><\/blockquote><\/div>\n\t<\/div>\n\t<div class=\"kwayy-testimonial-box \"><div class=\"kwayy-testimonial-data\"><blockquote class=\"kwayy-testimonial-text\">\r\n\t\t\t\t<div class=\"contarea\">\t\t\t\t\t\r\n\t\t\t\t\t<div class=\"kwayy-tst-contarea-text\">Toda a equipa muito simpatica.<\/div>\r\n\t\t\t\t\t\r\n\t\t\t\t<\/div><footer> <div class=\"kwayy-testimonial-img\"><img loading=\"lazy\" decoding=\"async\" width=\"96\" height=\"96\" src=\"https:\/\/clinicamedicadoporto.pt\/staging\/wp-content\/uploads\/2023\/02\/foto-adelaide-reis.png\" class=\"attachment-thumbnail size-thumbnail wp-post-image\" alt=\"imagem testemunho de paciente\" \/><\/div> <cite class=\"kwayy-testimonial-title\">Adelaide Reis<span class=\"kwayy-testimonial-designation\">Paciente da Cl\u00ednica M\u00e9dica do Porto<\/span><\/cite><\/footer><\/blockquote><\/div>\n\t<\/div>\n\t<div class=\"kwayy-testimonial-box \"><div class=\"kwayy-testimonial-data\"><blockquote class=\"kwayy-testimonial-text\">\r\n\t\t\t\t<div class=\"contarea\">\t\t\t\t\t\r\n\t\t\t\t\t<div class=\"kwayy-tst-contarea-text\">Atendimento fant\u00e1stico, muita simpatia e profissionalismo. \r\nFui consultada pela Dra M\u00e1rcia e adorei a consulta, s\u00f3 posso dizer que \u00e9 uma excelente m\u00e9dica e de simpatia enorme. \r\nObrigada a todos.<\/div>\r\n\t\t\t\t\t\r\n\t\t\t\t<\/div><footer> <div class=\"kwayy-testimonial-img\"><img loading=\"lazy\" decoding=\"async\" width=\"1\" height=\"1\" src=\"https:\/\/clinicamedicadoporto.pt\/staging\/wp-content\/uploads\/2021\/06\/perfil-clinica-medica-do-porto-webhp.png\" class=\"attachment-thumbnail size-thumbnail wp-post-image\" alt=\"imagem-perfil-feminio-clinica-medica-do-porto\" \/><\/div> <cite class=\"kwayy-testimonial-title\">Dina Neiva<span class=\"kwayy-testimonial-designation\">Paciente da Cl\u00ednica M\u00e9dica do Porto<\/span><\/cite><\/footer><\/blockquote><\/div>\n\t<\/div>\n\t<div class=\"kwayy-testimonial-box \"><div class=\"kwayy-testimonial-data\"><blockquote class=\"kwayy-testimonial-text\">\r\n\t\t\t\t<div class=\"contarea\">\t\t\t\t\t\r\n\t\t\t\t\t<div class=\"kwayy-tst-contarea-text\">Adorei o atendimento, a m\u00e9dica, super bem disposta, super profissional. \r\nRecomendo a 100%.<\/div>\r\n\t\t\t\t\t\r\n\t\t\t\t<\/div><footer> <div class=\"kwayy-testimonial-img\"><img loading=\"lazy\" decoding=\"async\" width=\"96\" height=\"96\" src=\"https:\/\/clinicamedicadoporto.pt\/staging\/wp-content\/uploads\/2022\/09\/Foto-Fernanda-Bandeira-Testemunho-Consulta-Anti-Aging.png\" class=\"attachment-thumbnail size-thumbnail wp-post-image\" alt=\"Foto de Fernanda Bandeira Testemunho Anti-aging\" \/><\/div> <cite class=\"kwayy-testimonial-title\">Fernanda Bandeira<span class=\"kwayy-testimonial-designation\">Paciente da Cl\u00ednica M\u00e9dica do Porto<\/span><\/cite><\/footer><\/blockquote><\/div>\n\t<\/div>\n\t<div class=\"kwayy-testimonial-box \"><div class=\"kwayy-testimonial-data\"><blockquote class=\"kwayy-testimonial-text\">\r\n\t\t\t\t<div class=\"contarea\">\t\t\t\t\t\r\n\t\t\t\t\t<div class=\"kwayy-tst-contarea-text\">Senti-me acolhida e respeitada na Cl\u00ednica M\u00e9dica do Porto tanto pela rececionista quanto pela Dra Maria Jos\u00e9. Muito obrigada! \u2764\ufe0f<\/div>\r\n\t\t\t\t\t\r\n\t\t\t\t<\/div><footer> <div class=\"kwayy-testimonial-img\"><img loading=\"lazy\" decoding=\"async\" width=\"96\" height=\"96\" src=\"https:\/\/clinicamedicadoporto.pt\/staging\/wp-content\/uploads\/2022\/09\/Foto-Luciane-Guerra.png\" class=\"attachment-thumbnail size-thumbnail wp-post-image\" alt=\"Foto Paciente Testemunho da Consulta Anti-Aging\" \/><\/div> <cite class=\"kwayy-testimonial-title\">Luciane Guerra<span class=\"kwayy-testimonial-designation\">Paciente da Cl\u00ednica M\u00e9dica do Porto<\/span><\/cite><\/footer><\/blockquote><\/div>\n\t<\/div>\n\t<div class=\"kwayy-testimonial-box \"><div class=\"kwayy-testimonial-data\"><blockquote class=\"kwayy-testimonial-text\">\r\n\t\t\t\t<div class=\"contarea\">\t\t\t\t\t\r\n\t\t\t\t\t<div class=\"kwayy-tst-contarea-text\">Uma Cl\u00ednica de excel\u00eancia que recomendo vivamente por experi\u00eancia pr\u00f3pria.<\/div>\r\n\t\t\t\t\t\r\n\t\t\t\t<\/div><footer> <div class=\"kwayy-testimonial-img\"><img loading=\"lazy\" decoding=\"async\" width=\"96\" height=\"96\" src=\"https:\/\/clinicamedicadoporto.pt\/staging\/wp-content\/uploads\/2022\/07\/Foto-Maria-Jose\u0301-Moura.jpg\" class=\"attachment-thumbnail size-thumbnail wp-post-image\" alt=\"Foto-Maria-Jose\u0301-Moura\" \/><\/div> <cite class=\"kwayy-testimonial-title\">Maria Jos\u00e9 Moura<span class=\"kwayy-testimonial-designation\">Paciente da Cl\u00ednica M\u00e9dica do Porto<\/span><\/cite><\/footer><\/blockquote><\/div>\n\t<\/div>\n\t<div class=\"kwayy-testimonial-box \"><div class=\"kwayy-testimonial-data\"><blockquote class=\"kwayy-testimonial-text\">\r\n\t\t\t\t<div class=\"contarea\">\t\t\t\t\t\r\n\t\t\t\t\t<div class=\"kwayy-tst-contarea-text\">Atendimento simp\u00e1tico e tratamento profissional. Senti-me desde cedo como se fosse uma paciente antiga da casa. Relativamente \u00e0 consulta de medicina est\u00e9tica, com o Dr. Manuel Rodrigues de Sousa, superou todas as expectativas, sendo com certeza um m\u00e9dico a referenciar.<\/div>\r\n\t\t\t\t\t\r\n\t\t\t\t<\/div><footer> <div class=\"kwayy-testimonial-img\"><img loading=\"lazy\" decoding=\"async\" width=\"96\" height=\"96\" src=\"https:\/\/clinicamedicadoporto.pt\/staging\/wp-content\/uploads\/2022\/07\/Foto-Julia-Medeiros-Testemunho-Medicina-Estetica.jpg\" class=\"attachment-thumbnail size-thumbnail wp-post-image\" alt=\"Foto-Julia-Medeiros-Testemunho-Medicina-Estetica\" \/><\/div> <cite class=\"kwayy-testimonial-title\">Julia Medeiros<span class=\"kwayy-testimonial-designation\">Paciente da Cl\u00ednica M\u00e9dica do Porto<\/span><\/cite><\/footer><\/blockquote><\/div>\n\t<\/div>\n\t<div class=\"kwayy-testimonial-box \"><div class=\"kwayy-testimonial-data\"><blockquote class=\"kwayy-testimonial-text\">\r\n\t\t\t\t<div class=\"contarea\">\t\t\t\t\t\r\n\t\t\t\t\t<div class=\"kwayy-tst-contarea-text\">Fui tratada pelo Dr. Manuel Rodrigues de Sousa e estou bastante satisfeita. Senti-me confort\u00e1vel e agradada com a transpar\u00eancia e honestidade relativamente \u00e0 informa\u00e7\u00e3o fornecida pela cl\u00ednica. (...) O ambiente da cl\u00ednica \u00e9 muito tranquilo e agrad\u00e1vel. Fiquei feliz com os tratamentos \u263a\ufe0f<\/div>\r\n\t\t\t\t\t\r\n\t\t\t\t<\/div><footer> <div class=\"kwayy-testimonial-img\"><img loading=\"lazy\" decoding=\"async\" width=\"96\" height=\"96\" src=\"https:\/\/clinicamedicadoporto.pt\/staging\/wp-content\/uploads\/2022\/07\/Foto-Andreia-Vaz.png\" class=\"attachment-thumbnail size-thumbnail wp-post-image\" alt=\"Forto de Andreia Vaz\" \/><\/div> <cite class=\"kwayy-testimonial-title\">Andreia Vaz<span class=\"kwayy-testimonial-designation\">Paciente da Cl\u00ednica M\u00e9dica do Porto<\/span><\/cite><\/footer><\/blockquote><\/div>\n\t<\/div>\n\t<div class=\"kwayy-testimonial-box \"><div class=\"kwayy-testimonial-data\"><blockquote class=\"kwayy-testimonial-text\">\r\n\t\t\t\t<div class=\"contarea\">\t\t\t\t\t\r\n\t\t\t\t\t<div class=\"kwayy-tst-contarea-text\">Uma Cl\u00ednica de Excel\u00eancia, obrigado pelo excelente atendimento da parte do Dr Sousa um excelente profissional, e da parte do atendimento da recep\u00e7\u00e3o. Um muito obrigado e at\u00e9 breve.<\/div>\r\n\t\t\t\t\t\r\n\t\t\t\t<\/div><footer> <div class=\"kwayy-testimonial-img\"><img loading=\"lazy\" decoding=\"async\" width=\"1\" height=\"1\" src=\"https:\/\/clinicamedicadoporto.pt\/staging\/wp-content\/uploads\/2021\/12\/Foto-Maria-Jose\u0301-Ribeiro-Moura.png\" class=\"attachment-thumbnail size-thumbnail wp-post-image\" alt=\"Foto Testemunho Maria Jos\u00e9 Ribeiro\" \/><\/div> <cite class=\"kwayy-testimonial-title\">Maria Jos\u00e9 Moura<span class=\"kwayy-testimonial-designation\">Paciente da Cl\u00ednica M\u00e9dica do Porto<\/span><\/cite><\/footer><\/blockquote><\/div>\n\t<\/div>\n\t<div class=\"kwayy-testimonial-box \"><div class=\"kwayy-testimonial-data\"><blockquote class=\"kwayy-testimonial-text\">\r\n\t\t\t\t<div class=\"contarea\">\t\t\t\t\t\r\n\t\t\t\t\t<div class=\"kwayy-tst-contarea-text\">S\u00f3 tenho a agradecer. Podia come\u00e7ar pela humanidade, simpatia e disponibilidade com que sou sempre recebida quer ao telefone quer em pessoa. \r\nMas o essencial \u00e9 tudo aquilo que mudou no meu bem estar mental e f\u00edsico desde que passei a ter consulta na cl\u00ednica, no meu caso pela m\u00e3o carinhosa da dra. Ana Rita Telles. Nem tenho palavras. Bem hajam!<\/div>\r\n\t\t\t\t\t\r\n\t\t\t\t<\/div><footer> <div class=\"kwayy-testimonial-img\"><img loading=\"lazy\" decoding=\"async\" width=\"60\" height=\"60\" src=\"https:\/\/clinicamedicadoporto.pt\/staging\/wp-content\/uploads\/2019\/08\/perfil-clinica-medica-do-porto-1-e1604515187835.png\" class=\"attachment-thumbnail size-thumbnail wp-post-image\" alt=\"Imagem-generica-clinica-medica-do-porto\" \/><\/div> <cite class=\"kwayy-testimonial-title\">Eduarda S\u00e1-Andersen<span class=\"kwayy-testimonial-designation\">Paciente da Cl\u00ednica M\u00e9dica do Porto<\/span><\/cite><\/footer><\/blockquote><\/div>\n\t<\/div>\n\t<div class=\"kwayy-testimonial-box \"><div class=\"kwayy-testimonial-data\"><blockquote class=\"kwayy-testimonial-text\">\r\n\t\t\t\t<div class=\"contarea\">\t\t\t\t\t\r\n\t\t\t\t\t<div class=\"kwayy-tst-contarea-text\">Muito satisfeita com o tratamento de medicina est\u00e9tica, sinto-me novamente eu. Obrigado por toda a simpatia e por me aturar Dr. Manuel Rodrigues Sousa, admiro o seu profissionalismo e aten\u00e7\u00e3o. <\/div>\r\n\t\t\t\t\t\r\n\t\t\t\t<\/div><footer> <div class=\"kwayy-testimonial-img\"><img loading=\"lazy\" decoding=\"async\" width=\"60\" height=\"60\" src=\"https:\/\/clinicamedicadoporto.pt\/staging\/wp-content\/uploads\/2019\/08\/perfil-clinica-medica-do-porto-1-e1604515187835.png\" class=\"attachment-thumbnail size-thumbnail wp-post-image\" alt=\"Imagem-generica-clinica-medica-do-porto\" \/><\/div> <cite class=\"kwayy-testimonial-title\">Joana Vaz<span class=\"kwayy-testimonial-designation\">Paciente da Cl\u00ednica M\u00e9dica do Porto<\/span><\/cite><\/footer><\/blockquote><\/div>\n\t<\/div>\n\t<div class=\"kwayy-testimonial-box \"><div class=\"kwayy-testimonial-data\"><blockquote class=\"kwayy-testimonial-text\">\r\n\t\t\t\t<div class=\"contarea\">\t\t\t\t\t\r\n\t\t\t\t\t<div class=\"kwayy-tst-contarea-text\">Gostei da Simpatia e Profissionalismo!\r\nObg. Voltarei<\/div>\r\n\t\t\t\t\t\r\n\t\t\t\t<\/div><footer> <div class=\"kwayy-testimonial-img\"><img loading=\"lazy\" decoding=\"async\" width=\"96\" height=\"96\" src=\"https:\/\/clinicamedicadoporto.pt\/staging\/wp-content\/uploads\/2021\/11\/Foto-Antonia-Jose-1.jpg\" class=\"attachment-thumbnail size-thumbnail wp-post-image\" alt=\"Foto-Testemunho-Antonia-Jose\" \/><\/div> <cite class=\"kwayy-testimonial-title\">Ant\u00f3nia Jos\u00e9<span class=\"kwayy-testimonial-designation\">Paciente da Cl\u00ednica M\u00e9dica do Porto<\/span><\/cite><\/footer><\/blockquote><\/div>\n\t<\/div>\n\t<div class=\"kwayy-testimonial-box \"><div class=\"kwayy-testimonial-data\"><blockquote class=\"kwayy-testimonial-text\">\r\n\t\t\t\t<div class=\"contarea\">\t\t\t\t\t\r\n\t\t\t\t\t<div class=\"kwayy-tst-contarea-text\">Simpatia, \u00e9tica profissional, atendimento e profissionalismo de excel\u00eancia. \r\nRecomendo!!!<\/div>\r\n\t\t\t\t\t\r\n\t\t\t\t<\/div><footer> <div class=\"kwayy-testimonial-img\"><img loading=\"lazy\" decoding=\"async\" width=\"96\" height=\"96\" src=\"https:\/\/clinicamedicadoporto.pt\/staging\/wp-content\/uploads\/2018\/07\/perfil-clinica-medica-do-porto-150x150.png\" class=\"attachment-thumbnail size-thumbnail wp-post-image\" alt=\"perfil-feminino-clinica-medica-do-porto\" srcset=\"https:\/\/clinicamedicadoporto.pt\/staging\/wp-content\/uploads\/2018\/07\/perfil-clinica-medica-do-porto-150x150.png 150w, https:\/\/clinicamedicadoporto.pt\/staging\/wp-content\/uploads\/2018\/07\/perfil-clinica-medica-do-porto-300x300.png 300w, https:\/\/clinicamedicadoporto.pt\/staging\/wp-content\/uploads\/2018\/07\/perfil-clinica-medica-do-porto-e1604515282169.png 60w\" sizes=\"auto, (max-width: 96px) 100vw, 96px\" \/><\/div> <cite class=\"kwayy-testimonial-title\">M Ferreira<span class=\"kwayy-testimonial-designation\">Paciente da Cl\u00ednica M\u00e9dica do Porto<\/span><\/cite><\/footer><\/blockquote><\/div>\n\t<\/div>\n\t<div class=\"kwayy-testimonial-box \"><div class=\"kwayy-testimonial-data\"><blockquote class=\"kwayy-testimonial-text\">\r\n\t\t\t\t<div class=\"contarea\">\t\t\t\t\t\r\n\t\t\t\t\t<div class=\"kwayy-tst-contarea-text\">Gostei do atendimento e do servi\u00e7o!<\/div>\r\n\t\t\t\t\t\r\n\t\t\t\t<\/div><footer> <div class=\"kwayy-testimonial-img\"><img loading=\"lazy\" decoding=\"async\" width=\"60\" height=\"60\" src=\"https:\/\/clinicamedicadoporto.pt\/staging\/wp-content\/uploads\/2021\/11\/Foto-Ca\u0302ndida-Paiva.png\" class=\"attachment-thumbnail size-thumbnail wp-post-image\" alt=\"Foto- Ca\u0302ndida-Paiva\" \/><\/div> <cite class=\"kwayy-testimonial-title\">C\u00e2ndida Paiva<span class=\"kwayy-testimonial-designation\">Paciente da Cl\u00ednica M\u00e9dica do Porto<\/span><\/cite><\/footer><\/blockquote><\/div>\n\t<\/div>\n\t<div class=\"kwayy-testimonial-box \"><div class=\"kwayy-testimonial-data\"><blockquote class=\"kwayy-testimonial-text\">\r\n\t\t\t\t<div class=\"contarea\">\t\t\t\t\t\r\n\t\t\t\t\t<div class=\"kwayy-tst-contarea-text\">Fiz harmoniza\u00e7\u00e3o facial completa com \u00e1cido hialur\u00f3nico e Radiesse, uma amiga recomendou-me o Dr Rodrigues Sousa e estou super satisfeita. Resultado natural, sem exageros e sinto-me muito mais feliz comigo mesma. Obrigado pela sua incr\u00edvel simpatia, disponibilidade (\u2026).\r\nRecomendo! J\u00e1 tinha experimentado outro s\u00edtios mas sem compara\u00e7\u00e3o. (\u2026) Obrigado a Cl\u00ednica M\u00e9dica do Porto<\/div>\r\n\t\t\t\t\t\r\n\t\t\t\t<\/div><footer> <div class=\"kwayy-testimonial-img\"><img loading=\"lazy\" decoding=\"async\" width=\"60\" height=\"60\" src=\"https:\/\/clinicamedicadoporto.pt\/staging\/wp-content\/uploads\/2019\/08\/perfil-clinica-medica-do-porto-1-e1604515187835.png\" class=\"attachment-thumbnail size-thumbnail wp-post-image\" alt=\"Imagem-generica-clinica-medica-do-porto\" \/><\/div> <cite class=\"kwayy-testimonial-title\">Beatriz Sousa<span class=\"kwayy-testimonial-designation\">Paciente da Cl\u00ednica M\u00e9dica do Porto<\/span><\/cite><\/footer><\/blockquote><\/div>\n\t<\/div>\n\t<div class=\"kwayy-testimonial-box \"><div class=\"kwayy-testimonial-data\"><blockquote class=\"kwayy-testimonial-text\">\r\n\t\t\t\t<div class=\"contarea\">\t\t\t\t\t\r\n\t\t\t\t\t<div class=\"kwayy-tst-contarea-text\">Atendimento pontual, gentil e personalizado. O Dr. Manuel Rodrigues de Sousa foi muito profissional, atencioso e claro quanto aos procedimentos a efetuar.Total transpar\u00eancia da cl\u00ednica na publicita\u00e7\u00e3o dos pre\u00e7os. Parab\u00e9ns!<\/div>\r\n\t\t\t\t\t\r\n\t\t\t\t<\/div><footer> <div class=\"kwayy-testimonial-img\"><img loading=\"lazy\" decoding=\"async\" width=\"60\" height=\"60\" src=\"https:\/\/clinicamedicadoporto.pt\/staging\/wp-content\/uploads\/2019\/08\/perfil-clinica-medica-do-porto-1-e1604515187835.png\" class=\"attachment-thumbnail size-thumbnail wp-post-image\" alt=\"Imagem-generica-clinica-medica-do-porto\" \/><\/div> <cite class=\"kwayy-testimonial-title\">Joana Ribeiro<span class=\"kwayy-testimonial-designation\">Paciente da Cl\u00ednica M\u00e9dica do Porto<\/span><\/cite><\/footer><\/blockquote><\/div>\n\t<\/div>\n\t<div class=\"kwayy-testimonial-box \"><div class=\"kwayy-testimonial-data\"><blockquote class=\"kwayy-testimonial-text\">\r\n\t\t\t\t<div class=\"contarea\">\t\t\t\t\t\r\n\t\t\t\t\t<div class=\"kwayy-tst-contarea-text\">A visita \u00e0 Cl\u00ednica M\u00e9dica do Porto revelou-se uma experi\u00eancia Fant\u00e1stica!!! \r\nPelo profissionalismo, compet\u00eancia, confian\u00e7a, carisma e delicadeza do m\u00e9dico de medicina est\u00e9tica Dr. Manuel Rodrigues de Sousa. \r\nO resultado da interven\u00e7\u00e3o foi bel\u00edssimo, senti-me rejuvenescida, mantendo todas as minhas express\u00f5es e aspeto natural. \r\nExperi\u00eancia a repetir!!! \r\nRecomento a Tod@s. Muito obrigada.<\/div>\r\n\t\t\t\t\t\r\n\t\t\t\t<\/div><footer> <div class=\"kwayy-testimonial-img\"><img loading=\"lazy\" decoding=\"async\" width=\"96\" height=\"96\" src=\"https:\/\/clinicamedicadoporto.pt\/staging\/wp-content\/uploads\/2021\/08\/maria-caldeira.jpg\" class=\"attachment-thumbnail size-thumbnail wp-post-image\" alt=\"Foto-Maria-Caldeira-Paciente-Clinica-Porto\" \/><\/div> <cite class=\"kwayy-testimonial-title\">Maria Caldeira<span class=\"kwayy-testimonial-designation\">Paciente da Cl\u00ednica M\u00e9dica do Porto<\/span><\/cite><\/footer><\/blockquote><\/div>\n\t<\/div>\n\t<div class=\"kwayy-testimonial-box \"><div class=\"kwayy-testimonial-data\"><blockquote class=\"kwayy-testimonial-text\">\r\n\t\t\t\t<div class=\"contarea\">\t\t\t\t\t\r\n\t\t\t\t\t<div class=\"kwayy-tst-contarea-text\">Primeira consulta. \r\nTrabalho excelente dos profissionais que me atenderam. \r\nRecomendo.<\/div>\r\n\t\t\t\t\t\r\n\t\t\t\t<\/div><footer> <div class=\"kwayy-testimonial-img\"><img loading=\"lazy\" decoding=\"async\" width=\"1\" height=\"1\" src=\"https:\/\/clinicamedicadoporto.pt\/staging\/wp-content\/uploads\/2021\/06\/perfil-masculino-clinica-medica-do-porto-webhp.png\" class=\"attachment-thumbnail size-thumbnail wp-post-image\" alt=\"imagem-perfil-masculino-clinica-medica-do-porto\" \/><\/div> <cite class=\"kwayy-testimonial-title\">Manuel Pereira<span class=\"kwayy-testimonial-designation\">Paciente da Cl\u00ednica M\u00e9dica do Porto<\/span><\/cite><\/footer><\/blockquote><\/div>\n\t<\/div>\n\t<div class=\"kwayy-testimonial-box \"><div class=\"kwayy-testimonial-data\"><blockquote class=\"kwayy-testimonial-text\">\r\n\t\t\t\t<div class=\"contarea\">\t\t\t\t\t\r\n\t\t\t\t\t<div class=\"kwayy-tst-contarea-text\">Atendimento bom, e boa localiza\u00e7\u00e3o, fui, voltarei e recomendo!<\/div>\r\n\t\t\t\t\t\r\n\t\t\t\t<\/div><footer> <div class=\"kwayy-testimonial-img\"><img loading=\"lazy\" decoding=\"async\" width=\"1\" height=\"1\" src=\"https:\/\/clinicamedicadoporto.pt\/staging\/wp-content\/uploads\/2021\/06\/perfil-clinica-medica-do-porto-webhp.png\" class=\"attachment-thumbnail size-thumbnail wp-post-image\" alt=\"imagem-perfil-feminio-clinica-medica-do-porto\" \/><\/div> <cite class=\"kwayy-testimonial-title\">Shirley Takemura<span class=\"kwayy-testimonial-designation\">Paciente da Cl\u00ednica M\u00e9dica do Porto<\/span><\/cite><\/footer><\/blockquote><\/div>\n\t<\/div>\n\t<div class=\"kwayy-testimonial-box \"><div class=\"kwayy-testimonial-data\"><blockquote class=\"kwayy-testimonial-text\">\r\n\t\t\t\t<div class=\"contarea\">\t\t\t\t\t\r\n\t\t\t\t\t<div class=\"kwayy-tst-contarea-text\">J'ai consult\u00e9 Dr Manuel , un professionnel des plus sympathiques, un r\u00e9sultat bluffant!! Merci a vous et \u00e0 tr\u00e8s bient\u00f4t.<\/div>\r\n\t\t\t\t\t\r\n\t\t\t\t<\/div><footer> <div class=\"kwayy-testimonial-img\"><img loading=\"lazy\" decoding=\"async\" width=\"60\" height=\"60\" src=\"https:\/\/clinicamedicadoporto.pt\/staging\/wp-content\/uploads\/2021\/08\/Foto-Celia-Fortin.png\" class=\"attachment-thumbnail size-thumbnail wp-post-image\" alt=\"Foto-Celia-Fortin\" \/><\/div> <cite class=\"kwayy-testimonial-title\">Celia Fortin<span class=\"kwayy-testimonial-designation\">Paciente da Cl\u00ednica M\u00e9dica do Porto<\/span><\/cite><\/footer><\/blockquote><\/div>\n\t<\/div>\n\t<div class=\"kwayy-testimonial-box \"><div class=\"kwayy-testimonial-data\"><blockquote class=\"kwayy-testimonial-text\">\r\n\t\t\t\t<div class=\"contarea\">\t\t\t\t\t\r\n\t\t\t\t\t<div class=\"kwayy-tst-contarea-text\">Fui pela primeira vez a esta cl\u00ednica e o que posso dizer no momento, adorei o atendimento. Pontual no hor\u00e1rio, rece\u00e7\u00e3o muito atenciosa e a Dra Maria Jos\u00e9 foi maravilhosa (...) Foi sem d\u00favida, a minha melhor consulta m\u00e9dica aqui em Portugal. (...)<\/div>\r\n\t\t\t\t\t\r\n\t\t\t\t<\/div><footer> <div class=\"kwayy-testimonial-img\"><img loading=\"lazy\" decoding=\"async\" width=\"60\" height=\"60\" src=\"https:\/\/clinicamedicadoporto.pt\/staging\/wp-content\/uploads\/2021\/07\/Foto-Maria-Aparecida-Souza-dos-Santos.png\" class=\"attachment-thumbnail size-thumbnail wp-post-image\" alt=\"Foto-Maria-Aparecida-Souza dos Santos\" \/><\/div> <cite class=\"kwayy-testimonial-title\">Maria Aparecida Souza dos Santos<span class=\"kwayy-testimonial-designation\">Paciente da Cl\u00ednica M\u00e9dica do Porto<\/span><\/cite><\/footer><\/blockquote><\/div>\n\t<\/div>\n\t<div class=\"kwayy-testimonial-box \"><div class=\"kwayy-testimonial-data\"><blockquote class=\"kwayy-testimonial-text\">\r\n\t\t\t\t<div class=\"contarea\">\t\t\t\t\t\r\n\t\t\t\t\t<div class=\"kwayy-tst-contarea-text\">Fiz aplica\u00e7\u00e3o de botox com o Dr. Manuel Rodrigues e foi perfeito!\r\nSuperou minhas expectativas. \r\nRecomendo<\/div>\r\n\t\t\t\t\t\r\n\t\t\t\t<\/div><footer> <div class=\"kwayy-testimonial-img\"><img loading=\"lazy\" decoding=\"async\" width=\"1\" height=\"1\" src=\"https:\/\/clinicamedicadoporto.pt\/staging\/wp-content\/uploads\/2021\/06\/perfil-clinica-medica-do-porto-webhp.png\" class=\"attachment-thumbnail size-thumbnail wp-post-image\" alt=\"imagem-perfil-feminio-clinica-medica-do-porto\" \/><\/div> <cite class=\"kwayy-testimonial-title\">Juliana Athayde<span class=\"kwayy-testimonial-designation\">Paciente da Cl\u00ednica M\u00e9dica do Porto<\/span><\/cite><\/footer><\/blockquote><\/div>\n\t<\/div>\n\t<div class=\"kwayy-testimonial-box \"><div class=\"kwayy-testimonial-data\"><blockquote class=\"kwayy-testimonial-text\">\r\n\t\t\t\t<div class=\"contarea\">\t\t\t\t\t\r\n\t\t\t\t\t<div class=\"kwayy-tst-contarea-text\">Recomendo! (\u2026) fui aconselhada por uma amiga que tinha feito harmoniza\u00e7\u00e3o facial com resultados muito bons. O Dr. Manuel Rodrigues Sousa \u00e9 um verdadeiro profissional, dedicado e super simp\u00e1tico. Tratamento personalizado, com resposta a todas as d\u00favidas por telefone durante o tratamento o que me deu muita tranquilidade, (\u2026) Cl\u00ednica super acolhedora e atendimento top.<\/div>\r\n\t\t\t\t\t\r\n\t\t\t\t<\/div><footer> <div class=\"kwayy-testimonial-img\"><img loading=\"lazy\" decoding=\"async\" width=\"60\" height=\"60\" src=\"https:\/\/clinicamedicadoporto.pt\/staging\/wp-content\/uploads\/2021\/03\/Cristina-Gonc\u0327alves.png\" class=\"attachment-thumbnail size-thumbnail wp-post-image\" alt=\"Cristina Gonc\u0327alves - Testemunho Medicina Estetica Clinica Porto\" \/><\/div> <cite class=\"kwayy-testimonial-title\">Cristina Gon\u00e7alves<span class=\"kwayy-testimonial-designation\">Paciente da Cl\u00ednica M\u00e9dica do Porto<\/span><\/cite><\/footer><\/blockquote><\/div>\n\t<\/div>\n\t<div class=\"kwayy-testimonial-box \"><div class=\"kwayy-testimonial-data\"><blockquote class=\"kwayy-testimonial-text\">\r\n\t\t\t\t<div class=\"contarea\">\t\t\t\t\t\r\n\t\t\t\t\t<div class=\"kwayy-tst-contarea-text\">Recomendo a consulta de Anti Aging com benef\u00edcios comprovados e que se traduzem num bem estar geral. Uma abordagem hol\u00edstica do nosso corpo, que visam reequilibrar o mesmo, com conselhos que visam melhorar significativamente o nosso dia-a-dia.<\/div>\r\n\t\t\t\t\t\r\n\t\t\t\t<\/div><footer> <div class=\"kwayy-testimonial-img\"><img loading=\"lazy\" decoding=\"async\" width=\"60\" height=\"60\" src=\"https:\/\/clinicamedicadoporto.pt\/staging\/wp-content\/uploads\/2019\/08\/perfil-clinica-medica-do-porto-1-e1604515187835.png\" class=\"attachment-thumbnail size-thumbnail wp-post-image\" alt=\"Imagem-generica-clinica-medica-do-porto\" \/><\/div> <cite class=\"kwayy-testimonial-title\">Ana Castro<span class=\"kwayy-testimonial-designation\">Paciente da Cl\u00ednica M\u00e9dica do Porto<\/span><\/cite><\/footer><\/blockquote><\/div>\n\t<\/div>\n\t<div class=\"kwayy-testimonial-box \"><div class=\"kwayy-testimonial-data\"><blockquote class=\"kwayy-testimonial-text\">\r\n\t\t\t\t<div class=\"contarea\">\t\t\t\t\t\r\n\t\t\t\t\t<div class=\"kwayy-tst-contarea-text\">Excelente atendimento, muito atenciosos, bem humorados e n\u00e3o medem esfor\u00e7os para que tenhamos sempre uma \u00f3tima experi\u00eancia (...) Vamos \u00e0 especialidade de medicina anti aging e estamos muito satisfeitos com os resultados e de como a nossa qualidade de vida melhorou. Recomendo vivamente! \r\n\r\nErica B.<\/div>\r\n\t\t\t\t\t\r\n\t\t\t\t<\/div><footer> <div class=\"kwayy-testimonial-img\"><img loading=\"lazy\" decoding=\"async\" width=\"60\" height=\"60\" src=\"https:\/\/clinicamedicadoporto.pt\/staging\/wp-content\/uploads\/2020\/11\/Erica-Bread-Testemunho-Cli\u0301nica-Medica-do-Porto.png\" class=\"attachment-thumbnail size-thumbnail wp-post-image\" alt=\"Erica-Bread-Testemunho-Cli\u0301nica-Medica-do-Porto\" \/><\/div> <cite class=\"kwayy-testimonial-title\">Erica B.<span class=\"kwayy-testimonial-designation\">Utente da Cl\u00ednica M\u00e9dica do Porto<\/span><\/cite><\/footer><\/blockquote><\/div>\n\t<\/div>\n\t<div class=\"kwayy-testimonial-box \"><div class=\"kwayy-testimonial-data\"><blockquote class=\"kwayy-testimonial-text\">\r\n\t\t\t\t<div class=\"contarea\">\t\t\t\t\t\r\n\t\t\t\t\t<div class=\"kwayy-tst-contarea-text\">Muitos parab\u00e9ns \u00e0 clinica e em especial ao Dr. Rodrigues de Sousa, que \u00e9 sem d\u00favida um excelente profissional e super atencioso!<\/div>\r\n\t\t\t\t\t\r\n\t\t\t\t<\/div><footer> <div class=\"kwayy-testimonial-img\"><img loading=\"lazy\" decoding=\"async\" width=\"60\" height=\"60\" src=\"https:\/\/clinicamedicadoporto.pt\/staging\/wp-content\/uploads\/2020\/09\/Pilar-Sousa-Guedes-e1604517882828.jpg\" class=\"attachment-thumbnail size-thumbnail wp-post-image\" alt=\"Testemunho Pilar\" \/><\/div> <cite class=\"kwayy-testimonial-title\">Pilar Sousa Guedes<span class=\"kwayy-testimonial-designation\">Utente da Cl\u00ednica M\u00e9dica do Porto<\/span><\/cite><\/footer><\/blockquote><\/div>\n\t<\/div>\n\t<div class=\"kwayy-testimonial-box \"><div class=\"kwayy-testimonial-data\"><blockquote class=\"kwayy-testimonial-text\">\r\n\t\t\t\t<div class=\"contarea\">\t\t\t\t\t\r\n\t\t\t\t\t<div class=\"kwayy-tst-contarea-text\">Saliento o trabalho do dr. Manuel Rodrigues de Sousa, em medicina est\u00e9tica de quem sou paciente e que considero o melhor m\u00e9dico em procedimentos est\u00e9ticos que conhe\u00e7o. Os resultados s\u00e3o incr\u00edveis, tudo \u00e9 feito no melhor interesse do paciente e com extremo profissionalismo. \u00c9 uma cl\u00ednica de excel\u00eancia onde somos tratados com imenso carinho. N\u00e3o podia estar mais satisfeita.<\/div>\r\n\t\t\t\t\t\r\n\t\t\t\t<\/div><footer> <div class=\"kwayy-testimonial-img\"><img loading=\"lazy\" decoding=\"async\" width=\"60\" height=\"60\" src=\"https:\/\/clinicamedicadoporto.pt\/staging\/wp-content\/uploads\/2020\/08\/claudia-Pinto-testemunho-clinica-medica-do-porto-e1604517949605.jpg\" class=\"attachment-thumbnail size-thumbnail wp-post-image\" alt=\"claudia-Pinto-testemunho-clinica-medica-do-porto\" \/><\/div> <cite class=\"kwayy-testimonial-title\">Cl\u00e1udia Pinto<span class=\"kwayy-testimonial-designation\">Utente da Cl\u00ednica M\u00e9dica do Porto<\/span><\/cite><\/footer><\/blockquote><\/div>\n\t<\/div>\n\t<div class=\"kwayy-testimonial-box \"><div class=\"kwayy-testimonial-data\"><blockquote class=\"kwayy-testimonial-text\">\r\n\t\t\t\t<div class=\"contarea\">\t\t\t\t\t\r\n\t\t\t\t\t<div class=\"kwayy-tst-contarea-text\">\u00d3tima experi\u00eancia, fui h\u00e1 uns meses fazer botox com o Dr. Rodrigues Sousa, super simp\u00e1tico e atencioso. Os efeitos do tratamento duraram imenso tempo e foram super naturais. <\/div>\r\n\t\t\t\t\t\r\n\t\t\t\t<\/div><footer> <div class=\"kwayy-testimonial-img\"><img loading=\"lazy\" decoding=\"async\" width=\"96\" height=\"96\" src=\"https:\/\/clinicamedicadoporto.pt\/staging\/wp-content\/uploads\/2018\/07\/perfil-clinica-medica-do-porto-150x150.png\" class=\"attachment-thumbnail size-thumbnail wp-post-image\" alt=\"perfil-feminino-clinica-medica-do-porto\" srcset=\"https:\/\/clinicamedicadoporto.pt\/staging\/wp-content\/uploads\/2018\/07\/perfil-clinica-medica-do-porto-150x150.png 150w, https:\/\/clinicamedicadoporto.pt\/staging\/wp-content\/uploads\/2018\/07\/perfil-clinica-medica-do-porto-300x300.png 300w, https:\/\/clinicamedicadoporto.pt\/staging\/wp-content\/uploads\/2018\/07\/perfil-clinica-medica-do-porto-e1604515282169.png 60w\" sizes=\"auto, (max-width: 96px) 100vw, 96px\" \/><\/div> <cite class=\"kwayy-testimonial-title\">Ana Barbosa<span class=\"kwayy-testimonial-designation\">Utente da Cl\u00ednica M\u00e9dica do Porto<\/span><\/cite><\/footer><\/blockquote><\/div>\n\t<\/div>\n\t<div class=\"kwayy-testimonial-box \"><div class=\"kwayy-testimonial-data\"><blockquote class=\"kwayy-testimonial-text\">\r\n\t\t\t\t<div class=\"contarea\">\t\t\t\t\t\r\n\t\t\t\t\t<div class=\"kwayy-tst-contarea-text\">Fui sempre recebida com simpatia, \u00e0 hora marcada e por um m\u00e9dico excelente<\/div>\r\n\t\t\t\t\t\r\n\t\t\t\t<\/div><footer> <div class=\"kwayy-testimonial-img\"><img loading=\"lazy\" decoding=\"async\" width=\"60\" height=\"60\" src=\"https:\/\/clinicamedicadoporto.pt\/staging\/wp-content\/uploads\/2020\/03\/leonor-Bastos-clinica-medica-do-porto-e1604518035515.jpg\" class=\"attachment-thumbnail size-thumbnail wp-post-image\" alt=\"leonor-Bastos-clinica-medica-do-porto\" \/><\/div> <cite class=\"kwayy-testimonial-title\">Leonor de Sousa Bastos<span class=\"kwayy-testimonial-designation\">Utente da Cl\u00ednica M\u00e9dica do Porto<\/span><\/cite><\/footer><\/blockquote><\/div>\n\t<\/div>\n\t<div class=\"kwayy-testimonial-box \"><div class=\"kwayy-testimonial-data\"><blockquote class=\"kwayy-testimonial-text\">\r\n\t\t\t\t<div class=\"contarea\">\t\t\t\t\t\r\n\t\t\t\t\t<div class=\"kwayy-tst-contarea-text\">Thank you Dr. Rodrigues, amazing results of my aesthetic treatment. LOVE IT!!!!!!! My skin is so perfect and natural right now. I tried other clinics abroad with bad results but know I'm happy. I'm away from Portugal but when I come back I want to put filler in my lips with you.<\/div>\r\n\t\t\t\t\t\r\n\t\t\t\t<\/div><footer> <div class=\"kwayy-testimonial-img\"><img loading=\"lazy\" decoding=\"async\" width=\"60\" height=\"60\" src=\"https:\/\/clinicamedicadoporto.pt\/staging\/wp-content\/uploads\/2019\/08\/perfil-clinica-medica-do-porto-e1604516538844.png\" class=\"attachment-thumbnail size-thumbnail wp-post-image\" alt=\"Testemunho-clinica-medica-do-porto\" \/><\/div> <cite class=\"kwayy-testimonial-title\">Giana Kors<span class=\"kwayy-testimonial-designation\">Paciente da Cl\u00ednica M\u00e9dica do Porto<\/span><\/cite><\/footer><\/blockquote><\/div>\n\t<\/div>\n\t<div class=\"kwayy-testimonial-box \"><div class=\"kwayy-testimonial-data\"><blockquote class=\"kwayy-testimonial-text\">\r\n\t\t\t\t<div class=\"contarea\">\t\t\t\t\t\r\n\t\t\t\t\t<div class=\"kwayy-tst-contarea-text\">Espa\u00e7o excelente, profissionalismo e simpatia da secretaria ao gabinete m\u00e9dico.<\/div>\r\n\t\t\t\t\t\r\n\t\t\t\t<\/div><footer> <div class=\"kwayy-testimonial-img\"><img loading=\"lazy\" decoding=\"async\" width=\"60\" height=\"60\" src=\"https:\/\/clinicamedicadoporto.pt\/staging\/wp-content\/uploads\/2019\/08\/perfil-clinica-medica-do-porto-1-e1604515187835.png\" class=\"attachment-thumbnail size-thumbnail wp-post-image\" alt=\"Imagem-generica-clinica-medica-do-porto\" \/><\/div> <cite class=\"kwayy-testimonial-title\">Teresa Pinto<span class=\"kwayy-testimonial-designation\">Utente da Cl\u00ednica M\u00e9dica do Porto<\/span><\/cite><\/footer><\/blockquote><\/div>\n\t<\/div>\n\t<div class=\"kwayy-testimonial-box \"><div class=\"kwayy-testimonial-data\"><blockquote class=\"kwayy-testimonial-text\">\r\n\t\t\t\t<div class=\"contarea\">\t\t\t\t\t\r\n\t\t\t\t\t<div class=\"kwayy-tst-contarea-text\">Harmozina\u00e7\u00e3o facial TOP!!! H\u00e1 mais de 10 anos que fa\u00e7o tratamentos de est\u00e9tica.. Fui cliente de varias cl\u00ednicas bem conhecidas, mas nunca estive t\u00e3o satisfeita como com a harmoniza\u00e7\u00e3o facial que o dr Rodrigues me fez m\u00eas. Obrigado dr e obrigado a cl\u00ednica (...)<\/div>\r\n\t\t\t\t\t\r\n\t\t\t\t<\/div><footer> <div class=\"kwayy-testimonial-img\"><img loading=\"lazy\" decoding=\"async\" width=\"60\" height=\"60\" src=\"https:\/\/clinicamedicadoporto.pt\/staging\/wp-content\/uploads\/2019\/08\/perfil-clinica-medica-do-porto-1-e1604515187835.png\" class=\"attachment-thumbnail size-thumbnail wp-post-image\" alt=\"Imagem-generica-clinica-medica-do-porto\" \/><\/div> <cite class=\"kwayy-testimonial-title\">Maria Ribeiro<span class=\"kwayy-testimonial-designation\">Paciente da Cl\u00ednica M\u00e9dica do Porto<\/span><\/cite><\/footer><\/blockquote><\/div>\n\t<\/div>\n\t<div class=\"kwayy-testimonial-box \"><div class=\"kwayy-testimonial-data\"><blockquote class=\"kwayy-testimonial-text\">\r\n\t\t\t\t<div class=\"contarea\">\t\t\t\t\t\r\n\t\t\t\t\t<div class=\"kwayy-tst-contarea-text\">Aconselhou me uma amiga e fui a consulta de est\u00e9tica.. amei! Preenchimento labial e sulcos fant\u00e1sticos, resultado perfeito. M\u00e3os delicadas de cirurgi\u00e3o, obrigado por tudo Dr Rodrigues!<\/div>\r\n\t\t\t\t\t\r\n\t\t\t\t<\/div><footer> <div class=\"kwayy-testimonial-img\"><img loading=\"lazy\" decoding=\"async\" width=\"60\" height=\"60\" src=\"https:\/\/clinicamedicadoporto.pt\/staging\/wp-content\/uploads\/2019\/08\/perfil-clinica-medica-do-porto-1-e1604515187835.png\" class=\"attachment-thumbnail size-thumbnail wp-post-image\" alt=\"Imagem-generica-clinica-medica-do-porto\" \/><\/div> <cite class=\"kwayy-testimonial-title\">Sara Lopes<span class=\"kwayy-testimonial-designation\">Paciente da Cl\u00ednica M\u00e9dica do Porto<\/span><\/cite><\/footer><\/blockquote><\/div>\n\t<\/div>\n\t<div class=\"kwayy-testimonial-box \"><div class=\"kwayy-testimonial-data\"><blockquote class=\"kwayy-testimonial-text\">\r\n\t\t\t\t<div class=\"contarea\">\t\t\t\t\t\r\n\t\t\t\t\t<div class=\"kwayy-tst-contarea-text\">Muito satisfeita com o servi\u00e7o da Cl\u00ednica M\u00e9dica do Porto. Resultado fant\u00e1stico de botox\u00ae, j\u00e1 tinha feito v\u00e1rios tratamentos antes noutros s\u00edtios mas nenhum com resultados t\u00e3o bons como o que o doutor Manuel me fez. Obrigado. <\/div>\r\n\t\t\t\t\t\r\n\t\t\t\t<\/div><footer> <div class=\"kwayy-testimonial-img\"><img loading=\"lazy\" decoding=\"async\" width=\"60\" height=\"60\" src=\"https:\/\/clinicamedicadoporto.pt\/staging\/wp-content\/uploads\/2019\/08\/perfil-clinica-medica-do-porto-1-e1604515187835.png\" class=\"attachment-thumbnail size-thumbnail wp-post-image\" alt=\"Imagem-generica-clinica-medica-do-porto\" \/><\/div> <cite class=\"kwayy-testimonial-title\">Adriana Madureira<span class=\"kwayy-testimonial-designation\">Paciente da Cl\u00ednica M\u00e9dica do Porto<\/span><\/cite><\/footer><\/blockquote><\/div>\n\t<\/div>\n\t<div class=\"kwayy-testimonial-box \"><div class=\"kwayy-testimonial-data\"><blockquote class=\"kwayy-testimonial-text\">\r\n\t\t\t\t<div class=\"contarea\">\t\t\t\t\t\r\n\t\t\t\t\t<div class=\"kwayy-tst-contarea-text\">Uma \u00f3ptima recep\u00e7\u00e3o , pessoas muito simp\u00e1ticas e profissionais. S\u00f3 tenho a agradecer \ud83d\ude42<\/div>\r\n\t\t\t\t\t\r\n\t\t\t\t<\/div><footer> <div class=\"kwayy-testimonial-img\"><img loading=\"lazy\" decoding=\"async\" width=\"60\" height=\"60\" src=\"https:\/\/clinicamedicadoporto.pt\/staging\/wp-content\/uploads\/2019\/08\/Karine-Clarion-testemunho-clinica-medica-do-porto-e1604518371147.jpg\" class=\"attachment-thumbnail size-thumbnail wp-post-image\" alt=\"Karine-Clarion-testemunho-clinica-medica-do-porto\" \/><\/div> <cite class=\"kwayy-testimonial-title\">Karine M. Clarion<span class=\"kwayy-testimonial-designation\">Paciente da Cl\u00ednica M\u00e9dica do Porto<\/span><\/cite><\/footer><\/blockquote><\/div>\n\t<\/div>\n\t<div class=\"kwayy-testimonial-box \"><div class=\"kwayy-testimonial-data\"><blockquote class=\"kwayy-testimonial-text\">\r\n\t\t\t\t<div class=\"contarea\">\t\t\t\t\t\r\n\t\t\t\t\t<div class=\"kwayy-tst-contarea-text\">Aconselho a cl\u00ednica!\r\nA minha irm\u00e3 fez tratamento de medicina est\u00e9tica com o Dr. Rodrigues Sousa e est\u00e1 linda e super feliz. Obrigado Dr. 5 estrelas.<\/div>\r\n\t\t\t\t\t\r\n\t\t\t\t<\/div><footer> <div class=\"kwayy-testimonial-img\"><img loading=\"lazy\" decoding=\"async\" width=\"96\" height=\"96\" src=\"https:\/\/clinicamedicadoporto.pt\/staging\/wp-content\/uploads\/2018\/07\/perfil-clinica-medica-do-porto-150x150.png\" class=\"attachment-thumbnail size-thumbnail wp-post-image\" alt=\"perfil-feminino-clinica-medica-do-porto\" srcset=\"https:\/\/clinicamedicadoporto.pt\/staging\/wp-content\/uploads\/2018\/07\/perfil-clinica-medica-do-porto-150x150.png 150w, https:\/\/clinicamedicadoporto.pt\/staging\/wp-content\/uploads\/2018\/07\/perfil-clinica-medica-do-porto-300x300.png 300w, https:\/\/clinicamedicadoporto.pt\/staging\/wp-content\/uploads\/2018\/07\/perfil-clinica-medica-do-porto-e1604515282169.png 60w\" sizes=\"auto, (max-width: 96px) 100vw, 96px\" \/><\/div> <cite class=\"kwayy-testimonial-title\">Sara Silva<span class=\"kwayy-testimonial-designation\">Irm\u00e3 de paciente da Cl\u00ednica M\u00e9dica do Porto<\/span><\/cite><\/footer><\/blockquote><\/div>\n\t<\/div>\n\t<div class=\"kwayy-testimonial-box \"><div class=\"kwayy-testimonial-data\"><blockquote class=\"kwayy-testimonial-text\">\r\n\t\t\t\t<div class=\"contarea\">\t\t\t\t\t\r\n\t\t\t\t\t<div class=\"kwayy-tst-contarea-text\">Todas as val\u00eancias da cl\u00ednica, que s\u00e3o muitas, se juntam para nos verem como um ser humano, onde tudo depende de tudo. <\/div>\r\n\t\t\t\t\t\r\n\t\t\t\t<\/div><footer> <div class=\"kwayy-testimonial-img\"><img loading=\"lazy\" decoding=\"async\" width=\"60\" height=\"60\" src=\"https:\/\/clinicamedicadoporto.pt\/staging\/wp-content\/uploads\/2014\/07\/margarida-paco-testemunho-clinica-medica-do-porto.jpg\" class=\"attachment-thumbnail size-thumbnail wp-post-image\" alt=\"\" \/><\/div> <cite class=\"kwayy-testimonial-title\">Margarida Pa\u00e7\u00f3<span class=\"kwayy-testimonial-designation\">Paciente da Cl\u00ednica M\u00e9dica do Porto<\/span><\/cite><\/footer><\/blockquote><\/div>\n\t<\/div>\n\t<\/div><\/div>[\/vc_column][\/vc_row][vc_section content_placement=&#8221;middle&#8221; css=&#8221;.vc_custom_1653047140547{padding-top: 150px !important;padding-bottom: 150px !important;background-color: rgba(112,194,180,0.18) !important;*background-color: rgb(112,194,180) !important;}&#8221;][vc_row][vc_column][vc_row_inner][vc_column_inner][vc_column_text]<\/p>\n<h2 class=\"equal-h1\" style=\"text-align: center\"><span style=\"background-color: #70c2b4bf;color: white\">Conhe\u00e7a + servi\u00e7os cl\u00ednicos da Cl\u00ednica M\u00e9dica do Porto<\/span><\/h2>\n<p>[\/vc_column_text][\/vc_column_inner][\/vc_row_inner][vc_row_inner equal_height=&#8221;yes&#8221; content_placement=&#8221;middle&#8221; gap=&#8221;15&#8243;][vc_column_inner width=&#8221;1\/3&#8243; css=&#8221;.vc_custom_1653046798110{border-top-width: 8px !important;border-right-width: 8px !important;border-bottom-width: 8px !important;border-left-width: 8px !important;border-left-color: #70c2b4 !important;border-left-style: solid !important;border-right-color: #70c2b4 !important;border-right-style: solid !important;border-top-color: #70c2b4 !important;border-top-style: solid !important;border-bottom-color: #70c2b4 !important;border-bottom-style: solid !important;}&#8221; offset=&#8221;vc_col-lg-4 vc_col-md-6 vc_col-xs-12&#8243;][vc_column_text]<\/p>\n<h2 class=\"equal-h1\" style=\"text-transform: uppercase;color: #70c2b4!important;text-align: center\"><a title=\"Ir para a P\u00e1gina da Cl\u00ednica M\u00e9dica do Porto de Servi\u00e7os de Est\u00e9tica M\u00e9dica\" href=\"https:\/\/clinicamedicadoporto.pt\/staging\/estetica-clinica-medica\/\">MEDICINA EST\u00c9TICA<\/a><\/h2>\n<p>[\/vc_column_text][\/vc_column_inner][vc_column_inner width=&#8221;1\/3&#8243; css=&#8221;.vc_custom_1653046805010{border-top-width: 8px !important;border-right-width: 8px !important;border-bottom-width: 8px !important;border-left-width: 8px !important;border-left-color: #70c2b4 !important;border-left-style: solid !important;border-right-color: #70c2b4 !important;border-right-style: solid !important;border-top-color: #70c2b4 !important;border-top-style: solid !important;border-bottom-color: #70c2b4 !important;border-bottom-style: solid !important;}&#8221; offset=&#8221;vc_col-lg-4 vc_col-md-6 vc_col-xs-12&#8243;][vc_column_text]<\/p>\n<h2 class=\"equal-h1\" style=\"text-transform: uppercase;color: #70c2b4!important;text-align: center\"><a title=\"Ir para a P\u00e1gina da Cl\u00ednica M\u00e9dica do Porto de Consultas M\u00e9dicas\" href=\"https:\/\/clinicamedicadoporto.pt\/staging\/especialidades-medicas\/\">Especialidades M\u00e9dicas<\/a><\/h2>\n<p>[\/vc_column_text][\/vc_column_inner][vc_column_inner width=&#8221;1\/3&#8243; css=&#8221;.vc_custom_1653046809632{border-top-width: 8px !important;border-right-width: 8px !important;border-bottom-width: 8px !important;border-left-width: 8px !important;border-left-color: #70c2b4 !important;border-left-style: solid !important;border-right-color: #70c2b4 !important;border-right-style: solid !important;border-top-color: #70c2b4 !important;border-top-style: solid !important;border-bottom-color: #70c2b4 !important;border-bottom-style: solid !important;}&#8221; offset=&#8221;vc_col-lg-4 vc_col-md-6 vc_col-xs-12&#8243;][vc_column_text]<\/p>\n<h2 class=\"equal-h1\" style=\"text-transform: uppercase;color: #70c2b4!important;text-align: center\"><a title=\"Ir para a P\u00e1gina da Cl\u00ednica M\u00e9dica do Porto de Servi\u00e7os de Medicina Alternativa e Terap\u00eauticas N\u00e3o Convencionais\" href=\"https:\/\/clinicamedicadoporto.pt\/staging\/terapias-nao-convencionais\/\">Medicina Alternativa<\/a><\/h2>\n<p>[\/vc_column_text][\/vc_column_inner][vc_column_inner width=&#8221;1\/3&#8243; css=&#8221;.vc_custom_1653046815742{border-top-width: 8px !important;border-right-width: 8px !important;border-bottom-width: 8px !important;border-left-width: 8px !important;border-left-color: #70c2b4 !important;border-left-style: solid !important;border-right-color: #70c2b4 !important;border-right-style: solid !important;border-top-color: #70c2b4 !important;border-top-style: solid !important;border-bottom-color: #70c2b4 !important;border-bottom-style: solid !important;}&#8221; offset=&#8221;vc_col-lg-4 vc_col-md-6 vc_col-xs-12&#8243;][vc_column_text]<\/p>\n<h2 class=\"equal-h1\" style=\"text-transform: uppercase;color: #70c2b4!important;text-align: center\"><a title=\"Ir para a P\u00e1gina da Cl\u00ednica M\u00e9dica do Porto de Servi\u00e7os Cl\u00ednicos Direccionados\" href=\"https:\/\/clinicamedicadoporto.pt\/staging\/consultas-direccionadas\/\">Consultas Direccionadas<\/a><\/h2>\n<p>[\/vc_column_text][\/vc_column_inner][vc_column_inner width=&#8221;1\/3&#8243; css=&#8221;.vc_custom_1653046822904{border-top-width: 8px !important;border-right-width: 8px !important;border-bottom-width: 8px !important;border-left-width: 8px !important;border-left-color: #70c2b4 !important;border-left-style: solid !important;border-right-color: #70c2b4 !important;border-right-style: solid !important;border-top-color: #70c2b4 !important;border-top-style: solid !important;border-bottom-color: #70c2b4 !important;border-bottom-style: solid !important;}&#8221; offset=&#8221;vc_col-lg-4 vc_col-md-6 vc_col-xs-12&#8243;][vc_column_text]<\/p>\n<h2 class=\"equal-h1\" style=\"text-transform: uppercase;color: #70c2b4!important;text-align: center\"><a title=\"Ir para a P\u00e1gina da Cl\u00ednica M\u00e9dica do Porto Maternidade e Gravidez\" href=\"https:\/\/clinicamedicadoporto.pt\/staging\/gravidez-e-maternidade\/\">MATERNIDADE E GRAVIDEZ<\/a><\/h2>\n<p>[\/vc_column_text][\/vc_column_inner][vc_column_inner width=&#8221;1\/3&#8243; css=&#8221;.vc_custom_1653046829045{border-top-width: 8px !important;border-right-width: 8px !important;border-bottom-width: 8px !important;border-left-width: 8px !important;border-left-color: #70c2b4 !important;border-left-style: solid !important;border-right-color: #70c2b4 !important;border-right-style: solid !important;border-top-color: #70c2b4 !important;border-top-style: solid !important;border-bottom-color: #70c2b4 !important;border-bottom-style: solid !important;}&#8221; offset=&#8221;vc_col-lg-4 vc_col-md-6 vc_col-xs-12&#8243;][vc_column_text]<\/p>\n<h2 class=\"equal-h1\" style=\"text-transform: uppercase;color: #70c2b4!important;text-align: center\"><a title=\"Ir para a P\u00e1gina da Cl\u00ednica M\u00e9dica do Porto de Especialidades T\u00e9cnicas e Param\u00e9dicas\" href=\"https:\/\/clinicamedicadoporto.pt\/staging\/especialidades-tecnicas-convencionais\/\">Especialidades T\u00e9cnicas<\/a><\/h2>\n<p>[\/vc_column_text][\/vc_column_inner][vc_column_inner width=&#8221;1\/3&#8243; css=&#8221;.vc_custom_1653046835137{border-top-width: 8px !important;border-right-width: 8px !important;border-bottom-width: 8px !important;border-left-width: 8px !important;border-left-color: #70c2b4 !important;border-left-style: solid !important;border-right-color: #70c2b4 !important;border-right-style: solid !important;border-top-color: #70c2b4 !important;border-top-style: solid !important;border-bottom-color: #70c2b4 !important;border-bottom-style: solid !important;}&#8221; offset=&#8221;vc_col-lg-4 vc_col-md-6 vc_col-xs-12&#8243;][vc_column_text]<\/p>\n<h2 class=\"equal-h1\" style=\"text-transform: uppercase;color: #70c2b4!important;text-align: center\"><a title=\"Ir para a P\u00e1gina da Cl\u00ednica M\u00e9dica relativa \u00e0s Terap\u00eauticas de Interven\u00e7\u00e3o Manual\" href=\"https:\/\/clinicamedicadoporto.pt\/staging\/terapias-manuais\/\">Terap\u00eauticas Manuais<\/a><\/h2>\n<p>[\/vc_column_text][\/vc_column_inner][vc_column_inner width=&#8221;1\/3&#8243; css=&#8221;.vc_custom_1653046839867{border-top-width: 8px !important;border-right-width: 8px !important;border-bottom-width: 8px !important;border-left-width: 8px !important;border-left-color: #70c2b4 !important;border-left-style: solid !important;border-right-color: #70c2b4 !important;border-right-style: solid !important;border-top-color: #70c2b4 !important;border-top-style: solid !important;border-bottom-color: #70c2b4 !important;border-bottom-style: solid !important;}&#8221; offset=&#8221;vc_col-lg-4 vc_col-md-6 vc_col-xs-12&#8243;][vc_column_text]<\/p>\n<h2 class=\"equal-h1\" style=\"text-transform: uppercase;color: #70c2b4!important;text-align: center\"><a title=\"Ir para a P\u00e1gina da Cl\u00ednica M\u00e9dica do Porto relativa a Outros Servi\u00e7os N\u00e3o Cl\u00ednicos\" href=\"https:\/\/clinicamedicadoporto.pt\/staging\/outros-servicos\/\">Outros Servi\u00e7os<\/a><\/h2>\n<p>[\/vc_column_text][\/vc_column_inner][\/vc_row_inner][\/vc_column][\/vc_row][\/vc_section]<\/p>\n<\/div>","protected":false},"excerpt":{"rendered":"<p>[vc_row textcolor=&#8221;white&#8221; css=&#8221;.vc_custom_1673295141087{margin-top: -60px !important;padding-top: 70px !important;padding-bottom: 15px !important;background-color: #70c2b4 !important;}&#8221;][vc_column][\/vc_column][\/vc_row][vc_row css=&#8221;.vc_custom_1672256166931{padding-bottom: 0px !important;}&#8221;][vc_column][vc_empty_space height=&#8221;60px&#8221;][vc_column_text css=&#8221;.vc_custom_1683187894237{margin-bottom: 25px !important;}&#8221;] Clique no link para ser redireccionado para a P\u00e1gina Pretendida [\/vc_column_text][vc_column_text] Cl\u00ednica M\u00e9dica do Porto | Medicina Sexual e Sexologia | Acupuntura | Medicina Chinesa | Disfun\u00e7\u00f5es P\u00e9lvicas | Fisioterapia Respirat\u00f3ria Pedi\u00e1trica | Modula\u00e7\u00e3o Hormonal | Est\u00e9tica [&hellip;]<\/p>\n","protected":false},"author":1,"featured_media":0,"parent":0,"menu_order":0,"comment_status":"closed","ping_status":"closed","template":"","meta":{"footnotes":""},"folder":[1098],"class_list":["post-14147","page","type-page","status-publish","hentry"],"_links":{"self":[{"href":"https:\/\/clinicamedicadoporto.pt\/staging\/wp-json\/wp\/v2\/pages\/14147","targetHints":{"allow":["GET"]}}],"collection":[{"href":"https:\/\/clinicamedicadoporto.pt\/staging\/wp-json\/wp\/v2\/pages"}],"about":[{"href":"https:\/\/clinicamedicadoporto.pt\/staging\/wp-json\/wp\/v2\/types\/page"}],"author":[{"embeddable":true,"href":"https:\/\/clinicamedicadoporto.pt\/staging\/wp-json\/wp\/v2\/users\/1"}],"replies":[{"embeddable":true,"href":"https:\/\/clinicamedicadoporto.pt\/staging\/wp-json\/wp\/v2\/comments?post=14147"}],"version-history":[{"count":0,"href":"https:\/\/clinicamedicadoporto.pt\/staging\/wp-json\/wp\/v2\/pages\/14147\/revisions"}],"wp:attachment":[{"href":"https:\/\/clinicamedicadoporto.pt\/staging\/wp-json\/wp\/v2\/media?parent=14147"}],"wp:term":[{"taxonomy":"folder","embeddable":true,"href":"https:\/\/clinicamedicadoporto.pt\/staging\/wp-json\/wp\/v2\/folder?post=14147"}],"curies":[{"name":"wp","href":"https:\/\/api.w.org\/{rel}","templated":true}]}}