{"id":13053,"date":"2022-03-12T12:18:01","date_gmt":"2022-03-12T12:18:01","guid":{"rendered":"https:\/\/clinicamedicadoporto.pt\/staging\/?page_id=13053"},"modified":"2025-08-01T16:48:19","modified_gmt":"2025-08-01T15:48:19","slug":"aonde-esta-situada-a-clinica","status":"publish","type":"page","link":"https:\/\/clinicamedicadoporto.pt\/staging\/aonde-esta-situada-a-clinica\/","title":{"rendered":"Uma Cl\u00ednica Perto de Si"},"content":{"rendered":"<div class=\"wpb-content-wrapper\"><p>[vc_row][vc_column][vc_single_image image=&#8221;13054&#8243; img_size=&#8221;&#8221; alignment=&#8221;center&#8221; onclick=&#8221;custom_link&#8221; link=&#8221;https:\/\/www.google.com\/maps\/place\/Cl%C3%ADnica+M%C3%A9dica+do+Porto\/@41.1572583,-8.6459847,17z\/data=!3m1!4b1!4m5!3m4!1s0xd246511c781bac1:0x5b1cbe1454646358!8m2!3d41.1572583!4d-8.643796&#8243;][\/vc_column][\/vc_row][vc_row][vc_column][vc_gutenberg]<div id=\"rank-math-faq\" class=\"rank-math-block\">\n<ul class=\"rank-math-list \">\n<li id=\"faq-question-1647089733093\" class=\"rank-math-list-item\">\n<h2 class=\"rank-math-question \">Aonde fica localizada a Cl\u00ednica<\/h2>\n<div class=\"rank-math-answer \">\n\n<p>A Cl\u00ednica M\u00e9dica do Porto fica situada na cidade do Porto, na Rua da Venezuela. u003cbru003eAs Coordenadas s\u00e3o:u003cbru003e41.15745214633484, -8.64380136662591<\/p>\n\n<\/div>\n<\/li>\n<li id=\"faq-question-1647089750446\" class=\"rank-math-list-item\">\n<h2 class=\"rank-math-question \">Como chegar at\u00e9 \u00e0 Cl\u00ednica<\/h2>\n<div class=\"rank-math-answer \">\n\n<p>A Cl\u00ednica M\u00e9dica do Porto fica situada na cidade do Porto, na\u00a0u003ca href=u0022https:\/\/www.google.com\/maps\/place\/Cl%C3%ADnica+M%C3%A9dica+do+Porto\/@41.1556016,-8.6448828,17z\/data=!4m5!3m4!1s0xd246511c781bac1:0x5b1cbe1454646358!8m2!3d41.1572583!4d-8.643796u0022 target=u0022_blanku0022 rel=u0022noreferrer noopeneru0022u003eRua da Venezuelau003c\/au003eu003cbru003eA Rua da Venezuela \u00e9 uma paralela situada entre as\u00a0u003ca href=u0022https:\/\/www.google.com\/maps\/place\/Av.+da+Boavista,+Porto\/@41.1624702,-8.6581168,17z\/data=!3m1!4b1!4m5!3m4!1s0xd24658693370e3f:0xe4aea934f53ba3f6!8m2!3d41.1624702!4d-8.6559228u0022 target=u0022_blanku0022 rel=u0022noreferrer noopeneru0022u003eAvenida da Boavistau003c\/au003e\u00a0e a\u00a0u003ca href=u0022https:\/\/www.google.com\/maps\/place\/Rua+do+Campo+Alegre,+Porto\/@41.1528295,-8.6397256,17z\/data=!3m1!4b1!4m5!3m4!1s0xd24650b47f65075:0xc88efe2e1a5ce3be!8m2!3d41.1528295!4d-8.6375316u0022 target=u0022_blanku0022 rel=u0022noreferrer noopeneru0022u003eRua de Campo Alegreu003c\/au003e.u003cbru003eDirec\u00e7\u00f5es para chegar at\u00e9 \u00e0 Cl\u00ednica: para quem vem de sul pela Via de Cintura Interna (VCI), dever\u00e1 sair na segunda sa\u00edda ap\u00f3s atravessar a ponte da Arr\u00e1bida, na sa\u00edda de Bessa Leite. Esta sa\u00edda desemboca numa rotunda (A Rotunda de Bessa Leite), e neste caso a Rua da Venezuela tem in\u00edcio na primeira sa\u00edda dessa rotunda.u003cbru003ePara quem vem de norte pela mesma Via (VCI \u2013 Via de Cintura Interna),\u00a0 ter\u00e1 que sair na indica\u00e7\u00e3o (sa\u00edda) Av Boavista Nascente \/Foz e seguir a indica\u00e7\u00e3o [Porto (Boavista)] e entrar\u00e1 na Avenida Boavista no sentido Rotunda do Castelo do Queijo \u2013 Rotunda da Boavista. Depois ter\u00e1 que virar \u00e0 direita no\u00a0u003ca href=u0022https:\/\/www.google.com\/maps\/place\/McDonald&#8217;s+-+Boavista\/@41.16016,-8.6464974,17z\/data=!3m1!4b1!4m5!3m4!1s0xd24659c3cdf13e3:0x33bb02d82fcb978!8m2!3d41.16016!4d-8.6443034u0022 target=u0022_blanku0022 rel=u0022noreferrer noopeneru0022u003eMcdonald\u2019s da Avenida da Boavistau003c\/au003e\u00a0para a Rua de Jo\u00e3o Grave e seguindo esta Rua estar\u00e1 na Rotunda de Bessa Leite.u003cbru003eA Rua da Venezuela \u00e9 neste caso a terceira sa\u00edda desta rotunda.u003cbru003ePara quem vem do centro do Porto, ou vem pela Rua de Campo Alegre, deve virar para a Rua de Ruben A \u2013 a Rua da\u00a0u003ca href=u0022https:\/\/casadasartes.gov.pt\/u0022 target=u0022_blanku0022 rel=u0022noreferrer noopeneru0022u003eCasa das Artes do Portou003c\/au003e\u00a0\u2013 junto ao\u00a0u003ca href=u0022https:\/\/jardimbotanico.up.pt\/u0022 target=u0022_blanku0022 rel=u0022noreferrer noopeneru0022u003eJardim Bot\u00e2nico do Portou003c\/au003e, ou, se se encontrar na Avenida da Boavista, dever\u00e1 virar para a Rua de Campo Alegre, pela Rua de Ant\u00f3nio Cardoso, situada em frente ao\u00a0u003ca href=u0022https:\/\/crowne-plaza-porto-hotel.hotel-ds.com\/en\/u0022 target=u0022_blanku0022 rel=u0022noreferrer noopeneru0022u003eHotel Crown Plazau003c\/au003e.u003cbru003eA Rua de Ant\u00f3nio Cardoso liga a Av da Boavista ao Campo Alegre ao n\u00edvel do Jardim Bot\u00e2nico. \u00c9 uma rua de sentido \u00fanico em que a \u00fanica possibilidade de virar para o lado direito d\u00e1 acesso \u00e0 Rua da Venezuela, onde se localiza a\u00a0u003ca href=u0022https:\/\/www.google.com\/maps\/place\/Cl%C3%ADnica+M%C3%A9dica+do+Porto\/@41.1556016,-8.6448828,17z\/data=!4m5!3m4!1s0xd246511c781bac1:0x5b1cbe1454646358!8m2!3d41.1572583!4d-8.643796u0022 target=u0022_blanku0022 rel=u0022noreferrer noopeneru0022u003eCl\u00ednicau003c\/au003e.u003cbru003eu003cbru003eTamb\u00e9m para quem est\u00e1 na u003ca href=u0022https:\/\/www.google.com\/maps\/place\/Ribeira+do+Porto\/@41.1404099,-8.6147604,902m\/data=!3m2!1e3!4b1!4m5!3m4!1s0xd24655079ec41e7:0xaafd507bbefbeda4!8m2!3d41.1404099!4d-8.6125664u0022 target=u0022_blanku0022 rel=u0022noreferrer noopener nofollowu0022u003eRibeira do Portou003c\/au003e, por exemplo junto \u00e0 u003ca href=u0022https:\/\/www.google.com\/maps\/place\/Lu%C3%ADs+I+Bridge\/@41.1399589,-8.6116425,902m\/data=!3m2!1e3!4b1!4m5!3m4!1s0xd2464e75cfd46d3:0xc25b40cf99456aab!8m2!3d41.1399589!4d-8.6094485u0022 target=u0022_blanku0022 rel=u0022noreferrer noopener nofollowu0022u003ePonte Dom Luisu003c\/au003e poder\u00e1 fazer a marginal em direc\u00e7\u00e3o \u00e0 Foz do Porto e virar na Rua das Condominhas em direc\u00e7\u00e3o \u00e0 Rotunda de Bessa Leite, seguindo as indica\u00e7\u00f5es. u003cbru003eu003cbru003eSe precisar de ajuda, poder\u00e1 sempre ligar para a nossa recep\u00e7\u00e3o para o u003ca href=u0022tel:+351933213060u0022 target=u0022_blanku0022 data-type=u0022telu0022 data-id=u0022tel:+351933213060u0022 rel=u0022noreferrer noopeneru0022u003e93 321 30 60u003c\/au003eu003cbru003e<\/p>\n\n<\/div>\n<\/li>\n<li id=\"faq-question-1647089765416\" class=\"rank-math-list-item\">\n<h2 class=\"rank-math-question \">Por que \u00e9 conhecida a Cl\u00ednica M\u00e9dica do Porto<\/h2>\n<div class=\"rank-math-answer \">\n\n<p>A Cl\u00ednica M\u00e9dica do Porto \u00e9 conhecida pelo seu modelo de hol\u00edstico de interven\u00e7\u00e3o cl\u00ednico integrativo.u003cbru003eNa Cl\u00ednica M\u00e9dica do Porto, dezenas de cl\u00ednicos, m\u00e9dicos e terapeutas, trabalham em conjunto em prol do bem estar dos seus utentes. Na Cl\u00ednica M\u00e9dica do Porto defendemos uma medicina inclusiva, que reconhece o progresso da ci\u00eancia, uma medicina sem preconceitos, que n\u00e3o desvaloriza o conhecimento m\u00e9dico acumulado de outras culturas ou diferentes linhas de pensamento. Acreditamos \u201cnuma s\u00f3 medicina\u201d: aquela que recupera o paciente. Acreditamos que o paciente \u00e9 um elemento chave deste processo de cura e parte integrante da terap\u00eautica, valorizando a educa\u00e7\u00e3o em sa\u00fade e o seu crescimento interior.u003cbru003eSaiba mais na\u00a0u003ca href=u0022https:\/\/clinicamedicadoporto.pt\/staging\/acerca-da-clinica-medica-do-portou0022u003ep\u00e1gina Acerca da Cl\u00ednica M\u00e9dica do Portou003c\/au003e<\/p>\n\n<\/div>\n<\/li>\n<\/ul>\n<\/div>[\/vc_gutenberg][\/vc_column][\/vc_row]<\/p><\/div>","protected":false},"excerpt":{"rendered":"<p>[vc_row][vc_column][vc_single_image image=&#8221;13054&#8243; img_size=&#8221;&#8221; alignment=&#8221;center&#8221; onclick=&#8221;custom_link&#8221; link=&#8221;https:\/\/www.google.com\/maps\/place\/Cl%C3%ADnica+M%C3%A9dica+do+Porto\/@41.1572583,-8.6459847,17z\/data=!3m1!4b1!4m5!3m4!1s0xd246511c781bac1:0x5b1cbe1454646358!8m2!3d41.1572583!4d-8.643796&#8243;][\/vc_column][\/vc_row][vc_row][vc_column][vc_gutenberg][\/vc_gutenberg][\/vc_column][\/vc_row]<\/p>\n","protected":false},"author":1,"featured_media":0,"parent":0,"menu_order":0,"comment_status":"closed","ping_status":"closed","template":"","meta":{"footnotes":""},"folder":[1098,659],"class_list":["post-13053","page","type-page","status-publish","hentry"],"_links":{"self":[{"href":"https:\/\/clinicamedicadoporto.pt\/staging\/wp-json\/wp\/v2\/pages\/13053","targetHints":{"allow":["GET"]}}],"collection":[{"href":"https:\/\/clinicamedicadoporto.pt\/staging\/wp-json\/wp\/v2\/pages"}],"about":[{"href":"https:\/\/clinicamedicadoporto.pt\/staging\/wp-json\/wp\/v2\/types\/page"}],"author":[{"embeddable":true,"href":"https:\/\/clinicamedicadoporto.pt\/staging\/wp-json\/wp\/v2\/users\/1"}],"replies":[{"embeddable":true,"href":"https:\/\/clinicamedicadoporto.pt\/staging\/wp-json\/wp\/v2\/comments?post=13053"}],"version-history":[{"count":0,"href":"https:\/\/clinicamedicadoporto.pt\/staging\/wp-json\/wp\/v2\/pages\/13053\/revisions"}],"wp:attachment":[{"href":"https:\/\/clinicamedicadoporto.pt\/staging\/wp-json\/wp\/v2\/media?parent=13053"}],"wp:term":[{"taxonomy":"folder","embeddable":true,"href":"https:\/\/clinicamedicadoporto.pt\/staging\/wp-json\/wp\/v2\/folder?post=13053"}],"curies":[{"name":"wp","href":"https:\/\/api.w.org\/{rel}","templated":true}]}}