{"id":19703,"date":"2024-08-19T12:25:30","date_gmt":"2024-08-19T11:25:30","guid":{"rendered":"https:\/\/clinicamedicadoporto.pt\/staging\/?post_type=estetica-clinica&#038;p=19703"},"modified":"2024-09-16T12:55:56","modified_gmt":"2024-09-16T11:55:56","slug":"preenchimento-de-rugas-e-sulcos-com-acido-hialuronico","status":"publish","type":"estetica-clinica","link":"https:\/\/clinicamedicadoporto.pt\/staging\/estetica-clinica\/preenchimento-de-rugas-e-sulcos-com-acido-hialuronico\/","title":{"rendered":"Preenchimento De Rugas E Sulcos Com \u00c1cido Hialur\u00f3nico"},"content":{"rendered":"<div class=\"wpb-content-wrapper\"><p>[vc_row][vc_column][vc_empty_space height=&#8221;16px&#8221;][vc_column_text css=&#8221;&#8221;]<\/p>\r\n<h1><a href=\"https:\/\/clinicamedicadoporto.pt\/staging\/estetica-clinica\/preenchimento-de-rugas-e-sulcos-com-acido-hialuronico\/\">Preenchimento De Rugas E Sulcos Com \u00c1cido Hialur\u00f3nico<br \/>\r\n<\/a><\/h1>\r\n<p>[\/vc_column_text][vc_gutenberg css=&#8221;&#8221;]<\/p>\r\n<p>Se preferir pode clicar no leitor abaixo para escutar a vers\u00e3o audio deste artigo:<\/p>\r\n<p><br \/>\r\n<\/p>\r\n<figure class=\"wp-block-audio\"><audio src=\"https:\/\/clinicamedicadoporto.pt\/staging\/wp-content\/uploads\/2024\/08\/estetica-artigo-sulcos-rugas-ac-hialuronico.mp3\" controls=\"controls\"><\/audio><\/figure>\r\n<p>[\/vc_gutenberg][vc_column_text css=&#8221;&#8221;]<\/p>\r\n<p class=\"p1\">Com o passar dos anos a pele vai perdendo a sua hidrata\u00e7\u00e3o e associado \u00e0 for\u00e7a da gravidade come\u00e7am a aparecer rugas e sulcos.<\/p>\r\n<p class=\"p1\"><b>O preenchimento de rugas e sulcos com \u00c1cido Hialur\u00f3nico \u00e9 um procedimento est\u00e9tico muito popular que visa suavizar linhas finas, rugas e sulcos mais profundos, restaurando o volume e a firmeza da pele.<\/b> Este tratamento \u00e9 especialmente eficaz para rugas causadas pela perda de volume, em vez de rugas din\u00e2micas, que resultam da movimenta\u00e7\u00e3o muscular (como as rugas na testa). A rugas din\u00e2micas costumam ser tratadas com toxina botul\u00ednica.<\/p>\r\n<p class=\"p1\">Uma vantagem do \u00c1cido Hialur\u00f3nico \u00e9 que ele pode ser dissolvido com Hialuronidase, uma enzima permite ao organismo absorver o \u00c1cido Hialur\u00f3nico, nos casos em que \u00e9 colocado em excesso ou a pessoa fica insatisfeita.<\/p>\r\n<p class=\"p1\">Os efeitos do tratamento com \u00c1cido Hialur\u00f3nico s\u00e3o tempor\u00e1rios e podem durar de 6 a 12 meses, dependendo do tipo de pele, da quantidade de produto utilizado e do metabolismo do paciente. Como o \u00c1cido Hialur\u00f3nico \u00e9 gradualmente reabsorvido pelo corpo, o tratamento pode ser repetido conforme necess\u00e1rio.<\/p>\r\n<p>[\/vc_column_text][\/vc_column][\/vc_row][vc_row][vc_column][vc_empty_space height=&#8221;16px&#8221;][vc_column_text css=&#8221;&#8221;]<\/p>\r\n<h2 class=\"p1 equal-h1\">Benef\u00edcios do Preenchimento de Rugas e Sulcos com \u00c1cido Hialur\u00f3nico<\/h2>\r\n<p>[\/vc_column_text][vc_separator color=&#8221;custom&#8221; align=&#8221;align_left&#8221; border_width=&#8221;3&#8243; el_width=&#8221;70&#8243; accent_color=&#8221;#70c2b4&#8243;][vc_column_text css=&#8221;&#8221;]<\/p>\r\n<ul class=\"ul1\">\r\n<li class=\"li1\"><strong>Resultados naturais:<\/strong> quando aplicado corretamente, o \u00c1cido Hialur\u00f3nico proporciona resultados naturais, preservando as express\u00f5es faciais enquanto suaviza as rugas<\/li>\r\n<li class=\"li1\"><strong>Procedimento minimamente invasivo:<\/strong> o tratamento \u00e9 r\u00e1pido, geralmente dura entre 15 a 30 minutos, e n\u00e3o requer um tempo de recupera\u00e7\u00e3o longo extenso<\/li>\r\n<li class=\"li1\"><strong>Hidrata\u00e7\u00e3o da pele:<\/strong> al\u00e9m de preencher rugas e sulcos, o \u00c1cido Hialur\u00f3nico atrai \u00e1gua para a pele, contribuindo para a hidrata\u00e7\u00e3o e uma apar\u00eancia mais saud\u00e1vel.<\/li>\r\n<\/ul>\r\n<p>[\/vc_column_text][vc_column_text css=&#8221;&#8221;]<\/p>\r\n<p class=\"p1\">Ap\u00f3s o procedimento deve fazer-se a aplica\u00e7\u00e3o de gelo local, n\u00e3o se expor ao calor intenso, n\u00e3o massajar ou pressionar a \u00e1rea onde se colocou o \u00c1cido Hialur\u00f3nico e evitar esfor\u00e7os intensos em 48 horas, para que n\u00e3o haja migra\u00e7\u00e3o do produto. Caso a zona tratada fique com n\u00f3doas negras (hematoma), podem aplicar-se cremes \u00e0 base de arnica ou heparina.<\/p>\r\n<p>[\/vc_column_text][\/vc_column][\/vc_row][vc_row][vc_column css=&#8221;.vc_custom_1724068461980{padding-right: 0px !important;padding-left: 0px !important;}&#8221;][vc_raw_html css=&#8221;&#8221;]JTNDZGl2JTIwY2xhc3MlM0QlMjJjb250YWN0LWNhcmQlMjIlM0UlMEElMjAlMjAlMjAlMjAlM0NkaXYlMjBjbGFzcyUzRCUyMmljb24lMjIlM0UlMEElMjAlMjAlMjAlMjAlMjAlMjAlMjAlMjAlM0NpbWclMjBzcmMlM0QlMjJodHRwcyUzQSUyRiUyRnd3dy5jbGluaWNhbWVkaWNhZG9wb3J0by5wdCUyRndwLWNvbnRlbnQlMkZ1cGxvYWRzJTJGMjAyNCUyRjA1JTJGRGlvZ28tQmFycmVpcm8tQ2xpbmljYS1NZWRpY2EtUG9ydG8tUGxhc3RpY2EtRXN0ZXRpY2EuanBnJTIyJTIwYWx0JTNEJTIyUGVyc29uJTIwSWNvbiUyMiUzRSUwQSUyMCUyMCUyMCUyMCUzQyUyRmRpdiUzRSUwQSUyMCUyMCUyMCUyMCUzQ2RpdiUyMGNsYXNzJTNEJTIyY29udGFjdC1pbmZvJTIyJTNFJTBBJTIwJTIwJTIwJTIwJTIwJTIwJTIwJTIwJTNDaDIlMjBjbGFzcyUzRCUyMm5hbWUlMjIlM0UlM0NhJTIwaHJlZiUzRCUyMmh0dHBzJTNBJTJGJTJGd3d3LmNsaW5pY2FtZWRpY2Fkb3BvcnRvLnB0JTJGZXF1aXBhJTJGZGlvZ28tYmFycmVpcm8lMkYlMjIlMjBjbGFzcyUzRCUyMndlYnNpdGUlMjIlMjB0YXJnZXQlM0QlMjJfYmxhbmslMjIlM0VEaW9nbyUyMEJhcnJlaXJvJTNDJTJGYSUzRSUzQyUyRmgyJTNFJTBBJTNDcCUyMGNsYXNzJTNEJTIyc3BlY2lhbHR5JTIyJTNFQ2lydXJnaSVDMyVBM28lMjBQbCVDMyVBMXN0aWNvJTIwJTI4T001NDU5NSUyOSUzQyUyRnAlM0UlMEElMjAlMjAlMjAlMjAlM0MlMkZkaXYlM0UlMEElM0MlMkZkaXYlM0U=[\/vc_raw_html][\/vc_column][\/vc_row][vc_row][vc_column css=&#8221;.vc_custom_1724068461980{padding-right: 0px !important;padding-left: 0px !important;}&#8221;][vc_column_text css=&#8221;&#8221;]<\/p>\r\n<h6 class=\"p1\"><a title=\"Refer\u00eancia da Foto\" href=\"https:\/\/www.pexels.com\/photo\/women-s-red-lips-839633\/\" target=\"_blank\" rel=\"nofollow noopener\">Photo<\/a> by Daniel Xavier<\/h6>\r\n<p>[\/vc_column_text][\/vc_column][\/vc_row][vc_row][vc_column][vc_empty_space]<header class=\"kwayy-heading-wrapper kwayy-heading-wrapper-align-left\"><div class=\"kwayy-heading-wrapper-inner\"><h2 class=\"kwayy-heading-align-left\"><span>Conhecer Outros Procedimentos de Est\u00e9tica Cl\u00ednica (ver tb Lista Abaixo)<\/span><\/h2><\/div><\/header>[vc_basic_grid post_type=&#8221;estetica-clinica&#8221; max_items=&#8221;-1&#8243; style=&#8221;pagination&#8221; items_per_page=&#8221;3&#8243; paging_design=&#8221;pagination_default_dark&#8221; loop=&#8221;yes&#8221; item=&#8221;19444&#8243; initial_loading_animation=&#8221;none&#8221; css=&#8221;&#8221; grid_id=&#8221;vc_gid:1726487733898-07d23538-21c1-6&#8243;][\/vc_column][\/vc_row][vc_row][vc_column][vc_empty_space][vc_row_inner][vc_column_inner css=&#8221;.vc_custom_1582140310448{padding-top: 35px !important;padding-right: 35px !important;padding-left: 35px !important;background-color: rgba(112,194,180,0.24) !important;*background-color: rgb(112,194,180) !important;}&#8221;][vc_cta h2=&#8221;D\u00favidas ou quest\u00f5es?&#8221; add_button=&#8221;bottom&#8221; btn_title=&#8221;93 321 30 60&#8243; btn_i_icon_fontawesome=&#8221;fa fa-phone&#8221; btn_css_animation=&#8221;none&#8221; btn_add_icon=&#8221;true&#8221; btn_link=&#8221;url:tel%3A%2B351933213060||target:%20_blank|&#8221;]A leitura do presente artigo n\u00e3o dispensa em caso algum a visita ao seu m\u00e9dico assistente, nem substitui a sua opini\u00e3o. Cada caso dever\u00e1 ser analisado numa \u00f3ptica individual e personalizada, com base no historial da paciente.<br \/>\r\nClique para conhecer as solu\u00e7\u00f5es que a <a href=\"https:\/\/clinicamedicadoporto.pt\/staging\" target=\"_blank\" rel=\"noopener noreferrer\"><strong>Cl\u00ednica M\u00e9dica do Porto<\/strong><\/a>, coloca ao seu dispor.[\/vc_cta][\/vc_column_inner][\/vc_row_inner][vc_empty_space][\/vc_column][\/vc_row][vc_row][vc_column][vc_column_text css=&#8221;&#8221;]<\/p>\r\n<!--W4PL_List_19622-->\n<div id=\"w4pl-list-19622\" class=\"w4pl\">\n\t<div id=\"w4pl-inner-19622\" class=\"w4pl-inner\">\n\t\t<ul>\n\t\t\t\t\t<li class=\"post-item-19625\"><a href=\"https:\/\/clinicamedicadoporto.pt\/staging\/estetica-clinica\/acido-hialuronico-aplicacoes-em-medicina-estetica\/\">\u00c1cido Hialur\u00f3nico &#8211; Aplica\u00e7\u00f5es em Medicina Est\u00e9tica<\/a><\/li>\n\t\t\t\t\n\t\t\t\t\t<li class=\"post-item-19776\"><a href=\"https:\/\/clinicamedicadoporto.pt\/staging\/estetica-clinica\/botox-labial-lip-flip\/\">Botox Labial &#8211; Em Que Consiste o Lip Flip?<\/a><\/li>\n\t\t\t\t\n\t\t\t\t\t<li class=\"post-item-19758\"><a href=\"https:\/\/clinicamedicadoporto.pt\/staging\/estetica-clinica\/botox-medicina-estetica\/\">Toxina Botul\u00ednica &#8211; Usos Em Medicina Est\u00e9tica<\/a><\/li>\n\t\t\t\t\n\t\t\t\t\t<li class=\"post-item-19770\"><a href=\"https:\/\/clinicamedicadoporto.pt\/staging\/estetica-clinica\/efeito-preventivo-botox\/\">Efeito Preventivo Do Botox<\/a><\/li>\n\t\t\t\t\n\t\t\t\t\t<li class=\"post-item-19786\"><a href=\"https:\/\/clinicamedicadoporto.pt\/staging\/estetica-clinica\/gordura-localizada\/\">Tratamento da Gordura Localizada com Aqualyx\u00ae &#8211;  Lipoescultura N\u00e3o Cir\u00fargica<\/a><\/li>\n\t\t\t\t\n\t\t\t\t\t<li class=\"post-item-19721\"><a href=\"https:\/\/clinicamedicadoporto.pt\/staging\/estetica-clinica\/harmonizacao-do-contorno-mandibular-e-queixo-com-acido-hialuronico\/\">Harmoniza\u00e7\u00e3o do Contorno Mandibular E Queixo Com \u00c1cido Hialur\u00f3nico<\/a><\/li>\n\t\t\t\t\n\t\t\t\t\t<li class=\"post-item-19658\"><a href=\"https:\/\/clinicamedicadoporto.pt\/staging\/estetica-clinica\/harmonizacao-facial-com-acido-hialuronico\/\">Harmoniza\u00e7ao Facial Com \u00c1cido Hialur\u00f3nico<\/a><\/li>\n\t\t\t\t\n\t\t\t\t\t<li class=\"post-item-19765\"><a href=\"https:\/\/clinicamedicadoporto.pt\/staging\/estetica-clinica\/lifting-nefertiti\/\">Lifting Nefertiti &#8211; O que \u00e9 e para Quem \u00e9?<\/a><\/li>\n\t\t\t\t\n\t\t\t\t\t<li class=\"post-item-19780\"><a href=\"https:\/\/clinicamedicadoporto.pt\/staging\/estetica-clinica\/mesobotox-botox-e-mesoterapia\/\">Mesobotox &#8211; Botox e Mesoterapia<\/a><\/li>\n\t\t\t\t\n\t\t\t\t\t<li class=\"post-item-20518\"><a href=\"https:\/\/clinicamedicadoporto.pt\/staging\/estetica-clinica\/mesoterapia-medicina-estetica\/\">Mesoterapia em Medicina Est\u00e9tica<\/a><\/li>\n\t\t\t\t\n\t\t\t\t\t<li class=\"post-item-20202\"><a href=\"https:\/\/clinicamedicadoporto.pt\/staging\/estetica-clinica\/microneedling\/\">Microneedling &#8211; Tratar Estrias, Cicatrizes, Rugas e muito Mais<\/a><\/li>\n\t\t\t\t\n\t\t\t\t\t<li class=\"post-item-20528\"><a href=\"https:\/\/clinicamedicadoporto.pt\/staging\/estetica-clinica\/peeling-quimico\/\">Peeling Qu\u00edmico &#8211; Aplica\u00e7\u00f5es em Medicina Est\u00e9tica<\/a><\/li>\n\t\t\t\t\n\t\t\t\t\t<li class=\"post-item-20213\"><a href=\"https:\/\/clinicamedicadoporto.pt\/staging\/estetica-clinica\/plasma-rico-plaquetas\/\">Plasma Rico em Plaquetas [PRP]<\/a><\/li>\n\t\t\t\t\n\t\t\t\t\t<li class=\"post-item-19664\"><a href=\"https:\/\/clinicamedicadoporto.pt\/staging\/estetica-clinica\/preenchimento-de-olheiras-com-acido-hialuronico\/\">Preenchimento De Olheiras Com \u00c1cido Hialur\u00f3nico<\/a><\/li>\n\t\t\t\t\n\t\t\t\t\t<li class=\"post-item-19703\"><a href=\"https:\/\/clinicamedicadoporto.pt\/staging\/estetica-clinica\/preenchimento-de-rugas-e-sulcos-com-acido-hialuronico\/\">Preenchimento De Rugas E Sulcos Com \u00c1cido Hialur\u00f3nico<\/a><\/li>\n\t\t\t\t\n\t\t\t\t\t<li class=\"post-item-19710\"><a href=\"https:\/\/clinicamedicadoporto.pt\/staging\/estetica-clinica\/preenchimento-labial-com-acido-hialuronico\/\">Preenchimento Labial Com \u00c1cido Hialur\u00f3nico<\/a><\/li>\n\t\t\t\t\n\t\t\t\t\t<li class=\"post-item-20220\"><a href=\"https:\/\/clinicamedicadoporto.pt\/staging\/estetica-clinica\/prp-capilar\/\">Plasma Rico em Plaquetas para Tratamento Capilar [PRP Capilar]<\/a><\/li>\n\t\t\t\t\n\t\t\t\t\t<li class=\"post-item-20183\"><a href=\"https:\/\/clinicamedicadoporto.pt\/staging\/estetica-clinica\/queda-de-cabelo-mesoterapia\/\">Mesoterapia Capilar &#8211; Tratamento da Queda de Cabelo<\/a><\/li>\n\t\t\t\t\n\t\t\t\t\t<li class=\"post-item-19727\"><a href=\"https:\/\/clinicamedicadoporto.pt\/staging\/estetica-clinica\/rinomodelacao-com-acido-hialuronico\/\">Rinomodela\u00e7\u00e3o com \u00c1cido Hialur\u00f3nico<\/a><\/li>\n\t\t\t\t\n\t\t\t\t\t<li class=\"post-item-23094\"><a href=\"https:\/\/clinicamedicadoporto.pt\/staging\/estetica-clinica\/tratar-de-olheiras\/\">Tratamento de Olheiras<\/a><\/li>\n\t\t\t\t<\/ul>\n\t<\/div><!--#w4pl-inner-19622-->\n<\/div><!--#w4pl-19622-->\n<!--END_W4PL_List_19622-->\n\r\n<p>[\/vc_column_text][\/vc_column][\/vc_row][vc_row][vc_column][vc_raw_js]JTNDc2NyaXB0JTIwdHlwZSUzRCUyMmFwcGxpY2F0aW9uJTJGbGQlMkJqc29uJTIyJTNFJTBBJTdCJTBBJTIwJTIwJTIyJTQwY29udGV4dCUyMiUzQSUyMCUyMmh0dHBzJTNBJTJGJTJGc2NoZW1hLm9yZyUyMiUyQyUwQSUyMCUyMCUyMiU0MHR5cGUlMjIlM0ElMjAlMjJGQVFQYWdlJTIyJTJDJTBBJTIwJTIwJTIybWFpbkVudGl0eSUyMiUzQSUyMCU1QiUwQSUyMCUyMCUyMCUyMCU3QiUwQSUyMCUyMCUyMCUyMCUyMCUyMCUyMiU0MHR5cGUlMjIlM0ElMjAlMjJRdWVzdGlvbiUyMiUyQyUwQSUyMCUyMCUyMCUyMCUyMCUyMCUyMm5hbWUlMjIlM0ElMjAlMjJPJTIwcXVlJTIwJUMzJUE5JTIwbyUyMHByZWVuY2hpbWVudG8lMjBkZSUyMHJ1Z2FzJTIwZSUyMHN1bGNvcyUyMGNvbSUyMCVDMyU4MWNpZG8lMjBIaWFsdXIlQzMlQjNuaWNvJTNGJTIyJTJDJTBBJTIwJTIwJTIwJTIwJTIwJTIwJTIyYWNjZXB0ZWRBbnN3ZXIlMjIlM0ElMjAlN0IlMEElMjAlMjAlMjAlMjAlMjAlMjAlMjAlMjAlMjIlNDB0eXBlJTIyJTNBJTIwJTIyQW5zd2VyJTIyJTJDJTBBJTIwJTIwJTIwJTIwJTIwJTIwJTIwJTIwJTIydGV4dCUyMiUzQSUyMCUyMiVDMyU4OSUyMHVtJTIwcHJvY2VkaW1lbnRvJTIwZXN0JUMzJUE5dGljbyUyMHF1ZSUyMHZpc2ElMjBzdWF2aXphciUyMGxpbmhhcyUyMGZpbmFzJTJDJTIwcnVnYXMlMjBlJTIwc3VsY29zJTIwbWFpcyUyMHByb2Z1bmRvcyUyQyUyMHJlc3RhdXJhbmRvJTIwbyUyMHZvbHVtZSUyMGUlMjBhJTIwZmlybWV6YSUyMGRhJTIwcGVsZS4lMjAlQzMlODklMjBlc3BlY2lhbG1lbnRlJTIwZWZpY2F6JTIwcGFyYSUyMHJ1Z2FzJTIwY2F1c2FkYXMlMjBwZWxhJTIwcGVyZGElMjBkZSUyMHZvbHVtZS4lMjIlMEElMjAlMjAlMjAlMjAlMjAlMjAlN0QlMEElMjAlMjAlMjAlMjAlN0QlMkMlMEElMjAlMjAlMjAlMjAlN0IlMEElMjAlMjAlMjAlMjAlMjAlMjAlMjIlNDB0eXBlJTIyJTNBJTIwJTIyUXVlc3Rpb24lMjIlMkMlMEElMjAlMjAlMjAlMjAlMjAlMjAlMjJuYW1lJTIyJTNBJTIwJTIyUXVhaXMlMjBzJUMzJUEzbyUyMG9zJTIwYmVuZWYlQzMlQURjaW9zJTIwZGVzdGUlMjB0cmF0YW1lbnRvJTNGJTIyJTJDJTBBJTIwJTIwJTIwJTIwJTIwJTIwJTIyYWNjZXB0ZWRBbnN3ZXIlMjIlM0ElMjAlN0IlMEElMjAlMjAlMjAlMjAlMjAlMjAlMjAlMjAlMjIlNDB0eXBlJTIyJTNBJTIwJTIyQW5zd2VyJTIyJTJDJTBBJTIwJTIwJTIwJTIwJTIwJTIwJTIwJTIwJTIydGV4dCUyMiUzQSUyMCUyMlJlc3VsdGFkb3MlMjBuYXR1cmFpcyUyQyUyMHByb2NlZGltZW50byUyMG1pbmltYW1lbnRlJTIwaW52YXNpdm8lMjBlJTIwaGlkcmF0YSVDMyVBNyVDMyVBM28lMjBkYSUyMHBlbGUlMkMlMjBqJUMzJUExJTIwcXVlJTIwbyUyMCVDMyU4MWNpZG8lMjBIaWFsdXIlQzMlQjNuaWNvJTIwYXRyYWklMjAlQzMlQTFndWElMjBwYXJhJTIwYSUyMHBlbGUuJTIyJTBBJTIwJTIwJTIwJTIwJTIwJTIwJTdEJTBBJTIwJTIwJTIwJTIwJTdEJTJDJTBBJTIwJTIwJTIwJTIwJTdCJTBBJTIwJTIwJTIwJTIwJTIwJTIwJTIyJTQwdHlwZSUyMiUzQSUyMCUyMlF1ZXN0aW9uJTIyJTJDJTBBJTIwJTIwJTIwJTIwJTIwJTIwJTIybmFtZSUyMiUzQSUyMCUyMlF1YWlzJTIwY3VpZGFkb3MlMjBkZXZvJTIwdGVyJTIwYXAlQzMlQjNzJTIwbyUyMHByb2NlZGltZW50byUzRiUyMiUyQyUwQSUyMCUyMCUyMCUyMCUyMCUyMCUyMmFjY2VwdGVkQW5zd2VyJTIyJTNBJTIwJTdCJTBBJTIwJTIwJTIwJTIwJTIwJTIwJTIwJTIwJTIyJTQwdHlwZSUyMiUzQSUyMCUyMkFuc3dlciUyMiUyQyUwQSUyMCUyMCUyMCUyMCUyMCUyMCUyMCUyMCUyMnRleHQlMjIlM0ElMjAlMjJBcGxpY2FyJTIwZ2VsbyUyMGxvY2FsJTJDJTIwZXZpdGFyJTIwZXhwb3NpJUMzJUE3JUMzJUEzbyUyMGFvJTIwY2Fsb3IlMjBpbnRlbnNvJTJDJTIwbiVDMyVBM28lMjBtYXNzYWphciUyMG91JTIwcHJlc3Npb25hciUyMGElMjAlQzMlQTFyZWElMjB0cmF0YWRhJTIwZSUyMGV2aXRhciUyMGVzZm9yJUMzJUE3b3MlMjBpbnRlbnNvcyUyMHBvciUyMDQ4JTIwaG9yYXMlMjBwYXJhJTIwcHJldmVuaXIlMjBhJTIwbWlncmElQzMlQTclQzMlQTNvJTIwZG8lMjBwcm9kdXRvLiUyMiUwQSUyMCUyMCUyMCUyMCUyMCUyMCU3RCUwQSUyMCUyMCUyMCUyMCU3RCUwQSUyMCUyMCU1RCUwQSU3RCUwQSUzQyUyRnNjcmlwdCUzRQ==[\/vc_raw_js][\/vc_column][\/vc_row]<\/p>\r\n<\/div>","protected":false},"excerpt":{"rendered":"<p>[vc_row][vc_column][vc_empty_space height=&#8221;16px&#8221;][vc_column_text css=&#8221;&#8221;] Preenchimento De Rugas E Sulcos Com \u00c1cido Hialur\u00f3nico [\/vc_column_text][vc_gutenberg css=&#8221;&#8221;] Se preferir pode clicar no leitor abaixo para escutar a vers\u00e3o audio deste artigo: [\/vc_gutenberg][vc_column_text css=&#8221;&#8221;] Com o passar dos anos a pele vai perdendo a sua hidrata\u00e7\u00e3o e associado \u00e0 for\u00e7a da gravidade come\u00e7am a aparecer rugas e sulcos. O preenchimento [&hellip;]<\/p>\n","protected":false},"author":1,"featured_media":19704,"menu_order":0,"comment_status":"closed","ping_status":"closed","template":"","meta":{"footnotes":""},"tags":[794,1401,1402,1411,1391,1392,1406,1407,786,785,788,1348,1403,1404,1397,1398,1409,1347,1408,1310,1385,1399,1400,1389,1405,1410,1387,1395,1393,1394,1390,1388,1396,787,1319,1386,1412],"intervencao-estetica":[1291,1294],"class_list":["post-19703","estetica-clinica","type-estetica-clinica","status-publish","has-post-thumbnail","hentry","tag-porto","tag-acido-hialuronico-rugas","tag-acido-hialuronico-sulcos","tag-acido-para-linhas-de-expressao","tag-acido-para-rugas","tag-acido-para-sulcos","tag-anti-rugas-acido","tag-anti-sulcos-acido","tag-clinica-medica-do-porto","tag-clinica-porto","tag-consulta","tag-consulta-estetica","tag-correcao-de-rugas","tag-correcao-de-sulcos","tag-eliminar-rugas","tag-eliminar-sulcos","tag-linhas-de-expressao-tratamento","tag-medicina-estetica","tag-preenchimento-de-linhas","tag-preenchimento-de-rugas","tag-preenchimento-de-sulcos","tag-preenchimento-facial-rugas","tag-preenchimento-facial-sulcos","tag-rugas-com-acido","tag-rugas-e-sulcos-preenchimento","tag-rugas-faciais-preenchimento","tag-rugas-preenchimento","tag-rugas-tratamento-estetico","tag-suavizar-rugas","tag-suavizar-sulcos","tag-sulcos-com-acido","tag-sulcos-preenchimento","tag-sulcos-tratamento-estetico","tag-todas-as-terapias","tag-tratamento-de-rugas","tag-tratamento-de-sulcos","tag-tratamento-estetico","intervencao-estetica-acido-hialuronico","intervencao-estetica-preenchimento-de-rugas-e-sulcos-com-acido-hialuronico"],"_links":{"self":[{"href":"https:\/\/clinicamedicadoporto.pt\/staging\/wp-json\/wp\/v2\/estetica-clinica\/19703","targetHints":{"allow":["GET"]}}],"collection":[{"href":"https:\/\/clinicamedicadoporto.pt\/staging\/wp-json\/wp\/v2\/estetica-clinica"}],"about":[{"href":"https:\/\/clinicamedicadoporto.pt\/staging\/wp-json\/wp\/v2\/types\/estetica-clinica"}],"author":[{"embeddable":true,"href":"https:\/\/clinicamedicadoporto.pt\/staging\/wp-json\/wp\/v2\/users\/1"}],"replies":[{"embeddable":true,"href":"https:\/\/clinicamedicadoporto.pt\/staging\/wp-json\/wp\/v2\/comments?post=19703"}],"version-history":[{"count":0,"href":"https:\/\/clinicamedicadoporto.pt\/staging\/wp-json\/wp\/v2\/estetica-clinica\/19703\/revisions"}],"wp:featuredmedia":[{"embeddable":true,"href":"https:\/\/clinicamedicadoporto.pt\/staging\/wp-json\/wp\/v2\/media\/19704"}],"wp:attachment":[{"href":"https:\/\/clinicamedicadoporto.pt\/staging\/wp-json\/wp\/v2\/media?parent=19703"}],"wp:term":[{"taxonomy":"post_tag","embeddable":true,"href":"https:\/\/clinicamedicadoporto.pt\/staging\/wp-json\/wp\/v2\/tags?post=19703"},{"taxonomy":"intervencao-estetica","embeddable":true,"href":"https:\/\/clinicamedicadoporto.pt\/staging\/wp-json\/wp\/v2\/intervencao-estetica?post=19703"}],"curies":[{"name":"wp","href":"https:\/\/api.w.org\/{rel}","templated":true}]}}